{"id":45029,"date":"2023-10-25T15:04:31","date_gmt":"2023-10-25T13:04:31","guid":{"rendered":"https:\/\/www.lucasfroeserealestate.com\/lucas-froese-real-estate-tv\/"},"modified":"2026-04-06T18:42:51","modified_gmt":"2026-04-06T16:42:51","slug":"lucas-froese-real-estate-tv","status":"publish","type":"page","link":"https:\/\/www.lucasfroeserealestate.com\/es\/lucas-froese-real-estate-tv\/","title":{"rendered":"Lucas Froese Inmobiliaria TV Portocristo"},"content":{"rendered":"\t\t<div data-elementor-type=\"wp-page\" data-elementor-id=\"45029\" class=\"elementor elementor-45029 elementor-45012\" data-elementor-post-type=\"page\">\n\t\t\t\t\t\t<section class=\"elementor-section elementor-top-section elementor-element elementor-element-0852aaa elementor-section-boxed elementor-section-height-default elementor-section-height-default\" data-id=\"0852aaa\" data-element_type=\"section\" data-e-type=\"section\">\n\t\t\t\t\t\t<div class=\"elementor-container elementor-column-gap-default\">\n\t\t\t\t\t<div class=\"elementor-column elementor-col-100 elementor-top-column elementor-element elementor-element-187f80b\" data-id=\"187f80b\" data-element_type=\"column\" data-e-type=\"column\">\n\t\t\t<div class=\"elementor-widget-wrap elementor-element-populated\">\n\t\t\t\t\t\t<div class=\"elementor-element elementor-element-9bceb28 elementor-widget elementor-widget-spacer\" data-id=\"9bceb28\" data-element_type=\"widget\" data-e-type=\"widget\" data-widget_type=\"spacer.default\">\n\t\t\t\t<div class=\"elementor-widget-container\">\n\t\t\t\t\t\t\t<div class=\"elementor-spacer\">\n\t\t\t<div class=\"elementor-spacer-inner\"><\/div>\n\t\t<\/div>\n\t\t\t\t\t\t<\/div>\n\t\t\t\t<\/div>\n\t\t\t\t<div class=\"elementor-element elementor-element-21d62dc elementor-widget__width-inherit elementor-content-align-flex-end elementor-content-absolute elementor-content--tabletrelative elementor-content--mobilerelative elementor-content-align--tabletcenter elementor-content-align--mobilecenter rhea-corner-pin-right elementor-widget elementor-widget-ere-featured-properties-two-widget\" data-id=\"21d62dc\" data-element_type=\"widget\" data-e-type=\"widget\" data-settings=\"{&quot;ere_content_align&quot;:&quot;flex-end&quot;,&quot;ere_content_position&quot;:&quot;absolute&quot;,&quot;ere_content_position_tablet&quot;:&quot;relative&quot;,&quot;ere_content_position_mobile&quot;:&quot;relative&quot;,&quot;ere_content_align_tablet&quot;:&quot;center&quot;,&quot;ere_content_align_mobile&quot;:&quot;center&quot;,&quot;ere_corner_pin_position&quot;:&quot;right&quot;}\" data-widget_type=\"ere-featured-properties-two-widget.default\">\n\t\t\t\t<div class=\"elementor-widget-container\">\n\t\t\t\t\t            <section class=\"rh_elementor_widget rhea_features_properties_2\" data-slideshow=\"true\" data-slideshow-speed=\"18000\" data-animation-speed=\"1500\" data-animation-type=\"fade\">\n                <div class=\"rhea_wrapper_fp_carousel\" id=\"rh-21d62dc\">\n                    <div class=\"flexslider loading\">\n                        <ul class=\"slides\">\n\t\t\t\t\t\t\t                                <li>\n                                    <div class=\"rhea_fp_slide_contents\">\n\t\t\t\t\t\t\t\t\t\t                                            <a href=\"https:\/\/www.lucasfroeserealestate.com\/es\/immobilien\/luxus-villa-erste-meereslinie-port-andratx\/\" class=\"rhea_fp_thumbnail\" style=\"background-image: url('https:\/\/www.lucasfroeserealestate.com\/wp-content\/uploads\/2021\/07\/luxusimmobilien-mallorca-port-andratx-03-1-1024x576.jpg')\"><\/a>\n\t\t\t\t\t\t\t\t\t\t                                        <div class=\"rhea_fp_slide_info\">\n                                            <a class=\"rhea_fp_permalink\" href=\"https:\/\/www.lucasfroeserealestate.com\/es\/immobilien\/luxus-villa-erste-meereslinie-port-andratx\/\"><\/a>\n                                            <div class=\"rhea_fp_slide_info_inner\">\n\t\t\t\t\t\t\t\t\t\t\t\t<h3 class=\"rhea_fp2_title\"><a href=\"https:\/\/www.lucasfroeserealestate.com\/es\/immobilien\/luxus-villa-erste-meereslinie-port-andratx\/\">Chalet de lujo en primera l\u00ednea de mar y piscina infinita en Port Andratx<\/a><\/h3>\n    <address class=\"rhea_fp_address\">\n        <a             class=\"rhea_trigger_map rhea_facnybox_trigger-21d62dc \" data-rhea-map-source=\"rhea-map-source-21d62dc\" data-rhea-map-location=\"39.5455483,2.3911636,14\" data-rhea-map-title=\"Chalet de lujo en primera l\u00ednea de mar y piscina infinita en Port Andratx\" data-rhea-map-price=\" 6.500.000\u20ac \" data-rhea-map-thumb=\"https:\/\/www.lucasfroeserealestate.com\/wp-content\/uploads\/2021\/07\/luxusimmobilien-mallorca-port-andratx-03-1-488x326.jpg\"\n\t\t\t href=\"https:\/\/www.lucasfroeserealestate.com\/es\/immobilien\/luxus-villa-erste-meereslinie-port-andratx\/\">\n            <span class=\"rhea_address_pin\"><svg xmlns=\"http:\/\/www.w3.org\/2000\/svg\" viewBox=\"0 0 18 18\">\r\n\t<style type=\"text\/css\">\r\n\r\n\t\t.st0{fill-rule:evenodd;clip-rule:evenodd;}\r\n\r\n\t<\/style>\r\n\t<path class=\"st0\" d=\"M9 1c3.3 0 6 2.7 6 6S9 17 9 17 3 10.3 3 7 5.7 1 9 1zM9 5c1.1 0 2 0.9 2 2s-0.9 2-2 2S7 8.1 7 7 7.9 5 9 5z\"\/>\r\n<\/svg><\/span>\n            <span class=\"rhea_address_text\">Port d&#039;Andratx, Andrach, Sierra de Tramontana, Islas Baleares, 07157, Espa\u00f1a<\/span>\n        <\/a>\n    <\/address>\n\t    <p class=\"rhea_fp_excerpt\">Esta lujosa casa est\u00e1 construida como un nido de golondrina en los acantilados de Port Andratx y tiene una vista \u00fanica sobre el&hellip;<\/p>\n\n\t                                                    <div class=\"rhea_fp2_meta\">\n\t\t\t\t\t\t\t\t\t\t\t\t\t\t\n\n    <div class=\"rh_prop_card_meta_wrap_stylish\">\n\t\t        <div class=\"rh_prop_card__meta\" style=\"order: 1\">\n\t\t\t\t\t\t\t<span class=\"rhea_meta_titles\">Dormitorios<\/span>                <div class=\"rhea_meta_icon_wrapper\">\n\t\t\t\t\t<img decoding=\"async\" class=\"custom-meta-icon custom-meta-icon-image\" src=\"https:\/\/www.lucasfroeserealestate.com\/wp-content\/uploads\/2024\/09\/schlafzimmer-immobilien-mallorca-02.png\" alt=\"Icono meta de la propiedad Habitaciones.\" title=\"\">\t\t\t\t\t<span class=\"figure\">4<\/span>\t\t\t\t\t                <\/div>\n\t\t\t        <\/div>\n\t\t        <div class=\"rh_prop_card__meta\" style=\"order: 1\">\n\t\t\t\t\t\t\t<span class=\"rhea_meta_titles\">Badez.<\/span>                <div class=\"rhea_meta_icon_wrapper\">\n\t\t\t\t\t<img decoding=\"async\" class=\"custom-meta-icon custom-meta-icon-image\" src=\"https:\/\/www.lucasfroeserealestate.com\/wp-content\/uploads\/2024\/09\/badezimmer-immobilien-mallorca.png\" alt=\"Icono meta de la propiedad Cuartos de ba\u00f1o.\" title=\"\">\t\t\t\t\t<span class=\"figure\">4<\/span>\t\t\t\t\t                <\/div>\n\t\t\t        <\/div>\n\t\t        <div class=\"rh_prop_card__meta\" style=\"order: 1\">\n\t\t\t\t\t\t\t<span class=\"rhea_meta_titles\">Residencial M2<\/span>                <div class=\"rhea_meta_icon_wrapper\">\n\t\t\t\t\t<img decoding=\"async\" class=\"custom-meta-icon custom-meta-icon-image\" src=\"https:\/\/www.lucasfroeserealestate.com\/wp-content\/uploads\/2024\/09\/wohnflaeche-immobilien-mallorca.png\" alt=\"Icono meta de la propiedad Tama\u00f1o del \u00c1rea.\" title=\"\">\t\t\t\t\t<span class=\"figure\">319<\/span>\t\t\t\t\t                <\/div>\n\t\t\t        <\/div>\n\t\t        <div class=\"rh_prop_card__meta\" style=\"order: 1\">\n\t\t\t\t\t\t\t<span class=\"rhea_meta_titles\">Raz\u00f3n M2<\/span>                <div class=\"rhea_meta_icon_wrapper\">\n\t\t\t\t\t<img decoding=\"async\" class=\"custom-meta-icon custom-meta-icon-image\" src=\"https:\/\/www.lucasfroeserealestate.com\/wp-content\/uploads\/2024\/09\/grundstueck-flaeche-immobilien.png\" alt=\"Icono meta de la propiedad Tama\u00f1o del Lote.\" title=\"\">\t\t\t\t\t<span class=\"figure\">1160<\/span>\t\t\t\t\t                <\/div>\n\t\t\t        <\/div>\n\t\t    <\/div>\n\t\n\n\n\n                                                    <\/div>\n\t\t\t\t\t\t\t\t\t\t\t\t\t                                                <div class=\"rhea_fp_sales_icons\">\n\t\t\t\t\t\t\t\t\t\t\t\t\t<div class=\"rhea_fp_price_status\">\n\t            <span class=\"rhea_fp_status\">Precio<\/span>\n\t\t\t        <p class=\"rhea_fp_price \">\n\t\t\t 6.500.000\u20ac         <\/p>\n\t\t<\/div>                                                    <div class=\"rhea_wrapper_member_functions\">\n\t\t                                                                                                    <\/div>\n                                                <\/div>\n                                            <\/div>\n                                        <\/div>\n                                    <\/div>\n                                <\/li>\n\t\t\t\t\t\t\t\t                                <li>\n                                    <div class=\"rhea_fp_slide_contents\">\n\t\t\t\t\t\t\t\t\t\t                                            <a href=\"https:\/\/www.lucasfroeserealestate.com\/es\/immobilien\/54679-2\/\" class=\"rhea_fp_thumbnail\" style=\"background-image: url('https:\/\/www.lucasfroeserealestate.com\/wp-content\/uploads\/2024\/08\/Baugrundstueck-mit-Luxus-Projckt-in-Felanitx-2-1024x669.jpg')\"><\/a>\n\t\t\t\t\t\t\t\t\t\t                                        <div class=\"rhea_fp_slide_info\">\n                                            <a class=\"rhea_fp_permalink\" href=\"https:\/\/www.lucasfroeserealestate.com\/es\/immobilien\/54679-2\/\"><\/a>\n                                            <div class=\"rhea_fp_slide_info_inner\">\n\t\t\t\t\t\t\t\t\t\t\t\t<h3 class=\"rhea_fp2_title\"><a href=\"https:\/\/www.lucasfroeserealestate.com\/es\/immobilien\/54679-2\/\">Parcela edificable con un proyecto impresionante en Felanitx<\/a><\/h3>\n    <address class=\"rhea_fp_address\">\n        <a             class=\"rhea_trigger_map rhea_facnybox_trigger-21d62dc \" data-rhea-map-source=\"rhea-map-source-21d62dc\" data-rhea-map-location=\"39.467986844878,3.1460234116889,17\" data-rhea-map-title=\"Parcela edificable con un proyecto impresionante en Felanitx\" data-rhea-map-price=\" 385.000\u20ac \" data-rhea-map-thumb=\"https:\/\/www.lucasfroeserealestate.com\/wp-content\/uploads\/2024\/08\/Baugrundstueck-mit-Luxus-Projckt-in-Felanitx-2-488x326.jpg\"\n\t\t\t href=\"https:\/\/www.lucasfroeserealestate.com\/es\/immobilien\/54679-2\/\">\n            <span class=\"rhea_address_pin\"><svg xmlns=\"http:\/\/www.w3.org\/2000\/svg\" viewBox=\"0 0 18 18\">\r\n\t<style type=\"text\/css\">\r\n\r\n\t\t.st0{fill-rule:evenodd;clip-rule:evenodd;}\r\n\r\n\t<\/style>\r\n\t<path class=\"st0\" d=\"M9 1c3.3 0 6 2.7 6 6S9 17 9 17 3 10.3 3 7 5.7 1 9 1zM9 5c1.1 0 2 0.9 2 2s-0.9 2-2 2S7 8.1 7 7 7.9 5 9 5z\"\/>\r\n<\/svg><\/span>\n            <span class=\"rhea_address_text\">Mallorca, Illes Balears, Espa\u00f1a<\/span>\n        <\/a>\n    <\/address>\n\t    <p class=\"rhea_fp_excerpt\">Descubre nuestro \u00faltimo proyecto inmobiliario: una exclusiva casa adosada en una amplia parcela de 540 m\u00b2 a las afueras de Felanitx. Esta casa&hellip;<\/p>\n\n\t                                                    <div class=\"rhea_fp2_meta\">\n\t\t\t\t\t\t\t\t\t\t\t\t\t\t\n\n    <div class=\"rh_prop_card_meta_wrap_stylish\">\n\t\t        <div class=\"rh_prop_card__meta\" style=\"order: 1\">\n\t\t\t\t\t\t\t<span class=\"rhea_meta_titles\">Dormitorios<\/span>                <div class=\"rhea_meta_icon_wrapper\">\n\t\t\t\t\t<img decoding=\"async\" class=\"custom-meta-icon custom-meta-icon-image\" src=\"https:\/\/www.lucasfroeserealestate.com\/wp-content\/uploads\/2024\/09\/schlafzimmer-immobilien-mallorca-02.png\" alt=\"Icono meta de la propiedad Habitaciones.\" title=\"\">\t\t\t\t\t<span class=\"figure\">4<\/span>\t\t\t\t\t                <\/div>\n\t\t\t        <\/div>\n\t\t        <div class=\"rh_prop_card__meta\" style=\"order: 1\">\n\t\t\t\t\t\t\t<span class=\"rhea_meta_titles\">Badez.<\/span>                <div class=\"rhea_meta_icon_wrapper\">\n\t\t\t\t\t<img decoding=\"async\" class=\"custom-meta-icon custom-meta-icon-image\" src=\"https:\/\/www.lucasfroeserealestate.com\/wp-content\/uploads\/2024\/09\/badezimmer-immobilien-mallorca.png\" alt=\"Icono meta de la propiedad Cuartos de ba\u00f1o.\" title=\"\">\t\t\t\t\t<span class=\"figure\">4<\/span>\t\t\t\t\t                <\/div>\n\t\t\t        <\/div>\n\t\t        <div class=\"rh_prop_card__meta\" style=\"order: 1\">\n\t\t\t\t\t\t\t<span class=\"rhea_meta_titles\">Residencial M2<\/span>                <div class=\"rhea_meta_icon_wrapper\">\n\t\t\t\t\t<img decoding=\"async\" class=\"custom-meta-icon custom-meta-icon-image\" src=\"https:\/\/www.lucasfroeserealestate.com\/wp-content\/uploads\/2024\/09\/wohnflaeche-immobilien-mallorca.png\" alt=\"Icono meta de la propiedad Tama\u00f1o del \u00c1rea.\" title=\"\">\t\t\t\t\t<span class=\"figure\">310<\/span>\t\t\t\t\t                <\/div>\n\t\t\t        <\/div>\n\t\t        <div class=\"rh_prop_card__meta\" style=\"order: 1\">\n\t\t\t\t\t\t\t<span class=\"rhea_meta_titles\">Raz\u00f3n M2<\/span>                <div class=\"rhea_meta_icon_wrapper\">\n\t\t\t\t\t<img decoding=\"async\" class=\"custom-meta-icon custom-meta-icon-image\" src=\"https:\/\/www.lucasfroeserealestate.com\/wp-content\/uploads\/2024\/09\/grundstueck-flaeche-immobilien.png\" alt=\"Icono meta de la propiedad Tama\u00f1o del Lote.\" title=\"\">\t\t\t\t\t<span class=\"figure\">540<\/span>\t\t\t\t\t                <\/div>\n\t\t\t        <\/div>\n\t\t    <\/div>\n\t\n\n\n\n                                                    <\/div>\n\t\t\t\t\t\t\t\t\t\t\t\t\t                                                <div class=\"rhea_fp_sales_icons\">\n\t\t\t\t\t\t\t\t\t\t\t\t\t<div class=\"rhea_fp_price_status\">\n\t            <span class=\"rhea_fp_status\">Precio<\/span>\n\t\t\t        <p class=\"rhea_fp_price \">\n\t\t\t 385.000\u20ac         <\/p>\n\t\t<\/div>                                                    <div class=\"rhea_wrapper_member_functions\">\n\t\t                                                                                                    <\/div>\n                                                <\/div>\n                                            <\/div>\n                                        <\/div>\n                                    <\/div>\n                                <\/li>\n\t\t\t\t\t\t\t\t                                <li>\n                                    <div class=\"rhea_fp_slide_contents\">\n\t\t\t\t\t\t\t\t\t\t                                            <a href=\"https:\/\/www.lucasfroeserealestate.com\/es\/immobilien\/amplios-chalets-de-nueva-construccion-con-piscina-cerca-del-aeropuerto\/\" class=\"rhea_fp_thumbnail\" style=\"background-image: url('https:\/\/www.lucasfroeserealestate.com\/wp-content\/uploads\/2024\/05\/neubau-chalet-in-palma-24-1024x576.jpg')\"><\/a>\n\t\t\t\t\t\t\t\t\t\t                                        <div class=\"rhea_fp_slide_info\">\n                                            <a class=\"rhea_fp_permalink\" href=\"https:\/\/www.lucasfroeserealestate.com\/es\/immobilien\/amplios-chalets-de-nueva-construccion-con-piscina-cerca-del-aeropuerto\/\"><\/a>\n                                            <div class=\"rhea_fp_slide_info_inner\">\n\t\t\t\t\t\t\t\t\t\t\t\t<h3 class=\"rhea_fp2_title\"><a href=\"https:\/\/www.lucasfroeserealestate.com\/es\/immobilien\/amplios-chalets-de-nueva-construccion-con-piscina-cerca-del-aeropuerto\/\">Amplios chalets de nueva construcci\u00f3n con piscina cerca del aeropuerto<\/a><\/h3>\n    <address class=\"rhea_fp_address\">\n        <a             class=\"rhea_trigger_map rhea_facnybox_trigger-21d62dc \" data-rhea-map-source=\"rhea-map-source-21d62dc\" data-rhea-map-location=\"39.531052224503,2.7337088232422,13\" data-rhea-map-title=\"Amplios chalets de nueva construcci\u00f3n con piscina cerca del aeropuerto\" data-rhea-map-price=\" 1.060.000\u20ac \" data-rhea-map-thumb=\"https:\/\/www.lucasfroeserealestate.com\/wp-content\/uploads\/2024\/05\/neubau-chalet-in-palma-24-488x326.jpg\"\n\t\t\t href=\"https:\/\/www.lucasfroeserealestate.com\/es\/immobilien\/amplios-chalets-de-nueva-construccion-con-piscina-cerca-del-aeropuerto\/\">\n            <span class=\"rhea_address_pin\"><svg xmlns=\"http:\/\/www.w3.org\/2000\/svg\" viewBox=\"0 0 18 18\">\r\n\t<style type=\"text\/css\">\r\n\r\n\t\t.st0{fill-rule:evenodd;clip-rule:evenodd;}\r\n\r\n\t<\/style>\r\n\t<path class=\"st0\" d=\"M9 1c3.3 0 6 2.7 6 6S9 17 9 17 3 10.3 3 7 5.7 1 9 1zM9 5c1.1 0 2 0.9 2 2s-0.9 2-2 2S7 8.1 7 7 7.9 5 9 5z\"\/>\r\n<\/svg><\/span>\n            <span class=\"rhea_address_text\">Can pastilla<\/span>\n        <\/a>\n    <\/address>\n\t    <p class=\"rhea_fp_excerpt\">Descubre Maremma: la casa de tus sue\u00f1os en Palma, cerca del aeropuerto Bienvenido a Maremma, donde termina tu b\u00fasqueda del hogar perfecto. Situado&hellip;<\/p>\n\n\t                                                    <div class=\"rhea_fp2_meta\">\n\t\t\t\t\t\t\t\t\t\t\t\t\t\t\n\n    <div class=\"rh_prop_card_meta_wrap_stylish\">\n\t\t        <div class=\"rh_prop_card__meta\" style=\"order: 1\">\n\t\t\t\t\t\t\t<span class=\"rhea_meta_titles\">Dormitorios<\/span>                <div class=\"rhea_meta_icon_wrapper\">\n\t\t\t\t\t<img decoding=\"async\" class=\"custom-meta-icon custom-meta-icon-image\" src=\"https:\/\/www.lucasfroeserealestate.com\/wp-content\/uploads\/2024\/09\/schlafzimmer-immobilien-mallorca-02.png\" alt=\"Icono meta de la propiedad Habitaciones.\" title=\"\">\t\t\t\t\t<span class=\"figure\">4<\/span>\t\t\t\t\t                <\/div>\n\t\t\t        <\/div>\n\t\t        <div class=\"rh_prop_card__meta\" style=\"order: 1\">\n\t\t\t\t\t\t\t<span class=\"rhea_meta_titles\">Badez.<\/span>                <div class=\"rhea_meta_icon_wrapper\">\n\t\t\t\t\t<img decoding=\"async\" class=\"custom-meta-icon custom-meta-icon-image\" src=\"https:\/\/www.lucasfroeserealestate.com\/wp-content\/uploads\/2024\/09\/badezimmer-immobilien-mallorca.png\" alt=\"Icono meta de la propiedad Cuartos de ba\u00f1o.\" title=\"\">\t\t\t\t\t<span class=\"figure\">3<\/span>\t\t\t\t\t                <\/div>\n\t\t\t        <\/div>\n\t\t        <div class=\"rh_prop_card__meta\" style=\"order: 1\">\n\t\t\t\t\t\t\t<span class=\"rhea_meta_titles\">Residencial M2<\/span>                <div class=\"rhea_meta_icon_wrapper\">\n\t\t\t\t\t<img decoding=\"async\" class=\"custom-meta-icon custom-meta-icon-image\" src=\"https:\/\/www.lucasfroeserealestate.com\/wp-content\/uploads\/2024\/09\/wohnflaeche-immobilien-mallorca.png\" alt=\"Icono meta de la propiedad Tama\u00f1o del \u00c1rea.\" title=\"\">\t\t\t\t\t<span class=\"figure\">124<\/span>\t\t\t\t\t                <\/div>\n\t\t\t        <\/div>\n\t\t        <div class=\"rh_prop_card__meta\" style=\"order: 1\">\n\t\t\t\t\t\t\t<span class=\"rhea_meta_titles\">Raz\u00f3n M2<\/span>                <div class=\"rhea_meta_icon_wrapper\">\n\t\t\t\t\t<img decoding=\"async\" class=\"custom-meta-icon custom-meta-icon-image\" src=\"https:\/\/www.lucasfroeserealestate.com\/wp-content\/uploads\/2024\/09\/grundstueck-flaeche-immobilien.png\" alt=\"Icono meta de la propiedad Tama\u00f1o del Lote.\" title=\"\">\t\t\t\t\t<span class=\"figure\">310<\/span>\t\t\t\t\t                <\/div>\n\t\t\t        <\/div>\n\t\t    <\/div>\n\t\n\n\n\n                                                    <\/div>\n\t\t\t\t\t\t\t\t\t\t\t\t\t                                                <div class=\"rhea_fp_sales_icons\">\n\t\t\t\t\t\t\t\t\t\t\t\t\t<div class=\"rhea_fp_price_status\">\n\t            <span class=\"rhea_fp_status\">Precio<\/span>\n\t\t\t        <p class=\"rhea_fp_price \">\n\t\t\t 1.060.000\u20ac         <\/p>\n\t\t<\/div>                                                    <div class=\"rhea_wrapper_member_functions\">\n\t\t                                                                                                    <\/div>\n                                                <\/div>\n                                            <\/div>\n                                        <\/div>\n                                    <\/div>\n                                <\/li>\n\t\t\t\t\t\t\t\t                                <li>\n                                    <div class=\"rhea_fp_slide_contents\">\n\t\t\t\t\t\t\t\t\t\t                                            <a href=\"https:\/\/www.lucasfroeserealestate.com\/es\/immobilien\/moderno-adosado-con-licencia-etv-piscina-y-cerca-de-la-playa\/\" class=\"rhea_fp_thumbnail\" style=\"background-image: url('https:\/\/www.lucasfroeserealestate.com\/wp-content\/uploads\/2025\/09\/Reihenhaus-ETV-Poo-Cala-Murada-1-26-1024x576.jpg')\"><\/a>\n\t\t\t\t\t\t\t\t\t\t                                        <div class=\"rhea_fp_slide_info\">\n                                            <a class=\"rhea_fp_permalink\" href=\"https:\/\/www.lucasfroeserealestate.com\/es\/immobilien\/moderno-adosado-con-licencia-etv-piscina-y-cerca-de-la-playa\/\"><\/a>\n                                            <div class=\"rhea_fp_slide_info_inner\">\n\t\t\t\t\t\t\t\t\t\t\t\t<h3 class=\"rhea_fp2_title\"><a href=\"https:\/\/www.lucasfroeserealestate.com\/es\/immobilien\/moderno-adosado-con-licencia-etv-piscina-y-cerca-de-la-playa\/\">EXCLUSIVO | Moderno adosado con licencia ETV, piscina y cerca de la playa<\/a><\/h3>\n    <address class=\"rhea_fp_address\">\n        <a             class=\"rhea_trigger_map rhea_facnybox_trigger-21d62dc \" data-rhea-map-source=\"rhea-map-source-21d62dc\" data-rhea-map-location=\"39.451148589318,3.2708736197939,12\" data-rhea-map-title=\"EXCLUSIVO | Moderno adosado con licencia ETV, piscina y cerca de la playa\" data-rhea-map-price=\" 695.000\u20ac \" data-rhea-map-thumb=\"https:\/\/www.lucasfroeserealestate.com\/wp-content\/uploads\/2025\/09\/Reihenhaus-ETV-Poo-Cala-Murada-1-26-488x326.jpg\"\n\t\t\t href=\"https:\/\/www.lucasfroeserealestate.com\/es\/immobilien\/moderno-adosado-con-licencia-etv-piscina-y-cerca-de-la-playa\/\">\n            <span class=\"rhea_address_pin\"><svg xmlns=\"http:\/\/www.w3.org\/2000\/svg\" viewBox=\"0 0 18 18\">\r\n\t<style type=\"text\/css\">\r\n\r\n\t\t.st0{fill-rule:evenodd;clip-rule:evenodd;}\r\n\r\n\t<\/style>\r\n\t<path class=\"st0\" d=\"M9 1c3.3 0 6 2.7 6 6S9 17 9 17 3 10.3 3 7 5.7 1 9 1zM9 5c1.1 0 2 0.9 2 2s-0.9 2-2 2S7 8.1 7 7 7.9 5 9 5z\"\/>\r\n<\/svg><\/span>\n            <span class=\"rhea_address_text\">Cala Murada<\/span>\n        <\/a>\n    <\/address>\n\t    <p class=\"rhea_fp_excerpt\">Esta casa adosada reci\u00e9n remodelada (finalizaci\u00f3n en marzo de 2024) en Cala Murada combina la vida moderna, la arquitectura mediterr\u00e1nea y una ubicaci\u00f3n&hellip;<\/p>\n\n\t                                                    <div class=\"rhea_fp2_meta\">\n\t\t\t\t\t\t\t\t\t\t\t\t\t\t\n\n    <div class=\"rh_prop_card_meta_wrap_stylish\">\n\t\t        <div class=\"rh_prop_card__meta\" style=\"order: 1\">\n\t\t\t\t\t\t\t<span class=\"rhea_meta_titles\">Dormitorios<\/span>                <div class=\"rhea_meta_icon_wrapper\">\n\t\t\t\t\t<img decoding=\"async\" class=\"custom-meta-icon custom-meta-icon-image\" src=\"https:\/\/www.lucasfroeserealestate.com\/wp-content\/uploads\/2024\/09\/schlafzimmer-immobilien-mallorca-02.png\" alt=\"Icono meta de la propiedad Habitaciones.\" title=\"\">\t\t\t\t\t<span class=\"figure\">3<\/span>\t\t\t\t\t                <\/div>\n\t\t\t        <\/div>\n\t\t        <div class=\"rh_prop_card__meta\" style=\"order: 1\">\n\t\t\t\t\t\t\t<span class=\"rhea_meta_titles\">Badez.<\/span>                <div class=\"rhea_meta_icon_wrapper\">\n\t\t\t\t\t<img decoding=\"async\" class=\"custom-meta-icon custom-meta-icon-image\" src=\"https:\/\/www.lucasfroeserealestate.com\/wp-content\/uploads\/2024\/09\/badezimmer-immobilien-mallorca.png\" alt=\"Icono meta de la propiedad Cuartos de ba\u00f1o.\" title=\"\">\t\t\t\t\t<span class=\"figure\">3<\/span>\t\t\t\t\t                <\/div>\n\t\t\t        <\/div>\n\t\t        <div class=\"rh_prop_card__meta\" style=\"order: 1\">\n\t\t\t\t\t\t\t<span class=\"rhea_meta_titles\">Residencial M2<\/span>                <div class=\"rhea_meta_icon_wrapper\">\n\t\t\t\t\t<img decoding=\"async\" class=\"custom-meta-icon custom-meta-icon-image\" src=\"https:\/\/www.lucasfroeserealestate.com\/wp-content\/uploads\/2024\/09\/wohnflaeche-immobilien-mallorca.png\" alt=\"Icono meta de la propiedad Tama\u00f1o del \u00c1rea.\" title=\"\">\t\t\t\t\t<span class=\"figure\">115<\/span>\t\t\t\t\t                <\/div>\n\t\t\t        <\/div>\n\t\t        <div class=\"rh_prop_card__meta\" style=\"order: 1\">\n\t\t\t\t\t\t\t<span class=\"rhea_meta_titles\">Raz\u00f3n M2<\/span>                <div class=\"rhea_meta_icon_wrapper\">\n\t\t\t\t\t<img decoding=\"async\" class=\"custom-meta-icon custom-meta-icon-image\" src=\"https:\/\/www.lucasfroeserealestate.com\/wp-content\/uploads\/2024\/09\/grundstueck-flaeche-immobilien.png\" alt=\"Icono meta de la propiedad Tama\u00f1o del Lote.\" title=\"\">\t\t\t\t\t<span class=\"figure\">100<\/span>\t\t\t\t\t                <\/div>\n\t\t\t        <\/div>\n\t\t    <\/div>\n\t\n\n\n\n                                                    <\/div>\n\t\t\t\t\t\t\t\t\t\t\t\t\t                                                <div class=\"rhea_fp_sales_icons\">\n\t\t\t\t\t\t\t\t\t\t\t\t\t<div class=\"rhea_fp_price_status\">\n\t            <span class=\"rhea_fp_status\">Precio<\/span>\n\t\t\t        <p class=\"rhea_fp_price \">\n\t\t\t 695.000\u20ac         <\/p>\n\t\t<\/div>                                                    <div class=\"rhea_wrapper_member_functions\">\n\t\t                                                                                                    <\/div>\n                                                <\/div>\n                                            <\/div>\n                                        <\/div>\n                                    <\/div>\n                                <\/li>\n\t\t\t\t\t\t\t\t                                <li>\n                                    <div class=\"rhea_fp_slide_contents\">\n\t\t\t\t\t\t\t\t\t\t                                            <a href=\"https:\/\/www.lucasfroeserealestate.com\/es\/immobilien\/fantastica-finca-de-lujo-de-nueva-construccion-cerca-de-la-playa\/\" class=\"rhea_fp_thumbnail\" style=\"background-image: url('https:\/\/www.lucasfroeserealestate.com\/wp-content\/uploads\/2024\/10\/Luxus-Neubau-Finca-Ses-Salines-5-1024x640.jpg')\"><\/a>\n\t\t\t\t\t\t\t\t\t\t                                        <div class=\"rhea_fp_slide_info\">\n                                            <a class=\"rhea_fp_permalink\" href=\"https:\/\/www.lucasfroeserealestate.com\/es\/immobilien\/fantastica-finca-de-lujo-de-nueva-construccion-cerca-de-la-playa\/\"><\/a>\n                                            <div class=\"rhea_fp_slide_info_inner\">\n\t\t\t\t\t\t\t\t\t\t\t\t<h3 class=\"rhea_fp2_title\"><a href=\"https:\/\/www.lucasfroeserealestate.com\/es\/immobilien\/fantastica-finca-de-lujo-de-nueva-construccion-cerca-de-la-playa\/\">Fant\u00e1stica finca de lujo de nueva construcci\u00f3n cerca de la playa<\/a><\/h3>\n    <address class=\"rhea_fp_address\">\n        <a             class=\"rhea_trigger_map rhea_facnybox_trigger-21d62dc \" data-rhea-map-source=\"rhea-map-source-21d62dc\" data-rhea-map-location=\"39.3357888054,3.0396952276612,14\" data-rhea-map-title=\"Fant\u00e1stica finca de lujo de nueva construcci\u00f3n cerca de la playa\" data-rhea-map-price=\" 4.200.000\u20ac \" data-rhea-map-thumb=\"https:\/\/www.lucasfroeserealestate.com\/wp-content\/uploads\/2024\/10\/Luxus-Neubau-Finca-Ses-Salines-5-488x326.jpg\"\n\t\t\t href=\"https:\/\/www.lucasfroeserealestate.com\/es\/immobilien\/fantastica-finca-de-lujo-de-nueva-construccion-cerca-de-la-playa\/\">\n            <span class=\"rhea_address_pin\"><svg xmlns=\"http:\/\/www.w3.org\/2000\/svg\" viewBox=\"0 0 18 18\">\r\n\t<style type=\"text\/css\">\r\n\r\n\t\t.st0{fill-rule:evenodd;clip-rule:evenodd;}\r\n\r\n\t<\/style>\r\n\t<path class=\"st0\" d=\"M9 1c3.3 0 6 2.7 6 6S9 17 9 17 3 10.3 3 7 5.7 1 9 1zM9 5c1.1 0 2 0.9 2 2s-0.9 2-2 2S7 8.1 7 7 7.9 5 9 5z\"\/>\r\n<\/svg><\/span>\n            <span class=\"rhea_address_text\">Mallorca, Illes Balears, Espa\u00f1a<\/span>\n        <\/a>\n    <\/address>\n\t    <p class=\"rhea_fp_excerpt\">Tu para\u00edso personal en la isla Experimenta el ep\u00edtome del lujo y el confort en esta impresionante finca de lujo de nueva construcci\u00f3n,&hellip;<\/p>\n\n\t                                                    <div class=\"rhea_fp2_meta\">\n\t\t\t\t\t\t\t\t\t\t\t\t\t\t\n\n    <div class=\"rh_prop_card_meta_wrap_stylish\">\n\t\t        <div class=\"rh_prop_card__meta\" style=\"order: 1\">\n\t\t\t\t\t\t\t<span class=\"rhea_meta_titles\">Dormitorios<\/span>                <div class=\"rhea_meta_icon_wrapper\">\n\t\t\t\t\t<img decoding=\"async\" class=\"custom-meta-icon custom-meta-icon-image\" src=\"https:\/\/www.lucasfroeserealestate.com\/wp-content\/uploads\/2024\/09\/schlafzimmer-immobilien-mallorca-02.png\" alt=\"Icono meta de la propiedad Habitaciones.\" title=\"\">\t\t\t\t\t<span class=\"figure\">5<\/span>\t\t\t\t\t                <\/div>\n\t\t\t        <\/div>\n\t\t        <div class=\"rh_prop_card__meta\" style=\"order: 1\">\n\t\t\t\t\t\t\t<span class=\"rhea_meta_titles\">Badez.<\/span>                <div class=\"rhea_meta_icon_wrapper\">\n\t\t\t\t\t<img decoding=\"async\" class=\"custom-meta-icon custom-meta-icon-image\" src=\"https:\/\/www.lucasfroeserealestate.com\/wp-content\/uploads\/2024\/09\/badezimmer-immobilien-mallorca.png\" alt=\"Icono meta de la propiedad Cuartos de ba\u00f1o.\" title=\"\">\t\t\t\t\t<span class=\"figure\">4<\/span>\t\t\t\t\t                <\/div>\n\t\t\t        <\/div>\n\t\t        <div class=\"rh_prop_card__meta\" style=\"order: 1\">\n\t\t\t\t\t\t\t<span class=\"rhea_meta_titles\">Residencial M2<\/span>                <div class=\"rhea_meta_icon_wrapper\">\n\t\t\t\t\t<img decoding=\"async\" class=\"custom-meta-icon custom-meta-icon-image\" src=\"https:\/\/www.lucasfroeserealestate.com\/wp-content\/uploads\/2024\/09\/wohnflaeche-immobilien-mallorca.png\" alt=\"Icono meta de la propiedad Tama\u00f1o del \u00c1rea.\" title=\"\">\t\t\t\t\t<span class=\"figure\">650<\/span>\t\t\t\t\t                <\/div>\n\t\t\t        <\/div>\n\t\t        <div class=\"rh_prop_card__meta\" style=\"order: 1\">\n\t\t\t\t\t\t\t<span class=\"rhea_meta_titles\">Raz\u00f3n M2<\/span>                <div class=\"rhea_meta_icon_wrapper\">\n\t\t\t\t\t<img decoding=\"async\" class=\"custom-meta-icon custom-meta-icon-image\" src=\"https:\/\/www.lucasfroeserealestate.com\/wp-content\/uploads\/2024\/09\/grundstueck-flaeche-immobilien.png\" alt=\"Icono meta de la propiedad Tama\u00f1o del Lote.\" title=\"\">\t\t\t\t\t<span class=\"figure\">16000<\/span>\t\t\t\t\t                <\/div>\n\t\t\t        <\/div>\n\t\t    <\/div>\n\t\n\n\n\n                                                    <\/div>\n\t\t\t\t\t\t\t\t\t\t\t\t\t                                                <div class=\"rhea_fp_sales_icons\">\n\t\t\t\t\t\t\t\t\t\t\t\t\t<div class=\"rhea_fp_price_status\">\n\t            <span class=\"rhea_fp_status\">Precio<\/span>\n\t\t\t        <p class=\"rhea_fp_price \">\n\t\t\t 4.200.000\u20ac         <\/p>\n\t\t<\/div>                                                    <div class=\"rhea_wrapper_member_functions\">\n\t\t                                                                                                    <\/div>\n                                                <\/div>\n                                            <\/div>\n                                        <\/div>\n                                    <\/div>\n                                <\/li>\n\t\t\t\t\t\t\t\t                                <li>\n                                    <div class=\"rhea_fp_slide_contents\">\n\t\t\t\t\t\t\t\t\t\t                                            <a href=\"https:\/\/www.lucasfroeserealestate.com\/es\/immobilien\/parcela-con-proyecto-en-santanyi\/\" class=\"rhea_fp_thumbnail\" style=\"background-image: url('https:\/\/www.lucasfroeserealestate.com\/wp-content\/uploads\/2022\/09\/Baugrundstueck-neben-Felanitx-Investment-2-1-1024x681.jpg')\"><\/a>\n\t\t\t\t\t\t\t\t\t\t                                        <div class=\"rhea_fp_slide_info\">\n                                            <a class=\"rhea_fp_permalink\" href=\"https:\/\/www.lucasfroeserealestate.com\/es\/immobilien\/parcela-con-proyecto-en-santanyi\/\"><\/a>\n                                            <div class=\"rhea_fp_slide_info_inner\">\n\t\t\t\t\t\t\t\t\t\t\t\t<h3 class=\"rhea_fp2_title\"><a href=\"https:\/\/www.lucasfroeserealestate.com\/es\/immobilien\/parcela-con-proyecto-en-santanyi\/\">Parcela con proyecto cerca de Cal\u00f3 del Moro<\/a><\/h3>\n    <address class=\"rhea_fp_address\">\n        <a             class=\"rhea_trigger_map rhea_facnybox_trigger-21d62dc \" data-rhea-map-source=\"rhea-map-source-21d62dc\" data-rhea-map-location=\"39.315956581638,3.1184436324856,18\" data-rhea-map-title=\"Parcela con proyecto cerca de Cal\u00f3 del Moro\" data-rhea-map-price=\" 690.000\u20ac \" data-rhea-map-thumb=\"https:\/\/www.lucasfroeserealestate.com\/wp-content\/uploads\/2022\/09\/Baugrundstueck-neben-Felanitx-Investment-2-1-488x326.jpg\"\n\t\t\t href=\"https:\/\/www.lucasfroeserealestate.com\/es\/immobilien\/parcela-con-proyecto-en-santanyi\/\">\n            <span class=\"rhea_address_pin\"><svg xmlns=\"http:\/\/www.w3.org\/2000\/svg\" viewBox=\"0 0 18 18\">\r\n\t<style type=\"text\/css\">\r\n\r\n\t\t.st0{fill-rule:evenodd;clip-rule:evenodd;}\r\n\r\n\t<\/style>\r\n\t<path class=\"st0\" d=\"M9 1c3.3 0 6 2.7 6 6S9 17 9 17 3 10.3 3 7 5.7 1 9 1zM9 5c1.1 0 2 0.9 2 2s-0.9 2-2 2S7 8.1 7 7 7.9 5 9 5z\"\/>\r\n<\/svg><\/span>\n            <span class=\"rhea_address_text\">Santanyi<\/span>\n        <\/a>\n    <\/address>\n\t    <p class=\"rhea_fp_excerpt\">\u00a1Oportunidad \u00fanica cerca de Cal\u00f3 del Moro! Se vende esta gran parcela esquinera con una superficie de 760 m\u00b2, que incluye un proyecto&hellip;<\/p>\n\n\t                                                    <div class=\"rhea_fp2_meta\">\n\t\t\t\t\t\t\t\t\t\t\t\t\t\t\n\n    <div class=\"rh_prop_card_meta_wrap_stylish\">\n\t\t        <div class=\"rh_prop_card__meta\" style=\"order: 1\">\n\t\t\t\t\t\t\t<span class=\"rhea_meta_titles\">Dormitorios<\/span>                <div class=\"rhea_meta_icon_wrapper\">\n\t\t\t\t\t<img decoding=\"async\" class=\"custom-meta-icon custom-meta-icon-image\" src=\"https:\/\/www.lucasfroeserealestate.com\/wp-content\/uploads\/2024\/09\/schlafzimmer-immobilien-mallorca-02.png\" alt=\"Icono meta de la propiedad Habitaciones.\" title=\"\">\t\t\t\t\t<span class=\"figure\">4<\/span>\t\t\t\t\t                <\/div>\n\t\t\t        <\/div>\n\t\t        <div class=\"rh_prop_card__meta\" style=\"order: 1\">\n\t\t\t\t\t\t\t<span class=\"rhea_meta_titles\">Badez.<\/span>                <div class=\"rhea_meta_icon_wrapper\">\n\t\t\t\t\t<img decoding=\"async\" class=\"custom-meta-icon custom-meta-icon-image\" src=\"https:\/\/www.lucasfroeserealestate.com\/wp-content\/uploads\/2024\/09\/badezimmer-immobilien-mallorca.png\" alt=\"Icono meta de la propiedad Cuartos de ba\u00f1o.\" title=\"\">\t\t\t\t\t<span class=\"figure\">4<\/span>\t\t\t\t\t                <\/div>\n\t\t\t        <\/div>\n\t\t        <div class=\"rh_prop_card__meta\" style=\"order: 1\">\n\t\t\t\t\t\t\t<span class=\"rhea_meta_titles\">Residencial M2<\/span>                <div class=\"rhea_meta_icon_wrapper\">\n\t\t\t\t\t<img decoding=\"async\" class=\"custom-meta-icon custom-meta-icon-image\" src=\"https:\/\/www.lucasfroeserealestate.com\/wp-content\/uploads\/2024\/09\/wohnflaeche-immobilien-mallorca.png\" alt=\"Icono meta de la propiedad Tama\u00f1o del \u00c1rea.\" title=\"\">\t\t\t\t\t<span class=\"figure\">236<\/span>\t\t\t\t\t                <\/div>\n\t\t\t        <\/div>\n\t\t        <div class=\"rh_prop_card__meta\" style=\"order: 1\">\n\t\t\t\t\t\t\t<span class=\"rhea_meta_titles\">Raz\u00f3n M2<\/span>                <div class=\"rhea_meta_icon_wrapper\">\n\t\t\t\t\t<img decoding=\"async\" class=\"custom-meta-icon custom-meta-icon-image\" src=\"https:\/\/www.lucasfroeserealestate.com\/wp-content\/uploads\/2024\/09\/grundstueck-flaeche-immobilien.png\" alt=\"Icono meta de la propiedad Tama\u00f1o del Lote.\" title=\"\">\t\t\t\t\t<span class=\"figure\">760<\/span>\t\t\t\t\t                <\/div>\n\t\t\t        <\/div>\n\t\t    <\/div>\n\t\n\n\n\n                                                    <\/div>\n\t\t\t\t\t\t\t\t\t\t\t\t\t                                                <div class=\"rhea_fp_sales_icons\">\n\t\t\t\t\t\t\t\t\t\t\t\t\t<div class=\"rhea_fp_price_status\">\n\t            <span class=\"rhea_fp_status\">Precio<\/span>\n\t\t\t        <p class=\"rhea_fp_price \">\n\t\t\t 690.000\u20ac         <\/p>\n\t\t<\/div>                                                    <div class=\"rhea_wrapper_member_functions\">\n\t\t                                                                                                    <\/div>\n                                                <\/div>\n                                            <\/div>\n                                        <\/div>\n                                    <\/div>\n                                <\/li>\n\t\t\t\t\t\t\t\t                                <li>\n                                    <div class=\"rhea_fp_slide_contents\">\n\t\t\t\t\t\t\t\t\t\t                                            <a href=\"https:\/\/www.lucasfroeserealestate.com\/es\/immobilien\/chalet-en-el-puerto-de-cala-figuera\/\" class=\"rhea_fp_thumbnail\" style=\"background-image: url('https:\/\/www.lucasfroeserealestate.com\/wp-content\/uploads\/2025\/08\/Villia-super-Blick-Cala-Figuera-22-1024x683.jpg')\"><\/a>\n\t\t\t\t\t\t\t\t\t\t                                        <div class=\"rhea_fp_slide_info\">\n                                            <a class=\"rhea_fp_permalink\" href=\"https:\/\/www.lucasfroeserealestate.com\/es\/immobilien\/chalet-en-el-puerto-de-cala-figuera\/\"><\/a>\n                                            <div class=\"rhea_fp_slide_info_inner\">\n\t\t\t\t\t\t\t\t\t\t\t\t<h3 class=\"rhea_fp2_title\"><a href=\"https:\/\/www.lucasfroeserealestate.com\/es\/immobilien\/chalet-en-el-puerto-de-cala-figuera\/\">EXCLUSIVA | Villa con impresionantes vistas al mar en primera l\u00ednea de mar en el puerto de Cala Figuera<\/a><\/h3>\n    <address class=\"rhea_fp_address\">\n        <a             class=\"rhea_trigger_map rhea_facnybox_trigger-21d62dc \" data-rhea-map-source=\"rhea-map-source-21d62dc\" data-rhea-map-location=\"39.61362,3.02004,14\" data-rhea-map-title=\"EXCLUSIVA | Villa con impresionantes vistas al mar en primera l\u00ednea de mar en el puerto de Cala Figuera\" data-rhea-map-price=\" 2.500.000\u20ac \" data-rhea-map-thumb=\"https:\/\/www.lucasfroeserealestate.com\/wp-content\/uploads\/2025\/08\/Villia-super-Blick-Cala-Figuera-22-488x326.jpg\"\n\t\t\t href=\"https:\/\/www.lucasfroeserealestate.com\/es\/immobilien\/chalet-en-el-puerto-de-cala-figuera\/\">\n            <span class=\"rhea_address_pin\"><svg xmlns=\"http:\/\/www.w3.org\/2000\/svg\" viewBox=\"0 0 18 18\">\r\n\t<style type=\"text\/css\">\r\n\r\n\t\t.st0{fill-rule:evenodd;clip-rule:evenodd;}\r\n\r\n\t<\/style>\r\n\t<path class=\"st0\" d=\"M9 1c3.3 0 6 2.7 6 6S9 17 9 17 3 10.3 3 7 5.7 1 9 1zM9 5c1.1 0 2 0.9 2 2s-0.9 2-2 2S7 8.1 7 7 7.9 5 9 5z\"\/>\r\n<\/svg><\/span>\n            <span class=\"rhea_address_text\">Cala Figuera, Mallorca, Illes Balears, Espa\u00f1a<\/span>\n        <\/a>\n    <\/address>\n\t    <p class=\"rhea_fp_excerpt\">Se trata de un chalet con dos pisos totalmente independientes. El primer piso, al que se accede desde el jard\u00edn y est\u00e1 situado&hellip;<\/p>\n\n\t                                                    <div class=\"rhea_fp2_meta\">\n\t\t\t\t\t\t\t\t\t\t\t\t\t\t\n\n    <div class=\"rh_prop_card_meta_wrap_stylish\">\n\t\t        <div class=\"rh_prop_card__meta\" style=\"order: 1\">\n\t\t\t\t\t\t\t<span class=\"rhea_meta_titles\">Dormitorios<\/span>                <div class=\"rhea_meta_icon_wrapper\">\n\t\t\t\t\t<img decoding=\"async\" class=\"custom-meta-icon custom-meta-icon-image\" src=\"https:\/\/www.lucasfroeserealestate.com\/wp-content\/uploads\/2024\/09\/schlafzimmer-immobilien-mallorca-02.png\" alt=\"Icono meta de la propiedad Habitaciones.\" title=\"\">\t\t\t\t\t<span class=\"figure\">4<\/span>\t\t\t\t\t                <\/div>\n\t\t\t        <\/div>\n\t\t        <div class=\"rh_prop_card__meta\" style=\"order: 1\">\n\t\t\t\t\t\t\t<span class=\"rhea_meta_titles\">Badez.<\/span>                <div class=\"rhea_meta_icon_wrapper\">\n\t\t\t\t\t<img decoding=\"async\" class=\"custom-meta-icon custom-meta-icon-image\" src=\"https:\/\/www.lucasfroeserealestate.com\/wp-content\/uploads\/2024\/09\/badezimmer-immobilien-mallorca.png\" alt=\"Icono meta de la propiedad Cuartos de ba\u00f1o.\" title=\"\">\t\t\t\t\t<span class=\"figure\">1<\/span>\t\t\t\t\t                <\/div>\n\t\t\t        <\/div>\n\t\t        <div class=\"rh_prop_card__meta\" style=\"order: 1\">\n\t\t\t\t\t\t\t<span class=\"rhea_meta_titles\">Residencial M2<\/span>                <div class=\"rhea_meta_icon_wrapper\">\n\t\t\t\t\t<img decoding=\"async\" class=\"custom-meta-icon custom-meta-icon-image\" src=\"https:\/\/www.lucasfroeserealestate.com\/wp-content\/uploads\/2024\/09\/wohnflaeche-immobilien-mallorca.png\" alt=\"Icono meta de la propiedad Tama\u00f1o del \u00c1rea.\" title=\"\">\t\t\t\t\t<span class=\"figure\">193<\/span>\t\t\t\t\t                <\/div>\n\t\t\t        <\/div>\n\t\t        <div class=\"rh_prop_card__meta\" style=\"order: 1\">\n\t\t\t\t\t\t\t<span class=\"rhea_meta_titles\">Raz\u00f3n M2<\/span>                <div class=\"rhea_meta_icon_wrapper\">\n\t\t\t\t\t<img decoding=\"async\" class=\"custom-meta-icon custom-meta-icon-image\" src=\"https:\/\/www.lucasfroeserealestate.com\/wp-content\/uploads\/2024\/09\/grundstueck-flaeche-immobilien.png\" alt=\"Icono meta de la propiedad Tama\u00f1o del Lote.\" title=\"\">\t\t\t\t\t<span class=\"figure\">383<\/span>\t\t\t\t\t                <\/div>\n\t\t\t        <\/div>\n\t\t    <\/div>\n\t\n\n\n\n                                                    <\/div>\n\t\t\t\t\t\t\t\t\t\t\t\t\t                                                <div class=\"rhea_fp_sales_icons\">\n\t\t\t\t\t\t\t\t\t\t\t\t\t<div class=\"rhea_fp_price_status\">\n\t            <span class=\"rhea_fp_status\">Precio<\/span>\n\t\t\t        <p class=\"rhea_fp_price \">\n\t\t\t 2.500.000\u20ac         <\/p>\n\t\t<\/div>                                                    <div class=\"rhea_wrapper_member_functions\">\n\t\t                                                                                                    <\/div>\n                                                <\/div>\n                                            <\/div>\n                                        <\/div>\n                                    <\/div>\n                                <\/li>\n\t\t\t\t\t\t\t\t                                <li>\n                                    <div class=\"rhea_fp_slide_contents\">\n\t\t\t\t\t\t\t\t\t\t                                            <a href=\"https:\/\/www.lucasfroeserealestate.com\/es\/immobilien\/stadthaeuser-in-campos\/\" class=\"rhea_fp_thumbnail\" style=\"background-image: url('https:\/\/www.lucasfroeserealestate.com\/wp-content\/uploads\/2025\/03\/Campos-Stadthaus-Son-Vanrellet-5-1024x640.jpg')\"><\/a>\n\t\t\t\t\t\t\t\t\t\t                                        <div class=\"rhea_fp_slide_info\">\n                                            <a class=\"rhea_fp_permalink\" href=\"https:\/\/www.lucasfroeserealestate.com\/es\/immobilien\/stadthaeuser-in-campos\/\"><\/a>\n                                            <div class=\"rhea_fp_slide_info_inner\">\n\t\t\t\t\t\t\t\t\t\t\t\t<h3 class=\"rhea_fp2_title\"><a href=\"https:\/\/www.lucasfroeserealestate.com\/es\/immobilien\/stadthaeuser-in-campos\/\">Casas modernas de obra nueva con piscina, terraza y garaje en Campos<\/a><\/h3>\n    <address class=\"rhea_fp_address\">\n        <a             class=\"rhea_trigger_map rhea_facnybox_trigger-21d62dc \" data-rhea-map-source=\"rhea-map-source-21d62dc\" data-rhea-map-location=\"39.431020976146,3.0271594914127,15\" data-rhea-map-title=\"Casas modernas de obra nueva con piscina, terraza y garaje en Campos\" data-rhea-map-price=\" 685.000\u20ac \" data-rhea-map-thumb=\"https:\/\/www.lucasfroeserealestate.com\/wp-content\/uploads\/2025\/03\/Campos-Stadthaus-Son-Vanrellet-5-488x326.jpg\"\n\t\t\t href=\"https:\/\/www.lucasfroeserealestate.com\/es\/immobilien\/stadthaeuser-in-campos\/\">\n            <span class=\"rhea_address_pin\"><svg xmlns=\"http:\/\/www.w3.org\/2000\/svg\" viewBox=\"0 0 18 18\">\r\n\t<style type=\"text\/css\">\r\n\r\n\t\t.st0{fill-rule:evenodd;clip-rule:evenodd;}\r\n\r\n\t<\/style>\r\n\t<path class=\"st0\" d=\"M9 1c3.3 0 6 2.7 6 6S9 17 9 17 3 10.3 3 7 5.7 1 9 1zM9 5c1.1 0 2 0.9 2 2s-0.9 2-2 2S7 8.1 7 7 7.9 5 9 5z\"\/>\r\n<\/svg><\/span>\n            <span class=\"rhea_address_text\">Campos, Mallorca, Illes Balears, Espa\u00f1a<\/span>\n        <\/a>\n    <\/address>\n\t    <p class=\"rhea_fp_excerpt\">Situado en el coraz\u00f3n de Campos, rodeado de la belleza natural de Mallorca y a pocos minutos de la espectacular playa de Es&hellip;<\/p>\n\n\t                                                    <div class=\"rhea_fp2_meta\">\n\t\t\t\t\t\t\t\t\t\t\t\t\t\t\n\n    <div class=\"rh_prop_card_meta_wrap_stylish\">\n\t\t        <div class=\"rh_prop_card__meta\" style=\"order: 1\">\n\t\t\t\t\t\t\t<span class=\"rhea_meta_titles\">Dormitorios<\/span>                <div class=\"rhea_meta_icon_wrapper\">\n\t\t\t\t\t<img decoding=\"async\" class=\"custom-meta-icon custom-meta-icon-image\" src=\"https:\/\/www.lucasfroeserealestate.com\/wp-content\/uploads\/2024\/09\/schlafzimmer-immobilien-mallorca-02.png\" alt=\"Icono meta de la propiedad Habitaciones.\" title=\"\">\t\t\t\t\t<span class=\"figure\">3<\/span>\t\t\t\t\t                <\/div>\n\t\t\t        <\/div>\n\t\t        <div class=\"rh_prop_card__meta\" style=\"order: 1\">\n\t\t\t\t\t\t\t<span class=\"rhea_meta_titles\">Badez.<\/span>                <div class=\"rhea_meta_icon_wrapper\">\n\t\t\t\t\t<img decoding=\"async\" class=\"custom-meta-icon custom-meta-icon-image\" src=\"https:\/\/www.lucasfroeserealestate.com\/wp-content\/uploads\/2024\/09\/badezimmer-immobilien-mallorca.png\" alt=\"Icono meta de la propiedad Cuartos de ba\u00f1o.\" title=\"\">\t\t\t\t\t<span class=\"figure\">2<\/span>\t\t\t\t\t                <\/div>\n\t\t\t        <\/div>\n\t\t        <div class=\"rh_prop_card__meta\" style=\"order: 1\">\n\t\t\t\t\t\t\t<span class=\"rhea_meta_titles\">Residencial M2<\/span>                <div class=\"rhea_meta_icon_wrapper\">\n\t\t\t\t\t<img decoding=\"async\" class=\"custom-meta-icon custom-meta-icon-image\" src=\"https:\/\/www.lucasfroeserealestate.com\/wp-content\/uploads\/2024\/09\/wohnflaeche-immobilien-mallorca.png\" alt=\"Icono meta de la propiedad Tama\u00f1o del \u00c1rea.\" title=\"\">\t\t\t\t\t<span class=\"figure\">144<\/span>\t\t\t\t\t                <\/div>\n\t\t\t        <\/div>\n\t\t        <div class=\"rh_prop_card__meta\" style=\"order: 1\">\n\t\t\t\t\t\t\t<span class=\"rhea_meta_titles\">Raz\u00f3n M2<\/span>                <div class=\"rhea_meta_icon_wrapper\">\n\t\t\t\t\t<img decoding=\"async\" class=\"custom-meta-icon custom-meta-icon-image\" src=\"https:\/\/www.lucasfroeserealestate.com\/wp-content\/uploads\/2024\/09\/grundstueck-flaeche-immobilien.png\" alt=\"Icono meta de la propiedad Tama\u00f1o del Lote.\" title=\"\">\t\t\t\t\t<span class=\"figure\">127<\/span>\t\t\t\t\t                <\/div>\n\t\t\t        <\/div>\n\t\t    <\/div>\n\t\n\n\n\n                                                    <\/div>\n\t\t\t\t\t\t\t\t\t\t\t\t\t                                                <div class=\"rhea_fp_sales_icons\">\n\t\t\t\t\t\t\t\t\t\t\t\t\t<div class=\"rhea_fp_price_status\">\n\t            <span class=\"rhea_fp_status\">Precio<\/span>\n\t\t\t        <p class=\"rhea_fp_price \">\n\t\t\t 685.000\u20ac         <\/p>\n\t\t<\/div>                                                    <div class=\"rhea_wrapper_member_functions\">\n\t\t                                                                                                    <\/div>\n                                                <\/div>\n                                            <\/div>\n                                        <\/div>\n                                    <\/div>\n                                <\/li>\n\t\t\t\t\t\t\t\t                                <li>\n                                    <div class=\"rhea_fp_slide_contents\">\n\t\t\t\t\t\t\t\t\t\t                                            <a href=\"https:\/\/www.lucasfroeserealestate.com\/es\/immobilien\/parcela-edificable-muy-cerca-de-cas-concos\/\" class=\"rhea_fp_thumbnail\" style=\"background-image: url('https:\/\/www.lucasfroeserealestate.com\/wp-content\/uploads\/2023\/10\/Baugrundstueck-neben-Cas-Concos-Investment-1024x683.jpg')\"><\/a>\n\t\t\t\t\t\t\t\t\t\t                                        <div class=\"rhea_fp_slide_info\">\n                                            <a class=\"rhea_fp_permalink\" href=\"https:\/\/www.lucasfroeserealestate.com\/es\/immobilien\/parcela-edificable-muy-cerca-de-cas-concos\/\"><\/a>\n                                            <div class=\"rhea_fp_slide_info_inner\">\n\t\t\t\t\t\t\t\t\t\t\t\t<h3 class=\"rhea_fp2_title\"><a href=\"https:\/\/www.lucasfroeserealestate.com\/es\/immobilien\/parcela-edificable-muy-cerca-de-cas-concos\/\">Terreno muy cerca de Cas Concos<\/a><\/h3>\n    <address class=\"rhea_fp_address\">\n        <a             class=\"rhea_trigger_map rhea_facnybox_trigger-21d62dc \" data-rhea-map-source=\"rhea-map-source-21d62dc\" data-rhea-map-location=\"39.417761989847,3.1368541717529,14\" data-rhea-map-title=\"Terreno muy cerca de Cas Concos\" data-rhea-map-price=\" 350.000\u20ac \" data-rhea-map-thumb=\"https:\/\/www.lucasfroeserealestate.com\/wp-content\/uploads\/2023\/10\/Baugrundstueck-neben-Cas-Concos-Investment-488x326.jpg\"\n\t\t\t href=\"https:\/\/www.lucasfroeserealestate.com\/es\/immobilien\/parcela-edificable-muy-cerca-de-cas-concos\/\">\n            <span class=\"rhea_address_pin\"><svg xmlns=\"http:\/\/www.w3.org\/2000\/svg\" viewBox=\"0 0 18 18\">\r\n\t<style type=\"text\/css\">\r\n\r\n\t\t.st0{fill-rule:evenodd;clip-rule:evenodd;}\r\n\r\n\t<\/style>\r\n\t<path class=\"st0\" d=\"M9 1c3.3 0 6 2.7 6 6S9 17 9 17 3 10.3 3 7 5.7 1 9 1zM9 5c1.1 0 2 0.9 2 2s-0.9 2-2 2S7 8.1 7 7 7.9 5 9 5z\"\/>\r\n<\/svg><\/span>\n            <span class=\"rhea_address_text\">Cas Concos, carrer de Sant Nicolau, Cas Concos des Cavaller, Felanitx, Migjorn, Islas Baleares, 07208, Espa\u00f1a<\/span>\n        <\/a>\n    <\/address>\n\t    <p class=\"rhea_fp_excerpt\">Seg\u00fan la situaci\u00f3n legal actual, no se puede edificar en la propiedad (menos de 15.000m2) Se vende esta parcela r\u00fastica de 14.700 m\u00b2,&hellip;<\/p>\n\n\t                                                    <div class=\"rhea_fp2_meta\">\n\t\t\t\t\t\t\t\t\t\t\t\t\t\t\n\n    <div class=\"rh_prop_card_meta_wrap_stylish\">\n\t\t        <div class=\"rh_prop_card__meta\" style=\"order: 1\">\n\t\t\t\t\t\t\t<span class=\"rhea_meta_titles\">Raz\u00f3n M2<\/span>                <div class=\"rhea_meta_icon_wrapper\">\n\t\t\t\t\t<img decoding=\"async\" class=\"custom-meta-icon custom-meta-icon-image\" src=\"https:\/\/www.lucasfroeserealestate.com\/wp-content\/uploads\/2024\/09\/grundstueck-flaeche-immobilien.png\" alt=\"Icono meta de la propiedad Tama\u00f1o del Lote.\" title=\"\">\t\t\t\t\t<span class=\"figure\">14700<\/span>\t\t\t\t\t                <\/div>\n\t\t\t        <\/div>\n\t\t    <\/div>\n\t\n\n\n\n                                                    <\/div>\n\t\t\t\t\t\t\t\t\t\t\t\t\t                                                <div class=\"rhea_fp_sales_icons\">\n\t\t\t\t\t\t\t\t\t\t\t\t\t<div class=\"rhea_fp_price_status\">\n\t            <span class=\"rhea_fp_status\">Precio<\/span>\n\t\t\t        <p class=\"rhea_fp_price \">\n\t\t\t 350.000\u20ac         <\/p>\n\t\t<\/div>                                                    <div class=\"rhea_wrapper_member_functions\">\n\t\t                                                                                                    <\/div>\n                                                <\/div>\n                                            <\/div>\n                                        <\/div>\n                                    <\/div>\n                                <\/li>\n\t\t\t\t\t\t\t\t                                <li>\n                                    <div class=\"rhea_fp_slide_contents\">\n\t\t\t\t\t\t\t\t\t\t                                            <a href=\"https:\/\/www.lucasfroeserealestate.com\/es\/immobilien\/piso-duplex-nuevo-en-terminacion-con-varias-terrazas-y-jaccuzi\/\" class=\"rhea_fp_thumbnail\" style=\"background-image: url('https:\/\/www.lucasfroeserealestate.com\/wp-content\/uploads\/2024\/06\/immobilien-ses-salines-neubau-apartment-17-1024x768.jpg')\"><\/a>\n\t\t\t\t\t\t\t\t\t\t                                        <div class=\"rhea_fp_slide_info\">\n                                            <a class=\"rhea_fp_permalink\" href=\"https:\/\/www.lucasfroeserealestate.com\/es\/immobilien\/piso-duplex-nuevo-en-terminacion-con-varias-terrazas-y-jaccuzi\/\"><\/a>\n                                            <div class=\"rhea_fp_slide_info_inner\">\n\t\t\t\t\t\t\t\t\t\t\t\t<h3 class=\"rhea_fp2_title\"><a href=\"https:\/\/www.lucasfroeserealestate.com\/es\/immobilien\/piso-duplex-nuevo-en-terminacion-con-varias-terrazas-y-jaccuzi\/\">Piso d\u00faplex nuevo en terminaci\u00f3n con varias terrazas y jaccuzi<\/a><\/h3>\n    <address class=\"rhea_fp_address\">\n        <a             class=\"rhea_trigger_map rhea_facnybox_trigger-21d62dc \" data-rhea-map-source=\"rhea-map-source-21d62dc\" data-rhea-map-location=\"39.323800563566,2.9873057271068,13\" data-rhea-map-title=\"Piso d\u00faplex nuevo en terminaci\u00f3n con varias terrazas y jaccuzi\" data-rhea-map-price=\" 1.270.000\u20ac \" data-rhea-map-thumb=\"https:\/\/www.lucasfroeserealestate.com\/wp-content\/uploads\/2024\/06\/immobilien-ses-salines-neubau-apartment-17-488x326.jpg\"\n\t\t\t href=\"https:\/\/www.lucasfroeserealestate.com\/es\/immobilien\/piso-duplex-nuevo-en-terminacion-con-varias-terrazas-y-jaccuzi\/\">\n            <span class=\"rhea_address_pin\"><svg xmlns=\"http:\/\/www.w3.org\/2000\/svg\" viewBox=\"0 0 18 18\">\r\n\t<style type=\"text\/css\">\r\n\r\n\t\t.st0{fill-rule:evenodd;clip-rule:evenodd;}\r\n\r\n\t<\/style>\r\n\t<path class=\"st0\" d=\"M9 1c3.3 0 6 2.7 6 6S9 17 9 17 3 10.3 3 7 5.7 1 9 1zM9 5c1.1 0 2 0.9 2 2s-0.9 2-2 2S7 8.1 7 7 7.9 5 9 5z\"\/>\r\n<\/svg><\/span>\n            <span class=\"rhea_address_text\">Colonia de sant jordi<\/span>\n        <\/a>\n    <\/address>\n\t    <p class=\"rhea_fp_excerpt\">Estos atractivos \u00e1ticos d\u00faplex de nueva construcci\u00f3n est\u00e1n idealmente situados a s\u00f3lo 300 metros de las id\u00edlicas playas de Els Estanys y Es&hellip;<\/p>\n\n\t                                                    <div class=\"rhea_fp2_meta\">\n\t\t\t\t\t\t\t\t\t\t\t\t\t\t\n\n    <div class=\"rh_prop_card_meta_wrap_stylish\">\n\t\t        <div class=\"rh_prop_card__meta\" style=\"order: 1\">\n\t\t\t\t\t\t\t<span class=\"rhea_meta_titles\">Dormitorios<\/span>                <div class=\"rhea_meta_icon_wrapper\">\n\t\t\t\t\t<img decoding=\"async\" class=\"custom-meta-icon custom-meta-icon-image\" src=\"https:\/\/www.lucasfroeserealestate.com\/wp-content\/uploads\/2024\/09\/schlafzimmer-immobilien-mallorca-02.png\" alt=\"Icono meta de la propiedad Habitaciones.\" title=\"\">\t\t\t\t\t<span class=\"figure\">3<\/span>\t\t\t\t\t                <\/div>\n\t\t\t        <\/div>\n\t\t        <div class=\"rh_prop_card__meta\" style=\"order: 1\">\n\t\t\t\t\t\t\t<span class=\"rhea_meta_titles\">Badez.<\/span>                <div class=\"rhea_meta_icon_wrapper\">\n\t\t\t\t\t<img decoding=\"async\" class=\"custom-meta-icon custom-meta-icon-image\" src=\"https:\/\/www.lucasfroeserealestate.com\/wp-content\/uploads\/2024\/09\/badezimmer-immobilien-mallorca.png\" alt=\"Icono meta de la propiedad Cuartos de ba\u00f1o.\" title=\"\">\t\t\t\t\t<span class=\"figure\">3<\/span>\t\t\t\t\t                <\/div>\n\t\t\t        <\/div>\n\t\t        <div class=\"rh_prop_card__meta\" style=\"order: 1\">\n\t\t\t\t\t\t\t<span class=\"rhea_meta_titles\">Residencial M2<\/span>                <div class=\"rhea_meta_icon_wrapper\">\n\t\t\t\t\t<img decoding=\"async\" class=\"custom-meta-icon custom-meta-icon-image\" src=\"https:\/\/www.lucasfroeserealestate.com\/wp-content\/uploads\/2024\/09\/wohnflaeche-immobilien-mallorca.png\" alt=\"Icono meta de la propiedad Tama\u00f1o del \u00c1rea.\" title=\"\">\t\t\t\t\t<span class=\"figure\">197<\/span>\t\t\t\t\t                <\/div>\n\t\t\t        <\/div>\n\t\t    <\/div>\n\t\n\n\n\n                                                    <\/div>\n\t\t\t\t\t\t\t\t\t\t\t\t\t                                                <div class=\"rhea_fp_sales_icons\">\n\t\t\t\t\t\t\t\t\t\t\t\t\t<div class=\"rhea_fp_price_status\">\n\t            <span class=\"rhea_fp_status\">Precio<\/span>\n\t\t\t        <p class=\"rhea_fp_price \">\n\t\t\t 1.270.000\u20ac         <\/p>\n\t\t<\/div>                                                    <div class=\"rhea_wrapper_member_functions\">\n\t\t                                                                                                    <\/div>\n                                                <\/div>\n                                            <\/div>\n                                        <\/div>\n                                    <\/div>\n                                <\/li>\n\t\t\t\t\t\t\t\t                                <li>\n                                    <div class=\"rhea_fp_slide_contents\">\n\t\t\t\t\t\t\t\t\t\t                                            <a href=\"https:\/\/www.lucasfroeserealestate.com\/es\/immobilien\/moderna-finca-de-lujo-con-piscina-infinita-e-impresionantes-vistas-en-cala-murada\/\" class=\"rhea_fp_thumbnail\" style=\"background-image: url('https:\/\/www.lucasfroeserealestate.com\/wp-content\/uploads\/2025\/01\/immobilien-cala-murada-finca-kaufen-12-1024x682.jpg')\"><\/a>\n\t\t\t\t\t\t\t\t\t\t                                        <div class=\"rhea_fp_slide_info\">\n                                            <a class=\"rhea_fp_permalink\" href=\"https:\/\/www.lucasfroeserealestate.com\/es\/immobilien\/moderna-finca-de-lujo-con-piscina-infinita-e-impresionantes-vistas-en-cala-murada\/\"><\/a>\n                                            <div class=\"rhea_fp_slide_info_inner\">\n\t\t\t\t\t\t\t\t\t\t\t\t<h3 class=\"rhea_fp2_title\"><a href=\"https:\/\/www.lucasfroeserealestate.com\/es\/immobilien\/moderna-finca-de-lujo-con-piscina-infinita-e-impresionantes-vistas-en-cala-murada\/\">Moderna finca de lujo con piscina infinita e impresionantes vistas en Cala Murada<\/a><\/h3>\n    <address class=\"rhea_fp_address\">\n        <a             class=\"rhea_trigger_map rhea_facnybox_trigger-21d62dc \" data-rhea-map-source=\"rhea-map-source-21d62dc\" data-rhea-map-location=\"39.469868119057,3.2401527258921,12\" data-rhea-map-title=\"Moderna finca de lujo con piscina infinita e impresionantes vistas en Cala Murada\" data-rhea-map-price=\" 2.450.000\u20ac \" data-rhea-map-thumb=\"https:\/\/www.lucasfroeserealestate.com\/wp-content\/uploads\/2025\/01\/immobilien-cala-murada-finca-kaufen-12-488x326.jpg\"\n\t\t\t href=\"https:\/\/www.lucasfroeserealestate.com\/es\/immobilien\/moderna-finca-de-lujo-con-piscina-infinita-e-impresionantes-vistas-en-cala-murada\/\">\n            <span class=\"rhea_address_pin\"><svg xmlns=\"http:\/\/www.w3.org\/2000\/svg\" viewBox=\"0 0 18 18\">\r\n\t<style type=\"text\/css\">\r\n\r\n\t\t.st0{fill-rule:evenodd;clip-rule:evenodd;}\r\n\r\n\t<\/style>\r\n\t<path class=\"st0\" d=\"M9 1c3.3 0 6 2.7 6 6S9 17 9 17 3 10.3 3 7 5.7 1 9 1zM9 5c1.1 0 2 0.9 2 2s-0.9 2-2 2S7 8.1 7 7 7.9 5 9 5z\"\/>\r\n<\/svg><\/span>\n            <span class=\"rhea_address_text\">Cala Murada<\/span>\n        <\/a>\n    <\/address>\n\t    <p class=\"rhea_fp_excerpt\">Esta exclusiva finca est\u00e1 enclavada en el paisaje monta\u00f1oso de la comarca de Llevant, a pocos kil\u00f3metros de la costa sureste de Mallorca.&hellip;<\/p>\n\n\t                                                    <div class=\"rhea_fp2_meta\">\n\t\t\t\t\t\t\t\t\t\t\t\t\t\t\n\n    <div class=\"rh_prop_card_meta_wrap_stylish\">\n\t\t        <div class=\"rh_prop_card__meta\" style=\"order: 1\">\n\t\t\t\t\t\t\t<span class=\"rhea_meta_titles\">Dormitorios<\/span>                <div class=\"rhea_meta_icon_wrapper\">\n\t\t\t\t\t<img decoding=\"async\" class=\"custom-meta-icon custom-meta-icon-image\" src=\"https:\/\/www.lucasfroeserealestate.com\/wp-content\/uploads\/2024\/09\/schlafzimmer-immobilien-mallorca-02.png\" alt=\"Icono meta de la propiedad Habitaciones.\" title=\"\">\t\t\t\t\t<span class=\"figure\">4<\/span>\t\t\t\t\t                <\/div>\n\t\t\t        <\/div>\n\t\t        <div class=\"rh_prop_card__meta\" style=\"order: 1\">\n\t\t\t\t\t\t\t<span class=\"rhea_meta_titles\">Badez.<\/span>                <div class=\"rhea_meta_icon_wrapper\">\n\t\t\t\t\t<img decoding=\"async\" class=\"custom-meta-icon custom-meta-icon-image\" src=\"https:\/\/www.lucasfroeserealestate.com\/wp-content\/uploads\/2024\/09\/badezimmer-immobilien-mallorca.png\" alt=\"Icono meta de la propiedad Cuartos de ba\u00f1o.\" title=\"\">\t\t\t\t\t<span class=\"figure\">4<\/span>\t\t\t\t\t                <\/div>\n\t\t\t        <\/div>\n\t\t        <div class=\"rh_prop_card__meta\" style=\"order: 1\">\n\t\t\t\t\t\t\t<span class=\"rhea_meta_titles\">Residencial M2<\/span>                <div class=\"rhea_meta_icon_wrapper\">\n\t\t\t\t\t<img decoding=\"async\" class=\"custom-meta-icon custom-meta-icon-image\" src=\"https:\/\/www.lucasfroeserealestate.com\/wp-content\/uploads\/2024\/09\/wohnflaeche-immobilien-mallorca.png\" alt=\"Icono meta de la propiedad Tama\u00f1o del \u00c1rea.\" title=\"\">\t\t\t\t\t<span class=\"figure\">250<\/span>\t\t\t\t\t                <\/div>\n\t\t\t        <\/div>\n\t\t        <div class=\"rh_prop_card__meta\" style=\"order: 1\">\n\t\t\t\t\t\t\t<span class=\"rhea_meta_titles\">Raz\u00f3n M2<\/span>                <div class=\"rhea_meta_icon_wrapper\">\n\t\t\t\t\t<img decoding=\"async\" class=\"custom-meta-icon custom-meta-icon-image\" src=\"https:\/\/www.lucasfroeserealestate.com\/wp-content\/uploads\/2024\/09\/grundstueck-flaeche-immobilien.png\" alt=\"Icono meta de la propiedad Tama\u00f1o del Lote.\" title=\"\">\t\t\t\t\t<span class=\"figure\">15800<\/span>\t\t\t\t\t                <\/div>\n\t\t\t        <\/div>\n\t\t    <\/div>\n\t\n\n\n\n                                                    <\/div>\n\t\t\t\t\t\t\t\t\t\t\t\t\t                                                <div class=\"rhea_fp_sales_icons\">\n\t\t\t\t\t\t\t\t\t\t\t\t\t<div class=\"rhea_fp_price_status\">\n\t            <span class=\"rhea_fp_status\">Precio<\/span>\n\t\t\t        <p class=\"rhea_fp_price \">\n\t\t\t 2.450.000\u20ac         <\/p>\n\t\t<\/div>                                                    <div class=\"rhea_wrapper_member_functions\">\n\t\t                                                                                                    <\/div>\n                                                <\/div>\n                                            <\/div>\n                                        <\/div>\n                                    <\/div>\n                                <\/li>\n\t\t\t\t\t\t\t\t                                <li>\n                                    <div class=\"rhea_fp_slide_contents\">\n\t\t\t\t\t\t\t\t\t\t                                            <a href=\"https:\/\/www.lucasfroeserealestate.com\/es\/immobilien\/casa-de-pueblo-con-garaje-en-el-casco-antiguo-de-felanitx\/\" class=\"rhea_fp_thumbnail\" style=\"background-image: url('https:\/\/www.lucasfroeserealestate.com\/wp-content\/uploads\/2024\/10\/Stdthaus-mit-Garage-in-Felanitx-1024x683.jpg')\"><\/a>\n\t\t\t\t\t\t\t\t\t\t                                        <div class=\"rhea_fp_slide_info\">\n                                            <a class=\"rhea_fp_permalink\" href=\"https:\/\/www.lucasfroeserealestate.com\/es\/immobilien\/casa-de-pueblo-con-garaje-en-el-casco-antiguo-de-felanitx\/\"><\/a>\n                                            <div class=\"rhea_fp_slide_info_inner\">\n\t\t\t\t\t\t\t\t\t\t\t\t<h3 class=\"rhea_fp2_title\"><a href=\"https:\/\/www.lucasfroeserealestate.com\/es\/immobilien\/casa-de-pueblo-con-garaje-en-el-casco-antiguo-de-felanitx\/\">Casa de pueblo con garaje en el casco antiguo de Felanitx<\/a><\/h3>\n    <address class=\"rhea_fp_address\">\n        <a             class=\"rhea_trigger_map rhea_facnybox_trigger-21d62dc \" data-rhea-map-source=\"rhea-map-source-21d62dc\" data-rhea-map-location=\"39.47010124959,3.1477266591446,17\" data-rhea-map-title=\"Casa de pueblo con garaje en el casco antiguo de Felanitx\" data-rhea-map-price=\" 450.000\u20ac \" data-rhea-map-thumb=\"https:\/\/www.lucasfroeserealestate.com\/wp-content\/uploads\/2024\/10\/Stdthaus-mit-Garage-in-Felanitx-488x326.jpg\"\n\t\t\t href=\"https:\/\/www.lucasfroeserealestate.com\/es\/immobilien\/casa-de-pueblo-con-garaje-en-el-casco-antiguo-de-felanitx\/\">\n            <span class=\"rhea_address_pin\"><svg xmlns=\"http:\/\/www.w3.org\/2000\/svg\" viewBox=\"0 0 18 18\">\r\n\t<style type=\"text\/css\">\r\n\r\n\t\t.st0{fill-rule:evenodd;clip-rule:evenodd;}\r\n\r\n\t<\/style>\r\n\t<path class=\"st0\" d=\"M9 1c3.3 0 6 2.7 6 6S9 17 9 17 3 10.3 3 7 5.7 1 9 1zM9 5c1.1 0 2 0.9 2 2s-0.9 2-2 2S7 8.1 7 7 7.9 5 9 5z\"\/>\r\n<\/svg><\/span>\n            <span class=\"rhea_address_text\">Felanitx<\/span>\n        <\/a>\n    <\/address>\n\t    <p class=\"rhea_fp_excerpt\">Adosado con garaje en venta en Felanitx. La casa tiene 220 metros cuadrados, de los que 200 son de vivienda, repartidos en dos&hellip;<\/p>\n\n\t                                                    <div class=\"rhea_fp2_meta\">\n\t\t\t\t\t\t\t\t\t\t\t\t\t\t\n\n    <div class=\"rh_prop_card_meta_wrap_stylish\">\n\t\t        <div class=\"rh_prop_card__meta\" style=\"order: 1\">\n\t\t\t\t\t\t\t<span class=\"rhea_meta_titles\">Dormitorios<\/span>                <div class=\"rhea_meta_icon_wrapper\">\n\t\t\t\t\t<img decoding=\"async\" class=\"custom-meta-icon custom-meta-icon-image\" src=\"https:\/\/www.lucasfroeserealestate.com\/wp-content\/uploads\/2024\/09\/schlafzimmer-immobilien-mallorca-02.png\" alt=\"Icono meta de la propiedad Habitaciones.\" title=\"\">\t\t\t\t\t<span class=\"figure\">2<\/span>\t\t\t\t\t                <\/div>\n\t\t\t        <\/div>\n\t\t        <div class=\"rh_prop_card__meta\" style=\"order: 1\">\n\t\t\t\t\t\t\t<span class=\"rhea_meta_titles\">Badez.<\/span>                <div class=\"rhea_meta_icon_wrapper\">\n\t\t\t\t\t<img decoding=\"async\" class=\"custom-meta-icon custom-meta-icon-image\" src=\"https:\/\/www.lucasfroeserealestate.com\/wp-content\/uploads\/2024\/09\/badezimmer-immobilien-mallorca.png\" alt=\"Icono meta de la propiedad Cuartos de ba\u00f1o.\" title=\"\">\t\t\t\t\t<span class=\"figure\">2<\/span>\t\t\t\t\t                <\/div>\n\t\t\t        <\/div>\n\t\t        <div class=\"rh_prop_card__meta\" style=\"order: 1\">\n\t\t\t\t\t\t\t<span class=\"rhea_meta_titles\">Residencial M2<\/span>                <div class=\"rhea_meta_icon_wrapper\">\n\t\t\t\t\t<img decoding=\"async\" class=\"custom-meta-icon custom-meta-icon-image\" src=\"https:\/\/www.lucasfroeserealestate.com\/wp-content\/uploads\/2024\/09\/wohnflaeche-immobilien-mallorca.png\" alt=\"Icono meta de la propiedad Tama\u00f1o del \u00c1rea.\" title=\"\">\t\t\t\t\t<span class=\"figure\">220<\/span>\t\t\t\t\t                <\/div>\n\t\t\t        <\/div>\n\t\t        <div class=\"rh_prop_card__meta\" style=\"order: 1\">\n\t\t\t\t\t\t\t<span class=\"rhea_meta_titles\">Raz\u00f3n M2<\/span>                <div class=\"rhea_meta_icon_wrapper\">\n\t\t\t\t\t<img decoding=\"async\" class=\"custom-meta-icon custom-meta-icon-image\" src=\"https:\/\/www.lucasfroeserealestate.com\/wp-content\/uploads\/2024\/09\/grundstueck-flaeche-immobilien.png\" alt=\"Icono meta de la propiedad Tama\u00f1o del Lote.\" title=\"\">\t\t\t\t\t<span class=\"figure\">270<\/span>\t\t\t\t\t                <\/div>\n\t\t\t        <\/div>\n\t\t    <\/div>\n\t\n\n\n\n                                                    <\/div>\n\t\t\t\t\t\t\t\t\t\t\t\t\t                                                <div class=\"rhea_fp_sales_icons\">\n\t\t\t\t\t\t\t\t\t\t\t\t\t<div class=\"rhea_fp_price_status\">\n\t            <span class=\"rhea_fp_status\">Precio<\/span>\n\t\t\t        <p class=\"rhea_fp_price \">\n\t\t\t 450.000\u20ac         <\/p>\n\t\t<\/div>                                                    <div class=\"rhea_wrapper_member_functions\">\n\t\t                                                                                                    <\/div>\n                                                <\/div>\n                                            <\/div>\n                                        <\/div>\n                                    <\/div>\n                                <\/li>\n\t\t\t\t\t\t\t\t                                <li>\n                                    <div class=\"rhea_fp_slide_contents\">\n\t\t\t\t\t\t\t\t\t\t                                            <a href=\"https:\/\/www.lucasfroeserealestate.com\/es\/immobilien\/exclusiva-casa-unifamiliar-en-el-centro-de-felanitx-con-dos-viviendas-y-terrazas\/\" class=\"rhea_fp_thumbnail\" style=\"background-image: url('https:\/\/www.lucasfroeserealestate.com\/wp-content\/uploads\/2025\/10\/DSC01807-1024x683.jpg')\"><\/a>\n\t\t\t\t\t\t\t\t\t\t                                        <div class=\"rhea_fp_slide_info\">\n                                            <a class=\"rhea_fp_permalink\" href=\"https:\/\/www.lucasfroeserealestate.com\/es\/immobilien\/exclusiva-casa-unifamiliar-en-el-centro-de-felanitx-con-dos-viviendas-y-terrazas\/\"><\/a>\n                                            <div class=\"rhea_fp_slide_info_inner\">\n\t\t\t\t\t\t\t\t\t\t\t\t<h3 class=\"rhea_fp2_title\"><a href=\"https:\/\/www.lucasfroeserealestate.com\/es\/immobilien\/exclusiva-casa-unifamiliar-en-el-centro-de-felanitx-con-dos-viviendas-y-terrazas\/\">EXCLUSIVA | Casa unifamiliar en el centro de Felanitx con dos viviendas y terrazas<\/a><\/h3>\n    <address class=\"rhea_fp_address\">\n        <a             class=\"rhea_trigger_map rhea_facnybox_trigger-21d62dc \" data-rhea-map-source=\"rhea-map-source-21d62dc\" data-rhea-map-location=\"39.46589879566,3.1492303616809,17\" data-rhea-map-title=\"EXCLUSIVA | Casa unifamiliar en el centro de Felanitx con dos viviendas y terrazas\" data-rhea-map-price=\" 495.000\u20ac \" data-rhea-map-thumb=\"https:\/\/www.lucasfroeserealestate.com\/wp-content\/uploads\/2025\/10\/DSC01807-488x326.jpg\"\n\t\t\t href=\"https:\/\/www.lucasfroeserealestate.com\/es\/immobilien\/exclusiva-casa-unifamiliar-en-el-centro-de-felanitx-con-dos-viviendas-y-terrazas\/\">\n            <span class=\"rhea_address_pin\"><svg xmlns=\"http:\/\/www.w3.org\/2000\/svg\" viewBox=\"0 0 18 18\">\r\n\t<style type=\"text\/css\">\r\n\r\n\t\t.st0{fill-rule:evenodd;clip-rule:evenodd;}\r\n\r\n\t<\/style>\r\n\t<path class=\"st0\" d=\"M9 1c3.3 0 6 2.7 6 6S9 17 9 17 3 10.3 3 7 5.7 1 9 1zM9 5c1.1 0 2 0.9 2 2s-0.9 2-2 2S7 8.1 7 7 7.9 5 9 5z\"\/>\r\n<\/svg><\/span>\n            <span class=\"rhea_address_text\">Felanitx, Illes Balears, Espa\u00f1a<\/span>\n        <\/a>\n    <\/address>\n\t    <p class=\"rhea_fp_excerpt\">Esta encantadora casa adosada en el coraz\u00f3n de Felanitx impresiona por su generosa superficie construida de 225 m\u00b2 y ofrece mucho espacio para&hellip;<\/p>\n\n\t                                                    <div class=\"rhea_fp2_meta\">\n\t\t\t\t\t\t\t\t\t\t\t\t\t\t\n\n    <div class=\"rh_prop_card_meta_wrap_stylish\">\n\t\t        <div class=\"rh_prop_card__meta\" style=\"order: 1\">\n\t\t\t\t\t\t\t<span class=\"rhea_meta_titles\">Dormitorios<\/span>                <div class=\"rhea_meta_icon_wrapper\">\n\t\t\t\t\t<img decoding=\"async\" class=\"custom-meta-icon custom-meta-icon-image\" src=\"https:\/\/www.lucasfroeserealestate.com\/wp-content\/uploads\/2024\/09\/schlafzimmer-immobilien-mallorca-02.png\" alt=\"Icono meta de la propiedad Habitaciones.\" title=\"\">\t\t\t\t\t<span class=\"figure\">6<\/span>\t\t\t\t\t                <\/div>\n\t\t\t        <\/div>\n\t\t        <div class=\"rh_prop_card__meta\" style=\"order: 1\">\n\t\t\t\t\t\t\t<span class=\"rhea_meta_titles\">Badez.<\/span>                <div class=\"rhea_meta_icon_wrapper\">\n\t\t\t\t\t<img decoding=\"async\" class=\"custom-meta-icon custom-meta-icon-image\" src=\"https:\/\/www.lucasfroeserealestate.com\/wp-content\/uploads\/2024\/09\/badezimmer-immobilien-mallorca.png\" alt=\"Icono meta de la propiedad Cuartos de ba\u00f1o.\" title=\"\">\t\t\t\t\t<span class=\"figure\">4<\/span>\t\t\t\t\t                <\/div>\n\t\t\t        <\/div>\n\t\t        <div class=\"rh_prop_card__meta\" style=\"order: 1\">\n\t\t\t\t\t\t\t<span class=\"rhea_meta_titles\">Residencial M2<\/span>                <div class=\"rhea_meta_icon_wrapper\">\n\t\t\t\t\t<img decoding=\"async\" class=\"custom-meta-icon custom-meta-icon-image\" src=\"https:\/\/www.lucasfroeserealestate.com\/wp-content\/uploads\/2024\/09\/wohnflaeche-immobilien-mallorca.png\" alt=\"Icono meta de la propiedad Tama\u00f1o del \u00c1rea.\" title=\"\">\t\t\t\t\t<span class=\"figure\">220<\/span>\t\t\t\t\t                <\/div>\n\t\t\t        <\/div>\n\t\t        <div class=\"rh_prop_card__meta\" style=\"order: 1\">\n\t\t\t\t\t\t\t<span class=\"rhea_meta_titles\">Raz\u00f3n M2<\/span>                <div class=\"rhea_meta_icon_wrapper\">\n\t\t\t\t\t<img decoding=\"async\" class=\"custom-meta-icon custom-meta-icon-image\" src=\"https:\/\/www.lucasfroeserealestate.com\/wp-content\/uploads\/2024\/09\/grundstueck-flaeche-immobilien.png\" alt=\"Icono meta de la propiedad Tama\u00f1o del Lote.\" title=\"\">\t\t\t\t\t<span class=\"figure\">131<\/span>\t\t\t\t\t                <\/div>\n\t\t\t        <\/div>\n\t\t    <\/div>\n\t\n\n\n\n                                                    <\/div>\n\t\t\t\t\t\t\t\t\t\t\t\t\t                                                <div class=\"rhea_fp_sales_icons\">\n\t\t\t\t\t\t\t\t\t\t\t\t\t<div class=\"rhea_fp_price_status\">\n\t            <span class=\"rhea_fp_status\">Precio<\/span>\n\t\t\t        <p class=\"rhea_fp_price \">\n\t\t\t 495.000\u20ac         <\/p>\n\t\t<\/div>                                                    <div class=\"rhea_wrapper_member_functions\">\n\t\t                                                                                                    <\/div>\n                                                <\/div>\n                                            <\/div>\n                                        <\/div>\n                                    <\/div>\n                                <\/li>\n\t\t\t\t\t\t\t\t                                <li>\n                                    <div class=\"rhea_fp_slide_contents\">\n\t\t\t\t\t\t\t\t\t\t                                            <a href=\"https:\/\/www.lucasfroeserealestate.com\/es\/immobilien\/chalet-pareado-de-nueva-construccion-en-cala-romantica\/\" class=\"rhea_fp_thumbnail\" style=\"background-image: url('https:\/\/www.lucasfroeserealestate.com\/wp-content\/uploads\/2024\/09\/Pilot-Haus-Sunbay-Residences-15-1024x683.jpg')\"><\/a>\n\t\t\t\t\t\t\t\t\t\t                                        <div class=\"rhea_fp_slide_info\">\n                                            <a class=\"rhea_fp_permalink\" href=\"https:\/\/www.lucasfroeserealestate.com\/es\/immobilien\/chalet-pareado-de-nueva-construccion-en-cala-romantica\/\"><\/a>\n                                            <div class=\"rhea_fp_slide_info_inner\">\n\t\t\t\t\t\t\t\t\t\t\t\t<h3 class=\"rhea_fp2_title\"><a href=\"https:\/\/www.lucasfroeserealestate.com\/es\/immobilien\/chalet-pareado-de-nueva-construccion-en-cala-romantica\/\">Casa adosada de nueva construcci\u00f3n cerca del mar en Cala Rom\u00e1ntica<\/a><\/h3>\n    <address class=\"rhea_fp_address\">\n        <a             class=\"rhea_trigger_map rhea_facnybox_trigger-21d62dc \" data-rhea-map-source=\"rhea-map-source-21d62dc\" data-rhea-map-location=\"39.522798018812,3.3137673139572,14\" data-rhea-map-title=\"Casa adosada de nueva construcci\u00f3n cerca del mar en Cala Rom\u00e1ntica\" data-rhea-map-price=\" 399.000\u20ac \" data-rhea-map-thumb=\"https:\/\/www.lucasfroeserealestate.com\/wp-content\/uploads\/2024\/09\/Pilot-Haus-Sunbay-Residences-15-488x326.jpg\"\n\t\t\t href=\"https:\/\/www.lucasfroeserealestate.com\/es\/immobilien\/chalet-pareado-de-nueva-construccion-en-cala-romantica\/\">\n            <span class=\"rhea_address_pin\"><svg xmlns=\"http:\/\/www.w3.org\/2000\/svg\" viewBox=\"0 0 18 18\">\r\n\t<style type=\"text\/css\">\r\n\r\n\t\t.st0{fill-rule:evenodd;clip-rule:evenodd;}\r\n\r\n\t<\/style>\r\n\t<path class=\"st0\" d=\"M9 1c3.3 0 6 2.7 6 6S9 17 9 17 3 10.3 3 7 5.7 1 9 1zM9 5c1.1 0 2 0.9 2 2s-0.9 2-2 2S7 8.1 7 7 7.9 5 9 5z\"\/>\r\n<\/svg><\/span>\n            <span class=\"rhea_address_text\">Cala de s&#039;Estany d&#039;en Mas, Cala Mendia, Manacor, Llevant, Islas Baleares, Espa\u00f1a<\/span>\n        <\/a>\n    <\/address>\n\t    <p class=\"rhea_fp_excerpt\">Se venden varias casas adosadas en una urbanizaci\u00f3n actualmente en construcci\u00f3n. Con dos dormitorios, dos ba\u00f1os distribuidos en dos plantas en un total&hellip;<\/p>\n\n\t                                                    <div class=\"rhea_fp2_meta\">\n\t\t\t\t\t\t\t\t\t\t\t\t\t\t\n\n    <div class=\"rh_prop_card_meta_wrap_stylish\">\n\t\t        <div class=\"rh_prop_card__meta\" style=\"order: 1\">\n\t\t\t\t\t\t\t<span class=\"rhea_meta_titles\">Dormitorios<\/span>                <div class=\"rhea_meta_icon_wrapper\">\n\t\t\t\t\t<img decoding=\"async\" class=\"custom-meta-icon custom-meta-icon-image\" src=\"https:\/\/www.lucasfroeserealestate.com\/wp-content\/uploads\/2024\/09\/schlafzimmer-immobilien-mallorca-02.png\" alt=\"Icono meta de la propiedad Habitaciones.\" title=\"\">\t\t\t\t\t<span class=\"figure\">2<\/span>\t\t\t\t\t                <\/div>\n\t\t\t        <\/div>\n\t\t        <div class=\"rh_prop_card__meta\" style=\"order: 1\">\n\t\t\t\t\t\t\t<span class=\"rhea_meta_titles\">Badez.<\/span>                <div class=\"rhea_meta_icon_wrapper\">\n\t\t\t\t\t<img decoding=\"async\" class=\"custom-meta-icon custom-meta-icon-image\" src=\"https:\/\/www.lucasfroeserealestate.com\/wp-content\/uploads\/2024\/09\/badezimmer-immobilien-mallorca.png\" alt=\"Icono meta de la propiedad Cuartos de ba\u00f1o.\" title=\"\">\t\t\t\t\t<span class=\"figure\">2<\/span>\t\t\t\t\t                <\/div>\n\t\t\t        <\/div>\n\t\t        <div class=\"rh_prop_card__meta\" style=\"order: 1\">\n\t\t\t\t\t\t\t<span class=\"rhea_meta_titles\">Residencial M2<\/span>                <div class=\"rhea_meta_icon_wrapper\">\n\t\t\t\t\t<img decoding=\"async\" class=\"custom-meta-icon custom-meta-icon-image\" src=\"https:\/\/www.lucasfroeserealestate.com\/wp-content\/uploads\/2024\/09\/wohnflaeche-immobilien-mallorca.png\" alt=\"Icono meta de la propiedad Tama\u00f1o del \u00c1rea.\" title=\"\">\t\t\t\t\t<span class=\"figure\">75<\/span>\t\t\t\t\t                <\/div>\n\t\t\t        <\/div>\n\t\t        <div class=\"rh_prop_card__meta\" style=\"order: 1\">\n\t\t\t\t\t\t\t<span class=\"rhea_meta_titles\">Raz\u00f3n M2<\/span>                <div class=\"rhea_meta_icon_wrapper\">\n\t\t\t\t\t<img decoding=\"async\" class=\"custom-meta-icon custom-meta-icon-image\" src=\"https:\/\/www.lucasfroeserealestate.com\/wp-content\/uploads\/2024\/09\/grundstueck-flaeche-immobilien.png\" alt=\"Icono meta de la propiedad Tama\u00f1o del Lote.\" title=\"\">\t\t\t\t\t<span class=\"figure\">300<\/span>\t\t\t\t\t                <\/div>\n\t\t\t        <\/div>\n\t\t    <\/div>\n\t\n\n\n\n                                                    <\/div>\n\t\t\t\t\t\t\t\t\t\t\t\t\t                                                <div class=\"rhea_fp_sales_icons\">\n\t\t\t\t\t\t\t\t\t\t\t\t\t<div class=\"rhea_fp_price_status\">\n\t            <span class=\"rhea_fp_status\">Precio<\/span>\n\t\t\t        <p class=\"rhea_fp_price \">\n\t\t\t 399.000\u20ac         <\/p>\n\t\t<\/div>                                                    <div class=\"rhea_wrapper_member_functions\">\n\t\t                                                                                                    <\/div>\n                                                <\/div>\n                                            <\/div>\n                                        <\/div>\n                                    <\/div>\n                                <\/li>\n\t\t\t\t\t\t\t\t                                <li>\n                                    <div class=\"rhea_fp_slide_contents\">\n\t\t\t\t\t\t\t\t\t\t                                            <a href=\"https:\/\/www.lucasfroeserealestate.com\/es\/immobilien\/solar-edificable-en-son-prohens-con-vistas-a-sant-salvador\/\" class=\"rhea_fp_thumbnail\" style=\"background-image: url('https:\/\/www.lucasfroeserealestate.com\/wp-content\/uploads\/2022\/08\/sold-lf-web-1024x683.jpg')\"><\/a>\n\t\t\t\t\t\t\t\t\t\t                                        <div class=\"rhea_fp_slide_info\">\n                                            <a class=\"rhea_fp_permalink\" href=\"https:\/\/www.lucasfroeserealestate.com\/es\/immobilien\/solar-edificable-en-son-prohens-con-vistas-a-sant-salvador\/\"><\/a>\n                                            <div class=\"rhea_fp_slide_info_inner\">\n\t\t\t\t\t\t\t\t\t\t\t\t<h3 class=\"rhea_fp2_title\"><a href=\"https:\/\/www.lucasfroeserealestate.com\/es\/immobilien\/solar-edificable-en-son-prohens-con-vistas-a-sant-salvador\/\">VENDIDO POR NOSOTROS - Solar edificable en Son Prohens con vistas a Sant Salvador<\/a><\/h3>\n    <address class=\"rhea_fp_address\">\n        <a             class=\"rhea_trigger_map rhea_facnybox_trigger-21d62dc \" data-rhea-map-source=\"rhea-map-source-21d62dc\" data-rhea-map-location=\"39.61362,3.02004,14\" data-rhea-map-title=\"VENDIDO POR NOSOTROS - Solar edificable en Son Prohens con vistas a Sant Salvador\" data-rhea-map-price=\" 230.000\u20ac \" data-rhea-map-thumb=\"https:\/\/www.lucasfroeserealestate.com\/wp-content\/uploads\/2022\/08\/sold-lf-web-488x326.jpg\"\n\t\t\t href=\"https:\/\/www.lucasfroeserealestate.com\/es\/immobilien\/solar-edificable-en-son-prohens-con-vistas-a-sant-salvador\/\">\n            <span class=\"rhea_address_pin\"><svg xmlns=\"http:\/\/www.w3.org\/2000\/svg\" viewBox=\"0 0 18 18\">\r\n\t<style type=\"text\/css\">\r\n\r\n\t\t.st0{fill-rule:evenodd;clip-rule:evenodd;}\r\n\r\n\t<\/style>\r\n\t<path class=\"st0\" d=\"M9 1c3.3 0 6 2.7 6 6S9 17 9 17 3 10.3 3 7 5.7 1 9 1zM9 5c1.1 0 2 0.9 2 2s-0.9 2-2 2S7 8.1 7 7 7.9 5 9 5z\"\/>\r\n<\/svg><\/span>\n            <span class=\"rhea_address_text\">Mallorca, Illes Balears, Espa\u00f1a<\/span>\n        <\/a>\n    <\/address>\n\t    <p class=\"rhea_fp_excerpt\">\u00a1Oportunidad de inversi\u00f3n en Son Prohens, cerca de Felanitx! Se vende este magn\u00edfico solar edificable de 22.278 m\u00b2 en la prestigiosa zona de&hellip;<\/p>\n\n\t                                                    <div class=\"rhea_fp2_meta\">\n\t\t\t\t\t\t\t\t\t\t\t\t\t\t\n\n    <div class=\"rh_prop_card_meta_wrap_stylish\">\n\t\t        <div class=\"rh_prop_card__meta\" style=\"order: 1\">\n\t\t\t\t\t\t\t<span class=\"rhea_meta_titles\">Raz\u00f3n M2<\/span>                <div class=\"rhea_meta_icon_wrapper\">\n\t\t\t\t\t<img decoding=\"async\" class=\"custom-meta-icon custom-meta-icon-image\" src=\"https:\/\/www.lucasfroeserealestate.com\/wp-content\/uploads\/2024\/09\/grundstueck-flaeche-immobilien.png\" alt=\"Icono meta de la propiedad Tama\u00f1o del Lote.\" title=\"\">\t\t\t\t\t<span class=\"figure\">22278<\/span>\t\t\t\t\t                <\/div>\n\t\t\t        <\/div>\n\t\t    <\/div>\n\t\n\n\n\n                                                    <\/div>\n\t\t\t\t\t\t\t\t\t\t\t\t\t                                                <div class=\"rhea_fp_sales_icons\">\n\t\t\t\t\t\t\t\t\t\t\t\t\t<div class=\"rhea_fp_price_status\">\n\t            <span class=\"rhea_fp_status\">Vendido<\/span>\n\t\t\t        <p class=\"rhea_fp_price \">\n\t\t\t 230.000\u20ac         <\/p>\n\t\t<\/div>                                                    <div class=\"rhea_wrapper_member_functions\">\n\t\t                                                                                                    <\/div>\n                                                <\/div>\n                                            <\/div>\n                                        <\/div>\n                                    <\/div>\n                                <\/li>\n\t\t\t\t\t\t\t\t                                <li>\n                                    <div class=\"rhea_fp_slide_contents\">\n\t\t\t\t\t\t\t\t\t\t                                            <a href=\"https:\/\/www.lucasfroeserealestate.com\/es\/immobilien\/moderno-piso-en-cala-dor-en-la-zona-del-puerto-deportivo\/\" class=\"rhea_fp_thumbnail\" style=\"background-image: url('https:\/\/www.lucasfroeserealestate.com\/wp-content\/uploads\/2023\/05\/moderne-wohnung-im-hafen-cala-dor-3-1024x593.jpg')\"><\/a>\n\t\t\t\t\t\t\t\t\t\t                                        <div class=\"rhea_fp_slide_info\">\n                                            <a class=\"rhea_fp_permalink\" href=\"https:\/\/www.lucasfroeserealestate.com\/es\/immobilien\/moderno-piso-en-cala-dor-en-la-zona-del-puerto-deportivo\/\"><\/a>\n                                            <div class=\"rhea_fp_slide_info_inner\">\n\t\t\t\t\t\t\t\t\t\t\t\t<h3 class=\"rhea_fp2_title\"><a href=\"https:\/\/www.lucasfroeserealestate.com\/es\/immobilien\/moderno-piso-en-cala-dor-en-la-zona-del-puerto-deportivo\/\">Moderno piso en Cala D&#8217;Or en la zona del puerto<\/a><\/h3>\n    <address class=\"rhea_fp_address\">\n        <a             class=\"rhea_trigger_map rhea_facnybox_trigger-21d62dc \" data-rhea-map-source=\"rhea-map-source-21d62dc\" data-rhea-map-location=\"39.3748968,3.2302905,13\" data-rhea-map-title=\"Moderno piso en Cala D&#8217;Or en la zona del puerto\" data-rhea-map-price=\" 398.000\u20ac \" data-rhea-map-thumb=\"https:\/\/www.lucasfroeserealestate.com\/wp-content\/uploads\/2023\/05\/moderne-wohnung-im-hafen-cala-dor-3-488x326.jpg\"\n\t\t\t href=\"https:\/\/www.lucasfroeserealestate.com\/es\/immobilien\/moderno-piso-en-cala-dor-en-la-zona-del-puerto-deportivo\/\">\n            <span class=\"rhea_address_pin\"><svg xmlns=\"http:\/\/www.w3.org\/2000\/svg\" viewBox=\"0 0 18 18\">\r\n\t<style type=\"text\/css\">\r\n\r\n\t\t.st0{fill-rule:evenodd;clip-rule:evenodd;}\r\n\r\n\t<\/style>\r\n\t<path class=\"st0\" d=\"M9 1c3.3 0 6 2.7 6 6S9 17 9 17 3 10.3 3 7 5.7 1 9 1zM9 5c1.1 0 2 0.9 2 2s-0.9 2-2 2S7 8.1 7 7 7.9 5 9 5z\"\/>\r\n<\/svg><\/span>\n            <span class=\"rhea_address_text\">Cala d&#039;Or, Santanyi, Migjorn, Islas Baleares, 07660, Espa\u00f1a<\/span>\n        <\/a>\n    <\/address>\n\t    <p class=\"rhea_fp_excerpt\">Pisos de obra nueva con balc\u00f3n\/terraza en Cala D&#8217;Or, cerca del puerto deportivo. Estos pisos est\u00e1n situados en una exclusiva urbanizaci\u00f3n nueva a&hellip;<\/p>\n\n\t                                                    <div class=\"rhea_fp2_meta\">\n\t\t\t\t\t\t\t\t\t\t\t\t\t\t\n\n    <div class=\"rh_prop_card_meta_wrap_stylish\">\n\t\t        <div class=\"rh_prop_card__meta\" style=\"order: 1\">\n\t\t\t\t\t\t\t<span class=\"rhea_meta_titles\">Dormitorios<\/span>                <div class=\"rhea_meta_icon_wrapper\">\n\t\t\t\t\t<img decoding=\"async\" class=\"custom-meta-icon custom-meta-icon-image\" src=\"https:\/\/www.lucasfroeserealestate.com\/wp-content\/uploads\/2024\/09\/schlafzimmer-immobilien-mallorca-02.png\" alt=\"Icono meta de la propiedad Habitaciones.\" title=\"\">\t\t\t\t\t<span class=\"figure\">2<\/span>\t\t\t\t\t                <\/div>\n\t\t\t        <\/div>\n\t\t        <div class=\"rh_prop_card__meta\" style=\"order: 1\">\n\t\t\t\t\t\t\t<span class=\"rhea_meta_titles\">Badez.<\/span>                <div class=\"rhea_meta_icon_wrapper\">\n\t\t\t\t\t<img decoding=\"async\" class=\"custom-meta-icon custom-meta-icon-image\" src=\"https:\/\/www.lucasfroeserealestate.com\/wp-content\/uploads\/2024\/09\/badezimmer-immobilien-mallorca.png\" alt=\"Icono meta de la propiedad Cuartos de ba\u00f1o.\" title=\"\">\t\t\t\t\t<span class=\"figure\">2<\/span>\t\t\t\t\t                <\/div>\n\t\t\t        <\/div>\n\t\t        <div class=\"rh_prop_card__meta\" style=\"order: 1\">\n\t\t\t\t\t\t\t<span class=\"rhea_meta_titles\">Residencial M2<\/span>                <div class=\"rhea_meta_icon_wrapper\">\n\t\t\t\t\t<img decoding=\"async\" class=\"custom-meta-icon custom-meta-icon-image\" src=\"https:\/\/www.lucasfroeserealestate.com\/wp-content\/uploads\/2024\/09\/wohnflaeche-immobilien-mallorca.png\" alt=\"Icono meta de la propiedad Tama\u00f1o del \u00c1rea.\" title=\"\">\t\t\t\t\t<span class=\"figure\">61,35<\/span>\t\t\t\t\t                <\/div>\n\t\t\t        <\/div>\n\t\t        <div class=\"rh_prop_card__meta\" style=\"order: 1\">\n\t\t\t\t\t\t\t<span class=\"rhea_meta_titles\">Raz\u00f3n M2<\/span>                <div class=\"rhea_meta_icon_wrapper\">\n\t\t\t\t\t<img decoding=\"async\" class=\"custom-meta-icon custom-meta-icon-image\" src=\"https:\/\/www.lucasfroeserealestate.com\/wp-content\/uploads\/2024\/09\/grundstueck-flaeche-immobilien.png\" alt=\"Icono meta de la propiedad Tama\u00f1o del Lote.\" title=\"\">\t\t\t\t\t<span class=\"figure\">78,60<\/span>\t\t\t\t\t                <\/div>\n\t\t\t        <\/div>\n\t\t    <\/div>\n\t\n\n\n\n                                                    <\/div>\n\t\t\t\t\t\t\t\t\t\t\t\t\t                                                <div class=\"rhea_fp_sales_icons\">\n\t\t\t\t\t\t\t\t\t\t\t\t\t<div class=\"rhea_fp_price_status\">\n\t            <span class=\"rhea_fp_status\">Precio<\/span>\n\t\t\t        <p class=\"rhea_fp_price \">\n\t\t\t 398.000\u20ac         <\/p>\n\t\t<\/div>                                                    <div class=\"rhea_wrapper_member_functions\">\n\t\t                                                                                                    <\/div>\n                                                <\/div>\n                                            <\/div>\n                                        <\/div>\n                                    <\/div>\n                                <\/li>\n\t\t\t\t\t\t\t\t                                <li>\n                                    <div class=\"rhea_fp_slide_contents\">\n\t\t\t\t\t\t\t\t\t\t                                            <a href=\"https:\/\/www.lucasfroeserealestate.com\/es\/immobilien\/finca-de-nueva-construccion-con-piscina-en-es-llombards\/\" class=\"rhea_fp_thumbnail\" style=\"background-image: url('https:\/\/www.lucasfroeserealestate.com\/wp-content\/uploads\/2024\/10\/immobilien-santanyi-es-llombards-finca-kaufen-48-1024x683.jpg')\"><\/a>\n\t\t\t\t\t\t\t\t\t\t                                        <div class=\"rhea_fp_slide_info\">\n                                            <a class=\"rhea_fp_permalink\" href=\"https:\/\/www.lucasfroeserealestate.com\/es\/immobilien\/finca-de-nueva-construccion-con-piscina-en-es-llombards\/\"><\/a>\n                                            <div class=\"rhea_fp_slide_info_inner\">\n\t\t\t\t\t\t\t\t\t\t\t\t<h3 class=\"rhea_fp2_title\"><a href=\"https:\/\/www.lucasfroeserealestate.com\/es\/immobilien\/finca-de-nueva-construccion-con-piscina-en-es-llombards\/\">Finca mallorquina de nueva construcci\u00f3n con piscina y jard\u00edn en Es Llombards<\/a><\/h3>\n    <address class=\"rhea_fp_address\">\n        <a             class=\"rhea_trigger_map rhea_facnybox_trigger-21d62dc \" data-rhea-map-source=\"rhea-map-source-21d62dc\" data-rhea-map-location=\"39.3409716,3.0970589,14\" data-rhea-map-title=\"Finca mallorquina de nueva construcci\u00f3n con piscina y jard\u00edn en Es Llombards\" data-rhea-map-price=\" 3.200.000\u20ac \" data-rhea-map-thumb=\"https:\/\/www.lucasfroeserealestate.com\/wp-content\/uploads\/2024\/10\/immobilien-santanyi-es-llombards-finca-kaufen-48-488x326.jpg\"\n\t\t\t href=\"https:\/\/www.lucasfroeserealestate.com\/es\/immobilien\/finca-de-nueva-construccion-con-piscina-en-es-llombards\/\">\n            <span class=\"rhea_address_pin\"><svg xmlns=\"http:\/\/www.w3.org\/2000\/svg\" viewBox=\"0 0 18 18\">\r\n\t<style type=\"text\/css\">\r\n\r\n\t\t.st0{fill-rule:evenodd;clip-rule:evenodd;}\r\n\r\n\t<\/style>\r\n\t<path class=\"st0\" d=\"M9 1c3.3 0 6 2.7 6 6S9 17 9 17 3 10.3 3 7 5.7 1 9 1zM9 5c1.1 0 2 0.9 2 2s-0.9 2-2 2S7 8.1 7 7 7.9 5 9 5z\"\/>\r\n<\/svg><\/span>\n            <span class=\"rhea_address_text\">Es Llombards, Santanyi, Islas Baleares, 07650, Espa\u00f1a<\/span>\n        <\/a>\n    <\/address>\n\t    <p class=\"rhea_fp_excerpt\">Finca muy exclusiva en una zona tranquila de Es Llombards, en Santany\u00ed. \u00a1La parcela rural y tranquila de 14.300 m2 ofrece suficiente intimidad&hellip;<\/p>\n\n\t                                                    <div class=\"rhea_fp2_meta\">\n\t\t\t\t\t\t\t\t\t\t\t\t\t\t\n\n    <div class=\"rh_prop_card_meta_wrap_stylish\">\n\t\t        <div class=\"rh_prop_card__meta\" style=\"order: 1\">\n\t\t\t\t\t\t\t<span class=\"rhea_meta_titles\">Dormitorios<\/span>                <div class=\"rhea_meta_icon_wrapper\">\n\t\t\t\t\t<img decoding=\"async\" class=\"custom-meta-icon custom-meta-icon-image\" src=\"https:\/\/www.lucasfroeserealestate.com\/wp-content\/uploads\/2024\/09\/schlafzimmer-immobilien-mallorca-02.png\" alt=\"Icono meta de la propiedad Habitaciones.\" title=\"\">\t\t\t\t\t<span class=\"figure\">5<\/span>\t\t\t\t\t                <\/div>\n\t\t\t        <\/div>\n\t\t        <div class=\"rh_prop_card__meta\" style=\"order: 1\">\n\t\t\t\t\t\t\t<span class=\"rhea_meta_titles\">Badez.<\/span>                <div class=\"rhea_meta_icon_wrapper\">\n\t\t\t\t\t<img decoding=\"async\" class=\"custom-meta-icon custom-meta-icon-image\" src=\"https:\/\/www.lucasfroeserealestate.com\/wp-content\/uploads\/2024\/09\/badezimmer-immobilien-mallorca.png\" alt=\"Icono meta de la propiedad Cuartos de ba\u00f1o.\" title=\"\">\t\t\t\t\t<span class=\"figure\">5<\/span>\t\t\t\t\t                <\/div>\n\t\t\t        <\/div>\n\t\t        <div class=\"rh_prop_card__meta\" style=\"order: 1\">\n\t\t\t\t\t\t\t<span class=\"rhea_meta_titles\">Residencial M2<\/span>                <div class=\"rhea_meta_icon_wrapper\">\n\t\t\t\t\t<img decoding=\"async\" class=\"custom-meta-icon custom-meta-icon-image\" src=\"https:\/\/www.lucasfroeserealestate.com\/wp-content\/uploads\/2024\/09\/wohnflaeche-immobilien-mallorca.png\" alt=\"Icono meta de la propiedad Tama\u00f1o del \u00c1rea.\" title=\"\">\t\t\t\t\t<span class=\"figure\">350<\/span>\t\t\t\t\t                <\/div>\n\t\t\t        <\/div>\n\t\t        <div class=\"rh_prop_card__meta\" style=\"order: 1\">\n\t\t\t\t\t\t\t<span class=\"rhea_meta_titles\">Raz\u00f3n M2<\/span>                <div class=\"rhea_meta_icon_wrapper\">\n\t\t\t\t\t<img decoding=\"async\" class=\"custom-meta-icon custom-meta-icon-image\" src=\"https:\/\/www.lucasfroeserealestate.com\/wp-content\/uploads\/2024\/09\/grundstueck-flaeche-immobilien.png\" alt=\"Icono meta de la propiedad Tama\u00f1o del Lote.\" title=\"\">\t\t\t\t\t<span class=\"figure\">14300<\/span>\t\t\t\t\t                <\/div>\n\t\t\t        <\/div>\n\t\t    <\/div>\n\t\n\n\n\n                                                    <\/div>\n\t\t\t\t\t\t\t\t\t\t\t\t\t                                                <div class=\"rhea_fp_sales_icons\">\n\t\t\t\t\t\t\t\t\t\t\t\t\t<div class=\"rhea_fp_price_status\">\n\t            <span class=\"rhea_fp_status\">Precio<\/span>\n\t\t\t        <p class=\"rhea_fp_price \">\n\t\t\t 3.200.000\u20ac         <\/p>\n\t\t<\/div>                                                    <div class=\"rhea_wrapper_member_functions\">\n\t\t                                                                                                    <\/div>\n                                                <\/div>\n                                            <\/div>\n                                        <\/div>\n                                    <\/div>\n                                <\/li>\n\t\t\t\t\t\t\t\t                                <li>\n                                    <div class=\"rhea_fp_slide_contents\">\n\t\t\t\t\t\t\t\t\t\t                                            <a href=\"https:\/\/www.lucasfroeserealestate.com\/es\/immobilien\/finca-de-lujo-con-piscina-casas-de-invitados-y-licencia-etv-en-felanitx\/\" class=\"rhea_fp_thumbnail\" style=\"background-image: url('https:\/\/www.lucasfroeserealestate.com\/wp-content\/uploads\/2023\/04\/sold-finca-felanitx-lucas-froese-03-1-1024x683.jpg')\"><\/a>\n\t\t\t\t\t\t\t\t\t\t                                        <div class=\"rhea_fp_slide_info\">\n                                            <a class=\"rhea_fp_permalink\" href=\"https:\/\/www.lucasfroeserealestate.com\/es\/immobilien\/finca-de-lujo-con-piscina-casas-de-invitados-y-licencia-etv-en-felanitx\/\"><\/a>\n                                            <div class=\"rhea_fp_slide_info_inner\">\n\t\t\t\t\t\t\t\t\t\t\t\t<h3 class=\"rhea_fp2_title\"><a href=\"https:\/\/www.lucasfroeserealestate.com\/es\/immobilien\/finca-de-lujo-con-piscina-casas-de-invitados-y-licencia-etv-en-felanitx\/\">VENDIDA - Finca de lujo con piscina, casas de invitados y licencia ETV en Felanitx<\/a><\/h3>\n    <address class=\"rhea_fp_address\">\n        <a  href=\"https:\/\/www.lucasfroeserealestate.com\/es\/immobilien\/finca-de-lujo-con-piscina-casas-de-invitados-y-licencia-etv-en-felanitx\/\">\n            <span class=\"rhea_address_pin\"><svg xmlns=\"http:\/\/www.w3.org\/2000\/svg\" viewBox=\"0 0 18 18\">\r\n\t<style type=\"text\/css\">\r\n\r\n\t\t.st0{fill-rule:evenodd;clip-rule:evenodd;}\r\n\r\n\t<\/style>\r\n\t<path class=\"st0\" d=\"M9 1c3.3 0 6 2.7 6 6S9 17 9 17 3 10.3 3 7 5.7 1 9 1zM9 5c1.1 0 2 0.9 2 2s-0.9 2-2 2S7 8.1 7 7 7.9 5 9 5z\"\/>\r\n<\/svg><\/span>\n            <span class=\"rhea_address_text\">Son Valls, Felanitx, Mallorca Sureste<\/span>\n        <\/a>\n    <\/address>\n\t    <p class=\"rhea_fp_excerpt\">&#13; Esta propiedad de lujo en el sureste de Mallorca es un enorme para\u00edso para sentirse bien con todos los extras. El espacio&hellip;<\/p>\n\n\t                                                    <div class=\"rhea_fp2_meta\">\n\t\t\t\t\t\t\t\t\t\t\t\t\t\t\n\n    <div class=\"rh_prop_card_meta_wrap_stylish\">\n\t\t        <div class=\"rh_prop_card__meta\" style=\"order: 1\">\n\t\t\t\t\t\t\t<span class=\"rhea_meta_titles\">Dormitorios<\/span>                <div class=\"rhea_meta_icon_wrapper\">\n\t\t\t\t\t<img decoding=\"async\" class=\"custom-meta-icon custom-meta-icon-image\" src=\"https:\/\/www.lucasfroeserealestate.com\/wp-content\/uploads\/2024\/09\/schlafzimmer-immobilien-mallorca-02.png\" alt=\"Icono meta de la propiedad Habitaciones.\" title=\"\">\t\t\t\t\t<span class=\"figure\">8<\/span>\t\t\t\t\t                <\/div>\n\t\t\t        <\/div>\n\t\t        <div class=\"rh_prop_card__meta\" style=\"order: 1\">\n\t\t\t\t\t\t\t<span class=\"rhea_meta_titles\">Badez.<\/span>                <div class=\"rhea_meta_icon_wrapper\">\n\t\t\t\t\t<img decoding=\"async\" class=\"custom-meta-icon custom-meta-icon-image\" src=\"https:\/\/www.lucasfroeserealestate.com\/wp-content\/uploads\/2024\/09\/badezimmer-immobilien-mallorca.png\" alt=\"Icono meta de la propiedad Cuartos de ba\u00f1o.\" title=\"\">\t\t\t\t\t<span class=\"figure\">8<\/span>\t\t\t\t\t                <\/div>\n\t\t\t        <\/div>\n\t\t        <div class=\"rh_prop_card__meta\" style=\"order: 1\">\n\t\t\t\t\t\t\t<span class=\"rhea_meta_titles\">Residencial M2<\/span>                <div class=\"rhea_meta_icon_wrapper\">\n\t\t\t\t\t<img decoding=\"async\" class=\"custom-meta-icon custom-meta-icon-image\" src=\"https:\/\/www.lucasfroeserealestate.com\/wp-content\/uploads\/2024\/09\/wohnflaeche-immobilien-mallorca.png\" alt=\"Icono meta de la propiedad Tama\u00f1o del \u00c1rea.\" title=\"\">\t\t\t\t\t<span class=\"figure\">650<\/span>\t\t\t\t\t<span class=\"label\">m2<\/span>                <\/div>\n\t\t\t        <\/div>\n\t\t        <div class=\"rh_prop_card__meta\" style=\"order: 1\">\n\t\t\t\t\t\t\t<span class=\"rhea_meta_titles\">Raz\u00f3n M2<\/span>                <div class=\"rhea_meta_icon_wrapper\">\n\t\t\t\t\t<img decoding=\"async\" class=\"custom-meta-icon custom-meta-icon-image\" src=\"https:\/\/www.lucasfroeserealestate.com\/wp-content\/uploads\/2024\/09\/grundstueck-flaeche-immobilien.png\" alt=\"Icono meta de la propiedad Tama\u00f1o del Lote.\" title=\"\">\t\t\t\t\t<span class=\"figure\">42000<\/span>\t\t\t\t\t<span class=\"label\">m2<\/span>                <\/div>\n\t\t\t        <\/div>\n\t\t    <\/div>\n\t\n\n\n\n                                                    <\/div>\n\t\t\t\t\t\t\t\t\t\t\t\t\t                                                <div class=\"rhea_fp_sales_icons\">\n\t\t\t\t\t\t\t\t\t\t\t\t\t<div class=\"rhea_fp_price_status\">\n\t            <span class=\"rhea_fp_status\">Vendido<\/span>\n\t\t\t        <p class=\"rhea_fp_price \">\n\t\t\t 2.490.000\u20ac         <\/p>\n\t\t<\/div>                                                    <div class=\"rhea_wrapper_member_functions\">\n\t\t                                                                                                    <\/div>\n                                                <\/div>\n                                            <\/div>\n                                        <\/div>\n                                    <\/div>\n                                <\/li>\n\t\t\t\t\t\t\t\t                                <li>\n                                    <div class=\"rhea_fp_slide_contents\">\n\t\t\t\t\t\t\t\t\t\t                                            <a href=\"https:\/\/www.lucasfroeserealestate.com\/es\/immobilien\/parcela-con-proyecto-en-felanitx\/\" class=\"rhea_fp_thumbnail\" style=\"background-image: url('https:\/\/www.lucasfroeserealestate.com\/wp-content\/uploads\/2024\/10\/Baugruendstueck-neben-Felanitx-mit-Projekt1-5-1-1024x683.jpg')\"><\/a>\n\t\t\t\t\t\t\t\t\t\t                                        <div class=\"rhea_fp_slide_info\">\n                                            <a class=\"rhea_fp_permalink\" href=\"https:\/\/www.lucasfroeserealestate.com\/es\/immobilien\/parcela-con-proyecto-en-felanitx\/\"><\/a>\n                                            <div class=\"rhea_fp_slide_info_inner\">\n\t\t\t\t\t\t\t\t\t\t\t\t<h3 class=\"rhea_fp2_title\"><a href=\"https:\/\/www.lucasfroeserealestate.com\/es\/immobilien\/parcela-con-proyecto-en-felanitx\/\">Parcela con proyecto en Felanitx<\/a><\/h3>\n    <address class=\"rhea_fp_address\">\n        <a             class=\"rhea_trigger_map rhea_facnybox_trigger-21d62dc \" data-rhea-map-source=\"rhea-map-source-21d62dc\" data-rhea-map-location=\"39.51451169441,3.1135304984476,12\" data-rhea-map-title=\"Parcela con proyecto en Felanitx\" data-rhea-map-price=\" 235.000\u20ac \" data-rhea-map-thumb=\"https:\/\/www.lucasfroeserealestate.com\/wp-content\/uploads\/2024\/10\/Baugruendstueck-neben-Felanitx-mit-Projekt1-5-1-488x326.jpg\"\n\t\t\t href=\"https:\/\/www.lucasfroeserealestate.com\/es\/immobilien\/parcela-con-proyecto-en-felanitx\/\">\n            <span class=\"rhea_address_pin\"><svg xmlns=\"http:\/\/www.w3.org\/2000\/svg\" viewBox=\"0 0 18 18\">\r\n\t<style type=\"text\/css\">\r\n\r\n\t\t.st0{fill-rule:evenodd;clip-rule:evenodd;}\r\n\r\n\t<\/style>\r\n\t<path class=\"st0\" d=\"M9 1c3.3 0 6 2.7 6 6S9 17 9 17 3 10.3 3 7 5.7 1 9 1zM9 5c1.1 0 2 0.9 2 2s-0.9 2-2 2S7 8.1 7 7 7.9 5 9 5z\"\/>\r\n<\/svg><\/span>\n            <span class=\"rhea_address_text\">Mallorca, Illes Balears, Espa\u00f1a<\/span>\n        <\/a>\n    <\/address>\n\t    <p class=\"rhea_fp_excerpt\">Gran oportunidad en Felanitx! Se vende solar de 16.500 m2 con proyecto presentado, en la tranquila zona de Son Valls. El proyecto ofrece&hellip;<\/p>\n\n\t                                                    <div class=\"rhea_fp2_meta\">\n\t\t\t\t\t\t\t\t\t\t\t\t\t\t\n\n    <div class=\"rh_prop_card_meta_wrap_stylish\">\n\t\t        <div class=\"rh_prop_card__meta\" style=\"order: 1\">\n\t\t\t\t\t\t\t<span class=\"rhea_meta_titles\">Dormitorios<\/span>                <div class=\"rhea_meta_icon_wrapper\">\n\t\t\t\t\t<img decoding=\"async\" class=\"custom-meta-icon custom-meta-icon-image\" src=\"https:\/\/www.lucasfroeserealestate.com\/wp-content\/uploads\/2024\/09\/schlafzimmer-immobilien-mallorca-02.png\" alt=\"Icono meta de la propiedad Habitaciones.\" title=\"\">\t\t\t\t\t<span class=\"figure\">3<\/span>\t\t\t\t\t                <\/div>\n\t\t\t        <\/div>\n\t\t        <div class=\"rh_prop_card__meta\" style=\"order: 1\">\n\t\t\t\t\t\t\t<span class=\"rhea_meta_titles\">Badez.<\/span>                <div class=\"rhea_meta_icon_wrapper\">\n\t\t\t\t\t<img decoding=\"async\" class=\"custom-meta-icon custom-meta-icon-image\" src=\"https:\/\/www.lucasfroeserealestate.com\/wp-content\/uploads\/2024\/09\/badezimmer-immobilien-mallorca.png\" alt=\"Icono meta de la propiedad Cuartos de ba\u00f1o.\" title=\"\">\t\t\t\t\t<span class=\"figure\">2<\/span>\t\t\t\t\t                <\/div>\n\t\t\t        <\/div>\n\t\t        <div class=\"rh_prop_card__meta\" style=\"order: 1\">\n\t\t\t\t\t\t\t<span class=\"rhea_meta_titles\">Residencial M2<\/span>                <div class=\"rhea_meta_icon_wrapper\">\n\t\t\t\t\t<img decoding=\"async\" class=\"custom-meta-icon custom-meta-icon-image\" src=\"https:\/\/www.lucasfroeserealestate.com\/wp-content\/uploads\/2024\/09\/wohnflaeche-immobilien-mallorca.png\" alt=\"Icono meta de la propiedad Tama\u00f1o del \u00c1rea.\" title=\"\">\t\t\t\t\t<span class=\"figure\">247<\/span>\t\t\t\t\t                <\/div>\n\t\t\t        <\/div>\n\t\t        <div class=\"rh_prop_card__meta\" style=\"order: 1\">\n\t\t\t\t\t\t\t<span class=\"rhea_meta_titles\">Raz\u00f3n M2<\/span>                <div class=\"rhea_meta_icon_wrapper\">\n\t\t\t\t\t<img decoding=\"async\" class=\"custom-meta-icon custom-meta-icon-image\" src=\"https:\/\/www.lucasfroeserealestate.com\/wp-content\/uploads\/2024\/09\/grundstueck-flaeche-immobilien.png\" alt=\"Icono meta de la propiedad Tama\u00f1o del Lote.\" title=\"\">\t\t\t\t\t<span class=\"figure\">16500<\/span>\t\t\t\t\t                <\/div>\n\t\t\t        <\/div>\n\t\t    <\/div>\n\t\n\n\n\n                                                    <\/div>\n\t\t\t\t\t\t\t\t\t\t\t\t\t                                                <div class=\"rhea_fp_sales_icons\">\n\t\t\t\t\t\t\t\t\t\t\t\t\t<div class=\"rhea_fp_price_status\">\n\t            <span class=\"rhea_fp_status\">Precio<\/span>\n\t\t\t        <p class=\"rhea_fp_price \">\n\t\t\t 235.000\u20ac         <\/p>\n\t\t<\/div>                                                    <div class=\"rhea_wrapper_member_functions\">\n\t\t                                                                                                    <\/div>\n                                                <\/div>\n                                            <\/div>\n                                        <\/div>\n                                    <\/div>\n                                <\/li>\n\t\t\t\t\t\t\t\t                                <li>\n                                    <div class=\"rhea_fp_slide_contents\">\n\t\t\t\t\t\t\t\t\t\t                                            <a href=\"https:\/\/www.lucasfroeserealestate.com\/es\/immobilien\/encantadora-casa-unifamiliar-con-potencial-en-cala-santanyi-2\/\" class=\"rhea_fp_thumbnail\" style=\"background-image: url('https:\/\/www.lucasfroeserealestate.com\/wp-content\/uploads\/2025\/07\/sold-lf-web-7-1024x683.jpg')\"><\/a>\n\t\t\t\t\t\t\t\t\t\t                                        <div class=\"rhea_fp_slide_info\">\n                                            <a class=\"rhea_fp_permalink\" href=\"https:\/\/www.lucasfroeserealestate.com\/es\/immobilien\/encantadora-casa-unifamiliar-con-potencial-en-cala-santanyi-2\/\"><\/a>\n                                            <div class=\"rhea_fp_slide_info_inner\">\n\t\t\t\t\t\t\t\t\t\t\t\t<h3 class=\"rhea_fp2_title\"><a href=\"https:\/\/www.lucasfroeserealestate.com\/es\/immobilien\/encantadora-casa-unifamiliar-con-potencial-en-cala-santanyi-2\/\">EXCLUSIVA | Encantadora casa unifamiliar con potencial en Cala Santanyi<\/a><\/h3>\n    <address class=\"rhea_fp_address\">\n        <a             class=\"rhea_trigger_map rhea_facnybox_trigger-21d62dc \" data-rhea-map-source=\"rhea-map-source-21d62dc\" data-rhea-map-location=\"39.331373228391,3.14286371521,14\" data-rhea-map-title=\"EXCLUSIVA | Encantadora casa unifamiliar con potencial en Cala Santanyi\" data-rhea-map-price=\" 399.000\u20ac \" data-rhea-map-thumb=\"https:\/\/www.lucasfroeserealestate.com\/wp-content\/uploads\/2025\/07\/sold-lf-web-7-488x326.jpg\"\n\t\t\t href=\"https:\/\/www.lucasfroeserealestate.com\/es\/immobilien\/encantadora-casa-unifamiliar-con-potencial-en-cala-santanyi-2\/\">\n            <span class=\"rhea_address_pin\"><svg xmlns=\"http:\/\/www.w3.org\/2000\/svg\" viewBox=\"0 0 18 18\">\r\n\t<style type=\"text\/css\">\r\n\r\n\t\t.st0{fill-rule:evenodd;clip-rule:evenodd;}\r\n\r\n\t<\/style>\r\n\t<path class=\"st0\" d=\"M9 1c3.3 0 6 2.7 6 6S9 17 9 17 3 10.3 3 7 5.7 1 9 1zM9 5c1.1 0 2 0.9 2 2s-0.9 2-2 2S7 8.1 7 7 7.9 5 9 5z\"\/>\r\n<\/svg><\/span>\n            <span class=\"rhea_address_text\">Cala Santany\u00ed, Mallorca, Illes Balears, Espa\u00f1a<\/span>\n        <\/a>\n    <\/address>\n\t    <p class=\"rhea_fp_excerpt\">Construida en 1980, esta casa ofrece unos 122 m\u00b2 de espacio habitable en dos plantas y una parcela de 323 m\u00b2 con mucho&hellip;<\/p>\n\n\t                                                    <div class=\"rhea_fp2_meta\">\n\t\t\t\t\t\t\t\t\t\t\t\t\t\t\n\n    <div class=\"rh_prop_card_meta_wrap_stylish\">\n\t\t        <div class=\"rh_prop_card__meta\" style=\"order: 1\">\n\t\t\t\t\t\t\t<span class=\"rhea_meta_titles\">Dormitorios<\/span>                <div class=\"rhea_meta_icon_wrapper\">\n\t\t\t\t\t<img decoding=\"async\" class=\"custom-meta-icon custom-meta-icon-image\" src=\"https:\/\/www.lucasfroeserealestate.com\/wp-content\/uploads\/2024\/09\/schlafzimmer-immobilien-mallorca-02.png\" alt=\"Icono meta de la propiedad Habitaciones.\" title=\"\">\t\t\t\t\t<span class=\"figure\">2<\/span>\t\t\t\t\t                <\/div>\n\t\t\t        <\/div>\n\t\t        <div class=\"rh_prop_card__meta\" style=\"order: 1\">\n\t\t\t\t\t\t\t<span class=\"rhea_meta_titles\">Badez.<\/span>                <div class=\"rhea_meta_icon_wrapper\">\n\t\t\t\t\t<img decoding=\"async\" class=\"custom-meta-icon custom-meta-icon-image\" src=\"https:\/\/www.lucasfroeserealestate.com\/wp-content\/uploads\/2024\/09\/badezimmer-immobilien-mallorca.png\" alt=\"Icono meta de la propiedad Cuartos de ba\u00f1o.\" title=\"\">\t\t\t\t\t<span class=\"figure\">2<\/span>\t\t\t\t\t                <\/div>\n\t\t\t        <\/div>\n\t\t        <div class=\"rh_prop_card__meta\" style=\"order: 1\">\n\t\t\t\t\t\t\t<span class=\"rhea_meta_titles\">Residencial M2<\/span>                <div class=\"rhea_meta_icon_wrapper\">\n\t\t\t\t\t<img decoding=\"async\" class=\"custom-meta-icon custom-meta-icon-image\" src=\"https:\/\/www.lucasfroeserealestate.com\/wp-content\/uploads\/2024\/09\/wohnflaeche-immobilien-mallorca.png\" alt=\"Icono meta de la propiedad Tama\u00f1o del \u00c1rea.\" title=\"\">\t\t\t\t\t<span class=\"figure\">122<\/span>\t\t\t\t\t                <\/div>\n\t\t\t        <\/div>\n\t\t        <div class=\"rh_prop_card__meta\" style=\"order: 1\">\n\t\t\t\t\t\t\t<span class=\"rhea_meta_titles\">Raz\u00f3n M2<\/span>                <div class=\"rhea_meta_icon_wrapper\">\n\t\t\t\t\t<img decoding=\"async\" class=\"custom-meta-icon custom-meta-icon-image\" src=\"https:\/\/www.lucasfroeserealestate.com\/wp-content\/uploads\/2024\/09\/grundstueck-flaeche-immobilien.png\" alt=\"Icono meta de la propiedad Tama\u00f1o del Lote.\" title=\"\">\t\t\t\t\t<span class=\"figure\">323<\/span>\t\t\t\t\t                <\/div>\n\t\t\t        <\/div>\n\t\t    <\/div>\n\t\n\n\n\n                                                    <\/div>\n\t\t\t\t\t\t\t\t\t\t\t\t\t                                                <div class=\"rhea_fp_sales_icons\">\n\t\t\t\t\t\t\t\t\t\t\t\t\t<div class=\"rhea_fp_price_status\">\n\t            <span class=\"rhea_fp_status\">Vendido<\/span>\n\t\t\t        <p class=\"rhea_fp_price \">\n\t\t\t 399.000\u20ac         <\/p>\n\t\t<\/div>                                                    <div class=\"rhea_wrapper_member_functions\">\n\t\t                                                                                                    <\/div>\n                                                <\/div>\n                                            <\/div>\n                                        <\/div>\n                                    <\/div>\n                                <\/li>\n\t\t\t\t\t\t\t\t                                <li>\n                                    <div class=\"rhea_fp_slide_contents\">\n\t\t\t\t\t\t\t\t\t\t                                            <a href=\"https:\/\/www.lucasfroeserealestate.com\/es\/immobilien\/pisos-de-vacaciones-como-inversion-en-portocolom-a-150-metros-de-la-playa\/\" class=\"rhea_fp_thumbnail\" style=\"background-image: url('https:\/\/www.lucasfroeserealestate.com\/wp-content\/uploads\/2025\/10\/immobilien-portocolom-apartments-LF0836-1024x576.jpg')\"><\/a>\n\t\t\t\t\t\t\t\t\t\t                                        <div class=\"rhea_fp_slide_info\">\n                                            <a class=\"rhea_fp_permalink\" href=\"https:\/\/www.lucasfroeserealestate.com\/es\/immobilien\/pisos-de-vacaciones-como-inversion-en-portocolom-a-150-metros-de-la-playa\/\"><\/a>\n                                            <div class=\"rhea_fp_slide_info_inner\">\n\t\t\t\t\t\t\t\t\t\t\t\t<h3 class=\"rhea_fp2_title\"><a href=\"https:\/\/www.lucasfroeserealestate.com\/es\/immobilien\/pisos-de-vacaciones-como-inversion-en-portocolom-a-150-metros-de-la-playa\/\">Pisos de vacaciones como inversi\u00f3n en Portocolom a 150 metros de la playa<\/a><\/h3>\n    <address class=\"rhea_fp_address\">\n        <a             class=\"rhea_trigger_map rhea_facnybox_trigger-21d62dc \" data-rhea-map-source=\"rhea-map-source-21d62dc\" data-rhea-map-location=\"39.408842916772,3.2581025493187,17\" data-rhea-map-title=\"Pisos de vacaciones como inversi\u00f3n en Portocolom a 150 metros de la playa\" data-rhea-map-price=\" 308.700\u20ac \" data-rhea-map-thumb=\"https:\/\/www.lucasfroeserealestate.com\/wp-content\/uploads\/2025\/10\/immobilien-portocolom-apartments-LF0836-488x326.jpg\"\n\t\t\t href=\"https:\/\/www.lucasfroeserealestate.com\/es\/immobilien\/pisos-de-vacaciones-como-inversion-en-portocolom-a-150-metros-de-la-playa\/\">\n            <span class=\"rhea_address_pin\"><svg xmlns=\"http:\/\/www.w3.org\/2000\/svg\" viewBox=\"0 0 18 18\">\r\n\t<style type=\"text\/css\">\r\n\r\n\t\t.st0{fill-rule:evenodd;clip-rule:evenodd;}\r\n\r\n\t<\/style>\r\n\t<path class=\"st0\" d=\"M9 1c3.3 0 6 2.7 6 6S9 17 9 17 3 10.3 3 7 5.7 1 9 1zM9 5c1.1 0 2 0.9 2 2s-0.9 2-2 2S7 8.1 7 7 7.9 5 9 5z\"\/>\r\n<\/svg><\/span>\n            <span class=\"rhea_address_text\">Cala Mar\u00e7al, Portocolom, Mallorca<\/span>\n        <\/a>\n    <\/address>\n\t    <p class=\"rhea_fp_excerpt\">\u00a1Tenemos para ti la inversi\u00f3n inmobiliaria perfecta en el sureste de Mallorca! Muy buenos rendimientos, revalorizaci\u00f3n gracias a una ubicaci\u00f3n inmejorable a pocos&hellip;<\/p>\n\n\t                                                    <div class=\"rhea_fp2_meta\">\n\t\t\t\t\t\t\t\t\t\t\t\t\t\t\n\n    <div class=\"rh_prop_card_meta_wrap_stylish\">\n\t\t        <div class=\"rh_prop_card__meta\" style=\"order: 1\">\n\t\t\t\t\t\t\t<span class=\"rhea_meta_titles\">Dormitorios<\/span>                <div class=\"rhea_meta_icon_wrapper\">\n\t\t\t\t\t<img decoding=\"async\" class=\"custom-meta-icon custom-meta-icon-image\" src=\"https:\/\/www.lucasfroeserealestate.com\/wp-content\/uploads\/2024\/09\/schlafzimmer-immobilien-mallorca-02.png\" alt=\"Icono meta de la propiedad Habitaciones.\" title=\"\">\t\t\t\t\t<span class=\"figure\">1<\/span>\t\t\t\t\t                <\/div>\n\t\t\t        <\/div>\n\t\t        <div class=\"rh_prop_card__meta\" style=\"order: 1\">\n\t\t\t\t\t\t\t<span class=\"rhea_meta_titles\">Badez.<\/span>                <div class=\"rhea_meta_icon_wrapper\">\n\t\t\t\t\t<img decoding=\"async\" class=\"custom-meta-icon custom-meta-icon-image\" src=\"https:\/\/www.lucasfroeserealestate.com\/wp-content\/uploads\/2024\/09\/badezimmer-immobilien-mallorca.png\" alt=\"Icono meta de la propiedad Cuartos de ba\u00f1o.\" title=\"\">\t\t\t\t\t<span class=\"figure\">1<\/span>\t\t\t\t\t                <\/div>\n\t\t\t        <\/div>\n\t\t        <div class=\"rh_prop_card__meta\" style=\"order: 1\">\n\t\t\t\t\t\t\t<span class=\"rhea_meta_titles\">Residencial M2<\/span>                <div class=\"rhea_meta_icon_wrapper\">\n\t\t\t\t\t<img decoding=\"async\" class=\"custom-meta-icon custom-meta-icon-image\" src=\"https:\/\/www.lucasfroeserealestate.com\/wp-content\/uploads\/2024\/09\/wohnflaeche-immobilien-mallorca.png\" alt=\"Icono meta de la propiedad Tama\u00f1o del \u00c1rea.\" title=\"\">\t\t\t\t\t<span class=\"figure\">50<\/span>\t\t\t\t\t                <\/div>\n\t\t\t        <\/div>\n\t\t    <\/div>\n\t\n\n\n\n                                                    <\/div>\n\t\t\t\t\t\t\t\t\t\t\t\t\t                                                <div class=\"rhea_fp_sales_icons\">\n\t\t\t\t\t\t\t\t\t\t\t\t\t<div class=\"rhea_fp_price_status\">\n\t            <span class=\"rhea_fp_status\">Precio<\/span>\n\t\t\t        <p class=\"rhea_fp_price \">\n\t\t\t 308.700\u20ac         <\/p>\n\t\t<\/div>                                                    <div class=\"rhea_wrapper_member_functions\">\n\t\t                                                                                                    <\/div>\n                                                <\/div>\n                                            <\/div>\n                                        <\/div>\n                                    <\/div>\n                                <\/li>\n\t\t\t\t\t\t\t\t                                <li>\n                                    <div class=\"rhea_fp_slide_contents\">\n\t\t\t\t\t\t\t\t\t\t                                            <a href=\"https:\/\/www.lucasfroeserealestate.com\/es\/immobilien\/exclusivo-proyecto-de-obra-nueva-en-cala-llombards-disena-tu-paraiso-isleno-a-medida\/\" class=\"rhea_fp_thumbnail\" style=\"background-image: url('https:\/\/www.lucasfroeserealestate.com\/wp-content\/uploads\/2024\/12\/Villa-Cala-Llombards_1-1-1024x576.jpg')\"><\/a>\n\t\t\t\t\t\t\t\t\t\t                                        <div class=\"rhea_fp_slide_info\">\n                                            <a class=\"rhea_fp_permalink\" href=\"https:\/\/www.lucasfroeserealestate.com\/es\/immobilien\/exclusivo-proyecto-de-obra-nueva-en-cala-llombards-disena-tu-paraiso-isleno-a-medida\/\"><\/a>\n                                            <div class=\"rhea_fp_slide_info_inner\">\n\t\t\t\t\t\t\t\t\t\t\t\t<h3 class=\"rhea_fp2_title\"><a href=\"https:\/\/www.lucasfroeserealestate.com\/es\/immobilien\/exclusivo-proyecto-de-obra-nueva-en-cala-llombards-disena-tu-paraiso-isleno-a-medida\/\">Exclusivo proyecto de obra nueva en Cala Llombards: Dise\u00f1a tu para\u00edso isle\u00f1o a medida<\/a><\/h3>\n    <address class=\"rhea_fp_address\">\n        <a             class=\"rhea_trigger_map rhea_facnybox_trigger-21d62dc \" data-rhea-map-source=\"rhea-map-source-21d62dc\" data-rhea-map-location=\"39.307871275244,3.1491602935415,13\" data-rhea-map-title=\"Exclusivo proyecto de obra nueva en Cala Llombards: Dise\u00f1a tu para\u00edso isle\u00f1o a medida\" data-rhea-map-price=\" 950.000\u20ac \" data-rhea-map-thumb=\"https:\/\/www.lucasfroeserealestate.com\/wp-content\/uploads\/2024\/12\/Villa-Cala-Llombards_1-1-488x326.jpg\"\n\t\t\t href=\"https:\/\/www.lucasfroeserealestate.com\/es\/immobilien\/exclusivo-proyecto-de-obra-nueva-en-cala-llombards-disena-tu-paraiso-isleno-a-medida\/\">\n            <span class=\"rhea_address_pin\"><svg xmlns=\"http:\/\/www.w3.org\/2000\/svg\" viewBox=\"0 0 18 18\">\r\n\t<style type=\"text\/css\">\r\n\r\n\t\t.st0{fill-rule:evenodd;clip-rule:evenodd;}\r\n\r\n\t<\/style>\r\n\t<path class=\"st0\" d=\"M9 1c3.3 0 6 2.7 6 6S9 17 9 17 3 10.3 3 7 5.7 1 9 1zM9 5c1.1 0 2 0.9 2 2s-0.9 2-2 2S7 8.1 7 7 7.9 5 9 5z\"\/>\r\n<\/svg><\/span>\n            <span class=\"rhea_address_text\">Mallorca, Illes Balears, Espa\u00f1a<\/span>\n        <\/a>\n    <\/address>\n\t    <p class=\"rhea_fp_excerpt\">En la pintoresca y tranquila zona de Cala Llombards, en el sur de Mallorca, se est\u00e1 construyendo esta excepcional promoci\u00f3n, una lujosa villa&hellip;<\/p>\n\n\t                                                    <div class=\"rhea_fp2_meta\">\n\t\t\t\t\t\t\t\t\t\t\t\t\t\t\n\n    <div class=\"rh_prop_card_meta_wrap_stylish\">\n\t\t        <div class=\"rh_prop_card__meta\" style=\"order: 1\">\n\t\t\t\t\t\t\t<span class=\"rhea_meta_titles\">Dormitorios<\/span>                <div class=\"rhea_meta_icon_wrapper\">\n\t\t\t\t\t<img decoding=\"async\" class=\"custom-meta-icon custom-meta-icon-image\" src=\"https:\/\/www.lucasfroeserealestate.com\/wp-content\/uploads\/2024\/09\/schlafzimmer-immobilien-mallorca-02.png\" alt=\"Icono meta de la propiedad Habitaciones.\" title=\"\">\t\t\t\t\t<span class=\"figure\">3<\/span>\t\t\t\t\t                <\/div>\n\t\t\t        <\/div>\n\t\t        <div class=\"rh_prop_card__meta\" style=\"order: 1\">\n\t\t\t\t\t\t\t<span class=\"rhea_meta_titles\">Badez.<\/span>                <div class=\"rhea_meta_icon_wrapper\">\n\t\t\t\t\t<img decoding=\"async\" class=\"custom-meta-icon custom-meta-icon-image\" src=\"https:\/\/www.lucasfroeserealestate.com\/wp-content\/uploads\/2024\/09\/badezimmer-immobilien-mallorca.png\" alt=\"Icono meta de la propiedad Cuartos de ba\u00f1o.\" title=\"\">\t\t\t\t\t<span class=\"figure\">4<\/span>\t\t\t\t\t                <\/div>\n\t\t\t        <\/div>\n\t\t        <div class=\"rh_prop_card__meta\" style=\"order: 1\">\n\t\t\t\t\t\t\t<span class=\"rhea_meta_titles\">Residencial M2<\/span>                <div class=\"rhea_meta_icon_wrapper\">\n\t\t\t\t\t<img decoding=\"async\" class=\"custom-meta-icon custom-meta-icon-image\" src=\"https:\/\/www.lucasfroeserealestate.com\/wp-content\/uploads\/2024\/09\/wohnflaeche-immobilien-mallorca.png\" alt=\"Icono meta de la propiedad Tama\u00f1o del \u00c1rea.\" title=\"\">\t\t\t\t\t<span class=\"figure\">112<\/span>\t\t\t\t\t                <\/div>\n\t\t\t        <\/div>\n\t\t        <div class=\"rh_prop_card__meta\" style=\"order: 1\">\n\t\t\t\t\t\t\t<span class=\"rhea_meta_titles\">Raz\u00f3n M2<\/span>                <div class=\"rhea_meta_icon_wrapper\">\n\t\t\t\t\t<img decoding=\"async\" class=\"custom-meta-icon custom-meta-icon-image\" src=\"https:\/\/www.lucasfroeserealestate.com\/wp-content\/uploads\/2024\/09\/grundstueck-flaeche-immobilien.png\" alt=\"Icono meta de la propiedad Tama\u00f1o del Lote.\" title=\"\">\t\t\t\t\t<span class=\"figure\">425<\/span>\t\t\t\t\t                <\/div>\n\t\t\t        <\/div>\n\t\t    <\/div>\n\t\n\n\n\n                                                    <\/div>\n\t\t\t\t\t\t\t\t\t\t\t\t\t                                                <div class=\"rhea_fp_sales_icons\">\n\t\t\t\t\t\t\t\t\t\t\t\t\t<div class=\"rhea_fp_price_status\">\n\t            <span class=\"rhea_fp_status\">Precio<\/span>\n\t\t\t        <p class=\"rhea_fp_price \">\n\t\t\t 950.000\u20ac         <\/p>\n\t\t<\/div>                                                    <div class=\"rhea_wrapper_member_functions\">\n\t\t                                                                                                    <\/div>\n                                                <\/div>\n                                            <\/div>\n                                        <\/div>\n                                    <\/div>\n                                <\/li>\n\t\t\t\t\t\t\t\t                                <li>\n                                    <div class=\"rhea_fp_slide_contents\">\n\t\t\t\t\t\t\t\t\t\t                                            <a href=\"https:\/\/www.lucasfroeserealestate.com\/es\/immobilien\/finca-de-nueva-construccion-de-primera-calidad-con-vistas-en-felanitx\/\" class=\"rhea_fp_thumbnail\" style=\"background-image: url('https:\/\/www.lucasfroeserealestate.com\/wp-content\/uploads\/2024\/08\/Diseno-sin-titulo-2025-09-15T171933.063-1024x683.jpg')\"><\/a>\n\t\t\t\t\t\t\t\t\t\t                                        <div class=\"rhea_fp_slide_info\">\n                                            <a class=\"rhea_fp_permalink\" href=\"https:\/\/www.lucasfroeserealestate.com\/es\/immobilien\/finca-de-nueva-construccion-de-primera-calidad-con-vistas-en-felanitx\/\"><\/a>\n                                            <div class=\"rhea_fp_slide_info_inner\">\n\t\t\t\t\t\t\t\t\t\t\t\t<h3 class=\"rhea_fp2_title\"><a href=\"https:\/\/www.lucasfroeserealestate.com\/es\/immobilien\/finca-de-nueva-construccion-de-primera-calidad-con-vistas-en-felanitx\/\">Finca de nueva construcci\u00f3n de primera calidad con vistas en Felanitx<\/a><\/h3>\n    <address class=\"rhea_fp_address\">\n        <a             class=\"rhea_trigger_map rhea_facnybox_trigger-21d62dc \" data-rhea-map-source=\"rhea-map-source-21d62dc\" data-rhea-map-location=\"39.462508195722,3.170553445816,12\" data-rhea-map-title=\"Finca de nueva construcci\u00f3n de primera calidad con vistas en Felanitx\" data-rhea-map-price=\" 3.500.000\u20ac \" data-rhea-map-thumb=\"https:\/\/www.lucasfroeserealestate.com\/wp-content\/uploads\/2024\/08\/Diseno-sin-titulo-2025-09-15T171933.063-488x326.jpg\"\n\t\t\t href=\"https:\/\/www.lucasfroeserealestate.com\/es\/immobilien\/finca-de-nueva-construccion-de-primera-calidad-con-vistas-en-felanitx\/\">\n            <span class=\"rhea_address_pin\"><svg xmlns=\"http:\/\/www.w3.org\/2000\/svg\" viewBox=\"0 0 18 18\">\r\n\t<style type=\"text\/css\">\r\n\r\n\t\t.st0{fill-rule:evenodd;clip-rule:evenodd;}\r\n\r\n\t<\/style>\r\n\t<path class=\"st0\" d=\"M9 1c3.3 0 6 2.7 6 6S9 17 9 17 3 10.3 3 7 5.7 1 9 1zM9 5c1.1 0 2 0.9 2 2s-0.9 2-2 2S7 8.1 7 7 7.9 5 9 5z\"\/>\r\n<\/svg><\/span>\n            <span class=\"rhea_address_text\">Felanich, Migjorn, Islas Baleares, Espa\u00f1a<\/span>\n        <\/a>\n    <\/address>\n\t    <p class=\"rhea_fp_excerpt\">Este proyecto de nueva construcci\u00f3n de finca de lujo con las mejores calidades, piscina y un jard\u00edn mediterr\u00e1neo de f\u00e1cil cuidado, est\u00e1 situado&hellip;<\/p>\n\n\t                                                    <div class=\"rhea_fp2_meta\">\n\t\t\t\t\t\t\t\t\t\t\t\t\t\t\n\n    <div class=\"rh_prop_card_meta_wrap_stylish\">\n\t\t        <div class=\"rh_prop_card__meta\" style=\"order: 1\">\n\t\t\t\t\t\t\t<span class=\"rhea_meta_titles\">Dormitorios<\/span>                <div class=\"rhea_meta_icon_wrapper\">\n\t\t\t\t\t<img decoding=\"async\" class=\"custom-meta-icon custom-meta-icon-image\" src=\"https:\/\/www.lucasfroeserealestate.com\/wp-content\/uploads\/2024\/09\/schlafzimmer-immobilien-mallorca-02.png\" alt=\"Icono meta de la propiedad Habitaciones.\" title=\"\">\t\t\t\t\t<span class=\"figure\">5<\/span>\t\t\t\t\t                <\/div>\n\t\t\t        <\/div>\n\t\t        <div class=\"rh_prop_card__meta\" style=\"order: 1\">\n\t\t\t\t\t\t\t<span class=\"rhea_meta_titles\">Badez.<\/span>                <div class=\"rhea_meta_icon_wrapper\">\n\t\t\t\t\t<img decoding=\"async\" class=\"custom-meta-icon custom-meta-icon-image\" src=\"https:\/\/www.lucasfroeserealestate.com\/wp-content\/uploads\/2024\/09\/badezimmer-immobilien-mallorca.png\" alt=\"Icono meta de la propiedad Cuartos de ba\u00f1o.\" title=\"\">\t\t\t\t\t<span class=\"figure\">5<\/span>\t\t\t\t\t                <\/div>\n\t\t\t        <\/div>\n\t\t        <div class=\"rh_prop_card__meta\" style=\"order: 1\">\n\t\t\t\t\t\t\t<span class=\"rhea_meta_titles\">Residencial M2<\/span>                <div class=\"rhea_meta_icon_wrapper\">\n\t\t\t\t\t<img decoding=\"async\" class=\"custom-meta-icon custom-meta-icon-image\" src=\"https:\/\/www.lucasfroeserealestate.com\/wp-content\/uploads\/2024\/09\/wohnflaeche-immobilien-mallorca.png\" alt=\"Icono meta de la propiedad Tama\u00f1o del \u00c1rea.\" title=\"\">\t\t\t\t\t<span class=\"figure\">400<\/span>\t\t\t\t\t                <\/div>\n\t\t\t        <\/div>\n\t\t        <div class=\"rh_prop_card__meta\" style=\"order: 1\">\n\t\t\t\t\t\t\t<span class=\"rhea_meta_titles\">Raz\u00f3n M2<\/span>                <div class=\"rhea_meta_icon_wrapper\">\n\t\t\t\t\t<img decoding=\"async\" class=\"custom-meta-icon custom-meta-icon-image\" src=\"https:\/\/www.lucasfroeserealestate.com\/wp-content\/uploads\/2024\/09\/grundstueck-flaeche-immobilien.png\" alt=\"Icono meta de la propiedad Tama\u00f1o del Lote.\" title=\"\">\t\t\t\t\t<span class=\"figure\">16000<\/span>\t\t\t\t\t                <\/div>\n\t\t\t        <\/div>\n\t\t    <\/div>\n\t\n\n\n\n                                                    <\/div>\n\t\t\t\t\t\t\t\t\t\t\t\t\t                                                <div class=\"rhea_fp_sales_icons\">\n\t\t\t\t\t\t\t\t\t\t\t\t\t<div class=\"rhea_fp_price_status\">\n\t            <span class=\"rhea_fp_status\">Precio<\/span>\n\t\t\t        <p class=\"rhea_fp_price \">\n\t\t\t 3.500.000\u20ac         <\/p>\n\t\t<\/div>                                                    <div class=\"rhea_wrapper_member_functions\">\n\t\t                                                                                                    <\/div>\n                                                <\/div>\n                                            <\/div>\n                                        <\/div>\n                                    <\/div>\n                                <\/li>\n\t\t\t\t\t\t\t\t                                <li>\n                                    <div class=\"rhea_fp_slide_contents\">\n\t\t\t\t\t\t\t\t\t\t                                            <a href=\"https:\/\/www.lucasfroeserealestate.com\/es\/immobilien\/villa-con-vistas-al-mar-y-2-piscinas-en-santa-ponsa\/\" class=\"rhea_fp_thumbnail\" style=\"background-image: url('https:\/\/www.lucasfroeserealestate.com\/wp-content\/uploads\/2023\/06\/luxusimmobilien-mallorca-villa-santa-ponsa-LF0571-1024x768.jpg')\"><\/a>\n\t\t\t\t\t\t\t\t\t\t                                        <div class=\"rhea_fp_slide_info\">\n                                            <a class=\"rhea_fp_permalink\" href=\"https:\/\/www.lucasfroeserealestate.com\/es\/immobilien\/villa-con-vistas-al-mar-y-2-piscinas-en-santa-ponsa\/\"><\/a>\n                                            <div class=\"rhea_fp_slide_info_inner\">\n\t\t\t\t\t\t\t\t\t\t\t\t<h3 class=\"rhea_fp2_title\"><a href=\"https:\/\/www.lucasfroeserealestate.com\/es\/immobilien\/villa-con-vistas-al-mar-y-2-piscinas-en-santa-ponsa\/\">Villa con vistas al mar y 2 piscinas en Santa Ponsa<\/a><\/h3>\n    <address class=\"rhea_fp_address\">\n        <a             class=\"rhea_trigger_map rhea_facnybox_trigger-21d62dc \" data-rhea-map-source=\"rhea-map-source-21d62dc\" data-rhea-map-location=\"39.5148159,2.4819598,14\" data-rhea-map-title=\"Villa con vistas al mar y 2 piscinas en Santa Ponsa\" data-rhea-map-price=\" 7.200.000\u20ac \" data-rhea-map-thumb=\"https:\/\/www.lucasfroeserealestate.com\/wp-content\/uploads\/2023\/06\/luxusimmobilien-mallorca-villa-santa-ponsa-LF0571-488x326.jpg\"\n\t\t\t href=\"https:\/\/www.lucasfroeserealestate.com\/es\/immobilien\/villa-con-vistas-al-mar-y-2-piscinas-en-santa-ponsa\/\">\n            <span class=\"rhea_address_pin\"><svg xmlns=\"http:\/\/www.w3.org\/2000\/svg\" viewBox=\"0 0 18 18\">\r\n\t<style type=\"text\/css\">\r\n\r\n\t\t.st0{fill-rule:evenodd;clip-rule:evenodd;}\r\n\r\n\t<\/style>\r\n\t<path class=\"st0\" d=\"M9 1c3.3 0 6 2.7 6 6S9 17 9 17 3 10.3 3 7 5.7 1 9 1zM9 5c1.1 0 2 0.9 2 2s-0.9 2-2 2S7 8.1 7 7 7.9 5 9 5z\"\/>\r\n<\/svg><\/span>\n            <span class=\"rhea_address_text\">Santa Pon\u00e7a, Calvi\u00e1, Sierra de Tramontana, Islas Baleares, 07180, Espa\u00f1a<\/span>\n        <\/a>\n    <\/address>\n\t    <p class=\"rhea_fp_excerpt\">Moderna villa de lujo en Santa Ponsa (Nova Santa Ponsa) con vistas panor\u00e1micas al mar&#8230; \u00a1La propiedad de lujo est\u00e1 muy cerca del&hellip;<\/p>\n\n\t                                                    <div class=\"rhea_fp2_meta\">\n\t\t\t\t\t\t\t\t\t\t\t\t\t\t\n\n    <div class=\"rh_prop_card_meta_wrap_stylish\">\n\t\t        <div class=\"rh_prop_card__meta\" style=\"order: 1\">\n\t\t\t\t\t\t\t<span class=\"rhea_meta_titles\">Dormitorios<\/span>                <div class=\"rhea_meta_icon_wrapper\">\n\t\t\t\t\t<img decoding=\"async\" class=\"custom-meta-icon custom-meta-icon-image\" src=\"https:\/\/www.lucasfroeserealestate.com\/wp-content\/uploads\/2024\/09\/schlafzimmer-immobilien-mallorca-02.png\" alt=\"Icono meta de la propiedad Habitaciones.\" title=\"\">\t\t\t\t\t<span class=\"figure\">6<\/span>\t\t\t\t\t                <\/div>\n\t\t\t        <\/div>\n\t\t        <div class=\"rh_prop_card__meta\" style=\"order: 1\">\n\t\t\t\t\t\t\t<span class=\"rhea_meta_titles\">Badez.<\/span>                <div class=\"rhea_meta_icon_wrapper\">\n\t\t\t\t\t<img decoding=\"async\" class=\"custom-meta-icon custom-meta-icon-image\" src=\"https:\/\/www.lucasfroeserealestate.com\/wp-content\/uploads\/2024\/09\/badezimmer-immobilien-mallorca.png\" alt=\"Icono meta de la propiedad Cuartos de ba\u00f1o.\" title=\"\">\t\t\t\t\t<span class=\"figure\">6<\/span>\t\t\t\t\t                <\/div>\n\t\t\t        <\/div>\n\t\t        <div class=\"rh_prop_card__meta\" style=\"order: 1\">\n\t\t\t\t\t\t\t<span class=\"rhea_meta_titles\">Residencial M2<\/span>                <div class=\"rhea_meta_icon_wrapper\">\n\t\t\t\t\t<img decoding=\"async\" class=\"custom-meta-icon custom-meta-icon-image\" src=\"https:\/\/www.lucasfroeserealestate.com\/wp-content\/uploads\/2024\/09\/wohnflaeche-immobilien-mallorca.png\" alt=\"Icono meta de la propiedad Tama\u00f1o del \u00c1rea.\" title=\"\">\t\t\t\t\t<span class=\"figure\">700<\/span>\t\t\t\t\t                <\/div>\n\t\t\t        <\/div>\n\t\t        <div class=\"rh_prop_card__meta\" style=\"order: 1\">\n\t\t\t\t\t\t\t<span class=\"rhea_meta_titles\">Raz\u00f3n M2<\/span>                <div class=\"rhea_meta_icon_wrapper\">\n\t\t\t\t\t<img decoding=\"async\" class=\"custom-meta-icon custom-meta-icon-image\" src=\"https:\/\/www.lucasfroeserealestate.com\/wp-content\/uploads\/2024\/09\/grundstueck-flaeche-immobilien.png\" alt=\"Icono meta de la propiedad Tama\u00f1o del Lote.\" title=\"\">\t\t\t\t\t<span class=\"figure\">1400<\/span>\t\t\t\t\t                <\/div>\n\t\t\t        <\/div>\n\t\t    <\/div>\n\t\n\n\n\n                                                    <\/div>\n\t\t\t\t\t\t\t\t\t\t\t\t\t                                                <div class=\"rhea_fp_sales_icons\">\n\t\t\t\t\t\t\t\t\t\t\t\t\t<div class=\"rhea_fp_price_status\">\n\t            <span class=\"rhea_fp_status\">Precio<\/span>\n\t\t\t        <p class=\"rhea_fp_price \">\n\t\t\t 7.200.000\u20ac         <\/p>\n\t\t<\/div>                                                    <div class=\"rhea_wrapper_member_functions\">\n\t\t                                                                                                    <\/div>\n                                                <\/div>\n                                            <\/div>\n                                        <\/div>\n                                    <\/div>\n                                <\/li>\n\t\t\t\t\t\t\t\t                                <li>\n                                    <div class=\"rhea_fp_slide_contents\">\n\t\t\t\t\t\t\t\t\t\t                                            <a href=\"https:\/\/www.lucasfroeserealestate.com\/es\/immobilien\/luxus-wohnung-blick-felanitx\/\" class=\"rhea_fp_thumbnail\" style=\"background-image: url('https:\/\/www.lucasfroeserealestate.com\/wp-content\/uploads\/2020\/09\/Piso2-1-8-1024x576.jpg')\"><\/a>\n\t\t\t\t\t\t\t\t\t\t                                        <div class=\"rhea_fp_slide_info\">\n                                            <a class=\"rhea_fp_permalink\" href=\"https:\/\/www.lucasfroeserealestate.com\/es\/immobilien\/luxus-wohnung-blick-felanitx\/\"><\/a>\n                                            <div class=\"rhea_fp_slide_info_inner\">\n\t\t\t\t\t\t\t\t\t\t\t\t<h3 class=\"rhea_fp2_title\"><a href=\"https:\/\/www.lucasfroeserealestate.com\/es\/immobilien\/luxus-wohnung-blick-felanitx\/\">Piso de lujo con terraza chill-out y vistas a Felanitx<\/a><\/h3>\n    <address class=\"rhea_fp_address\">\n        <a             class=\"rhea_trigger_map rhea_facnybox_trigger-21d62dc \" data-rhea-map-source=\"rhea-map-source-21d62dc\" data-rhea-map-location=\"39.4731681,3.1476731,14\" data-rhea-map-title=\"Piso de lujo con terraza chill-out y vistas a Felanitx\" data-rhea-map-price=\" 610.000\u20ac \" data-rhea-map-thumb=\"https:\/\/www.lucasfroeserealestate.com\/wp-content\/uploads\/2020\/09\/Piso2-1-8-488x326.jpg\"\n\t\t\t href=\"https:\/\/www.lucasfroeserealestate.com\/es\/immobilien\/luxus-wohnung-blick-felanitx\/\">\n            <span class=\"rhea_address_pin\"><svg xmlns=\"http:\/\/www.w3.org\/2000\/svg\" viewBox=\"0 0 18 18\">\r\n\t<style type=\"text\/css\">\r\n\r\n\t\t.st0{fill-rule:evenodd;clip-rule:evenodd;}\r\n\r\n\t<\/style>\r\n\t<path class=\"st0\" d=\"M9 1c3.3 0 6 2.7 6 6S9 17 9 17 3 10.3 3 7 5.7 1 9 1zM9 5c1.1 0 2 0.9 2 2s-0.9 2-2 2S7 8.1 7 7 7.9 5 9 5z\"\/>\r\n<\/svg><\/span>\n            <span class=\"rhea_address_text\">Felanitx, Migjorn, Islas Baleares, Espa\u00f1a<\/span>\n        <\/a>\n    <\/address>\n\t    <p class=\"rhea_fp_excerpt\">Este piso de lujo de estilo moderno est\u00e1 situado en pleno centro de Felanitx, junto al ayuntamiento y el mercado. La superficie de&hellip;<\/p>\n\n\t                                                    <div class=\"rhea_fp2_meta\">\n\t\t\t\t\t\t\t\t\t\t\t\t\t\t\n\n    <div class=\"rh_prop_card_meta_wrap_stylish\">\n\t\t        <div class=\"rh_prop_card__meta\" style=\"order: 1\">\n\t\t\t\t\t\t\t<span class=\"rhea_meta_titles\">Dormitorios<\/span>                <div class=\"rhea_meta_icon_wrapper\">\n\t\t\t\t\t<img decoding=\"async\" class=\"custom-meta-icon custom-meta-icon-image\" src=\"https:\/\/www.lucasfroeserealestate.com\/wp-content\/uploads\/2024\/09\/schlafzimmer-immobilien-mallorca-02.png\" alt=\"Icono meta de la propiedad Habitaciones.\" title=\"\">\t\t\t\t\t<span class=\"figure\">2<\/span>\t\t\t\t\t                <\/div>\n\t\t\t        <\/div>\n\t\t        <div class=\"rh_prop_card__meta\" style=\"order: 1\">\n\t\t\t\t\t\t\t<span class=\"rhea_meta_titles\">Badez.<\/span>                <div class=\"rhea_meta_icon_wrapper\">\n\t\t\t\t\t<img decoding=\"async\" class=\"custom-meta-icon custom-meta-icon-image\" src=\"https:\/\/www.lucasfroeserealestate.com\/wp-content\/uploads\/2024\/09\/badezimmer-immobilien-mallorca.png\" alt=\"Icono meta de la propiedad Cuartos de ba\u00f1o.\" title=\"\">\t\t\t\t\t<span class=\"figure\">2<\/span>\t\t\t\t\t                <\/div>\n\t\t\t        <\/div>\n\t\t        <div class=\"rh_prop_card__meta\" style=\"order: 1\">\n\t\t\t\t\t\t\t<span class=\"rhea_meta_titles\">Residencial M2<\/span>                <div class=\"rhea_meta_icon_wrapper\">\n\t\t\t\t\t<img decoding=\"async\" class=\"custom-meta-icon custom-meta-icon-image\" src=\"https:\/\/www.lucasfroeserealestate.com\/wp-content\/uploads\/2024\/09\/wohnflaeche-immobilien-mallorca.png\" alt=\"Icono meta de la propiedad Tama\u00f1o del \u00c1rea.\" title=\"\">\t\t\t\t\t<span class=\"figure\">135<\/span>\t\t\t\t\t                <\/div>\n\t\t\t        <\/div>\n\t\t    <\/div>\n\t\n\n\n\n                                                    <\/div>\n\t\t\t\t\t\t\t\t\t\t\t\t\t                                                <div class=\"rhea_fp_sales_icons\">\n\t\t\t\t\t\t\t\t\t\t\t\t\t<div class=\"rhea_fp_price_status\">\n\t            <span class=\"rhea_fp_status\">Precio<\/span>\n\t\t\t        <p class=\"rhea_fp_price \">\n\t\t\t 610.000\u20ac         <\/p>\n\t\t<\/div>                                                    <div class=\"rhea_wrapper_member_functions\">\n\t\t                                                                                                    <\/div>\n                                                <\/div>\n                                            <\/div>\n                                        <\/div>\n                                    <\/div>\n                                <\/li>\n\t\t\t\t\t\t\t\t                                <li>\n                                    <div class=\"rhea_fp_slide_contents\">\n\t\t\t\t\t\t\t\t\t\t                                            <a href=\"https:\/\/www.lucasfroeserealestate.com\/es\/immobilien\/exclusiva-finca-de-lujo-de-nueva-construccion-en-es-carritxo\/\" class=\"rhea_fp_thumbnail\" style=\"background-image: url('https:\/\/www.lucasfroeserealestate.com\/wp-content\/uploads\/2024\/12\/immobilien-mallorca-neubau-finca-LF0528-9-1-1024x682.jpg')\"><\/a>\n\t\t\t\t\t\t\t\t\t\t                                        <div class=\"rhea_fp_slide_info\">\n                                            <a class=\"rhea_fp_permalink\" href=\"https:\/\/www.lucasfroeserealestate.com\/es\/immobilien\/exclusiva-finca-de-lujo-de-nueva-construccion-en-es-carritxo\/\"><\/a>\n                                            <div class=\"rhea_fp_slide_info_inner\">\n\t\t\t\t\t\t\t\t\t\t\t\t<h3 class=\"rhea_fp2_title\"><a href=\"https:\/\/www.lucasfroeserealestate.com\/es\/immobilien\/exclusiva-finca-de-lujo-de-nueva-construccion-en-es-carritxo\/\">Exclusiva y autosuficiente finca de lujo de nueva construcci\u00f3n en Cas Concos<\/a><\/h3>\n    <address class=\"rhea_fp_address\">\n        <a             class=\"rhea_trigger_map rhea_facnybox_trigger-21d62dc \" data-rhea-map-source=\"rhea-map-source-21d62dc\" data-rhea-map-location=\"39.4246747,3.1654548,13\" data-rhea-map-title=\"Exclusiva y autosuficiente finca de lujo de nueva construcci\u00f3n en Cas Concos\" data-rhea-map-price=\" 4.750.000\u20ac \" data-rhea-map-thumb=\"https:\/\/www.lucasfroeserealestate.com\/wp-content\/uploads\/2024\/12\/immobilien-mallorca-neubau-finca-LF0528-9-1-488x326.jpg\"\n\t\t\t href=\"https:\/\/www.lucasfroeserealestate.com\/es\/immobilien\/exclusiva-finca-de-lujo-de-nueva-construccion-en-es-carritxo\/\">\n            <span class=\"rhea_address_pin\"><svg xmlns=\"http:\/\/www.w3.org\/2000\/svg\" viewBox=\"0 0 18 18\">\r\n\t<style type=\"text\/css\">\r\n\r\n\t\t.st0{fill-rule:evenodd;clip-rule:evenodd;}\r\n\r\n\t<\/style>\r\n\t<path class=\"st0\" d=\"M9 1c3.3 0 6 2.7 6 6S9 17 9 17 3 10.3 3 7 5.7 1 9 1zM9 5c1.1 0 2 0.9 2 2s-0.9 2-2 2S7 8.1 7 7 7.9 5 9 5z\"\/>\r\n<\/svg><\/span>\n            <span class=\"rhea_address_text\">es Carritx\u00f3, Felanich, Migjorn, Islas Baleares, 07208, Espa\u00f1a<\/span>\n        <\/a>\n    <\/address>\n\t    <p class=\"rhea_fp_excerpt\">Finca de ensue\u00f1o en Es Carritx\u00f3: el lujo se une al minimalismo y la elegancia r\u00fastica Una obra maestra de arquitectura moderna y&hellip;<\/p>\n\n\t                                                    <div class=\"rhea_fp2_meta\">\n\t\t\t\t\t\t\t\t\t\t\t\t\t\t\n\n    <div class=\"rh_prop_card_meta_wrap_stylish\">\n\t\t        <div class=\"rh_prop_card__meta\" style=\"order: 1\">\n\t\t\t\t\t\t\t<span class=\"rhea_meta_titles\">Dormitorios<\/span>                <div class=\"rhea_meta_icon_wrapper\">\n\t\t\t\t\t<img decoding=\"async\" class=\"custom-meta-icon custom-meta-icon-image\" src=\"https:\/\/www.lucasfroeserealestate.com\/wp-content\/uploads\/2024\/09\/schlafzimmer-immobilien-mallorca-02.png\" alt=\"Icono meta de la propiedad Habitaciones.\" title=\"\">\t\t\t\t\t<span class=\"figure\">5<\/span>\t\t\t\t\t                <\/div>\n\t\t\t        <\/div>\n\t\t        <div class=\"rh_prop_card__meta\" style=\"order: 1\">\n\t\t\t\t\t\t\t<span class=\"rhea_meta_titles\">Badez.<\/span>                <div class=\"rhea_meta_icon_wrapper\">\n\t\t\t\t\t<img decoding=\"async\" class=\"custom-meta-icon custom-meta-icon-image\" src=\"https:\/\/www.lucasfroeserealestate.com\/wp-content\/uploads\/2024\/09\/badezimmer-immobilien-mallorca.png\" alt=\"Icono meta de la propiedad Cuartos de ba\u00f1o.\" title=\"\">\t\t\t\t\t<span class=\"figure\">5<\/span>\t\t\t\t\t                <\/div>\n\t\t\t        <\/div>\n\t\t        <div class=\"rh_prop_card__meta\" style=\"order: 1\">\n\t\t\t\t\t\t\t<span class=\"rhea_meta_titles\">Residencial M2<\/span>                <div class=\"rhea_meta_icon_wrapper\">\n\t\t\t\t\t<img decoding=\"async\" class=\"custom-meta-icon custom-meta-icon-image\" src=\"https:\/\/www.lucasfroeserealestate.com\/wp-content\/uploads\/2024\/09\/wohnflaeche-immobilien-mallorca.png\" alt=\"Icono meta de la propiedad Tama\u00f1o del \u00c1rea.\" title=\"\">\t\t\t\t\t<span class=\"figure\">580<\/span>\t\t\t\t\t                <\/div>\n\t\t\t        <\/div>\n\t\t        <div class=\"rh_prop_card__meta\" style=\"order: 1\">\n\t\t\t\t\t\t\t<span class=\"rhea_meta_titles\">Raz\u00f3n M2<\/span>                <div class=\"rhea_meta_icon_wrapper\">\n\t\t\t\t\t<img decoding=\"async\" class=\"custom-meta-icon custom-meta-icon-image\" src=\"https:\/\/www.lucasfroeserealestate.com\/wp-content\/uploads\/2024\/09\/grundstueck-flaeche-immobilien.png\" alt=\"Icono meta de la propiedad Tama\u00f1o del Lote.\" title=\"\">\t\t\t\t\t<span class=\"figure\">59000<\/span>\t\t\t\t\t                <\/div>\n\t\t\t        <\/div>\n\t\t    <\/div>\n\t\n\n\n\n                                                    <\/div>\n\t\t\t\t\t\t\t\t\t\t\t\t\t                                                <div class=\"rhea_fp_sales_icons\">\n\t\t\t\t\t\t\t\t\t\t\t\t\t<div class=\"rhea_fp_price_status\">\n\t            <span class=\"rhea_fp_status\">Precio<\/span>\n\t\t\t        <p class=\"rhea_fp_price \">\n\t\t\t 4.750.000\u20ac         <\/p>\n\t\t<\/div>                                                    <div class=\"rhea_wrapper_member_functions\">\n\t\t                                                                                                    <\/div>\n                                                <\/div>\n                                            <\/div>\n                                        <\/div>\n                                    <\/div>\n                                <\/li>\n\t\t\t\t\t\t\t\t                                <li>\n                                    <div class=\"rhea_fp_slide_contents\">\n\t\t\t\t\t\t\t\t\t\t                                            <a href=\"https:\/\/www.lucasfroeserealestate.com\/es\/immobilien\/finca-mallorquina-xl-con-preciosas-vistas-al-mar-en-espinagar-junto-a-cala-murada\/\" class=\"rhea_fp_thumbnail\" style=\"background-image: url('https:\/\/www.lucasfroeserealestate.com\/wp-content\/uploads\/2025\/04\/immobilien-mallorca-reserved-LF-web-5-1024x683.jpg')\"><\/a>\n\t\t\t\t\t\t\t\t\t\t                                        <div class=\"rhea_fp_slide_info\">\n                                            <a class=\"rhea_fp_permalink\" href=\"https:\/\/www.lucasfroeserealestate.com\/es\/immobilien\/finca-mallorquina-xl-con-preciosas-vistas-al-mar-en-espinagar-junto-a-cala-murada\/\"><\/a>\n                                            <div class=\"rhea_fp_slide_info_inner\">\n\t\t\t\t\t\t\t\t\t\t\t\t<h3 class=\"rhea_fp2_title\"><a href=\"https:\/\/www.lucasfroeserealestate.com\/es\/immobilien\/finca-mallorquina-xl-con-preciosas-vistas-al-mar-en-espinagar-junto-a-cala-murada\/\">RESERVADA POR NOSOTROS | Finca mallorquina XL con preciosas vistas al mar en Cala Murada<\/a><\/h3>\n    <address class=\"rhea_fp_address\">\n        <a             class=\"rhea_trigger_map rhea_facnybox_trigger-21d62dc \" data-rhea-map-source=\"rhea-map-source-21d62dc\" data-rhea-map-location=\"39.475709730228,3.2384631442602,14\" data-rhea-map-title=\"RESERVADA POR NOSOTROS | Finca mallorquina XL con preciosas vistas al mar en Cala Murada\" data-rhea-map-price=\"Precio a consultar\" data-rhea-map-thumb=\"https:\/\/www.lucasfroeserealestate.com\/wp-content\/uploads\/2025\/04\/immobilien-mallorca-reserved-LF-web-5-488x326.jpg\"\n\t\t\t href=\"https:\/\/www.lucasfroeserealestate.com\/es\/immobilien\/finca-mallorquina-xl-con-preciosas-vistas-al-mar-en-espinagar-junto-a-cala-murada\/\">\n            <span class=\"rhea_address_pin\"><svg xmlns=\"http:\/\/www.w3.org\/2000\/svg\" viewBox=\"0 0 18 18\">\r\n\t<style type=\"text\/css\">\r\n\r\n\t\t.st0{fill-rule:evenodd;clip-rule:evenodd;}\r\n\r\n\t<\/style>\r\n\t<path class=\"st0\" d=\"M9 1c3.3 0 6 2.7 6 6S9 17 9 17 3 10.3 3 7 5.7 1 9 1zM9 5c1.1 0 2 0.9 2 2s-0.9 2-2 2S7 8.1 7 7 7.9 5 9 5z\"\/>\r\n<\/svg><\/span>\n            <span class=\"rhea_address_text\">Cala Murada<\/span>\n        <\/a>\n    <\/address>\n\t    <p class=\"rhea_fp_excerpt\">Imagina despertarte con los primeros rayos de sol bailando sobre el Mediterr\u00e1neo, una suave brisa soplando entre los olivos&#8230; y lo \u00fanico que&hellip;<\/p>\n\n\t                                                    <div class=\"rhea_fp2_meta\">\n\t\t\t\t\t\t\t\t\t\t\t\t\t\t\n\n    <div class=\"rh_prop_card_meta_wrap_stylish\">\n\t\t        <div class=\"rh_prop_card__meta\" style=\"order: 1\">\n\t\t\t\t\t\t\t<span class=\"rhea_meta_titles\">Dormitorios<\/span>                <div class=\"rhea_meta_icon_wrapper\">\n\t\t\t\t\t<img decoding=\"async\" class=\"custom-meta-icon custom-meta-icon-image\" src=\"https:\/\/www.lucasfroeserealestate.com\/wp-content\/uploads\/2024\/09\/schlafzimmer-immobilien-mallorca-02.png\" alt=\"Icono meta de la propiedad Habitaciones.\" title=\"\">\t\t\t\t\t<span class=\"figure\">12<\/span>\t\t\t\t\t                <\/div>\n\t\t\t        <\/div>\n\t\t        <div class=\"rh_prop_card__meta\" style=\"order: 1\">\n\t\t\t\t\t\t\t<span class=\"rhea_meta_titles\">Badez.<\/span>                <div class=\"rhea_meta_icon_wrapper\">\n\t\t\t\t\t<img decoding=\"async\" class=\"custom-meta-icon custom-meta-icon-image\" src=\"https:\/\/www.lucasfroeserealestate.com\/wp-content\/uploads\/2024\/09\/badezimmer-immobilien-mallorca.png\" alt=\"Icono meta de la propiedad Cuartos de ba\u00f1o.\" title=\"\">\t\t\t\t\t<span class=\"figure\">11<\/span>\t\t\t\t\t                <\/div>\n\t\t\t        <\/div>\n\t\t        <div class=\"rh_prop_card__meta\" style=\"order: 1\">\n\t\t\t\t\t\t\t<span class=\"rhea_meta_titles\">Residencial M2<\/span>                <div class=\"rhea_meta_icon_wrapper\">\n\t\t\t\t\t<img decoding=\"async\" class=\"custom-meta-icon custom-meta-icon-image\" src=\"https:\/\/www.lucasfroeserealestate.com\/wp-content\/uploads\/2024\/09\/wohnflaeche-immobilien-mallorca.png\" alt=\"Icono meta de la propiedad Tama\u00f1o del \u00c1rea.\" title=\"\">\t\t\t\t\t<span class=\"figure\">682<\/span>\t\t\t\t\t                <\/div>\n\t\t\t        <\/div>\n\t\t        <div class=\"rh_prop_card__meta\" style=\"order: 1\">\n\t\t\t\t\t\t\t<span class=\"rhea_meta_titles\">Raz\u00f3n M2<\/span>                <div class=\"rhea_meta_icon_wrapper\">\n\t\t\t\t\t<img decoding=\"async\" class=\"custom-meta-icon custom-meta-icon-image\" src=\"https:\/\/www.lucasfroeserealestate.com\/wp-content\/uploads\/2024\/09\/grundstueck-flaeche-immobilien.png\" alt=\"Icono meta de la propiedad Tama\u00f1o del Lote.\" title=\"\">\t\t\t\t\t<span class=\"figure\">19000<\/span>\t\t\t\t\t                <\/div>\n\t\t\t        <\/div>\n\t\t    <\/div>\n\t\n\n\n\n                                                    <\/div>\n\t\t\t\t\t\t\t\t\t\t\t\t\t                                                <div class=\"rhea_fp_sales_icons\">\n\t\t\t\t\t\t\t\t\t\t\t\t\t<div class=\"rhea_fp_price_status\">\n\t            <span class=\"rhea_fp_status\">Reservado<\/span>\n\t\t\t        <p class=\"rhea_fp_price \">\n\t\t\tPrecio a consultar        <\/p>\n\t\t<\/div>                                                    <div class=\"rhea_wrapper_member_functions\">\n\t\t                                                                                                    <\/div>\n                                                <\/div>\n                                            <\/div>\n                                        <\/div>\n                                    <\/div>\n                                <\/li>\n\t\t\t\t\t\t\t\t                                <li>\n                                    <div class=\"rhea_fp_slide_contents\">\n\t\t\t\t\t\t\t\t\t\t                                            <a href=\"https:\/\/www.lucasfroeserealestate.com\/es\/immobilien\/finca-de-lujo-llave-en-mano-en-el-parque-nacional-de-mondrago\/\" class=\"rhea_fp_thumbnail\" style=\"background-image: url('https:\/\/www.lucasfroeserealestate.com\/wp-content\/uploads\/2024\/10\/Spuer-Luxus-Finca-in-Mondrago-Santanyi-6-1024x724.jpg')\"><\/a>\n\t\t\t\t\t\t\t\t\t\t                                        <div class=\"rhea_fp_slide_info\">\n                                            <a class=\"rhea_fp_permalink\" href=\"https:\/\/www.lucasfroeserealestate.com\/es\/immobilien\/finca-de-lujo-llave-en-mano-en-el-parque-nacional-de-mondrago\/\"><\/a>\n                                            <div class=\"rhea_fp_slide_info_inner\">\n\t\t\t\t\t\t\t\t\t\t\t\t<h3 class=\"rhea_fp2_title\"><a href=\"https:\/\/www.lucasfroeserealestate.com\/es\/immobilien\/finca-de-lujo-llave-en-mano-en-el-parque-nacional-de-mondrago\/\">Finca de lujo llave en mano en el Parque Nacional de Mondrag\u00f3<\/a><\/h3>\n    <address class=\"rhea_fp_address\">\n        <a             class=\"rhea_trigger_map rhea_facnybox_trigger-21d62dc \" data-rhea-map-source=\"rhea-map-source-21d62dc\" data-rhea-map-location=\"39.61362,3.02004,14\" data-rhea-map-title=\"Finca de lujo llave en mano en el Parque Nacional de Mondrag\u00f3\" data-rhea-map-price=\" 3.450.000\u20ac \" data-rhea-map-thumb=\"https:\/\/www.lucasfroeserealestate.com\/wp-content\/uploads\/2024\/10\/Spuer-Luxus-Finca-in-Mondrago-Santanyi-6-488x326.jpg\"\n\t\t\t href=\"https:\/\/www.lucasfroeserealestate.com\/es\/immobilien\/finca-de-lujo-llave-en-mano-en-el-parque-nacional-de-mondrago\/\">\n            <span class=\"rhea_address_pin\"><svg xmlns=\"http:\/\/www.w3.org\/2000\/svg\" viewBox=\"0 0 18 18\">\r\n\t<style type=\"text\/css\">\r\n\r\n\t\t.st0{fill-rule:evenodd;clip-rule:evenodd;}\r\n\r\n\t<\/style>\r\n\t<path class=\"st0\" d=\"M9 1c3.3 0 6 2.7 6 6S9 17 9 17 3 10.3 3 7 5.7 1 9 1zM9 5c1.1 0 2 0.9 2 2s-0.9 2-2 2S7 8.1 7 7 7.9 5 9 5z\"\/>\r\n<\/svg><\/span>\n            <span class=\"rhea_address_text\">Mallorca, Illes Balears, Espa\u00f1a<\/span>\n        <\/a>\n    <\/address>\n\t    <p class=\"rhea_fp_excerpt\">Se vende esta espectacular finca de lujo en una zona privilegiada y exclusiva. La propiedad est\u00e1 actualmente en construcci\u00f3n (60%) y se entregar\u00e1&hellip;<\/p>\n\n\t                                                    <div class=\"rhea_fp2_meta\">\n\t\t\t\t\t\t\t\t\t\t\t\t\t\t\n\n    <div class=\"rh_prop_card_meta_wrap_stylish\">\n\t\t        <div class=\"rh_prop_card__meta\" style=\"order: 1\">\n\t\t\t\t\t\t\t<span class=\"rhea_meta_titles\">Dormitorios<\/span>                <div class=\"rhea_meta_icon_wrapper\">\n\t\t\t\t\t<img decoding=\"async\" class=\"custom-meta-icon custom-meta-icon-image\" src=\"https:\/\/www.lucasfroeserealestate.com\/wp-content\/uploads\/2024\/09\/schlafzimmer-immobilien-mallorca-02.png\" alt=\"Icono meta de la propiedad Habitaciones.\" title=\"\">\t\t\t\t\t<span class=\"figure\">4<\/span>\t\t\t\t\t                <\/div>\n\t\t\t        <\/div>\n\t\t        <div class=\"rh_prop_card__meta\" style=\"order: 1\">\n\t\t\t\t\t\t\t<span class=\"rhea_meta_titles\">Badez.<\/span>                <div class=\"rhea_meta_icon_wrapper\">\n\t\t\t\t\t<img decoding=\"async\" class=\"custom-meta-icon custom-meta-icon-image\" src=\"https:\/\/www.lucasfroeserealestate.com\/wp-content\/uploads\/2024\/09\/badezimmer-immobilien-mallorca.png\" alt=\"Icono meta de la propiedad Cuartos de ba\u00f1o.\" title=\"\">\t\t\t\t\t<span class=\"figure\">3<\/span>\t\t\t\t\t                <\/div>\n\t\t\t        <\/div>\n\t\t        <div class=\"rh_prop_card__meta\" style=\"order: 1\">\n\t\t\t\t\t\t\t<span class=\"rhea_meta_titles\">Residencial M2<\/span>                <div class=\"rhea_meta_icon_wrapper\">\n\t\t\t\t\t<img decoding=\"async\" class=\"custom-meta-icon custom-meta-icon-image\" src=\"https:\/\/www.lucasfroeserealestate.com\/wp-content\/uploads\/2024\/09\/wohnflaeche-immobilien-mallorca.png\" alt=\"Icono meta de la propiedad Tama\u00f1o del \u00c1rea.\" title=\"\">\t\t\t\t\t<span class=\"figure\">350<\/span>\t\t\t\t\t                <\/div>\n\t\t\t        <\/div>\n\t\t        <div class=\"rh_prop_card__meta\" style=\"order: 1\">\n\t\t\t\t\t\t\t<span class=\"rhea_meta_titles\">Raz\u00f3n M2<\/span>                <div class=\"rhea_meta_icon_wrapper\">\n\t\t\t\t\t<img decoding=\"async\" class=\"custom-meta-icon custom-meta-icon-image\" src=\"https:\/\/www.lucasfroeserealestate.com\/wp-content\/uploads\/2024\/09\/grundstueck-flaeche-immobilien.png\" alt=\"Icono meta de la propiedad Tama\u00f1o del Lote.\" title=\"\">\t\t\t\t\t<span class=\"figure\">23730<\/span>\t\t\t\t\t                <\/div>\n\t\t\t        <\/div>\n\t\t    <\/div>\n\t\n\n\n\n                                                    <\/div>\n\t\t\t\t\t\t\t\t\t\t\t\t\t                                                <div class=\"rhea_fp_sales_icons\">\n\t\t\t\t\t\t\t\t\t\t\t\t\t<div class=\"rhea_fp_price_status\">\n\t            <span class=\"rhea_fp_status\">Preis<\/span>\n\t\t\t        <p class=\"rhea_fp_price \">\n\t\t\t 3.450.000\u20ac         <\/p>\n\t\t<\/div>                                                    <div class=\"rhea_wrapper_member_functions\">\n\t\t                                                                                                    <\/div>\n                                                <\/div>\n                                            <\/div>\n                                        <\/div>\n                                    <\/div>\n                                <\/li>\n\t\t\t\t\t\t\t\t                                <li>\n                                    <div class=\"rhea_fp_slide_contents\">\n\t\t\t\t\t\t\t\t\t\t                                            <a href=\"https:\/\/www.lucasfroeserealestate.com\/es\/immobilien\/exclusivas-casas-adosadas-de-obra-nueva-con-piscina\/\" class=\"rhea_fp_thumbnail\" style=\"background-image: url('https:\/\/www.lucasfroeserealestate.com\/wp-content\/uploads\/2025\/03\/Doppelhaus-Pool-Mallorca-Neubau-9-1024x768.jpg')\"><\/a>\n\t\t\t\t\t\t\t\t\t\t                                        <div class=\"rhea_fp_slide_info\">\n                                            <a class=\"rhea_fp_permalink\" href=\"https:\/\/www.lucasfroeserealestate.com\/es\/immobilien\/exclusivas-casas-adosadas-de-obra-nueva-con-piscina\/\"><\/a>\n                                            <div class=\"rhea_fp_slide_info_inner\">\n\t\t\t\t\t\t\t\t\t\t\t\t<h3 class=\"rhea_fp2_title\"><a href=\"https:\/\/www.lucasfroeserealestate.com\/es\/immobilien\/exclusivas-casas-adosadas-de-obra-nueva-con-piscina\/\">Exclusivas casas adosadas de obra nueva con piscina y m\u00e1xima calidad de construcci\u00f3n<\/a><\/h3>\n    <address class=\"rhea_fp_address\">\n        <a             class=\"rhea_trigger_map rhea_facnybox_trigger-21d62dc \" data-rhea-map-source=\"rhea-map-source-21d62dc\" data-rhea-map-location=\"39.61362,3.02004,14\" data-rhea-map-title=\"Exclusivas casas adosadas de obra nueva con piscina y m\u00e1xima calidad de construcci\u00f3n\" data-rhea-map-price=\" 839.000\u20ac \" data-rhea-map-thumb=\"https:\/\/www.lucasfroeserealestate.com\/wp-content\/uploads\/2025\/03\/Doppelhaus-Pool-Mallorca-Neubau-9-488x326.jpg\"\n\t\t\t href=\"https:\/\/www.lucasfroeserealestate.com\/es\/immobilien\/exclusivas-casas-adosadas-de-obra-nueva-con-piscina\/\">\n            <span class=\"rhea_address_pin\"><svg xmlns=\"http:\/\/www.w3.org\/2000\/svg\" viewBox=\"0 0 18 18\">\r\n\t<style type=\"text\/css\">\r\n\r\n\t\t.st0{fill-rule:evenodd;clip-rule:evenodd;}\r\n\r\n\t<\/style>\r\n\t<path class=\"st0\" d=\"M9 1c3.3 0 6 2.7 6 6S9 17 9 17 3 10.3 3 7 5.7 1 9 1zM9 5c1.1 0 2 0.9 2 2s-0.9 2-2 2S7 8.1 7 7 7.9 5 9 5z\"\/>\r\n<\/svg><\/span>\n            <span class=\"rhea_address_text\">Mallorca, Illes Balears, Espa\u00f1a<\/span>\n        <\/a>\n    <\/address>\n\t    <p class=\"rhea_fp_excerpt\">*Vivienda moderna con aire mediterr\u00e1neo en Felanitx \u00a1Bienvenido a tu nuevo hogar! Esta impresionante casa adosada de nueva construcci\u00f3n en Felanitx combina la&hellip;<\/p>\n\n\t                                                    <div class=\"rhea_fp2_meta\">\n\t\t\t\t\t\t\t\t\t\t\t\t\t\t\n\n    <div class=\"rh_prop_card_meta_wrap_stylish\">\n\t\t        <div class=\"rh_prop_card__meta\" style=\"order: 1\">\n\t\t\t\t\t\t\t<span class=\"rhea_meta_titles\">Dormitorios<\/span>                <div class=\"rhea_meta_icon_wrapper\">\n\t\t\t\t\t<img decoding=\"async\" class=\"custom-meta-icon custom-meta-icon-image\" src=\"https:\/\/www.lucasfroeserealestate.com\/wp-content\/uploads\/2024\/09\/schlafzimmer-immobilien-mallorca-02.png\" alt=\"Icono meta de la propiedad Habitaciones.\" title=\"\">\t\t\t\t\t<span class=\"figure\">3<\/span>\t\t\t\t\t                <\/div>\n\t\t\t        <\/div>\n\t\t        <div class=\"rh_prop_card__meta\" style=\"order: 1\">\n\t\t\t\t\t\t\t<span class=\"rhea_meta_titles\">Badez.<\/span>                <div class=\"rhea_meta_icon_wrapper\">\n\t\t\t\t\t<img decoding=\"async\" class=\"custom-meta-icon custom-meta-icon-image\" src=\"https:\/\/www.lucasfroeserealestate.com\/wp-content\/uploads\/2024\/09\/badezimmer-immobilien-mallorca.png\" alt=\"Icono meta de la propiedad Cuartos de ba\u00f1o.\" title=\"\">\t\t\t\t\t<span class=\"figure\">3<\/span>\t\t\t\t\t                <\/div>\n\t\t\t        <\/div>\n\t\t        <div class=\"rh_prop_card__meta\" style=\"order: 1\">\n\t\t\t\t\t\t\t<span class=\"rhea_meta_titles\">Residencial M2<\/span>                <div class=\"rhea_meta_icon_wrapper\">\n\t\t\t\t\t<img decoding=\"async\" class=\"custom-meta-icon custom-meta-icon-image\" src=\"https:\/\/www.lucasfroeserealestate.com\/wp-content\/uploads\/2024\/09\/wohnflaeche-immobilien-mallorca.png\" alt=\"Icono meta de la propiedad Tama\u00f1o del \u00c1rea.\" title=\"\">\t\t\t\t\t<span class=\"figure\">300<\/span>\t\t\t\t\t                <\/div>\n\t\t\t        <\/div>\n\t\t        <div class=\"rh_prop_card__meta\" style=\"order: 1\">\n\t\t\t\t\t\t\t<span class=\"rhea_meta_titles\">Raz\u00f3n M2<\/span>                <div class=\"rhea_meta_icon_wrapper\">\n\t\t\t\t\t<img decoding=\"async\" class=\"custom-meta-icon custom-meta-icon-image\" src=\"https:\/\/www.lucasfroeserealestate.com\/wp-content\/uploads\/2024\/09\/grundstueck-flaeche-immobilien.png\" alt=\"Icono meta de la propiedad Tama\u00f1o del Lote.\" title=\"\">\t\t\t\t\t<span class=\"figure\">180<\/span>\t\t\t\t\t                <\/div>\n\t\t\t        <\/div>\n\t\t    <\/div>\n\t\n\n\n\n                                                    <\/div>\n\t\t\t\t\t\t\t\t\t\t\t\t\t                                                <div class=\"rhea_fp_sales_icons\">\n\t\t\t\t\t\t\t\t\t\t\t\t\t<div class=\"rhea_fp_price_status\">\n\t            <span class=\"rhea_fp_status\">Precio<\/span>\n\t\t\t        <p class=\"rhea_fp_price \">\n\t\t\t 839.000\u20ac         <\/p>\n\t\t<\/div>                                                    <div class=\"rhea_wrapper_member_functions\">\n\t\t                                                                                                    <\/div>\n                                                <\/div>\n                                            <\/div>\n                                        <\/div>\n                                    <\/div>\n                                <\/li>\n\t\t\t\t\t\t\t\t                                <li>\n                                    <div class=\"rhea_fp_slide_contents\">\n\t\t\t\t\t\t\t\t\t\t                                            <a href=\"https:\/\/www.lucasfroeserealestate.com\/es\/immobilien\/pequena-finca-cerca-de-felanitx\/\" class=\"rhea_fp_thumbnail\" style=\"background-image: url('https:\/\/www.lucasfroeserealestate.com\/wp-content\/uploads\/2024\/08\/Finca-in-ruhige-lage-neben-felanitx-10-2-1024x683.jpg')\"><\/a>\n\t\t\t\t\t\t\t\t\t\t                                        <div class=\"rhea_fp_slide_info\">\n                                            <a class=\"rhea_fp_permalink\" href=\"https:\/\/www.lucasfroeserealestate.com\/es\/immobilien\/pequena-finca-cerca-de-felanitx\/\"><\/a>\n                                            <div class=\"rhea_fp_slide_info_inner\">\n\t\t\t\t\t\t\t\t\t\t\t\t<h3 class=\"rhea_fp2_title\"><a href=\"https:\/\/www.lucasfroeserealestate.com\/es\/immobilien\/pequena-finca-cerca-de-felanitx\/\">Peque\u00f1a finca cerca de Felanitx<\/a><\/h3>\n    <address class=\"rhea_fp_address\">\n        <a             class=\"rhea_trigger_map rhea_facnybox_trigger-21d62dc \" data-rhea-map-source=\"rhea-map-source-21d62dc\" data-rhea-map-location=\"39.513705768948,3.0214308861994,14\" data-rhea-map-title=\"Peque\u00f1a finca cerca de Felanitx\" data-rhea-map-price=\" 645.000\u20ac \" data-rhea-map-thumb=\"https:\/\/www.lucasfroeserealestate.com\/wp-content\/uploads\/2024\/08\/Finca-in-ruhige-lage-neben-felanitx-10-2-488x326.jpg\"\n\t\t\t href=\"https:\/\/www.lucasfroeserealestate.com\/es\/immobilien\/pequena-finca-cerca-de-felanitx\/\">\n            <span class=\"rhea_address_pin\"><svg xmlns=\"http:\/\/www.w3.org\/2000\/svg\" viewBox=\"0 0 18 18\">\r\n\t<style type=\"text\/css\">\r\n\r\n\t\t.st0{fill-rule:evenodd;clip-rule:evenodd;}\r\n\r\n\t<\/style>\r\n\t<path class=\"st0\" d=\"M9 1c3.3 0 6 2.7 6 6S9 17 9 17 3 10.3 3 7 5.7 1 9 1zM9 5c1.1 0 2 0.9 2 2s-0.9 2-2 2S7 8.1 7 7 7.9 5 9 5z\"\/>\r\n<\/svg><\/span>\n            <span class=\"rhea_address_text\">Mallorca, Illes Balears, Espa\u00f1a<\/span>\n        <\/a>\n    <\/address>\n\t    <p class=\"rhea_fp_excerpt\">Se trata de una finca de 5766m2 de parcela, con una edificaci\u00f3n de unos 160m2 construidos, 113 habitables. La vivienda tiene un gran&hellip;<\/p>\n\n\t                                                    <div class=\"rhea_fp2_meta\">\n\t\t\t\t\t\t\t\t\t\t\t\t\t\t\n\n    <div class=\"rh_prop_card_meta_wrap_stylish\">\n\t\t        <div class=\"rh_prop_card__meta\" style=\"order: 1\">\n\t\t\t\t\t\t\t<span class=\"rhea_meta_titles\">Dormitorios<\/span>                <div class=\"rhea_meta_icon_wrapper\">\n\t\t\t\t\t<img decoding=\"async\" class=\"custom-meta-icon custom-meta-icon-image\" src=\"https:\/\/www.lucasfroeserealestate.com\/wp-content\/uploads\/2024\/09\/schlafzimmer-immobilien-mallorca-02.png\" alt=\"Icono meta de la propiedad Habitaciones.\" title=\"\">\t\t\t\t\t<span class=\"figure\">3<\/span>\t\t\t\t\t                <\/div>\n\t\t\t        <\/div>\n\t\t        <div class=\"rh_prop_card__meta\" style=\"order: 1\">\n\t\t\t\t\t\t\t<span class=\"rhea_meta_titles\">Badez.<\/span>                <div class=\"rhea_meta_icon_wrapper\">\n\t\t\t\t\t<img decoding=\"async\" class=\"custom-meta-icon custom-meta-icon-image\" src=\"https:\/\/www.lucasfroeserealestate.com\/wp-content\/uploads\/2024\/09\/badezimmer-immobilien-mallorca.png\" alt=\"Icono meta de la propiedad Cuartos de ba\u00f1o.\" title=\"\">\t\t\t\t\t<span class=\"figure\">2<\/span>\t\t\t\t\t                <\/div>\n\t\t\t        <\/div>\n\t\t        <div class=\"rh_prop_card__meta\" style=\"order: 1\">\n\t\t\t\t\t\t\t<span class=\"rhea_meta_titles\">Residencial M2<\/span>                <div class=\"rhea_meta_icon_wrapper\">\n\t\t\t\t\t<img decoding=\"async\" class=\"custom-meta-icon custom-meta-icon-image\" src=\"https:\/\/www.lucasfroeserealestate.com\/wp-content\/uploads\/2024\/09\/wohnflaeche-immobilien-mallorca.png\" alt=\"Icono meta de la propiedad Tama\u00f1o del \u00c1rea.\" title=\"\">\t\t\t\t\t<span class=\"figure\">150<\/span>\t\t\t\t\t                <\/div>\n\t\t\t        <\/div>\n\t\t        <div class=\"rh_prop_card__meta\" style=\"order: 1\">\n\t\t\t\t\t\t\t<span class=\"rhea_meta_titles\">Raz\u00f3n M2<\/span>                <div class=\"rhea_meta_icon_wrapper\">\n\t\t\t\t\t<img decoding=\"async\" class=\"custom-meta-icon custom-meta-icon-image\" src=\"https:\/\/www.lucasfroeserealestate.com\/wp-content\/uploads\/2024\/09\/grundstueck-flaeche-immobilien.png\" alt=\"Icono meta de la propiedad Tama\u00f1o del Lote.\" title=\"\">\t\t\t\t\t<span class=\"figure\">113<\/span>\t\t\t\t\t                <\/div>\n\t\t\t        <\/div>\n\t\t    <\/div>\n\t\n\n\n\n                                                    <\/div>\n\t\t\t\t\t\t\t\t\t\t\t\t\t                                                <div class=\"rhea_fp_sales_icons\">\n\t\t\t\t\t\t\t\t\t\t\t\t\t<div class=\"rhea_fp_price_status\">\n\t            <span class=\"rhea_fp_status\">Precio<\/span>\n\t\t\t        <p class=\"rhea_fp_price \">\n\t\t\t 645.000\u20ac         <\/p>\n\t\t<\/div>                                                    <div class=\"rhea_wrapper_member_functions\">\n\t\t                                                                                                    <\/div>\n                                                <\/div>\n                                            <\/div>\n                                        <\/div>\n                                    <\/div>\n                                <\/li>\n\t\t\t\t\t\t\t\t                                <li>\n                                    <div class=\"rhea_fp_slide_contents\">\n\t\t\t\t\t\t\t\t\t\t                                            <a href=\"https:\/\/www.lucasfroeserealestate.com\/es\/immobilien\/estudios-como-inversion-en-portocolom-cerca-de-la-playa\/\" class=\"rhea_fp_thumbnail\" style=\"background-image: url('https:\/\/www.lucasfroeserealestate.com\/wp-content\/uploads\/2025\/10\/immobilien-portocolom-apartments-LF0836-21-1024x576.jpg')\"><\/a>\n\t\t\t\t\t\t\t\t\t\t                                        <div class=\"rhea_fp_slide_info\">\n                                            <a class=\"rhea_fp_permalink\" href=\"https:\/\/www.lucasfroeserealestate.com\/es\/immobilien\/estudios-como-inversion-en-portocolom-cerca-de-la-playa\/\"><\/a>\n                                            <div class=\"rhea_fp_slide_info_inner\">\n\t\t\t\t\t\t\t\t\t\t\t\t<h3 class=\"rhea_fp2_title\"><a href=\"https:\/\/www.lucasfroeserealestate.com\/es\/immobilien\/estudios-como-inversion-en-portocolom-cerca-de-la-playa\/\">Estudios como inversi\u00f3n en Portocolom cerca de la playa<\/a><\/h3>\n    <address class=\"rhea_fp_address\">\n        <a             class=\"rhea_trigger_map rhea_facnybox_trigger-21d62dc \" data-rhea-map-source=\"rhea-map-source-21d62dc\" data-rhea-map-location=\"39.408249763236,3.2581157958128,17\" data-rhea-map-title=\"Estudios como inversi\u00f3n en Portocolom cerca de la playa\" data-rhea-map-price=\" 345.000\u20ac \" data-rhea-map-thumb=\"https:\/\/www.lucasfroeserealestate.com\/wp-content\/uploads\/2025\/10\/immobilien-portocolom-apartments-LF0836-21-488x326.jpg\"\n\t\t\t href=\"https:\/\/www.lucasfroeserealestate.com\/es\/immobilien\/estudios-como-inversion-en-portocolom-cerca-de-la-playa\/\">\n            <span class=\"rhea_address_pin\"><svg xmlns=\"http:\/\/www.w3.org\/2000\/svg\" viewBox=\"0 0 18 18\">\r\n\t<style type=\"text\/css\">\r\n\r\n\t\t.st0{fill-rule:evenodd;clip-rule:evenodd;}\r\n\r\n\t<\/style>\r\n\t<path class=\"st0\" d=\"M9 1c3.3 0 6 2.7 6 6S9 17 9 17 3 10.3 3 7 5.7 1 9 1zM9 5c1.1 0 2 0.9 2 2s-0.9 2-2 2S7 8.1 7 7 7.9 5 9 5z\"\/>\r\n<\/svg><\/span>\n            <span class=\"rhea_address_text\">Cala Mar\u00e7al, Portocolom, Mallorca<\/span>\n        <\/a>\n    <\/address>\n\t    <p class=\"rhea_fp_excerpt\">\u00a1Tenemos la inversi\u00f3n inmobiliaria perfecta para ti en el sureste de Mallorca! Excelentes rendimientos, gran potencial de revalorizaci\u00f3n gracias a una ubicaci\u00f3n privilegiada&hellip;<\/p>\n\n\t                                                    <div class=\"rhea_fp2_meta\">\n\t\t\t\t\t\t\t\t\t\t\t\t\t\t\n\n    <div class=\"rh_prop_card_meta_wrap_stylish\">\n\t\t        <div class=\"rh_prop_card__meta\" style=\"order: 1\">\n\t\t\t\t\t\t\t<span class=\"rhea_meta_titles\">Badez.<\/span>                <div class=\"rhea_meta_icon_wrapper\">\n\t\t\t\t\t<img decoding=\"async\" class=\"custom-meta-icon custom-meta-icon-image\" src=\"https:\/\/www.lucasfroeserealestate.com\/wp-content\/uploads\/2024\/09\/badezimmer-immobilien-mallorca.png\" alt=\"Icono meta de la propiedad Cuartos de ba\u00f1o.\" title=\"\">\t\t\t\t\t<span class=\"figure\">1<\/span>\t\t\t\t\t                <\/div>\n\t\t\t        <\/div>\n\t\t        <div class=\"rh_prop_card__meta\" style=\"order: 1\">\n\t\t\t\t\t\t\t<span class=\"rhea_meta_titles\">Residencial M2<\/span>                <div class=\"rhea_meta_icon_wrapper\">\n\t\t\t\t\t<img decoding=\"async\" class=\"custom-meta-icon custom-meta-icon-image\" src=\"https:\/\/www.lucasfroeserealestate.com\/wp-content\/uploads\/2024\/09\/wohnflaeche-immobilien-mallorca.png\" alt=\"Icono meta de la propiedad Tama\u00f1o del \u00c1rea.\" title=\"\">\t\t\t\t\t<span class=\"figure\">50<\/span>\t\t\t\t\t                <\/div>\n\t\t\t        <\/div>\n\t\t        <div class=\"rh_prop_card__meta\" style=\"order: 1\">\n\t\t\t\t\t\t\t<span class=\"rhea_meta_titles\">Raz\u00f3n M2<\/span>                <div class=\"rhea_meta_icon_wrapper\">\n\t\t\t\t\t<img decoding=\"async\" class=\"custom-meta-icon custom-meta-icon-image\" src=\"https:\/\/www.lucasfroeserealestate.com\/wp-content\/uploads\/2024\/09\/grundstueck-flaeche-immobilien.png\" alt=\"Icono meta de la propiedad Tama\u00f1o del Lote.\" title=\"\">\t\t\t\t\t<span class=\"figure\">7438<\/span>\t\t\t\t\t                <\/div>\n\t\t\t        <\/div>\n\t\t    <\/div>\n\t\n\n\n\n                                                    <\/div>\n\t\t\t\t\t\t\t\t\t\t\t\t\t                                                <div class=\"rhea_fp_sales_icons\">\n\t\t\t\t\t\t\t\t\t\t\t\t\t<div class=\"rhea_fp_price_status\">\n\t            <span class=\"rhea_fp_status\">Precio<\/span>\n\t\t\t        <p class=\"rhea_fp_price \">\n\t\t\t 345.000\u20ac         <\/p>\n\t\t<\/div>                                                    <div class=\"rhea_wrapper_member_functions\">\n\t\t                                                                                                    <\/div>\n                                                <\/div>\n                                            <\/div>\n                                        <\/div>\n                                    <\/div>\n                                <\/li>\n\t\t\t\t\t\t\t\t                                <li>\n                                    <div class=\"rhea_fp_slide_contents\">\n\t\t\t\t\t\t\t\t\t\t                                            <a href=\"https:\/\/www.lucasfroeserealestate.com\/es\/immobilien\/proyecto-de-renovacion-de-dos-casas-adosadas-en-felanitx\/\" class=\"rhea_fp_thumbnail\" style=\"background-image: url('https:\/\/www.lucasfroeserealestate.com\/wp-content\/uploads\/2024\/07\/Sdthaus-Projeckt-zwei-Dupplex-mit-Garage-3-1024x853.jpg')\"><\/a>\n\t\t\t\t\t\t\t\t\t\t                                        <div class=\"rhea_fp_slide_info\">\n                                            <a class=\"rhea_fp_permalink\" href=\"https:\/\/www.lucasfroeserealestate.com\/es\/immobilien\/proyecto-de-renovacion-de-dos-casas-adosadas-en-felanitx\/\"><\/a>\n                                            <div class=\"rhea_fp_slide_info_inner\">\n\t\t\t\t\t\t\t\t\t\t\t\t<h3 class=\"rhea_fp2_title\"><a href=\"https:\/\/www.lucasfroeserealestate.com\/es\/immobilien\/proyecto-de-renovacion-de-dos-casas-adosadas-en-felanitx\/\">Proyecto de renovaci\u00f3n de dos casas adosadas en Felanitx<\/a><\/h3>\n    <address class=\"rhea_fp_address\">\n        <a             class=\"rhea_trigger_map rhea_facnybox_trigger-21d62dc \" data-rhea-map-source=\"rhea-map-source-21d62dc\" data-rhea-map-location=\"39.467958481532,3.1458421434483,18\" data-rhea-map-title=\"Proyecto de renovaci\u00f3n de dos casas adosadas en Felanitx\" data-rhea-map-price=\" 320.000\u20ac \" data-rhea-map-thumb=\"https:\/\/www.lucasfroeserealestate.com\/wp-content\/uploads\/2024\/07\/Sdthaus-Projeckt-zwei-Dupplex-mit-Garage-3-488x326.jpg\"\n\t\t\t href=\"https:\/\/www.lucasfroeserealestate.com\/es\/immobilien\/proyecto-de-renovacion-de-dos-casas-adosadas-en-felanitx\/\">\n            <span class=\"rhea_address_pin\"><svg xmlns=\"http:\/\/www.w3.org\/2000\/svg\" viewBox=\"0 0 18 18\">\r\n\t<style type=\"text\/css\">\r\n\r\n\t\t.st0{fill-rule:evenodd;clip-rule:evenodd;}\r\n\r\n\t<\/style>\r\n\t<path class=\"st0\" d=\"M9 1c3.3 0 6 2.7 6 6S9 17 9 17 3 10.3 3 7 5.7 1 9 1zM9 5c1.1 0 2 0.9 2 2s-0.9 2-2 2S7 8.1 7 7 7.9 5 9 5z\"\/>\r\n<\/svg><\/span>\n            <span class=\"rhea_address_text\">Felanitx<\/span>\n        <\/a>\n    <\/address>\n\t    <p class=\"rhea_fp_excerpt\">Ofrecemos a la venta un proyecto en curso para la construcci\u00f3n de dos casas adosadas en Felanitx. Este proyecto es ideal para inversores&hellip;<\/p>\n\n\t                                                    <div class=\"rhea_fp2_meta\">\n\t\t\t\t\t\t\t\t\t\t\t\t\t\t\n\n    <div class=\"rh_prop_card_meta_wrap_stylish\">\n\t\t        <div class=\"rh_prop_card__meta\" style=\"order: 1\">\n\t\t\t\t\t\t\t<span class=\"rhea_meta_titles\">Dormitorios<\/span>                <div class=\"rhea_meta_icon_wrapper\">\n\t\t\t\t\t<img decoding=\"async\" class=\"custom-meta-icon custom-meta-icon-image\" src=\"https:\/\/www.lucasfroeserealestate.com\/wp-content\/uploads\/2024\/09\/schlafzimmer-immobilien-mallorca-02.png\" alt=\"Icono meta de la propiedad Habitaciones.\" title=\"\">\t\t\t\t\t<span class=\"figure\">6<\/span>\t\t\t\t\t                <\/div>\n\t\t\t        <\/div>\n\t\t        <div class=\"rh_prop_card__meta\" style=\"order: 1\">\n\t\t\t\t\t\t\t<span class=\"rhea_meta_titles\">Badez.<\/span>                <div class=\"rhea_meta_icon_wrapper\">\n\t\t\t\t\t<img decoding=\"async\" class=\"custom-meta-icon custom-meta-icon-image\" src=\"https:\/\/www.lucasfroeserealestate.com\/wp-content\/uploads\/2024\/09\/badezimmer-immobilien-mallorca.png\" alt=\"Icono meta de la propiedad Cuartos de ba\u00f1o.\" title=\"\">\t\t\t\t\t<span class=\"figure\">4<\/span>\t\t\t\t\t                <\/div>\n\t\t\t        <\/div>\n\t\t        <div class=\"rh_prop_card__meta\" style=\"order: 1\">\n\t\t\t\t\t\t\t<span class=\"rhea_meta_titles\">Residencial M2<\/span>                <div class=\"rhea_meta_icon_wrapper\">\n\t\t\t\t\t<img decoding=\"async\" class=\"custom-meta-icon custom-meta-icon-image\" src=\"https:\/\/www.lucasfroeserealestate.com\/wp-content\/uploads\/2024\/09\/wohnflaeche-immobilien-mallorca.png\" alt=\"Icono meta de la propiedad Tama\u00f1o del \u00c1rea.\" title=\"\">\t\t\t\t\t<span class=\"figure\">374<\/span>\t\t\t\t\t                <\/div>\n\t\t\t        <\/div>\n\t\t        <div class=\"rh_prop_card__meta\" style=\"order: 1\">\n\t\t\t\t\t\t\t<span class=\"rhea_meta_titles\">Raz\u00f3n M2<\/span>                <div class=\"rhea_meta_icon_wrapper\">\n\t\t\t\t\t<img decoding=\"async\" class=\"custom-meta-icon custom-meta-icon-image\" src=\"https:\/\/www.lucasfroeserealestate.com\/wp-content\/uploads\/2024\/09\/grundstueck-flaeche-immobilien.png\" alt=\"Icono meta de la propiedad Tama\u00f1o del Lote.\" title=\"\">\t\t\t\t\t<span class=\"figure\">237<\/span>\t\t\t\t\t                <\/div>\n\t\t\t        <\/div>\n\t\t    <\/div>\n\t\n\n\n\n                                                    <\/div>\n\t\t\t\t\t\t\t\t\t\t\t\t\t                                                <div class=\"rhea_fp_sales_icons\">\n\t\t\t\t\t\t\t\t\t\t\t\t\t<div class=\"rhea_fp_price_status\">\n\t            <span class=\"rhea_fp_status\">Precio<\/span>\n\t\t\t        <p class=\"rhea_fp_price \">\n\t\t\t 320.000\u20ac         <\/p>\n\t\t<\/div>                                                    <div class=\"rhea_wrapper_member_functions\">\n\t\t                                                                                                    <\/div>\n                                                <\/div>\n                                            <\/div>\n                                        <\/div>\n                                    <\/div>\n                                <\/li>\n\t\t\t\t\t\t\t\t                                <li>\n                                    <div class=\"rhea_fp_slide_contents\">\n\t\t\t\t\t\t\t\t\t\t                                            <a href=\"https:\/\/www.lucasfroeserealestate.com\/es\/immobilien\/chalet-de-obra-nueva-con-piscina-en-son-veri-a-pocos-minutos-de-palma\/\" class=\"rhea_fp_thumbnail\" style=\"background-image: url('https:\/\/www.lucasfroeserealestate.com\/wp-content\/uploads\/2024\/05\/neubau-villa-kaufen-meerblick-palma-30-1024x576.jpg')\"><\/a>\n\t\t\t\t\t\t\t\t\t\t                                        <div class=\"rhea_fp_slide_info\">\n                                            <a class=\"rhea_fp_permalink\" href=\"https:\/\/www.lucasfroeserealestate.com\/es\/immobilien\/chalet-de-obra-nueva-con-piscina-en-son-veri-a-pocos-minutos-de-palma\/\"><\/a>\n                                            <div class=\"rhea_fp_slide_info_inner\">\n\t\t\t\t\t\t\t\t\t\t\t\t<h3 class=\"rhea_fp2_title\"><a href=\"https:\/\/www.lucasfroeserealestate.com\/es\/immobilien\/chalet-de-obra-nueva-con-piscina-en-son-veri-a-pocos-minutos-de-palma\/\">Chalet de obra nueva con piscina en Son Veri a pocos minutos de Palma<\/a><\/h3>\n    <address class=\"rhea_fp_address\">\n        <a             class=\"rhea_trigger_map rhea_facnybox_trigger-21d62dc \" data-rhea-map-source=\"rhea-map-source-21d62dc\" data-rhea-map-location=\"39.447251330645,2.7554589958789,12\" data-rhea-map-title=\"Chalet de obra nueva con piscina en Son Veri a pocos minutos de Palma\" data-rhea-map-price=\" 1.050.000\u20ac \" data-rhea-map-thumb=\"https:\/\/www.lucasfroeserealestate.com\/wp-content\/uploads\/2024\/05\/neubau-villa-kaufen-meerblick-palma-30-488x326.jpg\"\n\t\t\t href=\"https:\/\/www.lucasfroeserealestate.com\/es\/immobilien\/chalet-de-obra-nueva-con-piscina-en-son-veri-a-pocos-minutos-de-palma\/\">\n            <span class=\"rhea_address_pin\"><svg xmlns=\"http:\/\/www.w3.org\/2000\/svg\" viewBox=\"0 0 18 18\">\r\n\t<style type=\"text\/css\">\r\n\r\n\t\t.st0{fill-rule:evenodd;clip-rule:evenodd;}\r\n\r\n\t<\/style>\r\n\t<path class=\"st0\" d=\"M9 1c3.3 0 6 2.7 6 6S9 17 9 17 3 10.3 3 7 5.7 1 9 1zM9 5c1.1 0 2 0.9 2 2s-0.9 2-2 2S7 8.1 7 7 7.9 5 9 5z\"\/>\r\n<\/svg><\/span>\n            <span class=\"rhea_address_text\">Puig de ros<\/span>\n        <\/a>\n    <\/address>\n\t    <p class=\"rhea_fp_excerpt\">Vistas a Eneida: Una casa de primera en Son Veri (municipio de Llucmajor pero cerca de Palma y del aeropuerto) Bienvenido a Eneida&hellip;<\/p>\n\n\t                                                    <div class=\"rhea_fp2_meta\">\n\t\t\t\t\t\t\t\t\t\t\t\t\t\t\n\n    <div class=\"rh_prop_card_meta_wrap_stylish\">\n\t\t        <div class=\"rh_prop_card__meta\" style=\"order: 1\">\n\t\t\t\t\t\t\t<span class=\"rhea_meta_titles\">Dormitorios<\/span>                <div class=\"rhea_meta_icon_wrapper\">\n\t\t\t\t\t<img decoding=\"async\" class=\"custom-meta-icon custom-meta-icon-image\" src=\"https:\/\/www.lucasfroeserealestate.com\/wp-content\/uploads\/2024\/09\/schlafzimmer-immobilien-mallorca-02.png\" alt=\"Icono meta de la propiedad Habitaciones.\" title=\"\">\t\t\t\t\t<span class=\"figure\">4<\/span>\t\t\t\t\t                <\/div>\n\t\t\t        <\/div>\n\t\t        <div class=\"rh_prop_card__meta\" style=\"order: 1\">\n\t\t\t\t\t\t\t<span class=\"rhea_meta_titles\">Badez.<\/span>                <div class=\"rhea_meta_icon_wrapper\">\n\t\t\t\t\t<img decoding=\"async\" class=\"custom-meta-icon custom-meta-icon-image\" src=\"https:\/\/www.lucasfroeserealestate.com\/wp-content\/uploads\/2024\/09\/badezimmer-immobilien-mallorca.png\" alt=\"Icono meta de la propiedad Cuartos de ba\u00f1o.\" title=\"\">\t\t\t\t\t<span class=\"figure\">3<\/span>\t\t\t\t\t                <\/div>\n\t\t\t        <\/div>\n\t\t        <div class=\"rh_prop_card__meta\" style=\"order: 1\">\n\t\t\t\t\t\t\t<span class=\"rhea_meta_titles\">Residencial M2<\/span>                <div class=\"rhea_meta_icon_wrapper\">\n\t\t\t\t\t<img decoding=\"async\" class=\"custom-meta-icon custom-meta-icon-image\" src=\"https:\/\/www.lucasfroeserealestate.com\/wp-content\/uploads\/2024\/09\/wohnflaeche-immobilien-mallorca.png\" alt=\"Icono meta de la propiedad Tama\u00f1o del \u00c1rea.\" title=\"\">\t\t\t\t\t<span class=\"figure\">133<\/span>\t\t\t\t\t                <\/div>\n\t\t\t        <\/div>\n\t\t        <div class=\"rh_prop_card__meta\" style=\"order: 1\">\n\t\t\t\t\t\t\t<span class=\"rhea_meta_titles\">Raz\u00f3n M2<\/span>                <div class=\"rhea_meta_icon_wrapper\">\n\t\t\t\t\t<img decoding=\"async\" class=\"custom-meta-icon custom-meta-icon-image\" src=\"https:\/\/www.lucasfroeserealestate.com\/wp-content\/uploads\/2024\/09\/grundstueck-flaeche-immobilien.png\" alt=\"Icono meta de la propiedad Tama\u00f1o del Lote.\" title=\"\">\t\t\t\t\t<span class=\"figure\">310<\/span>\t\t\t\t\t                <\/div>\n\t\t\t        <\/div>\n\t\t    <\/div>\n\t\n\n\n\n                                                    <\/div>\n\t\t\t\t\t\t\t\t\t\t\t\t\t                                                <div class=\"rhea_fp_sales_icons\">\n\t\t\t\t\t\t\t\t\t\t\t\t\t<div class=\"rhea_fp_price_status\">\n\t            <span class=\"rhea_fp_status\">Precio<\/span>\n\t\t\t        <p class=\"rhea_fp_price \">\n\t\t\t 1.050.000\u20ac         <\/p>\n\t\t<\/div>                                                    <div class=\"rhea_wrapper_member_functions\">\n\t\t                                                                                                    <\/div>\n                                                <\/div>\n                                            <\/div>\n                                        <\/div>\n                                    <\/div>\n                                <\/li>\n\t\t\t\t\t\t\t\t                                <li>\n                                    <div class=\"rhea_fp_slide_contents\">\n\t\t\t\t\t\t\t\t\t\t                                            <a href=\"https:\/\/www.lucasfroeserealestate.com\/es\/immobilien\/chalet-de-obra-nueva-en-una-zona-residencial-de-portocolom\/\" class=\"rhea_fp_thumbnail\" style=\"background-image: url('https:\/\/www.lucasfroeserealestate.com\/wp-content\/uploads\/2024\/09\/Luxus-Neubau-in-Portocolom-6-1024x593.jpg')\"><\/a>\n\t\t\t\t\t\t\t\t\t\t                                        <div class=\"rhea_fp_slide_info\">\n                                            <a class=\"rhea_fp_permalink\" href=\"https:\/\/www.lucasfroeserealestate.com\/es\/immobilien\/chalet-de-obra-nueva-en-una-zona-residencial-de-portocolom\/\"><\/a>\n                                            <div class=\"rhea_fp_slide_info_inner\">\n\t\t\t\t\t\t\t\t\t\t\t\t<h3 class=\"rhea_fp2_title\"><a href=\"https:\/\/www.lucasfroeserealestate.com\/es\/immobilien\/chalet-de-obra-nueva-en-una-zona-residencial-de-portocolom\/\">Chalet de obra nueva en una zona residencial de Portocolom<\/a><\/h3>\n    <address class=\"rhea_fp_address\">\n        <a             class=\"rhea_trigger_map rhea_facnybox_trigger-21d62dc \" data-rhea-map-source=\"rhea-map-source-21d62dc\" data-rhea-map-location=\"39.417089426832,3.2499610102016,17\" data-rhea-map-title=\"Chalet de obra nueva en una zona residencial de Portocolom\" data-rhea-map-price=\" 1.750.000\u20ac \" data-rhea-map-thumb=\"https:\/\/www.lucasfroeserealestate.com\/wp-content\/uploads\/2024\/09\/Luxus-Neubau-in-Portocolom-6-488x326.jpg\"\n\t\t\t href=\"https:\/\/www.lucasfroeserealestate.com\/es\/immobilien\/chalet-de-obra-nueva-en-una-zona-residencial-de-portocolom\/\">\n            <span class=\"rhea_address_pin\"><svg xmlns=\"http:\/\/www.w3.org\/2000\/svg\" viewBox=\"0 0 18 18\">\r\n\t<style type=\"text\/css\">\r\n\r\n\t\t.st0{fill-rule:evenodd;clip-rule:evenodd;}\r\n\r\n\t<\/style>\r\n\t<path class=\"st0\" d=\"M9 1c3.3 0 6 2.7 6 6S9 17 9 17 3 10.3 3 7 5.7 1 9 1zM9 5c1.1 0 2 0.9 2 2s-0.9 2-2 2S7 8.1 7 7 7.9 5 9 5z\"\/>\r\n<\/svg><\/span>\n            <span class=\"rhea_address_text\">Portocolom<\/span>\n        <\/a>\n    <\/address>\n\t    <p class=\"rhea_fp_excerpt\">Estas villas de nueva construcci\u00f3n llave en mano est\u00e1n a la venta en una tranquila zona residencial. A s\u00f3lo 5 minutos a pie&hellip;<\/p>\n\n\t                                                    <div class=\"rhea_fp2_meta\">\n\t\t\t\t\t\t\t\t\t\t\t\t\t\t\n\n    <div class=\"rh_prop_card_meta_wrap_stylish\">\n\t\t        <div class=\"rh_prop_card__meta\" style=\"order: 1\">\n\t\t\t\t\t\t\t<span class=\"rhea_meta_titles\">Dormitorios<\/span>                <div class=\"rhea_meta_icon_wrapper\">\n\t\t\t\t\t<img decoding=\"async\" class=\"custom-meta-icon custom-meta-icon-image\" src=\"https:\/\/www.lucasfroeserealestate.com\/wp-content\/uploads\/2024\/09\/schlafzimmer-immobilien-mallorca-02.png\" alt=\"Icono meta de la propiedad Habitaciones.\" title=\"\">\t\t\t\t\t<span class=\"figure\">3<\/span>\t\t\t\t\t                <\/div>\n\t\t\t        <\/div>\n\t\t        <div class=\"rh_prop_card__meta\" style=\"order: 1\">\n\t\t\t\t\t\t\t<span class=\"rhea_meta_titles\">Badez.<\/span>                <div class=\"rhea_meta_icon_wrapper\">\n\t\t\t\t\t<img decoding=\"async\" class=\"custom-meta-icon custom-meta-icon-image\" src=\"https:\/\/www.lucasfroeserealestate.com\/wp-content\/uploads\/2024\/09\/badezimmer-immobilien-mallorca.png\" alt=\"Icono meta de la propiedad Cuartos de ba\u00f1o.\" title=\"\">\t\t\t\t\t<span class=\"figure\">3<\/span>\t\t\t\t\t                <\/div>\n\t\t\t        <\/div>\n\t\t        <div class=\"rh_prop_card__meta\" style=\"order: 1\">\n\t\t\t\t\t\t\t<span class=\"rhea_meta_titles\">Residencial M2<\/span>                <div class=\"rhea_meta_icon_wrapper\">\n\t\t\t\t\t<img decoding=\"async\" class=\"custom-meta-icon custom-meta-icon-image\" src=\"https:\/\/www.lucasfroeserealestate.com\/wp-content\/uploads\/2024\/09\/wohnflaeche-immobilien-mallorca.png\" alt=\"Icono meta de la propiedad Tama\u00f1o del \u00c1rea.\" title=\"\">\t\t\t\t\t<span class=\"figure\">247<\/span>\t\t\t\t\t                <\/div>\n\t\t\t        <\/div>\n\t\t    <\/div>\n\t\n\n\n\n                                                    <\/div>\n\t\t\t\t\t\t\t\t\t\t\t\t\t                                                <div class=\"rhea_fp_sales_icons\">\n\t\t\t\t\t\t\t\t\t\t\t\t\t<div class=\"rhea_fp_price_status\">\n\t            <span class=\"rhea_fp_status\">Precio<\/span>\n\t\t\t        <p class=\"rhea_fp_price \">\n\t\t\t 1.750.000\u20ac         <\/p>\n\t\t<\/div>                                                    <div class=\"rhea_wrapper_member_functions\">\n\t\t                                                                                                    <\/div>\n                                                <\/div>\n                                            <\/div>\n                                        <\/div>\n                                    <\/div>\n                                <\/li>\n\t\t\t\t\t\t\t\t                                <li>\n                                    <div class=\"rhea_fp_slide_contents\">\n\t\t\t\t\t\t\t\t\t\t                                            <a href=\"https:\/\/www.lucasfroeserealestate.com\/es\/immobilien\/villa-unica-con-vistas-al-puerto-de-portoclom\/\" class=\"rhea_fp_thumbnail\" style=\"background-image: url('https:\/\/www.lucasfroeserealestate.com\/wp-content\/uploads\/2024\/03\/Erste-Meeres-Linie-in-Portocolom-Luxus-Villa-40-1024x683.jpg')\"><\/a>\n\t\t\t\t\t\t\t\t\t\t                                        <div class=\"rhea_fp_slide_info\">\n                                            <a class=\"rhea_fp_permalink\" href=\"https:\/\/www.lucasfroeserealestate.com\/es\/immobilien\/villa-unica-con-vistas-al-puerto-de-portoclom\/\"><\/a>\n                                            <div class=\"rhea_fp_slide_info_inner\">\n\t\t\t\t\t\t\t\t\t\t\t\t<h3 class=\"rhea_fp2_title\"><a href=\"https:\/\/www.lucasfroeserealestate.com\/es\/immobilien\/villa-unica-con-vistas-al-puerto-de-portoclom\/\">Chalet \u00fanico con vistas al puerto de Portocolom<\/a><\/h3>\n    <address class=\"rhea_fp_address\">\n        <a             class=\"rhea_trigger_map rhea_facnybox_trigger-21d62dc \" data-rhea-map-source=\"rhea-map-source-21d62dc\" data-rhea-map-location=\"39.420841850898,3.2617146939267,16\" data-rhea-map-title=\"Chalet \u00fanico con vistas al puerto de Portocolom\" data-rhea-map-price=\" 3.600.000\u20ac \" data-rhea-map-thumb=\"https:\/\/www.lucasfroeserealestate.com\/wp-content\/uploads\/2024\/03\/Erste-Meeres-Linie-in-Portocolom-Luxus-Villa-40-488x326.jpg\"\n\t\t\t href=\"https:\/\/www.lucasfroeserealestate.com\/es\/immobilien\/villa-unica-con-vistas-al-puerto-de-portoclom\/\">\n            <span class=\"rhea_address_pin\"><svg xmlns=\"http:\/\/www.w3.org\/2000\/svg\" viewBox=\"0 0 18 18\">\r\n\t<style type=\"text\/css\">\r\n\r\n\t\t.st0{fill-rule:evenodd;clip-rule:evenodd;}\r\n\r\n\t<\/style>\r\n\t<path class=\"st0\" d=\"M9 1c3.3 0 6 2.7 6 6S9 17 9 17 3 10.3 3 7 5.7 1 9 1zM9 5c1.1 0 2 0.9 2 2s-0.9 2-2 2S7 8.1 7 7 7.9 5 9 5z\"\/>\r\n<\/svg><\/span>\n            <span class=\"rhea_address_text\">Portocolom<\/span>\n        <\/a>\n    <\/address>\n\t    <p class=\"rhea_fp_excerpt\">Propiedad \u00fanica con inmejorables vistas. Chalet independiente en Portocolom, con inmejorables vistas sobre la bah\u00eda. La propiedad cuenta con 1.358 m2 de terreno&hellip;<\/p>\n\n\t                                                    <div class=\"rhea_fp2_meta\">\n\t\t\t\t\t\t\t\t\t\t\t\t\t\t\n\n    <div class=\"rh_prop_card_meta_wrap_stylish\">\n\t\t        <div class=\"rh_prop_card__meta\" style=\"order: 1\">\n\t\t\t\t\t\t\t<span class=\"rhea_meta_titles\">Dormitorios<\/span>                <div class=\"rhea_meta_icon_wrapper\">\n\t\t\t\t\t<img decoding=\"async\" class=\"custom-meta-icon custom-meta-icon-image\" src=\"https:\/\/www.lucasfroeserealestate.com\/wp-content\/uploads\/2024\/09\/schlafzimmer-immobilien-mallorca-02.png\" alt=\"Icono meta de la propiedad Habitaciones.\" title=\"\">\t\t\t\t\t<span class=\"figure\">7<\/span>\t\t\t\t\t                <\/div>\n\t\t\t        <\/div>\n\t\t        <div class=\"rh_prop_card__meta\" style=\"order: 1\">\n\t\t\t\t\t\t\t<span class=\"rhea_meta_titles\">Badez.<\/span>                <div class=\"rhea_meta_icon_wrapper\">\n\t\t\t\t\t<img decoding=\"async\" class=\"custom-meta-icon custom-meta-icon-image\" src=\"https:\/\/www.lucasfroeserealestate.com\/wp-content\/uploads\/2024\/09\/badezimmer-immobilien-mallorca.png\" alt=\"Icono meta de la propiedad Cuartos de ba\u00f1o.\" title=\"\">\t\t\t\t\t<span class=\"figure\">4<\/span>\t\t\t\t\t                <\/div>\n\t\t\t        <\/div>\n\t\t        <div class=\"rh_prop_card__meta\" style=\"order: 1\">\n\t\t\t\t\t\t\t<span class=\"rhea_meta_titles\">Residencial M2<\/span>                <div class=\"rhea_meta_icon_wrapper\">\n\t\t\t\t\t<img decoding=\"async\" class=\"custom-meta-icon custom-meta-icon-image\" src=\"https:\/\/www.lucasfroeserealestate.com\/wp-content\/uploads\/2024\/09\/wohnflaeche-immobilien-mallorca.png\" alt=\"Icono meta de la propiedad Tama\u00f1o del \u00c1rea.\" title=\"\">\t\t\t\t\t<span class=\"figure\">510<\/span>\t\t\t\t\t                <\/div>\n\t\t\t        <\/div>\n\t\t        <div class=\"rh_prop_card__meta\" style=\"order: 1\">\n\t\t\t\t\t\t\t<span class=\"rhea_meta_titles\">Raz\u00f3n M2<\/span>                <div class=\"rhea_meta_icon_wrapper\">\n\t\t\t\t\t<img decoding=\"async\" class=\"custom-meta-icon custom-meta-icon-image\" src=\"https:\/\/www.lucasfroeserealestate.com\/wp-content\/uploads\/2024\/09\/grundstueck-flaeche-immobilien.png\" alt=\"Icono meta de la propiedad Tama\u00f1o del Lote.\" title=\"\">\t\t\t\t\t<span class=\"figure\">1358<\/span>\t\t\t\t\t                <\/div>\n\t\t\t        <\/div>\n\t\t    <\/div>\n\t\n\n\n\n                                                    <\/div>\n\t\t\t\t\t\t\t\t\t\t\t\t\t                                                <div class=\"rhea_fp_sales_icons\">\n\t\t\t\t\t\t\t\t\t\t\t\t\t<div class=\"rhea_fp_price_status\">\n\t            <span class=\"rhea_fp_status\">Precio<\/span>\n\t\t\t        <p class=\"rhea_fp_price \">\n\t\t\t 3.600.000\u20ac         <\/p>\n\t\t<\/div>                                                    <div class=\"rhea_wrapper_member_functions\">\n\t\t                                                                                                    <\/div>\n                                                <\/div>\n                                            <\/div>\n                                        <\/div>\n                                    <\/div>\n                                <\/li>\n\t\t\t\t\t\t\t\t                                <li>\n                                    <div class=\"rhea_fp_slide_contents\">\n\t\t\t\t\t\t\t\t\t\t                                            <a href=\"https:\/\/www.lucasfroeserealestate.com\/es\/immobilien\/finca-moderna-con-vistas-lejanas-y-licencia-etv-en-felanitx\/\" class=\"rhea_fp_thumbnail\" style=\"background-image: url('https:\/\/www.lucasfroeserealestate.com\/wp-content\/uploads\/2025\/12\/luxusimmobilien-mallorca-felanitx-finca-014-1024x768.jpg')\"><\/a>\n\t\t\t\t\t\t\t\t\t\t                                        <div class=\"rhea_fp_slide_info\">\n                                            <a class=\"rhea_fp_permalink\" href=\"https:\/\/www.lucasfroeserealestate.com\/es\/immobilien\/finca-moderna-con-vistas-lejanas-y-licencia-etv-en-felanitx\/\"><\/a>\n                                            <div class=\"rhea_fp_slide_info_inner\">\n\t\t\t\t\t\t\t\t\t\t\t\t<h3 class=\"rhea_fp2_title\"><a href=\"https:\/\/www.lucasfroeserealestate.com\/es\/immobilien\/finca-moderna-con-vistas-lejanas-y-licencia-etv-en-felanitx\/\">Finca moderna con vistas lejanas y licencia ETV en Felanitx<\/a><\/h3>\n    <address class=\"rhea_fp_address\">\n        <a             class=\"rhea_trigger_map rhea_facnybox_trigger-21d62dc \" data-rhea-map-source=\"rhea-map-source-21d62dc\" data-rhea-map-location=\"39.61362,3.02004,14\" data-rhea-map-title=\"Finca moderna con vistas lejanas y licencia ETV en Felanitx\" data-rhea-map-price=\" 3.100.000\u20ac \" data-rhea-map-thumb=\"https:\/\/www.lucasfroeserealestate.com\/wp-content\/uploads\/2025\/12\/luxusimmobilien-mallorca-felanitx-finca-014-488x326.jpg\"\n\t\t\t href=\"https:\/\/www.lucasfroeserealestate.com\/es\/immobilien\/finca-moderna-con-vistas-lejanas-y-licencia-etv-en-felanitx\/\">\n            <span class=\"rhea_address_pin\"><svg xmlns=\"http:\/\/www.w3.org\/2000\/svg\" viewBox=\"0 0 18 18\">\r\n\t<style type=\"text\/css\">\r\n\r\n\t\t.st0{fill-rule:evenodd;clip-rule:evenodd;}\r\n\r\n\t<\/style>\r\n\t<path class=\"st0\" d=\"M9 1c3.3 0 6 2.7 6 6S9 17 9 17 3 10.3 3 7 5.7 1 9 1zM9 5c1.1 0 2 0.9 2 2s-0.9 2-2 2S7 8.1 7 7 7.9 5 9 5z\"\/>\r\n<\/svg><\/span>\n            <span class=\"rhea_address_text\">Mallorca, Illes Balears, Espa\u00f1a<\/span>\n        <\/a>\n    <\/address>\n\t    <p class=\"rhea_fp_excerpt\">Esta excepcional finca est\u00e1 situada en una colina sobre el pueblo de Felanitx, una ubicaci\u00f3n absolutamente privilegiada que ofrece unas vistas espectaculares del&hellip;<\/p>\n\n\t                                                    <div class=\"rhea_fp2_meta\">\n\t\t\t\t\t\t\t\t\t\t\t\t\t\t\n\n    <div class=\"rh_prop_card_meta_wrap_stylish\">\n\t\t        <div class=\"rh_prop_card__meta\" style=\"order: 1\">\n\t\t\t\t\t\t\t<span class=\"rhea_meta_titles\">Dormitorios<\/span>                <div class=\"rhea_meta_icon_wrapper\">\n\t\t\t\t\t<img decoding=\"async\" class=\"custom-meta-icon custom-meta-icon-image\" src=\"https:\/\/www.lucasfroeserealestate.com\/wp-content\/uploads\/2024\/09\/schlafzimmer-immobilien-mallorca-02.png\" alt=\"Icono meta de la propiedad Habitaciones.\" title=\"\">\t\t\t\t\t<span class=\"figure\">5<\/span>\t\t\t\t\t                <\/div>\n\t\t\t        <\/div>\n\t\t        <div class=\"rh_prop_card__meta\" style=\"order: 1\">\n\t\t\t\t\t\t\t<span class=\"rhea_meta_titles\">Badez.<\/span>                <div class=\"rhea_meta_icon_wrapper\">\n\t\t\t\t\t<img decoding=\"async\" class=\"custom-meta-icon custom-meta-icon-image\" src=\"https:\/\/www.lucasfroeserealestate.com\/wp-content\/uploads\/2024\/09\/badezimmer-immobilien-mallorca.png\" alt=\"Icono meta de la propiedad Cuartos de ba\u00f1o.\" title=\"\">\t\t\t\t\t<span class=\"figure\">5<\/span>\t\t\t\t\t                <\/div>\n\t\t\t        <\/div>\n\t\t        <div class=\"rh_prop_card__meta\" style=\"order: 1\">\n\t\t\t\t\t\t\t<span class=\"rhea_meta_titles\">Residencial M2<\/span>                <div class=\"rhea_meta_icon_wrapper\">\n\t\t\t\t\t<img decoding=\"async\" class=\"custom-meta-icon custom-meta-icon-image\" src=\"https:\/\/www.lucasfroeserealestate.com\/wp-content\/uploads\/2024\/09\/wohnflaeche-immobilien-mallorca.png\" alt=\"Icono meta de la propiedad Tama\u00f1o del \u00c1rea.\" title=\"\">\t\t\t\t\t<span class=\"figure\">460<\/span>\t\t\t\t\t                <\/div>\n\t\t\t        <\/div>\n\t\t        <div class=\"rh_prop_card__meta\" style=\"order: 1\">\n\t\t\t\t\t\t\t<span class=\"rhea_meta_titles\">Raz\u00f3n M2<\/span>                <div class=\"rhea_meta_icon_wrapper\">\n\t\t\t\t\t<img decoding=\"async\" class=\"custom-meta-icon custom-meta-icon-image\" src=\"https:\/\/www.lucasfroeserealestate.com\/wp-content\/uploads\/2024\/09\/grundstueck-flaeche-immobilien.png\" alt=\"Icono meta de la propiedad Tama\u00f1o del Lote.\" title=\"\">\t\t\t\t\t<span class=\"figure\">17000<\/span>\t\t\t\t\t                <\/div>\n\t\t\t        <\/div>\n\t\t    <\/div>\n\t\n\n\n\n                                                    <\/div>\n\t\t\t\t\t\t\t\t\t\t\t\t\t                                                <div class=\"rhea_fp_sales_icons\">\n\t\t\t\t\t\t\t\t\t\t\t\t\t<div class=\"rhea_fp_price_status\">\n\t            <span class=\"rhea_fp_status\">Precio<\/span>\n\t\t\t        <p class=\"rhea_fp_price \">\n\t\t\t 3.100.000\u20ac         <\/p>\n\t\t<\/div>                                                    <div class=\"rhea_wrapper_member_functions\">\n\t\t                                                                                                    <\/div>\n                                                <\/div>\n                                            <\/div>\n                                        <\/div>\n                                    <\/div>\n                                <\/li>\n\t\t\t\t\t\t\t\t                                <li>\n                                    <div class=\"rhea_fp_slide_contents\">\n\t\t\t\t\t\t\t\t\t\t                                            <a href=\"https:\/\/www.lucasfroeserealestate.com\/es\/immobilien\/oportunidad-inversion-felanitx-finca-dos-casas-independientes\/\" class=\"rhea_fp_thumbnail\" style=\"background-image: url('https:\/\/www.lucasfroeserealestate.com\/wp-content\/uploads\/2026\/02\/WhatsApp-Image-2026-02-17-at-2.33.58-AM-1-1024x683.jpeg')\"><\/a>\n\t\t\t\t\t\t\t\t\t\t                                        <div class=\"rhea_fp_slide_info\">\n                                            <a class=\"rhea_fp_permalink\" href=\"https:\/\/www.lucasfroeserealestate.com\/es\/immobilien\/oportunidad-inversion-felanitx-finca-dos-casas-independientes\/\"><\/a>\n                                            <div class=\"rhea_fp_slide_info_inner\">\n\t\t\t\t\t\t\t\t\t\t\t\t<h3 class=\"rhea_fp2_title\"><a href=\"https:\/\/www.lucasfroeserealestate.com\/es\/immobilien\/oportunidad-inversion-felanitx-finca-dos-casas-independientes\/\">EXCLUSIVA | Oportunidad de inversi\u00f3n en Felanitx - Edificio con dos residencias independientes<\/a><\/h3>\n    <address class=\"rhea_fp_address\">\n        <a             class=\"rhea_trigger_map rhea_facnybox_trigger-21d62dc \" data-rhea-map-source=\"rhea-map-source-21d62dc\" data-rhea-map-location=\"39.467822616524,3.1452805330686,16\" data-rhea-map-title=\"EXCLUSIVA | Oportunidad de inversi\u00f3n en Felanitx - Edificio con dos residencias independientes\" data-rhea-map-price=\" 425.000\u20ac \" data-rhea-map-thumb=\"https:\/\/www.lucasfroeserealestate.com\/wp-content\/uploads\/2026\/02\/WhatsApp-Image-2026-02-17-at-2.33.58-AM-1-488x326.jpeg\"\n\t\t\t href=\"https:\/\/www.lucasfroeserealestate.com\/es\/immobilien\/oportunidad-inversion-felanitx-finca-dos-casas-independientes\/\">\n            <span class=\"rhea_address_pin\"><svg xmlns=\"http:\/\/www.w3.org\/2000\/svg\" viewBox=\"0 0 18 18\">\r\n\t<style type=\"text\/css\">\r\n\r\n\t\t.st0{fill-rule:evenodd;clip-rule:evenodd;}\r\n\r\n\t<\/style>\r\n\t<path class=\"st0\" d=\"M9 1c3.3 0 6 2.7 6 6S9 17 9 17 3 10.3 3 7 5.7 1 9 1zM9 5c1.1 0 2 0.9 2 2s-0.9 2-2 2S7 8.1 7 7 7.9 5 9 5z\"\/>\r\n<\/svg><\/span>\n            <span class=\"rhea_address_text\">Felanitx, Mallorca, Illes Balears, Espa\u00f1a<\/span>\n        <\/a>\n    <\/address>\n\t    <p class=\"rhea_fp_excerpt\">Excelente oportunidad para inversores en el municipio de Felanitx, Mallorca. Se vende una propiedad con dos casas independientes de 71 m\u00b2 cada una,&hellip;<\/p>\n\n\t                                                    <div class=\"rhea_fp2_meta\">\n\t\t\t\t\t\t\t\t\t\t\t\t\t\t\n\n    <div class=\"rh_prop_card_meta_wrap_stylish\">\n\t\t        <div class=\"rh_prop_card__meta\" style=\"order: 1\">\n\t\t\t\t\t\t\t<span class=\"rhea_meta_titles\">Dormitorios<\/span>                <div class=\"rhea_meta_icon_wrapper\">\n\t\t\t\t\t<img decoding=\"async\" class=\"custom-meta-icon custom-meta-icon-image\" src=\"https:\/\/www.lucasfroeserealestate.com\/wp-content\/uploads\/2024\/09\/schlafzimmer-immobilien-mallorca-02.png\" alt=\"Icono meta de la propiedad Habitaciones.\" title=\"\">\t\t\t\t\t<span class=\"figure\">4<\/span>\t\t\t\t\t                <\/div>\n\t\t\t        <\/div>\n\t\t        <div class=\"rh_prop_card__meta\" style=\"order: 1\">\n\t\t\t\t\t\t\t<span class=\"rhea_meta_titles\">Badez.<\/span>                <div class=\"rhea_meta_icon_wrapper\">\n\t\t\t\t\t<img decoding=\"async\" class=\"custom-meta-icon custom-meta-icon-image\" src=\"https:\/\/www.lucasfroeserealestate.com\/wp-content\/uploads\/2024\/09\/badezimmer-immobilien-mallorca.png\" alt=\"Icono meta de la propiedad Cuartos de ba\u00f1o.\" title=\"\">\t\t\t\t\t<span class=\"figure\">3<\/span>\t\t\t\t\t                <\/div>\n\t\t\t        <\/div>\n\t\t        <div class=\"rh_prop_card__meta\" style=\"order: 1\">\n\t\t\t\t\t\t\t<span class=\"rhea_meta_titles\">Residencial M2<\/span>                <div class=\"rhea_meta_icon_wrapper\">\n\t\t\t\t\t<img decoding=\"async\" class=\"custom-meta-icon custom-meta-icon-image\" src=\"https:\/\/www.lucasfroeserealestate.com\/wp-content\/uploads\/2024\/09\/wohnflaeche-immobilien-mallorca.png\" alt=\"Icono meta de la propiedad Tama\u00f1o del \u00c1rea.\" title=\"\">\t\t\t\t\t<span class=\"figure\">213<\/span>\t\t\t\t\t                <\/div>\n\t\t\t        <\/div>\n\t\t        <div class=\"rh_prop_card__meta\" style=\"order: 1\">\n\t\t\t\t\t\t\t<span class=\"rhea_meta_titles\">Raz\u00f3n M2<\/span>                <div class=\"rhea_meta_icon_wrapper\">\n\t\t\t\t\t<img decoding=\"async\" class=\"custom-meta-icon custom-meta-icon-image\" src=\"https:\/\/www.lucasfroeserealestate.com\/wp-content\/uploads\/2024\/09\/grundstueck-flaeche-immobilien.png\" alt=\"Icono meta de la propiedad Tama\u00f1o del Lote.\" title=\"\">\t\t\t\t\t<span class=\"figure\">209<\/span>\t\t\t\t\t                <\/div>\n\t\t\t        <\/div>\n\t\t    <\/div>\n\t\n\n\n\n                                                    <\/div>\n\t\t\t\t\t\t\t\t\t\t\t\t\t                                                <div class=\"rhea_fp_sales_icons\">\n\t\t\t\t\t\t\t\t\t\t\t\t\t<div class=\"rhea_fp_price_status\">\n\t            <span class=\"rhea_fp_status\">Precio<\/span>\n\t\t\t        <p class=\"rhea_fp_price \">\n\t\t\t 425.000\u20ac         <\/p>\n\t\t<\/div>                                                    <div class=\"rhea_wrapper_member_functions\">\n\t\t                                                                                                    <\/div>\n                                                <\/div>\n                                            <\/div>\n                                        <\/div>\n                                    <\/div>\n                                <\/li>\n\t\t\t\t\t\t\t\t                                <li>\n                                    <div class=\"rhea_fp_slide_contents\">\n\t\t\t\t\t\t\t\t\t\t                                            <a href=\"https:\/\/www.lucasfroeserealestate.com\/es\/immobilien\/exclusiva-finca-con-piscina-en-portocolom\/\" class=\"rhea_fp_thumbnail\" style=\"background-image: url('https:\/\/www.lucasfroeserealestate.com\/wp-content\/uploads\/2025\/02\/Finca-ETV-Lizenz-Portoclom-2-1-1024x513.jpg')\"><\/a>\n\t\t\t\t\t\t\t\t\t\t                                        <div class=\"rhea_fp_slide_info\">\n                                            <a class=\"rhea_fp_permalink\" href=\"https:\/\/www.lucasfroeserealestate.com\/es\/immobilien\/exclusiva-finca-con-piscina-en-portocolom\/\"><\/a>\n                                            <div class=\"rhea_fp_slide_info_inner\">\n\t\t\t\t\t\t\t\t\t\t\t\t<h3 class=\"rhea_fp2_title\"><a href=\"https:\/\/www.lucasfroeserealestate.com\/es\/immobilien\/exclusiva-finca-con-piscina-en-portocolom\/\">Finca exclusiva con licencia de alquiler ETV, pisos de invitados y piscina en Portocolom<\/a><\/h3>\n    <address class=\"rhea_fp_address\">\n        <a             class=\"rhea_trigger_map rhea_facnybox_trigger-21d62dc \" data-rhea-map-source=\"rhea-map-source-21d62dc\" data-rhea-map-location=\"39.415239141979,3.2588209753418,14\" data-rhea-map-title=\"Finca exclusiva con licencia de alquiler ETV, pisos de invitados y piscina en Portocolom\" data-rhea-map-price=\" 5.400.000\u20ac \" data-rhea-map-thumb=\"https:\/\/www.lucasfroeserealestate.com\/wp-content\/uploads\/2025\/02\/Finca-ETV-Lizenz-Portoclom-2-1-488x326.jpg\"\n\t\t\t href=\"https:\/\/www.lucasfroeserealestate.com\/es\/immobilien\/exclusiva-finca-con-piscina-en-portocolom\/\">\n            <span class=\"rhea_address_pin\"><svg xmlns=\"http:\/\/www.w3.org\/2000\/svg\" viewBox=\"0 0 18 18\">\r\n\t<style type=\"text\/css\">\r\n\r\n\t\t.st0{fill-rule:evenodd;clip-rule:evenodd;}\r\n\r\n\t<\/style>\r\n\t<path class=\"st0\" d=\"M9 1c3.3 0 6 2.7 6 6S9 17 9 17 3 10.3 3 7 5.7 1 9 1zM9 5c1.1 0 2 0.9 2 2s-0.9 2-2 2S7 8.1 7 7 7.9 5 9 5z\"\/>\r\n<\/svg><\/span>\n            <span class=\"rhea_address_text\">Portocolom<\/span>\n        <\/a>\n    <\/address>\n\t    <p class=\"rhea_fp_excerpt\">Finca exclusiva con encanto mediterr\u00e1neo y gran piscina de agua salada Experimenta el aut\u00e9ntico estilo de vida mallorqu\u00edn en esta finca de ensue\u00f1o,&hellip;<\/p>\n\n\t                                                    <div class=\"rhea_fp2_meta\">\n\t\t\t\t\t\t\t\t\t\t\t\t\t\t\n\n    <div class=\"rh_prop_card_meta_wrap_stylish\">\n\t\t        <div class=\"rh_prop_card__meta\" style=\"order: 1\">\n\t\t\t\t\t\t\t<span class=\"rhea_meta_titles\">Dormitorios<\/span>                <div class=\"rhea_meta_icon_wrapper\">\n\t\t\t\t\t<img decoding=\"async\" class=\"custom-meta-icon custom-meta-icon-image\" src=\"https:\/\/www.lucasfroeserealestate.com\/wp-content\/uploads\/2024\/09\/schlafzimmer-immobilien-mallorca-02.png\" alt=\"Icono meta de la propiedad Habitaciones.\" title=\"\">\t\t\t\t\t<span class=\"figure\">6<\/span>\t\t\t\t\t                <\/div>\n\t\t\t        <\/div>\n\t\t        <div class=\"rh_prop_card__meta\" style=\"order: 1\">\n\t\t\t\t\t\t\t<span class=\"rhea_meta_titles\">Badez.<\/span>                <div class=\"rhea_meta_icon_wrapper\">\n\t\t\t\t\t<img decoding=\"async\" class=\"custom-meta-icon custom-meta-icon-image\" src=\"https:\/\/www.lucasfroeserealestate.com\/wp-content\/uploads\/2024\/09\/badezimmer-immobilien-mallorca.png\" alt=\"Icono meta de la propiedad Cuartos de ba\u00f1o.\" title=\"\">\t\t\t\t\t<span class=\"figure\">6<\/span>\t\t\t\t\t                <\/div>\n\t\t\t        <\/div>\n\t\t        <div class=\"rh_prop_card__meta\" style=\"order: 1\">\n\t\t\t\t\t\t\t<span class=\"rhea_meta_titles\">Residencial M2<\/span>                <div class=\"rhea_meta_icon_wrapper\">\n\t\t\t\t\t<img decoding=\"async\" class=\"custom-meta-icon custom-meta-icon-image\" src=\"https:\/\/www.lucasfroeserealestate.com\/wp-content\/uploads\/2024\/09\/wohnflaeche-immobilien-mallorca.png\" alt=\"Icono meta de la propiedad Tama\u00f1o del \u00c1rea.\" title=\"\">\t\t\t\t\t<span class=\"figure\">500<\/span>\t\t\t\t\t                <\/div>\n\t\t\t        <\/div>\n\t\t        <div class=\"rh_prop_card__meta\" style=\"order: 1\">\n\t\t\t\t\t\t\t<span class=\"rhea_meta_titles\">Raz\u00f3n M2<\/span>                <div class=\"rhea_meta_icon_wrapper\">\n\t\t\t\t\t<img decoding=\"async\" class=\"custom-meta-icon custom-meta-icon-image\" src=\"https:\/\/www.lucasfroeserealestate.com\/wp-content\/uploads\/2024\/09\/grundstueck-flaeche-immobilien.png\" alt=\"Icono meta de la propiedad Tama\u00f1o del Lote.\" title=\"\">\t\t\t\t\t<span class=\"figure\">17000<\/span>\t\t\t\t\t                <\/div>\n\t\t\t        <\/div>\n\t\t    <\/div>\n\t\n\n\n\n                                                    <\/div>\n\t\t\t\t\t\t\t\t\t\t\t\t\t                                                <div class=\"rhea_fp_sales_icons\">\n\t\t\t\t\t\t\t\t\t\t\t\t\t<div class=\"rhea_fp_price_status\">\n\t            <span class=\"rhea_fp_status\">Precio<\/span>\n\t\t\t        <p class=\"rhea_fp_price \">\n\t\t\t 5.400.000\u20ac         <\/p>\n\t\t<\/div>                                                    <div class=\"rhea_wrapper_member_functions\">\n\t\t                                                                                                    <\/div>\n                                                <\/div>\n                                            <\/div>\n                                        <\/div>\n                                    <\/div>\n                                <\/li>\n\t\t\t\t\t\t\t\t                                <li>\n                                    <div class=\"rhea_fp_slide_contents\">\n\t\t\t\t\t\t\t\t\t\t                                            <a href=\"https:\/\/www.lucasfroeserealestate.com\/es\/immobilien\/exclusivo-adosado-en-ses-salines\/\" class=\"rhea_fp_thumbnail\" style=\"background-image: url('https:\/\/www.lucasfroeserealestate.com\/wp-content\/uploads\/2025\/02\/Stadthaus-Cas-Predi-Ses-Salines-5-1024x740.jpg')\"><\/a>\n\t\t\t\t\t\t\t\t\t\t                                        <div class=\"rhea_fp_slide_info\">\n                                            <a class=\"rhea_fp_permalink\" href=\"https:\/\/www.lucasfroeserealestate.com\/es\/immobilien\/exclusivo-adosado-en-ses-salines\/\"><\/a>\n                                            <div class=\"rhea_fp_slide_info_inner\">\n\t\t\t\t\t\t\t\t\t\t\t\t<h3 class=\"rhea_fp2_title\"><a href=\"https:\/\/www.lucasfroeserealestate.com\/es\/immobilien\/exclusivo-adosado-en-ses-salines\/\">Exclusivo adosado en Ses Salines<\/a><\/h3>\n    <address class=\"rhea_fp_address\">\n        <a             class=\"rhea_trigger_map rhea_facnybox_trigger-21d62dc \" data-rhea-map-source=\"rhea-map-source-21d62dc\" data-rhea-map-location=\"39.338020157151,3.056078160324,17\" data-rhea-map-title=\"Exclusivo adosado en Ses Salines\" data-rhea-map-price=\" 2.300.000\u20ac \" data-rhea-map-thumb=\"https:\/\/www.lucasfroeserealestate.com\/wp-content\/uploads\/2025\/02\/Stadthaus-Cas-Predi-Ses-Salines-5-488x326.jpg\"\n\t\t\t href=\"https:\/\/www.lucasfroeserealestate.com\/es\/immobilien\/exclusivo-adosado-en-ses-salines\/\">\n            <span class=\"rhea_address_pin\"><svg xmlns=\"http:\/\/www.w3.org\/2000\/svg\" viewBox=\"0 0 18 18\">\r\n\t<style type=\"text\/css\">\r\n\r\n\t\t.st0{fill-rule:evenodd;clip-rule:evenodd;}\r\n\r\n\t<\/style>\r\n\t<path class=\"st0\" d=\"M9 1c3.3 0 6 2.7 6 6S9 17 9 17 3 10.3 3 7 5.7 1 9 1zM9 5c1.1 0 2 0.9 2 2s-0.9 2-2 2S7 8.1 7 7 7.9 5 9 5z\"\/>\r\n<\/svg><\/span>\n            <span class=\"rhea_address_text\">Ses Salines, Mallorca, Illes Balears, Espa\u00f1a<\/span>\n        <\/a>\n    <\/address>\n\t    <p class=\"rhea_fp_excerpt\">La tradici\u00f3n se une al confort moderno Esta encantadora casa adosada en Ses Salines combina el estilo tradicional mallorqu\u00edn con un mobiliario de&hellip;<\/p>\n\n\t                                                    <div class=\"rhea_fp2_meta\">\n\t\t\t\t\t\t\t\t\t\t\t\t\t\t\n\n    <div class=\"rh_prop_card_meta_wrap_stylish\">\n\t\t        <div class=\"rh_prop_card__meta\" style=\"order: 1\">\n\t\t\t\t\t\t\t<span class=\"rhea_meta_titles\">Dormitorios<\/span>                <div class=\"rhea_meta_icon_wrapper\">\n\t\t\t\t\t<img decoding=\"async\" class=\"custom-meta-icon custom-meta-icon-image\" src=\"https:\/\/www.lucasfroeserealestate.com\/wp-content\/uploads\/2024\/09\/schlafzimmer-immobilien-mallorca-02.png\" alt=\"Icono meta de la propiedad Habitaciones.\" title=\"\">\t\t\t\t\t<span class=\"figure\">3<\/span>\t\t\t\t\t                <\/div>\n\t\t\t        <\/div>\n\t\t        <div class=\"rh_prop_card__meta\" style=\"order: 1\">\n\t\t\t\t\t\t\t<span class=\"rhea_meta_titles\">Badez.<\/span>                <div class=\"rhea_meta_icon_wrapper\">\n\t\t\t\t\t<img decoding=\"async\" class=\"custom-meta-icon custom-meta-icon-image\" src=\"https:\/\/www.lucasfroeserealestate.com\/wp-content\/uploads\/2024\/09\/badezimmer-immobilien-mallorca.png\" alt=\"Icono meta de la propiedad Cuartos de ba\u00f1o.\" title=\"\">\t\t\t\t\t<span class=\"figure\">4<\/span>\t\t\t\t\t                <\/div>\n\t\t\t        <\/div>\n\t\t        <div class=\"rh_prop_card__meta\" style=\"order: 1\">\n\t\t\t\t\t\t\t<span class=\"rhea_meta_titles\">Residencial M2<\/span>                <div class=\"rhea_meta_icon_wrapper\">\n\t\t\t\t\t<img decoding=\"async\" class=\"custom-meta-icon custom-meta-icon-image\" src=\"https:\/\/www.lucasfroeserealestate.com\/wp-content\/uploads\/2024\/09\/wohnflaeche-immobilien-mallorca.png\" alt=\"Icono meta de la propiedad Tama\u00f1o del \u00c1rea.\" title=\"\">\t\t\t\t\t<span class=\"figure\">203<\/span>\t\t\t\t\t                <\/div>\n\t\t\t        <\/div>\n\t\t        <div class=\"rh_prop_card__meta\" style=\"order: 1\">\n\t\t\t\t\t\t\t<span class=\"rhea_meta_titles\">Raz\u00f3n M2<\/span>                <div class=\"rhea_meta_icon_wrapper\">\n\t\t\t\t\t<img decoding=\"async\" class=\"custom-meta-icon custom-meta-icon-image\" src=\"https:\/\/www.lucasfroeserealestate.com\/wp-content\/uploads\/2024\/09\/grundstueck-flaeche-immobilien.png\" alt=\"Icono meta de la propiedad Tama\u00f1o del Lote.\" title=\"\">\t\t\t\t\t<span class=\"figure\">156<\/span>\t\t\t\t\t                <\/div>\n\t\t\t        <\/div>\n\t\t    <\/div>\n\t\n\n\n\n                                                    <\/div>\n\t\t\t\t\t\t\t\t\t\t\t\t\t                                                <div class=\"rhea_fp_sales_icons\">\n\t\t\t\t\t\t\t\t\t\t\t\t\t<div class=\"rhea_fp_price_status\">\n\t            <span class=\"rhea_fp_status\">Precio<\/span>\n\t\t\t        <p class=\"rhea_fp_price \">\n\t\t\t 2.300.000\u20ac         <\/p>\n\t\t<\/div>                                                    <div class=\"rhea_wrapper_member_functions\">\n\t\t                                                                                                    <\/div>\n                                                <\/div>\n                                            <\/div>\n                                        <\/div>\n                                    <\/div>\n                                <\/li>\n\t\t\t\t\t\t\t\t                                <li>\n                                    <div class=\"rhea_fp_slide_contents\">\n\t\t\t\t\t\t\t\t\t\t                                            <a href=\"https:\/\/www.lucasfroeserealestate.com\/es\/immobilien\/chalet-de-diseno-unico-con-piscina-en-santanyi\/\" class=\"rhea_fp_thumbnail\" style=\"background-image: url('https:\/\/www.lucasfroeserealestate.com\/wp-content\/uploads\/2025\/02\/Villa-Son-Salom-Santanyi-23-1024x576.jpg')\"><\/a>\n\t\t\t\t\t\t\t\t\t\t                                        <div class=\"rhea_fp_slide_info\">\n                                            <a class=\"rhea_fp_permalink\" href=\"https:\/\/www.lucasfroeserealestate.com\/es\/immobilien\/chalet-de-diseno-unico-con-piscina-en-santanyi\/\"><\/a>\n                                            <div class=\"rhea_fp_slide_info_inner\">\n\t\t\t\t\t\t\t\t\t\t\t\t<h3 class=\"rhea_fp2_title\"><a href=\"https:\/\/www.lucasfroeserealestate.com\/es\/immobilien\/chalet-de-diseno-unico-con-piscina-en-santanyi\/\">Chalet de dise\u00f1o \u00fanico con piscina en Santanyi<\/a><\/h3>\n    <address class=\"rhea_fp_address\">\n        <a             class=\"rhea_trigger_map rhea_facnybox_trigger-21d62dc \" data-rhea-map-source=\"rhea-map-source-21d62dc\" data-rhea-map-location=\"39.356065745963,3.1044973974609,12\" data-rhea-map-title=\"Chalet de dise\u00f1o \u00fanico con piscina en Santanyi\" data-rhea-map-price=\" 5.800.000\u20ac \" data-rhea-map-thumb=\"https:\/\/www.lucasfroeserealestate.com\/wp-content\/uploads\/2025\/02\/Villa-Son-Salom-Santanyi-23-488x326.jpg\"\n\t\t\t href=\"https:\/\/www.lucasfroeserealestate.com\/es\/immobilien\/chalet-de-diseno-unico-con-piscina-en-santanyi\/\">\n            <span class=\"rhea_address_pin\"><svg xmlns=\"http:\/\/www.w3.org\/2000\/svg\" viewBox=\"0 0 18 18\">\r\n\t<style type=\"text\/css\">\r\n\r\n\t\t.st0{fill-rule:evenodd;clip-rule:evenodd;}\r\n\r\n\t<\/style>\r\n\t<path class=\"st0\" d=\"M9 1c3.3 0 6 2.7 6 6S9 17 9 17 3 10.3 3 7 5.7 1 9 1zM9 5c1.1 0 2 0.9 2 2s-0.9 2-2 2S7 8.1 7 7 7.9 5 9 5z\"\/>\r\n<\/svg><\/span>\n            <span class=\"rhea_address_text\">Mallorca, Illes Balears, Espa\u00f1a<\/span>\n        <\/a>\n    <\/address>\n\t    <p class=\"rhea_fp_excerpt\">Esta exclusiva villa de lujo, dise\u00f1ada por el renombrado interiorista \u00c1ngel Mart\u00edn, es una obra maestra \u00fanica en el municipio de Santany\u00ed. Situada&hellip;<\/p>\n\n\t                                                    <div class=\"rhea_fp2_meta\">\n\t\t\t\t\t\t\t\t\t\t\t\t\t\t\n\n    <div class=\"rh_prop_card_meta_wrap_stylish\">\n\t\t        <div class=\"rh_prop_card__meta\" style=\"order: 1\">\n\t\t\t\t\t\t\t<span class=\"rhea_meta_titles\">Dormitorios<\/span>                <div class=\"rhea_meta_icon_wrapper\">\n\t\t\t\t\t<img decoding=\"async\" class=\"custom-meta-icon custom-meta-icon-image\" src=\"https:\/\/www.lucasfroeserealestate.com\/wp-content\/uploads\/2024\/09\/schlafzimmer-immobilien-mallorca-02.png\" alt=\"Icono meta de la propiedad Habitaciones.\" title=\"\">\t\t\t\t\t<span class=\"figure\">3<\/span>\t\t\t\t\t                <\/div>\n\t\t\t        <\/div>\n\t\t        <div class=\"rh_prop_card__meta\" style=\"order: 1\">\n\t\t\t\t\t\t\t<span class=\"rhea_meta_titles\">Badez.<\/span>                <div class=\"rhea_meta_icon_wrapper\">\n\t\t\t\t\t<img decoding=\"async\" class=\"custom-meta-icon custom-meta-icon-image\" src=\"https:\/\/www.lucasfroeserealestate.com\/wp-content\/uploads\/2024\/09\/badezimmer-immobilien-mallorca.png\" alt=\"Icono meta de la propiedad Cuartos de ba\u00f1o.\" title=\"\">\t\t\t\t\t<span class=\"figure\">4<\/span>\t\t\t\t\t                <\/div>\n\t\t\t        <\/div>\n\t\t        <div class=\"rh_prop_card__meta\" style=\"order: 1\">\n\t\t\t\t\t\t\t<span class=\"rhea_meta_titles\">Residencial M2<\/span>                <div class=\"rhea_meta_icon_wrapper\">\n\t\t\t\t\t<img decoding=\"async\" class=\"custom-meta-icon custom-meta-icon-image\" src=\"https:\/\/www.lucasfroeserealestate.com\/wp-content\/uploads\/2024\/09\/wohnflaeche-immobilien-mallorca.png\" alt=\"Icono meta de la propiedad Tama\u00f1o del \u00c1rea.\" title=\"\">\t\t\t\t\t<span class=\"figure\">539<\/span>\t\t\t\t\t                <\/div>\n\t\t\t        <\/div>\n\t\t        <div class=\"rh_prop_card__meta\" style=\"order: 1\">\n\t\t\t\t\t\t\t<span class=\"rhea_meta_titles\">Raz\u00f3n M2<\/span>                <div class=\"rhea_meta_icon_wrapper\">\n\t\t\t\t\t<img decoding=\"async\" class=\"custom-meta-icon custom-meta-icon-image\" src=\"https:\/\/www.lucasfroeserealestate.com\/wp-content\/uploads\/2024\/09\/grundstueck-flaeche-immobilien.png\" alt=\"Icono meta de la propiedad Tama\u00f1o del Lote.\" title=\"\">\t\t\t\t\t<span class=\"figure\">59235<\/span>\t\t\t\t\t                <\/div>\n\t\t\t        <\/div>\n\t\t    <\/div>\n\t\n\n\n\n                                                    <\/div>\n\t\t\t\t\t\t\t\t\t\t\t\t\t                                                <div class=\"rhea_fp_sales_icons\">\n\t\t\t\t\t\t\t\t\t\t\t\t\t<div class=\"rhea_fp_price_status\">\n\t            <span class=\"rhea_fp_status\">Precio<\/span>\n\t\t\t        <p class=\"rhea_fp_price \">\n\t\t\t 5.800.000\u20ac         <\/p>\n\t\t<\/div>                                                    <div class=\"rhea_wrapper_member_functions\">\n\t\t                                                                                                    <\/div>\n                                                <\/div>\n                                            <\/div>\n                                        <\/div>\n                                    <\/div>\n                                <\/li>\n\t\t\t\t\t\t\t\t                        <\/ul>\n                    <\/div>\n\t\t\t\t\t                <\/div>\n            <\/section>\n\t\t\t\t\t\t\t<\/div>\n\t\t\t\t<\/div>\n\t\t\t\t<div class=\"elementor-element elementor-element-c3c6b4f elementor-widget elementor-widget-spacer\" data-id=\"c3c6b4f\" data-element_type=\"widget\" data-e-type=\"widget\" data-widget_type=\"spacer.default\">\n\t\t\t\t<div class=\"elementor-widget-container\">\n\t\t\t\t\t\t\t<div class=\"elementor-spacer\">\n\t\t\t<div class=\"elementor-spacer-inner\"><\/div>\n\t\t<\/div>\n\t\t\t\t\t\t<\/div>\n\t\t\t\t<\/div>\n\t\t\t\t\t<\/div>\n\t\t<\/div>\n\t\t\t\t\t<\/div>\n\t\t<\/section>\n\t\t\t\t<\/div>\n\t\t","protected":false},"excerpt":{"rendered":"<p>Moderne Finca mit Weitblick und ETV-Lizenz in Felanitx Mallorca, Illes Balears, Spain Dieses au\u00dfergew\u00f6hnliche Finca liegt auf einem H\u00fcgel oberhalb der Stadt Felanitx, einer absolut privilegierten Lage, die Ihnen einen spektakul\u00e4ren Blick auf die Stadt,&hellip; Dormitorios 5 Badez. 5 Residencial M2 460 Raz\u00f3n M2 17000 Preis 3.100.000\u20ac Exklusive Neubau Doppelh\u00e4user mit Pool und Top Bauqualit\u00e4t&#8230;<\/p>\n","protected":false},"author":1,"featured_media":0,"parent":0,"menu_order":0,"comment_status":"closed","ping_status":"closed","template":"elementor_canvas","meta":{"footnotes":""},"class_list":["post-45029","page","type-page","status-publish","hentry"],"_links":{"self":[{"href":"https:\/\/www.lucasfroeserealestate.com\/es\/wp-json\/wp\/v2\/pages\/45029","targetHints":{"allow":["GET"]}}],"collection":[{"href":"https:\/\/www.lucasfroeserealestate.com\/es\/wp-json\/wp\/v2\/pages"}],"about":[{"href":"https:\/\/www.lucasfroeserealestate.com\/es\/wp-json\/wp\/v2\/types\/page"}],"author":[{"embeddable":true,"href":"https:\/\/www.lucasfroeserealestate.com\/es\/wp-json\/wp\/v2\/users\/1"}],"replies":[{"embeddable":true,"href":"https:\/\/www.lucasfroeserealestate.com\/es\/wp-json\/wp\/v2\/comments?post=45029"}],"version-history":[{"count":9,"href":"https:\/\/www.lucasfroeserealestate.com\/es\/wp-json\/wp\/v2\/pages\/45029\/revisions"}],"predecessor-version":[{"id":82739,"href":"https:\/\/www.lucasfroeserealestate.com\/es\/wp-json\/wp\/v2\/pages\/45029\/revisions\/82739"}],"wp:attachment":[{"href":"https:\/\/www.lucasfroeserealestate.com\/es\/wp-json\/wp\/v2\/media?parent=45029"}],"curies":[{"name":"wp","href":"https:\/\/api.w.org\/{rel}","templated":true}]}}