{"id":12158,"date":"2019-10-02T20:52:09","date_gmt":"2019-10-02T18:52:09","guid":{"rendered":"https:\/\/www.lucasfroeserealestate.com\/immobilien-in-felanitx\/"},"modified":"2026-04-27T12:45:48","modified_gmt":"2026-04-27T10:45:48","slug":"immobilien-in-felanitx","status":"publish","type":"page","link":"https:\/\/www.lucasfroeserealestate.com\/es\/immobilien-in-felanitx\/","title":{"rendered":"Inmobiliaria Felanitx"},"content":{"rendered":"\t\t<div data-elementor-type=\"wp-page\" data-elementor-id=\"12158\" class=\"elementor elementor-12158 elementor-10460\" data-elementor-post-type=\"page\">\n\t\t\t\t\t\t<section class=\"elementor-section elementor-top-section elementor-element elementor-element-28414a8 elementor-section-boxed elementor-section-height-default elementor-section-height-default\" data-id=\"28414a8\" data-element_type=\"section\" data-e-type=\"section\">\n\t\t\t\t\t\t<div class=\"elementor-container elementor-column-gap-default\">\n\t\t\t\t\t<div class=\"elementor-column elementor-col-100 elementor-top-column elementor-element elementor-element-ba99213\" data-id=\"ba99213\" data-element_type=\"column\" data-e-type=\"column\">\n\t\t\t<div class=\"elementor-widget-wrap elementor-element-populated\">\n\t\t\t\t\t\t<div class=\"elementor-element elementor-element-5dc0549 elementor-widget elementor-widget-heading\" data-id=\"5dc0549\" data-element_type=\"widget\" data-e-type=\"widget\" data-widget_type=\"heading.default\">\n\t\t\t\t<div class=\"elementor-widget-container\">\n\t\t\t\t\t<h1 class=\"elementor-heading-title elementor-size-default\">Inmobiliaria Felanitx<\/h1>\t\t\t\t<\/div>\n\t\t\t\t<\/div>\n\t\t\t\t<div class=\"elementor-element elementor-element-67ac8b7 elementor-widget-divider--view-line_text elementor-widget-divider--element-align-center elementor-widget elementor-widget-divider\" data-id=\"67ac8b7\" data-element_type=\"widget\" data-e-type=\"widget\" data-widget_type=\"divider.default\">\n\t\t\t\t<div class=\"elementor-widget-container\">\n\t\t\t\t\t\t\t<div class=\"elementor-divider\">\n\t\t\t<span class=\"elementor-divider-separator\">\n\t\t\t\t\t\t\t<span class=\"elementor-divider__text elementor-divider__element\">\n\t\t\t\tLucas Froese Inmobiliaria\t\t\t\t<\/span>\n\t\t\t\t\t\t<\/span>\n\t\t<\/div>\n\t\t\t\t\t\t<\/div>\n\t\t\t\t<\/div>\n\t\t\t\t\t<\/div>\n\t\t<\/div>\n\t\t\t\t\t<\/div>\n\t\t<\/section>\n\t\t\t\t<section class=\"elementor-section elementor-top-section elementor-element elementor-element-6151c55 elementor-section-boxed elementor-section-height-default elementor-section-height-default\" data-id=\"6151c55\" data-element_type=\"section\" data-e-type=\"section\">\n\t\t\t\t\t\t<div class=\"elementor-container elementor-column-gap-default\">\n\t\t\t\t\t<div class=\"elementor-column elementor-col-33 elementor-top-column elementor-element elementor-element-f4ddab0\" data-id=\"f4ddab0\" data-element_type=\"column\" data-e-type=\"column\">\n\t\t\t<div class=\"elementor-widget-wrap elementor-element-populated\">\n\t\t\t\t\t\t<div class=\"elementor-element elementor-element-c5f93d2 elementor-widget elementor-widget-heading\" data-id=\"c5f93d2\" data-element_type=\"widget\" data-e-type=\"widget\" data-widget_type=\"heading.default\">\n\t\t\t\t<div class=\"elementor-widget-container\">\n\t\t\t\t\t<h2 class=\"elementor-heading-title elementor-size-default\">Felanitx<\/h2>\t\t\t\t<\/div>\n\t\t\t\t<\/div>\n\t\t\t\t<div class=\"elementor-element elementor-element-d37c1da elementor-widget elementor-widget-text-editor\" data-id=\"d37c1da\" data-element_type=\"widget\" data-e-type=\"widget\" data-widget_type=\"text-editor.default\">\n\t\t\t\t<div class=\"elementor-widget-container\">\n\t\t\t\t\t\t\t\t\t<p>Somos tu inmobiliaria para todo tipo de inmuebles en Felanitx, con un equipo joven y multiling\u00fce que te proporcionar\u00e1 un servicio profesional y cercano.  <strong>\u00a1Adem\u00e1s, nuestra agencia inmobiliaria es una de las empresas l\u00edderes y pioneras, especialmente en el campo del marketing online y las nuevas tecnolog\u00edas en Felanitx y alrededores, en el sector de las propiedades de lujo y la inversi\u00f3n!<\/strong><\/p>\t\t\t\t\t\t\t\t<\/div>\n\t\t\t\t<\/div>\n\t\t\t\t\t<\/div>\n\t\t<\/div>\n\t\t\t\t<div class=\"elementor-column elementor-col-66 elementor-top-column elementor-element elementor-element-8edd412\" data-id=\"8edd412\" data-element_type=\"column\" data-e-type=\"column\">\n\t\t\t<div class=\"elementor-widget-wrap elementor-element-populated\">\n\t\t\t\t\t\t<div class=\"elementor-element elementor-element-3de368c elementor-widget elementor-widget-text-editor\" data-id=\"3de368c\" data-element_type=\"widget\" data-e-type=\"widget\" data-widget_type=\"text-editor.default\">\n\t\t\t\t<div class=\"elementor-widget-container\">\n\t\t\t\t\t\t\t\t\t<h3>\u00bfCu\u00e1les son los tipos de propiedad m\u00e1s interesantes en Felanitx?<\/h3><p>En <strong>los \u00faltimos 5 - 10 a\u00f1os hemos<\/strong> visto una tendencia creciente <strong>en el mercado inmobiliario de Fel<\/strong> anitx<strong>, aparte de las cl\u00e1sicas<\/strong> fincas r\u00fasticas con piscina, de casas adosadas que necesitan reformas o casas llave en mano en el centro de Felanitx.<\/p><p><strong>Otros tipos de propiedad populares en los \u00faltimos a\u00f1os son<\/strong>, por supuesto, los pisos, las parcelas de autoconstrucci\u00f3n (especialmente para inversores o promotores) y, por supuesto, las siempre interesantes propiedades con vistas al mar o aquellas en las que tambi\u00e9n puedes hacer alquileres vacacionales (con licencia ETV).<\/p><p>Por supuesto, hay otras opciones cuando se trata de propiedades en Felanitx.  <strong>Estaremos encantados de asesorarte detalladamente con toda nuestra experiencia sobre la regi\u00f3n, el mercado inmobiliario y su desarrollo.<\/strong><\/p>\t\t\t\t\t\t\t\t<\/div>\n\t\t\t\t<\/div>\n\t\t\t\t\t<\/div>\n\t\t<\/div>\n\t\t\t\t\t<\/div>\n\t\t<\/section>\n\t\t\t\t<section class=\"elementor-section elementor-top-section elementor-element elementor-element-7cb362a elementor-section-boxed elementor-section-height-default elementor-section-height-default\" data-id=\"7cb362a\" data-element_type=\"section\" data-e-type=\"section\">\n\t\t\t\t\t\t<div class=\"elementor-container elementor-column-gap-default\">\n\t\t\t\t\t<div class=\"elementor-column elementor-col-33 elementor-top-column elementor-element elementor-element-8411981\" data-id=\"8411981\" data-element_type=\"column\" data-e-type=\"column\">\n\t\t\t<div class=\"elementor-widget-wrap elementor-element-populated\">\n\t\t\t\t\t\t<div class=\"elementor-element elementor-element-f6d659a elementor-widget elementor-widget-heading\" data-id=\"f6d659a\" data-element_type=\"widget\" data-e-type=\"widget\" data-widget_type=\"heading.default\">\n\t\t\t\t<div class=\"elementor-widget-container\">\n\t\t\t\t\t<h3 class=\"elementor-heading-title elementor-size-default\">\u00bfD\u00f3nde est\u00e1 Felanitx?<\/h3>\t\t\t\t<\/div>\n\t\t\t\t<\/div>\n\t\t\t\t<div class=\"elementor-element elementor-element-cc3a256 elementor-widget elementor-widget-text-editor\" data-id=\"cc3a256\" data-element_type=\"widget\" data-e-type=\"widget\" data-widget_type=\"text-editor.default\">\n\t\t\t\t<div class=\"elementor-widget-container\">\n\t\t\t\t\t\t\t\t\t<p><span class=\"s1\">En el <strong>hermoso sureste de la isla<\/strong>, al oeste de la baja cordillera de las Serres de Levante, se encuentra la peque\u00f1a localidad de Felanitx. En 1886, la reina Mar\u00eda Cristina concedi\u00f3 a Felanitx la carta de autonom\u00eda municipal. Hoy en d\u00eda, Felanitx es la 4\u00aa ciudad m\u00e1s grande de Mallorca y <strong>evoluciona con su historia hacia un futuro tradicional e imaginativo, sin perder su car\u00e1cter original.<\/strong><\/span><\/p><p><span class=\"s1\">La f\u00e9rtil comarca y <strong>segunda zona vitivin\u00edcola de Mallorca (con marcas de renombre internacional como \u00c0nima Negra, 4Kilos Vin\u00edcola, Es Fangar, Vi d&#8217;Auba o Armero i Adrover)<\/strong>, as\u00ed como el cultivo de almendros, albaricoques y c\u00edtricos, confieren a la zona un encanto especial con sus magn\u00edficas vistas panor\u00e1micas. Las puestas de sol de ensue\u00f1o con la luz especial de Mallorca alrededor de la isla por el valle hasta las sierras circundantes seducen a muchos amantes de la naturaleza y artistas. Especialmente lugares como la <strong>monta\u00f1a de Sant Salvador, la colina de la cantera de Sa Mola, las bah\u00edas naturales de Portocolom<\/strong> y sus alrededores encantan a todos los que tienen la suerte de conocer estos lugares.<\/span><\/p>\t\t\t\t\t\t\t\t<\/div>\n\t\t\t\t<\/div>\n\t\t\t\t\t<\/div>\n\t\t<\/div>\n\t\t\t\t<div class=\"elementor-column elementor-col-33 elementor-top-column elementor-element elementor-element-371903f\" data-id=\"371903f\" data-element_type=\"column\" data-e-type=\"column\">\n\t\t\t<div class=\"elementor-widget-wrap elementor-element-populated\">\n\t\t\t\t\t\t<div class=\"elementor-element elementor-element-ef10a6c elementor-widget elementor-widget-heading\" data-id=\"ef10a6c\" data-element_type=\"widget\" data-e-type=\"widget\" data-widget_type=\"heading.default\">\n\t\t\t\t<div class=\"elementor-widget-container\">\n\t\t\t\t\t<h3 class=\"elementor-heading-title elementor-size-default\">El pueblo y la calidad de vida<\/h3>\t\t\t\t<\/div>\n\t\t\t\t<\/div>\n\t\t\t\t<div class=\"elementor-element elementor-element-e1be459 elementor-widget elementor-widget-text-editor\" data-id=\"e1be459\" data-element_type=\"widget\" data-e-type=\"widget\" data-widget_type=\"text-editor.default\">\n\t\t\t\t<div class=\"elementor-widget-container\">\n\t\t\t\t\t\t\t\t\t<p><span class=\"s1\">Felanitx es un lugar con un tipo especial de gente. Sus habitantes, amables y sociables, se consideran independientes y amantes de la libertad. La regi\u00f3n es una de las que m\u00e1s ha crecido en Mallorca en los \u00faltimos a\u00f1os, y refleja la Mallorca aut\u00e9ntica, con genuina esencia mallorquina y un creciente sabor internacional.<\/span><\/p><p class=\"p1\"><span class=\"s1\"><strong>El centro de la ciudad es hist\u00f3rico, con muchos edificios antiguos de estilo espa\u00f1ol<\/strong>, e invita a pasear por callejuelas sinuosas con tiendas de artesan\u00eda y delicias regionales, o a entretenerse en plazas y bares t\u00edpicamente mediterr\u00e1neos. Es como si el tiempo se hubiera detenido.<\/span><\/p><p class=\"p1\"><span class=\"s1\">Pero no s\u00f3lo el famoso mercado dominical anima las callejuelas y el mercado tradicional. Los festivales hist\u00f3ricos con danza y m\u00fasica (las fiestas sagradas, las celebraciones veraniegas de Verbena&#8230;) y las noches de arte como la Nitx de l&#8217;Art tambi\u00e9n ofrecen a los isle\u00f1os locales e internacionales <strong>experiencias especiales y tiempo para estar juntos.<\/strong><\/span><\/p>\t\t\t\t\t\t\t\t<\/div>\n\t\t\t\t<\/div>\n\t\t\t\t\t<\/div>\n\t\t<\/div>\n\t\t\t\t<div class=\"elementor-column elementor-col-33 elementor-top-column elementor-element elementor-element-45b6d13\" data-id=\"45b6d13\" data-element_type=\"column\" data-e-type=\"column\">\n\t\t\t<div class=\"elementor-widget-wrap elementor-element-populated\">\n\t\t\t\t\t\t<div class=\"elementor-element elementor-element-e4c4202 elementor-widget elementor-widget-heading\" data-id=\"e4c4202\" data-element_type=\"widget\" data-e-type=\"widget\" data-widget_type=\"heading.default\">\n\t\t\t\t<div class=\"elementor-widget-container\">\n\t\t\t\t\t<h2 class=\"elementor-heading-title elementor-size-medium\">Comprar una propiedad en Felanitx<\/h2>\t\t\t\t<\/div>\n\t\t\t\t<\/div>\n\t\t\t\t<div class=\"elementor-element elementor-element-00bb735 elementor-widget elementor-widget-text-editor\" data-id=\"00bb735\" data-element_type=\"widget\" data-e-type=\"widget\" data-widget_type=\"text-editor.default\">\n\t\t\t\t<div class=\"elementor-widget-container\">\n\t\t\t\t\t\t\t\t\t<p class=\"p1\"><span class=\"s1\">La ciudad tiene unos 18.000 habitantes (de los cuales entre 9.000 y 10.000 viven en el peque\u00f1o pueblo), que viven principalmente del trabajo de la cer\u00e1mica, la viticultura y la producci\u00f3n de licores y de un embutido especial de piment\u00f3n, la sobrasada. Aqu\u00ed se sigue cultivando la convivencia en paz y tranquilidad.  <\/span><\/p><p><strong>Si t\u00fa tambi\u00e9n te has fijado en esta regi\u00f3n, que est\u00e1 en constante crecimiento y tiene mucho potencial para los pr\u00f3ximos a\u00f1os,<\/strong> entonces encontraremos la propiedad adecuada en Felanitx para ti. Nuestro equipo, y en especial nuestro Director General y Propietario Lucas Froese, lleva m\u00e1s de 25 a\u00f1os viviendo en la regi\u00f3n y la conoce al dedillo para poder ofrecerte las mejores ofertas. <\/p><p><strong>Somos tu inmobiliaria de confianza en Felanitx, <\/strong>que te asesorar\u00e1 desde las primeras visitas hasta despu\u00e9s de que el notario haya firmado las escrituras, y como dice nuestro director:<strong> \u00abEl objetivo de nuestra inmobiliaria es ofrecer al cliente la vida que desea, no s\u00f3lo una casa.\u00bb<\/strong><\/p>\t\t\t\t\t\t\t\t<\/div>\n\t\t\t\t<\/div>\n\t\t\t\t\t<\/div>\n\t\t<\/div>\n\t\t\t\t\t<\/div>\n\t\t<\/section>\n\t\t\t\t<section class=\"elementor-section elementor-top-section elementor-element elementor-element-c8d6596 elementor-section-boxed elementor-section-height-default elementor-section-height-default\" data-id=\"c8d6596\" data-element_type=\"section\" data-e-type=\"section\">\n\t\t\t\t\t\t<div class=\"elementor-container elementor-column-gap-default\">\n\t\t\t\t\t<div class=\"elementor-column elementor-col-100 elementor-top-column elementor-element elementor-element-d361326\" data-id=\"d361326\" data-element_type=\"column\" data-e-type=\"column\">\n\t\t\t<div class=\"elementor-widget-wrap elementor-element-populated\">\n\t\t\t\t\t\t<div class=\"elementor-element elementor-element-84c872c elementor-widget elementor-widget-image\" data-id=\"84c872c\" data-element_type=\"widget\" data-e-type=\"widget\" data-widget_type=\"image.default\">\n\t\t\t\t<div class=\"elementor-widget-container\">\n\t\t\t\t\t\t\t\t\t\t\t\t\t\t\t<img fetchpriority=\"high\" decoding=\"async\" loading=\"eager\" width=\"2000\" height=\"700\" src=\"https:\/\/www.lucasfroeserealestate.com\/wp-content\/uploads\/2022\/06\/immobilien-felanitx-0012.jpg\" class=\"attachment-full size-full wp-image-32142\" alt=\"Inmobiliaria Felanitx Sunset\" srcset=\"https:\/\/www.lucasfroeserealestate.com\/wp-content\/uploads\/2022\/06\/immobilien-felanitx-0012.jpg 2000w, https:\/\/www.lucasfroeserealestate.com\/wp-content\/uploads\/2022\/06\/immobilien-felanitx-0012-300x105.jpg 300w, https:\/\/www.lucasfroeserealestate.com\/wp-content\/uploads\/2022\/06\/immobilien-felanitx-0012-1024x358.jpg 1024w, https:\/\/www.lucasfroeserealestate.com\/wp-content\/uploads\/2022\/06\/immobilien-felanitx-0012-768x269.jpg 768w, https:\/\/www.lucasfroeserealestate.com\/wp-content\/uploads\/2022\/06\/immobilien-felanitx-0012-1536x538.jpg 1536w, https:\/\/www.lucasfroeserealestate.com\/wp-content\/uploads\/2022\/06\/immobilien-felanitx-0012-150x53.jpg 150w\" sizes=\"(max-width: 2000px) 100vw, 2000px\" title=\"\">\t\t\t\t\t\t\t\t\t\t\t\t\t\t\t<\/div>\n\t\t\t\t<\/div>\n\t\t\t\t\t<\/div>\n\t\t<\/div>\n\t\t\t\t\t<\/div>\n\t\t<\/section>\n\t\t\t\t<\/div>\n\t\t","protected":false},"excerpt":{"rendered":"<p>Inmobiliaria Felanitx Lucas Froese Inmobiliaria Felanitx Somos tu inmobiliaria para todo tipo de inmuebles en Felanitx, con un equipo joven y multiling\u00fce que te proporcionar\u00e1 un servicio profesional y cercano. \u00a1Adem\u00e1s, nuestra agencia inmobiliaria es una de las empresas l\u00edderes y pioneras, especialmente en el campo del marketing online y las nuevas tecnolog\u00edas en Felanitx&#8230;<\/p>\n","protected":false},"author":1,"featured_media":0,"parent":0,"menu_order":0,"comment_status":"closed","ping_status":"closed","template":"templates\/properties.php","meta":{"footnotes":""},"class_list":["post-12158","page","type-page","status-publish","hentry"],"_links":{"self":[{"href":"https:\/\/www.lucasfroeserealestate.com\/es\/wp-json\/wp\/v2\/pages\/12158","targetHints":{"allow":["GET"]}}],"collection":[{"href":"https:\/\/www.lucasfroeserealestate.com\/es\/wp-json\/wp\/v2\/pages"}],"about":[{"href":"https:\/\/www.lucasfroeserealestate.com\/es\/wp-json\/wp\/v2\/types\/page"}],"author":[{"embeddable":true,"href":"https:\/\/www.lucasfroeserealestate.com\/es\/wp-json\/wp\/v2\/users\/1"}],"replies":[{"embeddable":true,"href":"https:\/\/www.lucasfroeserealestate.com\/es\/wp-json\/wp\/v2\/comments?post=12158"}],"version-history":[{"count":2,"href":"https:\/\/www.lucasfroeserealestate.com\/es\/wp-json\/wp\/v2\/pages\/12158\/revisions"}],"predecessor-version":[{"id":84010,"href":"https:\/\/www.lucasfroeserealestate.com\/es\/wp-json\/wp\/v2\/pages\/12158\/revisions\/84010"}],"wp:attachment":[{"href":"https:\/\/www.lucasfroeserealestate.com\/es\/wp-json\/wp\/v2\/media?parent=12158"}],"curies":[{"name":"wp","href":"https:\/\/api.w.org\/{rel}","templated":true}]}}