{"id":84094,"date":"2026-04-29T10:38:28","date_gmt":"2026-04-29T08:38:28","guid":{"rendered":"https:\/\/www.lucasfroeserealestate.com\/immobilien\/exclusiva-planta-baja-con-gran-terraza-en-cala-dor-mallorca\/"},"modified":"2026-04-29T12:26:35","modified_gmt":"2026-04-29T10:26:35","slug":"exclusiva-planta-baja-con-gran-terraza-en-cala-dor-mallorca","status":"publish","type":"property","link":"https:\/\/www.lucasfroeserealestate.com\/es\/immobilien\/exclusiva-planta-baja-con-gran-terraza-en-cala-dor-mallorca\/","title":{"rendered":"Exclusiva planta baja con gran terraza en Cala d&#8217;Or, Mallorca"},"content":{"rendered":"<p>Descubre esta casa en una de las zonas m\u00e1s cotizadas de Mallorca, donde el encanto mediterr\u00e1neo se combina con el confort y la privacidad.<\/p>\n<p>La casa dispone de tres dormitorios dise\u00f1ados para el descanso y la luminosidad, as\u00ed como de un cuarto de ba\u00f1o completo con accesorios funcionales. Su distribuci\u00f3n pr\u00e1ctica y acogedora la convierte en una opci\u00f3n ideal tanto como residencia principal como segunda vivienda. <\/p>\n<p>Lo realmente destacado de esta propiedad es la espectacular terraza privada, una amplia zona perfecta para disfrutar del clima privilegiado de Mallorca, organizar veladas al aire libre o simplemente relajarse en un entorno tranquilo.<\/p>\n<p>En una ubicaci\u00f3n privilegiada, cerca de calas de aguas cristalinas, servicios exclusivos y selectas instalaciones de ocio, esta propiedad representa una oportunidad \u00fanica para quienes buscan calidad de vida en un entorno incomparable.<\/p>\n<p>Una joya mediterr\u00e1nea, lista para ser saboreada.<\/p>\n<p>Para m\u00e1s informaci\u00f3n o para concertar una visita privada, no dudes en ponerte en contacto con nosotros.<\/p>\n","protected":false},"excerpt":{"rendered":"<p>Descubre esta casa en una de las zonas m\u00e1s cotizadas de Mallorca, donde el encanto mediterr\u00e1neo se combina con el confort y la privacidad. La casa dispone de tres dormitorios dise\u00f1ados para el descanso y la luminosidad, as\u00ed como de un cuarto de ba\u00f1o completo con accesorios funcionales. Su distribuci\u00f3n pr\u00e1ctica y acogedora la convierte&#8230;<\/p>\n","protected":false},"author":22,"featured_media":84107,"parent":0,"menu_order":0,"comment_status":"closed","ping_status":"closed","template":"","immobilien-austattung":[146],"immobilien-typ":[88],"immobilien-ortschaft":[115],"immobilien-status":[114],"class_list":["post-84094","property","type-property","status-publish","has-post-thumbnail","hentry","property-feature-patio-es","property-type-pisosyapartamentos","property-city-calador-es","property-status-venta"],"property_meta":{"REAL_HOMES_property_price":"450000","REAL_HOMES_property_old_price":"","REAL_HOMES_property_price_prefix":"","REAL_HOMES_property_price_postfix":"","REAL_HOMES_property_size":"65","REAL_HOMES_property_size_postfix":"","REAL_HOMES_property_lot_size":"135","REAL_HOMES_property_lot_size_postfix":"","REAL_HOMES_property_bedrooms":"3","REAL_HOMES_property_bathrooms":"1","REAL_HOMES_property_garage":"0","REAL_HOMES_property_id":"LF0874","REAL_HOMES_property_year_built":"","rvr_property_owner":"0","REAL_HOMES_featured":"","REAL_HOMES_additional_details_list":[],"REAL_HOMES_property_location":{"latitude":"39.374866760952","longitude":"3.2293344882864","zoom":"18"},"REAL_HOMES_property_address":"Cala d'Or, Mallorca, Illes Balears, Espa\u00f1a","REAL_HOMES_property_map":"0","REAL_HOMES_property_images":[{"width":150,"height":150,"file":"2026\/04\/Wohnung-mit-Garten-in-cala-dor-3-1.jpg","filesize":465757,"sizes":{"medium":{"file":"Wohnung-mit-Garten-in-cala-dor-3-1-300x225.jpg","width":300,"height":225,"mime-type":"image\/jpeg","filesize":17169,"url":"https:\/\/www.lucasfroeserealestate.com\/wp-content\/uploads\/2026\/04\/Wohnung-mit-Garten-in-cala-dor-3-1-300x225.jpg"},"large":{"file":"Wohnung-mit-Garten-in-cala-dor-3-1-1024x768.jpg","width":1024,"height":768,"mime-type":"image\/jpeg","filesize":130935,"url":"https:\/\/www.lucasfroeserealestate.com\/wp-content\/uploads\/2026\/04\/Wohnung-mit-Garten-in-cala-dor-3-1-1024x768.jpg"},"thumbnail":{"file":"Wohnung-mit-Garten-in-cala-dor-3-1-150x150.jpg","width":150,"height":150,"mime-type":"image\/jpeg","filesize":7027,"url":"https:\/\/www.lucasfroeserealestate.com\/wp-content\/uploads\/2026\/04\/Wohnung-mit-Garten-in-cala-dor-3-1-150x150.jpg"},"medium_large":{"file":"Wohnung-mit-Garten-in-cala-dor-3-1-768x576.jpg","width":768,"height":576,"mime-type":"image\/jpeg","filesize":79109,"url":"https:\/\/www.lucasfroeserealestate.com\/wp-content\/uploads\/2026\/04\/Wohnung-mit-Garten-in-cala-dor-3-1-768x576.jpg"},"1536x1536":{"file":"Wohnung-mit-Garten-in-cala-dor-3-1-1536x1152.jpg","width":1536,"height":1152,"mime-type":"image\/jpeg","filesize":267634,"url":"https:\/\/www.lucasfroeserealestate.com\/wp-content\/uploads\/2026\/04\/Wohnung-mit-Garten-in-cala-dor-3-1-1536x1152.jpg"},"2048x2048":{"file":"Wohnung-mit-Garten-in-cala-dor-3-1-2048x1536.jpg","width":2048,"height":1536,"mime-type":"image\/jpeg","filesize":434166,"url":"https:\/\/www.lucasfroeserealestate.com\/wp-content\/uploads\/2026\/04\/Wohnung-mit-Garten-in-cala-dor-3-1-2048x1536.jpg"},"post-thumbnail":{"file":"Wohnung-mit-Garten-in-cala-dor-3-1-150x113.jpg","width":150,"height":113,"mime-type":"image\/jpeg","filesize":5866,"url":"https:\/\/www.lucasfroeserealestate.com\/wp-content\/uploads\/2026\/04\/Wohnung-mit-Garten-in-cala-dor-3-1-150x113.jpg"},"modern-property-child-slider":{"file":"Wohnung-mit-Garten-in-cala-dor-3-1-680x510.jpg","width":680,"height":510,"mime-type":"image\/jpeg","filesize":64518,"url":"https:\/\/www.lucasfroeserealestate.com\/wp-content\/uploads\/2026\/04\/Wohnung-mit-Garten-in-cala-dor-3-1-680x510.jpg"},"property-thumb-image":{"file":"Wohnung-mit-Garten-in-cala-dor-3-1-488x326.jpg","width":488,"height":326,"mime-type":"image\/jpeg","filesize":33927,"url":"https:\/\/www.lucasfroeserealestate.com\/wp-content\/uploads\/2026\/04\/Wohnung-mit-Garten-in-cala-dor-3-1-488x326.jpg"},"property-detail-video-image":{"file":"Wohnung-mit-Garten-in-cala-dor-3-1-818x417.jpg","width":818,"height":417,"mime-type":"image\/jpeg","filesize":63535,"url":"https:\/\/www.lucasfroeserealestate.com\/wp-content\/uploads\/2026\/04\/Wohnung-mit-Garten-in-cala-dor-3-1-818x417.jpg"},"agent-image":{"file":"Wohnung-mit-Garten-in-cala-dor-3-1-210x210.jpg","width":210,"height":210,"mime-type":"image\/jpeg","filesize":12085,"url":"https:\/\/www.lucasfroeserealestate.com\/wp-content\/uploads\/2026\/04\/Wohnung-mit-Garten-in-cala-dor-3-1-210x210.jpg"},"partners-logo":{"file":"Wohnung-mit-Garten-in-cala-dor-3-1-600x1800.jpg","width":600,"height":1800,"mime-type":"image\/jpeg","filesize":144517,"url":"https:\/\/www.lucasfroeserealestate.com\/wp-content\/uploads\/2026\/04\/Wohnung-mit-Garten-in-cala-dor-3-1-600x1800.jpg"},"post-featured-image":{"file":"Wohnung-mit-Garten-in-cala-dor-3-1-1240x720.jpg","width":1240,"height":720,"mime-type":"image\/jpeg","filesize":143111,"url":"https:\/\/www.lucasfroeserealestate.com\/wp-content\/uploads\/2026\/04\/Wohnung-mit-Garten-in-cala-dor-3-1-1240x720.jpg"}},"image_meta":{"aperture":"2.4","credit":"","camera":"iPhone 13","caption":"helles Esszimmer in Cala d&#039;Or","created_timestamp":"1774881153","copyright":"","focal_length":"1.54","iso":"160","shutter_speed":"0.01","title":"helles Esszimmer in Cala d&#039;Or","orientation":"0","keywords":["helles Esszimmer in Cala d&#039;Or"]},"ID":"84096","name":"Wohnung-mit-Garten-in-cala-dor-3-1.jpg","path":"\/home\/empleost\/domains\/lucasfroeserealestate.com\/public_html\/wp-content\/uploads\/2026\/04\/Wohnung-mit-Garten-in-cala-dor-3-1.jpg","url":"https:\/\/www.lucasfroeserealestate.com\/wp-content\/uploads\/2026\/04\/Wohnung-mit-Garten-in-cala-dor-3-1-150x150.jpg","full_url":"https:\/\/www.lucasfroeserealestate.com\/wp-content\/uploads\/2026\/04\/Wohnung-mit-Garten-in-cala-dor-3-1.jpg","title":"helles Esszimmer in Cala d&#039;Or","caption":"helles Esszimmer in Cala d&#039;Or","description":"","alt":"","srcset":"https:\/\/www.lucasfroeserealestate.com\/wp-content\/uploads\/2026\/04\/Wohnung-mit-Garten-in-cala-dor-3-1-150x150.jpg 150w, https:\/\/www.lucasfroeserealestate.com\/wp-content\/uploads\/2026\/04\/Wohnung-mit-Garten-in-cala-dor-3-1-210x210.jpg 210w"},{"width":150,"height":150,"file":"2026\/04\/Wohnung-mit-Garten-in-cala-dor-2-1.jpg","filesize":475056,"sizes":{"medium":{"file":"Wohnung-mit-Garten-in-cala-dor-2-1-300x225.jpg","width":300,"height":225,"mime-type":"image\/jpeg","filesize":18152,"url":"https:\/\/www.lucasfroeserealestate.com\/wp-content\/uploads\/2026\/04\/Wohnung-mit-Garten-in-cala-dor-2-1-300x225.jpg"},"large":{"file":"Wohnung-mit-Garten-in-cala-dor-2-1-1024x768.jpg","width":1024,"height":768,"mime-type":"image\/jpeg","filesize":134945,"url":"https:\/\/www.lucasfroeserealestate.com\/wp-content\/uploads\/2026\/04\/Wohnung-mit-Garten-in-cala-dor-2-1-1024x768.jpg"},"thumbnail":{"file":"Wohnung-mit-Garten-in-cala-dor-2-1-150x150.jpg","width":150,"height":150,"mime-type":"image\/jpeg","filesize":7586,"url":"https:\/\/www.lucasfroeserealestate.com\/wp-content\/uploads\/2026\/04\/Wohnung-mit-Garten-in-cala-dor-2-1-150x150.jpg"},"medium_large":{"file":"Wohnung-mit-Garten-in-cala-dor-2-1-768x576.jpg","width":768,"height":576,"mime-type":"image\/jpeg","filesize":82512,"url":"https:\/\/www.lucasfroeserealestate.com\/wp-content\/uploads\/2026\/04\/Wohnung-mit-Garten-in-cala-dor-2-1-768x576.jpg"},"1536x1536":{"file":"Wohnung-mit-Garten-in-cala-dor-2-1-1536x1152.jpg","width":1536,"height":1152,"mime-type":"image\/jpeg","filesize":271646,"url":"https:\/\/www.lucasfroeserealestate.com\/wp-content\/uploads\/2026\/04\/Wohnung-mit-Garten-in-cala-dor-2-1-1536x1152.jpg"},"2048x2048":{"file":"Wohnung-mit-Garten-in-cala-dor-2-1-2048x1536.jpg","width":2048,"height":1536,"mime-type":"image\/jpeg","filesize":437169,"url":"https:\/\/www.lucasfroeserealestate.com\/wp-content\/uploads\/2026\/04\/Wohnung-mit-Garten-in-cala-dor-2-1-2048x1536.jpg"},"post-thumbnail":{"file":"Wohnung-mit-Garten-in-cala-dor-2-1-150x113.jpg","width":150,"height":113,"mime-type":"image\/jpeg","filesize":6159,"url":"https:\/\/www.lucasfroeserealestate.com\/wp-content\/uploads\/2026\/04\/Wohnung-mit-Garten-in-cala-dor-2-1-150x113.jpg"},"modern-property-child-slider":{"file":"Wohnung-mit-Garten-in-cala-dor-2-1-680x510.jpg","width":680,"height":510,"mime-type":"image\/jpeg","filesize":67803,"url":"https:\/\/www.lucasfroeserealestate.com\/wp-content\/uploads\/2026\/04\/Wohnung-mit-Garten-in-cala-dor-2-1-680x510.jpg"},"property-thumb-image":{"file":"Wohnung-mit-Garten-in-cala-dor-2-1-488x326.jpg","width":488,"height":326,"mime-type":"image\/jpeg","filesize":35997,"url":"https:\/\/www.lucasfroeserealestate.com\/wp-content\/uploads\/2026\/04\/Wohnung-mit-Garten-in-cala-dor-2-1-488x326.jpg"},"property-detail-video-image":{"file":"Wohnung-mit-Garten-in-cala-dor-2-1-818x417.jpg","width":818,"height":417,"mime-type":"image\/jpeg","filesize":69981,"url":"https:\/\/www.lucasfroeserealestate.com\/wp-content\/uploads\/2026\/04\/Wohnung-mit-Garten-in-cala-dor-2-1-818x417.jpg"},"agent-image":{"file":"Wohnung-mit-Garten-in-cala-dor-2-1-210x210.jpg","width":210,"height":210,"mime-type":"image\/jpeg","filesize":12954,"url":"https:\/\/www.lucasfroeserealestate.com\/wp-content\/uploads\/2026\/04\/Wohnung-mit-Garten-in-cala-dor-2-1-210x210.jpg"},"partners-logo":{"file":"Wohnung-mit-Garten-in-cala-dor-2-1-600x1800.jpg","width":600,"height":1800,"mime-type":"image\/jpeg","filesize":152573,"url":"https:\/\/www.lucasfroeserealestate.com\/wp-content\/uploads\/2026\/04\/Wohnung-mit-Garten-in-cala-dor-2-1-600x1800.jpg"},"post-featured-image":{"file":"Wohnung-mit-Garten-in-cala-dor-2-1-1240x720.jpg","width":1240,"height":720,"mime-type":"image\/jpeg","filesize":152065,"url":"https:\/\/www.lucasfroeserealestate.com\/wp-content\/uploads\/2026\/04\/Wohnung-mit-Garten-in-cala-dor-2-1-1240x720.jpg"}},"image_meta":{"aperture":"2.4","credit":"","camera":"iPhone 13","caption":"helles Esszimmer","created_timestamp":"1774881138","copyright":"","focal_length":"1.54","iso":"250","shutter_speed":"0.01","title":"helles Esszimmer","orientation":"0","keywords":["helles Esszimmer "]},"ID":"84095","name":"Wohnung-mit-Garten-in-cala-dor-2-1.jpg","path":"\/home\/empleost\/domains\/lucasfroeserealestate.com\/public_html\/wp-content\/uploads\/2026\/04\/Wohnung-mit-Garten-in-cala-dor-2-1.jpg","url":"https:\/\/www.lucasfroeserealestate.com\/wp-content\/uploads\/2026\/04\/Wohnung-mit-Garten-in-cala-dor-2-1-150x150.jpg","full_url":"https:\/\/www.lucasfroeserealestate.com\/wp-content\/uploads\/2026\/04\/Wohnung-mit-Garten-in-cala-dor-2-1.jpg","title":"helles Esszimmer","caption":"helles Esszimmer","description":"","alt":"","srcset":"https:\/\/www.lucasfroeserealestate.com\/wp-content\/uploads\/2026\/04\/Wohnung-mit-Garten-in-cala-dor-2-1-150x150.jpg 150w, https:\/\/www.lucasfroeserealestate.com\/wp-content\/uploads\/2026\/04\/Wohnung-mit-Garten-in-cala-dor-2-1-210x210.jpg 210w"},{"width":150,"height":150,"file":"2026\/04\/Wohnung-mit-Garten-in-cala-dor-4-1.jpg","filesize":489267,"sizes":{"medium":{"file":"Wohnung-mit-Garten-in-cala-dor-4-1-300x225.jpg","width":300,"height":225,"mime-type":"image\/jpeg","filesize":18861,"url":"https:\/\/www.lucasfroeserealestate.com\/wp-content\/uploads\/2026\/04\/Wohnung-mit-Garten-in-cala-dor-4-1-300x225.jpg"},"large":{"file":"Wohnung-mit-Garten-in-cala-dor-4-1-1024x768.jpg","width":1024,"height":768,"mime-type":"image\/jpeg","filesize":142090,"url":"https:\/\/www.lucasfroeserealestate.com\/wp-content\/uploads\/2026\/04\/Wohnung-mit-Garten-in-cala-dor-4-1-1024x768.jpg"},"thumbnail":{"file":"Wohnung-mit-Garten-in-cala-dor-4-1-150x150.jpg","width":150,"height":150,"mime-type":"image\/jpeg","filesize":7586,"url":"https:\/\/www.lucasfroeserealestate.com\/wp-content\/uploads\/2026\/04\/Wohnung-mit-Garten-in-cala-dor-4-1-150x150.jpg"},"medium_large":{"file":"Wohnung-mit-Garten-in-cala-dor-4-1-768x576.jpg","width":768,"height":576,"mime-type":"image\/jpeg","filesize":88064,"url":"https:\/\/www.lucasfroeserealestate.com\/wp-content\/uploads\/2026\/04\/Wohnung-mit-Garten-in-cala-dor-4-1-768x576.jpg"},"1536x1536":{"file":"Wohnung-mit-Garten-in-cala-dor-4-1-1536x1152.jpg","width":1536,"height":1152,"mime-type":"image\/jpeg","filesize":279281,"url":"https:\/\/www.lucasfroeserealestate.com\/wp-content\/uploads\/2026\/04\/Wohnung-mit-Garten-in-cala-dor-4-1-1536x1152.jpg"},"2048x2048":{"file":"Wohnung-mit-Garten-in-cala-dor-4-1-2048x1536.jpg","width":2048,"height":1536,"mime-type":"image\/jpeg","filesize":440955,"url":"https:\/\/www.lucasfroeserealestate.com\/wp-content\/uploads\/2026\/04\/Wohnung-mit-Garten-in-cala-dor-4-1-2048x1536.jpg"},"post-thumbnail":{"file":"Wohnung-mit-Garten-in-cala-dor-4-1-150x113.jpg","width":150,"height":113,"mime-type":"image\/jpeg","filesize":6196,"url":"https:\/\/www.lucasfroeserealestate.com\/wp-content\/uploads\/2026\/04\/Wohnung-mit-Garten-in-cala-dor-4-1-150x113.jpg"},"modern-property-child-slider":{"file":"Wohnung-mit-Garten-in-cala-dor-4-1-680x510.jpg","width":680,"height":510,"mime-type":"image\/jpeg","filesize":72005,"url":"https:\/\/www.lucasfroeserealestate.com\/wp-content\/uploads\/2026\/04\/Wohnung-mit-Garten-in-cala-dor-4-1-680x510.jpg"},"property-thumb-image":{"file":"Wohnung-mit-Garten-in-cala-dor-4-1-488x326.jpg","width":488,"height":326,"mime-type":"image\/jpeg","filesize":37890,"url":"https:\/\/www.lucasfroeserealestate.com\/wp-content\/uploads\/2026\/04\/Wohnung-mit-Garten-in-cala-dor-4-1-488x326.jpg"},"property-detail-video-image":{"file":"Wohnung-mit-Garten-in-cala-dor-4-1-818x417.jpg","width":818,"height":417,"mime-type":"image\/jpeg","filesize":70503,"url":"https:\/\/www.lucasfroeserealestate.com\/wp-content\/uploads\/2026\/04\/Wohnung-mit-Garten-in-cala-dor-4-1-818x417.jpg"},"agent-image":{"file":"Wohnung-mit-Garten-in-cala-dor-4-1-210x210.jpg","width":210,"height":210,"mime-type":"image\/jpeg","filesize":13131,"url":"https:\/\/www.lucasfroeserealestate.com\/wp-content\/uploads\/2026\/04\/Wohnung-mit-Garten-in-cala-dor-4-1-210x210.jpg"},"partners-logo":{"file":"Wohnung-mit-Garten-in-cala-dor-4-1-600x1800.jpg","width":600,"height":1800,"mime-type":"image\/jpeg","filesize":157983,"url":"https:\/\/www.lucasfroeserealestate.com\/wp-content\/uploads\/2026\/04\/Wohnung-mit-Garten-in-cala-dor-4-1-600x1800.jpg"},"post-featured-image":{"file":"Wohnung-mit-Garten-in-cala-dor-4-1-1240x720.jpg","width":1240,"height":720,"mime-type":"image\/jpeg","filesize":155118,"url":"https:\/\/www.lucasfroeserealestate.com\/wp-content\/uploads\/2026\/04\/Wohnung-mit-Garten-in-cala-dor-4-1-1240x720.jpg"}},"image_meta":{"aperture":"2.4","credit":"","camera":"iPhone 13","caption":"Haus Mallorca Cala d&#039;or","created_timestamp":"1774881171","copyright":"","focal_length":"1.54","iso":"320","shutter_speed":"0.01","title":"Haus Mallorca Cala d&#039;or","orientation":"0","keywords":["Haus Mallorca Cala d&#039;or"]},"ID":"84097","name":"Wohnung-mit-Garten-in-cala-dor-4-1.jpg","path":"\/home\/empleost\/domains\/lucasfroeserealestate.com\/public_html\/wp-content\/uploads\/2026\/04\/Wohnung-mit-Garten-in-cala-dor-4-1.jpg","url":"https:\/\/www.lucasfroeserealestate.com\/wp-content\/uploads\/2026\/04\/Wohnung-mit-Garten-in-cala-dor-4-1-150x150.jpg","full_url":"https:\/\/www.lucasfroeserealestate.com\/wp-content\/uploads\/2026\/04\/Wohnung-mit-Garten-in-cala-dor-4-1.jpg","title":"Haus Mallorca Cala d&#039;or","caption":"Haus Mallorca Cala d&#039;or","description":"","alt":"","srcset":"https:\/\/www.lucasfroeserealestate.com\/wp-content\/uploads\/2026\/04\/Wohnung-mit-Garten-in-cala-dor-4-1-150x150.jpg 150w, https:\/\/www.lucasfroeserealestate.com\/wp-content\/uploads\/2026\/04\/Wohnung-mit-Garten-in-cala-dor-4-1-210x210.jpg 210w"},{"width":150,"height":150,"file":"2026\/04\/Wohnung-mit-Garten-in-cala-dor-6-1.jpg","filesize":435285,"sizes":{"medium":{"file":"Wohnung-mit-Garten-in-cala-dor-6-1-300x225.jpg","width":300,"height":225,"mime-type":"image\/jpeg","filesize":17028,"url":"https:\/\/www.lucasfroeserealestate.com\/wp-content\/uploads\/2026\/04\/Wohnung-mit-Garten-in-cala-dor-6-1-300x225.jpg"},"large":{"file":"Wohnung-mit-Garten-in-cala-dor-6-1-1024x768.jpg","width":1024,"height":768,"mime-type":"image\/jpeg","filesize":128658,"url":"https:\/\/www.lucasfroeserealestate.com\/wp-content\/uploads\/2026\/04\/Wohnung-mit-Garten-in-cala-dor-6-1-1024x768.jpg"},"thumbnail":{"file":"Wohnung-mit-Garten-in-cala-dor-6-1-150x150.jpg","width":150,"height":150,"mime-type":"image\/jpeg","filesize":6808,"url":"https:\/\/www.lucasfroeserealestate.com\/wp-content\/uploads\/2026\/04\/Wohnung-mit-Garten-in-cala-dor-6-1-150x150.jpg"},"medium_large":{"file":"Wohnung-mit-Garten-in-cala-dor-6-1-768x576.jpg","width":768,"height":576,"mime-type":"image\/jpeg","filesize":78734,"url":"https:\/\/www.lucasfroeserealestate.com\/wp-content\/uploads\/2026\/04\/Wohnung-mit-Garten-in-cala-dor-6-1-768x576.jpg"},"1536x1536":{"file":"Wohnung-mit-Garten-in-cala-dor-6-1-1536x1152.jpg","width":1536,"height":1152,"mime-type":"image\/jpeg","filesize":253673,"url":"https:\/\/www.lucasfroeserealestate.com\/wp-content\/uploads\/2026\/04\/Wohnung-mit-Garten-in-cala-dor-6-1-1536x1152.jpg"},"2048x2048":{"file":"Wohnung-mit-Garten-in-cala-dor-6-1-2048x1536.jpg","width":2048,"height":1536,"mime-type":"image\/jpeg","filesize":403075,"url":"https:\/\/www.lucasfroeserealestate.com\/wp-content\/uploads\/2026\/04\/Wohnung-mit-Garten-in-cala-dor-6-1-2048x1536.jpg"},"post-thumbnail":{"file":"Wohnung-mit-Garten-in-cala-dor-6-1-150x113.jpg","width":150,"height":113,"mime-type":"image\/jpeg","filesize":5795,"url":"https:\/\/www.lucasfroeserealestate.com\/wp-content\/uploads\/2026\/04\/Wohnung-mit-Garten-in-cala-dor-6-1-150x113.jpg"},"modern-property-child-slider":{"file":"Wohnung-mit-Garten-in-cala-dor-6-1-680x510.jpg","width":680,"height":510,"mime-type":"image\/jpeg","filesize":64419,"url":"https:\/\/www.lucasfroeserealestate.com\/wp-content\/uploads\/2026\/04\/Wohnung-mit-Garten-in-cala-dor-6-1-680x510.jpg"},"property-thumb-image":{"file":"Wohnung-mit-Garten-in-cala-dor-6-1-488x326.jpg","width":488,"height":326,"mime-type":"image\/jpeg","filesize":34004,"url":"https:\/\/www.lucasfroeserealestate.com\/wp-content\/uploads\/2026\/04\/Wohnung-mit-Garten-in-cala-dor-6-1-488x326.jpg"},"property-detail-video-image":{"file":"Wohnung-mit-Garten-in-cala-dor-6-1-818x417.jpg","width":818,"height":417,"mime-type":"image\/jpeg","filesize":64807,"url":"https:\/\/www.lucasfroeserealestate.com\/wp-content\/uploads\/2026\/04\/Wohnung-mit-Garten-in-cala-dor-6-1-818x417.jpg"},"agent-image":{"file":"Wohnung-mit-Garten-in-cala-dor-6-1-210x210.jpg","width":210,"height":210,"mime-type":"image\/jpeg","filesize":11704,"url":"https:\/\/www.lucasfroeserealestate.com\/wp-content\/uploads\/2026\/04\/Wohnung-mit-Garten-in-cala-dor-6-1-210x210.jpg"},"partners-logo":{"file":"Wohnung-mit-Garten-in-cala-dor-6-1-600x1800.jpg","width":600,"height":1800,"mime-type":"image\/jpeg","filesize":139128,"url":"https:\/\/www.lucasfroeserealestate.com\/wp-content\/uploads\/2026\/04\/Wohnung-mit-Garten-in-cala-dor-6-1-600x1800.jpg"},"post-featured-image":{"file":"Wohnung-mit-Garten-in-cala-dor-6-1-1240x720.jpg","width":1240,"height":720,"mime-type":"image\/jpeg","filesize":142225,"url":"https:\/\/www.lucasfroeserealestate.com\/wp-content\/uploads\/2026\/04\/Wohnung-mit-Garten-in-cala-dor-6-1-1240x720.jpg"}},"image_meta":{"aperture":"2.4","credit":"","camera":"iPhone 13","caption":"Immobilien Mallorca","created_timestamp":"1774881195","copyright":"","focal_length":"1.54","iso":"250","shutter_speed":"0.01","title":"Immobilien Mallorca","orientation":"0","keywords":["Immobilien Mallorca"]},"ID":"84100","name":"Wohnung-mit-Garten-in-cala-dor-6-1.jpg","path":"\/home\/empleost\/domains\/lucasfroeserealestate.com\/public_html\/wp-content\/uploads\/2026\/04\/Wohnung-mit-Garten-in-cala-dor-6-1.jpg","url":"https:\/\/www.lucasfroeserealestate.com\/wp-content\/uploads\/2026\/04\/Wohnung-mit-Garten-in-cala-dor-6-1-150x150.jpg","full_url":"https:\/\/www.lucasfroeserealestate.com\/wp-content\/uploads\/2026\/04\/Wohnung-mit-Garten-in-cala-dor-6-1.jpg","title":"Immobilien Mallorca","caption":"Immobilien Mallorca","description":"","alt":"","srcset":"https:\/\/www.lucasfroeserealestate.com\/wp-content\/uploads\/2026\/04\/Wohnung-mit-Garten-in-cala-dor-6-1-150x150.jpg 150w, https:\/\/www.lucasfroeserealestate.com\/wp-content\/uploads\/2026\/04\/Wohnung-mit-Garten-in-cala-dor-6-1-210x210.jpg 210w"},{"width":150,"height":150,"file":"2026\/04\/Wohnung-mit-Garten-in-cala-dor-10-1.jpg","filesize":447000,"sizes":{"medium":{"file":"Wohnung-mit-Garten-in-cala-dor-10-1-300x225.jpg","width":300,"height":225,"mime-type":"image\/jpeg","filesize":17275,"url":"https:\/\/www.lucasfroeserealestate.com\/wp-content\/uploads\/2026\/04\/Wohnung-mit-Garten-in-cala-dor-10-1-300x225.jpg"},"large":{"file":"Wohnung-mit-Garten-in-cala-dor-10-1-1024x768.jpg","width":1024,"height":768,"mime-type":"image\/jpeg","filesize":127505,"url":"https:\/\/www.lucasfroeserealestate.com\/wp-content\/uploads\/2026\/04\/Wohnung-mit-Garten-in-cala-dor-10-1-1024x768.jpg"},"thumbnail":{"file":"Wohnung-mit-Garten-in-cala-dor-10-1-150x150.jpg","width":150,"height":150,"mime-type":"image\/jpeg","filesize":6859,"url":"https:\/\/www.lucasfroeserealestate.com\/wp-content\/uploads\/2026\/04\/Wohnung-mit-Garten-in-cala-dor-10-1-150x150.jpg"},"medium_large":{"file":"Wohnung-mit-Garten-in-cala-dor-10-1-768x576.jpg","width":768,"height":576,"mime-type":"image\/jpeg","filesize":78708,"url":"https:\/\/www.lucasfroeserealestate.com\/wp-content\/uploads\/2026\/04\/Wohnung-mit-Garten-in-cala-dor-10-1-768x576.jpg"},"1536x1536":{"file":"Wohnung-mit-Garten-in-cala-dor-10-1-1536x1152.jpg","width":1536,"height":1152,"mime-type":"image\/jpeg","filesize":252823,"url":"https:\/\/www.lucasfroeserealestate.com\/wp-content\/uploads\/2026\/04\/Wohnung-mit-Garten-in-cala-dor-10-1-1536x1152.jpg"},"2048x2048":{"file":"Wohnung-mit-Garten-in-cala-dor-10-1-2048x1536.jpg","width":2048,"height":1536,"mime-type":"image\/jpeg","filesize":403293,"url":"https:\/\/www.lucasfroeserealestate.com\/wp-content\/uploads\/2026\/04\/Wohnung-mit-Garten-in-cala-dor-10-1-2048x1536.jpg"},"post-thumbnail":{"file":"Wohnung-mit-Garten-in-cala-dor-10-1-150x113.jpg","width":150,"height":113,"mime-type":"image\/jpeg","filesize":5920,"url":"https:\/\/www.lucasfroeserealestate.com\/wp-content\/uploads\/2026\/04\/Wohnung-mit-Garten-in-cala-dor-10-1-150x113.jpg"},"modern-property-child-slider":{"file":"Wohnung-mit-Garten-in-cala-dor-10-1-680x510.jpg","width":680,"height":510,"mime-type":"image\/jpeg","filesize":64587,"url":"https:\/\/www.lucasfroeserealestate.com\/wp-content\/uploads\/2026\/04\/Wohnung-mit-Garten-in-cala-dor-10-1-680x510.jpg"},"property-thumb-image":{"file":"Wohnung-mit-Garten-in-cala-dor-10-1-488x326.jpg","width":488,"height":326,"mime-type":"image\/jpeg","filesize":34797,"url":"https:\/\/www.lucasfroeserealestate.com\/wp-content\/uploads\/2026\/04\/Wohnung-mit-Garten-in-cala-dor-10-1-488x326.jpg"},"property-detail-video-image":{"file":"Wohnung-mit-Garten-in-cala-dor-10-1-818x417.jpg","width":818,"height":417,"mime-type":"image\/jpeg","filesize":67932,"url":"https:\/\/www.lucasfroeserealestate.com\/wp-content\/uploads\/2026\/04\/Wohnung-mit-Garten-in-cala-dor-10-1-818x417.jpg"},"agent-image":{"file":"Wohnung-mit-Garten-in-cala-dor-10-1-210x210.jpg","width":210,"height":210,"mime-type":"image\/jpeg","filesize":11715,"url":"https:\/\/www.lucasfroeserealestate.com\/wp-content\/uploads\/2026\/04\/Wohnung-mit-Garten-in-cala-dor-10-1-210x210.jpg"},"partners-logo":{"file":"Wohnung-mit-Garten-in-cala-dor-10-1-600x1800.jpg","width":600,"height":1800,"mime-type":"image\/jpeg","filesize":131476,"url":"https:\/\/www.lucasfroeserealestate.com\/wp-content\/uploads\/2026\/04\/Wohnung-mit-Garten-in-cala-dor-10-1-600x1800.jpg"},"post-featured-image":{"file":"Wohnung-mit-Garten-in-cala-dor-10-1-1240x720.jpg","width":1240,"height":720,"mime-type":"image\/jpeg","filesize":145999,"url":"https:\/\/www.lucasfroeserealestate.com\/wp-content\/uploads\/2026\/04\/Wohnung-mit-Garten-in-cala-dor-10-1-1240x720.jpg"}},"image_meta":{"aperture":"2.4","credit":"","camera":"iPhone 13","caption":"Luxusimmobilien Mallorca","created_timestamp":"1774881370","copyright":"","focal_length":"1.54","iso":"500","shutter_speed":"0.02","title":"Luxusimmobilien Mallorca","orientation":"0","keywords":["Luxusimmobilien Mallorca"]},"ID":"84103","name":"Wohnung-mit-Garten-in-cala-dor-10-1.jpg","path":"\/home\/empleost\/domains\/lucasfroeserealestate.com\/public_html\/wp-content\/uploads\/2026\/04\/Wohnung-mit-Garten-in-cala-dor-10-1.jpg","url":"https:\/\/www.lucasfroeserealestate.com\/wp-content\/uploads\/2026\/04\/Wohnung-mit-Garten-in-cala-dor-10-1-150x150.jpg","full_url":"https:\/\/www.lucasfroeserealestate.com\/wp-content\/uploads\/2026\/04\/Wohnung-mit-Garten-in-cala-dor-10-1.jpg","title":"Luxusimmobilien Mallorca","caption":"Luxusimmobilien Mallorca","description":"","alt":"","srcset":"https:\/\/www.lucasfroeserealestate.com\/wp-content\/uploads\/2026\/04\/Wohnung-mit-Garten-in-cala-dor-10-1-150x150.jpg 150w, https:\/\/www.lucasfroeserealestate.com\/wp-content\/uploads\/2026\/04\/Wohnung-mit-Garten-in-cala-dor-10-1-210x210.jpg 210w"},{"width":150,"height":150,"file":"2026\/04\/Wohnung-mit-Garten-in-cala-dor-11-1.jpg","filesize":471844,"sizes":{"medium":{"file":"Wohnung-mit-Garten-in-cala-dor-11-1-300x225.jpg","width":300,"height":225,"mime-type":"image\/jpeg","filesize":17732,"url":"https:\/\/www.lucasfroeserealestate.com\/wp-content\/uploads\/2026\/04\/Wohnung-mit-Garten-in-cala-dor-11-1-300x225.jpg"},"large":{"file":"Wohnung-mit-Garten-in-cala-dor-11-1-1024x768.jpg","width":1024,"height":768,"mime-type":"image\/jpeg","filesize":130723,"url":"https:\/\/www.lucasfroeserealestate.com\/wp-content\/uploads\/2026\/04\/Wohnung-mit-Garten-in-cala-dor-11-1-1024x768.jpg"},"thumbnail":{"file":"Wohnung-mit-Garten-in-cala-dor-11-1-150x150.jpg","width":150,"height":150,"mime-type":"image\/jpeg","filesize":7649,"url":"https:\/\/www.lucasfroeserealestate.com\/wp-content\/uploads\/2026\/04\/Wohnung-mit-Garten-in-cala-dor-11-1-150x150.jpg"},"medium_large":{"file":"Wohnung-mit-Garten-in-cala-dor-11-1-768x576.jpg","width":768,"height":576,"mime-type":"image\/jpeg","filesize":80377,"url":"https:\/\/www.lucasfroeserealestate.com\/wp-content\/uploads\/2026\/04\/Wohnung-mit-Garten-in-cala-dor-11-1-768x576.jpg"},"1536x1536":{"file":"Wohnung-mit-Garten-in-cala-dor-11-1-1536x1152.jpg","width":1536,"height":1152,"mime-type":"image\/jpeg","filesize":260266,"url":"https:\/\/www.lucasfroeserealestate.com\/wp-content\/uploads\/2026\/04\/Wohnung-mit-Garten-in-cala-dor-11-1-1536x1152.jpg"},"2048x2048":{"file":"Wohnung-mit-Garten-in-cala-dor-11-1-2048x1536.jpg","width":2048,"height":1536,"mime-type":"image\/jpeg","filesize":415355,"url":"https:\/\/www.lucasfroeserealestate.com\/wp-content\/uploads\/2026\/04\/Wohnung-mit-Garten-in-cala-dor-11-1-2048x1536.jpg"},"post-thumbnail":{"file":"Wohnung-mit-Garten-in-cala-dor-11-1-150x113.jpg","width":150,"height":113,"mime-type":"image\/jpeg","filesize":6133,"url":"https:\/\/www.lucasfroeserealestate.com\/wp-content\/uploads\/2026\/04\/Wohnung-mit-Garten-in-cala-dor-11-1-150x113.jpg"},"modern-property-child-slider":{"file":"Wohnung-mit-Garten-in-cala-dor-11-1-680x510.jpg","width":680,"height":510,"mime-type":"image\/jpeg","filesize":66189,"url":"https:\/\/www.lucasfroeserealestate.com\/wp-content\/uploads\/2026\/04\/Wohnung-mit-Garten-in-cala-dor-11-1-680x510.jpg"},"property-thumb-image":{"file":"Wohnung-mit-Garten-in-cala-dor-11-1-488x326.jpg","width":488,"height":326,"mime-type":"image\/jpeg","filesize":34900,"url":"https:\/\/www.lucasfroeserealestate.com\/wp-content\/uploads\/2026\/04\/Wohnung-mit-Garten-in-cala-dor-11-1-488x326.jpg"},"property-detail-video-image":{"file":"Wohnung-mit-Garten-in-cala-dor-11-1-818x417.jpg","width":818,"height":417,"mime-type":"image\/jpeg","filesize":66955,"url":"https:\/\/www.lucasfroeserealestate.com\/wp-content\/uploads\/2026\/04\/Wohnung-mit-Garten-in-cala-dor-11-1-818x417.jpg"},"agent-image":{"file":"Wohnung-mit-Garten-in-cala-dor-11-1-210x210.jpg","width":210,"height":210,"mime-type":"image\/jpeg","filesize":13149,"url":"https:\/\/www.lucasfroeserealestate.com\/wp-content\/uploads\/2026\/04\/Wohnung-mit-Garten-in-cala-dor-11-1-210x210.jpg"},"partners-logo":{"file":"Wohnung-mit-Garten-in-cala-dor-11-1-600x1800.jpg","width":600,"height":1800,"mime-type":"image\/jpeg","filesize":145426,"url":"https:\/\/www.lucasfroeserealestate.com\/wp-content\/uploads\/2026\/04\/Wohnung-mit-Garten-in-cala-dor-11-1-600x1800.jpg"},"post-featured-image":{"file":"Wohnung-mit-Garten-in-cala-dor-11-1-1240x720.jpg","width":1240,"height":720,"mime-type":"image\/jpeg","filesize":145518,"url":"https:\/\/www.lucasfroeserealestate.com\/wp-content\/uploads\/2026\/04\/Wohnung-mit-Garten-in-cala-dor-11-1-1240x720.jpg"}},"image_meta":{"aperture":"2.4","credit":"","camera":"iPhone 13","caption":"Haus mit Terrasse","created_timestamp":"1774881383","copyright":"","focal_length":"1.54","iso":"640","shutter_speed":"0.02","title":"Haus mit Terrasse","orientation":"0","keywords":["Haus mit Terrasse"]},"ID":"84108","name":"Wohnung-mit-Garten-in-cala-dor-11-1.jpg","path":"\/home\/empleost\/domains\/lucasfroeserealestate.com\/public_html\/wp-content\/uploads\/2026\/04\/Wohnung-mit-Garten-in-cala-dor-11-1.jpg","url":"https:\/\/www.lucasfroeserealestate.com\/wp-content\/uploads\/2026\/04\/Wohnung-mit-Garten-in-cala-dor-11-1-150x150.jpg","full_url":"https:\/\/www.lucasfroeserealestate.com\/wp-content\/uploads\/2026\/04\/Wohnung-mit-Garten-in-cala-dor-11-1.jpg","title":"Haus mit Terrasse","caption":"Haus mit Terrasse","description":"","alt":"","srcset":"https:\/\/www.lucasfroeserealestate.com\/wp-content\/uploads\/2026\/04\/Wohnung-mit-Garten-in-cala-dor-11-1-150x150.jpg 150w, https:\/\/www.lucasfroeserealestate.com\/wp-content\/uploads\/2026\/04\/Wohnung-mit-Garten-in-cala-dor-11-1-210x210.jpg 210w"},{"width":150,"height":150,"file":"2026\/04\/Wohnung-mit-Garten-in-cala-dor-9-1.jpg","filesize":458283,"sizes":{"medium":{"file":"Wohnung-mit-Garten-in-cala-dor-9-1-300x225.jpg","width":300,"height":225,"mime-type":"image\/jpeg","filesize":22599,"url":"https:\/\/www.lucasfroeserealestate.com\/wp-content\/uploads\/2026\/04\/Wohnung-mit-Garten-in-cala-dor-9-1-300x225.jpg"},"large":{"file":"Wohnung-mit-Garten-in-cala-dor-9-1-1024x768.jpg","width":1024,"height":768,"mime-type":"image\/jpeg","filesize":167815,"url":"https:\/\/www.lucasfroeserealestate.com\/wp-content\/uploads\/2026\/04\/Wohnung-mit-Garten-in-cala-dor-9-1-1024x768.jpg"},"thumbnail":{"file":"Wohnung-mit-Garten-in-cala-dor-9-1-150x150.jpg","width":150,"height":150,"mime-type":"image\/jpeg","filesize":8631,"url":"https:\/\/www.lucasfroeserealestate.com\/wp-content\/uploads\/2026\/04\/Wohnung-mit-Garten-in-cala-dor-9-1-150x150.jpg"},"medium_large":{"file":"Wohnung-mit-Garten-in-cala-dor-9-1-768x576.jpg","width":768,"height":576,"mime-type":"image\/jpeg","filesize":105059,"url":"https:\/\/www.lucasfroeserealestate.com\/wp-content\/uploads\/2026\/04\/Wohnung-mit-Garten-in-cala-dor-9-1-768x576.jpg"},"1536x1536":{"file":"Wohnung-mit-Garten-in-cala-dor-9-1-1536x1152.jpg","width":1536,"height":1152,"mime-type":"image\/jpeg","filesize":322482,"url":"https:\/\/www.lucasfroeserealestate.com\/wp-content\/uploads\/2026\/04\/Wohnung-mit-Garten-in-cala-dor-9-1-1536x1152.jpg"},"2048x2048":{"file":"Wohnung-mit-Garten-in-cala-dor-9-1-2048x1536.jpg","width":2048,"height":1536,"mime-type":"image\/jpeg","filesize":504475,"url":"https:\/\/www.lucasfroeserealestate.com\/wp-content\/uploads\/2026\/04\/Wohnung-mit-Garten-in-cala-dor-9-1-2048x1536.jpg"},"post-thumbnail":{"file":"Wohnung-mit-Garten-in-cala-dor-9-1-150x113.jpg","width":150,"height":113,"mime-type":"image\/jpeg","filesize":7207,"url":"https:\/\/www.lucasfroeserealestate.com\/wp-content\/uploads\/2026\/04\/Wohnung-mit-Garten-in-cala-dor-9-1-150x113.jpg"},"modern-property-child-slider":{"file":"Wohnung-mit-Garten-in-cala-dor-9-1-680x510.jpg","width":680,"height":510,"mime-type":"image\/jpeg","filesize":86636,"url":"https:\/\/www.lucasfroeserealestate.com\/wp-content\/uploads\/2026\/04\/Wohnung-mit-Garten-in-cala-dor-9-1-680x510.jpg"},"property-thumb-image":{"file":"Wohnung-mit-Garten-in-cala-dor-9-1-488x326.jpg","width":488,"height":326,"mime-type":"image\/jpeg","filesize":46544,"url":"https:\/\/www.lucasfroeserealestate.com\/wp-content\/uploads\/2026\/04\/Wohnung-mit-Garten-in-cala-dor-9-1-488x326.jpg"},"property-detail-video-image":{"file":"Wohnung-mit-Garten-in-cala-dor-9-1-818x417.jpg","width":818,"height":417,"mime-type":"image\/jpeg","filesize":89359,"url":"https:\/\/www.lucasfroeserealestate.com\/wp-content\/uploads\/2026\/04\/Wohnung-mit-Garten-in-cala-dor-9-1-818x417.jpg"},"agent-image":{"file":"Wohnung-mit-Garten-in-cala-dor-9-1-210x210.jpg","width":210,"height":210,"mime-type":"image\/jpeg","filesize":15297,"url":"https:\/\/www.lucasfroeserealestate.com\/wp-content\/uploads\/2026\/04\/Wohnung-mit-Garten-in-cala-dor-9-1-210x210.jpg"},"partners-logo":{"file":"Wohnung-mit-Garten-in-cala-dor-9-1-600x1800.jpg","width":600,"height":1800,"mime-type":"image\/jpeg","filesize":152831,"url":"https:\/\/www.lucasfroeserealestate.com\/wp-content\/uploads\/2026\/04\/Wohnung-mit-Garten-in-cala-dor-9-1-600x1800.jpg"},"post-featured-image":{"file":"Wohnung-mit-Garten-in-cala-dor-9-1-1240x720.jpg","width":1240,"height":720,"mime-type":"image\/jpeg","filesize":190341,"url":"https:\/\/www.lucasfroeserealestate.com\/wp-content\/uploads\/2026\/04\/Wohnung-mit-Garten-in-cala-dor-9-1-1240x720.jpg"}},"image_meta":{"aperture":"2.4","credit":"","camera":"iPhone 13","caption":"Haus mit gros terrasse","created_timestamp":"1774881251","copyright":"","focal_length":"1.54","iso":"800","shutter_speed":"0.02","title":"Haus mit gros terrasse","orientation":"0","keywords":["Haus mit gros terrasse "]},"ID":"84102","name":"Wohnung-mit-Garten-in-cala-dor-9-1.jpg","path":"\/home\/empleost\/domains\/lucasfroeserealestate.com\/public_html\/wp-content\/uploads\/2026\/04\/Wohnung-mit-Garten-in-cala-dor-9-1.jpg","url":"https:\/\/www.lucasfroeserealestate.com\/wp-content\/uploads\/2026\/04\/Wohnung-mit-Garten-in-cala-dor-9-1-150x150.jpg","full_url":"https:\/\/www.lucasfroeserealestate.com\/wp-content\/uploads\/2026\/04\/Wohnung-mit-Garten-in-cala-dor-9-1.jpg","title":"Haus mit gros terrasse","caption":"Haus mit gros terrasse","description":"","alt":"","srcset":"https:\/\/www.lucasfroeserealestate.com\/wp-content\/uploads\/2026\/04\/Wohnung-mit-Garten-in-cala-dor-9-1-150x150.jpg 150w, https:\/\/www.lucasfroeserealestate.com\/wp-content\/uploads\/2026\/04\/Wohnung-mit-Garten-in-cala-dor-9-1-210x210.jpg 210w"},{"width":150,"height":150,"file":"2026\/04\/Wohnung-mit-Garten-in-cala-dor-5-1.jpg","filesize":533125,"sizes":{"medium":{"file":"Wohnung-mit-Garten-in-cala-dor-5-1-300x225.jpg","width":300,"height":225,"mime-type":"image\/jpeg","filesize":14827,"url":"https:\/\/www.lucasfroeserealestate.com\/wp-content\/uploads\/2026\/04\/Wohnung-mit-Garten-in-cala-dor-5-1-300x225.jpg"},"large":{"file":"Wohnung-mit-Garten-in-cala-dor-5-1-1024x768.jpg","width":1024,"height":768,"mime-type":"image\/jpeg","filesize":106448,"url":"https:\/\/www.lucasfroeserealestate.com\/wp-content\/uploads\/2026\/04\/Wohnung-mit-Garten-in-cala-dor-5-1-1024x768.jpg"},"thumbnail":{"file":"Wohnung-mit-Garten-in-cala-dor-5-1-150x150.jpg","width":150,"height":150,"mime-type":"image\/jpeg","filesize":6371,"url":"https:\/\/www.lucasfroeserealestate.com\/wp-content\/uploads\/2026\/04\/Wohnung-mit-Garten-in-cala-dor-5-1-150x150.jpg"},"medium_large":{"file":"Wohnung-mit-Garten-in-cala-dor-5-1-768x576.jpg","width":768,"height":576,"mime-type":"image\/jpeg","filesize":64701,"url":"https:\/\/www.lucasfroeserealestate.com\/wp-content\/uploads\/2026\/04\/Wohnung-mit-Garten-in-cala-dor-5-1-768x576.jpg"},"1536x1536":{"file":"Wohnung-mit-Garten-in-cala-dor-5-1-1536x1152.jpg","width":1536,"height":1152,"mime-type":"image\/jpeg","filesize":223622,"url":"https:\/\/www.lucasfroeserealestate.com\/wp-content\/uploads\/2026\/04\/Wohnung-mit-Garten-in-cala-dor-5-1-1536x1152.jpg"},"2048x2048":{"file":"Wohnung-mit-Garten-in-cala-dor-5-1-2048x1536.jpg","width":2048,"height":1536,"mime-type":"image\/jpeg","filesize":375705,"url":"https:\/\/www.lucasfroeserealestate.com\/wp-content\/uploads\/2026\/04\/Wohnung-mit-Garten-in-cala-dor-5-1-2048x1536.jpg"},"post-thumbnail":{"file":"Wohnung-mit-Garten-in-cala-dor-5-1-150x113.jpg","width":150,"height":113,"mime-type":"image\/jpeg","filesize":5369,"url":"https:\/\/www.lucasfroeserealestate.com\/wp-content\/uploads\/2026\/04\/Wohnung-mit-Garten-in-cala-dor-5-1-150x113.jpg"},"modern-property-child-slider":{"file":"Wohnung-mit-Garten-in-cala-dor-5-1-680x510.jpg","width":680,"height":510,"mime-type":"image\/jpeg","filesize":53254,"url":"https:\/\/www.lucasfroeserealestate.com\/wp-content\/uploads\/2026\/04\/Wohnung-mit-Garten-in-cala-dor-5-1-680x510.jpg"},"property-thumb-image":{"file":"Wohnung-mit-Garten-in-cala-dor-5-1-488x326.jpg","width":488,"height":326,"mime-type":"image\/jpeg","filesize":28188,"url":"https:\/\/www.lucasfroeserealestate.com\/wp-content\/uploads\/2026\/04\/Wohnung-mit-Garten-in-cala-dor-5-1-488x326.jpg"},"property-detail-video-image":{"file":"Wohnung-mit-Garten-in-cala-dor-5-1-818x417.jpg","width":818,"height":417,"mime-type":"image\/jpeg","filesize":50556,"url":"https:\/\/www.lucasfroeserealestate.com\/wp-content\/uploads\/2026\/04\/Wohnung-mit-Garten-in-cala-dor-5-1-818x417.jpg"},"agent-image":{"file":"Wohnung-mit-Garten-in-cala-dor-5-1-210x210.jpg","width":210,"height":210,"mime-type":"image\/jpeg","filesize":10654,"url":"https:\/\/www.lucasfroeserealestate.com\/wp-content\/uploads\/2026\/04\/Wohnung-mit-Garten-in-cala-dor-5-1-210x210.jpg"},"partners-logo":{"file":"Wohnung-mit-Garten-in-cala-dor-5-1-600x1800.jpg","width":600,"height":1800,"mime-type":"image\/jpeg","filesize":141564,"url":"https:\/\/www.lucasfroeserealestate.com\/wp-content\/uploads\/2026\/04\/Wohnung-mit-Garten-in-cala-dor-5-1-600x1800.jpg"},"post-featured-image":{"file":"Wohnung-mit-Garten-in-cala-dor-5-1-1240x720.jpg","width":1240,"height":720,"mime-type":"image\/jpeg","filesize":115343,"url":"https:\/\/www.lucasfroeserealestate.com\/wp-content\/uploads\/2026\/04\/Wohnung-mit-Garten-in-cala-dor-5-1-1240x720.jpg"}},"image_meta":{"aperture":"2.4","credit":"","camera":"iPhone 13","caption":"Haus mit 3 Schlafzimmer","created_timestamp":"1774881175","copyright":"","focal_length":"1.54","iso":"200","shutter_speed":"0.01","title":"Haus mit 3 Schlafzimmer","orientation":"0","keywords":["Haus mit 3 Schlafzimmer"]},"ID":"84098","name":"Wohnung-mit-Garten-in-cala-dor-5-1.jpg","path":"\/home\/empleost\/domains\/lucasfroeserealestate.com\/public_html\/wp-content\/uploads\/2026\/04\/Wohnung-mit-Garten-in-cala-dor-5-1.jpg","url":"https:\/\/www.lucasfroeserealestate.com\/wp-content\/uploads\/2026\/04\/Wohnung-mit-Garten-in-cala-dor-5-1-150x150.jpg","full_url":"https:\/\/www.lucasfroeserealestate.com\/wp-content\/uploads\/2026\/04\/Wohnung-mit-Garten-in-cala-dor-5-1.jpg","title":"Haus mit 3 Schlafzimmer","caption":"Haus mit 3 Schlafzimmer","description":"","alt":"","srcset":"https:\/\/www.lucasfroeserealestate.com\/wp-content\/uploads\/2026\/04\/Wohnung-mit-Garten-in-cala-dor-5-1-150x150.jpg 150w, https:\/\/www.lucasfroeserealestate.com\/wp-content\/uploads\/2026\/04\/Wohnung-mit-Garten-in-cala-dor-5-1-210x210.jpg 210w"},{"width":150,"height":150,"file":"2026\/04\/Wohnung-mit-Garten-in-cala-dor-7-1.jpg","filesize":477640,"sizes":{"medium":{"file":"Wohnung-mit-Garten-in-cala-dor-7-1-300x225.jpg","width":300,"height":225,"mime-type":"image\/jpeg","filesize":18386,"url":"https:\/\/www.lucasfroeserealestate.com\/wp-content\/uploads\/2026\/04\/Wohnung-mit-Garten-in-cala-dor-7-1-300x225.jpg"},"large":{"file":"Wohnung-mit-Garten-in-cala-dor-7-1-1024x768.jpg","width":1024,"height":768,"mime-type":"image\/jpeg","filesize":158254,"url":"https:\/\/www.lucasfroeserealestate.com\/wp-content\/uploads\/2026\/04\/Wohnung-mit-Garten-in-cala-dor-7-1-1024x768.jpg"},"thumbnail":{"file":"Wohnung-mit-Garten-in-cala-dor-7-1-150x150.jpg","width":150,"height":150,"mime-type":"image\/jpeg","filesize":7508,"url":"https:\/\/www.lucasfroeserealestate.com\/wp-content\/uploads\/2026\/04\/Wohnung-mit-Garten-in-cala-dor-7-1-150x150.jpg"},"medium_large":{"file":"Wohnung-mit-Garten-in-cala-dor-7-1-768x576.jpg","width":768,"height":576,"mime-type":"image\/jpeg","filesize":93712,"url":"https:\/\/www.lucasfroeserealestate.com\/wp-content\/uploads\/2026\/04\/Wohnung-mit-Garten-in-cala-dor-7-1-768x576.jpg"},"1536x1536":{"file":"Wohnung-mit-Garten-in-cala-dor-7-1-1536x1152.jpg","width":1536,"height":1152,"mime-type":"image\/jpeg","filesize":328953,"url":"https:\/\/www.lucasfroeserealestate.com\/wp-content\/uploads\/2026\/04\/Wohnung-mit-Garten-in-cala-dor-7-1-1536x1152.jpg"},"2048x2048":{"file":"Wohnung-mit-Garten-in-cala-dor-7-1-2048x1536.jpg","width":2048,"height":1536,"mime-type":"image\/jpeg","filesize":531179,"url":"https:\/\/www.lucasfroeserealestate.com\/wp-content\/uploads\/2026\/04\/Wohnung-mit-Garten-in-cala-dor-7-1-2048x1536.jpg"},"post-thumbnail":{"file":"Wohnung-mit-Garten-in-cala-dor-7-1-150x113.jpg","width":150,"height":113,"mime-type":"image\/jpeg","filesize":5888,"url":"https:\/\/www.lucasfroeserealestate.com\/wp-content\/uploads\/2026\/04\/Wohnung-mit-Garten-in-cala-dor-7-1-150x113.jpg"},"modern-property-child-slider":{"file":"Wohnung-mit-Garten-in-cala-dor-7-1-680x510.jpg","width":680,"height":510,"mime-type":"image\/jpeg","filesize":74864,"url":"https:\/\/www.lucasfroeserealestate.com\/wp-content\/uploads\/2026\/04\/Wohnung-mit-Garten-in-cala-dor-7-1-680x510.jpg"},"property-thumb-image":{"file":"Wohnung-mit-Garten-in-cala-dor-7-1-488x326.jpg","width":488,"height":326,"mime-type":"image\/jpeg","filesize":38561,"url":"https:\/\/www.lucasfroeserealestate.com\/wp-content\/uploads\/2026\/04\/Wohnung-mit-Garten-in-cala-dor-7-1-488x326.jpg"},"property-detail-video-image":{"file":"Wohnung-mit-Garten-in-cala-dor-7-1-818x417.jpg","width":818,"height":417,"mime-type":"image\/jpeg","filesize":77079,"url":"https:\/\/www.lucasfroeserealestate.com\/wp-content\/uploads\/2026\/04\/Wohnung-mit-Garten-in-cala-dor-7-1-818x417.jpg"},"agent-image":{"file":"Wohnung-mit-Garten-in-cala-dor-7-1-210x210.jpg","width":210,"height":210,"mime-type":"image\/jpeg","filesize":13233,"url":"https:\/\/www.lucasfroeserealestate.com\/wp-content\/uploads\/2026\/04\/Wohnung-mit-Garten-in-cala-dor-7-1-210x210.jpg"},"partners-logo":{"file":"Wohnung-mit-Garten-in-cala-dor-7-1-600x1800.jpg","width":600,"height":1800,"mime-type":"image\/jpeg","filesize":165768,"url":"https:\/\/www.lucasfroeserealestate.com\/wp-content\/uploads\/2026\/04\/Wohnung-mit-Garten-in-cala-dor-7-1-600x1800.jpg"},"post-featured-image":{"file":"Wohnung-mit-Garten-in-cala-dor-7-1-1240x720.jpg","width":1240,"height":720,"mime-type":"image\/jpeg","filesize":179841,"url":"https:\/\/www.lucasfroeserealestate.com\/wp-content\/uploads\/2026\/04\/Wohnung-mit-Garten-in-cala-dor-7-1-1240x720.jpg"}},"image_meta":{"aperture":"2.4","credit":"","camera":"iPhone 13","caption":"ger\u00e4umiges Schlafzimmer Cala d&#039;or","created_timestamp":"1774881221","copyright":"","focal_length":"1.54","iso":"320","shutter_speed":"0.02","title":"ger\u00e4umiges Schlafzimmer Cala d&#039;or","orientation":"0","keywords":["ger\u00e4umiges Schlafzimmer Cala d&#039;or"]},"ID":"84099","name":"Wohnung-mit-Garten-in-cala-dor-7-1.jpg","path":"\/home\/empleost\/domains\/lucasfroeserealestate.com\/public_html\/wp-content\/uploads\/2026\/04\/Wohnung-mit-Garten-in-cala-dor-7-1.jpg","url":"https:\/\/www.lucasfroeserealestate.com\/wp-content\/uploads\/2026\/04\/Wohnung-mit-Garten-in-cala-dor-7-1-150x150.jpg","full_url":"https:\/\/www.lucasfroeserealestate.com\/wp-content\/uploads\/2026\/04\/Wohnung-mit-Garten-in-cala-dor-7-1.jpg","title":"ger\u00e4umiges Schlafzimmer Cala d&#039;or","caption":"ger\u00e4umiges Schlafzimmer Cala d&#039;or","description":"","alt":"","srcset":"https:\/\/www.lucasfroeserealestate.com\/wp-content\/uploads\/2026\/04\/Wohnung-mit-Garten-in-cala-dor-7-1-150x150.jpg 150w, https:\/\/www.lucasfroeserealestate.com\/wp-content\/uploads\/2026\/04\/Wohnung-mit-Garten-in-cala-dor-7-1-210x210.jpg 210w"},{"width":150,"height":150,"file":"2026\/04\/Wohnung-mit-Garten-in-cala-dor-8-1.jpg","filesize":497410,"sizes":{"medium":{"file":"Wohnung-mit-Garten-in-cala-dor-8-1-300x225.jpg","width":300,"height":225,"mime-type":"image\/jpeg","filesize":15762,"url":"https:\/\/www.lucasfroeserealestate.com\/wp-content\/uploads\/2026\/04\/Wohnung-mit-Garten-in-cala-dor-8-1-300x225.jpg"},"large":{"file":"Wohnung-mit-Garten-in-cala-dor-8-1-1024x768.jpg","width":1024,"height":768,"mime-type":"image\/jpeg","filesize":131738,"url":"https:\/\/www.lucasfroeserealestate.com\/wp-content\/uploads\/2026\/04\/Wohnung-mit-Garten-in-cala-dor-8-1-1024x768.jpg"},"thumbnail":{"file":"Wohnung-mit-Garten-in-cala-dor-8-1-150x150.jpg","width":150,"height":150,"mime-type":"image\/jpeg","filesize":6361,"url":"https:\/\/www.lucasfroeserealestate.com\/wp-content\/uploads\/2026\/04\/Wohnung-mit-Garten-in-cala-dor-8-1-150x150.jpg"},"medium_large":{"file":"Wohnung-mit-Garten-in-cala-dor-8-1-768x576.jpg","width":768,"height":576,"mime-type":"image\/jpeg","filesize":76855,"url":"https:\/\/www.lucasfroeserealestate.com\/wp-content\/uploads\/2026\/04\/Wohnung-mit-Garten-in-cala-dor-8-1-768x576.jpg"},"1536x1536":{"file":"Wohnung-mit-Garten-in-cala-dor-8-1-1536x1152.jpg","width":1536,"height":1152,"mime-type":"image\/jpeg","filesize":282952,"url":"https:\/\/www.lucasfroeserealestate.com\/wp-content\/uploads\/2026\/04\/Wohnung-mit-Garten-in-cala-dor-8-1-1536x1152.jpg"},"2048x2048":{"file":"Wohnung-mit-Garten-in-cala-dor-8-1-2048x1536.jpg","width":2048,"height":1536,"mime-type":"image\/jpeg","filesize":468594,"url":"https:\/\/www.lucasfroeserealestate.com\/wp-content\/uploads\/2026\/04\/Wohnung-mit-Garten-in-cala-dor-8-1-2048x1536.jpg"},"post-thumbnail":{"file":"Wohnung-mit-Garten-in-cala-dor-8-1-150x113.jpg","width":150,"height":113,"mime-type":"image\/jpeg","filesize":5420,"url":"https:\/\/www.lucasfroeserealestate.com\/wp-content\/uploads\/2026\/04\/Wohnung-mit-Garten-in-cala-dor-8-1-150x113.jpg"},"modern-property-child-slider":{"file":"Wohnung-mit-Garten-in-cala-dor-8-1-680x510.jpg","width":680,"height":510,"mime-type":"image\/jpeg","filesize":61713,"url":"https:\/\/www.lucasfroeserealestate.com\/wp-content\/uploads\/2026\/04\/Wohnung-mit-Garten-in-cala-dor-8-1-680x510.jpg"},"property-thumb-image":{"file":"Wohnung-mit-Garten-in-cala-dor-8-1-488x326.jpg","width":488,"height":326,"mime-type":"image\/jpeg","filesize":31267,"url":"https:\/\/www.lucasfroeserealestate.com\/wp-content\/uploads\/2026\/04\/Wohnung-mit-Garten-in-cala-dor-8-1-488x326.jpg"},"property-detail-video-image":{"file":"Wohnung-mit-Garten-in-cala-dor-8-1-818x417.jpg","width":818,"height":417,"mime-type":"image\/jpeg","filesize":61648,"url":"https:\/\/www.lucasfroeserealestate.com\/wp-content\/uploads\/2026\/04\/Wohnung-mit-Garten-in-cala-dor-8-1-818x417.jpg"},"agent-image":{"file":"Wohnung-mit-Garten-in-cala-dor-8-1-210x210.jpg","width":210,"height":210,"mime-type":"image\/jpeg","filesize":10962,"url":"https:\/\/www.lucasfroeserealestate.com\/wp-content\/uploads\/2026\/04\/Wohnung-mit-Garten-in-cala-dor-8-1-210x210.jpg"},"partners-logo":{"file":"Wohnung-mit-Garten-in-cala-dor-8-1-600x1800.jpg","width":600,"height":1800,"mime-type":"image\/jpeg","filesize":157682,"url":"https:\/\/www.lucasfroeserealestate.com\/wp-content\/uploads\/2026\/04\/Wohnung-mit-Garten-in-cala-dor-8-1-600x1800.jpg"},"post-featured-image":{"file":"Wohnung-mit-Garten-in-cala-dor-8-1-1240x720.jpg","width":1240,"height":720,"mime-type":"image\/jpeg","filesize":149488,"url":"https:\/\/www.lucasfroeserealestate.com\/wp-content\/uploads\/2026\/04\/Wohnung-mit-Garten-in-cala-dor-8-1-1240x720.jpg"}},"image_meta":{"aperture":"2.4","credit":"","camera":"iPhone 13","caption":"ger\u00e4umiges Schlafzimmer","created_timestamp":"1774881232","copyright":"","focal_length":"1.54","iso":"200","shutter_speed":"0.02","title":"ger\u00e4umiges Schlafzimmer","orientation":"0","keywords":["ger\u00e4umiges Schlafzimmer"]},"ID":"84101","name":"Wohnung-mit-Garten-in-cala-dor-8-1.jpg","path":"\/home\/empleost\/domains\/lucasfroeserealestate.com\/public_html\/wp-content\/uploads\/2026\/04\/Wohnung-mit-Garten-in-cala-dor-8-1.jpg","url":"https:\/\/www.lucasfroeserealestate.com\/wp-content\/uploads\/2026\/04\/Wohnung-mit-Garten-in-cala-dor-8-1-150x150.jpg","full_url":"https:\/\/www.lucasfroeserealestate.com\/wp-content\/uploads\/2026\/04\/Wohnung-mit-Garten-in-cala-dor-8-1.jpg","title":"ger\u00e4umiges Schlafzimmer","caption":"ger\u00e4umiges Schlafzimmer","description":"","alt":"","srcset":"https:\/\/www.lucasfroeserealestate.com\/wp-content\/uploads\/2026\/04\/Wohnung-mit-Garten-in-cala-dor-8-1-150x150.jpg 150w, https:\/\/www.lucasfroeserealestate.com\/wp-content\/uploads\/2026\/04\/Wohnung-mit-Garten-in-cala-dor-8-1-210x210.jpg 210w"},{"width":150,"height":150,"file":"2026\/04\/Wohnung-mit-Garten-in-cala-dor-1.jpg","filesize":470258,"sizes":{"medium":{"file":"Wohnung-mit-Garten-in-cala-dor-1-300x225.jpg","width":300,"height":225,"mime-type":"image\/jpeg","filesize":14676,"url":"https:\/\/www.lucasfroeserealestate.com\/wp-content\/uploads\/2026\/04\/Wohnung-mit-Garten-in-cala-dor-1-300x225.jpg"},"large":{"file":"Wohnung-mit-Garten-in-cala-dor-1-1024x768.jpg","width":1024,"height":768,"mime-type":"image\/jpeg","filesize":103861,"url":"https:\/\/www.lucasfroeserealestate.com\/wp-content\/uploads\/2026\/04\/Wohnung-mit-Garten-in-cala-dor-1-1024x768.jpg"},"thumbnail":{"file":"Wohnung-mit-Garten-in-cala-dor-1-150x150.jpg","width":150,"height":150,"mime-type":"image\/jpeg","filesize":6513,"url":"https:\/\/www.lucasfroeserealestate.com\/wp-content\/uploads\/2026\/04\/Wohnung-mit-Garten-in-cala-dor-1-150x150.jpg"},"medium_large":{"file":"Wohnung-mit-Garten-in-cala-dor-1-768x576.jpg","width":768,"height":576,"mime-type":"image\/jpeg","filesize":64425,"url":"https:\/\/www.lucasfroeserealestate.com\/wp-content\/uploads\/2026\/04\/Wohnung-mit-Garten-in-cala-dor-1-768x576.jpg"},"1536x1536":{"file":"Wohnung-mit-Garten-in-cala-dor-1-1536x1152.jpg","width":1536,"height":1152,"mime-type":"image\/jpeg","filesize":210186,"url":"https:\/\/www.lucasfroeserealestate.com\/wp-content\/uploads\/2026\/04\/Wohnung-mit-Garten-in-cala-dor-1-1536x1152.jpg"},"2048x2048":{"file":"Wohnung-mit-Garten-in-cala-dor-1-2048x1536.jpg","width":2048,"height":1536,"mime-type":"image\/jpeg","filesize":347933,"url":"https:\/\/www.lucasfroeserealestate.com\/wp-content\/uploads\/2026\/04\/Wohnung-mit-Garten-in-cala-dor-1-2048x1536.jpg"},"post-thumbnail":{"file":"Wohnung-mit-Garten-in-cala-dor-1-150x113.jpg","width":150,"height":113,"mime-type":"image\/jpeg","filesize":5201,"url":"https:\/\/www.lucasfroeserealestate.com\/wp-content\/uploads\/2026\/04\/Wohnung-mit-Garten-in-cala-dor-1-150x113.jpg"},"modern-property-child-slider":{"file":"Wohnung-mit-Garten-in-cala-dor-1-680x510.jpg","width":680,"height":510,"mime-type":"image\/jpeg","filesize":53129,"url":"https:\/\/www.lucasfroeserealestate.com\/wp-content\/uploads\/2026\/04\/Wohnung-mit-Garten-in-cala-dor-1-680x510.jpg"},"property-thumb-image":{"file":"Wohnung-mit-Garten-in-cala-dor-1-488x326.jpg","width":488,"height":326,"mime-type":"image\/jpeg","filesize":29059,"url":"https:\/\/www.lucasfroeserealestate.com\/wp-content\/uploads\/2026\/04\/Wohnung-mit-Garten-in-cala-dor-1-488x326.jpg"},"property-detail-video-image":{"file":"Wohnung-mit-Garten-in-cala-dor-1-818x417.jpg","width":818,"height":417,"mime-type":"image\/jpeg","filesize":54309,"url":"https:\/\/www.lucasfroeserealestate.com\/wp-content\/uploads\/2026\/04\/Wohnung-mit-Garten-in-cala-dor-1-818x417.jpg"},"agent-image":{"file":"Wohnung-mit-Garten-in-cala-dor-1-210x210.jpg","width":210,"height":210,"mime-type":"image\/jpeg","filesize":11061,"url":"https:\/\/www.lucasfroeserealestate.com\/wp-content\/uploads\/2026\/04\/Wohnung-mit-Garten-in-cala-dor-1-210x210.jpg"},"partners-logo":{"file":"Wohnung-mit-Garten-in-cala-dor-1-600x1800.jpg","width":600,"height":1800,"mime-type":"image\/jpeg","filesize":147301,"url":"https:\/\/www.lucasfroeserealestate.com\/wp-content\/uploads\/2026\/04\/Wohnung-mit-Garten-in-cala-dor-1-600x1800.jpg"},"post-featured-image":{"file":"Wohnung-mit-Garten-in-cala-dor-1-1240x720.jpg","width":1240,"height":720,"mime-type":"image\/jpeg","filesize":118350,"url":"https:\/\/www.lucasfroeserealestate.com\/wp-content\/uploads\/2026\/04\/Wohnung-mit-Garten-in-cala-dor-1-1240x720.jpg"}},"image_meta":{"aperture":"2.4","credit":"","camera":"iPhone 13","caption":"Luxusimmobilien","created_timestamp":"1774881115","copyright":"","focal_length":"1.54","iso":"640","shutter_speed":"0.02","title":"Luxusimmobilien","orientation":"0","keywords":["Luxusimmobilien"]},"ID":"84104","name":"Wohnung-mit-Garten-in-cala-dor-1.jpg","path":"\/home\/empleost\/domains\/lucasfroeserealestate.com\/public_html\/wp-content\/uploads\/2026\/04\/Wohnung-mit-Garten-in-cala-dor-1.jpg","url":"https:\/\/www.lucasfroeserealestate.com\/wp-content\/uploads\/2026\/04\/Wohnung-mit-Garten-in-cala-dor-1-150x150.jpg","full_url":"https:\/\/www.lucasfroeserealestate.com\/wp-content\/uploads\/2026\/04\/Wohnung-mit-Garten-in-cala-dor-1.jpg","title":"Luxusimmobilien","caption":"Luxusimmobilien","description":"","alt":"","srcset":"https:\/\/www.lucasfroeserealestate.com\/wp-content\/uploads\/2026\/04\/Wohnung-mit-Garten-in-cala-dor-1-150x150.jpg 150w, https:\/\/www.lucasfroeserealestate.com\/wp-content\/uploads\/2026\/04\/Wohnung-mit-Garten-in-cala-dor-1-210x210.jpg 210w"},{"width":150,"height":150,"file":"2026\/04\/Wohnung-mit-Garten-in-cala-dor-13-1.jpg","filesize":527690,"sizes":{"medium":{"file":"Wohnung-mit-Garten-in-cala-dor-13-1-300x225.jpg","width":300,"height":225,"mime-type":"image\/jpeg","filesize":20582,"url":"https:\/\/www.lucasfroeserealestate.com\/wp-content\/uploads\/2026\/04\/Wohnung-mit-Garten-in-cala-dor-13-1-300x225.jpg"},"large":{"file":"Wohnung-mit-Garten-in-cala-dor-13-1-1024x768.jpg","width":1024,"height":768,"mime-type":"image\/jpeg","filesize":155847,"url":"https:\/\/www.lucasfroeserealestate.com\/wp-content\/uploads\/2026\/04\/Wohnung-mit-Garten-in-cala-dor-13-1-1024x768.jpg"},"thumbnail":{"file":"Wohnung-mit-Garten-in-cala-dor-13-1-150x150.jpg","width":150,"height":150,"mime-type":"image\/jpeg","filesize":8387,"url":"https:\/\/www.lucasfroeserealestate.com\/wp-content\/uploads\/2026\/04\/Wohnung-mit-Garten-in-cala-dor-13-1-150x150.jpg"},"medium_large":{"file":"Wohnung-mit-Garten-in-cala-dor-13-1-768x576.jpg","width":768,"height":576,"mime-type":"image\/jpeg","filesize":96411,"url":"https:\/\/www.lucasfroeserealestate.com\/wp-content\/uploads\/2026\/04\/Wohnung-mit-Garten-in-cala-dor-13-1-768x576.jpg"},"1536x1536":{"file":"Wohnung-mit-Garten-in-cala-dor-13-1-1536x1152.jpg","width":1536,"height":1152,"mime-type":"image\/jpeg","filesize":301227,"url":"https:\/\/www.lucasfroeserealestate.com\/wp-content\/uploads\/2026\/04\/Wohnung-mit-Garten-in-cala-dor-13-1-1536x1152.jpg"},"2048x2048":{"file":"Wohnung-mit-Garten-in-cala-dor-13-1-2048x1536.jpg","width":2048,"height":1536,"mime-type":"image\/jpeg","filesize":469622,"url":"https:\/\/www.lucasfroeserealestate.com\/wp-content\/uploads\/2026\/04\/Wohnung-mit-Garten-in-cala-dor-13-1-2048x1536.jpg"},"post-thumbnail":{"file":"Wohnung-mit-Garten-in-cala-dor-13-1-150x113.jpg","width":150,"height":113,"mime-type":"image\/jpeg","filesize":6763,"url":"https:\/\/www.lucasfroeserealestate.com\/wp-content\/uploads\/2026\/04\/Wohnung-mit-Garten-in-cala-dor-13-1-150x113.jpg"},"modern-property-child-slider":{"file":"Wohnung-mit-Garten-in-cala-dor-13-1-680x510.jpg","width":680,"height":510,"mime-type":"image\/jpeg","filesize":79002,"url":"https:\/\/www.lucasfroeserealestate.com\/wp-content\/uploads\/2026\/04\/Wohnung-mit-Garten-in-cala-dor-13-1-680x510.jpg"},"property-thumb-image":{"file":"Wohnung-mit-Garten-in-cala-dor-13-1-488x326.jpg","width":488,"height":326,"mime-type":"image\/jpeg","filesize":41278,"url":"https:\/\/www.lucasfroeserealestate.com\/wp-content\/uploads\/2026\/04\/Wohnung-mit-Garten-in-cala-dor-13-1-488x326.jpg"},"property-detail-video-image":{"file":"Wohnung-mit-Garten-in-cala-dor-13-1-818x417.jpg","width":818,"height":417,"mime-type":"image\/jpeg","filesize":80271,"url":"https:\/\/www.lucasfroeserealestate.com\/wp-content\/uploads\/2026\/04\/Wohnung-mit-Garten-in-cala-dor-13-1-818x417.jpg"},"agent-image":{"file":"Wohnung-mit-Garten-in-cala-dor-13-1-210x210.jpg","width":210,"height":210,"mime-type":"image\/jpeg","filesize":14577,"url":"https:\/\/www.lucasfroeserealestate.com\/wp-content\/uploads\/2026\/04\/Wohnung-mit-Garten-in-cala-dor-13-1-210x210.jpg"},"partners-logo":{"file":"Wohnung-mit-Garten-in-cala-dor-13-1-600x1800.jpg","width":600,"height":1800,"mime-type":"image\/jpeg","filesize":170321,"url":"https:\/\/www.lucasfroeserealestate.com\/wp-content\/uploads\/2026\/04\/Wohnung-mit-Garten-in-cala-dor-13-1-600x1800.jpg"},"post-featured-image":{"file":"Wohnung-mit-Garten-in-cala-dor-13-1-1240x720.jpg","width":1240,"height":720,"mime-type":"image\/jpeg","filesize":173922,"url":"https:\/\/www.lucasfroeserealestate.com\/wp-content\/uploads\/2026\/04\/Wohnung-mit-Garten-in-cala-dor-13-1-1240x720.jpg"}},"image_meta":{"aperture":"2.4","credit":"","camera":"iPhone 13","caption":"Immobilien Cala d&#039;or","created_timestamp":"1774881467","copyright":"","focal_length":"1.54","iso":"32","shutter_speed":"0.00055555555555556","title":"Immobilien Cala d&#039;or","orientation":"0","keywords":["Immobilien Cala d&#039;or"]},"ID":"84105","name":"Wohnung-mit-Garten-in-cala-dor-13-1.jpg","path":"\/home\/empleost\/domains\/lucasfroeserealestate.com\/public_html\/wp-content\/uploads\/2026\/04\/Wohnung-mit-Garten-in-cala-dor-13-1.jpg","url":"https:\/\/www.lucasfroeserealestate.com\/wp-content\/uploads\/2026\/04\/Wohnung-mit-Garten-in-cala-dor-13-1-150x150.jpg","full_url":"https:\/\/www.lucasfroeserealestate.com\/wp-content\/uploads\/2026\/04\/Wohnung-mit-Garten-in-cala-dor-13-1.jpg","title":"Immobilien Cala d&#039;or","caption":"Immobilien Cala d&#039;or","description":"","alt":"","srcset":"https:\/\/www.lucasfroeserealestate.com\/wp-content\/uploads\/2026\/04\/Wohnung-mit-Garten-in-cala-dor-13-1-150x150.jpg 150w, https:\/\/www.lucasfroeserealestate.com\/wp-content\/uploads\/2026\/04\/Wohnung-mit-Garten-in-cala-dor-13-1-210x210.jpg 210w"},{"width":150,"height":150,"file":"2026\/04\/Wohnung-mit-Garten-in-cala-dor-14-1.jpg","filesize":495818,"sizes":{"medium":{"file":"Wohnung-mit-Garten-in-cala-dor-14-1-300x225.jpg","width":300,"height":225,"mime-type":"image\/jpeg","filesize":21549,"url":"https:\/\/www.lucasfroeserealestate.com\/wp-content\/uploads\/2026\/04\/Wohnung-mit-Garten-in-cala-dor-14-1-300x225.jpg"},"large":{"file":"Wohnung-mit-Garten-in-cala-dor-14-1-1024x768.jpg","width":1024,"height":768,"mime-type":"image\/jpeg","filesize":178207,"url":"https:\/\/www.lucasfroeserealestate.com\/wp-content\/uploads\/2026\/04\/Wohnung-mit-Garten-in-cala-dor-14-1-1024x768.jpg"},"thumbnail":{"file":"Wohnung-mit-Garten-in-cala-dor-14-1-150x150.jpg","width":150,"height":150,"mime-type":"image\/jpeg","filesize":8250,"url":"https:\/\/www.lucasfroeserealestate.com\/wp-content\/uploads\/2026\/04\/Wohnung-mit-Garten-in-cala-dor-14-1-150x150.jpg"},"medium_large":{"file":"Wohnung-mit-Garten-in-cala-dor-14-1-768x576.jpg","width":768,"height":576,"mime-type":"image\/jpeg","filesize":108421,"url":"https:\/\/www.lucasfroeserealestate.com\/wp-content\/uploads\/2026\/04\/Wohnung-mit-Garten-in-cala-dor-14-1-768x576.jpg"},"1536x1536":{"file":"Wohnung-mit-Garten-in-cala-dor-14-1-1536x1152.jpg","width":1536,"height":1152,"mime-type":"image\/jpeg","filesize":343479,"url":"https:\/\/www.lucasfroeserealestate.com\/wp-content\/uploads\/2026\/04\/Wohnung-mit-Garten-in-cala-dor-14-1-1536x1152.jpg"},"2048x2048":{"file":"Wohnung-mit-Garten-in-cala-dor-14-1-2048x1536.jpg","width":2048,"height":1536,"mime-type":"image\/jpeg","filesize":531288,"url":"https:\/\/www.lucasfroeserealestate.com\/wp-content\/uploads\/2026\/04\/Wohnung-mit-Garten-in-cala-dor-14-1-2048x1536.jpg"},"post-thumbnail":{"file":"Wohnung-mit-Garten-in-cala-dor-14-1-150x113.jpg","width":150,"height":113,"mime-type":"image\/jpeg","filesize":6673,"url":"https:\/\/www.lucasfroeserealestate.com\/wp-content\/uploads\/2026\/04\/Wohnung-mit-Garten-in-cala-dor-14-1-150x113.jpg"},"modern-property-child-slider":{"file":"Wohnung-mit-Garten-in-cala-dor-14-1-680x510.jpg","width":680,"height":510,"mime-type":"image\/jpeg","filesize":88425,"url":"https:\/\/www.lucasfroeserealestate.com\/wp-content\/uploads\/2026\/04\/Wohnung-mit-Garten-in-cala-dor-14-1-680x510.jpg"},"property-thumb-image":{"file":"Wohnung-mit-Garten-in-cala-dor-14-1-488x326.jpg","width":488,"height":326,"mime-type":"image\/jpeg","filesize":44380,"url":"https:\/\/www.lucasfroeserealestate.com\/wp-content\/uploads\/2026\/04\/Wohnung-mit-Garten-in-cala-dor-14-1-488x326.jpg"},"property-detail-video-image":{"file":"Wohnung-mit-Garten-in-cala-dor-14-1-818x417.jpg","width":818,"height":417,"mime-type":"image\/jpeg","filesize":88425,"url":"https:\/\/www.lucasfroeserealestate.com\/wp-content\/uploads\/2026\/04\/Wohnung-mit-Garten-in-cala-dor-14-1-818x417.jpg"},"agent-image":{"file":"Wohnung-mit-Garten-in-cala-dor-14-1-210x210.jpg","width":210,"height":210,"mime-type":"image\/jpeg","filesize":14726,"url":"https:\/\/www.lucasfroeserealestate.com\/wp-content\/uploads\/2026\/04\/Wohnung-mit-Garten-in-cala-dor-14-1-210x210.jpg"},"partners-logo":{"file":"Wohnung-mit-Garten-in-cala-dor-14-1-600x1800.jpg","width":600,"height":1800,"mime-type":"image\/jpeg","filesize":204574,"url":"https:\/\/www.lucasfroeserealestate.com\/wp-content\/uploads\/2026\/04\/Wohnung-mit-Garten-in-cala-dor-14-1-600x1800.jpg"},"post-featured-image":{"file":"Wohnung-mit-Garten-in-cala-dor-14-1-1240x720.jpg","width":1240,"height":720,"mime-type":"image\/jpeg","filesize":196956,"url":"https:\/\/www.lucasfroeserealestate.com\/wp-content\/uploads\/2026\/04\/Wohnung-mit-Garten-in-cala-dor-14-1-1240x720.jpg"}},"image_meta":{"aperture":"2.4","credit":"","camera":"iPhone 13","caption":"Immobilien Felanitx","created_timestamp":"1774881487","copyright":"","focal_length":"1.54","iso":"32","shutter_speed":"0.0017857142857143","title":"Immobilien Felanitx","orientation":"0","keywords":["Immobilien Felanitx"]},"ID":"84106","name":"Wohnung-mit-Garten-in-cala-dor-14-1.jpg","path":"\/home\/empleost\/domains\/lucasfroeserealestate.com\/public_html\/wp-content\/uploads\/2026\/04\/Wohnung-mit-Garten-in-cala-dor-14-1.jpg","url":"https:\/\/www.lucasfroeserealestate.com\/wp-content\/uploads\/2026\/04\/Wohnung-mit-Garten-in-cala-dor-14-1-150x150.jpg","full_url":"https:\/\/www.lucasfroeserealestate.com\/wp-content\/uploads\/2026\/04\/Wohnung-mit-Garten-in-cala-dor-14-1.jpg","title":"Immobilien Felanitx","caption":"Immobilien Felanitx","description":"","alt":"","srcset":"https:\/\/www.lucasfroeserealestate.com\/wp-content\/uploads\/2026\/04\/Wohnung-mit-Garten-in-cala-dor-14-1-150x150.jpg 150w, https:\/\/www.lucasfroeserealestate.com\/wp-content\/uploads\/2026\/04\/Wohnung-mit-Garten-in-cala-dor-14-1-210x210.jpg 210w"},{"width":150,"height":150,"file":"2026\/04\/Wohnung-mit-Garten-in-cala-dor-12-1.jpg","filesize":480062,"sizes":{"medium":{"file":"Wohnung-mit-Garten-in-cala-dor-12-1-300x225.jpg","width":300,"height":225,"mime-type":"image\/jpeg","filesize":20683,"url":"https:\/\/www.lucasfroeserealestate.com\/wp-content\/uploads\/2026\/04\/Wohnung-mit-Garten-in-cala-dor-12-1-300x225.jpg"},"large":{"file":"Wohnung-mit-Garten-in-cala-dor-12-1-1024x768.jpg","width":1024,"height":768,"mime-type":"image\/jpeg","filesize":172551,"url":"https:\/\/www.lucasfroeserealestate.com\/wp-content\/uploads\/2026\/04\/Wohnung-mit-Garten-in-cala-dor-12-1-1024x768.jpg"},"thumbnail":{"file":"Wohnung-mit-Garten-in-cala-dor-12-1-150x150.jpg","width":150,"height":150,"mime-type":"image\/jpeg","filesize":7957,"url":"https:\/\/www.lucasfroeserealestate.com\/wp-content\/uploads\/2026\/04\/Wohnung-mit-Garten-in-cala-dor-12-1-150x150.jpg"},"medium_large":{"file":"Wohnung-mit-Garten-in-cala-dor-12-1-768x576.jpg","width":768,"height":576,"mime-type":"image\/jpeg","filesize":105378,"url":"https:\/\/www.lucasfroeserealestate.com\/wp-content\/uploads\/2026\/04\/Wohnung-mit-Garten-in-cala-dor-12-1-768x576.jpg"},"1536x1536":{"file":"Wohnung-mit-Garten-in-cala-dor-12-1-1536x1152.jpg","width":1536,"height":1152,"mime-type":"image\/jpeg","filesize":332462,"url":"https:\/\/www.lucasfroeserealestate.com\/wp-content\/uploads\/2026\/04\/Wohnung-mit-Garten-in-cala-dor-12-1-1536x1152.jpg"},"2048x2048":{"file":"Wohnung-mit-Garten-in-cala-dor-12-1-2048x1536.jpg","width":2048,"height":1536,"mime-type":"image\/jpeg","filesize":513703,"url":"https:\/\/www.lucasfroeserealestate.com\/wp-content\/uploads\/2026\/04\/Wohnung-mit-Garten-in-cala-dor-12-1-2048x1536.jpg"},"post-thumbnail":{"file":"Wohnung-mit-Garten-in-cala-dor-12-1-150x113.jpg","width":150,"height":113,"mime-type":"image\/jpeg","filesize":6408,"url":"https:\/\/www.lucasfroeserealestate.com\/wp-content\/uploads\/2026\/04\/Wohnung-mit-Garten-in-cala-dor-12-1-150x113.jpg"},"modern-property-child-slider":{"file":"Wohnung-mit-Garten-in-cala-dor-12-1-680x510.jpg","width":680,"height":510,"mime-type":"image\/jpeg","filesize":85706,"url":"https:\/\/www.lucasfroeserealestate.com\/wp-content\/uploads\/2026\/04\/Wohnung-mit-Garten-in-cala-dor-12-1-680x510.jpg"},"property-thumb-image":{"file":"Wohnung-mit-Garten-in-cala-dor-12-1-488x326.jpg","width":488,"height":326,"mime-type":"image\/jpeg","filesize":44009,"url":"https:\/\/www.lucasfroeserealestate.com\/wp-content\/uploads\/2026\/04\/Wohnung-mit-Garten-in-cala-dor-12-1-488x326.jpg"},"property-detail-video-image":{"file":"Wohnung-mit-Garten-in-cala-dor-12-1-818x417.jpg","width":818,"height":417,"mime-type":"image\/jpeg","filesize":86619,"url":"https:\/\/www.lucasfroeserealestate.com\/wp-content\/uploads\/2026\/04\/Wohnung-mit-Garten-in-cala-dor-12-1-818x417.jpg"},"agent-image":{"file":"Wohnung-mit-Garten-in-cala-dor-12-1-210x210.jpg","width":210,"height":210,"mime-type":"image\/jpeg","filesize":14372,"url":"https:\/\/www.lucasfroeserealestate.com\/wp-content\/uploads\/2026\/04\/Wohnung-mit-Garten-in-cala-dor-12-1-210x210.jpg"},"partners-logo":{"file":"Wohnung-mit-Garten-in-cala-dor-12-1-600x1800.jpg","width":600,"height":1800,"mime-type":"image\/jpeg","filesize":199387,"url":"https:\/\/www.lucasfroeserealestate.com\/wp-content\/uploads\/2026\/04\/Wohnung-mit-Garten-in-cala-dor-12-1-600x1800.jpg"},"post-featured-image":{"file":"Wohnung-mit-Garten-in-cala-dor-12-1-1240x720.jpg","width":1240,"height":720,"mime-type":"image\/jpeg","filesize":194843,"url":"https:\/\/www.lucasfroeserealestate.com\/wp-content\/uploads\/2026\/04\/Wohnung-mit-Garten-in-cala-dor-12-1-1240x720.jpg"}},"image_meta":{"aperture":"2.4","credit":"","camera":"iPhone 13","caption":"Haus mit Terrasse in Cala d&#039;or","created_timestamp":"1774881444","copyright":"","focal_length":"1.54","iso":"32","shutter_speed":"0.0018518518518519","title":"Haus mit Terrasse in Cala d&#039;or","orientation":"0","keywords":["Haus mit Terrasse in Cala d&#039;or"]},"ID":"84107","name":"Wohnung-mit-Garten-in-cala-dor-12-1.jpg","path":"\/home\/empleost\/domains\/lucasfroeserealestate.com\/public_html\/wp-content\/uploads\/2026\/04\/Wohnung-mit-Garten-in-cala-dor-12-1.jpg","url":"https:\/\/www.lucasfroeserealestate.com\/wp-content\/uploads\/2026\/04\/Wohnung-mit-Garten-in-cala-dor-12-1-150x150.jpg","full_url":"https:\/\/www.lucasfroeserealestate.com\/wp-content\/uploads\/2026\/04\/Wohnung-mit-Garten-in-cala-dor-12-1.jpg","title":"Casa con terraza en Cala d'or","caption":"Casa con terraza en Cala d'or","description":"","alt":"","srcset":"https:\/\/www.lucasfroeserealestate.com\/wp-content\/uploads\/2026\/04\/Wohnung-mit-Garten-in-cala-dor-12-1-150x150.jpg 150w, https:\/\/www.lucasfroeserealestate.com\/wp-content\/uploads\/2026\/04\/Wohnung-mit-Garten-in-cala-dor-12-1-210x210.jpg 210w"}],"REAL_HOMES_change_gallery_slider_type":"0","REAL_HOMES_gallery_slider_type":"thumb-on-right","inspiry_floor_plans":[{"inspiry_floor_plan_size":"140","inspiry_floor_plan_bedrooms":"3","inspiry_floor_plan_bathrooms":"1"}],"inspiry_video_group":[],"REAL_HOMES_360_virtual_tour":"","REAL_HOMES_agent_display_option":"agent_info","REAL_HOMES_agents":["6675"],"REAL_HOMES_energy_class":"none","REAL_HOMES_energy_performance":"In process","REAL_HOMES_epc_current_rating":"","REAL_HOMES_epc_potential_rating":"","ere_property_schedule_tour":"global","ere_property_schedule_time_slots":"","ere_property_schedule_description":"","REAL_HOMES_sticky":"0","inspiry_property_label":"","inspiry_property_label_color":"","inspiry_property_tax":"","inspiry_additional_fee":"","REAL_HOMES_attachments":[],"inspiry_property_owner_name":"Jose","inspiry_property_owner_contact":"+34 609 44 84 68","inspiry_property_owner_address":"","REAL_HOMES_property_private_note":"","inspiry_message_to_reviewer":"","REAL_HOMES_add_in_slider":"no","REAL_HOMES_slider_image":[],"REAL_HOMES_page_banner_image":[],"REAL_HOMES_hide_property_advance_search":"0","inspiry_ausrichtung":"","inspiry_strasse":"","inspiry_hausnummer":"","inspiry_plz":"","inspiry_ort":"Cala d'Or","inspiry_land":"Espa\u00f1a","inspiry_new-build":"No","inspiry_kyero_prime_activator":[],"inspiry_kyero_xml_format":["Fotocasa","Mimove","Kyero"],"inspiry_openimmo_xml_format":[],"inspiry_idealista_xml_format":["Idealista"],"inspiry_etagen":"0","inspiry_etage_(wo_sich_die_wohnung_befindet,_sonst_0)":"0","inspiry_gesamtfl\u00e4che\/bebaute_fl\u00e4che_(mehr_als_wohnfl\u00e4che*)":"","inspiry_anzahl_zimmer_sz_esszimmer_wohnzimmer_hobby_zimmer_usw":"4","inspiry_anzahl_terrassen":"1","inspiry_anzahl_wohneinheiten":"1","inspiry_google_maps_link":"","inspiry_google_drive_link":"https:\/\/drive.google.com\/drive\/folders\/13DHBprjJKidkbNuDx1mMgxaCZ3qwX4gK?usp=drive_link","inspiry_location_coordinates_gm":"","inspiry_erhaltungszustand_der_immobilie":"Gut","inspiry_heizungsart":"","inspiry_qualit\u00e4t_der_ausstattung":"Normal","inspiry_kauf\/miete":"Kauf","inspiry_kategorie":"Wohnen","inspiry_typ":"Haus","inspiry_art":"Stadthaus","inspiry_land_type_(only_plots)":"Urbano","inspiry_listed_by":"IR","inspiry_comission_(%)":"","inspiry_lage_beschreibung":"","inspiry_austattung_beschreibung":"","inspiry_bodenbelag":"Marmor","inspiry_distanz_zum_flughafen_(min)":"45","inspiry_auftragsart":"","inspiry_keys":[],"inspiry_preis_pro_m2":"","inspiry_office_listed":"Felanitx","inspiry_suchkriterien_extras":[" Cerca de la playa (10')"],"REAL_HOMES_custom_header_display":"default","REAL_HOMES_custom_header_position":"relative","REAL_HOMES_custom_footer_display":"default","REAL_HOMES_hide_advance_search":"0","REAL_HOMES_custom_search_form":"default","REAL_HOMES_search_form_margin_top":"","REAL_HOMES_search_form_margin_bottom":""},"_links":{"self":[{"href":"https:\/\/www.lucasfroeserealestate.com\/es\/wp-json\/wp\/v2\/immobilien\/84094","targetHints":{"allow":["GET"]}}],"collection":[{"href":"https:\/\/www.lucasfroeserealestate.com\/es\/wp-json\/wp\/v2\/immobilien"}],"about":[{"href":"https:\/\/www.lucasfroeserealestate.com\/es\/wp-json\/wp\/v2\/types\/property"}],"author":[{"embeddable":true,"href":"https:\/\/www.lucasfroeserealestate.com\/es\/wp-json\/wp\/v2\/users\/22"}],"replies":[{"embeddable":true,"href":"https:\/\/www.lucasfroeserealestate.com\/es\/wp-json\/wp\/v2\/comments?post=84094"}],"version-history":[{"count":4,"href":"https:\/\/www.lucasfroeserealestate.com\/es\/wp-json\/wp\/v2\/immobilien\/84094\/revisions"}],"predecessor-version":[{"id":84137,"href":"https:\/\/www.lucasfroeserealestate.com\/es\/wp-json\/wp\/v2\/immobilien\/84094\/revisions\/84137"}],"wp:featuredmedia":[{"embeddable":true,"href":"https:\/\/www.lucasfroeserealestate.com\/es\/wp-json\/wp\/v2\/media\/84107"}],"wp:attachment":[{"href":"https:\/\/www.lucasfroeserealestate.com\/es\/wp-json\/wp\/v2\/media?parent=84094"}],"wp:term":[{"taxonomy":"property-feature","embeddable":true,"href":"https:\/\/www.lucasfroeserealestate.com\/es\/wp-json\/wp\/v2\/immobilien-austattung?post=84094"},{"taxonomy":"property-type","embeddable":true,"href":"https:\/\/www.lucasfroeserealestate.com\/es\/wp-json\/wp\/v2\/immobilien-typ?post=84094"},{"taxonomy":"property-city","embeddable":true,"href":"https:\/\/www.lucasfroeserealestate.com\/es\/wp-json\/wp\/v2\/immobilien-ortschaft?post=84094"},{"taxonomy":"property-status","embeddable":true,"href":"https:\/\/www.lucasfroeserealestate.com\/es\/wp-json\/wp\/v2\/immobilien-status?post=84094"}],"curies":[{"name":"wp","href":"https:\/\/api.w.org\/{rel}","templated":true}]}}