{"id":81504,"date":"2026-02-12T15:15:23","date_gmt":"2026-02-12T14:15:23","guid":{"rendered":"https:\/\/www.lucasfroeserealestate.com\/immobilien\/exclusiva-casa-de-pueblo-en-el-centro-de-cas-concos\/"},"modified":"2026-03-13T17:18:11","modified_gmt":"2026-03-13T16:18:11","slug":"exclusiva-casa-de-pueblo-en-el-centro-de-cas-concos","status":"publish","type":"property","link":"https:\/\/www.lucasfroeserealestate.com\/es\/immobilien\/exclusiva-casa-de-pueblo-en-el-centro-de-cas-concos\/","title":{"rendered":"EXCLUSIVA - Casa de pueblo en el centro de Cas Concos"},"content":{"rendered":"<p data-start=\"236\" data-end=\"416\">Se trata de una casa de pueblo mallorquina en el centro de Cas Concos.<\/p>\n<p data-start=\"236\" data-end=\"416\">Sobre una parcela de 176 m\u00b2 se levanta una casa mallorquina con una superficie construida de 218 m\u00b2.<\/p>\n<p data-start=\"418\" data-end=\"543\">En la planta baja hay zonas comunes como la cocina, el comedor, el sal\u00f3n, un cuarto de ba\u00f1o y dos dormitorios.<\/p>\n<p data-start=\"545\" data-end=\"669\">La casa tiene un bonito jard\u00edn de unos 40 m\u00b2 con una hermosa palmera que forma un \u00abporche\u00bb natural.<\/p>\n<p data-start=\"671\" data-end=\"779\">En la primera planta hay dos habitaciones muy grandes que pueden utilizarse de diversas maneras, as\u00ed como un dormitorio.<\/p>\n<p data-start=\"781\" data-end=\"999\">La casa conserva detalles mallorquines como vigas de madera (en buen estado en la planta baja), paneles de madera, arcos y baldosas hidr\u00e1ulicas. Debido a la antig\u00fcedad de la casa, es necesaria una reforma integral. <\/p>\n<p data-start=\"1001\" data-end=\"1117\">Cas Concos es una zona muy exclusiva debido a la escasa oferta y alt\u00edsima demanda del mercado.<\/p>\n<p data-start=\"1119\" data-end=\"1197\">No dudes en pedir m\u00e1s informaci\u00f3n sobre esta propiedad.<\/p>\n","protected":false},"excerpt":{"rendered":"<p>Se trata de una casa de pueblo mallorquina en el centro de Cas Concos. Sobre una parcela de 176 m\u00b2 se levanta una casa mallorquina con una superficie construida de 218 m\u00b2. En la planta baja hay zonas comunes como la cocina, el comedor, el sal\u00f3n, un cuarto de ba\u00f1o y dos dormitorios. La casa&#8230;<\/p>\n","protected":false},"author":8,"featured_media":81858,"parent":0,"menu_order":0,"comment_status":"closed","ping_status":"closed","template":"","immobilien-austattung":[141,2070,103,1575,138,4111,137,100,1505,4058,146,1573,109,98],"immobilien-typ":[86],"immobilien-ortschaft":[118],"immobilien-status":[114],"class_list":["post-81504","property","type-property","status-publish","has-post-thumbnail","hentry","property-feature-stadtwasser-es","property-feature-moebliert-es","property-feature-kamin-es","property-feature-zisterne-wassertank-es","property-feature-standard-es","property-feature-inmueble-exclusivo","property-feature-investitionsimmobilie-es","property-feature-garten-es","property-feature-gesa-strom-es","property-feature-top-immobilien-angebot-es","property-feature-patio-es","property-feature-porche-porches-es","property-feature-terrasse-es","property-feature-abstellraum-es","property-type-casasychalets","property-city-casconcos-es","property-status-venta"],"property_meta":{"REAL_HOMES_property_price":"450000","REAL_HOMES_property_old_price":"","REAL_HOMES_property_price_prefix":"","REAL_HOMES_property_price_postfix":"","REAL_HOMES_property_size":"218","REAL_HOMES_property_size_postfix":"","REAL_HOMES_property_lot_size":"176","REAL_HOMES_property_lot_size_postfix":"","REAL_HOMES_property_bedrooms":"4","REAL_HOMES_property_bathrooms":"1","REAL_HOMES_property_garage":"","REAL_HOMES_property_id":"LF0867","REAL_HOMES_property_year_built":"1950","rvr_property_owner":"","REAL_HOMES_featured":"","REAL_HOMES_additional_details_list":[],"REAL_HOMES_property_location":{"latitude":"39.41845358204","longitude":"3.1374618791927","zoom":"18"},"REAL_HOMES_property_address":"Cas Concos","REAL_HOMES_property_map":"0","REAL_HOMES_property_images":[{"width":150,"height":150,"file":"2026\/03\/Stadhaus-in-Zentrum-von-Cas-Concos-3.jpg","filesize":529565,"sizes":{"medium":{"file":"Stadhaus-in-Zentrum-von-Cas-Concos-3-300x200.jpg","width":300,"height":200,"mime-type":"image\/jpeg","filesize":15325,"url":"https:\/\/www.lucasfroeserealestate.com\/wp-content\/uploads\/2026\/03\/Stadhaus-in-Zentrum-von-Cas-Concos-3-300x200.jpg"},"large":{"file":"Stadhaus-in-Zentrum-von-Cas-Concos-3-1024x683.jpg","width":1024,"height":683,"mime-type":"image\/jpeg","filesize":106191,"url":"https:\/\/www.lucasfroeserealestate.com\/wp-content\/uploads\/2026\/03\/Stadhaus-in-Zentrum-von-Cas-Concos-3-1024x683.jpg"},"thumbnail":{"file":"Stadhaus-in-Zentrum-von-Cas-Concos-3-150x150.jpg","width":150,"height":150,"mime-type":"image\/jpeg","filesize":7221,"url":"https:\/\/www.lucasfroeserealestate.com\/wp-content\/uploads\/2026\/03\/Stadhaus-in-Zentrum-von-Cas-Concos-3-150x150.jpg"},"medium_large":{"file":"Stadhaus-in-Zentrum-von-Cas-Concos-3-768x512.jpg","width":768,"height":512,"mime-type":"image\/jpeg","filesize":66977,"url":"https:\/\/www.lucasfroeserealestate.com\/wp-content\/uploads\/2026\/03\/Stadhaus-in-Zentrum-von-Cas-Concos-3-768x512.jpg"},"1536x1536":{"file":"Stadhaus-in-Zentrum-von-Cas-Concos-3-1536x1024.jpg","width":1536,"height":1024,"mime-type":"image\/jpeg","filesize":197751,"url":"https:\/\/www.lucasfroeserealestate.com\/wp-content\/uploads\/2026\/03\/Stadhaus-in-Zentrum-von-Cas-Concos-3-1536x1024.jpg"},"2048x2048":{"file":"Stadhaus-in-Zentrum-von-Cas-Concos-3-2048x1366.jpg","width":2048,"height":1366,"mime-type":"image\/jpeg","filesize":305487,"url":"https:\/\/www.lucasfroeserealestate.com\/wp-content\/uploads\/2026\/03\/Stadhaus-in-Zentrum-von-Cas-Concos-3-2048x1366.jpg"},"post-thumbnail":{"file":"Stadhaus-in-Zentrum-von-Cas-Concos-3-150x100.jpg","width":150,"height":100,"mime-type":"image\/jpeg","filesize":5520,"url":"https:\/\/www.lucasfroeserealestate.com\/wp-content\/uploads\/2026\/03\/Stadhaus-in-Zentrum-von-Cas-Concos-3-150x100.jpg"},"modern-property-child-slider":{"file":"Stadhaus-in-Zentrum-von-Cas-Concos-3-680x510.jpg","width":680,"height":510,"mime-type":"image\/jpeg","filesize":60277,"url":"https:\/\/www.lucasfroeserealestate.com\/wp-content\/uploads\/2026\/03\/Stadhaus-in-Zentrum-von-Cas-Concos-3-680x510.jpg"},"property-thumb-image":{"file":"Stadhaus-in-Zentrum-von-Cas-Concos-3-488x326.jpg","width":488,"height":326,"mime-type":"image\/jpeg","filesize":33414,"url":"https:\/\/www.lucasfroeserealestate.com\/wp-content\/uploads\/2026\/03\/Stadhaus-in-Zentrum-von-Cas-Concos-3-488x326.jpg"},"property-detail-video-image":{"file":"Stadhaus-in-Zentrum-von-Cas-Concos-3-818x417.jpg","width":818,"height":417,"mime-type":"image\/jpeg","filesize":58153,"url":"https:\/\/www.lucasfroeserealestate.com\/wp-content\/uploads\/2026\/03\/Stadhaus-in-Zentrum-von-Cas-Concos-3-818x417.jpg"},"agent-image":{"file":"Stadhaus-in-Zentrum-von-Cas-Concos-3-210x210.jpg","width":210,"height":210,"mime-type":"image\/jpeg","filesize":11979,"url":"https:\/\/www.lucasfroeserealestate.com\/wp-content\/uploads\/2026\/03\/Stadhaus-in-Zentrum-von-Cas-Concos-3-210x210.jpg"},"partners-logo":{"file":"Stadhaus-in-Zentrum-von-Cas-Concos-3-600x1667.jpg","width":600,"height":1667,"mime-type":"image\/jpeg","filesize":125010,"url":"https:\/\/www.lucasfroeserealestate.com\/wp-content\/uploads\/2026\/03\/Stadhaus-in-Zentrum-von-Cas-Concos-3-600x1667.jpg"},"post-featured-image":{"file":"Stadhaus-in-Zentrum-von-Cas-Concos-3-1240x720.jpg","width":1240,"height":720,"mime-type":"image\/jpeg","filesize":125061,"url":"https:\/\/www.lucasfroeserealestate.com\/wp-content\/uploads\/2026\/03\/Stadhaus-in-Zentrum-von-Cas-Concos-3-1240x720.jpg"}},"image_meta":{"aperture":"6.3","credit":"LFRE","camera":"ILCE-7M2","caption":"Eingangsbereich Mallorca","created_timestamp":"1773145815","copyright":"","focal_length":"14","iso":"2500","shutter_speed":"0.004","title":"Eingangsbereich Mallorca","orientation":"0","keywords":["Eingangsbereich Mallorca"]},"ID":"81858","name":"Stadhaus-in-Zentrum-von-Cas-Concos-3.jpg","path":"\/home\/empleost\/domains\/lucasfroeserealestate.com\/public_html\/wp-content\/uploads\/2026\/03\/Stadhaus-in-Zentrum-von-Cas-Concos-3.jpg","url":"https:\/\/www.lucasfroeserealestate.com\/wp-content\/uploads\/2026\/03\/Stadhaus-in-Zentrum-von-Cas-Concos-3-150x150.jpg","full_url":"https:\/\/www.lucasfroeserealestate.com\/wp-content\/uploads\/2026\/03\/Stadhaus-in-Zentrum-von-Cas-Concos-3.jpg","title":"Eingangsbereich Mallorca","caption":"Eingangsbereich Mallorca","description":"","alt":"Eingangsbereich Mallorca","srcset":"https:\/\/www.lucasfroeserealestate.com\/wp-content\/uploads\/2026\/03\/Stadhaus-in-Zentrum-von-Cas-Concos-3-150x150.jpg 150w, https:\/\/www.lucasfroeserealestate.com\/wp-content\/uploads\/2026\/03\/Stadhaus-in-Zentrum-von-Cas-Concos-3-210x210.jpg 210w"},{"width":150,"height":150,"file":"2026\/03\/Stadhaus-in-Zentrum-von-Cas-Concos-4.jpg","filesize":554870,"sizes":{"medium":{"file":"Stadhaus-in-Zentrum-von-Cas-Concos-4-300x200.jpg","width":300,"height":200,"mime-type":"image\/jpeg","filesize":15930,"url":"https:\/\/www.lucasfroeserealestate.com\/wp-content\/uploads\/2026\/03\/Stadhaus-in-Zentrum-von-Cas-Concos-4-300x200.jpg"},"large":{"file":"Stadhaus-in-Zentrum-von-Cas-Concos-4-1024x683.jpg","width":1024,"height":683,"mime-type":"image\/jpeg","filesize":118349,"url":"https:\/\/www.lucasfroeserealestate.com\/wp-content\/uploads\/2026\/03\/Stadhaus-in-Zentrum-von-Cas-Concos-4-1024x683.jpg"},"thumbnail":{"file":"Stadhaus-in-Zentrum-von-Cas-Concos-4-150x150.jpg","width":150,"height":150,"mime-type":"image\/jpeg","filesize":7518,"url":"https:\/\/www.lucasfroeserealestate.com\/wp-content\/uploads\/2026\/03\/Stadhaus-in-Zentrum-von-Cas-Concos-4-150x150.jpg"},"medium_large":{"file":"Stadhaus-in-Zentrum-von-Cas-Concos-4-768x512.jpg","width":768,"height":512,"mime-type":"image\/jpeg","filesize":73566,"url":"https:\/\/www.lucasfroeserealestate.com\/wp-content\/uploads\/2026\/03\/Stadhaus-in-Zentrum-von-Cas-Concos-4-768x512.jpg"},"1536x1536":{"file":"Stadhaus-in-Zentrum-von-Cas-Concos-4-1536x1024.jpg","width":1536,"height":1024,"mime-type":"image\/jpeg","filesize":226765,"url":"https:\/\/www.lucasfroeserealestate.com\/wp-content\/uploads\/2026\/03\/Stadhaus-in-Zentrum-von-Cas-Concos-4-1536x1024.jpg"},"2048x2048":{"file":"Stadhaus-in-Zentrum-von-Cas-Concos-4-2048x1366.jpg","width":2048,"height":1366,"mime-type":"image\/jpeg","filesize":356705,"url":"https:\/\/www.lucasfroeserealestate.com\/wp-content\/uploads\/2026\/03\/Stadhaus-in-Zentrum-von-Cas-Concos-4-2048x1366.jpg"},"post-thumbnail":{"file":"Stadhaus-in-Zentrum-von-Cas-Concos-4-150x100.jpg","width":150,"height":100,"mime-type":"image\/jpeg","filesize":5609,"url":"https:\/\/www.lucasfroeserealestate.com\/wp-content\/uploads\/2026\/03\/Stadhaus-in-Zentrum-von-Cas-Concos-4-150x100.jpg"},"modern-property-child-slider":{"file":"Stadhaus-in-Zentrum-von-Cas-Concos-4-680x510.jpg","width":680,"height":510,"mime-type":"image\/jpeg","filesize":67120,"url":"https:\/\/www.lucasfroeserealestate.com\/wp-content\/uploads\/2026\/03\/Stadhaus-in-Zentrum-von-Cas-Concos-4-680x510.jpg"},"property-thumb-image":{"file":"Stadhaus-in-Zentrum-von-Cas-Concos-4-488x326.jpg","width":488,"height":326,"mime-type":"image\/jpeg","filesize":35357,"url":"https:\/\/www.lucasfroeserealestate.com\/wp-content\/uploads\/2026\/03\/Stadhaus-in-Zentrum-von-Cas-Concos-4-488x326.jpg"},"property-detail-video-image":{"file":"Stadhaus-in-Zentrum-von-Cas-Concos-4-818x417.jpg","width":818,"height":417,"mime-type":"image\/jpeg","filesize":62889,"url":"https:\/\/www.lucasfroeserealestate.com\/wp-content\/uploads\/2026\/03\/Stadhaus-in-Zentrum-von-Cas-Concos-4-818x417.jpg"},"agent-image":{"file":"Stadhaus-in-Zentrum-von-Cas-Concos-4-210x210.jpg","width":210,"height":210,"mime-type":"image\/jpeg","filesize":12929,"url":"https:\/\/www.lucasfroeserealestate.com\/wp-content\/uploads\/2026\/03\/Stadhaus-in-Zentrum-von-Cas-Concos-4-210x210.jpg"},"partners-logo":{"file":"Stadhaus-in-Zentrum-von-Cas-Concos-4-600x1667.jpg","width":600,"height":1667,"mime-type":"image\/jpeg","filesize":115599,"url":"https:\/\/www.lucasfroeserealestate.com\/wp-content\/uploads\/2026\/03\/Stadhaus-in-Zentrum-von-Cas-Concos-4-600x1667.jpg"},"post-featured-image":{"file":"Stadhaus-in-Zentrum-von-Cas-Concos-4-1240x720.jpg","width":1240,"height":720,"mime-type":"image\/jpeg","filesize":139800,"url":"https:\/\/www.lucasfroeserealestate.com\/wp-content\/uploads\/2026\/03\/Stadhaus-in-Zentrum-von-Cas-Concos-4-1240x720.jpg"}},"image_meta":{"aperture":"6.3","credit":"LFRE","camera":"ILCE-7M2","caption":"Investment Cas Concos","created_timestamp":"1773146478","copyright":"","focal_length":"14","iso":"3200","shutter_speed":"0.004","title":"Investment Cas Concos","orientation":"0","keywords":["Investment Cas Concos"]},"ID":"81487","name":"Stadhaus-in-Zentrum-von-Cas-Concos-4.jpg","path":"\/home\/empleost\/domains\/lucasfroeserealestate.com\/public_html\/wp-content\/uploads\/2026\/03\/Stadhaus-in-Zentrum-von-Cas-Concos-4.jpg","url":"https:\/\/www.lucasfroeserealestate.com\/wp-content\/uploads\/2026\/03\/Stadhaus-in-Zentrum-von-Cas-Concos-4-150x150.jpg","full_url":"https:\/\/www.lucasfroeserealestate.com\/wp-content\/uploads\/2026\/03\/Stadhaus-in-Zentrum-von-Cas-Concos-4.jpg","title":"Investment Cas Concos","caption":"Investment Cas Concos","description":"","alt":"Investment Cas Concos","srcset":"https:\/\/www.lucasfroeserealestate.com\/wp-content\/uploads\/2026\/03\/Stadhaus-in-Zentrum-von-Cas-Concos-4-150x150.jpg 150w, https:\/\/www.lucasfroeserealestate.com\/wp-content\/uploads\/2026\/03\/Stadhaus-in-Zentrum-von-Cas-Concos-4-210x210.jpg 210w"},{"width":150,"height":150,"file":"2026\/03\/Stadhaus-in-Zentrum-von-Cas-Concos-5.jpg","filesize":541767,"sizes":{"medium":{"file":"Stadhaus-in-Zentrum-von-Cas-Concos-5-300x200.jpg","width":300,"height":200,"mime-type":"image\/jpeg","filesize":14596,"url":"https:\/\/www.lucasfroeserealestate.com\/wp-content\/uploads\/2026\/03\/Stadhaus-in-Zentrum-von-Cas-Concos-5-300x200.jpg"},"large":{"file":"Stadhaus-in-Zentrum-von-Cas-Concos-5-1024x683.jpg","width":1024,"height":683,"mime-type":"image\/jpeg","filesize":104822,"url":"https:\/\/www.lucasfroeserealestate.com\/wp-content\/uploads\/2026\/03\/Stadhaus-in-Zentrum-von-Cas-Concos-5-1024x683.jpg"},"thumbnail":{"file":"Stadhaus-in-Zentrum-von-Cas-Concos-5-150x150.jpg","width":150,"height":150,"mime-type":"image\/jpeg","filesize":7206,"url":"https:\/\/www.lucasfroeserealestate.com\/wp-content\/uploads\/2026\/03\/Stadhaus-in-Zentrum-von-Cas-Concos-5-150x150.jpg"},"medium_large":{"file":"Stadhaus-in-Zentrum-von-Cas-Concos-5-768x512.jpg","width":768,"height":512,"mime-type":"image\/jpeg","filesize":65671,"url":"https:\/\/www.lucasfroeserealestate.com\/wp-content\/uploads\/2026\/03\/Stadhaus-in-Zentrum-von-Cas-Concos-5-768x512.jpg"},"1536x1536":{"file":"Stadhaus-in-Zentrum-von-Cas-Concos-5-1536x1024.jpg","width":1536,"height":1024,"mime-type":"image\/jpeg","filesize":200955,"url":"https:\/\/www.lucasfroeserealestate.com\/wp-content\/uploads\/2026\/03\/Stadhaus-in-Zentrum-von-Cas-Concos-5-1536x1024.jpg"},"2048x2048":{"file":"Stadhaus-in-Zentrum-von-Cas-Concos-5-2048x1366.jpg","width":2048,"height":1366,"mime-type":"image\/jpeg","filesize":315204,"url":"https:\/\/www.lucasfroeserealestate.com\/wp-content\/uploads\/2026\/03\/Stadhaus-in-Zentrum-von-Cas-Concos-5-2048x1366.jpg"},"post-thumbnail":{"file":"Stadhaus-in-Zentrum-von-Cas-Concos-5-150x100.jpg","width":150,"height":100,"mime-type":"image\/jpeg","filesize":5247,"url":"https:\/\/www.lucasfroeserealestate.com\/wp-content\/uploads\/2026\/03\/Stadhaus-in-Zentrum-von-Cas-Concos-5-150x100.jpg"},"modern-property-child-slider":{"file":"Stadhaus-in-Zentrum-von-Cas-Concos-5-680x510.jpg","width":680,"height":510,"mime-type":"image\/jpeg","filesize":59642,"url":"https:\/\/www.lucasfroeserealestate.com\/wp-content\/uploads\/2026\/03\/Stadhaus-in-Zentrum-von-Cas-Concos-5-680x510.jpg"},"property-thumb-image":{"file":"Stadhaus-in-Zentrum-von-Cas-Concos-5-488x326.jpg","width":488,"height":326,"mime-type":"image\/jpeg","filesize":31741,"url":"https:\/\/www.lucasfroeserealestate.com\/wp-content\/uploads\/2026\/03\/Stadhaus-in-Zentrum-von-Cas-Concos-5-488x326.jpg"},"property-detail-video-image":{"file":"Stadhaus-in-Zentrum-von-Cas-Concos-5-818x417.jpg","width":818,"height":417,"mime-type":"image\/jpeg","filesize":57398,"url":"https:\/\/www.lucasfroeserealestate.com\/wp-content\/uploads\/2026\/03\/Stadhaus-in-Zentrum-von-Cas-Concos-5-818x417.jpg"},"agent-image":{"file":"Stadhaus-in-Zentrum-von-Cas-Concos-5-210x210.jpg","width":210,"height":210,"mime-type":"image\/jpeg","filesize":12306,"url":"https:\/\/www.lucasfroeserealestate.com\/wp-content\/uploads\/2026\/03\/Stadhaus-in-Zentrum-von-Cas-Concos-5-210x210.jpg"},"partners-logo":{"file":"Stadhaus-in-Zentrum-von-Cas-Concos-5-600x1667.jpg","width":600,"height":1667,"mime-type":"image\/jpeg","filesize":113551,"url":"https:\/\/www.lucasfroeserealestate.com\/wp-content\/uploads\/2026\/03\/Stadhaus-in-Zentrum-von-Cas-Concos-5-600x1667.jpg"},"post-featured-image":{"file":"Stadhaus-in-Zentrum-von-Cas-Concos-5-1240x720.jpg","width":1240,"height":720,"mime-type":"image\/jpeg","filesize":124684,"url":"https:\/\/www.lucasfroeserealestate.com\/wp-content\/uploads\/2026\/03\/Stadhaus-in-Zentrum-von-Cas-Concos-5-1240x720.jpg"}},"image_meta":{"aperture":"6.3","credit":"LFRE","camera":"ILCE-7M2","caption":"Stadthaus in Cas Concos","created_timestamp":"1773146507","copyright":"","focal_length":"14","iso":"3200","shutter_speed":"0.004","title":"Stadthaus in Cas Concos","orientation":"0","keywords":["Stadthaus in Cas Concos"]},"ID":"81488","name":"Stadhaus-in-Zentrum-von-Cas-Concos-5.jpg","path":"\/home\/empleost\/domains\/lucasfroeserealestate.com\/public_html\/wp-content\/uploads\/2026\/03\/Stadhaus-in-Zentrum-von-Cas-Concos-5.jpg","url":"https:\/\/www.lucasfroeserealestate.com\/wp-content\/uploads\/2026\/03\/Stadhaus-in-Zentrum-von-Cas-Concos-5-150x150.jpg","full_url":"https:\/\/www.lucasfroeserealestate.com\/wp-content\/uploads\/2026\/03\/Stadhaus-in-Zentrum-von-Cas-Concos-5.jpg","title":"Stadthaus in Cas Concos","caption":"Stadthaus in Cas Concos","description":"","alt":"Stadthaus in Cas Concos","srcset":"https:\/\/www.lucasfroeserealestate.com\/wp-content\/uploads\/2026\/03\/Stadhaus-in-Zentrum-von-Cas-Concos-5-150x150.jpg 150w, https:\/\/www.lucasfroeserealestate.com\/wp-content\/uploads\/2026\/03\/Stadhaus-in-Zentrum-von-Cas-Concos-5-210x210.jpg 210w"},{"width":150,"height":150,"file":"2026\/03\/Stadhaus-in-Zentrum-von-Cas-Concos-6.jpg","filesize":516612,"sizes":{"medium":{"file":"Stadhaus-in-Zentrum-von-Cas-Concos-6-300x200.jpg","width":300,"height":200,"mime-type":"image\/jpeg","filesize":16517,"url":"https:\/\/www.lucasfroeserealestate.com\/wp-content\/uploads\/2026\/03\/Stadhaus-in-Zentrum-von-Cas-Concos-6-300x200.jpg"},"large":{"file":"Stadhaus-in-Zentrum-von-Cas-Concos-6-1024x683.jpg","width":1024,"height":683,"mime-type":"image\/jpeg","filesize":112511,"url":"https:\/\/www.lucasfroeserealestate.com\/wp-content\/uploads\/2026\/03\/Stadhaus-in-Zentrum-von-Cas-Concos-6-1024x683.jpg"},"thumbnail":{"file":"Stadhaus-in-Zentrum-von-Cas-Concos-6-150x150.jpg","width":150,"height":150,"mime-type":"image\/jpeg","filesize":7738,"url":"https:\/\/www.lucasfroeserealestate.com\/wp-content\/uploads\/2026\/03\/Stadhaus-in-Zentrum-von-Cas-Concos-6-150x150.jpg"},"medium_large":{"file":"Stadhaus-in-Zentrum-von-Cas-Concos-6-768x512.jpg","width":768,"height":512,"mime-type":"image\/jpeg","filesize":71384,"url":"https:\/\/www.lucasfroeserealestate.com\/wp-content\/uploads\/2026\/03\/Stadhaus-in-Zentrum-von-Cas-Concos-6-768x512.jpg"},"1536x1536":{"file":"Stadhaus-in-Zentrum-von-Cas-Concos-6-1536x1024.jpg","width":1536,"height":1024,"mime-type":"image\/jpeg","filesize":208140,"url":"https:\/\/www.lucasfroeserealestate.com\/wp-content\/uploads\/2026\/03\/Stadhaus-in-Zentrum-von-Cas-Concos-6-1536x1024.jpg"},"2048x2048":{"file":"Stadhaus-in-Zentrum-von-Cas-Concos-6-2048x1366.jpg","width":2048,"height":1366,"mime-type":"image\/jpeg","filesize":320139,"url":"https:\/\/www.lucasfroeserealestate.com\/wp-content\/uploads\/2026\/03\/Stadhaus-in-Zentrum-von-Cas-Concos-6-2048x1366.jpg"},"post-thumbnail":{"file":"Stadhaus-in-Zentrum-von-Cas-Concos-6-150x100.jpg","width":150,"height":100,"mime-type":"image\/jpeg","filesize":5737,"url":"https:\/\/www.lucasfroeserealestate.com\/wp-content\/uploads\/2026\/03\/Stadhaus-in-Zentrum-von-Cas-Concos-6-150x100.jpg"},"modern-property-child-slider":{"file":"Stadhaus-in-Zentrum-von-Cas-Concos-6-680x510.jpg","width":680,"height":510,"mime-type":"image\/jpeg","filesize":64875,"url":"https:\/\/www.lucasfroeserealestate.com\/wp-content\/uploads\/2026\/03\/Stadhaus-in-Zentrum-von-Cas-Concos-6-680x510.jpg"},"property-thumb-image":{"file":"Stadhaus-in-Zentrum-von-Cas-Concos-6-488x326.jpg","width":488,"height":326,"mime-type":"image\/jpeg","filesize":35423,"url":"https:\/\/www.lucasfroeserealestate.com\/wp-content\/uploads\/2026\/03\/Stadhaus-in-Zentrum-von-Cas-Concos-6-488x326.jpg"},"property-detail-video-image":{"file":"Stadhaus-in-Zentrum-von-Cas-Concos-6-818x417.jpg","width":818,"height":417,"mime-type":"image\/jpeg","filesize":64986,"url":"https:\/\/www.lucasfroeserealestate.com\/wp-content\/uploads\/2026\/03\/Stadhaus-in-Zentrum-von-Cas-Concos-6-818x417.jpg"},"agent-image":{"file":"Stadhaus-in-Zentrum-von-Cas-Concos-6-210x210.jpg","width":210,"height":210,"mime-type":"image\/jpeg","filesize":12916,"url":"https:\/\/www.lucasfroeserealestate.com\/wp-content\/uploads\/2026\/03\/Stadhaus-in-Zentrum-von-Cas-Concos-6-210x210.jpg"},"partners-logo":{"file":"Stadhaus-in-Zentrum-von-Cas-Concos-6-600x1667.jpg","width":600,"height":1667,"mime-type":"image\/jpeg","filesize":145058,"url":"https:\/\/www.lucasfroeserealestate.com\/wp-content\/uploads\/2026\/03\/Stadhaus-in-Zentrum-von-Cas-Concos-6-600x1667.jpg"},"post-featured-image":{"file":"Stadhaus-in-Zentrum-von-Cas-Concos-6-1240x720.jpg","width":1240,"height":720,"mime-type":"image\/jpeg","filesize":135362,"url":"https:\/\/www.lucasfroeserealestate.com\/wp-content\/uploads\/2026\/03\/Stadhaus-in-Zentrum-von-Cas-Concos-6-1240x720.jpg"}},"image_meta":{"aperture":"6.3","credit":"LFRE","camera":"ILCE-7M2","caption":"mallorquinische Stadhaus","created_timestamp":"1773146554","copyright":"","focal_length":"14","iso":"6400","shutter_speed":"0.004","title":"mallorquinische Stadhaus","orientation":"0","keywords":["mallorquinische Stadhaus"]},"ID":"81489","name":"Stadhaus-in-Zentrum-von-Cas-Concos-6.jpg","path":"\/home\/empleost\/domains\/lucasfroeserealestate.com\/public_html\/wp-content\/uploads\/2026\/03\/Stadhaus-in-Zentrum-von-Cas-Concos-6.jpg","url":"https:\/\/www.lucasfroeserealestate.com\/wp-content\/uploads\/2026\/03\/Stadhaus-in-Zentrum-von-Cas-Concos-6-150x150.jpg","full_url":"https:\/\/www.lucasfroeserealestate.com\/wp-content\/uploads\/2026\/03\/Stadhaus-in-Zentrum-von-Cas-Concos-6.jpg","title":"mallorquinische Stadhaus","caption":"mallorquinische Stadhaus","description":"","alt":"mallorquinische Stadhaus","srcset":"https:\/\/www.lucasfroeserealestate.com\/wp-content\/uploads\/2026\/03\/Stadhaus-in-Zentrum-von-Cas-Concos-6-150x150.jpg 150w, https:\/\/www.lucasfroeserealestate.com\/wp-content\/uploads\/2026\/03\/Stadhaus-in-Zentrum-von-Cas-Concos-6-210x210.jpg 210w"},{"width":150,"height":150,"file":"2026\/03\/Stadhaus-in-Zentrum-von-Cas-Concos-7.jpg","filesize":548830,"sizes":{"medium":{"file":"Stadhaus-in-Zentrum-von-Cas-Concos-7-300x200.jpg","width":300,"height":200,"mime-type":"image\/jpeg","filesize":16451,"url":"https:\/\/www.lucasfroeserealestate.com\/wp-content\/uploads\/2026\/03\/Stadhaus-in-Zentrum-von-Cas-Concos-7-300x200.jpg"},"large":{"file":"Stadhaus-in-Zentrum-von-Cas-Concos-7-1024x683.jpg","width":1024,"height":683,"mime-type":"image\/jpeg","filesize":113174,"url":"https:\/\/www.lucasfroeserealestate.com\/wp-content\/uploads\/2026\/03\/Stadhaus-in-Zentrum-von-Cas-Concos-7-1024x683.jpg"},"thumbnail":{"file":"Stadhaus-in-Zentrum-von-Cas-Concos-7-150x150.jpg","width":150,"height":150,"mime-type":"image\/jpeg","filesize":7694,"url":"https:\/\/www.lucasfroeserealestate.com\/wp-content\/uploads\/2026\/03\/Stadhaus-in-Zentrum-von-Cas-Concos-7-150x150.jpg"},"medium_large":{"file":"Stadhaus-in-Zentrum-von-Cas-Concos-7-768x512.jpg","width":768,"height":512,"mime-type":"image\/jpeg","filesize":71817,"url":"https:\/\/www.lucasfroeserealestate.com\/wp-content\/uploads\/2026\/03\/Stadhaus-in-Zentrum-von-Cas-Concos-7-768x512.jpg"},"1536x1536":{"file":"Stadhaus-in-Zentrum-von-Cas-Concos-7-1536x1024.jpg","width":1536,"height":1024,"mime-type":"image\/jpeg","filesize":207676,"url":"https:\/\/www.lucasfroeserealestate.com\/wp-content\/uploads\/2026\/03\/Stadhaus-in-Zentrum-von-Cas-Concos-7-1536x1024.jpg"},"2048x2048":{"file":"Stadhaus-in-Zentrum-von-Cas-Concos-7-2048x1366.jpg","width":2048,"height":1366,"mime-type":"image\/jpeg","filesize":319268,"url":"https:\/\/www.lucasfroeserealestate.com\/wp-content\/uploads\/2026\/03\/Stadhaus-in-Zentrum-von-Cas-Concos-7-2048x1366.jpg"},"post-thumbnail":{"file":"Stadhaus-in-Zentrum-von-Cas-Concos-7-150x100.jpg","width":150,"height":100,"mime-type":"image\/jpeg","filesize":5733,"url":"https:\/\/www.lucasfroeserealestate.com\/wp-content\/uploads\/2026\/03\/Stadhaus-in-Zentrum-von-Cas-Concos-7-150x100.jpg"},"modern-property-child-slider":{"file":"Stadhaus-in-Zentrum-von-Cas-Concos-7-680x510.jpg","width":680,"height":510,"mime-type":"image\/jpeg","filesize":65070,"url":"https:\/\/www.lucasfroeserealestate.com\/wp-content\/uploads\/2026\/03\/Stadhaus-in-Zentrum-von-Cas-Concos-7-680x510.jpg"},"property-thumb-image":{"file":"Stadhaus-in-Zentrum-von-Cas-Concos-7-488x326.jpg","width":488,"height":326,"mime-type":"image\/jpeg","filesize":35463,"url":"https:\/\/www.lucasfroeserealestate.com\/wp-content\/uploads\/2026\/03\/Stadhaus-in-Zentrum-von-Cas-Concos-7-488x326.jpg"},"property-detail-video-image":{"file":"Stadhaus-in-Zentrum-von-Cas-Concos-7-818x417.jpg","width":818,"height":417,"mime-type":"image\/jpeg","filesize":61711,"url":"https:\/\/www.lucasfroeserealestate.com\/wp-content\/uploads\/2026\/03\/Stadhaus-in-Zentrum-von-Cas-Concos-7-818x417.jpg"},"agent-image":{"file":"Stadhaus-in-Zentrum-von-Cas-Concos-7-210x210.jpg","width":210,"height":210,"mime-type":"image\/jpeg","filesize":13061,"url":"https:\/\/www.lucasfroeserealestate.com\/wp-content\/uploads\/2026\/03\/Stadhaus-in-Zentrum-von-Cas-Concos-7-210x210.jpg"},"partners-logo":{"file":"Stadhaus-in-Zentrum-von-Cas-Concos-7-600x1667.jpg","width":600,"height":1667,"mime-type":"image\/jpeg","filesize":126174,"url":"https:\/\/www.lucasfroeserealestate.com\/wp-content\/uploads\/2026\/03\/Stadhaus-in-Zentrum-von-Cas-Concos-7-600x1667.jpg"},"post-featured-image":{"file":"Stadhaus-in-Zentrum-von-Cas-Concos-7-1240x720.jpg","width":1240,"height":720,"mime-type":"image\/jpeg","filesize":132851,"url":"https:\/\/www.lucasfroeserealestate.com\/wp-content\/uploads\/2026\/03\/Stadhaus-in-Zentrum-von-Cas-Concos-7-1240x720.jpg"}},"image_meta":{"aperture":"6.3","credit":"LFRE","camera":"ILCE-7M2","caption":"Hausverkauf Cas Concos","created_timestamp":"1773146622","copyright":"","focal_length":"14","iso":"8000","shutter_speed":"0.004","title":"Hausverkauf Cas Concos","orientation":"0","keywords":["Hausverkauf Cas Concos"]},"ID":"81490","name":"Stadhaus-in-Zentrum-von-Cas-Concos-7.jpg","path":"\/home\/empleost\/domains\/lucasfroeserealestate.com\/public_html\/wp-content\/uploads\/2026\/03\/Stadhaus-in-Zentrum-von-Cas-Concos-7.jpg","url":"https:\/\/www.lucasfroeserealestate.com\/wp-content\/uploads\/2026\/03\/Stadhaus-in-Zentrum-von-Cas-Concos-7-150x150.jpg","full_url":"https:\/\/www.lucasfroeserealestate.com\/wp-content\/uploads\/2026\/03\/Stadhaus-in-Zentrum-von-Cas-Concos-7.jpg","title":"Hausverkauf Cas Concos","caption":"Hausverkauf Cas Concos","description":"","alt":"Hausverkauf Cas Concos","srcset":"https:\/\/www.lucasfroeserealestate.com\/wp-content\/uploads\/2026\/03\/Stadhaus-in-Zentrum-von-Cas-Concos-7-150x150.jpg 150w, https:\/\/www.lucasfroeserealestate.com\/wp-content\/uploads\/2026\/03\/Stadhaus-in-Zentrum-von-Cas-Concos-7-210x210.jpg 210w"},{"width":150,"height":150,"file":"2026\/03\/Stadhaus-in-Zentrum-von-Cas-Concos-8.jpg","filesize":536861,"sizes":{"medium":{"file":"Stadhaus-in-Zentrum-von-Cas-Concos-8-300x200.jpg","width":300,"height":200,"mime-type":"image\/jpeg","filesize":15371,"url":"https:\/\/www.lucasfroeserealestate.com\/wp-content\/uploads\/2026\/03\/Stadhaus-in-Zentrum-von-Cas-Concos-8-300x200.jpg"},"large":{"file":"Stadhaus-in-Zentrum-von-Cas-Concos-8-1024x683.jpg","width":1024,"height":683,"mime-type":"image\/jpeg","filesize":114552,"url":"https:\/\/www.lucasfroeserealestate.com\/wp-content\/uploads\/2026\/03\/Stadhaus-in-Zentrum-von-Cas-Concos-8-1024x683.jpg"},"thumbnail":{"file":"Stadhaus-in-Zentrum-von-Cas-Concos-8-150x150.jpg","width":150,"height":150,"mime-type":"image\/jpeg","filesize":6523,"url":"https:\/\/www.lucasfroeserealestate.com\/wp-content\/uploads\/2026\/03\/Stadhaus-in-Zentrum-von-Cas-Concos-8-150x150.jpg"},"medium_large":{"file":"Stadhaus-in-Zentrum-von-Cas-Concos-8-768x512.jpg","width":768,"height":512,"mime-type":"image\/jpeg","filesize":71446,"url":"https:\/\/www.lucasfroeserealestate.com\/wp-content\/uploads\/2026\/03\/Stadhaus-in-Zentrum-von-Cas-Concos-8-768x512.jpg"},"1536x1536":{"file":"Stadhaus-in-Zentrum-von-Cas-Concos-8-1536x1024.jpg","width":1536,"height":1024,"mime-type":"image\/jpeg","filesize":216862,"url":"https:\/\/www.lucasfroeserealestate.com\/wp-content\/uploads\/2026\/03\/Stadhaus-in-Zentrum-von-Cas-Concos-8-1536x1024.jpg"},"2048x2048":{"file":"Stadhaus-in-Zentrum-von-Cas-Concos-8-2048x1366.jpg","width":2048,"height":1366,"mime-type":"image\/jpeg","filesize":340335,"url":"https:\/\/www.lucasfroeserealestate.com\/wp-content\/uploads\/2026\/03\/Stadhaus-in-Zentrum-von-Cas-Concos-8-2048x1366.jpg"},"post-thumbnail":{"file":"Stadhaus-in-Zentrum-von-Cas-Concos-8-150x100.jpg","width":150,"height":100,"mime-type":"image\/jpeg","filesize":5373,"url":"https:\/\/www.lucasfroeserealestate.com\/wp-content\/uploads\/2026\/03\/Stadhaus-in-Zentrum-von-Cas-Concos-8-150x100.jpg"},"modern-property-child-slider":{"file":"Stadhaus-in-Zentrum-von-Cas-Concos-8-680x510.jpg","width":680,"height":510,"mime-type":"image\/jpeg","filesize":61953,"url":"https:\/\/www.lucasfroeserealestate.com\/wp-content\/uploads\/2026\/03\/Stadhaus-in-Zentrum-von-Cas-Concos-8-680x510.jpg"},"property-thumb-image":{"file":"Stadhaus-in-Zentrum-von-Cas-Concos-8-488x326.jpg","width":488,"height":326,"mime-type":"image\/jpeg","filesize":34228,"url":"https:\/\/www.lucasfroeserealestate.com\/wp-content\/uploads\/2026\/03\/Stadhaus-in-Zentrum-von-Cas-Concos-8-488x326.jpg"},"property-detail-video-image":{"file":"Stadhaus-in-Zentrum-von-Cas-Concos-8-818x417.jpg","width":818,"height":417,"mime-type":"image\/jpeg","filesize":62840,"url":"https:\/\/www.lucasfroeserealestate.com\/wp-content\/uploads\/2026\/03\/Stadhaus-in-Zentrum-von-Cas-Concos-8-818x417.jpg"},"agent-image":{"file":"Stadhaus-in-Zentrum-von-Cas-Concos-8-210x210.jpg","width":210,"height":210,"mime-type":"image\/jpeg","filesize":11077,"url":"https:\/\/www.lucasfroeserealestate.com\/wp-content\/uploads\/2026\/03\/Stadhaus-in-Zentrum-von-Cas-Concos-8-210x210.jpg"},"partners-logo":{"file":"Stadhaus-in-Zentrum-von-Cas-Concos-8-600x1667.jpg","width":600,"height":1667,"mime-type":"image\/jpeg","filesize":111354,"url":"https:\/\/www.lucasfroeserealestate.com\/wp-content\/uploads\/2026\/03\/Stadhaus-in-Zentrum-von-Cas-Concos-8-600x1667.jpg"},"post-featured-image":{"file":"Stadhaus-in-Zentrum-von-Cas-Concos-8-1240x720.jpg","width":1240,"height":720,"mime-type":"image\/jpeg","filesize":136644,"url":"https:\/\/www.lucasfroeserealestate.com\/wp-content\/uploads\/2026\/03\/Stadhaus-in-Zentrum-von-Cas-Concos-8-1240x720.jpg"}},"image_meta":{"aperture":"6.3","credit":"LFRE","camera":"ILCE-7M2","caption":"Investment Felanitx","created_timestamp":"1773146872","copyright":"","focal_length":"14","iso":"5000","shutter_speed":"0.004","title":"Investment Felanitx","orientation":"0","keywords":["Investment Felanitx"]},"ID":"81491","name":"Stadhaus-in-Zentrum-von-Cas-Concos-8.jpg","path":"\/home\/empleost\/domains\/lucasfroeserealestate.com\/public_html\/wp-content\/uploads\/2026\/03\/Stadhaus-in-Zentrum-von-Cas-Concos-8.jpg","url":"https:\/\/www.lucasfroeserealestate.com\/wp-content\/uploads\/2026\/03\/Stadhaus-in-Zentrum-von-Cas-Concos-8-150x150.jpg","full_url":"https:\/\/www.lucasfroeserealestate.com\/wp-content\/uploads\/2026\/03\/Stadhaus-in-Zentrum-von-Cas-Concos-8.jpg","title":"Investment Felanitx","caption":"Investment Felanitx","description":"","alt":"Investment Felanitx","srcset":"https:\/\/www.lucasfroeserealestate.com\/wp-content\/uploads\/2026\/03\/Stadhaus-in-Zentrum-von-Cas-Concos-8-150x150.jpg 150w, https:\/\/www.lucasfroeserealestate.com\/wp-content\/uploads\/2026\/03\/Stadhaus-in-Zentrum-von-Cas-Concos-8-210x210.jpg 210w"},{"width":150,"height":150,"file":"2026\/03\/Stadhaus-in-Zentrum-von-Cas-Concos-9.jpg","filesize":562427,"sizes":{"medium":{"file":"Stadhaus-in-Zentrum-von-Cas-Concos-9-300x200.jpg","width":300,"height":200,"mime-type":"image\/jpeg","filesize":12589,"url":"https:\/\/www.lucasfroeserealestate.com\/wp-content\/uploads\/2026\/03\/Stadhaus-in-Zentrum-von-Cas-Concos-9-300x200.jpg"},"large":{"file":"Stadhaus-in-Zentrum-von-Cas-Concos-9-1024x683.jpg","width":1024,"height":683,"mime-type":"image\/jpeg","filesize":99374,"url":"https:\/\/www.lucasfroeserealestate.com\/wp-content\/uploads\/2026\/03\/Stadhaus-in-Zentrum-von-Cas-Concos-9-1024x683.jpg"},"thumbnail":{"file":"Stadhaus-in-Zentrum-von-Cas-Concos-9-150x150.jpg","width":150,"height":150,"mime-type":"image\/jpeg","filesize":5476,"url":"https:\/\/www.lucasfroeserealestate.com\/wp-content\/uploads\/2026\/03\/Stadhaus-in-Zentrum-von-Cas-Concos-9-150x150.jpg"},"medium_large":{"file":"Stadhaus-in-Zentrum-von-Cas-Concos-9-768x512.jpg","width":768,"height":512,"mime-type":"image\/jpeg","filesize":60370,"url":"https:\/\/www.lucasfroeserealestate.com\/wp-content\/uploads\/2026\/03\/Stadhaus-in-Zentrum-von-Cas-Concos-9-768x512.jpg"},"1536x1536":{"file":"Stadhaus-in-Zentrum-von-Cas-Concos-9-1536x1024.jpg","width":1536,"height":1024,"mime-type":"image\/jpeg","filesize":195817,"url":"https:\/\/www.lucasfroeserealestate.com\/wp-content\/uploads\/2026\/03\/Stadhaus-in-Zentrum-von-Cas-Concos-9-1536x1024.jpg"},"2048x2048":{"file":"Stadhaus-in-Zentrum-von-Cas-Concos-9-2048x1366.jpg","width":2048,"height":1366,"mime-type":"image\/jpeg","filesize":311719,"url":"https:\/\/www.lucasfroeserealestate.com\/wp-content\/uploads\/2026\/03\/Stadhaus-in-Zentrum-von-Cas-Concos-9-2048x1366.jpg"},"post-thumbnail":{"file":"Stadhaus-in-Zentrum-von-Cas-Concos-9-150x100.jpg","width":150,"height":100,"mime-type":"image\/jpeg","filesize":4422,"url":"https:\/\/www.lucasfroeserealestate.com\/wp-content\/uploads\/2026\/03\/Stadhaus-in-Zentrum-von-Cas-Concos-9-150x100.jpg"},"modern-property-child-slider":{"file":"Stadhaus-in-Zentrum-von-Cas-Concos-9-680x510.jpg","width":680,"height":510,"mime-type":"image\/jpeg","filesize":52711,"url":"https:\/\/www.lucasfroeserealestate.com\/wp-content\/uploads\/2026\/03\/Stadhaus-in-Zentrum-von-Cas-Concos-9-680x510.jpg"},"property-thumb-image":{"file":"Stadhaus-in-Zentrum-von-Cas-Concos-9-488x326.jpg","width":488,"height":326,"mime-type":"image\/jpeg","filesize":28282,"url":"https:\/\/www.lucasfroeserealestate.com\/wp-content\/uploads\/2026\/03\/Stadhaus-in-Zentrum-von-Cas-Concos-9-488x326.jpg"},"property-detail-video-image":{"file":"Stadhaus-in-Zentrum-von-Cas-Concos-9-818x417.jpg","width":818,"height":417,"mime-type":"image\/jpeg","filesize":56397,"url":"https:\/\/www.lucasfroeserealestate.com\/wp-content\/uploads\/2026\/03\/Stadhaus-in-Zentrum-von-Cas-Concos-9-818x417.jpg"},"agent-image":{"file":"Stadhaus-in-Zentrum-von-Cas-Concos-9-210x210.jpg","width":210,"height":210,"mime-type":"image\/jpeg","filesize":9359,"url":"https:\/\/www.lucasfroeserealestate.com\/wp-content\/uploads\/2026\/03\/Stadhaus-in-Zentrum-von-Cas-Concos-9-210x210.jpg"},"partners-logo":{"file":"Stadhaus-in-Zentrum-von-Cas-Concos-9-600x1667.jpg","width":600,"height":1667,"mime-type":"image\/jpeg","filesize":96858,"url":"https:\/\/www.lucasfroeserealestate.com\/wp-content\/uploads\/2026\/03\/Stadhaus-in-Zentrum-von-Cas-Concos-9-600x1667.jpg"},"post-featured-image":{"file":"Stadhaus-in-Zentrum-von-Cas-Concos-9-1240x720.jpg","width":1240,"height":720,"mime-type":"image\/jpeg","filesize":124852,"url":"https:\/\/www.lucasfroeserealestate.com\/wp-content\/uploads\/2026\/03\/Stadhaus-in-Zentrum-von-Cas-Concos-9-1240x720.jpg"}},"image_meta":{"aperture":"6.3","credit":"LFRE","camera":"ILCE-7M2","caption":"Stadhaus Cas Concos","created_timestamp":"1773146887","copyright":"","focal_length":"14","iso":"5000","shutter_speed":"0.005","title":"Stadhaus Cas Concos","orientation":"0","keywords":["Stadhaus Cas Concos"]},"ID":"81492","name":"Stadhaus-in-Zentrum-von-Cas-Concos-9.jpg","path":"\/home\/empleost\/domains\/lucasfroeserealestate.com\/public_html\/wp-content\/uploads\/2026\/03\/Stadhaus-in-Zentrum-von-Cas-Concos-9.jpg","url":"https:\/\/www.lucasfroeserealestate.com\/wp-content\/uploads\/2026\/03\/Stadhaus-in-Zentrum-von-Cas-Concos-9-150x150.jpg","full_url":"https:\/\/www.lucasfroeserealestate.com\/wp-content\/uploads\/2026\/03\/Stadhaus-in-Zentrum-von-Cas-Concos-9.jpg","title":"Stadhaus Cas Concos","caption":"Stadhaus Cas Concos","description":"","alt":"Stadhaus Cas Concos","srcset":"https:\/\/www.lucasfroeserealestate.com\/wp-content\/uploads\/2026\/03\/Stadhaus-in-Zentrum-von-Cas-Concos-9-150x150.jpg 150w, https:\/\/www.lucasfroeserealestate.com\/wp-content\/uploads\/2026\/03\/Stadhaus-in-Zentrum-von-Cas-Concos-9-210x210.jpg 210w"},{"width":150,"height":150,"file":"2026\/03\/Stadhaus-in-Zentrum-von-Cas-Concos-10.jpg","filesize":545613,"sizes":{"medium":{"file":"Stadhaus-in-Zentrum-von-Cas-Concos-10-300x200.jpg","width":300,"height":200,"mime-type":"image\/jpeg","filesize":13902,"url":"https:\/\/www.lucasfroeserealestate.com\/wp-content\/uploads\/2026\/03\/Stadhaus-in-Zentrum-von-Cas-Concos-10-300x200.jpg"},"large":{"file":"Stadhaus-in-Zentrum-von-Cas-Concos-10-1024x683.jpg","width":1024,"height":683,"mime-type":"image\/jpeg","filesize":115000,"url":"https:\/\/www.lucasfroeserealestate.com\/wp-content\/uploads\/2026\/03\/Stadhaus-in-Zentrum-von-Cas-Concos-10-1024x683.jpg"},"thumbnail":{"file":"Stadhaus-in-Zentrum-von-Cas-Concos-10-150x150.jpg","width":150,"height":150,"mime-type":"image\/jpeg","filesize":6233,"url":"https:\/\/www.lucasfroeserealestate.com\/wp-content\/uploads\/2026\/03\/Stadhaus-in-Zentrum-von-Cas-Concos-10-150x150.jpg"},"medium_large":{"file":"Stadhaus-in-Zentrum-von-Cas-Concos-10-768x512.jpg","width":768,"height":512,"mime-type":"image\/jpeg","filesize":69395,"url":"https:\/\/www.lucasfroeserealestate.com\/wp-content\/uploads\/2026\/03\/Stadhaus-in-Zentrum-von-Cas-Concos-10-768x512.jpg"},"1536x1536":{"file":"Stadhaus-in-Zentrum-von-Cas-Concos-10-1536x1024.jpg","width":1536,"height":1024,"mime-type":"image\/jpeg","filesize":226328,"url":"https:\/\/www.lucasfroeserealestate.com\/wp-content\/uploads\/2026\/03\/Stadhaus-in-Zentrum-von-Cas-Concos-10-1536x1024.jpg"},"2048x2048":{"file":"Stadhaus-in-Zentrum-von-Cas-Concos-10-2048x1366.jpg","width":2048,"height":1366,"mime-type":"image\/jpeg","filesize":360217,"url":"https:\/\/www.lucasfroeserealestate.com\/wp-content\/uploads\/2026\/03\/Stadhaus-in-Zentrum-von-Cas-Concos-10-2048x1366.jpg"},"post-thumbnail":{"file":"Stadhaus-in-Zentrum-von-Cas-Concos-10-150x100.jpg","width":150,"height":100,"mime-type":"image\/jpeg","filesize":4872,"url":"https:\/\/www.lucasfroeserealestate.com\/wp-content\/uploads\/2026\/03\/Stadhaus-in-Zentrum-von-Cas-Concos-10-150x100.jpg"},"modern-property-child-slider":{"file":"Stadhaus-in-Zentrum-von-Cas-Concos-10-680x510.jpg","width":680,"height":510,"mime-type":"image\/jpeg","filesize":62980,"url":"https:\/\/www.lucasfroeserealestate.com\/wp-content\/uploads\/2026\/03\/Stadhaus-in-Zentrum-von-Cas-Concos-10-680x510.jpg"},"property-thumb-image":{"file":"Stadhaus-in-Zentrum-von-Cas-Concos-10-488x326.jpg","width":488,"height":326,"mime-type":"image\/jpeg","filesize":31863,"url":"https:\/\/www.lucasfroeserealestate.com\/wp-content\/uploads\/2026\/03\/Stadhaus-in-Zentrum-von-Cas-Concos-10-488x326.jpg"},"property-detail-video-image":{"file":"Stadhaus-in-Zentrum-von-Cas-Concos-10-818x417.jpg","width":818,"height":417,"mime-type":"image\/jpeg","filesize":66284,"url":"https:\/\/www.lucasfroeserealestate.com\/wp-content\/uploads\/2026\/03\/Stadhaus-in-Zentrum-von-Cas-Concos-10-818x417.jpg"},"agent-image":{"file":"Stadhaus-in-Zentrum-von-Cas-Concos-10-210x210.jpg","width":210,"height":210,"mime-type":"image\/jpeg","filesize":10591,"url":"https:\/\/www.lucasfroeserealestate.com\/wp-content\/uploads\/2026\/03\/Stadhaus-in-Zentrum-von-Cas-Concos-10-210x210.jpg"},"partners-logo":{"file":"Stadhaus-in-Zentrum-von-Cas-Concos-10-600x1667.jpg","width":600,"height":1667,"mime-type":"image\/jpeg","filesize":118321,"url":"https:\/\/www.lucasfroeserealestate.com\/wp-content\/uploads\/2026\/03\/Stadhaus-in-Zentrum-von-Cas-Concos-10-600x1667.jpg"},"post-featured-image":{"file":"Stadhaus-in-Zentrum-von-Cas-Concos-10-1240x720.jpg","width":1240,"height":720,"mime-type":"image\/jpeg","filesize":145723,"url":"https:\/\/www.lucasfroeserealestate.com\/wp-content\/uploads\/2026\/03\/Stadhaus-in-Zentrum-von-Cas-Concos-10-1240x720.jpg"}},"image_meta":{"aperture":"6.3","credit":"LFRE","camera":"ILCE-7M2","caption":"Helle Saal Cas Concos","created_timestamp":"1773146945","copyright":"","focal_length":"14","iso":"5000","shutter_speed":"0.004","title":"Helle Saal Cas Concos","orientation":"0","keywords":["Helle Saal Cas Concos"]},"ID":"81493","name":"Stadhaus-in-Zentrum-von-Cas-Concos-10.jpg","path":"\/home\/empleost\/domains\/lucasfroeserealestate.com\/public_html\/wp-content\/uploads\/2026\/03\/Stadhaus-in-Zentrum-von-Cas-Concos-10.jpg","url":"https:\/\/www.lucasfroeserealestate.com\/wp-content\/uploads\/2026\/03\/Stadhaus-in-Zentrum-von-Cas-Concos-10-150x150.jpg","full_url":"https:\/\/www.lucasfroeserealestate.com\/wp-content\/uploads\/2026\/03\/Stadhaus-in-Zentrum-von-Cas-Concos-10.jpg","title":"Helle Saal Cas Concos","caption":"Helle Saal Cas Concos","description":"","alt":"Helle Saal Cas Concos","srcset":"https:\/\/www.lucasfroeserealestate.com\/wp-content\/uploads\/2026\/03\/Stadhaus-in-Zentrum-von-Cas-Concos-10-150x150.jpg 150w, https:\/\/www.lucasfroeserealestate.com\/wp-content\/uploads\/2026\/03\/Stadhaus-in-Zentrum-von-Cas-Concos-10-210x210.jpg 210w"},{"width":150,"height":150,"file":"2026\/03\/Stadhaus-in-Zentrum-von-Cas-Concos-11.jpg","filesize":532738,"sizes":{"medium":{"file":"Stadhaus-in-Zentrum-von-Cas-Concos-11-300x200.jpg","width":300,"height":200,"mime-type":"image\/jpeg","filesize":12310,"url":"https:\/\/www.lucasfroeserealestate.com\/wp-content\/uploads\/2026\/03\/Stadhaus-in-Zentrum-von-Cas-Concos-11-300x200.jpg"},"large":{"file":"Stadhaus-in-Zentrum-von-Cas-Concos-11-1024x683.jpg","width":1024,"height":683,"mime-type":"image\/jpeg","filesize":101046,"url":"https:\/\/www.lucasfroeserealestate.com\/wp-content\/uploads\/2026\/03\/Stadhaus-in-Zentrum-von-Cas-Concos-11-1024x683.jpg"},"thumbnail":{"file":"Stadhaus-in-Zentrum-von-Cas-Concos-11-150x150.jpg","width":150,"height":150,"mime-type":"image\/jpeg","filesize":5561,"url":"https:\/\/www.lucasfroeserealestate.com\/wp-content\/uploads\/2026\/03\/Stadhaus-in-Zentrum-von-Cas-Concos-11-150x150.jpg"},"medium_large":{"file":"Stadhaus-in-Zentrum-von-Cas-Concos-11-768x512.jpg","width":768,"height":512,"mime-type":"image\/jpeg","filesize":61167,"url":"https:\/\/www.lucasfroeserealestate.com\/wp-content\/uploads\/2026\/03\/Stadhaus-in-Zentrum-von-Cas-Concos-11-768x512.jpg"},"1536x1536":{"file":"Stadhaus-in-Zentrum-von-Cas-Concos-11-1536x1024.jpg","width":1536,"height":1024,"mime-type":"image\/jpeg","filesize":200696,"url":"https:\/\/www.lucasfroeserealestate.com\/wp-content\/uploads\/2026\/03\/Stadhaus-in-Zentrum-von-Cas-Concos-11-1536x1024.jpg"},"2048x2048":{"file":"Stadhaus-in-Zentrum-von-Cas-Concos-11-2048x1366.jpg","width":2048,"height":1366,"mime-type":"image\/jpeg","filesize":322501,"url":"https:\/\/www.lucasfroeserealestate.com\/wp-content\/uploads\/2026\/03\/Stadhaus-in-Zentrum-von-Cas-Concos-11-2048x1366.jpg"},"post-thumbnail":{"file":"Stadhaus-in-Zentrum-von-Cas-Concos-11-150x100.jpg","width":150,"height":100,"mime-type":"image\/jpeg","filesize":4280,"url":"https:\/\/www.lucasfroeserealestate.com\/wp-content\/uploads\/2026\/03\/Stadhaus-in-Zentrum-von-Cas-Concos-11-150x100.jpg"},"modern-property-child-slider":{"file":"Stadhaus-in-Zentrum-von-Cas-Concos-11-680x510.jpg","width":680,"height":510,"mime-type":"image\/jpeg","filesize":53221,"url":"https:\/\/www.lucasfroeserealestate.com\/wp-content\/uploads\/2026\/03\/Stadhaus-in-Zentrum-von-Cas-Concos-11-680x510.jpg"},"property-thumb-image":{"file":"Stadhaus-in-Zentrum-von-Cas-Concos-11-488x326.jpg","width":488,"height":326,"mime-type":"image\/jpeg","filesize":28018,"url":"https:\/\/www.lucasfroeserealestate.com\/wp-content\/uploads\/2026\/03\/Stadhaus-in-Zentrum-von-Cas-Concos-11-488x326.jpg"},"property-detail-video-image":{"file":"Stadhaus-in-Zentrum-von-Cas-Concos-11-818x417.jpg","width":818,"height":417,"mime-type":"image\/jpeg","filesize":56916,"url":"https:\/\/www.lucasfroeserealestate.com\/wp-content\/uploads\/2026\/03\/Stadhaus-in-Zentrum-von-Cas-Concos-11-818x417.jpg"},"agent-image":{"file":"Stadhaus-in-Zentrum-von-Cas-Concos-11-210x210.jpg","width":210,"height":210,"mime-type":"image\/jpeg","filesize":9607,"url":"https:\/\/www.lucasfroeserealestate.com\/wp-content\/uploads\/2026\/03\/Stadhaus-in-Zentrum-von-Cas-Concos-11-210x210.jpg"},"partners-logo":{"file":"Stadhaus-in-Zentrum-von-Cas-Concos-11-600x1667.jpg","width":600,"height":1667,"mime-type":"image\/jpeg","filesize":108859,"url":"https:\/\/www.lucasfroeserealestate.com\/wp-content\/uploads\/2026\/03\/Stadhaus-in-Zentrum-von-Cas-Concos-11-600x1667.jpg"},"post-featured-image":{"file":"Stadhaus-in-Zentrum-von-Cas-Concos-11-1240x720.jpg","width":1240,"height":720,"mime-type":"image\/jpeg","filesize":127446,"url":"https:\/\/www.lucasfroeserealestate.com\/wp-content\/uploads\/2026\/03\/Stadhaus-in-Zentrum-von-Cas-Concos-11-1240x720.jpg"}},"image_meta":{"aperture":"6.3","credit":"LFRE","camera":"ILCE-7M2","caption":"Breite Saal Mallorca","created_timestamp":"1773147020","copyright":"","focal_length":"14","iso":"6400","shutter_speed":"0.004","title":"Breite Saal Mallorca","orientation":"0","keywords":["Breite Saal Mallorca"]},"ID":"81494","name":"Stadhaus-in-Zentrum-von-Cas-Concos-11.jpg","path":"\/home\/empleost\/domains\/lucasfroeserealestate.com\/public_html\/wp-content\/uploads\/2026\/03\/Stadhaus-in-Zentrum-von-Cas-Concos-11.jpg","url":"https:\/\/www.lucasfroeserealestate.com\/wp-content\/uploads\/2026\/03\/Stadhaus-in-Zentrum-von-Cas-Concos-11-150x150.jpg","full_url":"https:\/\/www.lucasfroeserealestate.com\/wp-content\/uploads\/2026\/03\/Stadhaus-in-Zentrum-von-Cas-Concos-11.jpg","title":"Breite Saal Mallorca","caption":"Breite Saal Mallorca","description":"","alt":"Breite Saal Mallorca","srcset":"https:\/\/www.lucasfroeserealestate.com\/wp-content\/uploads\/2026\/03\/Stadhaus-in-Zentrum-von-Cas-Concos-11-150x150.jpg 150w, https:\/\/www.lucasfroeserealestate.com\/wp-content\/uploads\/2026\/03\/Stadhaus-in-Zentrum-von-Cas-Concos-11-210x210.jpg 210w"},{"width":150,"height":150,"file":"2026\/03\/Stadhaus-in-Zentrum-von-Cas-Concos-12.jpg","filesize":527312,"sizes":{"medium":{"file":"Stadhaus-in-Zentrum-von-Cas-Concos-12-300x200.jpg","width":300,"height":200,"mime-type":"image\/jpeg","filesize":14798,"url":"https:\/\/www.lucasfroeserealestate.com\/wp-content\/uploads\/2026\/03\/Stadhaus-in-Zentrum-von-Cas-Concos-12-300x200.jpg"},"large":{"file":"Stadhaus-in-Zentrum-von-Cas-Concos-12-1024x683.jpg","width":1024,"height":683,"mime-type":"image\/jpeg","filesize":110375,"url":"https:\/\/www.lucasfroeserealestate.com\/wp-content\/uploads\/2026\/03\/Stadhaus-in-Zentrum-von-Cas-Concos-12-1024x683.jpg"},"thumbnail":{"file":"Stadhaus-in-Zentrum-von-Cas-Concos-12-150x150.jpg","width":150,"height":150,"mime-type":"image\/jpeg","filesize":6701,"url":"https:\/\/www.lucasfroeserealestate.com\/wp-content\/uploads\/2026\/03\/Stadhaus-in-Zentrum-von-Cas-Concos-12-150x150.jpg"},"medium_large":{"file":"Stadhaus-in-Zentrum-von-Cas-Concos-12-768x512.jpg","width":768,"height":512,"mime-type":"image\/jpeg","filesize":68997,"url":"https:\/\/www.lucasfroeserealestate.com\/wp-content\/uploads\/2026\/03\/Stadhaus-in-Zentrum-von-Cas-Concos-12-768x512.jpg"},"1536x1536":{"file":"Stadhaus-in-Zentrum-von-Cas-Concos-12-1536x1024.jpg","width":1536,"height":1024,"mime-type":"image\/jpeg","filesize":209942,"url":"https:\/\/www.lucasfroeserealestate.com\/wp-content\/uploads\/2026\/03\/Stadhaus-in-Zentrum-von-Cas-Concos-12-1536x1024.jpg"},"2048x2048":{"file":"Stadhaus-in-Zentrum-von-Cas-Concos-12-2048x1366.jpg","width":2048,"height":1366,"mime-type":"image\/jpeg","filesize":328467,"url":"https:\/\/www.lucasfroeserealestate.com\/wp-content\/uploads\/2026\/03\/Stadhaus-in-Zentrum-von-Cas-Concos-12-2048x1366.jpg"},"post-thumbnail":{"file":"Stadhaus-in-Zentrum-von-Cas-Concos-12-150x100.jpg","width":150,"height":100,"mime-type":"image\/jpeg","filesize":5144,"url":"https:\/\/www.lucasfroeserealestate.com\/wp-content\/uploads\/2026\/03\/Stadhaus-in-Zentrum-von-Cas-Concos-12-150x100.jpg"},"modern-property-child-slider":{"file":"Stadhaus-in-Zentrum-von-Cas-Concos-12-680x510.jpg","width":680,"height":510,"mime-type":"image\/jpeg","filesize":61887,"url":"https:\/\/www.lucasfroeserealestate.com\/wp-content\/uploads\/2026\/03\/Stadhaus-in-Zentrum-von-Cas-Concos-12-680x510.jpg"},"property-thumb-image":{"file":"Stadhaus-in-Zentrum-von-Cas-Concos-12-488x326.jpg","width":488,"height":326,"mime-type":"image\/jpeg","filesize":32775,"url":"https:\/\/www.lucasfroeserealestate.com\/wp-content\/uploads\/2026\/03\/Stadhaus-in-Zentrum-von-Cas-Concos-12-488x326.jpg"},"property-detail-video-image":{"file":"Stadhaus-in-Zentrum-von-Cas-Concos-12-818x417.jpg","width":818,"height":417,"mime-type":"image\/jpeg","filesize":62069,"url":"https:\/\/www.lucasfroeserealestate.com\/wp-content\/uploads\/2026\/03\/Stadhaus-in-Zentrum-von-Cas-Concos-12-818x417.jpg"},"agent-image":{"file":"Stadhaus-in-Zentrum-von-Cas-Concos-12-210x210.jpg","width":210,"height":210,"mime-type":"image\/jpeg","filesize":11508,"url":"https:\/\/www.lucasfroeserealestate.com\/wp-content\/uploads\/2026\/03\/Stadhaus-in-Zentrum-von-Cas-Concos-12-210x210.jpg"},"partners-logo":{"file":"Stadhaus-in-Zentrum-von-Cas-Concos-12-600x1667.jpg","width":600,"height":1667,"mime-type":"image\/jpeg","filesize":110253,"url":"https:\/\/www.lucasfroeserealestate.com\/wp-content\/uploads\/2026\/03\/Stadhaus-in-Zentrum-von-Cas-Concos-12-600x1667.jpg"},"post-featured-image":{"file":"Stadhaus-in-Zentrum-von-Cas-Concos-12-1240x720.jpg","width":1240,"height":720,"mime-type":"image\/jpeg","filesize":133681,"url":"https:\/\/www.lucasfroeserealestate.com\/wp-content\/uploads\/2026\/03\/Stadhaus-in-Zentrum-von-Cas-Concos-12-1240x720.jpg"}},"image_meta":{"aperture":"6.3","credit":"LFRE","camera":"ILCE-7M2","caption":"Breite K\u00fcche","created_timestamp":"1773147109","copyright":"","focal_length":"14","iso":"5000","shutter_speed":"0.004","title":"Breite K\u00fcche","orientation":"0","keywords":["Breite K\u00fcche"]},"ID":"81495","name":"Stadhaus-in-Zentrum-von-Cas-Concos-12.jpg","path":"\/home\/empleost\/domains\/lucasfroeserealestate.com\/public_html\/wp-content\/uploads\/2026\/03\/Stadhaus-in-Zentrum-von-Cas-Concos-12.jpg","url":"https:\/\/www.lucasfroeserealestate.com\/wp-content\/uploads\/2026\/03\/Stadhaus-in-Zentrum-von-Cas-Concos-12-150x150.jpg","full_url":"https:\/\/www.lucasfroeserealestate.com\/wp-content\/uploads\/2026\/03\/Stadhaus-in-Zentrum-von-Cas-Concos-12.jpg","title":"Breite K\u00fcche","caption":"Breite K\u00fcche","description":"","alt":"Breite K\u00fcche","srcset":"https:\/\/www.lucasfroeserealestate.com\/wp-content\/uploads\/2026\/03\/Stadhaus-in-Zentrum-von-Cas-Concos-12-150x150.jpg 150w, https:\/\/www.lucasfroeserealestate.com\/wp-content\/uploads\/2026\/03\/Stadhaus-in-Zentrum-von-Cas-Concos-12-210x210.jpg 210w"},{"width":150,"height":150,"file":"2026\/03\/Stadhaus-in-Zentrum-von-Cas-Concos-2.jpg","filesize":510801,"sizes":{"medium":{"file":"Stadhaus-in-Zentrum-von-Cas-Concos-2-300x200.jpg","width":300,"height":200,"mime-type":"image\/jpeg","filesize":13831,"url":"https:\/\/www.lucasfroeserealestate.com\/wp-content\/uploads\/2026\/03\/Stadhaus-in-Zentrum-von-Cas-Concos-2-300x200.jpg"},"large":{"file":"Stadhaus-in-Zentrum-von-Cas-Concos-2-1024x683.jpg","width":1024,"height":683,"mime-type":"image\/jpeg","filesize":105464,"url":"https:\/\/www.lucasfroeserealestate.com\/wp-content\/uploads\/2026\/03\/Stadhaus-in-Zentrum-von-Cas-Concos-2-1024x683.jpg"},"thumbnail":{"file":"Stadhaus-in-Zentrum-von-Cas-Concos-2-150x150.jpg","width":150,"height":150,"mime-type":"image\/jpeg","filesize":6940,"url":"https:\/\/www.lucasfroeserealestate.com\/wp-content\/uploads\/2026\/03\/Stadhaus-in-Zentrum-von-Cas-Concos-2-150x150.jpg"},"medium_large":{"file":"Stadhaus-in-Zentrum-von-Cas-Concos-2-768x512.jpg","width":768,"height":512,"mime-type":"image\/jpeg","filesize":64152,"url":"https:\/\/www.lucasfroeserealestate.com\/wp-content\/uploads\/2026\/03\/Stadhaus-in-Zentrum-von-Cas-Concos-2-768x512.jpg"},"1536x1536":{"file":"Stadhaus-in-Zentrum-von-Cas-Concos-2-1536x1024.jpg","width":1536,"height":1024,"mime-type":"image\/jpeg","filesize":205347,"url":"https:\/\/www.lucasfroeserealestate.com\/wp-content\/uploads\/2026\/03\/Stadhaus-in-Zentrum-von-Cas-Concos-2-1536x1024.jpg"},"2048x2048":{"file":"Stadhaus-in-Zentrum-von-Cas-Concos-2-2048x1366.jpg","width":2048,"height":1366,"mime-type":"image\/jpeg","filesize":326860,"url":"https:\/\/www.lucasfroeserealestate.com\/wp-content\/uploads\/2026\/03\/Stadhaus-in-Zentrum-von-Cas-Concos-2-2048x1366.jpg"},"post-thumbnail":{"file":"Stadhaus-in-Zentrum-von-Cas-Concos-2-150x100.jpg","width":150,"height":100,"mime-type":"image\/jpeg","filesize":4983,"url":"https:\/\/www.lucasfroeserealestate.com\/wp-content\/uploads\/2026\/03\/Stadhaus-in-Zentrum-von-Cas-Concos-2-150x100.jpg"},"modern-property-child-slider":{"file":"Stadhaus-in-Zentrum-von-Cas-Concos-2-680x510.jpg","width":680,"height":510,"mime-type":"image\/jpeg","filesize":60909,"url":"https:\/\/www.lucasfroeserealestate.com\/wp-content\/uploads\/2026\/03\/Stadhaus-in-Zentrum-von-Cas-Concos-2-680x510.jpg"},"property-thumb-image":{"file":"Stadhaus-in-Zentrum-von-Cas-Concos-2-488x326.jpg","width":488,"height":326,"mime-type":"image\/jpeg","filesize":30598,"url":"https:\/\/www.lucasfroeserealestate.com\/wp-content\/uploads\/2026\/03\/Stadhaus-in-Zentrum-von-Cas-Concos-2-488x326.jpg"},"property-detail-video-image":{"file":"Stadhaus-in-Zentrum-von-Cas-Concos-2-818x417.jpg","width":818,"height":417,"mime-type":"image\/jpeg","filesize":54579,"url":"https:\/\/www.lucasfroeserealestate.com\/wp-content\/uploads\/2026\/03\/Stadhaus-in-Zentrum-von-Cas-Concos-2-818x417.jpg"},"agent-image":{"file":"Stadhaus-in-Zentrum-von-Cas-Concos-2-210x210.jpg","width":210,"height":210,"mime-type":"image\/jpeg","filesize":11892,"url":"https:\/\/www.lucasfroeserealestate.com\/wp-content\/uploads\/2026\/03\/Stadhaus-in-Zentrum-von-Cas-Concos-2-210x210.jpg"},"partners-logo":{"file":"Stadhaus-in-Zentrum-von-Cas-Concos-2-600x1667.jpg","width":600,"height":1667,"mime-type":"image\/jpeg","filesize":140059,"url":"https:\/\/www.lucasfroeserealestate.com\/wp-content\/uploads\/2026\/03\/Stadhaus-in-Zentrum-von-Cas-Concos-2-600x1667.jpg"},"post-featured-image":{"file":"Stadhaus-in-Zentrum-von-Cas-Concos-2-1240x720.jpg","width":1240,"height":720,"mime-type":"image\/jpeg","filesize":122839,"url":"https:\/\/www.lucasfroeserealestate.com\/wp-content\/uploads\/2026\/03\/Stadhaus-in-Zentrum-von-Cas-Concos-2-1240x720.jpg"}},"image_meta":{"aperture":"6.3","credit":"LFRE","camera":"ILCE-7M2","caption":"Investment Mallorca","created_timestamp":"1773145737","copyright":"","focal_length":"14","iso":"4000","shutter_speed":"0.004","title":"Investment Mallorca","orientation":"0","keywords":["Investment Mallorca"]},"ID":"81485","name":"Stadhaus-in-Zentrum-von-Cas-Concos-2.jpg","path":"\/home\/empleost\/domains\/lucasfroeserealestate.com\/public_html\/wp-content\/uploads\/2026\/03\/Stadhaus-in-Zentrum-von-Cas-Concos-2.jpg","url":"https:\/\/www.lucasfroeserealestate.com\/wp-content\/uploads\/2026\/03\/Stadhaus-in-Zentrum-von-Cas-Concos-2-150x150.jpg","full_url":"https:\/\/www.lucasfroeserealestate.com\/wp-content\/uploads\/2026\/03\/Stadhaus-in-Zentrum-von-Cas-Concos-2.jpg","title":"Investment Mallorca","caption":"Investment Mallorca","description":"","alt":"Investment Mallorca","srcset":"https:\/\/www.lucasfroeserealestate.com\/wp-content\/uploads\/2026\/03\/Stadhaus-in-Zentrum-von-Cas-Concos-2-150x150.jpg 150w, https:\/\/www.lucasfroeserealestate.com\/wp-content\/uploads\/2026\/03\/Stadhaus-in-Zentrum-von-Cas-Concos-2-210x210.jpg 210w"},{"width":150,"height":150,"file":"2026\/03\/Stadhaus-in-Zentrum-von-Cas-Concos.jpg","filesize":530178,"sizes":{"medium":{"file":"Stadhaus-in-Zentrum-von-Cas-Concos-300x200.jpg","width":300,"height":200,"mime-type":"image\/jpeg","filesize":14505,"url":"https:\/\/www.lucasfroeserealestate.com\/wp-content\/uploads\/2026\/03\/Stadhaus-in-Zentrum-von-Cas-Concos-300x200.jpg"},"large":{"file":"Stadhaus-in-Zentrum-von-Cas-Concos-1024x683.jpg","width":1024,"height":683,"mime-type":"image\/jpeg","filesize":106415,"url":"https:\/\/www.lucasfroeserealestate.com\/wp-content\/uploads\/2026\/03\/Stadhaus-in-Zentrum-von-Cas-Concos-1024x683.jpg"},"thumbnail":{"file":"Stadhaus-in-Zentrum-von-Cas-Concos-150x150.jpg","width":150,"height":150,"mime-type":"image\/jpeg","filesize":6562,"url":"https:\/\/www.lucasfroeserealestate.com\/wp-content\/uploads\/2026\/03\/Stadhaus-in-Zentrum-von-Cas-Concos-150x150.jpg"},"medium_large":{"file":"Stadhaus-in-Zentrum-von-Cas-Concos-768x512.jpg","width":768,"height":512,"mime-type":"image\/jpeg","filesize":65919,"url":"https:\/\/www.lucasfroeserealestate.com\/wp-content\/uploads\/2026\/03\/Stadhaus-in-Zentrum-von-Cas-Concos-768x512.jpg"},"1536x1536":{"file":"Stadhaus-in-Zentrum-von-Cas-Concos-1536x1024.jpg","width":1536,"height":1024,"mime-type":"image\/jpeg","filesize":206340,"url":"https:\/\/www.lucasfroeserealestate.com\/wp-content\/uploads\/2026\/03\/Stadhaus-in-Zentrum-von-Cas-Concos-1536x1024.jpg"},"2048x2048":{"file":"Stadhaus-in-Zentrum-von-Cas-Concos-2048x1366.jpg","width":2048,"height":1366,"mime-type":"image\/jpeg","filesize":329952,"url":"https:\/\/www.lucasfroeserealestate.com\/wp-content\/uploads\/2026\/03\/Stadhaus-in-Zentrum-von-Cas-Concos-2048x1366.jpg"},"post-thumbnail":{"file":"Stadhaus-in-Zentrum-von-Cas-Concos-150x100.jpg","width":150,"height":100,"mime-type":"image\/jpeg","filesize":5271,"url":"https:\/\/www.lucasfroeserealestate.com\/wp-content\/uploads\/2026\/03\/Stadhaus-in-Zentrum-von-Cas-Concos-150x100.jpg"},"modern-property-child-slider":{"file":"Stadhaus-in-Zentrum-von-Cas-Concos-680x510.jpg","width":680,"height":510,"mime-type":"image\/jpeg","filesize":58756,"url":"https:\/\/www.lucasfroeserealestate.com\/wp-content\/uploads\/2026\/03\/Stadhaus-in-Zentrum-von-Cas-Concos-680x510.jpg"},"property-thumb-image":{"file":"Stadhaus-in-Zentrum-von-Cas-Concos-488x326.jpg","width":488,"height":326,"mime-type":"image\/jpeg","filesize":31656,"url":"https:\/\/www.lucasfroeserealestate.com\/wp-content\/uploads\/2026\/03\/Stadhaus-in-Zentrum-von-Cas-Concos-488x326.jpg"},"property-detail-video-image":{"file":"Stadhaus-in-Zentrum-von-Cas-Concos-818x417.jpg","width":818,"height":417,"mime-type":"image\/jpeg","filesize":55195,"url":"https:\/\/www.lucasfroeserealestate.com\/wp-content\/uploads\/2026\/03\/Stadhaus-in-Zentrum-von-Cas-Concos-818x417.jpg"},"agent-image":{"file":"Stadhaus-in-Zentrum-von-Cas-Concos-210x210.jpg","width":210,"height":210,"mime-type":"image\/jpeg","filesize":11102,"url":"https:\/\/www.lucasfroeserealestate.com\/wp-content\/uploads\/2026\/03\/Stadhaus-in-Zentrum-von-Cas-Concos-210x210.jpg"},"partners-logo":{"file":"Stadhaus-in-Zentrum-von-Cas-Concos-600x1667.jpg","width":600,"height":1667,"mime-type":"image\/jpeg","filesize":123628,"url":"https:\/\/www.lucasfroeserealestate.com\/wp-content\/uploads\/2026\/03\/Stadhaus-in-Zentrum-von-Cas-Concos-600x1667.jpg"},"post-featured-image":{"file":"Stadhaus-in-Zentrum-von-Cas-Concos-1240x720.jpg","width":1240,"height":720,"mime-type":"image\/jpeg","filesize":123818,"url":"https:\/\/www.lucasfroeserealestate.com\/wp-content\/uploads\/2026\/03\/Stadhaus-in-Zentrum-von-Cas-Concos-1240x720.jpg"}},"image_meta":{"aperture":"6.3","credit":"LFRE","camera":"ILCE-7M2","caption":"Investment Cas Concos,Investment Mallorca,Stadthaus Felanitx,Stadthaus mit Garten,Traditionelle Stadhaus Mallorca","created_timestamp":"1773145695","copyright":"","focal_length":"14","iso":"10000","shutter_speed":"0.003125","title":"","orientation":"0","keywords":["Investment Cas Concos,Investment Mallorca,Stadthaus Felanitx,Stadthaus mit Garten,Traditionelle Stadhaus Mallorca"]},"ID":"81502","name":"Stadhaus-in-Zentrum-von-Cas-Concos.jpg","path":"\/home\/empleost\/domains\/lucasfroeserealestate.com\/public_html\/wp-content\/uploads\/2026\/03\/Stadhaus-in-Zentrum-von-Cas-Concos.jpg","url":"https:\/\/www.lucasfroeserealestate.com\/wp-content\/uploads\/2026\/03\/Stadhaus-in-Zentrum-von-Cas-Concos-150x150.jpg","full_url":"https:\/\/www.lucasfroeserealestate.com\/wp-content\/uploads\/2026\/03\/Stadhaus-in-Zentrum-von-Cas-Concos.jpg","title":"Stadhaus-in-Zentrum-von-Cas-Concos","caption":"Investment Cas Concos,Investment Mallorca,Stadthaus Felanitx,Stadthaus mit Garten,Traditionelle Stadhaus Mallorca","description":"","alt":"Investment Cas Concos,Investment Mallorca,Stadthaus Felanitx,Stadthaus mit Garten,Traditionelle Stadhaus Mallorca","srcset":"https:\/\/www.lucasfroeserealestate.com\/wp-content\/uploads\/2026\/03\/Stadhaus-in-Zentrum-von-Cas-Concos-150x150.jpg 150w, https:\/\/www.lucasfroeserealestate.com\/wp-content\/uploads\/2026\/03\/Stadhaus-in-Zentrum-von-Cas-Concos-210x210.jpg 210w"},{"width":150,"height":150,"file":"2026\/03\/Stadhaus-in-Zentrum-von-Cas-Concos-13.jpg","filesize":556541,"sizes":{"medium":{"file":"Stadhaus-in-Zentrum-von-Cas-Concos-13-300x200.jpg","width":300,"height":200,"mime-type":"image\/jpeg","filesize":10599,"url":"https:\/\/www.lucasfroeserealestate.com\/wp-content\/uploads\/2026\/03\/Stadhaus-in-Zentrum-von-Cas-Concos-13-300x200.jpg"},"large":{"file":"Stadhaus-in-Zentrum-von-Cas-Concos-13-1024x683.jpg","width":1024,"height":683,"mime-type":"image\/jpeg","filesize":71172,"url":"https:\/\/www.lucasfroeserealestate.com\/wp-content\/uploads\/2026\/03\/Stadhaus-in-Zentrum-von-Cas-Concos-13-1024x683.jpg"},"thumbnail":{"file":"Stadhaus-in-Zentrum-von-Cas-Concos-13-150x150.jpg","width":150,"height":150,"mime-type":"image\/jpeg","filesize":5165,"url":"https:\/\/www.lucasfroeserealestate.com\/wp-content\/uploads\/2026\/03\/Stadhaus-in-Zentrum-von-Cas-Concos-13-150x150.jpg"},"medium_large":{"file":"Stadhaus-in-Zentrum-von-Cas-Concos-13-768x512.jpg","width":768,"height":512,"mime-type":"image\/jpeg","filesize":44585,"url":"https:\/\/www.lucasfroeserealestate.com\/wp-content\/uploads\/2026\/03\/Stadhaus-in-Zentrum-von-Cas-Concos-13-768x512.jpg"},"1536x1536":{"file":"Stadhaus-in-Zentrum-von-Cas-Concos-13-1536x1024.jpg","width":1536,"height":1024,"mime-type":"image\/jpeg","filesize":133089,"url":"https:\/\/www.lucasfroeserealestate.com\/wp-content\/uploads\/2026\/03\/Stadhaus-in-Zentrum-von-Cas-Concos-13-1536x1024.jpg"},"2048x2048":{"file":"Stadhaus-in-Zentrum-von-Cas-Concos-13-2048x1366.jpg","width":2048,"height":1366,"mime-type":"image\/jpeg","filesize":209395,"url":"https:\/\/www.lucasfroeserealestate.com\/wp-content\/uploads\/2026\/03\/Stadhaus-in-Zentrum-von-Cas-Concos-13-2048x1366.jpg"},"post-thumbnail":{"file":"Stadhaus-in-Zentrum-von-Cas-Concos-13-150x100.jpg","width":150,"height":100,"mime-type":"image\/jpeg","filesize":4109,"url":"https:\/\/www.lucasfroeserealestate.com\/wp-content\/uploads\/2026\/03\/Stadhaus-in-Zentrum-von-Cas-Concos-13-150x100.jpg"},"modern-property-child-slider":{"file":"Stadhaus-in-Zentrum-von-Cas-Concos-13-680x510.jpg","width":680,"height":510,"mime-type":"image\/jpeg","filesize":40442,"url":"https:\/\/www.lucasfroeserealestate.com\/wp-content\/uploads\/2026\/03\/Stadhaus-in-Zentrum-von-Cas-Concos-13-680x510.jpg"},"property-thumb-image":{"file":"Stadhaus-in-Zentrum-von-Cas-Concos-13-488x326.jpg","width":488,"height":326,"mime-type":"image\/jpeg","filesize":22355,"url":"https:\/\/www.lucasfroeserealestate.com\/wp-content\/uploads\/2026\/03\/Stadhaus-in-Zentrum-von-Cas-Concos-13-488x326.jpg"},"property-detail-video-image":{"file":"Stadhaus-in-Zentrum-von-Cas-Concos-13-818x417.jpg","width":818,"height":417,"mime-type":"image\/jpeg","filesize":33015,"url":"https:\/\/www.lucasfroeserealestate.com\/wp-content\/uploads\/2026\/03\/Stadhaus-in-Zentrum-von-Cas-Concos-13-818x417.jpg"},"agent-image":{"file":"Stadhaus-in-Zentrum-von-Cas-Concos-13-210x210.jpg","width":210,"height":210,"mime-type":"image\/jpeg","filesize":8422,"url":"https:\/\/www.lucasfroeserealestate.com\/wp-content\/uploads\/2026\/03\/Stadhaus-in-Zentrum-von-Cas-Concos-13-210x210.jpg"},"partners-logo":{"file":"Stadhaus-in-Zentrum-von-Cas-Concos-13-600x1667.jpg","width":600,"height":1667,"mime-type":"image\/jpeg","filesize":97314,"url":"https:\/\/www.lucasfroeserealestate.com\/wp-content\/uploads\/2026\/03\/Stadhaus-in-Zentrum-von-Cas-Concos-13-600x1667.jpg"},"post-featured-image":{"file":"Stadhaus-in-Zentrum-von-Cas-Concos-13-1240x720.jpg","width":1240,"height":720,"mime-type":"image\/jpeg","filesize":75554,"url":"https:\/\/www.lucasfroeserealestate.com\/wp-content\/uploads\/2026\/03\/Stadhaus-in-Zentrum-von-Cas-Concos-13-1240x720.jpg"}},"image_meta":{"aperture":"6.3","credit":"LFRE","camera":"ILCE-7M2","caption":"Schlafzimmer Immobilien Cas Concos","created_timestamp":"1773147133","copyright":"","focal_length":"14","iso":"5000","shutter_speed":"0.004","title":"Schlafzimmer Immobilien Cas Concos","orientation":"0","keywords":["Schlafzimmer Immobilien Cas Concos"]},"ID":"81496","name":"Stadhaus-in-Zentrum-von-Cas-Concos-13.jpg","path":"\/home\/empleost\/domains\/lucasfroeserealestate.com\/public_html\/wp-content\/uploads\/2026\/03\/Stadhaus-in-Zentrum-von-Cas-Concos-13.jpg","url":"https:\/\/www.lucasfroeserealestate.com\/wp-content\/uploads\/2026\/03\/Stadhaus-in-Zentrum-von-Cas-Concos-13-150x150.jpg","full_url":"https:\/\/www.lucasfroeserealestate.com\/wp-content\/uploads\/2026\/03\/Stadhaus-in-Zentrum-von-Cas-Concos-13.jpg","title":"Schlafzimmer Immobilien Cas Concos","caption":"Schlafzimmer Immobilien Cas Concos","description":"","alt":"Schlafzimmer Immobilien Cas Concos","srcset":"https:\/\/www.lucasfroeserealestate.com\/wp-content\/uploads\/2026\/03\/Stadhaus-in-Zentrum-von-Cas-Concos-13-150x150.jpg 150w, https:\/\/www.lucasfroeserealestate.com\/wp-content\/uploads\/2026\/03\/Stadhaus-in-Zentrum-von-Cas-Concos-13-210x210.jpg 210w"},{"width":150,"height":150,"file":"2026\/03\/Stadhaus-in-Zentrum-von-Cas-Concos-15.jpg","filesize":557849,"sizes":{"medium":{"file":"Stadhaus-in-Zentrum-von-Cas-Concos-15-300x200.jpg","width":300,"height":200,"mime-type":"image\/jpeg","filesize":14638,"url":"https:\/\/www.lucasfroeserealestate.com\/wp-content\/uploads\/2026\/03\/Stadhaus-in-Zentrum-von-Cas-Concos-15-300x200.jpg"},"large":{"file":"Stadhaus-in-Zentrum-von-Cas-Concos-15-1024x683.jpg","width":1024,"height":683,"mime-type":"image\/jpeg","filesize":105418,"url":"https:\/\/www.lucasfroeserealestate.com\/wp-content\/uploads\/2026\/03\/Stadhaus-in-Zentrum-von-Cas-Concos-15-1024x683.jpg"},"thumbnail":{"file":"Stadhaus-in-Zentrum-von-Cas-Concos-15-150x150.jpg","width":150,"height":150,"mime-type":"image\/jpeg","filesize":7088,"url":"https:\/\/www.lucasfroeserealestate.com\/wp-content\/uploads\/2026\/03\/Stadhaus-in-Zentrum-von-Cas-Concos-15-150x150.jpg"},"medium_large":{"file":"Stadhaus-in-Zentrum-von-Cas-Concos-15-768x512.jpg","width":768,"height":512,"mime-type":"image\/jpeg","filesize":65815,"url":"https:\/\/www.lucasfroeserealestate.com\/wp-content\/uploads\/2026\/03\/Stadhaus-in-Zentrum-von-Cas-Concos-15-768x512.jpg"},"1536x1536":{"file":"Stadhaus-in-Zentrum-von-Cas-Concos-15-1536x1024.jpg","width":1536,"height":1024,"mime-type":"image\/jpeg","filesize":201189,"url":"https:\/\/www.lucasfroeserealestate.com\/wp-content\/uploads\/2026\/03\/Stadhaus-in-Zentrum-von-Cas-Concos-15-1536x1024.jpg"},"2048x2048":{"file":"Stadhaus-in-Zentrum-von-Cas-Concos-15-2048x1366.jpg","width":2048,"height":1366,"mime-type":"image\/jpeg","filesize":316448,"url":"https:\/\/www.lucasfroeserealestate.com\/wp-content\/uploads\/2026\/03\/Stadhaus-in-Zentrum-von-Cas-Concos-15-2048x1366.jpg"},"post-thumbnail":{"file":"Stadhaus-in-Zentrum-von-Cas-Concos-15-150x100.jpg","width":150,"height":100,"mime-type":"image\/jpeg","filesize":5212,"url":"https:\/\/www.lucasfroeserealestate.com\/wp-content\/uploads\/2026\/03\/Stadhaus-in-Zentrum-von-Cas-Concos-15-150x100.jpg"},"modern-property-child-slider":{"file":"Stadhaus-in-Zentrum-von-Cas-Concos-15-680x510.jpg","width":680,"height":510,"mime-type":"image\/jpeg","filesize":60919,"url":"https:\/\/www.lucasfroeserealestate.com\/wp-content\/uploads\/2026\/03\/Stadhaus-in-Zentrum-von-Cas-Concos-15-680x510.jpg"},"property-thumb-image":{"file":"Stadhaus-in-Zentrum-von-Cas-Concos-15-488x326.jpg","width":488,"height":326,"mime-type":"image\/jpeg","filesize":32126,"url":"https:\/\/www.lucasfroeserealestate.com\/wp-content\/uploads\/2026\/03\/Stadhaus-in-Zentrum-von-Cas-Concos-15-488x326.jpg"},"property-detail-video-image":{"file":"Stadhaus-in-Zentrum-von-Cas-Concos-15-818x417.jpg","width":818,"height":417,"mime-type":"image\/jpeg","filesize":56048,"url":"https:\/\/www.lucasfroeserealestate.com\/wp-content\/uploads\/2026\/03\/Stadhaus-in-Zentrum-von-Cas-Concos-15-818x417.jpg"},"agent-image":{"file":"Stadhaus-in-Zentrum-von-Cas-Concos-15-210x210.jpg","width":210,"height":210,"mime-type":"image\/jpeg","filesize":12163,"url":"https:\/\/www.lucasfroeserealestate.com\/wp-content\/uploads\/2026\/03\/Stadhaus-in-Zentrum-von-Cas-Concos-15-210x210.jpg"},"partners-logo":{"file":"Stadhaus-in-Zentrum-von-Cas-Concos-15-600x1667.jpg","width":600,"height":1667,"mime-type":"image\/jpeg","filesize":127835,"url":"https:\/\/www.lucasfroeserealestate.com\/wp-content\/uploads\/2026\/03\/Stadhaus-in-Zentrum-von-Cas-Concos-15-600x1667.jpg"},"post-featured-image":{"file":"Stadhaus-in-Zentrum-von-Cas-Concos-15-1240x720.jpg","width":1240,"height":720,"mime-type":"image\/jpeg","filesize":123485,"url":"https:\/\/www.lucasfroeserealestate.com\/wp-content\/uploads\/2026\/03\/Stadhaus-in-Zentrum-von-Cas-Concos-15-1240x720.jpg"}},"image_meta":{"aperture":"6.3","credit":"LFRE","camera":"ILCE-7M2","caption":"Helle Saal haus kaufen Mallorca","created_timestamp":"1773147998","copyright":"","focal_length":"14","iso":"5000","shutter_speed":"0.004","title":"Helle Saal haus kaufen Mallorca","orientation":"0","keywords":["Helle Saal haus kaufen Mallorca"]},"ID":"81498","name":"Stadhaus-in-Zentrum-von-Cas-Concos-15.jpg","path":"\/home\/empleost\/domains\/lucasfroeserealestate.com\/public_html\/wp-content\/uploads\/2026\/03\/Stadhaus-in-Zentrum-von-Cas-Concos-15.jpg","url":"https:\/\/www.lucasfroeserealestate.com\/wp-content\/uploads\/2026\/03\/Stadhaus-in-Zentrum-von-Cas-Concos-15-150x150.jpg","full_url":"https:\/\/www.lucasfroeserealestate.com\/wp-content\/uploads\/2026\/03\/Stadhaus-in-Zentrum-von-Cas-Concos-15.jpg","title":"Helle Saal haus kaufen Mallorca","caption":"Helle Saal haus kaufen Mallorca","description":"","alt":"Helle Saal haus kaufen Mallorca","srcset":"https:\/\/www.lucasfroeserealestate.com\/wp-content\/uploads\/2026\/03\/Stadhaus-in-Zentrum-von-Cas-Concos-15-150x150.jpg 150w, https:\/\/www.lucasfroeserealestate.com\/wp-content\/uploads\/2026\/03\/Stadhaus-in-Zentrum-von-Cas-Concos-15-210x210.jpg 210w"},{"width":150,"height":150,"file":"2026\/03\/Stadhaus-in-Zentrum-von-Cas-Concos-16.jpg","filesize":501982,"sizes":{"medium":{"file":"Stadhaus-in-Zentrum-von-Cas-Concos-16-300x200.jpg","width":300,"height":200,"mime-type":"image\/jpeg","filesize":12097,"url":"https:\/\/www.lucasfroeserealestate.com\/wp-content\/uploads\/2026\/03\/Stadhaus-in-Zentrum-von-Cas-Concos-16-300x200.jpg"},"large":{"file":"Stadhaus-in-Zentrum-von-Cas-Concos-16-1024x683.jpg","width":1024,"height":683,"mime-type":"image\/jpeg","filesize":83559,"url":"https:\/\/www.lucasfroeserealestate.com\/wp-content\/uploads\/2026\/03\/Stadhaus-in-Zentrum-von-Cas-Concos-16-1024x683.jpg"},"thumbnail":{"file":"Stadhaus-in-Zentrum-von-Cas-Concos-16-150x150.jpg","width":150,"height":150,"mime-type":"image\/jpeg","filesize":6360,"url":"https:\/\/www.lucasfroeserealestate.com\/wp-content\/uploads\/2026\/03\/Stadhaus-in-Zentrum-von-Cas-Concos-16-150x150.jpg"},"medium_large":{"file":"Stadhaus-in-Zentrum-von-Cas-Concos-16-768x512.jpg","width":768,"height":512,"mime-type":"image\/jpeg","filesize":51973,"url":"https:\/\/www.lucasfroeserealestate.com\/wp-content\/uploads\/2026\/03\/Stadhaus-in-Zentrum-von-Cas-Concos-16-768x512.jpg"},"1536x1536":{"file":"Stadhaus-in-Zentrum-von-Cas-Concos-16-1536x1024.jpg","width":1536,"height":1024,"mime-type":"image\/jpeg","filesize":161975,"url":"https:\/\/www.lucasfroeserealestate.com\/wp-content\/uploads\/2026\/03\/Stadhaus-in-Zentrum-von-Cas-Concos-16-1536x1024.jpg"},"2048x2048":{"file":"Stadhaus-in-Zentrum-von-Cas-Concos-16-2048x1366.jpg","width":2048,"height":1366,"mime-type":"image\/jpeg","filesize":259629,"url":"https:\/\/www.lucasfroeserealestate.com\/wp-content\/uploads\/2026\/03\/Stadhaus-in-Zentrum-von-Cas-Concos-16-2048x1366.jpg"},"post-thumbnail":{"file":"Stadhaus-in-Zentrum-von-Cas-Concos-16-150x100.jpg","width":150,"height":100,"mime-type":"image\/jpeg","filesize":4565,"url":"https:\/\/www.lucasfroeserealestate.com\/wp-content\/uploads\/2026\/03\/Stadhaus-in-Zentrum-von-Cas-Concos-16-150x100.jpg"},"modern-property-child-slider":{"file":"Stadhaus-in-Zentrum-von-Cas-Concos-16-680x510.jpg","width":680,"height":510,"mime-type":"image\/jpeg","filesize":47377,"url":"https:\/\/www.lucasfroeserealestate.com\/wp-content\/uploads\/2026\/03\/Stadhaus-in-Zentrum-von-Cas-Concos-16-680x510.jpg"},"property-thumb-image":{"file":"Stadhaus-in-Zentrum-von-Cas-Concos-16-488x326.jpg","width":488,"height":326,"mime-type":"image\/jpeg","filesize":25428,"url":"https:\/\/www.lucasfroeserealestate.com\/wp-content\/uploads\/2026\/03\/Stadhaus-in-Zentrum-von-Cas-Concos-16-488x326.jpg"},"property-detail-video-image":{"file":"Stadhaus-in-Zentrum-von-Cas-Concos-16-818x417.jpg","width":818,"height":417,"mime-type":"image\/jpeg","filesize":45027,"url":"https:\/\/www.lucasfroeserealestate.com\/wp-content\/uploads\/2026\/03\/Stadhaus-in-Zentrum-von-Cas-Concos-16-818x417.jpg"},"agent-image":{"file":"Stadhaus-in-Zentrum-von-Cas-Concos-16-210x210.jpg","width":210,"height":210,"mime-type":"image\/jpeg","filesize":10399,"url":"https:\/\/www.lucasfroeserealestate.com\/wp-content\/uploads\/2026\/03\/Stadhaus-in-Zentrum-von-Cas-Concos-16-210x210.jpg"},"partners-logo":{"file":"Stadhaus-in-Zentrum-von-Cas-Concos-16-600x1667.jpg","width":600,"height":1667,"mime-type":"image\/jpeg","filesize":97401,"url":"https:\/\/www.lucasfroeserealestate.com\/wp-content\/uploads\/2026\/03\/Stadhaus-in-Zentrum-von-Cas-Concos-16-600x1667.jpg"},"post-featured-image":{"file":"Stadhaus-in-Zentrum-von-Cas-Concos-16-1240x720.jpg","width":1240,"height":720,"mime-type":"image\/jpeg","filesize":99217,"url":"https:\/\/www.lucasfroeserealestate.com\/wp-content\/uploads\/2026\/03\/Stadhaus-in-Zentrum-von-Cas-Concos-16-1240x720.jpg"}},"image_meta":{"aperture":"6.3","credit":"LFRE","camera":"ILCE-7M2","caption":"haus Cas Cocnos","created_timestamp":"1773148083","copyright":"","focal_length":"14","iso":"4000","shutter_speed":"0.004","title":"haus Cas Cocnos","orientation":"0","keywords":["haus Cas Cocnos"]},"ID":"81499","name":"Stadhaus-in-Zentrum-von-Cas-Concos-16.jpg","path":"\/home\/empleost\/domains\/lucasfroeserealestate.com\/public_html\/wp-content\/uploads\/2026\/03\/Stadhaus-in-Zentrum-von-Cas-Concos-16.jpg","url":"https:\/\/www.lucasfroeserealestate.com\/wp-content\/uploads\/2026\/03\/Stadhaus-in-Zentrum-von-Cas-Concos-16-150x150.jpg","full_url":"https:\/\/www.lucasfroeserealestate.com\/wp-content\/uploads\/2026\/03\/Stadhaus-in-Zentrum-von-Cas-Concos-16.jpg","title":"haus Cas Cocnos","caption":"haus Cas Cocnos","description":"","alt":"haus Cas Cocnos","srcset":"https:\/\/www.lucasfroeserealestate.com\/wp-content\/uploads\/2026\/03\/Stadhaus-in-Zentrum-von-Cas-Concos-16-150x150.jpg 150w, https:\/\/www.lucasfroeserealestate.com\/wp-content\/uploads\/2026\/03\/Stadhaus-in-Zentrum-von-Cas-Concos-16-210x210.jpg 210w"},{"width":150,"height":150,"file":"2026\/03\/Stadhaus-in-Zentrum-von-Cas-Concos-17.jpg","filesize":563263,"sizes":{"medium":{"file":"Stadhaus-in-Zentrum-von-Cas-Concos-17-300x200.jpg","width":300,"height":200,"mime-type":"image\/jpeg","filesize":14288,"url":"https:\/\/www.lucasfroeserealestate.com\/wp-content\/uploads\/2026\/03\/Stadhaus-in-Zentrum-von-Cas-Concos-17-300x200.jpg"},"large":{"file":"Stadhaus-in-Zentrum-von-Cas-Concos-17-1024x683.jpg","width":1024,"height":683,"mime-type":"image\/jpeg","filesize":112976,"url":"https:\/\/www.lucasfroeserealestate.com\/wp-content\/uploads\/2026\/03\/Stadhaus-in-Zentrum-von-Cas-Concos-17-1024x683.jpg"},"thumbnail":{"file":"Stadhaus-in-Zentrum-von-Cas-Concos-17-150x150.jpg","width":150,"height":150,"mime-type":"image\/jpeg","filesize":6579,"url":"https:\/\/www.lucasfroeserealestate.com\/wp-content\/uploads\/2026\/03\/Stadhaus-in-Zentrum-von-Cas-Concos-17-150x150.jpg"},"medium_large":{"file":"Stadhaus-in-Zentrum-von-Cas-Concos-17-768x512.jpg","width":768,"height":512,"mime-type":"image\/jpeg","filesize":69471,"url":"https:\/\/www.lucasfroeserealestate.com\/wp-content\/uploads\/2026\/03\/Stadhaus-in-Zentrum-von-Cas-Concos-17-768x512.jpg"},"1536x1536":{"file":"Stadhaus-in-Zentrum-von-Cas-Concos-17-1536x1024.jpg","width":1536,"height":1024,"mime-type":"image\/jpeg","filesize":221147,"url":"https:\/\/www.lucasfroeserealestate.com\/wp-content\/uploads\/2026\/03\/Stadhaus-in-Zentrum-von-Cas-Concos-17-1536x1024.jpg"},"2048x2048":{"file":"Stadhaus-in-Zentrum-von-Cas-Concos-17-2048x1366.jpg","width":2048,"height":1366,"mime-type":"image\/jpeg","filesize":349989,"url":"https:\/\/www.lucasfroeserealestate.com\/wp-content\/uploads\/2026\/03\/Stadhaus-in-Zentrum-von-Cas-Concos-17-2048x1366.jpg"},"post-thumbnail":{"file":"Stadhaus-in-Zentrum-von-Cas-Concos-17-150x100.jpg","width":150,"height":100,"mime-type":"image\/jpeg","filesize":4956,"url":"https:\/\/www.lucasfroeserealestate.com\/wp-content\/uploads\/2026\/03\/Stadhaus-in-Zentrum-von-Cas-Concos-17-150x100.jpg"},"modern-property-child-slider":{"file":"Stadhaus-in-Zentrum-von-Cas-Concos-17-680x510.jpg","width":680,"height":510,"mime-type":"image\/jpeg","filesize":64520,"url":"https:\/\/www.lucasfroeserealestate.com\/wp-content\/uploads\/2026\/03\/Stadhaus-in-Zentrum-von-Cas-Concos-17-680x510.jpg"},"property-thumb-image":{"file":"Stadhaus-in-Zentrum-von-Cas-Concos-17-488x326.jpg","width":488,"height":326,"mime-type":"image\/jpeg","filesize":32568,"url":"https:\/\/www.lucasfroeserealestate.com\/wp-content\/uploads\/2026\/03\/Stadhaus-in-Zentrum-von-Cas-Concos-17-488x326.jpg"},"property-detail-video-image":{"file":"Stadhaus-in-Zentrum-von-Cas-Concos-17-818x417.jpg","width":818,"height":417,"mime-type":"image\/jpeg","filesize":58908,"url":"https:\/\/www.lucasfroeserealestate.com\/wp-content\/uploads\/2026\/03\/Stadhaus-in-Zentrum-von-Cas-Concos-17-818x417.jpg"},"agent-image":{"file":"Stadhaus-in-Zentrum-von-Cas-Concos-17-210x210.jpg","width":210,"height":210,"mime-type":"image\/jpeg","filesize":11496,"url":"https:\/\/www.lucasfroeserealestate.com\/wp-content\/uploads\/2026\/03\/Stadhaus-in-Zentrum-von-Cas-Concos-17-210x210.jpg"},"partners-logo":{"file":"Stadhaus-in-Zentrum-von-Cas-Concos-17-600x1667.jpg","width":600,"height":1667,"mime-type":"image\/jpeg","filesize":124554,"url":"https:\/\/www.lucasfroeserealestate.com\/wp-content\/uploads\/2026\/03\/Stadhaus-in-Zentrum-von-Cas-Concos-17-600x1667.jpg"},"post-featured-image":{"file":"Stadhaus-in-Zentrum-von-Cas-Concos-17-1240x720.jpg","width":1240,"height":720,"mime-type":"image\/jpeg","filesize":134477,"url":"https:\/\/www.lucasfroeserealestate.com\/wp-content\/uploads\/2026\/03\/Stadhaus-in-Zentrum-von-Cas-Concos-17-1240x720.jpg"}},"image_meta":{"aperture":"6.3","credit":"LFRE","camera":"ILCE-7M2","caption":"Investment Mallorca","created_timestamp":"1773148120","copyright":"","focal_length":"14","iso":"4000","shutter_speed":"0.005","title":"Investment Mallorca","orientation":"0","keywords":["Investment Mallorca"]},"ID":"81500","name":"Stadhaus-in-Zentrum-von-Cas-Concos-17.jpg","path":"\/home\/empleost\/domains\/lucasfroeserealestate.com\/public_html\/wp-content\/uploads\/2026\/03\/Stadhaus-in-Zentrum-von-Cas-Concos-17.jpg","url":"https:\/\/www.lucasfroeserealestate.com\/wp-content\/uploads\/2026\/03\/Stadhaus-in-Zentrum-von-Cas-Concos-17-150x150.jpg","full_url":"https:\/\/www.lucasfroeserealestate.com\/wp-content\/uploads\/2026\/03\/Stadhaus-in-Zentrum-von-Cas-Concos-17.jpg","title":"Investment Mallorca","caption":"Investment Mallorca","description":"","alt":"Investment Mallorca","srcset":"https:\/\/www.lucasfroeserealestate.com\/wp-content\/uploads\/2026\/03\/Stadhaus-in-Zentrum-von-Cas-Concos-17-150x150.jpg 150w, https:\/\/www.lucasfroeserealestate.com\/wp-content\/uploads\/2026\/03\/Stadhaus-in-Zentrum-von-Cas-Concos-17-210x210.jpg 210w"},{"width":150,"height":150,"file":"2026\/03\/Stadhaus-in-Zentrum-von-Cas-Concos-14.jpg","filesize":555040,"sizes":{"medium":{"file":"Stadhaus-in-Zentrum-von-Cas-Concos-14-300x200.jpg","width":300,"height":200,"mime-type":"image\/jpeg","filesize":10083,"url":"https:\/\/www.lucasfroeserealestate.com\/wp-content\/uploads\/2026\/03\/Stadhaus-in-Zentrum-von-Cas-Concos-14-300x200.jpg"},"large":{"file":"Stadhaus-in-Zentrum-von-Cas-Concos-14-1024x683.jpg","width":1024,"height":683,"mime-type":"image\/jpeg","filesize":73378,"url":"https:\/\/www.lucasfroeserealestate.com\/wp-content\/uploads\/2026\/03\/Stadhaus-in-Zentrum-von-Cas-Concos-14-1024x683.jpg"},"thumbnail":{"file":"Stadhaus-in-Zentrum-von-Cas-Concos-14-150x150.jpg","width":150,"height":150,"mime-type":"image\/jpeg","filesize":4692,"url":"https:\/\/www.lucasfroeserealestate.com\/wp-content\/uploads\/2026\/03\/Stadhaus-in-Zentrum-von-Cas-Concos-14-150x150.jpg"},"medium_large":{"file":"Stadhaus-in-Zentrum-von-Cas-Concos-14-768x512.jpg","width":768,"height":512,"mime-type":"image\/jpeg","filesize":45418,"url":"https:\/\/www.lucasfroeserealestate.com\/wp-content\/uploads\/2026\/03\/Stadhaus-in-Zentrum-von-Cas-Concos-14-768x512.jpg"},"1536x1536":{"file":"Stadhaus-in-Zentrum-von-Cas-Concos-14-1536x1024.jpg","width":1536,"height":1024,"mime-type":"image\/jpeg","filesize":141005,"url":"https:\/\/www.lucasfroeserealestate.com\/wp-content\/uploads\/2026\/03\/Stadhaus-in-Zentrum-von-Cas-Concos-14-1536x1024.jpg"},"2048x2048":{"file":"Stadhaus-in-Zentrum-von-Cas-Concos-14-2048x1366.jpg","width":2048,"height":1366,"mime-type":"image\/jpeg","filesize":224050,"url":"https:\/\/www.lucasfroeserealestate.com\/wp-content\/uploads\/2026\/03\/Stadhaus-in-Zentrum-von-Cas-Concos-14-2048x1366.jpg"},"post-thumbnail":{"file":"Stadhaus-in-Zentrum-von-Cas-Concos-14-150x100.jpg","width":150,"height":100,"mime-type":"image\/jpeg","filesize":3736,"url":"https:\/\/www.lucasfroeserealestate.com\/wp-content\/uploads\/2026\/03\/Stadhaus-in-Zentrum-von-Cas-Concos-14-150x100.jpg"},"modern-property-child-slider":{"file":"Stadhaus-in-Zentrum-von-Cas-Concos-14-680x510.jpg","width":680,"height":510,"mime-type":"image\/jpeg","filesize":40367,"url":"https:\/\/www.lucasfroeserealestate.com\/wp-content\/uploads\/2026\/03\/Stadhaus-in-Zentrum-von-Cas-Concos-14-680x510.jpg"},"property-thumb-image":{"file":"Stadhaus-in-Zentrum-von-Cas-Concos-14-488x326.jpg","width":488,"height":326,"mime-type":"image\/jpeg","filesize":21839,"url":"https:\/\/www.lucasfroeserealestate.com\/wp-content\/uploads\/2026\/03\/Stadhaus-in-Zentrum-von-Cas-Concos-14-488x326.jpg"},"property-detail-video-image":{"file":"Stadhaus-in-Zentrum-von-Cas-Concos-14-818x417.jpg","width":818,"height":417,"mime-type":"image\/jpeg","filesize":41376,"url":"https:\/\/www.lucasfroeserealestate.com\/wp-content\/uploads\/2026\/03\/Stadhaus-in-Zentrum-von-Cas-Concos-14-818x417.jpg"},"agent-image":{"file":"Stadhaus-in-Zentrum-von-Cas-Concos-14-210x210.jpg","width":210,"height":210,"mime-type":"image\/jpeg","filesize":7643,"url":"https:\/\/www.lucasfroeserealestate.com\/wp-content\/uploads\/2026\/03\/Stadhaus-in-Zentrum-von-Cas-Concos-14-210x210.jpg"},"partners-logo":{"file":"Stadhaus-in-Zentrum-von-Cas-Concos-14-600x1667.jpg","width":600,"height":1667,"mime-type":"image\/jpeg","filesize":73887,"url":"https:\/\/www.lucasfroeserealestate.com\/wp-content\/uploads\/2026\/03\/Stadhaus-in-Zentrum-von-Cas-Concos-14-600x1667.jpg"},"post-featured-image":{"file":"Stadhaus-in-Zentrum-von-Cas-Concos-14-1240x720.jpg","width":1240,"height":720,"mime-type":"image\/jpeg","filesize":89648,"url":"https:\/\/www.lucasfroeserealestate.com\/wp-content\/uploads\/2026\/03\/Stadhaus-in-Zentrum-von-Cas-Concos-14-1240x720.jpg"}},"image_meta":{"aperture":"6.3","credit":"LFRE","camera":"ILCE-7M2","caption":"Bad Investment","created_timestamp":"1773147168","copyright":"","focal_length":"14","iso":"5000","shutter_speed":"0.005","title":"Bad Investment","orientation":"0","keywords":["Bad Investment"]},"ID":"81497","name":"Stadhaus-in-Zentrum-von-Cas-Concos-14.jpg","path":"\/home\/empleost\/domains\/lucasfroeserealestate.com\/public_html\/wp-content\/uploads\/2026\/03\/Stadhaus-in-Zentrum-von-Cas-Concos-14.jpg","url":"https:\/\/www.lucasfroeserealestate.com\/wp-content\/uploads\/2026\/03\/Stadhaus-in-Zentrum-von-Cas-Concos-14-150x150.jpg","full_url":"https:\/\/www.lucasfroeserealestate.com\/wp-content\/uploads\/2026\/03\/Stadhaus-in-Zentrum-von-Cas-Concos-14.jpg","title":"Bad Investment","caption":"Bad Investment","description":"","alt":"Bad Investment","srcset":"https:\/\/www.lucasfroeserealestate.com\/wp-content\/uploads\/2026\/03\/Stadhaus-in-Zentrum-von-Cas-Concos-14-150x150.jpg 150w, https:\/\/www.lucasfroeserealestate.com\/wp-content\/uploads\/2026\/03\/Stadhaus-in-Zentrum-von-Cas-Concos-14-210x210.jpg 210w"},{"width":150,"height":150,"file":"2026\/03\/Stadhaus-in-Zentrum-von-Cas-Concos-18.jpg","filesize":545493,"sizes":{"medium":{"file":"Stadhaus-in-Zentrum-von-Cas-Concos-18-300x200.jpg","width":300,"height":200,"mime-type":"image\/jpeg","filesize":20591,"url":"https:\/\/www.lucasfroeserealestate.com\/wp-content\/uploads\/2026\/03\/Stadhaus-in-Zentrum-von-Cas-Concos-18-300x200.jpg"},"large":{"file":"Stadhaus-in-Zentrum-von-Cas-Concos-18-1024x683.jpg","width":1024,"height":683,"mime-type":"image\/jpeg","filesize":197821,"url":"https:\/\/www.lucasfroeserealestate.com\/wp-content\/uploads\/2026\/03\/Stadhaus-in-Zentrum-von-Cas-Concos-18-1024x683.jpg"},"thumbnail":{"file":"Stadhaus-in-Zentrum-von-Cas-Concos-18-150x150.jpg","width":150,"height":150,"mime-type":"image\/jpeg","filesize":9025,"url":"https:\/\/www.lucasfroeserealestate.com\/wp-content\/uploads\/2026\/03\/Stadhaus-in-Zentrum-von-Cas-Concos-18-150x150.jpg"},"medium_large":{"file":"Stadhaus-in-Zentrum-von-Cas-Concos-18-768x512.jpg","width":768,"height":512,"mime-type":"image\/jpeg","filesize":116877,"url":"https:\/\/www.lucasfroeserealestate.com\/wp-content\/uploads\/2026\/03\/Stadhaus-in-Zentrum-von-Cas-Concos-18-768x512.jpg"},"1536x1536":{"file":"Stadhaus-in-Zentrum-von-Cas-Concos-18-1536x1024.jpg","width":1536,"height":1024,"mime-type":"image\/jpeg","filesize":395021,"url":"https:\/\/www.lucasfroeserealestate.com\/wp-content\/uploads\/2026\/03\/Stadhaus-in-Zentrum-von-Cas-Concos-18-1536x1024.jpg"},"2048x2048":{"file":"Stadhaus-in-Zentrum-von-Cas-Concos-18-2048x1366.jpg","width":2048,"height":1366,"mime-type":"image\/jpeg","filesize":623152,"url":"https:\/\/www.lucasfroeserealestate.com\/wp-content\/uploads\/2026\/03\/Stadhaus-in-Zentrum-von-Cas-Concos-18-2048x1366.jpg"},"post-thumbnail":{"file":"Stadhaus-in-Zentrum-von-Cas-Concos-18-150x100.jpg","width":150,"height":100,"mime-type":"image\/jpeg","filesize":6231,"url":"https:\/\/www.lucasfroeserealestate.com\/wp-content\/uploads\/2026\/03\/Stadhaus-in-Zentrum-von-Cas-Concos-18-150x100.jpg"},"modern-property-child-slider":{"file":"Stadhaus-in-Zentrum-von-Cas-Concos-18-680x510.jpg","width":680,"height":510,"mime-type":"image\/jpeg","filesize":106177,"url":"https:\/\/www.lucasfroeserealestate.com\/wp-content\/uploads\/2026\/03\/Stadhaus-in-Zentrum-von-Cas-Concos-18-680x510.jpg"},"property-thumb-image":{"file":"Stadhaus-in-Zentrum-von-Cas-Concos-18-488x326.jpg","width":488,"height":326,"mime-type":"image\/jpeg","filesize":50838,"url":"https:\/\/www.lucasfroeserealestate.com\/wp-content\/uploads\/2026\/03\/Stadhaus-in-Zentrum-von-Cas-Concos-18-488x326.jpg"},"property-detail-video-image":{"file":"Stadhaus-in-Zentrum-von-Cas-Concos-18-818x417.jpg","width":818,"height":417,"mime-type":"image\/jpeg","filesize":103301,"url":"https:\/\/www.lucasfroeserealestate.com\/wp-content\/uploads\/2026\/03\/Stadhaus-in-Zentrum-von-Cas-Concos-18-818x417.jpg"},"agent-image":{"file":"Stadhaus-in-Zentrum-von-Cas-Concos-18-210x210.jpg","width":210,"height":210,"mime-type":"image\/jpeg","filesize":16732,"url":"https:\/\/www.lucasfroeserealestate.com\/wp-content\/uploads\/2026\/03\/Stadhaus-in-Zentrum-von-Cas-Concos-18-210x210.jpg"},"partners-logo":{"file":"Stadhaus-in-Zentrum-von-Cas-Concos-18-600x1667.jpg","width":600,"height":1667,"mime-type":"image\/jpeg","filesize":262546,"url":"https:\/\/www.lucasfroeserealestate.com\/wp-content\/uploads\/2026\/03\/Stadhaus-in-Zentrum-von-Cas-Concos-18-600x1667.jpg"},"post-featured-image":{"file":"Stadhaus-in-Zentrum-von-Cas-Concos-18-1240x720.jpg","width":1240,"height":720,"mime-type":"image\/jpeg","filesize":243007,"url":"https:\/\/www.lucasfroeserealestate.com\/wp-content\/uploads\/2026\/03\/Stadhaus-in-Zentrum-von-Cas-Concos-18-1240x720.jpg"}},"image_meta":{"aperture":"6.3","credit":"LFRE","camera":"ILCE-7M2","caption":"Garten Stadthaus Mallorca","created_timestamp":"1773148337","copyright":"","focal_length":"14","iso":"800","shutter_speed":"0.004","title":"Garten Stadthaus Mallorca","orientation":"0","keywords":["Garten Stadthaus Mallorca"]},"ID":"81501","name":"Stadhaus-in-Zentrum-von-Cas-Concos-18.jpg","path":"\/home\/empleost\/domains\/lucasfroeserealestate.com\/public_html\/wp-content\/uploads\/2026\/03\/Stadhaus-in-Zentrum-von-Cas-Concos-18.jpg","url":"https:\/\/www.lucasfroeserealestate.com\/wp-content\/uploads\/2026\/03\/Stadhaus-in-Zentrum-von-Cas-Concos-18-150x150.jpg","full_url":"https:\/\/www.lucasfroeserealestate.com\/wp-content\/uploads\/2026\/03\/Stadhaus-in-Zentrum-von-Cas-Concos-18.jpg","title":"Garten Stadthaus Mallorca","caption":"Garten Stadthaus Mallorca","description":"","alt":"Garten Stadthaus Mallorca","srcset":"https:\/\/www.lucasfroeserealestate.com\/wp-content\/uploads\/2026\/03\/Stadhaus-in-Zentrum-von-Cas-Concos-18-150x150.jpg 150w, https:\/\/www.lucasfroeserealestate.com\/wp-content\/uploads\/2026\/03\/Stadhaus-in-Zentrum-von-Cas-Concos-18-210x210.jpg 210w"}],"REAL_HOMES_change_gallery_slider_type":"","REAL_HOMES_gallery_slider_type":"thumb-on-right","inspiry_floor_plans":[],"inspiry_video_group":[],"REAL_HOMES_360_virtual_tour":"","REAL_HOMES_agent_display_option":"agent_info","REAL_HOMES_agents":["6675"],"REAL_HOMES_energy_class":"none","REAL_HOMES_energy_performance":"In process...","REAL_HOMES_epc_current_rating":"","REAL_HOMES_epc_potential_rating":"","ere_property_schedule_tour":"","ere_property_schedule_time_slots":"","ere_property_schedule_description":"","REAL_HOMES_sticky":"","inspiry_property_label":"","inspiry_property_label_color":"","inspiry_property_tax":"","inspiry_additional_fee":"","REAL_HOMES_attachments":[],"inspiry_property_owner_name":"","inspiry_property_owner_contact":"","inspiry_property_owner_address":"","REAL_HOMES_property_private_note":"","inspiry_message_to_reviewer":"","REAL_HOMES_add_in_slider":"no","REAL_HOMES_slider_image":[],"REAL_HOMES_page_banner_image":[],"REAL_HOMES_hide_property_advance_search":"","inspiry_ausrichtung":"Norte","inspiry_strasse":"","inspiry_hausnummer":"","inspiry_plz":"","inspiry_ort":"","inspiry_land":"","inspiry_new-build":"","inspiry_kyero_prime_activator":[],"inspiry_kyero_xml_format":[],"inspiry_openimmo_xml_format":[],"inspiry_idealista_xml_format":[],"inspiry_etagen":"","inspiry_etage_(wo_sich_die_wohnung_befindet,_sonst_0)":"","inspiry_gesamtfl\u00e4che\/bebaute_fl\u00e4che_(mehr_als_wohnfl\u00e4che*)":"","inspiry_anzahl_zimmer_sz_esszimmer_wohnzimmer_hobby_zimmer_usw":"","inspiry_anzahl_terrassen":"","inspiry_anzahl_wohneinheiten":"","inspiry_google_maps_link":"","inspiry_google_drive_link":"","inspiry_location_coordinates_gm":"","inspiry_erhaltungszustand_der_immobilie":"","inspiry_heizungsart":"","inspiry_qualit\u00e4t_der_ausstattung":"","inspiry_kauf\/miete":"","inspiry_kategorie":"","inspiry_typ":"","inspiry_art":"","inspiry_land_type_(only_plots)":"","inspiry_listed_by":"","inspiry_comission_(%)":"","inspiry_lage_beschreibung":"","inspiry_austattung_beschreibung":"","inspiry_bodenbelag":"","inspiry_distanz_zum_flughafen_(min)":"","inspiry_auftragsart":"","inspiry_keys":[],"inspiry_preis_pro_m2":"","inspiry_office_listed":"","inspiry_suchkriterien_extras":[],"REAL_HOMES_custom_header_display":"","REAL_HOMES_custom_header_position":"","REAL_HOMES_custom_footer_display":"","REAL_HOMES_hide_advance_search":"","REAL_HOMES_custom_search_form":"","REAL_HOMES_search_form_margin_top":"","REAL_HOMES_search_form_margin_bottom":""},"_links":{"self":[{"href":"https:\/\/www.lucasfroeserealestate.com\/es\/wp-json\/wp\/v2\/immobilien\/81504","targetHints":{"allow":["GET"]}}],"collection":[{"href":"https:\/\/www.lucasfroeserealestate.com\/es\/wp-json\/wp\/v2\/immobilien"}],"about":[{"href":"https:\/\/www.lucasfroeserealestate.com\/es\/wp-json\/wp\/v2\/types\/property"}],"author":[{"embeddable":true,"href":"https:\/\/www.lucasfroeserealestate.com\/es\/wp-json\/wp\/v2\/users\/8"}],"replies":[{"embeddable":true,"href":"https:\/\/www.lucasfroeserealestate.com\/es\/wp-json\/wp\/v2\/comments?post=81504"}],"version-history":[{"count":2,"href":"https:\/\/www.lucasfroeserealestate.com\/es\/wp-json\/wp\/v2\/immobilien\/81504\/revisions"}],"predecessor-version":[{"id":81565,"href":"https:\/\/www.lucasfroeserealestate.com\/es\/wp-json\/wp\/v2\/immobilien\/81504\/revisions\/81565"}],"wp:featuredmedia":[{"embeddable":true,"href":"https:\/\/www.lucasfroeserealestate.com\/es\/wp-json\/wp\/v2\/media\/81858"}],"wp:attachment":[{"href":"https:\/\/www.lucasfroeserealestate.com\/es\/wp-json\/wp\/v2\/media?parent=81504"}],"wp:term":[{"taxonomy":"property-feature","embeddable":true,"href":"https:\/\/www.lucasfroeserealestate.com\/es\/wp-json\/wp\/v2\/immobilien-austattung?post=81504"},{"taxonomy":"property-type","embeddable":true,"href":"https:\/\/www.lucasfroeserealestate.com\/es\/wp-json\/wp\/v2\/immobilien-typ?post=81504"},{"taxonomy":"property-city","embeddable":true,"href":"https:\/\/www.lucasfroeserealestate.com\/es\/wp-json\/wp\/v2\/immobilien-ortschaft?post=81504"},{"taxonomy":"property-status","embeddable":true,"href":"https:\/\/www.lucasfroeserealestate.com\/es\/wp-json\/wp\/v2\/immobilien-status?post=81504"}],"curies":[{"name":"wp","href":"https:\/\/api.w.org\/{rel}","templated":true}]}}