{"id":67520,"date":"2025-05-07T16:20:13","date_gmt":"2025-05-07T14:20:13","guid":{"rendered":"https:\/\/www.lucasfroeserealestate.com\/immobilien\/amplio-local-comercial-con-gran-fachada-a-la-zona-peatonal-de-felanitx\/"},"modified":"2026-01-10T15:19:41","modified_gmt":"2026-01-10T14:19:41","slug":"amplio-local-comercial-con-gran-fachada-a-la-zona-peatonal-de-felanitx","status":"publish","type":"property","link":"https:\/\/www.lucasfroeserealestate.com\/es\/immobilien\/amplio-local-comercial-con-gran-fachada-a-la-zona-peatonal-de-felanitx\/","title":{"rendered":"Amplio local comercial con gran fachada a la zona peatonal de Felanitx"},"content":{"rendered":"<p>Este local comercial con garaje ofrece una excelente oportunidad de inversi\u00f3n en Felanitx. En una parcela de 466m2, la planta baja ofrece una superficie de 292m2 de local comercial, y 155m2 de garaje (447m2 construidos en total). La propiedad necesita reformas, pero ofrece un gran potencial debido a su ubicaci\u00f3n en pleno centro de Felanitx, con una amplia zona de fachada.  <\/p>\n<p>Para m\u00e1s informaci\u00f3n, as\u00ed como para oportunidades de inversi\u00f3n, \u00a1contacta directamente con nosotros!<\/p>\n","protected":false},"excerpt":{"rendered":"<p>Este local comercial con garaje ofrece una excelente oportunidad de inversi\u00f3n en Felanitx. En una parcela de 466m2, la planta baja ofrece una superficie de 292m2 de local comercial, y 155m2 de garaje (447m2 construidos en total). La propiedad necesita reformas, pero ofrece un gran potencial debido a su ubicaci\u00f3n en pleno centro de Felanitx,&#8230;<\/p>\n","protected":false},"author":1,"featured_media":67514,"parent":0,"menu_order":0,"comment_status":"closed","ping_status":"closed","template":"","immobilien-austattung":[141,149,4498,137,1505,98,111],"immobilien-typ":[84],"immobilien-ortschaft":[119],"immobilien-status":[114],"class_list":["post-67520","property","type-property","status-publish","has-post-thumbnail","hentry","property-feature-stadtwasser-es","property-feature-garage-es","property-feature-inversion","property-feature-investitionsimmobilie-es","property-feature-gesa-strom-es","property-feature-abstellraum-es","property-feature-wc-gaestetoilette-es","property-type-localescomerciales","property-city-felanitx-es","property-status-venta"],"property_meta":{"REAL_HOMES_property_price":"636300","REAL_HOMES_property_old_price":"","REAL_HOMES_property_price_prefix":"","REAL_HOMES_property_price_postfix":"","REAL_HOMES_property_size":"447","REAL_HOMES_property_size_postfix":"","REAL_HOMES_property_lot_size":"466","REAL_HOMES_property_lot_size_postfix":"","REAL_HOMES_property_bedrooms":"2","REAL_HOMES_property_bathrooms":"1","REAL_HOMES_property_garage":"2","REAL_HOMES_property_id":"LF0805","REAL_HOMES_property_year_built":"","rvr_property_owner":"","REAL_HOMES_featured":"","REAL_HOMES_additional_details_list":[],"REAL_HOMES_property_location":{"latitude":"39.61362","longitude":"3.02004","zoom":"14"},"REAL_HOMES_property_address":"Felanitx, Illes Balears, Espa\u00f1a","REAL_HOMES_property_map":"0","REAL_HOMES_property_images":[{"width":150,"height":150,"file":"2025\/05\/Diseno-sin-titulo-2025-05-07T160337.452.jpg","filesize":665624,"sizes":{"medium":{"file":"Diseno-sin-titulo-2025-05-07T160337.452-300x200.jpg","width":300,"height":200,"mime-type":"image\/jpeg","filesize":19777,"url":"https:\/\/www.lucasfroeserealestate.com\/wp-content\/uploads\/2025\/05\/Diseno-sin-titulo-2025-05-07T160337.452-300x200.jpg"},"large":{"file":"Diseno-sin-titulo-2025-05-07T160337.452-1024x683.jpg","width":1024,"height":683,"mime-type":"image\/jpeg","filesize":168297,"url":"https:\/\/www.lucasfroeserealestate.com\/wp-content\/uploads\/2025\/05\/Diseno-sin-titulo-2025-05-07T160337.452-1024x683.jpg"},"thumbnail":{"file":"Diseno-sin-titulo-2025-05-07T160337.452-150x150.jpg","width":150,"height":150,"mime-type":"image\/jpeg","filesize":8417,"url":"https:\/\/www.lucasfroeserealestate.com\/wp-content\/uploads\/2025\/05\/Diseno-sin-titulo-2025-05-07T160337.452-150x150.jpg"},"medium_large":{"file":"Diseno-sin-titulo-2025-05-07T160337.452-768x512.jpg","width":768,"height":512,"mime-type":"image\/jpeg","filesize":102516,"url":"https:\/\/www.lucasfroeserealestate.com\/wp-content\/uploads\/2025\/05\/Diseno-sin-titulo-2025-05-07T160337.452-768x512.jpg"},"1536x1536":{"file":"Diseno-sin-titulo-2025-05-07T160337.452-1536x1024.jpg","width":1536,"height":1024,"mime-type":"image\/jpeg","filesize":324929,"url":"https:\/\/www.lucasfroeserealestate.com\/wp-content\/uploads\/2025\/05\/Diseno-sin-titulo-2025-05-07T160337.452-1536x1024.jpg"},"2048x2048":{"file":"Diseno-sin-titulo-2025-05-07T160337.452-2048x1365.jpg","width":2048,"height":1365,"mime-type":"image\/jpeg","filesize":510623,"url":"https:\/\/www.lucasfroeserealestate.com\/wp-content\/uploads\/2025\/05\/Diseno-sin-titulo-2025-05-07T160337.452-2048x1365.jpg"},"post-thumbnail":{"file":"Diseno-sin-titulo-2025-05-07T160337.452-150x100.jpg","width":150,"height":100,"mime-type":"image\/jpeg","filesize":6251,"url":"https:\/\/www.lucasfroeserealestate.com\/wp-content\/uploads\/2025\/05\/Diseno-sin-titulo-2025-05-07T160337.452-150x100.jpg"},"modern-property-child-slider":{"file":"Diseno-sin-titulo-2025-05-07T160337.452-680x510.jpg","width":680,"height":510,"mime-type":"image\/jpeg","filesize":92492,"url":"https:\/\/www.lucasfroeserealestate.com\/wp-content\/uploads\/2025\/05\/Diseno-sin-titulo-2025-05-07T160337.452-680x510.jpg"},"property-thumb-image":{"file":"Diseno-sin-titulo-2025-05-07T160337.452-488x326.jpg","width":488,"height":326,"mime-type":"image\/jpeg","filesize":46578,"url":"https:\/\/www.lucasfroeserealestate.com\/wp-content\/uploads\/2025\/05\/Diseno-sin-titulo-2025-05-07T160337.452-488x326.jpg"},"property-detail-video-image":{"file":"Diseno-sin-titulo-2025-05-07T160337.452-818x417.jpg","width":818,"height":417,"mime-type":"image\/jpeg","filesize":91065,"url":"https:\/\/www.lucasfroeserealestate.com\/wp-content\/uploads\/2025\/05\/Diseno-sin-titulo-2025-05-07T160337.452-818x417.jpg"},"agent-image":{"file":"Diseno-sin-titulo-2025-05-07T160337.452-210x210.jpg","width":210,"height":210,"mime-type":"image\/jpeg","filesize":15017,"url":"https:\/\/www.lucasfroeserealestate.com\/wp-content\/uploads\/2025\/05\/Diseno-sin-titulo-2025-05-07T160337.452-210x210.jpg"},"partners-logo":{"file":"Diseno-sin-titulo-2025-05-07T160337.452-600x1600.jpg","width":600,"height":1600,"mime-type":"image\/jpeg","filesize":176452,"url":"https:\/\/www.lucasfroeserealestate.com\/wp-content\/uploads\/2025\/05\/Diseno-sin-titulo-2025-05-07T160337.452-600x1600.jpg"},"post-featured-image":{"file":"Diseno-sin-titulo-2025-05-07T160337.452-1240x720.jpg","width":1240,"height":720,"mime-type":"image\/jpeg","filesize":202696,"url":"https:\/\/www.lucasfroeserealestate.com\/wp-content\/uploads\/2025\/05\/Diseno-sin-titulo-2025-05-07T160337.452-1240x720.jpg"}},"image_meta":{"aperture":"0","credit":"","camera":"","caption":"","created_timestamp":"0","copyright":"","focal_length":"0","iso":"0","shutter_speed":"0","title":"","orientation":"1","keywords":[]},"ID":"67516","name":"Diseno-sin-titulo-2025-05-07T160337.452.jpg","path":"\/home\/empleost\/domains\/lucasfroeserealestate.com\/public_html\/wp-content\/uploads\/2025\/05\/Diseno-sin-titulo-2025-05-07T160337.452.jpg","url":"https:\/\/www.lucasfroeserealestate.com\/wp-content\/uploads\/2025\/05\/Diseno-sin-titulo-2025-05-07T160337.452-150x150.jpg","full_url":"https:\/\/www.lucasfroeserealestate.com\/wp-content\/uploads\/2025\/05\/Diseno-sin-titulo-2025-05-07T160337.452.jpg","title":"Disen\u0303o sin ti\u0301tulo - 2025-05-07T160337.452","caption":"Immobilien Felanitx Zentrum kaufen","description":"","alt":"Immobilien Felanitx Zentrum kaufen","srcset":"https:\/\/www.lucasfroeserealestate.com\/wp-content\/uploads\/2025\/05\/Diseno-sin-titulo-2025-05-07T160337.452-150x150.jpg 150w, https:\/\/www.lucasfroeserealestate.com\/wp-content\/uploads\/2025\/05\/Diseno-sin-titulo-2025-05-07T160337.452-210x210.jpg 210w"},{"width":150,"height":150,"file":"2025\/05\/Diseno-sin-titulo-2025-05-07T161451.830.jpg","filesize":821843,"sizes":{"medium":{"file":"Diseno-sin-titulo-2025-05-07T161451.830-300x200.jpg","width":300,"height":200,"mime-type":"image\/jpeg","filesize":15988,"url":"https:\/\/www.lucasfroeserealestate.com\/wp-content\/uploads\/2025\/05\/Diseno-sin-titulo-2025-05-07T161451.830-300x200.jpg"},"large":{"file":"Diseno-sin-titulo-2025-05-07T161451.830-1024x683.jpg","width":1024,"height":683,"mime-type":"image\/jpeg","filesize":167229,"url":"https:\/\/www.lucasfroeserealestate.com\/wp-content\/uploads\/2025\/05\/Diseno-sin-titulo-2025-05-07T161451.830-1024x683.jpg"},"thumbnail":{"file":"Diseno-sin-titulo-2025-05-07T161451.830-150x150.jpg","width":150,"height":150,"mime-type":"image\/jpeg","filesize":6186,"url":"https:\/\/www.lucasfroeserealestate.com\/wp-content\/uploads\/2025\/05\/Diseno-sin-titulo-2025-05-07T161451.830-150x150.jpg"},"medium_large":{"file":"Diseno-sin-titulo-2025-05-07T161451.830-768x512.jpg","width":768,"height":512,"mime-type":"image\/jpeg","filesize":95765,"url":"https:\/\/www.lucasfroeserealestate.com\/wp-content\/uploads\/2025\/05\/Diseno-sin-titulo-2025-05-07T161451.830-768x512.jpg"},"1536x1536":{"file":"Diseno-sin-titulo-2025-05-07T161451.830-1536x1024.jpg","width":1536,"height":1024,"mime-type":"image\/jpeg","filesize":350515,"url":"https:\/\/www.lucasfroeserealestate.com\/wp-content\/uploads\/2025\/05\/Diseno-sin-titulo-2025-05-07T161451.830-1536x1024.jpg"},"2048x2048":{"file":"Diseno-sin-titulo-2025-05-07T161451.830-2048x1365.jpg","width":2048,"height":1365,"mime-type":"image\/jpeg","filesize":582669,"url":"https:\/\/www.lucasfroeserealestate.com\/wp-content\/uploads\/2025\/05\/Diseno-sin-titulo-2025-05-07T161451.830-2048x1365.jpg"},"post-thumbnail":{"file":"Diseno-sin-titulo-2025-05-07T161451.830-150x100.jpg","width":150,"height":100,"mime-type":"image\/jpeg","filesize":4848,"url":"https:\/\/www.lucasfroeserealestate.com\/wp-content\/uploads\/2025\/05\/Diseno-sin-titulo-2025-05-07T161451.830-150x100.jpg"},"modern-property-child-slider":{"file":"Diseno-sin-titulo-2025-05-07T161451.830-680x510.jpg","width":680,"height":510,"mime-type":"image\/jpeg","filesize":83552,"url":"https:\/\/www.lucasfroeserealestate.com\/wp-content\/uploads\/2025\/05\/Diseno-sin-titulo-2025-05-07T161451.830-680x510.jpg"},"property-thumb-image":{"file":"Diseno-sin-titulo-2025-05-07T161451.830-488x326.jpg","width":488,"height":326,"mime-type":"image\/jpeg","filesize":40290,"url":"https:\/\/www.lucasfroeserealestate.com\/wp-content\/uploads\/2025\/05\/Diseno-sin-titulo-2025-05-07T161451.830-488x326.jpg"},"property-detail-video-image":{"file":"Diseno-sin-titulo-2025-05-07T161451.830-818x417.jpg","width":818,"height":417,"mime-type":"image\/jpeg","filesize":85796,"url":"https:\/\/www.lucasfroeserealestate.com\/wp-content\/uploads\/2025\/05\/Diseno-sin-titulo-2025-05-07T161451.830-818x417.jpg"},"agent-image":{"file":"Diseno-sin-titulo-2025-05-07T161451.830-210x210.jpg","width":210,"height":210,"mime-type":"image\/jpeg","filesize":11432,"url":"https:\/\/www.lucasfroeserealestate.com\/wp-content\/uploads\/2025\/05\/Diseno-sin-titulo-2025-05-07T161451.830-210x210.jpg"},"partners-logo":{"file":"Diseno-sin-titulo-2025-05-07T161451.830-600x1600.jpg","width":600,"height":1600,"mime-type":"image\/jpeg","filesize":183722,"url":"https:\/\/www.lucasfroeserealestate.com\/wp-content\/uploads\/2025\/05\/Diseno-sin-titulo-2025-05-07T161451.830-600x1600.jpg"},"post-featured-image":{"file":"Diseno-sin-titulo-2025-05-07T161451.830-1240x720.jpg","width":1240,"height":720,"mime-type":"image\/jpeg","filesize":208258,"url":"https:\/\/www.lucasfroeserealestate.com\/wp-content\/uploads\/2025\/05\/Diseno-sin-titulo-2025-05-07T161451.830-1240x720.jpg"}},"image_meta":{"aperture":"0","credit":"","camera":"","caption":"","created_timestamp":"0","copyright":"","focal_length":"0","iso":"0","shutter_speed":"0","title":"","orientation":"1","keywords":[]},"ID":"67486","name":"Diseno-sin-titulo-2025-05-07T161451.830.jpg","path":"\/home\/empleost\/domains\/lucasfroeserealestate.com\/public_html\/wp-content\/uploads\/2025\/05\/Diseno-sin-titulo-2025-05-07T161451.830.jpg","url":"https:\/\/www.lucasfroeserealestate.com\/wp-content\/uploads\/2025\/05\/Diseno-sin-titulo-2025-05-07T161451.830-150x150.jpg","full_url":"https:\/\/www.lucasfroeserealestate.com\/wp-content\/uploads\/2025\/05\/Diseno-sin-titulo-2025-05-07T161451.830.jpg","title":"Disen\u0303o sin ti\u0301tulo - 2025-05-07T161451.830","caption":"Immobilien Felanitx Zentrum kaufen","description":"","alt":"Immobilien Felanitx Zentrum kaufen","srcset":"https:\/\/www.lucasfroeserealestate.com\/wp-content\/uploads\/2025\/05\/Diseno-sin-titulo-2025-05-07T161451.830-150x150.jpg 150w, https:\/\/www.lucasfroeserealestate.com\/wp-content\/uploads\/2025\/05\/Diseno-sin-titulo-2025-05-07T161451.830-210x210.jpg 210w"},{"width":150,"height":150,"file":"2025\/05\/Diseno-sin-titulo-2025-05-07T161807.964.jpg","filesize":514044,"sizes":{"medium":{"file":"Diseno-sin-titulo-2025-05-07T161807.964-300x200.jpg","width":300,"height":200,"mime-type":"image\/jpeg","filesize":14155,"url":"https:\/\/www.lucasfroeserealestate.com\/wp-content\/uploads\/2025\/05\/Diseno-sin-titulo-2025-05-07T161807.964-300x200.jpg"},"large":{"file":"Diseno-sin-titulo-2025-05-07T161807.964-1024x683.jpg","width":1024,"height":683,"mime-type":"image\/jpeg","filesize":116400,"url":"https:\/\/www.lucasfroeserealestate.com\/wp-content\/uploads\/2025\/05\/Diseno-sin-titulo-2025-05-07T161807.964-1024x683.jpg"},"thumbnail":{"file":"Diseno-sin-titulo-2025-05-07T161807.964-150x150.jpg","width":150,"height":150,"mime-type":"image\/jpeg","filesize":6180,"url":"https:\/\/www.lucasfroeserealestate.com\/wp-content\/uploads\/2025\/05\/Diseno-sin-titulo-2025-05-07T161807.964-150x150.jpg"},"medium_large":{"file":"Diseno-sin-titulo-2025-05-07T161807.964-768x512.jpg","width":768,"height":512,"mime-type":"image\/jpeg","filesize":70248,"url":"https:\/\/www.lucasfroeserealestate.com\/wp-content\/uploads\/2025\/05\/Diseno-sin-titulo-2025-05-07T161807.964-768x512.jpg"},"1536x1536":{"file":"Diseno-sin-titulo-2025-05-07T161807.964-1536x1024.jpg","width":1536,"height":1024,"mime-type":"image\/jpeg","filesize":232801,"url":"https:\/\/www.lucasfroeserealestate.com\/wp-content\/uploads\/2025\/05\/Diseno-sin-titulo-2025-05-07T161807.964-1536x1024.jpg"},"2048x2048":{"file":"Diseno-sin-titulo-2025-05-07T161807.964-2048x1365.jpg","width":2048,"height":1365,"mime-type":"image\/jpeg","filesize":379462,"url":"https:\/\/www.lucasfroeserealestate.com\/wp-content\/uploads\/2025\/05\/Diseno-sin-titulo-2025-05-07T161807.964-2048x1365.jpg"},"post-thumbnail":{"file":"Diseno-sin-titulo-2025-05-07T161807.964-150x100.jpg","width":150,"height":100,"mime-type":"image\/jpeg","filesize":4803,"url":"https:\/\/www.lucasfroeserealestate.com\/wp-content\/uploads\/2025\/05\/Diseno-sin-titulo-2025-05-07T161807.964-150x100.jpg"},"modern-property-child-slider":{"file":"Diseno-sin-titulo-2025-05-07T161807.964-680x510.jpg","width":680,"height":510,"mime-type":"image\/jpeg","filesize":62719,"url":"https:\/\/www.lucasfroeserealestate.com\/wp-content\/uploads\/2025\/05\/Diseno-sin-titulo-2025-05-07T161807.964-680x510.jpg"},"property-thumb-image":{"file":"Diseno-sin-titulo-2025-05-07T161807.964-488x326.jpg","width":488,"height":326,"mime-type":"image\/jpeg","filesize":32322,"url":"https:\/\/www.lucasfroeserealestate.com\/wp-content\/uploads\/2025\/05\/Diseno-sin-titulo-2025-05-07T161807.964-488x326.jpg"},"property-detail-video-image":{"file":"Diseno-sin-titulo-2025-05-07T161807.964-818x417.jpg","width":818,"height":417,"mime-type":"image\/jpeg","filesize":66704,"url":"https:\/\/www.lucasfroeserealestate.com\/wp-content\/uploads\/2025\/05\/Diseno-sin-titulo-2025-05-07T161807.964-818x417.jpg"},"agent-image":{"file":"Diseno-sin-titulo-2025-05-07T161807.964-210x210.jpg","width":210,"height":210,"mime-type":"image\/jpeg","filesize":10886,"url":"https:\/\/www.lucasfroeserealestate.com\/wp-content\/uploads\/2025\/05\/Diseno-sin-titulo-2025-05-07T161807.964-210x210.jpg"},"partners-logo":{"file":"Diseno-sin-titulo-2025-05-07T161807.964-600x1600.jpg","width":600,"height":1600,"mime-type":"image\/jpeg","filesize":157744,"url":"https:\/\/www.lucasfroeserealestate.com\/wp-content\/uploads\/2025\/05\/Diseno-sin-titulo-2025-05-07T161807.964-600x1600.jpg"},"post-featured-image":{"file":"Diseno-sin-titulo-2025-05-07T161807.964-1240x720.jpg","width":1240,"height":720,"mime-type":"image\/jpeg","filesize":146626,"url":"https:\/\/www.lucasfroeserealestate.com\/wp-content\/uploads\/2025\/05\/Diseno-sin-titulo-2025-05-07T161807.964-1240x720.jpg"}},"image_meta":{"aperture":"0","credit":"","camera":"","caption":"","created_timestamp":"0","copyright":"","focal_length":"0","iso":"0","shutter_speed":"0","title":"","orientation":"1","keywords":[]},"ID":"67474","name":"Diseno-sin-titulo-2025-05-07T161807.964.jpg","path":"\/home\/empleost\/domains\/lucasfroeserealestate.com\/public_html\/wp-content\/uploads\/2025\/05\/Diseno-sin-titulo-2025-05-07T161807.964.jpg","url":"https:\/\/www.lucasfroeserealestate.com\/wp-content\/uploads\/2025\/05\/Diseno-sin-titulo-2025-05-07T161807.964-150x150.jpg","full_url":"https:\/\/www.lucasfroeserealestate.com\/wp-content\/uploads\/2025\/05\/Diseno-sin-titulo-2025-05-07T161807.964.jpg","title":"Disen\u0303o sin ti\u0301tulo - 2025-05-07T161807.964","caption":"Immobilien Felanitx Zentrum kaufen","description":"","alt":"Immobilien Felanitx Zentrum kaufen","srcset":"https:\/\/www.lucasfroeserealestate.com\/wp-content\/uploads\/2025\/05\/Diseno-sin-titulo-2025-05-07T161807.964-150x150.jpg 150w, https:\/\/www.lucasfroeserealestate.com\/wp-content\/uploads\/2025\/05\/Diseno-sin-titulo-2025-05-07T161807.964-210x210.jpg 210w"},{"width":150,"height":150,"file":"2025\/05\/Diseno-sin-titulo-2025-05-07T161714.204.jpg","filesize":536123,"sizes":{"medium":{"file":"Diseno-sin-titulo-2025-05-07T161714.204-300x200.jpg","width":300,"height":200,"mime-type":"image\/jpeg","filesize":13533,"url":"https:\/\/www.lucasfroeserealestate.com\/wp-content\/uploads\/2025\/05\/Diseno-sin-titulo-2025-05-07T161714.204-300x200.jpg"},"large":{"file":"Diseno-sin-titulo-2025-05-07T161714.204-1024x683.jpg","width":1024,"height":683,"mime-type":"image\/jpeg","filesize":116678,"url":"https:\/\/www.lucasfroeserealestate.com\/wp-content\/uploads\/2025\/05\/Diseno-sin-titulo-2025-05-07T161714.204-1024x683.jpg"},"thumbnail":{"file":"Diseno-sin-titulo-2025-05-07T161714.204-150x150.jpg","width":150,"height":150,"mime-type":"image\/jpeg","filesize":5943,"url":"https:\/\/www.lucasfroeserealestate.com\/wp-content\/uploads\/2025\/05\/Diseno-sin-titulo-2025-05-07T161714.204-150x150.jpg"},"medium_large":{"file":"Diseno-sin-titulo-2025-05-07T161714.204-768x512.jpg","width":768,"height":512,"mime-type":"image\/jpeg","filesize":69581,"url":"https:\/\/www.lucasfroeserealestate.com\/wp-content\/uploads\/2025\/05\/Diseno-sin-titulo-2025-05-07T161714.204-768x512.jpg"},"1536x1536":{"file":"Diseno-sin-titulo-2025-05-07T161714.204-1536x1024.jpg","width":1536,"height":1024,"mime-type":"image\/jpeg","filesize":237183,"url":"https:\/\/www.lucasfroeserealestate.com\/wp-content\/uploads\/2025\/05\/Diseno-sin-titulo-2025-05-07T161714.204-1536x1024.jpg"},"2048x2048":{"file":"Diseno-sin-titulo-2025-05-07T161714.204-2048x1365.jpg","width":2048,"height":1365,"mime-type":"image\/jpeg","filesize":390887,"url":"https:\/\/www.lucasfroeserealestate.com\/wp-content\/uploads\/2025\/05\/Diseno-sin-titulo-2025-05-07T161714.204-2048x1365.jpg"},"post-thumbnail":{"file":"Diseno-sin-titulo-2025-05-07T161714.204-150x100.jpg","width":150,"height":100,"mime-type":"image\/jpeg","filesize":4615,"url":"https:\/\/www.lucasfroeserealestate.com\/wp-content\/uploads\/2025\/05\/Diseno-sin-titulo-2025-05-07T161714.204-150x100.jpg"},"modern-property-child-slider":{"file":"Diseno-sin-titulo-2025-05-07T161714.204-680x510.jpg","width":680,"height":510,"mime-type":"image\/jpeg","filesize":63150,"url":"https:\/\/www.lucasfroeserealestate.com\/wp-content\/uploads\/2025\/05\/Diseno-sin-titulo-2025-05-07T161714.204-680x510.jpg"},"property-thumb-image":{"file":"Diseno-sin-titulo-2025-05-07T161714.204-488x326.jpg","width":488,"height":326,"mime-type":"image\/jpeg","filesize":31336,"url":"https:\/\/www.lucasfroeserealestate.com\/wp-content\/uploads\/2025\/05\/Diseno-sin-titulo-2025-05-07T161714.204-488x326.jpg"},"property-detail-video-image":{"file":"Diseno-sin-titulo-2025-05-07T161714.204-818x417.jpg","width":818,"height":417,"mime-type":"image\/jpeg","filesize":64143,"url":"https:\/\/www.lucasfroeserealestate.com\/wp-content\/uploads\/2025\/05\/Diseno-sin-titulo-2025-05-07T161714.204-818x417.jpg"},"agent-image":{"file":"Diseno-sin-titulo-2025-05-07T161714.204-210x210.jpg","width":210,"height":210,"mime-type":"image\/jpeg","filesize":10568,"url":"https:\/\/www.lucasfroeserealestate.com\/wp-content\/uploads\/2025\/05\/Diseno-sin-titulo-2025-05-07T161714.204-210x210.jpg"},"partners-logo":{"file":"Diseno-sin-titulo-2025-05-07T161714.204-600x1600.jpg","width":600,"height":1600,"mime-type":"image\/jpeg","filesize":146881,"url":"https:\/\/www.lucasfroeserealestate.com\/wp-content\/uploads\/2025\/05\/Diseno-sin-titulo-2025-05-07T161714.204-600x1600.jpg"},"post-featured-image":{"file":"Diseno-sin-titulo-2025-05-07T161714.204-1240x720.jpg","width":1240,"height":720,"mime-type":"image\/jpeg","filesize":146345,"url":"https:\/\/www.lucasfroeserealestate.com\/wp-content\/uploads\/2025\/05\/Diseno-sin-titulo-2025-05-07T161714.204-1240x720.jpg"}},"image_meta":{"aperture":"0","credit":"","camera":"","caption":"","created_timestamp":"0","copyright":"","focal_length":"0","iso":"0","shutter_speed":"0","title":"","orientation":"1","keywords":[]},"ID":"67477","name":"Diseno-sin-titulo-2025-05-07T161714.204.jpg","path":"\/home\/empleost\/domains\/lucasfroeserealestate.com\/public_html\/wp-content\/uploads\/2025\/05\/Diseno-sin-titulo-2025-05-07T161714.204.jpg","url":"https:\/\/www.lucasfroeserealestate.com\/wp-content\/uploads\/2025\/05\/Diseno-sin-titulo-2025-05-07T161714.204-150x150.jpg","full_url":"https:\/\/www.lucasfroeserealestate.com\/wp-content\/uploads\/2025\/05\/Diseno-sin-titulo-2025-05-07T161714.204.jpg","title":"Disen\u0303o sin ti\u0301tulo - 2025-05-07T161714.204","caption":"Immobilien Felanitx Zentrum kaufen","description":"","alt":"Immobilien Felanitx Zentrum kaufen","srcset":"https:\/\/www.lucasfroeserealestate.com\/wp-content\/uploads\/2025\/05\/Diseno-sin-titulo-2025-05-07T161714.204-150x150.jpg 150w, https:\/\/www.lucasfroeserealestate.com\/wp-content\/uploads\/2025\/05\/Diseno-sin-titulo-2025-05-07T161714.204-210x210.jpg 210w"},{"width":150,"height":150,"file":"2025\/05\/Diseno-sin-titulo-2025-05-07T161646.334.jpg","filesize":820281,"sizes":{"medium":{"file":"Diseno-sin-titulo-2025-05-07T161646.334-300x200.jpg","width":300,"height":200,"mime-type":"image\/jpeg","filesize":19342,"url":"https:\/\/www.lucasfroeserealestate.com\/wp-content\/uploads\/2025\/05\/Diseno-sin-titulo-2025-05-07T161646.334-300x200.jpg"},"large":{"file":"Diseno-sin-titulo-2025-05-07T161646.334-1024x683.jpg","width":1024,"height":683,"mime-type":"image\/jpeg","filesize":182130,"url":"https:\/\/www.lucasfroeserealestate.com\/wp-content\/uploads\/2025\/05\/Diseno-sin-titulo-2025-05-07T161646.334-1024x683.jpg"},"thumbnail":{"file":"Diseno-sin-titulo-2025-05-07T161646.334-150x150.jpg","width":150,"height":150,"mime-type":"image\/jpeg","filesize":7928,"url":"https:\/\/www.lucasfroeserealestate.com\/wp-content\/uploads\/2025\/05\/Diseno-sin-titulo-2025-05-07T161646.334-150x150.jpg"},"medium_large":{"file":"Diseno-sin-titulo-2025-05-07T161646.334-768x512.jpg","width":768,"height":512,"mime-type":"image\/jpeg","filesize":107789,"url":"https:\/\/www.lucasfroeserealestate.com\/wp-content\/uploads\/2025\/05\/Diseno-sin-titulo-2025-05-07T161646.334-768x512.jpg"},"1536x1536":{"file":"Diseno-sin-titulo-2025-05-07T161646.334-1536x1024.jpg","width":1536,"height":1024,"mime-type":"image\/jpeg","filesize":369118,"url":"https:\/\/www.lucasfroeserealestate.com\/wp-content\/uploads\/2025\/05\/Diseno-sin-titulo-2025-05-07T161646.334-1536x1024.jpg"},"2048x2048":{"file":"Diseno-sin-titulo-2025-05-07T161646.334-2048x1365.jpg","width":2048,"height":1365,"mime-type":"image\/jpeg","filesize":600455,"url":"https:\/\/www.lucasfroeserealestate.com\/wp-content\/uploads\/2025\/05\/Diseno-sin-titulo-2025-05-07T161646.334-2048x1365.jpg"},"post-thumbnail":{"file":"Diseno-sin-titulo-2025-05-07T161646.334-150x100.jpg","width":150,"height":100,"mime-type":"image\/jpeg","filesize":5716,"url":"https:\/\/www.lucasfroeserealestate.com\/wp-content\/uploads\/2025\/05\/Diseno-sin-titulo-2025-05-07T161646.334-150x100.jpg"},"modern-property-child-slider":{"file":"Diseno-sin-titulo-2025-05-07T161646.334-680x510.jpg","width":680,"height":510,"mime-type":"image\/jpeg","filesize":98028,"url":"https:\/\/www.lucasfroeserealestate.com\/wp-content\/uploads\/2025\/05\/Diseno-sin-titulo-2025-05-07T161646.334-680x510.jpg"},"property-thumb-image":{"file":"Diseno-sin-titulo-2025-05-07T161646.334-488x326.jpg","width":488,"height":326,"mime-type":"image\/jpeg","filesize":47108,"url":"https:\/\/www.lucasfroeserealestate.com\/wp-content\/uploads\/2025\/05\/Diseno-sin-titulo-2025-05-07T161646.334-488x326.jpg"},"property-detail-video-image":{"file":"Diseno-sin-titulo-2025-05-07T161646.334-818x417.jpg","width":818,"height":417,"mime-type":"image\/jpeg","filesize":99047,"url":"https:\/\/www.lucasfroeserealestate.com\/wp-content\/uploads\/2025\/05\/Diseno-sin-titulo-2025-05-07T161646.334-818x417.jpg"},"agent-image":{"file":"Diseno-sin-titulo-2025-05-07T161646.334-210x210.jpg","width":210,"height":210,"mime-type":"image\/jpeg","filesize":14891,"url":"https:\/\/www.lucasfroeserealestate.com\/wp-content\/uploads\/2025\/05\/Diseno-sin-titulo-2025-05-07T161646.334-210x210.jpg"},"partners-logo":{"file":"Diseno-sin-titulo-2025-05-07T161646.334-600x1600.jpg","width":600,"height":1600,"mime-type":"image\/jpeg","filesize":253552,"url":"https:\/\/www.lucasfroeserealestate.com\/wp-content\/uploads\/2025\/05\/Diseno-sin-titulo-2025-05-07T161646.334-600x1600.jpg"},"post-featured-image":{"file":"Diseno-sin-titulo-2025-05-07T161646.334-1240x720.jpg","width":1240,"height":720,"mime-type":"image\/jpeg","filesize":227311,"url":"https:\/\/www.lucasfroeserealestate.com\/wp-content\/uploads\/2025\/05\/Diseno-sin-titulo-2025-05-07T161646.334-1240x720.jpg"}},"image_meta":{"aperture":"0","credit":"","camera":"","caption":"","created_timestamp":"0","copyright":"","focal_length":"0","iso":"0","shutter_speed":"0","title":"","orientation":"1","keywords":[]},"ID":"67480","name":"Diseno-sin-titulo-2025-05-07T161646.334.jpg","path":"\/home\/empleost\/domains\/lucasfroeserealestate.com\/public_html\/wp-content\/uploads\/2025\/05\/Diseno-sin-titulo-2025-05-07T161646.334.jpg","url":"https:\/\/www.lucasfroeserealestate.com\/wp-content\/uploads\/2025\/05\/Diseno-sin-titulo-2025-05-07T161646.334-150x150.jpg","full_url":"https:\/\/www.lucasfroeserealestate.com\/wp-content\/uploads\/2025\/05\/Diseno-sin-titulo-2025-05-07T161646.334.jpg","title":"Disen\u0303o sin ti\u0301tulo - 2025-05-07T161646.334","caption":"Immobilien Felanitx Zentrum kaufen","description":"","alt":"Immobilien Felanitx Zentrum kaufen","srcset":"https:\/\/www.lucasfroeserealestate.com\/wp-content\/uploads\/2025\/05\/Diseno-sin-titulo-2025-05-07T161646.334-150x150.jpg 150w, https:\/\/www.lucasfroeserealestate.com\/wp-content\/uploads\/2025\/05\/Diseno-sin-titulo-2025-05-07T161646.334-210x210.jpg 210w"},{"width":150,"height":150,"file":"2025\/05\/Diseno-sin-titulo-2025-05-07T161407.315.jpg","filesize":946782,"sizes":{"medium":{"file":"Diseno-sin-titulo-2025-05-07T161407.315-300x200.jpg","width":300,"height":200,"mime-type":"image\/jpeg","filesize":20889,"url":"https:\/\/www.lucasfroeserealestate.com\/wp-content\/uploads\/2025\/05\/Diseno-sin-titulo-2025-05-07T161407.315-300x200.jpg"},"large":{"file":"Diseno-sin-titulo-2025-05-07T161407.315-1024x683.jpg","width":1024,"height":683,"mime-type":"image\/jpeg","filesize":197484,"url":"https:\/\/www.lucasfroeserealestate.com\/wp-content\/uploads\/2025\/05\/Diseno-sin-titulo-2025-05-07T161407.315-1024x683.jpg"},"thumbnail":{"file":"Diseno-sin-titulo-2025-05-07T161407.315-150x150.jpg","width":150,"height":150,"mime-type":"image\/jpeg","filesize":8809,"url":"https:\/\/www.lucasfroeserealestate.com\/wp-content\/uploads\/2025\/05\/Diseno-sin-titulo-2025-05-07T161407.315-150x150.jpg"},"medium_large":{"file":"Diseno-sin-titulo-2025-05-07T161407.315-768x512.jpg","width":768,"height":512,"mime-type":"image\/jpeg","filesize":115750,"url":"https:\/\/www.lucasfroeserealestate.com\/wp-content\/uploads\/2025\/05\/Diseno-sin-titulo-2025-05-07T161407.315-768x512.jpg"},"1536x1536":{"file":"Diseno-sin-titulo-2025-05-07T161407.315-1536x1024.jpg","width":1536,"height":1024,"mime-type":"image\/jpeg","filesize":407346,"url":"https:\/\/www.lucasfroeserealestate.com\/wp-content\/uploads\/2025\/05\/Diseno-sin-titulo-2025-05-07T161407.315-1536x1024.jpg"},"2048x2048":{"file":"Diseno-sin-titulo-2025-05-07T161407.315-2048x1365.jpg","width":2048,"height":1365,"mime-type":"image\/jpeg","filesize":673004,"url":"https:\/\/www.lucasfroeserealestate.com\/wp-content\/uploads\/2025\/05\/Diseno-sin-titulo-2025-05-07T161407.315-2048x1365.jpg"},"post-thumbnail":{"file":"Diseno-sin-titulo-2025-05-07T161407.315-150x100.jpg","width":150,"height":100,"mime-type":"image\/jpeg","filesize":6375,"url":"https:\/\/www.lucasfroeserealestate.com\/wp-content\/uploads\/2025\/05\/Diseno-sin-titulo-2025-05-07T161407.315-150x100.jpg"},"modern-property-child-slider":{"file":"Diseno-sin-titulo-2025-05-07T161407.315-680x510.jpg","width":680,"height":510,"mime-type":"image\/jpeg","filesize":103556,"url":"https:\/\/www.lucasfroeserealestate.com\/wp-content\/uploads\/2025\/05\/Diseno-sin-titulo-2025-05-07T161407.315-680x510.jpg"},"property-thumb-image":{"file":"Diseno-sin-titulo-2025-05-07T161407.315-488x326.jpg","width":488,"height":326,"mime-type":"image\/jpeg","filesize":50521,"url":"https:\/\/www.lucasfroeserealestate.com\/wp-content\/uploads\/2025\/05\/Diseno-sin-titulo-2025-05-07T161407.315-488x326.jpg"},"property-detail-video-image":{"file":"Diseno-sin-titulo-2025-05-07T161407.315-818x417.jpg","width":818,"height":417,"mime-type":"image\/jpeg","filesize":106259,"url":"https:\/\/www.lucasfroeserealestate.com\/wp-content\/uploads\/2025\/05\/Diseno-sin-titulo-2025-05-07T161407.315-818x417.jpg"},"agent-image":{"file":"Diseno-sin-titulo-2025-05-07T161407.315-210x210.jpg","width":210,"height":210,"mime-type":"image\/jpeg","filesize":16223,"url":"https:\/\/www.lucasfroeserealestate.com\/wp-content\/uploads\/2025\/05\/Diseno-sin-titulo-2025-05-07T161407.315-210x210.jpg"},"partners-logo":{"file":"Diseno-sin-titulo-2025-05-07T161407.315-600x1600.jpg","width":600,"height":1600,"mime-type":"image\/jpeg","filesize":263674,"url":"https:\/\/www.lucasfroeserealestate.com\/wp-content\/uploads\/2025\/05\/Diseno-sin-titulo-2025-05-07T161407.315-600x1600.jpg"},"post-featured-image":{"file":"Diseno-sin-titulo-2025-05-07T161407.315-1240x720.jpg","width":1240,"height":720,"mime-type":"image\/jpeg","filesize":246618,"url":"https:\/\/www.lucasfroeserealestate.com\/wp-content\/uploads\/2025\/05\/Diseno-sin-titulo-2025-05-07T161407.315-1240x720.jpg"}},"image_meta":{"aperture":"0","credit":"","camera":"","caption":"","created_timestamp":"0","copyright":"","focal_length":"0","iso":"0","shutter_speed":"0","title":"","orientation":"1","keywords":[]},"ID":"67489","name":"Diseno-sin-titulo-2025-05-07T161407.315.jpg","path":"\/home\/empleost\/domains\/lucasfroeserealestate.com\/public_html\/wp-content\/uploads\/2025\/05\/Diseno-sin-titulo-2025-05-07T161407.315.jpg","url":"https:\/\/www.lucasfroeserealestate.com\/wp-content\/uploads\/2025\/05\/Diseno-sin-titulo-2025-05-07T161407.315-150x150.jpg","full_url":"https:\/\/www.lucasfroeserealestate.com\/wp-content\/uploads\/2025\/05\/Diseno-sin-titulo-2025-05-07T161407.315.jpg","title":"Disen\u0303o sin ti\u0301tulo - 2025-05-07T161407.315","caption":"Immobilien Felanitx Zentrum kaufen","description":"","alt":"Immobilien Felanitx Zentrum kaufen","srcset":"https:\/\/www.lucasfroeserealestate.com\/wp-content\/uploads\/2025\/05\/Diseno-sin-titulo-2025-05-07T161407.315-150x150.jpg 150w, https:\/\/www.lucasfroeserealestate.com\/wp-content\/uploads\/2025\/05\/Diseno-sin-titulo-2025-05-07T161407.315-210x210.jpg 210w"},{"width":150,"height":150,"file":"2025\/05\/Diseno-sin-titulo-2025-05-07T161548.705.jpg","filesize":411440,"sizes":{"medium":{"file":"Diseno-sin-titulo-2025-05-07T161548.705-300x200.jpg","width":300,"height":200,"mime-type":"image\/jpeg","filesize":9139,"url":"https:\/\/www.lucasfroeserealestate.com\/wp-content\/uploads\/2025\/05\/Diseno-sin-titulo-2025-05-07T161548.705-300x200.jpg"},"large":{"file":"Diseno-sin-titulo-2025-05-07T161548.705-1024x683.jpg","width":1024,"height":683,"mime-type":"image\/jpeg","filesize":76818,"url":"https:\/\/www.lucasfroeserealestate.com\/wp-content\/uploads\/2025\/05\/Diseno-sin-titulo-2025-05-07T161548.705-1024x683.jpg"},"thumbnail":{"file":"Diseno-sin-titulo-2025-05-07T161548.705-150x150.jpg","width":150,"height":150,"mime-type":"image\/jpeg","filesize":4401,"url":"https:\/\/www.lucasfroeserealestate.com\/wp-content\/uploads\/2025\/05\/Diseno-sin-titulo-2025-05-07T161548.705-150x150.jpg"},"medium_large":{"file":"Diseno-sin-titulo-2025-05-07T161548.705-768x512.jpg","width":768,"height":512,"mime-type":"image\/jpeg","filesize":45213,"url":"https:\/\/www.lucasfroeserealestate.com\/wp-content\/uploads\/2025\/05\/Diseno-sin-titulo-2025-05-07T161548.705-768x512.jpg"},"1536x1536":{"file":"Diseno-sin-titulo-2025-05-07T161548.705-1536x1024.jpg","width":1536,"height":1024,"mime-type":"image\/jpeg","filesize":161848,"url":"https:\/\/www.lucasfroeserealestate.com\/wp-content\/uploads\/2025\/05\/Diseno-sin-titulo-2025-05-07T161548.705-1536x1024.jpg"},"2048x2048":{"file":"Diseno-sin-titulo-2025-05-07T161548.705-2048x1365.jpg","width":2048,"height":1365,"mime-type":"image\/jpeg","filesize":284728,"url":"https:\/\/www.lucasfroeserealestate.com\/wp-content\/uploads\/2025\/05\/Diseno-sin-titulo-2025-05-07T161548.705-2048x1365.jpg"},"post-thumbnail":{"file":"Diseno-sin-titulo-2025-05-07T161548.705-150x100.jpg","width":150,"height":100,"mime-type":"image\/jpeg","filesize":3311,"url":"https:\/\/www.lucasfroeserealestate.com\/wp-content\/uploads\/2025\/05\/Diseno-sin-titulo-2025-05-07T161548.705-150x100.jpg"},"modern-property-child-slider":{"file":"Diseno-sin-titulo-2025-05-07T161548.705-680x510.jpg","width":680,"height":510,"mime-type":"image\/jpeg","filesize":40933,"url":"https:\/\/www.lucasfroeserealestate.com\/wp-content\/uploads\/2025\/05\/Diseno-sin-titulo-2025-05-07T161548.705-680x510.jpg"},"property-thumb-image":{"file":"Diseno-sin-titulo-2025-05-07T161548.705-488x326.jpg","width":488,"height":326,"mime-type":"image\/jpeg","filesize":20832,"url":"https:\/\/www.lucasfroeserealestate.com\/wp-content\/uploads\/2025\/05\/Diseno-sin-titulo-2025-05-07T161548.705-488x326.jpg"},"property-detail-video-image":{"file":"Diseno-sin-titulo-2025-05-07T161548.705-818x417.jpg","width":818,"height":417,"mime-type":"image\/jpeg","filesize":36324,"url":"https:\/\/www.lucasfroeserealestate.com\/wp-content\/uploads\/2025\/05\/Diseno-sin-titulo-2025-05-07T161548.705-818x417.jpg"},"agent-image":{"file":"Diseno-sin-titulo-2025-05-07T161548.705-210x210.jpg","width":210,"height":210,"mime-type":"image\/jpeg","filesize":7528,"url":"https:\/\/www.lucasfroeserealestate.com\/wp-content\/uploads\/2025\/05\/Diseno-sin-titulo-2025-05-07T161548.705-210x210.jpg"},"partners-logo":{"file":"Diseno-sin-titulo-2025-05-07T161548.705-600x1600.jpg","width":600,"height":1600,"mime-type":"image\/jpeg","filesize":116785,"url":"https:\/\/www.lucasfroeserealestate.com\/wp-content\/uploads\/2025\/05\/Diseno-sin-titulo-2025-05-07T161548.705-600x1600.jpg"},"post-featured-image":{"file":"Diseno-sin-titulo-2025-05-07T161548.705-1240x720.jpg","width":1240,"height":720,"mime-type":"image\/jpeg","filesize":90434,"url":"https:\/\/www.lucasfroeserealestate.com\/wp-content\/uploads\/2025\/05\/Diseno-sin-titulo-2025-05-07T161548.705-1240x720.jpg"}},"image_meta":{"aperture":"0","credit":"","camera":"","caption":"","created_timestamp":"0","copyright":"","focal_length":"0","iso":"0","shutter_speed":"0","title":"","orientation":"1","keywords":[]},"ID":"67483","name":"Diseno-sin-titulo-2025-05-07T161548.705.jpg","path":"\/home\/empleost\/domains\/lucasfroeserealestate.com\/public_html\/wp-content\/uploads\/2025\/05\/Diseno-sin-titulo-2025-05-07T161548.705.jpg","url":"https:\/\/www.lucasfroeserealestate.com\/wp-content\/uploads\/2025\/05\/Diseno-sin-titulo-2025-05-07T161548.705-150x150.jpg","full_url":"https:\/\/www.lucasfroeserealestate.com\/wp-content\/uploads\/2025\/05\/Diseno-sin-titulo-2025-05-07T161548.705.jpg","title":"Disen\u0303o sin ti\u0301tulo - 2025-05-07T161548.705","caption":"Immobilien Felanitx Zentrum kaufen","description":"","alt":"Immobilien Felanitx Zentrum kaufen","srcset":"https:\/\/www.lucasfroeserealestate.com\/wp-content\/uploads\/2025\/05\/Diseno-sin-titulo-2025-05-07T161548.705-150x150.jpg 150w, https:\/\/www.lucasfroeserealestate.com\/wp-content\/uploads\/2025\/05\/Diseno-sin-titulo-2025-05-07T161548.705-210x210.jpg 210w"}],"REAL_HOMES_change_gallery_slider_type":"","REAL_HOMES_gallery_slider_type":"thumb-on-right","inspiry_floor_plans":[],"inspiry_video_group":[],"REAL_HOMES_360_virtual_tour":"","REAL_HOMES_agent_display_option":"agent_info","REAL_HOMES_agents":["6675"],"REAL_HOMES_energy_class":"F","REAL_HOMES_energy_performance":"","REAL_HOMES_epc_current_rating":"","REAL_HOMES_epc_potential_rating":"","ere_property_schedule_tour":"","ere_property_schedule_time_slots":"","ere_property_schedule_description":"","REAL_HOMES_sticky":"","inspiry_property_label":"","inspiry_property_label_color":"","inspiry_property_tax":"","inspiry_additional_fee":"","REAL_HOMES_attachments":[],"inspiry_property_owner_name":"","inspiry_property_owner_contact":"","inspiry_property_owner_address":"","REAL_HOMES_property_private_note":"","inspiry_message_to_reviewer":"","REAL_HOMES_add_in_slider":"no","REAL_HOMES_slider_image":[],"REAL_HOMES_page_banner_image":[],"REAL_HOMES_hide_property_advance_search":"","inspiry_ausrichtung":"","inspiry_strasse":"","inspiry_hausnummer":"","inspiry_plz":"","inspiry_ort":"","inspiry_land":"","inspiry_new-build":"","inspiry_kyero_prime_activator":[],"inspiry_kyero_xml_format":[],"inspiry_openimmo_xml_format":[],"inspiry_idealista_xml_format":[],"inspiry_etagen":"","inspiry_etage_(wo_sich_die_wohnung_befindet,_sonst_0)":"","inspiry_gesamtfl\u00e4che\/bebaute_fl\u00e4che_(mehr_als_wohnfl\u00e4che*)":"","inspiry_anzahl_zimmer_sz_esszimmer_wohnzimmer_hobby_zimmer_usw":"","inspiry_anzahl_terrassen":"","inspiry_anzahl_wohneinheiten":"","inspiry_google_maps_link":"","inspiry_google_drive_link":"","inspiry_location_coordinates_gm":"","inspiry_erhaltungszustand_der_immobilie":"","inspiry_heizungsart":"","inspiry_qualit\u00e4t_der_ausstattung":"","inspiry_kauf\/miete":"","inspiry_kategorie":"","inspiry_typ":"","inspiry_art":"","inspiry_land_type_(only_plots)":"","inspiry_listed_by":"","inspiry_comission_(%)":"","inspiry_lage_beschreibung":"","inspiry_austattung_beschreibung":"","inspiry_bodenbelag":"","inspiry_distanz_zum_flughafen_(min)":"","inspiry_auftragsart":"","inspiry_keys":[],"inspiry_preis_pro_m2":"","inspiry_office_listed":"","inspiry_suchkriterien_extras":["Cerca del aeropuerto (35')"],"REAL_HOMES_custom_header_display":"","REAL_HOMES_custom_header_position":"","REAL_HOMES_custom_footer_display":"","REAL_HOMES_hide_advance_search":"","REAL_HOMES_custom_search_form":"","REAL_HOMES_search_form_margin_top":"","REAL_HOMES_search_form_margin_bottom":""},"_links":{"self":[{"href":"https:\/\/www.lucasfroeserealestate.com\/es\/wp-json\/wp\/v2\/immobilien\/67520","targetHints":{"allow":["GET"]}}],"collection":[{"href":"https:\/\/www.lucasfroeserealestate.com\/es\/wp-json\/wp\/v2\/immobilien"}],"about":[{"href":"https:\/\/www.lucasfroeserealestate.com\/es\/wp-json\/wp\/v2\/types\/property"}],"author":[{"embeddable":true,"href":"https:\/\/www.lucasfroeserealestate.com\/es\/wp-json\/wp\/v2\/users\/1"}],"replies":[{"embeddable":true,"href":"https:\/\/www.lucasfroeserealestate.com\/es\/wp-json\/wp\/v2\/comments?post=67520"}],"version-history":[{"count":1,"href":"https:\/\/www.lucasfroeserealestate.com\/es\/wp-json\/wp\/v2\/immobilien\/67520\/revisions"}],"predecessor-version":[{"id":79681,"href":"https:\/\/www.lucasfroeserealestate.com\/es\/wp-json\/wp\/v2\/immobilien\/67520\/revisions\/79681"}],"wp:featuredmedia":[{"embeddable":true,"href":"https:\/\/www.lucasfroeserealestate.com\/es\/wp-json\/wp\/v2\/media\/67514"}],"wp:attachment":[{"href":"https:\/\/www.lucasfroeserealestate.com\/es\/wp-json\/wp\/v2\/media?parent=67520"}],"wp:term":[{"taxonomy":"property-feature","embeddable":true,"href":"https:\/\/www.lucasfroeserealestate.com\/es\/wp-json\/wp\/v2\/immobilien-austattung?post=67520"},{"taxonomy":"property-type","embeddable":true,"href":"https:\/\/www.lucasfroeserealestate.com\/es\/wp-json\/wp\/v2\/immobilien-typ?post=67520"},{"taxonomy":"property-city","embeddable":true,"href":"https:\/\/www.lucasfroeserealestate.com\/es\/wp-json\/wp\/v2\/immobilien-ortschaft?post=67520"},{"taxonomy":"property-status","embeddable":true,"href":"https:\/\/www.lucasfroeserealestate.com\/es\/wp-json\/wp\/v2\/immobilien-status?post=67520"}],"curies":[{"name":"wp","href":"https:\/\/api.w.org\/{rel}","templated":true}]}}