{"id":63565,"date":"2025-02-20T09:21:51","date_gmt":"2025-02-20T08:21:51","guid":{"rendered":"https:\/\/www.lucasfroeserealestate.com\/immobilien\/casa-de-pueblo-en-felanitx-con-una-gran-parcela-y-mucho-potencial\/"},"modified":"2026-03-06T12:01:32","modified_gmt":"2026-03-06T11:01:32","slug":"casa-de-pueblo-en-felanitx-con-una-gran-parcela-y-mucho-potencial","status":"publish","type":"property","link":"https:\/\/www.lucasfroeserealestate.com\/es\/immobilien\/casa-de-pueblo-en-felanitx-con-una-gran-parcela-y-mucho-potencial\/","title":{"rendered":"Adosado en Felanitx con proyecto y gran parcela"},"content":{"rendered":"<p>Esta hist\u00f3rica casa de pueblo en el coraz\u00f3n de Felanitx ofrece una oportunidad \u00fanica para inversores y amantes de la arquitectura mallorquina. Situada en una amplia parcela de 309 m2, la propiedad tiene una superficie construida de aprox. 240 m2, a la que se puede acceder por dos lados y ofrece numerosas opciones de dise\u00f1o. <\/p>\n<p>Detalles de la propiedad:<\/p>\n<ul>\n<li>Espacio habitable existente (aprox. 160m2): Planta baja y 1er piso<\/li>\n<li>Distribuci\u00f3n actual de las habitaciones: Amplia cocina y sala de estar, 3 dormitorios, cuarto de ba\u00f1o, impresionante escalera<\/li>\n<li>Zona exterior: Amplio jard\u00edn, azotea de aprox. 80m2<\/li>\n<li>Potencial de inversi\u00f3n: ampliaci\u00f3n a 4 dormitorios, garaje con piso independiente, posibilidad de terraza con piscina<\/li>\n<\/ul>\n<p>Ventajas de la ubicaci\u00f3n:<\/p>\n<ul>\n<li>Centro de Felanitx, a pocos minutos a pie del mercado semanal<\/li>\n<li>Mercado semanal de Campos cerca<\/li>\n<li>Aprox. 40 minutos al aeropuerto de Palma<\/li>\n<li>A unos 50 minutos del centro de Palma<\/li>\n<li>Campos de golf y playas a poca distancia<\/li>\n<\/ul>\n<p>Esta propiedad es una oportunidad perfecta para inversores o propietarios que deseen combinar el encanto de una casa de pueblo tradicional con el confort moderno.<\/p>\n<p>\u00bfTe interesa? Ponte en contacto con nosotros para obtener m\u00e1s informaci\u00f3n o concertar una visita. <\/p>\n","protected":false},"excerpt":{"rendered":"<p>Esta hist\u00f3rica casa de pueblo en el coraz\u00f3n de Felanitx ofrece una oportunidad \u00fanica para inversores y amantes de la arquitectura mallorquina. Situada en una amplia parcela de 309 m2, la propiedad tiene una superficie construida de aprox. 240 m2, a la que se puede acceder por dos lados y ofrece numerosas opciones de dise\u00f1o&#8230;.<\/p>\n","protected":false},"author":22,"featured_media":63557,"parent":0,"menu_order":0,"comment_status":"closed","ping_status":"closed","template":"","immobilien-austattung":[141,2086,4498,1505,4069],"immobilien-typ":[86],"immobilien-ortschaft":[119],"immobilien-status":[114],"class_list":["post-63565","property","type-property","status-publish","has-post-thumbnail","hentry","property-feature-stadtwasser-es","property-feature-dachterrasse-es","property-feature-inversion","property-feature-gesa-strom-es","property-feature-mit-bauprojekt-es","property-type-casasychalets","property-city-felanitx-es","property-status-venta"],"property_meta":{"REAL_HOMES_property_price":"405000","REAL_HOMES_property_old_price":"","REAL_HOMES_property_price_prefix":"","REAL_HOMES_property_price_postfix":"","REAL_HOMES_property_size":"285","REAL_HOMES_property_size_postfix":"","REAL_HOMES_property_lot_size":"309","REAL_HOMES_property_lot_size_postfix":"","REAL_HOMES_property_bedrooms":"3","REAL_HOMES_property_bathrooms":"1","REAL_HOMES_property_garage":"1","REAL_HOMES_property_id":"LF0792","REAL_HOMES_property_year_built":"","rvr_property_owner":"","REAL_HOMES_featured":"","REAL_HOMES_additional_details_list":[],"REAL_HOMES_property_location":{"latitude":"39.469459423811","longitude":"3.1512107496643","zoom":"16"},"REAL_HOMES_property_address":"Felanitx, Mallorca, Illes Balears, Espa\u00f1a","REAL_HOMES_property_map":"0","REAL_HOMES_property_images":[{"width":150,"height":150,"file":"2025\/02\/Stadthaus-mit-Projekt-grosse-Grundstueck-2.jpg","filesize":485780,"sizes":{"medium":{"file":"Stadthaus-mit-Projekt-grosse-Grundstueck-2-300x200.jpg","width":300,"height":200,"mime-type":"image\/jpeg","filesize":8084,"url":"https:\/\/www.lucasfroeserealestate.com\/wp-content\/uploads\/2025\/02\/Stadthaus-mit-Projekt-grosse-Grundstueck-2-300x200.jpg"},"large":{"file":"Stadthaus-mit-Projekt-grosse-Grundstueck-2-1024x683.jpg","width":1024,"height":683,"mime-type":"image\/jpeg","filesize":57155,"url":"https:\/\/www.lucasfroeserealestate.com\/wp-content\/uploads\/2025\/02\/Stadthaus-mit-Projekt-grosse-Grundstueck-2-1024x683.jpg"},"thumbnail":{"file":"Stadthaus-mit-Projekt-grosse-Grundstueck-2-150x150.jpg","width":150,"height":150,"mime-type":"image\/jpeg","filesize":4121,"url":"https:\/\/www.lucasfroeserealestate.com\/wp-content\/uploads\/2025\/02\/Stadthaus-mit-Projekt-grosse-Grundstueck-2-150x150.jpg"},"medium_large":{"file":"Stadthaus-mit-Projekt-grosse-Grundstueck-2-768x512.jpg","width":768,"height":512,"mime-type":"image\/jpeg","filesize":34787,"url":"https:\/\/www.lucasfroeserealestate.com\/wp-content\/uploads\/2025\/02\/Stadthaus-mit-Projekt-grosse-Grundstueck-2-768x512.jpg"},"1536x1536":{"file":"Stadthaus-mit-Projekt-grosse-Grundstueck-2-1536x1024.jpg","width":1536,"height":1024,"mime-type":"image\/jpeg","filesize":121286,"url":"https:\/\/www.lucasfroeserealestate.com\/wp-content\/uploads\/2025\/02\/Stadthaus-mit-Projekt-grosse-Grundstueck-2-1536x1024.jpg"},"2048x2048":{"file":"Stadthaus-mit-Projekt-grosse-Grundstueck-2-2048x1366.jpg","width":2048,"height":1366,"mime-type":"image\/jpeg","filesize":220072,"url":"https:\/\/www.lucasfroeserealestate.com\/wp-content\/uploads\/2025\/02\/Stadthaus-mit-Projekt-grosse-Grundstueck-2-2048x1366.jpg"},"post-thumbnail":{"file":"Stadthaus-mit-Projekt-grosse-Grundstueck-2-150x100.jpg","width":150,"height":100,"mime-type":"image\/jpeg","filesize":3304,"url":"https:\/\/www.lucasfroeserealestate.com\/wp-content\/uploads\/2025\/02\/Stadthaus-mit-Projekt-grosse-Grundstueck-2-150x100.jpg"},"modern-property-child-slider":{"file":"Stadthaus-mit-Projekt-grosse-Grundstueck-2-680x510.jpg","width":680,"height":510,"mime-type":"image\/jpeg","filesize":31970,"url":"https:\/\/www.lucasfroeserealestate.com\/wp-content\/uploads\/2025\/02\/Stadthaus-mit-Projekt-grosse-Grundstueck-2-680x510.jpg"},"property-thumb-image":{"file":"Stadthaus-mit-Projekt-grosse-Grundstueck-2-488x326.jpg","width":488,"height":326,"mime-type":"image\/jpeg","filesize":16880,"url":"https:\/\/www.lucasfroeserealestate.com\/wp-content\/uploads\/2025\/02\/Stadthaus-mit-Projekt-grosse-Grundstueck-2-488x326.jpg"},"property-detail-video-image":{"file":"Stadthaus-mit-Projekt-grosse-Grundstueck-2-818x417.jpg","width":818,"height":417,"mime-type":"image\/jpeg","filesize":30789,"url":"https:\/\/www.lucasfroeserealestate.com\/wp-content\/uploads\/2025\/02\/Stadthaus-mit-Projekt-grosse-Grundstueck-2-818x417.jpg"},"agent-image":{"file":"Stadthaus-mit-Projekt-grosse-Grundstueck-2-210x210.jpg","width":210,"height":210,"mime-type":"image\/jpeg","filesize":6599,"url":"https:\/\/www.lucasfroeserealestate.com\/wp-content\/uploads\/2025\/02\/Stadthaus-mit-Projekt-grosse-Grundstueck-2-210x210.jpg"},"partners-logo":{"file":"Stadthaus-mit-Projekt-grosse-Grundstueck-2-600x1667.jpg","width":600,"height":1667,"mime-type":"image\/jpeg","filesize":81374,"url":"https:\/\/www.lucasfroeserealestate.com\/wp-content\/uploads\/2025\/02\/Stadthaus-mit-Projekt-grosse-Grundstueck-2-600x1667.jpg"},"post-featured-image":{"file":"Stadthaus-mit-Projekt-grosse-Grundstueck-2-1240x720.jpg","width":1240,"height":720,"mime-type":"image\/jpeg","filesize":70450,"url":"https:\/\/www.lucasfroeserealestate.com\/wp-content\/uploads\/2025\/02\/Stadthaus-mit-Projekt-grosse-Grundstueck-2-1240x720.jpg"}},"image_meta":{"aperture":"6.3","credit":"","camera":"ILCE-7M2","caption":"Investment Felanitx","created_timestamp":"1739273353","copyright":"","focal_length":"14","iso":"5000","shutter_speed":"0.004","title":"Investment Felanitx","orientation":"0","keywords":["Investment Felanitx"]},"ID":"63520","name":"Stadthaus-mit-Projekt-grosse-Grundstueck-2.jpg","path":"\/home\/empleost\/domains\/lucasfroeserealestate.com\/public_html\/wp-content\/uploads\/2025\/02\/Stadthaus-mit-Projekt-grosse-Grundstueck-2.jpg","url":"https:\/\/www.lucasfroeserealestate.com\/wp-content\/uploads\/2025\/02\/Stadthaus-mit-Projekt-grosse-Grundstueck-2-150x150.jpg","full_url":"https:\/\/www.lucasfroeserealestate.com\/wp-content\/uploads\/2025\/02\/Stadthaus-mit-Projekt-grosse-Grundstueck-2.jpg","title":"Investment Felanitx","caption":"Investment Felanitx","description":"","alt":"Investment Felanitx","srcset":"https:\/\/www.lucasfroeserealestate.com\/wp-content\/uploads\/2025\/02\/Stadthaus-mit-Projekt-grosse-Grundstueck-2-150x150.jpg 150w, https:\/\/www.lucasfroeserealestate.com\/wp-content\/uploads\/2025\/02\/Stadthaus-mit-Projekt-grosse-Grundstueck-2-210x210.jpg 210w"},{"width":150,"height":150,"file":"2025\/02\/Stadthaus-mit-Projekt-grosse-Grundstueck-3.jpg","filesize":548452,"sizes":{"medium":{"file":"Stadthaus-mit-Projekt-grosse-Grundstueck-3-300x200.jpg","width":300,"height":200,"mime-type":"image\/jpeg","filesize":6497,"url":"https:\/\/www.lucasfroeserealestate.com\/wp-content\/uploads\/2025\/02\/Stadthaus-mit-Projekt-grosse-Grundstueck-3-300x200.jpg"},"large":{"file":"Stadthaus-mit-Projekt-grosse-Grundstueck-3-1024x683.jpg","width":1024,"height":683,"mime-type":"image\/jpeg","filesize":48086,"url":"https:\/\/www.lucasfroeserealestate.com\/wp-content\/uploads\/2025\/02\/Stadthaus-mit-Projekt-grosse-Grundstueck-3-1024x683.jpg"},"thumbnail":{"file":"Stadthaus-mit-Projekt-grosse-Grundstueck-3-150x150.jpg","width":150,"height":150,"mime-type":"image\/jpeg","filesize":3332,"url":"https:\/\/www.lucasfroeserealestate.com\/wp-content\/uploads\/2025\/02\/Stadthaus-mit-Projekt-grosse-Grundstueck-3-150x150.jpg"},"medium_large":{"file":"Stadthaus-mit-Projekt-grosse-Grundstueck-3-768x512.jpg","width":768,"height":512,"mime-type":"image\/jpeg","filesize":27881,"url":"https:\/\/www.lucasfroeserealestate.com\/wp-content\/uploads\/2025\/02\/Stadthaus-mit-Projekt-grosse-Grundstueck-3-768x512.jpg"},"1536x1536":{"file":"Stadthaus-mit-Projekt-grosse-Grundstueck-3-1536x1024.jpg","width":1536,"height":1024,"mime-type":"image\/jpeg","filesize":117398,"url":"https:\/\/www.lucasfroeserealestate.com\/wp-content\/uploads\/2025\/02\/Stadthaus-mit-Projekt-grosse-Grundstueck-3-1536x1024.jpg"},"2048x2048":{"file":"Stadthaus-mit-Projekt-grosse-Grundstueck-3-2048x1366.jpg","width":2048,"height":1366,"mime-type":"image\/jpeg","filesize":241308,"url":"https:\/\/www.lucasfroeserealestate.com\/wp-content\/uploads\/2025\/02\/Stadthaus-mit-Projekt-grosse-Grundstueck-3-2048x1366.jpg"},"post-thumbnail":{"file":"Stadthaus-mit-Projekt-grosse-Grundstueck-3-150x100.jpg","width":150,"height":100,"mime-type":"image\/jpeg","filesize":2705,"url":"https:\/\/www.lucasfroeserealestate.com\/wp-content\/uploads\/2025\/02\/Stadthaus-mit-Projekt-grosse-Grundstueck-3-150x100.jpg"},"modern-property-child-slider":{"file":"Stadthaus-mit-Projekt-grosse-Grundstueck-3-680x510.jpg","width":680,"height":510,"mime-type":"image\/jpeg","filesize":24792,"url":"https:\/\/www.lucasfroeserealestate.com\/wp-content\/uploads\/2025\/02\/Stadthaus-mit-Projekt-grosse-Grundstueck-3-680x510.jpg"},"property-thumb-image":{"file":"Stadthaus-mit-Projekt-grosse-Grundstueck-3-488x326.jpg","width":488,"height":326,"mime-type":"image\/jpeg","filesize":13423,"url":"https:\/\/www.lucasfroeserealestate.com\/wp-content\/uploads\/2025\/02\/Stadthaus-mit-Projekt-grosse-Grundstueck-3-488x326.jpg"},"property-detail-video-image":{"file":"Stadthaus-mit-Projekt-grosse-Grundstueck-3-818x417.jpg","width":818,"height":417,"mime-type":"image\/jpeg","filesize":23860,"url":"https:\/\/www.lucasfroeserealestate.com\/wp-content\/uploads\/2025\/02\/Stadthaus-mit-Projekt-grosse-Grundstueck-3-818x417.jpg"},"agent-image":{"file":"Stadthaus-mit-Projekt-grosse-Grundstueck-3-210x210.jpg","width":210,"height":210,"mime-type":"image\/jpeg","filesize":5317,"url":"https:\/\/www.lucasfroeserealestate.com\/wp-content\/uploads\/2025\/02\/Stadthaus-mit-Projekt-grosse-Grundstueck-3-210x210.jpg"},"partners-logo":{"file":"Stadthaus-mit-Projekt-grosse-Grundstueck-3-600x1667.jpg","width":600,"height":1667,"mime-type":"image\/jpeg","filesize":97408,"url":"https:\/\/www.lucasfroeserealestate.com\/wp-content\/uploads\/2025\/02\/Stadthaus-mit-Projekt-grosse-Grundstueck-3-600x1667.jpg"},"post-featured-image":{"file":"Stadthaus-mit-Projekt-grosse-Grundstueck-3-1240x720.jpg","width":1240,"height":720,"mime-type":"image\/jpeg","filesize":61699,"url":"https:\/\/www.lucasfroeserealestate.com\/wp-content\/uploads\/2025\/02\/Stadthaus-mit-Projekt-grosse-Grundstueck-3-1240x720.jpg"}},"image_meta":{"aperture":"6.3","credit":"","camera":"ILCE-7M2","caption":"Stadthaus zur Renovierung Felanitx","created_timestamp":"1739273415","copyright":"","focal_length":"14","iso":"5000","shutter_speed":"0.004","title":"Stadthaus zur Renovierung Felanitx","orientation":"0","keywords":["Stadthaus zur Renovierung Felanitx"]},"ID":"63523","name":"Stadthaus-mit-Projekt-grosse-Grundstueck-3.jpg","path":"\/home\/empleost\/domains\/lucasfroeserealestate.com\/public_html\/wp-content\/uploads\/2025\/02\/Stadthaus-mit-Projekt-grosse-Grundstueck-3.jpg","url":"https:\/\/www.lucasfroeserealestate.com\/wp-content\/uploads\/2025\/02\/Stadthaus-mit-Projekt-grosse-Grundstueck-3-150x150.jpg","full_url":"https:\/\/www.lucasfroeserealestate.com\/wp-content\/uploads\/2025\/02\/Stadthaus-mit-Projekt-grosse-Grundstueck-3.jpg","title":"Stadthaus zur Renovierung Felanitx","caption":"Stadthaus zur Renovierung Felanitx","description":"","alt":"Stadthaus zur Renovierung Felanitx","srcset":"https:\/\/www.lucasfroeserealestate.com\/wp-content\/uploads\/2025\/02\/Stadthaus-mit-Projekt-grosse-Grundstueck-3-150x150.jpg 150w, https:\/\/www.lucasfroeserealestate.com\/wp-content\/uploads\/2025\/02\/Stadthaus-mit-Projekt-grosse-Grundstueck-3-210x210.jpg 210w"},{"width":150,"height":150,"file":"2025\/02\/Stadthaus-mit-Projekt-grosse-Grundstueck-4.jpg","filesize":509495,"sizes":{"medium":{"file":"Stadthaus-mit-Projekt-grosse-Grundstueck-4-300x200.jpg","width":300,"height":200,"mime-type":"image\/jpeg","filesize":4915,"url":"https:\/\/www.lucasfroeserealestate.com\/wp-content\/uploads\/2025\/02\/Stadthaus-mit-Projekt-grosse-Grundstueck-4-300x200.jpg"},"large":{"file":"Stadthaus-mit-Projekt-grosse-Grundstueck-4-1024x683.jpg","width":1024,"height":683,"mime-type":"image\/jpeg","filesize":31745,"url":"https:\/\/www.lucasfroeserealestate.com\/wp-content\/uploads\/2025\/02\/Stadthaus-mit-Projekt-grosse-Grundstueck-4-1024x683.jpg"},"thumbnail":{"file":"Stadthaus-mit-Projekt-grosse-Grundstueck-4-150x150.jpg","width":150,"height":150,"mime-type":"image\/jpeg","filesize":2856,"url":"https:\/\/www.lucasfroeserealestate.com\/wp-content\/uploads\/2025\/02\/Stadthaus-mit-Projekt-grosse-Grundstueck-4-150x150.jpg"},"medium_large":{"file":"Stadthaus-mit-Projekt-grosse-Grundstueck-4-768x512.jpg","width":768,"height":512,"mime-type":"image\/jpeg","filesize":19733,"url":"https:\/\/www.lucasfroeserealestate.com\/wp-content\/uploads\/2025\/02\/Stadthaus-mit-Projekt-grosse-Grundstueck-4-768x512.jpg"},"1536x1536":{"file":"Stadthaus-mit-Projekt-grosse-Grundstueck-4-1536x1024.jpg","width":1536,"height":1024,"mime-type":"image\/jpeg","filesize":68233,"url":"https:\/\/www.lucasfroeserealestate.com\/wp-content\/uploads\/2025\/02\/Stadthaus-mit-Projekt-grosse-Grundstueck-4-1536x1024.jpg"},"2048x2048":{"file":"Stadthaus-mit-Projekt-grosse-Grundstueck-4-2048x1366.jpg","width":2048,"height":1366,"mime-type":"image\/jpeg","filesize":136796,"url":"https:\/\/www.lucasfroeserealestate.com\/wp-content\/uploads\/2025\/02\/Stadthaus-mit-Projekt-grosse-Grundstueck-4-2048x1366.jpg"},"post-thumbnail":{"file":"Stadthaus-mit-Projekt-grosse-Grundstueck-4-150x100.jpg","width":150,"height":100,"mime-type":"image\/jpeg","filesize":2203,"url":"https:\/\/www.lucasfroeserealestate.com\/wp-content\/uploads\/2025\/02\/Stadthaus-mit-Projekt-grosse-Grundstueck-4-150x100.jpg"},"modern-property-child-slider":{"file":"Stadthaus-mit-Projekt-grosse-Grundstueck-4-680x510.jpg","width":680,"height":510,"mime-type":"image\/jpeg","filesize":18415,"url":"https:\/\/www.lucasfroeserealestate.com\/wp-content\/uploads\/2025\/02\/Stadthaus-mit-Projekt-grosse-Grundstueck-4-680x510.jpg"},"property-thumb-image":{"file":"Stadthaus-mit-Projekt-grosse-Grundstueck-4-488x326.jpg","width":488,"height":326,"mime-type":"image\/jpeg","filesize":9987,"url":"https:\/\/www.lucasfroeserealestate.com\/wp-content\/uploads\/2025\/02\/Stadthaus-mit-Projekt-grosse-Grundstueck-4-488x326.jpg"},"property-detail-video-image":{"file":"Stadthaus-mit-Projekt-grosse-Grundstueck-4-818x417.jpg","width":818,"height":417,"mime-type":"image\/jpeg","filesize":15862,"url":"https:\/\/www.lucasfroeserealestate.com\/wp-content\/uploads\/2025\/02\/Stadthaus-mit-Projekt-grosse-Grundstueck-4-818x417.jpg"},"agent-image":{"file":"Stadthaus-mit-Projekt-grosse-Grundstueck-4-210x210.jpg","width":210,"height":210,"mime-type":"image\/jpeg","filesize":4473,"url":"https:\/\/www.lucasfroeserealestate.com\/wp-content\/uploads\/2025\/02\/Stadthaus-mit-Projekt-grosse-Grundstueck-4-210x210.jpg"},"partners-logo":{"file":"Stadthaus-mit-Projekt-grosse-Grundstueck-4-600x1667.jpg","width":600,"height":1667,"mime-type":"image\/jpeg","filesize":72515,"url":"https:\/\/www.lucasfroeserealestate.com\/wp-content\/uploads\/2025\/02\/Stadthaus-mit-Projekt-grosse-Grundstueck-4-600x1667.jpg"},"post-featured-image":{"file":"Stadthaus-mit-Projekt-grosse-Grundstueck-4-1240x720.jpg","width":1240,"height":720,"mime-type":"image\/jpeg","filesize":36829,"url":"https:\/\/www.lucasfroeserealestate.com\/wp-content\/uploads\/2025\/02\/Stadthaus-mit-Projekt-grosse-Grundstueck-4-1240x720.jpg"}},"image_meta":{"aperture":"6.3","credit":"","camera":"ILCE-7M2","caption":"Stadthaus Investmen Felanitx","created_timestamp":"1739273456","copyright":"","focal_length":"14","iso":"4000","shutter_speed":"0.004","title":"Stadthaus Investmen Felanitx","orientation":"0","keywords":["Stadthaus Investmen Felanitx"]},"ID":"63526","name":"Stadthaus-mit-Projekt-grosse-Grundstueck-4.jpg","path":"\/home\/empleost\/domains\/lucasfroeserealestate.com\/public_html\/wp-content\/uploads\/2025\/02\/Stadthaus-mit-Projekt-grosse-Grundstueck-4.jpg","url":"https:\/\/www.lucasfroeserealestate.com\/wp-content\/uploads\/2025\/02\/Stadthaus-mit-Projekt-grosse-Grundstueck-4-150x150.jpg","full_url":"https:\/\/www.lucasfroeserealestate.com\/wp-content\/uploads\/2025\/02\/Stadthaus-mit-Projekt-grosse-Grundstueck-4.jpg","title":"Stadthaus Investmen Felanitx","caption":"Stadthaus Investmen Felanitx","description":"","alt":"Stadthaus Investmen Felanitx","srcset":"https:\/\/www.lucasfroeserealestate.com\/wp-content\/uploads\/2025\/02\/Stadthaus-mit-Projekt-grosse-Grundstueck-4-150x150.jpg 150w, https:\/\/www.lucasfroeserealestate.com\/wp-content\/uploads\/2025\/02\/Stadthaus-mit-Projekt-grosse-Grundstueck-4-210x210.jpg 210w"},{"width":150,"height":150,"file":"2025\/02\/Stadthaus-mit-Projekt-grosse-Grundstueck-5.jpg","filesize":521795,"sizes":{"medium":{"file":"Stadthaus-mit-Projekt-grosse-Grundstueck-5-300x200.jpg","width":300,"height":200,"mime-type":"image\/jpeg","filesize":8437,"url":"https:\/\/www.lucasfroeserealestate.com\/wp-content\/uploads\/2025\/02\/Stadthaus-mit-Projekt-grosse-Grundstueck-5-300x200.jpg"},"large":{"file":"Stadthaus-mit-Projekt-grosse-Grundstueck-5-1024x683.jpg","width":1024,"height":683,"mime-type":"image\/jpeg","filesize":64467,"url":"https:\/\/www.lucasfroeserealestate.com\/wp-content\/uploads\/2025\/02\/Stadthaus-mit-Projekt-grosse-Grundstueck-5-1024x683.jpg"},"thumbnail":{"file":"Stadthaus-mit-Projekt-grosse-Grundstueck-5-150x150.jpg","width":150,"height":150,"mime-type":"image\/jpeg","filesize":3993,"url":"https:\/\/www.lucasfroeserealestate.com\/wp-content\/uploads\/2025\/02\/Stadthaus-mit-Projekt-grosse-Grundstueck-5-150x150.jpg"},"medium_large":{"file":"Stadthaus-mit-Projekt-grosse-Grundstueck-5-768x512.jpg","width":768,"height":512,"mime-type":"image\/jpeg","filesize":38563,"url":"https:\/\/www.lucasfroeserealestate.com\/wp-content\/uploads\/2025\/02\/Stadthaus-mit-Projekt-grosse-Grundstueck-5-768x512.jpg"},"1536x1536":{"file":"Stadthaus-mit-Projekt-grosse-Grundstueck-5-1536x1024.jpg","width":1536,"height":1024,"mime-type":"image\/jpeg","filesize":136681,"url":"https:\/\/www.lucasfroeserealestate.com\/wp-content\/uploads\/2025\/02\/Stadthaus-mit-Projekt-grosse-Grundstueck-5-1536x1024.jpg"},"2048x2048":{"file":"Stadthaus-mit-Projekt-grosse-Grundstueck-5-2048x1366.jpg","width":2048,"height":1366,"mime-type":"image\/jpeg","filesize":245832,"url":"https:\/\/www.lucasfroeserealestate.com\/wp-content\/uploads\/2025\/02\/Stadthaus-mit-Projekt-grosse-Grundstueck-5-2048x1366.jpg"},"post-thumbnail":{"file":"Stadthaus-mit-Projekt-grosse-Grundstueck-5-150x100.jpg","width":150,"height":100,"mime-type":"image\/jpeg","filesize":3174,"url":"https:\/\/www.lucasfroeserealestate.com\/wp-content\/uploads\/2025\/02\/Stadthaus-mit-Projekt-grosse-Grundstueck-5-150x100.jpg"},"modern-property-child-slider":{"file":"Stadthaus-mit-Projekt-grosse-Grundstueck-5-680x510.jpg","width":680,"height":510,"mime-type":"image\/jpeg","filesize":34125,"url":"https:\/\/www.lucasfroeserealestate.com\/wp-content\/uploads\/2025\/02\/Stadthaus-mit-Projekt-grosse-Grundstueck-5-680x510.jpg"},"property-thumb-image":{"file":"Stadthaus-mit-Projekt-grosse-Grundstueck-5-488x326.jpg","width":488,"height":326,"mime-type":"image\/jpeg","filesize":18075,"url":"https:\/\/www.lucasfroeserealestate.com\/wp-content\/uploads\/2025\/02\/Stadthaus-mit-Projekt-grosse-Grundstueck-5-488x326.jpg"},"property-detail-video-image":{"file":"Stadthaus-mit-Projekt-grosse-Grundstueck-5-818x417.jpg","width":818,"height":417,"mime-type":"image\/jpeg","filesize":35364,"url":"https:\/\/www.lucasfroeserealestate.com\/wp-content\/uploads\/2025\/02\/Stadthaus-mit-Projekt-grosse-Grundstueck-5-818x417.jpg"},"agent-image":{"file":"Stadthaus-mit-Projekt-grosse-Grundstueck-5-210x210.jpg","width":210,"height":210,"mime-type":"image\/jpeg","filesize":6624,"url":"https:\/\/www.lucasfroeserealestate.com\/wp-content\/uploads\/2025\/02\/Stadthaus-mit-Projekt-grosse-Grundstueck-5-210x210.jpg"},"partners-logo":{"file":"Stadthaus-mit-Projekt-grosse-Grundstueck-5-600x1667.jpg","width":600,"height":1667,"mime-type":"image\/jpeg","filesize":93591,"url":"https:\/\/www.lucasfroeserealestate.com\/wp-content\/uploads\/2025\/02\/Stadthaus-mit-Projekt-grosse-Grundstueck-5-600x1667.jpg"},"post-featured-image":{"file":"Stadthaus-mit-Projekt-grosse-Grundstueck-5-1240x720.jpg","width":1240,"height":720,"mime-type":"image\/jpeg","filesize":80768,"url":"https:\/\/www.lucasfroeserealestate.com\/wp-content\/uploads\/2025\/02\/Stadthaus-mit-Projekt-grosse-Grundstueck-5-1240x720.jpg"}},"image_meta":{"aperture":"6.3","credit":"","camera":"ILCE-7M2","caption":"","created_timestamp":"1739273485","copyright":"","focal_length":"14","iso":"2000","shutter_speed":"0.004","title":"","orientation":"0","keywords":["Investment Mallorca"]},"ID":"63529","name":"Stadthaus-mit-Projekt-grosse-Grundstueck-5.jpg","path":"\/home\/empleost\/domains\/lucasfroeserealestate.com\/public_html\/wp-content\/uploads\/2025\/02\/Stadthaus-mit-Projekt-grosse-Grundstueck-5.jpg","url":"https:\/\/www.lucasfroeserealestate.com\/wp-content\/uploads\/2025\/02\/Stadthaus-mit-Projekt-grosse-Grundstueck-5-150x150.jpg","full_url":"https:\/\/www.lucasfroeserealestate.com\/wp-content\/uploads\/2025\/02\/Stadthaus-mit-Projekt-grosse-Grundstueck-5.jpg","title":"Stadthaus-mit-Projekt-grosse-Grundstu\u0308ck-5","caption":"Stadthaus-mit-Projekt-grosse-Grundstu\u0308ck-5","description":"","alt":"Stadthaus-mit-Projekt-grosse-Grundstu\u0308ck-5","srcset":"https:\/\/www.lucasfroeserealestate.com\/wp-content\/uploads\/2025\/02\/Stadthaus-mit-Projekt-grosse-Grundstueck-5-150x150.jpg 150w, https:\/\/www.lucasfroeserealestate.com\/wp-content\/uploads\/2025\/02\/Stadthaus-mit-Projekt-grosse-Grundstueck-5-210x210.jpg 210w"},{"width":150,"height":150,"file":"2025\/02\/Stadthaus-mit-Projekt-grosse-Grundstueck-6.jpg","filesize":386481,"sizes":{"medium":{"file":"Stadthaus-mit-Projekt-grosse-Grundstueck-6-300x200.jpg","width":300,"height":200,"mime-type":"image\/jpeg","filesize":11229,"url":"https:\/\/www.lucasfroeserealestate.com\/wp-content\/uploads\/2025\/02\/Stadthaus-mit-Projekt-grosse-Grundstueck-6-300x200.jpg"},"large":{"file":"Stadthaus-mit-Projekt-grosse-Grundstueck-6-1024x683.jpg","width":1024,"height":683,"mime-type":"image\/jpeg","filesize":88429,"url":"https:\/\/www.lucasfroeserealestate.com\/wp-content\/uploads\/2025\/02\/Stadthaus-mit-Projekt-grosse-Grundstueck-6-1024x683.jpg"},"thumbnail":{"file":"Stadthaus-mit-Projekt-grosse-Grundstueck-6-150x150.jpg","width":150,"height":150,"mime-type":"image\/jpeg","filesize":5469,"url":"https:\/\/www.lucasfroeserealestate.com\/wp-content\/uploads\/2025\/02\/Stadthaus-mit-Projekt-grosse-Grundstueck-6-150x150.jpg"},"medium_large":{"file":"Stadthaus-mit-Projekt-grosse-Grundstueck-6-768x512.jpg","width":768,"height":512,"mime-type":"image\/jpeg","filesize":52266,"url":"https:\/\/www.lucasfroeserealestate.com\/wp-content\/uploads\/2025\/02\/Stadthaus-mit-Projekt-grosse-Grundstueck-6-768x512.jpg"},"1536x1536":{"file":"Stadthaus-mit-Projekt-grosse-Grundstueck-6-1536x1024.jpg","width":1536,"height":1024,"mime-type":"image\/jpeg","filesize":189144,"url":"https:\/\/www.lucasfroeserealestate.com\/wp-content\/uploads\/2025\/02\/Stadthaus-mit-Projekt-grosse-Grundstueck-6-1536x1024.jpg"},"2048x2048":{"file":"Stadthaus-mit-Projekt-grosse-Grundstueck-6-2048x1366.jpg","width":2048,"height":1366,"mime-type":"image\/jpeg","filesize":325637,"url":"https:\/\/www.lucasfroeserealestate.com\/wp-content\/uploads\/2025\/02\/Stadthaus-mit-Projekt-grosse-Grundstueck-6-2048x1366.jpg"},"post-thumbnail":{"file":"Stadthaus-mit-Projekt-grosse-Grundstueck-6-150x100.jpg","width":150,"height":100,"mime-type":"image\/jpeg","filesize":4071,"url":"https:\/\/www.lucasfroeserealestate.com\/wp-content\/uploads\/2025\/02\/Stadthaus-mit-Projekt-grosse-Grundstueck-6-150x100.jpg"},"modern-property-child-slider":{"file":"Stadthaus-mit-Projekt-grosse-Grundstueck-6-680x510.jpg","width":680,"height":510,"mime-type":"image\/jpeg","filesize":49324,"url":"https:\/\/www.lucasfroeserealestate.com\/wp-content\/uploads\/2025\/02\/Stadthaus-mit-Projekt-grosse-Grundstueck-6-680x510.jpg"},"property-thumb-image":{"file":"Stadthaus-mit-Projekt-grosse-Grundstueck-6-488x326.jpg","width":488,"height":326,"mime-type":"image\/jpeg","filesize":24644,"url":"https:\/\/www.lucasfroeserealestate.com\/wp-content\/uploads\/2025\/02\/Stadthaus-mit-Projekt-grosse-Grundstueck-6-488x326.jpg"},"property-detail-video-image":{"file":"Stadthaus-mit-Projekt-grosse-Grundstueck-6-818x417.jpg","width":818,"height":417,"mime-type":"image\/jpeg","filesize":50045,"url":"https:\/\/www.lucasfroeserealestate.com\/wp-content\/uploads\/2025\/02\/Stadthaus-mit-Projekt-grosse-Grundstueck-6-818x417.jpg"},"agent-image":{"file":"Stadthaus-mit-Projekt-grosse-Grundstueck-6-210x210.jpg","width":210,"height":210,"mime-type":"image\/jpeg","filesize":9379,"url":"https:\/\/www.lucasfroeserealestate.com\/wp-content\/uploads\/2025\/02\/Stadthaus-mit-Projekt-grosse-Grundstueck-6-210x210.jpg"},"partners-logo":{"file":"Stadthaus-mit-Projekt-grosse-Grundstueck-6-600x1667.jpg","width":600,"height":1667,"mime-type":"image\/jpeg","filesize":113927,"url":"https:\/\/www.lucasfroeserealestate.com\/wp-content\/uploads\/2025\/02\/Stadthaus-mit-Projekt-grosse-Grundstueck-6-600x1667.jpg"},"post-featured-image":{"file":"Stadthaus-mit-Projekt-grosse-Grundstueck-6-1240x720.jpg","width":1240,"height":720,"mime-type":"image\/jpeg","filesize":114251,"url":"https:\/\/www.lucasfroeserealestate.com\/wp-content\/uploads\/2025\/02\/Stadthaus-mit-Projekt-grosse-Grundstueck-6-1240x720.jpg"}},"image_meta":{"aperture":"6.3","credit":"","camera":"ILCE-7M2","caption":"Stadthaus mit Potential Felanitx","created_timestamp":"1739273540","copyright":"","focal_length":"14","iso":"5000","shutter_speed":"0.004","title":"Stadthaus mit Potential Felanitx","orientation":"0","keywords":["Stadthaus mit Potential Felanitx"]},"ID":"63532","name":"Stadthaus-mit-Projekt-grosse-Grundstueck-6.jpg","path":"\/home\/empleost\/domains\/lucasfroeserealestate.com\/public_html\/wp-content\/uploads\/2025\/02\/Stadthaus-mit-Projekt-grosse-Grundstueck-6.jpg","url":"https:\/\/www.lucasfroeserealestate.com\/wp-content\/uploads\/2025\/02\/Stadthaus-mit-Projekt-grosse-Grundstueck-6-150x150.jpg","full_url":"https:\/\/www.lucasfroeserealestate.com\/wp-content\/uploads\/2025\/02\/Stadthaus-mit-Projekt-grosse-Grundstueck-6.jpg","title":"Stadthaus mit Potential Felanitx","caption":"Stadthaus mit Potential Felanitx","description":"","alt":"Stadthaus mit Potential Felanitx","srcset":"https:\/\/www.lucasfroeserealestate.com\/wp-content\/uploads\/2025\/02\/Stadthaus-mit-Projekt-grosse-Grundstueck-6-150x150.jpg 150w, https:\/\/www.lucasfroeserealestate.com\/wp-content\/uploads\/2025\/02\/Stadthaus-mit-Projekt-grosse-Grundstueck-6-210x210.jpg 210w"},{"width":150,"height":150,"file":"2025\/02\/Stadthaus-mit-Projekt-grosse-Grundstueck-7.jpg","filesize":531655,"sizes":{"medium":{"file":"Stadthaus-mit-Projekt-grosse-Grundstueck-7-300x200.jpg","width":300,"height":200,"mime-type":"image\/jpeg","filesize":6414,"url":"https:\/\/www.lucasfroeserealestate.com\/wp-content\/uploads\/2025\/02\/Stadthaus-mit-Projekt-grosse-Grundstueck-7-300x200.jpg"},"large":{"file":"Stadthaus-mit-Projekt-grosse-Grundstueck-7-1024x683.jpg","width":1024,"height":683,"mime-type":"image\/jpeg","filesize":49807,"url":"https:\/\/www.lucasfroeserealestate.com\/wp-content\/uploads\/2025\/02\/Stadthaus-mit-Projekt-grosse-Grundstueck-7-1024x683.jpg"},"thumbnail":{"file":"Stadthaus-mit-Projekt-grosse-Grundstueck-7-150x150.jpg","width":150,"height":150,"mime-type":"image\/jpeg","filesize":3152,"url":"https:\/\/www.lucasfroeserealestate.com\/wp-content\/uploads\/2025\/02\/Stadthaus-mit-Projekt-grosse-Grundstueck-7-150x150.jpg"},"medium_large":{"file":"Stadthaus-mit-Projekt-grosse-Grundstueck-7-768x512.jpg","width":768,"height":512,"mime-type":"image\/jpeg","filesize":28802,"url":"https:\/\/www.lucasfroeserealestate.com\/wp-content\/uploads\/2025\/02\/Stadthaus-mit-Projekt-grosse-Grundstueck-7-768x512.jpg"},"1536x1536":{"file":"Stadthaus-mit-Projekt-grosse-Grundstueck-7-1536x1024.jpg","width":1536,"height":1024,"mime-type":"image\/jpeg","filesize":119528,"url":"https:\/\/www.lucasfroeserealestate.com\/wp-content\/uploads\/2025\/02\/Stadthaus-mit-Projekt-grosse-Grundstueck-7-1536x1024.jpg"},"2048x2048":{"file":"Stadthaus-mit-Projekt-grosse-Grundstueck-7-2048x1366.jpg","width":2048,"height":1366,"mime-type":"image\/jpeg","filesize":238698,"url":"https:\/\/www.lucasfroeserealestate.com\/wp-content\/uploads\/2025\/02\/Stadthaus-mit-Projekt-grosse-Grundstueck-7-2048x1366.jpg"},"post-thumbnail":{"file":"Stadthaus-mit-Projekt-grosse-Grundstueck-7-150x100.jpg","width":150,"height":100,"mime-type":"image\/jpeg","filesize":2669,"url":"https:\/\/www.lucasfroeserealestate.com\/wp-content\/uploads\/2025\/02\/Stadthaus-mit-Projekt-grosse-Grundstueck-7-150x100.jpg"},"modern-property-child-slider":{"file":"Stadthaus-mit-Projekt-grosse-Grundstueck-7-680x510.jpg","width":680,"height":510,"mime-type":"image\/jpeg","filesize":25508,"url":"https:\/\/www.lucasfroeserealestate.com\/wp-content\/uploads\/2025\/02\/Stadthaus-mit-Projekt-grosse-Grundstueck-7-680x510.jpg"},"property-thumb-image":{"file":"Stadthaus-mit-Projekt-grosse-Grundstueck-7-488x326.jpg","width":488,"height":326,"mime-type":"image\/jpeg","filesize":13473,"url":"https:\/\/www.lucasfroeserealestate.com\/wp-content\/uploads\/2025\/02\/Stadthaus-mit-Projekt-grosse-Grundstueck-7-488x326.jpg"},"property-detail-video-image":{"file":"Stadthaus-mit-Projekt-grosse-Grundstueck-7-818x417.jpg","width":818,"height":417,"mime-type":"image\/jpeg","filesize":24835,"url":"https:\/\/www.lucasfroeserealestate.com\/wp-content\/uploads\/2025\/02\/Stadthaus-mit-Projekt-grosse-Grundstueck-7-818x417.jpg"},"agent-image":{"file":"Stadthaus-mit-Projekt-grosse-Grundstueck-7-210x210.jpg","width":210,"height":210,"mime-type":"image\/jpeg","filesize":4988,"url":"https:\/\/www.lucasfroeserealestate.com\/wp-content\/uploads\/2025\/02\/Stadthaus-mit-Projekt-grosse-Grundstueck-7-210x210.jpg"},"partners-logo":{"file":"Stadthaus-mit-Projekt-grosse-Grundstueck-7-600x1667.jpg","width":600,"height":1667,"mime-type":"image\/jpeg","filesize":100871,"url":"https:\/\/www.lucasfroeserealestate.com\/wp-content\/uploads\/2025\/02\/Stadthaus-mit-Projekt-grosse-Grundstueck-7-600x1667.jpg"},"post-featured-image":{"file":"Stadthaus-mit-Projekt-grosse-Grundstueck-7-1240x720.jpg","width":1240,"height":720,"mime-type":"image\/jpeg","filesize":63522,"url":"https:\/\/www.lucasfroeserealestate.com\/wp-content\/uploads\/2025\/02\/Stadthaus-mit-Projekt-grosse-Grundstueck-7-1240x720.jpg"}},"image_meta":{"aperture":"6.3","credit":"","camera":"ILCE-7M2","caption":"Felanitx Stadthaus mit Garten","created_timestamp":"1739273580","copyright":"","focal_length":"14","iso":"5000","shutter_speed":"0.004","title":"Felanitx Stadthaus mit Garten","orientation":"0","keywords":["Felanitx Stadthaus mit Garten"]},"ID":"63535","name":"Stadthaus-mit-Projekt-grosse-Grundstueck-7.jpg","path":"\/home\/empleost\/domains\/lucasfroeserealestate.com\/public_html\/wp-content\/uploads\/2025\/02\/Stadthaus-mit-Projekt-grosse-Grundstueck-7.jpg","url":"https:\/\/www.lucasfroeserealestate.com\/wp-content\/uploads\/2025\/02\/Stadthaus-mit-Projekt-grosse-Grundstueck-7-150x150.jpg","full_url":"https:\/\/www.lucasfroeserealestate.com\/wp-content\/uploads\/2025\/02\/Stadthaus-mit-Projekt-grosse-Grundstueck-7.jpg","title":"Felanitx Stadthaus mit Garten","caption":"Felanitx Stadthaus mit Garten","description":"","alt":"Felanitx Stadthaus mit Garten","srcset":"https:\/\/www.lucasfroeserealestate.com\/wp-content\/uploads\/2025\/02\/Stadthaus-mit-Projekt-grosse-Grundstueck-7-150x150.jpg 150w, https:\/\/www.lucasfroeserealestate.com\/wp-content\/uploads\/2025\/02\/Stadthaus-mit-Projekt-grosse-Grundstueck-7-210x210.jpg 210w"},{"width":150,"height":150,"file":"2025\/02\/Stadthaus-mit-Projekt-grosse-Grundstueck-8.jpg","filesize":394851,"sizes":{"medium":{"file":"Stadthaus-mit-Projekt-grosse-Grundstueck-8-300x200.jpg","width":300,"height":200,"mime-type":"image\/jpeg","filesize":10399,"url":"https:\/\/www.lucasfroeserealestate.com\/wp-content\/uploads\/2025\/02\/Stadthaus-mit-Projekt-grosse-Grundstueck-8-300x200.jpg"},"large":{"file":"Stadthaus-mit-Projekt-grosse-Grundstueck-8-1024x683.jpg","width":1024,"height":683,"mime-type":"image\/jpeg","filesize":97053,"url":"https:\/\/www.lucasfroeserealestate.com\/wp-content\/uploads\/2025\/02\/Stadthaus-mit-Projekt-grosse-Grundstueck-8-1024x683.jpg"},"thumbnail":{"file":"Stadthaus-mit-Projekt-grosse-Grundstueck-8-150x150.jpg","width":150,"height":150,"mime-type":"image\/jpeg","filesize":4799,"url":"https:\/\/www.lucasfroeserealestate.com\/wp-content\/uploads\/2025\/02\/Stadthaus-mit-Projekt-grosse-Grundstueck-8-150x150.jpg"},"medium_large":{"file":"Stadthaus-mit-Projekt-grosse-Grundstueck-8-768x512.jpg","width":768,"height":512,"mime-type":"image\/jpeg","filesize":53680,"url":"https:\/\/www.lucasfroeserealestate.com\/wp-content\/uploads\/2025\/02\/Stadthaus-mit-Projekt-grosse-Grundstueck-8-768x512.jpg"},"1536x1536":{"file":"Stadthaus-mit-Projekt-grosse-Grundstueck-8-1536x1024.jpg","width":1536,"height":1024,"mime-type":"image\/jpeg","filesize":226952,"url":"https:\/\/www.lucasfroeserealestate.com\/wp-content\/uploads\/2025\/02\/Stadthaus-mit-Projekt-grosse-Grundstueck-8-1536x1024.jpg"},"2048x2048":{"file":"Stadthaus-mit-Projekt-grosse-Grundstueck-8-2048x1366.jpg","width":2048,"height":1366,"mime-type":"image\/jpeg","filesize":403367,"url":"https:\/\/www.lucasfroeserealestate.com\/wp-content\/uploads\/2025\/02\/Stadthaus-mit-Projekt-grosse-Grundstueck-8-2048x1366.jpg"},"post-thumbnail":{"file":"Stadthaus-mit-Projekt-grosse-Grundstueck-8-150x100.jpg","width":150,"height":100,"mime-type":"image\/jpeg","filesize":3897,"url":"https:\/\/www.lucasfroeserealestate.com\/wp-content\/uploads\/2025\/02\/Stadthaus-mit-Projekt-grosse-Grundstueck-8-150x100.jpg"},"modern-property-child-slider":{"file":"Stadthaus-mit-Projekt-grosse-Grundstueck-8-680x510.jpg","width":680,"height":510,"mime-type":"image\/jpeg","filesize":47663,"url":"https:\/\/www.lucasfroeserealestate.com\/wp-content\/uploads\/2025\/02\/Stadthaus-mit-Projekt-grosse-Grundstueck-8-680x510.jpg"},"property-thumb-image":{"file":"Stadthaus-mit-Projekt-grosse-Grundstueck-8-488x326.jpg","width":488,"height":326,"mime-type":"image\/jpeg","filesize":23298,"url":"https:\/\/www.lucasfroeserealestate.com\/wp-content\/uploads\/2025\/02\/Stadthaus-mit-Projekt-grosse-Grundstueck-8-488x326.jpg"},"property-detail-video-image":{"file":"Stadthaus-mit-Projekt-grosse-Grundstueck-8-818x417.jpg","width":818,"height":417,"mime-type":"image\/jpeg","filesize":50785,"url":"https:\/\/www.lucasfroeserealestate.com\/wp-content\/uploads\/2025\/02\/Stadthaus-mit-Projekt-grosse-Grundstueck-8-818x417.jpg"},"agent-image":{"file":"Stadthaus-mit-Projekt-grosse-Grundstueck-8-210x210.jpg","width":210,"height":210,"mime-type":"image\/jpeg","filesize":8111,"url":"https:\/\/www.lucasfroeserealestate.com\/wp-content\/uploads\/2025\/02\/Stadthaus-mit-Projekt-grosse-Grundstueck-8-210x210.jpg"},"partners-logo":{"file":"Stadthaus-mit-Projekt-grosse-Grundstueck-8-600x1667.jpg","width":600,"height":1667,"mime-type":"image\/jpeg","filesize":127205,"url":"https:\/\/www.lucasfroeserealestate.com\/wp-content\/uploads\/2025\/02\/Stadthaus-mit-Projekt-grosse-Grundstueck-8-600x1667.jpg"},"post-featured-image":{"file":"Stadthaus-mit-Projekt-grosse-Grundstueck-8-1240x720.jpg","width":1240,"height":720,"mime-type":"image\/jpeg","filesize":128391,"url":"https:\/\/www.lucasfroeserealestate.com\/wp-content\/uploads\/2025\/02\/Stadthaus-mit-Projekt-grosse-Grundstueck-8-1240x720.jpg"}},"image_meta":{"aperture":"6.3","credit":"","camera":"ILCE-7M2","caption":"Felanitx Stadthaus Luxusprojekt","created_timestamp":"1739273758","copyright":"","focal_length":"14","iso":"10000","shutter_speed":"0.004","title":"Felanitx Stadthaus Luxusprojekt","orientation":"0","keywords":["Felanitx Stadthaus Luxusprojekt"]},"ID":"63538","name":"Stadthaus-mit-Projekt-grosse-Grundstueck-8.jpg","path":"\/home\/empleost\/domains\/lucasfroeserealestate.com\/public_html\/wp-content\/uploads\/2025\/02\/Stadthaus-mit-Projekt-grosse-Grundstueck-8.jpg","url":"https:\/\/www.lucasfroeserealestate.com\/wp-content\/uploads\/2025\/02\/Stadthaus-mit-Projekt-grosse-Grundstueck-8-150x150.jpg","full_url":"https:\/\/www.lucasfroeserealestate.com\/wp-content\/uploads\/2025\/02\/Stadthaus-mit-Projekt-grosse-Grundstueck-8.jpg","title":"Felanitx Stadthaus Luxusprojekt","caption":"Felanitx Stadthaus Luxusprojekt","description":"","alt":"Felanitx Stadthaus Luxusprojekt","srcset":"https:\/\/www.lucasfroeserealestate.com\/wp-content\/uploads\/2025\/02\/Stadthaus-mit-Projekt-grosse-Grundstueck-8-150x150.jpg 150w, https:\/\/www.lucasfroeserealestate.com\/wp-content\/uploads\/2025\/02\/Stadthaus-mit-Projekt-grosse-Grundstueck-8-210x210.jpg 210w"},{"width":150,"height":150,"file":"2025\/02\/Stadthaus-mit-Projekt-grosse-Grundstueck-9.jpg","filesize":473571,"sizes":{"medium":{"file":"Stadthaus-mit-Projekt-grosse-Grundstueck-9-300x200.jpg","width":300,"height":200,"mime-type":"image\/jpeg","filesize":11465,"url":"https:\/\/www.lucasfroeserealestate.com\/wp-content\/uploads\/2025\/02\/Stadthaus-mit-Projekt-grosse-Grundstueck-9-300x200.jpg"},"large":{"file":"Stadthaus-mit-Projekt-grosse-Grundstueck-9-1024x683.jpg","width":1024,"height":683,"mime-type":"image\/jpeg","filesize":112546,"url":"https:\/\/www.lucasfroeserealestate.com\/wp-content\/uploads\/2025\/02\/Stadthaus-mit-Projekt-grosse-Grundstueck-9-1024x683.jpg"},"thumbnail":{"file":"Stadthaus-mit-Projekt-grosse-Grundstueck-9-150x150.jpg","width":150,"height":150,"mime-type":"image\/jpeg","filesize":5266,"url":"https:\/\/www.lucasfroeserealestate.com\/wp-content\/uploads\/2025\/02\/Stadthaus-mit-Projekt-grosse-Grundstueck-9-150x150.jpg"},"medium_large":{"file":"Stadthaus-mit-Projekt-grosse-Grundstueck-9-768x512.jpg","width":768,"height":512,"mime-type":"image\/jpeg","filesize":62299,"url":"https:\/\/www.lucasfroeserealestate.com\/wp-content\/uploads\/2025\/02\/Stadthaus-mit-Projekt-grosse-Grundstueck-9-768x512.jpg"},"1536x1536":{"file":"Stadthaus-mit-Projekt-grosse-Grundstueck-9-1536x1024.jpg","width":1536,"height":1024,"mime-type":"image\/jpeg","filesize":259741,"url":"https:\/\/www.lucasfroeserealestate.com\/wp-content\/uploads\/2025\/02\/Stadthaus-mit-Projekt-grosse-Grundstueck-9-1536x1024.jpg"},"2048x2048":{"file":"Stadthaus-mit-Projekt-grosse-Grundstueck-9-2048x1366.jpg","width":2048,"height":1366,"mime-type":"image\/jpeg","filesize":458740,"url":"https:\/\/www.lucasfroeserealestate.com\/wp-content\/uploads\/2025\/02\/Stadthaus-mit-Projekt-grosse-Grundstueck-9-2048x1366.jpg"},"post-thumbnail":{"file":"Stadthaus-mit-Projekt-grosse-Grundstueck-9-150x100.jpg","width":150,"height":100,"mime-type":"image\/jpeg","filesize":4050,"url":"https:\/\/www.lucasfroeserealestate.com\/wp-content\/uploads\/2025\/02\/Stadthaus-mit-Projekt-grosse-Grundstueck-9-150x100.jpg"},"modern-property-child-slider":{"file":"Stadthaus-mit-Projekt-grosse-Grundstueck-9-680x510.jpg","width":680,"height":510,"mime-type":"image\/jpeg","filesize":57045,"url":"https:\/\/www.lucasfroeserealestate.com\/wp-content\/uploads\/2025\/02\/Stadthaus-mit-Projekt-grosse-Grundstueck-9-680x510.jpg"},"property-thumb-image":{"file":"Stadthaus-mit-Projekt-grosse-Grundstueck-9-488x326.jpg","width":488,"height":326,"mime-type":"image\/jpeg","filesize":26734,"url":"https:\/\/www.lucasfroeserealestate.com\/wp-content\/uploads\/2025\/02\/Stadthaus-mit-Projekt-grosse-Grundstueck-9-488x326.jpg"},"property-detail-video-image":{"file":"Stadthaus-mit-Projekt-grosse-Grundstueck-9-818x417.jpg","width":818,"height":417,"mime-type":"image\/jpeg","filesize":56621,"url":"https:\/\/www.lucasfroeserealestate.com\/wp-content\/uploads\/2025\/02\/Stadthaus-mit-Projekt-grosse-Grundstueck-9-818x417.jpg"},"agent-image":{"file":"Stadthaus-mit-Projekt-grosse-Grundstueck-9-210x210.jpg","width":210,"height":210,"mime-type":"image\/jpeg","filesize":9261,"url":"https:\/\/www.lucasfroeserealestate.com\/wp-content\/uploads\/2025\/02\/Stadthaus-mit-Projekt-grosse-Grundstueck-9-210x210.jpg"},"partners-logo":{"file":"Stadthaus-mit-Projekt-grosse-Grundstueck-9-600x1667.jpg","width":600,"height":1667,"mime-type":"image\/jpeg","filesize":172884,"url":"https:\/\/www.lucasfroeserealestate.com\/wp-content\/uploads\/2025\/02\/Stadthaus-mit-Projekt-grosse-Grundstueck-9-600x1667.jpg"},"post-featured-image":{"file":"Stadthaus-mit-Projekt-grosse-Grundstueck-9-1240x720.jpg","width":1240,"height":720,"mime-type":"image\/jpeg","filesize":146643,"url":"https:\/\/www.lucasfroeserealestate.com\/wp-content\/uploads\/2025\/02\/Stadthaus-mit-Projekt-grosse-Grundstueck-9-1240x720.jpg"}},"image_meta":{"aperture":"6.3","credit":"","camera":"ILCE-7M2","caption":"Luxus-Immobilie Renovierung Mallorca","created_timestamp":"1739273805","copyright":"","focal_length":"14","iso":"4000","shutter_speed":"0.004","title":"Luxus-Immobilie Renovierung Mallorca","orientation":"0","keywords":["Luxus-Immobilie Renovierung Mallorca"]},"ID":"63541","name":"Stadthaus-mit-Projekt-grosse-Grundstueck-9.jpg","path":"\/home\/empleost\/domains\/lucasfroeserealestate.com\/public_html\/wp-content\/uploads\/2025\/02\/Stadthaus-mit-Projekt-grosse-Grundstueck-9.jpg","url":"https:\/\/www.lucasfroeserealestate.com\/wp-content\/uploads\/2025\/02\/Stadthaus-mit-Projekt-grosse-Grundstueck-9-150x150.jpg","full_url":"https:\/\/www.lucasfroeserealestate.com\/wp-content\/uploads\/2025\/02\/Stadthaus-mit-Projekt-grosse-Grundstueck-9.jpg","title":"Luxus-Immobilie Renovierung Mallorca","caption":"Luxus-Immobilie Renovierung Mallorca","description":"","alt":"Luxus-Immobilie Renovierung Mallorca","srcset":"https:\/\/www.lucasfroeserealestate.com\/wp-content\/uploads\/2025\/02\/Stadthaus-mit-Projekt-grosse-Grundstueck-9-150x150.jpg 150w, https:\/\/www.lucasfroeserealestate.com\/wp-content\/uploads\/2025\/02\/Stadthaus-mit-Projekt-grosse-Grundstueck-9-210x210.jpg 210w"},{"width":150,"height":150,"file":"2025\/02\/Stadthaus-mit-Projekt-grosse-Grundstueck-10.jpg","filesize":494291,"sizes":{"medium":{"file":"Stadthaus-mit-Projekt-grosse-Grundstueck-10-300x200.jpg","width":300,"height":200,"mime-type":"image\/jpeg","filesize":12368,"url":"https:\/\/www.lucasfroeserealestate.com\/wp-content\/uploads\/2025\/02\/Stadthaus-mit-Projekt-grosse-Grundstueck-10-300x200.jpg"},"large":{"file":"Stadthaus-mit-Projekt-grosse-Grundstueck-10-1024x683.jpg","width":1024,"height":683,"mime-type":"image\/jpeg","filesize":113113,"url":"https:\/\/www.lucasfroeserealestate.com\/wp-content\/uploads\/2025\/02\/Stadthaus-mit-Projekt-grosse-Grundstueck-10-1024x683.jpg"},"thumbnail":{"file":"Stadthaus-mit-Projekt-grosse-Grundstueck-10-150x150.jpg","width":150,"height":150,"mime-type":"image\/jpeg","filesize":5556,"url":"https:\/\/www.lucasfroeserealestate.com\/wp-content\/uploads\/2025\/02\/Stadthaus-mit-Projekt-grosse-Grundstueck-10-150x150.jpg"},"medium_large":{"file":"Stadthaus-mit-Projekt-grosse-Grundstueck-10-768x512.jpg","width":768,"height":512,"mime-type":"image\/jpeg","filesize":63132,"url":"https:\/\/www.lucasfroeserealestate.com\/wp-content\/uploads\/2025\/02\/Stadthaus-mit-Projekt-grosse-Grundstueck-10-768x512.jpg"},"1536x1536":{"file":"Stadthaus-mit-Projekt-grosse-Grundstueck-10-1536x1024.jpg","width":1536,"height":1024,"mime-type":"image\/jpeg","filesize":260955,"url":"https:\/\/www.lucasfroeserealestate.com\/wp-content\/uploads\/2025\/02\/Stadthaus-mit-Projekt-grosse-Grundstueck-10-1536x1024.jpg"},"2048x2048":{"file":"Stadthaus-mit-Projekt-grosse-Grundstueck-10-2048x1366.jpg","width":2048,"height":1366,"mime-type":"image\/jpeg","filesize":459410,"url":"https:\/\/www.lucasfroeserealestate.com\/wp-content\/uploads\/2025\/02\/Stadthaus-mit-Projekt-grosse-Grundstueck-10-2048x1366.jpg"},"post-thumbnail":{"file":"Stadthaus-mit-Projekt-grosse-Grundstueck-10-150x100.jpg","width":150,"height":100,"mime-type":"image\/jpeg","filesize":4495,"url":"https:\/\/www.lucasfroeserealestate.com\/wp-content\/uploads\/2025\/02\/Stadthaus-mit-Projekt-grosse-Grundstueck-10-150x100.jpg"},"modern-property-child-slider":{"file":"Stadthaus-mit-Projekt-grosse-Grundstueck-10-680x510.jpg","width":680,"height":510,"mime-type":"image\/jpeg","filesize":57412,"url":"https:\/\/www.lucasfroeserealestate.com\/wp-content\/uploads\/2025\/02\/Stadthaus-mit-Projekt-grosse-Grundstueck-10-680x510.jpg"},"property-thumb-image":{"file":"Stadthaus-mit-Projekt-grosse-Grundstueck-10-488x326.jpg","width":488,"height":326,"mime-type":"image\/jpeg","filesize":27705,"url":"https:\/\/www.lucasfroeserealestate.com\/wp-content\/uploads\/2025\/02\/Stadthaus-mit-Projekt-grosse-Grundstueck-10-488x326.jpg"},"property-detail-video-image":{"file":"Stadthaus-mit-Projekt-grosse-Grundstueck-10-818x417.jpg","width":818,"height":417,"mime-type":"image\/jpeg","filesize":58195,"url":"https:\/\/www.lucasfroeserealestate.com\/wp-content\/uploads\/2025\/02\/Stadthaus-mit-Projekt-grosse-Grundstueck-10-818x417.jpg"},"agent-image":{"file":"Stadthaus-mit-Projekt-grosse-Grundstueck-10-210x210.jpg","width":210,"height":210,"mime-type":"image\/jpeg","filesize":9419,"url":"https:\/\/www.lucasfroeserealestate.com\/wp-content\/uploads\/2025\/02\/Stadthaus-mit-Projekt-grosse-Grundstueck-10-210x210.jpg"},"partners-logo":{"file":"Stadthaus-mit-Projekt-grosse-Grundstueck-10-600x1667.jpg","width":600,"height":1667,"mime-type":"image\/jpeg","filesize":161488,"url":"https:\/\/www.lucasfroeserealestate.com\/wp-content\/uploads\/2025\/02\/Stadthaus-mit-Projekt-grosse-Grundstueck-10-600x1667.jpg"},"post-featured-image":{"file":"Stadthaus-mit-Projekt-grosse-Grundstueck-10-1240x720.jpg","width":1240,"height":720,"mime-type":"image\/jpeg","filesize":149024,"url":"https:\/\/www.lucasfroeserealestate.com\/wp-content\/uploads\/2025\/02\/Stadthaus-mit-Projekt-grosse-Grundstueck-10-1240x720.jpg"}},"image_meta":{"aperture":"6.3","credit":"","camera":"ILCE-7M2","caption":"Stadthaus zur Renovierung Felanitx","created_timestamp":"1739273842","copyright":"","focal_length":"14","iso":"20000","shutter_speed":"0.004","title":"Stadthaus zur Renovierung Felanitx","orientation":"0","keywords":["Stadthaus zur Renovierung Felanitx"]},"ID":"63544","name":"Stadthaus-mit-Projekt-grosse-Grundstueck-10.jpg","path":"\/home\/empleost\/domains\/lucasfroeserealestate.com\/public_html\/wp-content\/uploads\/2025\/02\/Stadthaus-mit-Projekt-grosse-Grundstueck-10.jpg","url":"https:\/\/www.lucasfroeserealestate.com\/wp-content\/uploads\/2025\/02\/Stadthaus-mit-Projekt-grosse-Grundstueck-10-150x150.jpg","full_url":"https:\/\/www.lucasfroeserealestate.com\/wp-content\/uploads\/2025\/02\/Stadthaus-mit-Projekt-grosse-Grundstueck-10.jpg","title":"Stadthaus zur Renovierung Felanitx","caption":"Stadthaus zur Renovierung Felanitx","description":"","alt":"Stadthaus zur Renovierung Felanitx","srcset":"https:\/\/www.lucasfroeserealestate.com\/wp-content\/uploads\/2025\/02\/Stadthaus-mit-Projekt-grosse-Grundstueck-10-150x150.jpg 150w, https:\/\/www.lucasfroeserealestate.com\/wp-content\/uploads\/2025\/02\/Stadthaus-mit-Projekt-grosse-Grundstueck-10-210x210.jpg 210w"},{"width":150,"height":150,"file":"2025\/02\/Stadthaus-mit-Projekt-grosse-Grundstueck-11.jpg","filesize":456499,"sizes":{"medium":{"file":"Stadthaus-mit-Projekt-grosse-Grundstueck-11-300x200.jpg","width":300,"height":200,"mime-type":"image\/jpeg","filesize":11060,"url":"https:\/\/www.lucasfroeserealestate.com\/wp-content\/uploads\/2025\/02\/Stadthaus-mit-Projekt-grosse-Grundstueck-11-300x200.jpg"},"large":{"file":"Stadthaus-mit-Projekt-grosse-Grundstueck-11-1024x683.jpg","width":1024,"height":683,"mime-type":"image\/jpeg","filesize":95129,"url":"https:\/\/www.lucasfroeserealestate.com\/wp-content\/uploads\/2025\/02\/Stadthaus-mit-Projekt-grosse-Grundstueck-11-1024x683.jpg"},"thumbnail":{"file":"Stadthaus-mit-Projekt-grosse-Grundstueck-11-150x150.jpg","width":150,"height":150,"mime-type":"image\/jpeg","filesize":4835,"url":"https:\/\/www.lucasfroeserealestate.com\/wp-content\/uploads\/2025\/02\/Stadthaus-mit-Projekt-grosse-Grundstueck-11-150x150.jpg"},"medium_large":{"file":"Stadthaus-mit-Projekt-grosse-Grundstueck-11-768x512.jpg","width":768,"height":512,"mime-type":"image\/jpeg","filesize":54356,"url":"https:\/\/www.lucasfroeserealestate.com\/wp-content\/uploads\/2025\/02\/Stadthaus-mit-Projekt-grosse-Grundstueck-11-768x512.jpg"},"1536x1536":{"file":"Stadthaus-mit-Projekt-grosse-Grundstueck-11-1536x1024.jpg","width":1536,"height":1024,"mime-type":"image\/jpeg","filesize":210970,"url":"https:\/\/www.lucasfroeserealestate.com\/wp-content\/uploads\/2025\/02\/Stadthaus-mit-Projekt-grosse-Grundstueck-11-1536x1024.jpg"},"2048x2048":{"file":"Stadthaus-mit-Projekt-grosse-Grundstueck-11-2048x1366.jpg","width":2048,"height":1366,"mime-type":"image\/jpeg","filesize":368613,"url":"https:\/\/www.lucasfroeserealestate.com\/wp-content\/uploads\/2025\/02\/Stadthaus-mit-Projekt-grosse-Grundstueck-11-2048x1366.jpg"},"post-thumbnail":{"file":"Stadthaus-mit-Projekt-grosse-Grundstueck-11-150x100.jpg","width":150,"height":100,"mime-type":"image\/jpeg","filesize":4106,"url":"https:\/\/www.lucasfroeserealestate.com\/wp-content\/uploads\/2025\/02\/Stadthaus-mit-Projekt-grosse-Grundstueck-11-150x100.jpg"},"modern-property-child-slider":{"file":"Stadthaus-mit-Projekt-grosse-Grundstueck-11-680x510.jpg","width":680,"height":510,"mime-type":"image\/jpeg","filesize":46430,"url":"https:\/\/www.lucasfroeserealestate.com\/wp-content\/uploads\/2025\/02\/Stadthaus-mit-Projekt-grosse-Grundstueck-11-680x510.jpg"},"property-thumb-image":{"file":"Stadthaus-mit-Projekt-grosse-Grundstueck-11-488x326.jpg","width":488,"height":326,"mime-type":"image\/jpeg","filesize":24492,"url":"https:\/\/www.lucasfroeserealestate.com\/wp-content\/uploads\/2025\/02\/Stadthaus-mit-Projekt-grosse-Grundstueck-11-488x326.jpg"},"property-detail-video-image":{"file":"Stadthaus-mit-Projekt-grosse-Grundstueck-11-818x417.jpg","width":818,"height":417,"mime-type":"image\/jpeg","filesize":51291,"url":"https:\/\/www.lucasfroeserealestate.com\/wp-content\/uploads\/2025\/02\/Stadthaus-mit-Projekt-grosse-Grundstueck-11-818x417.jpg"},"agent-image":{"file":"Stadthaus-mit-Projekt-grosse-Grundstueck-11-210x210.jpg","width":210,"height":210,"mime-type":"image\/jpeg","filesize":8080,"url":"https:\/\/www.lucasfroeserealestate.com\/wp-content\/uploads\/2025\/02\/Stadthaus-mit-Projekt-grosse-Grundstueck-11-210x210.jpg"},"partners-logo":{"file":"Stadthaus-mit-Projekt-grosse-Grundstueck-11-600x1667.jpg","width":600,"height":1667,"mime-type":"image\/jpeg","filesize":100232,"url":"https:\/\/www.lucasfroeserealestate.com\/wp-content\/uploads\/2025\/02\/Stadthaus-mit-Projekt-grosse-Grundstueck-11-600x1667.jpg"},"post-featured-image":{"file":"Stadthaus-mit-Projekt-grosse-Grundstueck-11-1240x720.jpg","width":1240,"height":720,"mime-type":"image\/jpeg","filesize":125000,"url":"https:\/\/www.lucasfroeserealestate.com\/wp-content\/uploads\/2025\/02\/Stadthaus-mit-Projekt-grosse-Grundstueck-11-1240x720.jpg"}},"image_meta":{"aperture":"6.3","credit":"","camera":"ILCE-7M2","caption":"Luxusimmobilie zur Renovierung Felanitx","created_timestamp":"1739273971","copyright":"","focal_length":"14","iso":"6400","shutter_speed":"0.004","title":"Luxusimmobilie zur Renovierung Felanitx","orientation":"0","keywords":["Luxusimmobilie zur Renovierung Felanitx"]},"ID":"63547","name":"Stadthaus-mit-Projekt-grosse-Grundstueck-11.jpg","path":"\/home\/empleost\/domains\/lucasfroeserealestate.com\/public_html\/wp-content\/uploads\/2025\/02\/Stadthaus-mit-Projekt-grosse-Grundstueck-11.jpg","url":"https:\/\/www.lucasfroeserealestate.com\/wp-content\/uploads\/2025\/02\/Stadthaus-mit-Projekt-grosse-Grundstueck-11-150x150.jpg","full_url":"https:\/\/www.lucasfroeserealestate.com\/wp-content\/uploads\/2025\/02\/Stadthaus-mit-Projekt-grosse-Grundstueck-11.jpg","title":"Luxusimmobilie zur Renovierung Felanitx","caption":"Luxusimmobilie zur Renovierung Felanitx","description":"","alt":"Luxusimmobilie zur Renovierung Felanitx","srcset":"https:\/\/www.lucasfroeserealestate.com\/wp-content\/uploads\/2025\/02\/Stadthaus-mit-Projekt-grosse-Grundstueck-11-150x150.jpg 150w, https:\/\/www.lucasfroeserealestate.com\/wp-content\/uploads\/2025\/02\/Stadthaus-mit-Projekt-grosse-Grundstueck-11-210x210.jpg 210w"},{"width":150,"height":150,"file":"2025\/02\/Stadthaus-mit-Projekt-grosse-Grundstueck-12.jpg","filesize":410616,"sizes":{"medium":{"file":"Stadthaus-mit-Projekt-grosse-Grundstueck-12-300x200.jpg","width":300,"height":200,"mime-type":"image\/jpeg","filesize":11370,"url":"https:\/\/www.lucasfroeserealestate.com\/wp-content\/uploads\/2025\/02\/Stadthaus-mit-Projekt-grosse-Grundstueck-12-300x200.jpg"},"large":{"file":"Stadthaus-mit-Projekt-grosse-Grundstueck-12-1024x683.jpg","width":1024,"height":683,"mime-type":"image\/jpeg","filesize":90326,"url":"https:\/\/www.lucasfroeserealestate.com\/wp-content\/uploads\/2025\/02\/Stadthaus-mit-Projekt-grosse-Grundstueck-12-1024x683.jpg"},"thumbnail":{"file":"Stadthaus-mit-Projekt-grosse-Grundstueck-12-150x150.jpg","width":150,"height":150,"mime-type":"image\/jpeg","filesize":5054,"url":"https:\/\/www.lucasfroeserealestate.com\/wp-content\/uploads\/2025\/02\/Stadthaus-mit-Projekt-grosse-Grundstueck-12-150x150.jpg"},"medium_large":{"file":"Stadthaus-mit-Projekt-grosse-Grundstueck-12-768x512.jpg","width":768,"height":512,"mime-type":"image\/jpeg","filesize":53832,"url":"https:\/\/www.lucasfroeserealestate.com\/wp-content\/uploads\/2025\/02\/Stadthaus-mit-Projekt-grosse-Grundstueck-12-768x512.jpg"},"1536x1536":{"file":"Stadthaus-mit-Projekt-grosse-Grundstueck-12-1536x1024.jpg","width":1536,"height":1024,"mime-type":"image\/jpeg","filesize":193037,"url":"https:\/\/www.lucasfroeserealestate.com\/wp-content\/uploads\/2025\/02\/Stadthaus-mit-Projekt-grosse-Grundstueck-12-1536x1024.jpg"},"2048x2048":{"file":"Stadthaus-mit-Projekt-grosse-Grundstueck-12-2048x1366.jpg","width":2048,"height":1366,"mime-type":"image\/jpeg","filesize":330355,"url":"https:\/\/www.lucasfroeserealestate.com\/wp-content\/uploads\/2025\/02\/Stadthaus-mit-Projekt-grosse-Grundstueck-12-2048x1366.jpg"},"post-thumbnail":{"file":"Stadthaus-mit-Projekt-grosse-Grundstueck-12-150x100.jpg","width":150,"height":100,"mime-type":"image\/jpeg","filesize":4264,"url":"https:\/\/www.lucasfroeserealestate.com\/wp-content\/uploads\/2025\/02\/Stadthaus-mit-Projekt-grosse-Grundstueck-12-150x100.jpg"},"modern-property-child-slider":{"file":"Stadthaus-mit-Projekt-grosse-Grundstueck-12-680x510.jpg","width":680,"height":510,"mime-type":"image\/jpeg","filesize":46449,"url":"https:\/\/www.lucasfroeserealestate.com\/wp-content\/uploads\/2025\/02\/Stadthaus-mit-Projekt-grosse-Grundstueck-12-680x510.jpg"},"property-thumb-image":{"file":"Stadthaus-mit-Projekt-grosse-Grundstueck-12-488x326.jpg","width":488,"height":326,"mime-type":"image\/jpeg","filesize":24963,"url":"https:\/\/www.lucasfroeserealestate.com\/wp-content\/uploads\/2025\/02\/Stadthaus-mit-Projekt-grosse-Grundstueck-12-488x326.jpg"},"property-detail-video-image":{"file":"Stadthaus-mit-Projekt-grosse-Grundstueck-12-818x417.jpg","width":818,"height":417,"mime-type":"image\/jpeg","filesize":50655,"url":"https:\/\/www.lucasfroeserealestate.com\/wp-content\/uploads\/2025\/02\/Stadthaus-mit-Projekt-grosse-Grundstueck-12-818x417.jpg"},"agent-image":{"file":"Stadthaus-mit-Projekt-grosse-Grundstueck-12-210x210.jpg","width":210,"height":210,"mime-type":"image\/jpeg","filesize":8410,"url":"https:\/\/www.lucasfroeserealestate.com\/wp-content\/uploads\/2025\/02\/Stadthaus-mit-Projekt-grosse-Grundstueck-12-210x210.jpg"},"partners-logo":{"file":"Stadthaus-mit-Projekt-grosse-Grundstueck-12-600x1667.jpg","width":600,"height":1667,"mime-type":"image\/jpeg","filesize":108531,"url":"https:\/\/www.lucasfroeserealestate.com\/wp-content\/uploads\/2025\/02\/Stadthaus-mit-Projekt-grosse-Grundstueck-12-600x1667.jpg"},"post-featured-image":{"file":"Stadthaus-mit-Projekt-grosse-Grundstueck-12-1240x720.jpg","width":1240,"height":720,"mime-type":"image\/jpeg","filesize":116671,"url":"https:\/\/www.lucasfroeserealestate.com\/wp-content\/uploads\/2025\/02\/Stadthaus-mit-Projekt-grosse-Grundstueck-12-1240x720.jpg"}},"image_meta":{"aperture":"6.3","credit":"","camera":"ILCE-7M2","caption":"Luxus-Immobilie und grosses Grundst\u00fcck","created_timestamp":"1739274022","copyright":"","focal_length":"14","iso":"12800","shutter_speed":"0.004","title":"Luxus-Immobilie und grosses Grundst\u00fcck","orientation":"0","keywords":["Luxus-Immobilie und grosses Grundst\u00fcck"]},"ID":"63550","name":"Stadthaus-mit-Projekt-grosse-Grundstueck-12.jpg","path":"\/home\/empleost\/domains\/lucasfroeserealestate.com\/public_html\/wp-content\/uploads\/2025\/02\/Stadthaus-mit-Projekt-grosse-Grundstueck-12.jpg","url":"https:\/\/www.lucasfroeserealestate.com\/wp-content\/uploads\/2025\/02\/Stadthaus-mit-Projekt-grosse-Grundstueck-12-150x150.jpg","full_url":"https:\/\/www.lucasfroeserealestate.com\/wp-content\/uploads\/2025\/02\/Stadthaus-mit-Projekt-grosse-Grundstueck-12.jpg","title":"Luxus-Immobilie und grosses Grundst\u00fcck","caption":"Luxus-Immobilie und grosses Grundst\u00fcck","description":"","alt":"Luxus-Immobilie und grosses Grundst\u00fcck","srcset":"https:\/\/www.lucasfroeserealestate.com\/wp-content\/uploads\/2025\/02\/Stadthaus-mit-Projekt-grosse-Grundstueck-12-150x150.jpg 150w, https:\/\/www.lucasfroeserealestate.com\/wp-content\/uploads\/2025\/02\/Stadthaus-mit-Projekt-grosse-Grundstueck-12-210x210.jpg 210w"},{"width":150,"height":150,"file":"2025\/02\/Stadthaus-mit-Projekt-grosse-Grundstueck-13.jpg","filesize":547471,"sizes":{"medium":{"file":"Stadthaus-mit-Projekt-grosse-Grundstueck-13-300x200.jpg","width":300,"height":200,"mime-type":"image\/jpeg","filesize":17323,"url":"https:\/\/www.lucasfroeserealestate.com\/wp-content\/uploads\/2025\/02\/Stadthaus-mit-Projekt-grosse-Grundstueck-13-300x200.jpg"},"large":{"file":"Stadthaus-mit-Projekt-grosse-Grundstueck-13-1024x683.jpg","width":1024,"height":683,"mime-type":"image\/jpeg","filesize":173411,"url":"https:\/\/www.lucasfroeserealestate.com\/wp-content\/uploads\/2025\/02\/Stadthaus-mit-Projekt-grosse-Grundstueck-13-1024x683.jpg"},"thumbnail":{"file":"Stadthaus-mit-Projekt-grosse-Grundstueck-13-150x150.jpg","width":150,"height":150,"mime-type":"image\/jpeg","filesize":6962,"url":"https:\/\/www.lucasfroeserealestate.com\/wp-content\/uploads\/2025\/02\/Stadthaus-mit-Projekt-grosse-Grundstueck-13-150x150.jpg"},"medium_large":{"file":"Stadthaus-mit-Projekt-grosse-Grundstueck-13-768x512.jpg","width":768,"height":512,"mime-type":"image\/jpeg","filesize":100257,"url":"https:\/\/www.lucasfroeserealestate.com\/wp-content\/uploads\/2025\/02\/Stadthaus-mit-Projekt-grosse-Grundstueck-13-768x512.jpg"},"1536x1536":{"file":"Stadthaus-mit-Projekt-grosse-Grundstueck-13-1536x1024.jpg","width":1536,"height":1024,"mime-type":"image\/jpeg","filesize":357570,"url":"https:\/\/www.lucasfroeserealestate.com\/wp-content\/uploads\/2025\/02\/Stadthaus-mit-Projekt-grosse-Grundstueck-13-1536x1024.jpg"},"2048x2048":{"file":"Stadthaus-mit-Projekt-grosse-Grundstueck-13-2048x1366.jpg","width":2048,"height":1366,"mime-type":"image\/jpeg","filesize":579255,"url":"https:\/\/www.lucasfroeserealestate.com\/wp-content\/uploads\/2025\/02\/Stadthaus-mit-Projekt-grosse-Grundstueck-13-2048x1366.jpg"},"post-thumbnail":{"file":"Stadthaus-mit-Projekt-grosse-Grundstueck-13-150x100.jpg","width":150,"height":100,"mime-type":"image\/jpeg","filesize":5446,"url":"https:\/\/www.lucasfroeserealestate.com\/wp-content\/uploads\/2025\/02\/Stadthaus-mit-Projekt-grosse-Grundstueck-13-150x100.jpg"},"modern-property-child-slider":{"file":"Stadthaus-mit-Projekt-grosse-Grundstueck-13-680x510.jpg","width":680,"height":510,"mime-type":"image\/jpeg","filesize":88906,"url":"https:\/\/www.lucasfroeserealestate.com\/wp-content\/uploads\/2025\/02\/Stadthaus-mit-Projekt-grosse-Grundstueck-13-680x510.jpg"},"property-thumb-image":{"file":"Stadthaus-mit-Projekt-grosse-Grundstueck-13-488x326.jpg","width":488,"height":326,"mime-type":"image\/jpeg","filesize":43006,"url":"https:\/\/www.lucasfroeserealestate.com\/wp-content\/uploads\/2025\/02\/Stadthaus-mit-Projekt-grosse-Grundstueck-13-488x326.jpg"},"property-detail-video-image":{"file":"Stadthaus-mit-Projekt-grosse-Grundstueck-13-818x417.jpg","width":818,"height":417,"mime-type":"image\/jpeg","filesize":88273,"url":"https:\/\/www.lucasfroeserealestate.com\/wp-content\/uploads\/2025\/02\/Stadthaus-mit-Projekt-grosse-Grundstueck-13-818x417.jpg"},"agent-image":{"file":"Stadthaus-mit-Projekt-grosse-Grundstueck-13-210x210.jpg","width":210,"height":210,"mime-type":"image\/jpeg","filesize":12766,"url":"https:\/\/www.lucasfroeserealestate.com\/wp-content\/uploads\/2025\/02\/Stadthaus-mit-Projekt-grosse-Grundstueck-13-210x210.jpg"},"partners-logo":{"file":"Stadthaus-mit-Projekt-grosse-Grundstueck-13-600x1667.jpg","width":600,"height":1667,"mime-type":"image\/jpeg","filesize":222500,"url":"https:\/\/www.lucasfroeserealestate.com\/wp-content\/uploads\/2025\/02\/Stadthaus-mit-Projekt-grosse-Grundstueck-13-600x1667.jpg"},"post-featured-image":{"file":"Stadthaus-mit-Projekt-grosse-Grundstueck-13-1240x720.jpg","width":1240,"height":720,"mime-type":"image\/jpeg","filesize":213471,"url":"https:\/\/www.lucasfroeserealestate.com\/wp-content\/uploads\/2025\/02\/Stadthaus-mit-Projekt-grosse-Grundstueck-13-1240x720.jpg"}},"image_meta":{"aperture":"6.3","credit":"","camera":"ILCE-7M2","caption":"Luxusimmobilie mit Projekt Mallorca","created_timestamp":"1739274057","copyright":"","focal_length":"14","iso":"80","shutter_speed":"0.004","title":"Luxusimmobilie mit Projekt Mallorca","orientation":"0","keywords":["Luxusimmobilie mit Projekt Mallorca"]},"ID":"63553","name":"Stadthaus-mit-Projekt-grosse-Grundstueck-13.jpg","path":"\/home\/empleost\/domains\/lucasfroeserealestate.com\/public_html\/wp-content\/uploads\/2025\/02\/Stadthaus-mit-Projekt-grosse-Grundstueck-13.jpg","url":"https:\/\/www.lucasfroeserealestate.com\/wp-content\/uploads\/2025\/02\/Stadthaus-mit-Projekt-grosse-Grundstueck-13-150x150.jpg","full_url":"https:\/\/www.lucasfroeserealestate.com\/wp-content\/uploads\/2025\/02\/Stadthaus-mit-Projekt-grosse-Grundstueck-13.jpg","title":"Luxusimmobilie mit Projekt Mallorca","caption":"Luxusimmobilie mit Projekt Mallorca","description":"","alt":"Luxusimmobilie mit Projekt Mallorca","srcset":"https:\/\/www.lucasfroeserealestate.com\/wp-content\/uploads\/2025\/02\/Stadthaus-mit-Projekt-grosse-Grundstueck-13-150x150.jpg 150w, https:\/\/www.lucasfroeserealestate.com\/wp-content\/uploads\/2025\/02\/Stadthaus-mit-Projekt-grosse-Grundstueck-13-210x210.jpg 210w"},{"width":150,"height":150,"file":"2025\/02\/Stadthaus-mit-Projekt-grosse-Grundstueck-14.jpg","filesize":498956,"sizes":{"medium":{"file":"Stadthaus-mit-Projekt-grosse-Grundstueck-14-300x200.jpg","width":300,"height":200,"mime-type":"image\/jpeg","filesize":18682,"url":"https:\/\/www.lucasfroeserealestate.com\/wp-content\/uploads\/2025\/02\/Stadthaus-mit-Projekt-grosse-Grundstueck-14-300x200.jpg"},"large":{"file":"Stadthaus-mit-Projekt-grosse-Grundstueck-14-1024x683.jpg","width":1024,"height":683,"mime-type":"image\/jpeg","filesize":186645,"url":"https:\/\/www.lucasfroeserealestate.com\/wp-content\/uploads\/2025\/02\/Stadthaus-mit-Projekt-grosse-Grundstueck-14-1024x683.jpg"},"thumbnail":{"file":"Stadthaus-mit-Projekt-grosse-Grundstueck-14-150x150.jpg","width":150,"height":150,"mime-type":"image\/jpeg","filesize":7520,"url":"https:\/\/www.lucasfroeserealestate.com\/wp-content\/uploads\/2025\/02\/Stadthaus-mit-Projekt-grosse-Grundstueck-14-150x150.jpg"},"medium_large":{"file":"Stadthaus-mit-Projekt-grosse-Grundstueck-14-768x512.jpg","width":768,"height":512,"mime-type":"image\/jpeg","filesize":108156,"url":"https:\/\/www.lucasfroeserealestate.com\/wp-content\/uploads\/2025\/02\/Stadthaus-mit-Projekt-grosse-Grundstueck-14-768x512.jpg"},"1536x1536":{"file":"Stadthaus-mit-Projekt-grosse-Grundstueck-14-1536x1024.jpg","width":1536,"height":1024,"mime-type":"image\/jpeg","filesize":380680,"url":"https:\/\/www.lucasfroeserealestate.com\/wp-content\/uploads\/2025\/02\/Stadthaus-mit-Projekt-grosse-Grundstueck-14-1536x1024.jpg"},"2048x2048":{"file":"Stadthaus-mit-Projekt-grosse-Grundstueck-14-2048x1366.jpg","width":2048,"height":1366,"mime-type":"image\/jpeg","filesize":612439,"url":"https:\/\/www.lucasfroeserealestate.com\/wp-content\/uploads\/2025\/02\/Stadthaus-mit-Projekt-grosse-Grundstueck-14-2048x1366.jpg"},"post-thumbnail":{"file":"Stadthaus-mit-Projekt-grosse-Grundstueck-14-150x100.jpg","width":150,"height":100,"mime-type":"image\/jpeg","filesize":5647,"url":"https:\/\/www.lucasfroeserealestate.com\/wp-content\/uploads\/2025\/02\/Stadthaus-mit-Projekt-grosse-Grundstueck-14-150x100.jpg"},"modern-property-child-slider":{"file":"Stadthaus-mit-Projekt-grosse-Grundstueck-14-680x510.jpg","width":680,"height":510,"mime-type":"image\/jpeg","filesize":94908,"url":"https:\/\/www.lucasfroeserealestate.com\/wp-content\/uploads\/2025\/02\/Stadthaus-mit-Projekt-grosse-Grundstueck-14-680x510.jpg"},"property-thumb-image":{"file":"Stadthaus-mit-Projekt-grosse-Grundstueck-14-488x326.jpg","width":488,"height":326,"mime-type":"image\/jpeg","filesize":46197,"url":"https:\/\/www.lucasfroeserealestate.com\/wp-content\/uploads\/2025\/02\/Stadthaus-mit-Projekt-grosse-Grundstueck-14-488x326.jpg"},"property-detail-video-image":{"file":"Stadthaus-mit-Projekt-grosse-Grundstueck-14-818x417.jpg","width":818,"height":417,"mime-type":"image\/jpeg","filesize":97903,"url":"https:\/\/www.lucasfroeserealestate.com\/wp-content\/uploads\/2025\/02\/Stadthaus-mit-Projekt-grosse-Grundstueck-14-818x417.jpg"},"agent-image":{"file":"Stadthaus-mit-Projekt-grosse-Grundstueck-14-210x210.jpg","width":210,"height":210,"mime-type":"image\/jpeg","filesize":13644,"url":"https:\/\/www.lucasfroeserealestate.com\/wp-content\/uploads\/2025\/02\/Stadthaus-mit-Projekt-grosse-Grundstueck-14-210x210.jpg"},"partners-logo":{"file":"Stadthaus-mit-Projekt-grosse-Grundstueck-14-600x1667.jpg","width":600,"height":1667,"mime-type":"image\/jpeg","filesize":194770,"url":"https:\/\/www.lucasfroeserealestate.com\/wp-content\/uploads\/2025\/02\/Stadthaus-mit-Projekt-grosse-Grundstueck-14-600x1667.jpg"},"post-featured-image":{"file":"Stadthaus-mit-Projekt-grosse-Grundstueck-14-1240x720.jpg","width":1240,"height":720,"mime-type":"image\/jpeg","filesize":231523,"url":"https:\/\/www.lucasfroeserealestate.com\/wp-content\/uploads\/2025\/02\/Stadthaus-mit-Projekt-grosse-Grundstueck-14-1240x720.jpg"}},"image_meta":{"aperture":"6.3","credit":"","camera":"ILCE-7M2","caption":"Luxus-Immobilie mit Projekt Felanit","created_timestamp":"1739274161","copyright":"","focal_length":"14","iso":"64","shutter_speed":"0.004","title":"Luxus-Immobilie mit Projekt Felanit","orientation":"0","keywords":["Luxus-Immobilie mit Projekt Felanitx"]},"ID":"63556","name":"Stadthaus-mit-Projekt-grosse-Grundstueck-14.jpg","path":"\/home\/empleost\/domains\/lucasfroeserealestate.com\/public_html\/wp-content\/uploads\/2025\/02\/Stadthaus-mit-Projekt-grosse-Grundstueck-14.jpg","url":"https:\/\/www.lucasfroeserealestate.com\/wp-content\/uploads\/2025\/02\/Stadthaus-mit-Projekt-grosse-Grundstueck-14-150x150.jpg","full_url":"https:\/\/www.lucasfroeserealestate.com\/wp-content\/uploads\/2025\/02\/Stadthaus-mit-Projekt-grosse-Grundstueck-14.jpg","title":"Luxus-Immobilie mit Projekt Felanit","caption":"Luxus-Immobilie mit Projekt Felanit","description":"","alt":"Luxus-Immobilie mit Projekt Felanit","srcset":"https:\/\/www.lucasfroeserealestate.com\/wp-content\/uploads\/2025\/02\/Stadthaus-mit-Projekt-grosse-Grundstueck-14-150x150.jpg 150w, https:\/\/www.lucasfroeserealestate.com\/wp-content\/uploads\/2025\/02\/Stadthaus-mit-Projekt-grosse-Grundstueck-14-210x210.jpg 210w"},{"width":150,"height":150,"file":"2025\/02\/Stadthaus-mit-Projekt-grosse-Grundstueck-15.jpg","filesize":544607,"sizes":{"medium":{"file":"Stadthaus-mit-Projekt-grosse-Grundstueck-15-300x200.jpg","width":300,"height":200,"mime-type":"image\/jpeg","filesize":18679,"url":"https:\/\/www.lucasfroeserealestate.com\/wp-content\/uploads\/2025\/02\/Stadthaus-mit-Projekt-grosse-Grundstueck-15-300x200.jpg"},"large":{"file":"Stadthaus-mit-Projekt-grosse-Grundstueck-15-1024x683.jpg","width":1024,"height":683,"mime-type":"image\/jpeg","filesize":193509,"url":"https:\/\/www.lucasfroeserealestate.com\/wp-content\/uploads\/2025\/02\/Stadthaus-mit-Projekt-grosse-Grundstueck-15-1024x683.jpg"},"thumbnail":{"file":"Stadthaus-mit-Projekt-grosse-Grundstueck-15-150x150.jpg","width":150,"height":150,"mime-type":"image\/jpeg","filesize":7835,"url":"https:\/\/www.lucasfroeserealestate.com\/wp-content\/uploads\/2025\/02\/Stadthaus-mit-Projekt-grosse-Grundstueck-15-150x150.jpg"},"medium_large":{"file":"Stadthaus-mit-Projekt-grosse-Grundstueck-15-768x512.jpg","width":768,"height":512,"mime-type":"image\/jpeg","filesize":110958,"url":"https:\/\/www.lucasfroeserealestate.com\/wp-content\/uploads\/2025\/02\/Stadthaus-mit-Projekt-grosse-Grundstueck-15-768x512.jpg"},"1536x1536":{"file":"Stadthaus-mit-Projekt-grosse-Grundstueck-15-1536x1024.jpg","width":1536,"height":1024,"mime-type":"image\/jpeg","filesize":399491,"url":"https:\/\/www.lucasfroeserealestate.com\/wp-content\/uploads\/2025\/02\/Stadthaus-mit-Projekt-grosse-Grundstueck-15-1536x1024.jpg"},"2048x2048":{"file":"Stadthaus-mit-Projekt-grosse-Grundstueck-15-2048x1366.jpg","width":2048,"height":1366,"mime-type":"image\/jpeg","filesize":646989,"url":"https:\/\/www.lucasfroeserealestate.com\/wp-content\/uploads\/2025\/02\/Stadthaus-mit-Projekt-grosse-Grundstueck-15-2048x1366.jpg"},"post-thumbnail":{"file":"Stadthaus-mit-Projekt-grosse-Grundstueck-15-150x100.jpg","width":150,"height":100,"mime-type":"image\/jpeg","filesize":5732,"url":"https:\/\/www.lucasfroeserealestate.com\/wp-content\/uploads\/2025\/02\/Stadthaus-mit-Projekt-grosse-Grundstueck-15-150x100.jpg"},"modern-property-child-slider":{"file":"Stadthaus-mit-Projekt-grosse-Grundstueck-15-680x510.jpg","width":680,"height":510,"mime-type":"image\/jpeg","filesize":99094,"url":"https:\/\/www.lucasfroeserealestate.com\/wp-content\/uploads\/2025\/02\/Stadthaus-mit-Projekt-grosse-Grundstueck-15-680x510.jpg"},"property-thumb-image":{"file":"Stadthaus-mit-Projekt-grosse-Grundstueck-15-488x326.jpg","width":488,"height":326,"mime-type":"image\/jpeg","filesize":46920,"url":"https:\/\/www.lucasfroeserealestate.com\/wp-content\/uploads\/2025\/02\/Stadthaus-mit-Projekt-grosse-Grundstueck-15-488x326.jpg"},"property-detail-video-image":{"file":"Stadthaus-mit-Projekt-grosse-Grundstueck-15-818x417.jpg","width":818,"height":417,"mime-type":"image\/jpeg","filesize":103598,"url":"https:\/\/www.lucasfroeserealestate.com\/wp-content\/uploads\/2025\/02\/Stadthaus-mit-Projekt-grosse-Grundstueck-15-818x417.jpg"},"agent-image":{"file":"Stadthaus-mit-Projekt-grosse-Grundstueck-15-210x210.jpg","width":210,"height":210,"mime-type":"image\/jpeg","filesize":14346,"url":"https:\/\/www.lucasfroeserealestate.com\/wp-content\/uploads\/2025\/02\/Stadthaus-mit-Projekt-grosse-Grundstueck-15-210x210.jpg"},"partners-logo":{"file":"Stadthaus-mit-Projekt-grosse-Grundstueck-15-600x1667.jpg","width":600,"height":1667,"mime-type":"image\/jpeg","filesize":241552,"url":"https:\/\/www.lucasfroeserealestate.com\/wp-content\/uploads\/2025\/02\/Stadthaus-mit-Projekt-grosse-Grundstueck-15-600x1667.jpg"},"post-featured-image":{"file":"Stadthaus-mit-Projekt-grosse-Grundstueck-15-1240x720.jpg","width":1240,"height":720,"mime-type":"image\/jpeg","filesize":247441,"url":"https:\/\/www.lucasfroeserealestate.com\/wp-content\/uploads\/2025\/02\/Stadthaus-mit-Projekt-grosse-Grundstueck-15-1240x720.jpg"}},"image_meta":{"aperture":"6.3","credit":"","camera":"ILCE-7M2","caption":"Luxusimmobilie Stadthaus Felanitx","created_timestamp":"1739274222","copyright":"","focal_length":"14","iso":"100","shutter_speed":"0.004","title":"Luxusimmobilie Stadthaus Felanitx","orientation":"0","keywords":["Luxusimmobilie Stadthaus Felanitx"]},"ID":"63559","name":"Stadthaus-mit-Projekt-grosse-Grundstueck-15.jpg","path":"\/home\/empleost\/domains\/lucasfroeserealestate.com\/public_html\/wp-content\/uploads\/2025\/02\/Stadthaus-mit-Projekt-grosse-Grundstueck-15.jpg","url":"https:\/\/www.lucasfroeserealestate.com\/wp-content\/uploads\/2025\/02\/Stadthaus-mit-Projekt-grosse-Grundstueck-15-150x150.jpg","full_url":"https:\/\/www.lucasfroeserealestate.com\/wp-content\/uploads\/2025\/02\/Stadthaus-mit-Projekt-grosse-Grundstueck-15.jpg","title":"Luxusimmobilie Stadthaus Felanitx","caption":"Luxusimmobilie Stadthaus Felanitx","description":"","alt":"Luxusimmobilie Stadthaus Felanitx","srcset":"https:\/\/www.lucasfroeserealestate.com\/wp-content\/uploads\/2025\/02\/Stadthaus-mit-Projekt-grosse-Grundstueck-15-150x150.jpg 150w, https:\/\/www.lucasfroeserealestate.com\/wp-content\/uploads\/2025\/02\/Stadthaus-mit-Projekt-grosse-Grundstueck-15-210x210.jpg 210w"},{"width":150,"height":150,"file":"2025\/02\/Stadthaus-mit-Projekt-grosse-Grundstueck.jpg","filesize":509670,"sizes":{"medium":{"file":"Stadthaus-mit-Projekt-grosse-Grundstueck-300x200.jpg","width":300,"height":200,"mime-type":"image\/jpeg","filesize":15540,"url":"https:\/\/www.lucasfroeserealestate.com\/wp-content\/uploads\/2025\/02\/Stadthaus-mit-Projekt-grosse-Grundstueck-300x200.jpg"},"large":{"file":"Stadthaus-mit-Projekt-grosse-Grundstueck-1024x683.jpg","width":1024,"height":683,"mime-type":"image\/jpeg","filesize":146032,"url":"https:\/\/www.lucasfroeserealestate.com\/wp-content\/uploads\/2025\/02\/Stadthaus-mit-Projekt-grosse-Grundstueck-1024x683.jpg"},"thumbnail":{"file":"Stadthaus-mit-Projekt-grosse-Grundstueck-150x150.jpg","width":150,"height":150,"mime-type":"image\/jpeg","filesize":6964,"url":"https:\/\/www.lucasfroeserealestate.com\/wp-content\/uploads\/2025\/02\/Stadthaus-mit-Projekt-grosse-Grundstueck-150x150.jpg"},"medium_large":{"file":"Stadthaus-mit-Projekt-grosse-Grundstueck-768x512.jpg","width":768,"height":512,"mime-type":"image\/jpeg","filesize":84976,"url":"https:\/\/www.lucasfroeserealestate.com\/wp-content\/uploads\/2025\/02\/Stadthaus-mit-Projekt-grosse-Grundstueck-768x512.jpg"},"1536x1536":{"file":"Stadthaus-mit-Projekt-grosse-Grundstueck-1536x1024.jpg","width":1536,"height":1024,"mime-type":"image\/jpeg","filesize":300263,"url":"https:\/\/www.lucasfroeserealestate.com\/wp-content\/uploads\/2025\/02\/Stadthaus-mit-Projekt-grosse-Grundstueck-1536x1024.jpg"},"2048x2048":{"file":"Stadthaus-mit-Projekt-grosse-Grundstueck-2048x1366.jpg","width":2048,"height":1366,"mime-type":"image\/jpeg","filesize":489539,"url":"https:\/\/www.lucasfroeserealestate.com\/wp-content\/uploads\/2025\/02\/Stadthaus-mit-Projekt-grosse-Grundstueck-2048x1366.jpg"},"post-thumbnail":{"file":"Stadthaus-mit-Projekt-grosse-Grundstueck-150x100.jpg","width":150,"height":100,"mime-type":"image\/jpeg","filesize":5015,"url":"https:\/\/www.lucasfroeserealestate.com\/wp-content\/uploads\/2025\/02\/Stadthaus-mit-Projekt-grosse-Grundstueck-150x100.jpg"},"modern-property-child-slider":{"file":"Stadthaus-mit-Projekt-grosse-Grundstueck-680x510.jpg","width":680,"height":510,"mime-type":"image\/jpeg","filesize":76813,"url":"https:\/\/www.lucasfroeserealestate.com\/wp-content\/uploads\/2025\/02\/Stadthaus-mit-Projekt-grosse-Grundstueck-680x510.jpg"},"property-thumb-image":{"file":"Stadthaus-mit-Projekt-grosse-Grundstueck-488x326.jpg","width":488,"height":326,"mime-type":"image\/jpeg","filesize":37278,"url":"https:\/\/www.lucasfroeserealestate.com\/wp-content\/uploads\/2025\/02\/Stadthaus-mit-Projekt-grosse-Grundstueck-488x326.jpg"},"property-detail-video-image":{"file":"Stadthaus-mit-Projekt-grosse-Grundstueck-818x417.jpg","width":818,"height":417,"mime-type":"image\/jpeg","filesize":71981,"url":"https:\/\/www.lucasfroeserealestate.com\/wp-content\/uploads\/2025\/02\/Stadthaus-mit-Projekt-grosse-Grundstueck-818x417.jpg"},"agent-image":{"file":"Stadthaus-mit-Projekt-grosse-Grundstueck-210x210.jpg","width":210,"height":210,"mime-type":"image\/jpeg","filesize":12412,"url":"https:\/\/www.lucasfroeserealestate.com\/wp-content\/uploads\/2025\/02\/Stadthaus-mit-Projekt-grosse-Grundstueck-210x210.jpg"},"partners-logo":{"file":"Stadthaus-mit-Projekt-grosse-Grundstueck-600x1667.jpg","width":600,"height":1667,"mime-type":"image\/jpeg","filesize":200369,"url":"https:\/\/www.lucasfroeserealestate.com\/wp-content\/uploads\/2025\/02\/Stadthaus-mit-Projekt-grosse-Grundstueck-600x1667.jpg"},"post-featured-image":{"file":"Stadthaus-mit-Projekt-grosse-Grundstueck-1240x720.jpg","width":1240,"height":720,"mime-type":"image\/jpeg","filesize":176854,"url":"https:\/\/www.lucasfroeserealestate.com\/wp-content\/uploads\/2025\/02\/Stadthaus-mit-Projekt-grosse-Grundstueck-1240x720.jpg"}},"image_meta":{"aperture":"6.3","credit":"","camera":"ILCE-7M2","caption":"Luxusimmobilie Felanitx mit grossem Grundst\u00fcck","created_timestamp":"1739273268","copyright":"","focal_length":"14","iso":"50","shutter_speed":"0.004","title":"Luxusimmobilie Felanitx mit grossem Grundst\u00fcck","orientation":"0","keywords":["Luxusimmobilie Felanitx mit grossem Grundst\u00fcck"]},"ID":"63562","name":"Stadthaus-mit-Projekt-grosse-Grundstueck.jpg","path":"\/home\/empleost\/domains\/lucasfroeserealestate.com\/public_html\/wp-content\/uploads\/2025\/02\/Stadthaus-mit-Projekt-grosse-Grundstueck.jpg","url":"https:\/\/www.lucasfroeserealestate.com\/wp-content\/uploads\/2025\/02\/Stadthaus-mit-Projekt-grosse-Grundstueck-150x150.jpg","full_url":"https:\/\/www.lucasfroeserealestate.com\/wp-content\/uploads\/2025\/02\/Stadthaus-mit-Projekt-grosse-Grundstueck.jpg","title":"Luxusimmobilie Felanitx mit grossem Grundst\u00fcck","caption":"Luxusimmobilie Felanitx mit grossem Grundst\u00fcck","description":"","alt":"Luxusimmobilie Felanitx mit grossem Grundst\u00fcck","srcset":"https:\/\/www.lucasfroeserealestate.com\/wp-content\/uploads\/2025\/02\/Stadthaus-mit-Projekt-grosse-Grundstueck-150x150.jpg 150w, https:\/\/www.lucasfroeserealestate.com\/wp-content\/uploads\/2025\/02\/Stadthaus-mit-Projekt-grosse-Grundstueck-210x210.jpg 210w"},{"width":150,"height":150,"file":"2025\/02\/Plan1.png","filesize":215926,"sizes":{"medium":{"file":"Plan1-300x85.png","width":300,"height":85,"mime-type":"image\/png","filesize":18788,"url":"https:\/\/www.lucasfroeserealestate.com\/wp-content\/uploads\/2025\/02\/Plan1-300x85.png"},"large":{"file":"Plan1-1024x292.png","width":1024,"height":292,"mime-type":"image\/png","filesize":168191,"url":"https:\/\/www.lucasfroeserealestate.com\/wp-content\/uploads\/2025\/02\/Plan1-1024x292.png"},"thumbnail":{"file":"Plan1-150x150.png","width":150,"height":150,"mime-type":"image\/png","filesize":6420,"url":"https:\/\/www.lucasfroeserealestate.com\/wp-content\/uploads\/2025\/02\/Plan1-150x150.png"},"medium_large":{"file":"Plan1-768x219.png","width":768,"height":219,"mime-type":"image\/png","filesize":100656,"url":"https:\/\/www.lucasfroeserealestate.com\/wp-content\/uploads\/2025\/02\/Plan1-768x219.png"},"1536x1536":{"file":"Plan1-1536x437.png","width":1536,"height":437,"mime-type":"image\/png","filesize":325207,"url":"https:\/\/www.lucasfroeserealestate.com\/wp-content\/uploads\/2025\/02\/Plan1-1536x437.png"},"post-thumbnail":{"file":"Plan1-150x43.png","width":150,"height":43,"mime-type":"image\/png","filesize":6742,"url":"https:\/\/www.lucasfroeserealestate.com\/wp-content\/uploads\/2025\/02\/Plan1-150x43.png"},"modern-property-child-slider":{"file":"Plan1-680x465.png","width":680,"height":465,"mime-type":"image\/png","filesize":46623,"url":"https:\/\/www.lucasfroeserealestate.com\/wp-content\/uploads\/2025\/02\/Plan1-680x465.png"},"property-thumb-image":{"file":"Plan1-488x326.png","width":488,"height":326,"mime-type":"image\/png","filesize":41541,"url":"https:\/\/www.lucasfroeserealestate.com\/wp-content\/uploads\/2025\/02\/Plan1-488x326.png"},"property-detail-video-image":{"file":"Plan1-818x417.png","width":818,"height":417,"mime-type":"image\/png","filesize":93738,"url":"https:\/\/www.lucasfroeserealestate.com\/wp-content\/uploads\/2025\/02\/Plan1-818x417.png"},"agent-image":{"file":"Plan1-210x210.png","width":210,"height":210,"mime-type":"image\/png","filesize":9811,"url":"https:\/\/www.lucasfroeserealestate.com\/wp-content\/uploads\/2025\/02\/Plan1-210x210.png"},"partners-logo":{"file":"Plan1-600x465.png","width":600,"height":465,"mime-type":"image\/png","filesize":35781,"url":"https:\/\/www.lucasfroeserealestate.com\/wp-content\/uploads\/2025\/02\/Plan1-600x465.png"},"post-featured-image":{"file":"Plan1-1240x465.png","width":1240,"height":465,"mime-type":"image\/png","filesize":153278,"url":"https:\/\/www.lucasfroeserealestate.com\/wp-content\/uploads\/2025\/02\/Plan1-1240x465.png"}},"image_meta":{"aperture":"0","credit":"","camera":"","caption":"","created_timestamp":"0","copyright":"","focal_length":"0","iso":"0","shutter_speed":"0","title":"","orientation":"0","keywords":[]},"ID":"63885","name":"Plan1.png","path":"\/home\/empleost\/domains\/lucasfroeserealestate.com\/public_html\/wp-content\/uploads\/2025\/02\/Plan1.png","url":"https:\/\/www.lucasfroeserealestate.com\/wp-content\/uploads\/2025\/02\/Plan1-150x150.png","full_url":"https:\/\/www.lucasfroeserealestate.com\/wp-content\/uploads\/2025\/02\/Plan1.png","title":"Plan1","caption":"","description":"","alt":"Plan 1","srcset":"https:\/\/www.lucasfroeserealestate.com\/wp-content\/uploads\/2025\/02\/Plan1-150x150.png 150w, https:\/\/www.lucasfroeserealestate.com\/wp-content\/uploads\/2025\/02\/Plan1-210x210.png 210w"},{"width":150,"height":150,"file":"2025\/02\/Plan2.png","filesize":243601,"sizes":{"medium":{"file":"Plan2-300x85.png","width":300,"height":85,"mime-type":"image\/png","filesize":20207,"url":"https:\/\/www.lucasfroeserealestate.com\/wp-content\/uploads\/2025\/02\/Plan2-300x85.png"},"large":{"file":"Plan2-1024x291.png","width":1024,"height":291,"mime-type":"image\/png","filesize":205239,"url":"https:\/\/www.lucasfroeserealestate.com\/wp-content\/uploads\/2025\/02\/Plan2-1024x291.png"},"thumbnail":{"file":"Plan2-150x150.png","width":150,"height":150,"mime-type":"image\/png","filesize":17411,"url":"https:\/\/www.lucasfroeserealestate.com\/wp-content\/uploads\/2025\/02\/Plan2-150x150.png"},"medium_large":{"file":"Plan2-768x218.png","width":768,"height":218,"mime-type":"image\/png","filesize":121148,"url":"https:\/\/www.lucasfroeserealestate.com\/wp-content\/uploads\/2025\/02\/Plan2-768x218.png"},"1536x1536":{"file":"Plan2-1536x436.png","width":1536,"height":436,"mime-type":"image\/png","filesize":401727,"url":"https:\/\/www.lucasfroeserealestate.com\/wp-content\/uploads\/2025\/02\/Plan2-1536x436.png"},"post-thumbnail":{"file":"Plan2-150x43.png","width":150,"height":43,"mime-type":"image\/png","filesize":6952,"url":"https:\/\/www.lucasfroeserealestate.com\/wp-content\/uploads\/2025\/02\/Plan2-150x43.png"},"modern-property-child-slider":{"file":"Plan2-680x464.png","width":680,"height":464,"mime-type":"image\/png","filesize":122245,"url":"https:\/\/www.lucasfroeserealestate.com\/wp-content\/uploads\/2025\/02\/Plan2-680x464.png"},"property-thumb-image":{"file":"Plan2-488x326.png","width":488,"height":326,"mime-type":"image\/png","filesize":103745,"url":"https:\/\/www.lucasfroeserealestate.com\/wp-content\/uploads\/2025\/02\/Plan2-488x326.png"},"property-detail-video-image":{"file":"Plan2-818x417.png","width":818,"height":417,"mime-type":"image\/png","filesize":202538,"url":"https:\/\/www.lucasfroeserealestate.com\/wp-content\/uploads\/2025\/02\/Plan2-818x417.png"},"agent-image":{"file":"Plan2-210x210.png","width":210,"height":210,"mime-type":"image\/png","filesize":31707,"url":"https:\/\/www.lucasfroeserealestate.com\/wp-content\/uploads\/2025\/02\/Plan2-210x210.png"},"partners-logo":{"file":"Plan2-600x464.png","width":600,"height":464,"mime-type":"image\/png","filesize":108484,"url":"https:\/\/www.lucasfroeserealestate.com\/wp-content\/uploads\/2025\/02\/Plan2-600x464.png"},"post-featured-image":{"file":"Plan2-1240x464.png","width":1240,"height":464,"mime-type":"image\/png","filesize":216008,"url":"https:\/\/www.lucasfroeserealestate.com\/wp-content\/uploads\/2025\/02\/Plan2-1240x464.png"}},"image_meta":{"aperture":"0","credit":"","camera":"","caption":"","created_timestamp":"0","copyright":"","focal_length":"0","iso":"0","shutter_speed":"0","title":"","orientation":"0","keywords":[]},"ID":"63888","name":"Plan2.png","path":"\/home\/empleost\/domains\/lucasfroeserealestate.com\/public_html\/wp-content\/uploads\/2025\/02\/Plan2.png","url":"https:\/\/www.lucasfroeserealestate.com\/wp-content\/uploads\/2025\/02\/Plan2-150x150.png","full_url":"https:\/\/www.lucasfroeserealestate.com\/wp-content\/uploads\/2025\/02\/Plan2.png","title":"Plan2","caption":"","description":"","alt":"Plan 2","srcset":"https:\/\/www.lucasfroeserealestate.com\/wp-content\/uploads\/2025\/02\/Plan2-150x150.png 150w, https:\/\/www.lucasfroeserealestate.com\/wp-content\/uploads\/2025\/02\/Plan2-210x210.png 210w"},{"width":150,"height":150,"file":"2025\/02\/Plan3.png","filesize":153602,"sizes":{"medium":{"file":"Plan3-300x96.png","width":300,"height":96,"mime-type":"image\/png","filesize":13550,"url":"https:\/\/www.lucasfroeserealestate.com\/wp-content\/uploads\/2025\/02\/Plan3-300x96.png"},"large":{"file":"Plan3-1024x328.png","width":1024,"height":328,"mime-type":"image\/png","filesize":166901,"url":"https:\/\/www.lucasfroeserealestate.com\/wp-content\/uploads\/2025\/02\/Plan3-1024x328.png"},"thumbnail":{"file":"Plan3-150x150.png","width":150,"height":150,"mime-type":"image\/png","filesize":8359,"url":"https:\/\/www.lucasfroeserealestate.com\/wp-content\/uploads\/2025\/02\/Plan3-150x150.png"},"medium_large":{"file":"Plan3-768x246.png","width":768,"height":246,"mime-type":"image\/png","filesize":78285,"url":"https:\/\/www.lucasfroeserealestate.com\/wp-content\/uploads\/2025\/02\/Plan3-768x246.png"},"1536x1536":{"file":"Plan3-1536x492.png","width":1536,"height":492,"mime-type":"image\/png","filesize":339464,"url":"https:\/\/www.lucasfroeserealestate.com\/wp-content\/uploads\/2025\/02\/Plan3-1536x492.png"},"post-thumbnail":{"file":"Plan3-150x48.png","width":150,"height":48,"mime-type":"image\/png","filesize":5274,"url":"https:\/\/www.lucasfroeserealestate.com\/wp-content\/uploads\/2025\/02\/Plan3-150x48.png"},"modern-property-child-slider":{"file":"Plan3-680x503.png","width":680,"height":503,"mime-type":"image\/png","filesize":73649,"url":"https:\/\/www.lucasfroeserealestate.com\/wp-content\/uploads\/2025\/02\/Plan3-680x503.png"},"property-thumb-image":{"file":"Plan3-488x326.png","width":488,"height":326,"mime-type":"image\/png","filesize":82943,"url":"https:\/\/www.lucasfroeserealestate.com\/wp-content\/uploads\/2025\/02\/Plan3-488x326.png"},"property-detail-video-image":{"file":"Plan3-818x417.png","width":818,"height":417,"mime-type":"image\/png","filesize":187918,"url":"https:\/\/www.lucasfroeserealestate.com\/wp-content\/uploads\/2025\/02\/Plan3-818x417.png"},"agent-image":{"file":"Plan3-210x210.png","width":210,"height":210,"mime-type":"image\/png","filesize":20680,"url":"https:\/\/www.lucasfroeserealestate.com\/wp-content\/uploads\/2025\/02\/Plan3-210x210.png"},"partners-logo":{"file":"Plan3-600x503.png","width":600,"height":503,"mime-type":"image\/png","filesize":64737,"url":"https:\/\/www.lucasfroeserealestate.com\/wp-content\/uploads\/2025\/02\/Plan3-600x503.png"},"post-featured-image":{"file":"Plan3-1240x503.png","width":1240,"height":503,"mime-type":"image\/png","filesize":140740,"url":"https:\/\/www.lucasfroeserealestate.com\/wp-content\/uploads\/2025\/02\/Plan3-1240x503.png"}},"image_meta":{"aperture":"0","credit":"","camera":"","caption":"","created_timestamp":"0","copyright":"","focal_length":"0","iso":"0","shutter_speed":"0","title":"","orientation":"0","keywords":[]},"ID":"63891","name":"Plan3.png","path":"\/home\/empleost\/domains\/lucasfroeserealestate.com\/public_html\/wp-content\/uploads\/2025\/02\/Plan3.png","url":"https:\/\/www.lucasfroeserealestate.com\/wp-content\/uploads\/2025\/02\/Plan3-150x150.png","full_url":"https:\/\/www.lucasfroeserealestate.com\/wp-content\/uploads\/2025\/02\/Plan3.png","title":"Plan3","caption":"","description":"","alt":"Plan 3","srcset":"https:\/\/www.lucasfroeserealestate.com\/wp-content\/uploads\/2025\/02\/Plan3-150x150.png 150w, https:\/\/www.lucasfroeserealestate.com\/wp-content\/uploads\/2025\/02\/Plan3-210x210.png 210w"},{"width":150,"height":150,"file":"2025\/02\/add-immobilien-felanitx-portocolom-0013-1.jpg","filesize":319460,"sizes":{"medium":{"file":"add-immobilien-felanitx-portocolom-0013-1-300x200.jpg","width":300,"height":200,"mime-type":"image\/jpeg","filesize":10885,"url":"https:\/\/www.lucasfroeserealestate.com\/wp-content\/uploads\/2025\/02\/add-immobilien-felanitx-portocolom-0013-1-300x200.jpg"},"large":{"file":"add-immobilien-felanitx-portocolom-0013-1-1024x683.jpg","width":1024,"height":683,"mime-type":"image\/jpeg","filesize":94697,"url":"https:\/\/www.lucasfroeserealestate.com\/wp-content\/uploads\/2025\/02\/add-immobilien-felanitx-portocolom-0013-1-1024x683.jpg"},"thumbnail":{"file":"add-immobilien-felanitx-portocolom-0013-1-150x150.jpg","width":150,"height":150,"mime-type":"image\/jpeg","filesize":5375,"url":"https:\/\/www.lucasfroeserealestate.com\/wp-content\/uploads\/2025\/02\/add-immobilien-felanitx-portocolom-0013-1-150x150.jpg"},"medium_large":{"file":"add-immobilien-felanitx-portocolom-0013-1-768x512.jpg","width":768,"height":512,"mime-type":"image\/jpeg","filesize":55116,"url":"https:\/\/www.lucasfroeserealestate.com\/wp-content\/uploads\/2025\/02\/add-immobilien-felanitx-portocolom-0013-1-768x512.jpg"},"1536x1536":{"file":"add-immobilien-felanitx-portocolom-0013-1-1536x1024.jpg","width":1536,"height":1024,"mime-type":"image\/jpeg","filesize":193362,"url":"https:\/\/www.lucasfroeserealestate.com\/wp-content\/uploads\/2025\/02\/add-immobilien-felanitx-portocolom-0013-1-1536x1024.jpg"},"2048x2048":{"file":"add-immobilien-felanitx-portocolom-0013-1-2048x1365.jpg","width":2048,"height":1365,"mime-type":"image\/jpeg","filesize":318036,"url":"https:\/\/www.lucasfroeserealestate.com\/wp-content\/uploads\/2025\/02\/add-immobilien-felanitx-portocolom-0013-1-2048x1365.jpg"},"post-thumbnail":{"file":"add-immobilien-felanitx-portocolom-0013-1-150x100.jpg","width":150,"height":100,"mime-type":"image\/jpeg","filesize":3929,"url":"https:\/\/www.lucasfroeserealestate.com\/wp-content\/uploads\/2025\/02\/add-immobilien-felanitx-portocolom-0013-1-150x100.jpg"},"modern-property-child-slider":{"file":"add-immobilien-felanitx-portocolom-0013-1-680x510.jpg","width":680,"height":510,"mime-type":"image\/jpeg","filesize":50869,"url":"https:\/\/www.lucasfroeserealestate.com\/wp-content\/uploads\/2025\/02\/add-immobilien-felanitx-portocolom-0013-1-680x510.jpg"},"property-thumb-image":{"file":"add-immobilien-felanitx-portocolom-0013-1-488x326.jpg","width":488,"height":326,"mime-type":"image\/jpeg","filesize":25136,"url":"https:\/\/www.lucasfroeserealestate.com\/wp-content\/uploads\/2025\/02\/add-immobilien-felanitx-portocolom-0013-1-488x326.jpg"},"property-detail-video-image":{"file":"add-immobilien-felanitx-portocolom-0013-1-818x417.jpg","width":818,"height":417,"mime-type":"image\/jpeg","filesize":39177,"url":"https:\/\/www.lucasfroeserealestate.com\/wp-content\/uploads\/2025\/02\/add-immobilien-felanitx-portocolom-0013-1-818x417.jpg"},"agent-image":{"file":"add-immobilien-felanitx-portocolom-0013-1-210x210.jpg","width":210,"height":210,"mime-type":"image\/jpeg","filesize":9250,"url":"https:\/\/www.lucasfroeserealestate.com\/wp-content\/uploads\/2025\/02\/add-immobilien-felanitx-portocolom-0013-1-210x210.jpg"},"partners-logo":{"file":"add-immobilien-felanitx-portocolom-0013-1-600x1600.jpg","width":600,"height":1600,"mime-type":"image\/jpeg","filesize":120582,"url":"https:\/\/www.lucasfroeserealestate.com\/wp-content\/uploads\/2025\/02\/add-immobilien-felanitx-portocolom-0013-1-600x1600.jpg"},"post-featured-image":{"file":"add-immobilien-felanitx-portocolom-0013-1-1240x720.jpg","width":1240,"height":720,"mime-type":"image\/jpeg","filesize":102421,"url":"https:\/\/www.lucasfroeserealestate.com\/wp-content\/uploads\/2025\/02\/add-immobilien-felanitx-portocolom-0013-1-1240x720.jpg"}},"image_meta":{"aperture":"0","credit":"","camera":"","caption":"Immobilien Felanitx und Portocolom Sant Salvador Berg","created_timestamp":"0","copyright":"","focal_length":"0","iso":"0","shutter_speed":"0","title":"Immobilien Felanitx und Portocolom Sant Salvador Berg","orientation":"1","keywords":["Immobilien Felanitx und Portocolom Sant Salvador Berg"]},"ID":"64037","name":"add-immobilien-felanitx-portocolom-0013-1.jpg","path":"\/home\/empleost\/domains\/lucasfroeserealestate.com\/public_html\/wp-content\/uploads\/2025\/02\/add-immobilien-felanitx-portocolom-0013-1.jpg","url":"https:\/\/www.lucasfroeserealestate.com\/wp-content\/uploads\/2025\/02\/add-immobilien-felanitx-portocolom-0013-1-150x150.jpg","full_url":"https:\/\/www.lucasfroeserealestate.com\/wp-content\/uploads\/2025\/02\/add-immobilien-felanitx-portocolom-0013-1.jpg","title":"Immobilien Felanitx und Portocolom Sant Salvador Berg","caption":"Immobilien Felanitx und Portocolom Sant Salvador Berg","description":"","alt":"Immobilien Felanitx und Portocolom Sant Salvador Berg","srcset":"https:\/\/www.lucasfroeserealestate.com\/wp-content\/uploads\/2025\/02\/add-immobilien-felanitx-portocolom-0013-1-150x150.jpg 150w, https:\/\/www.lucasfroeserealestate.com\/wp-content\/uploads\/2025\/02\/add-immobilien-felanitx-portocolom-0013-1-210x210.jpg 210w"},{"width":150,"height":150,"file":"2025\/02\/add-immobilien-felanitx-portocolom-0012-1.jpg","filesize":335389,"sizes":{"medium":{"file":"add-immobilien-felanitx-portocolom-0012-1-300x200.jpg","width":300,"height":200,"mime-type":"image\/jpeg","filesize":18612,"url":"https:\/\/www.lucasfroeserealestate.com\/wp-content\/uploads\/2025\/02\/add-immobilien-felanitx-portocolom-0012-1-300x200.jpg"},"large":{"file":"add-immobilien-felanitx-portocolom-0012-1-1024x683.jpg","width":1024,"height":683,"mime-type":"image\/jpeg","filesize":151447,"url":"https:\/\/www.lucasfroeserealestate.com\/wp-content\/uploads\/2025\/02\/add-immobilien-felanitx-portocolom-0012-1-1024x683.jpg"},"thumbnail":{"file":"add-immobilien-felanitx-portocolom-0012-1-150x150.jpg","width":150,"height":150,"mime-type":"image\/jpeg","filesize":7148,"url":"https:\/\/www.lucasfroeserealestate.com\/wp-content\/uploads\/2025\/02\/add-immobilien-felanitx-portocolom-0012-1-150x150.jpg"},"medium_large":{"file":"add-immobilien-felanitx-portocolom-0012-1-768x512.jpg","width":768,"height":512,"mime-type":"image\/jpeg","filesize":91240,"url":"https:\/\/www.lucasfroeserealestate.com\/wp-content\/uploads\/2025\/02\/add-immobilien-felanitx-portocolom-0012-1-768x512.jpg"},"1536x1536":{"file":"add-immobilien-felanitx-portocolom-0012-1-1536x1024.jpg","width":1536,"height":1024,"mime-type":"image\/jpeg","filesize":299414,"url":"https:\/\/www.lucasfroeserealestate.com\/wp-content\/uploads\/2025\/02\/add-immobilien-felanitx-portocolom-0012-1-1536x1024.jpg"},"2048x2048":{"file":"add-immobilien-felanitx-portocolom-0012-1-2048x1365.jpg","width":2048,"height":1365,"mime-type":"image\/jpeg","filesize":477165,"url":"https:\/\/www.lucasfroeserealestate.com\/wp-content\/uploads\/2025\/02\/add-immobilien-felanitx-portocolom-0012-1-2048x1365.jpg"},"post-thumbnail":{"file":"add-immobilien-felanitx-portocolom-0012-1-150x100.jpg","width":150,"height":100,"mime-type":"image\/jpeg","filesize":5920,"url":"https:\/\/www.lucasfroeserealestate.com\/wp-content\/uploads\/2025\/02\/add-immobilien-felanitx-portocolom-0012-1-150x100.jpg"},"modern-property-child-slider":{"file":"add-immobilien-felanitx-portocolom-0012-1-680x510.jpg","width":680,"height":510,"mime-type":"image\/jpeg","filesize":79058,"url":"https:\/\/www.lucasfroeserealestate.com\/wp-content\/uploads\/2025\/02\/add-immobilien-felanitx-portocolom-0012-1-680x510.jpg"},"property-thumb-image":{"file":"add-immobilien-felanitx-portocolom-0012-1-488x326.jpg","width":488,"height":326,"mime-type":"image\/jpeg","filesize":42421,"url":"https:\/\/www.lucasfroeserealestate.com\/wp-content\/uploads\/2025\/02\/add-immobilien-felanitx-portocolom-0012-1-488x326.jpg"},"property-detail-video-image":{"file":"add-immobilien-felanitx-portocolom-0012-1-818x417.jpg","width":818,"height":417,"mime-type":"image\/jpeg","filesize":83778,"url":"https:\/\/www.lucasfroeserealestate.com\/wp-content\/uploads\/2025\/02\/add-immobilien-felanitx-portocolom-0012-1-818x417.jpg"},"agent-image":{"file":"add-immobilien-felanitx-portocolom-0012-1-210x210.jpg","width":210,"height":210,"mime-type":"image\/jpeg","filesize":12783,"url":"https:\/\/www.lucasfroeserealestate.com\/wp-content\/uploads\/2025\/02\/add-immobilien-felanitx-portocolom-0012-1-210x210.jpg"},"partners-logo":{"file":"add-immobilien-felanitx-portocolom-0012-1-600x1600.jpg","width":600,"height":1600,"mime-type":"image\/jpeg","filesize":189302,"url":"https:\/\/www.lucasfroeserealestate.com\/wp-content\/uploads\/2025\/02\/add-immobilien-felanitx-portocolom-0012-1-600x1600.jpg"},"post-featured-image":{"file":"add-immobilien-felanitx-portocolom-0012-1-1240x720.jpg","width":1240,"height":720,"mime-type":"image\/jpeg","filesize":189033,"url":"https:\/\/www.lucasfroeserealestate.com\/wp-content\/uploads\/2025\/02\/add-immobilien-felanitx-portocolom-0012-1-1240x720.jpg"}},"image_meta":{"aperture":"0","credit":"","camera":"","caption":"Immobilien Felanitx und Portocolom Sant Salvador Berg","created_timestamp":"0","copyright":"","focal_length":"0","iso":"0","shutter_speed":"0","title":"Immobilien Felanitx und Portocolom Sant Salvador Berg","orientation":"1","keywords":["Immobilien Felanitx und Portocolom Sant Salvador Berg"]},"ID":"64040","name":"add-immobilien-felanitx-portocolom-0012-1.jpg","path":"\/home\/empleost\/domains\/lucasfroeserealestate.com\/public_html\/wp-content\/uploads\/2025\/02\/add-immobilien-felanitx-portocolom-0012-1.jpg","url":"https:\/\/www.lucasfroeserealestate.com\/wp-content\/uploads\/2025\/02\/add-immobilien-felanitx-portocolom-0012-1-150x150.jpg","full_url":"https:\/\/www.lucasfroeserealestate.com\/wp-content\/uploads\/2025\/02\/add-immobilien-felanitx-portocolom-0012-1.jpg","title":"Immobilien Felanitx und Portocolom Sant Salvador Berg","caption":"Immobilien Felanitx und Portocolom Sant Salvador Berg","description":"","alt":"Immobilien Felanitx und Portocolom Sant Salvador Berg","srcset":"https:\/\/www.lucasfroeserealestate.com\/wp-content\/uploads\/2025\/02\/add-immobilien-felanitx-portocolom-0012-1-150x150.jpg 150w, https:\/\/www.lucasfroeserealestate.com\/wp-content\/uploads\/2025\/02\/add-immobilien-felanitx-portocolom-0012-1-210x210.jpg 210w"},{"width":150,"height":150,"file":"2025\/02\/add-immobilien-felanitx-portocolom-0011-1.jpg","filesize":375674,"sizes":{"medium":{"file":"add-immobilien-felanitx-portocolom-0011-1-300x200.jpg","width":300,"height":200,"mime-type":"image\/jpeg","filesize":16750,"url":"https:\/\/www.lucasfroeserealestate.com\/wp-content\/uploads\/2025\/02\/add-immobilien-felanitx-portocolom-0011-1-300x200.jpg"},"large":{"file":"add-immobilien-felanitx-portocolom-0011-1-1024x683.jpg","width":1024,"height":683,"mime-type":"image\/jpeg","filesize":162329,"url":"https:\/\/www.lucasfroeserealestate.com\/wp-content\/uploads\/2025\/02\/add-immobilien-felanitx-portocolom-0011-1-1024x683.jpg"},"thumbnail":{"file":"add-immobilien-felanitx-portocolom-0011-1-150x150.jpg","width":150,"height":150,"mime-type":"image\/jpeg","filesize":6945,"url":"https:\/\/www.lucasfroeserealestate.com\/wp-content\/uploads\/2025\/02\/add-immobilien-felanitx-portocolom-0011-1-150x150.jpg"},"medium_large":{"file":"add-immobilien-felanitx-portocolom-0011-1-768x512.jpg","width":768,"height":512,"mime-type":"image\/jpeg","filesize":94639,"url":"https:\/\/www.lucasfroeserealestate.com\/wp-content\/uploads\/2025\/02\/add-immobilien-felanitx-portocolom-0011-1-768x512.jpg"},"1536x1536":{"file":"add-immobilien-felanitx-portocolom-0011-1-1536x1024.jpg","width":1536,"height":1024,"mime-type":"image\/jpeg","filesize":330072,"url":"https:\/\/www.lucasfroeserealestate.com\/wp-content\/uploads\/2025\/02\/add-immobilien-felanitx-portocolom-0011-1-1536x1024.jpg"},"2048x2048":{"file":"add-immobilien-felanitx-portocolom-0011-1-2048x1365.jpg","width":2048,"height":1365,"mime-type":"image\/jpeg","filesize":530920,"url":"https:\/\/www.lucasfroeserealestate.com\/wp-content\/uploads\/2025\/02\/add-immobilien-felanitx-portocolom-0011-1-2048x1365.jpg"},"post-thumbnail":{"file":"add-immobilien-felanitx-portocolom-0011-1-150x100.jpg","width":150,"height":100,"mime-type":"image\/jpeg","filesize":5060,"url":"https:\/\/www.lucasfroeserealestate.com\/wp-content\/uploads\/2025\/02\/add-immobilien-felanitx-portocolom-0011-1-150x100.jpg"},"modern-property-child-slider":{"file":"add-immobilien-felanitx-portocolom-0011-1-680x510.jpg","width":680,"height":510,"mime-type":"image\/jpeg","filesize":84615,"url":"https:\/\/www.lucasfroeserealestate.com\/wp-content\/uploads\/2025\/02\/add-immobilien-felanitx-portocolom-0011-1-680x510.jpg"},"property-thumb-image":{"file":"add-immobilien-felanitx-portocolom-0011-1-488x326.jpg","width":488,"height":326,"mime-type":"image\/jpeg","filesize":40989,"url":"https:\/\/www.lucasfroeserealestate.com\/wp-content\/uploads\/2025\/02\/add-immobilien-felanitx-portocolom-0011-1-488x326.jpg"},"property-detail-video-image":{"file":"add-immobilien-felanitx-portocolom-0011-1-818x417.jpg","width":818,"height":417,"mime-type":"image\/jpeg","filesize":86074,"url":"https:\/\/www.lucasfroeserealestate.com\/wp-content\/uploads\/2025\/02\/add-immobilien-felanitx-portocolom-0011-1-818x417.jpg"},"agent-image":{"file":"add-immobilien-felanitx-portocolom-0011-1-210x210.jpg","width":210,"height":210,"mime-type":"image\/jpeg","filesize":12885,"url":"https:\/\/www.lucasfroeserealestate.com\/wp-content\/uploads\/2025\/02\/add-immobilien-felanitx-portocolom-0011-1-210x210.jpg"},"partners-logo":{"file":"add-immobilien-felanitx-portocolom-0011-1-600x1600.jpg","width":600,"height":1600,"mime-type":"image\/jpeg","filesize":188208,"url":"https:\/\/www.lucasfroeserealestate.com\/wp-content\/uploads\/2025\/02\/add-immobilien-felanitx-portocolom-0011-1-600x1600.jpg"},"post-featured-image":{"file":"add-immobilien-felanitx-portocolom-0011-1-1240x720.jpg","width":1240,"height":720,"mime-type":"image\/jpeg","filesize":201755,"url":"https:\/\/www.lucasfroeserealestate.com\/wp-content\/uploads\/2025\/02\/add-immobilien-felanitx-portocolom-0011-1-1240x720.jpg"}},"image_meta":{"aperture":"0","credit":"","camera":"","caption":"Immobilien Felanitx und Portocolom Sant Salvador Berg","created_timestamp":"0","copyright":"","focal_length":"0","iso":"0","shutter_speed":"0","title":"Immobilien Felanitx und Portocolom Sant Salvador Berg","orientation":"1","keywords":["Immobilien Felanitx und Portocolom Sant Salvador Berg"]},"ID":"64043","name":"add-immobilien-felanitx-portocolom-0011-1.jpg","path":"\/home\/empleost\/domains\/lucasfroeserealestate.com\/public_html\/wp-content\/uploads\/2025\/02\/add-immobilien-felanitx-portocolom-0011-1.jpg","url":"https:\/\/www.lucasfroeserealestate.com\/wp-content\/uploads\/2025\/02\/add-immobilien-felanitx-portocolom-0011-1-150x150.jpg","full_url":"https:\/\/www.lucasfroeserealestate.com\/wp-content\/uploads\/2025\/02\/add-immobilien-felanitx-portocolom-0011-1.jpg","title":"Immobilien Felanitx und Portocolom Sant Salvador Berg","caption":"Immobilien Felanitx und Portocolom Sant Salvador Berg","description":"","alt":"Immobilien Felanitx und Portocolom Sant Salvador Berg","srcset":"https:\/\/www.lucasfroeserealestate.com\/wp-content\/uploads\/2025\/02\/add-immobilien-felanitx-portocolom-0011-1-150x150.jpg 150w, https:\/\/www.lucasfroeserealestate.com\/wp-content\/uploads\/2025\/02\/add-immobilien-felanitx-portocolom-0011-1-210x210.jpg 210w"},{"width":150,"height":150,"file":"2025\/02\/add-immobilien-felanitx-portocolom-0009019.jpg","filesize":552330,"sizes":{"medium":{"file":"add-immobilien-felanitx-portocolom-0009019-300x200.jpg","width":300,"height":200,"mime-type":"image\/jpeg","filesize":22317,"url":"https:\/\/www.lucasfroeserealestate.com\/wp-content\/uploads\/2025\/02\/add-immobilien-felanitx-portocolom-0009019-300x200.jpg"},"large":{"file":"add-immobilien-felanitx-portocolom-0009019-1024x683.jpg","width":1024,"height":683,"mime-type":"image\/jpeg","filesize":224501,"url":"https:\/\/www.lucasfroeserealestate.com\/wp-content\/uploads\/2025\/02\/add-immobilien-felanitx-portocolom-0009019-1024x683.jpg"},"thumbnail":{"file":"add-immobilien-felanitx-portocolom-0009019-150x150.jpg","width":150,"height":150,"mime-type":"image\/jpeg","filesize":8552,"url":"https:\/\/www.lucasfroeserealestate.com\/wp-content\/uploads\/2025\/02\/add-immobilien-felanitx-portocolom-0009019-150x150.jpg"},"medium_large":{"file":"add-immobilien-felanitx-portocolom-0009019-768x512.jpg","width":768,"height":512,"mime-type":"image\/jpeg","filesize":129813,"url":"https:\/\/www.lucasfroeserealestate.com\/wp-content\/uploads\/2025\/02\/add-immobilien-felanitx-portocolom-0009019-768x512.jpg"},"1536x1536":{"file":"add-immobilien-felanitx-portocolom-0009019-1536x1024.jpg","width":1536,"height":1024,"mime-type":"image\/jpeg","filesize":459846,"url":"https:\/\/www.lucasfroeserealestate.com\/wp-content\/uploads\/2025\/02\/add-immobilien-felanitx-portocolom-0009019-1536x1024.jpg"},"2048x2048":{"file":"add-immobilien-felanitx-portocolom-0009019-2048x1365.jpg","width":2048,"height":1365,"mime-type":"image\/jpeg","filesize":738589,"url":"https:\/\/www.lucasfroeserealestate.com\/wp-content\/uploads\/2025\/02\/add-immobilien-felanitx-portocolom-0009019-2048x1365.jpg"},"post-thumbnail":{"file":"add-immobilien-felanitx-portocolom-0009019-150x100.jpg","width":150,"height":100,"mime-type":"image\/jpeg","filesize":6593,"url":"https:\/\/www.lucasfroeserealestate.com\/wp-content\/uploads\/2025\/02\/add-immobilien-felanitx-portocolom-0009019-150x100.jpg"},"modern-property-child-slider":{"file":"add-immobilien-felanitx-portocolom-0009019-680x510.jpg","width":680,"height":510,"mime-type":"image\/jpeg","filesize":112430,"url":"https:\/\/www.lucasfroeserealestate.com\/wp-content\/uploads\/2025\/02\/add-immobilien-felanitx-portocolom-0009019-680x510.jpg"},"property-thumb-image":{"file":"add-immobilien-felanitx-portocolom-0009019-488x326.jpg","width":488,"height":326,"mime-type":"image\/jpeg","filesize":55286,"url":"https:\/\/www.lucasfroeserealestate.com\/wp-content\/uploads\/2025\/02\/add-immobilien-felanitx-portocolom-0009019-488x326.jpg"},"property-detail-video-image":{"file":"add-immobilien-felanitx-portocolom-0009019-818x417.jpg","width":818,"height":417,"mime-type":"image\/jpeg","filesize":112139,"url":"https:\/\/www.lucasfroeserealestate.com\/wp-content\/uploads\/2025\/02\/add-immobilien-felanitx-portocolom-0009019-818x417.jpg"},"agent-image":{"file":"add-immobilien-felanitx-portocolom-0009019-210x210.jpg","width":210,"height":210,"mime-type":"image\/jpeg","filesize":15763,"url":"https:\/\/www.lucasfroeserealestate.com\/wp-content\/uploads\/2025\/02\/add-immobilien-felanitx-portocolom-0009019-210x210.jpg"},"partners-logo":{"file":"add-immobilien-felanitx-portocolom-0009019-600x1600.jpg","width":600,"height":1600,"mime-type":"image\/jpeg","filesize":156786,"url":"https:\/\/www.lucasfroeserealestate.com\/wp-content\/uploads\/2025\/02\/add-immobilien-felanitx-portocolom-0009019-600x1600.jpg"},"post-featured-image":{"file":"add-immobilien-felanitx-portocolom-0009019-1240x720.jpg","width":1240,"height":720,"mime-type":"image\/jpeg","filesize":274328,"url":"https:\/\/www.lucasfroeserealestate.com\/wp-content\/uploads\/2025\/02\/add-immobilien-felanitx-portocolom-0009019-1240x720.jpg"}},"image_meta":{"aperture":"0","credit":"","camera":"","caption":"Immobilien Felanitx und Portocolom Leuchtturm","created_timestamp":"0","copyright":"","focal_length":"0","iso":"0","shutter_speed":"0","title":"Immobilien Felanitx und Portocolom Leuchtturm","orientation":"1","keywords":["Immobilien Felanitx und Portocolom Leuchtturm"]},"ID":"64046","name":"add-immobilien-felanitx-portocolom-0009019.jpg","path":"\/home\/empleost\/domains\/lucasfroeserealestate.com\/public_html\/wp-content\/uploads\/2025\/02\/add-immobilien-felanitx-portocolom-0009019.jpg","url":"https:\/\/www.lucasfroeserealestate.com\/wp-content\/uploads\/2025\/02\/add-immobilien-felanitx-portocolom-0009019-150x150.jpg","full_url":"https:\/\/www.lucasfroeserealestate.com\/wp-content\/uploads\/2025\/02\/add-immobilien-felanitx-portocolom-0009019.jpg","title":"Immobilien Felanitx und Portocolom Leuchtturm","caption":"Immobilien Felanitx und Portocolom Leuchtturm","description":"","alt":"Immobilien Felanitx und Portocolom Leuchtturm","srcset":"https:\/\/www.lucasfroeserealestate.com\/wp-content\/uploads\/2025\/02\/add-immobilien-felanitx-portocolom-0009019-150x150.jpg 150w, https:\/\/www.lucasfroeserealestate.com\/wp-content\/uploads\/2025\/02\/add-immobilien-felanitx-portocolom-0009019-210x210.jpg 210w"},{"width":150,"height":150,"file":"2025\/02\/add-immobilien-felanitx-portocolom-0008-1.jpg","filesize":286965,"sizes":{"medium":{"file":"add-immobilien-felanitx-portocolom-0008-1-300x200.jpg","width":300,"height":200,"mime-type":"image\/jpeg","filesize":14333,"url":"https:\/\/www.lucasfroeserealestate.com\/wp-content\/uploads\/2025\/02\/add-immobilien-felanitx-portocolom-0008-1-300x200.jpg"},"large":{"file":"add-immobilien-felanitx-portocolom-0008-1-1024x683.jpg","width":1024,"height":683,"mime-type":"image\/jpeg","filesize":87842,"url":"https:\/\/www.lucasfroeserealestate.com\/wp-content\/uploads\/2025\/02\/add-immobilien-felanitx-portocolom-0008-1-1024x683.jpg"},"thumbnail":{"file":"add-immobilien-felanitx-portocolom-0008-1-150x150.jpg","width":150,"height":150,"mime-type":"image\/jpeg","filesize":7162,"url":"https:\/\/www.lucasfroeserealestate.com\/wp-content\/uploads\/2025\/02\/add-immobilien-felanitx-portocolom-0008-1-150x150.jpg"},"medium_large":{"file":"add-immobilien-felanitx-portocolom-0008-1-768x512.jpg","width":768,"height":512,"mime-type":"image\/jpeg","filesize":56583,"url":"https:\/\/www.lucasfroeserealestate.com\/wp-content\/uploads\/2025\/02\/add-immobilien-felanitx-portocolom-0008-1-768x512.jpg"},"1536x1536":{"file":"add-immobilien-felanitx-portocolom-0008-1-1536x1024.jpg","width":1536,"height":1024,"mime-type":"image\/jpeg","filesize":162999,"url":"https:\/\/www.lucasfroeserealestate.com\/wp-content\/uploads\/2025\/02\/add-immobilien-felanitx-portocolom-0008-1-1536x1024.jpg"},"2048x2048":{"file":"add-immobilien-felanitx-portocolom-0008-1-2048x1365.jpg","width":2048,"height":1365,"mime-type":"image\/jpeg","filesize":258187,"url":"https:\/\/www.lucasfroeserealestate.com\/wp-content\/uploads\/2025\/02\/add-immobilien-felanitx-portocolom-0008-1-2048x1365.jpg"},"post-thumbnail":{"file":"add-immobilien-felanitx-portocolom-0008-1-150x100.jpg","width":150,"height":100,"mime-type":"image\/jpeg","filesize":5487,"url":"https:\/\/www.lucasfroeserealestate.com\/wp-content\/uploads\/2025\/02\/add-immobilien-felanitx-portocolom-0008-1-150x100.jpg"},"modern-property-child-slider":{"file":"add-immobilien-felanitx-portocolom-0008-1-680x510.jpg","width":680,"height":510,"mime-type":"image\/jpeg","filesize":51628,"url":"https:\/\/www.lucasfroeserealestate.com\/wp-content\/uploads\/2025\/02\/add-immobilien-felanitx-portocolom-0008-1-680x510.jpg"},"property-thumb-image":{"file":"add-immobilien-felanitx-portocolom-0008-1-488x326.jpg","width":488,"height":326,"mime-type":"image\/jpeg","filesize":29139,"url":"https:\/\/www.lucasfroeserealestate.com\/wp-content\/uploads\/2025\/02\/add-immobilien-felanitx-portocolom-0008-1-488x326.jpg"},"property-detail-video-image":{"file":"add-immobilien-felanitx-portocolom-0008-1-818x417.jpg","width":818,"height":417,"mime-type":"image\/jpeg","filesize":52728,"url":"https:\/\/www.lucasfroeserealestate.com\/wp-content\/uploads\/2025\/02\/add-immobilien-felanitx-portocolom-0008-1-818x417.jpg"},"agent-image":{"file":"add-immobilien-felanitx-portocolom-0008-1-210x210.jpg","width":210,"height":210,"mime-type":"image\/jpeg","filesize":11528,"url":"https:\/\/www.lucasfroeserealestate.com\/wp-content\/uploads\/2025\/02\/add-immobilien-felanitx-portocolom-0008-1-210x210.jpg"},"partners-logo":{"file":"add-immobilien-felanitx-portocolom-0008-1-600x1600.jpg","width":600,"height":1600,"mime-type":"image\/jpeg","filesize":112174,"url":"https:\/\/www.lucasfroeserealestate.com\/wp-content\/uploads\/2025\/02\/add-immobilien-felanitx-portocolom-0008-1-600x1600.jpg"},"post-featured-image":{"file":"add-immobilien-felanitx-portocolom-0008-1-1240x720.jpg","width":1240,"height":720,"mime-type":"image\/jpeg","filesize":106646,"url":"https:\/\/www.lucasfroeserealestate.com\/wp-content\/uploads\/2025\/02\/add-immobilien-felanitx-portocolom-0008-1-1240x720.jpg"}},"image_meta":{"aperture":"0","credit":"","camera":"","caption":"Immobilien Felanitx und Portocolom","created_timestamp":"0","copyright":"","focal_length":"0","iso":"0","shutter_speed":"0","title":"Immobilien Felanitx und Portocolom","orientation":"1","keywords":["Immobilien Felanitx und Portocolom"]},"ID":"64049","name":"add-immobilien-felanitx-portocolom-0008-1.jpg","path":"\/home\/empleost\/domains\/lucasfroeserealestate.com\/public_html\/wp-content\/uploads\/2025\/02\/add-immobilien-felanitx-portocolom-0008-1.jpg","url":"https:\/\/www.lucasfroeserealestate.com\/wp-content\/uploads\/2025\/02\/add-immobilien-felanitx-portocolom-0008-1-150x150.jpg","full_url":"https:\/\/www.lucasfroeserealestate.com\/wp-content\/uploads\/2025\/02\/add-immobilien-felanitx-portocolom-0008-1.jpg","title":"Immobilien Felanitx und Portocolom","caption":"Immobilien Felanitx und Portocolom","description":"","alt":"Immobilien Felanitx und Portocolom","srcset":"https:\/\/www.lucasfroeserealestate.com\/wp-content\/uploads\/2025\/02\/add-immobilien-felanitx-portocolom-0008-1-150x150.jpg 150w, https:\/\/www.lucasfroeserealestate.com\/wp-content\/uploads\/2025\/02\/add-immobilien-felanitx-portocolom-0008-1-210x210.jpg 210w"},{"width":150,"height":150,"file":"2025\/02\/add-immobilien-felanitx-portocolom-0010-1.jpg","filesize":330883,"sizes":{"medium":{"file":"add-immobilien-felanitx-portocolom-0010-1-300x200.jpg","width":300,"height":200,"mime-type":"image\/jpeg","filesize":10344,"url":"https:\/\/www.lucasfroeserealestate.com\/wp-content\/uploads\/2025\/02\/add-immobilien-felanitx-portocolom-0010-1-300x200.jpg"},"large":{"file":"add-immobilien-felanitx-portocolom-0010-1-1024x683.jpg","width":1024,"height":683,"mime-type":"image\/jpeg","filesize":106952,"url":"https:\/\/www.lucasfroeserealestate.com\/wp-content\/uploads\/2025\/02\/add-immobilien-felanitx-portocolom-0010-1-1024x683.jpg"},"thumbnail":{"file":"add-immobilien-felanitx-portocolom-0010-1-150x150.jpg","width":150,"height":150,"mime-type":"image\/jpeg","filesize":4234,"url":"https:\/\/www.lucasfroeserealestate.com\/wp-content\/uploads\/2025\/02\/add-immobilien-felanitx-portocolom-0010-1-150x150.jpg"},"medium_large":{"file":"add-immobilien-felanitx-portocolom-0010-1-768x512.jpg","width":768,"height":512,"mime-type":"image\/jpeg","filesize":60321,"url":"https:\/\/www.lucasfroeserealestate.com\/wp-content\/uploads\/2025\/02\/add-immobilien-felanitx-portocolom-0010-1-768x512.jpg"},"1536x1536":{"file":"add-immobilien-felanitx-portocolom-0010-1-1536x1024.jpg","width":1536,"height":1024,"mime-type":"image\/jpeg","filesize":228321,"url":"https:\/\/www.lucasfroeserealestate.com\/wp-content\/uploads\/2025\/02\/add-immobilien-felanitx-portocolom-0010-1-1536x1024.jpg"},"2048x2048":{"file":"add-immobilien-felanitx-portocolom-0010-1-2048x1365.jpg","width":2048,"height":1365,"mime-type":"image\/jpeg","filesize":382960,"url":"https:\/\/www.lucasfroeserealestate.com\/wp-content\/uploads\/2025\/02\/add-immobilien-felanitx-portocolom-0010-1-2048x1365.jpg"},"post-thumbnail":{"file":"add-immobilien-felanitx-portocolom-0010-1-150x100.jpg","width":150,"height":100,"mime-type":"image\/jpeg","filesize":3457,"url":"https:\/\/www.lucasfroeserealestate.com\/wp-content\/uploads\/2025\/02\/add-immobilien-felanitx-portocolom-0010-1-150x100.jpg"},"modern-property-child-slider":{"file":"add-immobilien-felanitx-portocolom-0010-1-680x510.jpg","width":680,"height":510,"mime-type":"image\/jpeg","filesize":53209,"url":"https:\/\/www.lucasfroeserealestate.com\/wp-content\/uploads\/2025\/02\/add-immobilien-felanitx-portocolom-0010-1-680x510.jpg"},"property-thumb-image":{"file":"add-immobilien-felanitx-portocolom-0010-1-488x326.jpg","width":488,"height":326,"mime-type":"image\/jpeg","filesize":25409,"url":"https:\/\/www.lucasfroeserealestate.com\/wp-content\/uploads\/2025\/02\/add-immobilien-felanitx-portocolom-0010-1-488x326.jpg"},"property-detail-video-image":{"file":"add-immobilien-felanitx-portocolom-0010-1-818x417.jpg","width":818,"height":417,"mime-type":"image\/jpeg","filesize":51791,"url":"https:\/\/www.lucasfroeserealestate.com\/wp-content\/uploads\/2025\/02\/add-immobilien-felanitx-portocolom-0010-1-818x417.jpg"},"agent-image":{"file":"add-immobilien-felanitx-portocolom-0010-1-210x210.jpg","width":210,"height":210,"mime-type":"image\/jpeg","filesize":7819,"url":"https:\/\/www.lucasfroeserealestate.com\/wp-content\/uploads\/2025\/02\/add-immobilien-felanitx-portocolom-0010-1-210x210.jpg"},"partners-logo":{"file":"add-immobilien-felanitx-portocolom-0010-1-600x1600.jpg","width":600,"height":1600,"mime-type":"image\/jpeg","filesize":129031,"url":"https:\/\/www.lucasfroeserealestate.com\/wp-content\/uploads\/2025\/02\/add-immobilien-felanitx-portocolom-0010-1-600x1600.jpg"},"post-featured-image":{"file":"add-immobilien-felanitx-portocolom-0010-1-1240x720.jpg","width":1240,"height":720,"mime-type":"image\/jpeg","filesize":130361,"url":"https:\/\/www.lucasfroeserealestate.com\/wp-content\/uploads\/2025\/02\/add-immobilien-felanitx-portocolom-0010-1-1240x720.jpg"}},"image_meta":{"aperture":"0","credit":"","camera":"","caption":"Immobilien Felanitx und Portocolom Leuchtturm","created_timestamp":"0","copyright":"","focal_length":"0","iso":"0","shutter_speed":"0","title":"Immobilien Felanitx und Portocolom Leuchtturm","orientation":"1","keywords":["Immobilien Felanitx und Portocolom Leuchtturm"]},"ID":"64052","name":"add-immobilien-felanitx-portocolom-0010-1.jpg","path":"\/home\/empleost\/domains\/lucasfroeserealestate.com\/public_html\/wp-content\/uploads\/2025\/02\/add-immobilien-felanitx-portocolom-0010-1.jpg","url":"https:\/\/www.lucasfroeserealestate.com\/wp-content\/uploads\/2025\/02\/add-immobilien-felanitx-portocolom-0010-1-150x150.jpg","full_url":"https:\/\/www.lucasfroeserealestate.com\/wp-content\/uploads\/2025\/02\/add-immobilien-felanitx-portocolom-0010-1.jpg","title":"Immobilien Felanitx und Portocolom Leuchtturm","caption":"Immobilien Felanitx und Portocolom Leuchtturm","description":"","alt":"Immobilien Felanitx und Portocolom Leuchtturm","srcset":"https:\/\/www.lucasfroeserealestate.com\/wp-content\/uploads\/2025\/02\/add-immobilien-felanitx-portocolom-0010-1-150x150.jpg 150w, https:\/\/www.lucasfroeserealestate.com\/wp-content\/uploads\/2025\/02\/add-immobilien-felanitx-portocolom-0010-1-210x210.jpg 210w"},{"width":150,"height":150,"file":"2025\/02\/add-immobilien-felanitx-portocolom-0007-1.jpg","filesize":336166,"sizes":{"medium":{"file":"add-immobilien-felanitx-portocolom-0007-1-300x200.jpg","width":300,"height":200,"mime-type":"image\/jpeg","filesize":17685,"url":"https:\/\/www.lucasfroeserealestate.com\/wp-content\/uploads\/2025\/02\/add-immobilien-felanitx-portocolom-0007-1-300x200.jpg"},"large":{"file":"add-immobilien-felanitx-portocolom-0007-1-1024x683.jpg","width":1024,"height":683,"mime-type":"image\/jpeg","filesize":159568,"url":"https:\/\/www.lucasfroeserealestate.com\/wp-content\/uploads\/2025\/02\/add-immobilien-felanitx-portocolom-0007-1-1024x683.jpg"},"thumbnail":{"file":"add-immobilien-felanitx-portocolom-0007-1-150x150.jpg","width":150,"height":150,"mime-type":"image\/jpeg","filesize":7641,"url":"https:\/\/www.lucasfroeserealestate.com\/wp-content\/uploads\/2025\/02\/add-immobilien-felanitx-portocolom-0007-1-150x150.jpg"},"medium_large":{"file":"add-immobilien-felanitx-portocolom-0007-1-768x512.jpg","width":768,"height":512,"mime-type":"image\/jpeg","filesize":96554,"url":"https:\/\/www.lucasfroeserealestate.com\/wp-content\/uploads\/2025\/02\/add-immobilien-felanitx-portocolom-0007-1-768x512.jpg"},"1536x1536":{"file":"add-immobilien-felanitx-portocolom-0007-1-1536x1024.jpg","width":1536,"height":1024,"mime-type":"image\/jpeg","filesize":306603,"url":"https:\/\/www.lucasfroeserealestate.com\/wp-content\/uploads\/2025\/02\/add-immobilien-felanitx-portocolom-0007-1-1536x1024.jpg"},"2048x2048":{"file":"add-immobilien-felanitx-portocolom-0007-1-2048x1365.jpg","width":2048,"height":1365,"mime-type":"image\/jpeg","filesize":477787,"url":"https:\/\/www.lucasfroeserealestate.com\/wp-content\/uploads\/2025\/02\/add-immobilien-felanitx-portocolom-0007-1-2048x1365.jpg"},"post-thumbnail":{"file":"add-immobilien-felanitx-portocolom-0007-1-150x100.jpg","width":150,"height":100,"mime-type":"image\/jpeg","filesize":5358,"url":"https:\/\/www.lucasfroeserealestate.com\/wp-content\/uploads\/2025\/02\/add-immobilien-felanitx-portocolom-0007-1-150x100.jpg"},"modern-property-child-slider":{"file":"add-immobilien-felanitx-portocolom-0007-1-680x510.jpg","width":680,"height":510,"mime-type":"image\/jpeg","filesize":86553,"url":"https:\/\/www.lucasfroeserealestate.com\/wp-content\/uploads\/2025\/02\/add-immobilien-felanitx-portocolom-0007-1-680x510.jpg"},"property-thumb-image":{"file":"add-immobilien-felanitx-portocolom-0007-1-488x326.jpg","width":488,"height":326,"mime-type":"image\/jpeg","filesize":43361,"url":"https:\/\/www.lucasfroeserealestate.com\/wp-content\/uploads\/2025\/02\/add-immobilien-felanitx-portocolom-0007-1-488x326.jpg"},"property-detail-video-image":{"file":"add-immobilien-felanitx-portocolom-0007-1-818x417.jpg","width":818,"height":417,"mime-type":"image\/jpeg","filesize":90813,"url":"https:\/\/www.lucasfroeserealestate.com\/wp-content\/uploads\/2025\/02\/add-immobilien-felanitx-portocolom-0007-1-818x417.jpg"},"agent-image":{"file":"add-immobilien-felanitx-portocolom-0007-1-210x210.jpg","width":210,"height":210,"mime-type":"image\/jpeg","filesize":14045,"url":"https:\/\/www.lucasfroeserealestate.com\/wp-content\/uploads\/2025\/02\/add-immobilien-felanitx-portocolom-0007-1-210x210.jpg"},"partners-logo":{"file":"add-immobilien-felanitx-portocolom-0007-1-600x1600.jpg","width":600,"height":1600,"mime-type":"image\/jpeg","filesize":183761,"url":"https:\/\/www.lucasfroeserealestate.com\/wp-content\/uploads\/2025\/02\/add-immobilien-felanitx-portocolom-0007-1-600x1600.jpg"},"post-featured-image":{"file":"add-immobilien-felanitx-portocolom-0007-1-1240x720.jpg","width":1240,"height":720,"mime-type":"image\/jpeg","filesize":196637,"url":"https:\/\/www.lucasfroeserealestate.com\/wp-content\/uploads\/2025\/02\/add-immobilien-felanitx-portocolom-0007-1-1240x720.jpg"}},"image_meta":{"aperture":"0","credit":"","camera":"","caption":"Immobilien Felanitx und Portocolom Sant Salvador Berg","created_timestamp":"0","copyright":"","focal_length":"0","iso":"0","shutter_speed":"0","title":"Immobilien Felanitx und Portocolom Sant Salvador Berg","orientation":"1","keywords":["Immobilien Felanitx und Portocolom Sant Salvador Berg"]},"ID":"64055","name":"add-immobilien-felanitx-portocolom-0007-1.jpg","path":"\/home\/empleost\/domains\/lucasfroeserealestate.com\/public_html\/wp-content\/uploads\/2025\/02\/add-immobilien-felanitx-portocolom-0007-1.jpg","url":"https:\/\/www.lucasfroeserealestate.com\/wp-content\/uploads\/2025\/02\/add-immobilien-felanitx-portocolom-0007-1-150x150.jpg","full_url":"https:\/\/www.lucasfroeserealestate.com\/wp-content\/uploads\/2025\/02\/add-immobilien-felanitx-portocolom-0007-1.jpg","title":"Immobilien Felanitx und Portocolom Sant Salvador Berg","caption":"Immobilien Felanitx und Portocolom Sant Salvador Berg","description":"","alt":"Immobilien Felanitx und Portocolom Sant Salvador Berg","srcset":"https:\/\/www.lucasfroeserealestate.com\/wp-content\/uploads\/2025\/02\/add-immobilien-felanitx-portocolom-0007-1-150x150.jpg 150w, https:\/\/www.lucasfroeserealestate.com\/wp-content\/uploads\/2025\/02\/add-immobilien-felanitx-portocolom-0007-1-210x210.jpg 210w"},{"width":150,"height":150,"file":"2025\/02\/add-immobilien-felanitx-portocolom-0004-1.jpg","filesize":378085,"sizes":{"medium":{"file":"add-immobilien-felanitx-portocolom-0004-1-300x200.jpg","width":300,"height":200,"mime-type":"image\/jpeg","filesize":16743,"url":"https:\/\/www.lucasfroeserealestate.com\/wp-content\/uploads\/2025\/02\/add-immobilien-felanitx-portocolom-0004-1-300x200.jpg"},"large":{"file":"add-immobilien-felanitx-portocolom-0004-1-1024x683.jpg","width":1024,"height":683,"mime-type":"image\/jpeg","filesize":166544,"url":"https:\/\/www.lucasfroeserealestate.com\/wp-content\/uploads\/2025\/02\/add-immobilien-felanitx-portocolom-0004-1-1024x683.jpg"},"thumbnail":{"file":"add-immobilien-felanitx-portocolom-0004-1-150x150.jpg","width":150,"height":150,"mime-type":"image\/jpeg","filesize":6461,"url":"https:\/\/www.lucasfroeserealestate.com\/wp-content\/uploads\/2025\/02\/add-immobilien-felanitx-portocolom-0004-1-150x150.jpg"},"medium_large":{"file":"add-immobilien-felanitx-portocolom-0004-1-768x512.jpg","width":768,"height":512,"mime-type":"image\/jpeg","filesize":97448,"url":"https:\/\/www.lucasfroeserealestate.com\/wp-content\/uploads\/2025\/02\/add-immobilien-felanitx-portocolom-0004-1-768x512.jpg"},"1536x1536":{"file":"add-immobilien-felanitx-portocolom-0004-1-1536x1024.jpg","width":1536,"height":1024,"mime-type":"image\/jpeg","filesize":330012,"url":"https:\/\/www.lucasfroeserealestate.com\/wp-content\/uploads\/2025\/02\/add-immobilien-felanitx-portocolom-0004-1-1536x1024.jpg"},"2048x2048":{"file":"add-immobilien-felanitx-portocolom-0004-1-2048x1365.jpg","width":2048,"height":1365,"mime-type":"image\/jpeg","filesize":521870,"url":"https:\/\/www.lucasfroeserealestate.com\/wp-content\/uploads\/2025\/02\/add-immobilien-felanitx-portocolom-0004-1-2048x1365.jpg"},"post-thumbnail":{"file":"add-immobilien-felanitx-portocolom-0004-1-150x100.jpg","width":150,"height":100,"mime-type":"image\/jpeg","filesize":5020,"url":"https:\/\/www.lucasfroeserealestate.com\/wp-content\/uploads\/2025\/02\/add-immobilien-felanitx-portocolom-0004-1-150x100.jpg"},"modern-property-child-slider":{"file":"add-immobilien-felanitx-portocolom-0004-1-680x510.jpg","width":680,"height":510,"mime-type":"image\/jpeg","filesize":85083,"url":"https:\/\/www.lucasfroeserealestate.com\/wp-content\/uploads\/2025\/02\/add-immobilien-felanitx-portocolom-0004-1-680x510.jpg"},"property-thumb-image":{"file":"add-immobilien-felanitx-portocolom-0004-1-488x326.jpg","width":488,"height":326,"mime-type":"image\/jpeg","filesize":41765,"url":"https:\/\/www.lucasfroeserealestate.com\/wp-content\/uploads\/2025\/02\/add-immobilien-felanitx-portocolom-0004-1-488x326.jpg"},"property-detail-video-image":{"file":"add-immobilien-felanitx-portocolom-0004-1-818x417.jpg","width":818,"height":417,"mime-type":"image\/jpeg","filesize":86850,"url":"https:\/\/www.lucasfroeserealestate.com\/wp-content\/uploads\/2025\/02\/add-immobilien-felanitx-portocolom-0004-1-818x417.jpg"},"agent-image":{"file":"add-immobilien-felanitx-portocolom-0004-1-210x210.jpg","width":210,"height":210,"mime-type":"image\/jpeg","filesize":11783,"url":"https:\/\/www.lucasfroeserealestate.com\/wp-content\/uploads\/2025\/02\/add-immobilien-felanitx-portocolom-0004-1-210x210.jpg"},"partners-logo":{"file":"add-immobilien-felanitx-portocolom-0004-1-600x1600.jpg","width":600,"height":1600,"mime-type":"image\/jpeg","filesize":145672,"url":"https:\/\/www.lucasfroeserealestate.com\/wp-content\/uploads\/2025\/02\/add-immobilien-felanitx-portocolom-0004-1-600x1600.jpg"},"post-featured-image":{"file":"add-immobilien-felanitx-portocolom-0004-1-1240x720.jpg","width":1240,"height":720,"mime-type":"image\/jpeg","filesize":202110,"url":"https:\/\/www.lucasfroeserealestate.com\/wp-content\/uploads\/2025\/02\/add-immobilien-felanitx-portocolom-0004-1-1240x720.jpg"}},"image_meta":{"aperture":"0","credit":"","camera":"","caption":"Immobilien Felanitx und Portocolom","created_timestamp":"0","copyright":"","focal_length":"0","iso":"0","shutter_speed":"0","title":"Immobilien Felanitx und Portocolom","orientation":"1","keywords":["Immobilien Felanitx und Portocolom"]},"ID":"64058","name":"add-immobilien-felanitx-portocolom-0004-1.jpg","path":"\/home\/empleost\/domains\/lucasfroeserealestate.com\/public_html\/wp-content\/uploads\/2025\/02\/add-immobilien-felanitx-portocolom-0004-1.jpg","url":"https:\/\/www.lucasfroeserealestate.com\/wp-content\/uploads\/2025\/02\/add-immobilien-felanitx-portocolom-0004-1-150x150.jpg","full_url":"https:\/\/www.lucasfroeserealestate.com\/wp-content\/uploads\/2025\/02\/add-immobilien-felanitx-portocolom-0004-1.jpg","title":"Immobilien Felanitx und Portocolom","caption":"Immobilien Felanitx und Portocolom","description":"","alt":"Immobilien Felanitx und Portocolom","srcset":"https:\/\/www.lucasfroeserealestate.com\/wp-content\/uploads\/2025\/02\/add-immobilien-felanitx-portocolom-0004-1-150x150.jpg 150w, https:\/\/www.lucasfroeserealestate.com\/wp-content\/uploads\/2025\/02\/add-immobilien-felanitx-portocolom-0004-1-210x210.jpg 210w"},{"width":150,"height":150,"file":"2025\/02\/add-immobilien-felanitx-portocolom-0003-1.jpg","filesize":265987,"sizes":{"medium":{"file":"add-immobilien-felanitx-portocolom-0003-1-300x200.jpg","width":300,"height":200,"mime-type":"image\/jpeg","filesize":8776,"url":"https:\/\/www.lucasfroeserealestate.com\/wp-content\/uploads\/2025\/02\/add-immobilien-felanitx-portocolom-0003-1-300x200.jpg"},"large":{"file":"add-immobilien-felanitx-portocolom-0003-1-1024x683.jpg","width":1024,"height":683,"mime-type":"image\/jpeg","filesize":67262,"url":"https:\/\/www.lucasfroeserealestate.com\/wp-content\/uploads\/2025\/02\/add-immobilien-felanitx-portocolom-0003-1-1024x683.jpg"},"thumbnail":{"file":"add-immobilien-felanitx-portocolom-0003-1-150x150.jpg","width":150,"height":150,"mime-type":"image\/jpeg","filesize":4418,"url":"https:\/\/www.lucasfroeserealestate.com\/wp-content\/uploads\/2025\/02\/add-immobilien-felanitx-portocolom-0003-1-150x150.jpg"},"medium_large":{"file":"add-immobilien-felanitx-portocolom-0003-1-768x512.jpg","width":768,"height":512,"mime-type":"image\/jpeg","filesize":41051,"url":"https:\/\/www.lucasfroeserealestate.com\/wp-content\/uploads\/2025\/02\/add-immobilien-felanitx-portocolom-0003-1-768x512.jpg"},"1536x1536":{"file":"add-immobilien-felanitx-portocolom-0003-1-1536x1024.jpg","width":1536,"height":1024,"mime-type":"image\/jpeg","filesize":130423,"url":"https:\/\/www.lucasfroeserealestate.com\/wp-content\/uploads\/2025\/02\/add-immobilien-felanitx-portocolom-0003-1-1536x1024.jpg"},"2048x2048":{"file":"add-immobilien-felanitx-portocolom-0003-1-2048x1365.jpg","width":2048,"height":1365,"mime-type":"image\/jpeg","filesize":208186,"url":"https:\/\/www.lucasfroeserealestate.com\/wp-content\/uploads\/2025\/02\/add-immobilien-felanitx-portocolom-0003-1-2048x1365.jpg"},"post-thumbnail":{"file":"add-immobilien-felanitx-portocolom-0003-1-150x100.jpg","width":150,"height":100,"mime-type":"image\/jpeg","filesize":3288,"url":"https:\/\/www.lucasfroeserealestate.com\/wp-content\/uploads\/2025\/02\/add-immobilien-felanitx-portocolom-0003-1-150x100.jpg"},"modern-property-child-slider":{"file":"add-immobilien-felanitx-portocolom-0003-1-680x510.jpg","width":680,"height":510,"mime-type":"image\/jpeg","filesize":37853,"url":"https:\/\/www.lucasfroeserealestate.com\/wp-content\/uploads\/2025\/02\/add-immobilien-felanitx-portocolom-0003-1-680x510.jpg"},"property-thumb-image":{"file":"add-immobilien-felanitx-portocolom-0003-1-488x326.jpg","width":488,"height":326,"mime-type":"image\/jpeg","filesize":19506,"url":"https:\/\/www.lucasfroeserealestate.com\/wp-content\/uploads\/2025\/02\/add-immobilien-felanitx-portocolom-0003-1-488x326.jpg"},"property-detail-video-image":{"file":"add-immobilien-felanitx-portocolom-0003-1-818x417.jpg","width":818,"height":417,"mime-type":"image\/jpeg","filesize":35379,"url":"https:\/\/www.lucasfroeserealestate.com\/wp-content\/uploads\/2025\/02\/add-immobilien-felanitx-portocolom-0003-1-818x417.jpg"},"agent-image":{"file":"add-immobilien-felanitx-portocolom-0003-1-210x210.jpg","width":210,"height":210,"mime-type":"image\/jpeg","filesize":7512,"url":"https:\/\/www.lucasfroeserealestate.com\/wp-content\/uploads\/2025\/02\/add-immobilien-felanitx-portocolom-0003-1-210x210.jpg"},"partners-logo":{"file":"add-immobilien-felanitx-portocolom-0003-1-600x1600.jpg","width":600,"height":1600,"mime-type":"image\/jpeg","filesize":101891,"url":"https:\/\/www.lucasfroeserealestate.com\/wp-content\/uploads\/2025\/02\/add-immobilien-felanitx-portocolom-0003-1-600x1600.jpg"},"post-featured-image":{"file":"add-immobilien-felanitx-portocolom-0003-1-1240x720.jpg","width":1240,"height":720,"mime-type":"image\/jpeg","filesize":79716,"url":"https:\/\/www.lucasfroeserealestate.com\/wp-content\/uploads\/2025\/02\/add-immobilien-felanitx-portocolom-0003-1-1240x720.jpg"}},"image_meta":{"aperture":"0","credit":"","camera":"","caption":"Immobilien Felanitx und Portocolom Kirche Santa Margalida","created_timestamp":"0","copyright":"","focal_length":"0","iso":"0","shutter_speed":"0","title":"Immobilien Felanitx und Portocolom Kirche Santa Margalida","orientation":"1","keywords":["Immobilien Felanitx und Portocolom Kirche Santa Margalida"]},"ID":"64061","name":"add-immobilien-felanitx-portocolom-0003-1.jpg","path":"\/home\/empleost\/domains\/lucasfroeserealestate.com\/public_html\/wp-content\/uploads\/2025\/02\/add-immobilien-felanitx-portocolom-0003-1.jpg","url":"https:\/\/www.lucasfroeserealestate.com\/wp-content\/uploads\/2025\/02\/add-immobilien-felanitx-portocolom-0003-1-150x150.jpg","full_url":"https:\/\/www.lucasfroeserealestate.com\/wp-content\/uploads\/2025\/02\/add-immobilien-felanitx-portocolom-0003-1.jpg","title":"Immobilien Felanitx und Portocolom Kirche Santa Margalida","caption":"Immobilien Felanitx und Portocolom Kirche Santa Margalida","description":"","alt":"Immobilien Felanitx und Portocolom Kirche Santa Margalida","srcset":"https:\/\/www.lucasfroeserealestate.com\/wp-content\/uploads\/2025\/02\/add-immobilien-felanitx-portocolom-0003-1-150x150.jpg 150w, https:\/\/www.lucasfroeserealestate.com\/wp-content\/uploads\/2025\/02\/add-immobilien-felanitx-portocolom-0003-1-210x210.jpg 210w"},{"width":150,"height":150,"file":"2025\/02\/add-immobilien-felanitx-portocolom-0006-1.jpg","filesize":307933,"sizes":{"medium":{"file":"add-immobilien-felanitx-portocolom-0006-1-300x200.jpg","width":300,"height":200,"mime-type":"image\/jpeg","filesize":11343,"url":"https:\/\/www.lucasfroeserealestate.com\/wp-content\/uploads\/2025\/02\/add-immobilien-felanitx-portocolom-0006-1-300x200.jpg"},"large":{"file":"add-immobilien-felanitx-portocolom-0006-1-1024x683.jpg","width":1024,"height":683,"mime-type":"image\/jpeg","filesize":100637,"url":"https:\/\/www.lucasfroeserealestate.com\/wp-content\/uploads\/2025\/02\/add-immobilien-felanitx-portocolom-0006-1-1024x683.jpg"},"thumbnail":{"file":"add-immobilien-felanitx-portocolom-0006-1-150x150.jpg","width":150,"height":150,"mime-type":"image\/jpeg","filesize":4957,"url":"https:\/\/www.lucasfroeserealestate.com\/wp-content\/uploads\/2025\/02\/add-immobilien-felanitx-portocolom-0006-1-150x150.jpg"},"medium_large":{"file":"add-immobilien-felanitx-portocolom-0006-1-768x512.jpg","width":768,"height":512,"mime-type":"image\/jpeg","filesize":59635,"url":"https:\/\/www.lucasfroeserealestate.com\/wp-content\/uploads\/2025\/02\/add-immobilien-felanitx-portocolom-0006-1-768x512.jpg"},"1536x1536":{"file":"add-immobilien-felanitx-portocolom-0006-1-1536x1024.jpg","width":1536,"height":1024,"mime-type":"image\/jpeg","filesize":201459,"url":"https:\/\/www.lucasfroeserealestate.com\/wp-content\/uploads\/2025\/02\/add-immobilien-felanitx-portocolom-0006-1-1536x1024.jpg"},"2048x2048":{"file":"add-immobilien-felanitx-portocolom-0006-1-2048x1365.jpg","width":2048,"height":1365,"mime-type":"image\/jpeg","filesize":322900,"url":"https:\/\/www.lucasfroeserealestate.com\/wp-content\/uploads\/2025\/02\/add-immobilien-felanitx-portocolom-0006-1-2048x1365.jpg"},"post-thumbnail":{"file":"add-immobilien-felanitx-portocolom-0006-1-150x100.jpg","width":150,"height":100,"mime-type":"image\/jpeg","filesize":3738,"url":"https:\/\/www.lucasfroeserealestate.com\/wp-content\/uploads\/2025\/02\/add-immobilien-felanitx-portocolom-0006-1-150x100.jpg"},"modern-property-child-slider":{"file":"add-immobilien-felanitx-portocolom-0006-1-680x510.jpg","width":680,"height":510,"mime-type":"image\/jpeg","filesize":53364,"url":"https:\/\/www.lucasfroeserealestate.com\/wp-content\/uploads\/2025\/02\/add-immobilien-felanitx-portocolom-0006-1-680x510.jpg"},"property-thumb-image":{"file":"add-immobilien-felanitx-portocolom-0006-1-488x326.jpg","width":488,"height":326,"mime-type":"image\/jpeg","filesize":26865,"url":"https:\/\/www.lucasfroeserealestate.com\/wp-content\/uploads\/2025\/02\/add-immobilien-felanitx-portocolom-0006-1-488x326.jpg"},"property-detail-video-image":{"file":"add-immobilien-felanitx-portocolom-0006-1-818x417.jpg","width":818,"height":417,"mime-type":"image\/jpeg","filesize":52222,"url":"https:\/\/www.lucasfroeserealestate.com\/wp-content\/uploads\/2025\/02\/add-immobilien-felanitx-portocolom-0006-1-818x417.jpg"},"agent-image":{"file":"add-immobilien-felanitx-portocolom-0006-1-210x210.jpg","width":210,"height":210,"mime-type":"image\/jpeg","filesize":8852,"url":"https:\/\/www.lucasfroeserealestate.com\/wp-content\/uploads\/2025\/02\/add-immobilien-felanitx-portocolom-0006-1-210x210.jpg"},"partners-logo":{"file":"add-immobilien-felanitx-portocolom-0006-1-600x1600.jpg","width":600,"height":1600,"mime-type":"image\/jpeg","filesize":110323,"url":"https:\/\/www.lucasfroeserealestate.com\/wp-content\/uploads\/2025\/02\/add-immobilien-felanitx-portocolom-0006-1-600x1600.jpg"},"post-featured-image":{"file":"add-immobilien-felanitx-portocolom-0006-1-1240x720.jpg","width":1240,"height":720,"mime-type":"image\/jpeg","filesize":121403,"url":"https:\/\/www.lucasfroeserealestate.com\/wp-content\/uploads\/2025\/02\/add-immobilien-felanitx-portocolom-0006-1-1240x720.jpg"}},"image_meta":{"aperture":"0","credit":"","camera":"","caption":"Immobilien Felanitx und Portocolom","created_timestamp":"0","copyright":"","focal_length":"0","iso":"0","shutter_speed":"0","title":"Immobilien Felanitx und Portocolom","orientation":"1","keywords":["Immobilien Felanitx und Portocolom"]},"ID":"64064","name":"add-immobilien-felanitx-portocolom-0006-1.jpg","path":"\/home\/empleost\/domains\/lucasfroeserealestate.com\/public_html\/wp-content\/uploads\/2025\/02\/add-immobilien-felanitx-portocolom-0006-1.jpg","url":"https:\/\/www.lucasfroeserealestate.com\/wp-content\/uploads\/2025\/02\/add-immobilien-felanitx-portocolom-0006-1-150x150.jpg","full_url":"https:\/\/www.lucasfroeserealestate.com\/wp-content\/uploads\/2025\/02\/add-immobilien-felanitx-portocolom-0006-1.jpg","title":"Immobilien Felanitx und Portocolom","caption":"Immobilien Felanitx und Portocolom","description":"","alt":"Immobilien Felanitx und Portocolom","srcset":"https:\/\/www.lucasfroeserealestate.com\/wp-content\/uploads\/2025\/02\/add-immobilien-felanitx-portocolom-0006-1-150x150.jpg 150w, https:\/\/www.lucasfroeserealestate.com\/wp-content\/uploads\/2025\/02\/add-immobilien-felanitx-portocolom-0006-1-210x210.jpg 210w"},{"width":150,"height":150,"file":"2025\/02\/add-immobilien-felanitx-portocolom-0002-1.jpg","filesize":308806,"sizes":{"medium":{"file":"add-immobilien-felanitx-portocolom-0002-1-300x200.jpg","width":300,"height":200,"mime-type":"image\/jpeg","filesize":12249,"url":"https:\/\/www.lucasfroeserealestate.com\/wp-content\/uploads\/2025\/02\/add-immobilien-felanitx-portocolom-0002-1-300x200.jpg"},"large":{"file":"add-immobilien-felanitx-portocolom-0002-1-1024x683.jpg","width":1024,"height":683,"mime-type":"image\/jpeg","filesize":104550,"url":"https:\/\/www.lucasfroeserealestate.com\/wp-content\/uploads\/2025\/02\/add-immobilien-felanitx-portocolom-0002-1-1024x683.jpg"},"thumbnail":{"file":"add-immobilien-felanitx-portocolom-0002-1-150x150.jpg","width":150,"height":150,"mime-type":"image\/jpeg","filesize":5297,"url":"https:\/\/www.lucasfroeserealestate.com\/wp-content\/uploads\/2025\/02\/add-immobilien-felanitx-portocolom-0002-1-150x150.jpg"},"medium_large":{"file":"add-immobilien-felanitx-portocolom-0002-1-768x512.jpg","width":768,"height":512,"mime-type":"image\/jpeg","filesize":63085,"url":"https:\/\/www.lucasfroeserealestate.com\/wp-content\/uploads\/2025\/02\/add-immobilien-felanitx-portocolom-0002-1-768x512.jpg"},"1536x1536":{"file":"add-immobilien-felanitx-portocolom-0002-1-1536x1024.jpg","width":1536,"height":1024,"mime-type":"image\/jpeg","filesize":202202,"url":"https:\/\/www.lucasfroeserealestate.com\/wp-content\/uploads\/2025\/02\/add-immobilien-felanitx-portocolom-0002-1-1536x1024.jpg"},"2048x2048":{"file":"add-immobilien-felanitx-portocolom-0002-1-2048x1365.jpg","width":2048,"height":1365,"mime-type":"image\/jpeg","filesize":317215,"url":"https:\/\/www.lucasfroeserealestate.com\/wp-content\/uploads\/2025\/02\/add-immobilien-felanitx-portocolom-0002-1-2048x1365.jpg"},"post-thumbnail":{"file":"add-immobilien-felanitx-portocolom-0002-1-150x100.jpg","width":150,"height":100,"mime-type":"image\/jpeg","filesize":4065,"url":"https:\/\/www.lucasfroeserealestate.com\/wp-content\/uploads\/2025\/02\/add-immobilien-felanitx-portocolom-0002-1-150x100.jpg"},"modern-property-child-slider":{"file":"add-immobilien-felanitx-portocolom-0002-1-680x510.jpg","width":680,"height":510,"mime-type":"image\/jpeg","filesize":56791,"url":"https:\/\/www.lucasfroeserealestate.com\/wp-content\/uploads\/2025\/02\/add-immobilien-felanitx-portocolom-0002-1-680x510.jpg"},"property-thumb-image":{"file":"add-immobilien-felanitx-portocolom-0002-1-488x326.jpg","width":488,"height":326,"mime-type":"image\/jpeg","filesize":28856,"url":"https:\/\/www.lucasfroeserealestate.com\/wp-content\/uploads\/2025\/02\/add-immobilien-felanitx-portocolom-0002-1-488x326.jpg"},"property-detail-video-image":{"file":"add-immobilien-felanitx-portocolom-0002-1-818x417.jpg","width":818,"height":417,"mime-type":"image\/jpeg","filesize":52991,"url":"https:\/\/www.lucasfroeserealestate.com\/wp-content\/uploads\/2025\/02\/add-immobilien-felanitx-portocolom-0002-1-818x417.jpg"},"agent-image":{"file":"add-immobilien-felanitx-portocolom-0002-1-210x210.jpg","width":210,"height":210,"mime-type":"image\/jpeg","filesize":9431,"url":"https:\/\/www.lucasfroeserealestate.com\/wp-content\/uploads\/2025\/02\/add-immobilien-felanitx-portocolom-0002-1-210x210.jpg"},"partners-logo":{"file":"add-immobilien-felanitx-portocolom-0002-1-600x1600.jpg","width":600,"height":1600,"mime-type":"image\/jpeg","filesize":110010,"url":"https:\/\/www.lucasfroeserealestate.com\/wp-content\/uploads\/2025\/02\/add-immobilien-felanitx-portocolom-0002-1-600x1600.jpg"},"post-featured-image":{"file":"add-immobilien-felanitx-portocolom-0002-1-1240x720.jpg","width":1240,"height":720,"mime-type":"image\/jpeg","filesize":121361,"url":"https:\/\/www.lucasfroeserealestate.com\/wp-content\/uploads\/2025\/02\/add-immobilien-felanitx-portocolom-0002-1-1240x720.jpg"}},"image_meta":{"aperture":"0","credit":"","camera":"","caption":"Immobilien Felanitx und Portocolom","created_timestamp":"0","copyright":"","focal_length":"0","iso":"0","shutter_speed":"0","title":"Immobilien Felanitx und Portocolom","orientation":"1","keywords":["Immobilien Felanitx und Portocolom"]},"ID":"64067","name":"add-immobilien-felanitx-portocolom-0002-1.jpg","path":"\/home\/empleost\/domains\/lucasfroeserealestate.com\/public_html\/wp-content\/uploads\/2025\/02\/add-immobilien-felanitx-portocolom-0002-1.jpg","url":"https:\/\/www.lucasfroeserealestate.com\/wp-content\/uploads\/2025\/02\/add-immobilien-felanitx-portocolom-0002-1-150x150.jpg","full_url":"https:\/\/www.lucasfroeserealestate.com\/wp-content\/uploads\/2025\/02\/add-immobilien-felanitx-portocolom-0002-1.jpg","title":"Immobilien Felanitx und Portocolom","caption":"Immobilien Felanitx und Portocolom","description":"","alt":"Immobilien Felanitx und Portocolom","srcset":"https:\/\/www.lucasfroeserealestate.com\/wp-content\/uploads\/2025\/02\/add-immobilien-felanitx-portocolom-0002-1-150x150.jpg 150w, https:\/\/www.lucasfroeserealestate.com\/wp-content\/uploads\/2025\/02\/add-immobilien-felanitx-portocolom-0002-1-210x210.jpg 210w"},{"width":150,"height":150,"file":"2025\/02\/add-immobilien-felanitx-portocolom-0005-2.jpg","filesize":314509,"sizes":{"medium":{"file":"add-immobilien-felanitx-portocolom-0005-2-300x200.jpg","width":300,"height":200,"mime-type":"image\/jpeg","filesize":7301,"url":"https:\/\/www.lucasfroeserealestate.com\/wp-content\/uploads\/2025\/02\/add-immobilien-felanitx-portocolom-0005-2-300x200.jpg"},"large":{"file":"add-immobilien-felanitx-portocolom-0005-2-1024x683.jpg","width":1024,"height":683,"mime-type":"image\/jpeg","filesize":55429,"url":"https:\/\/www.lucasfroeserealestate.com\/wp-content\/uploads\/2025\/02\/add-immobilien-felanitx-portocolom-0005-2-1024x683.jpg"},"thumbnail":{"file":"add-immobilien-felanitx-portocolom-0005-2-150x150.jpg","width":150,"height":150,"mime-type":"image\/jpeg","filesize":3659,"url":"https:\/\/www.lucasfroeserealestate.com\/wp-content\/uploads\/2025\/02\/add-immobilien-felanitx-portocolom-0005-2-150x150.jpg"},"medium_large":{"file":"add-immobilien-felanitx-portocolom-0005-2-768x512.jpg","width":768,"height":512,"mime-type":"image\/jpeg","filesize":32615,"url":"https:\/\/www.lucasfroeserealestate.com\/wp-content\/uploads\/2025\/02\/add-immobilien-felanitx-portocolom-0005-2-768x512.jpg"},"1536x1536":{"file":"add-immobilien-felanitx-portocolom-0005-2-1536x1024.jpg","width":1536,"height":1024,"mime-type":"image\/jpeg","filesize":121940,"url":"https:\/\/www.lucasfroeserealestate.com\/wp-content\/uploads\/2025\/02\/add-immobilien-felanitx-portocolom-0005-2-1536x1024.jpg"},"2048x2048":{"file":"add-immobilien-felanitx-portocolom-0005-2-2048x1365.jpg","width":2048,"height":1365,"mime-type":"image\/jpeg","filesize":219986,"url":"https:\/\/www.lucasfroeserealestate.com\/wp-content\/uploads\/2025\/02\/add-immobilien-felanitx-portocolom-0005-2-2048x1365.jpg"},"post-thumbnail":{"file":"add-immobilien-felanitx-portocolom-0005-2-150x100.jpg","width":150,"height":100,"mime-type":"image\/jpeg","filesize":2936,"url":"https:\/\/www.lucasfroeserealestate.com\/wp-content\/uploads\/2025\/02\/add-immobilien-felanitx-portocolom-0005-2-150x100.jpg"},"modern-property-child-slider":{"file":"add-immobilien-felanitx-portocolom-0005-2-680x510.jpg","width":680,"height":510,"mime-type":"image\/jpeg","filesize":29258,"url":"https:\/\/www.lucasfroeserealestate.com\/wp-content\/uploads\/2025\/02\/add-immobilien-felanitx-portocolom-0005-2-680x510.jpg"},"property-thumb-image":{"file":"add-immobilien-felanitx-portocolom-0005-2-488x326.jpg","width":488,"height":326,"mime-type":"image\/jpeg","filesize":15508,"url":"https:\/\/www.lucasfroeserealestate.com\/wp-content\/uploads\/2025\/02\/add-immobilien-felanitx-portocolom-0005-2-488x326.jpg"},"property-detail-video-image":{"file":"add-immobilien-felanitx-portocolom-0005-2-818x417.jpg","width":818,"height":417,"mime-type":"image\/jpeg","filesize":26847,"url":"https:\/\/www.lucasfroeserealestate.com\/wp-content\/uploads\/2025\/02\/add-immobilien-felanitx-portocolom-0005-2-818x417.jpg"},"agent-image":{"file":"add-immobilien-felanitx-portocolom-0005-2-210x210.jpg","width":210,"height":210,"mime-type":"image\/jpeg","filesize":5883,"url":"https:\/\/www.lucasfroeserealestate.com\/wp-content\/uploads\/2025\/02\/add-immobilien-felanitx-portocolom-0005-2-210x210.jpg"},"partners-logo":{"file":"add-immobilien-felanitx-portocolom-0005-2-600x1600.jpg","width":600,"height":1600,"mime-type":"image\/jpeg","filesize":86858,"url":"https:\/\/www.lucasfroeserealestate.com\/wp-content\/uploads\/2025\/02\/add-immobilien-felanitx-portocolom-0005-2-600x1600.jpg"},"post-featured-image":{"file":"add-immobilien-felanitx-portocolom-0005-2-1240x720.jpg","width":1240,"height":720,"mime-type":"image\/jpeg","filesize":66259,"url":"https:\/\/www.lucasfroeserealestate.com\/wp-content\/uploads\/2025\/02\/add-immobilien-felanitx-portocolom-0005-2-1240x720.jpg"}},"image_meta":{"aperture":"0","credit":"","camera":"","caption":"Immobilien Felanitx und Portocolom Sant Salvador Berg","created_timestamp":"0","copyright":"","focal_length":"0","iso":"0","shutter_speed":"0","title":"Immobilien Felanitx und Portocolom Sant Salvador Berg","orientation":"1","keywords":["Immobilien Felanitx und Portocolom Sant Salvador Berg"]},"ID":"64070","name":"add-immobilien-felanitx-portocolom-0005-2.jpg","path":"\/home\/empleost\/domains\/lucasfroeserealestate.com\/public_html\/wp-content\/uploads\/2025\/02\/add-immobilien-felanitx-portocolom-0005-2.jpg","url":"https:\/\/www.lucasfroeserealestate.com\/wp-content\/uploads\/2025\/02\/add-immobilien-felanitx-portocolom-0005-2-150x150.jpg","full_url":"https:\/\/www.lucasfroeserealestate.com\/wp-content\/uploads\/2025\/02\/add-immobilien-felanitx-portocolom-0005-2.jpg","title":"Immobilien Felanitx und Portocolom Sant Salvador Berg","caption":"Immobilien Felanitx und Portocolom Sant Salvador Berg","description":"","alt":"Immobilien Felanitx und Portocolom Sant Salvador Berg","srcset":"https:\/\/www.lucasfroeserealestate.com\/wp-content\/uploads\/2025\/02\/add-immobilien-felanitx-portocolom-0005-2-150x150.jpg 150w, https:\/\/www.lucasfroeserealestate.com\/wp-content\/uploads\/2025\/02\/add-immobilien-felanitx-portocolom-0005-2-210x210.jpg 210w"},{"width":150,"height":150,"file":"2025\/02\/add-immobilien-felanitx-portocolom-0001-2.jpg","filesize":320361,"sizes":{"medium":{"file":"add-immobilien-felanitx-portocolom-0001-2-300x200.jpg","width":300,"height":200,"mime-type":"image\/jpeg","filesize":15068,"url":"https:\/\/www.lucasfroeserealestate.com\/wp-content\/uploads\/2025\/02\/add-immobilien-felanitx-portocolom-0001-2-300x200.jpg"},"large":{"file":"add-immobilien-felanitx-portocolom-0001-2-1024x683.jpg","width":1024,"height":683,"mime-type":"image\/jpeg","filesize":126705,"url":"https:\/\/www.lucasfroeserealestate.com\/wp-content\/uploads\/2025\/02\/add-immobilien-felanitx-portocolom-0001-2-1024x683.jpg"},"thumbnail":{"file":"add-immobilien-felanitx-portocolom-0001-2-150x150.jpg","width":150,"height":150,"mime-type":"image\/jpeg","filesize":6432,"url":"https:\/\/www.lucasfroeserealestate.com\/wp-content\/uploads\/2025\/02\/add-immobilien-felanitx-portocolom-0001-2-150x150.jpg"},"medium_large":{"file":"add-immobilien-felanitx-portocolom-0001-2-768x512.jpg","width":768,"height":512,"mime-type":"image\/jpeg","filesize":76596,"url":"https:\/\/www.lucasfroeserealestate.com\/wp-content\/uploads\/2025\/02\/add-immobilien-felanitx-portocolom-0001-2-768x512.jpg"},"1536x1536":{"file":"add-immobilien-felanitx-portocolom-0001-2-1536x1024.jpg","width":1536,"height":1024,"mime-type":"image\/jpeg","filesize":247134,"url":"https:\/\/www.lucasfroeserealestate.com\/wp-content\/uploads\/2025\/02\/add-immobilien-felanitx-portocolom-0001-2-1536x1024.jpg"},"2048x2048":{"file":"add-immobilien-felanitx-portocolom-0001-2-2048x1365.jpg","width":2048,"height":1365,"mime-type":"image\/jpeg","filesize":390777,"url":"https:\/\/www.lucasfroeserealestate.com\/wp-content\/uploads\/2025\/02\/add-immobilien-felanitx-portocolom-0001-2-2048x1365.jpg"},"post-thumbnail":{"file":"add-immobilien-felanitx-portocolom-0001-2-150x100.jpg","width":150,"height":100,"mime-type":"image\/jpeg","filesize":4952,"url":"https:\/\/www.lucasfroeserealestate.com\/wp-content\/uploads\/2025\/02\/add-immobilien-felanitx-portocolom-0001-2-150x100.jpg"},"modern-property-child-slider":{"file":"add-immobilien-felanitx-portocolom-0001-2-680x510.jpg","width":680,"height":510,"mime-type":"image\/jpeg","filesize":69870,"url":"https:\/\/www.lucasfroeserealestate.com\/wp-content\/uploads\/2025\/02\/add-immobilien-felanitx-portocolom-0001-2-680x510.jpg"},"property-thumb-image":{"file":"add-immobilien-felanitx-portocolom-0001-2-488x326.jpg","width":488,"height":326,"mime-type":"image\/jpeg","filesize":34995,"url":"https:\/\/www.lucasfroeserealestate.com\/wp-content\/uploads\/2025\/02\/add-immobilien-felanitx-portocolom-0001-2-488x326.jpg"},"property-detail-video-image":{"file":"add-immobilien-felanitx-portocolom-0001-2-818x417.jpg","width":818,"height":417,"mime-type":"image\/jpeg","filesize":68798,"url":"https:\/\/www.lucasfroeserealestate.com\/wp-content\/uploads\/2025\/02\/add-immobilien-felanitx-portocolom-0001-2-818x417.jpg"},"agent-image":{"file":"add-immobilien-felanitx-portocolom-0001-2-210x210.jpg","width":210,"height":210,"mime-type":"image\/jpeg","filesize":11422,"url":"https:\/\/www.lucasfroeserealestate.com\/wp-content\/uploads\/2025\/02\/add-immobilien-felanitx-portocolom-0001-2-210x210.jpg"},"partners-logo":{"file":"add-immobilien-felanitx-portocolom-0001-2-600x1600.jpg","width":600,"height":1600,"mime-type":"image\/jpeg","filesize":128323,"url":"https:\/\/www.lucasfroeserealestate.com\/wp-content\/uploads\/2025\/02\/add-immobilien-felanitx-portocolom-0001-2-600x1600.jpg"},"post-featured-image":{"file":"add-immobilien-felanitx-portocolom-0001-2-1240x720.jpg","width":1240,"height":720,"mime-type":"image\/jpeg","filesize":153285,"url":"https:\/\/www.lucasfroeserealestate.com\/wp-content\/uploads\/2025\/02\/add-immobilien-felanitx-portocolom-0001-2-1240x720.jpg"}},"image_meta":{"aperture":"0","credit":"","camera":"","caption":"Immobilien Felanitx und Portocolom Kirche Santa Margalida","created_timestamp":"0","copyright":"","focal_length":"0","iso":"0","shutter_speed":"0","title":"Immobilien Felanitx und Portocolom Kirche Santa Margalida","orientation":"1","keywords":["Immobilien Felanitx und Portocolom Kirche Santa Margalida"]},"ID":"64073","name":"add-immobilien-felanitx-portocolom-0001-2.jpg","path":"\/home\/empleost\/domains\/lucasfroeserealestate.com\/public_html\/wp-content\/uploads\/2025\/02\/add-immobilien-felanitx-portocolom-0001-2.jpg","url":"https:\/\/www.lucasfroeserealestate.com\/wp-content\/uploads\/2025\/02\/add-immobilien-felanitx-portocolom-0001-2-150x150.jpg","full_url":"https:\/\/www.lucasfroeserealestate.com\/wp-content\/uploads\/2025\/02\/add-immobilien-felanitx-portocolom-0001-2.jpg","title":"Immobilien Felanitx und Portocolom Kirche Santa Margalida","caption":"Immobilien Felanitx und Portocolom Kirche Santa Margalida","description":"","alt":"Immobilien Felanitx und Portocolom Kirche Santa Margalida","srcset":"https:\/\/www.lucasfroeserealestate.com\/wp-content\/uploads\/2025\/02\/add-immobilien-felanitx-portocolom-0001-2-150x150.jpg 150w, https:\/\/www.lucasfroeserealestate.com\/wp-content\/uploads\/2025\/02\/add-immobilien-felanitx-portocolom-0001-2-210x210.jpg 210w"}],"REAL_HOMES_change_gallery_slider_type":"","REAL_HOMES_gallery_slider_type":"thumb-on-right","inspiry_floor_plans":[],"inspiry_video_group":[],"REAL_HOMES_360_virtual_tour":"","REAL_HOMES_agent_display_option":"agent_info","REAL_HOMES_agents":["6675"],"REAL_HOMES_energy_class":"F","REAL_HOMES_energy_performance":"","REAL_HOMES_epc_current_rating":"","REAL_HOMES_epc_potential_rating":"","ere_property_schedule_tour":"","ere_property_schedule_time_slots":"","ere_property_schedule_description":"","REAL_HOMES_sticky":"","inspiry_property_label":"","inspiry_property_label_color":"","inspiry_property_tax":"","inspiry_additional_fee":"","REAL_HOMES_attachments":[],"inspiry_property_owner_name":"","inspiry_property_owner_contact":"","inspiry_property_owner_address":"","REAL_HOMES_property_private_note":"Estar\u00e9 de viaje desde hoy 30.10.2025 hasta final de a\u00f1o y no podr\u00e9 ser localizado. Por favor, no me env\u00edes correos ni mensajes de whatsapp directamente durante este tiempo, quedar\u00e1n sin respuesta. Durante mi ausencia, Adriana Kosciolek es la persona de contacto de la propiedad de la calle de la Mar, tambi\u00e9n tiene una llave y puede activar o desactivar la alarma si es necesario.  \n\nDatos de contacto Adriana - Tel.: +34 638 61 97 88, Mail: adrianakosc@gmail.com\n\nSi hay alguna visita durante mi ausencia, Adriana Kosciolek es la persona de contacto en mi lugar.\nN\u00famero de Adriana: +34 638 61 97 88. Si no puedes localizarla, prueba con Jos\u00e9 L\u00f3pez: +34 626 35 10 32.\n\nA\u00fan no tienes llave de la propiedad, pero te he preparado una y te la llevar\u00e9 en los pr\u00f3ximos d\u00edas.\n\nLa casa est\u00e1 asegurada con una alarma. El c\u00f3digo es 4402 . Adriana no puede activar o desactivar la alarma a distancia, debes hacerlo cuando tengas una visita. La alarma se activa o desactiva desde el dispositivo situado en el pal\u00e9 de madera de la pared larga a la izquierda despu\u00e9s de la entrada.   \n\nPara m\u00ed es muy importante que vuelvas a conectar la alarma despu\u00e9s de la visita y que se apaguen las luces de todas las plantas.\n\nPonte en contacto con Adriana para reservar tu visita, pero esto es s\u00f3lo a t\u00edtulo informativo.","inspiry_message_to_reviewer":"","REAL_HOMES_add_in_slider":"no","REAL_HOMES_slider_image":[],"REAL_HOMES_page_banner_image":[],"REAL_HOMES_hide_property_advance_search":"","inspiry_ausrichtung":"","inspiry_strasse":"","inspiry_hausnummer":"","inspiry_plz":"","inspiry_ort":"","inspiry_land":"","inspiry_new-build":"","inspiry_kyero_prime_activator":[],"inspiry_kyero_xml_format":[],"inspiry_openimmo_xml_format":[],"inspiry_idealista_xml_format":[],"inspiry_etagen":"","inspiry_etage_(wo_sich_die_wohnung_befindet,_sonst_0)":"","inspiry_gesamtfl\u00e4che\/bebaute_fl\u00e4che_(mehr_als_wohnfl\u00e4che*)":"","inspiry_anzahl_zimmer_sz_esszimmer_wohnzimmer_hobby_zimmer_usw":"","inspiry_anzahl_terrassen":"","inspiry_anzahl_wohneinheiten":"","inspiry_google_maps_link":"","inspiry_google_drive_link":"","inspiry_location_coordinates_gm":"","inspiry_erhaltungszustand_der_immobilie":"","inspiry_heizungsart":"","inspiry_qualit\u00e4t_der_ausstattung":"","inspiry_kauf\/miete":"","inspiry_kategorie":"","inspiry_typ":"","inspiry_art":"","inspiry_land_type_(only_plots)":"","inspiry_listed_by":"","inspiry_comission_(%)":"","inspiry_lage_beschreibung":"","inspiry_austattung_beschreibung":"","inspiry_bodenbelag":"","inspiry_distanz_zum_flughafen_(min)":"","inspiry_auftragsart":"","inspiry_keys":[],"inspiry_preis_pro_m2":"","inspiry_office_listed":"","inspiry_suchkriterien_extras":["Cerca del aeropuerto (35')","Con piscina","Edificio nuevo","Con proyecto de construcci\u00f3n","La mejor inversi\u00f3n"],"REAL_HOMES_custom_header_display":"","REAL_HOMES_custom_header_position":"","REAL_HOMES_custom_footer_display":"","REAL_HOMES_hide_advance_search":"","REAL_HOMES_custom_search_form":"","REAL_HOMES_search_form_margin_top":"","REAL_HOMES_search_form_margin_bottom":""},"_links":{"self":[{"href":"https:\/\/www.lucasfroeserealestate.com\/es\/wp-json\/wp\/v2\/immobilien\/63565","targetHints":{"allow":["GET"]}}],"collection":[{"href":"https:\/\/www.lucasfroeserealestate.com\/es\/wp-json\/wp\/v2\/immobilien"}],"about":[{"href":"https:\/\/www.lucasfroeserealestate.com\/es\/wp-json\/wp\/v2\/types\/property"}],"author":[{"embeddable":true,"href":"https:\/\/www.lucasfroeserealestate.com\/es\/wp-json\/wp\/v2\/users\/22"}],"replies":[{"embeddable":true,"href":"https:\/\/www.lucasfroeserealestate.com\/es\/wp-json\/wp\/v2\/comments?post=63565"}],"version-history":[{"count":1,"href":"https:\/\/www.lucasfroeserealestate.com\/es\/wp-json\/wp\/v2\/immobilien\/63565\/revisions"}],"predecessor-version":[{"id":79688,"href":"https:\/\/www.lucasfroeserealestate.com\/es\/wp-json\/wp\/v2\/immobilien\/63565\/revisions\/79688"}],"wp:featuredmedia":[{"embeddable":true,"href":"https:\/\/www.lucasfroeserealestate.com\/es\/wp-json\/wp\/v2\/media\/63557"}],"wp:attachment":[{"href":"https:\/\/www.lucasfroeserealestate.com\/es\/wp-json\/wp\/v2\/media?parent=63565"}],"wp:term":[{"taxonomy":"property-feature","embeddable":true,"href":"https:\/\/www.lucasfroeserealestate.com\/es\/wp-json\/wp\/v2\/immobilien-austattung?post=63565"},{"taxonomy":"property-type","embeddable":true,"href":"https:\/\/www.lucasfroeserealestate.com\/es\/wp-json\/wp\/v2\/immobilien-typ?post=63565"},{"taxonomy":"property-city","embeddable":true,"href":"https:\/\/www.lucasfroeserealestate.com\/es\/wp-json\/wp\/v2\/immobilien-ortschaft?post=63565"},{"taxonomy":"property-status","embeddable":true,"href":"https:\/\/www.lucasfroeserealestate.com\/es\/wp-json\/wp\/v2\/immobilien-status?post=63565"}],"curies":[{"name":"wp","href":"https:\/\/api.w.org\/{rel}","templated":true}]}}