{"id":56751,"date":"2022-09-27T14:21:04","date_gmt":"2022-09-27T12:21:04","guid":{"rendered":"https:\/\/www.lucasfroeserealestate.com\/immobilien\/chalet-con-jardin-en-porto-cristo\/"},"modified":"2025-12-04T16:45:58","modified_gmt":"2025-12-04T15:45:58","slug":"chalet-con-jardin-en-porto-cristo","status":"publish","type":"property","link":"https:\/\/www.lucasfroeserealestate.com\/es\/immobilien\/chalet-con-jardin-en-porto-cristo\/","title":{"rendered":"Chalet con jard\u00edn en Porto Cristo"},"content":{"rendered":"<p>Espectacular chalet para reformar en muy buena zona de Porto Cristo, a pocos metros de la playa.<\/p>\n<p>Est\u00e1 situada en una parcela de 418 m2 con varias terrazas y zona ajardinada. La casa tiene 166 m2 construidos, y se distribuye en 4 dormitorios, 2 ba\u00f1os, cocina, sal\u00f3n-comedor, y un amplio hall. Tiene una gran terraza con espacio suficiente y preparada para construir una piscina, y una terraza superior con vistas al mar. Tambi\u00e9n dispone de un amplio garaje.   <\/p>\n<p>No dudes en concertar una visita con uno de nuestros agentes.<\/p>\n<p>&nbsp;<\/p>\n","protected":false},"excerpt":{"rendered":"<p>Espectacular chalet para reformar en muy buena zona de Porto Cristo, a pocos metros de la playa. Est\u00e1 situada en una parcela de 418 m2 con varias terrazas y zona ajardinada. La casa tiene 166 m2 construidos, y se distribuye en 4 dormitorios, 2 ba\u00f1os, cocina, sal\u00f3n-comedor, y un amplio hall. Tiene una gran terraza&#8230;<\/p>\n","protected":false},"author":8,"featured_media":56710,"parent":0,"menu_order":0,"comment_status":"closed","ping_status":"closed","template":"","immobilien-austattung":[141,3573,2086,143,103,149,100,1505,150,3701,3504,109,1508,140],"immobilien-typ":[4193],"immobilien-ortschaft":[122],"immobilien-status":[114],"class_list":["post-56751","property","type-property","status-publish","has-post-thumbnail","hentry","property-feature-stadtwasser-es","property-feature-einbauschraenke-es","property-feature-dachterrasse-es","property-feature-casa-jardineria","property-feature-kamin-es","property-feature-garage-es","property-feature-garten-es","property-feature-gesa-strom-es","property-feature-parkplatz-es","property-feature-planta-baja","property-feature-precio-reducido","property-feature-terrasse-es","property-feature-umzaeunt-es","property-feature-meerblick-es","property-type-villas-es","property-city-portocristo-es","property-status-venta"],"property_meta":{"REAL_HOMES_property_price":"750000","REAL_HOMES_property_old_price":"","REAL_HOMES_property_price_prefix":"","REAL_HOMES_property_price_postfix":"","REAL_HOMES_property_size":"166","REAL_HOMES_property_size_postfix":"","REAL_HOMES_property_lot_size":"418","REAL_HOMES_property_lot_size_postfix":"","REAL_HOMES_property_bedrooms":"4","REAL_HOMES_property_bathrooms":"2","REAL_HOMES_property_garage":"1","REAL_HOMES_property_id":"LF0698","REAL_HOMES_property_year_built":"1960","rvr_property_owner":"","REAL_HOMES_featured":"","REAL_HOMES_additional_details_list":[],"REAL_HOMES_property_location":{"latitude":"39.54221236795","longitude":"3.3397071192346","zoom":"18"},"REAL_HOMES_property_address":"Mallorca, Illes Balears, Espa\u00f1a","REAL_HOMES_property_map":"0","REAL_HOMES_property_images":[{"width":150,"height":150,"file":"2024\/09\/IMG_0455-1.jpg","filesize":424879,"sizes":{"medium":{"file":"IMG_0455-1-300x225.jpg","width":300,"height":225,"mime-type":"image\/jpeg","filesize":40472,"url":"https:\/\/www.lucasfroeserealestate.com\/wp-content\/uploads\/2024\/09\/IMG_0455-1-300x225.jpg"},"large":{"file":"IMG_0455-1-1024x768.jpg","width":1024,"height":768,"mime-type":"image\/jpeg","filesize":152518,"url":"https:\/\/www.lucasfroeserealestate.com\/wp-content\/uploads\/2024\/09\/IMG_0455-1-1024x768.jpg"},"thumbnail":{"file":"IMG_0455-1-150x150.jpg","width":150,"height":150,"mime-type":"image\/jpeg","filesize":32916,"url":"https:\/\/www.lucasfroeserealestate.com\/wp-content\/uploads\/2024\/09\/IMG_0455-1-150x150.jpg"},"medium_large":{"file":"IMG_0455-1-768x576.jpg","width":768,"height":576,"mime-type":"image\/jpeg","filesize":98330,"url":"https:\/\/www.lucasfroeserealestate.com\/wp-content\/uploads\/2024\/09\/IMG_0455-1-768x576.jpg"},"1536x1536":{"file":"IMG_0455-1-1536x1152.jpg","width":1536,"height":1152,"mime-type":"image\/jpeg","filesize":308572,"url":"https:\/\/www.lucasfroeserealestate.com\/wp-content\/uploads\/2024\/09\/IMG_0455-1-1536x1152.jpg"},"2048x2048":{"file":"IMG_0455-1-2048x1536.jpg","width":2048,"height":1536,"mime-type":"image\/jpeg","filesize":508032,"url":"https:\/\/www.lucasfroeserealestate.com\/wp-content\/uploads\/2024\/09\/IMG_0455-1-2048x1536.jpg"},"post-thumbnail":{"file":"IMG_0455-1-150x113.jpg","width":150,"height":113,"mime-type":"image\/jpeg","filesize":31940,"url":"https:\/\/www.lucasfroeserealestate.com\/wp-content\/uploads\/2024\/09\/IMG_0455-1-150x113.jpg"},"modern-property-child-slider":{"file":"IMG_0455-1-680x510.jpg","width":680,"height":510,"mime-type":"image\/jpeg","filesize":83504,"url":"https:\/\/www.lucasfroeserealestate.com\/wp-content\/uploads\/2024\/09\/IMG_0455-1-680x510.jpg"},"property-thumb-image":{"file":"IMG_0455-1-488x326.jpg","width":488,"height":326,"mime-type":"image\/jpeg","filesize":55246,"url":"https:\/\/www.lucasfroeserealestate.com\/wp-content\/uploads\/2024\/09\/IMG_0455-1-488x326.jpg"},"property-detail-video-image":{"file":"IMG_0455-1-818x417.jpg","width":818,"height":417,"mime-type":"image\/jpeg","filesize":88454,"url":"https:\/\/www.lucasfroeserealestate.com\/wp-content\/uploads\/2024\/09\/IMG_0455-1-818x417.jpg"},"agent-image":{"file":"IMG_0455-1-210x210.jpg","width":210,"height":210,"mime-type":"image\/jpeg","filesize":36749,"url":"https:\/\/www.lucasfroeserealestate.com\/wp-content\/uploads\/2024\/09\/IMG_0455-1-210x210.jpg"},"partners-logo":{"file":"IMG_0455-1-600x1800.jpg","width":600,"height":1800,"mime-type":"image\/jpeg","filesize":211891,"url":"https:\/\/www.lucasfroeserealestate.com\/wp-content\/uploads\/2024\/09\/IMG_0455-1-600x1800.jpg"},"post-featured-image":{"file":"IMG_0455-1-1240x720.jpg","width":1240,"height":720,"mime-type":"image\/jpeg","filesize":175666,"url":"https:\/\/www.lucasfroeserealestate.com\/wp-content\/uploads\/2024\/09\/IMG_0455-1-1240x720.jpg"}},"image_meta":{"aperture":"2.2","credit":"","camera":"iPhone 15 Pro","caption":"Haus mit Garten und Grundst\u00fcck","created_timestamp":"1726304728","copyright":"","focal_length":"2.2200000286119","iso":"64","shutter_speed":"0.01","title":"Haus mit Garten und Grundst\u00fcck","orientation":"0","keywords":["Haus mit Garten und Grundst\u00fcck"]},"ID":"56709","name":"IMG_0455-1.jpg","path":"\/home\/empleost\/domains\/lucasfroeserealestate.com\/public_html\/wp-content\/uploads\/2024\/09\/IMG_0455-1.jpg","url":"https:\/\/www.lucasfroeserealestate.com\/wp-content\/uploads\/2024\/09\/IMG_0455-1-150x150.jpg","full_url":"https:\/\/www.lucasfroeserealestate.com\/wp-content\/uploads\/2024\/09\/IMG_0455-1.jpg","title":"Haus mit Garten und Grundst\u00fcck","caption":"Haus mit Garten und Grundst\u00fcck","description":"","alt":"Haus mit Garten und Grundst\u00fcck","srcset":"https:\/\/www.lucasfroeserealestate.com\/wp-content\/uploads\/2024\/09\/IMG_0455-1-150x150.jpg 150w, https:\/\/www.lucasfroeserealestate.com\/wp-content\/uploads\/2024\/09\/IMG_0455-1-210x210.jpg 210w"},{"width":150,"height":150,"file":"2024\/09\/IMG_0456-1.jpg","filesize":514174,"sizes":{"medium":{"file":"IMG_0456-1-300x225.jpg","width":300,"height":225,"mime-type":"image\/jpeg","filesize":51526,"url":"https:\/\/www.lucasfroeserealestate.com\/wp-content\/uploads\/2024\/09\/IMG_0456-1-300x225.jpg"},"large":{"file":"IMG_0456-1-1024x768.jpg","width":1024,"height":768,"mime-type":"image\/jpeg","filesize":227922,"url":"https:\/\/www.lucasfroeserealestate.com\/wp-content\/uploads\/2024\/09\/IMG_0456-1-1024x768.jpg"},"thumbnail":{"file":"IMG_0456-1-150x150.jpg","width":150,"height":150,"mime-type":"image\/jpeg","filesize":39605,"url":"https:\/\/www.lucasfroeserealestate.com\/wp-content\/uploads\/2024\/09\/IMG_0456-1-150x150.jpg"},"medium_large":{"file":"IMG_0456-1-768x576.jpg","width":768,"height":576,"mime-type":"image\/jpeg","filesize":143123,"url":"https:\/\/www.lucasfroeserealestate.com\/wp-content\/uploads\/2024\/09\/IMG_0456-1-768x576.jpg"},"1536x1536":{"file":"IMG_0456-1-1536x1152.jpg","width":1536,"height":1152,"mime-type":"image\/jpeg","filesize":450750,"url":"https:\/\/www.lucasfroeserealestate.com\/wp-content\/uploads\/2024\/09\/IMG_0456-1-1536x1152.jpg"},"2048x2048":{"file":"IMG_0456-1-2048x1536.jpg","width":2048,"height":1536,"mime-type":"image\/jpeg","filesize":717221,"url":"https:\/\/www.lucasfroeserealestate.com\/wp-content\/uploads\/2024\/09\/IMG_0456-1-2048x1536.jpg"},"post-thumbnail":{"file":"IMG_0456-1-150x113.jpg","width":150,"height":113,"mime-type":"image\/jpeg","filesize":38888,"url":"https:\/\/www.lucasfroeserealestate.com\/wp-content\/uploads\/2024\/09\/IMG_0456-1-150x113.jpg"},"modern-property-child-slider":{"file":"IMG_0456-1-680x510.jpg","width":680,"height":510,"mime-type":"image\/jpeg","filesize":119901,"url":"https:\/\/www.lucasfroeserealestate.com\/wp-content\/uploads\/2024\/09\/IMG_0456-1-680x510.jpg"},"property-thumb-image":{"file":"IMG_0456-1-488x326.jpg","width":488,"height":326,"mime-type":"image\/jpeg","filesize":74206,"url":"https:\/\/www.lucasfroeserealestate.com\/wp-content\/uploads\/2024\/09\/IMG_0456-1-488x326.jpg"},"property-detail-video-image":{"file":"IMG_0456-1-818x417.jpg","width":818,"height":417,"mime-type":"image\/jpeg","filesize":122796,"url":"https:\/\/www.lucasfroeserealestate.com\/wp-content\/uploads\/2024\/09\/IMG_0456-1-818x417.jpg"},"agent-image":{"file":"IMG_0456-1-210x210.jpg","width":210,"height":210,"mime-type":"image\/jpeg","filesize":44705,"url":"https:\/\/www.lucasfroeserealestate.com\/wp-content\/uploads\/2024\/09\/IMG_0456-1-210x210.jpg"},"partners-logo":{"file":"IMG_0456-1-600x1800.jpg","width":600,"height":1800,"mime-type":"image\/jpeg","filesize":248377,"url":"https:\/\/www.lucasfroeserealestate.com\/wp-content\/uploads\/2024\/09\/IMG_0456-1-600x1800.jpg"},"post-featured-image":{"file":"IMG_0456-1-1240x720.jpg","width":1240,"height":720,"mime-type":"image\/jpeg","filesize":257637,"url":"https:\/\/www.lucasfroeserealestate.com\/wp-content\/uploads\/2024\/09\/IMG_0456-1-1240x720.jpg"}},"image_meta":{"aperture":"2.2","credit":"","camera":"iPhone 15 Pro","caption":"Sehr helles und ger\u00e4umiges Haus","created_timestamp":"1726304748","copyright":"","focal_length":"2.2200000286119","iso":"40","shutter_speed":"0.0011111111111111","title":"Sehr helles und ger\u00e4umiges Haus","orientation":"0","keywords":["Sehr helles und ger\u00e4umiges Haus"]},"ID":"56712","name":"IMG_0456-1.jpg","path":"\/home\/empleost\/domains\/lucasfroeserealestate.com\/public_html\/wp-content\/uploads\/2024\/09\/IMG_0456-1.jpg","url":"https:\/\/www.lucasfroeserealestate.com\/wp-content\/uploads\/2024\/09\/IMG_0456-1-150x150.jpg","full_url":"https:\/\/www.lucasfroeserealestate.com\/wp-content\/uploads\/2024\/09\/IMG_0456-1.jpg","title":"Sehr helles und ger\u00e4umiges Haus","caption":"Sehr helles und ger\u00e4umiges Haus","description":"","alt":"Sehr helles und ger\u00e4umiges Haus","srcset":"https:\/\/www.lucasfroeserealestate.com\/wp-content\/uploads\/2024\/09\/IMG_0456-1-150x150.jpg 150w, https:\/\/www.lucasfroeserealestate.com\/wp-content\/uploads\/2024\/09\/IMG_0456-1-210x210.jpg 210w"},{"width":150,"height":150,"file":"2024\/09\/IMG_0457-1.jpg","filesize":542497,"sizes":{"medium":{"file":"IMG_0457-1-300x225.jpg","width":300,"height":225,"mime-type":"image\/jpeg","filesize":49146,"url":"https:\/\/www.lucasfroeserealestate.com\/wp-content\/uploads\/2024\/09\/IMG_0457-1-300x225.jpg"},"large":{"file":"IMG_0457-1-1024x768.jpg","width":1024,"height":768,"mime-type":"image\/jpeg","filesize":207788,"url":"https:\/\/www.lucasfroeserealestate.com\/wp-content\/uploads\/2024\/09\/IMG_0457-1-1024x768.jpg"},"thumbnail":{"file":"IMG_0457-1-150x150.jpg","width":150,"height":150,"mime-type":"image\/jpeg","filesize":38341,"url":"https:\/\/www.lucasfroeserealestate.com\/wp-content\/uploads\/2024\/09\/IMG_0457-1-150x150.jpg"},"medium_large":{"file":"IMG_0457-1-768x576.jpg","width":768,"height":576,"mime-type":"image\/jpeg","filesize":131384,"url":"https:\/\/www.lucasfroeserealestate.com\/wp-content\/uploads\/2024\/09\/IMG_0457-1-768x576.jpg"},"1536x1536":{"file":"IMG_0457-1-1536x1152.jpg","width":1536,"height":1152,"mime-type":"image\/jpeg","filesize":413166,"url":"https:\/\/www.lucasfroeserealestate.com\/wp-content\/uploads\/2024\/09\/IMG_0457-1-1536x1152.jpg"},"2048x2048":{"file":"IMG_0457-1-2048x1536.jpg","width":2048,"height":1536,"mime-type":"image\/jpeg","filesize":662117,"url":"https:\/\/www.lucasfroeserealestate.com\/wp-content\/uploads\/2024\/09\/IMG_0457-1-2048x1536.jpg"},"post-thumbnail":{"file":"IMG_0457-1-150x113.jpg","width":150,"height":113,"mime-type":"image\/jpeg","filesize":37435,"url":"https:\/\/www.lucasfroeserealestate.com\/wp-content\/uploads\/2024\/09\/IMG_0457-1-150x113.jpg"},"modern-property-child-slider":{"file":"IMG_0457-1-680x510.jpg","width":680,"height":510,"mime-type":"image\/jpeg","filesize":110838,"url":"https:\/\/www.lucasfroeserealestate.com\/wp-content\/uploads\/2024\/09\/IMG_0457-1-680x510.jpg"},"property-thumb-image":{"file":"IMG_0457-1-488x326.jpg","width":488,"height":326,"mime-type":"image\/jpeg","filesize":69622,"url":"https:\/\/www.lucasfroeserealestate.com\/wp-content\/uploads\/2024\/09\/IMG_0457-1-488x326.jpg"},"property-detail-video-image":{"file":"IMG_0457-1-818x417.jpg","width":818,"height":417,"mime-type":"image\/jpeg","filesize":114744,"url":"https:\/\/www.lucasfroeserealestate.com\/wp-content\/uploads\/2024\/09\/IMG_0457-1-818x417.jpg"},"agent-image":{"file":"IMG_0457-1-210x210.jpg","width":210,"height":210,"mime-type":"image\/jpeg","filesize":43369,"url":"https:\/\/www.lucasfroeserealestate.com\/wp-content\/uploads\/2024\/09\/IMG_0457-1-210x210.jpg"},"partners-logo":{"file":"IMG_0457-1-600x1800.jpg","width":600,"height":1800,"mime-type":"image\/jpeg","filesize":225167,"url":"https:\/\/www.lucasfroeserealestate.com\/wp-content\/uploads\/2024\/09\/IMG_0457-1-600x1800.jpg"},"post-featured-image":{"file":"IMG_0457-1-1240x720.jpg","width":1240,"height":720,"mime-type":"image\/jpeg","filesize":233792,"url":"https:\/\/www.lucasfroeserealestate.com\/wp-content\/uploads\/2024\/09\/IMG_0457-1-1240x720.jpg"}},"image_meta":{"aperture":"2.2","credit":"","camera":"iPhone 15 Pro","caption":"Freistehendes Haus mit Meerblick","created_timestamp":"1726304761","copyright":"","focal_length":"2.2200000286119","iso":"50","shutter_speed":"0.00033333333333333","title":"Freistehendes Haus mit Meerblick","orientation":"0","keywords":["Freistehendes Haus mit Meerblick"]},"ID":"56715","name":"IMG_0457-1.jpg","path":"\/home\/empleost\/domains\/lucasfroeserealestate.com\/public_html\/wp-content\/uploads\/2024\/09\/IMG_0457-1.jpg","url":"https:\/\/www.lucasfroeserealestate.com\/wp-content\/uploads\/2024\/09\/IMG_0457-1-150x150.jpg","full_url":"https:\/\/www.lucasfroeserealestate.com\/wp-content\/uploads\/2024\/09\/IMG_0457-1.jpg","title":"Freistehendes Haus mit Meerblick","caption":"Freistehendes Haus mit Meerblick","description":"","alt":"Freistehendes Haus mit Meerblick","srcset":"https:\/\/www.lucasfroeserealestate.com\/wp-content\/uploads\/2024\/09\/IMG_0457-1-150x150.jpg 150w, https:\/\/www.lucasfroeserealestate.com\/wp-content\/uploads\/2024\/09\/IMG_0457-1-210x210.jpg 210w"},{"width":150,"height":150,"file":"2024\/09\/IMG_0458-1.jpg","filesize":560344,"sizes":{"medium":{"file":"IMG_0458-1-300x225.jpg","width":300,"height":225,"mime-type":"image\/jpeg","filesize":49864,"url":"https:\/\/www.lucasfroeserealestate.com\/wp-content\/uploads\/2024\/09\/IMG_0458-1-300x225.jpg"},"large":{"file":"IMG_0458-1-1024x768.jpg","width":1024,"height":768,"mime-type":"image\/jpeg","filesize":180396,"url":"https:\/\/www.lucasfroeserealestate.com\/wp-content\/uploads\/2024\/09\/IMG_0458-1-1024x768.jpg"},"thumbnail":{"file":"IMG_0458-1-150x150.jpg","width":150,"height":150,"mime-type":"image\/jpeg","filesize":38273,"url":"https:\/\/www.lucasfroeserealestate.com\/wp-content\/uploads\/2024\/09\/IMG_0458-1-150x150.jpg"},"medium_large":{"file":"IMG_0458-1-768x576.jpg","width":768,"height":576,"mime-type":"image\/jpeg","filesize":123365,"url":"https:\/\/www.lucasfroeserealestate.com\/wp-content\/uploads\/2024\/09\/IMG_0458-1-768x576.jpg"},"1536x1536":{"file":"IMG_0458-1-1536x1152.jpg","width":1536,"height":1152,"mime-type":"image\/jpeg","filesize":321561,"url":"https:\/\/www.lucasfroeserealestate.com\/wp-content\/uploads\/2024\/09\/IMG_0458-1-1536x1152.jpg"},"2048x2048":{"file":"IMG_0458-1-2048x1536.jpg","width":2048,"height":1536,"mime-type":"image\/jpeg","filesize":490537,"url":"https:\/\/www.lucasfroeserealestate.com\/wp-content\/uploads\/2024\/09\/IMG_0458-1-2048x1536.jpg"},"post-thumbnail":{"file":"IMG_0458-1-150x113.jpg","width":150,"height":113,"mime-type":"image\/jpeg","filesize":36873,"url":"https:\/\/www.lucasfroeserealestate.com\/wp-content\/uploads\/2024\/09\/IMG_0458-1-150x113.jpg"},"modern-property-child-slider":{"file":"IMG_0458-1-680x510.jpg","width":680,"height":510,"mime-type":"image\/jpeg","filesize":106432,"url":"https:\/\/www.lucasfroeserealestate.com\/wp-content\/uploads\/2024\/09\/IMG_0458-1-680x510.jpg"},"property-thumb-image":{"file":"IMG_0458-1-488x326.jpg","width":488,"height":326,"mime-type":"image\/jpeg","filesize":70705,"url":"https:\/\/www.lucasfroeserealestate.com\/wp-content\/uploads\/2024\/09\/IMG_0458-1-488x326.jpg"},"property-detail-video-image":{"file":"IMG_0458-1-818x417.jpg","width":818,"height":417,"mime-type":"image\/jpeg","filesize":110141,"url":"https:\/\/www.lucasfroeserealestate.com\/wp-content\/uploads\/2024\/09\/IMG_0458-1-818x417.jpg"},"agent-image":{"file":"IMG_0458-1-210x210.jpg","width":210,"height":210,"mime-type":"image\/jpeg","filesize":44115,"url":"https:\/\/www.lucasfroeserealestate.com\/wp-content\/uploads\/2024\/09\/IMG_0458-1-210x210.jpg"},"partners-logo":{"file":"IMG_0458-1-600x1800.jpg","width":600,"height":1800,"mime-type":"image\/jpeg","filesize":197916,"url":"https:\/\/www.lucasfroeserealestate.com\/wp-content\/uploads\/2024\/09\/IMG_0458-1-600x1800.jpg"},"post-featured-image":{"file":"IMG_0458-1-1240x720.jpg","width":1240,"height":720,"mime-type":"image\/jpeg","filesize":203090,"url":"https:\/\/www.lucasfroeserealestate.com\/wp-content\/uploads\/2024\/09\/IMG_0458-1-1240x720.jpg"}},"image_meta":{"aperture":"2.2","credit":"","camera":"iPhone 15 Pro","caption":"Freistehendes Haus in porto cristo","created_timestamp":"1726304785","copyright":"","focal_length":"2.2200000286119","iso":"400","shutter_speed":"0.02","title":"Freistehendes Haus in porto cristo","orientation":"0","keywords":["Freistehendes Haus in porto cristo"]},"ID":"56718","name":"IMG_0458-1.jpg","path":"\/home\/empleost\/domains\/lucasfroeserealestate.com\/public_html\/wp-content\/uploads\/2024\/09\/IMG_0458-1.jpg","url":"https:\/\/www.lucasfroeserealestate.com\/wp-content\/uploads\/2024\/09\/IMG_0458-1-150x150.jpg","full_url":"https:\/\/www.lucasfroeserealestate.com\/wp-content\/uploads\/2024\/09\/IMG_0458-1.jpg","title":"Freistehendes Haus in porto cristo","caption":"Freistehendes Haus in porto cristo","description":"","alt":"Freistehendes Haus in porto cristo","srcset":"https:\/\/www.lucasfroeserealestate.com\/wp-content\/uploads\/2024\/09\/IMG_0458-1-150x150.jpg 150w, https:\/\/www.lucasfroeserealestate.com\/wp-content\/uploads\/2024\/09\/IMG_0458-1-210x210.jpg 210w"},{"width":150,"height":150,"file":"2024\/09\/IMG_0459-1.jpg","filesize":476003,"sizes":{"medium":{"file":"IMG_0459-1-300x225.jpg","width":300,"height":225,"mime-type":"image\/jpeg","filesize":44414,"url":"https:\/\/www.lucasfroeserealestate.com\/wp-content\/uploads\/2024\/09\/IMG_0459-1-300x225.jpg"},"large":{"file":"IMG_0459-1-1024x768.jpg","width":1024,"height":768,"mime-type":"image\/jpeg","filesize":152604,"url":"https:\/\/www.lucasfroeserealestate.com\/wp-content\/uploads\/2024\/09\/IMG_0459-1-1024x768.jpg"},"thumbnail":{"file":"IMG_0459-1-150x150.jpg","width":150,"height":150,"mime-type":"image\/jpeg","filesize":35052,"url":"https:\/\/www.lucasfroeserealestate.com\/wp-content\/uploads\/2024\/09\/IMG_0459-1-150x150.jpg"},"medium_large":{"file":"IMG_0459-1-768x576.jpg","width":768,"height":576,"mime-type":"image\/jpeg","filesize":104556,"url":"https:\/\/www.lucasfroeserealestate.com\/wp-content\/uploads\/2024\/09\/IMG_0459-1-768x576.jpg"},"1536x1536":{"file":"IMG_0459-1-1536x1152.jpg","width":1536,"height":1152,"mime-type":"image\/jpeg","filesize":271868,"url":"https:\/\/www.lucasfroeserealestate.com\/wp-content\/uploads\/2024\/09\/IMG_0459-1-1536x1152.jpg"},"2048x2048":{"file":"IMG_0459-1-2048x1536.jpg","width":2048,"height":1536,"mime-type":"image\/jpeg","filesize":420080,"url":"https:\/\/www.lucasfroeserealestate.com\/wp-content\/uploads\/2024\/09\/IMG_0459-1-2048x1536.jpg"},"post-thumbnail":{"file":"IMG_0459-1-150x113.jpg","width":150,"height":113,"mime-type":"image\/jpeg","filesize":33955,"url":"https:\/\/www.lucasfroeserealestate.com\/wp-content\/uploads\/2024\/09\/IMG_0459-1-150x113.jpg"},"modern-property-child-slider":{"file":"IMG_0459-1-680x510.jpg","width":680,"height":510,"mime-type":"image\/jpeg","filesize":90663,"url":"https:\/\/www.lucasfroeserealestate.com\/wp-content\/uploads\/2024\/09\/IMG_0459-1-680x510.jpg"},"property-thumb-image":{"file":"IMG_0459-1-488x326.jpg","width":488,"height":326,"mime-type":"image\/jpeg","filesize":60977,"url":"https:\/\/www.lucasfroeserealestate.com\/wp-content\/uploads\/2024\/09\/IMG_0459-1-488x326.jpg"},"property-detail-video-image":{"file":"IMG_0459-1-818x417.jpg","width":818,"height":417,"mime-type":"image\/jpeg","filesize":92278,"url":"https:\/\/www.lucasfroeserealestate.com\/wp-content\/uploads\/2024\/09\/IMG_0459-1-818x417.jpg"},"agent-image":{"file":"IMG_0459-1-210x210.jpg","width":210,"height":210,"mime-type":"image\/jpeg","filesize":39713,"url":"https:\/\/www.lucasfroeserealestate.com\/wp-content\/uploads\/2024\/09\/IMG_0459-1-210x210.jpg"},"partners-logo":{"file":"IMG_0459-1-600x1800.jpg","width":600,"height":1800,"mime-type":"image\/jpeg","filesize":167894,"url":"https:\/\/www.lucasfroeserealestate.com\/wp-content\/uploads\/2024\/09\/IMG_0459-1-600x1800.jpg"},"post-featured-image":{"file":"IMG_0459-1-1240x720.jpg","width":1240,"height":720,"mime-type":"image\/jpeg","filesize":169435,"url":"https:\/\/www.lucasfroeserealestate.com\/wp-content\/uploads\/2024\/09\/IMG_0459-1-1240x720.jpg"}},"image_meta":{"aperture":"2.2","credit":"","camera":"iPhone 15 Pro","caption":"Villa in Strandn\u00e4he","created_timestamp":"1726304796","copyright":"","focal_length":"2.2200000286119","iso":"800","shutter_speed":"0.02","title":"Villa in Strandn\u00e4he","orientation":"0","keywords":["Villa in Strandn\u00e4he "]},"ID":"56721","name":"IMG_0459-1.jpg","path":"\/home\/empleost\/domains\/lucasfroeserealestate.com\/public_html\/wp-content\/uploads\/2024\/09\/IMG_0459-1.jpg","url":"https:\/\/www.lucasfroeserealestate.com\/wp-content\/uploads\/2024\/09\/IMG_0459-1-150x150.jpg","full_url":"https:\/\/www.lucasfroeserealestate.com\/wp-content\/uploads\/2024\/09\/IMG_0459-1.jpg","title":"Villa in Strandn\u00e4he","caption":"Villa in Strandn\u00e4he","description":"","alt":"Villa in Strandn\u00e4he","srcset":"https:\/\/www.lucasfroeserealestate.com\/wp-content\/uploads\/2024\/09\/IMG_0459-1-150x150.jpg 150w, https:\/\/www.lucasfroeserealestate.com\/wp-content\/uploads\/2024\/09\/IMG_0459-1-210x210.jpg 210w"},{"width":150,"height":150,"file":"2024\/09\/IMG_0460-1.jpg","filesize":530874,"sizes":{"medium":{"file":"IMG_0460-1-300x225.jpg","width":300,"height":225,"mime-type":"image\/jpeg","filesize":45674,"url":"https:\/\/www.lucasfroeserealestate.com\/wp-content\/uploads\/2024\/09\/IMG_0460-1-300x225.jpg"},"large":{"file":"IMG_0460-1-1024x768.jpg","width":1024,"height":768,"mime-type":"image\/jpeg","filesize":167176,"url":"https:\/\/www.lucasfroeserealestate.com\/wp-content\/uploads\/2024\/09\/IMG_0460-1-1024x768.jpg"},"thumbnail":{"file":"IMG_0460-1-150x150.jpg","width":150,"height":150,"mime-type":"image\/jpeg","filesize":35736,"url":"https:\/\/www.lucasfroeserealestate.com\/wp-content\/uploads\/2024\/09\/IMG_0460-1-150x150.jpg"},"medium_large":{"file":"IMG_0460-1-768x576.jpg","width":768,"height":576,"mime-type":"image\/jpeg","filesize":113455,"url":"https:\/\/www.lucasfroeserealestate.com\/wp-content\/uploads\/2024\/09\/IMG_0460-1-768x576.jpg"},"1536x1536":{"file":"IMG_0460-1-1536x1152.jpg","width":1536,"height":1152,"mime-type":"image\/jpeg","filesize":301109,"url":"https:\/\/www.lucasfroeserealestate.com\/wp-content\/uploads\/2024\/09\/IMG_0460-1-1536x1152.jpg"},"2048x2048":{"file":"IMG_0460-1-2048x1536.jpg","width":2048,"height":1536,"mime-type":"image\/jpeg","filesize":462075,"url":"https:\/\/www.lucasfroeserealestate.com\/wp-content\/uploads\/2024\/09\/IMG_0460-1-2048x1536.jpg"},"post-thumbnail":{"file":"IMG_0460-1-150x113.jpg","width":150,"height":113,"mime-type":"image\/jpeg","filesize":34229,"url":"https:\/\/www.lucasfroeserealestate.com\/wp-content\/uploads\/2024\/09\/IMG_0460-1-150x113.jpg"},"modern-property-child-slider":{"file":"IMG_0460-1-680x510.jpg","width":680,"height":510,"mime-type":"image\/jpeg","filesize":97358,"url":"https:\/\/www.lucasfroeserealestate.com\/wp-content\/uploads\/2024\/09\/IMG_0460-1-680x510.jpg"},"property-thumb-image":{"file":"IMG_0460-1-488x326.jpg","width":488,"height":326,"mime-type":"image\/jpeg","filesize":64883,"url":"https:\/\/www.lucasfroeserealestate.com\/wp-content\/uploads\/2024\/09\/IMG_0460-1-488x326.jpg"},"property-detail-video-image":{"file":"IMG_0460-1-818x417.jpg","width":818,"height":417,"mime-type":"image\/jpeg","filesize":103294,"url":"https:\/\/www.lucasfroeserealestate.com\/wp-content\/uploads\/2024\/09\/IMG_0460-1-818x417.jpg"},"agent-image":{"file":"IMG_0460-1-210x210.jpg","width":210,"height":210,"mime-type":"image\/jpeg","filesize":41164,"url":"https:\/\/www.lucasfroeserealestate.com\/wp-content\/uploads\/2024\/09\/IMG_0460-1-210x210.jpg"},"partners-logo":{"file":"IMG_0460-1-600x1800.jpg","width":600,"height":1800,"mime-type":"image\/jpeg","filesize":183909,"url":"https:\/\/www.lucasfroeserealestate.com\/wp-content\/uploads\/2024\/09\/IMG_0460-1-600x1800.jpg"},"post-featured-image":{"file":"IMG_0460-1-1240x720.jpg","width":1240,"height":720,"mime-type":"image\/jpeg","filesize":192676,"url":"https:\/\/www.lucasfroeserealestate.com\/wp-content\/uploads\/2024\/09\/IMG_0460-1-1240x720.jpg"}},"image_meta":{"aperture":"2.2","credit":"","camera":"iPhone 15 Pro","caption":"Villa mit gro\u00dfer Terrasse","created_timestamp":"1726304948","copyright":"","focal_length":"2.2200000286119","iso":"320","shutter_speed":"0.02","title":"Villa mit gro\u00dfer Terrasse","orientation":"0","keywords":["Villa mit gro\u00dfer Terrasse"]},"ID":"56724","name":"IMG_0460-1.jpg","path":"\/home\/empleost\/domains\/lucasfroeserealestate.com\/public_html\/wp-content\/uploads\/2024\/09\/IMG_0460-1.jpg","url":"https:\/\/www.lucasfroeserealestate.com\/wp-content\/uploads\/2024\/09\/IMG_0460-1-150x150.jpg","full_url":"https:\/\/www.lucasfroeserealestate.com\/wp-content\/uploads\/2024\/09\/IMG_0460-1.jpg","title":"Villa mit gro\u00dfer Terrasse","caption":"Villa mit gro\u00dfer Terrasse","description":"","alt":"Villa mit gro\u00dfer Terrasse","srcset":"https:\/\/www.lucasfroeserealestate.com\/wp-content\/uploads\/2024\/09\/IMG_0460-1-150x150.jpg 150w, https:\/\/www.lucasfroeserealestate.com\/wp-content\/uploads\/2024\/09\/IMG_0460-1-210x210.jpg 210w"},{"width":150,"height":150,"file":"2024\/09\/IMG_0461-1.jpg","filesize":488375,"sizes":{"medium":{"file":"IMG_0461-1-300x225.jpg","width":300,"height":225,"mime-type":"image\/jpeg","filesize":43419,"url":"https:\/\/www.lucasfroeserealestate.com\/wp-content\/uploads\/2024\/09\/IMG_0461-1-300x225.jpg"},"large":{"file":"IMG_0461-1-1024x768.jpg","width":1024,"height":768,"mime-type":"image\/jpeg","filesize":146491,"url":"https:\/\/www.lucasfroeserealestate.com\/wp-content\/uploads\/2024\/09\/IMG_0461-1-1024x768.jpg"},"thumbnail":{"file":"IMG_0461-1-150x150.jpg","width":150,"height":150,"mime-type":"image\/jpeg","filesize":34500,"url":"https:\/\/www.lucasfroeserealestate.com\/wp-content\/uploads\/2024\/09\/IMG_0461-1-150x150.jpg"},"medium_large":{"file":"IMG_0461-1-768x576.jpg","width":768,"height":576,"mime-type":"image\/jpeg","filesize":100721,"url":"https:\/\/www.lucasfroeserealestate.com\/wp-content\/uploads\/2024\/09\/IMG_0461-1-768x576.jpg"},"1536x1536":{"file":"IMG_0461-1-1536x1152.jpg","width":1536,"height":1152,"mime-type":"image\/jpeg","filesize":267388,"url":"https:\/\/www.lucasfroeserealestate.com\/wp-content\/uploads\/2024\/09\/IMG_0461-1-1536x1152.jpg"},"2048x2048":{"file":"IMG_0461-1-2048x1536.jpg","width":2048,"height":1536,"mime-type":"image\/jpeg","filesize":423627,"url":"https:\/\/www.lucasfroeserealestate.com\/wp-content\/uploads\/2024\/09\/IMG_0461-1-2048x1536.jpg"},"post-thumbnail":{"file":"IMG_0461-1-150x113.jpg","width":150,"height":113,"mime-type":"image\/jpeg","filesize":33140,"url":"https:\/\/www.lucasfroeserealestate.com\/wp-content\/uploads\/2024\/09\/IMG_0461-1-150x113.jpg"},"modern-property-child-slider":{"file":"IMG_0461-1-680x510.jpg","width":680,"height":510,"mime-type":"image\/jpeg","filesize":87282,"url":"https:\/\/www.lucasfroeserealestate.com\/wp-content\/uploads\/2024\/09\/IMG_0461-1-680x510.jpg"},"property-thumb-image":{"file":"IMG_0461-1-488x326.jpg","width":488,"height":326,"mime-type":"image\/jpeg","filesize":59353,"url":"https:\/\/www.lucasfroeserealestate.com\/wp-content\/uploads\/2024\/09\/IMG_0461-1-488x326.jpg"},"property-detail-video-image":{"file":"IMG_0461-1-818x417.jpg","width":818,"height":417,"mime-type":"image\/jpeg","filesize":87755,"url":"https:\/\/www.lucasfroeserealestate.com\/wp-content\/uploads\/2024\/09\/IMG_0461-1-818x417.jpg"},"agent-image":{"file":"IMG_0461-1-210x210.jpg","width":210,"height":210,"mime-type":"image\/jpeg","filesize":39261,"url":"https:\/\/www.lucasfroeserealestate.com\/wp-content\/uploads\/2024\/09\/IMG_0461-1-210x210.jpg"},"partners-logo":{"file":"IMG_0461-1-600x1800.jpg","width":600,"height":1800,"mime-type":"image\/jpeg","filesize":179275,"url":"https:\/\/www.lucasfroeserealestate.com\/wp-content\/uploads\/2024\/09\/IMG_0461-1-600x1800.jpg"},"post-featured-image":{"file":"IMG_0461-1-1240x720.jpg","width":1240,"height":720,"mime-type":"image\/jpeg","filesize":161956,"url":"https:\/\/www.lucasfroeserealestate.com\/wp-content\/uploads\/2024\/09\/IMG_0461-1-1240x720.jpg"}},"image_meta":{"aperture":"2.2","credit":"","camera":"iPhone 15 Pro","caption":"","created_timestamp":"1726304961","copyright":"","focal_length":"2.2200000286119","iso":"500","shutter_speed":"0.02","title":"","orientation":"0","keywords":[]},"ID":"56727","name":"IMG_0461-1.jpg","path":"\/home\/empleost\/domains\/lucasfroeserealestate.com\/public_html\/wp-content\/uploads\/2024\/09\/IMG_0461-1.jpg","url":"https:\/\/www.lucasfroeserealestate.com\/wp-content\/uploads\/2024\/09\/IMG_0461-1-150x150.jpg","full_url":"https:\/\/www.lucasfroeserealestate.com\/wp-content\/uploads\/2024\/09\/IMG_0461-1.jpg","title":"IMG_0461","caption":"","description":"","alt":"","srcset":"https:\/\/www.lucasfroeserealestate.com\/wp-content\/uploads\/2024\/09\/IMG_0461-1-150x150.jpg 150w, https:\/\/www.lucasfroeserealestate.com\/wp-content\/uploads\/2024\/09\/IMG_0461-1-210x210.jpg 210w"},{"width":150,"height":150,"file":"2024\/09\/IMG_0462-1.jpg","filesize":414439,"sizes":{"medium":{"file":"IMG_0462-1-300x225.jpg","width":300,"height":225,"mime-type":"image\/jpeg","filesize":36999,"url":"https:\/\/www.lucasfroeserealestate.com\/wp-content\/uploads\/2024\/09\/IMG_0462-1-300x225.jpg"},"large":{"file":"IMG_0462-1-1024x768.jpg","width":1024,"height":768,"mime-type":"image\/jpeg","filesize":120692,"url":"https:\/\/www.lucasfroeserealestate.com\/wp-content\/uploads\/2024\/09\/IMG_0462-1-1024x768.jpg"},"thumbnail":{"file":"IMG_0462-1-150x150.jpg","width":150,"height":150,"mime-type":"image\/jpeg","filesize":30046,"url":"https:\/\/www.lucasfroeserealestate.com\/wp-content\/uploads\/2024\/09\/IMG_0462-1-150x150.jpg"},"medium_large":{"file":"IMG_0462-1-768x576.jpg","width":768,"height":576,"mime-type":"image\/jpeg","filesize":82422,"url":"https:\/\/www.lucasfroeserealestate.com\/wp-content\/uploads\/2024\/09\/IMG_0462-1-768x576.jpg"},"1536x1536":{"file":"IMG_0462-1-1536x1152.jpg","width":1536,"height":1152,"mime-type":"image\/jpeg","filesize":224397,"url":"https:\/\/www.lucasfroeserealestate.com\/wp-content\/uploads\/2024\/09\/IMG_0462-1-1536x1152.jpg"},"2048x2048":{"file":"IMG_0462-1-2048x1536.jpg","width":2048,"height":1536,"mime-type":"image\/jpeg","filesize":359354,"url":"https:\/\/www.lucasfroeserealestate.com\/wp-content\/uploads\/2024\/09\/IMG_0462-1-2048x1536.jpg"},"post-thumbnail":{"file":"IMG_0462-1-150x113.jpg","width":150,"height":113,"mime-type":"image\/jpeg","filesize":29115,"url":"https:\/\/www.lucasfroeserealestate.com\/wp-content\/uploads\/2024\/09\/IMG_0462-1-150x113.jpg"},"modern-property-child-slider":{"file":"IMG_0462-1-680x510.jpg","width":680,"height":510,"mime-type":"image\/jpeg","filesize":71501,"url":"https:\/\/www.lucasfroeserealestate.com\/wp-content\/uploads\/2024\/09\/IMG_0462-1-680x510.jpg"},"property-thumb-image":{"file":"IMG_0462-1-488x326.jpg","width":488,"height":326,"mime-type":"image\/jpeg","filesize":49246,"url":"https:\/\/www.lucasfroeserealestate.com\/wp-content\/uploads\/2024\/09\/IMG_0462-1-488x326.jpg"},"property-detail-video-image":{"file":"IMG_0462-1-818x417.jpg","width":818,"height":417,"mime-type":"image\/jpeg","filesize":71758,"url":"https:\/\/www.lucasfroeserealestate.com\/wp-content\/uploads\/2024\/09\/IMG_0462-1-818x417.jpg"},"agent-image":{"file":"IMG_0462-1-210x210.jpg","width":210,"height":210,"mime-type":"image\/jpeg","filesize":33501,"url":"https:\/\/www.lucasfroeserealestate.com\/wp-content\/uploads\/2024\/09\/IMG_0462-1-210x210.jpg"},"partners-logo":{"file":"IMG_0462-1-600x1800.jpg","width":600,"height":1800,"mime-type":"image\/jpeg","filesize":162345,"url":"https:\/\/www.lucasfroeserealestate.com\/wp-content\/uploads\/2024\/09\/IMG_0462-1-600x1800.jpg"},"post-featured-image":{"file":"IMG_0462-1-1240x720.jpg","width":1240,"height":720,"mime-type":"image\/jpeg","filesize":135085,"url":"https:\/\/www.lucasfroeserealestate.com\/wp-content\/uploads\/2024\/09\/IMG_0462-1-1240x720.jpg"}},"image_meta":{"aperture":"2.2","credit":"","camera":"iPhone 15 Pro","caption":"Haus in porto cristo mit Meerblick","created_timestamp":"1726304975","copyright":"","focal_length":"2.2200000286119","iso":"250","shutter_speed":"0.02","title":"Haus in porto cristo mit Meerblick","orientation":"0","keywords":["Haus in porto cristo mit Meerblick"]},"ID":"56730","name":"IMG_0462-1.jpg","path":"\/home\/empleost\/domains\/lucasfroeserealestate.com\/public_html\/wp-content\/uploads\/2024\/09\/IMG_0462-1.jpg","url":"https:\/\/www.lucasfroeserealestate.com\/wp-content\/uploads\/2024\/09\/IMG_0462-1-150x150.jpg","full_url":"https:\/\/www.lucasfroeserealestate.com\/wp-content\/uploads\/2024\/09\/IMG_0462-1.jpg","title":"Haus in porto cristo mit Meerblick","caption":"Haus in porto cristo mit Meerblick","description":"","alt":"Haus in porto cristo mit Meerblick","srcset":"https:\/\/www.lucasfroeserealestate.com\/wp-content\/uploads\/2024\/09\/IMG_0462-1-150x150.jpg 150w, https:\/\/www.lucasfroeserealestate.com\/wp-content\/uploads\/2024\/09\/IMG_0462-1-210x210.jpg 210w"},{"width":150,"height":150,"file":"2024\/09\/IMG_0463-1.jpg","filesize":550776,"sizes":{"medium":{"file":"IMG_0463-1-300x225.jpg","width":300,"height":225,"mime-type":"image\/jpeg","filesize":49921,"url":"https:\/\/www.lucasfroeserealestate.com\/wp-content\/uploads\/2024\/09\/IMG_0463-1-300x225.jpg"},"large":{"file":"IMG_0463-1-1024x768.jpg","width":1024,"height":768,"mime-type":"image\/jpeg","filesize":180517,"url":"https:\/\/www.lucasfroeserealestate.com\/wp-content\/uploads\/2024\/09\/IMG_0463-1-1024x768.jpg"},"thumbnail":{"file":"IMG_0463-1-150x150.jpg","width":150,"height":150,"mime-type":"image\/jpeg","filesize":38375,"url":"https:\/\/www.lucasfroeserealestate.com\/wp-content\/uploads\/2024\/09\/IMG_0463-1-150x150.jpg"},"medium_large":{"file":"IMG_0463-1-768x576.jpg","width":768,"height":576,"mime-type":"image\/jpeg","filesize":123453,"url":"https:\/\/www.lucasfroeserealestate.com\/wp-content\/uploads\/2024\/09\/IMG_0463-1-768x576.jpg"},"1536x1536":{"file":"IMG_0463-1-1536x1152.jpg","width":1536,"height":1152,"mime-type":"image\/jpeg","filesize":320149,"url":"https:\/\/www.lucasfroeserealestate.com\/wp-content\/uploads\/2024\/09\/IMG_0463-1-1536x1152.jpg"},"2048x2048":{"file":"IMG_0463-1-2048x1536.jpg","width":2048,"height":1536,"mime-type":"image\/jpeg","filesize":485688,"url":"https:\/\/www.lucasfroeserealestate.com\/wp-content\/uploads\/2024\/09\/IMG_0463-1-2048x1536.jpg"},"post-thumbnail":{"file":"IMG_0463-1-150x113.jpg","width":150,"height":113,"mime-type":"image\/jpeg","filesize":37113,"url":"https:\/\/www.lucasfroeserealestate.com\/wp-content\/uploads\/2024\/09\/IMG_0463-1-150x113.jpg"},"modern-property-child-slider":{"file":"IMG_0463-1-680x510.jpg","width":680,"height":510,"mime-type":"image\/jpeg","filesize":106508,"url":"https:\/\/www.lucasfroeserealestate.com\/wp-content\/uploads\/2024\/09\/IMG_0463-1-680x510.jpg"},"property-thumb-image":{"file":"IMG_0463-1-488x326.jpg","width":488,"height":326,"mime-type":"image\/jpeg","filesize":70212,"url":"https:\/\/www.lucasfroeserealestate.com\/wp-content\/uploads\/2024\/09\/IMG_0463-1-488x326.jpg"},"property-detail-video-image":{"file":"IMG_0463-1-818x417.jpg","width":818,"height":417,"mime-type":"image\/jpeg","filesize":106552,"url":"https:\/\/www.lucasfroeserealestate.com\/wp-content\/uploads\/2024\/09\/IMG_0463-1-818x417.jpg"},"agent-image":{"file":"IMG_0463-1-210x210.jpg","width":210,"height":210,"mime-type":"image\/jpeg","filesize":44216,"url":"https:\/\/www.lucasfroeserealestate.com\/wp-content\/uploads\/2024\/09\/IMG_0463-1-210x210.jpg"},"partners-logo":{"file":"IMG_0463-1-600x1800.jpg","width":600,"height":1800,"mime-type":"image\/jpeg","filesize":210858,"url":"https:\/\/www.lucasfroeserealestate.com\/wp-content\/uploads\/2024\/09\/IMG_0463-1-600x1800.jpg"},"post-featured-image":{"file":"IMG_0463-1-1240x720.jpg","width":1240,"height":720,"mime-type":"image\/jpeg","filesize":197411,"url":"https:\/\/www.lucasfroeserealestate.com\/wp-content\/uploads\/2024\/09\/IMG_0463-1-1240x720.jpg"}},"image_meta":{"aperture":"2.2","credit":"","camera":"iPhone 15 Pro","caption":"Gro\u00dfe Villa in Porto Cristo zu reformieren","created_timestamp":"1726304987","copyright":"","focal_length":"2.2200000286119","iso":"400","shutter_speed":"0.02","title":"Gro\u00dfe Villa in Porto Cristo zu reformieren","orientation":"0","keywords":["Gro\u00dfe Villa in Porto Cristo zu reformieren"]},"ID":"56733","name":"IMG_0463-1.jpg","path":"\/home\/empleost\/domains\/lucasfroeserealestate.com\/public_html\/wp-content\/uploads\/2024\/09\/IMG_0463-1.jpg","url":"https:\/\/www.lucasfroeserealestate.com\/wp-content\/uploads\/2024\/09\/IMG_0463-1-150x150.jpg","full_url":"https:\/\/www.lucasfroeserealestate.com\/wp-content\/uploads\/2024\/09\/IMG_0463-1.jpg","title":"Gro\u00dfe Villa in Porto Cristo zu reformieren","caption":"Gro\u00dfe Villa in Porto Cristo zu reformieren","description":"","alt":"Gro\u00dfe Villa in Porto Cristo zu reformieren","srcset":"https:\/\/www.lucasfroeserealestate.com\/wp-content\/uploads\/2024\/09\/IMG_0463-1-150x150.jpg 150w, https:\/\/www.lucasfroeserealestate.com\/wp-content\/uploads\/2024\/09\/IMG_0463-1-210x210.jpg 210w"},{"width":150,"height":150,"file":"2024\/09\/IMG_0464-1.jpg","filesize":511687,"sizes":{"medium":{"file":"IMG_0464-1-300x225.jpg","width":300,"height":225,"mime-type":"image\/jpeg","filesize":44935,"url":"https:\/\/www.lucasfroeserealestate.com\/wp-content\/uploads\/2024\/09\/IMG_0464-1-300x225.jpg"},"large":{"file":"IMG_0464-1-1024x768.jpg","width":1024,"height":768,"mime-type":"image\/jpeg","filesize":178486,"url":"https:\/\/www.lucasfroeserealestate.com\/wp-content\/uploads\/2024\/09\/IMG_0464-1-1024x768.jpg"},"thumbnail":{"file":"IMG_0464-1-150x150.jpg","width":150,"height":150,"mime-type":"image\/jpeg","filesize":35485,"url":"https:\/\/www.lucasfroeserealestate.com\/wp-content\/uploads\/2024\/09\/IMG_0464-1-150x150.jpg"},"medium_large":{"file":"IMG_0464-1-768x576.jpg","width":768,"height":576,"mime-type":"image\/jpeg","filesize":114447,"url":"https:\/\/www.lucasfroeserealestate.com\/wp-content\/uploads\/2024\/09\/IMG_0464-1-768x576.jpg"},"1536x1536":{"file":"IMG_0464-1-1536x1152.jpg","width":1536,"height":1152,"mime-type":"image\/jpeg","filesize":351174,"url":"https:\/\/www.lucasfroeserealestate.com\/wp-content\/uploads\/2024\/09\/IMG_0464-1-1536x1152.jpg"},"2048x2048":{"file":"IMG_0464-1-2048x1536.jpg","width":2048,"height":1536,"mime-type":"image\/jpeg","filesize":562091,"url":"https:\/\/www.lucasfroeserealestate.com\/wp-content\/uploads\/2024\/09\/IMG_0464-1-2048x1536.jpg"},"post-thumbnail":{"file":"IMG_0464-1-150x113.jpg","width":150,"height":113,"mime-type":"image\/jpeg","filesize":34689,"url":"https:\/\/www.lucasfroeserealestate.com\/wp-content\/uploads\/2024\/09\/IMG_0464-1-150x113.jpg"},"modern-property-child-slider":{"file":"IMG_0464-1-680x510.jpg","width":680,"height":510,"mime-type":"image\/jpeg","filesize":96976,"url":"https:\/\/www.lucasfroeserealestate.com\/wp-content\/uploads\/2024\/09\/IMG_0464-1-680x510.jpg"},"property-thumb-image":{"file":"IMG_0464-1-488x326.jpg","width":488,"height":326,"mime-type":"image\/jpeg","filesize":62832,"url":"https:\/\/www.lucasfroeserealestate.com\/wp-content\/uploads\/2024\/09\/IMG_0464-1-488x326.jpg"},"property-detail-video-image":{"file":"IMG_0464-1-818x417.jpg","width":818,"height":417,"mime-type":"image\/jpeg","filesize":100112,"url":"https:\/\/www.lucasfroeserealestate.com\/wp-content\/uploads\/2024\/09\/IMG_0464-1-818x417.jpg"},"agent-image":{"file":"IMG_0464-1-210x210.jpg","width":210,"height":210,"mime-type":"image\/jpeg","filesize":39986,"url":"https:\/\/www.lucasfroeserealestate.com\/wp-content\/uploads\/2024\/09\/IMG_0464-1-210x210.jpg"},"partners-logo":{"file":"IMG_0464-1-600x1800.jpg","width":600,"height":1800,"mime-type":"image\/jpeg","filesize":224525,"url":"https:\/\/www.lucasfroeserealestate.com\/wp-content\/uploads\/2024\/09\/IMG_0464-1-600x1800.jpg"},"post-featured-image":{"file":"IMG_0464-1-1240x720.jpg","width":1240,"height":720,"mime-type":"image\/jpeg","filesize":200024,"url":"https:\/\/www.lucasfroeserealestate.com\/wp-content\/uploads\/2024\/09\/IMG_0464-1-1240x720.jpg"}},"image_meta":{"aperture":"2.2","credit":"","camera":"iPhone 15 Pro","caption":"","created_timestamp":"1726305014","copyright":"","focal_length":"2.2200000286119","iso":"50","shutter_speed":"0.00095238095238095","title":"","orientation":"0","keywords":[]},"ID":"56736","name":"IMG_0464-1.jpg","path":"\/home\/empleost\/domains\/lucasfroeserealestate.com\/public_html\/wp-content\/uploads\/2024\/09\/IMG_0464-1.jpg","url":"https:\/\/www.lucasfroeserealestate.com\/wp-content\/uploads\/2024\/09\/IMG_0464-1-150x150.jpg","full_url":"https:\/\/www.lucasfroeserealestate.com\/wp-content\/uploads\/2024\/09\/IMG_0464-1.jpg","title":"IMG_0464","caption":"","description":"","alt":"","srcset":"https:\/\/www.lucasfroeserealestate.com\/wp-content\/uploads\/2024\/09\/IMG_0464-1-150x150.jpg 150w, https:\/\/www.lucasfroeserealestate.com\/wp-content\/uploads\/2024\/09\/IMG_0464-1-210x210.jpg 210w"},{"width":150,"height":150,"file":"2024\/09\/IMG_0465-1.jpg","filesize":518025,"sizes":{"medium":{"file":"IMG_0465-1-300x225.jpg","width":300,"height":225,"mime-type":"image\/jpeg","filesize":58326,"url":"https:\/\/www.lucasfroeserealestate.com\/wp-content\/uploads\/2024\/09\/IMG_0465-1-300x225.jpg"},"large":{"file":"IMG_0465-1-1024x768.jpg","width":1024,"height":768,"mime-type":"image\/jpeg","filesize":251968,"url":"https:\/\/www.lucasfroeserealestate.com\/wp-content\/uploads\/2024\/09\/IMG_0465-1-1024x768.jpg"},"thumbnail":{"file":"IMG_0465-1-150x150.jpg","width":150,"height":150,"mime-type":"image\/jpeg","filesize":44733,"url":"https:\/\/www.lucasfroeserealestate.com\/wp-content\/uploads\/2024\/09\/IMG_0465-1-150x150.jpg"},"medium_large":{"file":"IMG_0465-1-768x576.jpg","width":768,"height":576,"mime-type":"image\/jpeg","filesize":160818,"url":"https:\/\/www.lucasfroeserealestate.com\/wp-content\/uploads\/2024\/09\/IMG_0465-1-768x576.jpg"},"1536x1536":{"file":"IMG_0465-1-1536x1152.jpg","width":1536,"height":1152,"mime-type":"image\/jpeg","filesize":488584,"url":"https:\/\/www.lucasfroeserealestate.com\/wp-content\/uploads\/2024\/09\/IMG_0465-1-1536x1152.jpg"},"2048x2048":{"file":"IMG_0465-1-2048x1536.jpg","width":2048,"height":1536,"mime-type":"image\/jpeg","filesize":767982,"url":"https:\/\/www.lucasfroeserealestate.com\/wp-content\/uploads\/2024\/09\/IMG_0465-1-2048x1536.jpg"},"post-thumbnail":{"file":"IMG_0465-1-150x113.jpg","width":150,"height":113,"mime-type":"image\/jpeg","filesize":43140,"url":"https:\/\/www.lucasfroeserealestate.com\/wp-content\/uploads\/2024\/09\/IMG_0465-1-150x113.jpg"},"modern-property-child-slider":{"file":"IMG_0465-1-680x510.jpg","width":680,"height":510,"mime-type":"image\/jpeg","filesize":135249,"url":"https:\/\/www.lucasfroeserealestate.com\/wp-content\/uploads\/2024\/09\/IMG_0465-1-680x510.jpg"},"property-thumb-image":{"file":"IMG_0465-1-488x326.jpg","width":488,"height":326,"mime-type":"image\/jpeg","filesize":85235,"url":"https:\/\/www.lucasfroeserealestate.com\/wp-content\/uploads\/2024\/09\/IMG_0465-1-488x326.jpg"},"property-detail-video-image":{"file":"IMG_0465-1-818x417.jpg","width":818,"height":417,"mime-type":"image\/jpeg","filesize":142188,"url":"https:\/\/www.lucasfroeserealestate.com\/wp-content\/uploads\/2024\/09\/IMG_0465-1-818x417.jpg"},"agent-image":{"file":"IMG_0465-1-210x210.jpg","width":210,"height":210,"mime-type":"image\/jpeg","filesize":51410,"url":"https:\/\/www.lucasfroeserealestate.com\/wp-content\/uploads\/2024\/09\/IMG_0465-1-210x210.jpg"},"partners-logo":{"file":"IMG_0465-1-600x1800.jpg","width":600,"height":1800,"mime-type":"image\/jpeg","filesize":295669,"url":"https:\/\/www.lucasfroeserealestate.com\/wp-content\/uploads\/2024\/09\/IMG_0465-1-600x1800.jpg"},"post-featured-image":{"file":"IMG_0465-1-1240x720.jpg","width":1240,"height":720,"mime-type":"image\/jpeg","filesize":291370,"url":"https:\/\/www.lucasfroeserealestate.com\/wp-content\/uploads\/2024\/09\/IMG_0465-1-1240x720.jpg"}},"image_meta":{"aperture":"2.2","credit":"","camera":"iPhone 15 Pro","caption":"Villa zu reformieren in porto cristo","created_timestamp":"1726312270","copyright":"","focal_length":"2.2200000286119","iso":"50","shutter_speed":"0.0010526315789474","title":"Villa zu reformieren in porto cristo","orientation":"0","keywords":["Villa zu reformieren in porto cristo"]},"ID":"56739","name":"IMG_0465-1.jpg","path":"\/home\/empleost\/domains\/lucasfroeserealestate.com\/public_html\/wp-content\/uploads\/2024\/09\/IMG_0465-1.jpg","url":"https:\/\/www.lucasfroeserealestate.com\/wp-content\/uploads\/2024\/09\/IMG_0465-1-150x150.jpg","full_url":"https:\/\/www.lucasfroeserealestate.com\/wp-content\/uploads\/2024\/09\/IMG_0465-1.jpg","title":"Villa zu reformieren in porto cristo","caption":"Villa zu reformieren in porto cristo","description":"","alt":"Villa zu reformieren in porto cristo","srcset":"https:\/\/www.lucasfroeserealestate.com\/wp-content\/uploads\/2024\/09\/IMG_0465-1-150x150.jpg 150w, https:\/\/www.lucasfroeserealestate.com\/wp-content\/uploads\/2024\/09\/IMG_0465-1-210x210.jpg 210w"},{"width":150,"height":150,"file":"2024\/09\/IMG_0466-1.jpg","filesize":504487,"sizes":{"medium":{"file":"IMG_0466-1-300x225.jpg","width":300,"height":225,"mime-type":"image\/jpeg","filesize":47369,"url":"https:\/\/www.lucasfroeserealestate.com\/wp-content\/uploads\/2024\/09\/IMG_0466-1-300x225.jpg"},"large":{"file":"IMG_0466-1-1024x768.jpg","width":1024,"height":768,"mime-type":"image\/jpeg","filesize":182949,"url":"https:\/\/www.lucasfroeserealestate.com\/wp-content\/uploads\/2024\/09\/IMG_0466-1-1024x768.jpg"},"thumbnail":{"file":"IMG_0466-1-150x150.jpg","width":150,"height":150,"mime-type":"image\/jpeg","filesize":36798,"url":"https:\/\/www.lucasfroeserealestate.com\/wp-content\/uploads\/2024\/09\/IMG_0466-1-150x150.jpg"},"medium_large":{"file":"IMG_0466-1-768x576.jpg","width":768,"height":576,"mime-type":"image\/jpeg","filesize":120907,"url":"https:\/\/www.lucasfroeserealestate.com\/wp-content\/uploads\/2024\/09\/IMG_0466-1-768x576.jpg"},"1536x1536":{"file":"IMG_0466-1-1536x1152.jpg","width":1536,"height":1152,"mime-type":"image\/jpeg","filesize":350429,"url":"https:\/\/www.lucasfroeserealestate.com\/wp-content\/uploads\/2024\/09\/IMG_0466-1-1536x1152.jpg"},"2048x2048":{"file":"IMG_0466-1-2048x1536.jpg","width":2048,"height":1536,"mime-type":"image\/jpeg","filesize":557273,"url":"https:\/\/www.lucasfroeserealestate.com\/wp-content\/uploads\/2024\/09\/IMG_0466-1-2048x1536.jpg"},"post-thumbnail":{"file":"IMG_0466-1-150x113.jpg","width":150,"height":113,"mime-type":"image\/jpeg","filesize":35530,"url":"https:\/\/www.lucasfroeserealestate.com\/wp-content\/uploads\/2024\/09\/IMG_0466-1-150x113.jpg"},"modern-property-child-slider":{"file":"IMG_0466-1-680x510.jpg","width":680,"height":510,"mime-type":"image\/jpeg","filesize":102994,"url":"https:\/\/www.lucasfroeserealestate.com\/wp-content\/uploads\/2024\/09\/IMG_0466-1-680x510.jpg"},"property-thumb-image":{"file":"IMG_0466-1-488x326.jpg","width":488,"height":326,"mime-type":"image\/jpeg","filesize":67799,"url":"https:\/\/www.lucasfroeserealestate.com\/wp-content\/uploads\/2024\/09\/IMG_0466-1-488x326.jpg"},"property-detail-video-image":{"file":"IMG_0466-1-818x417.jpg","width":818,"height":417,"mime-type":"image\/jpeg","filesize":112125,"url":"https:\/\/www.lucasfroeserealestate.com\/wp-content\/uploads\/2024\/09\/IMG_0466-1-818x417.jpg"},"agent-image":{"file":"IMG_0466-1-210x210.jpg","width":210,"height":210,"mime-type":"image\/jpeg","filesize":42318,"url":"https:\/\/www.lucasfroeserealestate.com\/wp-content\/uploads\/2024\/09\/IMG_0466-1-210x210.jpg"},"partners-logo":{"file":"IMG_0466-1-600x1800.jpg","width":600,"height":1800,"mime-type":"image\/jpeg","filesize":215357,"url":"https:\/\/www.lucasfroeserealestate.com\/wp-content\/uploads\/2024\/09\/IMG_0466-1-600x1800.jpg"},"post-featured-image":{"file":"IMG_0466-1-1240x720.jpg","width":1240,"height":720,"mime-type":"image\/jpeg","filesize":217270,"url":"https:\/\/www.lucasfroeserealestate.com\/wp-content\/uploads\/2024\/09\/IMG_0466-1-1240x720.jpg"}},"image_meta":{"aperture":"2.2","credit":"","camera":"iPhone 15 Pro","caption":"Haus mit Meerblick in porto cristo","created_timestamp":"1726305081","copyright":"","focal_length":"2.2200000286119","iso":"40","shutter_speed":"0.00625","title":"Haus mit Meerblick in porto cristo","orientation":"0","keywords":["Haus mit Meerblick in porto cristo"]},"ID":"56742","name":"IMG_0466-1.jpg","path":"\/home\/empleost\/domains\/lucasfroeserealestate.com\/public_html\/wp-content\/uploads\/2024\/09\/IMG_0466-1.jpg","url":"https:\/\/www.lucasfroeserealestate.com\/wp-content\/uploads\/2024\/09\/IMG_0466-1-150x150.jpg","full_url":"https:\/\/www.lucasfroeserealestate.com\/wp-content\/uploads\/2024\/09\/IMG_0466-1.jpg","title":"Haus mit Meerblick in porto cristo","caption":"Haus mit Meerblick in porto cristo","description":"","alt":"Haus mit Meerblick in porto cristo","srcset":"https:\/\/www.lucasfroeserealestate.com\/wp-content\/uploads\/2024\/09\/IMG_0466-1-150x150.jpg 150w, https:\/\/www.lucasfroeserealestate.com\/wp-content\/uploads\/2024\/09\/IMG_0466-1-210x210.jpg 210w"},{"width":150,"height":150,"file":"2024\/09\/IMG_0467-1.jpg","filesize":560989,"sizes":{"medium":{"file":"IMG_0467-1-300x225.jpg","width":300,"height":225,"mime-type":"image\/jpeg","filesize":59161,"url":"https:\/\/www.lucasfroeserealestate.com\/wp-content\/uploads\/2024\/09\/IMG_0467-1-300x225.jpg"},"large":{"file":"IMG_0467-1-1024x768.jpg","width":1024,"height":768,"mime-type":"image\/jpeg","filesize":254058,"url":"https:\/\/www.lucasfroeserealestate.com\/wp-content\/uploads\/2024\/09\/IMG_0467-1-1024x768.jpg"},"thumbnail":{"file":"IMG_0467-1-150x150.jpg","width":150,"height":150,"mime-type":"image\/jpeg","filesize":45313,"url":"https:\/\/www.lucasfroeserealestate.com\/wp-content\/uploads\/2024\/09\/IMG_0467-1-150x150.jpg"},"medium_large":{"file":"IMG_0467-1-768x576.jpg","width":768,"height":576,"mime-type":"image\/jpeg","filesize":162831,"url":"https:\/\/www.lucasfroeserealestate.com\/wp-content\/uploads\/2024\/09\/IMG_0467-1-768x576.jpg"},"1536x1536":{"file":"IMG_0467-1-1536x1152.jpg","width":1536,"height":1152,"mime-type":"image\/jpeg","filesize":491743,"url":"https:\/\/www.lucasfroeserealestate.com\/wp-content\/uploads\/2024\/09\/IMG_0467-1-1536x1152.jpg"},"2048x2048":{"file":"IMG_0467-1-2048x1536.jpg","width":2048,"height":1536,"mime-type":"image\/jpeg","filesize":772426,"url":"https:\/\/www.lucasfroeserealestate.com\/wp-content\/uploads\/2024\/09\/IMG_0467-1-2048x1536.jpg"},"post-thumbnail":{"file":"IMG_0467-1-150x113.jpg","width":150,"height":113,"mime-type":"image\/jpeg","filesize":43578,"url":"https:\/\/www.lucasfroeserealestate.com\/wp-content\/uploads\/2024\/09\/IMG_0467-1-150x113.jpg"},"modern-property-child-slider":{"file":"IMG_0467-1-680x510.jpg","width":680,"height":510,"mime-type":"image\/jpeg","filesize":137089,"url":"https:\/\/www.lucasfroeserealestate.com\/wp-content\/uploads\/2024\/09\/IMG_0467-1-680x510.jpg"},"property-thumb-image":{"file":"IMG_0467-1-488x326.jpg","width":488,"height":326,"mime-type":"image\/jpeg","filesize":85178,"url":"https:\/\/www.lucasfroeserealestate.com\/wp-content\/uploads\/2024\/09\/IMG_0467-1-488x326.jpg"},"property-detail-video-image":{"file":"IMG_0467-1-818x417.jpg","width":818,"height":417,"mime-type":"image\/jpeg","filesize":140361,"url":"https:\/\/www.lucasfroeserealestate.com\/wp-content\/uploads\/2024\/09\/IMG_0467-1-818x417.jpg"},"agent-image":{"file":"IMG_0467-1-210x210.jpg","width":210,"height":210,"mime-type":"image\/jpeg","filesize":52282,"url":"https:\/\/www.lucasfroeserealestate.com\/wp-content\/uploads\/2024\/09\/IMG_0467-1-210x210.jpg"},"partners-logo":{"file":"IMG_0467-1-600x1800.jpg","width":600,"height":1800,"mime-type":"image\/jpeg","filesize":339324,"url":"https:\/\/www.lucasfroeserealestate.com\/wp-content\/uploads\/2024\/09\/IMG_0467-1-600x1800.jpg"},"post-featured-image":{"file":"IMG_0467-1-1240x720.jpg","width":1240,"height":720,"mime-type":"image\/jpeg","filesize":286366,"url":"https:\/\/www.lucasfroeserealestate.com\/wp-content\/uploads\/2024\/09\/IMG_0467-1-1240x720.jpg"}},"image_meta":{"aperture":"2.2","credit":"","camera":"iPhone 15 Pro","caption":"Villa am Meer","created_timestamp":"1726305172","copyright":"","focal_length":"2.2200000286119","iso":"50","shutter_speed":"0.00052631578947368","title":"Villa am Meer","orientation":"0","keywords":["Villa am Meer"]},"ID":"56745","name":"IMG_0467-1.jpg","path":"\/home\/empleost\/domains\/lucasfroeserealestate.com\/public_html\/wp-content\/uploads\/2024\/09\/IMG_0467-1.jpg","url":"https:\/\/www.lucasfroeserealestate.com\/wp-content\/uploads\/2024\/09\/IMG_0467-1-150x150.jpg","full_url":"https:\/\/www.lucasfroeserealestate.com\/wp-content\/uploads\/2024\/09\/IMG_0467-1.jpg","title":"Villa am Meer","caption":"Villa am Meer","description":"","alt":"Villa am Meer","srcset":"https:\/\/www.lucasfroeserealestate.com\/wp-content\/uploads\/2024\/09\/IMG_0467-1-150x150.jpg 150w, https:\/\/www.lucasfroeserealestate.com\/wp-content\/uploads\/2024\/09\/IMG_0467-1-210x210.jpg 210w"},{"width":150,"height":150,"file":"2024\/09\/IMG_0468-1.jpg","filesize":483835,"sizes":{"medium":{"file":"IMG_0468-1-300x225.jpg","width":300,"height":225,"mime-type":"image\/jpeg","filesize":64063,"url":"https:\/\/www.lucasfroeserealestate.com\/wp-content\/uploads\/2024\/09\/IMG_0468-1-300x225.jpg"},"large":{"file":"IMG_0468-1-1024x768.jpg","width":1024,"height":768,"mime-type":"image\/jpeg","filesize":298804,"url":"https:\/\/www.lucasfroeserealestate.com\/wp-content\/uploads\/2024\/09\/IMG_0468-1-1024x768.jpg"},"thumbnail":{"file":"IMG_0468-1-150x150.jpg","width":150,"height":150,"mime-type":"image\/jpeg","filesize":48905,"url":"https:\/\/www.lucasfroeserealestate.com\/wp-content\/uploads\/2024\/09\/IMG_0468-1-150x150.jpg"},"medium_large":{"file":"IMG_0468-1-768x576.jpg","width":768,"height":576,"mime-type":"image\/jpeg","filesize":188368,"url":"https:\/\/www.lucasfroeserealestate.com\/wp-content\/uploads\/2024\/09\/IMG_0468-1-768x576.jpg"},"1536x1536":{"file":"IMG_0468-1-1536x1152.jpg","width":1536,"height":1152,"mime-type":"image\/jpeg","filesize":573492,"url":"https:\/\/www.lucasfroeserealestate.com\/wp-content\/uploads\/2024\/09\/IMG_0468-1-1536x1152.jpg"},"2048x2048":{"file":"IMG_0468-1-2048x1536.jpg","width":2048,"height":1536,"mime-type":"image\/jpeg","filesize":888553,"url":"https:\/\/www.lucasfroeserealestate.com\/wp-content\/uploads\/2024\/09\/IMG_0468-1-2048x1536.jpg"},"post-thumbnail":{"file":"IMG_0468-1-150x113.jpg","width":150,"height":113,"mime-type":"image\/jpeg","filesize":46825,"url":"https:\/\/www.lucasfroeserealestate.com\/wp-content\/uploads\/2024\/09\/IMG_0468-1-150x113.jpg"},"modern-property-child-slider":{"file":"IMG_0468-1-680x510.jpg","width":680,"height":510,"mime-type":"image\/jpeg","filesize":156883,"url":"https:\/\/www.lucasfroeserealestate.com\/wp-content\/uploads\/2024\/09\/IMG_0468-1-680x510.jpg"},"property-thumb-image":{"file":"IMG_0468-1-488x326.jpg","width":488,"height":326,"mime-type":"image\/jpeg","filesize":94421,"url":"https:\/\/www.lucasfroeserealestate.com\/wp-content\/uploads\/2024\/09\/IMG_0468-1-488x326.jpg"},"property-detail-video-image":{"file":"IMG_0468-1-818x417.jpg","width":818,"height":417,"mime-type":"image\/jpeg","filesize":154720,"url":"https:\/\/www.lucasfroeserealestate.com\/wp-content\/uploads\/2024\/09\/IMG_0468-1-818x417.jpg"},"agent-image":{"file":"IMG_0468-1-210x210.jpg","width":210,"height":210,"mime-type":"image\/jpeg","filesize":56876,"url":"https:\/\/www.lucasfroeserealestate.com\/wp-content\/uploads\/2024\/09\/IMG_0468-1-210x210.jpg"},"partners-logo":{"file":"IMG_0468-1-600x1800.jpg","width":600,"height":1800,"mime-type":"image\/jpeg","filesize":324731,"url":"https:\/\/www.lucasfroeserealestate.com\/wp-content\/uploads\/2024\/09\/IMG_0468-1-600x1800.jpg"},"post-featured-image":{"file":"IMG_0468-1-1240x720.jpg","width":1240,"height":720,"mime-type":"image\/jpeg","filesize":322963,"url":"https:\/\/www.lucasfroeserealestate.com\/wp-content\/uploads\/2024\/09\/IMG_0468-1-1240x720.jpg"}},"image_meta":{"aperture":"1.8","credit":"","camera":"iPhone 15 Pro","caption":"typisch mallorquinisches Haus","created_timestamp":"1726305201","copyright":"","focal_length":"6.7649998663709","iso":"80","shutter_speed":"0.00029411764705882","title":"typisch mallorquinisches Haus","orientation":"0","keywords":["typisch mallorquinisches Haus"]},"ID":"56748","name":"IMG_0468-1.jpg","path":"\/home\/empleost\/domains\/lucasfroeserealestate.com\/public_html\/wp-content\/uploads\/2024\/09\/IMG_0468-1.jpg","url":"https:\/\/www.lucasfroeserealestate.com\/wp-content\/uploads\/2024\/09\/IMG_0468-1-150x150.jpg","full_url":"https:\/\/www.lucasfroeserealestate.com\/wp-content\/uploads\/2024\/09\/IMG_0468-1.jpg","title":"typisch mallorquinisches Haus","caption":"typisch mallorquinisches Haus","description":"","alt":"typisch mallorquinisches Haus","srcset":"https:\/\/www.lucasfroeserealestate.com\/wp-content\/uploads\/2024\/09\/IMG_0468-1-150x150.jpg 150w, https:\/\/www.lucasfroeserealestate.com\/wp-content\/uploads\/2024\/09\/IMG_0468-1-210x210.jpg 210w"}],"REAL_HOMES_change_gallery_slider_type":"","REAL_HOMES_gallery_slider_type":"thumb-on-right","inspiry_floor_plans":[],"inspiry_video_group":[],"REAL_HOMES_360_virtual_tour":"","REAL_HOMES_agent_display_option":"agent_info","REAL_HOMES_agents":["6675"],"REAL_HOMES_energy_class":"F","REAL_HOMES_energy_performance":"","REAL_HOMES_epc_current_rating":"","REAL_HOMES_epc_potential_rating":"","ere_property_schedule_tour":"","ere_property_schedule_time_slots":"","ere_property_schedule_description":"","REAL_HOMES_sticky":"","inspiry_property_label":"","inspiry_property_label_color":"","inspiry_property_tax":"","inspiry_additional_fee":"","REAL_HOMES_attachments":[],"inspiry_property_owner_name":"","inspiry_property_owner_contact":"","inspiry_property_owner_address":"","REAL_HOMES_property_private_note":"","inspiry_message_to_reviewer":"","REAL_HOMES_add_in_slider":"no","REAL_HOMES_slider_image":[],"REAL_HOMES_page_banner_image":[],"REAL_HOMES_hide_property_advance_search":"","inspiry_ausrichtung":"Norte","inspiry_strasse":"","inspiry_hausnummer":"","inspiry_plz":"","inspiry_ort":"","inspiry_land":"","inspiry_new-build":"","inspiry_kyero_prime_activator":[],"inspiry_kyero_xml_format":[],"inspiry_openimmo_xml_format":[],"inspiry_idealista_xml_format":[],"inspiry_etagen":"","inspiry_etage_(wo_sich_die_wohnung_befindet,_sonst_0)":"","inspiry_gesamtfl\u00e4che\/bebaute_fl\u00e4che_(mehr_als_wohnfl\u00e4che*)":"","inspiry_anzahl_zimmer_sz_esszimmer_wohnzimmer_hobby_zimmer_usw":"","inspiry_anzahl_terrassen":"","inspiry_anzahl_wohneinheiten":"","inspiry_google_maps_link":"","inspiry_google_drive_link":"","inspiry_location_coordinates_gm":"","inspiry_erhaltungszustand_der_immobilie":"","inspiry_heizungsart":"","inspiry_qualit\u00e4t_der_ausstattung":"","inspiry_kauf\/miete":"","inspiry_kategorie":"","inspiry_typ":"","inspiry_art":"","inspiry_land_type_(only_plots)":"","inspiry_listed_by":"","inspiry_comission_(%)":"","inspiry_lage_beschreibung":"","inspiry_austattung_beschreibung":"","inspiry_bodenbelag":"","inspiry_distanz_zum_flughafen_(min)":"","inspiry_auftragsart":"","inspiry_keys":[],"inspiry_preis_pro_m2":"","inspiry_office_listed":"","inspiry_suchkriterien_extras":["Cerca de la playa (10')"],"REAL_HOMES_custom_header_display":"","REAL_HOMES_custom_header_position":"","REAL_HOMES_custom_footer_display":"","REAL_HOMES_hide_advance_search":"","REAL_HOMES_custom_search_form":"","REAL_HOMES_search_form_margin_top":"","REAL_HOMES_search_form_margin_bottom":""},"_links":{"self":[{"href":"https:\/\/www.lucasfroeserealestate.com\/es\/wp-json\/wp\/v2\/immobilien\/56751","targetHints":{"allow":["GET"]}}],"collection":[{"href":"https:\/\/www.lucasfroeserealestate.com\/es\/wp-json\/wp\/v2\/immobilien"}],"about":[{"href":"https:\/\/www.lucasfroeserealestate.com\/es\/wp-json\/wp\/v2\/types\/property"}],"author":[{"embeddable":true,"href":"https:\/\/www.lucasfroeserealestate.com\/es\/wp-json\/wp\/v2\/users\/8"}],"replies":[{"embeddable":true,"href":"https:\/\/www.lucasfroeserealestate.com\/es\/wp-json\/wp\/v2\/comments?post=56751"}],"version-history":[{"count":1,"href":"https:\/\/www.lucasfroeserealestate.com\/es\/wp-json\/wp\/v2\/immobilien\/56751\/revisions"}],"predecessor-version":[{"id":78646,"href":"https:\/\/www.lucasfroeserealestate.com\/es\/wp-json\/wp\/v2\/immobilien\/56751\/revisions\/78646"}],"wp:featuredmedia":[{"embeddable":true,"href":"https:\/\/www.lucasfroeserealestate.com\/es\/wp-json\/wp\/v2\/media\/56710"}],"wp:attachment":[{"href":"https:\/\/www.lucasfroeserealestate.com\/es\/wp-json\/wp\/v2\/media?parent=56751"}],"wp:term":[{"taxonomy":"property-feature","embeddable":true,"href":"https:\/\/www.lucasfroeserealestate.com\/es\/wp-json\/wp\/v2\/immobilien-austattung?post=56751"},{"taxonomy":"property-type","embeddable":true,"href":"https:\/\/www.lucasfroeserealestate.com\/es\/wp-json\/wp\/v2\/immobilien-typ?post=56751"},{"taxonomy":"property-city","embeddable":true,"href":"https:\/\/www.lucasfroeserealestate.com\/es\/wp-json\/wp\/v2\/immobilien-ortschaft?post=56751"},{"taxonomy":"property-status","embeddable":true,"href":"https:\/\/www.lucasfroeserealestate.com\/es\/wp-json\/wp\/v2\/immobilien-status?post=56751"}],"curies":[{"name":"wp","href":"https:\/\/api.w.org\/{rel}","templated":true}]}}