{"id":54679,"date":"2022-08-02T11:38:19","date_gmt":"2022-08-02T09:38:19","guid":{"rendered":"https:\/\/www.lucasfroeserealestate.com\/immobilien\/54679-2\/"},"modified":"2025-11-24T11:43:51","modified_gmt":"2025-11-24T10:43:51","slug":"54679-2","status":"publish","type":"property","link":"https:\/\/www.lucasfroeserealestate.com\/es\/immobilien\/54679-2\/","title":{"rendered":"Parcela edificable con un proyecto impresionante en Felanitx"},"content":{"rendered":"<p>Descubre nuestro \u00faltimo proyecto inmobiliario: una exclusiva casa adosada en una amplia parcela de 540 m\u00b2 a las afueras de Felanitx. Esta casa de tres plantas estar\u00e1 terminada tras un periodo de construcci\u00f3n de unos 12 meses y ofrece un total de unos 310 m\u00b2 de superficie habitable.<\/p>\n<p>El dise\u00f1o de la propiedad combina elementos mediterr\u00e1neos con arquitectura moderna. La planta baja contar\u00e1 con un sal\u00f3n-comedor de planta abierta con una elegante cocina integrada y acceso directo a una terraza cubierta. Tambi\u00e9n hay un c\u00f3modo dormitorio con ba\u00f1o propio en la planta baja.<\/p>\n<p>En la primera planta, est\u00e1 previsto un amplio dormitorio principal con vestidor y otro dormitorio luminoso, ambos con cuarto de ba\u00f1o incorporado. Desde el dormitorio principal podr\u00e1s disfrutar de una gran terraza con una impresionante vista panor\u00e1mica.<\/p>\n<p>En la primera planta hay otro dormitorio con ba\u00f1o propio y balc\u00f3n. Todas las habitaciones est\u00e1n equipadas con aire acondicionado y toda la casa tiene calefacci\u00f3n por suelo radiante, que funciona en gran parte con energ\u00eda solar.<\/p>\n<p>En el exterior, se crear\u00e1 un hermoso jard\u00edn paisaj\u00edstico con una piscina de 21 m\u00b2. Un aparcamiento subterr\u00e1neo proporcionar\u00e1 espacio para un veh\u00edculo. Esta propiedad te ofrecer\u00e1 el m\u00e1ximo confort y exclusividad en un lugar c\u00e9ntrico pero privado. Cerca est\u00e1 la plaza del mercado de Felanitx, con sus restaurantes, tiendas y mercado semanal, as\u00ed como el club de golf Vall d&#8217;Or y el puerto de Porto Colom.<\/p>\n<p>&nbsp;<\/p>\n<p>El coste de la parcela con licencia es de 385.000 euros. La parcela con casa descrita anteriormente cuesta 1.295.000 euros. <\/p>\n","protected":false},"excerpt":{"rendered":"<p>Descubre nuestro \u00faltimo proyecto inmobiliario: una exclusiva casa adosada en una amplia parcela de 540 m\u00b2 a las afueras de Felanitx. Esta casa de tres plantas estar\u00e1 terminada tras un periodo de construcci\u00f3n de unos 12 meses y ofrece un total de unos 310 m\u00b2 de superficie habitable. El dise\u00f1o de la propiedad combina elementos&#8230;<\/p>\n","protected":false},"author":8,"featured_media":54662,"parent":0,"menu_order":0,"comment_status":"closed","ping_status":"closed","template":"","immobilien-austattung":[141,138,4111,137,100,1505,4069,150,109],"immobilien-typ":[85],"immobilien-ortschaft":[119],"immobilien-status":[114],"class_list":["post-54679","property","type-property","status-publish","has-post-thumbnail","hentry","property-feature-stadtwasser-es","property-feature-standard-es","property-feature-inmueble-exclusivo","property-feature-investitionsimmobilie-es","property-feature-garten-es","property-feature-gesa-strom-es","property-feature-mit-bauprojekt-es","property-feature-parkplatz-es","property-feature-terrasse-es","property-type-terrenos","property-city-felanitx-es","property-status-venta"],"property_meta":{"REAL_HOMES_property_price":"385000","REAL_HOMES_property_old_price":"","REAL_HOMES_property_price_prefix":"","REAL_HOMES_property_price_postfix":"","REAL_HOMES_property_size":"310","REAL_HOMES_property_size_postfix":"","REAL_HOMES_property_lot_size":"540","REAL_HOMES_property_lot_size_postfix":"","REAL_HOMES_property_bedrooms":"4","REAL_HOMES_property_bathrooms":"4","REAL_HOMES_property_garage":"1","REAL_HOMES_property_id":"LF0700","REAL_HOMES_property_year_built":"","rvr_property_owner":"","REAL_HOMES_featured":"1","REAL_HOMES_additional_details_list":[],"REAL_HOMES_property_location":{"latitude":"39.467986844878","longitude":"3.1460234116889","zoom":"17"},"REAL_HOMES_property_address":"Mallorca, Illes Balears, Espa\u00f1a","REAL_HOMES_property_map":"0","REAL_HOMES_property_images":[{"width":150,"height":150,"file":"2024\/08\/Baugrundstueck-mit-Luxus-Projckt-in-Felanitx-2.jpg","filesize":468977,"sizes":{"medium":{"file":"Baugrundstueck-mit-Luxus-Projckt-in-Felanitx-2-300x196.jpg","width":300,"height":196,"mime-type":"image\/jpeg","filesize":42419,"url":"https:\/\/www.lucasfroeserealestate.com\/wp-content\/uploads\/2024\/08\/Baugrundstueck-mit-Luxus-Projckt-in-Felanitx-2-300x196.jpg"},"large":{"file":"Baugrundstueck-mit-Luxus-Projckt-in-Felanitx-2-1024x669.jpg","width":1024,"height":669,"mime-type":"image\/jpeg","filesize":172239,"url":"https:\/\/www.lucasfroeserealestate.com\/wp-content\/uploads\/2024\/08\/Baugrundstueck-mit-Luxus-Projckt-in-Felanitx-2-1024x669.jpg"},"thumbnail":{"file":"Baugrundstueck-mit-Luxus-Projckt-in-Felanitx-2-150x150.jpg","width":150,"height":150,"mime-type":"image\/jpeg","filesize":33676,"url":"https:\/\/www.lucasfroeserealestate.com\/wp-content\/uploads\/2024\/08\/Baugrundstueck-mit-Luxus-Projckt-in-Felanitx-2-150x150.jpg"},"medium_large":{"file":"Baugrundstueck-mit-Luxus-Projckt-in-Felanitx-2-768x502.jpg","width":768,"height":502,"mime-type":"image\/jpeg","filesize":113960,"url":"https:\/\/www.lucasfroeserealestate.com\/wp-content\/uploads\/2024\/08\/Baugrundstueck-mit-Luxus-Projckt-in-Felanitx-2-768x502.jpg"},"1536x1536":{"file":"Baugrundstueck-mit-Luxus-Projckt-in-Felanitx-2-1536x1003.jpg","width":1536,"height":1003,"mime-type":"image\/jpeg","filesize":312612,"url":"https:\/\/www.lucasfroeserealestate.com\/wp-content\/uploads\/2024\/08\/Baugrundstueck-mit-Luxus-Projckt-in-Felanitx-2-1536x1003.jpg"},"2048x2048":{"file":"Baugrundstueck-mit-Luxus-Projckt-in-Felanitx-2-2048x1338.jpg","width":2048,"height":1338,"mime-type":"image\/jpeg","filesize":473990,"url":"https:\/\/www.lucasfroeserealestate.com\/wp-content\/uploads\/2024\/08\/Baugrundstueck-mit-Luxus-Projckt-in-Felanitx-2-2048x1338.jpg"},"post-thumbnail":{"file":"Baugrundstueck-mit-Luxus-Projckt-in-Felanitx-2-150x98.jpg","width":150,"height":98,"mime-type":"image\/jpeg","filesize":31647,"url":"https:\/\/www.lucasfroeserealestate.com\/wp-content\/uploads\/2024\/08\/Baugrundstueck-mit-Luxus-Projckt-in-Felanitx-2-150x98.jpg"},"modern-property-child-slider":{"file":"Baugrundstueck-mit-Luxus-Projckt-in-Felanitx-2-680x510.jpg","width":680,"height":510,"mime-type":"image\/jpeg","filesize":105567,"url":"https:\/\/www.lucasfroeserealestate.com\/wp-content\/uploads\/2024\/08\/Baugrundstueck-mit-Luxus-Projckt-in-Felanitx-2-680x510.jpg"},"property-thumb-image":{"file":"Baugrundstueck-mit-Luxus-Projckt-in-Felanitx-2-488x326.jpg","width":488,"height":326,"mime-type":"image\/jpeg","filesize":65599,"url":"https:\/\/www.lucasfroeserealestate.com\/wp-content\/uploads\/2024\/08\/Baugrundstueck-mit-Luxus-Projckt-in-Felanitx-2-488x326.jpg"},"property-detail-video-image":{"file":"Baugrundstueck-mit-Luxus-Projckt-in-Felanitx-2-818x417.jpg","width":818,"height":417,"mime-type":"image\/jpeg","filesize":109878,"url":"https:\/\/www.lucasfroeserealestate.com\/wp-content\/uploads\/2024\/08\/Baugrundstueck-mit-Luxus-Projckt-in-Felanitx-2-818x417.jpg"},"agent-image":{"file":"Baugrundstueck-mit-Luxus-Projckt-in-Felanitx-2-210x210.jpg","width":210,"height":210,"mime-type":"image\/jpeg","filesize":39472,"url":"https:\/\/www.lucasfroeserealestate.com\/wp-content\/uploads\/2024\/08\/Baugrundstueck-mit-Luxus-Projckt-in-Felanitx-2-210x210.jpg"},"partners-logo":{"file":"Baugrundstueck-mit-Luxus-Projckt-in-Felanitx-2-600x1698.jpg","width":600,"height":1698,"mime-type":"image\/jpeg","filesize":193493,"url":"https:\/\/www.lucasfroeserealestate.com\/wp-content\/uploads\/2024\/08\/Baugrundstueck-mit-Luxus-Projckt-in-Felanitx-2-600x1698.jpg"},"post-featured-image":{"file":"Baugrundstueck-mit-Luxus-Projckt-in-Felanitx-2-1240x720.jpg","width":1240,"height":720,"mime-type":"image\/jpeg","filesize":211503,"url":"https:\/\/www.lucasfroeserealestate.com\/wp-content\/uploads\/2024\/08\/Baugrundstueck-mit-Luxus-Projckt-in-Felanitx-2-1240x720.jpg"}},"image_meta":{"aperture":"0","credit":"","camera":"","caption":"Chalt in Felanitx Projekt mit Swimmingpool","created_timestamp":"0","copyright":"","focal_length":"0","iso":"0","shutter_speed":"0","title":"Chalt in Felanitx Projekt mit Swimmingpool","orientation":"0","keywords":["Chalt in Felanitx Projekt mit Swimmingpool"]},"ID":"54664","name":"Baugrundstueck-mit-Luxus-Projckt-in-Felanitx-2.jpg","path":"\/home\/empleost\/domains\/lucasfroeserealestate.com\/public_html\/wp-content\/uploads\/2024\/08\/Baugrundstueck-mit-Luxus-Projckt-in-Felanitx-2.jpg","url":"https:\/\/www.lucasfroeserealestate.com\/wp-content\/uploads\/2024\/08\/Baugrundstueck-mit-Luxus-Projckt-in-Felanitx-2-150x150.jpg","full_url":"https:\/\/www.lucasfroeserealestate.com\/wp-content\/uploads\/2024\/08\/Baugrundstueck-mit-Luxus-Projckt-in-Felanitx-2.jpg","title":"Chalt in Felanitx Projekt mit Swimmingpool","caption":"Chalt in Felanitx Projekt mit Swimmingpool","description":"","alt":"Chalt in Felanitx Projekt mit Swimmingpool","srcset":"https:\/\/www.lucasfroeserealestate.com\/wp-content\/uploads\/2024\/08\/Baugrundstueck-mit-Luxus-Projckt-in-Felanitx-2-150x150.jpg 150w, https:\/\/www.lucasfroeserealestate.com\/wp-content\/uploads\/2024\/08\/Baugrundstueck-mit-Luxus-Projckt-in-Felanitx-2-210x210.jpg 210w"},{"width":150,"height":150,"file":"2024\/08\/Baugrundstueck-mit-Luxus-Projckt-in-Felanitx.jpg","filesize":472293,"sizes":{"medium":{"file":"Baugrundstueck-mit-Luxus-Projckt-in-Felanitx-300x200.jpg","width":300,"height":200,"mime-type":"image\/jpeg","filesize":41924,"url":"https:\/\/www.lucasfroeserealestate.com\/wp-content\/uploads\/2024\/08\/Baugrundstueck-mit-Luxus-Projckt-in-Felanitx-300x200.jpg"},"large":{"file":"Baugrundstueck-mit-Luxus-Projckt-in-Felanitx-1024x683.jpg","width":1024,"height":683,"mime-type":"image\/jpeg","filesize":133738,"url":"https:\/\/www.lucasfroeserealestate.com\/wp-content\/uploads\/2024\/08\/Baugrundstueck-mit-Luxus-Projckt-in-Felanitx-1024x683.jpg"},"thumbnail":{"file":"Baugrundstueck-mit-Luxus-Projckt-in-Felanitx-150x150.jpg","width":150,"height":150,"mime-type":"image\/jpeg","filesize":33329,"url":"https:\/\/www.lucasfroeserealestate.com\/wp-content\/uploads\/2024\/08\/Baugrundstueck-mit-Luxus-Projckt-in-Felanitx-150x150.jpg"},"medium_large":{"file":"Baugrundstueck-mit-Luxus-Projckt-in-Felanitx-768x512.jpg","width":768,"height":512,"mime-type":"image\/jpeg","filesize":95258,"url":"https:\/\/www.lucasfroeserealestate.com\/wp-content\/uploads\/2024\/08\/Baugrundstueck-mit-Luxus-Projckt-in-Felanitx-768x512.jpg"},"1536x1536":{"file":"Baugrundstueck-mit-Luxus-Projckt-in-Felanitx-1536x1024.jpg","width":1536,"height":1024,"mime-type":"image\/jpeg","filesize":220307,"url":"https:\/\/www.lucasfroeserealestate.com\/wp-content\/uploads\/2024\/08\/Baugrundstueck-mit-Luxus-Projckt-in-Felanitx-1536x1024.jpg"},"2048x2048":{"file":"Baugrundstueck-mit-Luxus-Projckt-in-Felanitx-2048x1365.jpg","width":2048,"height":1365,"mime-type":"image\/jpeg","filesize":318466,"url":"https:\/\/www.lucasfroeserealestate.com\/wp-content\/uploads\/2024\/08\/Baugrundstueck-mit-Luxus-Projckt-in-Felanitx-2048x1365.jpg"},"post-thumbnail":{"file":"Baugrundstueck-mit-Luxus-Projckt-in-Felanitx-150x100.jpg","width":150,"height":100,"mime-type":"image\/jpeg","filesize":31863,"url":"https:\/\/www.lucasfroeserealestate.com\/wp-content\/uploads\/2024\/08\/Baugrundstueck-mit-Luxus-Projckt-in-Felanitx-150x100.jpg"},"modern-property-child-slider":{"file":"Baugrundstueck-mit-Luxus-Projckt-in-Felanitx-680x510.jpg","width":680,"height":510,"mime-type":"image\/jpeg","filesize":86693,"url":"https:\/\/www.lucasfroeserealestate.com\/wp-content\/uploads\/2024\/08\/Baugrundstueck-mit-Luxus-Projckt-in-Felanitx-680x510.jpg"},"property-thumb-image":{"file":"Baugrundstueck-mit-Luxus-Projckt-in-Felanitx-488x326.jpg","width":488,"height":326,"mime-type":"image\/jpeg","filesize":59869,"url":"https:\/\/www.lucasfroeserealestate.com\/wp-content\/uploads\/2024\/08\/Baugrundstueck-mit-Luxus-Projckt-in-Felanitx-488x326.jpg"},"property-detail-video-image":{"file":"Baugrundstueck-mit-Luxus-Projckt-in-Felanitx-818x417.jpg","width":818,"height":417,"mime-type":"image\/jpeg","filesize":92819,"url":"https:\/\/www.lucasfroeserealestate.com\/wp-content\/uploads\/2024\/08\/Baugrundstueck-mit-Luxus-Projckt-in-Felanitx-818x417.jpg"},"agent-image":{"file":"Baugrundstueck-mit-Luxus-Projckt-in-Felanitx-210x210.jpg","width":210,"height":210,"mime-type":"image\/jpeg","filesize":38006,"url":"https:\/\/www.lucasfroeserealestate.com\/wp-content\/uploads\/2024\/08\/Baugrundstueck-mit-Luxus-Projckt-in-Felanitx-210x210.jpg"},"partners-logo":{"file":"Baugrundstueck-mit-Luxus-Projckt-in-Felanitx-600x1733.jpg","width":600,"height":1733,"mime-type":"image\/jpeg","filesize":126691,"url":"https:\/\/www.lucasfroeserealestate.com\/wp-content\/uploads\/2024\/08\/Baugrundstueck-mit-Luxus-Projckt-in-Felanitx-600x1733.jpg"},"post-featured-image":{"file":"Baugrundstueck-mit-Luxus-Projckt-in-Felanitx-1240x720.jpg","width":1240,"height":720,"mime-type":"image\/jpeg","filesize":157941,"url":"https:\/\/www.lucasfroeserealestate.com\/wp-content\/uploads\/2024\/08\/Baugrundstueck-mit-Luxus-Projckt-in-Felanitx-1240x720.jpg"}},"image_meta":{"aperture":"0","credit":"","camera":"","caption":"Chalt in Felanitx Projekt K\u00fcche","created_timestamp":"0","copyright":"","focal_length":"0","iso":"0","shutter_speed":"0","title":"Chalt in Felanitx Projekt K\u00fcche","orientation":"0","keywords":["Chalt in Felanitx Projekt K\u00b8che"]},"ID":"54676","name":"Baugrundstueck-mit-Luxus-Projckt-in-Felanitx.jpg","path":"\/home\/empleost\/domains\/lucasfroeserealestate.com\/public_html\/wp-content\/uploads\/2024\/08\/Baugrundstueck-mit-Luxus-Projckt-in-Felanitx.jpg","url":"https:\/\/www.lucasfroeserealestate.com\/wp-content\/uploads\/2024\/08\/Baugrundstueck-mit-Luxus-Projckt-in-Felanitx-150x150.jpg","full_url":"https:\/\/www.lucasfroeserealestate.com\/wp-content\/uploads\/2024\/08\/Baugrundstueck-mit-Luxus-Projckt-in-Felanitx.jpg","title":"Chalt in Felanitx Projekt K\u00fcche","caption":"Chalt in Felanitx Projekt K\u00fcche","description":"","alt":"Chalt in Felanitx Projekt K\u00fcche","srcset":"https:\/\/www.lucasfroeserealestate.com\/wp-content\/uploads\/2024\/08\/Baugrundstueck-mit-Luxus-Projckt-in-Felanitx-150x150.jpg 150w, https:\/\/www.lucasfroeserealestate.com\/wp-content\/uploads\/2024\/08\/Baugrundstueck-mit-Luxus-Projckt-in-Felanitx-210x210.jpg 210w"},{"width":150,"height":150,"file":"2024\/08\/Baugrundstueck-mit-Luxus-Projckt-in-Felanitx-3.jpg","filesize":534678,"sizes":{"medium":{"file":"Baugrundstueck-mit-Luxus-Projckt-in-Felanitx-3-300x200.jpg","width":300,"height":200,"mime-type":"image\/jpeg","filesize":43313,"url":"https:\/\/www.lucasfroeserealestate.com\/wp-content\/uploads\/2024\/08\/Baugrundstueck-mit-Luxus-Projckt-in-Felanitx-3-300x200.jpg"},"large":{"file":"Baugrundstueck-mit-Luxus-Projckt-in-Felanitx-3-1024x683.jpg","width":1024,"height":683,"mime-type":"image\/jpeg","filesize":148204,"url":"https:\/\/www.lucasfroeserealestate.com\/wp-content\/uploads\/2024\/08\/Baugrundstueck-mit-Luxus-Projckt-in-Felanitx-3-1024x683.jpg"},"thumbnail":{"file":"Baugrundstueck-mit-Luxus-Projckt-in-Felanitx-3-150x150.jpg","width":150,"height":150,"mime-type":"image\/jpeg","filesize":34063,"url":"https:\/\/www.lucasfroeserealestate.com\/wp-content\/uploads\/2024\/08\/Baugrundstueck-mit-Luxus-Projckt-in-Felanitx-3-150x150.jpg"},"medium_large":{"file":"Baugrundstueck-mit-Luxus-Projckt-in-Felanitx-3-768x512.jpg","width":768,"height":512,"mime-type":"image\/jpeg","filesize":104316,"url":"https:\/\/www.lucasfroeserealestate.com\/wp-content\/uploads\/2024\/08\/Baugrundstueck-mit-Luxus-Projckt-in-Felanitx-3-768x512.jpg"},"1536x1536":{"file":"Baugrundstueck-mit-Luxus-Projckt-in-Felanitx-3-1536x1024.jpg","width":1536,"height":1024,"mime-type":"image\/jpeg","filesize":248380,"url":"https:\/\/www.lucasfroeserealestate.com\/wp-content\/uploads\/2024\/08\/Baugrundstueck-mit-Luxus-Projckt-in-Felanitx-3-1536x1024.jpg"},"2048x2048":{"file":"Baugrundstueck-mit-Luxus-Projckt-in-Felanitx-3-2048x1365.jpg","width":2048,"height":1365,"mime-type":"image\/jpeg","filesize":360789,"url":"https:\/\/www.lucasfroeserealestate.com\/wp-content\/uploads\/2024\/08\/Baugrundstueck-mit-Luxus-Projckt-in-Felanitx-3-2048x1365.jpg"},"post-thumbnail":{"file":"Baugrundstueck-mit-Luxus-Projckt-in-Felanitx-3-150x100.jpg","width":150,"height":100,"mime-type":"image\/jpeg","filesize":32639,"url":"https:\/\/www.lucasfroeserealestate.com\/wp-content\/uploads\/2024\/08\/Baugrundstueck-mit-Luxus-Projckt-in-Felanitx-3-150x100.jpg"},"modern-property-child-slider":{"file":"Baugrundstueck-mit-Luxus-Projckt-in-Felanitx-3-680x510.jpg","width":680,"height":510,"mime-type":"image\/jpeg","filesize":93401,"url":"https:\/\/www.lucasfroeserealestate.com\/wp-content\/uploads\/2024\/08\/Baugrundstueck-mit-Luxus-Projckt-in-Felanitx-3-680x510.jpg"},"property-thumb-image":{"file":"Baugrundstueck-mit-Luxus-Projckt-in-Felanitx-3-488x326.jpg","width":488,"height":326,"mime-type":"image\/jpeg","filesize":63765,"url":"https:\/\/www.lucasfroeserealestate.com\/wp-content\/uploads\/2024\/08\/Baugrundstueck-mit-Luxus-Projckt-in-Felanitx-3-488x326.jpg"},"property-detail-video-image":{"file":"Baugrundstueck-mit-Luxus-Projckt-in-Felanitx-3-818x417.jpg","width":818,"height":417,"mime-type":"image\/jpeg","filesize":102287,"url":"https:\/\/www.lucasfroeserealestate.com\/wp-content\/uploads\/2024\/08\/Baugrundstueck-mit-Luxus-Projckt-in-Felanitx-3-818x417.jpg"},"agent-image":{"file":"Baugrundstueck-mit-Luxus-Projckt-in-Felanitx-3-210x210.jpg","width":210,"height":210,"mime-type":"image\/jpeg","filesize":38877,"url":"https:\/\/www.lucasfroeserealestate.com\/wp-content\/uploads\/2024\/08\/Baugrundstueck-mit-Luxus-Projckt-in-Felanitx-3-210x210.jpg"},"partners-logo":{"file":"Baugrundstueck-mit-Luxus-Projckt-in-Felanitx-3-600x1733.jpg","width":600,"height":1733,"mime-type":"image\/jpeg","filesize":129829,"url":"https:\/\/www.lucasfroeserealestate.com\/wp-content\/uploads\/2024\/08\/Baugrundstueck-mit-Luxus-Projckt-in-Felanitx-3-600x1733.jpg"},"post-featured-image":{"file":"Baugrundstueck-mit-Luxus-Projckt-in-Felanitx-3-1240x720.jpg","width":1240,"height":720,"mime-type":"image\/jpeg","filesize":178183,"url":"https:\/\/www.lucasfroeserealestate.com\/wp-content\/uploads\/2024\/08\/Baugrundstueck-mit-Luxus-Projckt-in-Felanitx-3-1240x720.jpg"}},"image_meta":{"aperture":"0","credit":"","camera":"","caption":"Chalt in Felanitx Projekt Wohnzimmer","created_timestamp":"0","copyright":"","focal_length":"0","iso":"0","shutter_speed":"0","title":"Chalt in Felanitx Projekt Wohnzimmer","orientation":"0","keywords":["Chalt in Felanitx Projekt Wohnzimmer"]},"ID":"54667","name":"Baugrundstueck-mit-Luxus-Projckt-in-Felanitx-3.jpg","path":"\/home\/empleost\/domains\/lucasfroeserealestate.com\/public_html\/wp-content\/uploads\/2024\/08\/Baugrundstueck-mit-Luxus-Projckt-in-Felanitx-3.jpg","url":"https:\/\/www.lucasfroeserealestate.com\/wp-content\/uploads\/2024\/08\/Baugrundstueck-mit-Luxus-Projckt-in-Felanitx-3-150x150.jpg","full_url":"https:\/\/www.lucasfroeserealestate.com\/wp-content\/uploads\/2024\/08\/Baugrundstueck-mit-Luxus-Projckt-in-Felanitx-3.jpg","title":"Chalt in Felanitx Projekt Wohnzimmer","caption":"Chalt in Felanitx Projekt Wohnzimmer","description":"","alt":"Chalt in Felanitx Projekt Wohnzimmer","srcset":"https:\/\/www.lucasfroeserealestate.com\/wp-content\/uploads\/2024\/08\/Baugrundstueck-mit-Luxus-Projckt-in-Felanitx-3-150x150.jpg 150w, https:\/\/www.lucasfroeserealestate.com\/wp-content\/uploads\/2024\/08\/Baugrundstueck-mit-Luxus-Projckt-in-Felanitx-3-210x210.jpg 210w"},{"width":150,"height":150,"file":"2024\/08\/Baugrundstueck-mit-Luxus-Projckt-in-Felanitx-4.jpg","filesize":549444,"sizes":{"medium":{"file":"Baugrundstueck-mit-Luxus-Projckt-in-Felanitx-4-300x200.jpg","width":300,"height":200,"mime-type":"image\/jpeg","filesize":42100,"url":"https:\/\/www.lucasfroeserealestate.com\/wp-content\/uploads\/2024\/08\/Baugrundstueck-mit-Luxus-Projckt-in-Felanitx-4-300x200.jpg"},"large":{"file":"Baugrundstueck-mit-Luxus-Projckt-in-Felanitx-4-1024x682.jpg","width":1024,"height":682,"mime-type":"image\/jpeg","filesize":146846,"url":"https:\/\/www.lucasfroeserealestate.com\/wp-content\/uploads\/2024\/08\/Baugrundstueck-mit-Luxus-Projckt-in-Felanitx-4-1024x682.jpg"},"thumbnail":{"file":"Baugrundstueck-mit-Luxus-Projckt-in-Felanitx-4-150x150.jpg","width":150,"height":150,"mime-type":"image\/jpeg","filesize":33578,"url":"https:\/\/www.lucasfroeserealestate.com\/wp-content\/uploads\/2024\/08\/Baugrundstueck-mit-Luxus-Projckt-in-Felanitx-4-150x150.jpg"},"medium_large":{"file":"Baugrundstueck-mit-Luxus-Projckt-in-Felanitx-4-768x511.jpg","width":768,"height":511,"mime-type":"image\/jpeg","filesize":101236,"url":"https:\/\/www.lucasfroeserealestate.com\/wp-content\/uploads\/2024\/08\/Baugrundstueck-mit-Luxus-Projckt-in-Felanitx-4-768x511.jpg"},"1536x1536":{"file":"Baugrundstueck-mit-Luxus-Projckt-in-Felanitx-4-1536x1023.jpg","width":1536,"height":1023,"mime-type":"image\/jpeg","filesize":249455,"url":"https:\/\/www.lucasfroeserealestate.com\/wp-content\/uploads\/2024\/08\/Baugrundstueck-mit-Luxus-Projckt-in-Felanitx-4-1536x1023.jpg"},"2048x2048":{"file":"Baugrundstueck-mit-Luxus-Projckt-in-Felanitx-4-2048x1363.jpg","width":2048,"height":1363,"mime-type":"image\/jpeg","filesize":366077,"url":"https:\/\/www.lucasfroeserealestate.com\/wp-content\/uploads\/2024\/08\/Baugrundstueck-mit-Luxus-Projckt-in-Felanitx-4-2048x1363.jpg"},"post-thumbnail":{"file":"Baugrundstueck-mit-Luxus-Projckt-in-Felanitx-4-150x100.jpg","width":150,"height":100,"mime-type":"image\/jpeg","filesize":31917,"url":"https:\/\/www.lucasfroeserealestate.com\/wp-content\/uploads\/2024\/08\/Baugrundstueck-mit-Luxus-Projckt-in-Felanitx-4-150x100.jpg"},"modern-property-child-slider":{"file":"Baugrundstueck-mit-Luxus-Projckt-in-Felanitx-4-680x510.jpg","width":680,"height":510,"mime-type":"image\/jpeg","filesize":91330,"url":"https:\/\/www.lucasfroeserealestate.com\/wp-content\/uploads\/2024\/08\/Baugrundstueck-mit-Luxus-Projckt-in-Felanitx-4-680x510.jpg"},"property-thumb-image":{"file":"Baugrundstueck-mit-Luxus-Projckt-in-Felanitx-4-488x326.jpg","width":488,"height":326,"mime-type":"image\/jpeg","filesize":61987,"url":"https:\/\/www.lucasfroeserealestate.com\/wp-content\/uploads\/2024\/08\/Baugrundstueck-mit-Luxus-Projckt-in-Felanitx-4-488x326.jpg"},"property-detail-video-image":{"file":"Baugrundstueck-mit-Luxus-Projckt-in-Felanitx-4-818x417.jpg","width":818,"height":417,"mime-type":"image\/jpeg","filesize":97254,"url":"https:\/\/www.lucasfroeserealestate.com\/wp-content\/uploads\/2024\/08\/Baugrundstueck-mit-Luxus-Projckt-in-Felanitx-4-818x417.jpg"},"agent-image":{"file":"Baugrundstueck-mit-Luxus-Projckt-in-Felanitx-4-210x210.jpg","width":210,"height":210,"mime-type":"image\/jpeg","filesize":38280,"url":"https:\/\/www.lucasfroeserealestate.com\/wp-content\/uploads\/2024\/08\/Baugrundstueck-mit-Luxus-Projckt-in-Felanitx-4-210x210.jpg"},"partners-logo":{"file":"Baugrundstueck-mit-Luxus-Projckt-in-Felanitx-4-600x1731.jpg","width":600,"height":1731,"mime-type":"image\/jpeg","filesize":133197,"url":"https:\/\/www.lucasfroeserealestate.com\/wp-content\/uploads\/2024\/08\/Baugrundstueck-mit-Luxus-Projckt-in-Felanitx-4-600x1731.jpg"},"post-featured-image":{"file":"Baugrundstueck-mit-Luxus-Projckt-in-Felanitx-4-1240x720.jpg","width":1240,"height":720,"mime-type":"image\/jpeg","filesize":175617,"url":"https:\/\/www.lucasfroeserealestate.com\/wp-content\/uploads\/2024\/08\/Baugrundstueck-mit-Luxus-Projckt-in-Felanitx-4-1240x720.jpg"}},"image_meta":{"aperture":"0","credit":"","camera":"","caption":"Chalt in Felanitx Projekt Schlafzimmer","created_timestamp":"0","copyright":"","focal_length":"0","iso":"0","shutter_speed":"0","title":"Chalt in Felanitx Projekt Schlafzimmer","orientation":"0","keywords":["Chalt in Felanitx Projekt Schlafzimmer"]},"ID":"54670","name":"Baugrundstueck-mit-Luxus-Projckt-in-Felanitx-4.jpg","path":"\/home\/empleost\/domains\/lucasfroeserealestate.com\/public_html\/wp-content\/uploads\/2024\/08\/Baugrundstueck-mit-Luxus-Projckt-in-Felanitx-4.jpg","url":"https:\/\/www.lucasfroeserealestate.com\/wp-content\/uploads\/2024\/08\/Baugrundstueck-mit-Luxus-Projckt-in-Felanitx-4-150x150.jpg","full_url":"https:\/\/www.lucasfroeserealestate.com\/wp-content\/uploads\/2024\/08\/Baugrundstueck-mit-Luxus-Projckt-in-Felanitx-4.jpg","title":"Chalt in Felanitx Projekt Schlafzimmer","caption":"Chalt in Felanitx Projekt Schlafzimmer","description":"","alt":"Chalt in Felanitx Projekt Schlafzimmer","srcset":"https:\/\/www.lucasfroeserealestate.com\/wp-content\/uploads\/2024\/08\/Baugrundstueck-mit-Luxus-Projckt-in-Felanitx-4-150x150.jpg 150w, https:\/\/www.lucasfroeserealestate.com\/wp-content\/uploads\/2024\/08\/Baugrundstueck-mit-Luxus-Projckt-in-Felanitx-4-210x210.jpg 210w"}],"REAL_HOMES_change_gallery_slider_type":"","REAL_HOMES_gallery_slider_type":"thumb-on-right","inspiry_floor_plans":[],"inspiry_video_group":[],"REAL_HOMES_360_virtual_tour":"","REAL_HOMES_agent_display_option":"agent_info","REAL_HOMES_agents":["6675"],"REAL_HOMES_energy_class":"B","REAL_HOMES_energy_performance":"","REAL_HOMES_epc_current_rating":"","REAL_HOMES_epc_potential_rating":"","ere_property_schedule_tour":"","ere_property_schedule_time_slots":"","ere_property_schedule_description":"","REAL_HOMES_sticky":"","inspiry_property_label":"","inspiry_property_label_color":"","inspiry_property_tax":"","inspiry_additional_fee":"","REAL_HOMES_attachments":[],"inspiry_property_owner_name":"","inspiry_property_owner_contact":"","inspiry_property_owner_address":"","REAL_HOMES_property_private_note":"","inspiry_message_to_reviewer":"","REAL_HOMES_add_in_slider":"no","REAL_HOMES_slider_image":[],"REAL_HOMES_page_banner_image":[],"REAL_HOMES_hide_property_advance_search":"","inspiry_ausrichtung":"Sur","inspiry_strasse":"","inspiry_hausnummer":"","inspiry_plz":"","inspiry_ort":"","inspiry_land":"","inspiry_new-build":"","inspiry_kyero_prime_activator":[],"inspiry_kyero_xml_format":[],"inspiry_openimmo_xml_format":[],"inspiry_idealista_xml_format":[],"inspiry_etagen":"","inspiry_etage_(wo_sich_die_wohnung_befindet,_sonst_0)":"","inspiry_gesamtfl\u00e4che\/bebaute_fl\u00e4che_(mehr_als_wohnfl\u00e4che*)":"","inspiry_anzahl_zimmer_sz_esszimmer_wohnzimmer_hobby_zimmer_usw":"","inspiry_anzahl_terrassen":"","inspiry_anzahl_wohneinheiten":"","inspiry_google_maps_link":"","inspiry_google_drive_link":"","inspiry_location_coordinates_gm":"","inspiry_erhaltungszustand_der_immobilie":"","inspiry_heizungsart":"","inspiry_qualit\u00e4t_der_ausstattung":"","inspiry_kauf\/miete":"","inspiry_kategorie":"","inspiry_typ":"","inspiry_art":"","inspiry_land_type_(only_plots)":"","inspiry_listed_by":"","inspiry_comission_(%)":"","inspiry_lage_beschreibung":"","inspiry_austattung_beschreibung":"","inspiry_bodenbelag":"","inspiry_distanz_zum_flughafen_(min)":"","inspiry_auftragsart":"","inspiry_keys":[],"inspiry_preis_pro_m2":"","inspiry_office_listed":"","inspiry_suchkriterien_extras":["Cerca del aeropuerto (35')","Con piscina","Edificio nuevo","Con proyecto de construcci\u00f3n","La mejor inversi\u00f3n"],"REAL_HOMES_custom_header_display":"","REAL_HOMES_custom_header_position":"","REAL_HOMES_custom_footer_display":"","REAL_HOMES_hide_advance_search":"","REAL_HOMES_custom_search_form":"","REAL_HOMES_search_form_margin_top":"","REAL_HOMES_search_form_margin_bottom":""},"_links":{"self":[{"href":"https:\/\/www.lucasfroeserealestate.com\/es\/wp-json\/wp\/v2\/immobilien\/54679","targetHints":{"allow":["GET"]}}],"collection":[{"href":"https:\/\/www.lucasfroeserealestate.com\/es\/wp-json\/wp\/v2\/immobilien"}],"about":[{"href":"https:\/\/www.lucasfroeserealestate.com\/es\/wp-json\/wp\/v2\/types\/property"}],"author":[{"embeddable":true,"href":"https:\/\/www.lucasfroeserealestate.com\/es\/wp-json\/wp\/v2\/users\/8"}],"replies":[{"embeddable":true,"href":"https:\/\/www.lucasfroeserealestate.com\/es\/wp-json\/wp\/v2\/comments?post=54679"}],"version-history":[{"count":0,"href":"https:\/\/www.lucasfroeserealestate.com\/es\/wp-json\/wp\/v2\/immobilien\/54679\/revisions"}],"wp:featuredmedia":[{"embeddable":true,"href":"https:\/\/www.lucasfroeserealestate.com\/es\/wp-json\/wp\/v2\/media\/54662"}],"wp:attachment":[{"href":"https:\/\/www.lucasfroeserealestate.com\/es\/wp-json\/wp\/v2\/media?parent=54679"}],"wp:term":[{"taxonomy":"property-feature","embeddable":true,"href":"https:\/\/www.lucasfroeserealestate.com\/es\/wp-json\/wp\/v2\/immobilien-austattung?post=54679"},{"taxonomy":"property-type","embeddable":true,"href":"https:\/\/www.lucasfroeserealestate.com\/es\/wp-json\/wp\/v2\/immobilien-typ?post=54679"},{"taxonomy":"property-city","embeddable":true,"href":"https:\/\/www.lucasfroeserealestate.com\/es\/wp-json\/wp\/v2\/immobilien-ortschaft?post=54679"},{"taxonomy":"property-status","embeddable":true,"href":"https:\/\/www.lucasfroeserealestate.com\/es\/wp-json\/wp\/v2\/immobilien-status?post=54679"}],"curies":[{"name":"wp","href":"https:\/\/api.w.org\/{rel}","templated":true}]}}