{"id":54610,"date":"2022-07-31T16:41:51","date_gmt":"2022-07-31T14:41:51","guid":{"rendered":"https:\/\/www.lucasfroeserealestate.com\/immobilien\/proyecto-de-renovacion-de-dos-casas-adosadas-en-felanitx\/"},"modified":"2026-01-10T14:22:45","modified_gmt":"2026-01-10T13:22:45","slug":"proyecto-de-renovacion-de-dos-casas-adosadas-en-felanitx","status":"publish","type":"property","link":"https:\/\/www.lucasfroeserealestate.com\/es\/immobilien\/proyecto-de-renovacion-de-dos-casas-adosadas-en-felanitx\/","title":{"rendered":"Proyecto de renovaci\u00f3n de dos casas adosadas en Felanitx"},"content":{"rendered":"<p>Ofrecemos a la venta un proyecto en curso para la construcci\u00f3n de dos casas adosadas en Felanitx. Este proyecto es ideal para inversores y compradores que busquen una propiedad con gran potencial y posibilidad de personalizaci\u00f3n.<\/p>\n<p>Las casas est\u00e1n situadas en un edificio residencial conectado con un patio interior. La parcela rectangular tiene una superficie de 237 m\u00b2. El edificio est\u00e1 en la planta baja 1er piso y en el La 2\u00aa planta (\u00e1tico) se est\u00e1 urbanizando y en estos momentos el porcentaje aproximado de obra realizada es del 50%.<\/p>\n<p>El inmueble tiene una superficie de 237 m\u00b2, con una ocupaci\u00f3n de 159 m\u00b2 y un volumen de 1.127 m\u00b3. La superficie edificable es de 1.127 m\u00b3 y la altura total es de 9,03 m, repartidos entre la planta baja y dos plantas superiores.<\/p>\n<p>La superficie total construida es de 384,26 m\u00b2, divididos en 159,49 m\u00b2 en la planta baja, 137,86 m\u00b2 en la primera planta y 86,91 m\u00b2 en la segunda planta.<\/p>\n<p>Cada una de las casas adosadas tiene un plano especial. El piso A tiene una superficie construida de 186,24 m\u00b2, que se dividen en 74,33 m\u00b2 en la planta baja, 68,67 m\u00b2 en la primera planta y 43,24 m\u00b2 en la segunda planta. El piso B tiene una superficie construida de 188,83 m\u00b2, que se dividen en 75,97 m\u00b2 en la planta baja, 69,19 m\u00b2 en la primera planta y 43,67 m\u00b2 en la segunda planta. Tambi\u00e9n hay una zona com\u00fan de 9,19 m\u00b2 en la planta baja.<\/p>\n<p>En cuanto a las dependencias del piso A, en la planta baja hay un sal\u00f3n-comedor-cocina de 34,34 m\u00b2, un garaje de 14,52 m\u00b2, una terraza de 11,34 m\u00b2 y un jard\u00edn de 22,7 m\u00b2. En la primera planta hay un cuarto de ba\u00f1o, un pasillo, otro cuarto de ba\u00f1o, un dormitorio de 20,38 m\u00b2, otro dormitorio de 17,22 m\u00b2 y una terraza de 9,83 m\u00b2. En la segunda planta hay un vest\u00edbulo, un trastero y un dormitorio de 17,4 m\u00b2.<\/p>\n<p>En la planta baja del piso B hay un sal\u00f3n-comedor-cocina de 34,34 m\u00b2, un garaje de 14,84 m\u00b2, una terraza de 11,93 m\u00b2 y un jard\u00edn de 24,99 m\u00b2. En la primera planta hay un cuarto de ba\u00f1o, un pasillo de, otro cuarto de ba\u00f1o de, un dormitorio de 20,71 m\u00b2, otro dormitorio de 16,94 m\u00b2 y una terraza de 10,1 m\u00b2. En la segunda planta hay un vest\u00edbulo, un trastero y un dormitorio de 17,25 m\u00b2.<\/p>\n<p>Este proyecto ofrece una excelente oportunidad para finalizar las obras y crear dos pisos modernos y funcionales en una ubicaci\u00f3n privilegiada. No pierdas la oportunidad de ver esta propiedad y descubrir su potencial. Para m\u00e1s informaci\u00f3n y visitas, ponte en contacto con nosotros.<\/p>\n","protected":false},"excerpt":{"rendered":"<p>Ofrecemos a la venta un proyecto en curso para la construcci\u00f3n de dos casas adosadas en Felanitx. Este proyecto es ideal para inversores y compradores que busquen una propiedad con gran potencial y posibilidad de personalizaci\u00f3n. Las casas est\u00e1n situadas en un edificio residencial conectado con un patio interior. La parcela rectangular tiene una superficie&#8230;<\/p>\n","protected":false},"author":8,"featured_media":54590,"parent":0,"menu_order":0,"comment_status":"closed","ping_status":"closed","template":"","immobilien-austattung":[141,138,149,4498,137,100,1505,4069,146,98],"immobilien-typ":[86],"immobilien-ortschaft":[119],"immobilien-status":[114],"class_list":["post-54610","property","type-property","status-publish","has-post-thumbnail","hentry","property-feature-stadtwasser-es","property-feature-standard-es","property-feature-garage-es","property-feature-inversion","property-feature-investitionsimmobilie-es","property-feature-garten-es","property-feature-gesa-strom-es","property-feature-mit-bauprojekt-es","property-feature-patio-es","property-feature-abstellraum-es","property-type-casasychalets","property-city-felanitx-es","property-status-venta"],"property_meta":{"REAL_HOMES_property_price":"320000","REAL_HOMES_property_old_price":"","REAL_HOMES_property_price_prefix":"","REAL_HOMES_property_price_postfix":"","REAL_HOMES_property_size":"374","REAL_HOMES_property_size_postfix":"","REAL_HOMES_property_lot_size":"237","REAL_HOMES_property_lot_size_postfix":"","REAL_HOMES_property_bedrooms":"6","REAL_HOMES_property_bathrooms":"4","REAL_HOMES_property_garage":"2","REAL_HOMES_property_id":"LF0706","REAL_HOMES_property_year_built":"","rvr_property_owner":"","REAL_HOMES_featured":"1","REAL_HOMES_additional_details_list":[],"REAL_HOMES_property_location":{"latitude":"39.467958481532","longitude":"3.1458421434483","zoom":"18"},"REAL_HOMES_property_address":"Felanitx","REAL_HOMES_property_map":"0","REAL_HOMES_property_images":[{"width":150,"height":150,"file":"2024\/07\/Sdthaus-Projeckt-zwei-Dupplex-mit-Garage-3.jpg","filesize":562267,"sizes":{"medium":{"file":"Sdthaus-Projeckt-zwei-Dupplex-mit-Garage-3-300x250.jpg","width":300,"height":250,"mime-type":"image\/jpeg","filesize":49480,"url":"https:\/\/www.lucasfroeserealestate.com\/wp-content\/uploads\/2024\/07\/Sdthaus-Projeckt-zwei-Dupplex-mit-Garage-3-300x250.jpg"},"large":{"file":"Sdthaus-Projeckt-zwei-Dupplex-mit-Garage-3-1024x853.jpg","width":1024,"height":853,"mime-type":"image\/jpeg","filesize":195254,"url":"https:\/\/www.lucasfroeserealestate.com\/wp-content\/uploads\/2024\/07\/Sdthaus-Projeckt-zwei-Dupplex-mit-Garage-3-1024x853.jpg"},"thumbnail":{"file":"Sdthaus-Projeckt-zwei-Dupplex-mit-Garage-3-150x150.jpg","width":150,"height":150,"mime-type":"image\/jpeg","filesize":38123,"url":"https:\/\/www.lucasfroeserealestate.com\/wp-content\/uploads\/2024\/07\/Sdthaus-Projeckt-zwei-Dupplex-mit-Garage-3-150x150.jpg"},"medium_large":{"file":"Sdthaus-Projeckt-zwei-Dupplex-mit-Garage-3-768x640.jpg","width":768,"height":640,"mime-type":"image\/jpeg","filesize":125290,"url":"https:\/\/www.lucasfroeserealestate.com\/wp-content\/uploads\/2024\/07\/Sdthaus-Projeckt-zwei-Dupplex-mit-Garage-3-768x640.jpg"},"1536x1536":{"file":"Sdthaus-Projeckt-zwei-Dupplex-mit-Garage-3-1536x1280.jpg","width":1536,"height":1280,"mime-type":"image\/jpeg","filesize":388136,"url":"https:\/\/www.lucasfroeserealestate.com\/wp-content\/uploads\/2024\/07\/Sdthaus-Projeckt-zwei-Dupplex-mit-Garage-3-1536x1280.jpg"},"2048x2048":{"file":"Sdthaus-Projeckt-zwei-Dupplex-mit-Garage-3-2048x1707.jpg","width":2048,"height":1707,"mime-type":"image\/jpeg","filesize":635699,"url":"https:\/\/www.lucasfroeserealestate.com\/wp-content\/uploads\/2024\/07\/Sdthaus-Projeckt-zwei-Dupplex-mit-Garage-3-2048x1707.jpg"},"post-thumbnail":{"file":"Sdthaus-Projeckt-zwei-Dupplex-mit-Garage-3-150x125.jpg","width":150,"height":125,"mime-type":"image\/jpeg","filesize":37437,"url":"https:\/\/www.lucasfroeserealestate.com\/wp-content\/uploads\/2024\/07\/Sdthaus-Projeckt-zwei-Dupplex-mit-Garage-3-150x125.jpg"},"modern-property-child-slider":{"file":"Sdthaus-Projeckt-zwei-Dupplex-mit-Garage-3-680x510.jpg","width":680,"height":510,"mime-type":"image\/jpeg","filesize":100062,"url":"https:\/\/www.lucasfroeserealestate.com\/wp-content\/uploads\/2024\/07\/Sdthaus-Projeckt-zwei-Dupplex-mit-Garage-3-680x510.jpg"},"property-thumb-image":{"file":"Sdthaus-Projeckt-zwei-Dupplex-mit-Garage-3-488x326.jpg","width":488,"height":326,"mime-type":"image\/jpeg","filesize":65606,"url":"https:\/\/www.lucasfroeserealestate.com\/wp-content\/uploads\/2024\/07\/Sdthaus-Projeckt-zwei-Dupplex-mit-Garage-3-488x326.jpg"},"property-detail-video-image":{"file":"Sdthaus-Projeckt-zwei-Dupplex-mit-Garage-3-818x417.jpg","width":818,"height":417,"mime-type":"image\/jpeg","filesize":102242,"url":"https:\/\/www.lucasfroeserealestate.com\/wp-content\/uploads\/2024\/07\/Sdthaus-Projeckt-zwei-Dupplex-mit-Garage-3-818x417.jpg"},"agent-image":{"file":"Sdthaus-Projeckt-zwei-Dupplex-mit-Garage-3-210x210.jpg","width":210,"height":210,"mime-type":"image\/jpeg","filesize":42813,"url":"https:\/\/www.lucasfroeserealestate.com\/wp-content\/uploads\/2024\/07\/Sdthaus-Projeckt-zwei-Dupplex-mit-Garage-3-210x210.jpg"},"partners-logo":{"file":"Sdthaus-Projeckt-zwei-Dupplex-mit-Garage-3-600x1800.jpg","width":600,"height":1800,"mime-type":"image\/jpeg","filesize":227999,"url":"https:\/\/www.lucasfroeserealestate.com\/wp-content\/uploads\/2024\/07\/Sdthaus-Projeckt-zwei-Dupplex-mit-Garage-3-600x1800.jpg"},"post-featured-image":{"file":"Sdthaus-Projeckt-zwei-Dupplex-mit-Garage-3-1240x720.jpg","width":1240,"height":720,"mime-type":"image\/jpeg","filesize":202470,"url":"https:\/\/www.lucasfroeserealestate.com\/wp-content\/uploads\/2024\/07\/Sdthaus-Projeckt-zwei-Dupplex-mit-Garage-3-1240x720.jpg"}},"image_meta":{"aperture":"0","credit":"","camera":"","caption":"Garten mit pool Luxusimmobilien Felanitx","created_timestamp":"1722071747","copyright":"","focal_length":"0","iso":"0","shutter_speed":"0","title":"Garten mit pool Luxusimmobilien Felanitx","orientation":"0","keywords":["Garten mit pool Luxusimmobilien Felanitx"]},"ID":"54592","name":"Sdthaus-Projeckt-zwei-Dupplex-mit-Garage-3.jpg","path":"\/home\/empleost\/domains\/lucasfroeserealestate.com\/public_html\/wp-content\/uploads\/2024\/07\/Sdthaus-Projeckt-zwei-Dupplex-mit-Garage-3.jpg","url":"https:\/\/www.lucasfroeserealestate.com\/wp-content\/uploads\/2024\/07\/Sdthaus-Projeckt-zwei-Dupplex-mit-Garage-3-150x150.jpg","full_url":"https:\/\/www.lucasfroeserealestate.com\/wp-content\/uploads\/2024\/07\/Sdthaus-Projeckt-zwei-Dupplex-mit-Garage-3.jpg","title":"Garten mit pool Luxusimmobilien Felanitx","caption":"Garten mit pool Luxusimmobilien Felanitx","description":"","alt":"Garten mit pool Luxusimmobilien Felanitx","srcset":"https:\/\/www.lucasfroeserealestate.com\/wp-content\/uploads\/2024\/07\/Sdthaus-Projeckt-zwei-Dupplex-mit-Garage-3-150x150.jpg 150w, https:\/\/www.lucasfroeserealestate.com\/wp-content\/uploads\/2024\/07\/Sdthaus-Projeckt-zwei-Dupplex-mit-Garage-3-210x210.jpg 210w"},{"width":150,"height":150,"file":"2024\/07\/Sdthaus-Projeckt-zwei-Dupplex-mit-Garage-2.jpg","filesize":521087,"sizes":{"medium":{"file":"Sdthaus-Projeckt-zwei-Dupplex-mit-Garage-2-300x225.jpg","width":300,"height":225,"mime-type":"image\/jpeg","filesize":44599,"url":"https:\/\/www.lucasfroeserealestate.com\/wp-content\/uploads\/2024\/07\/Sdthaus-Projeckt-zwei-Dupplex-mit-Garage-2-300x225.jpg"},"large":{"file":"Sdthaus-Projeckt-zwei-Dupplex-mit-Garage-2-1024x768.jpg","width":1024,"height":768,"mime-type":"image\/jpeg","filesize":172425,"url":"https:\/\/www.lucasfroeserealestate.com\/wp-content\/uploads\/2024\/07\/Sdthaus-Projeckt-zwei-Dupplex-mit-Garage-2-1024x768.jpg"},"thumbnail":{"file":"Sdthaus-Projeckt-zwei-Dupplex-mit-Garage-2-150x150.jpg","width":150,"height":150,"mime-type":"image\/jpeg","filesize":34444,"url":"https:\/\/www.lucasfroeserealestate.com\/wp-content\/uploads\/2024\/07\/Sdthaus-Projeckt-zwei-Dupplex-mit-Garage-2-150x150.jpg"},"medium_large":{"file":"Sdthaus-Projeckt-zwei-Dupplex-mit-Garage-2-768x576.jpg","width":768,"height":576,"mime-type":"image\/jpeg","filesize":113341,"url":"https:\/\/www.lucasfroeserealestate.com\/wp-content\/uploads\/2024\/07\/Sdthaus-Projeckt-zwei-Dupplex-mit-Garage-2-768x576.jpg"},"1536x1536":{"file":"Sdthaus-Projeckt-zwei-Dupplex-mit-Garage-2-1536x1152.jpg","width":1536,"height":1152,"mime-type":"image\/jpeg","filesize":336413,"url":"https:\/\/www.lucasfroeserealestate.com\/wp-content\/uploads\/2024\/07\/Sdthaus-Projeckt-zwei-Dupplex-mit-Garage-2-1536x1152.jpg"},"2048x2048":{"file":"Sdthaus-Projeckt-zwei-Dupplex-mit-Garage-2-2048x1536.jpg","width":2048,"height":1536,"mime-type":"image\/jpeg","filesize":545115,"url":"https:\/\/www.lucasfroeserealestate.com\/wp-content\/uploads\/2024\/07\/Sdthaus-Projeckt-zwei-Dupplex-mit-Garage-2-2048x1536.jpg"},"post-thumbnail":{"file":"Sdthaus-Projeckt-zwei-Dupplex-mit-Garage-2-150x113.jpg","width":150,"height":113,"mime-type":"image\/jpeg","filesize":33184,"url":"https:\/\/www.lucasfroeserealestate.com\/wp-content\/uploads\/2024\/07\/Sdthaus-Projeckt-zwei-Dupplex-mit-Garage-2-150x113.jpg"},"modern-property-child-slider":{"file":"Sdthaus-Projeckt-zwei-Dupplex-mit-Garage-2-680x510.jpg","width":680,"height":510,"mime-type":"image\/jpeg","filesize":96970,"url":"https:\/\/www.lucasfroeserealestate.com\/wp-content\/uploads\/2024\/07\/Sdthaus-Projeckt-zwei-Dupplex-mit-Garage-2-680x510.jpg"},"property-thumb-image":{"file":"Sdthaus-Projeckt-zwei-Dupplex-mit-Garage-2-488x326.jpg","width":488,"height":326,"mime-type":"image\/jpeg","filesize":62927,"url":"https:\/\/www.lucasfroeserealestate.com\/wp-content\/uploads\/2024\/07\/Sdthaus-Projeckt-zwei-Dupplex-mit-Garage-2-488x326.jpg"},"property-detail-video-image":{"file":"Sdthaus-Projeckt-zwei-Dupplex-mit-Garage-2-818x417.jpg","width":818,"height":417,"mime-type":"image\/jpeg","filesize":100654,"url":"https:\/\/www.lucasfroeserealestate.com\/wp-content\/uploads\/2024\/07\/Sdthaus-Projeckt-zwei-Dupplex-mit-Garage-2-818x417.jpg"},"agent-image":{"file":"Sdthaus-Projeckt-zwei-Dupplex-mit-Garage-2-210x210.jpg","width":210,"height":210,"mime-type":"image\/jpeg","filesize":39688,"url":"https:\/\/www.lucasfroeserealestate.com\/wp-content\/uploads\/2024\/07\/Sdthaus-Projeckt-zwei-Dupplex-mit-Garage-2-210x210.jpg"},"partners-logo":{"file":"Sdthaus-Projeckt-zwei-Dupplex-mit-Garage-2-600x1800.jpg","width":600,"height":1800,"mime-type":"image\/jpeg","filesize":244777,"url":"https:\/\/www.lucasfroeserealestate.com\/wp-content\/uploads\/2024\/07\/Sdthaus-Projeckt-zwei-Dupplex-mit-Garage-2-600x1800.jpg"},"post-featured-image":{"file":"Sdthaus-Projeckt-zwei-Dupplex-mit-Garage-2-1240x720.jpg","width":1240,"height":720,"mime-type":"image\/jpeg","filesize":196721,"url":"https:\/\/www.lucasfroeserealestate.com\/wp-content\/uploads\/2024\/07\/Sdthaus-Projeckt-zwei-Dupplex-mit-Garage-2-1240x720.jpg"}},"image_meta":{"aperture":"0","credit":"","camera":"","caption":"Breite Saal Luxus Immobilien Mallorca","created_timestamp":"1722030571","copyright":"","focal_length":"0","iso":"0","shutter_speed":"0","title":"Breite Saal Luxus Immobilien Mallorca","orientation":"0","keywords":["Breite Saal Luxus Immobilien Mallorca"]},"ID":"54589","name":"Sdthaus-Projeckt-zwei-Dupplex-mit-Garage-2.jpg","path":"\/home\/empleost\/domains\/lucasfroeserealestate.com\/public_html\/wp-content\/uploads\/2024\/07\/Sdthaus-Projeckt-zwei-Dupplex-mit-Garage-2.jpg","url":"https:\/\/www.lucasfroeserealestate.com\/wp-content\/uploads\/2024\/07\/Sdthaus-Projeckt-zwei-Dupplex-mit-Garage-2-150x150.jpg","full_url":"https:\/\/www.lucasfroeserealestate.com\/wp-content\/uploads\/2024\/07\/Sdthaus-Projeckt-zwei-Dupplex-mit-Garage-2.jpg","title":"Breite Saal Luxus Immobilien Mallorca","caption":"Breite Saal Luxus Immobilien Mallorca","description":"","alt":"Breite Saal Luxus Immobilien Mallorca","srcset":"https:\/\/www.lucasfroeserealestate.com\/wp-content\/uploads\/2024\/07\/Sdthaus-Projeckt-zwei-Dupplex-mit-Garage-2-150x150.jpg 150w, https:\/\/www.lucasfroeserealestate.com\/wp-content\/uploads\/2024\/07\/Sdthaus-Projeckt-zwei-Dupplex-mit-Garage-2-210x210.jpg 210w"},{"width":150,"height":150,"file":"2024\/07\/Sdthaus-Projeckt-zwei-Dupplex-mit-Garage.jpg","filesize":420383,"sizes":{"medium":{"file":"Sdthaus-Projeckt-zwei-Dupplex-mit-Garage-300x225.jpg","width":300,"height":225,"mime-type":"image\/jpeg","filesize":41772,"url":"https:\/\/www.lucasfroeserealestate.com\/wp-content\/uploads\/2024\/07\/Sdthaus-Projeckt-zwei-Dupplex-mit-Garage-300x225.jpg"},"large":{"file":"Sdthaus-Projeckt-zwei-Dupplex-mit-Garage-1024x768.jpg","width":1024,"height":768,"mime-type":"image\/jpeg","filesize":144710,"url":"https:\/\/www.lucasfroeserealestate.com\/wp-content\/uploads\/2024\/07\/Sdthaus-Projeckt-zwei-Dupplex-mit-Garage-1024x768.jpg"},"thumbnail":{"file":"Sdthaus-Projeckt-zwei-Dupplex-mit-Garage-150x150.jpg","width":150,"height":150,"mime-type":"image\/jpeg","filesize":33472,"url":"https:\/\/www.lucasfroeserealestate.com\/wp-content\/uploads\/2024\/07\/Sdthaus-Projeckt-zwei-Dupplex-mit-Garage-150x150.jpg"},"medium_large":{"file":"Sdthaus-Projeckt-zwei-Dupplex-mit-Garage-768x576.jpg","width":768,"height":576,"mime-type":"image\/jpeg","filesize":97972,"url":"https:\/\/www.lucasfroeserealestate.com\/wp-content\/uploads\/2024\/07\/Sdthaus-Projeckt-zwei-Dupplex-mit-Garage-768x576.jpg"},"1536x1536":{"file":"Sdthaus-Projeckt-zwei-Dupplex-mit-Garage-1536x1152.jpg","width":1536,"height":1152,"mime-type":"image\/jpeg","filesize":274156,"url":"https:\/\/www.lucasfroeserealestate.com\/wp-content\/uploads\/2024\/07\/Sdthaus-Projeckt-zwei-Dupplex-mit-Garage-1536x1152.jpg"},"2048x2048":{"file":"Sdthaus-Projeckt-zwei-Dupplex-mit-Garage-2048x1536.jpg","width":2048,"height":1536,"mime-type":"image\/jpeg","filesize":435823,"url":"https:\/\/www.lucasfroeserealestate.com\/wp-content\/uploads\/2024\/07\/Sdthaus-Projeckt-zwei-Dupplex-mit-Garage-2048x1536.jpg"},"post-thumbnail":{"file":"Sdthaus-Projeckt-zwei-Dupplex-mit-Garage-150x113.jpg","width":150,"height":113,"mime-type":"image\/jpeg","filesize":32012,"url":"https:\/\/www.lucasfroeserealestate.com\/wp-content\/uploads\/2024\/07\/Sdthaus-Projeckt-zwei-Dupplex-mit-Garage-150x113.jpg"},"modern-property-child-slider":{"file":"Sdthaus-Projeckt-zwei-Dupplex-mit-Garage-680x510.jpg","width":680,"height":510,"mime-type":"image\/jpeg","filesize":84586,"url":"https:\/\/www.lucasfroeserealestate.com\/wp-content\/uploads\/2024\/07\/Sdthaus-Projeckt-zwei-Dupplex-mit-Garage-680x510.jpg"},"property-thumb-image":{"file":"Sdthaus-Projeckt-zwei-Dupplex-mit-Garage-488x326.jpg","width":488,"height":326,"mime-type":"image\/jpeg","filesize":57974,"url":"https:\/\/www.lucasfroeserealestate.com\/wp-content\/uploads\/2024\/07\/Sdthaus-Projeckt-zwei-Dupplex-mit-Garage-488x326.jpg"},"property-detail-video-image":{"file":"Sdthaus-Projeckt-zwei-Dupplex-mit-Garage-818x417.jpg","width":818,"height":417,"mime-type":"image\/jpeg","filesize":96206,"url":"https:\/\/www.lucasfroeserealestate.com\/wp-content\/uploads\/2024\/07\/Sdthaus-Projeckt-zwei-Dupplex-mit-Garage-818x417.jpg"},"agent-image":{"file":"Sdthaus-Projeckt-zwei-Dupplex-mit-Garage-210x210.jpg","width":210,"height":210,"mime-type":"image\/jpeg","filesize":37966,"url":"https:\/\/www.lucasfroeserealestate.com\/wp-content\/uploads\/2024\/07\/Sdthaus-Projeckt-zwei-Dupplex-mit-Garage-210x210.jpg"},"partners-logo":{"file":"Sdthaus-Projeckt-zwei-Dupplex-mit-Garage-600x1800.jpg","width":600,"height":1800,"mime-type":"image\/jpeg","filesize":191800,"url":"https:\/\/www.lucasfroeserealestate.com\/wp-content\/uploads\/2024\/07\/Sdthaus-Projeckt-zwei-Dupplex-mit-Garage-600x1800.jpg"},"post-featured-image":{"file":"Sdthaus-Projeckt-zwei-Dupplex-mit-Garage-1240x720.jpg","width":1240,"height":720,"mime-type":"image\/jpeg","filesize":179018,"url":"https:\/\/www.lucasfroeserealestate.com\/wp-content\/uploads\/2024\/07\/Sdthaus-Projeckt-zwei-Dupplex-mit-Garage-1240x720.jpg"}},"image_meta":{"aperture":"0","credit":"","camera":"","caption":"Luxusimmobilien Mallorca","created_timestamp":"1721312417","copyright":"","focal_length":"0","iso":"0","shutter_speed":"0","title":"Luxusimmobilien Mallorca","orientation":"0","keywords":["Luxusimmobilien Mallorca"]},"ID":"54607","name":"Sdthaus-Projeckt-zwei-Dupplex-mit-Garage.jpg","path":"\/home\/empleost\/domains\/lucasfroeserealestate.com\/public_html\/wp-content\/uploads\/2024\/07\/Sdthaus-Projeckt-zwei-Dupplex-mit-Garage.jpg","url":"https:\/\/www.lucasfroeserealestate.com\/wp-content\/uploads\/2024\/07\/Sdthaus-Projeckt-zwei-Dupplex-mit-Garage-150x150.jpg","full_url":"https:\/\/www.lucasfroeserealestate.com\/wp-content\/uploads\/2024\/07\/Sdthaus-Projeckt-zwei-Dupplex-mit-Garage.jpg","title":"Luxusimmobilien Mallorca","caption":"Luxusimmobilien Mallorca","description":"","alt":"Luxusimmobilien Mallorca","srcset":"https:\/\/www.lucasfroeserealestate.com\/wp-content\/uploads\/2024\/07\/Sdthaus-Projeckt-zwei-Dupplex-mit-Garage-150x150.jpg 150w, https:\/\/www.lucasfroeserealestate.com\/wp-content\/uploads\/2024\/07\/Sdthaus-Projeckt-zwei-Dupplex-mit-Garage-210x210.jpg 210w"},{"width":150,"height":150,"file":"2024\/07\/Sdthaus-Projeckt-zwei-Dupplex-mit-Garage-5.jpg","filesize":539069,"sizes":{"medium":{"file":"Sdthaus-Projeckt-zwei-Dupplex-mit-Garage-5-300x300.jpg","width":300,"height":300,"mime-type":"image\/jpeg","filesize":41346,"url":"https:\/\/www.lucasfroeserealestate.com\/wp-content\/uploads\/2024\/07\/Sdthaus-Projeckt-zwei-Dupplex-mit-Garage-5-300x300.jpg"},"large":{"file":"Sdthaus-Projeckt-zwei-Dupplex-mit-Garage-5-1024x1024.jpg","width":1024,"height":1024,"mime-type":"image\/jpeg","filesize":138913,"url":"https:\/\/www.lucasfroeserealestate.com\/wp-content\/uploads\/2024\/07\/Sdthaus-Projeckt-zwei-Dupplex-mit-Garage-5-1024x1024.jpg"},"thumbnail":{"file":"Sdthaus-Projeckt-zwei-Dupplex-mit-Garage-5-150x150.jpg","width":150,"height":150,"mime-type":"image\/jpeg","filesize":32073,"url":"https:\/\/www.lucasfroeserealestate.com\/wp-content\/uploads\/2024\/07\/Sdthaus-Projeckt-zwei-Dupplex-mit-Garage-5-150x150.jpg"},"medium_large":{"file":"Sdthaus-Projeckt-zwei-Dupplex-mit-Garage-5-768x768.jpg","width":768,"height":768,"mime-type":"image\/jpeg","filesize":94137,"url":"https:\/\/www.lucasfroeserealestate.com\/wp-content\/uploads\/2024\/07\/Sdthaus-Projeckt-zwei-Dupplex-mit-Garage-5-768x768.jpg"},"1536x1536":{"file":"Sdthaus-Projeckt-zwei-Dupplex-mit-Garage-5-1536x1536.jpg","width":1536,"height":1536,"mime-type":"image\/jpeg","filesize":256988,"url":"https:\/\/www.lucasfroeserealestate.com\/wp-content\/uploads\/2024\/07\/Sdthaus-Projeckt-zwei-Dupplex-mit-Garage-5-1536x1536.jpg"},"post-thumbnail":{"file":"Sdthaus-Projeckt-zwei-Dupplex-mit-Garage-5-150x150.jpg","width":150,"height":150,"mime-type":"image\/jpeg","filesize":32073,"url":"https:\/\/www.lucasfroeserealestate.com\/wp-content\/uploads\/2024\/07\/Sdthaus-Projeckt-zwei-Dupplex-mit-Garage-5-150x150.jpg"},"modern-property-child-slider":{"file":"Sdthaus-Projeckt-zwei-Dupplex-mit-Garage-5-680x510.jpg","width":680,"height":510,"mime-type":"image\/jpeg","filesize":72469,"url":"https:\/\/www.lucasfroeserealestate.com\/wp-content\/uploads\/2024\/07\/Sdthaus-Projeckt-zwei-Dupplex-mit-Garage-5-680x510.jpg"},"property-thumb-image":{"file":"Sdthaus-Projeckt-zwei-Dupplex-mit-Garage-5-488x326.jpg","width":488,"height":326,"mime-type":"image\/jpeg","filesize":50799,"url":"https:\/\/www.lucasfroeserealestate.com\/wp-content\/uploads\/2024\/07\/Sdthaus-Projeckt-zwei-Dupplex-mit-Garage-5-488x326.jpg"},"property-detail-video-image":{"file":"Sdthaus-Projeckt-zwei-Dupplex-mit-Garage-5-818x417.jpg","width":818,"height":417,"mime-type":"image\/jpeg","filesize":70805,"url":"https:\/\/www.lucasfroeserealestate.com\/wp-content\/uploads\/2024\/07\/Sdthaus-Projeckt-zwei-Dupplex-mit-Garage-5-818x417.jpg"},"agent-image":{"file":"Sdthaus-Projeckt-zwei-Dupplex-mit-Garage-5-210x210.jpg","width":210,"height":210,"mime-type":"image\/jpeg","filesize":35357,"url":"https:\/\/www.lucasfroeserealestate.com\/wp-content\/uploads\/2024\/07\/Sdthaus-Projeckt-zwei-Dupplex-mit-Garage-5-210x210.jpg"},"partners-logo":{"file":"Sdthaus-Projeckt-zwei-Dupplex-mit-Garage-5-600x1800.jpg","width":600,"height":1800,"mime-type":"image\/jpeg","filesize":159826,"url":"https:\/\/www.lucasfroeserealestate.com\/wp-content\/uploads\/2024\/07\/Sdthaus-Projeckt-zwei-Dupplex-mit-Garage-5-600x1800.jpg"},"post-featured-image":{"file":"Sdthaus-Projeckt-zwei-Dupplex-mit-Garage-5-1240x720.jpg","width":1240,"height":720,"mime-type":"image\/jpeg","filesize":128156,"url":"https:\/\/www.lucasfroeserealestate.com\/wp-content\/uploads\/2024\/07\/Sdthaus-Projeckt-zwei-Dupplex-mit-Garage-5-1240x720.jpg"}},"image_meta":{"aperture":"0","credit":"","camera":"","caption":"Moderne Bad Immobilien Felanitx","created_timestamp":"1722075360","copyright":"","focal_length":"0","iso":"0","shutter_speed":"0","title":"Moderne Bad Immobilien Felanitx","orientation":"0","keywords":["Moderne Bad Immobilien Felanitx"]},"ID":"54598","name":"Sdthaus-Projeckt-zwei-Dupplex-mit-Garage-5.jpg","path":"\/home\/empleost\/domains\/lucasfroeserealestate.com\/public_html\/wp-content\/uploads\/2024\/07\/Sdthaus-Projeckt-zwei-Dupplex-mit-Garage-5.jpg","url":"https:\/\/www.lucasfroeserealestate.com\/wp-content\/uploads\/2024\/07\/Sdthaus-Projeckt-zwei-Dupplex-mit-Garage-5-150x150.jpg","full_url":"https:\/\/www.lucasfroeserealestate.com\/wp-content\/uploads\/2024\/07\/Sdthaus-Projeckt-zwei-Dupplex-mit-Garage-5.jpg","title":"Moderne Bad Immobilien Felanitx","caption":"Moderne Bad Immobilien Felanitx","description":"","alt":"Moderne Bad Immobilien Felanitx","srcset":"https:\/\/www.lucasfroeserealestate.com\/wp-content\/uploads\/2024\/07\/Sdthaus-Projeckt-zwei-Dupplex-mit-Garage-5-150x150.jpg 150w, https:\/\/www.lucasfroeserealestate.com\/wp-content\/uploads\/2024\/07\/Sdthaus-Projeckt-zwei-Dupplex-mit-Garage-5-300x300.jpg 300w, https:\/\/www.lucasfroeserealestate.com\/wp-content\/uploads\/2024\/07\/Sdthaus-Projeckt-zwei-Dupplex-mit-Garage-5-1024x1024.jpg 1024w, https:\/\/www.lucasfroeserealestate.com\/wp-content\/uploads\/2024\/07\/Sdthaus-Projeckt-zwei-Dupplex-mit-Garage-5-768x768.jpg 768w, https:\/\/www.lucasfroeserealestate.com\/wp-content\/uploads\/2024\/07\/Sdthaus-Projeckt-zwei-Dupplex-mit-Garage-5-1536x1536.jpg 1536w, https:\/\/www.lucasfroeserealestate.com\/wp-content\/uploads\/2024\/07\/Sdthaus-Projeckt-zwei-Dupplex-mit-Garage-5-210x210.jpg 210w, https:\/\/www.lucasfroeserealestate.com\/wp-content\/uploads\/2024\/07\/Sdthaus-Projeckt-zwei-Dupplex-mit-Garage-5.jpg 1800w"},{"width":150,"height":150,"file":"2024\/07\/Sdthaus-Projeckt-zwei-Dupplex-mit-Garage-4.jpg","filesize":466541,"sizes":{"medium":{"file":"Sdthaus-Projeckt-zwei-Dupplex-mit-Garage-4-300x250.jpg","width":300,"height":250,"mime-type":"image\/jpeg","filesize":44800,"url":"https:\/\/www.lucasfroeserealestate.com\/wp-content\/uploads\/2024\/07\/Sdthaus-Projeckt-zwei-Dupplex-mit-Garage-4-300x250.jpg"},"large":{"file":"Sdthaus-Projeckt-zwei-Dupplex-mit-Garage-4-1024x853.jpg","width":1024,"height":853,"mime-type":"image\/jpeg","filesize":158238,"url":"https:\/\/www.lucasfroeserealestate.com\/wp-content\/uploads\/2024\/07\/Sdthaus-Projeckt-zwei-Dupplex-mit-Garage-4-1024x853.jpg"},"thumbnail":{"file":"Sdthaus-Projeckt-zwei-Dupplex-mit-Garage-4-150x150.jpg","width":150,"height":150,"mime-type":"image\/jpeg","filesize":34582,"url":"https:\/\/www.lucasfroeserealestate.com\/wp-content\/uploads\/2024\/07\/Sdthaus-Projeckt-zwei-Dupplex-mit-Garage-4-150x150.jpg"},"medium_large":{"file":"Sdthaus-Projeckt-zwei-Dupplex-mit-Garage-4-768x640.jpg","width":768,"height":640,"mime-type":"image\/jpeg","filesize":103960,"url":"https:\/\/www.lucasfroeserealestate.com\/wp-content\/uploads\/2024\/07\/Sdthaus-Projeckt-zwei-Dupplex-mit-Garage-4-768x640.jpg"},"1536x1536":{"file":"Sdthaus-Projeckt-zwei-Dupplex-mit-Garage-4-1536x1280.jpg","width":1536,"height":1280,"mime-type":"image\/jpeg","filesize":317047,"url":"https:\/\/www.lucasfroeserealestate.com\/wp-content\/uploads\/2024\/07\/Sdthaus-Projeckt-zwei-Dupplex-mit-Garage-4-1536x1280.jpg"},"2048x2048":{"file":"Sdthaus-Projeckt-zwei-Dupplex-mit-Garage-4-2048x1707.jpg","width":2048,"height":1707,"mime-type":"image\/jpeg","filesize":537002,"url":"https:\/\/www.lucasfroeserealestate.com\/wp-content\/uploads\/2024\/07\/Sdthaus-Projeckt-zwei-Dupplex-mit-Garage-4-2048x1707.jpg"},"post-thumbnail":{"file":"Sdthaus-Projeckt-zwei-Dupplex-mit-Garage-4-150x125.jpg","width":150,"height":125,"mime-type":"image\/jpeg","filesize":33926,"url":"https:\/\/www.lucasfroeserealestate.com\/wp-content\/uploads\/2024\/07\/Sdthaus-Projeckt-zwei-Dupplex-mit-Garage-4-150x125.jpg"},"modern-property-child-slider":{"file":"Sdthaus-Projeckt-zwei-Dupplex-mit-Garage-4-680x510.jpg","width":680,"height":510,"mime-type":"image\/jpeg","filesize":87714,"url":"https:\/\/www.lucasfroeserealestate.com\/wp-content\/uploads\/2024\/07\/Sdthaus-Projeckt-zwei-Dupplex-mit-Garage-4-680x510.jpg"},"property-thumb-image":{"file":"Sdthaus-Projeckt-zwei-Dupplex-mit-Garage-4-488x326.jpg","width":488,"height":326,"mime-type":"image\/jpeg","filesize":59899,"url":"https:\/\/www.lucasfroeserealestate.com\/wp-content\/uploads\/2024\/07\/Sdthaus-Projeckt-zwei-Dupplex-mit-Garage-4-488x326.jpg"},"property-detail-video-image":{"file":"Sdthaus-Projeckt-zwei-Dupplex-mit-Garage-4-818x417.jpg","width":818,"height":417,"mime-type":"image\/jpeg","filesize":91783,"url":"https:\/\/www.lucasfroeserealestate.com\/wp-content\/uploads\/2024\/07\/Sdthaus-Projeckt-zwei-Dupplex-mit-Garage-4-818x417.jpg"},"agent-image":{"file":"Sdthaus-Projeckt-zwei-Dupplex-mit-Garage-4-210x210.jpg","width":210,"height":210,"mime-type":"image\/jpeg","filesize":38781,"url":"https:\/\/www.lucasfroeserealestate.com\/wp-content\/uploads\/2024\/07\/Sdthaus-Projeckt-zwei-Dupplex-mit-Garage-4-210x210.jpg"},"partners-logo":{"file":"Sdthaus-Projeckt-zwei-Dupplex-mit-Garage-4-600x1800.jpg","width":600,"height":1800,"mime-type":"image\/jpeg","filesize":190518,"url":"https:\/\/www.lucasfroeserealestate.com\/wp-content\/uploads\/2024\/07\/Sdthaus-Projeckt-zwei-Dupplex-mit-Garage-4-600x1800.jpg"},"post-featured-image":{"file":"Sdthaus-Projeckt-zwei-Dupplex-mit-Garage-4-1240x720.jpg","width":1240,"height":720,"mime-type":"image\/jpeg","filesize":179236,"url":"https:\/\/www.lucasfroeserealestate.com\/wp-content\/uploads\/2024\/07\/Sdthaus-Projeckt-zwei-Dupplex-mit-Garage-4-1240x720.jpg"}},"image_meta":{"aperture":"0","credit":"","camera":"","caption":"Pl\u00e4ne Fassade Immobilien Mallorca","created_timestamp":"1722074341","copyright":"","focal_length":"0","iso":"0","shutter_speed":"0","title":"Pl\u00e4ne Fassade Immobilien Mallorca","orientation":"0","keywords":["Pl\u00e4ne Fassade Immobilien Mallorca"]},"ID":"54595","name":"Sdthaus-Projeckt-zwei-Dupplex-mit-Garage-4.jpg","path":"\/home\/empleost\/domains\/lucasfroeserealestate.com\/public_html\/wp-content\/uploads\/2024\/07\/Sdthaus-Projeckt-zwei-Dupplex-mit-Garage-4.jpg","url":"https:\/\/www.lucasfroeserealestate.com\/wp-content\/uploads\/2024\/07\/Sdthaus-Projeckt-zwei-Dupplex-mit-Garage-4-150x150.jpg","full_url":"https:\/\/www.lucasfroeserealestate.com\/wp-content\/uploads\/2024\/07\/Sdthaus-Projeckt-zwei-Dupplex-mit-Garage-4.jpg","title":"Pl\u00e4ne Fassade Immobilien Mallorca","caption":"Pl\u00e4ne Fassade Immobilien Mallorca","description":"","alt":"Pl\u00e4ne Fassade Immobilien Mallorca","srcset":"https:\/\/www.lucasfroeserealestate.com\/wp-content\/uploads\/2024\/07\/Sdthaus-Projeckt-zwei-Dupplex-mit-Garage-4-150x150.jpg 150w, https:\/\/www.lucasfroeserealestate.com\/wp-content\/uploads\/2024\/07\/Sdthaus-Projeckt-zwei-Dupplex-mit-Garage-4-210x210.jpg 210w"},{"width":150,"height":150,"file":"2025\/05\/Diseno-sin-titulo-2025-05-07T161451.830.jpg","filesize":821843,"sizes":{"medium":{"file":"Diseno-sin-titulo-2025-05-07T161451.830-300x200.jpg","width":300,"height":200,"mime-type":"image\/jpeg","filesize":15988,"url":"https:\/\/www.lucasfroeserealestate.com\/wp-content\/uploads\/2025\/05\/Diseno-sin-titulo-2025-05-07T161451.830-300x200.jpg"},"large":{"file":"Diseno-sin-titulo-2025-05-07T161451.830-1024x683.jpg","width":1024,"height":683,"mime-type":"image\/jpeg","filesize":167229,"url":"https:\/\/www.lucasfroeserealestate.com\/wp-content\/uploads\/2025\/05\/Diseno-sin-titulo-2025-05-07T161451.830-1024x683.jpg"},"thumbnail":{"file":"Diseno-sin-titulo-2025-05-07T161451.830-150x150.jpg","width":150,"height":150,"mime-type":"image\/jpeg","filesize":6186,"url":"https:\/\/www.lucasfroeserealestate.com\/wp-content\/uploads\/2025\/05\/Diseno-sin-titulo-2025-05-07T161451.830-150x150.jpg"},"medium_large":{"file":"Diseno-sin-titulo-2025-05-07T161451.830-768x512.jpg","width":768,"height":512,"mime-type":"image\/jpeg","filesize":95765,"url":"https:\/\/www.lucasfroeserealestate.com\/wp-content\/uploads\/2025\/05\/Diseno-sin-titulo-2025-05-07T161451.830-768x512.jpg"},"1536x1536":{"file":"Diseno-sin-titulo-2025-05-07T161451.830-1536x1024.jpg","width":1536,"height":1024,"mime-type":"image\/jpeg","filesize":350515,"url":"https:\/\/www.lucasfroeserealestate.com\/wp-content\/uploads\/2025\/05\/Diseno-sin-titulo-2025-05-07T161451.830-1536x1024.jpg"},"2048x2048":{"file":"Diseno-sin-titulo-2025-05-07T161451.830-2048x1365.jpg","width":2048,"height":1365,"mime-type":"image\/jpeg","filesize":582669,"url":"https:\/\/www.lucasfroeserealestate.com\/wp-content\/uploads\/2025\/05\/Diseno-sin-titulo-2025-05-07T161451.830-2048x1365.jpg"},"post-thumbnail":{"file":"Diseno-sin-titulo-2025-05-07T161451.830-150x100.jpg","width":150,"height":100,"mime-type":"image\/jpeg","filesize":4848,"url":"https:\/\/www.lucasfroeserealestate.com\/wp-content\/uploads\/2025\/05\/Diseno-sin-titulo-2025-05-07T161451.830-150x100.jpg"},"modern-property-child-slider":{"file":"Diseno-sin-titulo-2025-05-07T161451.830-680x510.jpg","width":680,"height":510,"mime-type":"image\/jpeg","filesize":83552,"url":"https:\/\/www.lucasfroeserealestate.com\/wp-content\/uploads\/2025\/05\/Diseno-sin-titulo-2025-05-07T161451.830-680x510.jpg"},"property-thumb-image":{"file":"Diseno-sin-titulo-2025-05-07T161451.830-488x326.jpg","width":488,"height":326,"mime-type":"image\/jpeg","filesize":40290,"url":"https:\/\/www.lucasfroeserealestate.com\/wp-content\/uploads\/2025\/05\/Diseno-sin-titulo-2025-05-07T161451.830-488x326.jpg"},"property-detail-video-image":{"file":"Diseno-sin-titulo-2025-05-07T161451.830-818x417.jpg","width":818,"height":417,"mime-type":"image\/jpeg","filesize":85796,"url":"https:\/\/www.lucasfroeserealestate.com\/wp-content\/uploads\/2025\/05\/Diseno-sin-titulo-2025-05-07T161451.830-818x417.jpg"},"agent-image":{"file":"Diseno-sin-titulo-2025-05-07T161451.830-210x210.jpg","width":210,"height":210,"mime-type":"image\/jpeg","filesize":11432,"url":"https:\/\/www.lucasfroeserealestate.com\/wp-content\/uploads\/2025\/05\/Diseno-sin-titulo-2025-05-07T161451.830-210x210.jpg"},"partners-logo":{"file":"Diseno-sin-titulo-2025-05-07T161451.830-600x1600.jpg","width":600,"height":1600,"mime-type":"image\/jpeg","filesize":183722,"url":"https:\/\/www.lucasfroeserealestate.com\/wp-content\/uploads\/2025\/05\/Diseno-sin-titulo-2025-05-07T161451.830-600x1600.jpg"},"post-featured-image":{"file":"Diseno-sin-titulo-2025-05-07T161451.830-1240x720.jpg","width":1240,"height":720,"mime-type":"image\/jpeg","filesize":208258,"url":"https:\/\/www.lucasfroeserealestate.com\/wp-content\/uploads\/2025\/05\/Diseno-sin-titulo-2025-05-07T161451.830-1240x720.jpg"}},"image_meta":{"aperture":"0","credit":"","camera":"","caption":"","created_timestamp":"0","copyright":"","focal_length":"0","iso":"0","shutter_speed":"0","title":"","orientation":"1","keywords":[]},"ID":"67486","name":"Diseno-sin-titulo-2025-05-07T161451.830.jpg","path":"\/home\/empleost\/domains\/lucasfroeserealestate.com\/public_html\/wp-content\/uploads\/2025\/05\/Diseno-sin-titulo-2025-05-07T161451.830.jpg","url":"https:\/\/www.lucasfroeserealestate.com\/wp-content\/uploads\/2025\/05\/Diseno-sin-titulo-2025-05-07T161451.830-150x150.jpg","full_url":"https:\/\/www.lucasfroeserealestate.com\/wp-content\/uploads\/2025\/05\/Diseno-sin-titulo-2025-05-07T161451.830.jpg","title":"Disen\u0303o sin ti\u0301tulo - 2025-05-07T161451.830","caption":"Immobilien Felanitx Zentrum kaufen","description":"","alt":"Immobilien Felanitx Zentrum kaufen","srcset":"https:\/\/www.lucasfroeserealestate.com\/wp-content\/uploads\/2025\/05\/Diseno-sin-titulo-2025-05-07T161451.830-150x150.jpg 150w, https:\/\/www.lucasfroeserealestate.com\/wp-content\/uploads\/2025\/05\/Diseno-sin-titulo-2025-05-07T161451.830-210x210.jpg 210w"},{"width":150,"height":150,"file":"2025\/05\/Diseno-sin-titulo-2025-05-07T161548.705.jpg","filesize":411440,"sizes":{"medium":{"file":"Diseno-sin-titulo-2025-05-07T161548.705-300x200.jpg","width":300,"height":200,"mime-type":"image\/jpeg","filesize":9139,"url":"https:\/\/www.lucasfroeserealestate.com\/wp-content\/uploads\/2025\/05\/Diseno-sin-titulo-2025-05-07T161548.705-300x200.jpg"},"large":{"file":"Diseno-sin-titulo-2025-05-07T161548.705-1024x683.jpg","width":1024,"height":683,"mime-type":"image\/jpeg","filesize":76818,"url":"https:\/\/www.lucasfroeserealestate.com\/wp-content\/uploads\/2025\/05\/Diseno-sin-titulo-2025-05-07T161548.705-1024x683.jpg"},"thumbnail":{"file":"Diseno-sin-titulo-2025-05-07T161548.705-150x150.jpg","width":150,"height":150,"mime-type":"image\/jpeg","filesize":4401,"url":"https:\/\/www.lucasfroeserealestate.com\/wp-content\/uploads\/2025\/05\/Diseno-sin-titulo-2025-05-07T161548.705-150x150.jpg"},"medium_large":{"file":"Diseno-sin-titulo-2025-05-07T161548.705-768x512.jpg","width":768,"height":512,"mime-type":"image\/jpeg","filesize":45213,"url":"https:\/\/www.lucasfroeserealestate.com\/wp-content\/uploads\/2025\/05\/Diseno-sin-titulo-2025-05-07T161548.705-768x512.jpg"},"1536x1536":{"file":"Diseno-sin-titulo-2025-05-07T161548.705-1536x1024.jpg","width":1536,"height":1024,"mime-type":"image\/jpeg","filesize":161848,"url":"https:\/\/www.lucasfroeserealestate.com\/wp-content\/uploads\/2025\/05\/Diseno-sin-titulo-2025-05-07T161548.705-1536x1024.jpg"},"2048x2048":{"file":"Diseno-sin-titulo-2025-05-07T161548.705-2048x1365.jpg","width":2048,"height":1365,"mime-type":"image\/jpeg","filesize":284728,"url":"https:\/\/www.lucasfroeserealestate.com\/wp-content\/uploads\/2025\/05\/Diseno-sin-titulo-2025-05-07T161548.705-2048x1365.jpg"},"post-thumbnail":{"file":"Diseno-sin-titulo-2025-05-07T161548.705-150x100.jpg","width":150,"height":100,"mime-type":"image\/jpeg","filesize":3311,"url":"https:\/\/www.lucasfroeserealestate.com\/wp-content\/uploads\/2025\/05\/Diseno-sin-titulo-2025-05-07T161548.705-150x100.jpg"},"modern-property-child-slider":{"file":"Diseno-sin-titulo-2025-05-07T161548.705-680x510.jpg","width":680,"height":510,"mime-type":"image\/jpeg","filesize":40933,"url":"https:\/\/www.lucasfroeserealestate.com\/wp-content\/uploads\/2025\/05\/Diseno-sin-titulo-2025-05-07T161548.705-680x510.jpg"},"property-thumb-image":{"file":"Diseno-sin-titulo-2025-05-07T161548.705-488x326.jpg","width":488,"height":326,"mime-type":"image\/jpeg","filesize":20832,"url":"https:\/\/www.lucasfroeserealestate.com\/wp-content\/uploads\/2025\/05\/Diseno-sin-titulo-2025-05-07T161548.705-488x326.jpg"},"property-detail-video-image":{"file":"Diseno-sin-titulo-2025-05-07T161548.705-818x417.jpg","width":818,"height":417,"mime-type":"image\/jpeg","filesize":36324,"url":"https:\/\/www.lucasfroeserealestate.com\/wp-content\/uploads\/2025\/05\/Diseno-sin-titulo-2025-05-07T161548.705-818x417.jpg"},"agent-image":{"file":"Diseno-sin-titulo-2025-05-07T161548.705-210x210.jpg","width":210,"height":210,"mime-type":"image\/jpeg","filesize":7528,"url":"https:\/\/www.lucasfroeserealestate.com\/wp-content\/uploads\/2025\/05\/Diseno-sin-titulo-2025-05-07T161548.705-210x210.jpg"},"partners-logo":{"file":"Diseno-sin-titulo-2025-05-07T161548.705-600x1600.jpg","width":600,"height":1600,"mime-type":"image\/jpeg","filesize":116785,"url":"https:\/\/www.lucasfroeserealestate.com\/wp-content\/uploads\/2025\/05\/Diseno-sin-titulo-2025-05-07T161548.705-600x1600.jpg"},"post-featured-image":{"file":"Diseno-sin-titulo-2025-05-07T161548.705-1240x720.jpg","width":1240,"height":720,"mime-type":"image\/jpeg","filesize":90434,"url":"https:\/\/www.lucasfroeserealestate.com\/wp-content\/uploads\/2025\/05\/Diseno-sin-titulo-2025-05-07T161548.705-1240x720.jpg"}},"image_meta":{"aperture":"0","credit":"","camera":"","caption":"","created_timestamp":"0","copyright":"","focal_length":"0","iso":"0","shutter_speed":"0","title":"","orientation":"1","keywords":[]},"ID":"67483","name":"Diseno-sin-titulo-2025-05-07T161548.705.jpg","path":"\/home\/empleost\/domains\/lucasfroeserealestate.com\/public_html\/wp-content\/uploads\/2025\/05\/Diseno-sin-titulo-2025-05-07T161548.705.jpg","url":"https:\/\/www.lucasfroeserealestate.com\/wp-content\/uploads\/2025\/05\/Diseno-sin-titulo-2025-05-07T161548.705-150x150.jpg","full_url":"https:\/\/www.lucasfroeserealestate.com\/wp-content\/uploads\/2025\/05\/Diseno-sin-titulo-2025-05-07T161548.705.jpg","title":"Disen\u0303o sin ti\u0301tulo - 2025-05-07T161548.705","caption":"Immobilien Felanitx Zentrum kaufen","description":"","alt":"Immobilien Felanitx Zentrum kaufen","srcset":"https:\/\/www.lucasfroeserealestate.com\/wp-content\/uploads\/2025\/05\/Diseno-sin-titulo-2025-05-07T161548.705-150x150.jpg 150w, https:\/\/www.lucasfroeserealestate.com\/wp-content\/uploads\/2025\/05\/Diseno-sin-titulo-2025-05-07T161548.705-210x210.jpg 210w"},{"width":150,"height":150,"file":"2025\/05\/Diseno-sin-titulo-2025-05-07T161646.334.jpg","filesize":820281,"sizes":{"medium":{"file":"Diseno-sin-titulo-2025-05-07T161646.334-300x200.jpg","width":300,"height":200,"mime-type":"image\/jpeg","filesize":19342,"url":"https:\/\/www.lucasfroeserealestate.com\/wp-content\/uploads\/2025\/05\/Diseno-sin-titulo-2025-05-07T161646.334-300x200.jpg"},"large":{"file":"Diseno-sin-titulo-2025-05-07T161646.334-1024x683.jpg","width":1024,"height":683,"mime-type":"image\/jpeg","filesize":182130,"url":"https:\/\/www.lucasfroeserealestate.com\/wp-content\/uploads\/2025\/05\/Diseno-sin-titulo-2025-05-07T161646.334-1024x683.jpg"},"thumbnail":{"file":"Diseno-sin-titulo-2025-05-07T161646.334-150x150.jpg","width":150,"height":150,"mime-type":"image\/jpeg","filesize":7928,"url":"https:\/\/www.lucasfroeserealestate.com\/wp-content\/uploads\/2025\/05\/Diseno-sin-titulo-2025-05-07T161646.334-150x150.jpg"},"medium_large":{"file":"Diseno-sin-titulo-2025-05-07T161646.334-768x512.jpg","width":768,"height":512,"mime-type":"image\/jpeg","filesize":107789,"url":"https:\/\/www.lucasfroeserealestate.com\/wp-content\/uploads\/2025\/05\/Diseno-sin-titulo-2025-05-07T161646.334-768x512.jpg"},"1536x1536":{"file":"Diseno-sin-titulo-2025-05-07T161646.334-1536x1024.jpg","width":1536,"height":1024,"mime-type":"image\/jpeg","filesize":369118,"url":"https:\/\/www.lucasfroeserealestate.com\/wp-content\/uploads\/2025\/05\/Diseno-sin-titulo-2025-05-07T161646.334-1536x1024.jpg"},"2048x2048":{"file":"Diseno-sin-titulo-2025-05-07T161646.334-2048x1365.jpg","width":2048,"height":1365,"mime-type":"image\/jpeg","filesize":600455,"url":"https:\/\/www.lucasfroeserealestate.com\/wp-content\/uploads\/2025\/05\/Diseno-sin-titulo-2025-05-07T161646.334-2048x1365.jpg"},"post-thumbnail":{"file":"Diseno-sin-titulo-2025-05-07T161646.334-150x100.jpg","width":150,"height":100,"mime-type":"image\/jpeg","filesize":5716,"url":"https:\/\/www.lucasfroeserealestate.com\/wp-content\/uploads\/2025\/05\/Diseno-sin-titulo-2025-05-07T161646.334-150x100.jpg"},"modern-property-child-slider":{"file":"Diseno-sin-titulo-2025-05-07T161646.334-680x510.jpg","width":680,"height":510,"mime-type":"image\/jpeg","filesize":98028,"url":"https:\/\/www.lucasfroeserealestate.com\/wp-content\/uploads\/2025\/05\/Diseno-sin-titulo-2025-05-07T161646.334-680x510.jpg"},"property-thumb-image":{"file":"Diseno-sin-titulo-2025-05-07T161646.334-488x326.jpg","width":488,"height":326,"mime-type":"image\/jpeg","filesize":47108,"url":"https:\/\/www.lucasfroeserealestate.com\/wp-content\/uploads\/2025\/05\/Diseno-sin-titulo-2025-05-07T161646.334-488x326.jpg"},"property-detail-video-image":{"file":"Diseno-sin-titulo-2025-05-07T161646.334-818x417.jpg","width":818,"height":417,"mime-type":"image\/jpeg","filesize":99047,"url":"https:\/\/www.lucasfroeserealestate.com\/wp-content\/uploads\/2025\/05\/Diseno-sin-titulo-2025-05-07T161646.334-818x417.jpg"},"agent-image":{"file":"Diseno-sin-titulo-2025-05-07T161646.334-210x210.jpg","width":210,"height":210,"mime-type":"image\/jpeg","filesize":14891,"url":"https:\/\/www.lucasfroeserealestate.com\/wp-content\/uploads\/2025\/05\/Diseno-sin-titulo-2025-05-07T161646.334-210x210.jpg"},"partners-logo":{"file":"Diseno-sin-titulo-2025-05-07T161646.334-600x1600.jpg","width":600,"height":1600,"mime-type":"image\/jpeg","filesize":253552,"url":"https:\/\/www.lucasfroeserealestate.com\/wp-content\/uploads\/2025\/05\/Diseno-sin-titulo-2025-05-07T161646.334-600x1600.jpg"},"post-featured-image":{"file":"Diseno-sin-titulo-2025-05-07T161646.334-1240x720.jpg","width":1240,"height":720,"mime-type":"image\/jpeg","filesize":227311,"url":"https:\/\/www.lucasfroeserealestate.com\/wp-content\/uploads\/2025\/05\/Diseno-sin-titulo-2025-05-07T161646.334-1240x720.jpg"}},"image_meta":{"aperture":"0","credit":"","camera":"","caption":"","created_timestamp":"0","copyright":"","focal_length":"0","iso":"0","shutter_speed":"0","title":"","orientation":"1","keywords":[]},"ID":"67480","name":"Diseno-sin-titulo-2025-05-07T161646.334.jpg","path":"\/home\/empleost\/domains\/lucasfroeserealestate.com\/public_html\/wp-content\/uploads\/2025\/05\/Diseno-sin-titulo-2025-05-07T161646.334.jpg","url":"https:\/\/www.lucasfroeserealestate.com\/wp-content\/uploads\/2025\/05\/Diseno-sin-titulo-2025-05-07T161646.334-150x150.jpg","full_url":"https:\/\/www.lucasfroeserealestate.com\/wp-content\/uploads\/2025\/05\/Diseno-sin-titulo-2025-05-07T161646.334.jpg","title":"Disen\u0303o sin ti\u0301tulo - 2025-05-07T161646.334","caption":"Immobilien Felanitx Zentrum kaufen","description":"","alt":"Immobilien Felanitx Zentrum kaufen","srcset":"https:\/\/www.lucasfroeserealestate.com\/wp-content\/uploads\/2025\/05\/Diseno-sin-titulo-2025-05-07T161646.334-150x150.jpg 150w, https:\/\/www.lucasfroeserealestate.com\/wp-content\/uploads\/2025\/05\/Diseno-sin-titulo-2025-05-07T161646.334-210x210.jpg 210w"},{"width":150,"height":150,"file":"2025\/05\/Diseno-sin-titulo-2025-05-07T161714.204.jpg","filesize":536123,"sizes":{"medium":{"file":"Diseno-sin-titulo-2025-05-07T161714.204-300x200.jpg","width":300,"height":200,"mime-type":"image\/jpeg","filesize":13533,"url":"https:\/\/www.lucasfroeserealestate.com\/wp-content\/uploads\/2025\/05\/Diseno-sin-titulo-2025-05-07T161714.204-300x200.jpg"},"large":{"file":"Diseno-sin-titulo-2025-05-07T161714.204-1024x683.jpg","width":1024,"height":683,"mime-type":"image\/jpeg","filesize":116678,"url":"https:\/\/www.lucasfroeserealestate.com\/wp-content\/uploads\/2025\/05\/Diseno-sin-titulo-2025-05-07T161714.204-1024x683.jpg"},"thumbnail":{"file":"Diseno-sin-titulo-2025-05-07T161714.204-150x150.jpg","width":150,"height":150,"mime-type":"image\/jpeg","filesize":5943,"url":"https:\/\/www.lucasfroeserealestate.com\/wp-content\/uploads\/2025\/05\/Diseno-sin-titulo-2025-05-07T161714.204-150x150.jpg"},"medium_large":{"file":"Diseno-sin-titulo-2025-05-07T161714.204-768x512.jpg","width":768,"height":512,"mime-type":"image\/jpeg","filesize":69581,"url":"https:\/\/www.lucasfroeserealestate.com\/wp-content\/uploads\/2025\/05\/Diseno-sin-titulo-2025-05-07T161714.204-768x512.jpg"},"1536x1536":{"file":"Diseno-sin-titulo-2025-05-07T161714.204-1536x1024.jpg","width":1536,"height":1024,"mime-type":"image\/jpeg","filesize":237183,"url":"https:\/\/www.lucasfroeserealestate.com\/wp-content\/uploads\/2025\/05\/Diseno-sin-titulo-2025-05-07T161714.204-1536x1024.jpg"},"2048x2048":{"file":"Diseno-sin-titulo-2025-05-07T161714.204-2048x1365.jpg","width":2048,"height":1365,"mime-type":"image\/jpeg","filesize":390887,"url":"https:\/\/www.lucasfroeserealestate.com\/wp-content\/uploads\/2025\/05\/Diseno-sin-titulo-2025-05-07T161714.204-2048x1365.jpg"},"post-thumbnail":{"file":"Diseno-sin-titulo-2025-05-07T161714.204-150x100.jpg","width":150,"height":100,"mime-type":"image\/jpeg","filesize":4615,"url":"https:\/\/www.lucasfroeserealestate.com\/wp-content\/uploads\/2025\/05\/Diseno-sin-titulo-2025-05-07T161714.204-150x100.jpg"},"modern-property-child-slider":{"file":"Diseno-sin-titulo-2025-05-07T161714.204-680x510.jpg","width":680,"height":510,"mime-type":"image\/jpeg","filesize":63150,"url":"https:\/\/www.lucasfroeserealestate.com\/wp-content\/uploads\/2025\/05\/Diseno-sin-titulo-2025-05-07T161714.204-680x510.jpg"},"property-thumb-image":{"file":"Diseno-sin-titulo-2025-05-07T161714.204-488x326.jpg","width":488,"height":326,"mime-type":"image\/jpeg","filesize":31336,"url":"https:\/\/www.lucasfroeserealestate.com\/wp-content\/uploads\/2025\/05\/Diseno-sin-titulo-2025-05-07T161714.204-488x326.jpg"},"property-detail-video-image":{"file":"Diseno-sin-titulo-2025-05-07T161714.204-818x417.jpg","width":818,"height":417,"mime-type":"image\/jpeg","filesize":64143,"url":"https:\/\/www.lucasfroeserealestate.com\/wp-content\/uploads\/2025\/05\/Diseno-sin-titulo-2025-05-07T161714.204-818x417.jpg"},"agent-image":{"file":"Diseno-sin-titulo-2025-05-07T161714.204-210x210.jpg","width":210,"height":210,"mime-type":"image\/jpeg","filesize":10568,"url":"https:\/\/www.lucasfroeserealestate.com\/wp-content\/uploads\/2025\/05\/Diseno-sin-titulo-2025-05-07T161714.204-210x210.jpg"},"partners-logo":{"file":"Diseno-sin-titulo-2025-05-07T161714.204-600x1600.jpg","width":600,"height":1600,"mime-type":"image\/jpeg","filesize":146881,"url":"https:\/\/www.lucasfroeserealestate.com\/wp-content\/uploads\/2025\/05\/Diseno-sin-titulo-2025-05-07T161714.204-600x1600.jpg"},"post-featured-image":{"file":"Diseno-sin-titulo-2025-05-07T161714.204-1240x720.jpg","width":1240,"height":720,"mime-type":"image\/jpeg","filesize":146345,"url":"https:\/\/www.lucasfroeserealestate.com\/wp-content\/uploads\/2025\/05\/Diseno-sin-titulo-2025-05-07T161714.204-1240x720.jpg"}},"image_meta":{"aperture":"0","credit":"","camera":"","caption":"","created_timestamp":"0","copyright":"","focal_length":"0","iso":"0","shutter_speed":"0","title":"","orientation":"1","keywords":[]},"ID":"67477","name":"Diseno-sin-titulo-2025-05-07T161714.204.jpg","path":"\/home\/empleost\/domains\/lucasfroeserealestate.com\/public_html\/wp-content\/uploads\/2025\/05\/Diseno-sin-titulo-2025-05-07T161714.204.jpg","url":"https:\/\/www.lucasfroeserealestate.com\/wp-content\/uploads\/2025\/05\/Diseno-sin-titulo-2025-05-07T161714.204-150x150.jpg","full_url":"https:\/\/www.lucasfroeserealestate.com\/wp-content\/uploads\/2025\/05\/Diseno-sin-titulo-2025-05-07T161714.204.jpg","title":"Disen\u0303o sin ti\u0301tulo - 2025-05-07T161714.204","caption":"Immobilien Felanitx Zentrum kaufen","description":"","alt":"Immobilien Felanitx Zentrum kaufen","srcset":"https:\/\/www.lucasfroeserealestate.com\/wp-content\/uploads\/2025\/05\/Diseno-sin-titulo-2025-05-07T161714.204-150x150.jpg 150w, https:\/\/www.lucasfroeserealestate.com\/wp-content\/uploads\/2025\/05\/Diseno-sin-titulo-2025-05-07T161714.204-210x210.jpg 210w"},{"width":150,"height":150,"file":"2025\/05\/Diseno-sin-titulo-2025-05-07T161807.964.jpg","filesize":514044,"sizes":{"medium":{"file":"Diseno-sin-titulo-2025-05-07T161807.964-300x200.jpg","width":300,"height":200,"mime-type":"image\/jpeg","filesize":14155,"url":"https:\/\/www.lucasfroeserealestate.com\/wp-content\/uploads\/2025\/05\/Diseno-sin-titulo-2025-05-07T161807.964-300x200.jpg"},"large":{"file":"Diseno-sin-titulo-2025-05-07T161807.964-1024x683.jpg","width":1024,"height":683,"mime-type":"image\/jpeg","filesize":116400,"url":"https:\/\/www.lucasfroeserealestate.com\/wp-content\/uploads\/2025\/05\/Diseno-sin-titulo-2025-05-07T161807.964-1024x683.jpg"},"thumbnail":{"file":"Diseno-sin-titulo-2025-05-07T161807.964-150x150.jpg","width":150,"height":150,"mime-type":"image\/jpeg","filesize":6180,"url":"https:\/\/www.lucasfroeserealestate.com\/wp-content\/uploads\/2025\/05\/Diseno-sin-titulo-2025-05-07T161807.964-150x150.jpg"},"medium_large":{"file":"Diseno-sin-titulo-2025-05-07T161807.964-768x512.jpg","width":768,"height":512,"mime-type":"image\/jpeg","filesize":70248,"url":"https:\/\/www.lucasfroeserealestate.com\/wp-content\/uploads\/2025\/05\/Diseno-sin-titulo-2025-05-07T161807.964-768x512.jpg"},"1536x1536":{"file":"Diseno-sin-titulo-2025-05-07T161807.964-1536x1024.jpg","width":1536,"height":1024,"mime-type":"image\/jpeg","filesize":232801,"url":"https:\/\/www.lucasfroeserealestate.com\/wp-content\/uploads\/2025\/05\/Diseno-sin-titulo-2025-05-07T161807.964-1536x1024.jpg"},"2048x2048":{"file":"Diseno-sin-titulo-2025-05-07T161807.964-2048x1365.jpg","width":2048,"height":1365,"mime-type":"image\/jpeg","filesize":379462,"url":"https:\/\/www.lucasfroeserealestate.com\/wp-content\/uploads\/2025\/05\/Diseno-sin-titulo-2025-05-07T161807.964-2048x1365.jpg"},"post-thumbnail":{"file":"Diseno-sin-titulo-2025-05-07T161807.964-150x100.jpg","width":150,"height":100,"mime-type":"image\/jpeg","filesize":4803,"url":"https:\/\/www.lucasfroeserealestate.com\/wp-content\/uploads\/2025\/05\/Diseno-sin-titulo-2025-05-07T161807.964-150x100.jpg"},"modern-property-child-slider":{"file":"Diseno-sin-titulo-2025-05-07T161807.964-680x510.jpg","width":680,"height":510,"mime-type":"image\/jpeg","filesize":62719,"url":"https:\/\/www.lucasfroeserealestate.com\/wp-content\/uploads\/2025\/05\/Diseno-sin-titulo-2025-05-07T161807.964-680x510.jpg"},"property-thumb-image":{"file":"Diseno-sin-titulo-2025-05-07T161807.964-488x326.jpg","width":488,"height":326,"mime-type":"image\/jpeg","filesize":32322,"url":"https:\/\/www.lucasfroeserealestate.com\/wp-content\/uploads\/2025\/05\/Diseno-sin-titulo-2025-05-07T161807.964-488x326.jpg"},"property-detail-video-image":{"file":"Diseno-sin-titulo-2025-05-07T161807.964-818x417.jpg","width":818,"height":417,"mime-type":"image\/jpeg","filesize":66704,"url":"https:\/\/www.lucasfroeserealestate.com\/wp-content\/uploads\/2025\/05\/Diseno-sin-titulo-2025-05-07T161807.964-818x417.jpg"},"agent-image":{"file":"Diseno-sin-titulo-2025-05-07T161807.964-210x210.jpg","width":210,"height":210,"mime-type":"image\/jpeg","filesize":10886,"url":"https:\/\/www.lucasfroeserealestate.com\/wp-content\/uploads\/2025\/05\/Diseno-sin-titulo-2025-05-07T161807.964-210x210.jpg"},"partners-logo":{"file":"Diseno-sin-titulo-2025-05-07T161807.964-600x1600.jpg","width":600,"height":1600,"mime-type":"image\/jpeg","filesize":157744,"url":"https:\/\/www.lucasfroeserealestate.com\/wp-content\/uploads\/2025\/05\/Diseno-sin-titulo-2025-05-07T161807.964-600x1600.jpg"},"post-featured-image":{"file":"Diseno-sin-titulo-2025-05-07T161807.964-1240x720.jpg","width":1240,"height":720,"mime-type":"image\/jpeg","filesize":146626,"url":"https:\/\/www.lucasfroeserealestate.com\/wp-content\/uploads\/2025\/05\/Diseno-sin-titulo-2025-05-07T161807.964-1240x720.jpg"}},"image_meta":{"aperture":"0","credit":"","camera":"","caption":"","created_timestamp":"0","copyright":"","focal_length":"0","iso":"0","shutter_speed":"0","title":"","orientation":"1","keywords":[]},"ID":"67474","name":"Diseno-sin-titulo-2025-05-07T161807.964.jpg","path":"\/home\/empleost\/domains\/lucasfroeserealestate.com\/public_html\/wp-content\/uploads\/2025\/05\/Diseno-sin-titulo-2025-05-07T161807.964.jpg","url":"https:\/\/www.lucasfroeserealestate.com\/wp-content\/uploads\/2025\/05\/Diseno-sin-titulo-2025-05-07T161807.964-150x150.jpg","full_url":"https:\/\/www.lucasfroeserealestate.com\/wp-content\/uploads\/2025\/05\/Diseno-sin-titulo-2025-05-07T161807.964.jpg","title":"Disen\u0303o sin ti\u0301tulo - 2025-05-07T161807.964","caption":"Immobilien Felanitx Zentrum kaufen","description":"","alt":"Immobilien Felanitx Zentrum kaufen","srcset":"https:\/\/www.lucasfroeserealestate.com\/wp-content\/uploads\/2025\/05\/Diseno-sin-titulo-2025-05-07T161807.964-150x150.jpg 150w, https:\/\/www.lucasfroeserealestate.com\/wp-content\/uploads\/2025\/05\/Diseno-sin-titulo-2025-05-07T161807.964-210x210.jpg 210w"}],"REAL_HOMES_change_gallery_slider_type":"","REAL_HOMES_gallery_slider_type":"thumb-on-right","inspiry_floor_plans":[],"inspiry_video_group":[],"REAL_HOMES_360_virtual_tour":"","REAL_HOMES_agent_display_option":"agent_info","REAL_HOMES_agents":["6675"],"REAL_HOMES_energy_class":"F","REAL_HOMES_energy_performance":"in process...","REAL_HOMES_epc_current_rating":"","REAL_HOMES_epc_potential_rating":"","ere_property_schedule_tour":"","ere_property_schedule_time_slots":"","ere_property_schedule_description":"","REAL_HOMES_sticky":"","inspiry_property_label":"","inspiry_property_label_color":"","inspiry_property_tax":"","inspiry_additional_fee":"","REAL_HOMES_attachments":[],"inspiry_property_owner_name":"","inspiry_property_owner_contact":"","inspiry_property_owner_address":"","REAL_HOMES_property_private_note":"25\/11\/2025 cliente tiene un interesado que esta buscando financiaci\u00f3n. hasta el momento sigue la propiedad en venta.   ","inspiry_message_to_reviewer":"","REAL_HOMES_add_in_slider":"no","REAL_HOMES_slider_image":[],"REAL_HOMES_page_banner_image":[],"REAL_HOMES_hide_property_advance_search":"","inspiry_ausrichtung":"Sur","inspiry_strasse":"","inspiry_hausnummer":"","inspiry_plz":"","inspiry_ort":"","inspiry_land":"","inspiry_new-build":"","inspiry_kyero_prime_activator":[],"inspiry_kyero_xml_format":[],"inspiry_openimmo_xml_format":[],"inspiry_idealista_xml_format":[],"inspiry_etagen":"","inspiry_etage_(wo_sich_die_wohnung_befindet,_sonst_0)":"","inspiry_gesamtfl\u00e4che\/bebaute_fl\u00e4che_(mehr_als_wohnfl\u00e4che*)":"","inspiry_anzahl_zimmer_sz_esszimmer_wohnzimmer_hobby_zimmer_usw":"","inspiry_anzahl_terrassen":"","inspiry_anzahl_wohneinheiten":"","inspiry_google_maps_link":"","inspiry_google_drive_link":"","inspiry_location_coordinates_gm":"","inspiry_erhaltungszustand_der_immobilie":"","inspiry_heizungsart":"","inspiry_qualit\u00e4t_der_ausstattung":"","inspiry_kauf\/miete":"","inspiry_kategorie":"","inspiry_typ":"","inspiry_art":"","inspiry_land_type_(only_plots)":"","inspiry_listed_by":"","inspiry_comission_(%)":"","inspiry_lage_beschreibung":"","inspiry_austattung_beschreibung":"","inspiry_bodenbelag":"","inspiry_distanz_zum_flughafen_(min)":"","inspiry_auftragsart":"","inspiry_keys":[],"inspiry_preis_pro_m2":"","inspiry_office_listed":"","inspiry_suchkriterien_extras":["Cerca del aeropuerto (35')","La mejor inversi\u00f3n"],"REAL_HOMES_custom_header_display":"","REAL_HOMES_custom_header_position":"","REAL_HOMES_custom_footer_display":"","REAL_HOMES_hide_advance_search":"","REAL_HOMES_custom_search_form":"","REAL_HOMES_search_form_margin_top":"","REAL_HOMES_search_form_margin_bottom":""},"_links":{"self":[{"href":"https:\/\/www.lucasfroeserealestate.com\/es\/wp-json\/wp\/v2\/immobilien\/54610","targetHints":{"allow":["GET"]}}],"collection":[{"href":"https:\/\/www.lucasfroeserealestate.com\/es\/wp-json\/wp\/v2\/immobilien"}],"about":[{"href":"https:\/\/www.lucasfroeserealestate.com\/es\/wp-json\/wp\/v2\/types\/property"}],"author":[{"embeddable":true,"href":"https:\/\/www.lucasfroeserealestate.com\/es\/wp-json\/wp\/v2\/users\/8"}],"replies":[{"embeddable":true,"href":"https:\/\/www.lucasfroeserealestate.com\/es\/wp-json\/wp\/v2\/comments?post=54610"}],"version-history":[{"count":1,"href":"https:\/\/www.lucasfroeserealestate.com\/es\/wp-json\/wp\/v2\/immobilien\/54610\/revisions"}],"predecessor-version":[{"id":78181,"href":"https:\/\/www.lucasfroeserealestate.com\/es\/wp-json\/wp\/v2\/immobilien\/54610\/revisions\/78181"}],"wp:featuredmedia":[{"embeddable":true,"href":"https:\/\/www.lucasfroeserealestate.com\/es\/wp-json\/wp\/v2\/media\/54590"}],"wp:attachment":[{"href":"https:\/\/www.lucasfroeserealestate.com\/es\/wp-json\/wp\/v2\/media?parent=54610"}],"wp:term":[{"taxonomy":"property-feature","embeddable":true,"href":"https:\/\/www.lucasfroeserealestate.com\/es\/wp-json\/wp\/v2\/immobilien-austattung?post=54610"},{"taxonomy":"property-type","embeddable":true,"href":"https:\/\/www.lucasfroeserealestate.com\/es\/wp-json\/wp\/v2\/immobilien-typ?post=54610"},{"taxonomy":"property-city","embeddable":true,"href":"https:\/\/www.lucasfroeserealestate.com\/es\/wp-json\/wp\/v2\/immobilien-ortschaft?post=54610"},{"taxonomy":"property-status","embeddable":true,"href":"https:\/\/www.lucasfroeserealestate.com\/es\/wp-json\/wp\/v2\/immobilien-status?post=54610"}],"curies":[{"name":"wp","href":"https:\/\/api.w.org\/{rel}","templated":true}]}}