{"id":54312,"date":"2025-03-17T11:53:55","date_gmt":"2025-03-17T10:53:55","guid":{"rendered":"https:\/\/www.lucasfroeserealestate.com\/immobilien\/parcela-edificable-con-proyecto-para-dos-casas-adosadas\/"},"modified":"2026-03-13T11:47:24","modified_gmt":"2026-03-13T10:47:24","slug":"stadthaeuser-in-campos","status":"publish","type":"property","link":"https:\/\/www.lucasfroeserealestate.com\/es\/immobilien\/stadthaeuser-in-campos\/","title":{"rendered":"Casas modernas de obra nueva con piscina, terraza y garaje en Campos"},"content":{"rendered":"<div class=\"flex-shrink-0 flex flex-col relative items-end\">\n<div>\n<div class=\"pt-0\">\n<div class=\"gizmo-bot-avatar flex h-8 w-8 items-center justify-center overflow-hidden rounded-full\"><\/div>\n<\/div>\n<\/div>\n<\/div>\n<div class=\"group\/conversation-turn relative flex w-full min-w-0 flex-col agent-turn\">\n<div class=\"flex-col gap-1 md:gap-3\">\n<div class=\"flex max-w-full flex-col flex-grow\">\n<div class=\"min-h-8 text-message flex w-full flex-col items-end gap-2 whitespace-normal break-words text-start [.text-message+&amp;]:mt-5\" dir=\"auto\" data-message-author-role=\"assistant\" data-message-id=\"b1ddc624-c3fa-48d3-862b-345c8dad6c33\" data-message-model-slug=\"gpt-4o\">\n<div class=\"flex w-full flex-col gap-1 empty:hidden first:pt-[3px]\">\n<div class=\"markdown prose w-full break-words dark:prose-invert light\">\n<p>Situado en el coraz\u00f3n de Campos, rodeado de la belleza natural de Mallorca y a pocos minutos de la espectacular playa de Es Trenc, <strong>Son Vanrellet<\/strong> es un complejo residencial llave en mano que redefine el concepto de hogar. Este exclusivo proyecto combina la arquitectura tradicional mallorquina con elementos modernos y materiales sostenibles de la m\u00e1s alta calidad. <\/p>\n<h3>Un dise\u00f1o que combina autenticidad y modernidad<\/h3>\n<p>Cada una de las 18 casas de Son Vanrellet ha sido dise\u00f1ada para reflejar la esencia de las casas tradicionales de los pueblos mallorquines. Las singulares fachadas y los espacios innovadores y confortables crean una armoniosa mezcla de tradici\u00f3n y modernidad. Las casas ofrecen:  <\/p>\n<ul>\n<li>3 habitaciones (2 dobles + 1 suite con vestidor).<\/li>\n<li>2 cuartos de ba\u00f1o totalmente equipados + 1 aseo de invitados.<\/li>\n<li>Jard\u00edn privado de 55 m\u00b2, perfecto para el clima mediterr\u00e1neo.<\/li>\n<li>Piscina privada (4,5 x 2,2 m) con sistema de electr\u00f3lisis.<\/li>\n<li>Garaje privado con preparaci\u00f3n para estaciones de carga de veh\u00edculos el\u00e9ctricos.<\/li>\n<\/ul>\n<p>En una parcela de 127 m\u00b2, las casas ofrecen una superficie construida de 144 m\u00b2 y una terraza ajardinada que ampl\u00eda el espacio hasta un total de 200 m\u00b2. Estas viviendas se caracterizan por su amplitud y mucha luz natural en cada rinc\u00f3n. La zona de estar, con un acogedor sal\u00f3n, comedor y cocina totalmente equipada, se encuentra en la planta baja. Los tres dormitorios est\u00e1n situados en la planta superior, creando una agradable separaci\u00f3n entre la zona de estar y la de dormir. Si se desea, la distribuci\u00f3n de las habitaciones puede adaptarse con flexibilidad y un dormitorio puede trasladarse a la planta baja.    <\/p>\n<p>En la planta baja hay una acogedora zona con una cocina de dise\u00f1o equipada con electrodom\u00e9sticos Bosch, encimeras de Silestone, grifer\u00eda Grohe y aire acondicionado inteligente y calefacci\u00f3n por suelo radiante. Arriba hay un lavadero, un detalle que optimiza la funcionalidad de la casa. <\/p>\n<h3>Sostenibilidad e innovaci\u00f3n personalizadas<\/h3>\n<p>Son Vanrellet se centra en la eficiencia energ\u00e9tica instalando un sistema aerot\u00e9rmico para el agua caliente y un kit de paneles solares que permite un mayor ahorro de energ\u00eda. Esto garantiza un estilo de vida sostenible y respetuoso con el medio ambiente. <\/p>\n<p>&nbsp;<\/p>\n<h3>Campos - El lugar perfecto para disfrutar de Mallorca<\/h3>\n<p>Estrat\u00e9gicamente situado y lleno de encanto, el municipio de <strong>Campos<\/strong> es uno de los destinos m\u00e1s atractivos del sureste de Mallorca. Su proximidad a fant\u00e1sticas playas, a puntos importantes de la isla y su ambiente aut\u00e9ntico hacen de Campos un lugar ideal para vivir permanentemente y pasar unas vacaciones inolvidables. <\/p>\n<h4>Playas paradis\u00edacas<\/h4>\n<p>Campos es un para\u00edso para los amantes de la playa que quieran conocer los tramos m\u00e1s bellos de la costa de Mallorca. A s\u00f3lo 15 minutos (12 km) est\u00e1 <strong>Es Trenc<\/strong>, una playa de arena blanca y aguas cristalinas, conocida por su naturaleza virgen. Tambi\u00e9n cerca, a s\u00f3lo 10 km o 10 minutos en coche, est\u00e1 el <strong>Arenal de Sa R\u00e0pita<\/strong>, un lugar perfecto para disfrutar plenamente del Mediterr\u00e1neo. Los que busquen un cambio de ritmo encontrar\u00e1n un animado y encantador ambiente costero en <strong>la Colonia de Sant Jordi<\/strong>, a 14 km (16 minutos).   <\/p>\n<p>Campos tambi\u00e9n est\u00e1 muy bien comunicado: <strong>Santany\u00ed<\/strong>, un pintoresco pueblo con un mercado tradicional, excelentes restaurantes y una rica oferta cultural, est\u00e1 a s\u00f3lo 15 minutos (14,5 km). Los amantes del golf encontrar\u00e1n en el <strong>Marriott Golf Club Son Antem<\/strong>, a 18 minutos (19 km), el lugar perfecto para practicar su deporte favorito. <\/p>\n<h4>Perfectamente comunicado con toda la isla<\/h4>\n<p>Campos est\u00e1 a s\u00f3lo 33 km del aeropuerto de Palma de Mallorca, que se encuentra a 24 minutos en coche. La capital, Palma, tambi\u00e9n est\u00e1 a 38 km (unos 30 minutos en coche). Esta ubicaci\u00f3n ideal hace de Campos una base excelente desde la que explorar la isla o aprovechar las conexiones y servicios internacionales.  <\/p>\n<p>&nbsp;<\/p>\n<\/div>\n<p><strong>Proyecto y plan de pagos<\/strong><\/p>\n<p>Inicio de las obras: abril de 2026<br \/>\nEntrega de llaves: julio de 2027<\/p>\n<p><b>685.000 + IVA<\/b><br \/>\nReserva: 5.000 euros<br \/>\nFianza: 15%<br \/>\nDurante la finalizaci\u00f3n: 15%<br \/>\nA la entrega de llaves: 70%.<\/p>\n<p>&nbsp;<\/p>\n<\/div>\n<\/div>\n<p><em>Esta memoria de calidades de construcci\u00f3n es meramente orientativa. Punta Volantina se reserva el derecho a realizar modificaciones por razones t\u00e9cnicas y\/o legales, cuando responda a criterios de necesidad y\/o conveniencia para la correcta terminaci\u00f3n de las obras, as\u00ed como por razones originadas en las instrucciones del director de obra, administraciones p\u00fablicas competentes y\/o por falta de suministro de determinados suministros, en cuyo caso ser\u00e1n sustituidos por otros de similar o superior calidad. Infograf\u00edas e im\u00e1genes: La informaci\u00f3n contenida en este informe de calidad es orientativa y no vinculante a nivel contractual.  <\/em><\/p>\n<\/div>\n<\/div>\n<\/div>\n<div id=\"gtx-trans\" style=\"position: absolute; left: -22px; top: 8.9375px;\">\n<div class=\"gtx-trans-icon\"><\/div>\n<\/div>\n","protected":false},"excerpt":{"rendered":"<p>Situado en el coraz\u00f3n de Campos, rodeado de la belleza natural de Mallorca y a pocos minutos de la espectacular playa de Es Trenc, Son Vanrellet es un complejo residencial llave en mano que redefine el concepto de hogar. Este exclusivo proyecto combina la arquitectura tradicional mallorquina con elementos modernos y materiales sostenibles de la&#8230;<\/p>\n","protected":false},"author":8,"featured_media":73060,"parent":0,"menu_order":0,"comment_status":"closed","ping_status":"closed","template":"","immobilien-austattung":[1739,141,104,2070,3573,1533,4232,1642,1534,138,4111,149,100,102,4220,1505,4058,4073,4069,4146,146,108,4064,109,98,1508,111],"immobilien-typ":[86],"immobilien-ortschaft":[117],"immobilien-status":[114],"class_list":["post-54312","property","type-property","status-publish","has-post-thumbnail","hentry","property-feature-doppelglasfenster-es","property-feature-stadtwasser-es","property-feature-klimaanlage-es","property-feature-moebliert-es","property-feature-einbauschraenke-es","property-feature-balkon-es","property-feature-bomba-de-calor","property-feature-heizung-es","property-feature-fussbodenheizung-es","property-feature-standard-es","property-feature-inmueble-exclusivo","property-feature-garage-es","property-feature-garten-es","property-feature-haushaltsraum-es","property-feature-lf-certified-es","property-feature-gesa-strom-es","property-feature-top-immobilien-angebot-es","property-feature-mit-baugenehmigung-es","property-feature-mit-bauprojekt-es","property-feature-obrea-nueva","property-feature-patio-es","property-feature-swimming-pool-es","property-feature-placas-solares-electricidad","property-feature-terrasse-es","property-feature-abstellraum-es","property-feature-umzaeunt-es","property-feature-wc-gaestetoilette-es","property-type-casasychalets","property-city-campos-es","property-status-venta"],"property_meta":{"REAL_HOMES_property_price":"685000","REAL_HOMES_property_old_price":"","REAL_HOMES_property_price_prefix":"","REAL_HOMES_property_price_postfix":"","REAL_HOMES_property_size":"144","REAL_HOMES_property_size_postfix":"","REAL_HOMES_property_lot_size":"127","REAL_HOMES_property_lot_size_postfix":"","REAL_HOMES_property_bedrooms":"3","REAL_HOMES_property_bathrooms":"2","REAL_HOMES_property_garage":"1","REAL_HOMES_property_id":"LF0676","REAL_HOMES_property_year_built":"2025","rvr_property_owner":"","REAL_HOMES_featured":"1","REAL_HOMES_additional_details_list":[],"REAL_HOMES_property_location":{"latitude":"39.431020976146","longitude":"3.0271594914127","zoom":"15"},"REAL_HOMES_property_address":"Campos, Mallorca, Illes Balears, Espa\u00f1a","REAL_HOMES_property_map":"0","REAL_HOMES_property_images":[{"width":150,"height":150,"file":"2025\/03\/Campos-Stadthaus-Son-Vanrellet-5.jpg","filesize":446535,"sizes":{"medium":{"file":"Campos-Stadthaus-Son-Vanrellet-5-300x188.jpg","width":300,"height":188,"mime-type":"image\/jpeg","filesize":14563,"url":"https:\/\/www.lucasfroeserealestate.com\/wp-content\/uploads\/2025\/03\/Campos-Stadthaus-Son-Vanrellet-5-300x188.jpg"},"large":{"file":"Campos-Stadthaus-Son-Vanrellet-5-1024x640.jpg","width":1024,"height":640,"mime-type":"image\/jpeg","filesize":129275,"url":"https:\/\/www.lucasfroeserealestate.com\/wp-content\/uploads\/2025\/03\/Campos-Stadthaus-Son-Vanrellet-5-1024x640.jpg"},"thumbnail":{"file":"Campos-Stadthaus-Son-Vanrellet-5-150x150.jpg","width":150,"height":150,"mime-type":"image\/jpeg","filesize":6968,"url":"https:\/\/www.lucasfroeserealestate.com\/wp-content\/uploads\/2025\/03\/Campos-Stadthaus-Son-Vanrellet-5-150x150.jpg"},"medium_large":{"file":"Campos-Stadthaus-Son-Vanrellet-5-768x480.jpg","width":768,"height":480,"mime-type":"image\/jpeg","filesize":75652,"url":"https:\/\/www.lucasfroeserealestate.com\/wp-content\/uploads\/2025\/03\/Campos-Stadthaus-Son-Vanrellet-5-768x480.jpg"},"1536x1536":{"file":"Campos-Stadthaus-Son-Vanrellet-5-1536x960.jpg","width":1536,"height":960,"mime-type":"image\/jpeg","filesize":271443,"url":"https:\/\/www.lucasfroeserealestate.com\/wp-content\/uploads\/2025\/03\/Campos-Stadthaus-Son-Vanrellet-5-1536x960.jpg"},"2048x2048":{"file":"Campos-Stadthaus-Son-Vanrellet-5-2048x1280.jpg","width":2048,"height":1280,"mime-type":"image\/jpeg","filesize":441574,"url":"https:\/\/www.lucasfroeserealestate.com\/wp-content\/uploads\/2025\/03\/Campos-Stadthaus-Son-Vanrellet-5-2048x1280.jpg"},"post-thumbnail":{"file":"Campos-Stadthaus-Son-Vanrellet-5-150x94.jpg","width":150,"height":94,"mime-type":"image\/jpeg","filesize":4875,"url":"https:\/\/www.lucasfroeserealestate.com\/wp-content\/uploads\/2025\/03\/Campos-Stadthaus-Son-Vanrellet-5-150x94.jpg"},"modern-property-child-slider":{"file":"Campos-Stadthaus-Son-Vanrellet-5-680x510.jpg","width":680,"height":510,"mime-type":"image\/jpeg","filesize":73879,"url":"https:\/\/www.lucasfroeserealestate.com\/wp-content\/uploads\/2025\/03\/Campos-Stadthaus-Son-Vanrellet-5-680x510.jpg"},"property-thumb-image":{"file":"Campos-Stadthaus-Son-Vanrellet-5-488x326.jpg","width":488,"height":326,"mime-type":"image\/jpeg","filesize":35717,"url":"https:\/\/www.lucasfroeserealestate.com\/wp-content\/uploads\/2025\/03\/Campos-Stadthaus-Son-Vanrellet-5-488x326.jpg"},"property-detail-video-image":{"file":"Campos-Stadthaus-Son-Vanrellet-5-818x417.jpg","width":818,"height":417,"mime-type":"image\/jpeg","filesize":75522,"url":"https:\/\/www.lucasfroeserealestate.com\/wp-content\/uploads\/2025\/03\/Campos-Stadthaus-Son-Vanrellet-5-818x417.jpg"},"agent-image":{"file":"Campos-Stadthaus-Son-Vanrellet-5-210x210.jpg","width":210,"height":210,"mime-type":"image\/jpeg","filesize":12242,"url":"https:\/\/www.lucasfroeserealestate.com\/wp-content\/uploads\/2025\/03\/Campos-Stadthaus-Son-Vanrellet-5-210x210.jpg"},"partners-logo":{"file":"Campos-Stadthaus-Son-Vanrellet-5-600x1750.jpg","width":600,"height":1750,"mime-type":"image\/jpeg","filesize":173998,"url":"https:\/\/www.lucasfroeserealestate.com\/wp-content\/uploads\/2025\/03\/Campos-Stadthaus-Son-Vanrellet-5-600x1750.jpg"},"post-featured-image":{"file":"Campos-Stadthaus-Son-Vanrellet-5-1240x720.jpg","width":1240,"height":720,"mime-type":"image\/jpeg","filesize":176234,"url":"https:\/\/www.lucasfroeserealestate.com\/wp-content\/uploads\/2025\/03\/Campos-Stadthaus-Son-Vanrellet-5-1240x720.jpg"}},"image_meta":{"aperture":"0","credit":"","camera":"","caption":"Luxus-Immobilie Mallorca","created_timestamp":"1756817726","copyright":"","focal_length":"0","iso":"0","shutter_speed":"0","title":"Luxus-Immobilie Mallorca","orientation":"0","keywords":["Luxus-Immobilie Mallorca"]},"ID":"73062","name":"Campos-Stadthaus-Son-Vanrellet-5.jpg","path":"\/home\/empleost\/domains\/lucasfroeserealestate.com\/public_html\/wp-content\/uploads\/2025\/03\/Campos-Stadthaus-Son-Vanrellet-5.jpg","url":"https:\/\/www.lucasfroeserealestate.com\/wp-content\/uploads\/2025\/03\/Campos-Stadthaus-Son-Vanrellet-5-150x150.jpg","full_url":"https:\/\/www.lucasfroeserealestate.com\/wp-content\/uploads\/2025\/03\/Campos-Stadthaus-Son-Vanrellet-5.jpg","title":"Luxus-Immobilie Mallorca","caption":"Luxus-Immobilie Mallorca","description":"","alt":"","srcset":"https:\/\/www.lucasfroeserealestate.com\/wp-content\/uploads\/2025\/03\/Campos-Stadthaus-Son-Vanrellet-5-150x150.jpg 150w, https:\/\/www.lucasfroeserealestate.com\/wp-content\/uploads\/2025\/03\/Campos-Stadthaus-Son-Vanrellet-5-210x210.jpg 210w"},{"width":150,"height":150,"file":"2025\/03\/Campos-Stadthaus-Son-Vanrellet-10.jpg","filesize":423474,"sizes":{"medium":{"file":"Campos-Stadthaus-Son-Vanrellet-10-300x188.jpg","width":300,"height":188,"mime-type":"image\/jpeg","filesize":13109,"url":"https:\/\/www.lucasfroeserealestate.com\/wp-content\/uploads\/2025\/03\/Campos-Stadthaus-Son-Vanrellet-10-300x188.jpg"},"large":{"file":"Campos-Stadthaus-Son-Vanrellet-10-1024x640.jpg","width":1024,"height":640,"mime-type":"image\/jpeg","filesize":113475,"url":"https:\/\/www.lucasfroeserealestate.com\/wp-content\/uploads\/2025\/03\/Campos-Stadthaus-Son-Vanrellet-10-1024x640.jpg"},"thumbnail":{"file":"Campos-Stadthaus-Son-Vanrellet-10-150x150.jpg","width":150,"height":150,"mime-type":"image\/jpeg","filesize":6701,"url":"https:\/\/www.lucasfroeserealestate.com\/wp-content\/uploads\/2025\/03\/Campos-Stadthaus-Son-Vanrellet-10-150x150.jpg"},"medium_large":{"file":"Campos-Stadthaus-Son-Vanrellet-10-768x480.jpg","width":768,"height":480,"mime-type":"image\/jpeg","filesize":67142,"url":"https:\/\/www.lucasfroeserealestate.com\/wp-content\/uploads\/2025\/03\/Campos-Stadthaus-Son-Vanrellet-10-768x480.jpg"},"1536x1536":{"file":"Campos-Stadthaus-Son-Vanrellet-10-1536x960.jpg","width":1536,"height":960,"mime-type":"image\/jpeg","filesize":234605,"url":"https:\/\/www.lucasfroeserealestate.com\/wp-content\/uploads\/2025\/03\/Campos-Stadthaus-Son-Vanrellet-10-1536x960.jpg"},"2048x2048":{"file":"Campos-Stadthaus-Son-Vanrellet-10-2048x1280.jpg","width":2048,"height":1280,"mime-type":"image\/jpeg","filesize":380340,"url":"https:\/\/www.lucasfroeserealestate.com\/wp-content\/uploads\/2025\/03\/Campos-Stadthaus-Son-Vanrellet-10-2048x1280.jpg"},"post-thumbnail":{"file":"Campos-Stadthaus-Son-Vanrellet-10-150x94.jpg","width":150,"height":94,"mime-type":"image\/jpeg","filesize":4410,"url":"https:\/\/www.lucasfroeserealestate.com\/wp-content\/uploads\/2025\/03\/Campos-Stadthaus-Son-Vanrellet-10-150x94.jpg"},"modern-property-child-slider":{"file":"Campos-Stadthaus-Son-Vanrellet-10-680x510.jpg","width":680,"height":510,"mime-type":"image\/jpeg","filesize":64531,"url":"https:\/\/www.lucasfroeserealestate.com\/wp-content\/uploads\/2025\/03\/Campos-Stadthaus-Son-Vanrellet-10-680x510.jpg"},"property-thumb-image":{"file":"Campos-Stadthaus-Son-Vanrellet-10-488x326.jpg","width":488,"height":326,"mime-type":"image\/jpeg","filesize":32091,"url":"https:\/\/www.lucasfroeserealestate.com\/wp-content\/uploads\/2025\/03\/Campos-Stadthaus-Son-Vanrellet-10-488x326.jpg"},"property-detail-video-image":{"file":"Campos-Stadthaus-Son-Vanrellet-10-818x417.jpg","width":818,"height":417,"mime-type":"image\/jpeg","filesize":64873,"url":"https:\/\/www.lucasfroeserealestate.com\/wp-content\/uploads\/2025\/03\/Campos-Stadthaus-Son-Vanrellet-10-818x417.jpg"},"agent-image":{"file":"Campos-Stadthaus-Son-Vanrellet-10-210x210.jpg","width":210,"height":210,"mime-type":"image\/jpeg","filesize":11405,"url":"https:\/\/www.lucasfroeserealestate.com\/wp-content\/uploads\/2025\/03\/Campos-Stadthaus-Son-Vanrellet-10-210x210.jpg"},"partners-logo":{"file":"Campos-Stadthaus-Son-Vanrellet-10-600x1750.jpg","width":600,"height":1750,"mime-type":"image\/jpeg","filesize":150389,"url":"https:\/\/www.lucasfroeserealestate.com\/wp-content\/uploads\/2025\/03\/Campos-Stadthaus-Son-Vanrellet-10-600x1750.jpg"},"post-featured-image":{"file":"Campos-Stadthaus-Son-Vanrellet-10-1240x720.jpg","width":1240,"height":720,"mime-type":"image\/jpeg","filesize":150167,"url":"https:\/\/www.lucasfroeserealestate.com\/wp-content\/uploads\/2025\/03\/Campos-Stadthaus-Son-Vanrellet-10-1240x720.jpg"}},"image_meta":{"aperture":"0","credit":"","camera":"","caption":"Schlafzimmer Stadthaus Campos","created_timestamp":"1756817726","copyright":"","focal_length":"0","iso":"0","shutter_speed":"0","title":"Schlafzimmer Stadthaus Campos","orientation":"0","keywords":["Schlafzimmer Stadthaus Campos"]},"ID":"73077","name":"Campos-Stadthaus-Son-Vanrellet-10.jpg","path":"\/home\/empleost\/domains\/lucasfroeserealestate.com\/public_html\/wp-content\/uploads\/2025\/03\/Campos-Stadthaus-Son-Vanrellet-10.jpg","url":"https:\/\/www.lucasfroeserealestate.com\/wp-content\/uploads\/2025\/03\/Campos-Stadthaus-Son-Vanrellet-10-150x150.jpg","full_url":"https:\/\/www.lucasfroeserealestate.com\/wp-content\/uploads\/2025\/03\/Campos-Stadthaus-Son-Vanrellet-10.jpg","title":"Schlafzimmer Stadthaus Campos","caption":"Schlafzimmer Stadthaus Campos","description":"","alt":"","srcset":"https:\/\/www.lucasfroeserealestate.com\/wp-content\/uploads\/2025\/03\/Campos-Stadthaus-Son-Vanrellet-10-150x150.jpg 150w, https:\/\/www.lucasfroeserealestate.com\/wp-content\/uploads\/2025\/03\/Campos-Stadthaus-Son-Vanrellet-10-210x210.jpg 210w"},{"width":150,"height":150,"file":"2025\/03\/Campos-Stadthaus-Son-Vanrellet-12.jpg","filesize":450360,"sizes":{"medium":{"file":"Campos-Stadthaus-Son-Vanrellet-12-300x188.jpg","width":300,"height":188,"mime-type":"image\/jpeg","filesize":10824,"url":"https:\/\/www.lucasfroeserealestate.com\/wp-content\/uploads\/2025\/03\/Campos-Stadthaus-Son-Vanrellet-12-300x188.jpg"},"large":{"file":"Campos-Stadthaus-Son-Vanrellet-12-1024x640.jpg","width":1024,"height":640,"mime-type":"image\/jpeg","filesize":88090,"url":"https:\/\/www.lucasfroeserealestate.com\/wp-content\/uploads\/2025\/03\/Campos-Stadthaus-Son-Vanrellet-12-1024x640.jpg"},"thumbnail":{"file":"Campos-Stadthaus-Son-Vanrellet-12-150x150.jpg","width":150,"height":150,"mime-type":"image\/jpeg","filesize":4951,"url":"https:\/\/www.lucasfroeserealestate.com\/wp-content\/uploads\/2025\/03\/Campos-Stadthaus-Son-Vanrellet-12-150x150.jpg"},"medium_large":{"file":"Campos-Stadthaus-Son-Vanrellet-12-768x480.jpg","width":768,"height":480,"mime-type":"image\/jpeg","filesize":51380,"url":"https:\/\/www.lucasfroeserealestate.com\/wp-content\/uploads\/2025\/03\/Campos-Stadthaus-Son-Vanrellet-12-768x480.jpg"},"1536x1536":{"file":"Campos-Stadthaus-Son-Vanrellet-12-1536x960.jpg","width":1536,"height":960,"mime-type":"image\/jpeg","filesize":193641,"url":"https:\/\/www.lucasfroeserealestate.com\/wp-content\/uploads\/2025\/03\/Campos-Stadthaus-Son-Vanrellet-12-1536x960.jpg"},"2048x2048":{"file":"Campos-Stadthaus-Son-Vanrellet-12-2048x1280.jpg","width":2048,"height":1280,"mime-type":"image\/jpeg","filesize":325532,"url":"https:\/\/www.lucasfroeserealestate.com\/wp-content\/uploads\/2025\/03\/Campos-Stadthaus-Son-Vanrellet-12-2048x1280.jpg"},"post-thumbnail":{"file":"Campos-Stadthaus-Son-Vanrellet-12-150x94.jpg","width":150,"height":94,"mime-type":"image\/jpeg","filesize":3968,"url":"https:\/\/www.lucasfroeserealestate.com\/wp-content\/uploads\/2025\/03\/Campos-Stadthaus-Son-Vanrellet-12-150x94.jpg"},"modern-property-child-slider":{"file":"Campos-Stadthaus-Son-Vanrellet-12-680x510.jpg","width":680,"height":510,"mime-type":"image\/jpeg","filesize":47971,"url":"https:\/\/www.lucasfroeserealestate.com\/wp-content\/uploads\/2025\/03\/Campos-Stadthaus-Son-Vanrellet-12-680x510.jpg"},"property-thumb-image":{"file":"Campos-Stadthaus-Son-Vanrellet-12-488x326.jpg","width":488,"height":326,"mime-type":"image\/jpeg","filesize":24623,"url":"https:\/\/www.lucasfroeserealestate.com\/wp-content\/uploads\/2025\/03\/Campos-Stadthaus-Son-Vanrellet-12-488x326.jpg"},"property-detail-video-image":{"file":"Campos-Stadthaus-Son-Vanrellet-12-818x417.jpg","width":818,"height":417,"mime-type":"image\/jpeg","filesize":48442,"url":"https:\/\/www.lucasfroeserealestate.com\/wp-content\/uploads\/2025\/03\/Campos-Stadthaus-Son-Vanrellet-12-818x417.jpg"},"agent-image":{"file":"Campos-Stadthaus-Son-Vanrellet-12-210x210.jpg","width":210,"height":210,"mime-type":"image\/jpeg","filesize":8240,"url":"https:\/\/www.lucasfroeserealestate.com\/wp-content\/uploads\/2025\/03\/Campos-Stadthaus-Son-Vanrellet-12-210x210.jpg"},"partners-logo":{"file":"Campos-Stadthaus-Son-Vanrellet-12-600x1750.jpg","width":600,"height":1750,"mime-type":"image\/jpeg","filesize":117147,"url":"https:\/\/www.lucasfroeserealestate.com\/wp-content\/uploads\/2025\/03\/Campos-Stadthaus-Son-Vanrellet-12-600x1750.jpg"},"post-featured-image":{"file":"Campos-Stadthaus-Son-Vanrellet-12-1240x720.jpg","width":1240,"height":720,"mime-type":"image\/jpeg","filesize":120269,"url":"https:\/\/www.lucasfroeserealestate.com\/wp-content\/uploads\/2025\/03\/Campos-Stadthaus-Son-Vanrellet-12-1240x720.jpg"}},"image_meta":{"aperture":"0","credit":"","camera":"","caption":"Luxus-Immobilie Mallorca","created_timestamp":"1756817726","copyright":"","focal_length":"0","iso":"0","shutter_speed":"0","title":"Luxus-Immobilie Mallorca","orientation":"0","keywords":["Luxus-Immobilie Mallorca"]},"ID":"73083","name":"Campos-Stadthaus-Son-Vanrellet-12.jpg","path":"\/home\/empleost\/domains\/lucasfroeserealestate.com\/public_html\/wp-content\/uploads\/2025\/03\/Campos-Stadthaus-Son-Vanrellet-12.jpg","url":"https:\/\/www.lucasfroeserealestate.com\/wp-content\/uploads\/2025\/03\/Campos-Stadthaus-Son-Vanrellet-12-150x150.jpg","full_url":"https:\/\/www.lucasfroeserealestate.com\/wp-content\/uploads\/2025\/03\/Campos-Stadthaus-Son-Vanrellet-12.jpg","title":"Luxus-Immobilie Mallorca","caption":"Luxus-Immobilie Mallorca","description":"","alt":"","srcset":"https:\/\/www.lucasfroeserealestate.com\/wp-content\/uploads\/2025\/03\/Campos-Stadthaus-Son-Vanrellet-12-150x150.jpg 150w, https:\/\/www.lucasfroeserealestate.com\/wp-content\/uploads\/2025\/03\/Campos-Stadthaus-Son-Vanrellet-12-210x210.jpg 210w"},{"width":150,"height":150,"file":"2025\/03\/Campos-Stadthaus-Son-Vanrellet-8.jpg","filesize":452026,"sizes":{"medium":{"file":"Campos-Stadthaus-Son-Vanrellet-8-300x188.jpg","width":300,"height":188,"mime-type":"image\/jpeg","filesize":10603,"url":"https:\/\/www.lucasfroeserealestate.com\/wp-content\/uploads\/2025\/03\/Campos-Stadthaus-Son-Vanrellet-8-300x188.jpg"},"large":{"file":"Campos-Stadthaus-Son-Vanrellet-8-1024x640.jpg","width":1024,"height":640,"mime-type":"image\/jpeg","filesize":78366,"url":"https:\/\/www.lucasfroeserealestate.com\/wp-content\/uploads\/2025\/03\/Campos-Stadthaus-Son-Vanrellet-8-1024x640.jpg"},"thumbnail":{"file":"Campos-Stadthaus-Son-Vanrellet-8-150x150.jpg","width":150,"height":150,"mime-type":"image\/jpeg","filesize":4943,"url":"https:\/\/www.lucasfroeserealestate.com\/wp-content\/uploads\/2025\/03\/Campos-Stadthaus-Son-Vanrellet-8-150x150.jpg"},"medium_large":{"file":"Campos-Stadthaus-Son-Vanrellet-8-768x480.jpg","width":768,"height":480,"mime-type":"image\/jpeg","filesize":47473,"url":"https:\/\/www.lucasfroeserealestate.com\/wp-content\/uploads\/2025\/03\/Campos-Stadthaus-Son-Vanrellet-8-768x480.jpg"},"1536x1536":{"file":"Campos-Stadthaus-Son-Vanrellet-8-1536x960.jpg","width":1536,"height":960,"mime-type":"image\/jpeg","filesize":158118,"url":"https:\/\/www.lucasfroeserealestate.com\/wp-content\/uploads\/2025\/03\/Campos-Stadthaus-Son-Vanrellet-8-1536x960.jpg"},"2048x2048":{"file":"Campos-Stadthaus-Son-Vanrellet-8-2048x1280.jpg","width":2048,"height":1280,"mime-type":"image\/jpeg","filesize":253588,"url":"https:\/\/www.lucasfroeserealestate.com\/wp-content\/uploads\/2025\/03\/Campos-Stadthaus-Son-Vanrellet-8-2048x1280.jpg"},"post-thumbnail":{"file":"Campos-Stadthaus-Son-Vanrellet-8-150x94.jpg","width":150,"height":94,"mime-type":"image\/jpeg","filesize":3923,"url":"https:\/\/www.lucasfroeserealestate.com\/wp-content\/uploads\/2025\/03\/Campos-Stadthaus-Son-Vanrellet-8-150x94.jpg"},"modern-property-child-slider":{"file":"Campos-Stadthaus-Son-Vanrellet-8-680x510.jpg","width":680,"height":510,"mime-type":"image\/jpeg","filesize":44745,"url":"https:\/\/www.lucasfroeserealestate.com\/wp-content\/uploads\/2025\/03\/Campos-Stadthaus-Son-Vanrellet-8-680x510.jpg"},"property-thumb-image":{"file":"Campos-Stadthaus-Son-Vanrellet-8-488x326.jpg","width":488,"height":326,"mime-type":"image\/jpeg","filesize":24028,"url":"https:\/\/www.lucasfroeserealestate.com\/wp-content\/uploads\/2025\/03\/Campos-Stadthaus-Son-Vanrellet-8-488x326.jpg"},"property-detail-video-image":{"file":"Campos-Stadthaus-Son-Vanrellet-8-818x417.jpg","width":818,"height":417,"mime-type":"image\/jpeg","filesize":47422,"url":"https:\/\/www.lucasfroeserealestate.com\/wp-content\/uploads\/2025\/03\/Campos-Stadthaus-Son-Vanrellet-8-818x417.jpg"},"agent-image":{"file":"Campos-Stadthaus-Son-Vanrellet-8-210x210.jpg","width":210,"height":210,"mime-type":"image\/jpeg","filesize":7934,"url":"https:\/\/www.lucasfroeserealestate.com\/wp-content\/uploads\/2025\/03\/Campos-Stadthaus-Son-Vanrellet-8-210x210.jpg"},"partners-logo":{"file":"Campos-Stadthaus-Son-Vanrellet-8-600x1750.jpg","width":600,"height":1750,"mime-type":"image\/jpeg","filesize":116112,"url":"https:\/\/www.lucasfroeserealestate.com\/wp-content\/uploads\/2025\/03\/Campos-Stadthaus-Son-Vanrellet-8-600x1750.jpg"},"post-featured-image":{"file":"Campos-Stadthaus-Son-Vanrellet-8-1240x720.jpg","width":1240,"height":720,"mime-type":"image\/jpeg","filesize":103717,"url":"https:\/\/www.lucasfroeserealestate.com\/wp-content\/uploads\/2025\/03\/Campos-Stadthaus-Son-Vanrellet-8-1240x720.jpg"}},"image_meta":{"aperture":"0","credit":"","camera":"","caption":"K\u00fcche Campos Stadthaus Mallorca","created_timestamp":"1756817726","copyright":"","focal_length":"0","iso":"0","shutter_speed":"0","title":"K\u00fcche Campos Stadthaus Mallorca","orientation":"0","keywords":["K\u00fcche Campos Stadthaus Mallorca"]},"ID":"73071","name":"Campos-Stadthaus-Son-Vanrellet-8.jpg","path":"\/home\/empleost\/domains\/lucasfroeserealestate.com\/public_html\/wp-content\/uploads\/2025\/03\/Campos-Stadthaus-Son-Vanrellet-8.jpg","url":"https:\/\/www.lucasfroeserealestate.com\/wp-content\/uploads\/2025\/03\/Campos-Stadthaus-Son-Vanrellet-8-150x150.jpg","full_url":"https:\/\/www.lucasfroeserealestate.com\/wp-content\/uploads\/2025\/03\/Campos-Stadthaus-Son-Vanrellet-8.jpg","title":"K\u00fcche Campos Stadthaus Mallorca","caption":"K\u00fcche Campos Stadthaus Mallorca","description":"","alt":"","srcset":"https:\/\/www.lucasfroeserealestate.com\/wp-content\/uploads\/2025\/03\/Campos-Stadthaus-Son-Vanrellet-8-150x150.jpg 150w, https:\/\/www.lucasfroeserealestate.com\/wp-content\/uploads\/2025\/03\/Campos-Stadthaus-Son-Vanrellet-8-210x210.jpg 210w"},{"width":150,"height":150,"file":"2025\/03\/Campos-Stadthaus-Son-Vanrellet-14.jpg","filesize":428050,"sizes":{"medium":{"file":"Campos-Stadthaus-Son-Vanrellet-14-300x188.jpg","width":300,"height":188,"mime-type":"image\/jpeg","filesize":14117,"url":"https:\/\/www.lucasfroeserealestate.com\/wp-content\/uploads\/2025\/03\/Campos-Stadthaus-Son-Vanrellet-14-300x188.jpg"},"large":{"file":"Campos-Stadthaus-Son-Vanrellet-14-1024x640.jpg","width":1024,"height":640,"mime-type":"image\/jpeg","filesize":115657,"url":"https:\/\/www.lucasfroeserealestate.com\/wp-content\/uploads\/2025\/03\/Campos-Stadthaus-Son-Vanrellet-14-1024x640.jpg"},"thumbnail":{"file":"Campos-Stadthaus-Son-Vanrellet-14-150x150.jpg","width":150,"height":150,"mime-type":"image\/jpeg","filesize":6211,"url":"https:\/\/www.lucasfroeserealestate.com\/wp-content\/uploads\/2025\/03\/Campos-Stadthaus-Son-Vanrellet-14-150x150.jpg"},"medium_large":{"file":"Campos-Stadthaus-Son-Vanrellet-14-768x480.jpg","width":768,"height":480,"mime-type":"image\/jpeg","filesize":69608,"url":"https:\/\/www.lucasfroeserealestate.com\/wp-content\/uploads\/2025\/03\/Campos-Stadthaus-Son-Vanrellet-14-768x480.jpg"},"1536x1536":{"file":"Campos-Stadthaus-Son-Vanrellet-14-1536x960.jpg","width":1536,"height":960,"mime-type":"image\/jpeg","filesize":232568,"url":"https:\/\/www.lucasfroeserealestate.com\/wp-content\/uploads\/2025\/03\/Campos-Stadthaus-Son-Vanrellet-14-1536x960.jpg"},"2048x2048":{"file":"Campos-Stadthaus-Son-Vanrellet-14-2048x1280.jpg","width":2048,"height":1280,"mime-type":"image\/jpeg","filesize":370314,"url":"https:\/\/www.lucasfroeserealestate.com\/wp-content\/uploads\/2025\/03\/Campos-Stadthaus-Son-Vanrellet-14-2048x1280.jpg"},"post-thumbnail":{"file":"Campos-Stadthaus-Son-Vanrellet-14-150x94.jpg","width":150,"height":94,"mime-type":"image\/jpeg","filesize":4846,"url":"https:\/\/www.lucasfroeserealestate.com\/wp-content\/uploads\/2025\/03\/Campos-Stadthaus-Son-Vanrellet-14-150x94.jpg"},"modern-property-child-slider":{"file":"Campos-Stadthaus-Son-Vanrellet-14-680x510.jpg","width":680,"height":510,"mime-type":"image\/jpeg","filesize":61983,"url":"https:\/\/www.lucasfroeserealestate.com\/wp-content\/uploads\/2025\/03\/Campos-Stadthaus-Son-Vanrellet-14-680x510.jpg"},"property-thumb-image":{"file":"Campos-Stadthaus-Son-Vanrellet-14-488x326.jpg","width":488,"height":326,"mime-type":"image\/jpeg","filesize":32854,"url":"https:\/\/www.lucasfroeserealestate.com\/wp-content\/uploads\/2025\/03\/Campos-Stadthaus-Son-Vanrellet-14-488x326.jpg"},"property-detail-video-image":{"file":"Campos-Stadthaus-Son-Vanrellet-14-818x417.jpg","width":818,"height":417,"mime-type":"image\/jpeg","filesize":65369,"url":"https:\/\/www.lucasfroeserealestate.com\/wp-content\/uploads\/2025\/03\/Campos-Stadthaus-Son-Vanrellet-14-818x417.jpg"},"agent-image":{"file":"Campos-Stadthaus-Son-Vanrellet-14-210x210.jpg","width":210,"height":210,"mime-type":"image\/jpeg","filesize":10689,"url":"https:\/\/www.lucasfroeserealestate.com\/wp-content\/uploads\/2025\/03\/Campos-Stadthaus-Son-Vanrellet-14-210x210.jpg"},"partners-logo":{"file":"Campos-Stadthaus-Son-Vanrellet-14-600x1750.jpg","width":600,"height":1750,"mime-type":"image\/jpeg","filesize":99871,"url":"https:\/\/www.lucasfroeserealestate.com\/wp-content\/uploads\/2025\/03\/Campos-Stadthaus-Son-Vanrellet-14-600x1750.jpg"},"post-featured-image":{"file":"Campos-Stadthaus-Son-Vanrellet-14-1240x720.jpg","width":1240,"height":720,"mime-type":"image\/jpeg","filesize":150807,"url":"https:\/\/www.lucasfroeserealestate.com\/wp-content\/uploads\/2025\/03\/Campos-Stadthaus-Son-Vanrellet-14-1240x720.jpg"}},"image_meta":{"aperture":"0","credit":"","camera":"","caption":"Wohnzimmer Campos Mallorca","created_timestamp":"1756817726","copyright":"","focal_length":"0","iso":"0","shutter_speed":"0","title":"Wohnzimmer Campos Mallorca","orientation":"0","keywords":["Wohnzimmer Campos Mallorca"]},"ID":"73089","name":"Campos-Stadthaus-Son-Vanrellet-14.jpg","path":"\/home\/empleost\/domains\/lucasfroeserealestate.com\/public_html\/wp-content\/uploads\/2025\/03\/Campos-Stadthaus-Son-Vanrellet-14.jpg","url":"https:\/\/www.lucasfroeserealestate.com\/wp-content\/uploads\/2025\/03\/Campos-Stadthaus-Son-Vanrellet-14-150x150.jpg","full_url":"https:\/\/www.lucasfroeserealestate.com\/wp-content\/uploads\/2025\/03\/Campos-Stadthaus-Son-Vanrellet-14.jpg","title":"Wohnzimmer Campos Mallorca","caption":"Wohnzimmer Campos Mallorca","description":"","alt":"","srcset":"https:\/\/www.lucasfroeserealestate.com\/wp-content\/uploads\/2025\/03\/Campos-Stadthaus-Son-Vanrellet-14-150x150.jpg 150w, https:\/\/www.lucasfroeserealestate.com\/wp-content\/uploads\/2025\/03\/Campos-Stadthaus-Son-Vanrellet-14-210x210.jpg 210w"},{"width":150,"height":150,"file":"2025\/03\/Campos-Stadthaus-Son-Vanrellet-13.jpg","filesize":394834,"sizes":{"medium":{"file":"Campos-Stadthaus-Son-Vanrellet-13-300x188.jpg","width":300,"height":188,"mime-type":"image\/jpeg","filesize":11834,"url":"https:\/\/www.lucasfroeserealestate.com\/wp-content\/uploads\/2025\/03\/Campos-Stadthaus-Son-Vanrellet-13-300x188.jpg"},"large":{"file":"Campos-Stadthaus-Son-Vanrellet-13-1024x640.jpg","width":1024,"height":640,"mime-type":"image\/jpeg","filesize":91663,"url":"https:\/\/www.lucasfroeserealestate.com\/wp-content\/uploads\/2025\/03\/Campos-Stadthaus-Son-Vanrellet-13-1024x640.jpg"},"thumbnail":{"file":"Campos-Stadthaus-Son-Vanrellet-13-150x150.jpg","width":150,"height":150,"mime-type":"image\/jpeg","filesize":5261,"url":"https:\/\/www.lucasfroeserealestate.com\/wp-content\/uploads\/2025\/03\/Campos-Stadthaus-Son-Vanrellet-13-150x150.jpg"},"medium_large":{"file":"Campos-Stadthaus-Son-Vanrellet-13-768x480.jpg","width":768,"height":480,"mime-type":"image\/jpeg","filesize":56210,"url":"https:\/\/www.lucasfroeserealestate.com\/wp-content\/uploads\/2025\/03\/Campos-Stadthaus-Son-Vanrellet-13-768x480.jpg"},"1536x1536":{"file":"Campos-Stadthaus-Son-Vanrellet-13-1536x960.jpg","width":1536,"height":960,"mime-type":"image\/jpeg","filesize":179703,"url":"https:\/\/www.lucasfroeserealestate.com\/wp-content\/uploads\/2025\/03\/Campos-Stadthaus-Son-Vanrellet-13-1536x960.jpg"},"2048x2048":{"file":"Campos-Stadthaus-Son-Vanrellet-13-2048x1280.jpg","width":2048,"height":1280,"mime-type":"image\/jpeg","filesize":285617,"url":"https:\/\/www.lucasfroeserealestate.com\/wp-content\/uploads\/2025\/03\/Campos-Stadthaus-Son-Vanrellet-13-2048x1280.jpg"},"post-thumbnail":{"file":"Campos-Stadthaus-Son-Vanrellet-13-150x94.jpg","width":150,"height":94,"mime-type":"image\/jpeg","filesize":4061,"url":"https:\/\/www.lucasfroeserealestate.com\/wp-content\/uploads\/2025\/03\/Campos-Stadthaus-Son-Vanrellet-13-150x94.jpg"},"modern-property-child-slider":{"file":"Campos-Stadthaus-Son-Vanrellet-13-680x510.jpg","width":680,"height":510,"mime-type":"image\/jpeg","filesize":50801,"url":"https:\/\/www.lucasfroeserealestate.com\/wp-content\/uploads\/2025\/03\/Campos-Stadthaus-Son-Vanrellet-13-680x510.jpg"},"property-thumb-image":{"file":"Campos-Stadthaus-Son-Vanrellet-13-488x326.jpg","width":488,"height":326,"mime-type":"image\/jpeg","filesize":27281,"url":"https:\/\/www.lucasfroeserealestate.com\/wp-content\/uploads\/2025\/03\/Campos-Stadthaus-Son-Vanrellet-13-488x326.jpg"},"property-detail-video-image":{"file":"Campos-Stadthaus-Son-Vanrellet-13-818x417.jpg","width":818,"height":417,"mime-type":"image\/jpeg","filesize":52129,"url":"https:\/\/www.lucasfroeserealestate.com\/wp-content\/uploads\/2025\/03\/Campos-Stadthaus-Son-Vanrellet-13-818x417.jpg"},"agent-image":{"file":"Campos-Stadthaus-Son-Vanrellet-13-210x210.jpg","width":210,"height":210,"mime-type":"image\/jpeg","filesize":8943,"url":"https:\/\/www.lucasfroeserealestate.com\/wp-content\/uploads\/2025\/03\/Campos-Stadthaus-Son-Vanrellet-13-210x210.jpg"},"partners-logo":{"file":"Campos-Stadthaus-Son-Vanrellet-13-600x1750.jpg","width":600,"height":1750,"mime-type":"image\/jpeg","filesize":83934,"url":"https:\/\/www.lucasfroeserealestate.com\/wp-content\/uploads\/2025\/03\/Campos-Stadthaus-Son-Vanrellet-13-600x1750.jpg"},"post-featured-image":{"file":"Campos-Stadthaus-Son-Vanrellet-13-1240x720.jpg","width":1240,"height":720,"mime-type":"image\/jpeg","filesize":117205,"url":"https:\/\/www.lucasfroeserealestate.com\/wp-content\/uploads\/2025\/03\/Campos-Stadthaus-Son-Vanrellet-13-1240x720.jpg"}},"image_meta":{"aperture":"0","credit":"","camera":"","caption":"Luxus Stadthaus Campos","created_timestamp":"1756817726","copyright":"","focal_length":"0","iso":"0","shutter_speed":"0","title":"Luxus Stadthaus Campos","orientation":"0","keywords":["Luxus Stadthaus Campos"]},"ID":"73086","name":"Campos-Stadthaus-Son-Vanrellet-13.jpg","path":"\/home\/empleost\/domains\/lucasfroeserealestate.com\/public_html\/wp-content\/uploads\/2025\/03\/Campos-Stadthaus-Son-Vanrellet-13.jpg","url":"https:\/\/www.lucasfroeserealestate.com\/wp-content\/uploads\/2025\/03\/Campos-Stadthaus-Son-Vanrellet-13-150x150.jpg","full_url":"https:\/\/www.lucasfroeserealestate.com\/wp-content\/uploads\/2025\/03\/Campos-Stadthaus-Son-Vanrellet-13.jpg","title":"Luxus Stadthaus Campos","caption":"Luxus Stadthaus Campos","description":"","alt":"","srcset":"https:\/\/www.lucasfroeserealestate.com\/wp-content\/uploads\/2025\/03\/Campos-Stadthaus-Son-Vanrellet-13-150x150.jpg 150w, https:\/\/www.lucasfroeserealestate.com\/wp-content\/uploads\/2025\/03\/Campos-Stadthaus-Son-Vanrellet-13-210x210.jpg 210w"},{"width":150,"height":150,"file":"2025\/03\/Campos-Stadthaus-Son-Vanrellet-9.jpg","filesize":425834,"sizes":{"medium":{"file":"Campos-Stadthaus-Son-Vanrellet-9-300x188.jpg","width":300,"height":188,"mime-type":"image\/jpeg","filesize":10454,"url":"https:\/\/www.lucasfroeserealestate.com\/wp-content\/uploads\/2025\/03\/Campos-Stadthaus-Son-Vanrellet-9-300x188.jpg"},"large":{"file":"Campos-Stadthaus-Son-Vanrellet-9-1024x640.jpg","width":1024,"height":640,"mime-type":"image\/jpeg","filesize":70846,"url":"https:\/\/www.lucasfroeserealestate.com\/wp-content\/uploads\/2025\/03\/Campos-Stadthaus-Son-Vanrellet-9-1024x640.jpg"},"thumbnail":{"file":"Campos-Stadthaus-Son-Vanrellet-9-150x150.jpg","width":150,"height":150,"mime-type":"image\/jpeg","filesize":5898,"url":"https:\/\/www.lucasfroeserealestate.com\/wp-content\/uploads\/2025\/03\/Campos-Stadthaus-Son-Vanrellet-9-150x150.jpg"},"medium_large":{"file":"Campos-Stadthaus-Son-Vanrellet-9-768x480.jpg","width":768,"height":480,"mime-type":"image\/jpeg","filesize":43552,"url":"https:\/\/www.lucasfroeserealestate.com\/wp-content\/uploads\/2025\/03\/Campos-Stadthaus-Son-Vanrellet-9-768x480.jpg"},"1536x1536":{"file":"Campos-Stadthaus-Son-Vanrellet-9-1536x960.jpg","width":1536,"height":960,"mime-type":"image\/jpeg","filesize":142020,"url":"https:\/\/www.lucasfroeserealestate.com\/wp-content\/uploads\/2025\/03\/Campos-Stadthaus-Son-Vanrellet-9-1536x960.jpg"},"2048x2048":{"file":"Campos-Stadthaus-Son-Vanrellet-9-2048x1280.jpg","width":2048,"height":1280,"mime-type":"image\/jpeg","filesize":235440,"url":"https:\/\/www.lucasfroeserealestate.com\/wp-content\/uploads\/2025\/03\/Campos-Stadthaus-Son-Vanrellet-9-2048x1280.jpg"},"post-thumbnail":{"file":"Campos-Stadthaus-Son-Vanrellet-9-150x94.jpg","width":150,"height":94,"mime-type":"image\/jpeg","filesize":3902,"url":"https:\/\/www.lucasfroeserealestate.com\/wp-content\/uploads\/2025\/03\/Campos-Stadthaus-Son-Vanrellet-9-150x94.jpg"},"modern-property-child-slider":{"file":"Campos-Stadthaus-Son-Vanrellet-9-680x510.jpg","width":680,"height":510,"mime-type":"image\/jpeg","filesize":45267,"url":"https:\/\/www.lucasfroeserealestate.com\/wp-content\/uploads\/2025\/03\/Campos-Stadthaus-Son-Vanrellet-9-680x510.jpg"},"property-thumb-image":{"file":"Campos-Stadthaus-Son-Vanrellet-9-488x326.jpg","width":488,"height":326,"mime-type":"image\/jpeg","filesize":23306,"url":"https:\/\/www.lucasfroeserealestate.com\/wp-content\/uploads\/2025\/03\/Campos-Stadthaus-Son-Vanrellet-9-488x326.jpg"},"property-detail-video-image":{"file":"Campos-Stadthaus-Son-Vanrellet-9-818x417.jpg","width":818,"height":417,"mime-type":"image\/jpeg","filesize":41215,"url":"https:\/\/www.lucasfroeserealestate.com\/wp-content\/uploads\/2025\/03\/Campos-Stadthaus-Son-Vanrellet-9-818x417.jpg"},"agent-image":{"file":"Campos-Stadthaus-Son-Vanrellet-9-210x210.jpg","width":210,"height":210,"mime-type":"image\/jpeg","filesize":9691,"url":"https:\/\/www.lucasfroeserealestate.com\/wp-content\/uploads\/2025\/03\/Campos-Stadthaus-Son-Vanrellet-9-210x210.jpg"},"partners-logo":{"file":"Campos-Stadthaus-Son-Vanrellet-9-600x1750.jpg","width":600,"height":1750,"mime-type":"image\/jpeg","filesize":142694,"url":"https:\/\/www.lucasfroeserealestate.com\/wp-content\/uploads\/2025\/03\/Campos-Stadthaus-Son-Vanrellet-9-600x1750.jpg"},"post-featured-image":{"file":"Campos-Stadthaus-Son-Vanrellet-9-1240x720.jpg","width":1240,"height":720,"mime-type":"image\/jpeg","filesize":91508,"url":"https:\/\/www.lucasfroeserealestate.com\/wp-content\/uploads\/2025\/03\/Campos-Stadthaus-Son-Vanrellet-9-1240x720.jpg"}},"image_meta":{"aperture":"0","credit":"","camera":"","caption":"Luxus-Immobilie Mallorca","created_timestamp":"1756817726","copyright":"","focal_length":"0","iso":"0","shutter_speed":"0","title":"Luxus-Immobilie Mallorca","orientation":"0","keywords":["Luxus-Immobilie Mallorca"]},"ID":"73074","name":"Campos-Stadthaus-Son-Vanrellet-9.jpg","path":"\/home\/empleost\/domains\/lucasfroeserealestate.com\/public_html\/wp-content\/uploads\/2025\/03\/Campos-Stadthaus-Son-Vanrellet-9.jpg","url":"https:\/\/www.lucasfroeserealestate.com\/wp-content\/uploads\/2025\/03\/Campos-Stadthaus-Son-Vanrellet-9-150x150.jpg","full_url":"https:\/\/www.lucasfroeserealestate.com\/wp-content\/uploads\/2025\/03\/Campos-Stadthaus-Son-Vanrellet-9.jpg","title":"Luxus-Immobilie Mallorca","caption":"Luxus-Immobilie Mallorca","description":"","alt":"","srcset":"https:\/\/www.lucasfroeserealestate.com\/wp-content\/uploads\/2025\/03\/Campos-Stadthaus-Son-Vanrellet-9-150x150.jpg 150w, https:\/\/www.lucasfroeserealestate.com\/wp-content\/uploads\/2025\/03\/Campos-Stadthaus-Son-Vanrellet-9-210x210.jpg 210w"},{"width":150,"height":150,"file":"2025\/03\/Campos-Stadthaus-Son-Vanrellet-11.jpg","filesize":411296,"sizes":{"medium":{"file":"Campos-Stadthaus-Son-Vanrellet-11-300x188.jpg","width":300,"height":188,"mime-type":"image\/jpeg","filesize":13968,"url":"https:\/\/www.lucasfroeserealestate.com\/wp-content\/uploads\/2025\/03\/Campos-Stadthaus-Son-Vanrellet-11-300x188.jpg"},"large":{"file":"Campos-Stadthaus-Son-Vanrellet-11-1024x640.jpg","width":1024,"height":640,"mime-type":"image\/jpeg","filesize":99859,"url":"https:\/\/www.lucasfroeserealestate.com\/wp-content\/uploads\/2025\/03\/Campos-Stadthaus-Son-Vanrellet-11-1024x640.jpg"},"thumbnail":{"file":"Campos-Stadthaus-Son-Vanrellet-11-150x150.jpg","width":150,"height":150,"mime-type":"image\/jpeg","filesize":6379,"url":"https:\/\/www.lucasfroeserealestate.com\/wp-content\/uploads\/2025\/03\/Campos-Stadthaus-Son-Vanrellet-11-150x150.jpg"},"medium_large":{"file":"Campos-Stadthaus-Son-Vanrellet-11-768x480.jpg","width":768,"height":480,"mime-type":"image\/jpeg","filesize":63119,"url":"https:\/\/www.lucasfroeserealestate.com\/wp-content\/uploads\/2025\/03\/Campos-Stadthaus-Son-Vanrellet-11-768x480.jpg"},"1536x1536":{"file":"Campos-Stadthaus-Son-Vanrellet-11-1536x960.jpg","width":1536,"height":960,"mime-type":"image\/jpeg","filesize":188827,"url":"https:\/\/www.lucasfroeserealestate.com\/wp-content\/uploads\/2025\/03\/Campos-Stadthaus-Son-Vanrellet-11-1536x960.jpg"},"2048x2048":{"file":"Campos-Stadthaus-Son-Vanrellet-11-2048x1280.jpg","width":2048,"height":1280,"mime-type":"image\/jpeg","filesize":291915,"url":"https:\/\/www.lucasfroeserealestate.com\/wp-content\/uploads\/2025\/03\/Campos-Stadthaus-Son-Vanrellet-11-2048x1280.jpg"},"post-thumbnail":{"file":"Campos-Stadthaus-Son-Vanrellet-11-150x94.jpg","width":150,"height":94,"mime-type":"image\/jpeg","filesize":4857,"url":"https:\/\/www.lucasfroeserealestate.com\/wp-content\/uploads\/2025\/03\/Campos-Stadthaus-Son-Vanrellet-11-150x94.jpg"},"modern-property-child-slider":{"file":"Campos-Stadthaus-Son-Vanrellet-11-680x510.jpg","width":680,"height":510,"mime-type":"image\/jpeg","filesize":58315,"url":"https:\/\/www.lucasfroeserealestate.com\/wp-content\/uploads\/2025\/03\/Campos-Stadthaus-Son-Vanrellet-11-680x510.jpg"},"property-thumb-image":{"file":"Campos-Stadthaus-Son-Vanrellet-11-488x326.jpg","width":488,"height":326,"mime-type":"image\/jpeg","filesize":31716,"url":"https:\/\/www.lucasfroeserealestate.com\/wp-content\/uploads\/2025\/03\/Campos-Stadthaus-Son-Vanrellet-11-488x326.jpg"},"property-detail-video-image":{"file":"Campos-Stadthaus-Son-Vanrellet-11-818x417.jpg","width":818,"height":417,"mime-type":"image\/jpeg","filesize":63422,"url":"https:\/\/www.lucasfroeserealestate.com\/wp-content\/uploads\/2025\/03\/Campos-Stadthaus-Son-Vanrellet-11-818x417.jpg"},"agent-image":{"file":"Campos-Stadthaus-Son-Vanrellet-11-210x210.jpg","width":210,"height":210,"mime-type":"image\/jpeg","filesize":10667,"url":"https:\/\/www.lucasfroeserealestate.com\/wp-content\/uploads\/2025\/03\/Campos-Stadthaus-Son-Vanrellet-11-210x210.jpg"},"partners-logo":{"file":"Campos-Stadthaus-Son-Vanrellet-11-600x1750.jpg","width":600,"height":1750,"mime-type":"image\/jpeg","filesize":105601,"url":"https:\/\/www.lucasfroeserealestate.com\/wp-content\/uploads\/2025\/03\/Campos-Stadthaus-Son-Vanrellet-11-600x1750.jpg"},"post-featured-image":{"file":"Campos-Stadthaus-Son-Vanrellet-11-1240x720.jpg","width":1240,"height":720,"mime-type":"image\/jpeg","filesize":130099,"url":"https:\/\/www.lucasfroeserealestate.com\/wp-content\/uploads\/2025\/03\/Campos-Stadthaus-Son-Vanrellet-11-1240x720.jpg"}},"image_meta":{"aperture":"0","credit":"","camera":"","caption":"Luxusimmobilie Campos Mallorca","created_timestamp":"1756817726","copyright":"","focal_length":"0","iso":"0","shutter_speed":"0","title":"Luxusimmobilie Campos Mallorca","orientation":"0","keywords":["Luxusimmobilie Campos Mallorca"]},"ID":"73080","name":"Campos-Stadthaus-Son-Vanrellet-11.jpg","path":"\/home\/empleost\/domains\/lucasfroeserealestate.com\/public_html\/wp-content\/uploads\/2025\/03\/Campos-Stadthaus-Son-Vanrellet-11.jpg","url":"https:\/\/www.lucasfroeserealestate.com\/wp-content\/uploads\/2025\/03\/Campos-Stadthaus-Son-Vanrellet-11-150x150.jpg","full_url":"https:\/\/www.lucasfroeserealestate.com\/wp-content\/uploads\/2025\/03\/Campos-Stadthaus-Son-Vanrellet-11.jpg","title":"Luxusimmobilie Campos Mallorca","caption":"Luxusimmobilie Campos Mallorca","description":"","alt":"","srcset":"https:\/\/www.lucasfroeserealestate.com\/wp-content\/uploads\/2025\/03\/Campos-Stadthaus-Son-Vanrellet-11-150x150.jpg 150w, https:\/\/www.lucasfroeserealestate.com\/wp-content\/uploads\/2025\/03\/Campos-Stadthaus-Son-Vanrellet-11-210x210.jpg 210w"},{"width":150,"height":150,"file":"2025\/03\/Campos-Stadthaus-Son-Vanrellet-1.jpg","filesize":458901,"sizes":{"medium":{"file":"Campos-Stadthaus-Son-Vanrellet-1-300x188.jpg","width":300,"height":188,"mime-type":"image\/jpeg","filesize":17710,"url":"https:\/\/www.lucasfroeserealestate.com\/wp-content\/uploads\/2025\/03\/Campos-Stadthaus-Son-Vanrellet-1-300x188.jpg"},"large":{"file":"Campos-Stadthaus-Son-Vanrellet-1-1024x640.jpg","width":1024,"height":640,"mime-type":"image\/jpeg","filesize":138031,"url":"https:\/\/www.lucasfroeserealestate.com\/wp-content\/uploads\/2025\/03\/Campos-Stadthaus-Son-Vanrellet-1-1024x640.jpg"},"thumbnail":{"file":"Campos-Stadthaus-Son-Vanrellet-1-150x150.jpg","width":150,"height":150,"mime-type":"image\/jpeg","filesize":8135,"url":"https:\/\/www.lucasfroeserealestate.com\/wp-content\/uploads\/2025\/03\/Campos-Stadthaus-Son-Vanrellet-1-150x150.jpg"},"medium_large":{"file":"Campos-Stadthaus-Son-Vanrellet-1-768x480.jpg","width":768,"height":480,"mime-type":"image\/jpeg","filesize":85023,"url":"https:\/\/www.lucasfroeserealestate.com\/wp-content\/uploads\/2025\/03\/Campos-Stadthaus-Son-Vanrellet-1-768x480.jpg"},"1536x1536":{"file":"Campos-Stadthaus-Son-Vanrellet-1-1536x960.jpg","width":1536,"height":960,"mime-type":"image\/jpeg","filesize":265038,"url":"https:\/\/www.lucasfroeserealestate.com\/wp-content\/uploads\/2025\/03\/Campos-Stadthaus-Son-Vanrellet-1-1536x960.jpg"},"2048x2048":{"file":"Campos-Stadthaus-Son-Vanrellet-1-2048x1280.jpg","width":2048,"height":1280,"mime-type":"image\/jpeg","filesize":411008,"url":"https:\/\/www.lucasfroeserealestate.com\/wp-content\/uploads\/2025\/03\/Campos-Stadthaus-Son-Vanrellet-1-2048x1280.jpg"},"post-thumbnail":{"file":"Campos-Stadthaus-Son-Vanrellet-1-150x94.jpg","width":150,"height":94,"mime-type":"image\/jpeg","filesize":5804,"url":"https:\/\/www.lucasfroeserealestate.com\/wp-content\/uploads\/2025\/03\/Campos-Stadthaus-Son-Vanrellet-1-150x94.jpg"},"modern-property-child-slider":{"file":"Campos-Stadthaus-Son-Vanrellet-1-680x510.jpg","width":680,"height":510,"mime-type":"image\/jpeg","filesize":79449,"url":"https:\/\/www.lucasfroeserealestate.com\/wp-content\/uploads\/2025\/03\/Campos-Stadthaus-Son-Vanrellet-1-680x510.jpg"},"property-thumb-image":{"file":"Campos-Stadthaus-Son-Vanrellet-1-488x326.jpg","width":488,"height":326,"mime-type":"image\/jpeg","filesize":41720,"url":"https:\/\/www.lucasfroeserealestate.com\/wp-content\/uploads\/2025\/03\/Campos-Stadthaus-Son-Vanrellet-1-488x326.jpg"},"property-detail-video-image":{"file":"Campos-Stadthaus-Son-Vanrellet-1-818x417.jpg","width":818,"height":417,"mime-type":"image\/jpeg","filesize":83618,"url":"https:\/\/www.lucasfroeserealestate.com\/wp-content\/uploads\/2025\/03\/Campos-Stadthaus-Son-Vanrellet-1-818x417.jpg"},"agent-image":{"file":"Campos-Stadthaus-Son-Vanrellet-1-210x210.jpg","width":210,"height":210,"mime-type":"image\/jpeg","filesize":14190,"url":"https:\/\/www.lucasfroeserealestate.com\/wp-content\/uploads\/2025\/03\/Campos-Stadthaus-Son-Vanrellet-1-210x210.jpg"},"partners-logo":{"file":"Campos-Stadthaus-Son-Vanrellet-1-600x1750.jpg","width":600,"height":1750,"mime-type":"image\/jpeg","filesize":138716,"url":"https:\/\/www.lucasfroeserealestate.com\/wp-content\/uploads\/2025\/03\/Campos-Stadthaus-Son-Vanrellet-1-600x1750.jpg"},"post-featured-image":{"file":"Campos-Stadthaus-Son-Vanrellet-1-1240x720.jpg","width":1240,"height":720,"mime-type":"image\/jpeg","filesize":179315,"url":"https:\/\/www.lucasfroeserealestate.com\/wp-content\/uploads\/2025\/03\/Campos-Stadthaus-Son-Vanrellet-1-1240x720.jpg"}},"image_meta":{"aperture":"0","credit":"","camera":"","caption":"Stadthaus Pool Campos","created_timestamp":"1756817726","copyright":"","focal_length":"0","iso":"0","shutter_speed":"0","title":"Stadthaus Pool Campos","orientation":"0","keywords":["Stadthaus Pool Campos"]},"ID":"73050","name":"Campos-Stadthaus-Son-Vanrellet-1.jpg","path":"\/home\/empleost\/domains\/lucasfroeserealestate.com\/public_html\/wp-content\/uploads\/2025\/03\/Campos-Stadthaus-Son-Vanrellet-1.jpg","url":"https:\/\/www.lucasfroeserealestate.com\/wp-content\/uploads\/2025\/03\/Campos-Stadthaus-Son-Vanrellet-1-150x150.jpg","full_url":"https:\/\/www.lucasfroeserealestate.com\/wp-content\/uploads\/2025\/03\/Campos-Stadthaus-Son-Vanrellet-1.jpg","title":"Stadthaus Pool Campos","caption":"Stadthaus Pool Campos","description":"","alt":"","srcset":"https:\/\/www.lucasfroeserealestate.com\/wp-content\/uploads\/2025\/03\/Campos-Stadthaus-Son-Vanrellet-1-150x150.jpg 150w, https:\/\/www.lucasfroeserealestate.com\/wp-content\/uploads\/2025\/03\/Campos-Stadthaus-Son-Vanrellet-1-210x210.jpg 210w"},{"width":150,"height":150,"file":"2025\/03\/Campos-Stadthaus-Son-Vanrellet-7.jpg","filesize":471148,"sizes":{"medium":{"file":"Campos-Stadthaus-Son-Vanrellet-7-300x188.jpg","width":300,"height":188,"mime-type":"image\/jpeg","filesize":13947,"url":"https:\/\/www.lucasfroeserealestate.com\/wp-content\/uploads\/2025\/03\/Campos-Stadthaus-Son-Vanrellet-7-300x188.jpg"},"large":{"file":"Campos-Stadthaus-Son-Vanrellet-7-1024x640.jpg","width":1024,"height":640,"mime-type":"image\/jpeg","filesize":132827,"url":"https:\/\/www.lucasfroeserealestate.com\/wp-content\/uploads\/2025\/03\/Campos-Stadthaus-Son-Vanrellet-7-1024x640.jpg"},"thumbnail":{"file":"Campos-Stadthaus-Son-Vanrellet-7-150x150.jpg","width":150,"height":150,"mime-type":"image\/jpeg","filesize":6644,"url":"https:\/\/www.lucasfroeserealestate.com\/wp-content\/uploads\/2025\/03\/Campos-Stadthaus-Son-Vanrellet-7-150x150.jpg"},"medium_large":{"file":"Campos-Stadthaus-Son-Vanrellet-7-768x480.jpg","width":768,"height":480,"mime-type":"image\/jpeg","filesize":76755,"url":"https:\/\/www.lucasfroeserealestate.com\/wp-content\/uploads\/2025\/03\/Campos-Stadthaus-Son-Vanrellet-7-768x480.jpg"},"1536x1536":{"file":"Campos-Stadthaus-Son-Vanrellet-7-1536x960.jpg","width":1536,"height":960,"mime-type":"image\/jpeg","filesize":279417,"url":"https:\/\/www.lucasfroeserealestate.com\/wp-content\/uploads\/2025\/03\/Campos-Stadthaus-Son-Vanrellet-7-1536x960.jpg"},"2048x2048":{"file":"Campos-Stadthaus-Son-Vanrellet-7-2048x1280.jpg","width":2048,"height":1280,"mime-type":"image\/jpeg","filesize":453986,"url":"https:\/\/www.lucasfroeserealestate.com\/wp-content\/uploads\/2025\/03\/Campos-Stadthaus-Son-Vanrellet-7-2048x1280.jpg"},"post-thumbnail":{"file":"Campos-Stadthaus-Son-Vanrellet-7-150x94.jpg","width":150,"height":94,"mime-type":"image\/jpeg","filesize":4597,"url":"https:\/\/www.lucasfroeserealestate.com\/wp-content\/uploads\/2025\/03\/Campos-Stadthaus-Son-Vanrellet-7-150x94.jpg"},"modern-property-child-slider":{"file":"Campos-Stadthaus-Son-Vanrellet-7-680x510.jpg","width":680,"height":510,"mime-type":"image\/jpeg","filesize":71325,"url":"https:\/\/www.lucasfroeserealestate.com\/wp-content\/uploads\/2025\/03\/Campos-Stadthaus-Son-Vanrellet-7-680x510.jpg"},"property-thumb-image":{"file":"Campos-Stadthaus-Son-Vanrellet-7-488x326.jpg","width":488,"height":326,"mime-type":"image\/jpeg","filesize":34949,"url":"https:\/\/www.lucasfroeserealestate.com\/wp-content\/uploads\/2025\/03\/Campos-Stadthaus-Son-Vanrellet-7-488x326.jpg"},"property-detail-video-image":{"file":"Campos-Stadthaus-Son-Vanrellet-7-818x417.jpg","width":818,"height":417,"mime-type":"image\/jpeg","filesize":74097,"url":"https:\/\/www.lucasfroeserealestate.com\/wp-content\/uploads\/2025\/03\/Campos-Stadthaus-Son-Vanrellet-7-818x417.jpg"},"agent-image":{"file":"Campos-Stadthaus-Son-Vanrellet-7-210x210.jpg","width":210,"height":210,"mime-type":"image\/jpeg","filesize":11467,"url":"https:\/\/www.lucasfroeserealestate.com\/wp-content\/uploads\/2025\/03\/Campos-Stadthaus-Son-Vanrellet-7-210x210.jpg"},"partners-logo":{"file":"Campos-Stadthaus-Son-Vanrellet-7-600x1750.jpg","width":600,"height":1750,"mime-type":"image\/jpeg","filesize":190145,"url":"https:\/\/www.lucasfroeserealestate.com\/wp-content\/uploads\/2025\/03\/Campos-Stadthaus-Son-Vanrellet-7-600x1750.jpg"},"post-featured-image":{"file":"Campos-Stadthaus-Son-Vanrellet-7-1240x720.jpg","width":1240,"height":720,"mime-type":"image\/jpeg","filesize":179384,"url":"https:\/\/www.lucasfroeserealestate.com\/wp-content\/uploads\/2025\/03\/Campos-Stadthaus-Son-Vanrellet-7-1240x720.jpg"}},"image_meta":{"aperture":"0","credit":"","camera":"","caption":"Stadthaus Garten Campos","created_timestamp":"1756817726","copyright":"","focal_length":"0","iso":"0","shutter_speed":"0","title":"Stadthaus Garten Campos","orientation":"0","keywords":["Stadthaus Garten Campos"]},"ID":"73068","name":"Campos-Stadthaus-Son-Vanrellet-7.jpg","path":"\/home\/empleost\/domains\/lucasfroeserealestate.com\/public_html\/wp-content\/uploads\/2025\/03\/Campos-Stadthaus-Son-Vanrellet-7.jpg","url":"https:\/\/www.lucasfroeserealestate.com\/wp-content\/uploads\/2025\/03\/Campos-Stadthaus-Son-Vanrellet-7-150x150.jpg","full_url":"https:\/\/www.lucasfroeserealestate.com\/wp-content\/uploads\/2025\/03\/Campos-Stadthaus-Son-Vanrellet-7.jpg","title":"Stadthaus Garten Campos","caption":"Stadthaus Garten Campos","description":"","alt":"","srcset":"https:\/\/www.lucasfroeserealestate.com\/wp-content\/uploads\/2025\/03\/Campos-Stadthaus-Son-Vanrellet-7-150x150.jpg 150w, https:\/\/www.lucasfroeserealestate.com\/wp-content\/uploads\/2025\/03\/Campos-Stadthaus-Son-Vanrellet-7-210x210.jpg 210w"},{"width":150,"height":150,"file":"2025\/03\/Campos-Stadthaus-Son-Vanrellet-2.jpg","filesize":484598,"sizes":{"medium":{"file":"Campos-Stadthaus-Son-Vanrellet-2-300x188.jpg","width":300,"height":188,"mime-type":"image\/jpeg","filesize":18404,"url":"https:\/\/www.lucasfroeserealestate.com\/wp-content\/uploads\/2025\/03\/Campos-Stadthaus-Son-Vanrellet-2-300x188.jpg"},"large":{"file":"Campos-Stadthaus-Son-Vanrellet-2-1024x640.jpg","width":1024,"height":640,"mime-type":"image\/jpeg","filesize":141672,"url":"https:\/\/www.lucasfroeserealestate.com\/wp-content\/uploads\/2025\/03\/Campos-Stadthaus-Son-Vanrellet-2-1024x640.jpg"},"thumbnail":{"file":"Campos-Stadthaus-Son-Vanrellet-2-150x150.jpg","width":150,"height":150,"mime-type":"image\/jpeg","filesize":8095,"url":"https:\/\/www.lucasfroeserealestate.com\/wp-content\/uploads\/2025\/03\/Campos-Stadthaus-Son-Vanrellet-2-150x150.jpg"},"medium_large":{"file":"Campos-Stadthaus-Son-Vanrellet-2-768x480.jpg","width":768,"height":480,"mime-type":"image\/jpeg","filesize":87739,"url":"https:\/\/www.lucasfroeserealestate.com\/wp-content\/uploads\/2025\/03\/Campos-Stadthaus-Son-Vanrellet-2-768x480.jpg"},"1536x1536":{"file":"Campos-Stadthaus-Son-Vanrellet-2-1536x960.jpg","width":1536,"height":960,"mime-type":"image\/jpeg","filesize":271270,"url":"https:\/\/www.lucasfroeserealestate.com\/wp-content\/uploads\/2025\/03\/Campos-Stadthaus-Son-Vanrellet-2-1536x960.jpg"},"2048x2048":{"file":"Campos-Stadthaus-Son-Vanrellet-2-2048x1280.jpg","width":2048,"height":1280,"mime-type":"image\/jpeg","filesize":423062,"url":"https:\/\/www.lucasfroeserealestate.com\/wp-content\/uploads\/2025\/03\/Campos-Stadthaus-Son-Vanrellet-2-2048x1280.jpg"},"post-thumbnail":{"file":"Campos-Stadthaus-Son-Vanrellet-2-150x94.jpg","width":150,"height":94,"mime-type":"image\/jpeg","filesize":5951,"url":"https:\/\/www.lucasfroeserealestate.com\/wp-content\/uploads\/2025\/03\/Campos-Stadthaus-Son-Vanrellet-2-150x94.jpg"},"modern-property-child-slider":{"file":"Campos-Stadthaus-Son-Vanrellet-2-680x510.jpg","width":680,"height":510,"mime-type":"image\/jpeg","filesize":79398,"url":"https:\/\/www.lucasfroeserealestate.com\/wp-content\/uploads\/2025\/03\/Campos-Stadthaus-Son-Vanrellet-2-680x510.jpg"},"property-thumb-image":{"file":"Campos-Stadthaus-Son-Vanrellet-2-488x326.jpg","width":488,"height":326,"mime-type":"image\/jpeg","filesize":42119,"url":"https:\/\/www.lucasfroeserealestate.com\/wp-content\/uploads\/2025\/03\/Campos-Stadthaus-Son-Vanrellet-2-488x326.jpg"},"property-detail-video-image":{"file":"Campos-Stadthaus-Son-Vanrellet-2-818x417.jpg","width":818,"height":417,"mime-type":"image\/jpeg","filesize":81142,"url":"https:\/\/www.lucasfroeserealestate.com\/wp-content\/uploads\/2025\/03\/Campos-Stadthaus-Son-Vanrellet-2-818x417.jpg"},"agent-image":{"file":"Campos-Stadthaus-Son-Vanrellet-2-210x210.jpg","width":210,"height":210,"mime-type":"image\/jpeg","filesize":14473,"url":"https:\/\/www.lucasfroeserealestate.com\/wp-content\/uploads\/2025\/03\/Campos-Stadthaus-Son-Vanrellet-2-210x210.jpg"},"partners-logo":{"file":"Campos-Stadthaus-Son-Vanrellet-2-600x1750.jpg","width":600,"height":1750,"mime-type":"image\/jpeg","filesize":114809,"url":"https:\/\/www.lucasfroeserealestate.com\/wp-content\/uploads\/2025\/03\/Campos-Stadthaus-Son-Vanrellet-2-600x1750.jpg"},"post-featured-image":{"file":"Campos-Stadthaus-Son-Vanrellet-2-1240x720.jpg","width":1240,"height":720,"mime-type":"image\/jpeg","filesize":177996,"url":"https:\/\/www.lucasfroeserealestate.com\/wp-content\/uploads\/2025\/03\/Campos-Stadthaus-Son-Vanrellet-2-1240x720.jpg"}},"image_meta":{"aperture":"0","credit":"","camera":"","caption":"Luxusimmobilie Campos","created_timestamp":"1756817726","copyright":"","focal_length":"0","iso":"0","shutter_speed":"0","title":"Luxusimmobilie Campos","orientation":"0","keywords":["Luxusimmobilie Campos"]},"ID":"73053","name":"Campos-Stadthaus-Son-Vanrellet-2.jpg","path":"\/home\/empleost\/domains\/lucasfroeserealestate.com\/public_html\/wp-content\/uploads\/2025\/03\/Campos-Stadthaus-Son-Vanrellet-2.jpg","url":"https:\/\/www.lucasfroeserealestate.com\/wp-content\/uploads\/2025\/03\/Campos-Stadthaus-Son-Vanrellet-2-150x150.jpg","full_url":"https:\/\/www.lucasfroeserealestate.com\/wp-content\/uploads\/2025\/03\/Campos-Stadthaus-Son-Vanrellet-2.jpg","title":"Luxusimmobilie Campos","caption":"Luxusimmobilie Campos","description":"","alt":"","srcset":"https:\/\/www.lucasfroeserealestate.com\/wp-content\/uploads\/2025\/03\/Campos-Stadthaus-Son-Vanrellet-2-150x150.jpg 150w, https:\/\/www.lucasfroeserealestate.com\/wp-content\/uploads\/2025\/03\/Campos-Stadthaus-Son-Vanrellet-2-210x210.jpg 210w"},{"width":150,"height":150,"file":"2025\/03\/Campos-Stadthaus-Son-Vanrellet-4.jpg","filesize":403162,"sizes":{"medium":{"file":"Campos-Stadthaus-Son-Vanrellet-4-300x188.jpg","width":300,"height":188,"mime-type":"image\/jpeg","filesize":11734,"url":"https:\/\/www.lucasfroeserealestate.com\/wp-content\/uploads\/2025\/03\/Campos-Stadthaus-Son-Vanrellet-4-300x188.jpg"},"large":{"file":"Campos-Stadthaus-Son-Vanrellet-4-1024x640.jpg","width":1024,"height":640,"mime-type":"image\/jpeg","filesize":89717,"url":"https:\/\/www.lucasfroeserealestate.com\/wp-content\/uploads\/2025\/03\/Campos-Stadthaus-Son-Vanrellet-4-1024x640.jpg"},"thumbnail":{"file":"Campos-Stadthaus-Son-Vanrellet-4-150x150.jpg","width":150,"height":150,"mime-type":"image\/jpeg","filesize":5917,"url":"https:\/\/www.lucasfroeserealestate.com\/wp-content\/uploads\/2025\/03\/Campos-Stadthaus-Son-Vanrellet-4-150x150.jpg"},"medium_large":{"file":"Campos-Stadthaus-Son-Vanrellet-4-768x480.jpg","width":768,"height":480,"mime-type":"image\/jpeg","filesize":54030,"url":"https:\/\/www.lucasfroeserealestate.com\/wp-content\/uploads\/2025\/03\/Campos-Stadthaus-Son-Vanrellet-4-768x480.jpg"},"1536x1536":{"file":"Campos-Stadthaus-Son-Vanrellet-4-1536x960.jpg","width":1536,"height":960,"mime-type":"image\/jpeg","filesize":180159,"url":"https:\/\/www.lucasfroeserealestate.com\/wp-content\/uploads\/2025\/03\/Campos-Stadthaus-Son-Vanrellet-4-1536x960.jpg"},"2048x2048":{"file":"Campos-Stadthaus-Son-Vanrellet-4-2048x1280.jpg","width":2048,"height":1280,"mime-type":"image\/jpeg","filesize":291005,"url":"https:\/\/www.lucasfroeserealestate.com\/wp-content\/uploads\/2025\/03\/Campos-Stadthaus-Son-Vanrellet-4-2048x1280.jpg"},"post-thumbnail":{"file":"Campos-Stadthaus-Son-Vanrellet-4-150x94.jpg","width":150,"height":94,"mime-type":"image\/jpeg","filesize":4267,"url":"https:\/\/www.lucasfroeserealestate.com\/wp-content\/uploads\/2025\/03\/Campos-Stadthaus-Son-Vanrellet-4-150x94.jpg"},"modern-property-child-slider":{"file":"Campos-Stadthaus-Son-Vanrellet-4-680x510.jpg","width":680,"height":510,"mime-type":"image\/jpeg","filesize":53533,"url":"https:\/\/www.lucasfroeserealestate.com\/wp-content\/uploads\/2025\/03\/Campos-Stadthaus-Son-Vanrellet-4-680x510.jpg"},"property-thumb-image":{"file":"Campos-Stadthaus-Son-Vanrellet-4-488x326.jpg","width":488,"height":326,"mime-type":"image\/jpeg","filesize":27350,"url":"https:\/\/www.lucasfroeserealestate.com\/wp-content\/uploads\/2025\/03\/Campos-Stadthaus-Son-Vanrellet-4-488x326.jpg"},"property-detail-video-image":{"file":"Campos-Stadthaus-Son-Vanrellet-4-818x417.jpg","width":818,"height":417,"mime-type":"image\/jpeg","filesize":54211,"url":"https:\/\/www.lucasfroeserealestate.com\/wp-content\/uploads\/2025\/03\/Campos-Stadthaus-Son-Vanrellet-4-818x417.jpg"},"agent-image":{"file":"Campos-Stadthaus-Son-Vanrellet-4-210x210.jpg","width":210,"height":210,"mime-type":"image\/jpeg","filesize":9798,"url":"https:\/\/www.lucasfroeserealestate.com\/wp-content\/uploads\/2025\/03\/Campos-Stadthaus-Son-Vanrellet-4-210x210.jpg"},"partners-logo":{"file":"Campos-Stadthaus-Son-Vanrellet-4-600x1750.jpg","width":600,"height":1750,"mime-type":"image\/jpeg","filesize":128349,"url":"https:\/\/www.lucasfroeserealestate.com\/wp-content\/uploads\/2025\/03\/Campos-Stadthaus-Son-Vanrellet-4-600x1750.jpg"},"post-featured-image":{"file":"Campos-Stadthaus-Son-Vanrellet-4-1240x720.jpg","width":1240,"height":720,"mime-type":"image\/jpeg","filesize":119892,"url":"https:\/\/www.lucasfroeserealestate.com\/wp-content\/uploads\/2025\/03\/Campos-Stadthaus-Son-Vanrellet-4-1240x720.jpg"}},"image_meta":{"aperture":"0","credit":"","camera":"","caption":"Stadthaus Campos","created_timestamp":"1756817726","copyright":"","focal_length":"0","iso":"0","shutter_speed":"0","title":"Stadthaus Campos","orientation":"0","keywords":["Stadthaus Campos"]},"ID":"73059","name":"Campos-Stadthaus-Son-Vanrellet-4.jpg","path":"\/home\/empleost\/domains\/lucasfroeserealestate.com\/public_html\/wp-content\/uploads\/2025\/03\/Campos-Stadthaus-Son-Vanrellet-4.jpg","url":"https:\/\/www.lucasfroeserealestate.com\/wp-content\/uploads\/2025\/03\/Campos-Stadthaus-Son-Vanrellet-4-150x150.jpg","full_url":"https:\/\/www.lucasfroeserealestate.com\/wp-content\/uploads\/2025\/03\/Campos-Stadthaus-Son-Vanrellet-4.jpg","title":"Stadthaus Campos","caption":"Stadthaus Campos","description":"","alt":"","srcset":"https:\/\/www.lucasfroeserealestate.com\/wp-content\/uploads\/2025\/03\/Campos-Stadthaus-Son-Vanrellet-4-150x150.jpg 150w, https:\/\/www.lucasfroeserealestate.com\/wp-content\/uploads\/2025\/03\/Campos-Stadthaus-Son-Vanrellet-4-210x210.jpg 210w"},{"width":150,"height":150,"file":"2025\/03\/Campos-Stadthaus-Son-Vanrellet-3.jpg","filesize":463928,"sizes":{"medium":{"file":"Campos-Stadthaus-Son-Vanrellet-3-300x188.jpg","width":300,"height":188,"mime-type":"image\/jpeg","filesize":18694,"url":"https:\/\/www.lucasfroeserealestate.com\/wp-content\/uploads\/2025\/03\/Campos-Stadthaus-Son-Vanrellet-3-300x188.jpg"},"large":{"file":"Campos-Stadthaus-Son-Vanrellet-3-1024x640.jpg","width":1024,"height":640,"mime-type":"image\/jpeg","filesize":147615,"url":"https:\/\/www.lucasfroeserealestate.com\/wp-content\/uploads\/2025\/03\/Campos-Stadthaus-Son-Vanrellet-3-1024x640.jpg"},"thumbnail":{"file":"Campos-Stadthaus-Son-Vanrellet-3-150x150.jpg","width":150,"height":150,"mime-type":"image\/jpeg","filesize":7860,"url":"https:\/\/www.lucasfroeserealestate.com\/wp-content\/uploads\/2025\/03\/Campos-Stadthaus-Son-Vanrellet-3-150x150.jpg"},"medium_large":{"file":"Campos-Stadthaus-Son-Vanrellet-3-768x480.jpg","width":768,"height":480,"mime-type":"image\/jpeg","filesize":90297,"url":"https:\/\/www.lucasfroeserealestate.com\/wp-content\/uploads\/2025\/03\/Campos-Stadthaus-Son-Vanrellet-3-768x480.jpg"},"1536x1536":{"file":"Campos-Stadthaus-Son-Vanrellet-3-1536x960.jpg","width":1536,"height":960,"mime-type":"image\/jpeg","filesize":288491,"url":"https:\/\/www.lucasfroeserealestate.com\/wp-content\/uploads\/2025\/03\/Campos-Stadthaus-Son-Vanrellet-3-1536x960.jpg"},"2048x2048":{"file":"Campos-Stadthaus-Son-Vanrellet-3-2048x1280.jpg","width":2048,"height":1280,"mime-type":"image\/jpeg","filesize":453046,"url":"https:\/\/www.lucasfroeserealestate.com\/wp-content\/uploads\/2025\/03\/Campos-Stadthaus-Son-Vanrellet-3-2048x1280.jpg"},"post-thumbnail":{"file":"Campos-Stadthaus-Son-Vanrellet-3-150x94.jpg","width":150,"height":94,"mime-type":"image\/jpeg","filesize":6100,"url":"https:\/\/www.lucasfroeserealestate.com\/wp-content\/uploads\/2025\/03\/Campos-Stadthaus-Son-Vanrellet-3-150x94.jpg"},"modern-property-child-slider":{"file":"Campos-Stadthaus-Son-Vanrellet-3-680x510.jpg","width":680,"height":510,"mime-type":"image\/jpeg","filesize":79590,"url":"https:\/\/www.lucasfroeserealestate.com\/wp-content\/uploads\/2025\/03\/Campos-Stadthaus-Son-Vanrellet-3-680x510.jpg"},"property-thumb-image":{"file":"Campos-Stadthaus-Son-Vanrellet-3-488x326.jpg","width":488,"height":326,"mime-type":"image\/jpeg","filesize":43392,"url":"https:\/\/www.lucasfroeserealestate.com\/wp-content\/uploads\/2025\/03\/Campos-Stadthaus-Son-Vanrellet-3-488x326.jpg"},"property-detail-video-image":{"file":"Campos-Stadthaus-Son-Vanrellet-3-818x417.jpg","width":818,"height":417,"mime-type":"image\/jpeg","filesize":84738,"url":"https:\/\/www.lucasfroeserealestate.com\/wp-content\/uploads\/2025\/03\/Campos-Stadthaus-Son-Vanrellet-3-818x417.jpg"},"agent-image":{"file":"Campos-Stadthaus-Son-Vanrellet-3-210x210.jpg","width":210,"height":210,"mime-type":"image\/jpeg","filesize":13795,"url":"https:\/\/www.lucasfroeserealestate.com\/wp-content\/uploads\/2025\/03\/Campos-Stadthaus-Son-Vanrellet-3-210x210.jpg"},"partners-logo":{"file":"Campos-Stadthaus-Son-Vanrellet-3-600x1750.jpg","width":600,"height":1750,"mime-type":"image\/jpeg","filesize":181322,"url":"https:\/\/www.lucasfroeserealestate.com\/wp-content\/uploads\/2025\/03\/Campos-Stadthaus-Son-Vanrellet-3-600x1750.jpg"},"post-featured-image":{"file":"Campos-Stadthaus-Son-Vanrellet-3-1240x720.jpg","width":1240,"height":720,"mime-type":"image\/jpeg","filesize":191245,"url":"https:\/\/www.lucasfroeserealestate.com\/wp-content\/uploads\/2025\/03\/Campos-Stadthaus-Son-Vanrellet-3-1240x720.jpg"}},"image_meta":{"aperture":"0","credit":"","camera":"","caption":"Stadthaus Luxus Campos","created_timestamp":"1756817726","copyright":"","focal_length":"0","iso":"0","shutter_speed":"0","title":"Stadthaus Luxus Campos","orientation":"0","keywords":["Stadthaus Luxus Campos"]},"ID":"73056","name":"Campos-Stadthaus-Son-Vanrellet-3.jpg","path":"\/home\/empleost\/domains\/lucasfroeserealestate.com\/public_html\/wp-content\/uploads\/2025\/03\/Campos-Stadthaus-Son-Vanrellet-3.jpg","url":"https:\/\/www.lucasfroeserealestate.com\/wp-content\/uploads\/2025\/03\/Campos-Stadthaus-Son-Vanrellet-3-150x150.jpg","full_url":"https:\/\/www.lucasfroeserealestate.com\/wp-content\/uploads\/2025\/03\/Campos-Stadthaus-Son-Vanrellet-3.jpg","title":"Stadthaus Luxus Campos","caption":"Stadthaus Luxus Campos","description":"","alt":"","srcset":"https:\/\/www.lucasfroeserealestate.com\/wp-content\/uploads\/2025\/03\/Campos-Stadthaus-Son-Vanrellet-3-150x150.jpg 150w, https:\/\/www.lucasfroeserealestate.com\/wp-content\/uploads\/2025\/03\/Campos-Stadthaus-Son-Vanrellet-3-210x210.jpg 210w"},{"width":150,"height":150,"file":"2025\/03\/Campos-Stadthaus-Son-Vanrellet-6.jpg","filesize":465484,"sizes":{"medium":{"file":"Campos-Stadthaus-Son-Vanrellet-6-300x188.jpg","width":300,"height":188,"mime-type":"image\/jpeg","filesize":12439,"url":"https:\/\/www.lucasfroeserealestate.com\/wp-content\/uploads\/2025\/03\/Campos-Stadthaus-Son-Vanrellet-6-300x188.jpg"},"large":{"file":"Campos-Stadthaus-Son-Vanrellet-6-1024x640.jpg","width":1024,"height":640,"mime-type":"image\/jpeg","filesize":101409,"url":"https:\/\/www.lucasfroeserealestate.com\/wp-content\/uploads\/2025\/03\/Campos-Stadthaus-Son-Vanrellet-6-1024x640.jpg"},"thumbnail":{"file":"Campos-Stadthaus-Son-Vanrellet-6-150x150.jpg","width":150,"height":150,"mime-type":"image\/jpeg","filesize":6032,"url":"https:\/\/www.lucasfroeserealestate.com\/wp-content\/uploads\/2025\/03\/Campos-Stadthaus-Son-Vanrellet-6-150x150.jpg"},"medium_large":{"file":"Campos-Stadthaus-Son-Vanrellet-6-768x480.jpg","width":768,"height":480,"mime-type":"image\/jpeg","filesize":60903,"url":"https:\/\/www.lucasfroeserealestate.com\/wp-content\/uploads\/2025\/03\/Campos-Stadthaus-Son-Vanrellet-6-768x480.jpg"},"1536x1536":{"file":"Campos-Stadthaus-Son-Vanrellet-6-1536x960.jpg","width":1536,"height":960,"mime-type":"image\/jpeg","filesize":208436,"url":"https:\/\/www.lucasfroeserealestate.com\/wp-content\/uploads\/2025\/03\/Campos-Stadthaus-Son-Vanrellet-6-1536x960.jpg"},"2048x2048":{"file":"Campos-Stadthaus-Son-Vanrellet-6-2048x1280.jpg","width":2048,"height":1280,"mime-type":"image\/jpeg","filesize":339324,"url":"https:\/\/www.lucasfroeserealestate.com\/wp-content\/uploads\/2025\/03\/Campos-Stadthaus-Son-Vanrellet-6-2048x1280.jpg"},"post-thumbnail":{"file":"Campos-Stadthaus-Son-Vanrellet-6-150x94.jpg","width":150,"height":94,"mime-type":"image\/jpeg","filesize":4258,"url":"https:\/\/www.lucasfroeserealestate.com\/wp-content\/uploads\/2025\/03\/Campos-Stadthaus-Son-Vanrellet-6-150x94.jpg"},"modern-property-child-slider":{"file":"Campos-Stadthaus-Son-Vanrellet-6-680x510.jpg","width":680,"height":510,"mime-type":"image\/jpeg","filesize":57263,"url":"https:\/\/www.lucasfroeserealestate.com\/wp-content\/uploads\/2025\/03\/Campos-Stadthaus-Son-Vanrellet-6-680x510.jpg"},"property-thumb-image":{"file":"Campos-Stadthaus-Son-Vanrellet-6-488x326.jpg","width":488,"height":326,"mime-type":"image\/jpeg","filesize":29687,"url":"https:\/\/www.lucasfroeserealestate.com\/wp-content\/uploads\/2025\/03\/Campos-Stadthaus-Son-Vanrellet-6-488x326.jpg"},"property-detail-video-image":{"file":"Campos-Stadthaus-Son-Vanrellet-6-818x417.jpg","width":818,"height":417,"mime-type":"image\/jpeg","filesize":57382,"url":"https:\/\/www.lucasfroeserealestate.com\/wp-content\/uploads\/2025\/03\/Campos-Stadthaus-Son-Vanrellet-6-818x417.jpg"},"agent-image":{"file":"Campos-Stadthaus-Son-Vanrellet-6-210x210.jpg","width":210,"height":210,"mime-type":"image\/jpeg","filesize":10272,"url":"https:\/\/www.lucasfroeserealestate.com\/wp-content\/uploads\/2025\/03\/Campos-Stadthaus-Son-Vanrellet-6-210x210.jpg"},"partners-logo":{"file":"Campos-Stadthaus-Son-Vanrellet-6-600x1750.jpg","width":600,"height":1750,"mime-type":"image\/jpeg","filesize":125443,"url":"https:\/\/www.lucasfroeserealestate.com\/wp-content\/uploads\/2025\/03\/Campos-Stadthaus-Son-Vanrellet-6-600x1750.jpg"},"post-featured-image":{"file":"Campos-Stadthaus-Son-Vanrellet-6-1240x720.jpg","width":1240,"height":720,"mime-type":"image\/jpeg","filesize":134438,"url":"https:\/\/www.lucasfroeserealestate.com\/wp-content\/uploads\/2025\/03\/Campos-Stadthaus-Son-Vanrellet-6-1240x720.jpg"}},"image_meta":{"aperture":"0","credit":"","camera":"","caption":"Luxus-Immobilie Campos","created_timestamp":"1756817726","copyright":"","focal_length":"0","iso":"0","shutter_speed":"0","title":"Luxus-Immobilie Campos","orientation":"0","keywords":["Luxus-Immobilie Campos"]},"ID":"73065","name":"Campos-Stadthaus-Son-Vanrellet-6.jpg","path":"\/home\/empleost\/domains\/lucasfroeserealestate.com\/public_html\/wp-content\/uploads\/2025\/03\/Campos-Stadthaus-Son-Vanrellet-6.jpg","url":"https:\/\/www.lucasfroeserealestate.com\/wp-content\/uploads\/2025\/03\/Campos-Stadthaus-Son-Vanrellet-6-150x150.jpg","full_url":"https:\/\/www.lucasfroeserealestate.com\/wp-content\/uploads\/2025\/03\/Campos-Stadthaus-Son-Vanrellet-6.jpg","title":"Luxus-Immobilie Campos","caption":"Luxus-Immobilie Campos","description":"","alt":"","srcset":"https:\/\/www.lucasfroeserealestate.com\/wp-content\/uploads\/2025\/03\/Campos-Stadthaus-Son-Vanrellet-6-150x150.jpg 150w, https:\/\/www.lucasfroeserealestate.com\/wp-content\/uploads\/2025\/03\/Campos-Stadthaus-Son-Vanrellet-6-210x210.jpg 210w"},{"width":150,"height":150,"file":"2022\/07\/Grundstueck-Campos-zwei-Haesern-9.jpg","filesize":554773,"sizes":{"medium":{"file":"Grundstueck-Campos-zwei-Haesern-9-300x222.jpg","width":300,"height":222,"mime-type":"image\/jpeg","filesize":40330,"url":"https:\/\/www.lucasfroeserealestate.com\/wp-content\/uploads\/2022\/07\/Grundstueck-Campos-zwei-Haesern-9-300x222.jpg"},"large":{"file":"Grundstueck-Campos-zwei-Haesern-9-1024x757.jpg","width":1024,"height":757,"mime-type":"image\/jpeg","filesize":167250,"url":"https:\/\/www.lucasfroeserealestate.com\/wp-content\/uploads\/2022\/07\/Grundstueck-Campos-zwei-Haesern-9-1024x757.jpg"},"thumbnail":{"file":"Grundstueck-Campos-zwei-Haesern-9-150x150.jpg","width":150,"height":150,"mime-type":"image\/jpeg","filesize":32134,"url":"https:\/\/www.lucasfroeserealestate.com\/wp-content\/uploads\/2022\/07\/Grundstueck-Campos-zwei-Haesern-9-150x150.jpg"},"medium_large":{"file":"Grundstueck-Campos-zwei-Haesern-9-768x568.jpg","width":768,"height":568,"mime-type":"image\/jpeg","filesize":108413,"url":"https:\/\/www.lucasfroeserealestate.com\/wp-content\/uploads\/2022\/07\/Grundstueck-Campos-zwei-Haesern-9-768x568.jpg"},"1536x1536":{"file":"Grundstueck-Campos-zwei-Haesern-9-1536x1136.jpg","width":1536,"height":1136,"mime-type":"image\/jpeg","filesize":321635,"url":"https:\/\/www.lucasfroeserealestate.com\/wp-content\/uploads\/2022\/07\/Grundstueck-Campos-zwei-Haesern-9-1536x1136.jpg"},"2048x2048":{"file":"Grundstueck-Campos-zwei-Haesern-9-2048x1515.jpg","width":2048,"height":1515,"mime-type":"image\/jpeg","filesize":516281,"url":"https:\/\/www.lucasfroeserealestate.com\/wp-content\/uploads\/2022\/07\/Grundstueck-Campos-zwei-Haesern-9-2048x1515.jpg"},"post-thumbnail":{"file":"Grundstueck-Campos-zwei-Haesern-9-150x111.jpg","width":150,"height":111,"mime-type":"image\/jpeg","filesize":30490,"url":"https:\/\/www.lucasfroeserealestate.com\/wp-content\/uploads\/2022\/07\/Grundstueck-Campos-zwei-Haesern-9-150x111.jpg"},"modern-property-child-slider":{"file":"Grundstueck-Campos-zwei-Haesern-9-680x510.jpg","width":680,"height":510,"mime-type":"image\/jpeg","filesize":92505,"url":"https:\/\/www.lucasfroeserealestate.com\/wp-content\/uploads\/2022\/07\/Grundstueck-Campos-zwei-Haesern-9-680x510.jpg"},"property-thumb-image":{"file":"Grundstueck-Campos-zwei-Haesern-9-488x326.jpg","width":488,"height":326,"mime-type":"image\/jpeg","filesize":57955,"url":"https:\/\/www.lucasfroeserealestate.com\/wp-content\/uploads\/2022\/07\/Grundstueck-Campos-zwei-Haesern-9-488x326.jpg"},"property-detail-video-image":{"file":"Grundstueck-Campos-zwei-Haesern-9-818x417.jpg","width":818,"height":417,"mime-type":"image\/jpeg","filesize":87453,"url":"https:\/\/www.lucasfroeserealestate.com\/wp-content\/uploads\/2022\/07\/Grundstueck-Campos-zwei-Haesern-9-818x417.jpg"},"agent-image":{"file":"Grundstueck-Campos-zwei-Haesern-9-210x210.jpg","width":210,"height":210,"mime-type":"image\/jpeg","filesize":37092,"url":"https:\/\/www.lucasfroeserealestate.com\/wp-content\/uploads\/2022\/07\/Grundstueck-Campos-zwei-Haesern-9-210x210.jpg"},"partners-logo":{"file":"Grundstueck-Campos-zwei-Haesern-9-600x1800.jpg","width":600,"height":1800,"mime-type":"image\/jpeg","filesize":238719,"url":"https:\/\/www.lucasfroeserealestate.com\/wp-content\/uploads\/2022\/07\/Grundstueck-Campos-zwei-Haesern-9-600x1800.jpg"},"post-featured-image":{"file":"Grundstueck-Campos-zwei-Haesern-9-1240x720.jpg","width":1240,"height":720,"mime-type":"image\/jpeg","filesize":183528,"url":"https:\/\/www.lucasfroeserealestate.com\/wp-content\/uploads\/2022\/07\/Grundstueck-Campos-zwei-Haesern-9-1240x720.jpg"}},"image_meta":{"aperture":"0","credit":"","camera":"","caption":"Screenshot","created_timestamp":"0","copyright":"","focal_length":"0","iso":"0","shutter_speed":"0","title":"Pl\u00e4ne Investment Felanitx","orientation":"0","keywords":["Pl\u00e4ne Investment Felanitx"]},"ID":"54335","name":"Grundstueck-Campos-zwei-Haesern-9.jpg","path":"\/home\/empleost\/domains\/lucasfroeserealestate.com\/public_html\/wp-content\/uploads\/2022\/07\/Grundstueck-Campos-zwei-Haesern-9.jpg","url":"https:\/\/www.lucasfroeserealestate.com\/wp-content\/uploads\/2022\/07\/Grundstueck-Campos-zwei-Haesern-9-150x150.jpg","full_url":"https:\/\/www.lucasfroeserealestate.com\/wp-content\/uploads\/2022\/07\/Grundstueck-Campos-zwei-Haesern-9.jpg","title":"Pl\u00e4ne Investment Felanitx","caption":"Screenshot","description":"","alt":"Pl\u00e4ne Investment Felanitx","srcset":"https:\/\/www.lucasfroeserealestate.com\/wp-content\/uploads\/2022\/07\/Grundstueck-Campos-zwei-Haesern-9-150x150.jpg 150w, https:\/\/www.lucasfroeserealestate.com\/wp-content\/uploads\/2022\/07\/Grundstueck-Campos-zwei-Haesern-9-210x210.jpg 210w"},{"width":150,"height":150,"file":"2022\/07\/Grundstueck-Campos-zwei-Haesern-8.jpg","filesize":514786,"sizes":{"medium":{"file":"Grundstueck-Campos-zwei-Haesern-8-300x223.jpg","width":300,"height":223,"mime-type":"image\/jpeg","filesize":42874,"url":"https:\/\/www.lucasfroeserealestate.com\/wp-content\/uploads\/2022\/07\/Grundstueck-Campos-zwei-Haesern-8-300x223.jpg"},"large":{"file":"Grundstueck-Campos-zwei-Haesern-8-1024x762.jpg","width":1024,"height":762,"mime-type":"image\/jpeg","filesize":180074,"url":"https:\/\/www.lucasfroeserealestate.com\/wp-content\/uploads\/2022\/07\/Grundstueck-Campos-zwei-Haesern-8-1024x762.jpg"},"thumbnail":{"file":"Grundstueck-Campos-zwei-Haesern-8-150x150.jpg","width":150,"height":150,"mime-type":"image\/jpeg","filesize":33708,"url":"https:\/\/www.lucasfroeserealestate.com\/wp-content\/uploads\/2022\/07\/Grundstueck-Campos-zwei-Haesern-8-150x150.jpg"},"medium_large":{"file":"Grundstueck-Campos-zwei-Haesern-8-768x571.jpg","width":768,"height":571,"mime-type":"image\/jpeg","filesize":118027,"url":"https:\/\/www.lucasfroeserealestate.com\/wp-content\/uploads\/2022\/07\/Grundstueck-Campos-zwei-Haesern-8-768x571.jpg"},"1536x1536":{"file":"Grundstueck-Campos-zwei-Haesern-8-1536x1143.jpg","width":1536,"height":1143,"mime-type":"image\/jpeg","filesize":344578,"url":"https:\/\/www.lucasfroeserealestate.com\/wp-content\/uploads\/2022\/07\/Grundstueck-Campos-zwei-Haesern-8-1536x1143.jpg"},"2048x2048":{"file":"Grundstueck-Campos-zwei-Haesern-8-2048x1524.jpg","width":2048,"height":1524,"mime-type":"image\/jpeg","filesize":543956,"url":"https:\/\/www.lucasfroeserealestate.com\/wp-content\/uploads\/2022\/07\/Grundstueck-Campos-zwei-Haesern-8-2048x1524.jpg"},"post-thumbnail":{"file":"Grundstueck-Campos-zwei-Haesern-8-150x112.jpg","width":150,"height":112,"mime-type":"image\/jpeg","filesize":31759,"url":"https:\/\/www.lucasfroeserealestate.com\/wp-content\/uploads\/2022\/07\/Grundstueck-Campos-zwei-Haesern-8-150x112.jpg"},"modern-property-child-slider":{"file":"Grundstueck-Campos-zwei-Haesern-8-680x510.jpg","width":680,"height":510,"mime-type":"image\/jpeg","filesize":99940,"url":"https:\/\/www.lucasfroeserealestate.com\/wp-content\/uploads\/2022\/07\/Grundstueck-Campos-zwei-Haesern-8-680x510.jpg"},"property-thumb-image":{"file":"Grundstueck-Campos-zwei-Haesern-8-488x326.jpg","width":488,"height":326,"mime-type":"image\/jpeg","filesize":63325,"url":"https:\/\/www.lucasfroeserealestate.com\/wp-content\/uploads\/2022\/07\/Grundstueck-Campos-zwei-Haesern-8-488x326.jpg"},"property-detail-video-image":{"file":"Grundstueck-Campos-zwei-Haesern-8-818x417.jpg","width":818,"height":417,"mime-type":"image\/jpeg","filesize":101985,"url":"https:\/\/www.lucasfroeserealestate.com\/wp-content\/uploads\/2022\/07\/Grundstueck-Campos-zwei-Haesern-8-818x417.jpg"},"agent-image":{"file":"Grundstueck-Campos-zwei-Haesern-8-210x210.jpg","width":210,"height":210,"mime-type":"image\/jpeg","filesize":39364,"url":"https:\/\/www.lucasfroeserealestate.com\/wp-content\/uploads\/2022\/07\/Grundstueck-Campos-zwei-Haesern-8-210x210.jpg"},"partners-logo":{"file":"Grundstueck-Campos-zwei-Haesern-8-600x1800.jpg","width":600,"height":1800,"mime-type":"image\/jpeg","filesize":248104,"url":"https:\/\/www.lucasfroeserealestate.com\/wp-content\/uploads\/2022\/07\/Grundstueck-Campos-zwei-Haesern-8-600x1800.jpg"},"post-featured-image":{"file":"Grundstueck-Campos-zwei-Haesern-8-1240x720.jpg","width":1240,"height":720,"mime-type":"image\/jpeg","filesize":207574,"url":"https:\/\/www.lucasfroeserealestate.com\/wp-content\/uploads\/2022\/07\/Grundstueck-Campos-zwei-Haesern-8-1240x720.jpg"}},"image_meta":{"aperture":"0","credit":"","camera":"","caption":"Screenshot","created_timestamp":"0","copyright":"","focal_length":"0","iso":"0","shutter_speed":"0","title":"Grundrisse Immobilien Campos","orientation":"0","keywords":["Grundrisse Immobilien Campos"]},"ID":"54332","name":"Grundstueck-Campos-zwei-Haesern-8.jpg","path":"\/home\/empleost\/domains\/lucasfroeserealestate.com\/public_html\/wp-content\/uploads\/2022\/07\/Grundstueck-Campos-zwei-Haesern-8.jpg","url":"https:\/\/www.lucasfroeserealestate.com\/wp-content\/uploads\/2022\/07\/Grundstueck-Campos-zwei-Haesern-8-150x150.jpg","full_url":"https:\/\/www.lucasfroeserealestate.com\/wp-content\/uploads\/2022\/07\/Grundstueck-Campos-zwei-Haesern-8.jpg","title":"Grundrisse Immobilien Campos","caption":"Screenshot","description":"","alt":"Grundrisse Immobilien Campos","srcset":"https:\/\/www.lucasfroeserealestate.com\/wp-content\/uploads\/2022\/07\/Grundstueck-Campos-zwei-Haesern-8-150x150.jpg 150w, https:\/\/www.lucasfroeserealestate.com\/wp-content\/uploads\/2022\/07\/Grundstueck-Campos-zwei-Haesern-8-210x210.jpg 210w"},{"width":150,"height":150,"file":"2022\/10\/immobilien-campos-neubau-projekt-stadthaus-LF0676-2.jpg","filesize":496682,"sizes":{"medium":{"file":"immobilien-campos-neubau-projekt-stadthaus-LF0676-2-300x188.jpg","width":300,"height":188,"mime-type":"image\/jpeg","filesize":36401,"url":"https:\/\/www.lucasfroeserealestate.com\/wp-content\/uploads\/2022\/10\/immobilien-campos-neubau-projekt-stadthaus-LF0676-2-300x188.jpg"},"large":{"file":"immobilien-campos-neubau-projekt-stadthaus-LF0676-2-1024x640.jpg","width":1024,"height":640,"mime-type":"image\/jpeg","filesize":162437,"url":"https:\/\/www.lucasfroeserealestate.com\/wp-content\/uploads\/2022\/10\/immobilien-campos-neubau-projekt-stadthaus-LF0676-2-1024x640.jpg"},"thumbnail":{"file":"immobilien-campos-neubau-projekt-stadthaus-LF0676-2-150x150.jpg","width":150,"height":150,"mime-type":"image\/jpeg","filesize":27604,"url":"https:\/\/www.lucasfroeserealestate.com\/wp-content\/uploads\/2022\/10\/immobilien-campos-neubau-projekt-stadthaus-LF0676-2-150x150.jpg"},"medium_large":{"file":"immobilien-campos-neubau-projekt-stadthaus-LF0676-2-768x480.jpg","width":768,"height":480,"mime-type":"image\/jpeg","filesize":104364,"url":"https:\/\/www.lucasfroeserealestate.com\/wp-content\/uploads\/2022\/10\/immobilien-campos-neubau-projekt-stadthaus-LF0676-2-768x480.jpg"},"1536x1536":{"file":"immobilien-campos-neubau-projekt-stadthaus-LF0676-2-1536x960.jpg","width":1536,"height":960,"mime-type":"image\/jpeg","filesize":314343,"url":"https:\/\/www.lucasfroeserealestate.com\/wp-content\/uploads\/2022\/10\/immobilien-campos-neubau-projekt-stadthaus-LF0676-2-1536x960.jpg"},"2048x2048":{"file":"immobilien-campos-neubau-projekt-stadthaus-LF0676-2-2048x1280.jpg","width":2048,"height":1280,"mime-type":"image\/jpeg","filesize":496418,"url":"https:\/\/www.lucasfroeserealestate.com\/wp-content\/uploads\/2022\/10\/immobilien-campos-neubau-projekt-stadthaus-LF0676-2-2048x1280.jpg"},"post-thumbnail":{"file":"immobilien-campos-neubau-projekt-stadthaus-LF0676-2-150x94.jpg","width":150,"height":94,"mime-type":"image\/jpeg","filesize":25857,"url":"https:\/\/www.lucasfroeserealestate.com\/wp-content\/uploads\/2022\/10\/immobilien-campos-neubau-projekt-stadthaus-LF0676-2-150x94.jpg"},"modern-property-child-slider":{"file":"immobilien-campos-neubau-projekt-stadthaus-LF0676-2-680x510.jpg","width":680,"height":510,"mime-type":"image\/jpeg","filesize":95914,"url":"https:\/\/www.lucasfroeserealestate.com\/wp-content\/uploads\/2022\/10\/immobilien-campos-neubau-projekt-stadthaus-LF0676-2-680x510.jpg"},"property-thumb-image":{"file":"immobilien-campos-neubau-projekt-stadthaus-LF0676-2-488x326.jpg","width":488,"height":326,"mime-type":"image\/jpeg","filesize":59238,"url":"https:\/\/www.lucasfroeserealestate.com\/wp-content\/uploads\/2022\/10\/immobilien-campos-neubau-projekt-stadthaus-LF0676-2-488x326.jpg"},"property-detail-video-image":{"file":"immobilien-campos-neubau-projekt-stadthaus-LF0676-2-818x417.jpg","width":818,"height":417,"mime-type":"image\/jpeg","filesize":100404,"url":"https:\/\/www.lucasfroeserealestate.com\/wp-content\/uploads\/2022\/10\/immobilien-campos-neubau-projekt-stadthaus-LF0676-2-818x417.jpg"},"agent-image":{"file":"immobilien-campos-neubau-projekt-stadthaus-LF0676-2-210x210.jpg","width":210,"height":210,"mime-type":"image\/jpeg","filesize":32786,"url":"https:\/\/www.lucasfroeserealestate.com\/wp-content\/uploads\/2022\/10\/immobilien-campos-neubau-projekt-stadthaus-LF0676-2-210x210.jpg"},"partners-logo":{"file":"immobilien-campos-neubau-projekt-stadthaus-LF0676-2-600x1625.jpg","width":600,"height":1625,"mime-type":"image\/jpeg","filesize":110522,"url":"https:\/\/www.lucasfroeserealestate.com\/wp-content\/uploads\/2022\/10\/immobilien-campos-neubau-projekt-stadthaus-LF0676-2-600x1625.jpg"},"post-featured-image":{"file":"immobilien-campos-neubau-projekt-stadthaus-LF0676-2-1240x720.jpg","width":1240,"height":720,"mime-type":"image\/jpeg","filesize":209603,"url":"https:\/\/www.lucasfroeserealestate.com\/wp-content\/uploads\/2022\/10\/immobilien-campos-neubau-projekt-stadthaus-LF0676-2-1240x720.jpg"}},"image_meta":{"aperture":"0","credit":"","camera":"","caption":"Immobilien Campos Neubau Stadthaus Projekt","created_timestamp":"1731773880","copyright":"","focal_length":"0","iso":"0","shutter_speed":"0","title":"Immobilien Campos Neubau Stadthaus Projekt","orientation":"0","keywords":["Immobilien Campos Neubau Stadthaus Projekt"]},"ID":"60422","name":"immobilien-campos-neubau-projekt-stadthaus-LF0676-2.jpg","path":"\/home\/empleost\/domains\/lucasfroeserealestate.com\/public_html\/wp-content\/uploads\/2022\/10\/immobilien-campos-neubau-projekt-stadthaus-LF0676-2.jpg","url":"https:\/\/www.lucasfroeserealestate.com\/wp-content\/uploads\/2022\/10\/immobilien-campos-neubau-projekt-stadthaus-LF0676-2-150x150.jpg","full_url":"https:\/\/www.lucasfroeserealestate.com\/wp-content\/uploads\/2022\/10\/immobilien-campos-neubau-projekt-stadthaus-LF0676-2.jpg","title":"Immobilien Campos Neubau Stadthaus Projekt","caption":"Immobilien Campos Neubau Stadthaus Projekt","description":"","alt":"Immobilien Campos Neubau Stadthaus Projekt","srcset":"https:\/\/www.lucasfroeserealestate.com\/wp-content\/uploads\/2022\/10\/immobilien-campos-neubau-projekt-stadthaus-LF0676-2-150x150.jpg 150w, https:\/\/www.lucasfroeserealestate.com\/wp-content\/uploads\/2022\/10\/immobilien-campos-neubau-projekt-stadthaus-LF0676-2-210x210.jpg 210w"},{"width":150,"height":150,"file":"2022\/10\/immobilien-campos-neubau-projekt-stadthaus-LF0676-3.jpg","filesize":485243,"sizes":{"medium":{"file":"immobilien-campos-neubau-projekt-stadthaus-LF0676-3-300x188.jpg","width":300,"height":188,"mime-type":"image\/jpeg","filesize":38802,"url":"https:\/\/www.lucasfroeserealestate.com\/wp-content\/uploads\/2022\/10\/immobilien-campos-neubau-projekt-stadthaus-LF0676-3-300x188.jpg"},"large":{"file":"immobilien-campos-neubau-projekt-stadthaus-LF0676-3-1024x640.jpg","width":1024,"height":640,"mime-type":"image\/jpeg","filesize":167354,"url":"https:\/\/www.lucasfroeserealestate.com\/wp-content\/uploads\/2022\/10\/immobilien-campos-neubau-projekt-stadthaus-LF0676-3-1024x640.jpg"},"thumbnail":{"file":"immobilien-campos-neubau-projekt-stadthaus-LF0676-3-150x150.jpg","width":150,"height":150,"mime-type":"image\/jpeg","filesize":28875,"url":"https:\/\/www.lucasfroeserealestate.com\/wp-content\/uploads\/2022\/10\/immobilien-campos-neubau-projekt-stadthaus-LF0676-3-150x150.jpg"},"medium_large":{"file":"immobilien-campos-neubau-projekt-stadthaus-LF0676-3-768x480.jpg","width":768,"height":480,"mime-type":"image\/jpeg","filesize":109180,"url":"https:\/\/www.lucasfroeserealestate.com\/wp-content\/uploads\/2022\/10\/immobilien-campos-neubau-projekt-stadthaus-LF0676-3-768x480.jpg"},"1536x1536":{"file":"immobilien-campos-neubau-projekt-stadthaus-LF0676-3-1536x960.jpg","width":1536,"height":960,"mime-type":"image\/jpeg","filesize":317361,"url":"https:\/\/www.lucasfroeserealestate.com\/wp-content\/uploads\/2022\/10\/immobilien-campos-neubau-projekt-stadthaus-LF0676-3-1536x960.jpg"},"2048x2048":{"file":"immobilien-campos-neubau-projekt-stadthaus-LF0676-3-2048x1280.jpg","width":2048,"height":1280,"mime-type":"image\/jpeg","filesize":495349,"url":"https:\/\/www.lucasfroeserealestate.com\/wp-content\/uploads\/2022\/10\/immobilien-campos-neubau-projekt-stadthaus-LF0676-3-2048x1280.jpg"},"post-thumbnail":{"file":"immobilien-campos-neubau-projekt-stadthaus-LF0676-3-150x94.jpg","width":150,"height":94,"mime-type":"image\/jpeg","filesize":26632,"url":"https:\/\/www.lucasfroeserealestate.com\/wp-content\/uploads\/2022\/10\/immobilien-campos-neubau-projekt-stadthaus-LF0676-3-150x94.jpg"},"modern-property-child-slider":{"file":"immobilien-campos-neubau-projekt-stadthaus-LF0676-3-680x510.jpg","width":680,"height":510,"mime-type":"image\/jpeg","filesize":102307,"url":"https:\/\/www.lucasfroeserealestate.com\/wp-content\/uploads\/2022\/10\/immobilien-campos-neubau-projekt-stadthaus-LF0676-3-680x510.jpg"},"property-thumb-image":{"file":"immobilien-campos-neubau-projekt-stadthaus-LF0676-3-488x326.jpg","width":488,"height":326,"mime-type":"image\/jpeg","filesize":62871,"url":"https:\/\/www.lucasfroeserealestate.com\/wp-content\/uploads\/2022\/10\/immobilien-campos-neubau-projekt-stadthaus-LF0676-3-488x326.jpg"},"property-detail-video-image":{"file":"immobilien-campos-neubau-projekt-stadthaus-LF0676-3-818x417.jpg","width":818,"height":417,"mime-type":"image\/jpeg","filesize":108579,"url":"https:\/\/www.lucasfroeserealestate.com\/wp-content\/uploads\/2022\/10\/immobilien-campos-neubau-projekt-stadthaus-LF0676-3-818x417.jpg"},"agent-image":{"file":"immobilien-campos-neubau-projekt-stadthaus-LF0676-3-210x210.jpg","width":210,"height":210,"mime-type":"image\/jpeg","filesize":34730,"url":"https:\/\/www.lucasfroeserealestate.com\/wp-content\/uploads\/2022\/10\/immobilien-campos-neubau-projekt-stadthaus-LF0676-3-210x210.jpg"},"partners-logo":{"file":"immobilien-campos-neubau-projekt-stadthaus-LF0676-3-600x1625.jpg","width":600,"height":1625,"mime-type":"image\/jpeg","filesize":128434,"url":"https:\/\/www.lucasfroeserealestate.com\/wp-content\/uploads\/2022\/10\/immobilien-campos-neubau-projekt-stadthaus-LF0676-3-600x1625.jpg"},"post-featured-image":{"file":"immobilien-campos-neubau-projekt-stadthaus-LF0676-3-1240x720.jpg","width":1240,"height":720,"mime-type":"image\/jpeg","filesize":218094,"url":"https:\/\/www.lucasfroeserealestate.com\/wp-content\/uploads\/2022\/10\/immobilien-campos-neubau-projekt-stadthaus-LF0676-3-1240x720.jpg"}},"image_meta":{"aperture":"0","credit":"","camera":"","caption":"Immobilien Campos Neubau Stadthaus Projekt","created_timestamp":"1731773880","copyright":"","focal_length":"0","iso":"0","shutter_speed":"0","title":"Immobilien Campos Neubau Stadthaus Projekt","orientation":"0","keywords":["Immobilien Campos Neubau Stadthaus Projekt"]},"ID":"60419","name":"immobilien-campos-neubau-projekt-stadthaus-LF0676-3.jpg","path":"\/home\/empleost\/domains\/lucasfroeserealestate.com\/public_html\/wp-content\/uploads\/2022\/10\/immobilien-campos-neubau-projekt-stadthaus-LF0676-3.jpg","url":"https:\/\/www.lucasfroeserealestate.com\/wp-content\/uploads\/2022\/10\/immobilien-campos-neubau-projekt-stadthaus-LF0676-3-150x150.jpg","full_url":"https:\/\/www.lucasfroeserealestate.com\/wp-content\/uploads\/2022\/10\/immobilien-campos-neubau-projekt-stadthaus-LF0676-3.jpg","title":"Immobilien Campos Neubau Stadthaus Projekt","caption":"Immobilien Campos Neubau Stadthaus Projekt","description":"","alt":"Immobilien Campos Neubau Stadthaus Projekt","srcset":"https:\/\/www.lucasfroeserealestate.com\/wp-content\/uploads\/2022\/10\/immobilien-campos-neubau-projekt-stadthaus-LF0676-3-150x150.jpg 150w, https:\/\/www.lucasfroeserealestate.com\/wp-content\/uploads\/2022\/10\/immobilien-campos-neubau-projekt-stadthaus-LF0676-3-210x210.jpg 210w"},{"width":150,"height":150,"file":"2022\/10\/immobilien-campos-neubau-projekt-stadthaus-LF0676-5.jpg","filesize":470620,"sizes":{"medium":{"file":"immobilien-campos-neubau-projekt-stadthaus-LF0676-5-300x188.jpg","width":300,"height":188,"mime-type":"image\/jpeg","filesize":35624,"url":"https:\/\/www.lucasfroeserealestate.com\/wp-content\/uploads\/2022\/10\/immobilien-campos-neubau-projekt-stadthaus-LF0676-5-300x188.jpg"},"large":{"file":"immobilien-campos-neubau-projekt-stadthaus-LF0676-5-1024x640.jpg","width":1024,"height":640,"mime-type":"image\/jpeg","filesize":156244,"url":"https:\/\/www.lucasfroeserealestate.com\/wp-content\/uploads\/2022\/10\/immobilien-campos-neubau-projekt-stadthaus-LF0676-5-1024x640.jpg"},"thumbnail":{"file":"immobilien-campos-neubau-projekt-stadthaus-LF0676-5-150x150.jpg","width":150,"height":150,"mime-type":"image\/jpeg","filesize":27973,"url":"https:\/\/www.lucasfroeserealestate.com\/wp-content\/uploads\/2022\/10\/immobilien-campos-neubau-projekt-stadthaus-LF0676-5-150x150.jpg"},"medium_large":{"file":"immobilien-campos-neubau-projekt-stadthaus-LF0676-5-768x480.jpg","width":768,"height":480,"mime-type":"image\/jpeg","filesize":99232,"url":"https:\/\/www.lucasfroeserealestate.com\/wp-content\/uploads\/2022\/10\/immobilien-campos-neubau-projekt-stadthaus-LF0676-5-768x480.jpg"},"1536x1536":{"file":"immobilien-campos-neubau-projekt-stadthaus-LF0676-5-1536x960.jpg","width":1536,"height":960,"mime-type":"image\/jpeg","filesize":303753,"url":"https:\/\/www.lucasfroeserealestate.com\/wp-content\/uploads\/2022\/10\/immobilien-campos-neubau-projekt-stadthaus-LF0676-5-1536x960.jpg"},"2048x2048":{"file":"immobilien-campos-neubau-projekt-stadthaus-LF0676-5-2048x1280.jpg","width":2048,"height":1280,"mime-type":"image\/jpeg","filesize":478595,"url":"https:\/\/www.lucasfroeserealestate.com\/wp-content\/uploads\/2022\/10\/immobilien-campos-neubau-projekt-stadthaus-LF0676-5-2048x1280.jpg"},"post-thumbnail":{"file":"immobilien-campos-neubau-projekt-stadthaus-LF0676-5-150x94.jpg","width":150,"height":94,"mime-type":"image\/jpeg","filesize":25714,"url":"https:\/\/www.lucasfroeserealestate.com\/wp-content\/uploads\/2022\/10\/immobilien-campos-neubau-projekt-stadthaus-LF0676-5-150x94.jpg"},"modern-property-child-slider":{"file":"immobilien-campos-neubau-projekt-stadthaus-LF0676-5-680x510.jpg","width":680,"height":510,"mime-type":"image\/jpeg","filesize":96187,"url":"https:\/\/www.lucasfroeserealestate.com\/wp-content\/uploads\/2022\/10\/immobilien-campos-neubau-projekt-stadthaus-LF0676-5-680x510.jpg"},"property-thumb-image":{"file":"immobilien-campos-neubau-projekt-stadthaus-LF0676-5-488x326.jpg","width":488,"height":326,"mime-type":"image\/jpeg","filesize":57095,"url":"https:\/\/www.lucasfroeserealestate.com\/wp-content\/uploads\/2022\/10\/immobilien-campos-neubau-projekt-stadthaus-LF0676-5-488x326.jpg"},"property-detail-video-image":{"file":"immobilien-campos-neubau-projekt-stadthaus-LF0676-5-818x417.jpg","width":818,"height":417,"mime-type":"image\/jpeg","filesize":100379,"url":"https:\/\/www.lucasfroeserealestate.com\/wp-content\/uploads\/2022\/10\/immobilien-campos-neubau-projekt-stadthaus-LF0676-5-818x417.jpg"},"agent-image":{"file":"immobilien-campos-neubau-projekt-stadthaus-LF0676-5-210x210.jpg","width":210,"height":210,"mime-type":"image\/jpeg","filesize":33159,"url":"https:\/\/www.lucasfroeserealestate.com\/wp-content\/uploads\/2022\/10\/immobilien-campos-neubau-projekt-stadthaus-LF0676-5-210x210.jpg"},"partners-logo":{"file":"immobilien-campos-neubau-projekt-stadthaus-LF0676-5-600x1625.jpg","width":600,"height":1625,"mime-type":"image\/jpeg","filesize":133020,"url":"https:\/\/www.lucasfroeserealestate.com\/wp-content\/uploads\/2022\/10\/immobilien-campos-neubau-projekt-stadthaus-LF0676-5-600x1625.jpg"},"post-featured-image":{"file":"immobilien-campos-neubau-projekt-stadthaus-LF0676-5-1240x720.jpg","width":1240,"height":720,"mime-type":"image\/jpeg","filesize":205356,"url":"https:\/\/www.lucasfroeserealestate.com\/wp-content\/uploads\/2022\/10\/immobilien-campos-neubau-projekt-stadthaus-LF0676-5-1240x720.jpg"}},"image_meta":{"aperture":"0","credit":"","camera":"","caption":"Immobilien Campos Neubau Stadthaus Projekt","created_timestamp":"1731773880","copyright":"","focal_length":"0","iso":"0","shutter_speed":"0","title":"Immobilien Campos Neubau Stadthaus Projekt","orientation":"0","keywords":["Immobilien Campos Neubau Stadthaus Projekt"]},"ID":"60428","name":"immobilien-campos-neubau-projekt-stadthaus-LF0676-5.jpg","path":"\/home\/empleost\/domains\/lucasfroeserealestate.com\/public_html\/wp-content\/uploads\/2022\/10\/immobilien-campos-neubau-projekt-stadthaus-LF0676-5.jpg","url":"https:\/\/www.lucasfroeserealestate.com\/wp-content\/uploads\/2022\/10\/immobilien-campos-neubau-projekt-stadthaus-LF0676-5-150x150.jpg","full_url":"https:\/\/www.lucasfroeserealestate.com\/wp-content\/uploads\/2022\/10\/immobilien-campos-neubau-projekt-stadthaus-LF0676-5.jpg","title":"Immobilien Campos Neubau Stadthaus Projekt","caption":"Immobilien Campos Neubau Stadthaus Projekt","description":"","alt":"Immobilien Campos Neubau Stadthaus Projekt","srcset":"https:\/\/www.lucasfroeserealestate.com\/wp-content\/uploads\/2022\/10\/immobilien-campos-neubau-projekt-stadthaus-LF0676-5-150x150.jpg 150w, https:\/\/www.lucasfroeserealestate.com\/wp-content\/uploads\/2022\/10\/immobilien-campos-neubau-projekt-stadthaus-LF0676-5-210x210.jpg 210w"},{"width":150,"height":150,"file":"2022\/10\/immobilien-campos-neubau-projekt-stadthaus-LF0676-13.jpg","filesize":461351,"sizes":{"medium":{"file":"immobilien-campos-neubau-projekt-stadthaus-LF0676-13-300x188.jpg","width":300,"height":188,"mime-type":"image\/jpeg","filesize":33905,"url":"https:\/\/www.lucasfroeserealestate.com\/wp-content\/uploads\/2022\/10\/immobilien-campos-neubau-projekt-stadthaus-LF0676-13-300x188.jpg"},"large":{"file":"immobilien-campos-neubau-projekt-stadthaus-LF0676-13-1024x640.jpg","width":1024,"height":640,"mime-type":"image\/jpeg","filesize":128309,"url":"https:\/\/www.lucasfroeserealestate.com\/wp-content\/uploads\/2022\/10\/immobilien-campos-neubau-projekt-stadthaus-LF0676-13-1024x640.jpg"},"thumbnail":{"file":"immobilien-campos-neubau-projekt-stadthaus-LF0676-13-150x150.jpg","width":150,"height":150,"mime-type":"image\/jpeg","filesize":26679,"url":"https:\/\/www.lucasfroeserealestate.com\/wp-content\/uploads\/2022\/10\/immobilien-campos-neubau-projekt-stadthaus-LF0676-13-150x150.jpg"},"medium_large":{"file":"immobilien-campos-neubau-projekt-stadthaus-LF0676-13-768x480.jpg","width":768,"height":480,"mime-type":"image\/jpeg","filesize":84748,"url":"https:\/\/www.lucasfroeserealestate.com\/wp-content\/uploads\/2022\/10\/immobilien-campos-neubau-projekt-stadthaus-LF0676-13-768x480.jpg"},"1536x1536":{"file":"immobilien-campos-neubau-projekt-stadthaus-LF0676-13-1536x960.jpg","width":1536,"height":960,"mime-type":"image\/jpeg","filesize":244659,"url":"https:\/\/www.lucasfroeserealestate.com\/wp-content\/uploads\/2022\/10\/immobilien-campos-neubau-projekt-stadthaus-LF0676-13-1536x960.jpg"},"2048x2048":{"file":"immobilien-campos-neubau-projekt-stadthaus-LF0676-13-2048x1280.jpg","width":2048,"height":1280,"mime-type":"image\/jpeg","filesize":387425,"url":"https:\/\/www.lucasfroeserealestate.com\/wp-content\/uploads\/2022\/10\/immobilien-campos-neubau-projekt-stadthaus-LF0676-13-2048x1280.jpg"},"post-thumbnail":{"file":"immobilien-campos-neubau-projekt-stadthaus-LF0676-13-150x94.jpg","width":150,"height":94,"mime-type":"image\/jpeg","filesize":25353,"url":"https:\/\/www.lucasfroeserealestate.com\/wp-content\/uploads\/2022\/10\/immobilien-campos-neubau-projekt-stadthaus-LF0676-13-150x94.jpg"},"modern-property-child-slider":{"file":"immobilien-campos-neubau-projekt-stadthaus-LF0676-13-680x510.jpg","width":680,"height":510,"mime-type":"image\/jpeg","filesize":79563,"url":"https:\/\/www.lucasfroeserealestate.com\/wp-content\/uploads\/2022\/10\/immobilien-campos-neubau-projekt-stadthaus-LF0676-13-680x510.jpg"},"property-thumb-image":{"file":"immobilien-campos-neubau-projekt-stadthaus-LF0676-13-488x326.jpg","width":488,"height":326,"mime-type":"image\/jpeg","filesize":51078,"url":"https:\/\/www.lucasfroeserealestate.com\/wp-content\/uploads\/2022\/10\/immobilien-campos-neubau-projekt-stadthaus-LF0676-13-488x326.jpg"},"property-detail-video-image":{"file":"immobilien-campos-neubau-projekt-stadthaus-LF0676-13-818x417.jpg","width":818,"height":417,"mime-type":"image\/jpeg","filesize":83620,"url":"https:\/\/www.lucasfroeserealestate.com\/wp-content\/uploads\/2022\/10\/immobilien-campos-neubau-projekt-stadthaus-LF0676-13-818x417.jpg"},"agent-image":{"file":"immobilien-campos-neubau-projekt-stadthaus-LF0676-13-210x210.jpg","width":210,"height":210,"mime-type":"image\/jpeg","filesize":30764,"url":"https:\/\/www.lucasfroeserealestate.com\/wp-content\/uploads\/2022\/10\/immobilien-campos-neubau-projekt-stadthaus-LF0676-13-210x210.jpg"},"partners-logo":{"file":"immobilien-campos-neubau-projekt-stadthaus-LF0676-13-600x1625.jpg","width":600,"height":1625,"mime-type":"image\/jpeg","filesize":130158,"url":"https:\/\/www.lucasfroeserealestate.com\/wp-content\/uploads\/2022\/10\/immobilien-campos-neubau-projekt-stadthaus-LF0676-13-600x1625.jpg"},"post-featured-image":{"file":"immobilien-campos-neubau-projekt-stadthaus-LF0676-13-1240x720.jpg","width":1240,"height":720,"mime-type":"image\/jpeg","filesize":163044,"url":"https:\/\/www.lucasfroeserealestate.com\/wp-content\/uploads\/2022\/10\/immobilien-campos-neubau-projekt-stadthaus-LF0676-13-1240x720.jpg"}},"image_meta":{"aperture":"0","credit":"","camera":"","caption":"Immobilien Campos Neubau Stadthaus Projekt","created_timestamp":"1731773880","copyright":"","focal_length":"0","iso":"0","shutter_speed":"0","title":"Immobilien Campos Neubau Stadthaus Projekt","orientation":"0","keywords":["Immobilien Campos Neubau Stadthaus Projekt"]},"ID":"60395","name":"immobilien-campos-neubau-projekt-stadthaus-LF0676-13.jpg","path":"\/home\/empleost\/domains\/lucasfroeserealestate.com\/public_html\/wp-content\/uploads\/2022\/10\/immobilien-campos-neubau-projekt-stadthaus-LF0676-13.jpg","url":"https:\/\/www.lucasfroeserealestate.com\/wp-content\/uploads\/2022\/10\/immobilien-campos-neubau-projekt-stadthaus-LF0676-13-150x150.jpg","full_url":"https:\/\/www.lucasfroeserealestate.com\/wp-content\/uploads\/2022\/10\/immobilien-campos-neubau-projekt-stadthaus-LF0676-13.jpg","title":"Immobilien Campos Neubau Stadthaus Projekt","caption":"Immobilien Campos Neubau Stadthaus Projekt","description":"","alt":"Immobilien Campos Neubau Stadthaus Projekt","srcset":"https:\/\/www.lucasfroeserealestate.com\/wp-content\/uploads\/2022\/10\/immobilien-campos-neubau-projekt-stadthaus-LF0676-13-150x150.jpg 150w, https:\/\/www.lucasfroeserealestate.com\/wp-content\/uploads\/2022\/10\/immobilien-campos-neubau-projekt-stadthaus-LF0676-13-210x210.jpg 210w"},{"width":150,"height":150,"file":"2022\/10\/immobilien-campos-neubau-projekt-stadthaus-LF0676-11.jpg","filesize":537269,"sizes":{"medium":{"file":"immobilien-campos-neubau-projekt-stadthaus-LF0676-11-300x188.jpg","width":300,"height":188,"mime-type":"image\/jpeg","filesize":34581,"url":"https:\/\/www.lucasfroeserealestate.com\/wp-content\/uploads\/2022\/10\/immobilien-campos-neubau-projekt-stadthaus-LF0676-11-300x188.jpg"},"large":{"file":"immobilien-campos-neubau-projekt-stadthaus-LF0676-11-1024x640.jpg","width":1024,"height":640,"mime-type":"image\/jpeg","filesize":133136,"url":"https:\/\/www.lucasfroeserealestate.com\/wp-content\/uploads\/2022\/10\/immobilien-campos-neubau-projekt-stadthaus-LF0676-11-1024x640.jpg"},"thumbnail":{"file":"immobilien-campos-neubau-projekt-stadthaus-LF0676-11-150x150.jpg","width":150,"height":150,"mime-type":"image\/jpeg","filesize":27288,"url":"https:\/\/www.lucasfroeserealestate.com\/wp-content\/uploads\/2022\/10\/immobilien-campos-neubau-projekt-stadthaus-LF0676-11-150x150.jpg"},"medium_large":{"file":"immobilien-campos-neubau-projekt-stadthaus-LF0676-11-768x480.jpg","width":768,"height":480,"mime-type":"image\/jpeg","filesize":87655,"url":"https:\/\/www.lucasfroeserealestate.com\/wp-content\/uploads\/2022\/10\/immobilien-campos-neubau-projekt-stadthaus-LF0676-11-768x480.jpg"},"1536x1536":{"file":"immobilien-campos-neubau-projekt-stadthaus-LF0676-11-1536x960.jpg","width":1536,"height":960,"mime-type":"image\/jpeg","filesize":257271,"url":"https:\/\/www.lucasfroeserealestate.com\/wp-content\/uploads\/2022\/10\/immobilien-campos-neubau-projekt-stadthaus-LF0676-11-1536x960.jpg"},"2048x2048":{"file":"immobilien-campos-neubau-projekt-stadthaus-LF0676-11-2048x1280.jpg","width":2048,"height":1280,"mime-type":"image\/jpeg","filesize":410208,"url":"https:\/\/www.lucasfroeserealestate.com\/wp-content\/uploads\/2022\/10\/immobilien-campos-neubau-projekt-stadthaus-LF0676-11-2048x1280.jpg"},"post-thumbnail":{"file":"immobilien-campos-neubau-projekt-stadthaus-LF0676-11-150x94.jpg","width":150,"height":94,"mime-type":"image\/jpeg","filesize":25552,"url":"https:\/\/www.lucasfroeserealestate.com\/wp-content\/uploads\/2022\/10\/immobilien-campos-neubau-projekt-stadthaus-LF0676-11-150x94.jpg"},"modern-property-child-slider":{"file":"immobilien-campos-neubau-projekt-stadthaus-LF0676-11-680x510.jpg","width":680,"height":510,"mime-type":"image\/jpeg","filesize":83339,"url":"https:\/\/www.lucasfroeserealestate.com\/wp-content\/uploads\/2022\/10\/immobilien-campos-neubau-projekt-stadthaus-LF0676-11-680x510.jpg"},"property-thumb-image":{"file":"immobilien-campos-neubau-projekt-stadthaus-LF0676-11-488x326.jpg","width":488,"height":326,"mime-type":"image\/jpeg","filesize":53052,"url":"https:\/\/www.lucasfroeserealestate.com\/wp-content\/uploads\/2022\/10\/immobilien-campos-neubau-projekt-stadthaus-LF0676-11-488x326.jpg"},"property-detail-video-image":{"file":"immobilien-campos-neubau-projekt-stadthaus-LF0676-11-818x417.jpg","width":818,"height":417,"mime-type":"image\/jpeg","filesize":88411,"url":"https:\/\/www.lucasfroeserealestate.com\/wp-content\/uploads\/2022\/10\/immobilien-campos-neubau-projekt-stadthaus-LF0676-11-818x417.jpg"},"agent-image":{"file":"immobilien-campos-neubau-projekt-stadthaus-LF0676-11-210x210.jpg","width":210,"height":210,"mime-type":"image\/jpeg","filesize":31648,"url":"https:\/\/www.lucasfroeserealestate.com\/wp-content\/uploads\/2022\/10\/immobilien-campos-neubau-projekt-stadthaus-LF0676-11-210x210.jpg"},"partners-logo":{"file":"immobilien-campos-neubau-projekt-stadthaus-LF0676-11-600x1625.jpg","width":600,"height":1625,"mime-type":"image\/jpeg","filesize":139338,"url":"https:\/\/www.lucasfroeserealestate.com\/wp-content\/uploads\/2022\/10\/immobilien-campos-neubau-projekt-stadthaus-LF0676-11-600x1625.jpg"},"post-featured-image":{"file":"immobilien-campos-neubau-projekt-stadthaus-LF0676-11-1240x720.jpg","width":1240,"height":720,"mime-type":"image\/jpeg","filesize":176720,"url":"https:\/\/www.lucasfroeserealestate.com\/wp-content\/uploads\/2022\/10\/immobilien-campos-neubau-projekt-stadthaus-LF0676-11-1240x720.jpg"}},"image_meta":{"aperture":"0","credit":"","camera":"","caption":"Immobilien Campos Neubau Stadthaus Projekt","created_timestamp":"1731773880","copyright":"","focal_length":"0","iso":"0","shutter_speed":"0","title":"Immobilien Campos Neubau Stadthaus Projekt","orientation":"0","keywords":["Immobilien Campos Neubau Stadthaus Projekt"]},"ID":"60398","name":"immobilien-campos-neubau-projekt-stadthaus-LF0676-11.jpg","path":"\/home\/empleost\/domains\/lucasfroeserealestate.com\/public_html\/wp-content\/uploads\/2022\/10\/immobilien-campos-neubau-projekt-stadthaus-LF0676-11.jpg","url":"https:\/\/www.lucasfroeserealestate.com\/wp-content\/uploads\/2022\/10\/immobilien-campos-neubau-projekt-stadthaus-LF0676-11-150x150.jpg","full_url":"https:\/\/www.lucasfroeserealestate.com\/wp-content\/uploads\/2022\/10\/immobilien-campos-neubau-projekt-stadthaus-LF0676-11.jpg","title":"Immobilien Campos Neubau Stadthaus Projekt","caption":"Immobilien Campos Neubau Stadthaus Projekt","description":"","alt":"Immobilien Campos Neubau Stadthaus Projekt","srcset":"https:\/\/www.lucasfroeserealestate.com\/wp-content\/uploads\/2022\/10\/immobilien-campos-neubau-projekt-stadthaus-LF0676-11-150x150.jpg 150w, https:\/\/www.lucasfroeserealestate.com\/wp-content\/uploads\/2022\/10\/immobilien-campos-neubau-projekt-stadthaus-LF0676-11-210x210.jpg 210w"},{"width":150,"height":150,"file":"2022\/10\/immobilien-campos-neubau-projekt-stadthaus-LF0676-10.jpg","filesize":511079,"sizes":{"medium":{"file":"immobilien-campos-neubau-projekt-stadthaus-LF0676-10-300x188.jpg","width":300,"height":188,"mime-type":"image\/jpeg","filesize":34800,"url":"https:\/\/www.lucasfroeserealestate.com\/wp-content\/uploads\/2022\/10\/immobilien-campos-neubau-projekt-stadthaus-LF0676-10-300x188.jpg"},"large":{"file":"immobilien-campos-neubau-projekt-stadthaus-LF0676-10-1024x640.jpg","width":1024,"height":640,"mime-type":"image\/jpeg","filesize":126595,"url":"https:\/\/www.lucasfroeserealestate.com\/wp-content\/uploads\/2022\/10\/immobilien-campos-neubau-projekt-stadthaus-LF0676-10-1024x640.jpg"},"thumbnail":{"file":"immobilien-campos-neubau-projekt-stadthaus-LF0676-10-150x150.jpg","width":150,"height":150,"mime-type":"image\/jpeg","filesize":27787,"url":"https:\/\/www.lucasfroeserealestate.com\/wp-content\/uploads\/2022\/10\/immobilien-campos-neubau-projekt-stadthaus-LF0676-10-150x150.jpg"},"medium_large":{"file":"immobilien-campos-neubau-projekt-stadthaus-LF0676-10-768x480.jpg","width":768,"height":480,"mime-type":"image\/jpeg","filesize":83851,"url":"https:\/\/www.lucasfroeserealestate.com\/wp-content\/uploads\/2022\/10\/immobilien-campos-neubau-projekt-stadthaus-LF0676-10-768x480.jpg"},"1536x1536":{"file":"immobilien-campos-neubau-projekt-stadthaus-LF0676-10-1536x960.jpg","width":1536,"height":960,"mime-type":"image\/jpeg","filesize":242744,"url":"https:\/\/www.lucasfroeserealestate.com\/wp-content\/uploads\/2022\/10\/immobilien-campos-neubau-projekt-stadthaus-LF0676-10-1536x960.jpg"},"2048x2048":{"file":"immobilien-campos-neubau-projekt-stadthaus-LF0676-10-2048x1280.jpg","width":2048,"height":1280,"mime-type":"image\/jpeg","filesize":387998,"url":"https:\/\/www.lucasfroeserealestate.com\/wp-content\/uploads\/2022\/10\/immobilien-campos-neubau-projekt-stadthaus-LF0676-10-2048x1280.jpg"},"post-thumbnail":{"file":"immobilien-campos-neubau-projekt-stadthaus-LF0676-10-150x94.jpg","width":150,"height":94,"mime-type":"image\/jpeg","filesize":25765,"url":"https:\/\/www.lucasfroeserealestate.com\/wp-content\/uploads\/2022\/10\/immobilien-campos-neubau-projekt-stadthaus-LF0676-10-150x94.jpg"},"modern-property-child-slider":{"file":"immobilien-campos-neubau-projekt-stadthaus-LF0676-10-680x510.jpg","width":680,"height":510,"mime-type":"image\/jpeg","filesize":83055,"url":"https:\/\/www.lucasfroeserealestate.com\/wp-content\/uploads\/2022\/10\/immobilien-campos-neubau-projekt-stadthaus-LF0676-10-680x510.jpg"},"property-thumb-image":{"file":"immobilien-campos-neubau-projekt-stadthaus-LF0676-10-488x326.jpg","width":488,"height":326,"mime-type":"image\/jpeg","filesize":52780,"url":"https:\/\/www.lucasfroeserealestate.com\/wp-content\/uploads\/2022\/10\/immobilien-campos-neubau-projekt-stadthaus-LF0676-10-488x326.jpg"},"property-detail-video-image":{"file":"immobilien-campos-neubau-projekt-stadthaus-LF0676-10-818x417.jpg","width":818,"height":417,"mime-type":"image\/jpeg","filesize":80598,"url":"https:\/\/www.lucasfroeserealestate.com\/wp-content\/uploads\/2022\/10\/immobilien-campos-neubau-projekt-stadthaus-LF0676-10-818x417.jpg"},"agent-image":{"file":"immobilien-campos-neubau-projekt-stadthaus-LF0676-10-210x210.jpg","width":210,"height":210,"mime-type":"image\/jpeg","filesize":32549,"url":"https:\/\/www.lucasfroeserealestate.com\/wp-content\/uploads\/2022\/10\/immobilien-campos-neubau-projekt-stadthaus-LF0676-10-210x210.jpg"},"partners-logo":{"file":"immobilien-campos-neubau-projekt-stadthaus-LF0676-10-600x1625.jpg","width":600,"height":1625,"mime-type":"image\/jpeg","filesize":177451,"url":"https:\/\/www.lucasfroeserealestate.com\/wp-content\/uploads\/2022\/10\/immobilien-campos-neubau-projekt-stadthaus-LF0676-10-600x1625.jpg"},"post-featured-image":{"file":"immobilien-campos-neubau-projekt-stadthaus-LF0676-10-1240x720.jpg","width":1240,"height":720,"mime-type":"image\/jpeg","filesize":159619,"url":"https:\/\/www.lucasfroeserealestate.com\/wp-content\/uploads\/2022\/10\/immobilien-campos-neubau-projekt-stadthaus-LF0676-10-1240x720.jpg"}},"image_meta":{"aperture":"0","credit":"","camera":"","caption":"Immobilien Campos Neubau Stadthaus Projekt","created_timestamp":"1731773880","copyright":"","focal_length":"0","iso":"0","shutter_speed":"0","title":"Immobilien Campos Neubau Stadthaus Projekt","orientation":"0","keywords":["Immobilien Campos Neubau Stadthaus Projekt"]},"ID":"60401","name":"immobilien-campos-neubau-projekt-stadthaus-LF0676-10.jpg","path":"\/home\/empleost\/domains\/lucasfroeserealestate.com\/public_html\/wp-content\/uploads\/2022\/10\/immobilien-campos-neubau-projekt-stadthaus-LF0676-10.jpg","url":"https:\/\/www.lucasfroeserealestate.com\/wp-content\/uploads\/2022\/10\/immobilien-campos-neubau-projekt-stadthaus-LF0676-10-150x150.jpg","full_url":"https:\/\/www.lucasfroeserealestate.com\/wp-content\/uploads\/2022\/10\/immobilien-campos-neubau-projekt-stadthaus-LF0676-10.jpg","title":"Immobilien Campos Neubau Stadthaus Projekt","caption":"Immobilien Campos Neubau Stadthaus Projekt","description":"","alt":"Immobilien Campos Neubau Stadthaus Projekt","srcset":"https:\/\/www.lucasfroeserealestate.com\/wp-content\/uploads\/2022\/10\/immobilien-campos-neubau-projekt-stadthaus-LF0676-10-150x150.jpg 150w, https:\/\/www.lucasfroeserealestate.com\/wp-content\/uploads\/2022\/10\/immobilien-campos-neubau-projekt-stadthaus-LF0676-10-210x210.jpg 210w"},{"width":150,"height":150,"file":"2022\/10\/immobilien-campos-neubau-projekt-stadthaus-LF0676-12.jpg","filesize":436685,"sizes":{"medium":{"file":"immobilien-campos-neubau-projekt-stadthaus-LF0676-12-300x188.jpg","width":300,"height":188,"mime-type":"image\/jpeg","filesize":33647,"url":"https:\/\/www.lucasfroeserealestate.com\/wp-content\/uploads\/2022\/10\/immobilien-campos-neubau-projekt-stadthaus-LF0676-12-300x188.jpg"},"large":{"file":"immobilien-campos-neubau-projekt-stadthaus-LF0676-12-1024x640.jpg","width":1024,"height":640,"mime-type":"image\/jpeg","filesize":119265,"url":"https:\/\/www.lucasfroeserealestate.com\/wp-content\/uploads\/2022\/10\/immobilien-campos-neubau-projekt-stadthaus-LF0676-12-1024x640.jpg"},"thumbnail":{"file":"immobilien-campos-neubau-projekt-stadthaus-LF0676-12-150x150.jpg","width":150,"height":150,"mime-type":"image\/jpeg","filesize":27360,"url":"https:\/\/www.lucasfroeserealestate.com\/wp-content\/uploads\/2022\/10\/immobilien-campos-neubau-projekt-stadthaus-LF0676-12-150x150.jpg"},"medium_large":{"file":"immobilien-campos-neubau-projekt-stadthaus-LF0676-12-768x480.jpg","width":768,"height":480,"mime-type":"image\/jpeg","filesize":79973,"url":"https:\/\/www.lucasfroeserealestate.com\/wp-content\/uploads\/2022\/10\/immobilien-campos-neubau-projekt-stadthaus-LF0676-12-768x480.jpg"},"1536x1536":{"file":"immobilien-campos-neubau-projekt-stadthaus-LF0676-12-1536x960.jpg","width":1536,"height":960,"mime-type":"image\/jpeg","filesize":224309,"url":"https:\/\/www.lucasfroeserealestate.com\/wp-content\/uploads\/2022\/10\/immobilien-campos-neubau-projekt-stadthaus-LF0676-12-1536x960.jpg"},"2048x2048":{"file":"immobilien-campos-neubau-projekt-stadthaus-LF0676-12-2048x1280.jpg","width":2048,"height":1280,"mime-type":"image\/jpeg","filesize":354107,"url":"https:\/\/www.lucasfroeserealestate.com\/wp-content\/uploads\/2022\/10\/immobilien-campos-neubau-projekt-stadthaus-LF0676-12-2048x1280.jpg"},"post-thumbnail":{"file":"immobilien-campos-neubau-projekt-stadthaus-LF0676-12-150x94.jpg","width":150,"height":94,"mime-type":"image\/jpeg","filesize":25201,"url":"https:\/\/www.lucasfroeserealestate.com\/wp-content\/uploads\/2022\/10\/immobilien-campos-neubau-projekt-stadthaus-LF0676-12-150x94.jpg"},"modern-property-child-slider":{"file":"immobilien-campos-neubau-projekt-stadthaus-LF0676-12-680x510.jpg","width":680,"height":510,"mime-type":"image\/jpeg","filesize":76834,"url":"https:\/\/www.lucasfroeserealestate.com\/wp-content\/uploads\/2022\/10\/immobilien-campos-neubau-projekt-stadthaus-LF0676-12-680x510.jpg"},"property-thumb-image":{"file":"immobilien-campos-neubau-projekt-stadthaus-LF0676-12-488x326.jpg","width":488,"height":326,"mime-type":"image\/jpeg","filesize":49562,"url":"https:\/\/www.lucasfroeserealestate.com\/wp-content\/uploads\/2022\/10\/immobilien-campos-neubau-projekt-stadthaus-LF0676-12-488x326.jpg"},"property-detail-video-image":{"file":"immobilien-campos-neubau-projekt-stadthaus-LF0676-12-818x417.jpg","width":818,"height":417,"mime-type":"image\/jpeg","filesize":77669,"url":"https:\/\/www.lucasfroeserealestate.com\/wp-content\/uploads\/2022\/10\/immobilien-campos-neubau-projekt-stadthaus-LF0676-12-818x417.jpg"},"agent-image":{"file":"immobilien-campos-neubau-projekt-stadthaus-LF0676-12-210x210.jpg","width":210,"height":210,"mime-type":"image\/jpeg","filesize":31724,"url":"https:\/\/www.lucasfroeserealestate.com\/wp-content\/uploads\/2022\/10\/immobilien-campos-neubau-projekt-stadthaus-LF0676-12-210x210.jpg"},"partners-logo":{"file":"immobilien-campos-neubau-projekt-stadthaus-LF0676-12-600x1625.jpg","width":600,"height":1625,"mime-type":"image\/jpeg","filesize":118967,"url":"https:\/\/www.lucasfroeserealestate.com\/wp-content\/uploads\/2022\/10\/immobilien-campos-neubau-projekt-stadthaus-LF0676-12-600x1625.jpg"},"post-featured-image":{"file":"immobilien-campos-neubau-projekt-stadthaus-LF0676-12-1240x720.jpg","width":1240,"height":720,"mime-type":"image\/jpeg","filesize":152327,"url":"https:\/\/www.lucasfroeserealestate.com\/wp-content\/uploads\/2022\/10\/immobilien-campos-neubau-projekt-stadthaus-LF0676-12-1240x720.jpg"}},"image_meta":{"aperture":"0","credit":"","camera":"","caption":"Immobilien Campos Neubau Stadthaus Projekt","created_timestamp":"1731773880","copyright":"","focal_length":"0","iso":"0","shutter_speed":"0","title":"Immobilien Campos Neubau Stadthaus Projekt","orientation":"0","keywords":["Immobilien Campos Neubau Stadthaus Projekt"]},"ID":"60404","name":"immobilien-campos-neubau-projekt-stadthaus-LF0676-12.jpg","path":"\/home\/empleost\/domains\/lucasfroeserealestate.com\/public_html\/wp-content\/uploads\/2022\/10\/immobilien-campos-neubau-projekt-stadthaus-LF0676-12.jpg","url":"https:\/\/www.lucasfroeserealestate.com\/wp-content\/uploads\/2022\/10\/immobilien-campos-neubau-projekt-stadthaus-LF0676-12-150x150.jpg","full_url":"https:\/\/www.lucasfroeserealestate.com\/wp-content\/uploads\/2022\/10\/immobilien-campos-neubau-projekt-stadthaus-LF0676-12.jpg","title":"Immobilien Campos Neubau Stadthaus Projekt","caption":"Immobilien Campos Neubau Stadthaus Projekt","description":"","alt":"Immobilien Campos Neubau Stadthaus Projekt","srcset":"https:\/\/www.lucasfroeserealestate.com\/wp-content\/uploads\/2022\/10\/immobilien-campos-neubau-projekt-stadthaus-LF0676-12-150x150.jpg 150w, https:\/\/www.lucasfroeserealestate.com\/wp-content\/uploads\/2022\/10\/immobilien-campos-neubau-projekt-stadthaus-LF0676-12-210x210.jpg 210w"},{"width":150,"height":150,"file":"2022\/10\/immobilien-campos-neubau-projekt-stadthaus-LF0676-9.jpg","filesize":453302,"sizes":{"medium":{"file":"immobilien-campos-neubau-projekt-stadthaus-LF0676-9-300x188.jpg","width":300,"height":188,"mime-type":"image\/jpeg","filesize":32585,"url":"https:\/\/www.lucasfroeserealestate.com\/wp-content\/uploads\/2022\/10\/immobilien-campos-neubau-projekt-stadthaus-LF0676-9-300x188.jpg"},"large":{"file":"immobilien-campos-neubau-projekt-stadthaus-LF0676-9-1024x640.jpg","width":1024,"height":640,"mime-type":"image\/jpeg","filesize":120809,"url":"https:\/\/www.lucasfroeserealestate.com\/wp-content\/uploads\/2022\/10\/immobilien-campos-neubau-projekt-stadthaus-LF0676-9-1024x640.jpg"},"thumbnail":{"file":"immobilien-campos-neubau-projekt-stadthaus-LF0676-9-150x150.jpg","width":150,"height":150,"mime-type":"image\/jpeg","filesize":27138,"url":"https:\/\/www.lucasfroeserealestate.com\/wp-content\/uploads\/2022\/10\/immobilien-campos-neubau-projekt-stadthaus-LF0676-9-150x150.jpg"},"medium_large":{"file":"immobilien-campos-neubau-projekt-stadthaus-LF0676-9-768x480.jpg","width":768,"height":480,"mime-type":"image\/jpeg","filesize":79113,"url":"https:\/\/www.lucasfroeserealestate.com\/wp-content\/uploads\/2022\/10\/immobilien-campos-neubau-projekt-stadthaus-LF0676-9-768x480.jpg"},"1536x1536":{"file":"immobilien-campos-neubau-projekt-stadthaus-LF0676-9-1536x960.jpg","width":1536,"height":960,"mime-type":"image\/jpeg","filesize":234218,"url":"https:\/\/www.lucasfroeserealestate.com\/wp-content\/uploads\/2022\/10\/immobilien-campos-neubau-projekt-stadthaus-LF0676-9-1536x960.jpg"},"2048x2048":{"file":"immobilien-campos-neubau-projekt-stadthaus-LF0676-9-2048x1280.jpg","width":2048,"height":1280,"mime-type":"image\/jpeg","filesize":375297,"url":"https:\/\/www.lucasfroeserealestate.com\/wp-content\/uploads\/2022\/10\/immobilien-campos-neubau-projekt-stadthaus-LF0676-9-2048x1280.jpg"},"post-thumbnail":{"file":"immobilien-campos-neubau-projekt-stadthaus-LF0676-9-150x94.jpg","width":150,"height":94,"mime-type":"image\/jpeg","filesize":25020,"url":"https:\/\/www.lucasfroeserealestate.com\/wp-content\/uploads\/2022\/10\/immobilien-campos-neubau-projekt-stadthaus-LF0676-9-150x94.jpg"},"modern-property-child-slider":{"file":"immobilien-campos-neubau-projekt-stadthaus-LF0676-9-680x510.jpg","width":680,"height":510,"mime-type":"image\/jpeg","filesize":81591,"url":"https:\/\/www.lucasfroeserealestate.com\/wp-content\/uploads\/2022\/10\/immobilien-campos-neubau-projekt-stadthaus-LF0676-9-680x510.jpg"},"property-thumb-image":{"file":"immobilien-campos-neubau-projekt-stadthaus-LF0676-9-488x326.jpg","width":488,"height":326,"mime-type":"image\/jpeg","filesize":49328,"url":"https:\/\/www.lucasfroeserealestate.com\/wp-content\/uploads\/2022\/10\/immobilien-campos-neubau-projekt-stadthaus-LF0676-9-488x326.jpg"},"property-detail-video-image":{"file":"immobilien-campos-neubau-projekt-stadthaus-LF0676-9-818x417.jpg","width":818,"height":417,"mime-type":"image\/jpeg","filesize":75150,"url":"https:\/\/www.lucasfroeserealestate.com\/wp-content\/uploads\/2022\/10\/immobilien-campos-neubau-projekt-stadthaus-LF0676-9-818x417.jpg"},"agent-image":{"file":"immobilien-campos-neubau-projekt-stadthaus-LF0676-9-210x210.jpg","width":210,"height":210,"mime-type":"image\/jpeg","filesize":31556,"url":"https:\/\/www.lucasfroeserealestate.com\/wp-content\/uploads\/2022\/10\/immobilien-campos-neubau-projekt-stadthaus-LF0676-9-210x210.jpg"},"partners-logo":{"file":"immobilien-campos-neubau-projekt-stadthaus-LF0676-9-600x1625.jpg","width":600,"height":1625,"mime-type":"image\/jpeg","filesize":170789,"url":"https:\/\/www.lucasfroeserealestate.com\/wp-content\/uploads\/2022\/10\/immobilien-campos-neubau-projekt-stadthaus-LF0676-9-600x1625.jpg"},"post-featured-image":{"file":"immobilien-campos-neubau-projekt-stadthaus-LF0676-9-1240x720.jpg","width":1240,"height":720,"mime-type":"image\/jpeg","filesize":155581,"url":"https:\/\/www.lucasfroeserealestate.com\/wp-content\/uploads\/2022\/10\/immobilien-campos-neubau-projekt-stadthaus-LF0676-9-1240x720.jpg"}},"image_meta":{"aperture":"0","credit":"","camera":"","caption":"Immobilien Campos Neubau Stadthaus Projekt","created_timestamp":"1731773880","copyright":"","focal_length":"0","iso":"0","shutter_speed":"0","title":"Immobilien Campos Neubau Stadthaus Projekt","orientation":"0","keywords":["Immobilien Campos Neubau Stadthaus Projekt"]},"ID":"60407","name":"immobilien-campos-neubau-projekt-stadthaus-LF0676-9.jpg","path":"\/home\/empleost\/domains\/lucasfroeserealestate.com\/public_html\/wp-content\/uploads\/2022\/10\/immobilien-campos-neubau-projekt-stadthaus-LF0676-9.jpg","url":"https:\/\/www.lucasfroeserealestate.com\/wp-content\/uploads\/2022\/10\/immobilien-campos-neubau-projekt-stadthaus-LF0676-9-150x150.jpg","full_url":"https:\/\/www.lucasfroeserealestate.com\/wp-content\/uploads\/2022\/10\/immobilien-campos-neubau-projekt-stadthaus-LF0676-9.jpg","title":"Immobilien Campos Neubau Stadthaus Projekt","caption":"Immobilien Campos Neubau Stadthaus Projekt","description":"","alt":"Immobilien Campos Neubau Stadthaus Projekt","srcset":"https:\/\/www.lucasfroeserealestate.com\/wp-content\/uploads\/2022\/10\/immobilien-campos-neubau-projekt-stadthaus-LF0676-9-150x150.jpg 150w, https:\/\/www.lucasfroeserealestate.com\/wp-content\/uploads\/2022\/10\/immobilien-campos-neubau-projekt-stadthaus-LF0676-9-210x210.jpg 210w"},{"width":150,"height":150,"file":"2022\/10\/immobilien-campos-neubau-projekt-stadthaus-LF0676-8.jpg","filesize":488512,"sizes":{"medium":{"file":"immobilien-campos-neubau-projekt-stadthaus-LF0676-8-300x188.jpg","width":300,"height":188,"mime-type":"image\/jpeg","filesize":36544,"url":"https:\/\/www.lucasfroeserealestate.com\/wp-content\/uploads\/2022\/10\/immobilien-campos-neubau-projekt-stadthaus-LF0676-8-300x188.jpg"},"large":{"file":"immobilien-campos-neubau-projekt-stadthaus-LF0676-8-1024x640.jpg","width":1024,"height":640,"mime-type":"image\/jpeg","filesize":134048,"url":"https:\/\/www.lucasfroeserealestate.com\/wp-content\/uploads\/2022\/10\/immobilien-campos-neubau-projekt-stadthaus-LF0676-8-1024x640.jpg"},"thumbnail":{"file":"immobilien-campos-neubau-projekt-stadthaus-LF0676-8-150x150.jpg","width":150,"height":150,"mime-type":"image\/jpeg","filesize":28124,"url":"https:\/\/www.lucasfroeserealestate.com\/wp-content\/uploads\/2022\/10\/immobilien-campos-neubau-projekt-stadthaus-LF0676-8-150x150.jpg"},"medium_large":{"file":"immobilien-campos-neubau-projekt-stadthaus-LF0676-8-768x480.jpg","width":768,"height":480,"mime-type":"image\/jpeg","filesize":90602,"url":"https:\/\/www.lucasfroeserealestate.com\/wp-content\/uploads\/2022\/10\/immobilien-campos-neubau-projekt-stadthaus-LF0676-8-768x480.jpg"},"1536x1536":{"file":"immobilien-campos-neubau-projekt-stadthaus-LF0676-8-1536x960.jpg","width":1536,"height":960,"mime-type":"image\/jpeg","filesize":246869,"url":"https:\/\/www.lucasfroeserealestate.com\/wp-content\/uploads\/2022\/10\/immobilien-campos-neubau-projekt-stadthaus-LF0676-8-1536x960.jpg"},"2048x2048":{"file":"immobilien-campos-neubau-projekt-stadthaus-LF0676-8-2048x1280.jpg","width":2048,"height":1280,"mime-type":"image\/jpeg","filesize":385866,"url":"https:\/\/www.lucasfroeserealestate.com\/wp-content\/uploads\/2022\/10\/immobilien-campos-neubau-projekt-stadthaus-LF0676-8-2048x1280.jpg"},"post-thumbnail":{"file":"immobilien-campos-neubau-projekt-stadthaus-LF0676-8-150x94.jpg","width":150,"height":94,"mime-type":"image\/jpeg","filesize":26286,"url":"https:\/\/www.lucasfroeserealestate.com\/wp-content\/uploads\/2022\/10\/immobilien-campos-neubau-projekt-stadthaus-LF0676-8-150x94.jpg"},"modern-property-child-slider":{"file":"immobilien-campos-neubau-projekt-stadthaus-LF0676-8-680x510.jpg","width":680,"height":510,"mime-type":"image\/jpeg","filesize":86249,"url":"https:\/\/www.lucasfroeserealestate.com\/wp-content\/uploads\/2022\/10\/immobilien-campos-neubau-projekt-stadthaus-LF0676-8-680x510.jpg"},"property-thumb-image":{"file":"immobilien-campos-neubau-projekt-stadthaus-LF0676-8-488x326.jpg","width":488,"height":326,"mime-type":"image\/jpeg","filesize":55800,"url":"https:\/\/www.lucasfroeserealestate.com\/wp-content\/uploads\/2022\/10\/immobilien-campos-neubau-projekt-stadthaus-LF0676-8-488x326.jpg"},"property-detail-video-image":{"file":"immobilien-campos-neubau-projekt-stadthaus-LF0676-8-818x417.jpg","width":818,"height":417,"mime-type":"image\/jpeg","filesize":89617,"url":"https:\/\/www.lucasfroeserealestate.com\/wp-content\/uploads\/2022\/10\/immobilien-campos-neubau-projekt-stadthaus-LF0676-8-818x417.jpg"},"agent-image":{"file":"immobilien-campos-neubau-projekt-stadthaus-LF0676-8-210x210.jpg","width":210,"height":210,"mime-type":"image\/jpeg","filesize":33170,"url":"https:\/\/www.lucasfroeserealestate.com\/wp-content\/uploads\/2022\/10\/immobilien-campos-neubau-projekt-stadthaus-LF0676-8-210x210.jpg"},"partners-logo":{"file":"immobilien-campos-neubau-projekt-stadthaus-LF0676-8-600x1625.jpg","width":600,"height":1625,"mime-type":"image\/jpeg","filesize":127917,"url":"https:\/\/www.lucasfroeserealestate.com\/wp-content\/uploads\/2022\/10\/immobilien-campos-neubau-projekt-stadthaus-LF0676-8-600x1625.jpg"},"post-featured-image":{"file":"immobilien-campos-neubau-projekt-stadthaus-LF0676-8-1240x720.jpg","width":1240,"height":720,"mime-type":"image\/jpeg","filesize":169503,"url":"https:\/\/www.lucasfroeserealestate.com\/wp-content\/uploads\/2022\/10\/immobilien-campos-neubau-projekt-stadthaus-LF0676-8-1240x720.jpg"}},"image_meta":{"aperture":"0","credit":"","camera":"","caption":"Immobilien Campos Neubau Stadthaus Projekt","created_timestamp":"1731773880","copyright":"","focal_length":"0","iso":"0","shutter_speed":"0","title":"Immobilien Campos Neubau Stadthaus Projekt","orientation":"0","keywords":["Immobilien Campos Neubau Stadthaus Projekt"]},"ID":"60410","name":"immobilien-campos-neubau-projekt-stadthaus-LF0676-8.jpg","path":"\/home\/empleost\/domains\/lucasfroeserealestate.com\/public_html\/wp-content\/uploads\/2022\/10\/immobilien-campos-neubau-projekt-stadthaus-LF0676-8.jpg","url":"https:\/\/www.lucasfroeserealestate.com\/wp-content\/uploads\/2022\/10\/immobilien-campos-neubau-projekt-stadthaus-LF0676-8-150x150.jpg","full_url":"https:\/\/www.lucasfroeserealestate.com\/wp-content\/uploads\/2022\/10\/immobilien-campos-neubau-projekt-stadthaus-LF0676-8.jpg","title":"Immobilien Campos Neubau Stadthaus Projekt","caption":"Immobilien Campos Neubau Stadthaus Projekt","description":"","alt":"Immobilien Campos Neubau Stadthaus Projekt","srcset":"https:\/\/www.lucasfroeserealestate.com\/wp-content\/uploads\/2022\/10\/immobilien-campos-neubau-projekt-stadthaus-LF0676-8-150x150.jpg 150w, https:\/\/www.lucasfroeserealestate.com\/wp-content\/uploads\/2022\/10\/immobilien-campos-neubau-projekt-stadthaus-LF0676-8-210x210.jpg 210w"},{"width":150,"height":150,"file":"2022\/10\/immobilien-campos-neubau-projekt-stadthaus-LF0676-6.jpg","filesize":470714,"sizes":{"medium":{"file":"immobilien-campos-neubau-projekt-stadthaus-LF0676-6-300x188.jpg","width":300,"height":188,"mime-type":"image\/jpeg","filesize":33606,"url":"https:\/\/www.lucasfroeserealestate.com\/wp-content\/uploads\/2022\/10\/immobilien-campos-neubau-projekt-stadthaus-LF0676-6-300x188.jpg"},"large":{"file":"immobilien-campos-neubau-projekt-stadthaus-LF0676-6-1024x640.jpg","width":1024,"height":640,"mime-type":"image\/jpeg","filesize":132884,"url":"https:\/\/www.lucasfroeserealestate.com\/wp-content\/uploads\/2022\/10\/immobilien-campos-neubau-projekt-stadthaus-LF0676-6-1024x640.jpg"},"thumbnail":{"file":"immobilien-campos-neubau-projekt-stadthaus-LF0676-6-150x150.jpg","width":150,"height":150,"mime-type":"image\/jpeg","filesize":26888,"url":"https:\/\/www.lucasfroeserealestate.com\/wp-content\/uploads\/2022\/10\/immobilien-campos-neubau-projekt-stadthaus-LF0676-6-150x150.jpg"},"medium_large":{"file":"immobilien-campos-neubau-projekt-stadthaus-LF0676-6-768x480.jpg","width":768,"height":480,"mime-type":"image\/jpeg","filesize":86537,"url":"https:\/\/www.lucasfroeserealestate.com\/wp-content\/uploads\/2022\/10\/immobilien-campos-neubau-projekt-stadthaus-LF0676-6-768x480.jpg"},"1536x1536":{"file":"immobilien-campos-neubau-projekt-stadthaus-LF0676-6-1536x960.jpg","width":1536,"height":960,"mime-type":"image\/jpeg","filesize":253787,"url":"https:\/\/www.lucasfroeserealestate.com\/wp-content\/uploads\/2022\/10\/immobilien-campos-neubau-projekt-stadthaus-LF0676-6-1536x960.jpg"},"2048x2048":{"file":"immobilien-campos-neubau-projekt-stadthaus-LF0676-6-2048x1280.jpg","width":2048,"height":1280,"mime-type":"image\/jpeg","filesize":400847,"url":"https:\/\/www.lucasfroeserealestate.com\/wp-content\/uploads\/2022\/10\/immobilien-campos-neubau-projekt-stadthaus-LF0676-6-2048x1280.jpg"},"post-thumbnail":{"file":"immobilien-campos-neubau-projekt-stadthaus-LF0676-6-150x94.jpg","width":150,"height":94,"mime-type":"image\/jpeg","filesize":25110,"url":"https:\/\/www.lucasfroeserealestate.com\/wp-content\/uploads\/2022\/10\/immobilien-campos-neubau-projekt-stadthaus-LF0676-6-150x94.jpg"},"modern-property-child-slider":{"file":"immobilien-campos-neubau-projekt-stadthaus-LF0676-6-680x510.jpg","width":680,"height":510,"mime-type":"image\/jpeg","filesize":82596,"url":"https:\/\/www.lucasfroeserealestate.com\/wp-content\/uploads\/2022\/10\/immobilien-campos-neubau-projekt-stadthaus-LF0676-6-680x510.jpg"},"property-thumb-image":{"file":"immobilien-campos-neubau-projekt-stadthaus-LF0676-6-488x326.jpg","width":488,"height":326,"mime-type":"image\/jpeg","filesize":51709,"url":"https:\/\/www.lucasfroeserealestate.com\/wp-content\/uploads\/2022\/10\/immobilien-campos-neubau-projekt-stadthaus-LF0676-6-488x326.jpg"},"property-detail-video-image":{"file":"immobilien-campos-neubau-projekt-stadthaus-LF0676-6-818x417.jpg","width":818,"height":417,"mime-type":"image\/jpeg","filesize":85170,"url":"https:\/\/www.lucasfroeserealestate.com\/wp-content\/uploads\/2022\/10\/immobilien-campos-neubau-projekt-stadthaus-LF0676-6-818x417.jpg"},"agent-image":{"file":"immobilien-campos-neubau-projekt-stadthaus-LF0676-6-210x210.jpg","width":210,"height":210,"mime-type":"image\/jpeg","filesize":31424,"url":"https:\/\/www.lucasfroeserealestate.com\/wp-content\/uploads\/2022\/10\/immobilien-campos-neubau-projekt-stadthaus-LF0676-6-210x210.jpg"},"partners-logo":{"file":"immobilien-campos-neubau-projekt-stadthaus-LF0676-6-600x1625.jpg","width":600,"height":1625,"mime-type":"image\/jpeg","filesize":114870,"url":"https:\/\/www.lucasfroeserealestate.com\/wp-content\/uploads\/2022\/10\/immobilien-campos-neubau-projekt-stadthaus-LF0676-6-600x1625.jpg"},"post-featured-image":{"file":"immobilien-campos-neubau-projekt-stadthaus-LF0676-6-1240x720.jpg","width":1240,"height":720,"mime-type":"image\/jpeg","filesize":172044,"url":"https:\/\/www.lucasfroeserealestate.com\/wp-content\/uploads\/2022\/10\/immobilien-campos-neubau-projekt-stadthaus-LF0676-6-1240x720.jpg"}},"image_meta":{"aperture":"0","credit":"","camera":"","caption":"Immobilien Campos Neubau Stadthaus Projekt","created_timestamp":"1731773880","copyright":"","focal_length":"0","iso":"0","shutter_speed":"0","title":"Immobilien Campos Neubau Stadthaus Projekt","orientation":"0","keywords":["Immobilien Campos Neubau Stadthaus Projekt"]},"ID":"60413","name":"immobilien-campos-neubau-projekt-stadthaus-LF0676-6.jpg","path":"\/home\/empleost\/domains\/lucasfroeserealestate.com\/public_html\/wp-content\/uploads\/2022\/10\/immobilien-campos-neubau-projekt-stadthaus-LF0676-6.jpg","url":"https:\/\/www.lucasfroeserealestate.com\/wp-content\/uploads\/2022\/10\/immobilien-campos-neubau-projekt-stadthaus-LF0676-6-150x150.jpg","full_url":"https:\/\/www.lucasfroeserealestate.com\/wp-content\/uploads\/2022\/10\/immobilien-campos-neubau-projekt-stadthaus-LF0676-6.jpg","title":"Immobilien Campos Neubau Stadthaus Projekt","caption":"Immobilien Campos Neubau Stadthaus Projekt","description":"","alt":"Immobilien Campos Neubau Stadthaus Projekt","srcset":"https:\/\/www.lucasfroeserealestate.com\/wp-content\/uploads\/2022\/10\/immobilien-campos-neubau-projekt-stadthaus-LF0676-6-150x150.jpg 150w, https:\/\/www.lucasfroeserealestate.com\/wp-content\/uploads\/2022\/10\/immobilien-campos-neubau-projekt-stadthaus-LF0676-6-210x210.jpg 210w"},{"width":150,"height":150,"file":"2022\/10\/immobilien-campos-neubau-projekt-stadthaus-LF0676-7.jpg","filesize":498612,"sizes":{"medium":{"file":"immobilien-campos-neubau-projekt-stadthaus-LF0676-7-300x188.jpg","width":300,"height":188,"mime-type":"image\/jpeg","filesize":35411,"url":"https:\/\/www.lucasfroeserealestate.com\/wp-content\/uploads\/2022\/10\/immobilien-campos-neubau-projekt-stadthaus-LF0676-7-300x188.jpg"},"large":{"file":"immobilien-campos-neubau-projekt-stadthaus-LF0676-7-1024x640.jpg","width":1024,"height":640,"mime-type":"image\/jpeg","filesize":131492,"url":"https:\/\/www.lucasfroeserealestate.com\/wp-content\/uploads\/2022\/10\/immobilien-campos-neubau-projekt-stadthaus-LF0676-7-1024x640.jpg"},"thumbnail":{"file":"immobilien-campos-neubau-projekt-stadthaus-LF0676-7-150x150.jpg","width":150,"height":150,"mime-type":"image\/jpeg","filesize":27967,"url":"https:\/\/www.lucasfroeserealestate.com\/wp-content\/uploads\/2022\/10\/immobilien-campos-neubau-projekt-stadthaus-LF0676-7-150x150.jpg"},"medium_large":{"file":"immobilien-campos-neubau-projekt-stadthaus-LF0676-7-768x480.jpg","width":768,"height":480,"mime-type":"image\/jpeg","filesize":87982,"url":"https:\/\/www.lucasfroeserealestate.com\/wp-content\/uploads\/2022\/10\/immobilien-campos-neubau-projekt-stadthaus-LF0676-7-768x480.jpg"},"1536x1536":{"file":"immobilien-campos-neubau-projekt-stadthaus-LF0676-7-1536x960.jpg","width":1536,"height":960,"mime-type":"image\/jpeg","filesize":246174,"url":"https:\/\/www.lucasfroeserealestate.com\/wp-content\/uploads\/2022\/10\/immobilien-campos-neubau-projekt-stadthaus-LF0676-7-1536x960.jpg"},"2048x2048":{"file":"immobilien-campos-neubau-projekt-stadthaus-LF0676-7-2048x1280.jpg","width":2048,"height":1280,"mime-type":"image\/jpeg","filesize":390239,"url":"https:\/\/www.lucasfroeserealestate.com\/wp-content\/uploads\/2022\/10\/immobilien-campos-neubau-projekt-stadthaus-LF0676-7-2048x1280.jpg"},"post-thumbnail":{"file":"immobilien-campos-neubau-projekt-stadthaus-LF0676-7-150x94.jpg","width":150,"height":94,"mime-type":"image\/jpeg","filesize":25881,"url":"https:\/\/www.lucasfroeserealestate.com\/wp-content\/uploads\/2022\/10\/immobilien-campos-neubau-projekt-stadthaus-LF0676-7-150x94.jpg"},"modern-property-child-slider":{"file":"immobilien-campos-neubau-projekt-stadthaus-LF0676-7-680x510.jpg","width":680,"height":510,"mime-type":"image\/jpeg","filesize":86875,"url":"https:\/\/www.lucasfroeserealestate.com\/wp-content\/uploads\/2022\/10\/immobilien-campos-neubau-projekt-stadthaus-LF0676-7-680x510.jpg"},"property-thumb-image":{"file":"immobilien-campos-neubau-projekt-stadthaus-LF0676-7-488x326.jpg","width":488,"height":326,"mime-type":"image\/jpeg","filesize":54599,"url":"https:\/\/www.lucasfroeserealestate.com\/wp-content\/uploads\/2022\/10\/immobilien-campos-neubau-projekt-stadthaus-LF0676-7-488x326.jpg"},"property-detail-video-image":{"file":"immobilien-campos-neubau-projekt-stadthaus-LF0676-7-818x417.jpg","width":818,"height":417,"mime-type":"image\/jpeg","filesize":90112,"url":"https:\/\/www.lucasfroeserealestate.com\/wp-content\/uploads\/2022\/10\/immobilien-campos-neubau-projekt-stadthaus-LF0676-7-818x417.jpg"},"agent-image":{"file":"immobilien-campos-neubau-projekt-stadthaus-LF0676-7-210x210.jpg","width":210,"height":210,"mime-type":"image\/jpeg","filesize":32994,"url":"https:\/\/www.lucasfroeserealestate.com\/wp-content\/uploads\/2022\/10\/immobilien-campos-neubau-projekt-stadthaus-LF0676-7-210x210.jpg"},"partners-logo":{"file":"immobilien-campos-neubau-projekt-stadthaus-LF0676-7-600x1625.jpg","width":600,"height":1625,"mime-type":"image\/jpeg","filesize":151360,"url":"https:\/\/www.lucasfroeserealestate.com\/wp-content\/uploads\/2022\/10\/immobilien-campos-neubau-projekt-stadthaus-LF0676-7-600x1625.jpg"},"post-featured-image":{"file":"immobilien-campos-neubau-projekt-stadthaus-LF0676-7-1240x720.jpg","width":1240,"height":720,"mime-type":"image\/jpeg","filesize":170813,"url":"https:\/\/www.lucasfroeserealestate.com\/wp-content\/uploads\/2022\/10\/immobilien-campos-neubau-projekt-stadthaus-LF0676-7-1240x720.jpg"}},"image_meta":{"aperture":"0","credit":"","camera":"","caption":"Immobilien Campos Neubau Stadthaus Projekt","created_timestamp":"1731773880","copyright":"","focal_length":"0","iso":"0","shutter_speed":"0","title":"Immobilien Campos Neubau Stadthaus Projekt","orientation":"0","keywords":["Immobilien Campos Neubau Stadthaus Projekt"]},"ID":"60416","name":"immobilien-campos-neubau-projekt-stadthaus-LF0676-7.jpg","path":"\/home\/empleost\/domains\/lucasfroeserealestate.com\/public_html\/wp-content\/uploads\/2022\/10\/immobilien-campos-neubau-projekt-stadthaus-LF0676-7.jpg","url":"https:\/\/www.lucasfroeserealestate.com\/wp-content\/uploads\/2022\/10\/immobilien-campos-neubau-projekt-stadthaus-LF0676-7-150x150.jpg","full_url":"https:\/\/www.lucasfroeserealestate.com\/wp-content\/uploads\/2022\/10\/immobilien-campos-neubau-projekt-stadthaus-LF0676-7.jpg","title":"Immobilien Campos Neubau Stadthaus Projekt","caption":"Immobilien Campos Neubau Stadthaus Projekt","description":"","alt":"Immobilien Campos Neubau Stadthaus Projekt","srcset":"https:\/\/www.lucasfroeserealestate.com\/wp-content\/uploads\/2022\/10\/immobilien-campos-neubau-projekt-stadthaus-LF0676-7-150x150.jpg 150w, https:\/\/www.lucasfroeserealestate.com\/wp-content\/uploads\/2022\/10\/immobilien-campos-neubau-projekt-stadthaus-LF0676-7-210x210.jpg 210w"},{"width":150,"height":150,"file":"2022\/10\/immobilien-campos-neubau-projekt-stadthaus-LF0676-4.jpg","filesize":497596,"sizes":{"medium":{"file":"immobilien-campos-neubau-projekt-stadthaus-LF0676-4-300x188.jpg","width":300,"height":188,"mime-type":"image\/jpeg","filesize":37160,"url":"https:\/\/www.lucasfroeserealestate.com\/wp-content\/uploads\/2022\/10\/immobilien-campos-neubau-projekt-stadthaus-LF0676-4-300x188.jpg"},"large":{"file":"immobilien-campos-neubau-projekt-stadthaus-LF0676-4-1024x640.jpg","width":1024,"height":640,"mime-type":"image\/jpeg","filesize":144562,"url":"https:\/\/www.lucasfroeserealestate.com\/wp-content\/uploads\/2022\/10\/immobilien-campos-neubau-projekt-stadthaus-LF0676-4-1024x640.jpg"},"thumbnail":{"file":"immobilien-campos-neubau-projekt-stadthaus-LF0676-4-150x150.jpg","width":150,"height":150,"mime-type":"image\/jpeg","filesize":28372,"url":"https:\/\/www.lucasfroeserealestate.com\/wp-content\/uploads\/2022\/10\/immobilien-campos-neubau-projekt-stadthaus-LF0676-4-150x150.jpg"},"medium_large":{"file":"immobilien-campos-neubau-projekt-stadthaus-LF0676-4-768x480.jpg","width":768,"height":480,"mime-type":"image\/jpeg","filesize":96799,"url":"https:\/\/www.lucasfroeserealestate.com\/wp-content\/uploads\/2022\/10\/immobilien-campos-neubau-projekt-stadthaus-LF0676-4-768x480.jpg"},"1536x1536":{"file":"immobilien-campos-neubau-projekt-stadthaus-LF0676-4-1536x960.jpg","width":1536,"height":960,"mime-type":"image\/jpeg","filesize":264867,"url":"https:\/\/www.lucasfroeserealestate.com\/wp-content\/uploads\/2022\/10\/immobilien-campos-neubau-projekt-stadthaus-LF0676-4-1536x960.jpg"},"2048x2048":{"file":"immobilien-campos-neubau-projekt-stadthaus-LF0676-4-2048x1280.jpg","width":2048,"height":1280,"mime-type":"image\/jpeg","filesize":407046,"url":"https:\/\/www.lucasfroeserealestate.com\/wp-content\/uploads\/2022\/10\/immobilien-campos-neubau-projekt-stadthaus-LF0676-4-2048x1280.jpg"},"post-thumbnail":{"file":"immobilien-campos-neubau-projekt-stadthaus-LF0676-4-150x94.jpg","width":150,"height":94,"mime-type":"image\/jpeg","filesize":26480,"url":"https:\/\/www.lucasfroeserealestate.com\/wp-content\/uploads\/2022\/10\/immobilien-campos-neubau-projekt-stadthaus-LF0676-4-150x94.jpg"},"modern-property-child-slider":{"file":"immobilien-campos-neubau-projekt-stadthaus-LF0676-4-680x510.jpg","width":680,"height":510,"mime-type":"image\/jpeg","filesize":92682,"url":"https:\/\/www.lucasfroeserealestate.com\/wp-content\/uploads\/2022\/10\/immobilien-campos-neubau-projekt-stadthaus-LF0676-4-680x510.jpg"},"property-thumb-image":{"file":"immobilien-campos-neubau-projekt-stadthaus-LF0676-4-488x326.jpg","width":488,"height":326,"mime-type":"image\/jpeg","filesize":58235,"url":"https:\/\/www.lucasfroeserealestate.com\/wp-content\/uploads\/2022\/10\/immobilien-campos-neubau-projekt-stadthaus-LF0676-4-488x326.jpg"},"property-detail-video-image":{"file":"immobilien-campos-neubau-projekt-stadthaus-LF0676-4-818x417.jpg","width":818,"height":417,"mime-type":"image\/jpeg","filesize":95698,"url":"https:\/\/www.lucasfroeserealestate.com\/wp-content\/uploads\/2022\/10\/immobilien-campos-neubau-projekt-stadthaus-LF0676-4-818x417.jpg"},"agent-image":{"file":"immobilien-campos-neubau-projekt-stadthaus-LF0676-4-210x210.jpg","width":210,"height":210,"mime-type":"image\/jpeg","filesize":33635,"url":"https:\/\/www.lucasfroeserealestate.com\/wp-content\/uploads\/2022\/10\/immobilien-campos-neubau-projekt-stadthaus-LF0676-4-210x210.jpg"},"partners-logo":{"file":"immobilien-campos-neubau-projekt-stadthaus-LF0676-4-600x1625.jpg","width":600,"height":1625,"mime-type":"image\/jpeg","filesize":151471,"url":"https:\/\/www.lucasfroeserealestate.com\/wp-content\/uploads\/2022\/10\/immobilien-campos-neubau-projekt-stadthaus-LF0676-4-600x1625.jpg"},"post-featured-image":{"file":"immobilien-campos-neubau-projekt-stadthaus-LF0676-4-1240x720.jpg","width":1240,"height":720,"mime-type":"image\/jpeg","filesize":183507,"url":"https:\/\/www.lucasfroeserealestate.com\/wp-content\/uploads\/2022\/10\/immobilien-campos-neubau-projekt-stadthaus-LF0676-4-1240x720.jpg"}},"image_meta":{"aperture":"0","credit":"","camera":"","caption":"Immobilien Campos Neubau Stadthaus Projekt","created_timestamp":"1731773880","copyright":"","focal_length":"0","iso":"0","shutter_speed":"0","title":"Immobilien Campos Neubau Stadthaus Projekt","orientation":"0","keywords":["Immobilien Campos Neubau Stadthaus Projekt"]},"ID":"60425","name":"immobilien-campos-neubau-projekt-stadthaus-LF0676-4.jpg","path":"\/home\/empleost\/domains\/lucasfroeserealestate.com\/public_html\/wp-content\/uploads\/2022\/10\/immobilien-campos-neubau-projekt-stadthaus-LF0676-4.jpg","url":"https:\/\/www.lucasfroeserealestate.com\/wp-content\/uploads\/2022\/10\/immobilien-campos-neubau-projekt-stadthaus-LF0676-4-150x150.jpg","full_url":"https:\/\/www.lucasfroeserealestate.com\/wp-content\/uploads\/2022\/10\/immobilien-campos-neubau-projekt-stadthaus-LF0676-4.jpg","title":"Immobilien Campos Neubau Stadthaus Projekt","caption":"Immobilien Campos Neubau Stadthaus Projekt","description":"","alt":"Immobilien Campos Neubau Stadthaus Projekt","srcset":"https:\/\/www.lucasfroeserealestate.com\/wp-content\/uploads\/2022\/10\/immobilien-campos-neubau-projekt-stadthaus-LF0676-4-150x150.jpg 150w, https:\/\/www.lucasfroeserealestate.com\/wp-content\/uploads\/2022\/10\/immobilien-campos-neubau-projekt-stadthaus-LF0676-4-210x210.jpg 210w"},{"width":150,"height":150,"file":"2022\/10\/immobilien-campos-neubau-projekt-stadthaus-LF0676.jpg","filesize":456783,"sizes":{"medium":{"file":"immobilien-campos-neubau-projekt-stadthaus-LF0676-300x188.jpg","width":300,"height":188,"mime-type":"image\/jpeg","filesize":39991,"url":"https:\/\/www.lucasfroeserealestate.com\/wp-content\/uploads\/2022\/10\/immobilien-campos-neubau-projekt-stadthaus-LF0676-300x188.jpg"},"large":{"file":"immobilien-campos-neubau-projekt-stadthaus-LF0676-1024x640.jpg","width":1024,"height":640,"mime-type":"image\/jpeg","filesize":202967,"url":"https:\/\/www.lucasfroeserealestate.com\/wp-content\/uploads\/2022\/10\/immobilien-campos-neubau-projekt-stadthaus-LF0676-1024x640.jpg"},"thumbnail":{"file":"immobilien-campos-neubau-projekt-stadthaus-LF0676-150x150.jpg","width":150,"height":150,"mime-type":"image\/jpeg","filesize":29375,"url":"https:\/\/www.lucasfroeserealestate.com\/wp-content\/uploads\/2022\/10\/immobilien-campos-neubau-projekt-stadthaus-LF0676-150x150.jpg"},"medium_large":{"file":"immobilien-campos-neubau-projekt-stadthaus-LF0676-768x480.jpg","width":768,"height":480,"mime-type":"image\/jpeg","filesize":126247,"url":"https:\/\/www.lucasfroeserealestate.com\/wp-content\/uploads\/2022\/10\/immobilien-campos-neubau-projekt-stadthaus-LF0676-768x480.jpg"},"1536x1536":{"file":"immobilien-campos-neubau-projekt-stadthaus-LF0676-1536x960.jpg","width":1536,"height":960,"mime-type":"image\/jpeg","filesize":401774,"url":"https:\/\/www.lucasfroeserealestate.com\/wp-content\/uploads\/2022\/10\/immobilien-campos-neubau-projekt-stadthaus-LF0676-1536x960.jpg"},"2048x2048":{"file":"immobilien-campos-neubau-projekt-stadthaus-LF0676-2048x1280.jpg","width":2048,"height":1280,"mime-type":"image\/jpeg","filesize":637350,"url":"https:\/\/www.lucasfroeserealestate.com\/wp-content\/uploads\/2022\/10\/immobilien-campos-neubau-projekt-stadthaus-LF0676-2048x1280.jpg"},"post-thumbnail":{"file":"immobilien-campos-neubau-projekt-stadthaus-LF0676-150x94.jpg","width":150,"height":94,"mime-type":"image\/jpeg","filesize":26752,"url":"https:\/\/www.lucasfroeserealestate.com\/wp-content\/uploads\/2022\/10\/immobilien-campos-neubau-projekt-stadthaus-LF0676-150x94.jpg"},"modern-property-child-slider":{"file":"immobilien-campos-neubau-projekt-stadthaus-LF0676-680x510.jpg","width":680,"height":510,"mime-type":"image\/jpeg","filesize":120121,"url":"https:\/\/www.lucasfroeserealestate.com\/wp-content\/uploads\/2022\/10\/immobilien-campos-neubau-projekt-stadthaus-LF0676-680x510.jpg"},"property-thumb-image":{"file":"immobilien-campos-neubau-projekt-stadthaus-LF0676-488x326.jpg","width":488,"height":326,"mime-type":"image\/jpeg","filesize":69236,"url":"https:\/\/www.lucasfroeserealestate.com\/wp-content\/uploads\/2022\/10\/immobilien-campos-neubau-projekt-stadthaus-LF0676-488x326.jpg"},"property-detail-video-image":{"file":"immobilien-campos-neubau-projekt-stadthaus-LF0676-818x417.jpg","width":818,"height":417,"mime-type":"image\/jpeg","filesize":128195,"url":"https:\/\/www.lucasfroeserealestate.com\/wp-content\/uploads\/2022\/10\/immobilien-campos-neubau-projekt-stadthaus-LF0676-818x417.jpg"},"agent-image":{"file":"immobilien-campos-neubau-projekt-stadthaus-LF0676-210x210.jpg","width":210,"height":210,"mime-type":"image\/jpeg","filesize":36164,"url":"https:\/\/www.lucasfroeserealestate.com\/wp-content\/uploads\/2022\/10\/immobilien-campos-neubau-projekt-stadthaus-LF0676-210x210.jpg"},"partners-logo":{"file":"immobilien-campos-neubau-projekt-stadthaus-LF0676-600x1625.jpg","width":600,"height":1625,"mime-type":"image\/jpeg","filesize":158276,"url":"https:\/\/www.lucasfroeserealestate.com\/wp-content\/uploads\/2022\/10\/immobilien-campos-neubau-projekt-stadthaus-LF0676-600x1625.jpg"},"post-featured-image":{"file":"immobilien-campos-neubau-projekt-stadthaus-LF0676-1240x720.jpg","width":1240,"height":720,"mime-type":"image\/jpeg","filesize":268877,"url":"https:\/\/www.lucasfroeserealestate.com\/wp-content\/uploads\/2022\/10\/immobilien-campos-neubau-projekt-stadthaus-LF0676-1240x720.jpg"}},"image_meta":{"aperture":"0","credit":"","camera":"","caption":"Immobilien Campos Neubau Stadthaus Projekt","created_timestamp":"1731773880","copyright":"","focal_length":"0","iso":"0","shutter_speed":"0","title":"Immobilien Campos Neubau Stadthaus Projekt","orientation":"0","keywords":["Immobilien Campos Neubau Stadthaus Projekt"]},"ID":"60392","name":"immobilien-campos-neubau-projekt-stadthaus-LF0676.jpg","path":"\/home\/empleost\/domains\/lucasfroeserealestate.com\/public_html\/wp-content\/uploads\/2022\/10\/immobilien-campos-neubau-projekt-stadthaus-LF0676.jpg","url":"https:\/\/www.lucasfroeserealestate.com\/wp-content\/uploads\/2022\/10\/immobilien-campos-neubau-projekt-stadthaus-LF0676-150x150.jpg","full_url":"https:\/\/www.lucasfroeserealestate.com\/wp-content\/uploads\/2022\/10\/immobilien-campos-neubau-projekt-stadthaus-LF0676.jpg","title":"Immobilien Campos Neubau Stadthaus Projekt","caption":"Immobilien Campos Neubau Stadthaus Projekt","description":"","alt":"Immobilien Campos Neubau Stadthaus Projekt","srcset":"https:\/\/www.lucasfroeserealestate.com\/wp-content\/uploads\/2022\/10\/immobilien-campos-neubau-projekt-stadthaus-LF0676-150x150.jpg 150w, https:\/\/www.lucasfroeserealestate.com\/wp-content\/uploads\/2022\/10\/immobilien-campos-neubau-projekt-stadthaus-LF0676-210x210.jpg 210w"}],"REAL_HOMES_change_gallery_slider_type":"0","REAL_HOMES_gallery_slider_type":"thumb-on-right","inspiry_floor_plans":[],"inspiry_video_group":[],"REAL_HOMES_360_virtual_tour":"","REAL_HOMES_agent_display_option":"agent_info","REAL_HOMES_agents":["6675"],"REAL_HOMES_energy_class":"A","REAL_HOMES_energy_performance":"","REAL_HOMES_epc_current_rating":"","REAL_HOMES_epc_potential_rating":"","ere_property_schedule_tour":"global","ere_property_schedule_time_slots":"","ere_property_schedule_description":"","REAL_HOMES_sticky":"0","inspiry_property_label":"","inspiry_property_label_color":"","inspiry_property_tax":"","inspiry_additional_fee":"","REAL_HOMES_attachments":[],"inspiry_property_owner_name":"","inspiry_property_owner_contact":"","inspiry_property_owner_address":"","REAL_HOMES_property_private_note":"","inspiry_message_to_reviewer":"","REAL_HOMES_add_in_slider":"no","REAL_HOMES_slider_image":[],"REAL_HOMES_page_banner_image":[],"REAL_HOMES_hide_property_advance_search":"0","inspiry_ausrichtung":"Sur","inspiry_strasse":"","inspiry_hausnummer":"","inspiry_plz":"","inspiry_ort":"","inspiry_land":"","inspiry_new-build":"","inspiry_kyero_prime_activator":[],"inspiry_kyero_xml_format":[],"inspiry_openimmo_xml_format":[],"inspiry_idealista_xml_format":[],"inspiry_etagen":"","inspiry_etage_(wo_sich_die_wohnung_befindet,_sonst_0)":"","inspiry_gesamtfl\u00e4che\/bebaute_fl\u00e4che_(mehr_als_wohnfl\u00e4che*)":"","inspiry_anzahl_zimmer_sz_esszimmer_wohnzimmer_hobby_zimmer_usw":"","inspiry_anzahl_terrassen":"","inspiry_anzahl_wohneinheiten":"","inspiry_google_maps_link":"","inspiry_google_drive_link":"","inspiry_location_coordinates_gm":"","inspiry_erhaltungszustand_der_immobilie":"","inspiry_heizungsart":"","inspiry_qualit\u00e4t_der_ausstattung":"","inspiry_kauf\/miete":"","inspiry_kategorie":"","inspiry_typ":"","inspiry_art":"","inspiry_land_type_(only_plots)":"","inspiry_listed_by":"","inspiry_comission_(%)":"","inspiry_lage_beschreibung":"","inspiry_austattung_beschreibung":"","inspiry_bodenbelag":"","inspiry_distanz_zum_flughafen_(min)":"","inspiry_auftragsart":"","inspiry_keys":[],"inspiry_preis_pro_m2":"","inspiry_office_listed":"","inspiry_suchkriterien_extras":["Cerca del aeropuerto (35')","Con piscina","Amueblado","Edificio nuevo","La mejor inversi\u00f3n"],"REAL_HOMES_custom_header_display":"default","REAL_HOMES_custom_header_position":"relative","REAL_HOMES_custom_footer_display":"default","REAL_HOMES_hide_advance_search":"0","REAL_HOMES_custom_search_form":"default","REAL_HOMES_search_form_margin_top":"","REAL_HOMES_search_form_margin_bottom":""},"_links":{"self":[{"href":"https:\/\/www.lucasfroeserealestate.com\/es\/wp-json\/wp\/v2\/immobilien\/54312","targetHints":{"allow":["GET"]}}],"collection":[{"href":"https:\/\/www.lucasfroeserealestate.com\/es\/wp-json\/wp\/v2\/immobilien"}],"about":[{"href":"https:\/\/www.lucasfroeserealestate.com\/es\/wp-json\/wp\/v2\/types\/property"}],"author":[{"embeddable":true,"href":"https:\/\/www.lucasfroeserealestate.com\/es\/wp-json\/wp\/v2\/users\/8"}],"replies":[{"embeddable":true,"href":"https:\/\/www.lucasfroeserealestate.com\/es\/wp-json\/wp\/v2\/comments?post=54312"}],"version-history":[{"count":2,"href":"https:\/\/www.lucasfroeserealestate.com\/es\/wp-json\/wp\/v2\/immobilien\/54312\/revisions"}],"predecessor-version":[{"id":81562,"href":"https:\/\/www.lucasfroeserealestate.com\/es\/wp-json\/wp\/v2\/immobilien\/54312\/revisions\/81562"}],"wp:featuredmedia":[{"embeddable":true,"href":"https:\/\/www.lucasfroeserealestate.com\/es\/wp-json\/wp\/v2\/media\/73060"}],"wp:attachment":[{"href":"https:\/\/www.lucasfroeserealestate.com\/es\/wp-json\/wp\/v2\/media?parent=54312"}],"wp:term":[{"taxonomy":"property-feature","embeddable":true,"href":"https:\/\/www.lucasfroeserealestate.com\/es\/wp-json\/wp\/v2\/immobilien-austattung?post=54312"},{"taxonomy":"property-type","embeddable":true,"href":"https:\/\/www.lucasfroeserealestate.com\/es\/wp-json\/wp\/v2\/immobilien-typ?post=54312"},{"taxonomy":"property-city","embeddable":true,"href":"https:\/\/www.lucasfroeserealestate.com\/es\/wp-json\/wp\/v2\/immobilien-ortschaft?post=54312"},{"taxonomy":"property-status","embeddable":true,"href":"https:\/\/www.lucasfroeserealestate.com\/es\/wp-json\/wp\/v2\/immobilien-status?post=54312"}],"curies":[{"name":"wp","href":"https:\/\/api.w.org\/{rel}","templated":true}]}}