{"id":30654,"date":"2020-03-18T10:12:48","date_gmt":"2020-03-18T09:12:48","guid":{"rendered":"https:\/\/www.lucasfroeserealestate.com\/immobilien\/edificio-emblematico-en-una-de-las-calles-principales-de-felanitx\/"},"modified":"2026-01-10T14:22:07","modified_gmt":"2026-01-10T13:22:07","slug":"edificio-emblematico-en-una-de-las-calles-principales-de-felanitx","status":"publish","type":"property","link":"https:\/\/www.lucasfroeserealestate.com\/es\/immobilien\/edificio-emblematico-en-una-de-las-calles-principales-de-felanitx\/","title":{"rendered":"Edificio emblem\u00e1tico en una de las calles principales de Felanitx."},"content":{"rendered":"<p>Se vende este edificio hist\u00f3rico en una de las calles principales de Felanitx.<\/p>\n<p>El edificio cuenta actualmente con dos pisos muy espaciosos y un local comercial de m\u00e1s de 210 m2. Hay un total de 638 metros construidos entre las tres plantas. Tambi\u00e9n tiene una bodega muy espaciosa.<\/p>\n<p>Es una gran oportunidad de inversi\u00f3n si tienes en cuenta la ubicaci\u00f3n de la propiedad, su dise\u00f1o arquitect\u00f3nico, su historia y, sobre todo, las posibilidades de renovaci\u00f3n.<\/p>\n","protected":false},"excerpt":{"rendered":"<p>Se vende este edificio hist\u00f3rico en una de las calles principales de Felanitx. El edificio cuenta actualmente con dos pisos muy espaciosos y un local comercial de m\u00e1s de 210 m2. Hay un total de 638 metros construidos entre las tres plantas. Tambi\u00e9n tiene una bodega muy espaciosa. Es una gran oportunidad de inversi\u00f3n si&#8230;<\/p>\n","protected":false},"author":8,"featured_media":30589,"parent":0,"menu_order":0,"comment_status":"closed","ping_status":"closed","template":"","immobilien-austattung":[1642,112,2138,137,1505,1506,109],"immobilien-typ":[86],"immobilien-ortschaft":[119],"immobilien-status":[114],"class_list":["post-30654","property","type-property","status-publish","has-post-thumbnail","hentry","property-feature-heizung-es","property-feature-zentralheizung-es","property-feature-energiezertifikat-in-bearbeitung-es","property-feature-investitionsimmobilie-es","property-feature-gesa-strom-es","property-feature-keller-es","property-feature-terrasse-es","property-type-casasychalets","property-city-felanitx-es","property-status-venta"],"property_meta":{"REAL_HOMES_property_price":"525000","REAL_HOMES_property_old_price":"","REAL_HOMES_property_price_prefix":"","REAL_HOMES_property_price_postfix":"","REAL_HOMES_property_size":"638","REAL_HOMES_property_size_postfix":"","REAL_HOMES_property_lot_size":"201","REAL_HOMES_property_lot_size_postfix":"","REAL_HOMES_property_bedrooms":"8","REAL_HOMES_property_bathrooms":"4","REAL_HOMES_property_garage":"","REAL_HOMES_property_id":"LF0420","REAL_HOMES_property_year_built":"","rvr_property_owner":"","REAL_HOMES_featured":"","REAL_HOMES_additional_details_list":[],"REAL_HOMES_property_location":{"latitude":"39.468144356457","longitude":"3.1468252837658","zoom":"14"},"REAL_HOMES_property_address":"Felanich, Migjorn, Islas Baleares, Espa\u00f1a","REAL_HOMES_property_map":"0","REAL_HOMES_property_images":[{"width":150,"height":150,"file":"2022\/03\/Zwei-Appartaments-und-Gewerblokal-Investition-Felanitx-9.jpg","sizes":{"medium":{"file":"Zwei-Appartaments-und-Gewerblokal-Investition-Felanitx-9-300x200.jpg","width":300,"height":200,"mime-type":"image\/jpeg","url":"https:\/\/www.lucasfroeserealestate.com\/wp-content\/uploads\/2022\/03\/Zwei-Appartaments-und-Gewerblokal-Investition-Felanitx-9-300x200.jpg"},"large":{"file":"Zwei-Appartaments-und-Gewerblokal-Investition-Felanitx-9-1024x683.jpg","width":1024,"height":683,"mime-type":"image\/jpeg","url":"https:\/\/www.lucasfroeserealestate.com\/wp-content\/uploads\/2022\/03\/Zwei-Appartaments-und-Gewerblokal-Investition-Felanitx-9-1024x683.jpg"},"thumbnail":{"file":"Zwei-Appartaments-und-Gewerblokal-Investition-Felanitx-9-150x150.jpg","width":150,"height":150,"mime-type":"image\/jpeg","url":"https:\/\/www.lucasfroeserealestate.com\/wp-content\/uploads\/2022\/03\/Zwei-Appartaments-und-Gewerblokal-Investition-Felanitx-9-150x150.jpg"},"medium_large":{"file":"Zwei-Appartaments-und-Gewerblokal-Investition-Felanitx-9-768x512.jpg","width":768,"height":512,"mime-type":"image\/jpeg","url":"https:\/\/www.lucasfroeserealestate.com\/wp-content\/uploads\/2022\/03\/Zwei-Appartaments-und-Gewerblokal-Investition-Felanitx-9-768x512.jpg"},"1536x1536":{"file":"Zwei-Appartaments-und-Gewerblokal-Investition-Felanitx-9-1536x1024.jpg","width":1536,"height":1024,"mime-type":"image\/jpeg","url":"https:\/\/www.lucasfroeserealestate.com\/wp-content\/uploads\/2022\/03\/Zwei-Appartaments-und-Gewerblokal-Investition-Felanitx-9-1536x1024.jpg"},"post-thumbnail":{"file":"Zwei-Appartaments-und-Gewerblokal-Investition-Felanitx-9-150x100.jpg","width":150,"height":100,"mime-type":"image\/jpeg","url":"https:\/\/www.lucasfroeserealestate.com\/wp-content\/uploads\/2022\/03\/Zwei-Appartaments-und-Gewerblokal-Investition-Felanitx-9-150x100.jpg"},"modern-property-child-slider":{"file":"Zwei-Appartaments-und-Gewerblokal-Investition-Felanitx-9-680x510.jpg","width":680,"height":510,"mime-type":"image\/jpeg","url":"https:\/\/www.lucasfroeserealestate.com\/wp-content\/uploads\/2022\/03\/Zwei-Appartaments-und-Gewerblokal-Investition-Felanitx-9-680x510.jpg"},"property-thumb-image":{"file":"Zwei-Appartaments-und-Gewerblokal-Investition-Felanitx-9-488x326.jpg","width":488,"height":326,"mime-type":"image\/jpeg","url":"https:\/\/www.lucasfroeserealestate.com\/wp-content\/uploads\/2022\/03\/Zwei-Appartaments-und-Gewerblokal-Investition-Felanitx-9-488x326.jpg"},"property-detail-video-image":{"file":"Zwei-Appartaments-und-Gewerblokal-Investition-Felanitx-9-818x417.jpg","width":818,"height":417,"mime-type":"image\/jpeg","url":"https:\/\/www.lucasfroeserealestate.com\/wp-content\/uploads\/2022\/03\/Zwei-Appartaments-und-Gewerblokal-Investition-Felanitx-9-818x417.jpg"},"agent-image":{"file":"Zwei-Appartaments-und-Gewerblokal-Investition-Felanitx-9-210x210.jpg","width":210,"height":210,"mime-type":"image\/jpeg","url":"https:\/\/www.lucasfroeserealestate.com\/wp-content\/uploads\/2022\/03\/Zwei-Appartaments-und-Gewerblokal-Investition-Felanitx-9-210x210.jpg"},"partners-logo":{"file":"Zwei-Appartaments-und-Gewerblokal-Investition-Felanitx-9-600x1067.jpg","width":600,"height":1067,"mime-type":"image\/jpeg","url":"https:\/\/www.lucasfroeserealestate.com\/wp-content\/uploads\/2022\/03\/Zwei-Appartaments-und-Gewerblokal-Investition-Felanitx-9-600x1067.jpg"},"post-featured-image":{"file":"Zwei-Appartaments-und-Gewerblokal-Investition-Felanitx-9-1240x720.jpg","width":1240,"height":720,"mime-type":"image\/jpeg","url":"https:\/\/www.lucasfroeserealestate.com\/wp-content\/uploads\/2022\/03\/Zwei-Appartaments-und-Gewerblokal-Investition-Felanitx-9-1240x720.jpg"}},"image_meta":{"aperture":"4","credit":"","camera":"NIKON D3100","caption":"Breite Gewerbelokal Investition Felanitx","created_timestamp":"1645544571","copyright":"","focal_length":"10","iso":"1400","shutter_speed":"0.016666666666667","title":"Breite Gewerbelokal Investition Felanitx","orientation":"0","keywords":["Breite Gewerbelokal Investition Felanitx"]},"ID":"30591","name":"Zwei-Appartaments-und-Gewerblokal-Investition-Felanitx-9.jpg","path":"\/home\/empleost\/domains\/lucasfroeserealestate.com\/public_html\/wp-content\/uploads\/2022\/03\/Zwei-Appartaments-und-Gewerblokal-Investition-Felanitx-9.jpg","url":"https:\/\/www.lucasfroeserealestate.com\/wp-content\/uploads\/2022\/03\/Zwei-Appartaments-und-Gewerblokal-Investition-Felanitx-9-150x150.jpg","full_url":"https:\/\/www.lucasfroeserealestate.com\/wp-content\/uploads\/2022\/03\/Zwei-Appartaments-und-Gewerblokal-Investition-Felanitx-9.jpg","title":"Breite Gewerbelokal Investition Felanitx","caption":"Breite Gewerbelokal Investition Felanitx","description":"","alt":"Breite Gewerbelokal Investition Felanitx","srcset":"https:\/\/www.lucasfroeserealestate.com\/wp-content\/uploads\/2022\/03\/Zwei-Appartaments-und-Gewerblokal-Investition-Felanitx-9-150x150.jpg 150w, https:\/\/www.lucasfroeserealestate.com\/wp-content\/uploads\/2022\/03\/Zwei-Appartaments-und-Gewerblokal-Investition-Felanitx-9-210x210.jpg 210w"},{"width":150,"height":150,"file":"2022\/03\/Zwei-Appartaments-und-Gewerblokal-Investition-Felanitx-10.jpg","sizes":{"medium":{"file":"Zwei-Appartaments-und-Gewerblokal-Investition-Felanitx-10-300x200.jpg","width":300,"height":200,"mime-type":"image\/jpeg","url":"https:\/\/www.lucasfroeserealestate.com\/wp-content\/uploads\/2022\/03\/Zwei-Appartaments-und-Gewerblokal-Investition-Felanitx-10-300x200.jpg"},"large":{"file":"Zwei-Appartaments-und-Gewerblokal-Investition-Felanitx-10-1024x683.jpg","width":1024,"height":683,"mime-type":"image\/jpeg","url":"https:\/\/www.lucasfroeserealestate.com\/wp-content\/uploads\/2022\/03\/Zwei-Appartaments-und-Gewerblokal-Investition-Felanitx-10-1024x683.jpg"},"thumbnail":{"file":"Zwei-Appartaments-und-Gewerblokal-Investition-Felanitx-10-150x150.jpg","width":150,"height":150,"mime-type":"image\/jpeg","url":"https:\/\/www.lucasfroeserealestate.com\/wp-content\/uploads\/2022\/03\/Zwei-Appartaments-und-Gewerblokal-Investition-Felanitx-10-150x150.jpg"},"medium_large":{"file":"Zwei-Appartaments-und-Gewerblokal-Investition-Felanitx-10-768x512.jpg","width":768,"height":512,"mime-type":"image\/jpeg","url":"https:\/\/www.lucasfroeserealestate.com\/wp-content\/uploads\/2022\/03\/Zwei-Appartaments-und-Gewerblokal-Investition-Felanitx-10-768x512.jpg"},"1536x1536":{"file":"Zwei-Appartaments-und-Gewerblokal-Investition-Felanitx-10-1536x1024.jpg","width":1536,"height":1024,"mime-type":"image\/jpeg","url":"https:\/\/www.lucasfroeserealestate.com\/wp-content\/uploads\/2022\/03\/Zwei-Appartaments-und-Gewerblokal-Investition-Felanitx-10-1536x1024.jpg"},"post-thumbnail":{"file":"Zwei-Appartaments-und-Gewerblokal-Investition-Felanitx-10-150x100.jpg","width":150,"height":100,"mime-type":"image\/jpeg","url":"https:\/\/www.lucasfroeserealestate.com\/wp-content\/uploads\/2022\/03\/Zwei-Appartaments-und-Gewerblokal-Investition-Felanitx-10-150x100.jpg"},"modern-property-child-slider":{"file":"Zwei-Appartaments-und-Gewerblokal-Investition-Felanitx-10-680x510.jpg","width":680,"height":510,"mime-type":"image\/jpeg","url":"https:\/\/www.lucasfroeserealestate.com\/wp-content\/uploads\/2022\/03\/Zwei-Appartaments-und-Gewerblokal-Investition-Felanitx-10-680x510.jpg"},"property-thumb-image":{"file":"Zwei-Appartaments-und-Gewerblokal-Investition-Felanitx-10-488x326.jpg","width":488,"height":326,"mime-type":"image\/jpeg","url":"https:\/\/www.lucasfroeserealestate.com\/wp-content\/uploads\/2022\/03\/Zwei-Appartaments-und-Gewerblokal-Investition-Felanitx-10-488x326.jpg"},"property-detail-video-image":{"file":"Zwei-Appartaments-und-Gewerblokal-Investition-Felanitx-10-818x417.jpg","width":818,"height":417,"mime-type":"image\/jpeg","url":"https:\/\/www.lucasfroeserealestate.com\/wp-content\/uploads\/2022\/03\/Zwei-Appartaments-und-Gewerblokal-Investition-Felanitx-10-818x417.jpg"},"agent-image":{"file":"Zwei-Appartaments-und-Gewerblokal-Investition-Felanitx-10-210x210.jpg","width":210,"height":210,"mime-type":"image\/jpeg","url":"https:\/\/www.lucasfroeserealestate.com\/wp-content\/uploads\/2022\/03\/Zwei-Appartaments-und-Gewerblokal-Investition-Felanitx-10-210x210.jpg"},"partners-logo":{"file":"Zwei-Appartaments-und-Gewerblokal-Investition-Felanitx-10-600x1067.jpg","width":600,"height":1067,"mime-type":"image\/jpeg","url":"https:\/\/www.lucasfroeserealestate.com\/wp-content\/uploads\/2022\/03\/Zwei-Appartaments-und-Gewerblokal-Investition-Felanitx-10-600x1067.jpg"},"post-featured-image":{"file":"Zwei-Appartaments-und-Gewerblokal-Investition-Felanitx-10-1240x720.jpg","width":1240,"height":720,"mime-type":"image\/jpeg","url":"https:\/\/www.lucasfroeserealestate.com\/wp-content\/uploads\/2022\/03\/Zwei-Appartaments-und-Gewerblokal-Investition-Felanitx-10-1240x720.jpg"}},"image_meta":{"aperture":"4","credit":"","camera":"NIKON D3100","caption":"Breite Gewerbelokal in Zentrum von Felanitx","created_timestamp":"1645544596","copyright":"","focal_length":"10","iso":"1250","shutter_speed":"0.016666666666667","title":"Breite Gewerbelokal in Zentrum von Felanitx","orientation":"0","keywords":["Breite Gewerbelokal in Zentrum von Felanitx"]},"ID":"30594","name":"Zwei-Appartaments-und-Gewerblokal-Investition-Felanitx-10.jpg","path":"\/home\/empleost\/domains\/lucasfroeserealestate.com\/public_html\/wp-content\/uploads\/2022\/03\/Zwei-Appartaments-und-Gewerblokal-Investition-Felanitx-10.jpg","url":"https:\/\/www.lucasfroeserealestate.com\/wp-content\/uploads\/2022\/03\/Zwei-Appartaments-und-Gewerblokal-Investition-Felanitx-10-150x150.jpg","full_url":"https:\/\/www.lucasfroeserealestate.com\/wp-content\/uploads\/2022\/03\/Zwei-Appartaments-und-Gewerblokal-Investition-Felanitx-10.jpg","title":"Breite Gewerbelokal in Zentrum von Felanitx","caption":"Breite Gewerbelokal in Zentrum von Felanitx","description":"","alt":"Breite Gewerbelokal in Zentrum von Felanitx","srcset":"https:\/\/www.lucasfroeserealestate.com\/wp-content\/uploads\/2022\/03\/Zwei-Appartaments-und-Gewerblokal-Investition-Felanitx-10-150x150.jpg 150w, https:\/\/www.lucasfroeserealestate.com\/wp-content\/uploads\/2022\/03\/Zwei-Appartaments-und-Gewerblokal-Investition-Felanitx-10-210x210.jpg 210w"},{"width":150,"height":150,"file":"2022\/03\/Zwei-Appartaments-und-Gewerblokal-Investition-Felanitx-7.jpg","sizes":{"medium":{"file":"Zwei-Appartaments-und-Gewerblokal-Investition-Felanitx-7-300x200.jpg","width":300,"height":200,"mime-type":"image\/jpeg","url":"https:\/\/www.lucasfroeserealestate.com\/wp-content\/uploads\/2022\/03\/Zwei-Appartaments-und-Gewerblokal-Investition-Felanitx-7-300x200.jpg"},"large":{"file":"Zwei-Appartaments-und-Gewerblokal-Investition-Felanitx-7-1024x683.jpg","width":1024,"height":683,"mime-type":"image\/jpeg","url":"https:\/\/www.lucasfroeserealestate.com\/wp-content\/uploads\/2022\/03\/Zwei-Appartaments-und-Gewerblokal-Investition-Felanitx-7-1024x683.jpg"},"thumbnail":{"file":"Zwei-Appartaments-und-Gewerblokal-Investition-Felanitx-7-150x150.jpg","width":150,"height":150,"mime-type":"image\/jpeg","url":"https:\/\/www.lucasfroeserealestate.com\/wp-content\/uploads\/2022\/03\/Zwei-Appartaments-und-Gewerblokal-Investition-Felanitx-7-150x150.jpg"},"medium_large":{"file":"Zwei-Appartaments-und-Gewerblokal-Investition-Felanitx-7-768x512.jpg","width":768,"height":512,"mime-type":"image\/jpeg","url":"https:\/\/www.lucasfroeserealestate.com\/wp-content\/uploads\/2022\/03\/Zwei-Appartaments-und-Gewerblokal-Investition-Felanitx-7-768x512.jpg"},"1536x1536":{"file":"Zwei-Appartaments-und-Gewerblokal-Investition-Felanitx-7-1536x1024.jpg","width":1536,"height":1024,"mime-type":"image\/jpeg","url":"https:\/\/www.lucasfroeserealestate.com\/wp-content\/uploads\/2022\/03\/Zwei-Appartaments-und-Gewerblokal-Investition-Felanitx-7-1536x1024.jpg"},"post-thumbnail":{"file":"Zwei-Appartaments-und-Gewerblokal-Investition-Felanitx-7-150x100.jpg","width":150,"height":100,"mime-type":"image\/jpeg","url":"https:\/\/www.lucasfroeserealestate.com\/wp-content\/uploads\/2022\/03\/Zwei-Appartaments-und-Gewerblokal-Investition-Felanitx-7-150x100.jpg"},"modern-property-child-slider":{"file":"Zwei-Appartaments-und-Gewerblokal-Investition-Felanitx-7-680x510.jpg","width":680,"height":510,"mime-type":"image\/jpeg","url":"https:\/\/www.lucasfroeserealestate.com\/wp-content\/uploads\/2022\/03\/Zwei-Appartaments-und-Gewerblokal-Investition-Felanitx-7-680x510.jpg"},"property-thumb-image":{"file":"Zwei-Appartaments-und-Gewerblokal-Investition-Felanitx-7-488x326.jpg","width":488,"height":326,"mime-type":"image\/jpeg","url":"https:\/\/www.lucasfroeserealestate.com\/wp-content\/uploads\/2022\/03\/Zwei-Appartaments-und-Gewerblokal-Investition-Felanitx-7-488x326.jpg"},"property-detail-video-image":{"file":"Zwei-Appartaments-und-Gewerblokal-Investition-Felanitx-7-818x417.jpg","width":818,"height":417,"mime-type":"image\/jpeg","url":"https:\/\/www.lucasfroeserealestate.com\/wp-content\/uploads\/2022\/03\/Zwei-Appartaments-und-Gewerblokal-Investition-Felanitx-7-818x417.jpg"},"agent-image":{"file":"Zwei-Appartaments-und-Gewerblokal-Investition-Felanitx-7-210x210.jpg","width":210,"height":210,"mime-type":"image\/jpeg","url":"https:\/\/www.lucasfroeserealestate.com\/wp-content\/uploads\/2022\/03\/Zwei-Appartaments-und-Gewerblokal-Investition-Felanitx-7-210x210.jpg"},"partners-logo":{"file":"Zwei-Appartaments-und-Gewerblokal-Investition-Felanitx-7-600x1067.jpg","width":600,"height":1067,"mime-type":"image\/jpeg","url":"https:\/\/www.lucasfroeserealestate.com\/wp-content\/uploads\/2022\/03\/Zwei-Appartaments-und-Gewerblokal-Investition-Felanitx-7-600x1067.jpg"},"post-featured-image":{"file":"Zwei-Appartaments-und-Gewerblokal-Investition-Felanitx-7-1240x720.jpg","width":1240,"height":720,"mime-type":"image\/jpeg","url":"https:\/\/www.lucasfroeserealestate.com\/wp-content\/uploads\/2022\/03\/Zwei-Appartaments-und-Gewerblokal-Investition-Felanitx-7-1240x720.jpg"}},"image_meta":{"aperture":"4","credit":"","camera":"NIKON D3100","caption":"Helle Wohnzimmer mit Kamin","created_timestamp":"1645544303","copyright":"","focal_length":"10","iso":"320","shutter_speed":"0.008","title":"Helle Wohnzimmer mit Kamin","orientation":"0","keywords":["Helle Wohnzimmer mit Kamin "]},"ID":"30615","name":"Zwei-Appartaments-und-Gewerblokal-Investition-Felanitx-7.jpg","path":"\/home\/empleost\/domains\/lucasfroeserealestate.com\/public_html\/wp-content\/uploads\/2022\/03\/Zwei-Appartaments-und-Gewerblokal-Investition-Felanitx-7.jpg","url":"https:\/\/www.lucasfroeserealestate.com\/wp-content\/uploads\/2022\/03\/Zwei-Appartaments-und-Gewerblokal-Investition-Felanitx-7-150x150.jpg","full_url":"https:\/\/www.lucasfroeserealestate.com\/wp-content\/uploads\/2022\/03\/Zwei-Appartaments-und-Gewerblokal-Investition-Felanitx-7.jpg","title":"Helle Wohnzimmer mit Kamin","caption":"Helle Wohnzimmer mit Kamin","description":"","alt":"Helle Wohnzimmer mit Kamin","srcset":"https:\/\/www.lucasfroeserealestate.com\/wp-content\/uploads\/2022\/03\/Zwei-Appartaments-und-Gewerblokal-Investition-Felanitx-7-150x150.jpg 150w, https:\/\/www.lucasfroeserealestate.com\/wp-content\/uploads\/2022\/03\/Zwei-Appartaments-und-Gewerblokal-Investition-Felanitx-7-210x210.jpg 210w"},{"width":150,"height":150,"file":"2022\/03\/Zwei-Appartaments-und-Gewerblokal-Investition-Felanitx.jpg","sizes":{"medium":{"file":"Zwei-Appartaments-und-Gewerblokal-Investition-Felanitx-300x200.jpg","width":300,"height":200,"mime-type":"image\/jpeg","url":"https:\/\/www.lucasfroeserealestate.com\/wp-content\/uploads\/2022\/03\/Zwei-Appartaments-und-Gewerblokal-Investition-Felanitx-300x200.jpg"},"large":{"file":"Zwei-Appartaments-und-Gewerblokal-Investition-Felanitx-1024x683.jpg","width":1024,"height":683,"mime-type":"image\/jpeg","url":"https:\/\/www.lucasfroeserealestate.com\/wp-content\/uploads\/2022\/03\/Zwei-Appartaments-und-Gewerblokal-Investition-Felanitx-1024x683.jpg"},"thumbnail":{"file":"Zwei-Appartaments-und-Gewerblokal-Investition-Felanitx-150x150.jpg","width":150,"height":150,"mime-type":"image\/jpeg","url":"https:\/\/www.lucasfroeserealestate.com\/wp-content\/uploads\/2022\/03\/Zwei-Appartaments-und-Gewerblokal-Investition-Felanitx-150x150.jpg"},"medium_large":{"file":"Zwei-Appartaments-und-Gewerblokal-Investition-Felanitx-768x512.jpg","width":768,"height":512,"mime-type":"image\/jpeg","url":"https:\/\/www.lucasfroeserealestate.com\/wp-content\/uploads\/2022\/03\/Zwei-Appartaments-und-Gewerblokal-Investition-Felanitx-768x512.jpg"},"1536x1536":{"file":"Zwei-Appartaments-und-Gewerblokal-Investition-Felanitx-1536x1024.jpg","width":1536,"height":1024,"mime-type":"image\/jpeg","url":"https:\/\/www.lucasfroeserealestate.com\/wp-content\/uploads\/2022\/03\/Zwei-Appartaments-und-Gewerblokal-Investition-Felanitx-1536x1024.jpg"},"post-thumbnail":{"file":"Zwei-Appartaments-und-Gewerblokal-Investition-Felanitx-150x100.jpg","width":150,"height":100,"mime-type":"image\/jpeg","url":"https:\/\/www.lucasfroeserealestate.com\/wp-content\/uploads\/2022\/03\/Zwei-Appartaments-und-Gewerblokal-Investition-Felanitx-150x100.jpg"},"modern-property-child-slider":{"file":"Zwei-Appartaments-und-Gewerblokal-Investition-Felanitx-680x510.jpg","width":680,"height":510,"mime-type":"image\/jpeg","url":"https:\/\/www.lucasfroeserealestate.com\/wp-content\/uploads\/2022\/03\/Zwei-Appartaments-und-Gewerblokal-Investition-Felanitx-680x510.jpg"},"property-thumb-image":{"file":"Zwei-Appartaments-und-Gewerblokal-Investition-Felanitx-488x326.jpg","width":488,"height":326,"mime-type":"image\/jpeg","url":"https:\/\/www.lucasfroeserealestate.com\/wp-content\/uploads\/2022\/03\/Zwei-Appartaments-und-Gewerblokal-Investition-Felanitx-488x326.jpg"},"property-detail-video-image":{"file":"Zwei-Appartaments-und-Gewerblokal-Investition-Felanitx-818x417.jpg","width":818,"height":417,"mime-type":"image\/jpeg","url":"https:\/\/www.lucasfroeserealestate.com\/wp-content\/uploads\/2022\/03\/Zwei-Appartaments-und-Gewerblokal-Investition-Felanitx-818x417.jpg"},"agent-image":{"file":"Zwei-Appartaments-und-Gewerblokal-Investition-Felanitx-210x210.jpg","width":210,"height":210,"mime-type":"image\/jpeg","url":"https:\/\/www.lucasfroeserealestate.com\/wp-content\/uploads\/2022\/03\/Zwei-Appartaments-und-Gewerblokal-Investition-Felanitx-210x210.jpg"},"partners-logo":{"file":"Zwei-Appartaments-und-Gewerblokal-Investition-Felanitx-600x1067.jpg","width":600,"height":1067,"mime-type":"image\/jpeg","url":"https:\/\/www.lucasfroeserealestate.com\/wp-content\/uploads\/2022\/03\/Zwei-Appartaments-und-Gewerblokal-Investition-Felanitx-600x1067.jpg"},"post-featured-image":{"file":"Zwei-Appartaments-und-Gewerblokal-Investition-Felanitx-1240x720.jpg","width":1240,"height":720,"mime-type":"image\/jpeg","url":"https:\/\/www.lucasfroeserealestate.com\/wp-content\/uploads\/2022\/03\/Zwei-Appartaments-und-Gewerblokal-Investition-Felanitx-1240x720.jpg"}},"image_meta":{"aperture":"4","credit":"","camera":"NIKON D3100","caption":"Wohnzimmer in Wohnung in Felanitx","created_timestamp":"1645543590","copyright":"","focal_length":"10","iso":"280","shutter_speed":"0.008","title":"Wohnzimmer in Wohnung in Felanitx","orientation":"0","keywords":["Wohnzimmer in Wohnung in Felanitx"]},"ID":"30588","name":"Zwei-Appartaments-und-Gewerblokal-Investition-Felanitx.jpg","path":"\/home\/empleost\/domains\/lucasfroeserealestate.com\/public_html\/wp-content\/uploads\/2022\/03\/Zwei-Appartaments-und-Gewerblokal-Investition-Felanitx.jpg","url":"https:\/\/www.lucasfroeserealestate.com\/wp-content\/uploads\/2022\/03\/Zwei-Appartaments-und-Gewerblokal-Investition-Felanitx-150x150.jpg","full_url":"https:\/\/www.lucasfroeserealestate.com\/wp-content\/uploads\/2022\/03\/Zwei-Appartaments-und-Gewerblokal-Investition-Felanitx.jpg","title":"Wohnzimmer in Wohnung in Felanitx","caption":"Wohnzimmer in Wohnung in Felanitx","description":"","alt":"Wohnzimmer in Wohnung in Felanitx","srcset":"https:\/\/www.lucasfroeserealestate.com\/wp-content\/uploads\/2022\/03\/Zwei-Appartaments-und-Gewerblokal-Investition-Felanitx-150x150.jpg 150w, https:\/\/www.lucasfroeserealestate.com\/wp-content\/uploads\/2022\/03\/Zwei-Appartaments-und-Gewerblokal-Investition-Felanitx-210x210.jpg 210w"},{"width":150,"height":150,"file":"2022\/03\/Zwei-Appartaments-und-Gewerblokal-Investition-Felanitx-2.jpg","sizes":{"medium":{"file":"Zwei-Appartaments-und-Gewerblokal-Investition-Felanitx-2-300x200.jpg","width":300,"height":200,"mime-type":"image\/jpeg","url":"https:\/\/www.lucasfroeserealestate.com\/wp-content\/uploads\/2022\/03\/Zwei-Appartaments-und-Gewerblokal-Investition-Felanitx-2-300x200.jpg"},"large":{"file":"Zwei-Appartaments-und-Gewerblokal-Investition-Felanitx-2-1024x683.jpg","width":1024,"height":683,"mime-type":"image\/jpeg","url":"https:\/\/www.lucasfroeserealestate.com\/wp-content\/uploads\/2022\/03\/Zwei-Appartaments-und-Gewerblokal-Investition-Felanitx-2-1024x683.jpg"},"thumbnail":{"file":"Zwei-Appartaments-und-Gewerblokal-Investition-Felanitx-2-150x150.jpg","width":150,"height":150,"mime-type":"image\/jpeg","url":"https:\/\/www.lucasfroeserealestate.com\/wp-content\/uploads\/2022\/03\/Zwei-Appartaments-und-Gewerblokal-Investition-Felanitx-2-150x150.jpg"},"medium_large":{"file":"Zwei-Appartaments-und-Gewerblokal-Investition-Felanitx-2-768x512.jpg","width":768,"height":512,"mime-type":"image\/jpeg","url":"https:\/\/www.lucasfroeserealestate.com\/wp-content\/uploads\/2022\/03\/Zwei-Appartaments-und-Gewerblokal-Investition-Felanitx-2-768x512.jpg"},"1536x1536":{"file":"Zwei-Appartaments-und-Gewerblokal-Investition-Felanitx-2-1536x1024.jpg","width":1536,"height":1024,"mime-type":"image\/jpeg","url":"https:\/\/www.lucasfroeserealestate.com\/wp-content\/uploads\/2022\/03\/Zwei-Appartaments-und-Gewerblokal-Investition-Felanitx-2-1536x1024.jpg"},"post-thumbnail":{"file":"Zwei-Appartaments-und-Gewerblokal-Investition-Felanitx-2-150x100.jpg","width":150,"height":100,"mime-type":"image\/jpeg","url":"https:\/\/www.lucasfroeserealestate.com\/wp-content\/uploads\/2022\/03\/Zwei-Appartaments-und-Gewerblokal-Investition-Felanitx-2-150x100.jpg"},"modern-property-child-slider":{"file":"Zwei-Appartaments-und-Gewerblokal-Investition-Felanitx-2-680x510.jpg","width":680,"height":510,"mime-type":"image\/jpeg","url":"https:\/\/www.lucasfroeserealestate.com\/wp-content\/uploads\/2022\/03\/Zwei-Appartaments-und-Gewerblokal-Investition-Felanitx-2-680x510.jpg"},"property-thumb-image":{"file":"Zwei-Appartaments-und-Gewerblokal-Investition-Felanitx-2-488x326.jpg","width":488,"height":326,"mime-type":"image\/jpeg","url":"https:\/\/www.lucasfroeserealestate.com\/wp-content\/uploads\/2022\/03\/Zwei-Appartaments-und-Gewerblokal-Investition-Felanitx-2-488x326.jpg"},"property-detail-video-image":{"file":"Zwei-Appartaments-und-Gewerblokal-Investition-Felanitx-2-818x417.jpg","width":818,"height":417,"mime-type":"image\/jpeg","url":"https:\/\/www.lucasfroeserealestate.com\/wp-content\/uploads\/2022\/03\/Zwei-Appartaments-und-Gewerblokal-Investition-Felanitx-2-818x417.jpg"},"agent-image":{"file":"Zwei-Appartaments-und-Gewerblokal-Investition-Felanitx-2-210x210.jpg","width":210,"height":210,"mime-type":"image\/jpeg","url":"https:\/\/www.lucasfroeserealestate.com\/wp-content\/uploads\/2022\/03\/Zwei-Appartaments-und-Gewerblokal-Investition-Felanitx-2-210x210.jpg"},"partners-logo":{"file":"Zwei-Appartaments-und-Gewerblokal-Investition-Felanitx-2-600x1067.jpg","width":600,"height":1067,"mime-type":"image\/jpeg","url":"https:\/\/www.lucasfroeserealestate.com\/wp-content\/uploads\/2022\/03\/Zwei-Appartaments-und-Gewerblokal-Investition-Felanitx-2-600x1067.jpg"},"post-featured-image":{"file":"Zwei-Appartaments-und-Gewerblokal-Investition-Felanitx-2-1240x720.jpg","width":1240,"height":720,"mime-type":"image\/jpeg","url":"https:\/\/www.lucasfroeserealestate.com\/wp-content\/uploads\/2022\/03\/Zwei-Appartaments-und-Gewerblokal-Investition-Felanitx-2-1240x720.jpg"}},"image_meta":{"aperture":"4","credit":"","camera":"NIKON D3100","caption":"Helle Wohnzimmer mit Kamin","created_timestamp":"1645543615","copyright":"","focal_length":"10","iso":"250","shutter_speed":"0.008","title":"Helle Wohnzimmer mit Kamin","orientation":"0","keywords":["Helle Wohnzimmer mit Kamin"]},"ID":"30606","name":"Zwei-Appartaments-und-Gewerblokal-Investition-Felanitx-2.jpg","path":"\/home\/empleost\/domains\/lucasfroeserealestate.com\/public_html\/wp-content\/uploads\/2022\/03\/Zwei-Appartaments-und-Gewerblokal-Investition-Felanitx-2.jpg","url":"https:\/\/www.lucasfroeserealestate.com\/wp-content\/uploads\/2022\/03\/Zwei-Appartaments-und-Gewerblokal-Investition-Felanitx-2-150x150.jpg","full_url":"https:\/\/www.lucasfroeserealestate.com\/wp-content\/uploads\/2022\/03\/Zwei-Appartaments-und-Gewerblokal-Investition-Felanitx-2.jpg","title":"Helle Wohnzimmer mit Kamin","caption":"Helle Wohnzimmer mit Kamin","description":"","alt":"Helle Wohnzimmer mit Kamin","srcset":"https:\/\/www.lucasfroeserealestate.com\/wp-content\/uploads\/2022\/03\/Zwei-Appartaments-und-Gewerblokal-Investition-Felanitx-2-150x150.jpg 150w, https:\/\/www.lucasfroeserealestate.com\/wp-content\/uploads\/2022\/03\/Zwei-Appartaments-und-Gewerblokal-Investition-Felanitx-2-210x210.jpg 210w"},{"width":150,"height":150,"file":"2022\/03\/Zwei-Appartaments-und-Gewerblokal-Investition-Felanitx-8.jpg","sizes":{"medium":{"file":"Zwei-Appartaments-und-Gewerblokal-Investition-Felanitx-8-300x200.jpg","width":300,"height":200,"mime-type":"image\/jpeg","url":"https:\/\/www.lucasfroeserealestate.com\/wp-content\/uploads\/2022\/03\/Zwei-Appartaments-und-Gewerblokal-Investition-Felanitx-8-300x200.jpg"},"large":{"file":"Zwei-Appartaments-und-Gewerblokal-Investition-Felanitx-8-1024x683.jpg","width":1024,"height":683,"mime-type":"image\/jpeg","url":"https:\/\/www.lucasfroeserealestate.com\/wp-content\/uploads\/2022\/03\/Zwei-Appartaments-und-Gewerblokal-Investition-Felanitx-8-1024x683.jpg"},"thumbnail":{"file":"Zwei-Appartaments-und-Gewerblokal-Investition-Felanitx-8-150x150.jpg","width":150,"height":150,"mime-type":"image\/jpeg","url":"https:\/\/www.lucasfroeserealestate.com\/wp-content\/uploads\/2022\/03\/Zwei-Appartaments-und-Gewerblokal-Investition-Felanitx-8-150x150.jpg"},"medium_large":{"file":"Zwei-Appartaments-und-Gewerblokal-Investition-Felanitx-8-768x512.jpg","width":768,"height":512,"mime-type":"image\/jpeg","url":"https:\/\/www.lucasfroeserealestate.com\/wp-content\/uploads\/2022\/03\/Zwei-Appartaments-und-Gewerblokal-Investition-Felanitx-8-768x512.jpg"},"1536x1536":{"file":"Zwei-Appartaments-und-Gewerblokal-Investition-Felanitx-8-1536x1024.jpg","width":1536,"height":1024,"mime-type":"image\/jpeg","url":"https:\/\/www.lucasfroeserealestate.com\/wp-content\/uploads\/2022\/03\/Zwei-Appartaments-und-Gewerblokal-Investition-Felanitx-8-1536x1024.jpg"},"post-thumbnail":{"file":"Zwei-Appartaments-und-Gewerblokal-Investition-Felanitx-8-150x100.jpg","width":150,"height":100,"mime-type":"image\/jpeg","url":"https:\/\/www.lucasfroeserealestate.com\/wp-content\/uploads\/2022\/03\/Zwei-Appartaments-und-Gewerblokal-Investition-Felanitx-8-150x100.jpg"},"modern-property-child-slider":{"file":"Zwei-Appartaments-und-Gewerblokal-Investition-Felanitx-8-680x510.jpg","width":680,"height":510,"mime-type":"image\/jpeg","url":"https:\/\/www.lucasfroeserealestate.com\/wp-content\/uploads\/2022\/03\/Zwei-Appartaments-und-Gewerblokal-Investition-Felanitx-8-680x510.jpg"},"property-thumb-image":{"file":"Zwei-Appartaments-und-Gewerblokal-Investition-Felanitx-8-488x326.jpg","width":488,"height":326,"mime-type":"image\/jpeg","url":"https:\/\/www.lucasfroeserealestate.com\/wp-content\/uploads\/2022\/03\/Zwei-Appartaments-und-Gewerblokal-Investition-Felanitx-8-488x326.jpg"},"property-detail-video-image":{"file":"Zwei-Appartaments-und-Gewerblokal-Investition-Felanitx-8-818x417.jpg","width":818,"height":417,"mime-type":"image\/jpeg","url":"https:\/\/www.lucasfroeserealestate.com\/wp-content\/uploads\/2022\/03\/Zwei-Appartaments-und-Gewerblokal-Investition-Felanitx-8-818x417.jpg"},"agent-image":{"file":"Zwei-Appartaments-und-Gewerblokal-Investition-Felanitx-8-210x210.jpg","width":210,"height":210,"mime-type":"image\/jpeg","url":"https:\/\/www.lucasfroeserealestate.com\/wp-content\/uploads\/2022\/03\/Zwei-Appartaments-und-Gewerblokal-Investition-Felanitx-8-210x210.jpg"},"partners-logo":{"file":"Zwei-Appartaments-und-Gewerblokal-Investition-Felanitx-8-600x1067.jpg","width":600,"height":1067,"mime-type":"image\/jpeg","url":"https:\/\/www.lucasfroeserealestate.com\/wp-content\/uploads\/2022\/03\/Zwei-Appartaments-und-Gewerblokal-Investition-Felanitx-8-600x1067.jpg"},"post-featured-image":{"file":"Zwei-Appartaments-und-Gewerblokal-Investition-Felanitx-8-1240x720.jpg","width":1240,"height":720,"mime-type":"image\/jpeg","url":"https:\/\/www.lucasfroeserealestate.com\/wp-content\/uploads\/2022\/03\/Zwei-Appartaments-und-Gewerblokal-Investition-Felanitx-8-1240x720.jpg"}},"image_meta":{"aperture":"4","credit":"","camera":"NIKON D3100","caption":"Investition Gewerbelokal in Felanitx","created_timestamp":"1645544553","copyright":"","focal_length":"10","iso":"3200","shutter_speed":"0.016666666666667","title":"Investition Gewerbelokal in Felanitx","orientation":"0","keywords":["Investition Gewerbelokal in Felanitx"]},"ID":"30597","name":"Zwei-Appartaments-und-Gewerblokal-Investition-Felanitx-8.jpg","path":"\/home\/empleost\/domains\/lucasfroeserealestate.com\/public_html\/wp-content\/uploads\/2022\/03\/Zwei-Appartaments-und-Gewerblokal-Investition-Felanitx-8.jpg","url":"https:\/\/www.lucasfroeserealestate.com\/wp-content\/uploads\/2022\/03\/Zwei-Appartaments-und-Gewerblokal-Investition-Felanitx-8-150x150.jpg","full_url":"https:\/\/www.lucasfroeserealestate.com\/wp-content\/uploads\/2022\/03\/Zwei-Appartaments-und-Gewerblokal-Investition-Felanitx-8.jpg","title":"Investition Gewerbelokal in Felanitx","caption":"Investition Gewerbelokal in Felanitx","description":"","alt":"Investition Gewerbelokal in Felanitx","srcset":"https:\/\/www.lucasfroeserealestate.com\/wp-content\/uploads\/2022\/03\/Zwei-Appartaments-und-Gewerblokal-Investition-Felanitx-8-150x150.jpg 150w, https:\/\/www.lucasfroeserealestate.com\/wp-content\/uploads\/2022\/03\/Zwei-Appartaments-und-Gewerblokal-Investition-Felanitx-8-210x210.jpg 210w"},{"width":150,"height":150,"file":"2022\/03\/Zwei-Appartaments-und-Gewerblokal-Investition-Felanitx-5.jpg","sizes":{"medium":{"file":"Zwei-Appartaments-und-Gewerblokal-Investition-Felanitx-5-300x200.jpg","width":300,"height":200,"mime-type":"image\/jpeg","url":"https:\/\/www.lucasfroeserealestate.com\/wp-content\/uploads\/2022\/03\/Zwei-Appartaments-und-Gewerblokal-Investition-Felanitx-5-300x200.jpg"},"large":{"file":"Zwei-Appartaments-und-Gewerblokal-Investition-Felanitx-5-1024x683.jpg","width":1024,"height":683,"mime-type":"image\/jpeg","url":"https:\/\/www.lucasfroeserealestate.com\/wp-content\/uploads\/2022\/03\/Zwei-Appartaments-und-Gewerblokal-Investition-Felanitx-5-1024x683.jpg"},"thumbnail":{"file":"Zwei-Appartaments-und-Gewerblokal-Investition-Felanitx-5-150x150.jpg","width":150,"height":150,"mime-type":"image\/jpeg","url":"https:\/\/www.lucasfroeserealestate.com\/wp-content\/uploads\/2022\/03\/Zwei-Appartaments-und-Gewerblokal-Investition-Felanitx-5-150x150.jpg"},"medium_large":{"file":"Zwei-Appartaments-und-Gewerblokal-Investition-Felanitx-5-768x512.jpg","width":768,"height":512,"mime-type":"image\/jpeg","url":"https:\/\/www.lucasfroeserealestate.com\/wp-content\/uploads\/2022\/03\/Zwei-Appartaments-und-Gewerblokal-Investition-Felanitx-5-768x512.jpg"},"1536x1536":{"file":"Zwei-Appartaments-und-Gewerblokal-Investition-Felanitx-5-1536x1024.jpg","width":1536,"height":1024,"mime-type":"image\/jpeg","url":"https:\/\/www.lucasfroeserealestate.com\/wp-content\/uploads\/2022\/03\/Zwei-Appartaments-und-Gewerblokal-Investition-Felanitx-5-1536x1024.jpg"},"post-thumbnail":{"file":"Zwei-Appartaments-und-Gewerblokal-Investition-Felanitx-5-150x100.jpg","width":150,"height":100,"mime-type":"image\/jpeg","url":"https:\/\/www.lucasfroeserealestate.com\/wp-content\/uploads\/2022\/03\/Zwei-Appartaments-und-Gewerblokal-Investition-Felanitx-5-150x100.jpg"},"modern-property-child-slider":{"file":"Zwei-Appartaments-und-Gewerblokal-Investition-Felanitx-5-680x510.jpg","width":680,"height":510,"mime-type":"image\/jpeg","url":"https:\/\/www.lucasfroeserealestate.com\/wp-content\/uploads\/2022\/03\/Zwei-Appartaments-und-Gewerblokal-Investition-Felanitx-5-680x510.jpg"},"property-thumb-image":{"file":"Zwei-Appartaments-und-Gewerblokal-Investition-Felanitx-5-488x326.jpg","width":488,"height":326,"mime-type":"image\/jpeg","url":"https:\/\/www.lucasfroeserealestate.com\/wp-content\/uploads\/2022\/03\/Zwei-Appartaments-und-Gewerblokal-Investition-Felanitx-5-488x326.jpg"},"property-detail-video-image":{"file":"Zwei-Appartaments-und-Gewerblokal-Investition-Felanitx-5-818x417.jpg","width":818,"height":417,"mime-type":"image\/jpeg","url":"https:\/\/www.lucasfroeserealestate.com\/wp-content\/uploads\/2022\/03\/Zwei-Appartaments-und-Gewerblokal-Investition-Felanitx-5-818x417.jpg"},"agent-image":{"file":"Zwei-Appartaments-und-Gewerblokal-Investition-Felanitx-5-210x210.jpg","width":210,"height":210,"mime-type":"image\/jpeg","url":"https:\/\/www.lucasfroeserealestate.com\/wp-content\/uploads\/2022\/03\/Zwei-Appartaments-und-Gewerblokal-Investition-Felanitx-5-210x210.jpg"},"partners-logo":{"file":"Zwei-Appartaments-und-Gewerblokal-Investition-Felanitx-5-600x1067.jpg","width":600,"height":1067,"mime-type":"image\/jpeg","url":"https:\/\/www.lucasfroeserealestate.com\/wp-content\/uploads\/2022\/03\/Zwei-Appartaments-und-Gewerblokal-Investition-Felanitx-5-600x1067.jpg"},"post-featured-image":{"file":"Zwei-Appartaments-und-Gewerblokal-Investition-Felanitx-5-1240x720.jpg","width":1240,"height":720,"mime-type":"image\/jpeg","url":"https:\/\/www.lucasfroeserealestate.com\/wp-content\/uploads\/2022\/03\/Zwei-Appartaments-und-Gewerblokal-Investition-Felanitx-5-1240x720.jpg"}},"image_meta":{"aperture":"4","credit":"","camera":"NIKON D3100","caption":"Zimmer Investition Felanitx","created_timestamp":"1645544108","copyright":"","focal_length":"10","iso":"3200","shutter_speed":"0.016666666666667","title":"Zimmer Investition Felanitx","orientation":"0","keywords":["Zimmer Investition Felanitx"]},"ID":"30600","name":"Zwei-Appartaments-und-Gewerblokal-Investition-Felanitx-5.jpg","path":"\/home\/empleost\/domains\/lucasfroeserealestate.com\/public_html\/wp-content\/uploads\/2022\/03\/Zwei-Appartaments-und-Gewerblokal-Investition-Felanitx-5.jpg","url":"https:\/\/www.lucasfroeserealestate.com\/wp-content\/uploads\/2022\/03\/Zwei-Appartaments-und-Gewerblokal-Investition-Felanitx-5-150x150.jpg","full_url":"https:\/\/www.lucasfroeserealestate.com\/wp-content\/uploads\/2022\/03\/Zwei-Appartaments-und-Gewerblokal-Investition-Felanitx-5.jpg","title":"Zimmer Investition Felanitx","caption":"Zimmer Investition Felanitx","description":"","alt":"Zimmer Investition Felanitx","srcset":"https:\/\/www.lucasfroeserealestate.com\/wp-content\/uploads\/2022\/03\/Zwei-Appartaments-und-Gewerblokal-Investition-Felanitx-5-150x150.jpg 150w, https:\/\/www.lucasfroeserealestate.com\/wp-content\/uploads\/2022\/03\/Zwei-Appartaments-und-Gewerblokal-Investition-Felanitx-5-210x210.jpg 210w"},{"width":150,"height":150,"file":"2022\/03\/Zwei-Appartaments-und-Gewerblokal-Investition-Felanitx-6.jpg","sizes":{"medium":{"file":"Zwei-Appartaments-und-Gewerblokal-Investition-Felanitx-6-300x200.jpg","width":300,"height":200,"mime-type":"image\/jpeg","url":"https:\/\/www.lucasfroeserealestate.com\/wp-content\/uploads\/2022\/03\/Zwei-Appartaments-und-Gewerblokal-Investition-Felanitx-6-300x200.jpg"},"large":{"file":"Zwei-Appartaments-und-Gewerblokal-Investition-Felanitx-6-1024x683.jpg","width":1024,"height":683,"mime-type":"image\/jpeg","url":"https:\/\/www.lucasfroeserealestate.com\/wp-content\/uploads\/2022\/03\/Zwei-Appartaments-und-Gewerblokal-Investition-Felanitx-6-1024x683.jpg"},"thumbnail":{"file":"Zwei-Appartaments-und-Gewerblokal-Investition-Felanitx-6-150x150.jpg","width":150,"height":150,"mime-type":"image\/jpeg","url":"https:\/\/www.lucasfroeserealestate.com\/wp-content\/uploads\/2022\/03\/Zwei-Appartaments-und-Gewerblokal-Investition-Felanitx-6-150x150.jpg"},"medium_large":{"file":"Zwei-Appartaments-und-Gewerblokal-Investition-Felanitx-6-768x512.jpg","width":768,"height":512,"mime-type":"image\/jpeg","url":"https:\/\/www.lucasfroeserealestate.com\/wp-content\/uploads\/2022\/03\/Zwei-Appartaments-und-Gewerblokal-Investition-Felanitx-6-768x512.jpg"},"1536x1536":{"file":"Zwei-Appartaments-und-Gewerblokal-Investition-Felanitx-6-1536x1024.jpg","width":1536,"height":1024,"mime-type":"image\/jpeg","url":"https:\/\/www.lucasfroeserealestate.com\/wp-content\/uploads\/2022\/03\/Zwei-Appartaments-und-Gewerblokal-Investition-Felanitx-6-1536x1024.jpg"},"post-thumbnail":{"file":"Zwei-Appartaments-und-Gewerblokal-Investition-Felanitx-6-150x100.jpg","width":150,"height":100,"mime-type":"image\/jpeg","url":"https:\/\/www.lucasfroeserealestate.com\/wp-content\/uploads\/2022\/03\/Zwei-Appartaments-und-Gewerblokal-Investition-Felanitx-6-150x100.jpg"},"modern-property-child-slider":{"file":"Zwei-Appartaments-und-Gewerblokal-Investition-Felanitx-6-680x510.jpg","width":680,"height":510,"mime-type":"image\/jpeg","url":"https:\/\/www.lucasfroeserealestate.com\/wp-content\/uploads\/2022\/03\/Zwei-Appartaments-und-Gewerblokal-Investition-Felanitx-6-680x510.jpg"},"property-thumb-image":{"file":"Zwei-Appartaments-und-Gewerblokal-Investition-Felanitx-6-488x326.jpg","width":488,"height":326,"mime-type":"image\/jpeg","url":"https:\/\/www.lucasfroeserealestate.com\/wp-content\/uploads\/2022\/03\/Zwei-Appartaments-und-Gewerblokal-Investition-Felanitx-6-488x326.jpg"},"property-detail-video-image":{"file":"Zwei-Appartaments-und-Gewerblokal-Investition-Felanitx-6-818x417.jpg","width":818,"height":417,"mime-type":"image\/jpeg","url":"https:\/\/www.lucasfroeserealestate.com\/wp-content\/uploads\/2022\/03\/Zwei-Appartaments-und-Gewerblokal-Investition-Felanitx-6-818x417.jpg"},"agent-image":{"file":"Zwei-Appartaments-und-Gewerblokal-Investition-Felanitx-6-210x210.jpg","width":210,"height":210,"mime-type":"image\/jpeg","url":"https:\/\/www.lucasfroeserealestate.com\/wp-content\/uploads\/2022\/03\/Zwei-Appartaments-und-Gewerblokal-Investition-Felanitx-6-210x210.jpg"},"partners-logo":{"file":"Zwei-Appartaments-und-Gewerblokal-Investition-Felanitx-6-600x1067.jpg","width":600,"height":1067,"mime-type":"image\/jpeg","url":"https:\/\/www.lucasfroeserealestate.com\/wp-content\/uploads\/2022\/03\/Zwei-Appartaments-und-Gewerblokal-Investition-Felanitx-6-600x1067.jpg"},"post-featured-image":{"file":"Zwei-Appartaments-und-Gewerblokal-Investition-Felanitx-6-1240x720.jpg","width":1240,"height":720,"mime-type":"image\/jpeg","url":"https:\/\/www.lucasfroeserealestate.com\/wp-content\/uploads\/2022\/03\/Zwei-Appartaments-und-Gewerblokal-Investition-Felanitx-6-1240x720.jpg"}},"image_meta":{"aperture":"4","credit":"","camera":"NIKON D3100","caption":"Breite Schlafzimmer in Felanitx","created_timestamp":"1645544221","copyright":"","focal_length":"10","iso":"3200","shutter_speed":"0.016666666666667","title":"Breite Schlafzimmer in Felanitx","orientation":"0","keywords":["Breite Schlafzimmer in Felanitx"]},"ID":"30603","name":"Zwei-Appartaments-und-Gewerblokal-Investition-Felanitx-6.jpg","path":"\/home\/empleost\/domains\/lucasfroeserealestate.com\/public_html\/wp-content\/uploads\/2022\/03\/Zwei-Appartaments-und-Gewerblokal-Investition-Felanitx-6.jpg","url":"https:\/\/www.lucasfroeserealestate.com\/wp-content\/uploads\/2022\/03\/Zwei-Appartaments-und-Gewerblokal-Investition-Felanitx-6-150x150.jpg","full_url":"https:\/\/www.lucasfroeserealestate.com\/wp-content\/uploads\/2022\/03\/Zwei-Appartaments-und-Gewerblokal-Investition-Felanitx-6.jpg","title":"Breite Schlafzimmer in Felanitx","caption":"Breite Schlafzimmer in Felanitx","description":"","alt":"Breite Schlafzimmer in Felanitx","srcset":"https:\/\/www.lucasfroeserealestate.com\/wp-content\/uploads\/2022\/03\/Zwei-Appartaments-und-Gewerblokal-Investition-Felanitx-6-150x150.jpg 150w, https:\/\/www.lucasfroeserealestate.com\/wp-content\/uploads\/2022\/03\/Zwei-Appartaments-und-Gewerblokal-Investition-Felanitx-6-210x210.jpg 210w"},{"width":150,"height":150,"file":"2022\/03\/Zwei-Appartaments-und-Gewerblokal-Investition-Felanitx-3.jpg","sizes":{"medium":{"file":"Zwei-Appartaments-und-Gewerblokal-Investition-Felanitx-3-300x200.jpg","width":300,"height":200,"mime-type":"image\/jpeg","url":"https:\/\/www.lucasfroeserealestate.com\/wp-content\/uploads\/2022\/03\/Zwei-Appartaments-und-Gewerblokal-Investition-Felanitx-3-300x200.jpg"},"large":{"file":"Zwei-Appartaments-und-Gewerblokal-Investition-Felanitx-3-1024x683.jpg","width":1024,"height":683,"mime-type":"image\/jpeg","url":"https:\/\/www.lucasfroeserealestate.com\/wp-content\/uploads\/2022\/03\/Zwei-Appartaments-und-Gewerblokal-Investition-Felanitx-3-1024x683.jpg"},"thumbnail":{"file":"Zwei-Appartaments-und-Gewerblokal-Investition-Felanitx-3-150x150.jpg","width":150,"height":150,"mime-type":"image\/jpeg","url":"https:\/\/www.lucasfroeserealestate.com\/wp-content\/uploads\/2022\/03\/Zwei-Appartaments-und-Gewerblokal-Investition-Felanitx-3-150x150.jpg"},"medium_large":{"file":"Zwei-Appartaments-und-Gewerblokal-Investition-Felanitx-3-768x512.jpg","width":768,"height":512,"mime-type":"image\/jpeg","url":"https:\/\/www.lucasfroeserealestate.com\/wp-content\/uploads\/2022\/03\/Zwei-Appartaments-und-Gewerblokal-Investition-Felanitx-3-768x512.jpg"},"1536x1536":{"file":"Zwei-Appartaments-und-Gewerblokal-Investition-Felanitx-3-1536x1024.jpg","width":1536,"height":1024,"mime-type":"image\/jpeg","url":"https:\/\/www.lucasfroeserealestate.com\/wp-content\/uploads\/2022\/03\/Zwei-Appartaments-und-Gewerblokal-Investition-Felanitx-3-1536x1024.jpg"},"post-thumbnail":{"file":"Zwei-Appartaments-und-Gewerblokal-Investition-Felanitx-3-150x100.jpg","width":150,"height":100,"mime-type":"image\/jpeg","url":"https:\/\/www.lucasfroeserealestate.com\/wp-content\/uploads\/2022\/03\/Zwei-Appartaments-und-Gewerblokal-Investition-Felanitx-3-150x100.jpg"},"modern-property-child-slider":{"file":"Zwei-Appartaments-und-Gewerblokal-Investition-Felanitx-3-680x510.jpg","width":680,"height":510,"mime-type":"image\/jpeg","url":"https:\/\/www.lucasfroeserealestate.com\/wp-content\/uploads\/2022\/03\/Zwei-Appartaments-und-Gewerblokal-Investition-Felanitx-3-680x510.jpg"},"property-thumb-image":{"file":"Zwei-Appartaments-und-Gewerblokal-Investition-Felanitx-3-488x326.jpg","width":488,"height":326,"mime-type":"image\/jpeg","url":"https:\/\/www.lucasfroeserealestate.com\/wp-content\/uploads\/2022\/03\/Zwei-Appartaments-und-Gewerblokal-Investition-Felanitx-3-488x326.jpg"},"property-detail-video-image":{"file":"Zwei-Appartaments-und-Gewerblokal-Investition-Felanitx-3-818x417.jpg","width":818,"height":417,"mime-type":"image\/jpeg","url":"https:\/\/www.lucasfroeserealestate.com\/wp-content\/uploads\/2022\/03\/Zwei-Appartaments-und-Gewerblokal-Investition-Felanitx-3-818x417.jpg"},"agent-image":{"file":"Zwei-Appartaments-und-Gewerblokal-Investition-Felanitx-3-210x210.jpg","width":210,"height":210,"mime-type":"image\/jpeg","url":"https:\/\/www.lucasfroeserealestate.com\/wp-content\/uploads\/2022\/03\/Zwei-Appartaments-und-Gewerblokal-Investition-Felanitx-3-210x210.jpg"},"partners-logo":{"file":"Zwei-Appartaments-und-Gewerblokal-Investition-Felanitx-3-600x1067.jpg","width":600,"height":1067,"mime-type":"image\/jpeg","url":"https:\/\/www.lucasfroeserealestate.com\/wp-content\/uploads\/2022\/03\/Zwei-Appartaments-und-Gewerblokal-Investition-Felanitx-3-600x1067.jpg"},"post-featured-image":{"file":"Zwei-Appartaments-und-Gewerblokal-Investition-Felanitx-3-1240x720.jpg","width":1240,"height":720,"mime-type":"image\/jpeg","url":"https:\/\/www.lucasfroeserealestate.com\/wp-content\/uploads\/2022\/03\/Zwei-Appartaments-und-Gewerblokal-Investition-Felanitx-3-1240x720.jpg"}},"image_meta":{"aperture":"5.6","credit":"","camera":"NIKON D3100","caption":"Helle Wohnung mit Heizung","created_timestamp":"1645543947","copyright":"","focal_length":"10","iso":"280","shutter_speed":"0.008","title":"Helle Wohnung mit Heizung","orientation":"0","keywords":["Helle Wohnung mit Heizung"]},"ID":"30609","name":"Zwei-Appartaments-und-Gewerblokal-Investition-Felanitx-3.jpg","path":"\/home\/empleost\/domains\/lucasfroeserealestate.com\/public_html\/wp-content\/uploads\/2022\/03\/Zwei-Appartaments-und-Gewerblokal-Investition-Felanitx-3.jpg","url":"https:\/\/www.lucasfroeserealestate.com\/wp-content\/uploads\/2022\/03\/Zwei-Appartaments-und-Gewerblokal-Investition-Felanitx-3-150x150.jpg","full_url":"https:\/\/www.lucasfroeserealestate.com\/wp-content\/uploads\/2022\/03\/Zwei-Appartaments-und-Gewerblokal-Investition-Felanitx-3.jpg","title":"Helle Wohnung mit Heizung","caption":"Helle Wohnung mit Heizung","description":"","alt":"Helle Wohnung mit Heizung","srcset":"https:\/\/www.lucasfroeserealestate.com\/wp-content\/uploads\/2022\/03\/Zwei-Appartaments-und-Gewerblokal-Investition-Felanitx-3-150x150.jpg 150w, https:\/\/www.lucasfroeserealestate.com\/wp-content\/uploads\/2022\/03\/Zwei-Appartaments-und-Gewerblokal-Investition-Felanitx-3-210x210.jpg 210w"},{"width":150,"height":150,"file":"2022\/03\/Zwei-Appartaments-und-Gewerblokal-Investition-Felanitx-4.jpg","sizes":{"medium":{"file":"Zwei-Appartaments-und-Gewerblokal-Investition-Felanitx-4-300x200.jpg","width":300,"height":200,"mime-type":"image\/jpeg","url":"https:\/\/www.lucasfroeserealestate.com\/wp-content\/uploads\/2022\/03\/Zwei-Appartaments-und-Gewerblokal-Investition-Felanitx-4-300x200.jpg"},"large":{"file":"Zwei-Appartaments-und-Gewerblokal-Investition-Felanitx-4-1024x683.jpg","width":1024,"height":683,"mime-type":"image\/jpeg","url":"https:\/\/www.lucasfroeserealestate.com\/wp-content\/uploads\/2022\/03\/Zwei-Appartaments-und-Gewerblokal-Investition-Felanitx-4-1024x683.jpg"},"thumbnail":{"file":"Zwei-Appartaments-und-Gewerblokal-Investition-Felanitx-4-150x150.jpg","width":150,"height":150,"mime-type":"image\/jpeg","url":"https:\/\/www.lucasfroeserealestate.com\/wp-content\/uploads\/2022\/03\/Zwei-Appartaments-und-Gewerblokal-Investition-Felanitx-4-150x150.jpg"},"medium_large":{"file":"Zwei-Appartaments-und-Gewerblokal-Investition-Felanitx-4-768x512.jpg","width":768,"height":512,"mime-type":"image\/jpeg","url":"https:\/\/www.lucasfroeserealestate.com\/wp-content\/uploads\/2022\/03\/Zwei-Appartaments-und-Gewerblokal-Investition-Felanitx-4-768x512.jpg"},"1536x1536":{"file":"Zwei-Appartaments-und-Gewerblokal-Investition-Felanitx-4-1536x1024.jpg","width":1536,"height":1024,"mime-type":"image\/jpeg","url":"https:\/\/www.lucasfroeserealestate.com\/wp-content\/uploads\/2022\/03\/Zwei-Appartaments-und-Gewerblokal-Investition-Felanitx-4-1536x1024.jpg"},"post-thumbnail":{"file":"Zwei-Appartaments-und-Gewerblokal-Investition-Felanitx-4-150x100.jpg","width":150,"height":100,"mime-type":"image\/jpeg","url":"https:\/\/www.lucasfroeserealestate.com\/wp-content\/uploads\/2022\/03\/Zwei-Appartaments-und-Gewerblokal-Investition-Felanitx-4-150x100.jpg"},"modern-property-child-slider":{"file":"Zwei-Appartaments-und-Gewerblokal-Investition-Felanitx-4-680x510.jpg","width":680,"height":510,"mime-type":"image\/jpeg","url":"https:\/\/www.lucasfroeserealestate.com\/wp-content\/uploads\/2022\/03\/Zwei-Appartaments-und-Gewerblokal-Investition-Felanitx-4-680x510.jpg"},"property-thumb-image":{"file":"Zwei-Appartaments-und-Gewerblokal-Investition-Felanitx-4-488x326.jpg","width":488,"height":326,"mime-type":"image\/jpeg","url":"https:\/\/www.lucasfroeserealestate.com\/wp-content\/uploads\/2022\/03\/Zwei-Appartaments-und-Gewerblokal-Investition-Felanitx-4-488x326.jpg"},"property-detail-video-image":{"file":"Zwei-Appartaments-und-Gewerblokal-Investition-Felanitx-4-818x417.jpg","width":818,"height":417,"mime-type":"image\/jpeg","url":"https:\/\/www.lucasfroeserealestate.com\/wp-content\/uploads\/2022\/03\/Zwei-Appartaments-und-Gewerblokal-Investition-Felanitx-4-818x417.jpg"},"agent-image":{"file":"Zwei-Appartaments-und-Gewerblokal-Investition-Felanitx-4-210x210.jpg","width":210,"height":210,"mime-type":"image\/jpeg","url":"https:\/\/www.lucasfroeserealestate.com\/wp-content\/uploads\/2022\/03\/Zwei-Appartaments-und-Gewerblokal-Investition-Felanitx-4-210x210.jpg"},"partners-logo":{"file":"Zwei-Appartaments-und-Gewerblokal-Investition-Felanitx-4-600x1067.jpg","width":600,"height":1067,"mime-type":"image\/jpeg","url":"https:\/\/www.lucasfroeserealestate.com\/wp-content\/uploads\/2022\/03\/Zwei-Appartaments-und-Gewerblokal-Investition-Felanitx-4-600x1067.jpg"},"post-featured-image":{"file":"Zwei-Appartaments-und-Gewerblokal-Investition-Felanitx-4-1240x720.jpg","width":1240,"height":720,"mime-type":"image\/jpeg","url":"https:\/\/www.lucasfroeserealestate.com\/wp-content\/uploads\/2022\/03\/Zwei-Appartaments-und-Gewerblokal-Investition-Felanitx-4-1240x720.jpg"}},"image_meta":{"aperture":"9","credit":"","camera":"NIKON D3100","caption":"Blick von die Terrasse in Felanitx","created_timestamp":"1645544041","copyright":"","focal_length":"10","iso":"100","shutter_speed":"0.003125","title":"Blick von die Terrasse in Felanitx","orientation":"0","keywords":["Blick von die Terrasse in Felanitx"]},"ID":"30612","name":"Zwei-Appartaments-und-Gewerblokal-Investition-Felanitx-4.jpg","path":"\/home\/empleost\/domains\/lucasfroeserealestate.com\/public_html\/wp-content\/uploads\/2022\/03\/Zwei-Appartaments-und-Gewerblokal-Investition-Felanitx-4.jpg","url":"https:\/\/www.lucasfroeserealestate.com\/wp-content\/uploads\/2022\/03\/Zwei-Appartaments-und-Gewerblokal-Investition-Felanitx-4-150x150.jpg","full_url":"https:\/\/www.lucasfroeserealestate.com\/wp-content\/uploads\/2022\/03\/Zwei-Appartaments-und-Gewerblokal-Investition-Felanitx-4.jpg","title":"Blick von die Terrasse in Felanitx","caption":"Blick von die Terrasse in Felanitx","description":"","alt":"Blick von die Terrasse in Felanitx","srcset":"https:\/\/www.lucasfroeserealestate.com\/wp-content\/uploads\/2022\/03\/Zwei-Appartaments-und-Gewerblokal-Investition-Felanitx-4-150x150.jpg 150w, https:\/\/www.lucasfroeserealestate.com\/wp-content\/uploads\/2022\/03\/Zwei-Appartaments-und-Gewerblokal-Investition-Felanitx-4-210x210.jpg 210w"},{"width":150,"height":150,"file":"2025\/05\/Diseno-sin-titulo-2025-05-07T161451.830.jpg","filesize":821843,"sizes":{"medium":{"file":"Diseno-sin-titulo-2025-05-07T161451.830-300x200.jpg","width":300,"height":200,"mime-type":"image\/jpeg","filesize":15988,"url":"https:\/\/www.lucasfroeserealestate.com\/wp-content\/uploads\/2025\/05\/Diseno-sin-titulo-2025-05-07T161451.830-300x200.jpg"},"large":{"file":"Diseno-sin-titulo-2025-05-07T161451.830-1024x683.jpg","width":1024,"height":683,"mime-type":"image\/jpeg","filesize":167229,"url":"https:\/\/www.lucasfroeserealestate.com\/wp-content\/uploads\/2025\/05\/Diseno-sin-titulo-2025-05-07T161451.830-1024x683.jpg"},"thumbnail":{"file":"Diseno-sin-titulo-2025-05-07T161451.830-150x150.jpg","width":150,"height":150,"mime-type":"image\/jpeg","filesize":6186,"url":"https:\/\/www.lucasfroeserealestate.com\/wp-content\/uploads\/2025\/05\/Diseno-sin-titulo-2025-05-07T161451.830-150x150.jpg"},"medium_large":{"file":"Diseno-sin-titulo-2025-05-07T161451.830-768x512.jpg","width":768,"height":512,"mime-type":"image\/jpeg","filesize":95765,"url":"https:\/\/www.lucasfroeserealestate.com\/wp-content\/uploads\/2025\/05\/Diseno-sin-titulo-2025-05-07T161451.830-768x512.jpg"},"1536x1536":{"file":"Diseno-sin-titulo-2025-05-07T161451.830-1536x1024.jpg","width":1536,"height":1024,"mime-type":"image\/jpeg","filesize":350515,"url":"https:\/\/www.lucasfroeserealestate.com\/wp-content\/uploads\/2025\/05\/Diseno-sin-titulo-2025-05-07T161451.830-1536x1024.jpg"},"2048x2048":{"file":"Diseno-sin-titulo-2025-05-07T161451.830-2048x1365.jpg","width":2048,"height":1365,"mime-type":"image\/jpeg","filesize":582669,"url":"https:\/\/www.lucasfroeserealestate.com\/wp-content\/uploads\/2025\/05\/Diseno-sin-titulo-2025-05-07T161451.830-2048x1365.jpg"},"post-thumbnail":{"file":"Diseno-sin-titulo-2025-05-07T161451.830-150x100.jpg","width":150,"height":100,"mime-type":"image\/jpeg","filesize":4848,"url":"https:\/\/www.lucasfroeserealestate.com\/wp-content\/uploads\/2025\/05\/Diseno-sin-titulo-2025-05-07T161451.830-150x100.jpg"},"modern-property-child-slider":{"file":"Diseno-sin-titulo-2025-05-07T161451.830-680x510.jpg","width":680,"height":510,"mime-type":"image\/jpeg","filesize":83552,"url":"https:\/\/www.lucasfroeserealestate.com\/wp-content\/uploads\/2025\/05\/Diseno-sin-titulo-2025-05-07T161451.830-680x510.jpg"},"property-thumb-image":{"file":"Diseno-sin-titulo-2025-05-07T161451.830-488x326.jpg","width":488,"height":326,"mime-type":"image\/jpeg","filesize":40290,"url":"https:\/\/www.lucasfroeserealestate.com\/wp-content\/uploads\/2025\/05\/Diseno-sin-titulo-2025-05-07T161451.830-488x326.jpg"},"property-detail-video-image":{"file":"Diseno-sin-titulo-2025-05-07T161451.830-818x417.jpg","width":818,"height":417,"mime-type":"image\/jpeg","filesize":85796,"url":"https:\/\/www.lucasfroeserealestate.com\/wp-content\/uploads\/2025\/05\/Diseno-sin-titulo-2025-05-07T161451.830-818x417.jpg"},"agent-image":{"file":"Diseno-sin-titulo-2025-05-07T161451.830-210x210.jpg","width":210,"height":210,"mime-type":"image\/jpeg","filesize":11432,"url":"https:\/\/www.lucasfroeserealestate.com\/wp-content\/uploads\/2025\/05\/Diseno-sin-titulo-2025-05-07T161451.830-210x210.jpg"},"partners-logo":{"file":"Diseno-sin-titulo-2025-05-07T161451.830-600x1600.jpg","width":600,"height":1600,"mime-type":"image\/jpeg","filesize":183722,"url":"https:\/\/www.lucasfroeserealestate.com\/wp-content\/uploads\/2025\/05\/Diseno-sin-titulo-2025-05-07T161451.830-600x1600.jpg"},"post-featured-image":{"file":"Diseno-sin-titulo-2025-05-07T161451.830-1240x720.jpg","width":1240,"height":720,"mime-type":"image\/jpeg","filesize":208258,"url":"https:\/\/www.lucasfroeserealestate.com\/wp-content\/uploads\/2025\/05\/Diseno-sin-titulo-2025-05-07T161451.830-1240x720.jpg"}},"image_meta":{"aperture":"0","credit":"","camera":"","caption":"","created_timestamp":"0","copyright":"","focal_length":"0","iso":"0","shutter_speed":"0","title":"","orientation":"1","keywords":[]},"ID":"67486","name":"Diseno-sin-titulo-2025-05-07T161451.830.jpg","path":"\/home\/empleost\/domains\/lucasfroeserealestate.com\/public_html\/wp-content\/uploads\/2025\/05\/Diseno-sin-titulo-2025-05-07T161451.830.jpg","url":"https:\/\/www.lucasfroeserealestate.com\/wp-content\/uploads\/2025\/05\/Diseno-sin-titulo-2025-05-07T161451.830-150x150.jpg","full_url":"https:\/\/www.lucasfroeserealestate.com\/wp-content\/uploads\/2025\/05\/Diseno-sin-titulo-2025-05-07T161451.830.jpg","title":"Disen\u0303o sin ti\u0301tulo - 2025-05-07T161451.830","caption":"Immobilien Felanitx Zentrum kaufen","description":"","alt":"Immobilien Felanitx Zentrum kaufen","srcset":"https:\/\/www.lucasfroeserealestate.com\/wp-content\/uploads\/2025\/05\/Diseno-sin-titulo-2025-05-07T161451.830-150x150.jpg 150w, https:\/\/www.lucasfroeserealestate.com\/wp-content\/uploads\/2025\/05\/Diseno-sin-titulo-2025-05-07T161451.830-210x210.jpg 210w"},{"width":150,"height":150,"file":"2025\/05\/Diseno-sin-titulo-2025-05-07T161407.315.jpg","filesize":946782,"sizes":{"medium":{"file":"Diseno-sin-titulo-2025-05-07T161407.315-300x200.jpg","width":300,"height":200,"mime-type":"image\/jpeg","filesize":20889,"url":"https:\/\/www.lucasfroeserealestate.com\/wp-content\/uploads\/2025\/05\/Diseno-sin-titulo-2025-05-07T161407.315-300x200.jpg"},"large":{"file":"Diseno-sin-titulo-2025-05-07T161407.315-1024x683.jpg","width":1024,"height":683,"mime-type":"image\/jpeg","filesize":197484,"url":"https:\/\/www.lucasfroeserealestate.com\/wp-content\/uploads\/2025\/05\/Diseno-sin-titulo-2025-05-07T161407.315-1024x683.jpg"},"thumbnail":{"file":"Diseno-sin-titulo-2025-05-07T161407.315-150x150.jpg","width":150,"height":150,"mime-type":"image\/jpeg","filesize":8809,"url":"https:\/\/www.lucasfroeserealestate.com\/wp-content\/uploads\/2025\/05\/Diseno-sin-titulo-2025-05-07T161407.315-150x150.jpg"},"medium_large":{"file":"Diseno-sin-titulo-2025-05-07T161407.315-768x512.jpg","width":768,"height":512,"mime-type":"image\/jpeg","filesize":115750,"url":"https:\/\/www.lucasfroeserealestate.com\/wp-content\/uploads\/2025\/05\/Diseno-sin-titulo-2025-05-07T161407.315-768x512.jpg"},"1536x1536":{"file":"Diseno-sin-titulo-2025-05-07T161407.315-1536x1024.jpg","width":1536,"height":1024,"mime-type":"image\/jpeg","filesize":407346,"url":"https:\/\/www.lucasfroeserealestate.com\/wp-content\/uploads\/2025\/05\/Diseno-sin-titulo-2025-05-07T161407.315-1536x1024.jpg"},"2048x2048":{"file":"Diseno-sin-titulo-2025-05-07T161407.315-2048x1365.jpg","width":2048,"height":1365,"mime-type":"image\/jpeg","filesize":673004,"url":"https:\/\/www.lucasfroeserealestate.com\/wp-content\/uploads\/2025\/05\/Diseno-sin-titulo-2025-05-07T161407.315-2048x1365.jpg"},"post-thumbnail":{"file":"Diseno-sin-titulo-2025-05-07T161407.315-150x100.jpg","width":150,"height":100,"mime-type":"image\/jpeg","filesize":6375,"url":"https:\/\/www.lucasfroeserealestate.com\/wp-content\/uploads\/2025\/05\/Diseno-sin-titulo-2025-05-07T161407.315-150x100.jpg"},"modern-property-child-slider":{"file":"Diseno-sin-titulo-2025-05-07T161407.315-680x510.jpg","width":680,"height":510,"mime-type":"image\/jpeg","filesize":103556,"url":"https:\/\/www.lucasfroeserealestate.com\/wp-content\/uploads\/2025\/05\/Diseno-sin-titulo-2025-05-07T161407.315-680x510.jpg"},"property-thumb-image":{"file":"Diseno-sin-titulo-2025-05-07T161407.315-488x326.jpg","width":488,"height":326,"mime-type":"image\/jpeg","filesize":50521,"url":"https:\/\/www.lucasfroeserealestate.com\/wp-content\/uploads\/2025\/05\/Diseno-sin-titulo-2025-05-07T161407.315-488x326.jpg"},"property-detail-video-image":{"file":"Diseno-sin-titulo-2025-05-07T161407.315-818x417.jpg","width":818,"height":417,"mime-type":"image\/jpeg","filesize":106259,"url":"https:\/\/www.lucasfroeserealestate.com\/wp-content\/uploads\/2025\/05\/Diseno-sin-titulo-2025-05-07T161407.315-818x417.jpg"},"agent-image":{"file":"Diseno-sin-titulo-2025-05-07T161407.315-210x210.jpg","width":210,"height":210,"mime-type":"image\/jpeg","filesize":16223,"url":"https:\/\/www.lucasfroeserealestate.com\/wp-content\/uploads\/2025\/05\/Diseno-sin-titulo-2025-05-07T161407.315-210x210.jpg"},"partners-logo":{"file":"Diseno-sin-titulo-2025-05-07T161407.315-600x1600.jpg","width":600,"height":1600,"mime-type":"image\/jpeg","filesize":263674,"url":"https:\/\/www.lucasfroeserealestate.com\/wp-content\/uploads\/2025\/05\/Diseno-sin-titulo-2025-05-07T161407.315-600x1600.jpg"},"post-featured-image":{"file":"Diseno-sin-titulo-2025-05-07T161407.315-1240x720.jpg","width":1240,"height":720,"mime-type":"image\/jpeg","filesize":246618,"url":"https:\/\/www.lucasfroeserealestate.com\/wp-content\/uploads\/2025\/05\/Diseno-sin-titulo-2025-05-07T161407.315-1240x720.jpg"}},"image_meta":{"aperture":"0","credit":"","camera":"","caption":"","created_timestamp":"0","copyright":"","focal_length":"0","iso":"0","shutter_speed":"0","title":"","orientation":"1","keywords":[]},"ID":"67489","name":"Diseno-sin-titulo-2025-05-07T161407.315.jpg","path":"\/home\/empleost\/domains\/lucasfroeserealestate.com\/public_html\/wp-content\/uploads\/2025\/05\/Diseno-sin-titulo-2025-05-07T161407.315.jpg","url":"https:\/\/www.lucasfroeserealestate.com\/wp-content\/uploads\/2025\/05\/Diseno-sin-titulo-2025-05-07T161407.315-150x150.jpg","full_url":"https:\/\/www.lucasfroeserealestate.com\/wp-content\/uploads\/2025\/05\/Diseno-sin-titulo-2025-05-07T161407.315.jpg","title":"Disen\u0303o sin ti\u0301tulo - 2025-05-07T161407.315","caption":"Immobilien Felanitx Zentrum kaufen","description":"","alt":"Immobilien Felanitx Zentrum kaufen","srcset":"https:\/\/www.lucasfroeserealestate.com\/wp-content\/uploads\/2025\/05\/Diseno-sin-titulo-2025-05-07T161407.315-150x150.jpg 150w, https:\/\/www.lucasfroeserealestate.com\/wp-content\/uploads\/2025\/05\/Diseno-sin-titulo-2025-05-07T161407.315-210x210.jpg 210w"},{"width":150,"height":150,"file":"2025\/05\/Diseno-sin-titulo-2025-05-07T161548.705.jpg","filesize":411440,"sizes":{"medium":{"file":"Diseno-sin-titulo-2025-05-07T161548.705-300x200.jpg","width":300,"height":200,"mime-type":"image\/jpeg","filesize":9139,"url":"https:\/\/www.lucasfroeserealestate.com\/wp-content\/uploads\/2025\/05\/Diseno-sin-titulo-2025-05-07T161548.705-300x200.jpg"},"large":{"file":"Diseno-sin-titulo-2025-05-07T161548.705-1024x683.jpg","width":1024,"height":683,"mime-type":"image\/jpeg","filesize":76818,"url":"https:\/\/www.lucasfroeserealestate.com\/wp-content\/uploads\/2025\/05\/Diseno-sin-titulo-2025-05-07T161548.705-1024x683.jpg"},"thumbnail":{"file":"Diseno-sin-titulo-2025-05-07T161548.705-150x150.jpg","width":150,"height":150,"mime-type":"image\/jpeg","filesize":4401,"url":"https:\/\/www.lucasfroeserealestate.com\/wp-content\/uploads\/2025\/05\/Diseno-sin-titulo-2025-05-07T161548.705-150x150.jpg"},"medium_large":{"file":"Diseno-sin-titulo-2025-05-07T161548.705-768x512.jpg","width":768,"height":512,"mime-type":"image\/jpeg","filesize":45213,"url":"https:\/\/www.lucasfroeserealestate.com\/wp-content\/uploads\/2025\/05\/Diseno-sin-titulo-2025-05-07T161548.705-768x512.jpg"},"1536x1536":{"file":"Diseno-sin-titulo-2025-05-07T161548.705-1536x1024.jpg","width":1536,"height":1024,"mime-type":"image\/jpeg","filesize":161848,"url":"https:\/\/www.lucasfroeserealestate.com\/wp-content\/uploads\/2025\/05\/Diseno-sin-titulo-2025-05-07T161548.705-1536x1024.jpg"},"2048x2048":{"file":"Diseno-sin-titulo-2025-05-07T161548.705-2048x1365.jpg","width":2048,"height":1365,"mime-type":"image\/jpeg","filesize":284728,"url":"https:\/\/www.lucasfroeserealestate.com\/wp-content\/uploads\/2025\/05\/Diseno-sin-titulo-2025-05-07T161548.705-2048x1365.jpg"},"post-thumbnail":{"file":"Diseno-sin-titulo-2025-05-07T161548.705-150x100.jpg","width":150,"height":100,"mime-type":"image\/jpeg","filesize":3311,"url":"https:\/\/www.lucasfroeserealestate.com\/wp-content\/uploads\/2025\/05\/Diseno-sin-titulo-2025-05-07T161548.705-150x100.jpg"},"modern-property-child-slider":{"file":"Diseno-sin-titulo-2025-05-07T161548.705-680x510.jpg","width":680,"height":510,"mime-type":"image\/jpeg","filesize":40933,"url":"https:\/\/www.lucasfroeserealestate.com\/wp-content\/uploads\/2025\/05\/Diseno-sin-titulo-2025-05-07T161548.705-680x510.jpg"},"property-thumb-image":{"file":"Diseno-sin-titulo-2025-05-07T161548.705-488x326.jpg","width":488,"height":326,"mime-type":"image\/jpeg","filesize":20832,"url":"https:\/\/www.lucasfroeserealestate.com\/wp-content\/uploads\/2025\/05\/Diseno-sin-titulo-2025-05-07T161548.705-488x326.jpg"},"property-detail-video-image":{"file":"Diseno-sin-titulo-2025-05-07T161548.705-818x417.jpg","width":818,"height":417,"mime-type":"image\/jpeg","filesize":36324,"url":"https:\/\/www.lucasfroeserealestate.com\/wp-content\/uploads\/2025\/05\/Diseno-sin-titulo-2025-05-07T161548.705-818x417.jpg"},"agent-image":{"file":"Diseno-sin-titulo-2025-05-07T161548.705-210x210.jpg","width":210,"height":210,"mime-type":"image\/jpeg","filesize":7528,"url":"https:\/\/www.lucasfroeserealestate.com\/wp-content\/uploads\/2025\/05\/Diseno-sin-titulo-2025-05-07T161548.705-210x210.jpg"},"partners-logo":{"file":"Diseno-sin-titulo-2025-05-07T161548.705-600x1600.jpg","width":600,"height":1600,"mime-type":"image\/jpeg","filesize":116785,"url":"https:\/\/www.lucasfroeserealestate.com\/wp-content\/uploads\/2025\/05\/Diseno-sin-titulo-2025-05-07T161548.705-600x1600.jpg"},"post-featured-image":{"file":"Diseno-sin-titulo-2025-05-07T161548.705-1240x720.jpg","width":1240,"height":720,"mime-type":"image\/jpeg","filesize":90434,"url":"https:\/\/www.lucasfroeserealestate.com\/wp-content\/uploads\/2025\/05\/Diseno-sin-titulo-2025-05-07T161548.705-1240x720.jpg"}},"image_meta":{"aperture":"0","credit":"","camera":"","caption":"","created_timestamp":"0","copyright":"","focal_length":"0","iso":"0","shutter_speed":"0","title":"","orientation":"1","keywords":[]},"ID":"67483","name":"Diseno-sin-titulo-2025-05-07T161548.705.jpg","path":"\/home\/empleost\/domains\/lucasfroeserealestate.com\/public_html\/wp-content\/uploads\/2025\/05\/Diseno-sin-titulo-2025-05-07T161548.705.jpg","url":"https:\/\/www.lucasfroeserealestate.com\/wp-content\/uploads\/2025\/05\/Diseno-sin-titulo-2025-05-07T161548.705-150x150.jpg","full_url":"https:\/\/www.lucasfroeserealestate.com\/wp-content\/uploads\/2025\/05\/Diseno-sin-titulo-2025-05-07T161548.705.jpg","title":"Disen\u0303o sin ti\u0301tulo - 2025-05-07T161548.705","caption":"Immobilien Felanitx Zentrum kaufen","description":"","alt":"Immobilien Felanitx Zentrum kaufen","srcset":"https:\/\/www.lucasfroeserealestate.com\/wp-content\/uploads\/2025\/05\/Diseno-sin-titulo-2025-05-07T161548.705-150x150.jpg 150w, https:\/\/www.lucasfroeserealestate.com\/wp-content\/uploads\/2025\/05\/Diseno-sin-titulo-2025-05-07T161548.705-210x210.jpg 210w"},{"width":150,"height":150,"file":"2025\/05\/Diseno-sin-titulo-2025-05-07T161646.334.jpg","filesize":820281,"sizes":{"medium":{"file":"Diseno-sin-titulo-2025-05-07T161646.334-300x200.jpg","width":300,"height":200,"mime-type":"image\/jpeg","filesize":19342,"url":"https:\/\/www.lucasfroeserealestate.com\/wp-content\/uploads\/2025\/05\/Diseno-sin-titulo-2025-05-07T161646.334-300x200.jpg"},"large":{"file":"Diseno-sin-titulo-2025-05-07T161646.334-1024x683.jpg","width":1024,"height":683,"mime-type":"image\/jpeg","filesize":182130,"url":"https:\/\/www.lucasfroeserealestate.com\/wp-content\/uploads\/2025\/05\/Diseno-sin-titulo-2025-05-07T161646.334-1024x683.jpg"},"thumbnail":{"file":"Diseno-sin-titulo-2025-05-07T161646.334-150x150.jpg","width":150,"height":150,"mime-type":"image\/jpeg","filesize":7928,"url":"https:\/\/www.lucasfroeserealestate.com\/wp-content\/uploads\/2025\/05\/Diseno-sin-titulo-2025-05-07T161646.334-150x150.jpg"},"medium_large":{"file":"Diseno-sin-titulo-2025-05-07T161646.334-768x512.jpg","width":768,"height":512,"mime-type":"image\/jpeg","filesize":107789,"url":"https:\/\/www.lucasfroeserealestate.com\/wp-content\/uploads\/2025\/05\/Diseno-sin-titulo-2025-05-07T161646.334-768x512.jpg"},"1536x1536":{"file":"Diseno-sin-titulo-2025-05-07T161646.334-1536x1024.jpg","width":1536,"height":1024,"mime-type":"image\/jpeg","filesize":369118,"url":"https:\/\/www.lucasfroeserealestate.com\/wp-content\/uploads\/2025\/05\/Diseno-sin-titulo-2025-05-07T161646.334-1536x1024.jpg"},"2048x2048":{"file":"Diseno-sin-titulo-2025-05-07T161646.334-2048x1365.jpg","width":2048,"height":1365,"mime-type":"image\/jpeg","filesize":600455,"url":"https:\/\/www.lucasfroeserealestate.com\/wp-content\/uploads\/2025\/05\/Diseno-sin-titulo-2025-05-07T161646.334-2048x1365.jpg"},"post-thumbnail":{"file":"Diseno-sin-titulo-2025-05-07T161646.334-150x100.jpg","width":150,"height":100,"mime-type":"image\/jpeg","filesize":5716,"url":"https:\/\/www.lucasfroeserealestate.com\/wp-content\/uploads\/2025\/05\/Diseno-sin-titulo-2025-05-07T161646.334-150x100.jpg"},"modern-property-child-slider":{"file":"Diseno-sin-titulo-2025-05-07T161646.334-680x510.jpg","width":680,"height":510,"mime-type":"image\/jpeg","filesize":98028,"url":"https:\/\/www.lucasfroeserealestate.com\/wp-content\/uploads\/2025\/05\/Diseno-sin-titulo-2025-05-07T161646.334-680x510.jpg"},"property-thumb-image":{"file":"Diseno-sin-titulo-2025-05-07T161646.334-488x326.jpg","width":488,"height":326,"mime-type":"image\/jpeg","filesize":47108,"url":"https:\/\/www.lucasfroeserealestate.com\/wp-content\/uploads\/2025\/05\/Diseno-sin-titulo-2025-05-07T161646.334-488x326.jpg"},"property-detail-video-image":{"file":"Diseno-sin-titulo-2025-05-07T161646.334-818x417.jpg","width":818,"height":417,"mime-type":"image\/jpeg","filesize":99047,"url":"https:\/\/www.lucasfroeserealestate.com\/wp-content\/uploads\/2025\/05\/Diseno-sin-titulo-2025-05-07T161646.334-818x417.jpg"},"agent-image":{"file":"Diseno-sin-titulo-2025-05-07T161646.334-210x210.jpg","width":210,"height":210,"mime-type":"image\/jpeg","filesize":14891,"url":"https:\/\/www.lucasfroeserealestate.com\/wp-content\/uploads\/2025\/05\/Diseno-sin-titulo-2025-05-07T161646.334-210x210.jpg"},"partners-logo":{"file":"Diseno-sin-titulo-2025-05-07T161646.334-600x1600.jpg","width":600,"height":1600,"mime-type":"image\/jpeg","filesize":253552,"url":"https:\/\/www.lucasfroeserealestate.com\/wp-content\/uploads\/2025\/05\/Diseno-sin-titulo-2025-05-07T161646.334-600x1600.jpg"},"post-featured-image":{"file":"Diseno-sin-titulo-2025-05-07T161646.334-1240x720.jpg","width":1240,"height":720,"mime-type":"image\/jpeg","filesize":227311,"url":"https:\/\/www.lucasfroeserealestate.com\/wp-content\/uploads\/2025\/05\/Diseno-sin-titulo-2025-05-07T161646.334-1240x720.jpg"}},"image_meta":{"aperture":"0","credit":"","camera":"","caption":"","created_timestamp":"0","copyright":"","focal_length":"0","iso":"0","shutter_speed":"0","title":"","orientation":"1","keywords":[]},"ID":"67480","name":"Diseno-sin-titulo-2025-05-07T161646.334.jpg","path":"\/home\/empleost\/domains\/lucasfroeserealestate.com\/public_html\/wp-content\/uploads\/2025\/05\/Diseno-sin-titulo-2025-05-07T161646.334.jpg","url":"https:\/\/www.lucasfroeserealestate.com\/wp-content\/uploads\/2025\/05\/Diseno-sin-titulo-2025-05-07T161646.334-150x150.jpg","full_url":"https:\/\/www.lucasfroeserealestate.com\/wp-content\/uploads\/2025\/05\/Diseno-sin-titulo-2025-05-07T161646.334.jpg","title":"Disen\u0303o sin ti\u0301tulo - 2025-05-07T161646.334","caption":"Immobilien Felanitx Zentrum kaufen","description":"","alt":"Immobilien Felanitx Zentrum kaufen","srcset":"https:\/\/www.lucasfroeserealestate.com\/wp-content\/uploads\/2025\/05\/Diseno-sin-titulo-2025-05-07T161646.334-150x150.jpg 150w, https:\/\/www.lucasfroeserealestate.com\/wp-content\/uploads\/2025\/05\/Diseno-sin-titulo-2025-05-07T161646.334-210x210.jpg 210w"},{"width":150,"height":150,"file":"2025\/05\/Diseno-sin-titulo-2025-05-07T161714.204.jpg","filesize":536123,"sizes":{"medium":{"file":"Diseno-sin-titulo-2025-05-07T161714.204-300x200.jpg","width":300,"height":200,"mime-type":"image\/jpeg","filesize":13533,"url":"https:\/\/www.lucasfroeserealestate.com\/wp-content\/uploads\/2025\/05\/Diseno-sin-titulo-2025-05-07T161714.204-300x200.jpg"},"large":{"file":"Diseno-sin-titulo-2025-05-07T161714.204-1024x683.jpg","width":1024,"height":683,"mime-type":"image\/jpeg","filesize":116678,"url":"https:\/\/www.lucasfroeserealestate.com\/wp-content\/uploads\/2025\/05\/Diseno-sin-titulo-2025-05-07T161714.204-1024x683.jpg"},"thumbnail":{"file":"Diseno-sin-titulo-2025-05-07T161714.204-150x150.jpg","width":150,"height":150,"mime-type":"image\/jpeg","filesize":5943,"url":"https:\/\/www.lucasfroeserealestate.com\/wp-content\/uploads\/2025\/05\/Diseno-sin-titulo-2025-05-07T161714.204-150x150.jpg"},"medium_large":{"file":"Diseno-sin-titulo-2025-05-07T161714.204-768x512.jpg","width":768,"height":512,"mime-type":"image\/jpeg","filesize":69581,"url":"https:\/\/www.lucasfroeserealestate.com\/wp-content\/uploads\/2025\/05\/Diseno-sin-titulo-2025-05-07T161714.204-768x512.jpg"},"1536x1536":{"file":"Diseno-sin-titulo-2025-05-07T161714.204-1536x1024.jpg","width":1536,"height":1024,"mime-type":"image\/jpeg","filesize":237183,"url":"https:\/\/www.lucasfroeserealestate.com\/wp-content\/uploads\/2025\/05\/Diseno-sin-titulo-2025-05-07T161714.204-1536x1024.jpg"},"2048x2048":{"file":"Diseno-sin-titulo-2025-05-07T161714.204-2048x1365.jpg","width":2048,"height":1365,"mime-type":"image\/jpeg","filesize":390887,"url":"https:\/\/www.lucasfroeserealestate.com\/wp-content\/uploads\/2025\/05\/Diseno-sin-titulo-2025-05-07T161714.204-2048x1365.jpg"},"post-thumbnail":{"file":"Diseno-sin-titulo-2025-05-07T161714.204-150x100.jpg","width":150,"height":100,"mime-type":"image\/jpeg","filesize":4615,"url":"https:\/\/www.lucasfroeserealestate.com\/wp-content\/uploads\/2025\/05\/Diseno-sin-titulo-2025-05-07T161714.204-150x100.jpg"},"modern-property-child-slider":{"file":"Diseno-sin-titulo-2025-05-07T161714.204-680x510.jpg","width":680,"height":510,"mime-type":"image\/jpeg","filesize":63150,"url":"https:\/\/www.lucasfroeserealestate.com\/wp-content\/uploads\/2025\/05\/Diseno-sin-titulo-2025-05-07T161714.204-680x510.jpg"},"property-thumb-image":{"file":"Diseno-sin-titulo-2025-05-07T161714.204-488x326.jpg","width":488,"height":326,"mime-type":"image\/jpeg","filesize":31336,"url":"https:\/\/www.lucasfroeserealestate.com\/wp-content\/uploads\/2025\/05\/Diseno-sin-titulo-2025-05-07T161714.204-488x326.jpg"},"property-detail-video-image":{"file":"Diseno-sin-titulo-2025-05-07T161714.204-818x417.jpg","width":818,"height":417,"mime-type":"image\/jpeg","filesize":64143,"url":"https:\/\/www.lucasfroeserealestate.com\/wp-content\/uploads\/2025\/05\/Diseno-sin-titulo-2025-05-07T161714.204-818x417.jpg"},"agent-image":{"file":"Diseno-sin-titulo-2025-05-07T161714.204-210x210.jpg","width":210,"height":210,"mime-type":"image\/jpeg","filesize":10568,"url":"https:\/\/www.lucasfroeserealestate.com\/wp-content\/uploads\/2025\/05\/Diseno-sin-titulo-2025-05-07T161714.204-210x210.jpg"},"partners-logo":{"file":"Diseno-sin-titulo-2025-05-07T161714.204-600x1600.jpg","width":600,"height":1600,"mime-type":"image\/jpeg","filesize":146881,"url":"https:\/\/www.lucasfroeserealestate.com\/wp-content\/uploads\/2025\/05\/Diseno-sin-titulo-2025-05-07T161714.204-600x1600.jpg"},"post-featured-image":{"file":"Diseno-sin-titulo-2025-05-07T161714.204-1240x720.jpg","width":1240,"height":720,"mime-type":"image\/jpeg","filesize":146345,"url":"https:\/\/www.lucasfroeserealestate.com\/wp-content\/uploads\/2025\/05\/Diseno-sin-titulo-2025-05-07T161714.204-1240x720.jpg"}},"image_meta":{"aperture":"0","credit":"","camera":"","caption":"","created_timestamp":"0","copyright":"","focal_length":"0","iso":"0","shutter_speed":"0","title":"","orientation":"1","keywords":[]},"ID":"67477","name":"Diseno-sin-titulo-2025-05-07T161714.204.jpg","path":"\/home\/empleost\/domains\/lucasfroeserealestate.com\/public_html\/wp-content\/uploads\/2025\/05\/Diseno-sin-titulo-2025-05-07T161714.204.jpg","url":"https:\/\/www.lucasfroeserealestate.com\/wp-content\/uploads\/2025\/05\/Diseno-sin-titulo-2025-05-07T161714.204-150x150.jpg","full_url":"https:\/\/www.lucasfroeserealestate.com\/wp-content\/uploads\/2025\/05\/Diseno-sin-titulo-2025-05-07T161714.204.jpg","title":"Disen\u0303o sin ti\u0301tulo - 2025-05-07T161714.204","caption":"Immobilien Felanitx Zentrum kaufen","description":"","alt":"Immobilien Felanitx Zentrum kaufen","srcset":"https:\/\/www.lucasfroeserealestate.com\/wp-content\/uploads\/2025\/05\/Diseno-sin-titulo-2025-05-07T161714.204-150x150.jpg 150w, https:\/\/www.lucasfroeserealestate.com\/wp-content\/uploads\/2025\/05\/Diseno-sin-titulo-2025-05-07T161714.204-210x210.jpg 210w"},{"width":150,"height":150,"file":"2025\/05\/Diseno-sin-titulo-2025-05-07T161807.964.jpg","filesize":514044,"sizes":{"medium":{"file":"Diseno-sin-titulo-2025-05-07T161807.964-300x200.jpg","width":300,"height":200,"mime-type":"image\/jpeg","filesize":14155,"url":"https:\/\/www.lucasfroeserealestate.com\/wp-content\/uploads\/2025\/05\/Diseno-sin-titulo-2025-05-07T161807.964-300x200.jpg"},"large":{"file":"Diseno-sin-titulo-2025-05-07T161807.964-1024x683.jpg","width":1024,"height":683,"mime-type":"image\/jpeg","filesize":116400,"url":"https:\/\/www.lucasfroeserealestate.com\/wp-content\/uploads\/2025\/05\/Diseno-sin-titulo-2025-05-07T161807.964-1024x683.jpg"},"thumbnail":{"file":"Diseno-sin-titulo-2025-05-07T161807.964-150x150.jpg","width":150,"height":150,"mime-type":"image\/jpeg","filesize":6180,"url":"https:\/\/www.lucasfroeserealestate.com\/wp-content\/uploads\/2025\/05\/Diseno-sin-titulo-2025-05-07T161807.964-150x150.jpg"},"medium_large":{"file":"Diseno-sin-titulo-2025-05-07T161807.964-768x512.jpg","width":768,"height":512,"mime-type":"image\/jpeg","filesize":70248,"url":"https:\/\/www.lucasfroeserealestate.com\/wp-content\/uploads\/2025\/05\/Diseno-sin-titulo-2025-05-07T161807.964-768x512.jpg"},"1536x1536":{"file":"Diseno-sin-titulo-2025-05-07T161807.964-1536x1024.jpg","width":1536,"height":1024,"mime-type":"image\/jpeg","filesize":232801,"url":"https:\/\/www.lucasfroeserealestate.com\/wp-content\/uploads\/2025\/05\/Diseno-sin-titulo-2025-05-07T161807.964-1536x1024.jpg"},"2048x2048":{"file":"Diseno-sin-titulo-2025-05-07T161807.964-2048x1365.jpg","width":2048,"height":1365,"mime-type":"image\/jpeg","filesize":379462,"url":"https:\/\/www.lucasfroeserealestate.com\/wp-content\/uploads\/2025\/05\/Diseno-sin-titulo-2025-05-07T161807.964-2048x1365.jpg"},"post-thumbnail":{"file":"Diseno-sin-titulo-2025-05-07T161807.964-150x100.jpg","width":150,"height":100,"mime-type":"image\/jpeg","filesize":4803,"url":"https:\/\/www.lucasfroeserealestate.com\/wp-content\/uploads\/2025\/05\/Diseno-sin-titulo-2025-05-07T161807.964-150x100.jpg"},"modern-property-child-slider":{"file":"Diseno-sin-titulo-2025-05-07T161807.964-680x510.jpg","width":680,"height":510,"mime-type":"image\/jpeg","filesize":62719,"url":"https:\/\/www.lucasfroeserealestate.com\/wp-content\/uploads\/2025\/05\/Diseno-sin-titulo-2025-05-07T161807.964-680x510.jpg"},"property-thumb-image":{"file":"Diseno-sin-titulo-2025-05-07T161807.964-488x326.jpg","width":488,"height":326,"mime-type":"image\/jpeg","filesize":32322,"url":"https:\/\/www.lucasfroeserealestate.com\/wp-content\/uploads\/2025\/05\/Diseno-sin-titulo-2025-05-07T161807.964-488x326.jpg"},"property-detail-video-image":{"file":"Diseno-sin-titulo-2025-05-07T161807.964-818x417.jpg","width":818,"height":417,"mime-type":"image\/jpeg","filesize":66704,"url":"https:\/\/www.lucasfroeserealestate.com\/wp-content\/uploads\/2025\/05\/Diseno-sin-titulo-2025-05-07T161807.964-818x417.jpg"},"agent-image":{"file":"Diseno-sin-titulo-2025-05-07T161807.964-210x210.jpg","width":210,"height":210,"mime-type":"image\/jpeg","filesize":10886,"url":"https:\/\/www.lucasfroeserealestate.com\/wp-content\/uploads\/2025\/05\/Diseno-sin-titulo-2025-05-07T161807.964-210x210.jpg"},"partners-logo":{"file":"Diseno-sin-titulo-2025-05-07T161807.964-600x1600.jpg","width":600,"height":1600,"mime-type":"image\/jpeg","filesize":157744,"url":"https:\/\/www.lucasfroeserealestate.com\/wp-content\/uploads\/2025\/05\/Diseno-sin-titulo-2025-05-07T161807.964-600x1600.jpg"},"post-featured-image":{"file":"Diseno-sin-titulo-2025-05-07T161807.964-1240x720.jpg","width":1240,"height":720,"mime-type":"image\/jpeg","filesize":146626,"url":"https:\/\/www.lucasfroeserealestate.com\/wp-content\/uploads\/2025\/05\/Diseno-sin-titulo-2025-05-07T161807.964-1240x720.jpg"}},"image_meta":{"aperture":"0","credit":"","camera":"","caption":"","created_timestamp":"0","copyright":"","focal_length":"0","iso":"0","shutter_speed":"0","title":"","orientation":"1","keywords":[]},"ID":"67474","name":"Diseno-sin-titulo-2025-05-07T161807.964.jpg","path":"\/home\/empleost\/domains\/lucasfroeserealestate.com\/public_html\/wp-content\/uploads\/2025\/05\/Diseno-sin-titulo-2025-05-07T161807.964.jpg","url":"https:\/\/www.lucasfroeserealestate.com\/wp-content\/uploads\/2025\/05\/Diseno-sin-titulo-2025-05-07T161807.964-150x150.jpg","full_url":"https:\/\/www.lucasfroeserealestate.com\/wp-content\/uploads\/2025\/05\/Diseno-sin-titulo-2025-05-07T161807.964.jpg","title":"Disen\u0303o sin ti\u0301tulo - 2025-05-07T161807.964","caption":"Immobilien Felanitx Zentrum kaufen","description":"","alt":"Immobilien Felanitx Zentrum kaufen","srcset":"https:\/\/www.lucasfroeserealestate.com\/wp-content\/uploads\/2025\/05\/Diseno-sin-titulo-2025-05-07T161807.964-150x150.jpg 150w, https:\/\/www.lucasfroeserealestate.com\/wp-content\/uploads\/2025\/05\/Diseno-sin-titulo-2025-05-07T161807.964-210x210.jpg 210w"}],"REAL_HOMES_change_gallery_slider_type":"0","REAL_HOMES_gallery_slider_type":"thumb-on-right","inspiry_floor_plans":[],"inspiry_video_group":[],"REAL_HOMES_360_virtual_tour":"","REAL_HOMES_agent_display_option":"agent_info","REAL_HOMES_agents":["6675"],"REAL_HOMES_energy_class":"F","REAL_HOMES_energy_performance":"In process...","REAL_HOMES_epc_current_rating":"","REAL_HOMES_epc_potential_rating":"","ere_property_schedule_tour":"global","ere_property_schedule_time_slots":"","ere_property_schedule_description":"","REAL_HOMES_sticky":"0","inspiry_property_label":"","inspiry_property_label_color":"","inspiry_property_tax":"","inspiry_additional_fee":"","REAL_HOMES_attachments":[],"inspiry_property_owner_name":"","inspiry_property_owner_contact":"","inspiry_property_owner_address":"","REAL_HOMES_property_private_note":"","inspiry_message_to_reviewer":"","REAL_HOMES_add_in_slider":"no","REAL_HOMES_slider_image":[],"REAL_HOMES_page_banner_image":[],"REAL_HOMES_hide_property_advance_search":"0","inspiry_ausrichtung":"","inspiry_strasse":"","inspiry_hausnummer":"","inspiry_plz":"","inspiry_ort":"","inspiry_land":"","inspiry_new-build":"","inspiry_kyero_prime_activator":[],"inspiry_kyero_xml_format":[],"inspiry_openimmo_xml_format":[],"inspiry_idealista_xml_format":[],"inspiry_etagen":"","inspiry_etage_(wo_sich_die_wohnung_befindet,_sonst_0)":"","inspiry_gesamtfl\u00e4che\/bebaute_fl\u00e4che_(mehr_als_wohnfl\u00e4che*)":"","inspiry_anzahl_zimmer_sz_esszimmer_wohnzimmer_hobby_zimmer_usw":"","inspiry_anzahl_terrassen":"","inspiry_anzahl_wohneinheiten":"","inspiry_google_maps_link":"","inspiry_google_drive_link":"","inspiry_location_coordinates_gm":"","inspiry_erhaltungszustand_der_immobilie":"","inspiry_heizungsart":"","inspiry_qualit\u00e4t_der_ausstattung":"","inspiry_kauf\/miete":"","inspiry_kategorie":"","inspiry_typ":"","inspiry_art":"","inspiry_land_type_(only_plots)":"","inspiry_listed_by":"","inspiry_comission_(%)":"","inspiry_lage_beschreibung":"","inspiry_austattung_beschreibung":"","inspiry_bodenbelag":"","inspiry_distanz_zum_flughafen_(min)":"","inspiry_auftragsart":"","inspiry_keys":[],"inspiry_preis_pro_m2":"","inspiry_office_listed":"","inspiry_suchkriterien_extras":["Cerca del aeropuerto (35')"],"REAL_HOMES_custom_header_display":"","REAL_HOMES_custom_header_position":"","REAL_HOMES_custom_footer_display":"","REAL_HOMES_hide_advance_search":"","REAL_HOMES_custom_search_form":"","REAL_HOMES_search_form_margin_top":"","REAL_HOMES_search_form_margin_bottom":""},"_links":{"self":[{"href":"https:\/\/www.lucasfroeserealestate.com\/es\/wp-json\/wp\/v2\/immobilien\/30654","targetHints":{"allow":["GET"]}}],"collection":[{"href":"https:\/\/www.lucasfroeserealestate.com\/es\/wp-json\/wp\/v2\/immobilien"}],"about":[{"href":"https:\/\/www.lucasfroeserealestate.com\/es\/wp-json\/wp\/v2\/types\/property"}],"author":[{"embeddable":true,"href":"https:\/\/www.lucasfroeserealestate.com\/es\/wp-json\/wp\/v2\/users\/8"}],"replies":[{"embeddable":true,"href":"https:\/\/www.lucasfroeserealestate.com\/es\/wp-json\/wp\/v2\/comments?post=30654"}],"version-history":[{"count":1,"href":"https:\/\/www.lucasfroeserealestate.com\/es\/wp-json\/wp\/v2\/immobilien\/30654\/revisions"}],"predecessor-version":[{"id":79614,"href":"https:\/\/www.lucasfroeserealestate.com\/es\/wp-json\/wp\/v2\/immobilien\/30654\/revisions\/79614"}],"wp:featuredmedia":[{"embeddable":true,"href":"https:\/\/www.lucasfroeserealestate.com\/es\/wp-json\/wp\/v2\/media\/30589"}],"wp:attachment":[{"href":"https:\/\/www.lucasfroeserealestate.com\/es\/wp-json\/wp\/v2\/media?parent=30654"}],"wp:term":[{"taxonomy":"property-feature","embeddable":true,"href":"https:\/\/www.lucasfroeserealestate.com\/es\/wp-json\/wp\/v2\/immobilien-austattung?post=30654"},{"taxonomy":"property-type","embeddable":true,"href":"https:\/\/www.lucasfroeserealestate.com\/es\/wp-json\/wp\/v2\/immobilien-typ?post=30654"},{"taxonomy":"property-city","embeddable":true,"href":"https:\/\/www.lucasfroeserealestate.com\/es\/wp-json\/wp\/v2\/immobilien-ortschaft?post=30654"},{"taxonomy":"property-status","embeddable":true,"href":"https:\/\/www.lucasfroeserealestate.com\/es\/wp-json\/wp\/v2\/immobilien-status?post=30654"}],"curies":[{"name":"wp","href":"https:\/\/api.w.org\/{rel}","templated":true}]}}