{"id":26194,"date":"2024-04-14T14:13:43","date_gmt":"2024-04-14T12:13:43","guid":{"rendered":"https:\/\/www.lucasfroeserealestate.com\/immobilien\/luxus-wohnung-blick-felanitx\/"},"modified":"2026-01-10T14:28:31","modified_gmt":"2026-01-10T13:28:31","slug":"luxus-wohnung-blick-felanitx","status":"publish","type":"property","link":"https:\/\/www.lucasfroeserealestate.com\/es\/immobilien\/luxus-wohnung-blick-felanitx\/","title":{"rendered":"Piso de lujo con terraza chill-out y vistas a Felanitx"},"content":{"rendered":"<p>Este piso de lujo de estilo moderno est\u00e1 situado en pleno centro de Felanitx, junto al ayuntamiento y el mercado. La superficie de 140 m2 consta de un amplio y luminoso sal\u00f3n-comedor con chimenea y balc\u00f3n con vistas al ayuntamiento y al mercado, una cocina abierta totalmente equipada, un cuarto de ba\u00f1o, un dormitorio y el dormitorio principal con cuarto de ba\u00f1o en suite.<\/p>\n<p>Adem\u00e1s, el piso tiene una azotea con zona chill-out (donde se podr\u00eda colocar perfectamente un jacuzzi con zona de barbacoa) con unas vistas impresionantes sobre todo Felanitx hasta la monta\u00f1a de Sant Salvador y los pueblos de alrededor, as\u00ed como el mar desde lejos.<\/p>\n<p>Los extras incluyen calefacci\u00f3n, aire acondicionado y la terraza de la azotea con vistas superiores.<\/p>\n","protected":false},"excerpt":{"rendered":"<p>Este piso de lujo de estilo moderno est\u00e1 situado en pleno centro de Felanitx, junto al ayuntamiento y el mercado. La superficie de 140 m2 consta de un amplio y luminoso sal\u00f3n-comedor con chimenea y balc\u00f3n con vistas al ayuntamiento y al mercado, una cocina abierta totalmente equipada, un cuarto de ba\u00f1o, un dormitorio y&#8230;<\/p>\n","protected":false},"author":1,"featured_media":49243,"parent":0,"menu_order":0,"comment_status":"closed","ping_status":"closed","template":"","immobilien-austattung":[1739,141,104,145,2086,1533,99,1642,1534,2138,103,4111,1505,4058,4146,150,105,109,3762,111],"immobilien-typ":[88],"immobilien-ortschaft":[119],"immobilien-status":[114],"class_list":["post-26194","property","type-property","status-publish","has-post-thumbnail","hentry","property-feature-doppelglasfenster-es","property-feature-stadtwasser-es","property-feature-klimaanlage-es","property-feature-ascensor","property-feature-dachterrasse-es","property-feature-balkon-es","property-feature-bbq-es","property-feature-heizung-es","property-feature-fussbodenheizung-es","property-feature-energiezertifikat-in-bearbeitung-es","property-feature-kamin-es","property-feature-inmueble-exclusivo","property-feature-gesa-strom-es","property-feature-top-immobilien-angebot-es","property-feature-obrea-nueva","property-feature-parkplatz-es","property-feature-luxusimmobilie-es","property-feature-terrasse-es","property-feature-treppenlift-es","property-feature-wc-gaestetoilette-es","property-type-pisosyapartamentos","property-city-felanitx-es","property-status-venta"],"property_meta":{"REAL_HOMES_property_price":"610000","REAL_HOMES_property_old_price":"","REAL_HOMES_property_price_prefix":"","REAL_HOMES_property_price_postfix":"","REAL_HOMES_property_size":"135","REAL_HOMES_property_size_postfix":"","REAL_HOMES_property_lot_size":"","REAL_HOMES_property_lot_size_postfix":"","REAL_HOMES_property_bedrooms":"2","REAL_HOMES_property_bathrooms":"2","REAL_HOMES_property_garage":"","REAL_HOMES_property_id":"LF0325","REAL_HOMES_property_year_built":"2021","rvr_property_owner":"","REAL_HOMES_featured":"1","REAL_HOMES_additional_details_list":[],"REAL_HOMES_property_location":{"latitude":"39.4731681","longitude":"3.1476731","zoom":"14"},"REAL_HOMES_property_address":"Felanitx, Migjorn, Islas Baleares, Espa\u00f1a","REAL_HOMES_property_map":"0","REAL_HOMES_property_images":[{"width":150,"height":150,"file":"2020\/09\/Piso2-1-34.jpg","filesize":481093,"sizes":{"medium":{"file":"Piso2-1-34-300x169.jpg","width":300,"height":169,"mime-type":"image\/jpeg","filesize":15704,"url":"https:\/\/www.lucasfroeserealestate.com\/wp-content\/uploads\/2020\/09\/Piso2-1-34-300x169.jpg"},"large":{"file":"Piso2-1-34-1024x576.jpg","width":1024,"height":576,"mime-type":"image\/jpeg","filesize":162520,"url":"https:\/\/www.lucasfroeserealestate.com\/wp-content\/uploads\/2020\/09\/Piso2-1-34-1024x576.jpg"},"thumbnail":{"file":"Piso2-1-34-150x150.jpg","width":150,"height":150,"mime-type":"image\/jpeg","filesize":8367,"url":"https:\/\/www.lucasfroeserealestate.com\/wp-content\/uploads\/2020\/09\/Piso2-1-34-150x150.jpg"},"medium_large":{"file":"Piso2-1-34-768x432.jpg","width":768,"height":432,"mime-type":"image\/jpeg","filesize":92364,"url":"https:\/\/www.lucasfroeserealestate.com\/wp-content\/uploads\/2020\/09\/Piso2-1-34-768x432.jpg"},"1536x1536":{"file":"Piso2-1-34-1536x864.jpg","width":1536,"height":864,"mime-type":"image\/jpeg","filesize":347377,"url":"https:\/\/www.lucasfroeserealestate.com\/wp-content\/uploads\/2020\/09\/Piso2-1-34-1536x864.jpg"},"2048x2048":{"file":"Piso2-1-34-2048x1152.jpg","width":2048,"height":1152,"mime-type":"image\/jpeg","filesize":569030,"url":"https:\/\/www.lucasfroeserealestate.com\/wp-content\/uploads\/2020\/09\/Piso2-1-34-2048x1152.jpg"},"post-thumbnail":{"file":"Piso2-1-34-150x84.jpg","width":150,"height":84,"mime-type":"image\/jpeg","filesize":4735,"url":"https:\/\/www.lucasfroeserealestate.com\/wp-content\/uploads\/2020\/09\/Piso2-1-34-150x84.jpg"},"modern-property-child-slider":{"file":"Piso2-1-34-680x510.jpg","width":680,"height":510,"mime-type":"image\/jpeg","filesize":101270,"url":"https:\/\/www.lucasfroeserealestate.com\/wp-content\/uploads\/2020\/09\/Piso2-1-34-680x510.jpg"},"property-thumb-image":{"file":"Piso2-1-34-488x326.jpg","width":488,"height":326,"mime-type":"image\/jpeg","filesize":46882,"url":"https:\/\/www.lucasfroeserealestate.com\/wp-content\/uploads\/2020\/09\/Piso2-1-34-488x326.jpg"},"property-detail-video-image":{"file":"Piso2-1-34-818x417.jpg","width":818,"height":417,"mime-type":"image\/jpeg","filesize":95938,"url":"https:\/\/www.lucasfroeserealestate.com\/wp-content\/uploads\/2020\/09\/Piso2-1-34-818x417.jpg"},"agent-image":{"file":"Piso2-1-34-210x210.jpg","width":210,"height":210,"mime-type":"image\/jpeg","filesize":15295,"url":"https:\/\/www.lucasfroeserealestate.com\/wp-content\/uploads\/2020\/09\/Piso2-1-34-210x210.jpg"},"partners-logo":{"file":"Piso2-1-34-600x1350.jpg","width":600,"height":1350,"mime-type":"image\/jpeg","filesize":223624,"url":"https:\/\/www.lucasfroeserealestate.com\/wp-content\/uploads\/2020\/09\/Piso2-1-34-600x1350.jpg"},"post-featured-image":{"file":"Piso2-1-34-1240x720.jpg","width":1240,"height":720,"mime-type":"image\/jpeg","filesize":242143,"url":"https:\/\/www.lucasfroeserealestate.com\/wp-content\/uploads\/2020\/09\/Piso2-1-34-1240x720.jpg"}},"image_meta":{"aperture":"1.8","credit":"","camera":"iPhone 15 Pro","caption":"","created_timestamp":"1708527176","copyright":"","focal_length":"6.86","iso":"80","shutter_speed":"0.001","title":"","orientation":"0","keywords":[]},"ID":"49323","name":"Piso2-1-34.jpg","path":"\/home\/empleost\/domains\/lucasfroeserealestate.com\/public_html\/wp-content\/uploads\/2020\/09\/Piso2-1-34.jpg","url":"https:\/\/www.lucasfroeserealestate.com\/wp-content\/uploads\/2020\/09\/Piso2-1-34-150x150.jpg","full_url":"https:\/\/www.lucasfroeserealestate.com\/wp-content\/uploads\/2020\/09\/Piso2-1-34.jpg","title":"Piso2-1-34","caption":"moderne Wohnung zentral renoviert Aufzug ","description":"","alt":"moderne Wohnung zentral renoviert Aufzug ","srcset":"https:\/\/www.lucasfroeserealestate.com\/wp-content\/uploads\/2020\/09\/Piso2-1-34-150x150.jpg 150w, https:\/\/www.lucasfroeserealestate.com\/wp-content\/uploads\/2020\/09\/Piso2-1-34-210x210.jpg 210w"},{"width":150,"height":150,"file":"2020\/09\/Piso2-1-8.jpg","filesize":519156,"sizes":{"medium":{"file":"Piso2-1-8-300x169.jpg","width":300,"height":169,"mime-type":"image\/jpeg","filesize":11868,"url":"https:\/\/www.lucasfroeserealestate.com\/wp-content\/uploads\/2020\/09\/Piso2-1-8-300x169.jpg"},"large":{"file":"Piso2-1-8-1024x576.jpg","width":1024,"height":576,"mime-type":"image\/jpeg","filesize":95105,"url":"https:\/\/www.lucasfroeserealestate.com\/wp-content\/uploads\/2020\/09\/Piso2-1-8-1024x576.jpg"},"thumbnail":{"file":"Piso2-1-8-150x150.jpg","width":150,"height":150,"mime-type":"image\/jpeg","filesize":5981,"url":"https:\/\/www.lucasfroeserealestate.com\/wp-content\/uploads\/2020\/09\/Piso2-1-8-150x150.jpg"},"medium_large":{"file":"Piso2-1-8-768x432.jpg","width":768,"height":432,"mime-type":"image\/jpeg","filesize":56436,"url":"https:\/\/www.lucasfroeserealestate.com\/wp-content\/uploads\/2020\/09\/Piso2-1-8-768x432.jpg"},"1536x1536":{"file":"Piso2-1-8-1536x864.jpg","width":1536,"height":864,"mime-type":"image\/jpeg","filesize":201154,"url":"https:\/\/www.lucasfroeserealestate.com\/wp-content\/uploads\/2020\/09\/Piso2-1-8-1536x864.jpg"},"2048x2048":{"file":"Piso2-1-8-2048x1152.jpg","width":2048,"height":1152,"mime-type":"image\/jpeg","filesize":337512,"url":"https:\/\/www.lucasfroeserealestate.com\/wp-content\/uploads\/2020\/09\/Piso2-1-8-2048x1152.jpg"},"post-thumbnail":{"file":"Piso2-1-8-150x84.jpg","width":150,"height":84,"mime-type":"image\/jpeg","filesize":4200,"url":"https:\/\/www.lucasfroeserealestate.com\/wp-content\/uploads\/2020\/09\/Piso2-1-8-150x84.jpg"},"modern-property-child-slider":{"file":"Piso2-1-8-680x510.jpg","width":680,"height":510,"mime-type":"image\/jpeg","filesize":59295,"url":"https:\/\/www.lucasfroeserealestate.com\/wp-content\/uploads\/2020\/09\/Piso2-1-8-680x510.jpg"},"property-thumb-image":{"file":"Piso2-1-8-488x326.jpg","width":488,"height":326,"mime-type":"image\/jpeg","filesize":30184,"url":"https:\/\/www.lucasfroeserealestate.com\/wp-content\/uploads\/2020\/09\/Piso2-1-8-488x326.jpg"},"property-detail-video-image":{"file":"Piso2-1-8-818x417.jpg","width":818,"height":417,"mime-type":"image\/jpeg","filesize":59415,"url":"https:\/\/www.lucasfroeserealestate.com\/wp-content\/uploads\/2020\/09\/Piso2-1-8-818x417.jpg"},"agent-image":{"file":"Piso2-1-8-210x210.jpg","width":210,"height":210,"mime-type":"image\/jpeg","filesize":9977,"url":"https:\/\/www.lucasfroeserealestate.com\/wp-content\/uploads\/2020\/09\/Piso2-1-8-210x210.jpg"},"partners-logo":{"file":"Piso2-1-8-600x1350.jpg","width":600,"height":1350,"mime-type":"image\/jpeg","filesize":115220,"url":"https:\/\/www.lucasfroeserealestate.com\/wp-content\/uploads\/2020\/09\/Piso2-1-8-600x1350.jpg"},"post-featured-image":{"file":"Piso2-1-8-1240x720.jpg","width":1240,"height":720,"mime-type":"image\/jpeg","filesize":139462,"url":"https:\/\/www.lucasfroeserealestate.com\/wp-content\/uploads\/2020\/09\/Piso2-1-8-1240x720.jpg"}},"image_meta":{"aperture":"2.2","credit":"","camera":"iPhone 15 Pro","caption":"","created_timestamp":"1708525355","copyright":"","focal_length":"2.22","iso":"64","shutter_speed":"0.01","title":"","orientation":"0","keywords":[]},"ID":"49245","name":"Piso2-1-8.jpg","path":"\/home\/empleost\/domains\/lucasfroeserealestate.com\/public_html\/wp-content\/uploads\/2020\/09\/Piso2-1-8.jpg","url":"https:\/\/www.lucasfroeserealestate.com\/wp-content\/uploads\/2020\/09\/Piso2-1-8-150x150.jpg","full_url":"https:\/\/www.lucasfroeserealestate.com\/wp-content\/uploads\/2020\/09\/Piso2-1-8.jpg","title":"Piso2-1-8","caption":"moderne Wohnung zentral renoviert Aufzug ","description":"","alt":"moderne Wohnung zentral renoviert Aufzug ","srcset":"https:\/\/www.lucasfroeserealestate.com\/wp-content\/uploads\/2020\/09\/Piso2-1-8-150x150.jpg 150w, https:\/\/www.lucasfroeserealestate.com\/wp-content\/uploads\/2020\/09\/Piso2-1-8-210x210.jpg 210w"},{"width":150,"height":150,"file":"2020\/09\/Piso2-1-13.jpg","filesize":483239,"sizes":{"medium":{"file":"Piso2-1-13-300x169.jpg","width":300,"height":169,"mime-type":"image\/jpeg","filesize":9813,"url":"https:\/\/www.lucasfroeserealestate.com\/wp-content\/uploads\/2020\/09\/Piso2-1-13-300x169.jpg"},"large":{"file":"Piso2-1-13-1024x576.jpg","width":1024,"height":576,"mime-type":"image\/jpeg","filesize":76552,"url":"https:\/\/www.lucasfroeserealestate.com\/wp-content\/uploads\/2020\/09\/Piso2-1-13-1024x576.jpg"},"thumbnail":{"file":"Piso2-1-13-150x150.jpg","width":150,"height":150,"mime-type":"image\/jpeg","filesize":4635,"url":"https:\/\/www.lucasfroeserealestate.com\/wp-content\/uploads\/2020\/09\/Piso2-1-13-150x150.jpg"},"medium_large":{"file":"Piso2-1-13-768x432.jpg","width":768,"height":432,"mime-type":"image\/jpeg","filesize":45574,"url":"https:\/\/www.lucasfroeserealestate.com\/wp-content\/uploads\/2020\/09\/Piso2-1-13-768x432.jpg"},"1536x1536":{"file":"Piso2-1-13-1536x864.jpg","width":1536,"height":864,"mime-type":"image\/jpeg","filesize":159937,"url":"https:\/\/www.lucasfroeserealestate.com\/wp-content\/uploads\/2020\/09\/Piso2-1-13-1536x864.jpg"},"2048x2048":{"file":"Piso2-1-13-2048x1152.jpg","width":2048,"height":1152,"mime-type":"image\/jpeg","filesize":267994,"url":"https:\/\/www.lucasfroeserealestate.com\/wp-content\/uploads\/2020\/09\/Piso2-1-13-2048x1152.jpg"},"post-thumbnail":{"file":"Piso2-1-13-150x84.jpg","width":150,"height":84,"mime-type":"image\/jpeg","filesize":3555,"url":"https:\/\/www.lucasfroeserealestate.com\/wp-content\/uploads\/2020\/09\/Piso2-1-13-150x84.jpg"},"modern-property-child-slider":{"file":"Piso2-1-13-680x510.jpg","width":680,"height":510,"mime-type":"image\/jpeg","filesize":41478,"url":"https:\/\/www.lucasfroeserealestate.com\/wp-content\/uploads\/2020\/09\/Piso2-1-13-680x510.jpg"},"property-thumb-image":{"file":"Piso2-1-13-488x326.jpg","width":488,"height":326,"mime-type":"image\/jpeg","filesize":22813,"url":"https:\/\/www.lucasfroeserealestate.com\/wp-content\/uploads\/2020\/09\/Piso2-1-13-488x326.jpg"},"property-detail-video-image":{"file":"Piso2-1-13-818x417.jpg","width":818,"height":417,"mime-type":"image\/jpeg","filesize":45870,"url":"https:\/\/www.lucasfroeserealestate.com\/wp-content\/uploads\/2020\/09\/Piso2-1-13-818x417.jpg"},"agent-image":{"file":"Piso2-1-13-210x210.jpg","width":210,"height":210,"mime-type":"image\/jpeg","filesize":7720,"url":"https:\/\/www.lucasfroeserealestate.com\/wp-content\/uploads\/2020\/09\/Piso2-1-13-210x210.jpg"},"partners-logo":{"file":"Piso2-1-13-600x1350.jpg","width":600,"height":1350,"mime-type":"image\/jpeg","filesize":65838,"url":"https:\/\/www.lucasfroeserealestate.com\/wp-content\/uploads\/2020\/09\/Piso2-1-13-600x1350.jpg"},"post-featured-image":{"file":"Piso2-1-13-1240x720.jpg","width":1240,"height":720,"mime-type":"image\/jpeg","filesize":109870,"url":"https:\/\/www.lucasfroeserealestate.com\/wp-content\/uploads\/2020\/09\/Piso2-1-13-1240x720.jpg"}},"image_meta":{"aperture":"2.2","credit":"","camera":"iPhone 15 Pro","caption":"","created_timestamp":"1708525426","copyright":"","focal_length":"2.22","iso":"125","shutter_speed":"0.01","title":"","orientation":"0","keywords":[]},"ID":"49260","name":"Piso2-1-13.jpg","path":"\/home\/empleost\/domains\/lucasfroeserealestate.com\/public_html\/wp-content\/uploads\/2020\/09\/Piso2-1-13.jpg","url":"https:\/\/www.lucasfroeserealestate.com\/wp-content\/uploads\/2020\/09\/Piso2-1-13-150x150.jpg","full_url":"https:\/\/www.lucasfroeserealestate.com\/wp-content\/uploads\/2020\/09\/Piso2-1-13.jpg","title":"Piso2-1-13","caption":"moderne Wohnung zentral renoviert Aufzug ","description":"","alt":"moderne Wohnung zentral renoviert Aufzug ","srcset":"https:\/\/www.lucasfroeserealestate.com\/wp-content\/uploads\/2020\/09\/Piso2-1-13-150x150.jpg 150w, https:\/\/www.lucasfroeserealestate.com\/wp-content\/uploads\/2020\/09\/Piso2-1-13-210x210.jpg 210w"},{"width":150,"height":150,"file":"2020\/09\/Piso2-1-7.jpg","filesize":454311,"sizes":{"medium":{"file":"Piso2-1-7-300x169.jpg","width":300,"height":169,"mime-type":"image\/jpeg","filesize":8600,"url":"https:\/\/www.lucasfroeserealestate.com\/wp-content\/uploads\/2020\/09\/Piso2-1-7-300x169.jpg"},"large":{"file":"Piso2-1-7-1024x576.jpg","width":1024,"height":576,"mime-type":"image\/jpeg","filesize":66615,"url":"https:\/\/www.lucasfroeserealestate.com\/wp-content\/uploads\/2020\/09\/Piso2-1-7-1024x576.jpg"},"thumbnail":{"file":"Piso2-1-7-150x150.jpg","width":150,"height":150,"mime-type":"image\/jpeg","filesize":4536,"url":"https:\/\/www.lucasfroeserealestate.com\/wp-content\/uploads\/2020\/09\/Piso2-1-7-150x150.jpg"},"medium_large":{"file":"Piso2-1-7-768x432.jpg","width":768,"height":432,"mime-type":"image\/jpeg","filesize":39833,"url":"https:\/\/www.lucasfroeserealestate.com\/wp-content\/uploads\/2020\/09\/Piso2-1-7-768x432.jpg"},"1536x1536":{"file":"Piso2-1-7-1536x864.jpg","width":1536,"height":864,"mime-type":"image\/jpeg","filesize":140065,"url":"https:\/\/www.lucasfroeserealestate.com\/wp-content\/uploads\/2020\/09\/Piso2-1-7-1536x864.jpg"},"2048x2048":{"file":"Piso2-1-7-2048x1152.jpg","width":2048,"height":1152,"mime-type":"image\/jpeg","filesize":236129,"url":"https:\/\/www.lucasfroeserealestate.com\/wp-content\/uploads\/2020\/09\/Piso2-1-7-2048x1152.jpg"},"post-thumbnail":{"file":"Piso2-1-7-150x84.jpg","width":150,"height":84,"mime-type":"image\/jpeg","filesize":3286,"url":"https:\/\/www.lucasfroeserealestate.com\/wp-content\/uploads\/2020\/09\/Piso2-1-7-150x84.jpg"},"modern-property-child-slider":{"file":"Piso2-1-7-680x510.jpg","width":680,"height":510,"mime-type":"image\/jpeg","filesize":41882,"url":"https:\/\/www.lucasfroeserealestate.com\/wp-content\/uploads\/2020\/09\/Piso2-1-7-680x510.jpg"},"property-thumb-image":{"file":"Piso2-1-7-488x326.jpg","width":488,"height":326,"mime-type":"image\/jpeg","filesize":20800,"url":"https:\/\/www.lucasfroeserealestate.com\/wp-content\/uploads\/2020\/09\/Piso2-1-7-488x326.jpg"},"property-detail-video-image":{"file":"Piso2-1-7-818x417.jpg","width":818,"height":417,"mime-type":"image\/jpeg","filesize":42101,"url":"https:\/\/www.lucasfroeserealestate.com\/wp-content\/uploads\/2020\/09\/Piso2-1-7-818x417.jpg"},"agent-image":{"file":"Piso2-1-7-210x210.jpg","width":210,"height":210,"mime-type":"image\/jpeg","filesize":7609,"url":"https:\/\/www.lucasfroeserealestate.com\/wp-content\/uploads\/2020\/09\/Piso2-1-7-210x210.jpg"},"partners-logo":{"file":"Piso2-1-7-600x1350.jpg","width":600,"height":1350,"mime-type":"image\/jpeg","filesize":91972,"url":"https:\/\/www.lucasfroeserealestate.com\/wp-content\/uploads\/2020\/09\/Piso2-1-7-600x1350.jpg"},"post-featured-image":{"file":"Piso2-1-7-1240x720.jpg","width":1240,"height":720,"mime-type":"image\/jpeg","filesize":95898,"url":"https:\/\/www.lucasfroeserealestate.com\/wp-content\/uploads\/2020\/09\/Piso2-1-7-1240x720.jpg"}},"image_meta":{"aperture":"2.2","credit":"","camera":"iPhone 15 Pro","caption":"","created_timestamp":"1708525342","copyright":"","focal_length":"2.22","iso":"50","shutter_speed":"0.01","title":"","orientation":"0","keywords":[]},"ID":"49242","name":"Piso2-1-7.jpg","path":"\/home\/empleost\/domains\/lucasfroeserealestate.com\/public_html\/wp-content\/uploads\/2020\/09\/Piso2-1-7.jpg","url":"https:\/\/www.lucasfroeserealestate.com\/wp-content\/uploads\/2020\/09\/Piso2-1-7-150x150.jpg","full_url":"https:\/\/www.lucasfroeserealestate.com\/wp-content\/uploads\/2020\/09\/Piso2-1-7.jpg","title":"Piso2-1-7","caption":"moderne Wohnung zentral renoviert Aufzug ","description":"","alt":"moderne Wohnung zentral renoviert Aufzug ","srcset":"https:\/\/www.lucasfroeserealestate.com\/wp-content\/uploads\/2020\/09\/Piso2-1-7-150x150.jpg 150w, https:\/\/www.lucasfroeserealestate.com\/wp-content\/uploads\/2020\/09\/Piso2-1-7-210x210.jpg 210w"},{"width":150,"height":150,"file":"2020\/09\/Piso2-1-32.jpg","filesize":494208,"sizes":{"medium":{"file":"Piso2-1-32-300x169.jpg","width":300,"height":169,"mime-type":"image\/jpeg","filesize":14362,"url":"https:\/\/www.lucasfroeserealestate.com\/wp-content\/uploads\/2020\/09\/Piso2-1-32-300x169.jpg"},"large":{"file":"Piso2-1-32-1024x576.jpg","width":1024,"height":576,"mime-type":"image\/jpeg","filesize":139448,"url":"https:\/\/www.lucasfroeserealestate.com\/wp-content\/uploads\/2020\/09\/Piso2-1-32-1024x576.jpg"},"thumbnail":{"file":"Piso2-1-32-150x150.jpg","width":150,"height":150,"mime-type":"image\/jpeg","filesize":6862,"url":"https:\/\/www.lucasfroeserealestate.com\/wp-content\/uploads\/2020\/09\/Piso2-1-32-150x150.jpg"},"medium_large":{"file":"Piso2-1-32-768x432.jpg","width":768,"height":432,"mime-type":"image\/jpeg","filesize":80975,"url":"https:\/\/www.lucasfroeserealestate.com\/wp-content\/uploads\/2020\/09\/Piso2-1-32-768x432.jpg"},"1536x1536":{"file":"Piso2-1-32-1536x864.jpg","width":1536,"height":864,"mime-type":"image\/jpeg","filesize":287276,"url":"https:\/\/www.lucasfroeserealestate.com\/wp-content\/uploads\/2020\/09\/Piso2-1-32-1536x864.jpg"},"2048x2048":{"file":"Piso2-1-32-2048x1152.jpg","width":2048,"height":1152,"mime-type":"image\/jpeg","filesize":458353,"url":"https:\/\/www.lucasfroeserealestate.com\/wp-content\/uploads\/2020\/09\/Piso2-1-32-2048x1152.jpg"},"post-thumbnail":{"file":"Piso2-1-32-150x84.jpg","width":150,"height":84,"mime-type":"image\/jpeg","filesize":4534,"url":"https:\/\/www.lucasfroeserealestate.com\/wp-content\/uploads\/2020\/09\/Piso2-1-32-150x84.jpg"},"modern-property-child-slider":{"file":"Piso2-1-32-680x510.jpg","width":680,"height":510,"mime-type":"image\/jpeg","filesize":84660,"url":"https:\/\/www.lucasfroeserealestate.com\/wp-content\/uploads\/2020\/09\/Piso2-1-32-680x510.jpg"},"property-thumb-image":{"file":"Piso2-1-32-488x326.jpg","width":488,"height":326,"mime-type":"image\/jpeg","filesize":40611,"url":"https:\/\/www.lucasfroeserealestate.com\/wp-content\/uploads\/2020\/09\/Piso2-1-32-488x326.jpg"},"property-detail-video-image":{"file":"Piso2-1-32-818x417.jpg","width":818,"height":417,"mime-type":"image\/jpeg","filesize":84195,"url":"https:\/\/www.lucasfroeserealestate.com\/wp-content\/uploads\/2020\/09\/Piso2-1-32-818x417.jpg"},"agent-image":{"file":"Piso2-1-32-210x210.jpg","width":210,"height":210,"mime-type":"image\/jpeg","filesize":12517,"url":"https:\/\/www.lucasfroeserealestate.com\/wp-content\/uploads\/2020\/09\/Piso2-1-32-210x210.jpg"},"partners-logo":{"file":"Piso2-1-32-600x1350.jpg","width":600,"height":1350,"mime-type":"image\/jpeg","filesize":162157,"url":"https:\/\/www.lucasfroeserealestate.com\/wp-content\/uploads\/2020\/09\/Piso2-1-32-600x1350.jpg"},"post-featured-image":{"file":"Piso2-1-32-1240x720.jpg","width":1240,"height":720,"mime-type":"image\/jpeg","filesize":202875,"url":"https:\/\/www.lucasfroeserealestate.com\/wp-content\/uploads\/2020\/09\/Piso2-1-32-1240x720.jpg"}},"image_meta":{"aperture":"2.8","credit":"","camera":"iPhone 15 Pro","caption":"","created_timestamp":"1708526503","copyright":"","focal_length":"9","iso":"25","shutter_speed":"0.000625","title":"","orientation":"0","keywords":[]},"ID":"49317","name":"Piso2-1-32.jpg","path":"\/home\/empleost\/domains\/lucasfroeserealestate.com\/public_html\/wp-content\/uploads\/2020\/09\/Piso2-1-32.jpg","url":"https:\/\/www.lucasfroeserealestate.com\/wp-content\/uploads\/2020\/09\/Piso2-1-32-150x150.jpg","full_url":"https:\/\/www.lucasfroeserealestate.com\/wp-content\/uploads\/2020\/09\/Piso2-1-32.jpg","title":"Piso2-1-32","caption":"moderne Wohnung zentral renoviert Aufzug ","description":"","alt":"moderne Wohnung zentral renoviert Aufzug ","srcset":"https:\/\/www.lucasfroeserealestate.com\/wp-content\/uploads\/2020\/09\/Piso2-1-32-150x150.jpg 150w, https:\/\/www.lucasfroeserealestate.com\/wp-content\/uploads\/2020\/09\/Piso2-1-32-210x210.jpg 210w"},{"width":150,"height":150,"file":"2022\/04\/tienda-1-6.jpg","filesize":519684,"sizes":{"medium":{"file":"tienda-1-6-300x169.jpg","width":300,"height":169,"mime-type":"image\/jpeg","filesize":16230,"url":"https:\/\/www.lucasfroeserealestate.com\/wp-content\/uploads\/2022\/04\/tienda-1-6-300x169.jpg"},"large":{"file":"tienda-1-6-1024x576.jpg","width":1024,"height":576,"mime-type":"image\/jpeg","filesize":144425,"url":"https:\/\/www.lucasfroeserealestate.com\/wp-content\/uploads\/2022\/04\/tienda-1-6-1024x576.jpg"},"thumbnail":{"file":"tienda-1-6-150x150.jpg","width":150,"height":150,"mime-type":"image\/jpeg","filesize":7983,"url":"https:\/\/www.lucasfroeserealestate.com\/wp-content\/uploads\/2022\/04\/tienda-1-6-150x150.jpg"},"medium_large":{"file":"tienda-1-6-768x432.jpg","width":768,"height":432,"mime-type":"image\/jpeg","filesize":85090,"url":"https:\/\/www.lucasfroeserealestate.com\/wp-content\/uploads\/2022\/04\/tienda-1-6-768x432.jpg"},"1536x1536":{"file":"tienda-1-6-1536x864.jpg","width":1536,"height":864,"mime-type":"image\/jpeg","filesize":295981,"url":"https:\/\/www.lucasfroeserealestate.com\/wp-content\/uploads\/2022\/04\/tienda-1-6-1536x864.jpg"},"2048x2048":{"file":"tienda-1-6-2048x1152.jpg","width":2048,"height":1152,"mime-type":"image\/jpeg","filesize":477654,"url":"https:\/\/www.lucasfroeserealestate.com\/wp-content\/uploads\/2022\/04\/tienda-1-6-2048x1152.jpg"},"post-thumbnail":{"file":"tienda-1-6-150x84.jpg","width":150,"height":84,"mime-type":"image\/jpeg","filesize":5235,"url":"https:\/\/www.lucasfroeserealestate.com\/wp-content\/uploads\/2022\/04\/tienda-1-6-150x84.jpg"},"modern-property-child-slider":{"file":"tienda-1-6-680x510.jpg","width":680,"height":510,"mime-type":"image\/jpeg","filesize":89746,"url":"https:\/\/www.lucasfroeserealestate.com\/wp-content\/uploads\/2022\/04\/tienda-1-6-680x510.jpg"},"property-thumb-image":{"file":"tienda-1-6-488x326.jpg","width":488,"height":326,"mime-type":"image\/jpeg","filesize":43919,"url":"https:\/\/www.lucasfroeserealestate.com\/wp-content\/uploads\/2022\/04\/tienda-1-6-488x326.jpg"},"property-detail-video-image":{"file":"tienda-1-6-818x417.jpg","width":818,"height":417,"mime-type":"image\/jpeg","filesize":89845,"url":"https:\/\/www.lucasfroeserealestate.com\/wp-content\/uploads\/2022\/04\/tienda-1-6-818x417.jpg"},"agent-image":{"file":"tienda-1-6-210x210.jpg","width":210,"height":210,"mime-type":"image\/jpeg","filesize":14292,"url":"https:\/\/www.lucasfroeserealestate.com\/wp-content\/uploads\/2022\/04\/tienda-1-6-210x210.jpg"},"partners-logo":{"file":"tienda-1-6-600x1350.jpg","width":600,"height":1350,"mime-type":"image\/jpeg","filesize":189242,"url":"https:\/\/www.lucasfroeserealestate.com\/wp-content\/uploads\/2022\/04\/tienda-1-6-600x1350.jpg"},"post-featured-image":{"file":"tienda-1-6-1240x720.jpg","width":1240,"height":720,"mime-type":"image\/jpeg","filesize":209378,"url":"https:\/\/www.lucasfroeserealestate.com\/wp-content\/uploads\/2022\/04\/tienda-1-6-1240x720.jpg"}},"image_meta":{"aperture":"1.8","credit":"","camera":"iPhone 15 Pro","caption":"Lokal Tienda Zentrum hell Felanitx","created_timestamp":"1708524374","copyright":"","focal_length":"6.86","iso":"80","shutter_speed":"0.00035714285714286","title":"Lokal Tienda Zentrum hell Felanitx","orientation":"0","keywords":["Lokal Tienda Zentrum hell Felanitx"]},"ID":"49184","name":"tienda-1-6.jpg","path":"\/home\/empleost\/domains\/lucasfroeserealestate.com\/public_html\/wp-content\/uploads\/2022\/04\/tienda-1-6.jpg","url":"https:\/\/www.lucasfroeserealestate.com\/wp-content\/uploads\/2022\/04\/tienda-1-6-150x150.jpg","full_url":"https:\/\/www.lucasfroeserealestate.com\/wp-content\/uploads\/2022\/04\/tienda-1-6.jpg","title":"Lokal Tienda Zentrum hell Felanitx","caption":"Lokal Tienda Zentrum hell Felanitx","description":"","alt":"Lokal Tienda Zentrum hell Felanitx","srcset":"https:\/\/www.lucasfroeserealestate.com\/wp-content\/uploads\/2022\/04\/tienda-1-6-150x150.jpg 150w, https:\/\/www.lucasfroeserealestate.com\/wp-content\/uploads\/2022\/04\/tienda-1-6-210x210.jpg 210w"},{"width":150,"height":150,"file":"2020\/09\/Piso2-1.jpg","filesize":474383,"sizes":{"medium":{"file":"Piso2-1-300x169.jpg","width":300,"height":169,"mime-type":"image\/jpeg","filesize":12345,"url":"https:\/\/www.lucasfroeserealestate.com\/wp-content\/uploads\/2020\/09\/Piso2-1-300x169.jpg"},"large":{"file":"Piso2-1-1024x576.jpg","width":1024,"height":576,"mime-type":"image\/jpeg","filesize":94235,"url":"https:\/\/www.lucasfroeserealestate.com\/wp-content\/uploads\/2020\/09\/Piso2-1-1024x576.jpg"},"thumbnail":{"file":"Piso2-1-150x150.jpg","width":150,"height":150,"mime-type":"image\/jpeg","filesize":6191,"url":"https:\/\/www.lucasfroeserealestate.com\/wp-content\/uploads\/2020\/09\/Piso2-1-150x150.jpg"},"medium_large":{"file":"Piso2-1-768x432.jpg","width":768,"height":432,"mime-type":"image\/jpeg","filesize":57634,"url":"https:\/\/www.lucasfroeserealestate.com\/wp-content\/uploads\/2020\/09\/Piso2-1-768x432.jpg"},"1536x1536":{"file":"Piso2-1-1536x864.jpg","width":1536,"height":864,"mime-type":"image\/jpeg","filesize":187560,"url":"https:\/\/www.lucasfroeserealestate.com\/wp-content\/uploads\/2020\/09\/Piso2-1-1536x864.jpg"},"2048x2048":{"file":"Piso2-1-2048x1152.jpg","width":2048,"height":1152,"mime-type":"image\/jpeg","filesize":302480,"url":"https:\/\/www.lucasfroeserealestate.com\/wp-content\/uploads\/2020\/09\/Piso2-1-2048x1152.jpg"},"post-thumbnail":{"file":"Piso2-1-150x84.jpg","width":150,"height":84,"mime-type":"image\/jpeg","filesize":4308,"url":"https:\/\/www.lucasfroeserealestate.com\/wp-content\/uploads\/2020\/09\/Piso2-1-150x84.jpg"},"modern-property-child-slider":{"file":"Piso2-1-680x510.jpg","width":680,"height":510,"mime-type":"image\/jpeg","filesize":58993,"url":"https:\/\/www.lucasfroeserealestate.com\/wp-content\/uploads\/2020\/09\/Piso2-1-680x510.jpg"},"property-thumb-image":{"file":"Piso2-1-488x326.jpg","width":488,"height":326,"mime-type":"image\/jpeg","filesize":31250,"url":"https:\/\/www.lucasfroeserealestate.com\/wp-content\/uploads\/2020\/09\/Piso2-1-488x326.jpg"},"property-detail-video-image":{"file":"Piso2-1-818x417.jpg","width":818,"height":417,"mime-type":"image\/jpeg","filesize":58653,"url":"https:\/\/www.lucasfroeserealestate.com\/wp-content\/uploads\/2020\/09\/Piso2-1-818x417.jpg"},"agent-image":{"file":"Piso2-1-210x210.jpg","width":210,"height":210,"mime-type":"image\/jpeg","filesize":10636,"url":"https:\/\/www.lucasfroeserealestate.com\/wp-content\/uploads\/2020\/09\/Piso2-1-210x210.jpg"},"partners-logo":{"file":"Piso2-1-600x1350.jpg","width":600,"height":1350,"mime-type":"image\/jpeg","filesize":90430,"url":"https:\/\/www.lucasfroeserealestate.com\/wp-content\/uploads\/2020\/09\/Piso2-1-600x1350.jpg"},"post-featured-image":{"file":"Piso2-1-1240x720.jpg","width":1240,"height":720,"mime-type":"image\/jpeg","filesize":133846,"url":"https:\/\/www.lucasfroeserealestate.com\/wp-content\/uploads\/2020\/09\/Piso2-1-1240x720.jpg"}},"image_meta":{"aperture":"1.8","credit":"","camera":"iPhone 15 Pro","caption":"","created_timestamp":"1708524827","copyright":"","focal_length":"6.86","iso":"400","shutter_speed":"0.02","title":"","orientation":"0","keywords":[]},"ID":"49329","name":"Piso2-1.jpg","path":"\/home\/empleost\/domains\/lucasfroeserealestate.com\/public_html\/wp-content\/uploads\/2020\/09\/Piso2-1.jpg","url":"https:\/\/www.lucasfroeserealestate.com\/wp-content\/uploads\/2020\/09\/Piso2-1-150x150.jpg","full_url":"https:\/\/www.lucasfroeserealestate.com\/wp-content\/uploads\/2020\/09\/Piso2-1.jpg","title":"Piso2-1","caption":"moderne Wohnung zentral renoviert Aufzug ","description":"","alt":"moderne Wohnung zentral renoviert Aufzug ","srcset":"https:\/\/www.lucasfroeserealestate.com\/wp-content\/uploads\/2020\/09\/Piso2-1-150x150.jpg 150w, https:\/\/www.lucasfroeserealestate.com\/wp-content\/uploads\/2020\/09\/Piso2-1-210x210.jpg 210w"}],"REAL_HOMES_change_gallery_slider_type":"0","REAL_HOMES_gallery_slider_type":"thumb-on-right","inspiry_floor_plans":[],"inspiry_video_group":[{"inspiry_video_group_title":"Property tour","inspiry_video_group_url":"https:\/\/www.youtube.com\/watch?v=BF0FXKPuGpo&t=16s"}],"REAL_HOMES_360_virtual_tour":"","REAL_HOMES_agent_display_option":"agent_info","REAL_HOMES_agents":["6675"],"REAL_HOMES_energy_class":"B","REAL_HOMES_energy_performance":"","REAL_HOMES_epc_current_rating":"","REAL_HOMES_epc_potential_rating":"","ere_property_schedule_tour":"global","ere_property_schedule_time_slots":"","ere_property_schedule_description":"","REAL_HOMES_sticky":"0","inspiry_property_label":"EXCLUSIVO","inspiry_property_label_color":"#d8b86e","inspiry_property_tax":"0","inspiry_additional_fee":"0","REAL_HOMES_attachments":[],"inspiry_property_owner_name":"Clemens & Christoph Froese","inspiry_property_owner_contact":"","inspiry_property_owner_address":"","REAL_HOMES_property_private_note":"","inspiry_message_to_reviewer":"","REAL_HOMES_add_in_slider":"no","REAL_HOMES_slider_image":[],"REAL_HOMES_page_banner_image":[],"REAL_HOMES_hide_property_advance_search":"0","inspiry_ausrichtung":"Sur","inspiry_strasse":"","inspiry_hausnummer":"","inspiry_plz":"","inspiry_ort":"","inspiry_land":"","inspiry_new-build":"","inspiry_kyero_prime_activator":[],"inspiry_kyero_xml_format":[],"inspiry_openimmo_xml_format":[],"inspiry_idealista_xml_format":[],"inspiry_etagen":"","inspiry_etage_(wo_sich_die_wohnung_befindet,_sonst_0)":"","inspiry_gesamtfl\u00e4che\/bebaute_fl\u00e4che_(mehr_als_wohnfl\u00e4che*)":"","inspiry_anzahl_zimmer_sz_esszimmer_wohnzimmer_hobby_zimmer_usw":"","inspiry_anzahl_terrassen":"","inspiry_anzahl_wohneinheiten":"","inspiry_google_maps_link":"","inspiry_google_drive_link":"","inspiry_location_coordinates_gm":"","inspiry_erhaltungszustand_der_immobilie":"","inspiry_heizungsart":"","inspiry_qualit\u00e4t_der_ausstattung":"","inspiry_kauf\/miete":"","inspiry_kategorie":"","inspiry_typ":"","inspiry_art":"","inspiry_land_type_(only_plots)":"","inspiry_listed_by":"","inspiry_comission_(%)":"","inspiry_lage_beschreibung":"","inspiry_austattung_beschreibung":"","inspiry_bodenbelag":"","inspiry_distanz_zum_flughafen_(min)":"","inspiry_auftragsart":"","inspiry_keys":[],"inspiry_preis_pro_m2":"","inspiry_office_listed":"","inspiry_suchkriterien_extras":["Cerca del campo de golf (10')","Cerca del aeropuerto (35')","Edificio nuevo"],"REAL_HOMES_custom_header_display":"default","REAL_HOMES_custom_header_position":"relative","REAL_HOMES_custom_footer_display":"default","REAL_HOMES_hide_advance_search":"0","REAL_HOMES_custom_search_form":"default","REAL_HOMES_search_form_margin_top":"","REAL_HOMES_search_form_margin_bottom":""},"_links":{"self":[{"href":"https:\/\/www.lucasfroeserealestate.com\/es\/wp-json\/wp\/v2\/immobilien\/26194","targetHints":{"allow":["GET"]}}],"collection":[{"href":"https:\/\/www.lucasfroeserealestate.com\/es\/wp-json\/wp\/v2\/immobilien"}],"about":[{"href":"https:\/\/www.lucasfroeserealestate.com\/es\/wp-json\/wp\/v2\/types\/property"}],"author":[{"embeddable":true,"href":"https:\/\/www.lucasfroeserealestate.com\/es\/wp-json\/wp\/v2\/users\/1"}],"replies":[{"embeddable":true,"href":"https:\/\/www.lucasfroeserealestate.com\/es\/wp-json\/wp\/v2\/comments?post=26194"}],"version-history":[{"count":1,"href":"https:\/\/www.lucasfroeserealestate.com\/es\/wp-json\/wp\/v2\/immobilien\/26194\/revisions"}],"predecessor-version":[{"id":78518,"href":"https:\/\/www.lucasfroeserealestate.com\/es\/wp-json\/wp\/v2\/immobilien\/26194\/revisions\/78518"}],"wp:featuredmedia":[{"embeddable":true,"href":"https:\/\/www.lucasfroeserealestate.com\/es\/wp-json\/wp\/v2\/media\/49243"}],"wp:attachment":[{"href":"https:\/\/www.lucasfroeserealestate.com\/es\/wp-json\/wp\/v2\/media?parent=26194"}],"wp:term":[{"taxonomy":"property-feature","embeddable":true,"href":"https:\/\/www.lucasfroeserealestate.com\/es\/wp-json\/wp\/v2\/immobilien-austattung?post=26194"},{"taxonomy":"property-type","embeddable":true,"href":"https:\/\/www.lucasfroeserealestate.com\/es\/wp-json\/wp\/v2\/immobilien-typ?post=26194"},{"taxonomy":"property-city","embeddable":true,"href":"https:\/\/www.lucasfroeserealestate.com\/es\/wp-json\/wp\/v2\/immobilien-ortschaft?post=26194"},{"taxonomy":"property-status","embeddable":true,"href":"https:\/\/www.lucasfroeserealestate.com\/es\/wp-json\/wp\/v2\/immobilien-status?post=26194"}],"curies":[{"name":"wp","href":"https:\/\/api.w.org\/{rel}","templated":true}]}}