{"id":22795,"date":"2025-04-02T16:48:06","date_gmt":"2025-04-02T14:48:06","guid":{"rendered":"https:\/\/www.lucasfroeserealestate.com\/immobilien\/moderne-wohnung-felanitx-1\/"},"modified":"2025-11-24T11:42:04","modified_gmt":"2025-11-24T10:42:04","slug":"moderne-wohnung-felanitx-1","status":"publish","type":"property","link":"https:\/\/www.lucasfroeserealestate.com\/es\/immobilien\/moderne-wohnung-felanitx-1\/","title":{"rendered":"Moderno piso con terraza junto al ayuntamiento de Felanitx"},"content":{"rendered":"<p>Este moderno piso con balc\u00f3n y terraza est\u00e1 situado en un lugar privilegiado de Felanitx, justo al lado del ayuntamiento y de la plaza del mercado. Desde el balc\u00f3n tienes una hermosa vista del ayuntamiento y de la plaza del mercado. <\/p>\n<p>El piso ofrece 140 m2 de superficie habitable distribuidos en un sal\u00f3n abierto al comedor y una cocina americana.<br \/>\nEl piso tiene dos dormitorios, uno principal con ba\u00f1o en suite y otro doble.<\/p>\n<p>Nos gustar\u00eda llamar tu atenci\u00f3n sobre la presencia de un ascensor, con acceso privado directamente al piso.<\/p>\n<p>La terraza y el balc\u00f3n te invitan a disfrutar del desayuno al sol o de una copa de vino tinto en una c\u00e1lida noche de verano.<\/p>\n<p>En las inmediaciones hay restaurantes, tiendas, el mercado, el ayuntamiento, la iglesia, etc.<\/p>\n","protected":false},"excerpt":{"rendered":"<p>Este moderno piso con balc\u00f3n y terraza est\u00e1 situado en un lugar privilegiado de Felanitx, justo al lado del ayuntamiento y de la plaza del mercado. Desde el balc\u00f3n tienes una hermosa vista del ayuntamiento y de la plaza del mercado. El piso ofrece 140 m2 de superficie habitable distribuidos en un sal\u00f3n abierto al&#8230;<\/p>\n","protected":false},"author":1,"featured_media":49315,"parent":0,"menu_order":0,"comment_status":"closed","ping_status":"closed","template":"","immobilien-austattung":[1739,141,3573,1533,1642,2138,103,4111,1505,4058,4146,109],"immobilien-typ":[88],"immobilien-ortschaft":[119],"immobilien-status":[114],"class_list":["post-22795","property","type-property","status-publish","has-post-thumbnail","hentry","property-feature-doppelglasfenster-es","property-feature-stadtwasser-es","property-feature-einbauschraenke-es","property-feature-balkon-es","property-feature-heizung-es","property-feature-energiezertifikat-in-bearbeitung-es","property-feature-kamin-es","property-feature-inmueble-exclusivo","property-feature-gesa-strom-es","property-feature-top-immobilien-angebot-es","property-feature-obrea-nueva","property-feature-terrasse-es","property-type-pisosyapartamentos","property-city-felanitx-es","property-status-venta"],"property_meta":{"REAL_HOMES_property_price":"425000","REAL_HOMES_property_old_price":"","REAL_HOMES_property_price_prefix":"","REAL_HOMES_property_price_postfix":"","REAL_HOMES_property_size":"140","REAL_HOMES_property_size_postfix":"","REAL_HOMES_property_lot_size":"","REAL_HOMES_property_lot_size_postfix":"","REAL_HOMES_property_bedrooms":"2","REAL_HOMES_property_bathrooms":"2","REAL_HOMES_property_garage":"","REAL_HOMES_property_id":"LF0273","REAL_HOMES_property_year_built":"2022","rvr_property_owner":"","REAL_HOMES_featured":"1","REAL_HOMES_additional_details_list":[],"REAL_HOMES_property_location":{"latitude":"39.469506592007","longitude":"3.1482552574016","zoom":"18"},"REAL_HOMES_property_address":"Felanitx, Migjorn, Islas Baleares, Espa\u00f1a","REAL_HOMES_property_map":"0","REAL_HOMES_property_images":[{"width":150,"height":150,"file":"2022\/04\/tienda-1-6.jpg","filesize":519684,"sizes":{"medium":{"file":"tienda-1-6-300x169.jpg","width":300,"height":169,"mime-type":"image\/jpeg","filesize":16230,"url":"https:\/\/www.lucasfroeserealestate.com\/wp-content\/uploads\/2022\/04\/tienda-1-6-300x169.jpg"},"large":{"file":"tienda-1-6-1024x576.jpg","width":1024,"height":576,"mime-type":"image\/jpeg","filesize":144425,"url":"https:\/\/www.lucasfroeserealestate.com\/wp-content\/uploads\/2022\/04\/tienda-1-6-1024x576.jpg"},"thumbnail":{"file":"tienda-1-6-150x150.jpg","width":150,"height":150,"mime-type":"image\/jpeg","filesize":7983,"url":"https:\/\/www.lucasfroeserealestate.com\/wp-content\/uploads\/2022\/04\/tienda-1-6-150x150.jpg"},"medium_large":{"file":"tienda-1-6-768x432.jpg","width":768,"height":432,"mime-type":"image\/jpeg","filesize":85090,"url":"https:\/\/www.lucasfroeserealestate.com\/wp-content\/uploads\/2022\/04\/tienda-1-6-768x432.jpg"},"1536x1536":{"file":"tienda-1-6-1536x864.jpg","width":1536,"height":864,"mime-type":"image\/jpeg","filesize":295981,"url":"https:\/\/www.lucasfroeserealestate.com\/wp-content\/uploads\/2022\/04\/tienda-1-6-1536x864.jpg"},"2048x2048":{"file":"tienda-1-6-2048x1152.jpg","width":2048,"height":1152,"mime-type":"image\/jpeg","filesize":477654,"url":"https:\/\/www.lucasfroeserealestate.com\/wp-content\/uploads\/2022\/04\/tienda-1-6-2048x1152.jpg"},"post-thumbnail":{"file":"tienda-1-6-150x84.jpg","width":150,"height":84,"mime-type":"image\/jpeg","filesize":5235,"url":"https:\/\/www.lucasfroeserealestate.com\/wp-content\/uploads\/2022\/04\/tienda-1-6-150x84.jpg"},"modern-property-child-slider":{"file":"tienda-1-6-680x510.jpg","width":680,"height":510,"mime-type":"image\/jpeg","filesize":89746,"url":"https:\/\/www.lucasfroeserealestate.com\/wp-content\/uploads\/2022\/04\/tienda-1-6-680x510.jpg"},"property-thumb-image":{"file":"tienda-1-6-488x326.jpg","width":488,"height":326,"mime-type":"image\/jpeg","filesize":43919,"url":"https:\/\/www.lucasfroeserealestate.com\/wp-content\/uploads\/2022\/04\/tienda-1-6-488x326.jpg"},"property-detail-video-image":{"file":"tienda-1-6-818x417.jpg","width":818,"height":417,"mime-type":"image\/jpeg","filesize":89845,"url":"https:\/\/www.lucasfroeserealestate.com\/wp-content\/uploads\/2022\/04\/tienda-1-6-818x417.jpg"},"agent-image":{"file":"tienda-1-6-210x210.jpg","width":210,"height":210,"mime-type":"image\/jpeg","filesize":14292,"url":"https:\/\/www.lucasfroeserealestate.com\/wp-content\/uploads\/2022\/04\/tienda-1-6-210x210.jpg"},"partners-logo":{"file":"tienda-1-6-600x1350.jpg","width":600,"height":1350,"mime-type":"image\/jpeg","filesize":189242,"url":"https:\/\/www.lucasfroeserealestate.com\/wp-content\/uploads\/2022\/04\/tienda-1-6-600x1350.jpg"},"post-featured-image":{"file":"tienda-1-6-1240x720.jpg","width":1240,"height":720,"mime-type":"image\/jpeg","filesize":209378,"url":"https:\/\/www.lucasfroeserealestate.com\/wp-content\/uploads\/2022\/04\/tienda-1-6-1240x720.jpg"}},"image_meta":{"aperture":"1.8","credit":"","camera":"iPhone 15 Pro","caption":"Lokal Tienda Zentrum hell Felanitx","created_timestamp":"1708524374","copyright":"","focal_length":"6.86","iso":"80","shutter_speed":"0.00035714285714286","title":"Lokal Tienda Zentrum hell Felanitx","orientation":"0","keywords":["Lokal Tienda Zentrum hell Felanitx"]},"ID":"49184","name":"tienda-1-6.jpg","path":"\/home\/empleost\/domains\/lucasfroeserealestate.com\/public_html\/wp-content\/uploads\/2022\/04\/tienda-1-6.jpg","url":"https:\/\/www.lucasfroeserealestate.com\/wp-content\/uploads\/2022\/04\/tienda-1-6-150x150.jpg","full_url":"https:\/\/www.lucasfroeserealestate.com\/wp-content\/uploads\/2022\/04\/tienda-1-6.jpg","title":"Lokal Tienda Zentrum hell Felanitx","caption":"Lokal Tienda Zentrum hell Felanitx","description":"","alt":"Lokal Tienda Zentrum hell Felanitx","srcset":"https:\/\/www.lucasfroeserealestate.com\/wp-content\/uploads\/2022\/04\/tienda-1-6-150x150.jpg 150w, https:\/\/www.lucasfroeserealestate.com\/wp-content\/uploads\/2022\/04\/tienda-1-6-210x210.jpg 210w"},{"width":150,"height":150,"file":"2020\/09\/Piso2-1.jpg","filesize":474383,"sizes":{"medium":{"file":"Piso2-1-300x169.jpg","width":300,"height":169,"mime-type":"image\/jpeg","filesize":12345,"url":"https:\/\/www.lucasfroeserealestate.com\/wp-content\/uploads\/2020\/09\/Piso2-1-300x169.jpg"},"large":{"file":"Piso2-1-1024x576.jpg","width":1024,"height":576,"mime-type":"image\/jpeg","filesize":94235,"url":"https:\/\/www.lucasfroeserealestate.com\/wp-content\/uploads\/2020\/09\/Piso2-1-1024x576.jpg"},"thumbnail":{"file":"Piso2-1-150x150.jpg","width":150,"height":150,"mime-type":"image\/jpeg","filesize":6191,"url":"https:\/\/www.lucasfroeserealestate.com\/wp-content\/uploads\/2020\/09\/Piso2-1-150x150.jpg"},"medium_large":{"file":"Piso2-1-768x432.jpg","width":768,"height":432,"mime-type":"image\/jpeg","filesize":57634,"url":"https:\/\/www.lucasfroeserealestate.com\/wp-content\/uploads\/2020\/09\/Piso2-1-768x432.jpg"},"1536x1536":{"file":"Piso2-1-1536x864.jpg","width":1536,"height":864,"mime-type":"image\/jpeg","filesize":187560,"url":"https:\/\/www.lucasfroeserealestate.com\/wp-content\/uploads\/2020\/09\/Piso2-1-1536x864.jpg"},"2048x2048":{"file":"Piso2-1-2048x1152.jpg","width":2048,"height":1152,"mime-type":"image\/jpeg","filesize":302480,"url":"https:\/\/www.lucasfroeserealestate.com\/wp-content\/uploads\/2020\/09\/Piso2-1-2048x1152.jpg"},"post-thumbnail":{"file":"Piso2-1-150x84.jpg","width":150,"height":84,"mime-type":"image\/jpeg","filesize":4308,"url":"https:\/\/www.lucasfroeserealestate.com\/wp-content\/uploads\/2020\/09\/Piso2-1-150x84.jpg"},"modern-property-child-slider":{"file":"Piso2-1-680x510.jpg","width":680,"height":510,"mime-type":"image\/jpeg","filesize":58993,"url":"https:\/\/www.lucasfroeserealestate.com\/wp-content\/uploads\/2020\/09\/Piso2-1-680x510.jpg"},"property-thumb-image":{"file":"Piso2-1-488x326.jpg","width":488,"height":326,"mime-type":"image\/jpeg","filesize":31250,"url":"https:\/\/www.lucasfroeserealestate.com\/wp-content\/uploads\/2020\/09\/Piso2-1-488x326.jpg"},"property-detail-video-image":{"file":"Piso2-1-818x417.jpg","width":818,"height":417,"mime-type":"image\/jpeg","filesize":58653,"url":"https:\/\/www.lucasfroeserealestate.com\/wp-content\/uploads\/2020\/09\/Piso2-1-818x417.jpg"},"agent-image":{"file":"Piso2-1-210x210.jpg","width":210,"height":210,"mime-type":"image\/jpeg","filesize":10636,"url":"https:\/\/www.lucasfroeserealestate.com\/wp-content\/uploads\/2020\/09\/Piso2-1-210x210.jpg"},"partners-logo":{"file":"Piso2-1-600x1350.jpg","width":600,"height":1350,"mime-type":"image\/jpeg","filesize":90430,"url":"https:\/\/www.lucasfroeserealestate.com\/wp-content\/uploads\/2020\/09\/Piso2-1-600x1350.jpg"},"post-featured-image":{"file":"Piso2-1-1240x720.jpg","width":1240,"height":720,"mime-type":"image\/jpeg","filesize":133846,"url":"https:\/\/www.lucasfroeserealestate.com\/wp-content\/uploads\/2020\/09\/Piso2-1-1240x720.jpg"}},"image_meta":{"aperture":"1.8","credit":"","camera":"iPhone 15 Pro","caption":"","created_timestamp":"1708524827","copyright":"","focal_length":"6.86","iso":"400","shutter_speed":"0.02","title":"","orientation":"0","keywords":[]},"ID":"49329","name":"Piso2-1.jpg","path":"\/home\/empleost\/domains\/lucasfroeserealestate.com\/public_html\/wp-content\/uploads\/2020\/09\/Piso2-1.jpg","url":"https:\/\/www.lucasfroeserealestate.com\/wp-content\/uploads\/2020\/09\/Piso2-1-150x150.jpg","full_url":"https:\/\/www.lucasfroeserealestate.com\/wp-content\/uploads\/2020\/09\/Piso2-1.jpg","title":"Piso2-1","caption":"moderne Wohnung zentral renoviert Aufzug ","description":"","alt":"moderne Wohnung zentral renoviert Aufzug ","srcset":"https:\/\/www.lucasfroeserealestate.com\/wp-content\/uploads\/2020\/09\/Piso2-1-150x150.jpg 150w, https:\/\/www.lucasfroeserealestate.com\/wp-content\/uploads\/2020\/09\/Piso2-1-210x210.jpg 210w"},{"width":150,"height":150,"file":"2020\/09\/Piso2-1-4.jpg","filesize":495405,"sizes":{"medium":{"file":"Piso2-1-4-300x169.jpg","width":300,"height":169,"mime-type":"image\/jpeg","filesize":16030,"url":"https:\/\/www.lucasfroeserealestate.com\/wp-content\/uploads\/2020\/09\/Piso2-1-4-300x169.jpg"},"large":{"file":"Piso2-1-4-1024x576.jpg","width":1024,"height":576,"mime-type":"image\/jpeg","filesize":145041,"url":"https:\/\/www.lucasfroeserealestate.com\/wp-content\/uploads\/2020\/09\/Piso2-1-4-1024x576.jpg"},"thumbnail":{"file":"Piso2-1-4-150x150.jpg","width":150,"height":150,"mime-type":"image\/jpeg","filesize":7298,"url":"https:\/\/www.lucasfroeserealestate.com\/wp-content\/uploads\/2020\/09\/Piso2-1-4-150x150.jpg"},"medium_large":{"file":"Piso2-1-4-768x432.jpg","width":768,"height":432,"mime-type":"image\/jpeg","filesize":84706,"url":"https:\/\/www.lucasfroeserealestate.com\/wp-content\/uploads\/2020\/09\/Piso2-1-4-768x432.jpg"},"1536x1536":{"file":"Piso2-1-4-1536x864.jpg","width":1536,"height":864,"mime-type":"image\/jpeg","filesize":301341,"url":"https:\/\/www.lucasfroeserealestate.com\/wp-content\/uploads\/2020\/09\/Piso2-1-4-1536x864.jpg"},"2048x2048":{"file":"Piso2-1-4-2048x1152.jpg","width":2048,"height":1152,"mime-type":"image\/jpeg","filesize":488078,"url":"https:\/\/www.lucasfroeserealestate.com\/wp-content\/uploads\/2020\/09\/Piso2-1-4-2048x1152.jpg"},"post-thumbnail":{"file":"Piso2-1-4-150x84.jpg","width":150,"height":84,"mime-type":"image\/jpeg","filesize":5254,"url":"https:\/\/www.lucasfroeserealestate.com\/wp-content\/uploads\/2020\/09\/Piso2-1-4-150x84.jpg"},"modern-property-child-slider":{"file":"Piso2-1-4-680x510.jpg","width":680,"height":510,"mime-type":"image\/jpeg","filesize":83134,"url":"https:\/\/www.lucasfroeserealestate.com\/wp-content\/uploads\/2020\/09\/Piso2-1-4-680x510.jpg"},"property-thumb-image":{"file":"Piso2-1-4-488x326.jpg","width":488,"height":326,"mime-type":"image\/jpeg","filesize":41587,"url":"https:\/\/www.lucasfroeserealestate.com\/wp-content\/uploads\/2020\/09\/Piso2-1-4-488x326.jpg"},"property-detail-video-image":{"file":"Piso2-1-4-818x417.jpg","width":818,"height":417,"mime-type":"image\/jpeg","filesize":88775,"url":"https:\/\/www.lucasfroeserealestate.com\/wp-content\/uploads\/2020\/09\/Piso2-1-4-818x417.jpg"},"agent-image":{"file":"Piso2-1-4-210x210.jpg","width":210,"height":210,"mime-type":"image\/jpeg","filesize":13243,"url":"https:\/\/www.lucasfroeserealestate.com\/wp-content\/uploads\/2020\/09\/Piso2-1-4-210x210.jpg"},"partners-logo":{"file":"Piso2-1-4-600x1350.jpg","width":600,"height":1350,"mime-type":"image\/jpeg","filesize":160915,"url":"https:\/\/www.lucasfroeserealestate.com\/wp-content\/uploads\/2020\/09\/Piso2-1-4-600x1350.jpg"},"post-featured-image":{"file":"Piso2-1-4-1240x720.jpg","width":1240,"height":720,"mime-type":"image\/jpeg","filesize":210483,"url":"https:\/\/www.lucasfroeserealestate.com\/wp-content\/uploads\/2020\/09\/Piso2-1-4-1240x720.jpg"}},"image_meta":{"aperture":"2.2","credit":"","camera":"iPhone 15 Pro","caption":"","created_timestamp":"1708525208","copyright":"","focal_length":"2.22","iso":"80","shutter_speed":"0.01","title":"","orientation":"0","keywords":[]},"ID":"49233","name":"Piso2-1-4.jpg","path":"\/home\/empleost\/domains\/lucasfroeserealestate.com\/public_html\/wp-content\/uploads\/2020\/09\/Piso2-1-4.jpg","url":"https:\/\/www.lucasfroeserealestate.com\/wp-content\/uploads\/2020\/09\/Piso2-1-4-150x150.jpg","full_url":"https:\/\/www.lucasfroeserealestate.com\/wp-content\/uploads\/2020\/09\/Piso2-1-4.jpg","title":"Piso2-1-4","caption":"moderne Wohnung zentral renoviert Aufzug ","description":"","alt":"moderne Wohnung zentral renoviert Aufzug ","srcset":"https:\/\/www.lucasfroeserealestate.com\/wp-content\/uploads\/2020\/09\/Piso2-1-4-150x150.jpg 150w, https:\/\/www.lucasfroeserealestate.com\/wp-content\/uploads\/2020\/09\/Piso2-1-4-210x210.jpg 210w"},{"width":150,"height":150,"file":"2020\/09\/Piso2-1-7.jpg","filesize":454311,"sizes":{"medium":{"file":"Piso2-1-7-300x169.jpg","width":300,"height":169,"mime-type":"image\/jpeg","filesize":8600,"url":"https:\/\/www.lucasfroeserealestate.com\/wp-content\/uploads\/2020\/09\/Piso2-1-7-300x169.jpg"},"large":{"file":"Piso2-1-7-1024x576.jpg","width":1024,"height":576,"mime-type":"image\/jpeg","filesize":66615,"url":"https:\/\/www.lucasfroeserealestate.com\/wp-content\/uploads\/2020\/09\/Piso2-1-7-1024x576.jpg"},"thumbnail":{"file":"Piso2-1-7-150x150.jpg","width":150,"height":150,"mime-type":"image\/jpeg","filesize":4536,"url":"https:\/\/www.lucasfroeserealestate.com\/wp-content\/uploads\/2020\/09\/Piso2-1-7-150x150.jpg"},"medium_large":{"file":"Piso2-1-7-768x432.jpg","width":768,"height":432,"mime-type":"image\/jpeg","filesize":39833,"url":"https:\/\/www.lucasfroeserealestate.com\/wp-content\/uploads\/2020\/09\/Piso2-1-7-768x432.jpg"},"1536x1536":{"file":"Piso2-1-7-1536x864.jpg","width":1536,"height":864,"mime-type":"image\/jpeg","filesize":140065,"url":"https:\/\/www.lucasfroeserealestate.com\/wp-content\/uploads\/2020\/09\/Piso2-1-7-1536x864.jpg"},"2048x2048":{"file":"Piso2-1-7-2048x1152.jpg","width":2048,"height":1152,"mime-type":"image\/jpeg","filesize":236129,"url":"https:\/\/www.lucasfroeserealestate.com\/wp-content\/uploads\/2020\/09\/Piso2-1-7-2048x1152.jpg"},"post-thumbnail":{"file":"Piso2-1-7-150x84.jpg","width":150,"height":84,"mime-type":"image\/jpeg","filesize":3286,"url":"https:\/\/www.lucasfroeserealestate.com\/wp-content\/uploads\/2020\/09\/Piso2-1-7-150x84.jpg"},"modern-property-child-slider":{"file":"Piso2-1-7-680x510.jpg","width":680,"height":510,"mime-type":"image\/jpeg","filesize":41882,"url":"https:\/\/www.lucasfroeserealestate.com\/wp-content\/uploads\/2020\/09\/Piso2-1-7-680x510.jpg"},"property-thumb-image":{"file":"Piso2-1-7-488x326.jpg","width":488,"height":326,"mime-type":"image\/jpeg","filesize":20800,"url":"https:\/\/www.lucasfroeserealestate.com\/wp-content\/uploads\/2020\/09\/Piso2-1-7-488x326.jpg"},"property-detail-video-image":{"file":"Piso2-1-7-818x417.jpg","width":818,"height":417,"mime-type":"image\/jpeg","filesize":42101,"url":"https:\/\/www.lucasfroeserealestate.com\/wp-content\/uploads\/2020\/09\/Piso2-1-7-818x417.jpg"},"agent-image":{"file":"Piso2-1-7-210x210.jpg","width":210,"height":210,"mime-type":"image\/jpeg","filesize":7609,"url":"https:\/\/www.lucasfroeserealestate.com\/wp-content\/uploads\/2020\/09\/Piso2-1-7-210x210.jpg"},"partners-logo":{"file":"Piso2-1-7-600x1350.jpg","width":600,"height":1350,"mime-type":"image\/jpeg","filesize":91972,"url":"https:\/\/www.lucasfroeserealestate.com\/wp-content\/uploads\/2020\/09\/Piso2-1-7-600x1350.jpg"},"post-featured-image":{"file":"Piso2-1-7-1240x720.jpg","width":1240,"height":720,"mime-type":"image\/jpeg","filesize":95898,"url":"https:\/\/www.lucasfroeserealestate.com\/wp-content\/uploads\/2020\/09\/Piso2-1-7-1240x720.jpg"}},"image_meta":{"aperture":"2.2","credit":"","camera":"iPhone 15 Pro","caption":"","created_timestamp":"1708525342","copyright":"","focal_length":"2.22","iso":"50","shutter_speed":"0.01","title":"","orientation":"0","keywords":[]},"ID":"49242","name":"Piso2-1-7.jpg","path":"\/home\/empleost\/domains\/lucasfroeserealestate.com\/public_html\/wp-content\/uploads\/2020\/09\/Piso2-1-7.jpg","url":"https:\/\/www.lucasfroeserealestate.com\/wp-content\/uploads\/2020\/09\/Piso2-1-7-150x150.jpg","full_url":"https:\/\/www.lucasfroeserealestate.com\/wp-content\/uploads\/2020\/09\/Piso2-1-7.jpg","title":"Piso2-1-7","caption":"moderne Wohnung zentral renoviert Aufzug ","description":"","alt":"moderne Wohnung zentral renoviert Aufzug ","srcset":"https:\/\/www.lucasfroeserealestate.com\/wp-content\/uploads\/2020\/09\/Piso2-1-7-150x150.jpg 150w, https:\/\/www.lucasfroeserealestate.com\/wp-content\/uploads\/2020\/09\/Piso2-1-7-210x210.jpg 210w"},{"width":150,"height":150,"file":"2020\/09\/Piso2-1-10.jpg","filesize":530985,"sizes":{"medium":{"file":"Piso2-1-10-300x169.jpg","width":300,"height":169,"mime-type":"image\/jpeg","filesize":12301,"url":"https:\/\/www.lucasfroeserealestate.com\/wp-content\/uploads\/2020\/09\/Piso2-1-10-300x169.jpg"},"large":{"file":"Piso2-1-10-1024x576.jpg","width":1024,"height":576,"mime-type":"image\/jpeg","filesize":97057,"url":"https:\/\/www.lucasfroeserealestate.com\/wp-content\/uploads\/2020\/09\/Piso2-1-10-1024x576.jpg"},"thumbnail":{"file":"Piso2-1-10-150x150.jpg","width":150,"height":150,"mime-type":"image\/jpeg","filesize":5666,"url":"https:\/\/www.lucasfroeserealestate.com\/wp-content\/uploads\/2020\/09\/Piso2-1-10-150x150.jpg"},"medium_large":{"file":"Piso2-1-10-768x432.jpg","width":768,"height":432,"mime-type":"image\/jpeg","filesize":58212,"url":"https:\/\/www.lucasfroeserealestate.com\/wp-content\/uploads\/2020\/09\/Piso2-1-10-768x432.jpg"},"1536x1536":{"file":"Piso2-1-10-1536x864.jpg","width":1536,"height":864,"mime-type":"image\/jpeg","filesize":200075,"url":"https:\/\/www.lucasfroeserealestate.com\/wp-content\/uploads\/2020\/09\/Piso2-1-10-1536x864.jpg"},"2048x2048":{"file":"Piso2-1-10-2048x1152.jpg","width":2048,"height":1152,"mime-type":"image\/jpeg","filesize":327021,"url":"https:\/\/www.lucasfroeserealestate.com\/wp-content\/uploads\/2020\/09\/Piso2-1-10-2048x1152.jpg"},"post-thumbnail":{"file":"Piso2-1-10-150x84.jpg","width":150,"height":84,"mime-type":"image\/jpeg","filesize":4374,"url":"https:\/\/www.lucasfroeserealestate.com\/wp-content\/uploads\/2020\/09\/Piso2-1-10-150x84.jpg"},"modern-property-child-slider":{"file":"Piso2-1-10-680x510.jpg","width":680,"height":510,"mime-type":"image\/jpeg","filesize":59915,"url":"https:\/\/www.lucasfroeserealestate.com\/wp-content\/uploads\/2020\/09\/Piso2-1-10-680x510.jpg"},"property-thumb-image":{"file":"Piso2-1-10-488x326.jpg","width":488,"height":326,"mime-type":"image\/jpeg","filesize":30732,"url":"https:\/\/www.lucasfroeserealestate.com\/wp-content\/uploads\/2020\/09\/Piso2-1-10-488x326.jpg"},"property-detail-video-image":{"file":"Piso2-1-10-818x417.jpg","width":818,"height":417,"mime-type":"image\/jpeg","filesize":59719,"url":"https:\/\/www.lucasfroeserealestate.com\/wp-content\/uploads\/2020\/09\/Piso2-1-10-818x417.jpg"},"agent-image":{"file":"Piso2-1-10-210x210.jpg","width":210,"height":210,"mime-type":"image\/jpeg","filesize":10048,"url":"https:\/\/www.lucasfroeserealestate.com\/wp-content\/uploads\/2020\/09\/Piso2-1-10-210x210.jpg"},"partners-logo":{"file":"Piso2-1-10-600x1350.jpg","width":600,"height":1350,"mime-type":"image\/jpeg","filesize":127525,"url":"https:\/\/www.lucasfroeserealestate.com\/wp-content\/uploads\/2020\/09\/Piso2-1-10-600x1350.jpg"},"post-featured-image":{"file":"Piso2-1-10-1240x720.jpg","width":1240,"height":720,"mime-type":"image\/jpeg","filesize":141065,"url":"https:\/\/www.lucasfroeserealestate.com\/wp-content\/uploads\/2020\/09\/Piso2-1-10-1240x720.jpg"}},"image_meta":{"aperture":"2.2","credit":"","camera":"iPhone 15 Pro","caption":"","created_timestamp":"1708525378","copyright":"","focal_length":"2.22","iso":"80","shutter_speed":"0.01","title":"","orientation":"0","keywords":[]},"ID":"49251","name":"Piso2-1-10.jpg","path":"\/home\/empleost\/domains\/lucasfroeserealestate.com\/public_html\/wp-content\/uploads\/2020\/09\/Piso2-1-10.jpg","url":"https:\/\/www.lucasfroeserealestate.com\/wp-content\/uploads\/2020\/09\/Piso2-1-10-150x150.jpg","full_url":"https:\/\/www.lucasfroeserealestate.com\/wp-content\/uploads\/2020\/09\/Piso2-1-10.jpg","title":"Piso2-1-10","caption":"","description":"","alt":"","srcset":"https:\/\/www.lucasfroeserealestate.com\/wp-content\/uploads\/2020\/09\/Piso2-1-10-150x150.jpg 150w, https:\/\/www.lucasfroeserealestate.com\/wp-content\/uploads\/2020\/09\/Piso2-1-10-210x210.jpg 210w"},{"width":150,"height":150,"file":"2020\/09\/Piso2-1-5.jpg","filesize":520868,"sizes":{"medium":{"file":"Piso2-1-5-300x218.jpg","width":300,"height":218,"mime-type":"image\/jpeg","filesize":20977,"url":"https:\/\/www.lucasfroeserealestate.com\/wp-content\/uploads\/2020\/09\/Piso2-1-5-300x218.jpg"},"large":{"file":"Piso2-1-5-1024x745.jpg","width":1024,"height":745,"mime-type":"image\/jpeg","filesize":187385,"url":"https:\/\/www.lucasfroeserealestate.com\/wp-content\/uploads\/2020\/09\/Piso2-1-5-1024x745.jpg"},"thumbnail":{"file":"Piso2-1-5-150x150.jpg","width":150,"height":150,"mime-type":"image\/jpeg","filesize":8394,"url":"https:\/\/www.lucasfroeserealestate.com\/wp-content\/uploads\/2020\/09\/Piso2-1-5-150x150.jpg"},"medium_large":{"file":"Piso2-1-5-768x559.jpg","width":768,"height":559,"mime-type":"image\/jpeg","filesize":111491,"url":"https:\/\/www.lucasfroeserealestate.com\/wp-content\/uploads\/2020\/09\/Piso2-1-5-768x559.jpg"},"1536x1536":{"file":"Piso2-1-5-1536x1118.jpg","width":1536,"height":1118,"mime-type":"image\/jpeg","filesize":375938,"url":"https:\/\/www.lucasfroeserealestate.com\/wp-content\/uploads\/2020\/09\/Piso2-1-5-1536x1118.jpg"},"2048x2048":{"file":"Piso2-1-5-2048x1490.jpg","width":2048,"height":1490,"mime-type":"image\/jpeg","filesize":594875,"url":"https:\/\/www.lucasfroeserealestate.com\/wp-content\/uploads\/2020\/09\/Piso2-1-5-2048x1490.jpg"},"post-thumbnail":{"file":"Piso2-1-5-150x109.jpg","width":150,"height":109,"mime-type":"image\/jpeg","filesize":6485,"url":"https:\/\/www.lucasfroeserealestate.com\/wp-content\/uploads\/2020\/09\/Piso2-1-5-150x109.jpg"},"modern-property-child-slider":{"file":"Piso2-1-5-680x510.jpg","width":680,"height":510,"mime-type":"image\/jpeg","filesize":91028,"url":"https:\/\/www.lucasfroeserealestate.com\/wp-content\/uploads\/2020\/09\/Piso2-1-5-680x510.jpg"},"property-thumb-image":{"file":"Piso2-1-5-488x326.jpg","width":488,"height":326,"mime-type":"image\/jpeg","filesize":45129,"url":"https:\/\/www.lucasfroeserealestate.com\/wp-content\/uploads\/2020\/09\/Piso2-1-5-488x326.jpg"},"property-detail-video-image":{"file":"Piso2-1-5-818x417.jpg","width":818,"height":417,"mime-type":"image\/jpeg","filesize":90302,"url":"https:\/\/www.lucasfroeserealestate.com\/wp-content\/uploads\/2020\/09\/Piso2-1-5-818x417.jpg"},"agent-image":{"file":"Piso2-1-5-210x210.jpg","width":210,"height":210,"mime-type":"image\/jpeg","filesize":15240,"url":"https:\/\/www.lucasfroeserealestate.com\/wp-content\/uploads\/2020\/09\/Piso2-1-5-210x210.jpg"},"partners-logo":{"file":"Piso2-1-5-600x1600.jpg","width":600,"height":1600,"mime-type":"image\/jpeg","filesize":176149,"url":"https:\/\/www.lucasfroeserealestate.com\/wp-content\/uploads\/2020\/09\/Piso2-1-5-600x1600.jpg"},"post-featured-image":{"file":"Piso2-1-5-1240x720.jpg","width":1240,"height":720,"mime-type":"image\/jpeg","filesize":213118,"url":"https:\/\/www.lucasfroeserealestate.com\/wp-content\/uploads\/2020\/09\/Piso2-1-5-1240x720.jpg"}},"image_meta":{"aperture":"2.2","credit":"","camera":"iPhone 15 Pro","caption":"","created_timestamp":"1708525231","copyright":"","focal_length":"2.22","iso":"50","shutter_speed":"0.0013333333333333","title":"","orientation":"0","keywords":[]},"ID":"49236","name":"Piso2-1-5.jpg","path":"\/home\/empleost\/domains\/lucasfroeserealestate.com\/public_html\/wp-content\/uploads\/2020\/09\/Piso2-1-5.jpg","url":"https:\/\/www.lucasfroeserealestate.com\/wp-content\/uploads\/2020\/09\/Piso2-1-5-150x150.jpg","full_url":"https:\/\/www.lucasfroeserealestate.com\/wp-content\/uploads\/2020\/09\/Piso2-1-5.jpg","title":"Piso2-1-5","caption":"","description":"","alt":"","srcset":"https:\/\/www.lucasfroeserealestate.com\/wp-content\/uploads\/2020\/09\/Piso2-1-5-150x150.jpg 150w, https:\/\/www.lucasfroeserealestate.com\/wp-content\/uploads\/2020\/09\/Piso2-1-5-210x210.jpg 210w"},{"width":150,"height":150,"file":"2020\/09\/Piso2-1-13.jpg","filesize":483239,"sizes":{"medium":{"file":"Piso2-1-13-300x169.jpg","width":300,"height":169,"mime-type":"image\/jpeg","filesize":9813,"url":"https:\/\/www.lucasfroeserealestate.com\/wp-content\/uploads\/2020\/09\/Piso2-1-13-300x169.jpg"},"large":{"file":"Piso2-1-13-1024x576.jpg","width":1024,"height":576,"mime-type":"image\/jpeg","filesize":76552,"url":"https:\/\/www.lucasfroeserealestate.com\/wp-content\/uploads\/2020\/09\/Piso2-1-13-1024x576.jpg"},"thumbnail":{"file":"Piso2-1-13-150x150.jpg","width":150,"height":150,"mime-type":"image\/jpeg","filesize":4635,"url":"https:\/\/www.lucasfroeserealestate.com\/wp-content\/uploads\/2020\/09\/Piso2-1-13-150x150.jpg"},"medium_large":{"file":"Piso2-1-13-768x432.jpg","width":768,"height":432,"mime-type":"image\/jpeg","filesize":45574,"url":"https:\/\/www.lucasfroeserealestate.com\/wp-content\/uploads\/2020\/09\/Piso2-1-13-768x432.jpg"},"1536x1536":{"file":"Piso2-1-13-1536x864.jpg","width":1536,"height":864,"mime-type":"image\/jpeg","filesize":159937,"url":"https:\/\/www.lucasfroeserealestate.com\/wp-content\/uploads\/2020\/09\/Piso2-1-13-1536x864.jpg"},"2048x2048":{"file":"Piso2-1-13-2048x1152.jpg","width":2048,"height":1152,"mime-type":"image\/jpeg","filesize":267994,"url":"https:\/\/www.lucasfroeserealestate.com\/wp-content\/uploads\/2020\/09\/Piso2-1-13-2048x1152.jpg"},"post-thumbnail":{"file":"Piso2-1-13-150x84.jpg","width":150,"height":84,"mime-type":"image\/jpeg","filesize":3555,"url":"https:\/\/www.lucasfroeserealestate.com\/wp-content\/uploads\/2020\/09\/Piso2-1-13-150x84.jpg"},"modern-property-child-slider":{"file":"Piso2-1-13-680x510.jpg","width":680,"height":510,"mime-type":"image\/jpeg","filesize":41478,"url":"https:\/\/www.lucasfroeserealestate.com\/wp-content\/uploads\/2020\/09\/Piso2-1-13-680x510.jpg"},"property-thumb-image":{"file":"Piso2-1-13-488x326.jpg","width":488,"height":326,"mime-type":"image\/jpeg","filesize":22813,"url":"https:\/\/www.lucasfroeserealestate.com\/wp-content\/uploads\/2020\/09\/Piso2-1-13-488x326.jpg"},"property-detail-video-image":{"file":"Piso2-1-13-818x417.jpg","width":818,"height":417,"mime-type":"image\/jpeg","filesize":45870,"url":"https:\/\/www.lucasfroeserealestate.com\/wp-content\/uploads\/2020\/09\/Piso2-1-13-818x417.jpg"},"agent-image":{"file":"Piso2-1-13-210x210.jpg","width":210,"height":210,"mime-type":"image\/jpeg","filesize":7720,"url":"https:\/\/www.lucasfroeserealestate.com\/wp-content\/uploads\/2020\/09\/Piso2-1-13-210x210.jpg"},"partners-logo":{"file":"Piso2-1-13-600x1350.jpg","width":600,"height":1350,"mime-type":"image\/jpeg","filesize":65838,"url":"https:\/\/www.lucasfroeserealestate.com\/wp-content\/uploads\/2020\/09\/Piso2-1-13-600x1350.jpg"},"post-featured-image":{"file":"Piso2-1-13-1240x720.jpg","width":1240,"height":720,"mime-type":"image\/jpeg","filesize":109870,"url":"https:\/\/www.lucasfroeserealestate.com\/wp-content\/uploads\/2020\/09\/Piso2-1-13-1240x720.jpg"}},"image_meta":{"aperture":"2.2","credit":"","camera":"iPhone 15 Pro","caption":"","created_timestamp":"1708525426","copyright":"","focal_length":"2.22","iso":"125","shutter_speed":"0.01","title":"","orientation":"0","keywords":[]},"ID":"49260","name":"Piso2-1-13.jpg","path":"\/home\/empleost\/domains\/lucasfroeserealestate.com\/public_html\/wp-content\/uploads\/2020\/09\/Piso2-1-13.jpg","url":"https:\/\/www.lucasfroeserealestate.com\/wp-content\/uploads\/2020\/09\/Piso2-1-13-150x150.jpg","full_url":"https:\/\/www.lucasfroeserealestate.com\/wp-content\/uploads\/2020\/09\/Piso2-1-13.jpg","title":"Piso2-1-13","caption":"moderne Wohnung zentral renoviert Aufzug ","description":"","alt":"moderne Wohnung zentral renoviert Aufzug ","srcset":"https:\/\/www.lucasfroeserealestate.com\/wp-content\/uploads\/2020\/09\/Piso2-1-13-150x150.jpg 150w, https:\/\/www.lucasfroeserealestate.com\/wp-content\/uploads\/2020\/09\/Piso2-1-13-210x210.jpg 210w"},{"width":150,"height":150,"file":"2020\/09\/Piso2-1-22.jpg","filesize":497822,"sizes":{"medium":{"file":"Piso2-1-22-300x169.jpg","width":300,"height":169,"mime-type":"image\/jpeg","filesize":15498,"url":"https:\/\/www.lucasfroeserealestate.com\/wp-content\/uploads\/2020\/09\/Piso2-1-22-300x169.jpg"},"large":{"file":"Piso2-1-22-1024x576.jpg","width":1024,"height":576,"mime-type":"image\/jpeg","filesize":124638,"url":"https:\/\/www.lucasfroeserealestate.com\/wp-content\/uploads\/2020\/09\/Piso2-1-22-1024x576.jpg"},"thumbnail":{"file":"Piso2-1-22-150x150.jpg","width":150,"height":150,"mime-type":"image\/jpeg","filesize":6940,"url":"https:\/\/www.lucasfroeserealestate.com\/wp-content\/uploads\/2020\/09\/Piso2-1-22-150x150.jpg"},"medium_large":{"file":"Piso2-1-22-768x432.jpg","width":768,"height":432,"mime-type":"image\/jpeg","filesize":74208,"url":"https:\/\/www.lucasfroeserealestate.com\/wp-content\/uploads\/2020\/09\/Piso2-1-22-768x432.jpg"},"1536x1536":{"file":"Piso2-1-22-1536x864.jpg","width":1536,"height":864,"mime-type":"image\/jpeg","filesize":257478,"url":"https:\/\/www.lucasfroeserealestate.com\/wp-content\/uploads\/2020\/09\/Piso2-1-22-1536x864.jpg"},"2048x2048":{"file":"Piso2-1-22-2048x1152.jpg","width":2048,"height":1152,"mime-type":"image\/jpeg","filesize":420017,"url":"https:\/\/www.lucasfroeserealestate.com\/wp-content\/uploads\/2020\/09\/Piso2-1-22-2048x1152.jpg"},"post-thumbnail":{"file":"Piso2-1-22-150x84.jpg","width":150,"height":84,"mime-type":"image\/jpeg","filesize":5100,"url":"https:\/\/www.lucasfroeserealestate.com\/wp-content\/uploads\/2020\/09\/Piso2-1-22-150x84.jpg"},"modern-property-child-slider":{"file":"Piso2-1-22-680x510.jpg","width":680,"height":510,"mime-type":"image\/jpeg","filesize":75044,"url":"https:\/\/www.lucasfroeserealestate.com\/wp-content\/uploads\/2020\/09\/Piso2-1-22-680x510.jpg"},"property-thumb-image":{"file":"Piso2-1-22-488x326.jpg","width":488,"height":326,"mime-type":"image\/jpeg","filesize":39171,"url":"https:\/\/www.lucasfroeserealestate.com\/wp-content\/uploads\/2020\/09\/Piso2-1-22-488x326.jpg"},"property-detail-video-image":{"file":"Piso2-1-22-818x417.jpg","width":818,"height":417,"mime-type":"image\/jpeg","filesize":77990,"url":"https:\/\/www.lucasfroeserealestate.com\/wp-content\/uploads\/2020\/09\/Piso2-1-22-818x417.jpg"},"agent-image":{"file":"Piso2-1-22-210x210.jpg","width":210,"height":210,"mime-type":"image\/jpeg","filesize":12019,"url":"https:\/\/www.lucasfroeserealestate.com\/wp-content\/uploads\/2020\/09\/Piso2-1-22-210x210.jpg"},"partners-logo":{"file":"Piso2-1-22-600x1350.jpg","width":600,"height":1350,"mime-type":"image\/jpeg","filesize":103054,"url":"https:\/\/www.lucasfroeserealestate.com\/wp-content\/uploads\/2020\/09\/Piso2-1-22-600x1350.jpg"},"post-featured-image":{"file":"Piso2-1-22-1240x720.jpg","width":1240,"height":720,"mime-type":"image\/jpeg","filesize":179944,"url":"https:\/\/www.lucasfroeserealestate.com\/wp-content\/uploads\/2020\/09\/Piso2-1-22-1240x720.jpg"}},"image_meta":{"aperture":"2.2","credit":"","camera":"iPhone 15 Pro","caption":"","created_timestamp":"1708525686","copyright":"","focal_length":"2.22","iso":"50","shutter_speed":"0.00028571428571429","title":"","orientation":"0","keywords":[]},"ID":"49287","name":"Piso2-1-22.jpg","path":"\/home\/empleost\/domains\/lucasfroeserealestate.com\/public_html\/wp-content\/uploads\/2020\/09\/Piso2-1-22.jpg","url":"https:\/\/www.lucasfroeserealestate.com\/wp-content\/uploads\/2020\/09\/Piso2-1-22-150x150.jpg","full_url":"https:\/\/www.lucasfroeserealestate.com\/wp-content\/uploads\/2020\/09\/Piso2-1-22.jpg","title":"Piso2-1-22","caption":"moderne Wohnung zentral renoviert Aufzug ","description":"","alt":"moderne Wohnung zentral renoviert Aufzug ","srcset":"https:\/\/www.lucasfroeserealestate.com\/wp-content\/uploads\/2020\/09\/Piso2-1-22-150x150.jpg 150w, https:\/\/www.lucasfroeserealestate.com\/wp-content\/uploads\/2020\/09\/Piso2-1-22-210x210.jpg 210w"},{"width":150,"height":150,"file":"2020\/09\/Piso2-1-23.jpg","filesize":404885,"sizes":{"medium":{"file":"Piso2-1-23-300x194.jpg","width":300,"height":194,"mime-type":"image\/jpeg","filesize":12318,"url":"https:\/\/www.lucasfroeserealestate.com\/wp-content\/uploads\/2020\/09\/Piso2-1-23-300x194.jpg"},"large":{"file":"Piso2-1-23-1024x663.jpg","width":1024,"height":663,"mime-type":"image\/jpeg","filesize":103492,"url":"https:\/\/www.lucasfroeserealestate.com\/wp-content\/uploads\/2020\/09\/Piso2-1-23-1024x663.jpg"},"thumbnail":{"file":"Piso2-1-23-150x150.jpg","width":150,"height":150,"mime-type":"image\/jpeg","filesize":6383,"url":"https:\/\/www.lucasfroeserealestate.com\/wp-content\/uploads\/2020\/09\/Piso2-1-23-150x150.jpg"},"medium_large":{"file":"Piso2-1-23-768x497.jpg","width":768,"height":497,"mime-type":"image\/jpeg","filesize":61083,"url":"https:\/\/www.lucasfroeserealestate.com\/wp-content\/uploads\/2020\/09\/Piso2-1-23-768x497.jpg"},"1536x1536":{"file":"Piso2-1-23-1536x995.jpg","width":1536,"height":995,"mime-type":"image\/jpeg","filesize":216780,"url":"https:\/\/www.lucasfroeserealestate.com\/wp-content\/uploads\/2020\/09\/Piso2-1-23-1536x995.jpg"},"2048x2048":{"file":"Piso2-1-23-2048x1326.jpg","width":2048,"height":1326,"mime-type":"image\/jpeg","filesize":357410,"url":"https:\/\/www.lucasfroeserealestate.com\/wp-content\/uploads\/2020\/09\/Piso2-1-23-2048x1326.jpg"},"post-thumbnail":{"file":"Piso2-1-23-150x97.jpg","width":150,"height":97,"mime-type":"image\/jpeg","filesize":4336,"url":"https:\/\/www.lucasfroeserealestate.com\/wp-content\/uploads\/2020\/09\/Piso2-1-23-150x97.jpg"},"modern-property-child-slider":{"file":"Piso2-1-23-680x510.jpg","width":680,"height":510,"mime-type":"image\/jpeg","filesize":58934,"url":"https:\/\/www.lucasfroeserealestate.com\/wp-content\/uploads\/2020\/09\/Piso2-1-23-680x510.jpg"},"property-thumb-image":{"file":"Piso2-1-23-488x326.jpg","width":488,"height":326,"mime-type":"image\/jpeg","filesize":28392,"url":"https:\/\/www.lucasfroeserealestate.com\/wp-content\/uploads\/2020\/09\/Piso2-1-23-488x326.jpg"},"property-detail-video-image":{"file":"Piso2-1-23-818x417.jpg","width":818,"height":417,"mime-type":"image\/jpeg","filesize":54530,"url":"https:\/\/www.lucasfroeserealestate.com\/wp-content\/uploads\/2020\/09\/Piso2-1-23-818x417.jpg"},"agent-image":{"file":"Piso2-1-23-210x210.jpg","width":210,"height":210,"mime-type":"image\/jpeg","filesize":10973,"url":"https:\/\/www.lucasfroeserealestate.com\/wp-content\/uploads\/2020\/09\/Piso2-1-23-210x210.jpg"},"partners-logo":{"file":"Piso2-1-23-600x1554.jpg","width":600,"height":1554,"mime-type":"image\/jpeg","filesize":110841,"url":"https:\/\/www.lucasfroeserealestate.com\/wp-content\/uploads\/2020\/09\/Piso2-1-23-600x1554.jpg"},"post-featured-image":{"file":"Piso2-1-23-1240x720.jpg","width":1240,"height":720,"mime-type":"image\/jpeg","filesize":131392,"url":"https:\/\/www.lucasfroeserealestate.com\/wp-content\/uploads\/2020\/09\/Piso2-1-23-1240x720.jpg"}},"image_meta":{"aperture":"2.2","credit":"","camera":"iPhone 15 Pro","caption":"","created_timestamp":"1708525716","copyright":"","focal_length":"2.22","iso":"50","shutter_speed":"0.00025","title":"","orientation":"0","keywords":[]},"ID":"49290","name":"Piso2-1-23.jpg","path":"\/home\/empleost\/domains\/lucasfroeserealestate.com\/public_html\/wp-content\/uploads\/2020\/09\/Piso2-1-23.jpg","url":"https:\/\/www.lucasfroeserealestate.com\/wp-content\/uploads\/2020\/09\/Piso2-1-23-150x150.jpg","full_url":"https:\/\/www.lucasfroeserealestate.com\/wp-content\/uploads\/2020\/09\/Piso2-1-23.jpg","title":"Piso2-1-23","caption":"moderne Wohnung zentral renoviert Aufzug ","description":"","alt":"moderne Wohnung zentral renoviert Aufzug ","srcset":"https:\/\/www.lucasfroeserealestate.com\/wp-content\/uploads\/2020\/09\/Piso2-1-23-150x150.jpg 150w, https:\/\/www.lucasfroeserealestate.com\/wp-content\/uploads\/2020\/09\/Piso2-1-23-210x210.jpg 210w"},{"width":150,"height":150,"file":"2020\/09\/Piso2-1-27.jpg","filesize":466509,"sizes":{"medium":{"file":"Piso2-1-27-300x169.jpg","width":300,"height":169,"mime-type":"image\/jpeg","filesize":11656,"url":"https:\/\/www.lucasfroeserealestate.com\/wp-content\/uploads\/2020\/09\/Piso2-1-27-300x169.jpg"},"large":{"file":"Piso2-1-27-1024x576.jpg","width":1024,"height":576,"mime-type":"image\/jpeg","filesize":96568,"url":"https:\/\/www.lucasfroeserealestate.com\/wp-content\/uploads\/2020\/09\/Piso2-1-27-1024x576.jpg"},"thumbnail":{"file":"Piso2-1-27-150x150.jpg","width":150,"height":150,"mime-type":"image\/jpeg","filesize":5985,"url":"https:\/\/www.lucasfroeserealestate.com\/wp-content\/uploads\/2020\/09\/Piso2-1-27-150x150.jpg"},"medium_large":{"file":"Piso2-1-27-768x432.jpg","width":768,"height":432,"mime-type":"image\/jpeg","filesize":57601,"url":"https:\/\/www.lucasfroeserealestate.com\/wp-content\/uploads\/2020\/09\/Piso2-1-27-768x432.jpg"},"1536x1536":{"file":"Piso2-1-27-1536x864.jpg","width":1536,"height":864,"mime-type":"image\/jpeg","filesize":194503,"url":"https:\/\/www.lucasfroeserealestate.com\/wp-content\/uploads\/2020\/09\/Piso2-1-27-1536x864.jpg"},"2048x2048":{"file":"Piso2-1-27-2048x1152.jpg","width":2048,"height":1152,"mime-type":"image\/jpeg","filesize":312068,"url":"https:\/\/www.lucasfroeserealestate.com\/wp-content\/uploads\/2020\/09\/Piso2-1-27-2048x1152.jpg"},"post-thumbnail":{"file":"Piso2-1-27-150x84.jpg","width":150,"height":84,"mime-type":"image\/jpeg","filesize":4147,"url":"https:\/\/www.lucasfroeserealestate.com\/wp-content\/uploads\/2020\/09\/Piso2-1-27-150x84.jpg"},"modern-property-child-slider":{"file":"Piso2-1-27-680x510.jpg","width":680,"height":510,"mime-type":"image\/jpeg","filesize":59902,"url":"https:\/\/www.lucasfroeserealestate.com\/wp-content\/uploads\/2020\/09\/Piso2-1-27-680x510.jpg"},"property-thumb-image":{"file":"Piso2-1-27-488x326.jpg","width":488,"height":326,"mime-type":"image\/jpeg","filesize":30201,"url":"https:\/\/www.lucasfroeserealestate.com\/wp-content\/uploads\/2020\/09\/Piso2-1-27-488x326.jpg"},"property-detail-video-image":{"file":"Piso2-1-27-818x417.jpg","width":818,"height":417,"mime-type":"image\/jpeg","filesize":60849,"url":"https:\/\/www.lucasfroeserealestate.com\/wp-content\/uploads\/2020\/09\/Piso2-1-27-818x417.jpg"},"agent-image":{"file":"Piso2-1-27-210x210.jpg","width":210,"height":210,"mime-type":"image\/jpeg","filesize":10438,"url":"https:\/\/www.lucasfroeserealestate.com\/wp-content\/uploads\/2020\/09\/Piso2-1-27-210x210.jpg"},"partners-logo":{"file":"Piso2-1-27-600x1350.jpg","width":600,"height":1350,"mime-type":"image\/jpeg","filesize":105042,"url":"https:\/\/www.lucasfroeserealestate.com\/wp-content\/uploads\/2020\/09\/Piso2-1-27-600x1350.jpg"},"post-featured-image":{"file":"Piso2-1-27-1240x720.jpg","width":1240,"height":720,"mime-type":"image\/jpeg","filesize":138358,"url":"https:\/\/www.lucasfroeserealestate.com\/wp-content\/uploads\/2020\/09\/Piso2-1-27-1240x720.jpg"}},"image_meta":{"aperture":"2.2","credit":"","camera":"iPhone 15 Pro","caption":"","created_timestamp":"1708526428","copyright":"","focal_length":"2.22","iso":"50","shutter_speed":"0.0004","title":"","orientation":"0","keywords":[]},"ID":"49302","name":"Piso2-1-27.jpg","path":"\/home\/empleost\/domains\/lucasfroeserealestate.com\/public_html\/wp-content\/uploads\/2020\/09\/Piso2-1-27.jpg","url":"https:\/\/www.lucasfroeserealestate.com\/wp-content\/uploads\/2020\/09\/Piso2-1-27-150x150.jpg","full_url":"https:\/\/www.lucasfroeserealestate.com\/wp-content\/uploads\/2020\/09\/Piso2-1-27.jpg","title":"Piso2-1-27","caption":"moderne Wohnung zentral renoviert Aufzug ","description":"","alt":"moderne Wohnung zentral renoviert Aufzug ","srcset":"https:\/\/www.lucasfroeserealestate.com\/wp-content\/uploads\/2020\/09\/Piso2-1-27-150x150.jpg 150w, https:\/\/www.lucasfroeserealestate.com\/wp-content\/uploads\/2020\/09\/Piso2-1-27-210x210.jpg 210w"},{"width":150,"height":150,"file":"2020\/09\/Piso2-1-28.jpg","filesize":430195,"sizes":{"medium":{"file":"Piso2-1-28-300x169.jpg","width":300,"height":169,"mime-type":"image\/jpeg","filesize":13908,"url":"https:\/\/www.lucasfroeserealestate.com\/wp-content\/uploads\/2020\/09\/Piso2-1-28-300x169.jpg"},"large":{"file":"Piso2-1-28-1024x576.jpg","width":1024,"height":576,"mime-type":"image\/jpeg","filesize":117884,"url":"https:\/\/www.lucasfroeserealestate.com\/wp-content\/uploads\/2020\/09\/Piso2-1-28-1024x576.jpg"},"thumbnail":{"file":"Piso2-1-28-150x150.jpg","width":150,"height":150,"mime-type":"image\/jpeg","filesize":6792,"url":"https:\/\/www.lucasfroeserealestate.com\/wp-content\/uploads\/2020\/09\/Piso2-1-28-150x150.jpg"},"medium_large":{"file":"Piso2-1-28-768x432.jpg","width":768,"height":432,"mime-type":"image\/jpeg","filesize":70762,"url":"https:\/\/www.lucasfroeserealestate.com\/wp-content\/uploads\/2020\/09\/Piso2-1-28-768x432.jpg"},"1536x1536":{"file":"Piso2-1-28-1536x864.jpg","width":1536,"height":864,"mime-type":"image\/jpeg","filesize":231611,"url":"https:\/\/www.lucasfroeserealestate.com\/wp-content\/uploads\/2020\/09\/Piso2-1-28-1536x864.jpg"},"2048x2048":{"file":"Piso2-1-28-2048x1152.jpg","width":2048,"height":1152,"mime-type":"image\/jpeg","filesize":363991,"url":"https:\/\/www.lucasfroeserealestate.com\/wp-content\/uploads\/2020\/09\/Piso2-1-28-2048x1152.jpg"},"post-thumbnail":{"file":"Piso2-1-28-150x84.jpg","width":150,"height":84,"mime-type":"image\/jpeg","filesize":4656,"url":"https:\/\/www.lucasfroeserealestate.com\/wp-content\/uploads\/2020\/09\/Piso2-1-28-150x84.jpg"},"modern-property-child-slider":{"file":"Piso2-1-28-680x510.jpg","width":680,"height":510,"mime-type":"image\/jpeg","filesize":71787,"url":"https:\/\/www.lucasfroeserealestate.com\/wp-content\/uploads\/2020\/09\/Piso2-1-28-680x510.jpg"},"property-thumb-image":{"file":"Piso2-1-28-488x326.jpg","width":488,"height":326,"mime-type":"image\/jpeg","filesize":36201,"url":"https:\/\/www.lucasfroeserealestate.com\/wp-content\/uploads\/2020\/09\/Piso2-1-28-488x326.jpg"},"property-detail-video-image":{"file":"Piso2-1-28-818x417.jpg","width":818,"height":417,"mime-type":"image\/jpeg","filesize":74132,"url":"https:\/\/www.lucasfroeserealestate.com\/wp-content\/uploads\/2020\/09\/Piso2-1-28-818x417.jpg"},"agent-image":{"file":"Piso2-1-28-210x210.jpg","width":210,"height":210,"mime-type":"image\/jpeg","filesize":12037,"url":"https:\/\/www.lucasfroeserealestate.com\/wp-content\/uploads\/2020\/09\/Piso2-1-28-210x210.jpg"},"partners-logo":{"file":"Piso2-1-28-600x1350.jpg","width":600,"height":1350,"mime-type":"image\/jpeg","filesize":134731,"url":"https:\/\/www.lucasfroeserealestate.com\/wp-content\/uploads\/2020\/09\/Piso2-1-28-600x1350.jpg"},"post-featured-image":{"file":"Piso2-1-28-1240x720.jpg","width":1240,"height":720,"mime-type":"image\/jpeg","filesize":165665,"url":"https:\/\/www.lucasfroeserealestate.com\/wp-content\/uploads\/2020\/09\/Piso2-1-28-1240x720.jpg"}},"image_meta":{"aperture":"2.8","credit":"","camera":"iPhone 15 Pro","caption":"","created_timestamp":"1708526453","copyright":"","focal_length":"9","iso":"25","shutter_speed":"0.00037037037037037","title":"","orientation":"0","keywords":[]},"ID":"49305","name":"Piso2-1-28.jpg","path":"\/home\/empleost\/domains\/lucasfroeserealestate.com\/public_html\/wp-content\/uploads\/2020\/09\/Piso2-1-28.jpg","url":"https:\/\/www.lucasfroeserealestate.com\/wp-content\/uploads\/2020\/09\/Piso2-1-28-150x150.jpg","full_url":"https:\/\/www.lucasfroeserealestate.com\/wp-content\/uploads\/2020\/09\/Piso2-1-28.jpg","title":"Piso2-1-28","caption":"moderne Wohnung zentral renoviert Aufzug ","description":"","alt":"moderne Wohnung zentral renoviert Aufzug ","srcset":"https:\/\/www.lucasfroeserealestate.com\/wp-content\/uploads\/2020\/09\/Piso2-1-28-150x150.jpg 150w, https:\/\/www.lucasfroeserealestate.com\/wp-content\/uploads\/2020\/09\/Piso2-1-28-210x210.jpg 210w"},{"width":150,"height":150,"file":"2020\/09\/Piso2-1-35.jpg","filesize":477520,"sizes":{"medium":{"file":"Piso2-1-35-300x169.jpg","width":300,"height":169,"mime-type":"image\/jpeg","filesize":19272,"url":"https:\/\/www.lucasfroeserealestate.com\/wp-content\/uploads\/2020\/09\/Piso2-1-35-300x169.jpg"},"large":{"file":"Piso2-1-35-1024x576.jpg","width":1024,"height":576,"mime-type":"image\/jpeg","filesize":189195,"url":"https:\/\/www.lucasfroeserealestate.com\/wp-content\/uploads\/2020\/09\/Piso2-1-35-1024x576.jpg"},"thumbnail":{"file":"Piso2-1-35-150x150.jpg","width":150,"height":150,"mime-type":"image\/jpeg","filesize":9388,"url":"https:\/\/www.lucasfroeserealestate.com\/wp-content\/uploads\/2020\/09\/Piso2-1-35-150x150.jpg"},"medium_large":{"file":"Piso2-1-35-768x432.jpg","width":768,"height":432,"mime-type":"image\/jpeg","filesize":109764,"url":"https:\/\/www.lucasfroeserealestate.com\/wp-content\/uploads\/2020\/09\/Piso2-1-35-768x432.jpg"},"1536x1536":{"file":"Piso2-1-35-1536x864.jpg","width":1536,"height":864,"mime-type":"image\/jpeg","filesize":384556,"url":"https:\/\/www.lucasfroeserealestate.com\/wp-content\/uploads\/2020\/09\/Piso2-1-35-1536x864.jpg"},"2048x2048":{"file":"Piso2-1-35-2048x1152.jpg","width":2048,"height":1152,"mime-type":"image\/jpeg","filesize":610921,"url":"https:\/\/www.lucasfroeserealestate.com\/wp-content\/uploads\/2020\/09\/Piso2-1-35-2048x1152.jpg"},"post-thumbnail":{"file":"Piso2-1-35-150x84.jpg","width":150,"height":84,"mime-type":"image\/jpeg","filesize":5889,"url":"https:\/\/www.lucasfroeserealestate.com\/wp-content\/uploads\/2020\/09\/Piso2-1-35-150x84.jpg"},"modern-property-child-slider":{"file":"Piso2-1-35-680x510.jpg","width":680,"height":510,"mime-type":"image\/jpeg","filesize":117771,"url":"https:\/\/www.lucasfroeserealestate.com\/wp-content\/uploads\/2020\/09\/Piso2-1-35-680x510.jpg"},"property-thumb-image":{"file":"Piso2-1-35-488x326.jpg","width":488,"height":326,"mime-type":"image\/jpeg","filesize":55432,"url":"https:\/\/www.lucasfroeserealestate.com\/wp-content\/uploads\/2020\/09\/Piso2-1-35-488x326.jpg"},"property-detail-video-image":{"file":"Piso2-1-35-818x417.jpg","width":818,"height":417,"mime-type":"image\/jpeg","filesize":114503,"url":"https:\/\/www.lucasfroeserealestate.com\/wp-content\/uploads\/2020\/09\/Piso2-1-35-818x417.jpg"},"agent-image":{"file":"Piso2-1-35-210x210.jpg","width":210,"height":210,"mime-type":"image\/jpeg","filesize":17016,"url":"https:\/\/www.lucasfroeserealestate.com\/wp-content\/uploads\/2020\/09\/Piso2-1-35-210x210.jpg"},"partners-logo":{"file":"Piso2-1-35-600x1350.jpg","width":600,"height":1350,"mime-type":"image\/jpeg","filesize":232301,"url":"https:\/\/www.lucasfroeserealestate.com\/wp-content\/uploads\/2020\/09\/Piso2-1-35-600x1350.jpg"},"post-featured-image":{"file":"Piso2-1-35-1240x720.jpg","width":1240,"height":720,"mime-type":"image\/jpeg","filesize":274394,"url":"https:\/\/www.lucasfroeserealestate.com\/wp-content\/uploads\/2020\/09\/Piso2-1-35-1240x720.jpg"}},"image_meta":{"aperture":"1.8","credit":"","camera":"iPhone 15 Pro","caption":"","created_timestamp":"1708527209","copyright":"","focal_length":"6.86","iso":"80","shutter_speed":"0.00026315789473684","title":"","orientation":"0","keywords":[]},"ID":"49326","name":"Piso2-1-35.jpg","path":"\/home\/empleost\/domains\/lucasfroeserealestate.com\/public_html\/wp-content\/uploads\/2020\/09\/Piso2-1-35.jpg","url":"https:\/\/www.lucasfroeserealestate.com\/wp-content\/uploads\/2020\/09\/Piso2-1-35-150x150.jpg","full_url":"https:\/\/www.lucasfroeserealestate.com\/wp-content\/uploads\/2020\/09\/Piso2-1-35.jpg","title":"Piso2-1-35","caption":"moderne Wohnung zentral renoviert Aufzug ","description":"moderne Wohnung zentral renoviert Aufzug ","alt":"moderne Wohnung zentral renoviert Aufzug ","srcset":"https:\/\/www.lucasfroeserealestate.com\/wp-content\/uploads\/2020\/09\/Piso2-1-35-150x150.jpg 150w, https:\/\/www.lucasfroeserealestate.com\/wp-content\/uploads\/2020\/09\/Piso2-1-35-210x210.jpg 210w"},{"width":150,"height":150,"file":"2025\/04\/Wohnung-Zentrum-Felanitx-2.jpg","filesize":469783,"sizes":{"medium":{"file":"Wohnung-Zentrum-Felanitx-2-300x200.jpg","width":300,"height":200,"mime-type":"image\/jpeg","filesize":11625,"url":"https:\/\/www.lucasfroeserealestate.com\/wp-content\/uploads\/2025\/04\/Wohnung-Zentrum-Felanitx-2-300x200.jpg"},"large":{"file":"Wohnung-Zentrum-Felanitx-2-1024x683.jpg","width":1024,"height":683,"mime-type":"image\/jpeg","filesize":94794,"url":"https:\/\/www.lucasfroeserealestate.com\/wp-content\/uploads\/2025\/04\/Wohnung-Zentrum-Felanitx-2-1024x683.jpg"},"thumbnail":{"file":"Wohnung-Zentrum-Felanitx-2-150x150.jpg","width":150,"height":150,"mime-type":"image\/jpeg","filesize":5703,"url":"https:\/\/www.lucasfroeserealestate.com\/wp-content\/uploads\/2025\/04\/Wohnung-Zentrum-Felanitx-2-150x150.jpg"},"medium_large":{"file":"Wohnung-Zentrum-Felanitx-2-768x512.jpg","width":768,"height":512,"mime-type":"image\/jpeg","filesize":56236,"url":"https:\/\/www.lucasfroeserealestate.com\/wp-content\/uploads\/2025\/04\/Wohnung-Zentrum-Felanitx-2-768x512.jpg"},"1536x1536":{"file":"Wohnung-Zentrum-Felanitx-2-1536x1024.jpg","width":1536,"height":1024,"mime-type":"image\/jpeg","filesize":198347,"url":"https:\/\/www.lucasfroeserealestate.com\/wp-content\/uploads\/2025\/04\/Wohnung-Zentrum-Felanitx-2-1536x1024.jpg"},"2048x2048":{"file":"Wohnung-Zentrum-Felanitx-2-2048x1366.jpg","width":2048,"height":1366,"mime-type":"image\/jpeg","filesize":336453,"url":"https:\/\/www.lucasfroeserealestate.com\/wp-content\/uploads\/2025\/04\/Wohnung-Zentrum-Felanitx-2-2048x1366.jpg"},"post-thumbnail":{"file":"Wohnung-Zentrum-Felanitx-2-150x100.jpg","width":150,"height":100,"mime-type":"image\/jpeg","filesize":4289,"url":"https:\/\/www.lucasfroeserealestate.com\/wp-content\/uploads\/2025\/04\/Wohnung-Zentrum-Felanitx-2-150x100.jpg"},"modern-property-child-slider":{"file":"Wohnung-Zentrum-Felanitx-2-680x510.jpg","width":680,"height":510,"mime-type":"image\/jpeg","filesize":52473,"url":"https:\/\/www.lucasfroeserealestate.com\/wp-content\/uploads\/2025\/04\/Wohnung-Zentrum-Felanitx-2-680x510.jpg"},"property-thumb-image":{"file":"Wohnung-Zentrum-Felanitx-2-488x326.jpg","width":488,"height":326,"mime-type":"image\/jpeg","filesize":26251,"url":"https:\/\/www.lucasfroeserealestate.com\/wp-content\/uploads\/2025\/04\/Wohnung-Zentrum-Felanitx-2-488x326.jpg"},"property-detail-video-image":{"file":"Wohnung-Zentrum-Felanitx-2-818x417.jpg","width":818,"height":417,"mime-type":"image\/jpeg","filesize":53114,"url":"https:\/\/www.lucasfroeserealestate.com\/wp-content\/uploads\/2025\/04\/Wohnung-Zentrum-Felanitx-2-818x417.jpg"},"agent-image":{"file":"Wohnung-Zentrum-Felanitx-2-210x210.jpg","width":210,"height":210,"mime-type":"image\/jpeg","filesize":9543,"url":"https:\/\/www.lucasfroeserealestate.com\/wp-content\/uploads\/2025\/04\/Wohnung-Zentrum-Felanitx-2-210x210.jpg"},"partners-logo":{"file":"Wohnung-Zentrum-Felanitx-2-600x1867.jpg","width":600,"height":1867,"mime-type":"image\/jpeg","filesize":136346,"url":"https:\/\/www.lucasfroeserealestate.com\/wp-content\/uploads\/2025\/04\/Wohnung-Zentrum-Felanitx-2-600x1867.jpg"},"post-featured-image":{"file":"Wohnung-Zentrum-Felanitx-2-1240x720.jpg","width":1240,"height":720,"mime-type":"image\/jpeg","filesize":120465,"url":"https:\/\/www.lucasfroeserealestate.com\/wp-content\/uploads\/2025\/04\/Wohnung-Zentrum-Felanitx-2-1240x720.jpg"}},"image_meta":{"aperture":"8","credit":"","camera":"ILCE-7M2","caption":"","created_timestamp":"1755091474","copyright":"","focal_length":"14","iso":"2000","shutter_speed":"0.003125","title":"","orientation":"0","keywords":[]},"ID":"72387","name":"Wohnung-Zentrum-Felanitx-2.jpg","path":"\/home\/empleost\/domains\/lucasfroeserealestate.com\/public_html\/wp-content\/uploads\/2025\/04\/Wohnung-Zentrum-Felanitx-2.jpg","url":"https:\/\/www.lucasfroeserealestate.com\/wp-content\/uploads\/2025\/04\/Wohnung-Zentrum-Felanitx-2-150x150.jpg","full_url":"https:\/\/www.lucasfroeserealestate.com\/wp-content\/uploads\/2025\/04\/Wohnung-Zentrum-Felanitx-2.jpg","title":"Wohnung Zentrum Felanitx-2","caption":"","description":"","alt":"","srcset":"https:\/\/www.lucasfroeserealestate.com\/wp-content\/uploads\/2025\/04\/Wohnung-Zentrum-Felanitx-2-150x150.jpg 150w, https:\/\/www.lucasfroeserealestate.com\/wp-content\/uploads\/2025\/04\/Wohnung-Zentrum-Felanitx-2-210x210.jpg 210w"},{"width":150,"height":150,"file":"2025\/04\/Wohnung-Zentrum-Felanitx-3.jpg","filesize":471124,"sizes":{"medium":{"file":"Wohnung-Zentrum-Felanitx-3-300x200.jpg","width":300,"height":200,"mime-type":"image\/jpeg","filesize":16834,"url":"https:\/\/www.lucasfroeserealestate.com\/wp-content\/uploads\/2025\/04\/Wohnung-Zentrum-Felanitx-3-300x200.jpg"},"large":{"file":"Wohnung-Zentrum-Felanitx-3-1024x683.jpg","width":1024,"height":683,"mime-type":"image\/jpeg","filesize":132879,"url":"https:\/\/www.lucasfroeserealestate.com\/wp-content\/uploads\/2025\/04\/Wohnung-Zentrum-Felanitx-3-1024x683.jpg"},"thumbnail":{"file":"Wohnung-Zentrum-Felanitx-3-150x150.jpg","width":150,"height":150,"mime-type":"image\/jpeg","filesize":7960,"url":"https:\/\/www.lucasfroeserealestate.com\/wp-content\/uploads\/2025\/04\/Wohnung-Zentrum-Felanitx-3-150x150.jpg"},"medium_large":{"file":"Wohnung-Zentrum-Felanitx-3-768x512.jpg","width":768,"height":512,"mime-type":"image\/jpeg","filesize":81020,"url":"https:\/\/www.lucasfroeserealestate.com\/wp-content\/uploads\/2025\/04\/Wohnung-Zentrum-Felanitx-3-768x512.jpg"},"1536x1536":{"file":"Wohnung-Zentrum-Felanitx-3-1536x1024.jpg","width":1536,"height":1024,"mime-type":"image\/jpeg","filesize":259781,"url":"https:\/\/www.lucasfroeserealestate.com\/wp-content\/uploads\/2025\/04\/Wohnung-Zentrum-Felanitx-3-1536x1024.jpg"},"2048x2048":{"file":"Wohnung-Zentrum-Felanitx-3-2048x1366.jpg","width":2048,"height":1366,"mime-type":"image\/jpeg","filesize":413716,"url":"https:\/\/www.lucasfroeserealestate.com\/wp-content\/uploads\/2025\/04\/Wohnung-Zentrum-Felanitx-3-2048x1366.jpg"},"post-thumbnail":{"file":"Wohnung-Zentrum-Felanitx-3-150x100.jpg","width":150,"height":100,"mime-type":"image\/jpeg","filesize":5790,"url":"https:\/\/www.lucasfroeserealestate.com\/wp-content\/uploads\/2025\/04\/Wohnung-Zentrum-Felanitx-3-150x100.jpg"},"modern-property-child-slider":{"file":"Wohnung-Zentrum-Felanitx-3-680x510.jpg","width":680,"height":510,"mime-type":"image\/jpeg","filesize":74999,"url":"https:\/\/www.lucasfroeserealestate.com\/wp-content\/uploads\/2025\/04\/Wohnung-Zentrum-Felanitx-3-680x510.jpg"},"property-thumb-image":{"file":"Wohnung-Zentrum-Felanitx-3-488x326.jpg","width":488,"height":326,"mime-type":"image\/jpeg","filesize":37831,"url":"https:\/\/www.lucasfroeserealestate.com\/wp-content\/uploads\/2025\/04\/Wohnung-Zentrum-Felanitx-3-488x326.jpg"},"property-detail-video-image":{"file":"Wohnung-Zentrum-Felanitx-3-818x417.jpg","width":818,"height":417,"mime-type":"image\/jpeg","filesize":68439,"url":"https:\/\/www.lucasfroeserealestate.com\/wp-content\/uploads\/2025\/04\/Wohnung-Zentrum-Felanitx-3-818x417.jpg"},"agent-image":{"file":"Wohnung-Zentrum-Felanitx-3-210x210.jpg","width":210,"height":210,"mime-type":"image\/jpeg","filesize":13899,"url":"https:\/\/www.lucasfroeserealestate.com\/wp-content\/uploads\/2025\/04\/Wohnung-Zentrum-Felanitx-3-210x210.jpg"},"partners-logo":{"file":"Wohnung-Zentrum-Felanitx-3-600x1867.jpg","width":600,"height":1867,"mime-type":"image\/jpeg","filesize":168380,"url":"https:\/\/www.lucasfroeserealestate.com\/wp-content\/uploads\/2025\/04\/Wohnung-Zentrum-Felanitx-3-600x1867.jpg"},"post-featured-image":{"file":"Wohnung-Zentrum-Felanitx-3-1240x720.jpg","width":1240,"height":720,"mime-type":"image\/jpeg","filesize":157101,"url":"https:\/\/www.lucasfroeserealestate.com\/wp-content\/uploads\/2025\/04\/Wohnung-Zentrum-Felanitx-3-1240x720.jpg"}},"image_meta":{"aperture":"8","credit":"","camera":"ILCE-7M2","caption":"","created_timestamp":"1755091514","copyright":"","focal_length":"14","iso":"125","shutter_speed":"0.003125","title":"","orientation":"0","keywords":[]},"ID":"72390","name":"Wohnung-Zentrum-Felanitx-3.jpg","path":"\/home\/empleost\/domains\/lucasfroeserealestate.com\/public_html\/wp-content\/uploads\/2025\/04\/Wohnung-Zentrum-Felanitx-3.jpg","url":"https:\/\/www.lucasfroeserealestate.com\/wp-content\/uploads\/2025\/04\/Wohnung-Zentrum-Felanitx-3-150x150.jpg","full_url":"https:\/\/www.lucasfroeserealestate.com\/wp-content\/uploads\/2025\/04\/Wohnung-Zentrum-Felanitx-3.jpg","title":"Wohnung Zentrum Felanitx-3","caption":"","description":"","alt":"","srcset":"https:\/\/www.lucasfroeserealestate.com\/wp-content\/uploads\/2025\/04\/Wohnung-Zentrum-Felanitx-3-150x150.jpg 150w, https:\/\/www.lucasfroeserealestate.com\/wp-content\/uploads\/2025\/04\/Wohnung-Zentrum-Felanitx-3-210x210.jpg 210w"},{"width":150,"height":150,"file":"2025\/04\/Wohnung-Zentrum-Felanitx-6.jpg","filesize":422779,"sizes":{"medium":{"file":"Wohnung-Zentrum-Felanitx-6-300x200.jpg","width":300,"height":200,"mime-type":"image\/jpeg","filesize":6443,"url":"https:\/\/www.lucasfroeserealestate.com\/wp-content\/uploads\/2025\/04\/Wohnung-Zentrum-Felanitx-6-300x200.jpg"},"large":{"file":"Wohnung-Zentrum-Felanitx-6-1024x683.jpg","width":1024,"height":683,"mime-type":"image\/jpeg","filesize":65252,"url":"https:\/\/www.lucasfroeserealestate.com\/wp-content\/uploads\/2025\/04\/Wohnung-Zentrum-Felanitx-6-1024x683.jpg"},"thumbnail":{"file":"Wohnung-Zentrum-Felanitx-6-150x150.jpg","width":150,"height":150,"mime-type":"image\/jpeg","filesize":3876,"url":"https:\/\/www.lucasfroeserealestate.com\/wp-content\/uploads\/2025\/04\/Wohnung-Zentrum-Felanitx-6-150x150.jpg"},"medium_large":{"file":"Wohnung-Zentrum-Felanitx-6-768x512.jpg","width":768,"height":512,"mime-type":"image\/jpeg","filesize":33981,"url":"https:\/\/www.lucasfroeserealestate.com\/wp-content\/uploads\/2025\/04\/Wohnung-Zentrum-Felanitx-6-768x512.jpg"},"1536x1536":{"file":"Wohnung-Zentrum-Felanitx-6-1536x1024.jpg","width":1536,"height":1024,"mime-type":"image\/jpeg","filesize":168104,"url":"https:\/\/www.lucasfroeserealestate.com\/wp-content\/uploads\/2025\/04\/Wohnung-Zentrum-Felanitx-6-1536x1024.jpg"},"2048x2048":{"file":"Wohnung-Zentrum-Felanitx-6-2048x1366.jpg","width":2048,"height":1366,"mime-type":"image\/jpeg","filesize":321493,"url":"https:\/\/www.lucasfroeserealestate.com\/wp-content\/uploads\/2025\/04\/Wohnung-Zentrum-Felanitx-6-2048x1366.jpg"},"post-thumbnail":{"file":"Wohnung-Zentrum-Felanitx-6-150x100.jpg","width":150,"height":100,"mime-type":"image\/jpeg","filesize":2583,"url":"https:\/\/www.lucasfroeserealestate.com\/wp-content\/uploads\/2025\/04\/Wohnung-Zentrum-Felanitx-6-150x100.jpg"},"modern-property-child-slider":{"file":"Wohnung-Zentrum-Felanitx-6-680x510.jpg","width":680,"height":510,"mime-type":"image\/jpeg","filesize":31259,"url":"https:\/\/www.lucasfroeserealestate.com\/wp-content\/uploads\/2025\/04\/Wohnung-Zentrum-Felanitx-6-680x510.jpg"},"property-thumb-image":{"file":"Wohnung-Zentrum-Felanitx-6-488x326.jpg","width":488,"height":326,"mime-type":"image\/jpeg","filesize":14092,"url":"https:\/\/www.lucasfroeserealestate.com\/wp-content\/uploads\/2025\/04\/Wohnung-Zentrum-Felanitx-6-488x326.jpg"},"property-detail-video-image":{"file":"Wohnung-Zentrum-Felanitx-6-818x417.jpg","width":818,"height":417,"mime-type":"image\/jpeg","filesize":30355,"url":"https:\/\/www.lucasfroeserealestate.com\/wp-content\/uploads\/2025\/04\/Wohnung-Zentrum-Felanitx-6-818x417.jpg"},"agent-image":{"file":"Wohnung-Zentrum-Felanitx-6-210x210.jpg","width":210,"height":210,"mime-type":"image\/jpeg","filesize":6288,"url":"https:\/\/www.lucasfroeserealestate.com\/wp-content\/uploads\/2025\/04\/Wohnung-Zentrum-Felanitx-6-210x210.jpg"},"partners-logo":{"file":"Wohnung-Zentrum-Felanitx-6-600x1867.jpg","width":600,"height":1867,"mime-type":"image\/jpeg","filesize":167510,"url":"https:\/\/www.lucasfroeserealestate.com\/wp-content\/uploads\/2025\/04\/Wohnung-Zentrum-Felanitx-6-600x1867.jpg"},"post-featured-image":{"file":"Wohnung-Zentrum-Felanitx-6-1240x720.jpg","width":1240,"height":720,"mime-type":"image\/jpeg","filesize":85670,"url":"https:\/\/www.lucasfroeserealestate.com\/wp-content\/uploads\/2025\/04\/Wohnung-Zentrum-Felanitx-6-1240x720.jpg"}},"image_meta":{"aperture":"8","credit":"","camera":"ILCE-7M2","caption":"","created_timestamp":"1755091672","copyright":"","focal_length":"14","iso":"5000","shutter_speed":"0.003125","title":"","orientation":"0","keywords":[]},"ID":"72399","name":"Wohnung-Zentrum-Felanitx-6.jpg","path":"\/home\/empleost\/domains\/lucasfroeserealestate.com\/public_html\/wp-content\/uploads\/2025\/04\/Wohnung-Zentrum-Felanitx-6.jpg","url":"https:\/\/www.lucasfroeserealestate.com\/wp-content\/uploads\/2025\/04\/Wohnung-Zentrum-Felanitx-6-150x150.jpg","full_url":"https:\/\/www.lucasfroeserealestate.com\/wp-content\/uploads\/2025\/04\/Wohnung-Zentrum-Felanitx-6.jpg","title":"Wohnung Zentrum Felanitx-6","caption":"","description":"","alt":"","srcset":"https:\/\/www.lucasfroeserealestate.com\/wp-content\/uploads\/2025\/04\/Wohnung-Zentrum-Felanitx-6-150x150.jpg 150w, https:\/\/www.lucasfroeserealestate.com\/wp-content\/uploads\/2025\/04\/Wohnung-Zentrum-Felanitx-6-210x210.jpg 210w"},{"width":150,"height":150,"file":"2025\/04\/Wohnung-Zentrum-Felanitx-9.jpg","filesize":379155,"sizes":{"medium":{"file":"Wohnung-Zentrum-Felanitx-9-300x200.jpg","width":300,"height":200,"mime-type":"image\/jpeg","filesize":8135,"url":"https:\/\/www.lucasfroeserealestate.com\/wp-content\/uploads\/2025\/04\/Wohnung-Zentrum-Felanitx-9-300x200.jpg"},"large":{"file":"Wohnung-Zentrum-Felanitx-9-1024x683.jpg","width":1024,"height":683,"mime-type":"image\/jpeg","filesize":70846,"url":"https:\/\/www.lucasfroeserealestate.com\/wp-content\/uploads\/2025\/04\/Wohnung-Zentrum-Felanitx-9-1024x683.jpg"},"thumbnail":{"file":"Wohnung-Zentrum-Felanitx-9-150x150.jpg","width":150,"height":150,"mime-type":"image\/jpeg","filesize":3853,"url":"https:\/\/www.lucasfroeserealestate.com\/wp-content\/uploads\/2025\/04\/Wohnung-Zentrum-Felanitx-9-150x150.jpg"},"medium_large":{"file":"Wohnung-Zentrum-Felanitx-9-768x512.jpg","width":768,"height":512,"mime-type":"image\/jpeg","filesize":39894,"url":"https:\/\/www.lucasfroeserealestate.com\/wp-content\/uploads\/2025\/04\/Wohnung-Zentrum-Felanitx-9-768x512.jpg"},"1536x1536":{"file":"Wohnung-Zentrum-Felanitx-9-1536x1024.jpg","width":1536,"height":1024,"mime-type":"image\/jpeg","filesize":163005,"url":"https:\/\/www.lucasfroeserealestate.com\/wp-content\/uploads\/2025\/04\/Wohnung-Zentrum-Felanitx-9-1536x1024.jpg"},"2048x2048":{"file":"Wohnung-Zentrum-Felanitx-9-2048x1366.jpg","width":2048,"height":1366,"mime-type":"image\/jpeg","filesize":293836,"url":"https:\/\/www.lucasfroeserealestate.com\/wp-content\/uploads\/2025\/04\/Wohnung-Zentrum-Felanitx-9-2048x1366.jpg"},"post-thumbnail":{"file":"Wohnung-Zentrum-Felanitx-9-150x100.jpg","width":150,"height":100,"mime-type":"image\/jpeg","filesize":3186,"url":"https:\/\/www.lucasfroeserealestate.com\/wp-content\/uploads\/2025\/04\/Wohnung-Zentrum-Felanitx-9-150x100.jpg"},"modern-property-child-slider":{"file":"Wohnung-Zentrum-Felanitx-9-680x510.jpg","width":680,"height":510,"mime-type":"image\/jpeg","filesize":35824,"url":"https:\/\/www.lucasfroeserealestate.com\/wp-content\/uploads\/2025\/04\/Wohnung-Zentrum-Felanitx-9-680x510.jpg"},"property-thumb-image":{"file":"Wohnung-Zentrum-Felanitx-9-488x326.jpg","width":488,"height":326,"mime-type":"image\/jpeg","filesize":18017,"url":"https:\/\/www.lucasfroeserealestate.com\/wp-content\/uploads\/2025\/04\/Wohnung-Zentrum-Felanitx-9-488x326.jpg"},"property-detail-video-image":{"file":"Wohnung-Zentrum-Felanitx-9-818x417.jpg","width":818,"height":417,"mime-type":"image\/jpeg","filesize":36136,"url":"https:\/\/www.lucasfroeserealestate.com\/wp-content\/uploads\/2025\/04\/Wohnung-Zentrum-Felanitx-9-818x417.jpg"},"agent-image":{"file":"Wohnung-Zentrum-Felanitx-9-210x210.jpg","width":210,"height":210,"mime-type":"image\/jpeg","filesize":6167,"url":"https:\/\/www.lucasfroeserealestate.com\/wp-content\/uploads\/2025\/04\/Wohnung-Zentrum-Felanitx-9-210x210.jpg"},"partners-logo":{"file":"Wohnung-Zentrum-Felanitx-9-600x1867.jpg","width":600,"height":1867,"mime-type":"image\/jpeg","filesize":149211,"url":"https:\/\/www.lucasfroeserealestate.com\/wp-content\/uploads\/2025\/04\/Wohnung-Zentrum-Felanitx-9-600x1867.jpg"},"post-featured-image":{"file":"Wohnung-Zentrum-Felanitx-9-1240x720.jpg","width":1240,"height":720,"mime-type":"image\/jpeg","filesize":91387,"url":"https:\/\/www.lucasfroeserealestate.com\/wp-content\/uploads\/2025\/04\/Wohnung-Zentrum-Felanitx-9-1240x720.jpg"}},"image_meta":{"aperture":"8","credit":"","camera":"ILCE-7M2","caption":"","created_timestamp":"1755091777","copyright":"","focal_length":"14","iso":"2500","shutter_speed":"0.003125","title":"","orientation":"0","keywords":[]},"ID":"72408","name":"Wohnung-Zentrum-Felanitx-9.jpg","path":"\/home\/empleost\/domains\/lucasfroeserealestate.com\/public_html\/wp-content\/uploads\/2025\/04\/Wohnung-Zentrum-Felanitx-9.jpg","url":"https:\/\/www.lucasfroeserealestate.com\/wp-content\/uploads\/2025\/04\/Wohnung-Zentrum-Felanitx-9-150x150.jpg","full_url":"https:\/\/www.lucasfroeserealestate.com\/wp-content\/uploads\/2025\/04\/Wohnung-Zentrum-Felanitx-9.jpg","title":"Wohnung Zentrum Felanitx-9","caption":"","description":"","alt":"","srcset":"https:\/\/www.lucasfroeserealestate.com\/wp-content\/uploads\/2025\/04\/Wohnung-Zentrum-Felanitx-9-150x150.jpg 150w, https:\/\/www.lucasfroeserealestate.com\/wp-content\/uploads\/2025\/04\/Wohnung-Zentrum-Felanitx-9-210x210.jpg 210w"},{"width":150,"height":150,"file":"2025\/04\/Wohnung-Zentrum-Felanitx-8.jpg","filesize":422086,"sizes":{"medium":{"file":"Wohnung-Zentrum-Felanitx-8-300x200.jpg","width":300,"height":200,"mime-type":"image\/jpeg","filesize":10650,"url":"https:\/\/www.lucasfroeserealestate.com\/wp-content\/uploads\/2025\/04\/Wohnung-Zentrum-Felanitx-8-300x200.jpg"},"large":{"file":"Wohnung-Zentrum-Felanitx-8-1024x683.jpg","width":1024,"height":683,"mime-type":"image\/jpeg","filesize":81550,"url":"https:\/\/www.lucasfroeserealestate.com\/wp-content\/uploads\/2025\/04\/Wohnung-Zentrum-Felanitx-8-1024x683.jpg"},"thumbnail":{"file":"Wohnung-Zentrum-Felanitx-8-150x150.jpg","width":150,"height":150,"mime-type":"image\/jpeg","filesize":5384,"url":"https:\/\/www.lucasfroeserealestate.com\/wp-content\/uploads\/2025\/04\/Wohnung-Zentrum-Felanitx-8-150x150.jpg"},"medium_large":{"file":"Wohnung-Zentrum-Felanitx-8-768x512.jpg","width":768,"height":512,"mime-type":"image\/jpeg","filesize":47644,"url":"https:\/\/www.lucasfroeserealestate.com\/wp-content\/uploads\/2025\/04\/Wohnung-Zentrum-Felanitx-8-768x512.jpg"},"1536x1536":{"file":"Wohnung-Zentrum-Felanitx-8-1536x1024.jpg","width":1536,"height":1024,"mime-type":"image\/jpeg","filesize":182094,"url":"https:\/\/www.lucasfroeserealestate.com\/wp-content\/uploads\/2025\/04\/Wohnung-Zentrum-Felanitx-8-1536x1024.jpg"},"2048x2048":{"file":"Wohnung-Zentrum-Felanitx-8-2048x1366.jpg","width":2048,"height":1366,"mime-type":"image\/jpeg","filesize":323763,"url":"https:\/\/www.lucasfroeserealestate.com\/wp-content\/uploads\/2025\/04\/Wohnung-Zentrum-Felanitx-8-2048x1366.jpg"},"post-thumbnail":{"file":"Wohnung-Zentrum-Felanitx-8-150x100.jpg","width":150,"height":100,"mime-type":"image\/jpeg","filesize":4147,"url":"https:\/\/www.lucasfroeserealestate.com\/wp-content\/uploads\/2025\/04\/Wohnung-Zentrum-Felanitx-8-150x100.jpg"},"modern-property-child-slider":{"file":"Wohnung-Zentrum-Felanitx-8-680x510.jpg","width":680,"height":510,"mime-type":"image\/jpeg","filesize":44098,"url":"https:\/\/www.lucasfroeserealestate.com\/wp-content\/uploads\/2025\/04\/Wohnung-Zentrum-Felanitx-8-680x510.jpg"},"property-thumb-image":{"file":"Wohnung-Zentrum-Felanitx-8-488x326.jpg","width":488,"height":326,"mime-type":"image\/jpeg","filesize":22313,"url":"https:\/\/www.lucasfroeserealestate.com\/wp-content\/uploads\/2025\/04\/Wohnung-Zentrum-Felanitx-8-488x326.jpg"},"property-detail-video-image":{"file":"Wohnung-Zentrum-Felanitx-8-818x417.jpg","width":818,"height":417,"mime-type":"image\/jpeg","filesize":43544,"url":"https:\/\/www.lucasfroeserealestate.com\/wp-content\/uploads\/2025\/04\/Wohnung-Zentrum-Felanitx-8-818x417.jpg"},"agent-image":{"file":"Wohnung-Zentrum-Felanitx-8-210x210.jpg","width":210,"height":210,"mime-type":"image\/jpeg","filesize":8660,"url":"https:\/\/www.lucasfroeserealestate.com\/wp-content\/uploads\/2025\/04\/Wohnung-Zentrum-Felanitx-8-210x210.jpg"},"partners-logo":{"file":"Wohnung-Zentrum-Felanitx-8-600x1867.jpg","width":600,"height":1867,"mime-type":"image\/jpeg","filesize":132276,"url":"https:\/\/www.lucasfroeserealestate.com\/wp-content\/uploads\/2025\/04\/Wohnung-Zentrum-Felanitx-8-600x1867.jpg"},"post-featured-image":{"file":"Wohnung-Zentrum-Felanitx-8-1240x720.jpg","width":1240,"height":720,"mime-type":"image\/jpeg","filesize":104439,"url":"https:\/\/www.lucasfroeserealestate.com\/wp-content\/uploads\/2025\/04\/Wohnung-Zentrum-Felanitx-8-1240x720.jpg"}},"image_meta":{"aperture":"8","credit":"","camera":"ILCE-7M2","caption":"","created_timestamp":"1755091734","copyright":"","focal_length":"14","iso":"2500","shutter_speed":"0.003125","title":"","orientation":"0","keywords":[]},"ID":"72405","name":"Wohnung-Zentrum-Felanitx-8.jpg","path":"\/home\/empleost\/domains\/lucasfroeserealestate.com\/public_html\/wp-content\/uploads\/2025\/04\/Wohnung-Zentrum-Felanitx-8.jpg","url":"https:\/\/www.lucasfroeserealestate.com\/wp-content\/uploads\/2025\/04\/Wohnung-Zentrum-Felanitx-8-150x150.jpg","full_url":"https:\/\/www.lucasfroeserealestate.com\/wp-content\/uploads\/2025\/04\/Wohnung-Zentrum-Felanitx-8.jpg","title":"Wohnung Zentrum Felanitx-8","caption":"","description":"","alt":"","srcset":"https:\/\/www.lucasfroeserealestate.com\/wp-content\/uploads\/2025\/04\/Wohnung-Zentrum-Felanitx-8-150x150.jpg 150w, https:\/\/www.lucasfroeserealestate.com\/wp-content\/uploads\/2025\/04\/Wohnung-Zentrum-Felanitx-8-210x210.jpg 210w"},{"width":150,"height":150,"file":"2025\/04\/Wohnung-Zentrum-Felanitx-13.jpg","filesize":444758,"sizes":{"medium":{"file":"Wohnung-Zentrum-Felanitx-13-300x200.jpg","width":300,"height":200,"mime-type":"image\/jpeg","filesize":10801,"url":"https:\/\/www.lucasfroeserealestate.com\/wp-content\/uploads\/2025\/04\/Wohnung-Zentrum-Felanitx-13-300x200.jpg"},"large":{"file":"Wohnung-Zentrum-Felanitx-13-1024x683.jpg","width":1024,"height":683,"mime-type":"image\/jpeg","filesize":88489,"url":"https:\/\/www.lucasfroeserealestate.com\/wp-content\/uploads\/2025\/04\/Wohnung-Zentrum-Felanitx-13-1024x683.jpg"},"thumbnail":{"file":"Wohnung-Zentrum-Felanitx-13-150x150.jpg","width":150,"height":150,"mime-type":"image\/jpeg","filesize":5637,"url":"https:\/\/www.lucasfroeserealestate.com\/wp-content\/uploads\/2025\/04\/Wohnung-Zentrum-Felanitx-13-150x150.jpg"},"medium_large":{"file":"Wohnung-Zentrum-Felanitx-13-768x512.jpg","width":768,"height":512,"mime-type":"image\/jpeg","filesize":51890,"url":"https:\/\/www.lucasfroeserealestate.com\/wp-content\/uploads\/2025\/04\/Wohnung-Zentrum-Felanitx-13-768x512.jpg"},"1536x1536":{"file":"Wohnung-Zentrum-Felanitx-13-1536x1024.jpg","width":1536,"height":1024,"mime-type":"image\/jpeg","filesize":186148,"url":"https:\/\/www.lucasfroeserealestate.com\/wp-content\/uploads\/2025\/04\/Wohnung-Zentrum-Felanitx-13-1536x1024.jpg"},"2048x2048":{"file":"Wohnung-Zentrum-Felanitx-13-2048x1366.jpg","width":2048,"height":1366,"mime-type":"image\/jpeg","filesize":314630,"url":"https:\/\/www.lucasfroeserealestate.com\/wp-content\/uploads\/2025\/04\/Wohnung-Zentrum-Felanitx-13-2048x1366.jpg"},"post-thumbnail":{"file":"Wohnung-Zentrum-Felanitx-13-150x100.jpg","width":150,"height":100,"mime-type":"image\/jpeg","filesize":4086,"url":"https:\/\/www.lucasfroeserealestate.com\/wp-content\/uploads\/2025\/04\/Wohnung-Zentrum-Felanitx-13-150x100.jpg"},"modern-property-child-slider":{"file":"Wohnung-Zentrum-Felanitx-13-680x510.jpg","width":680,"height":510,"mime-type":"image\/jpeg","filesize":50500,"url":"https:\/\/www.lucasfroeserealestate.com\/wp-content\/uploads\/2025\/04\/Wohnung-Zentrum-Felanitx-13-680x510.jpg"},"property-thumb-image":{"file":"Wohnung-Zentrum-Felanitx-13-488x326.jpg","width":488,"height":326,"mime-type":"image\/jpeg","filesize":24409,"url":"https:\/\/www.lucasfroeserealestate.com\/wp-content\/uploads\/2025\/04\/Wohnung-Zentrum-Felanitx-13-488x326.jpg"},"property-detail-video-image":{"file":"Wohnung-Zentrum-Felanitx-13-818x417.jpg","width":818,"height":417,"mime-type":"image\/jpeg","filesize":45283,"url":"https:\/\/www.lucasfroeserealestate.com\/wp-content\/uploads\/2025\/04\/Wohnung-Zentrum-Felanitx-13-818x417.jpg"},"agent-image":{"file":"Wohnung-Zentrum-Felanitx-13-210x210.jpg","width":210,"height":210,"mime-type":"image\/jpeg","filesize":9688,"url":"https:\/\/www.lucasfroeserealestate.com\/wp-content\/uploads\/2025\/04\/Wohnung-Zentrum-Felanitx-13-210x210.jpg"},"partners-logo":{"file":"Wohnung-Zentrum-Felanitx-13-600x1867.jpg","width":600,"height":1867,"mime-type":"image\/jpeg","filesize":157347,"url":"https:\/\/www.lucasfroeserealestate.com\/wp-content\/uploads\/2025\/04\/Wohnung-Zentrum-Felanitx-13-600x1867.jpg"},"post-featured-image":{"file":"Wohnung-Zentrum-Felanitx-13-1240x720.jpg","width":1240,"height":720,"mime-type":"image\/jpeg","filesize":108520,"url":"https:\/\/www.lucasfroeserealestate.com\/wp-content\/uploads\/2025\/04\/Wohnung-Zentrum-Felanitx-13-1240x720.jpg"}},"image_meta":{"aperture":"8","credit":"","camera":"ILCE-7M2","caption":"","created_timestamp":"1755091991","copyright":"","focal_length":"14","iso":"1250","shutter_speed":"0.003125","title":"","orientation":"0","keywords":[]},"ID":"72420","name":"Wohnung-Zentrum-Felanitx-13.jpg","path":"\/home\/empleost\/domains\/lucasfroeserealestate.com\/public_html\/wp-content\/uploads\/2025\/04\/Wohnung-Zentrum-Felanitx-13.jpg","url":"https:\/\/www.lucasfroeserealestate.com\/wp-content\/uploads\/2025\/04\/Wohnung-Zentrum-Felanitx-13-150x150.jpg","full_url":"https:\/\/www.lucasfroeserealestate.com\/wp-content\/uploads\/2025\/04\/Wohnung-Zentrum-Felanitx-13.jpg","title":"Wohnung Zentrum Felanitx-13","caption":"","description":"","alt":"","srcset":"https:\/\/www.lucasfroeserealestate.com\/wp-content\/uploads\/2025\/04\/Wohnung-Zentrum-Felanitx-13-150x150.jpg 150w, https:\/\/www.lucasfroeserealestate.com\/wp-content\/uploads\/2025\/04\/Wohnung-Zentrum-Felanitx-13-210x210.jpg 210w"},{"width":150,"height":150,"file":"2025\/04\/Wohnung-Zentrum-Felanitx-14.jpg","filesize":390435,"sizes":{"medium":{"file":"Wohnung-Zentrum-Felanitx-14-300x200.jpg","width":300,"height":200,"mime-type":"image\/jpeg","filesize":9038,"url":"https:\/\/www.lucasfroeserealestate.com\/wp-content\/uploads\/2025\/04\/Wohnung-Zentrum-Felanitx-14-300x200.jpg"},"large":{"file":"Wohnung-Zentrum-Felanitx-14-1024x683.jpg","width":1024,"height":683,"mime-type":"image\/jpeg","filesize":74162,"url":"https:\/\/www.lucasfroeserealestate.com\/wp-content\/uploads\/2025\/04\/Wohnung-Zentrum-Felanitx-14-1024x683.jpg"},"thumbnail":{"file":"Wohnung-Zentrum-Felanitx-14-150x150.jpg","width":150,"height":150,"mime-type":"image\/jpeg","filesize":3840,"url":"https:\/\/www.lucasfroeserealestate.com\/wp-content\/uploads\/2025\/04\/Wohnung-Zentrum-Felanitx-14-150x150.jpg"},"medium_large":{"file":"Wohnung-Zentrum-Felanitx-14-768x512.jpg","width":768,"height":512,"mime-type":"image\/jpeg","filesize":43096,"url":"https:\/\/www.lucasfroeserealestate.com\/wp-content\/uploads\/2025\/04\/Wohnung-Zentrum-Felanitx-14-768x512.jpg"},"1536x1536":{"file":"Wohnung-Zentrum-Felanitx-14-1536x1024.jpg","width":1536,"height":1024,"mime-type":"image\/jpeg","filesize":160542,"url":"https:\/\/www.lucasfroeserealestate.com\/wp-content\/uploads\/2025\/04\/Wohnung-Zentrum-Felanitx-14-1536x1024.jpg"},"2048x2048":{"file":"Wohnung-Zentrum-Felanitx-14-2048x1366.jpg","width":2048,"height":1366,"mime-type":"image\/jpeg","filesize":282138,"url":"https:\/\/www.lucasfroeserealestate.com\/wp-content\/uploads\/2025\/04\/Wohnung-Zentrum-Felanitx-14-2048x1366.jpg"},"post-thumbnail":{"file":"Wohnung-Zentrum-Felanitx-14-150x100.jpg","width":150,"height":100,"mime-type":"image\/jpeg","filesize":3503,"url":"https:\/\/www.lucasfroeserealestate.com\/wp-content\/uploads\/2025\/04\/Wohnung-Zentrum-Felanitx-14-150x100.jpg"},"modern-property-child-slider":{"file":"Wohnung-Zentrum-Felanitx-14-680x510.jpg","width":680,"height":510,"mime-type":"image\/jpeg","filesize":39579,"url":"https:\/\/www.lucasfroeserealestate.com\/wp-content\/uploads\/2025\/04\/Wohnung-Zentrum-Felanitx-14-680x510.jpg"},"property-thumb-image":{"file":"Wohnung-Zentrum-Felanitx-14-488x326.jpg","width":488,"height":326,"mime-type":"image\/jpeg","filesize":19948,"url":"https:\/\/www.lucasfroeserealestate.com\/wp-content\/uploads\/2025\/04\/Wohnung-Zentrum-Felanitx-14-488x326.jpg"},"property-detail-video-image":{"file":"Wohnung-Zentrum-Felanitx-14-818x417.jpg","width":818,"height":417,"mime-type":"image\/jpeg","filesize":36880,"url":"https:\/\/www.lucasfroeserealestate.com\/wp-content\/uploads\/2025\/04\/Wohnung-Zentrum-Felanitx-14-818x417.jpg"},"agent-image":{"file":"Wohnung-Zentrum-Felanitx-14-210x210.jpg","width":210,"height":210,"mime-type":"image\/jpeg","filesize":6354,"url":"https:\/\/www.lucasfroeserealestate.com\/wp-content\/uploads\/2025\/04\/Wohnung-Zentrum-Felanitx-14-210x210.jpg"},"partners-logo":{"file":"Wohnung-Zentrum-Felanitx-14-600x1867.jpg","width":600,"height":1867,"mime-type":"image\/jpeg","filesize":114300,"url":"https:\/\/www.lucasfroeserealestate.com\/wp-content\/uploads\/2025\/04\/Wohnung-Zentrum-Felanitx-14-600x1867.jpg"},"post-featured-image":{"file":"Wohnung-Zentrum-Felanitx-14-1240x720.jpg","width":1240,"height":720,"mime-type":"image\/jpeg","filesize":89665,"url":"https:\/\/www.lucasfroeserealestate.com\/wp-content\/uploads\/2025\/04\/Wohnung-Zentrum-Felanitx-14-1240x720.jpg"}},"image_meta":{"aperture":"8","credit":"","camera":"ILCE-7M2","caption":"","created_timestamp":"1755092006","copyright":"","focal_length":"14","iso":"2500","shutter_speed":"0.003125","title":"","orientation":"0","keywords":[]},"ID":"72423","name":"Wohnung-Zentrum-Felanitx-14.jpg","path":"\/home\/empleost\/domains\/lucasfroeserealestate.com\/public_html\/wp-content\/uploads\/2025\/04\/Wohnung-Zentrum-Felanitx-14.jpg","url":"https:\/\/www.lucasfroeserealestate.com\/wp-content\/uploads\/2025\/04\/Wohnung-Zentrum-Felanitx-14-150x150.jpg","full_url":"https:\/\/www.lucasfroeserealestate.com\/wp-content\/uploads\/2025\/04\/Wohnung-Zentrum-Felanitx-14.jpg","title":"Wohnung Zentrum Felanitx-14","caption":"","description":"","alt":"","srcset":"https:\/\/www.lucasfroeserealestate.com\/wp-content\/uploads\/2025\/04\/Wohnung-Zentrum-Felanitx-14-150x150.jpg 150w, https:\/\/www.lucasfroeserealestate.com\/wp-content\/uploads\/2025\/04\/Wohnung-Zentrum-Felanitx-14-210x210.jpg 210w"},{"width":150,"height":150,"file":"2025\/04\/Wohnung-Zentrum-Felanitx-11.jpg","filesize":376915,"sizes":{"medium":{"file":"Wohnung-Zentrum-Felanitx-11-300x200.jpg","width":300,"height":200,"mime-type":"image\/jpeg","filesize":8331,"url":"https:\/\/www.lucasfroeserealestate.com\/wp-content\/uploads\/2025\/04\/Wohnung-Zentrum-Felanitx-11-300x200.jpg"},"large":{"file":"Wohnung-Zentrum-Felanitx-11-1024x683.jpg","width":1024,"height":683,"mime-type":"image\/jpeg","filesize":70189,"url":"https:\/\/www.lucasfroeserealestate.com\/wp-content\/uploads\/2025\/04\/Wohnung-Zentrum-Felanitx-11-1024x683.jpg"},"thumbnail":{"file":"Wohnung-Zentrum-Felanitx-11-150x150.jpg","width":150,"height":150,"mime-type":"image\/jpeg","filesize":4336,"url":"https:\/\/www.lucasfroeserealestate.com\/wp-content\/uploads\/2025\/04\/Wohnung-Zentrum-Felanitx-11-150x150.jpg"},"medium_large":{"file":"Wohnung-Zentrum-Felanitx-11-768x512.jpg","width":768,"height":512,"mime-type":"image\/jpeg","filesize":40161,"url":"https:\/\/www.lucasfroeserealestate.com\/wp-content\/uploads\/2025\/04\/Wohnung-Zentrum-Felanitx-11-768x512.jpg"},"1536x1536":{"file":"Wohnung-Zentrum-Felanitx-11-1536x1024.jpg","width":1536,"height":1024,"mime-type":"image\/jpeg","filesize":154002,"url":"https:\/\/www.lucasfroeserealestate.com\/wp-content\/uploads\/2025\/04\/Wohnung-Zentrum-Felanitx-11-1536x1024.jpg"},"2048x2048":{"file":"Wohnung-Zentrum-Felanitx-11-2048x1366.jpg","width":2048,"height":1366,"mime-type":"image\/jpeg","filesize":272220,"url":"https:\/\/www.lucasfroeserealestate.com\/wp-content\/uploads\/2025\/04\/Wohnung-Zentrum-Felanitx-11-2048x1366.jpg"},"post-thumbnail":{"file":"Wohnung-Zentrum-Felanitx-11-150x100.jpg","width":150,"height":100,"mime-type":"image\/jpeg","filesize":3219,"url":"https:\/\/www.lucasfroeserealestate.com\/wp-content\/uploads\/2025\/04\/Wohnung-Zentrum-Felanitx-11-150x100.jpg"},"modern-property-child-slider":{"file":"Wohnung-Zentrum-Felanitx-11-680x510.jpg","width":680,"height":510,"mime-type":"image\/jpeg","filesize":37713,"url":"https:\/\/www.lucasfroeserealestate.com\/wp-content\/uploads\/2025\/04\/Wohnung-Zentrum-Felanitx-11-680x510.jpg"},"property-thumb-image":{"file":"Wohnung-Zentrum-Felanitx-11-488x326.jpg","width":488,"height":326,"mime-type":"image\/jpeg","filesize":18591,"url":"https:\/\/www.lucasfroeserealestate.com\/wp-content\/uploads\/2025\/04\/Wohnung-Zentrum-Felanitx-11-488x326.jpg"},"property-detail-video-image":{"file":"Wohnung-Zentrum-Felanitx-11-818x417.jpg","width":818,"height":417,"mime-type":"image\/jpeg","filesize":33840,"url":"https:\/\/www.lucasfroeserealestate.com\/wp-content\/uploads\/2025\/04\/Wohnung-Zentrum-Felanitx-11-818x417.jpg"},"agent-image":{"file":"Wohnung-Zentrum-Felanitx-11-210x210.jpg","width":210,"height":210,"mime-type":"image\/jpeg","filesize":7349,"url":"https:\/\/www.lucasfroeserealestate.com\/wp-content\/uploads\/2025\/04\/Wohnung-Zentrum-Felanitx-11-210x210.jpg"},"partners-logo":{"file":"Wohnung-Zentrum-Felanitx-11-600x1867.jpg","width":600,"height":1867,"mime-type":"image\/jpeg","filesize":142168,"url":"https:\/\/www.lucasfroeserealestate.com\/wp-content\/uploads\/2025\/04\/Wohnung-Zentrum-Felanitx-11-600x1867.jpg"},"post-featured-image":{"file":"Wohnung-Zentrum-Felanitx-11-1240x720.jpg","width":1240,"height":720,"mime-type":"image\/jpeg","filesize":85647,"url":"https:\/\/www.lucasfroeserealestate.com\/wp-content\/uploads\/2025\/04\/Wohnung-Zentrum-Felanitx-11-1240x720.jpg"}},"image_meta":{"aperture":"8","credit":"","camera":"ILCE-7M2","caption":"","created_timestamp":"1755091817","copyright":"","focal_length":"14","iso":"2500","shutter_speed":"0.003125","title":"","orientation":"0","keywords":[]},"ID":"72414","name":"Wohnung-Zentrum-Felanitx-11.jpg","path":"\/home\/empleost\/domains\/lucasfroeserealestate.com\/public_html\/wp-content\/uploads\/2025\/04\/Wohnung-Zentrum-Felanitx-11.jpg","url":"https:\/\/www.lucasfroeserealestate.com\/wp-content\/uploads\/2025\/04\/Wohnung-Zentrum-Felanitx-11-150x150.jpg","full_url":"https:\/\/www.lucasfroeserealestate.com\/wp-content\/uploads\/2025\/04\/Wohnung-Zentrum-Felanitx-11.jpg","title":"Wohnung Zentrum Felanitx-11","caption":"","description":"","alt":"","srcset":"https:\/\/www.lucasfroeserealestate.com\/wp-content\/uploads\/2025\/04\/Wohnung-Zentrum-Felanitx-11-150x150.jpg 150w, https:\/\/www.lucasfroeserealestate.com\/wp-content\/uploads\/2025\/04\/Wohnung-Zentrum-Felanitx-11-210x210.jpg 210w"},{"width":150,"height":150,"file":"2025\/04\/Wohnung-Zentrum-Felanitx-19.jpg","filesize":376974,"sizes":{"medium":{"file":"Wohnung-Zentrum-Felanitx-19-300x200.jpg","width":300,"height":200,"mime-type":"image\/jpeg","filesize":9550,"url":"https:\/\/www.lucasfroeserealestate.com\/wp-content\/uploads\/2025\/04\/Wohnung-Zentrum-Felanitx-19-300x200.jpg"},"large":{"file":"Wohnung-Zentrum-Felanitx-19-1024x683.jpg","width":1024,"height":683,"mime-type":"image\/jpeg","filesize":80934,"url":"https:\/\/www.lucasfroeserealestate.com\/wp-content\/uploads\/2025\/04\/Wohnung-Zentrum-Felanitx-19-1024x683.jpg"},"thumbnail":{"file":"Wohnung-Zentrum-Felanitx-19-150x150.jpg","width":150,"height":150,"mime-type":"image\/jpeg","filesize":4800,"url":"https:\/\/www.lucasfroeserealestate.com\/wp-content\/uploads\/2025\/04\/Wohnung-Zentrum-Felanitx-19-150x150.jpg"},"medium_large":{"file":"Wohnung-Zentrum-Felanitx-19-768x512.jpg","width":768,"height":512,"mime-type":"image\/jpeg","filesize":46043,"url":"https:\/\/www.lucasfroeserealestate.com\/wp-content\/uploads\/2025\/04\/Wohnung-Zentrum-Felanitx-19-768x512.jpg"},"1536x1536":{"file":"Wohnung-Zentrum-Felanitx-19-1536x1024.jpg","width":1536,"height":1024,"mime-type":"image\/jpeg","filesize":188876,"url":"https:\/\/www.lucasfroeserealestate.com\/wp-content\/uploads\/2025\/04\/Wohnung-Zentrum-Felanitx-19-1536x1024.jpg"},"2048x2048":{"file":"Wohnung-Zentrum-Felanitx-19-2048x1366.jpg","width":2048,"height":1366,"mime-type":"image\/jpeg","filesize":341263,"url":"https:\/\/www.lucasfroeserealestate.com\/wp-content\/uploads\/2025\/04\/Wohnung-Zentrum-Felanitx-19-2048x1366.jpg"},"post-thumbnail":{"file":"Wohnung-Zentrum-Felanitx-19-150x100.jpg","width":150,"height":100,"mime-type":"image\/jpeg","filesize":3647,"url":"https:\/\/www.lucasfroeserealestate.com\/wp-content\/uploads\/2025\/04\/Wohnung-Zentrum-Felanitx-19-150x100.jpg"},"modern-property-child-slider":{"file":"Wohnung-Zentrum-Felanitx-19-680x510.jpg","width":680,"height":510,"mime-type":"image\/jpeg","filesize":41959,"url":"https:\/\/www.lucasfroeserealestate.com\/wp-content\/uploads\/2025\/04\/Wohnung-Zentrum-Felanitx-19-680x510.jpg"},"property-thumb-image":{"file":"Wohnung-Zentrum-Felanitx-19-488x326.jpg","width":488,"height":326,"mime-type":"image\/jpeg","filesize":20934,"url":"https:\/\/www.lucasfroeserealestate.com\/wp-content\/uploads\/2025\/04\/Wohnung-Zentrum-Felanitx-19-488x326.jpg"},"property-detail-video-image":{"file":"Wohnung-Zentrum-Felanitx-19-818x417.jpg","width":818,"height":417,"mime-type":"image\/jpeg","filesize":39666,"url":"https:\/\/www.lucasfroeserealestate.com\/wp-content\/uploads\/2025\/04\/Wohnung-Zentrum-Felanitx-19-818x417.jpg"},"agent-image":{"file":"Wohnung-Zentrum-Felanitx-19-210x210.jpg","width":210,"height":210,"mime-type":"image\/jpeg","filesize":8248,"url":"https:\/\/www.lucasfroeserealestate.com\/wp-content\/uploads\/2025\/04\/Wohnung-Zentrum-Felanitx-19-210x210.jpg"},"partners-logo":{"file":"Wohnung-Zentrum-Felanitx-19-600x1867.jpg","width":600,"height":1867,"mime-type":"image\/jpeg","filesize":147559,"url":"https:\/\/www.lucasfroeserealestate.com\/wp-content\/uploads\/2025\/04\/Wohnung-Zentrum-Felanitx-19-600x1867.jpg"},"post-featured-image":{"file":"Wohnung-Zentrum-Felanitx-19-1240x720.jpg","width":1240,"height":720,"mime-type":"image\/jpeg","filesize":102398,"url":"https:\/\/www.lucasfroeserealestate.com\/wp-content\/uploads\/2025\/04\/Wohnung-Zentrum-Felanitx-19-1240x720.jpg"}},"image_meta":{"aperture":"8","credit":"","camera":"ILCE-7M2","caption":"","created_timestamp":"1755092107","copyright":"","focal_length":"14","iso":"2500","shutter_speed":"0.003125","title":"","orientation":"0","keywords":[]},"ID":"72438","name":"Wohnung-Zentrum-Felanitx-19.jpg","path":"\/home\/empleost\/domains\/lucasfroeserealestate.com\/public_html\/wp-content\/uploads\/2025\/04\/Wohnung-Zentrum-Felanitx-19.jpg","url":"https:\/\/www.lucasfroeserealestate.com\/wp-content\/uploads\/2025\/04\/Wohnung-Zentrum-Felanitx-19-150x150.jpg","full_url":"https:\/\/www.lucasfroeserealestate.com\/wp-content\/uploads\/2025\/04\/Wohnung-Zentrum-Felanitx-19.jpg","title":"Wohnung Zentrum Felanitx-19","caption":"","description":"","alt":"","srcset":"https:\/\/www.lucasfroeserealestate.com\/wp-content\/uploads\/2025\/04\/Wohnung-Zentrum-Felanitx-19-150x150.jpg 150w, https:\/\/www.lucasfroeserealestate.com\/wp-content\/uploads\/2025\/04\/Wohnung-Zentrum-Felanitx-19-210x210.jpg 210w"},{"width":150,"height":150,"file":"2025\/04\/Wohnung-Zentrum-Felanitx-18.jpg","filesize":394675,"sizes":{"medium":{"file":"Wohnung-Zentrum-Felanitx-18-300x200.jpg","width":300,"height":200,"mime-type":"image\/jpeg","filesize":8692,"url":"https:\/\/www.lucasfroeserealestate.com\/wp-content\/uploads\/2025\/04\/Wohnung-Zentrum-Felanitx-18-300x200.jpg"},"large":{"file":"Wohnung-Zentrum-Felanitx-18-1024x683.jpg","width":1024,"height":683,"mime-type":"image\/jpeg","filesize":69293,"url":"https:\/\/www.lucasfroeserealestate.com\/wp-content\/uploads\/2025\/04\/Wohnung-Zentrum-Felanitx-18-1024x683.jpg"},"thumbnail":{"file":"Wohnung-Zentrum-Felanitx-18-150x150.jpg","width":150,"height":150,"mime-type":"image\/jpeg","filesize":4256,"url":"https:\/\/www.lucasfroeserealestate.com\/wp-content\/uploads\/2025\/04\/Wohnung-Zentrum-Felanitx-18-150x150.jpg"},"medium_large":{"file":"Wohnung-Zentrum-Felanitx-18-768x512.jpg","width":768,"height":512,"mime-type":"image\/jpeg","filesize":39189,"url":"https:\/\/www.lucasfroeserealestate.com\/wp-content\/uploads\/2025\/04\/Wohnung-Zentrum-Felanitx-18-768x512.jpg"},"1536x1536":{"file":"Wohnung-Zentrum-Felanitx-18-1536x1024.jpg","width":1536,"height":1024,"mime-type":"image\/jpeg","filesize":159822,"url":"https:\/\/www.lucasfroeserealestate.com\/wp-content\/uploads\/2025\/04\/Wohnung-Zentrum-Felanitx-18-1536x1024.jpg"},"2048x2048":{"file":"Wohnung-Zentrum-Felanitx-18-2048x1366.jpg","width":2048,"height":1366,"mime-type":"image\/jpeg","filesize":294043,"url":"https:\/\/www.lucasfroeserealestate.com\/wp-content\/uploads\/2025\/04\/Wohnung-Zentrum-Felanitx-18-2048x1366.jpg"},"post-thumbnail":{"file":"Wohnung-Zentrum-Felanitx-18-150x100.jpg","width":150,"height":100,"mime-type":"image\/jpeg","filesize":3495,"url":"https:\/\/www.lucasfroeserealestate.com\/wp-content\/uploads\/2025\/04\/Wohnung-Zentrum-Felanitx-18-150x100.jpg"},"modern-property-child-slider":{"file":"Wohnung-Zentrum-Felanitx-18-680x510.jpg","width":680,"height":510,"mime-type":"image\/jpeg","filesize":35170,"url":"https:\/\/www.lucasfroeserealestate.com\/wp-content\/uploads\/2025\/04\/Wohnung-Zentrum-Felanitx-18-680x510.jpg"},"property-thumb-image":{"file":"Wohnung-Zentrum-Felanitx-18-488x326.jpg","width":488,"height":326,"mime-type":"image\/jpeg","filesize":18424,"url":"https:\/\/www.lucasfroeserealestate.com\/wp-content\/uploads\/2025\/04\/Wohnung-Zentrum-Felanitx-18-488x326.jpg"},"property-detail-video-image":{"file":"Wohnung-Zentrum-Felanitx-18-818x417.jpg","width":818,"height":417,"mime-type":"image\/jpeg","filesize":32372,"url":"https:\/\/www.lucasfroeserealestate.com\/wp-content\/uploads\/2025\/04\/Wohnung-Zentrum-Felanitx-18-818x417.jpg"},"agent-image":{"file":"Wohnung-Zentrum-Felanitx-18-210x210.jpg","width":210,"height":210,"mime-type":"image\/jpeg","filesize":6757,"url":"https:\/\/www.lucasfroeserealestate.com\/wp-content\/uploads\/2025\/04\/Wohnung-Zentrum-Felanitx-18-210x210.jpg"},"partners-logo":{"file":"Wohnung-Zentrum-Felanitx-18-600x1867.jpg","width":600,"height":1867,"mime-type":"image\/jpeg","filesize":98120,"url":"https:\/\/www.lucasfroeserealestate.com\/wp-content\/uploads\/2025\/04\/Wohnung-Zentrum-Felanitx-18-600x1867.jpg"},"post-featured-image":{"file":"Wohnung-Zentrum-Felanitx-18-1240x720.jpg","width":1240,"height":720,"mime-type":"image\/jpeg","filesize":84657,"url":"https:\/\/www.lucasfroeserealestate.com\/wp-content\/uploads\/2025\/04\/Wohnung-Zentrum-Felanitx-18-1240x720.jpg"}},"image_meta":{"aperture":"8","credit":"","camera":"ILCE-7M2","caption":"","created_timestamp":"1755092080","copyright":"","focal_length":"14","iso":"6400","shutter_speed":"0.003125","title":"","orientation":"0","keywords":[]},"ID":"72435","name":"Wohnung-Zentrum-Felanitx-18.jpg","path":"\/home\/empleost\/domains\/lucasfroeserealestate.com\/public_html\/wp-content\/uploads\/2025\/04\/Wohnung-Zentrum-Felanitx-18.jpg","url":"https:\/\/www.lucasfroeserealestate.com\/wp-content\/uploads\/2025\/04\/Wohnung-Zentrum-Felanitx-18-150x150.jpg","full_url":"https:\/\/www.lucasfroeserealestate.com\/wp-content\/uploads\/2025\/04\/Wohnung-Zentrum-Felanitx-18.jpg","title":"Wohnung Zentrum Felanitx-18","caption":"","description":"","alt":"","srcset":"https:\/\/www.lucasfroeserealestate.com\/wp-content\/uploads\/2025\/04\/Wohnung-Zentrum-Felanitx-18-150x150.jpg 150w, https:\/\/www.lucasfroeserealestate.com\/wp-content\/uploads\/2025\/04\/Wohnung-Zentrum-Felanitx-18-210x210.jpg 210w"},{"width":150,"height":150,"file":"2025\/04\/Wohnung-Zentrum-Felanitx-1.jpg","filesize":413225,"sizes":{"medium":{"file":"Wohnung-Zentrum-Felanitx-1-300x200.jpg","width":300,"height":200,"mime-type":"image\/jpeg","filesize":11426,"url":"https:\/\/www.lucasfroeserealestate.com\/wp-content\/uploads\/2025\/04\/Wohnung-Zentrum-Felanitx-1-300x200.jpg"},"large":{"file":"Wohnung-Zentrum-Felanitx-1-1024x683.jpg","width":1024,"height":683,"mime-type":"image\/jpeg","filesize":95706,"url":"https:\/\/www.lucasfroeserealestate.com\/wp-content\/uploads\/2025\/04\/Wohnung-Zentrum-Felanitx-1-1024x683.jpg"},"thumbnail":{"file":"Wohnung-Zentrum-Felanitx-1-150x150.jpg","width":150,"height":150,"mime-type":"image\/jpeg","filesize":5169,"url":"https:\/\/www.lucasfroeserealestate.com\/wp-content\/uploads\/2025\/04\/Wohnung-Zentrum-Felanitx-1-150x150.jpg"},"medium_large":{"file":"Wohnung-Zentrum-Felanitx-1-768x512.jpg","width":768,"height":512,"mime-type":"image\/jpeg","filesize":56131,"url":"https:\/\/www.lucasfroeserealestate.com\/wp-content\/uploads\/2025\/04\/Wohnung-Zentrum-Felanitx-1-768x512.jpg"},"1536x1536":{"file":"Wohnung-Zentrum-Felanitx-1-1536x1024.jpg","width":1536,"height":1024,"mime-type":"image\/jpeg","filesize":203240,"url":"https:\/\/www.lucasfroeserealestate.com\/wp-content\/uploads\/2025\/04\/Wohnung-Zentrum-Felanitx-1-1536x1024.jpg"},"2048x2048":{"file":"Wohnung-Zentrum-Felanitx-1-2048x1366.jpg","width":2048,"height":1366,"mime-type":"image\/jpeg","filesize":347033,"url":"https:\/\/www.lucasfroeserealestate.com\/wp-content\/uploads\/2025\/04\/Wohnung-Zentrum-Felanitx-1-2048x1366.jpg"},"post-thumbnail":{"file":"Wohnung-Zentrum-Felanitx-1-150x100.jpg","width":150,"height":100,"mime-type":"image\/jpeg","filesize":4169,"url":"https:\/\/www.lucasfroeserealestate.com\/wp-content\/uploads\/2025\/04\/Wohnung-Zentrum-Felanitx-1-150x100.jpg"},"modern-property-child-slider":{"file":"Wohnung-Zentrum-Felanitx-1-680x510.jpg","width":680,"height":510,"mime-type":"image\/jpeg","filesize":49929,"url":"https:\/\/www.lucasfroeserealestate.com\/wp-content\/uploads\/2025\/04\/Wohnung-Zentrum-Felanitx-1-680x510.jpg"},"property-thumb-image":{"file":"Wohnung-Zentrum-Felanitx-1-488x326.jpg","width":488,"height":326,"mime-type":"image\/jpeg","filesize":25606,"url":"https:\/\/www.lucasfroeserealestate.com\/wp-content\/uploads\/2025\/04\/Wohnung-Zentrum-Felanitx-1-488x326.jpg"},"property-detail-video-image":{"file":"Wohnung-Zentrum-Felanitx-1-818x417.jpg","width":818,"height":417,"mime-type":"image\/jpeg","filesize":52061,"url":"https:\/\/www.lucasfroeserealestate.com\/wp-content\/uploads\/2025\/04\/Wohnung-Zentrum-Felanitx-1-818x417.jpg"},"agent-image":{"file":"Wohnung-Zentrum-Felanitx-1-210x210.jpg","width":210,"height":210,"mime-type":"image\/jpeg","filesize":8800,"url":"https:\/\/www.lucasfroeserealestate.com\/wp-content\/uploads\/2025\/04\/Wohnung-Zentrum-Felanitx-1-210x210.jpg"},"partners-logo":{"file":"Wohnung-Zentrum-Felanitx-1-600x1867.jpg","width":600,"height":1867,"mime-type":"image\/jpeg","filesize":149294,"url":"https:\/\/www.lucasfroeserealestate.com\/wp-content\/uploads\/2025\/04\/Wohnung-Zentrum-Felanitx-1-600x1867.jpg"},"post-featured-image":{"file":"Wohnung-Zentrum-Felanitx-1-1240x720.jpg","width":1240,"height":720,"mime-type":"image\/jpeg","filesize":120069,"url":"https:\/\/www.lucasfroeserealestate.com\/wp-content\/uploads\/2025\/04\/Wohnung-Zentrum-Felanitx-1-1240x720.jpg"}},"image_meta":{"aperture":"8","credit":"","camera":"ILCE-7M2","caption":"","created_timestamp":"1755091429","copyright":"","focal_length":"14","iso":"640","shutter_speed":"0.003125","title":"","orientation":"0","keywords":[]},"ID":"72384","name":"Wohnung-Zentrum-Felanitx-1.jpg","path":"\/home\/empleost\/domains\/lucasfroeserealestate.com\/public_html\/wp-content\/uploads\/2025\/04\/Wohnung-Zentrum-Felanitx-1.jpg","url":"https:\/\/www.lucasfroeserealestate.com\/wp-content\/uploads\/2025\/04\/Wohnung-Zentrum-Felanitx-1-150x150.jpg","full_url":"https:\/\/www.lucasfroeserealestate.com\/wp-content\/uploads\/2025\/04\/Wohnung-Zentrum-Felanitx-1.jpg","title":"Wohnung Zentrum Felanitx-1","caption":"","description":"","alt":"","srcset":"https:\/\/www.lucasfroeserealestate.com\/wp-content\/uploads\/2025\/04\/Wohnung-Zentrum-Felanitx-1-150x150.jpg 150w, https:\/\/www.lucasfroeserealestate.com\/wp-content\/uploads\/2025\/04\/Wohnung-Zentrum-Felanitx-1-210x210.jpg 210w"},{"width":150,"height":150,"file":"2025\/04\/Wohnung-Zentrum-Felanitx-4.jpg","filesize":421799,"sizes":{"medium":{"file":"Wohnung-Zentrum-Felanitx-4-300x200.jpg","width":300,"height":200,"mime-type":"image\/jpeg","filesize":11083,"url":"https:\/\/www.lucasfroeserealestate.com\/wp-content\/uploads\/2025\/04\/Wohnung-Zentrum-Felanitx-4-300x200.jpg"},"large":{"file":"Wohnung-Zentrum-Felanitx-4-1024x683.jpg","width":1024,"height":683,"mime-type":"image\/jpeg","filesize":94966,"url":"https:\/\/www.lucasfroeserealestate.com\/wp-content\/uploads\/2025\/04\/Wohnung-Zentrum-Felanitx-4-1024x683.jpg"},"thumbnail":{"file":"Wohnung-Zentrum-Felanitx-4-150x150.jpg","width":150,"height":150,"mime-type":"image\/jpeg","filesize":5448,"url":"https:\/\/www.lucasfroeserealestate.com\/wp-content\/uploads\/2025\/04\/Wohnung-Zentrum-Felanitx-4-150x150.jpg"},"medium_large":{"file":"Wohnung-Zentrum-Felanitx-4-768x512.jpg","width":768,"height":512,"mime-type":"image\/jpeg","filesize":55188,"url":"https:\/\/www.lucasfroeserealestate.com\/wp-content\/uploads\/2025\/04\/Wohnung-Zentrum-Felanitx-4-768x512.jpg"},"1536x1536":{"file":"Wohnung-Zentrum-Felanitx-4-1536x1024.jpg","width":1536,"height":1024,"mime-type":"image\/jpeg","filesize":206534,"url":"https:\/\/www.lucasfroeserealestate.com\/wp-content\/uploads\/2025\/04\/Wohnung-Zentrum-Felanitx-4-1536x1024.jpg"},"2048x2048":{"file":"Wohnung-Zentrum-Felanitx-4-2048x1366.jpg","width":2048,"height":1366,"mime-type":"image\/jpeg","filesize":355058,"url":"https:\/\/www.lucasfroeserealestate.com\/wp-content\/uploads\/2025\/04\/Wohnung-Zentrum-Felanitx-4-2048x1366.jpg"},"post-thumbnail":{"file":"Wohnung-Zentrum-Felanitx-4-150x100.jpg","width":150,"height":100,"mime-type":"image\/jpeg","filesize":4045,"url":"https:\/\/www.lucasfroeserealestate.com\/wp-content\/uploads\/2025\/04\/Wohnung-Zentrum-Felanitx-4-150x100.jpg"},"modern-property-child-slider":{"file":"Wohnung-Zentrum-Felanitx-4-680x510.jpg","width":680,"height":510,"mime-type":"image\/jpeg","filesize":50913,"url":"https:\/\/www.lucasfroeserealestate.com\/wp-content\/uploads\/2025\/04\/Wohnung-Zentrum-Felanitx-4-680x510.jpg"},"property-thumb-image":{"file":"Wohnung-Zentrum-Felanitx-4-488x326.jpg","width":488,"height":326,"mime-type":"image\/jpeg","filesize":24986,"url":"https:\/\/www.lucasfroeserealestate.com\/wp-content\/uploads\/2025\/04\/Wohnung-Zentrum-Felanitx-4-488x326.jpg"},"property-detail-video-image":{"file":"Wohnung-Zentrum-Felanitx-4-818x417.jpg","width":818,"height":417,"mime-type":"image\/jpeg","filesize":47733,"url":"https:\/\/www.lucasfroeserealestate.com\/wp-content\/uploads\/2025\/04\/Wohnung-Zentrum-Felanitx-4-818x417.jpg"},"agent-image":{"file":"Wohnung-Zentrum-Felanitx-4-210x210.jpg","width":210,"height":210,"mime-type":"image\/jpeg","filesize":9436,"url":"https:\/\/www.lucasfroeserealestate.com\/wp-content\/uploads\/2025\/04\/Wohnung-Zentrum-Felanitx-4-210x210.jpg"},"partners-logo":{"file":"Wohnung-Zentrum-Felanitx-4-600x1867.jpg","width":600,"height":1867,"mime-type":"image\/jpeg","filesize":161330,"url":"https:\/\/www.lucasfroeserealestate.com\/wp-content\/uploads\/2025\/04\/Wohnung-Zentrum-Felanitx-4-600x1867.jpg"},"post-featured-image":{"file":"Wohnung-Zentrum-Felanitx-4-1240x720.jpg","width":1240,"height":720,"mime-type":"image\/jpeg","filesize":118170,"url":"https:\/\/www.lucasfroeserealestate.com\/wp-content\/uploads\/2025\/04\/Wohnung-Zentrum-Felanitx-4-1240x720.jpg"}},"image_meta":{"aperture":"8","credit":"","camera":"ILCE-7M2","caption":"","created_timestamp":"1755091602","copyright":"","focal_length":"14","iso":"2000","shutter_speed":"0.003125","title":"","orientation":"0","keywords":[]},"ID":"72393","name":"Wohnung-Zentrum-Felanitx-4.jpg","path":"\/home\/empleost\/domains\/lucasfroeserealestate.com\/public_html\/wp-content\/uploads\/2025\/04\/Wohnung-Zentrum-Felanitx-4.jpg","url":"https:\/\/www.lucasfroeserealestate.com\/wp-content\/uploads\/2025\/04\/Wohnung-Zentrum-Felanitx-4-150x150.jpg","full_url":"https:\/\/www.lucasfroeserealestate.com\/wp-content\/uploads\/2025\/04\/Wohnung-Zentrum-Felanitx-4.jpg","title":"Wohnung Zentrum Felanitx-4","caption":"","description":"","alt":"","srcset":"https:\/\/www.lucasfroeserealestate.com\/wp-content\/uploads\/2025\/04\/Wohnung-Zentrum-Felanitx-4-150x150.jpg 150w, https:\/\/www.lucasfroeserealestate.com\/wp-content\/uploads\/2025\/04\/Wohnung-Zentrum-Felanitx-4-210x210.jpg 210w"},{"width":150,"height":150,"file":"2025\/04\/Wohnung-Zentrum-Felanitx-5.jpg","filesize":448811,"sizes":{"medium":{"file":"Wohnung-Zentrum-Felanitx-5-300x200.jpg","width":300,"height":200,"mime-type":"image\/jpeg","filesize":10353,"url":"https:\/\/www.lucasfroeserealestate.com\/wp-content\/uploads\/2025\/04\/Wohnung-Zentrum-Felanitx-5-300x200.jpg"},"large":{"file":"Wohnung-Zentrum-Felanitx-5-1024x683.jpg","width":1024,"height":683,"mime-type":"image\/jpeg","filesize":86192,"url":"https:\/\/www.lucasfroeserealestate.com\/wp-content\/uploads\/2025\/04\/Wohnung-Zentrum-Felanitx-5-1024x683.jpg"},"thumbnail":{"file":"Wohnung-Zentrum-Felanitx-5-150x150.jpg","width":150,"height":150,"mime-type":"image\/jpeg","filesize":4455,"url":"https:\/\/www.lucasfroeserealestate.com\/wp-content\/uploads\/2025\/04\/Wohnung-Zentrum-Felanitx-5-150x150.jpg"},"medium_large":{"file":"Wohnung-Zentrum-Felanitx-5-768x512.jpg","width":768,"height":512,"mime-type":"image\/jpeg","filesize":50682,"url":"https:\/\/www.lucasfroeserealestate.com\/wp-content\/uploads\/2025\/04\/Wohnung-Zentrum-Felanitx-5-768x512.jpg"},"1536x1536":{"file":"Wohnung-Zentrum-Felanitx-5-1536x1024.jpg","width":1536,"height":1024,"mime-type":"image\/jpeg","filesize":184913,"url":"https:\/\/www.lucasfroeserealestate.com\/wp-content\/uploads\/2025\/04\/Wohnung-Zentrum-Felanitx-5-1536x1024.jpg"},"2048x2048":{"file":"Wohnung-Zentrum-Felanitx-5-2048x1366.jpg","width":2048,"height":1366,"mime-type":"image\/jpeg","filesize":319526,"url":"https:\/\/www.lucasfroeserealestate.com\/wp-content\/uploads\/2025\/04\/Wohnung-Zentrum-Felanitx-5-2048x1366.jpg"},"post-thumbnail":{"file":"Wohnung-Zentrum-Felanitx-5-150x100.jpg","width":150,"height":100,"mime-type":"image\/jpeg","filesize":3855,"url":"https:\/\/www.lucasfroeserealestate.com\/wp-content\/uploads\/2025\/04\/Wohnung-Zentrum-Felanitx-5-150x100.jpg"},"modern-property-child-slider":{"file":"Wohnung-Zentrum-Felanitx-5-680x510.jpg","width":680,"height":510,"mime-type":"image\/jpeg","filesize":43640,"url":"https:\/\/www.lucasfroeserealestate.com\/wp-content\/uploads\/2025\/04\/Wohnung-Zentrum-Felanitx-5-680x510.jpg"},"property-thumb-image":{"file":"Wohnung-Zentrum-Felanitx-5-488x326.jpg","width":488,"height":326,"mime-type":"image\/jpeg","filesize":23059,"url":"https:\/\/www.lucasfroeserealestate.com\/wp-content\/uploads\/2025\/04\/Wohnung-Zentrum-Felanitx-5-488x326.jpg"},"property-detail-video-image":{"file":"Wohnung-Zentrum-Felanitx-5-818x417.jpg","width":818,"height":417,"mime-type":"image\/jpeg","filesize":44367,"url":"https:\/\/www.lucasfroeserealestate.com\/wp-content\/uploads\/2025\/04\/Wohnung-Zentrum-Felanitx-5-818x417.jpg"},"agent-image":{"file":"Wohnung-Zentrum-Felanitx-5-210x210.jpg","width":210,"height":210,"mime-type":"image\/jpeg","filesize":7545,"url":"https:\/\/www.lucasfroeserealestate.com\/wp-content\/uploads\/2025\/04\/Wohnung-Zentrum-Felanitx-5-210x210.jpg"},"partners-logo":{"file":"Wohnung-Zentrum-Felanitx-5-600x1867.jpg","width":600,"height":1867,"mime-type":"image\/jpeg","filesize":137955,"url":"https:\/\/www.lucasfroeserealestate.com\/wp-content\/uploads\/2025\/04\/Wohnung-Zentrum-Felanitx-5-600x1867.jpg"},"post-featured-image":{"file":"Wohnung-Zentrum-Felanitx-5-1240x720.jpg","width":1240,"height":720,"mime-type":"image\/jpeg","filesize":106779,"url":"https:\/\/www.lucasfroeserealestate.com\/wp-content\/uploads\/2025\/04\/Wohnung-Zentrum-Felanitx-5-1240x720.jpg"}},"image_meta":{"aperture":"8","credit":"","camera":"ILCE-7M2","caption":"","created_timestamp":"1755091632","copyright":"","focal_length":"14","iso":"2500","shutter_speed":"0.003125","title":"","orientation":"0","keywords":[]},"ID":"72396","name":"Wohnung-Zentrum-Felanitx-5.jpg","path":"\/home\/empleost\/domains\/lucasfroeserealestate.com\/public_html\/wp-content\/uploads\/2025\/04\/Wohnung-Zentrum-Felanitx-5.jpg","url":"https:\/\/www.lucasfroeserealestate.com\/wp-content\/uploads\/2025\/04\/Wohnung-Zentrum-Felanitx-5-150x150.jpg","full_url":"https:\/\/www.lucasfroeserealestate.com\/wp-content\/uploads\/2025\/04\/Wohnung-Zentrum-Felanitx-5.jpg","title":"Wohnung Zentrum Felanitx-5","caption":"","description":"","alt":"","srcset":"https:\/\/www.lucasfroeserealestate.com\/wp-content\/uploads\/2025\/04\/Wohnung-Zentrum-Felanitx-5-150x150.jpg 150w, https:\/\/www.lucasfroeserealestate.com\/wp-content\/uploads\/2025\/04\/Wohnung-Zentrum-Felanitx-5-210x210.jpg 210w"},{"width":150,"height":150,"file":"2025\/04\/Wohnung-Zentrum-Felanitx-12.jpg","filesize":419072,"sizes":{"medium":{"file":"Wohnung-Zentrum-Felanitx-12-300x200.jpg","width":300,"height":200,"mime-type":"image\/jpeg","filesize":15676,"url":"https:\/\/www.lucasfroeserealestate.com\/wp-content\/uploads\/2025\/04\/Wohnung-Zentrum-Felanitx-12-300x200.jpg"},"large":{"file":"Wohnung-Zentrum-Felanitx-12-1024x683.jpg","width":1024,"height":683,"mime-type":"image\/jpeg","filesize":103762,"url":"https:\/\/www.lucasfroeserealestate.com\/wp-content\/uploads\/2025\/04\/Wohnung-Zentrum-Felanitx-12-1024x683.jpg"},"thumbnail":{"file":"Wohnung-Zentrum-Felanitx-12-150x150.jpg","width":150,"height":150,"mime-type":"image\/jpeg","filesize":6616,"url":"https:\/\/www.lucasfroeserealestate.com\/wp-content\/uploads\/2025\/04\/Wohnung-Zentrum-Felanitx-12-150x150.jpg"},"medium_large":{"file":"Wohnung-Zentrum-Felanitx-12-768x512.jpg","width":768,"height":512,"mime-type":"image\/jpeg","filesize":66837,"url":"https:\/\/www.lucasfroeserealestate.com\/wp-content\/uploads\/2025\/04\/Wohnung-Zentrum-Felanitx-12-768x512.jpg"},"1536x1536":{"file":"Wohnung-Zentrum-Felanitx-12-1536x1024.jpg","width":1536,"height":1024,"mime-type":"image\/jpeg","filesize":192951,"url":"https:\/\/www.lucasfroeserealestate.com\/wp-content\/uploads\/2025\/04\/Wohnung-Zentrum-Felanitx-12-1536x1024.jpg"},"2048x2048":{"file":"Wohnung-Zentrum-Felanitx-12-2048x1366.jpg","width":2048,"height":1366,"mime-type":"image\/jpeg","filesize":297030,"url":"https:\/\/www.lucasfroeserealestate.com\/wp-content\/uploads\/2025\/04\/Wohnung-Zentrum-Felanitx-12-2048x1366.jpg"},"post-thumbnail":{"file":"Wohnung-Zentrum-Felanitx-12-150x100.jpg","width":150,"height":100,"mime-type":"image\/jpeg","filesize":5564,"url":"https:\/\/www.lucasfroeserealestate.com\/wp-content\/uploads\/2025\/04\/Wohnung-Zentrum-Felanitx-12-150x100.jpg"},"modern-property-child-slider":{"file":"Wohnung-Zentrum-Felanitx-12-680x510.jpg","width":680,"height":510,"mime-type":"image\/jpeg","filesize":60180,"url":"https:\/\/www.lucasfroeserealestate.com\/wp-content\/uploads\/2025\/04\/Wohnung-Zentrum-Felanitx-12-680x510.jpg"},"property-thumb-image":{"file":"Wohnung-Zentrum-Felanitx-12-488x326.jpg","width":488,"height":326,"mime-type":"image\/jpeg","filesize":33766,"url":"https:\/\/www.lucasfroeserealestate.com\/wp-content\/uploads\/2025\/04\/Wohnung-Zentrum-Felanitx-12-488x326.jpg"},"property-detail-video-image":{"file":"Wohnung-Zentrum-Felanitx-12-818x417.jpg","width":818,"height":417,"mime-type":"image\/jpeg","filesize":56045,"url":"https:\/\/www.lucasfroeserealestate.com\/wp-content\/uploads\/2025\/04\/Wohnung-Zentrum-Felanitx-12-818x417.jpg"},"agent-image":{"file":"Wohnung-Zentrum-Felanitx-12-210x210.jpg","width":210,"height":210,"mime-type":"image\/jpeg","filesize":11238,"url":"https:\/\/www.lucasfroeserealestate.com\/wp-content\/uploads\/2025\/04\/Wohnung-Zentrum-Felanitx-12-210x210.jpg"},"partners-logo":{"file":"Wohnung-Zentrum-Felanitx-12-600x1867.jpg","width":600,"height":1867,"mime-type":"image\/jpeg","filesize":116824,"url":"https:\/\/www.lucasfroeserealestate.com\/wp-content\/uploads\/2025\/04\/Wohnung-Zentrum-Felanitx-12-600x1867.jpg"},"post-featured-image":{"file":"Wohnung-Zentrum-Felanitx-12-1240x720.jpg","width":1240,"height":720,"mime-type":"image\/jpeg","filesize":119205,"url":"https:\/\/www.lucasfroeserealestate.com\/wp-content\/uploads\/2025\/04\/Wohnung-Zentrum-Felanitx-12-1240x720.jpg"}},"image_meta":{"aperture":"8","credit":"","camera":"ILCE-7M2","caption":"","created_timestamp":"1755091886","copyright":"","focal_length":"14","iso":"125","shutter_speed":"0.003125","title":"","orientation":"0","keywords":[]},"ID":"72417","name":"Wohnung-Zentrum-Felanitx-12.jpg","path":"\/home\/empleost\/domains\/lucasfroeserealestate.com\/public_html\/wp-content\/uploads\/2025\/04\/Wohnung-Zentrum-Felanitx-12.jpg","url":"https:\/\/www.lucasfroeserealestate.com\/wp-content\/uploads\/2025\/04\/Wohnung-Zentrum-Felanitx-12-150x150.jpg","full_url":"https:\/\/www.lucasfroeserealestate.com\/wp-content\/uploads\/2025\/04\/Wohnung-Zentrum-Felanitx-12.jpg","title":"Wohnung Zentrum Felanitx-12","caption":"","description":"","alt":"","srcset":"https:\/\/www.lucasfroeserealestate.com\/wp-content\/uploads\/2025\/04\/Wohnung-Zentrum-Felanitx-12-150x150.jpg 150w, https:\/\/www.lucasfroeserealestate.com\/wp-content\/uploads\/2025\/04\/Wohnung-Zentrum-Felanitx-12-210x210.jpg 210w"}],"REAL_HOMES_change_gallery_slider_type":"0","REAL_HOMES_gallery_slider_type":"thumb-on-right","inspiry_floor_plans":[],"inspiry_video_group":[{"inspiry_video_group_title":"Property tour","inspiry_video_group_url":"https:\/\/www.youtube.com\/watch?v=BF0FXKPuGpo&t=16s"}],"REAL_HOMES_360_virtual_tour":"","REAL_HOMES_agent_display_option":"agent_info","REAL_HOMES_agents":["6675"],"REAL_HOMES_energy_class":"B","REAL_HOMES_energy_performance":"In process..","REAL_HOMES_epc_current_rating":"","REAL_HOMES_epc_potential_rating":"","ere_property_schedule_tour":"global","ere_property_schedule_time_slots":"","ere_property_schedule_description":"","REAL_HOMES_sticky":"0","inspiry_property_label":"EXCLUSIVO","inspiry_property_label_color":"#d8b86e","inspiry_property_tax":"0","inspiry_additional_fee":"0","REAL_HOMES_attachments":[],"inspiry_property_owner_name":"Clemens & Christoph Froese","inspiry_property_owner_contact":"","inspiry_property_owner_address":"","REAL_HOMES_property_private_note":"","inspiry_message_to_reviewer":"","REAL_HOMES_add_in_slider":"no","REAL_HOMES_slider_image":[],"REAL_HOMES_page_banner_image":[],"REAL_HOMES_hide_property_advance_search":"0","inspiry_ausrichtung":"","inspiry_strasse":"","inspiry_hausnummer":"","inspiry_plz":"","inspiry_ort":"","inspiry_land":"","inspiry_new-build":"","inspiry_kyero_prime_activator":[],"inspiry_kyero_xml_format":[],"inspiry_openimmo_xml_format":[],"inspiry_idealista_xml_format":[],"inspiry_etagen":"","inspiry_etage_(wo_sich_die_wohnung_befindet,_sonst_0)":"","inspiry_gesamtfl\u00e4che\/bebaute_fl\u00e4che_(mehr_als_wohnfl\u00e4che*)":"","inspiry_anzahl_zimmer_sz_esszimmer_wohnzimmer_hobby_zimmer_usw":"","inspiry_anzahl_terrassen":"","inspiry_anzahl_wohneinheiten":"","inspiry_google_maps_link":"","inspiry_google_drive_link":"","inspiry_location_coordinates_gm":"","inspiry_erhaltungszustand_der_immobilie":"","inspiry_heizungsart":"","inspiry_qualit\u00e4t_der_ausstattung":"","inspiry_kauf\/miete":"","inspiry_kategorie":"","inspiry_typ":"","inspiry_art":"","inspiry_land_type_(only_plots)":"","inspiry_listed_by":"","inspiry_comission_(%)":"","inspiry_lage_beschreibung":"","inspiry_austattung_beschreibung":"","inspiry_bodenbelag":"","inspiry_distanz_zum_flughafen_(min)":"","inspiry_auftragsart":"","inspiry_keys":[],"inspiry_preis_pro_m2":"","inspiry_office_listed":"","inspiry_suchkriterien_extras":["Cerca del aeropuerto (35')","Edificio nuevo","La mejor inversi\u00f3n"],"REAL_HOMES_custom_header_display":"default","REAL_HOMES_custom_header_position":"relative","REAL_HOMES_custom_footer_display":"default","REAL_HOMES_hide_advance_search":"0","REAL_HOMES_custom_search_form":"default","REAL_HOMES_search_form_margin_top":"","REAL_HOMES_search_form_margin_bottom":""},"_links":{"self":[{"href":"https:\/\/www.lucasfroeserealestate.com\/es\/wp-json\/wp\/v2\/immobilien\/22795","targetHints":{"allow":["GET"]}}],"collection":[{"href":"https:\/\/www.lucasfroeserealestate.com\/es\/wp-json\/wp\/v2\/immobilien"}],"about":[{"href":"https:\/\/www.lucasfroeserealestate.com\/es\/wp-json\/wp\/v2\/types\/property"}],"author":[{"embeddable":true,"href":"https:\/\/www.lucasfroeserealestate.com\/es\/wp-json\/wp\/v2\/users\/1"}],"replies":[{"embeddable":true,"href":"https:\/\/www.lucasfroeserealestate.com\/es\/wp-json\/wp\/v2\/comments?post=22795"}],"version-history":[{"count":0,"href":"https:\/\/www.lucasfroeserealestate.com\/es\/wp-json\/wp\/v2\/immobilien\/22795\/revisions"}],"wp:featuredmedia":[{"embeddable":true,"href":"https:\/\/www.lucasfroeserealestate.com\/es\/wp-json\/wp\/v2\/media\/49315"}],"wp:attachment":[{"href":"https:\/\/www.lucasfroeserealestate.com\/es\/wp-json\/wp\/v2\/media?parent=22795"}],"wp:term":[{"taxonomy":"property-feature","embeddable":true,"href":"https:\/\/www.lucasfroeserealestate.com\/es\/wp-json\/wp\/v2\/immobilien-austattung?post=22795"},{"taxonomy":"property-type","embeddable":true,"href":"https:\/\/www.lucasfroeserealestate.com\/es\/wp-json\/wp\/v2\/immobilien-typ?post=22795"},{"taxonomy":"property-city","embeddable":true,"href":"https:\/\/www.lucasfroeserealestate.com\/es\/wp-json\/wp\/v2\/immobilien-ortschaft?post=22795"},{"taxonomy":"property-status","embeddable":true,"href":"https:\/\/www.lucasfroeserealestate.com\/es\/wp-json\/wp\/v2\/immobilien-status?post=22795"}],"curies":[{"name":"wp","href":"https:\/\/api.w.org\/{rel}","templated":true}]}}