{"id":101537,"date":"2026-08-19T00:01:24","date_gmt":"2026-08-18T22:01:24","guid":{"rendered":"https:\/\/www.lucasfroeserealestate.com\/immobilien\/finca-de-piedra-natural-en-manacor\/"},"modified":"2026-08-19T00:01:24","modified_gmt":"2026-08-18T22:01:24","slug":"finca-de-piedra-natural-en-manacor","status":"publish","type":"property","link":"https:\/\/www.lucasfroeserealestate.com\/es\/immobilien\/finca-de-piedra-natural-en-manacor\/","title":{"rendered":"Finca de piedra natural en Manacor"},"content":{"rendered":"<p>Se vende esta hermosa propiedad entre Felanitx y Villafranca.<\/p>\n<p>Se trata de una vivienda con 200m2 de superficie construida y 30m2 de garaje. Todo ello en una parcela de 7.128m2. <\/p>\n<p>La casa tiene cuatro dormitorios, dos cuartos de ba\u00f1o, un amplio sal\u00f3n con techos altos, un comedor con una t\u00edpica chimenea mallorquina, una cocina con despensa y un altillo. Tambi\u00e9n hay una preinstalaci\u00f3n para un sistema de calefacci\u00f3n con radiadores. <\/p>\n<p>Hay que renovar la propiedad para poder utilizar todas las habitaciones.<\/p>\n<p>En el exterior hay m\u00e1s de 300m2 de terrazas y un porche para dos veh\u00edculos.<\/p>\n<p>La propiedad es de la urbanizaci\u00f3n. No tiene defectos urban\u00edsticos y se puede solicitar un certificado de antig\u00fcedad. <\/p>\n<p>No dudes en pedir informaci\u00f3n sobre la propiedad.<\/p>\n","protected":false},"excerpt":{"rendered":"<p>Se vende esta preciosa finca situada entre Felanitx y Villafranca. Es una propiedad de 200 m\u00b2 de&#8230; <\/p>\n","protected":false},"author":3,"featured_media":101520,"parent":0,"menu_order":0,"comment_status":"closed","ping_status":"closed","template":"","immobilien-austattung":[104,103,4578,100,4576,98],"immobilien-typ":[4194],"immobilien-ortschaft":[120],"immobilien-status":[114],"class_list":["post-101537","property","type-property","status-publish","has-post-thumbnail","hentry","property-feature-klimaanlage-es","property-feature-kamin-es","property-feature-garaje","property-feature-garten-es","property-feature-terraza","property-feature-abstellraum-es","property-type-fincas-es","property-city-manacor-es","property-status-venta"],"property_meta":{"REAL_HOMES_property_price":"540000","REAL_HOMES_property_old_price":"","REAL_HOMES_property_price_prefix":"","REAL_HOMES_property_price_postfix":"","REAL_HOMES_property_size":"200","REAL_HOMES_property_size_postfix":"m\u00b2","REAL_HOMES_property_lot_size":"7128","REAL_HOMES_property_lot_size_postfix":"m\u00b2","REAL_HOMES_property_bedrooms":"4","REAL_HOMES_property_bathrooms":"2","REAL_HOMES_property_garage":"2","REAL_HOMES_property_id":"LF0651","REAL_HOMES_property_year_built":"","rvr_property_owner":"","REAL_HOMES_featured":"","REAL_HOMES_additional_details_list":[],"REAL_HOMES_property_location":{"latitude":"39.5725509","longitude":"3.2138251","zoom":""},"REAL_HOMES_property_address":"07500 Manacor, Espa\u00f1a","REAL_HOMES_property_map":"0","REAL_HOMES_property_images":[{"width":150,"height":150,"file":"2026\/08\/2614247-GQDBrVXiQ76dcqqrwWgJ8Uem-default.jpeg","filesize":378548,"sizes":{"medium":{"file":"2614247-GQDBrVXiQ76dcqqrwWgJ8Uem-default-300x200.jpeg","width":300,"height":200,"mime-type":"image\/jpeg","filesize":20288,"url":"https:\/\/www.lucasfroeserealestate.com\/wp-content\/uploads\/2026\/08\/2614247-GQDBrVXiQ76dcqqrwWgJ8Uem-default-300x200.jpeg"},"large":{"file":"2614247-GQDBrVXiQ76dcqqrwWgJ8Uem-default-1024x683.jpeg","width":1024,"height":683,"mime-type":"image\/jpeg","filesize":194600,"url":"https:\/\/www.lucasfroeserealestate.com\/wp-content\/uploads\/2026\/08\/2614247-GQDBrVXiQ76dcqqrwWgJ8Uem-default-1024x683.jpeg"},"thumbnail":{"file":"2614247-GQDBrVXiQ76dcqqrwWgJ8Uem-default-150x150.jpeg","width":150,"height":150,"mime-type":"image\/jpeg","filesize":8344,"url":"https:\/\/www.lucasfroeserealestate.com\/wp-content\/uploads\/2026\/08\/2614247-GQDBrVXiQ76dcqqrwWgJ8Uem-default-150x150.jpeg"},"medium_large":{"file":"2614247-GQDBrVXiQ76dcqqrwWgJ8Uem-default-768x512.jpeg","width":768,"height":512,"mime-type":"image\/jpeg","filesize":115256,"url":"https:\/\/www.lucasfroeserealestate.com\/wp-content\/uploads\/2026\/08\/2614247-GQDBrVXiQ76dcqqrwWgJ8Uem-default-768x512.jpeg"},"1536x1536":{"file":"2614247-GQDBrVXiQ76dcqqrwWgJ8Uem-default-1536x1024.jpeg","width":1536,"height":1024,"mime-type":"image\/jpeg","filesize":389727,"url":"https:\/\/www.lucasfroeserealestate.com\/wp-content\/uploads\/2026\/08\/2614247-GQDBrVXiQ76dcqqrwWgJ8Uem-default-1536x1024.jpeg"},"post-thumbnail":{"file":"2614247-GQDBrVXiQ76dcqqrwWgJ8Uem-default-150x100.jpeg","width":150,"height":100,"mime-type":"image\/jpeg","filesize":6147,"url":"https:\/\/www.lucasfroeserealestate.com\/wp-content\/uploads\/2026\/08\/2614247-GQDBrVXiQ76dcqqrwWgJ8Uem-default-150x100.jpeg"},"modern-property-child-slider":{"file":"2614247-GQDBrVXiQ76dcqqrwWgJ8Uem-default-680x510.jpeg","width":680,"height":510,"mime-type":"image\/jpeg","filesize":101659,"url":"https:\/\/www.lucasfroeserealestate.com\/wp-content\/uploads\/2026\/08\/2614247-GQDBrVXiQ76dcqqrwWgJ8Uem-default-680x510.jpeg"},"property-thumb-image":{"file":"2614247-GQDBrVXiQ76dcqqrwWgJ8Uem-default-488x326.jpeg","width":488,"height":326,"mime-type":"image\/jpeg","filesize":49515,"url":"https:\/\/www.lucasfroeserealestate.com\/wp-content\/uploads\/2026\/08\/2614247-GQDBrVXiQ76dcqqrwWgJ8Uem-default-488x326.jpeg"},"property-detail-video-image":{"file":"2614247-GQDBrVXiQ76dcqqrwWgJ8Uem-default-818x417.jpeg","width":818,"height":417,"mime-type":"image\/jpeg","filesize":99930,"url":"https:\/\/www.lucasfroeserealestate.com\/wp-content\/uploads\/2026\/08\/2614247-GQDBrVXiQ76dcqqrwWgJ8Uem-default-818x417.jpeg"},"agent-image":{"file":"2614247-GQDBrVXiQ76dcqqrwWgJ8Uem-default-210x210.jpeg","width":210,"height":210,"mime-type":"image\/jpeg","filesize":15416,"url":"https:\/\/www.lucasfroeserealestate.com\/wp-content\/uploads\/2026\/08\/2614247-GQDBrVXiQ76dcqqrwWgJ8Uem-default-210x210.jpeg"},"partners-logo":{"file":"2614247-GQDBrVXiQ76dcqqrwWgJ8Uem-default-600x1280.jpeg","width":600,"height":1280,"mime-type":"image\/jpeg","filesize":197033,"url":"https:\/\/www.lucasfroeserealestate.com\/wp-content\/uploads\/2026\/08\/2614247-GQDBrVXiQ76dcqqrwWgJ8Uem-default-600x1280.jpeg"},"post-featured-image":{"file":"2614247-GQDBrVXiQ76dcqqrwWgJ8Uem-default-1240x720.jpeg","width":1240,"height":720,"mime-type":"image\/jpeg","filesize":236195,"url":"https:\/\/www.lucasfroeserealestate.com\/wp-content\/uploads\/2026\/08\/2614247-GQDBrVXiQ76dcqqrwWgJ8Uem-default-1240x720.jpeg"}},"image_meta":{"aperture":"0","credit":"","camera":"","caption":"","created_timestamp":"0","copyright":"","focal_length":"0","iso":"0","shutter_speed":"0","title":"","orientation":"0","keywords":[],"alt":""},"ID":"101538","name":"2614247-GQDBrVXiQ76dcqqrwWgJ8Uem-default.jpeg","path":"\/home\/empleost\/domains\/lucasfroeserealestate.com\/public_html\/wp-content\/uploads\/2026\/08\/2614247-GQDBrVXiQ76dcqqrwWgJ8Uem-default.jpeg","url":"https:\/\/www.lucasfroeserealestate.com\/wp-content\/uploads\/2026\/08\/2614247-GQDBrVXiQ76dcqqrwWgJ8Uem-default-150x150.jpeg","full_url":"https:\/\/www.lucasfroeserealestate.com\/wp-content\/uploads\/2026\/08\/2614247-GQDBrVXiQ76dcqqrwWgJ8Uem-default.jpeg","title":"default","caption":"default","description":"","alt":"default","srcset":"https:\/\/www.lucasfroeserealestate.com\/wp-content\/uploads\/2026\/08\/2614247-GQDBrVXiQ76dcqqrwWgJ8Uem-default-150x150.jpeg 150w, https:\/\/www.lucasfroeserealestate.com\/wp-content\/uploads\/2026\/08\/2614247-GQDBrVXiQ76dcqqrwWgJ8Uem-default-210x210.jpeg 210w"},{"width":150,"height":150,"file":"2026\/08\/2614247-82ymbns5bg1VYqjjdQNamyMC-Naturstein-Fasade-Investment-Felanitx.jpeg","filesize":313914,"sizes":{"medium":{"file":"2614247-82ymbns5bg1VYqjjdQNamyMC-Naturstein-Fasade-Investment-Felanitx-300x225.jpeg","width":300,"height":225,"mime-type":"image\/jpeg","filesize":15899,"url":"https:\/\/www.lucasfroeserealestate.com\/wp-content\/uploads\/2026\/08\/2614247-82ymbns5bg1VYqjjdQNamyMC-Naturstein-Fasade-Investment-Felanitx-300x225.jpeg"},"large":{"file":"2614247-82ymbns5bg1VYqjjdQNamyMC-Naturstein-Fasade-Investment-Felanitx-1024x768.jpeg","width":1024,"height":768,"mime-type":"image\/jpeg","filesize":155922,"url":"https:\/\/www.lucasfroeserealestate.com\/wp-content\/uploads\/2026\/08\/2614247-82ymbns5bg1VYqjjdQNamyMC-Naturstein-Fasade-Investment-Felanitx-1024x768.jpeg"},"thumbnail":{"file":"2614247-82ymbns5bg1VYqjjdQNamyMC-Naturstein-Fasade-Investment-Felanitx-150x150.jpeg","width":150,"height":150,"mime-type":"image\/jpeg","filesize":6166,"url":"https:\/\/www.lucasfroeserealestate.com\/wp-content\/uploads\/2026\/08\/2614247-82ymbns5bg1VYqjjdQNamyMC-Naturstein-Fasade-Investment-Felanitx-150x150.jpeg"},"medium_large":{"file":"2614247-82ymbns5bg1VYqjjdQNamyMC-Naturstein-Fasade-Investment-Felanitx-768x576.jpeg","width":768,"height":576,"mime-type":"image\/jpeg","filesize":91543,"url":"https:\/\/www.lucasfroeserealestate.com\/wp-content\/uploads\/2026\/08\/2614247-82ymbns5bg1VYqjjdQNamyMC-Naturstein-Fasade-Investment-Felanitx-768x576.jpeg"},"1536x1536":{"file":"2614247-82ymbns5bg1VYqjjdQNamyMC-Naturstein-Fasade-Investment-Felanitx-1536x1152.jpeg","width":1536,"height":1152,"mime-type":"image\/jpeg","filesize":320560,"url":"https:\/\/www.lucasfroeserealestate.com\/wp-content\/uploads\/2026\/08\/2614247-82ymbns5bg1VYqjjdQNamyMC-Naturstein-Fasade-Investment-Felanitx-1536x1152.jpeg"},"post-thumbnail":{"file":"2614247-82ymbns5bg1VYqjjdQNamyMC-Naturstein-Fasade-Investment-Felanitx-150x113.jpeg","width":150,"height":113,"mime-type":"image\/jpeg","filesize":4925,"url":"https:\/\/www.lucasfroeserealestate.com\/wp-content\/uploads\/2026\/08\/2614247-82ymbns5bg1VYqjjdQNamyMC-Naturstein-Fasade-Investment-Felanitx-150x113.jpeg"},"modern-property-child-slider":{"file":"2614247-82ymbns5bg1VYqjjdQNamyMC-Naturstein-Fasade-Investment-Felanitx-680x510.jpeg","width":680,"height":510,"mime-type":"image\/jpeg","filesize":71707,"url":"https:\/\/www.lucasfroeserealestate.com\/wp-content\/uploads\/2026\/08\/2614247-82ymbns5bg1VYqjjdQNamyMC-Naturstein-Fasade-Investment-Felanitx-680x510.jpeg"},"property-thumb-image":{"file":"2614247-82ymbns5bg1VYqjjdQNamyMC-Naturstein-Fasade-Investment-Felanitx-488x326.jpeg","width":488,"height":326,"mime-type":"image\/jpeg","filesize":35915,"url":"https:\/\/www.lucasfroeserealestate.com\/wp-content\/uploads\/2026\/08\/2614247-82ymbns5bg1VYqjjdQNamyMC-Naturstein-Fasade-Investment-Felanitx-488x326.jpeg"},"property-detail-video-image":{"file":"2614247-82ymbns5bg1VYqjjdQNamyMC-Naturstein-Fasade-Investment-Felanitx-818x417.jpeg","width":818,"height":417,"mime-type":"image\/jpeg","filesize":84078,"url":"https:\/\/www.lucasfroeserealestate.com\/wp-content\/uploads\/2026\/08\/2614247-82ymbns5bg1VYqjjdQNamyMC-Naturstein-Fasade-Investment-Felanitx-818x417.jpeg"},"agent-image":{"file":"2614247-82ymbns5bg1VYqjjdQNamyMC-Naturstein-Fasade-Investment-Felanitx-210x210.jpeg","width":210,"height":210,"mime-type":"image\/jpeg","filesize":10896,"url":"https:\/\/www.lucasfroeserealestate.com\/wp-content\/uploads\/2026\/08\/2614247-82ymbns5bg1VYqjjdQNamyMC-Naturstein-Fasade-Investment-Felanitx-210x210.jpeg"},"partners-logo":{"file":"2614247-82ymbns5bg1VYqjjdQNamyMC-Naturstein-Fasade-Investment-Felanitx-600x1440.jpeg","width":600,"height":1440,"mime-type":"image\/jpeg","filesize":163744,"url":"https:\/\/www.lucasfroeserealestate.com\/wp-content\/uploads\/2026\/08\/2614247-82ymbns5bg1VYqjjdQNamyMC-Naturstein-Fasade-Investment-Felanitx-600x1440.jpeg"},"post-featured-image":{"file":"2614247-82ymbns5bg1VYqjjdQNamyMC-Naturstein-Fasade-Investment-Felanitx-1240x720.jpeg","width":1240,"height":720,"mime-type":"image\/jpeg","filesize":192030,"url":"https:\/\/www.lucasfroeserealestate.com\/wp-content\/uploads\/2026\/08\/2614247-82ymbns5bg1VYqjjdQNamyMC-Naturstein-Fasade-Investment-Felanitx-1240x720.jpeg"}},"image_meta":{"aperture":"0","credit":"","camera":"","caption":"","created_timestamp":"0","copyright":"","focal_length":"0","iso":"0","shutter_speed":"0","title":"","orientation":"0","keywords":[],"alt":""},"ID":"101539","name":"2614247-82ymbns5bg1VYqjjdQNamyMC-Naturstein-Fasade-Investment-Felanitx.jpeg","path":"\/home\/empleost\/domains\/lucasfroeserealestate.com\/public_html\/wp-content\/uploads\/2026\/08\/2614247-82ymbns5bg1VYqjjdQNamyMC-Naturstein-Fasade-Investment-Felanitx.jpeg","url":"https:\/\/www.lucasfroeserealestate.com\/wp-content\/uploads\/2026\/08\/2614247-82ymbns5bg1VYqjjdQNamyMC-Naturstein-Fasade-Investment-Felanitx-150x150.jpeg","full_url":"https:\/\/www.lucasfroeserealestate.com\/wp-content\/uploads\/2026\/08\/2614247-82ymbns5bg1VYqjjdQNamyMC-Naturstein-Fasade-Investment-Felanitx.jpeg","title":"Naturstein Fasade Investment Felanitx","caption":"Naturstein Fasade Investment Felanitx","description":"","alt":"Naturstein Fasade Investment Felanitx","srcset":"https:\/\/www.lucasfroeserealestate.com\/wp-content\/uploads\/2026\/08\/2614247-82ymbns5bg1VYqjjdQNamyMC-Naturstein-Fasade-Investment-Felanitx-150x150.jpeg 150w, https:\/\/www.lucasfroeserealestate.com\/wp-content\/uploads\/2026\/08\/2614247-82ymbns5bg1VYqjjdQNamyMC-Naturstein-Fasade-Investment-Felanitx-210x210.jpeg 210w"},{"width":150,"height":150,"file":"2026\/08\/2614247-xJpEfnC1TrpZC3U9b9HMS23R-Naturstein-Mauer-Felanitx-Investment.jpeg","filesize":312668,"sizes":{"medium":{"file":"2614247-xJpEfnC1TrpZC3U9b9HMS23R-Naturstein-Mauer-Felanitx-Investment-300x225.jpeg","width":300,"height":225,"mime-type":"image\/jpeg","filesize":19229,"url":"https:\/\/www.lucasfroeserealestate.com\/wp-content\/uploads\/2026\/08\/2614247-xJpEfnC1TrpZC3U9b9HMS23R-Naturstein-Mauer-Felanitx-Investment-300x225.jpeg"},"large":{"file":"2614247-xJpEfnC1TrpZC3U9b9HMS23R-Naturstein-Mauer-Felanitx-Investment-1024x768.jpeg","width":1024,"height":768,"mime-type":"image\/jpeg","filesize":163404,"url":"https:\/\/www.lucasfroeserealestate.com\/wp-content\/uploads\/2026\/08\/2614247-xJpEfnC1TrpZC3U9b9HMS23R-Naturstein-Mauer-Felanitx-Investment-1024x768.jpeg"},"thumbnail":{"file":"2614247-xJpEfnC1TrpZC3U9b9HMS23R-Naturstein-Mauer-Felanitx-Investment-150x150.jpeg","width":150,"height":150,"mime-type":"image\/jpeg","filesize":7606,"url":"https:\/\/www.lucasfroeserealestate.com\/wp-content\/uploads\/2026\/08\/2614247-xJpEfnC1TrpZC3U9b9HMS23R-Naturstein-Mauer-Felanitx-Investment-150x150.jpeg"},"medium_large":{"file":"2614247-xJpEfnC1TrpZC3U9b9HMS23R-Naturstein-Mauer-Felanitx-Investment-768x576.jpeg","width":768,"height":576,"mime-type":"image\/jpeg","filesize":98357,"url":"https:\/\/www.lucasfroeserealestate.com\/wp-content\/uploads\/2026\/08\/2614247-xJpEfnC1TrpZC3U9b9HMS23R-Naturstein-Mauer-Felanitx-Investment-768x576.jpeg"},"1536x1536":{"file":"2614247-xJpEfnC1TrpZC3U9b9HMS23R-Naturstein-Mauer-Felanitx-Investment-1536x1152.jpeg","width":1536,"height":1152,"mime-type":"image\/jpeg","filesize":330943,"url":"https:\/\/www.lucasfroeserealestate.com\/wp-content\/uploads\/2026\/08\/2614247-xJpEfnC1TrpZC3U9b9HMS23R-Naturstein-Mauer-Felanitx-Investment-1536x1152.jpeg"},"post-thumbnail":{"file":"2614247-xJpEfnC1TrpZC3U9b9HMS23R-Naturstein-Mauer-Felanitx-Investment-150x113.jpeg","width":150,"height":113,"mime-type":"image\/jpeg","filesize":6309,"url":"https:\/\/www.lucasfroeserealestate.com\/wp-content\/uploads\/2026\/08\/2614247-xJpEfnC1TrpZC3U9b9HMS23R-Naturstein-Mauer-Felanitx-Investment-150x113.jpeg"},"modern-property-child-slider":{"file":"2614247-xJpEfnC1TrpZC3U9b9HMS23R-Naturstein-Mauer-Felanitx-Investment-680x510.jpeg","width":680,"height":510,"mime-type":"image\/jpeg","filesize":79296,"url":"https:\/\/www.lucasfroeserealestate.com\/wp-content\/uploads\/2026\/08\/2614247-xJpEfnC1TrpZC3U9b9HMS23R-Naturstein-Mauer-Felanitx-Investment-680x510.jpeg"},"property-thumb-image":{"file":"2614247-xJpEfnC1TrpZC3U9b9HMS23R-Naturstein-Mauer-Felanitx-Investment-488x326.jpeg","width":488,"height":326,"mime-type":"image\/jpeg","filesize":39985,"url":"https:\/\/www.lucasfroeserealestate.com\/wp-content\/uploads\/2026\/08\/2614247-xJpEfnC1TrpZC3U9b9HMS23R-Naturstein-Mauer-Felanitx-Investment-488x326.jpeg"},"property-detail-video-image":{"file":"2614247-xJpEfnC1TrpZC3U9b9HMS23R-Naturstein-Mauer-Felanitx-Investment-818x417.jpeg","width":818,"height":417,"mime-type":"image\/jpeg","filesize":80300,"url":"https:\/\/www.lucasfroeserealestate.com\/wp-content\/uploads\/2026\/08\/2614247-xJpEfnC1TrpZC3U9b9HMS23R-Naturstein-Mauer-Felanitx-Investment-818x417.jpeg"},"agent-image":{"file":"2614247-xJpEfnC1TrpZC3U9b9HMS23R-Naturstein-Mauer-Felanitx-Investment-210x210.jpeg","width":210,"height":210,"mime-type":"image\/jpeg","filesize":13457,"url":"https:\/\/www.lucasfroeserealestate.com\/wp-content\/uploads\/2026\/08\/2614247-xJpEfnC1TrpZC3U9b9HMS23R-Naturstein-Mauer-Felanitx-Investment-210x210.jpeg"},"partners-logo":{"file":"2614247-xJpEfnC1TrpZC3U9b9HMS23R-Naturstein-Mauer-Felanitx-Investment-600x1440.jpeg","width":600,"height":1440,"mime-type":"image\/jpeg","filesize":164962,"url":"https:\/\/www.lucasfroeserealestate.com\/wp-content\/uploads\/2026\/08\/2614247-xJpEfnC1TrpZC3U9b9HMS23R-Naturstein-Mauer-Felanitx-Investment-600x1440.jpeg"},"post-featured-image":{"file":"2614247-xJpEfnC1TrpZC3U9b9HMS23R-Naturstein-Mauer-Felanitx-Investment-1240x720.jpeg","width":1240,"height":720,"mime-type":"image\/jpeg","filesize":184344,"url":"https:\/\/www.lucasfroeserealestate.com\/wp-content\/uploads\/2026\/08\/2614247-xJpEfnC1TrpZC3U9b9HMS23R-Naturstein-Mauer-Felanitx-Investment-1240x720.jpeg"}},"image_meta":{"aperture":"0","credit":"","camera":"","caption":"","created_timestamp":"0","copyright":"","focal_length":"0","iso":"0","shutter_speed":"0","title":"","orientation":"0","keywords":[],"alt":""},"ID":"101540","name":"2614247-xJpEfnC1TrpZC3U9b9HMS23R-Naturstein-Mauer-Felanitx-Investment.jpeg","path":"\/home\/empleost\/domains\/lucasfroeserealestate.com\/public_html\/wp-content\/uploads\/2026\/08\/2614247-xJpEfnC1TrpZC3U9b9HMS23R-Naturstein-Mauer-Felanitx-Investment.jpeg","url":"https:\/\/www.lucasfroeserealestate.com\/wp-content\/uploads\/2026\/08\/2614247-xJpEfnC1TrpZC3U9b9HMS23R-Naturstein-Mauer-Felanitx-Investment-150x150.jpeg","full_url":"https:\/\/www.lucasfroeserealestate.com\/wp-content\/uploads\/2026\/08\/2614247-xJpEfnC1TrpZC3U9b9HMS23R-Naturstein-Mauer-Felanitx-Investment.jpeg","title":"Naturstein Mauer Felanitx Investment","caption":"Naturstein Mauer Felanitx Investment","description":"","alt":"Naturstein Mauer Felanitx Investment","srcset":"https:\/\/www.lucasfroeserealestate.com\/wp-content\/uploads\/2026\/08\/2614247-xJpEfnC1TrpZC3U9b9HMS23R-Naturstein-Mauer-Felanitx-Investment-150x150.jpeg 150w, https:\/\/www.lucasfroeserealestate.com\/wp-content\/uploads\/2026\/08\/2614247-xJpEfnC1TrpZC3U9b9HMS23R-Naturstein-Mauer-Felanitx-Investment-210x210.jpeg 210w"},{"width":150,"height":150,"file":"2026\/08\/2614247-Bw654aqJxUp3AS1ugV7ghtKZ-Finca-Investment-Felanitx.jpeg","filesize":284381,"sizes":{"medium":{"file":"2614247-Bw654aqJxUp3AS1ugV7ghtKZ-Finca-Investment-Felanitx-300x225.jpeg","width":300,"height":225,"mime-type":"image\/jpeg","filesize":18864,"url":"https:\/\/www.lucasfroeserealestate.com\/wp-content\/uploads\/2026\/08\/2614247-Bw654aqJxUp3AS1ugV7ghtKZ-Finca-Investment-Felanitx-300x225.jpeg"},"large":{"file":"2614247-Bw654aqJxUp3AS1ugV7ghtKZ-Finca-Investment-Felanitx-1024x768.jpeg","width":1024,"height":768,"mime-type":"image\/jpeg","filesize":152150,"url":"https:\/\/www.lucasfroeserealestate.com\/wp-content\/uploads\/2026\/08\/2614247-Bw654aqJxUp3AS1ugV7ghtKZ-Finca-Investment-Felanitx-1024x768.jpeg"},"thumbnail":{"file":"2614247-Bw654aqJxUp3AS1ugV7ghtKZ-Finca-Investment-Felanitx-150x150.jpeg","width":150,"height":150,"mime-type":"image\/jpeg","filesize":7066,"url":"https:\/\/www.lucasfroeserealestate.com\/wp-content\/uploads\/2026\/08\/2614247-Bw654aqJxUp3AS1ugV7ghtKZ-Finca-Investment-Felanitx-150x150.jpeg"},"medium_large":{"file":"2614247-Bw654aqJxUp3AS1ugV7ghtKZ-Finca-Investment-Felanitx-768x576.jpeg","width":768,"height":576,"mime-type":"image\/jpeg","filesize":92548,"url":"https:\/\/www.lucasfroeserealestate.com\/wp-content\/uploads\/2026\/08\/2614247-Bw654aqJxUp3AS1ugV7ghtKZ-Finca-Investment-Felanitx-768x576.jpeg"},"1536x1536":{"file":"2614247-Bw654aqJxUp3AS1ugV7ghtKZ-Finca-Investment-Felanitx-1536x1152.jpeg","width":1536,"height":1152,"mime-type":"image\/jpeg","filesize":303948,"url":"https:\/\/www.lucasfroeserealestate.com\/wp-content\/uploads\/2026\/08\/2614247-Bw654aqJxUp3AS1ugV7ghtKZ-Finca-Investment-Felanitx-1536x1152.jpeg"},"post-thumbnail":{"file":"2614247-Bw654aqJxUp3AS1ugV7ghtKZ-Finca-Investment-Felanitx-150x113.jpeg","width":150,"height":113,"mime-type":"image\/jpeg","filesize":6090,"url":"https:\/\/www.lucasfroeserealestate.com\/wp-content\/uploads\/2026\/08\/2614247-Bw654aqJxUp3AS1ugV7ghtKZ-Finca-Investment-Felanitx-150x113.jpeg"},"modern-property-child-slider":{"file":"2614247-Bw654aqJxUp3AS1ugV7ghtKZ-Finca-Investment-Felanitx-680x510.jpeg","width":680,"height":510,"mime-type":"image\/jpeg","filesize":74762,"url":"https:\/\/www.lucasfroeserealestate.com\/wp-content\/uploads\/2026\/08\/2614247-Bw654aqJxUp3AS1ugV7ghtKZ-Finca-Investment-Felanitx-680x510.jpeg"},"property-thumb-image":{"file":"2614247-Bw654aqJxUp3AS1ugV7ghtKZ-Finca-Investment-Felanitx-488x326.jpeg","width":488,"height":326,"mime-type":"image\/jpeg","filesize":38443,"url":"https:\/\/www.lucasfroeserealestate.com\/wp-content\/uploads\/2026\/08\/2614247-Bw654aqJxUp3AS1ugV7ghtKZ-Finca-Investment-Felanitx-488x326.jpeg"},"property-detail-video-image":{"file":"2614247-Bw654aqJxUp3AS1ugV7ghtKZ-Finca-Investment-Felanitx-818x417.jpeg","width":818,"height":417,"mime-type":"image\/jpeg","filesize":75151,"url":"https:\/\/www.lucasfroeserealestate.com\/wp-content\/uploads\/2026\/08\/2614247-Bw654aqJxUp3AS1ugV7ghtKZ-Finca-Investment-Felanitx-818x417.jpeg"},"agent-image":{"file":"2614247-Bw654aqJxUp3AS1ugV7ghtKZ-Finca-Investment-Felanitx-210x210.jpeg","width":210,"height":210,"mime-type":"image\/jpeg","filesize":12374,"url":"https:\/\/www.lucasfroeserealestate.com\/wp-content\/uploads\/2026\/08\/2614247-Bw654aqJxUp3AS1ugV7ghtKZ-Finca-Investment-Felanitx-210x210.jpeg"},"partners-logo":{"file":"2614247-Bw654aqJxUp3AS1ugV7ghtKZ-Finca-Investment-Felanitx-600x1440.jpeg","width":600,"height":1440,"mime-type":"image\/jpeg","filesize":147502,"url":"https:\/\/www.lucasfroeserealestate.com\/wp-content\/uploads\/2026\/08\/2614247-Bw654aqJxUp3AS1ugV7ghtKZ-Finca-Investment-Felanitx-600x1440.jpeg"},"post-featured-image":{"file":"2614247-Bw654aqJxUp3AS1ugV7ghtKZ-Finca-Investment-Felanitx-1240x720.jpeg","width":1240,"height":720,"mime-type":"image\/jpeg","filesize":171110,"url":"https:\/\/www.lucasfroeserealestate.com\/wp-content\/uploads\/2026\/08\/2614247-Bw654aqJxUp3AS1ugV7ghtKZ-Finca-Investment-Felanitx-1240x720.jpeg"}},"image_meta":{"aperture":"0","credit":"","camera":"","caption":"","created_timestamp":"0","copyright":"","focal_length":"0","iso":"0","shutter_speed":"0","title":"","orientation":"0","keywords":[],"alt":""},"ID":"101541","name":"2614247-Bw654aqJxUp3AS1ugV7ghtKZ-Finca-Investment-Felanitx.jpeg","path":"\/home\/empleost\/domains\/lucasfroeserealestate.com\/public_html\/wp-content\/uploads\/2026\/08\/2614247-Bw654aqJxUp3AS1ugV7ghtKZ-Finca-Investment-Felanitx.jpeg","url":"https:\/\/www.lucasfroeserealestate.com\/wp-content\/uploads\/2026\/08\/2614247-Bw654aqJxUp3AS1ugV7ghtKZ-Finca-Investment-Felanitx-150x150.jpeg","full_url":"https:\/\/www.lucasfroeserealestate.com\/wp-content\/uploads\/2026\/08\/2614247-Bw654aqJxUp3AS1ugV7ghtKZ-Finca-Investment-Felanitx.jpeg","title":"Finca Investment Felanitx","caption":"Finca Investment Felanitx","description":"","alt":"Finca Investment Felanitx","srcset":"https:\/\/www.lucasfroeserealestate.com\/wp-content\/uploads\/2026\/08\/2614247-Bw654aqJxUp3AS1ugV7ghtKZ-Finca-Investment-Felanitx-150x150.jpeg 150w, https:\/\/www.lucasfroeserealestate.com\/wp-content\/uploads\/2026\/08\/2614247-Bw654aqJxUp3AS1ugV7ghtKZ-Finca-Investment-Felanitx-210x210.jpeg 210w"},{"width":150,"height":150,"file":"2026\/08\/2614247-vsyasXBDYeV9D1YrceGGFriS-Investment-Mallorca.jpeg","filesize":229794,"sizes":{"medium":{"file":"2614247-vsyasXBDYeV9D1YrceGGFriS-Investment-Mallorca-300x225.jpeg","width":300,"height":225,"mime-type":"image\/jpeg","filesize":17499,"url":"https:\/\/www.lucasfroeserealestate.com\/wp-content\/uploads\/2026\/08\/2614247-vsyasXBDYeV9D1YrceGGFriS-Investment-Mallorca-300x225.jpeg"},"large":{"file":"2614247-vsyasXBDYeV9D1YrceGGFriS-Investment-Mallorca-1024x768.jpeg","width":1024,"height":768,"mime-type":"image\/jpeg","filesize":131526,"url":"https:\/\/www.lucasfroeserealestate.com\/wp-content\/uploads\/2026\/08\/2614247-vsyasXBDYeV9D1YrceGGFriS-Investment-Mallorca-1024x768.jpeg"},"thumbnail":{"file":"2614247-vsyasXBDYeV9D1YrceGGFriS-Investment-Mallorca-150x150.jpeg","width":150,"height":150,"mime-type":"image\/jpeg","filesize":6952,"url":"https:\/\/www.lucasfroeserealestate.com\/wp-content\/uploads\/2026\/08\/2614247-vsyasXBDYeV9D1YrceGGFriS-Investment-Mallorca-150x150.jpeg"},"medium_large":{"file":"2614247-vsyasXBDYeV9D1YrceGGFriS-Investment-Mallorca-768x576.jpeg","width":768,"height":576,"mime-type":"image\/jpeg","filesize":82140,"url":"https:\/\/www.lucasfroeserealestate.com\/wp-content\/uploads\/2026\/08\/2614247-vsyasXBDYeV9D1YrceGGFriS-Investment-Mallorca-768x576.jpeg"},"1536x1536":{"file":"2614247-vsyasXBDYeV9D1YrceGGFriS-Investment-Mallorca-1536x1152.jpeg","width":1536,"height":1152,"mime-type":"image\/jpeg","filesize":255828,"url":"https:\/\/www.lucasfroeserealestate.com\/wp-content\/uploads\/2026\/08\/2614247-vsyasXBDYeV9D1YrceGGFriS-Investment-Mallorca-1536x1152.jpeg"},"post-thumbnail":{"file":"2614247-vsyasXBDYeV9D1YrceGGFriS-Investment-Mallorca-150x113.jpeg","width":150,"height":113,"mime-type":"image\/jpeg","filesize":5875,"url":"https:\/\/www.lucasfroeserealestate.com\/wp-content\/uploads\/2026\/08\/2614247-vsyasXBDYeV9D1YrceGGFriS-Investment-Mallorca-150x113.jpeg"},"modern-property-child-slider":{"file":"2614247-vsyasXBDYeV9D1YrceGGFriS-Investment-Mallorca-680x510.jpeg","width":680,"height":510,"mime-type":"image\/jpeg","filesize":67002,"url":"https:\/\/www.lucasfroeserealestate.com\/wp-content\/uploads\/2026\/08\/2614247-vsyasXBDYeV9D1YrceGGFriS-Investment-Mallorca-680x510.jpeg"},"property-thumb-image":{"file":"2614247-vsyasXBDYeV9D1YrceGGFriS-Investment-Mallorca-488x326.jpeg","width":488,"height":326,"mime-type":"image\/jpeg","filesize":35101,"url":"https:\/\/www.lucasfroeserealestate.com\/wp-content\/uploads\/2026\/08\/2614247-vsyasXBDYeV9D1YrceGGFriS-Investment-Mallorca-488x326.jpeg"},"property-detail-video-image":{"file":"2614247-vsyasXBDYeV9D1YrceGGFriS-Investment-Mallorca-818x417.jpeg","width":818,"height":417,"mime-type":"image\/jpeg","filesize":66409,"url":"https:\/\/www.lucasfroeserealestate.com\/wp-content\/uploads\/2026\/08\/2614247-vsyasXBDYeV9D1YrceGGFriS-Investment-Mallorca-818x417.jpeg"},"agent-image":{"file":"2614247-vsyasXBDYeV9D1YrceGGFriS-Investment-Mallorca-210x210.jpeg","width":210,"height":210,"mime-type":"image\/jpeg","filesize":12199,"url":"https:\/\/www.lucasfroeserealestate.com\/wp-content\/uploads\/2026\/08\/2614247-vsyasXBDYeV9D1YrceGGFriS-Investment-Mallorca-210x210.jpeg"},"partners-logo":{"file":"2614247-vsyasXBDYeV9D1YrceGGFriS-Investment-Mallorca-600x1440.jpeg","width":600,"height":1440,"mime-type":"image\/jpeg","filesize":125678,"url":"https:\/\/www.lucasfroeserealestate.com\/wp-content\/uploads\/2026\/08\/2614247-vsyasXBDYeV9D1YrceGGFriS-Investment-Mallorca-600x1440.jpeg"},"post-featured-image":{"file":"2614247-vsyasXBDYeV9D1YrceGGFriS-Investment-Mallorca-1240x720.jpeg","width":1240,"height":720,"mime-type":"image\/jpeg","filesize":145929,"url":"https:\/\/www.lucasfroeserealestate.com\/wp-content\/uploads\/2026\/08\/2614247-vsyasXBDYeV9D1YrceGGFriS-Investment-Mallorca-1240x720.jpeg"}},"image_meta":{"aperture":"0","credit":"","camera":"","caption":"","created_timestamp":"0","copyright":"","focal_length":"0","iso":"0","shutter_speed":"0","title":"","orientation":"0","keywords":[],"alt":""},"ID":"101542","name":"2614247-vsyasXBDYeV9D1YrceGGFriS-Investment-Mallorca.jpeg","path":"\/home\/empleost\/domains\/lucasfroeserealestate.com\/public_html\/wp-content\/uploads\/2026\/08\/2614247-vsyasXBDYeV9D1YrceGGFriS-Investment-Mallorca.jpeg","url":"https:\/\/www.lucasfroeserealestate.com\/wp-content\/uploads\/2026\/08\/2614247-vsyasXBDYeV9D1YrceGGFriS-Investment-Mallorca-150x150.jpeg","full_url":"https:\/\/www.lucasfroeserealestate.com\/wp-content\/uploads\/2026\/08\/2614247-vsyasXBDYeV9D1YrceGGFriS-Investment-Mallorca.jpeg","title":"Investment Mallorca","caption":"Investment Mallorca","description":"","alt":"Investment Mallorca","srcset":"https:\/\/www.lucasfroeserealestate.com\/wp-content\/uploads\/2026\/08\/2614247-vsyasXBDYeV9D1YrceGGFriS-Investment-Mallorca-150x150.jpeg 150w, https:\/\/www.lucasfroeserealestate.com\/wp-content\/uploads\/2026\/08\/2614247-vsyasXBDYeV9D1YrceGGFriS-Investment-Mallorca-210x210.jpeg 210w"},{"width":150,"height":150,"file":"2026\/08\/2614247-7yAVHSUDCmFhN5Uhtegthymc-Breite-Saal-Luxusimmobilien-Felanitx.jpeg","filesize":283462,"sizes":{"medium":{"file":"2614247-7yAVHSUDCmFhN5Uhtegthymc-Breite-Saal-Luxusimmobilien-Felanitx-300x225.jpeg","width":300,"height":225,"mime-type":"image\/jpeg","filesize":20963,"url":"https:\/\/www.lucasfroeserealestate.com\/wp-content\/uploads\/2026\/08\/2614247-7yAVHSUDCmFhN5Uhtegthymc-Breite-Saal-Luxusimmobilien-Felanitx-300x225.jpeg"},"large":{"file":"2614247-7yAVHSUDCmFhN5Uhtegthymc-Breite-Saal-Luxusimmobilien-Felanitx-1024x768.jpeg","width":1024,"height":768,"mime-type":"image\/jpeg","filesize":159865,"url":"https:\/\/www.lucasfroeserealestate.com\/wp-content\/uploads\/2026\/08\/2614247-7yAVHSUDCmFhN5Uhtegthymc-Breite-Saal-Luxusimmobilien-Felanitx-1024x768.jpeg"},"thumbnail":{"file":"2614247-7yAVHSUDCmFhN5Uhtegthymc-Breite-Saal-Luxusimmobilien-Felanitx-150x150.jpeg","width":150,"height":150,"mime-type":"image\/jpeg","filesize":8265,"url":"https:\/\/www.lucasfroeserealestate.com\/wp-content\/uploads\/2026\/08\/2614247-7yAVHSUDCmFhN5Uhtegthymc-Breite-Saal-Luxusimmobilien-Felanitx-150x150.jpeg"},"medium_large":{"file":"2614247-7yAVHSUDCmFhN5Uhtegthymc-Breite-Saal-Luxusimmobilien-Felanitx-768x576.jpeg","width":768,"height":576,"mime-type":"image\/jpeg","filesize":100138,"url":"https:\/\/www.lucasfroeserealestate.com\/wp-content\/uploads\/2026\/08\/2614247-7yAVHSUDCmFhN5Uhtegthymc-Breite-Saal-Luxusimmobilien-Felanitx-768x576.jpeg"},"1536x1536":{"file":"2614247-7yAVHSUDCmFhN5Uhtegthymc-Breite-Saal-Luxusimmobilien-Felanitx-1536x1152.jpeg","width":1536,"height":1152,"mime-type":"image\/jpeg","filesize":305177,"url":"https:\/\/www.lucasfroeserealestate.com\/wp-content\/uploads\/2026\/08\/2614247-7yAVHSUDCmFhN5Uhtegthymc-Breite-Saal-Luxusimmobilien-Felanitx-1536x1152.jpeg"},"post-thumbnail":{"file":"2614247-7yAVHSUDCmFhN5Uhtegthymc-Breite-Saal-Luxusimmobilien-Felanitx-150x113.jpeg","width":150,"height":113,"mime-type":"image\/jpeg","filesize":6666,"url":"https:\/\/www.lucasfroeserealestate.com\/wp-content\/uploads\/2026\/08\/2614247-7yAVHSUDCmFhN5Uhtegthymc-Breite-Saal-Luxusimmobilien-Felanitx-150x113.jpeg"},"modern-property-child-slider":{"file":"2614247-7yAVHSUDCmFhN5Uhtegthymc-Breite-Saal-Luxusimmobilien-Felanitx-680x510.jpeg","width":680,"height":510,"mime-type":"image\/jpeg","filesize":81516,"url":"https:\/\/www.lucasfroeserealestate.com\/wp-content\/uploads\/2026\/08\/2614247-7yAVHSUDCmFhN5Uhtegthymc-Breite-Saal-Luxusimmobilien-Felanitx-680x510.jpeg"},"property-thumb-image":{"file":"2614247-7yAVHSUDCmFhN5Uhtegthymc-Breite-Saal-Luxusimmobilien-Felanitx-488x326.jpeg","width":488,"height":326,"mime-type":"image\/jpeg","filesize":42889,"url":"https:\/\/www.lucasfroeserealestate.com\/wp-content\/uploads\/2026\/08\/2614247-7yAVHSUDCmFhN5Uhtegthymc-Breite-Saal-Luxusimmobilien-Felanitx-488x326.jpeg"},"property-detail-video-image":{"file":"2614247-7yAVHSUDCmFhN5Uhtegthymc-Breite-Saal-Luxusimmobilien-Felanitx-818x417.jpeg","width":818,"height":417,"mime-type":"image\/jpeg","filesize":81608,"url":"https:\/\/www.lucasfroeserealestate.com\/wp-content\/uploads\/2026\/08\/2614247-7yAVHSUDCmFhN5Uhtegthymc-Breite-Saal-Luxusimmobilien-Felanitx-818x417.jpeg"},"agent-image":{"file":"2614247-7yAVHSUDCmFhN5Uhtegthymc-Breite-Saal-Luxusimmobilien-Felanitx-210x210.jpeg","width":210,"height":210,"mime-type":"image\/jpeg","filesize":14464,"url":"https:\/\/www.lucasfroeserealestate.com\/wp-content\/uploads\/2026\/08\/2614247-7yAVHSUDCmFhN5Uhtegthymc-Breite-Saal-Luxusimmobilien-Felanitx-210x210.jpeg"},"partners-logo":{"file":"2614247-7yAVHSUDCmFhN5Uhtegthymc-Breite-Saal-Luxusimmobilien-Felanitx-600x1440.jpeg","width":600,"height":1440,"mime-type":"image\/jpeg","filesize":148129,"url":"https:\/\/www.lucasfroeserealestate.com\/wp-content\/uploads\/2026\/08\/2614247-7yAVHSUDCmFhN5Uhtegthymc-Breite-Saal-Luxusimmobilien-Felanitx-600x1440.jpeg"},"post-featured-image":{"file":"2614247-7yAVHSUDCmFhN5Uhtegthymc-Breite-Saal-Luxusimmobilien-Felanitx-1240x720.jpeg","width":1240,"height":720,"mime-type":"image\/jpeg","filesize":177001,"url":"https:\/\/www.lucasfroeserealestate.com\/wp-content\/uploads\/2026\/08\/2614247-7yAVHSUDCmFhN5Uhtegthymc-Breite-Saal-Luxusimmobilien-Felanitx-1240x720.jpeg"}},"image_meta":{"aperture":"0","credit":"","camera":"","caption":"","created_timestamp":"0","copyright":"","focal_length":"0","iso":"0","shutter_speed":"0","title":"","orientation":"0","keywords":[],"alt":""},"ID":"101543","name":"2614247-7yAVHSUDCmFhN5Uhtegthymc-Breite-Saal-Luxusimmobilien-Felanitx.jpeg","path":"\/home\/empleost\/domains\/lucasfroeserealestate.com\/public_html\/wp-content\/uploads\/2026\/08\/2614247-7yAVHSUDCmFhN5Uhtegthymc-Breite-Saal-Luxusimmobilien-Felanitx.jpeg","url":"https:\/\/www.lucasfroeserealestate.com\/wp-content\/uploads\/2026\/08\/2614247-7yAVHSUDCmFhN5Uhtegthymc-Breite-Saal-Luxusimmobilien-Felanitx-150x150.jpeg","full_url":"https:\/\/www.lucasfroeserealestate.com\/wp-content\/uploads\/2026\/08\/2614247-7yAVHSUDCmFhN5Uhtegthymc-Breite-Saal-Luxusimmobilien-Felanitx.jpeg","title":"Breite Saal Luxusimmobilien Felanitx","caption":"Breite Saal Luxusimmobilien Felanitx","description":"","alt":"Breite Saal Luxusimmobilien Felanitx","srcset":"https:\/\/www.lucasfroeserealestate.com\/wp-content\/uploads\/2026\/08\/2614247-7yAVHSUDCmFhN5Uhtegthymc-Breite-Saal-Luxusimmobilien-Felanitx-150x150.jpeg 150w, https:\/\/www.lucasfroeserealestate.com\/wp-content\/uploads\/2026\/08\/2614247-7yAVHSUDCmFhN5Uhtegthymc-Breite-Saal-Luxusimmobilien-Felanitx-210x210.jpeg 210w"},{"width":150,"height":150,"file":"2026\/08\/2614247-TKCnp2CNm1sP8eJ7nDWJutjG-Helle-Kuche-Immobilien-Felanitx.jpeg","filesize":225681,"sizes":{"medium":{"file":"2614247-TKCnp2CNm1sP8eJ7nDWJutjG-Helle-Kuche-Immobilien-Felanitx-300x225.jpeg","width":300,"height":225,"mime-type":"image\/jpeg","filesize":14689,"url":"https:\/\/www.lucasfroeserealestate.com\/wp-content\/uploads\/2026\/08\/2614247-TKCnp2CNm1sP8eJ7nDWJutjG-Helle-Kuche-Immobilien-Felanitx-300x225.jpeg"},"large":{"file":"2614247-TKCnp2CNm1sP8eJ7nDWJutjG-Helle-Kuche-Immobilien-Felanitx-1024x768.jpeg","width":1024,"height":768,"mime-type":"image\/jpeg","filesize":116431,"url":"https:\/\/www.lucasfroeserealestate.com\/wp-content\/uploads\/2026\/08\/2614247-TKCnp2CNm1sP8eJ7nDWJutjG-Helle-Kuche-Immobilien-Felanitx-1024x768.jpeg"},"thumbnail":{"file":"2614247-TKCnp2CNm1sP8eJ7nDWJutjG-Helle-Kuche-Immobilien-Felanitx-150x150.jpeg","width":150,"height":150,"mime-type":"image\/jpeg","filesize":5817,"url":"https:\/\/www.lucasfroeserealestate.com\/wp-content\/uploads\/2026\/08\/2614247-TKCnp2CNm1sP8eJ7nDWJutjG-Helle-Kuche-Immobilien-Felanitx-150x150.jpeg"},"medium_large":{"file":"2614247-TKCnp2CNm1sP8eJ7nDWJutjG-Helle-Kuche-Immobilien-Felanitx-768x576.jpeg","width":768,"height":576,"mime-type":"image\/jpeg","filesize":69593,"url":"https:\/\/www.lucasfroeserealestate.com\/wp-content\/uploads\/2026\/08\/2614247-TKCnp2CNm1sP8eJ7nDWJutjG-Helle-Kuche-Immobilien-Felanitx-768x576.jpeg"},"1536x1536":{"file":"2614247-TKCnp2CNm1sP8eJ7nDWJutjG-Helle-Kuche-Immobilien-Felanitx-1536x1152.jpeg","width":1536,"height":1152,"mime-type":"image\/jpeg","filesize":246260,"url":"https:\/\/www.lucasfroeserealestate.com\/wp-content\/uploads\/2026\/08\/2614247-TKCnp2CNm1sP8eJ7nDWJutjG-Helle-Kuche-Immobilien-Felanitx-1536x1152.jpeg"},"post-thumbnail":{"file":"2614247-TKCnp2CNm1sP8eJ7nDWJutjG-Helle-Kuche-Immobilien-Felanitx-150x113.jpeg","width":150,"height":113,"mime-type":"image\/jpeg","filesize":5207,"url":"https:\/\/www.lucasfroeserealestate.com\/wp-content\/uploads\/2026\/08\/2614247-TKCnp2CNm1sP8eJ7nDWJutjG-Helle-Kuche-Immobilien-Felanitx-150x113.jpeg"},"modern-property-child-slider":{"file":"2614247-TKCnp2CNm1sP8eJ7nDWJutjG-Helle-Kuche-Immobilien-Felanitx-680x510.jpeg","width":680,"height":510,"mime-type":"image\/jpeg","filesize":56343,"url":"https:\/\/www.lucasfroeserealestate.com\/wp-content\/uploads\/2026\/08\/2614247-TKCnp2CNm1sP8eJ7nDWJutjG-Helle-Kuche-Immobilien-Felanitx-680x510.jpeg"},"property-thumb-image":{"file":"2614247-TKCnp2CNm1sP8eJ7nDWJutjG-Helle-Kuche-Immobilien-Felanitx-488x326.jpeg","width":488,"height":326,"mime-type":"image\/jpeg","filesize":29764,"url":"https:\/\/www.lucasfroeserealestate.com\/wp-content\/uploads\/2026\/08\/2614247-TKCnp2CNm1sP8eJ7nDWJutjG-Helle-Kuche-Immobilien-Felanitx-488x326.jpeg"},"property-detail-video-image":{"file":"2614247-TKCnp2CNm1sP8eJ7nDWJutjG-Helle-Kuche-Immobilien-Felanitx-818x417.jpeg","width":818,"height":417,"mime-type":"image\/jpeg","filesize":57293,"url":"https:\/\/www.lucasfroeserealestate.com\/wp-content\/uploads\/2026\/08\/2614247-TKCnp2CNm1sP8eJ7nDWJutjG-Helle-Kuche-Immobilien-Felanitx-818x417.jpeg"},"agent-image":{"file":"2614247-TKCnp2CNm1sP8eJ7nDWJutjG-Helle-Kuche-Immobilien-Felanitx-210x210.jpeg","width":210,"height":210,"mime-type":"image\/jpeg","filesize":9892,"url":"https:\/\/www.lucasfroeserealestate.com\/wp-content\/uploads\/2026\/08\/2614247-TKCnp2CNm1sP8eJ7nDWJutjG-Helle-Kuche-Immobilien-Felanitx-210x210.jpeg"},"partners-logo":{"file":"2614247-TKCnp2CNm1sP8eJ7nDWJutjG-Helle-Kuche-Immobilien-Felanitx-600x1440.jpeg","width":600,"height":1440,"mime-type":"image\/jpeg","filesize":101829,"url":"https:\/\/www.lucasfroeserealestate.com\/wp-content\/uploads\/2026\/08\/2614247-TKCnp2CNm1sP8eJ7nDWJutjG-Helle-Kuche-Immobilien-Felanitx-600x1440.jpeg"},"post-featured-image":{"file":"2614247-TKCnp2CNm1sP8eJ7nDWJutjG-Helle-Kuche-Immobilien-Felanitx-1240x720.jpeg","width":1240,"height":720,"mime-type":"image\/jpeg","filesize":132294,"url":"https:\/\/www.lucasfroeserealestate.com\/wp-content\/uploads\/2026\/08\/2614247-TKCnp2CNm1sP8eJ7nDWJutjG-Helle-Kuche-Immobilien-Felanitx-1240x720.jpeg"}},"image_meta":{"aperture":"0","credit":"","camera":"","caption":"","created_timestamp":"0","copyright":"","focal_length":"0","iso":"0","shutter_speed":"0","title":"","orientation":"0","keywords":[],"alt":""},"ID":"101544","name":"2614247-TKCnp2CNm1sP8eJ7nDWJutjG-Helle-Kuche-Immobilien-Felanitx.jpeg","path":"\/home\/empleost\/domains\/lucasfroeserealestate.com\/public_html\/wp-content\/uploads\/2026\/08\/2614247-TKCnp2CNm1sP8eJ7nDWJutjG-Helle-Kuche-Immobilien-Felanitx.jpeg","url":"https:\/\/www.lucasfroeserealestate.com\/wp-content\/uploads\/2026\/08\/2614247-TKCnp2CNm1sP8eJ7nDWJutjG-Helle-Kuche-Immobilien-Felanitx-150x150.jpeg","full_url":"https:\/\/www.lucasfroeserealestate.com\/wp-content\/uploads\/2026\/08\/2614247-TKCnp2CNm1sP8eJ7nDWJutjG-Helle-Kuche-Immobilien-Felanitx.jpeg","title":"Helle K\u00fcche Immobilien Felanitx","caption":"Helle K\u00fcche Immobilien Felanitx","description":"","alt":"Helle K\u00fcche Immobilien Felanitx","srcset":"https:\/\/www.lucasfroeserealestate.com\/wp-content\/uploads\/2026\/08\/2614247-TKCnp2CNm1sP8eJ7nDWJutjG-Helle-Kuche-Immobilien-Felanitx-150x150.jpeg 150w, https:\/\/www.lucasfroeserealestate.com\/wp-content\/uploads\/2026\/08\/2614247-TKCnp2CNm1sP8eJ7nDWJutjG-Helle-Kuche-Immobilien-Felanitx-210x210.jpeg 210w"},{"width":150,"height":150,"file":"2026\/08\/2614247-r7VPezTuSWJXWy6zXNZSfBWH-Breite-Zimmer-Investment-Felanitx.jpeg","filesize":207438,"sizes":{"medium":{"file":"2614247-r7VPezTuSWJXWy6zXNZSfBWH-Breite-Zimmer-Investment-Felanitx-300x225.jpeg","width":300,"height":225,"mime-type":"image\/jpeg","filesize":15950,"url":"https:\/\/www.lucasfroeserealestate.com\/wp-content\/uploads\/2026\/08\/2614247-r7VPezTuSWJXWy6zXNZSfBWH-Breite-Zimmer-Investment-Felanitx-300x225.jpeg"},"large":{"file":"2614247-r7VPezTuSWJXWy6zXNZSfBWH-Breite-Zimmer-Investment-Felanitx-1024x768.jpeg","width":1024,"height":768,"mime-type":"image\/jpeg","filesize":117979,"url":"https:\/\/www.lucasfroeserealestate.com\/wp-content\/uploads\/2026\/08\/2614247-r7VPezTuSWJXWy6zXNZSfBWH-Breite-Zimmer-Investment-Felanitx-1024x768.jpeg"},"thumbnail":{"file":"2614247-r7VPezTuSWJXWy6zXNZSfBWH-Breite-Zimmer-Investment-Felanitx-150x150.jpeg","width":150,"height":150,"mime-type":"image\/jpeg","filesize":6135,"url":"https:\/\/www.lucasfroeserealestate.com\/wp-content\/uploads\/2026\/08\/2614247-r7VPezTuSWJXWy6zXNZSfBWH-Breite-Zimmer-Investment-Felanitx-150x150.jpeg"},"medium_large":{"file":"2614247-r7VPezTuSWJXWy6zXNZSfBWH-Breite-Zimmer-Investment-Felanitx-768x576.jpeg","width":768,"height":576,"mime-type":"image\/jpeg","filesize":73459,"url":"https:\/\/www.lucasfroeserealestate.com\/wp-content\/uploads\/2026\/08\/2614247-r7VPezTuSWJXWy6zXNZSfBWH-Breite-Zimmer-Investment-Felanitx-768x576.jpeg"},"1536x1536":{"file":"2614247-r7VPezTuSWJXWy6zXNZSfBWH-Breite-Zimmer-Investment-Felanitx-1536x1152.jpeg","width":1536,"height":1152,"mime-type":"image\/jpeg","filesize":231420,"url":"https:\/\/www.lucasfroeserealestate.com\/wp-content\/uploads\/2026\/08\/2614247-r7VPezTuSWJXWy6zXNZSfBWH-Breite-Zimmer-Investment-Felanitx-1536x1152.jpeg"},"post-thumbnail":{"file":"2614247-r7VPezTuSWJXWy6zXNZSfBWH-Breite-Zimmer-Investment-Felanitx-150x113.jpeg","width":150,"height":113,"mime-type":"image\/jpeg","filesize":5500,"url":"https:\/\/www.lucasfroeserealestate.com\/wp-content\/uploads\/2026\/08\/2614247-r7VPezTuSWJXWy6zXNZSfBWH-Breite-Zimmer-Investment-Felanitx-150x113.jpeg"},"modern-property-child-slider":{"file":"2614247-r7VPezTuSWJXWy6zXNZSfBWH-Breite-Zimmer-Investment-Felanitx-680x510.jpeg","width":680,"height":510,"mime-type":"image\/jpeg","filesize":60003,"url":"https:\/\/www.lucasfroeserealestate.com\/wp-content\/uploads\/2026\/08\/2614247-r7VPezTuSWJXWy6zXNZSfBWH-Breite-Zimmer-Investment-Felanitx-680x510.jpeg"},"property-thumb-image":{"file":"2614247-r7VPezTuSWJXWy6zXNZSfBWH-Breite-Zimmer-Investment-Felanitx-488x326.jpeg","width":488,"height":326,"mime-type":"image\/jpeg","filesize":31713,"url":"https:\/\/www.lucasfroeserealestate.com\/wp-content\/uploads\/2026\/08\/2614247-r7VPezTuSWJXWy6zXNZSfBWH-Breite-Zimmer-Investment-Felanitx-488x326.jpeg"},"property-detail-video-image":{"file":"2614247-r7VPezTuSWJXWy6zXNZSfBWH-Breite-Zimmer-Investment-Felanitx-818x417.jpeg","width":818,"height":417,"mime-type":"image\/jpeg","filesize":59782,"url":"https:\/\/www.lucasfroeserealestate.com\/wp-content\/uploads\/2026\/08\/2614247-r7VPezTuSWJXWy6zXNZSfBWH-Breite-Zimmer-Investment-Felanitx-818x417.jpeg"},"agent-image":{"file":"2614247-r7VPezTuSWJXWy6zXNZSfBWH-Breite-Zimmer-Investment-Felanitx-210x210.jpeg","width":210,"height":210,"mime-type":"image\/jpeg","filesize":10514,"url":"https:\/\/www.lucasfroeserealestate.com\/wp-content\/uploads\/2026\/08\/2614247-r7VPezTuSWJXWy6zXNZSfBWH-Breite-Zimmer-Investment-Felanitx-210x210.jpeg"},"partners-logo":{"file":"2614247-r7VPezTuSWJXWy6zXNZSfBWH-Breite-Zimmer-Investment-Felanitx-600x1440.jpeg","width":600,"height":1440,"mime-type":"image\/jpeg","filesize":102507,"url":"https:\/\/www.lucasfroeserealestate.com\/wp-content\/uploads\/2026\/08\/2614247-r7VPezTuSWJXWy6zXNZSfBWH-Breite-Zimmer-Investment-Felanitx-600x1440.jpeg"},"post-featured-image":{"file":"2614247-r7VPezTuSWJXWy6zXNZSfBWH-Breite-Zimmer-Investment-Felanitx-1240x720.jpeg","width":1240,"height":720,"mime-type":"image\/jpeg","filesize":130998,"url":"https:\/\/www.lucasfroeserealestate.com\/wp-content\/uploads\/2026\/08\/2614247-r7VPezTuSWJXWy6zXNZSfBWH-Breite-Zimmer-Investment-Felanitx-1240x720.jpeg"}},"image_meta":{"aperture":"0","credit":"","camera":"","caption":"","created_timestamp":"0","copyright":"","focal_length":"0","iso":"0","shutter_speed":"0","title":"","orientation":"0","keywords":[],"alt":""},"ID":"101545","name":"2614247-r7VPezTuSWJXWy6zXNZSfBWH-Breite-Zimmer-Investment-Felanitx.jpeg","path":"\/home\/empleost\/domains\/lucasfroeserealestate.com\/public_html\/wp-content\/uploads\/2026\/08\/2614247-r7VPezTuSWJXWy6zXNZSfBWH-Breite-Zimmer-Investment-Felanitx.jpeg","url":"https:\/\/www.lucasfroeserealestate.com\/wp-content\/uploads\/2026\/08\/2614247-r7VPezTuSWJXWy6zXNZSfBWH-Breite-Zimmer-Investment-Felanitx-150x150.jpeg","full_url":"https:\/\/www.lucasfroeserealestate.com\/wp-content\/uploads\/2026\/08\/2614247-r7VPezTuSWJXWy6zXNZSfBWH-Breite-Zimmer-Investment-Felanitx.jpeg","title":"Breite Zimmer Investment Felanitx","caption":"Breite Zimmer Investment Felanitx","description":"","alt":"Breite Zimmer Investment Felanitx","srcset":"https:\/\/www.lucasfroeserealestate.com\/wp-content\/uploads\/2026\/08\/2614247-r7VPezTuSWJXWy6zXNZSfBWH-Breite-Zimmer-Investment-Felanitx-150x150.jpeg 150w, https:\/\/www.lucasfroeserealestate.com\/wp-content\/uploads\/2026\/08\/2614247-r7VPezTuSWJXWy6zXNZSfBWH-Breite-Zimmer-Investment-Felanitx-210x210.jpeg 210w"},{"width":150,"height":150,"file":"2026\/08\/2614247-dxJ6AP8DZzQaTC5J6RTZbxHY-helle-Kuche-Investment-Mallorca.jpeg","filesize":171811,"sizes":{"medium":{"file":"2614247-dxJ6AP8DZzQaTC5J6RTZbxHY-helle-Kuche-Investment-Mallorca-300x225.jpeg","width":300,"height":225,"mime-type":"image\/jpeg","filesize":13984,"url":"https:\/\/www.lucasfroeserealestate.com\/wp-content\/uploads\/2026\/08\/2614247-dxJ6AP8DZzQaTC5J6RTZbxHY-helle-Kuche-Investment-Mallorca-300x225.jpeg"},"large":{"file":"2614247-dxJ6AP8DZzQaTC5J6RTZbxHY-helle-Kuche-Investment-Mallorca-1024x768.jpeg","width":1024,"height":768,"mime-type":"image\/jpeg","filesize":100186,"url":"https:\/\/www.lucasfroeserealestate.com\/wp-content\/uploads\/2026\/08\/2614247-dxJ6AP8DZzQaTC5J6RTZbxHY-helle-Kuche-Investment-Mallorca-1024x768.jpeg"},"thumbnail":{"file":"2614247-dxJ6AP8DZzQaTC5J6RTZbxHY-helle-Kuche-Investment-Mallorca-150x150.jpeg","width":150,"height":150,"mime-type":"image\/jpeg","filesize":6052,"url":"https:\/\/www.lucasfroeserealestate.com\/wp-content\/uploads\/2026\/08\/2614247-dxJ6AP8DZzQaTC5J6RTZbxHY-helle-Kuche-Investment-Mallorca-150x150.jpeg"},"medium_large":{"file":"2614247-dxJ6AP8DZzQaTC5J6RTZbxHY-helle-Kuche-Investment-Mallorca-768x576.jpeg","width":768,"height":576,"mime-type":"image\/jpeg","filesize":62959,"url":"https:\/\/www.lucasfroeserealestate.com\/wp-content\/uploads\/2026\/08\/2614247-dxJ6AP8DZzQaTC5J6RTZbxHY-helle-Kuche-Investment-Mallorca-768x576.jpeg"},"1536x1536":{"file":"2614247-dxJ6AP8DZzQaTC5J6RTZbxHY-helle-Kuche-Investment-Mallorca-1536x1152.jpeg","width":1536,"height":1152,"mime-type":"image\/jpeg","filesize":193322,"url":"https:\/\/www.lucasfroeserealestate.com\/wp-content\/uploads\/2026\/08\/2614247-dxJ6AP8DZzQaTC5J6RTZbxHY-helle-Kuche-Investment-Mallorca-1536x1152.jpeg"},"post-thumbnail":{"file":"2614247-dxJ6AP8DZzQaTC5J6RTZbxHY-helle-Kuche-Investment-Mallorca-150x113.jpeg","width":150,"height":113,"mime-type":"image\/jpeg","filesize":4978,"url":"https:\/\/www.lucasfroeserealestate.com\/wp-content\/uploads\/2026\/08\/2614247-dxJ6AP8DZzQaTC5J6RTZbxHY-helle-Kuche-Investment-Mallorca-150x113.jpeg"},"modern-property-child-slider":{"file":"2614247-dxJ6AP8DZzQaTC5J6RTZbxHY-helle-Kuche-Investment-Mallorca-680x510.jpeg","width":680,"height":510,"mime-type":"image\/jpeg","filesize":51944,"url":"https:\/\/www.lucasfroeserealestate.com\/wp-content\/uploads\/2026\/08\/2614247-dxJ6AP8DZzQaTC5J6RTZbxHY-helle-Kuche-Investment-Mallorca-680x510.jpeg"},"property-thumb-image":{"file":"2614247-dxJ6AP8DZzQaTC5J6RTZbxHY-helle-Kuche-Investment-Mallorca-488x326.jpeg","width":488,"height":326,"mime-type":"image\/jpeg","filesize":27557,"url":"https:\/\/www.lucasfroeserealestate.com\/wp-content\/uploads\/2026\/08\/2614247-dxJ6AP8DZzQaTC5J6RTZbxHY-helle-Kuche-Investment-Mallorca-488x326.jpeg"},"property-detail-video-image":{"file":"2614247-dxJ6AP8DZzQaTC5J6RTZbxHY-helle-Kuche-Investment-Mallorca-818x417.jpeg","width":818,"height":417,"mime-type":"image\/jpeg","filesize":50929,"url":"https:\/\/www.lucasfroeserealestate.com\/wp-content\/uploads\/2026\/08\/2614247-dxJ6AP8DZzQaTC5J6RTZbxHY-helle-Kuche-Investment-Mallorca-818x417.jpeg"},"agent-image":{"file":"2614247-dxJ6AP8DZzQaTC5J6RTZbxHY-helle-Kuche-Investment-Mallorca-210x210.jpeg","width":210,"height":210,"mime-type":"image\/jpeg","filesize":10291,"url":"https:\/\/www.lucasfroeserealestate.com\/wp-content\/uploads\/2026\/08\/2614247-dxJ6AP8DZzQaTC5J6RTZbxHY-helle-Kuche-Investment-Mallorca-210x210.jpeg"},"partners-logo":{"file":"2614247-dxJ6AP8DZzQaTC5J6RTZbxHY-helle-Kuche-Investment-Mallorca-600x1440.jpeg","width":600,"height":1440,"mime-type":"image\/jpeg","filesize":108449,"url":"https:\/\/www.lucasfroeserealestate.com\/wp-content\/uploads\/2026\/08\/2614247-dxJ6AP8DZzQaTC5J6RTZbxHY-helle-Kuche-Investment-Mallorca-600x1440.jpeg"},"post-featured-image":{"file":"2614247-dxJ6AP8DZzQaTC5J6RTZbxHY-helle-Kuche-Investment-Mallorca-1240x720.jpeg","width":1240,"height":720,"mime-type":"image\/jpeg","filesize":110179,"url":"https:\/\/www.lucasfroeserealestate.com\/wp-content\/uploads\/2026\/08\/2614247-dxJ6AP8DZzQaTC5J6RTZbxHY-helle-Kuche-Investment-Mallorca-1240x720.jpeg"}},"image_meta":{"aperture":"0","credit":"","camera":"","caption":"","created_timestamp":"0","copyright":"","focal_length":"0","iso":"0","shutter_speed":"0","title":"","orientation":"0","keywords":[],"alt":""},"ID":"101546","name":"2614247-dxJ6AP8DZzQaTC5J6RTZbxHY-helle-Kuche-Investment-Mallorca.jpeg","path":"\/home\/empleost\/domains\/lucasfroeserealestate.com\/public_html\/wp-content\/uploads\/2026\/08\/2614247-dxJ6AP8DZzQaTC5J6RTZbxHY-helle-Kuche-Investment-Mallorca.jpeg","url":"https:\/\/www.lucasfroeserealestate.com\/wp-content\/uploads\/2026\/08\/2614247-dxJ6AP8DZzQaTC5J6RTZbxHY-helle-Kuche-Investment-Mallorca-150x150.jpeg","full_url":"https:\/\/www.lucasfroeserealestate.com\/wp-content\/uploads\/2026\/08\/2614247-dxJ6AP8DZzQaTC5J6RTZbxHY-helle-Kuche-Investment-Mallorca.jpeg","title":"helle K\u00fcche Investment Mallorca","caption":"helle K\u00fcche Investment Mallorca","description":"","alt":"helle K\u00fcche Investment Mallorca","srcset":"https:\/\/www.lucasfroeserealestate.com\/wp-content\/uploads\/2026\/08\/2614247-dxJ6AP8DZzQaTC5J6RTZbxHY-helle-Kuche-Investment-Mallorca-150x150.jpeg 150w, https:\/\/www.lucasfroeserealestate.com\/wp-content\/uploads\/2026\/08\/2614247-dxJ6AP8DZzQaTC5J6RTZbxHY-helle-Kuche-Investment-Mallorca-210x210.jpeg 210w"},{"width":150,"height":150,"file":"2026\/08\/2614247-29Fye8D6zmGGx6PV4BJs2gew-Schlafzimmer-Investment-Mallorca.jpeg","filesize":260409,"sizes":{"medium":{"file":"2614247-29Fye8D6zmGGx6PV4BJs2gew-Schlafzimmer-Investment-Mallorca-300x225.jpeg","width":300,"height":225,"mime-type":"image\/jpeg","filesize":12901,"url":"https:\/\/www.lucasfroeserealestate.com\/wp-content\/uploads\/2026\/08\/2614247-29Fye8D6zmGGx6PV4BJs2gew-Schlafzimmer-Investment-Mallorca-300x225.jpeg"},"large":{"file":"2614247-29Fye8D6zmGGx6PV4BJs2gew-Schlafzimmer-Investment-Mallorca-1024x768.jpeg","width":1024,"height":768,"mime-type":"image\/jpeg","filesize":120617,"url":"https:\/\/www.lucasfroeserealestate.com\/wp-content\/uploads\/2026\/08\/2614247-29Fye8D6zmGGx6PV4BJs2gew-Schlafzimmer-Investment-Mallorca-1024x768.jpeg"},"thumbnail":{"file":"2614247-29Fye8D6zmGGx6PV4BJs2gew-Schlafzimmer-Investment-Mallorca-150x150.jpeg","width":150,"height":150,"mime-type":"image\/jpeg","filesize":5655,"url":"https:\/\/www.lucasfroeserealestate.com\/wp-content\/uploads\/2026\/08\/2614247-29Fye8D6zmGGx6PV4BJs2gew-Schlafzimmer-Investment-Mallorca-150x150.jpeg"},"medium_large":{"file":"2614247-29Fye8D6zmGGx6PV4BJs2gew-Schlafzimmer-Investment-Mallorca-768x576.jpeg","width":768,"height":576,"mime-type":"image\/jpeg","filesize":66721,"url":"https:\/\/www.lucasfroeserealestate.com\/wp-content\/uploads\/2026\/08\/2614247-29Fye8D6zmGGx6PV4BJs2gew-Schlafzimmer-Investment-Mallorca-768x576.jpeg"},"1536x1536":{"file":"2614247-29Fye8D6zmGGx6PV4BJs2gew-Schlafzimmer-Investment-Mallorca-1536x1152.jpeg","width":1536,"height":1152,"mime-type":"image\/jpeg","filesize":272610,"url":"https:\/\/www.lucasfroeserealestate.com\/wp-content\/uploads\/2026\/08\/2614247-29Fye8D6zmGGx6PV4BJs2gew-Schlafzimmer-Investment-Mallorca-1536x1152.jpeg"},"post-thumbnail":{"file":"2614247-29Fye8D6zmGGx6PV4BJs2gew-Schlafzimmer-Investment-Mallorca-150x113.jpeg","width":150,"height":113,"mime-type":"image\/jpeg","filesize":4716,"url":"https:\/\/www.lucasfroeserealestate.com\/wp-content\/uploads\/2026\/08\/2614247-29Fye8D6zmGGx6PV4BJs2gew-Schlafzimmer-Investment-Mallorca-150x113.jpeg"},"modern-property-child-slider":{"file":"2614247-29Fye8D6zmGGx6PV4BJs2gew-Schlafzimmer-Investment-Mallorca-680x510.jpeg","width":680,"height":510,"mime-type":"image\/jpeg","filesize":51732,"url":"https:\/\/www.lucasfroeserealestate.com\/wp-content\/uploads\/2026\/08\/2614247-29Fye8D6zmGGx6PV4BJs2gew-Schlafzimmer-Investment-Mallorca-680x510.jpeg"},"property-thumb-image":{"file":"2614247-29Fye8D6zmGGx6PV4BJs2gew-Schlafzimmer-Investment-Mallorca-488x326.jpeg","width":488,"height":326,"mime-type":"image\/jpeg","filesize":25313,"url":"https:\/\/www.lucasfroeserealestate.com\/wp-content\/uploads\/2026\/08\/2614247-29Fye8D6zmGGx6PV4BJs2gew-Schlafzimmer-Investment-Mallorca-488x326.jpeg"},"property-detail-video-image":{"file":"2614247-29Fye8D6zmGGx6PV4BJs2gew-Schlafzimmer-Investment-Mallorca-818x417.jpeg","width":818,"height":417,"mime-type":"image\/jpeg","filesize":50627,"url":"https:\/\/www.lucasfroeserealestate.com\/wp-content\/uploads\/2026\/08\/2614247-29Fye8D6zmGGx6PV4BJs2gew-Schlafzimmer-Investment-Mallorca-818x417.jpeg"},"agent-image":{"file":"2614247-29Fye8D6zmGGx6PV4BJs2gew-Schlafzimmer-Investment-Mallorca-210x210.jpeg","width":210,"height":210,"mime-type":"image\/jpeg","filesize":9323,"url":"https:\/\/www.lucasfroeserealestate.com\/wp-content\/uploads\/2026\/08\/2614247-29Fye8D6zmGGx6PV4BJs2gew-Schlafzimmer-Investment-Mallorca-210x210.jpeg"},"partners-logo":{"file":"2614247-29Fye8D6zmGGx6PV4BJs2gew-Schlafzimmer-Investment-Mallorca-600x1440.jpeg","width":600,"height":1440,"mime-type":"image\/jpeg","filesize":135707,"url":"https:\/\/www.lucasfroeserealestate.com\/wp-content\/uploads\/2026\/08\/2614247-29Fye8D6zmGGx6PV4BJs2gew-Schlafzimmer-Investment-Mallorca-600x1440.jpeg"},"post-featured-image":{"file":"2614247-29Fye8D6zmGGx6PV4BJs2gew-Schlafzimmer-Investment-Mallorca-1240x720.jpeg","width":1240,"height":720,"mime-type":"image\/jpeg","filesize":132357,"url":"https:\/\/www.lucasfroeserealestate.com\/wp-content\/uploads\/2026\/08\/2614247-29Fye8D6zmGGx6PV4BJs2gew-Schlafzimmer-Investment-Mallorca-1240x720.jpeg"}},"image_meta":{"aperture":"0","credit":"","camera":"","caption":"","created_timestamp":"0","copyright":"","focal_length":"0","iso":"0","shutter_speed":"0","title":"","orientation":"0","keywords":[],"alt":""},"ID":"101547","name":"2614247-29Fye8D6zmGGx6PV4BJs2gew-Schlafzimmer-Investment-Mallorca.jpeg","path":"\/home\/empleost\/domains\/lucasfroeserealestate.com\/public_html\/wp-content\/uploads\/2026\/08\/2614247-29Fye8D6zmGGx6PV4BJs2gew-Schlafzimmer-Investment-Mallorca.jpeg","url":"https:\/\/www.lucasfroeserealestate.com\/wp-content\/uploads\/2026\/08\/2614247-29Fye8D6zmGGx6PV4BJs2gew-Schlafzimmer-Investment-Mallorca-150x150.jpeg","full_url":"https:\/\/www.lucasfroeserealestate.com\/wp-content\/uploads\/2026\/08\/2614247-29Fye8D6zmGGx6PV4BJs2gew-Schlafzimmer-Investment-Mallorca.jpeg","title":"Schlafzimmer Investment Mallorca","caption":"Schlafzimmer Investment Mallorca","description":"","alt":"Schlafzimmer Investment Mallorca","srcset":"https:\/\/www.lucasfroeserealestate.com\/wp-content\/uploads\/2026\/08\/2614247-29Fye8D6zmGGx6PV4BJs2gew-Schlafzimmer-Investment-Mallorca-150x150.jpeg 150w, https:\/\/www.lucasfroeserealestate.com\/wp-content\/uploads\/2026\/08\/2614247-29Fye8D6zmGGx6PV4BJs2gew-Schlafzimmer-Investment-Mallorca-210x210.jpeg 210w"},{"width":150,"height":150,"file":"2026\/08\/2614247-8RzcNBeCh5bsF3L3QqGe7Qcd-Breite-Zimmer-Investment-Felanitx.jpeg","filesize":182066,"sizes":{"medium":{"file":"2614247-8RzcNBeCh5bsF3L3QqGe7Qcd-Breite-Zimmer-Investment-Felanitx-300x225.jpeg","width":300,"height":225,"mime-type":"image\/jpeg","filesize":13222,"url":"https:\/\/www.lucasfroeserealestate.com\/wp-content\/uploads\/2026\/08\/2614247-8RzcNBeCh5bsF3L3QqGe7Qcd-Breite-Zimmer-Investment-Felanitx-300x225.jpeg"},"large":{"file":"2614247-8RzcNBeCh5bsF3L3QqGe7Qcd-Breite-Zimmer-Investment-Felanitx-1024x768.jpeg","width":1024,"height":768,"mime-type":"image\/jpeg","filesize":100058,"url":"https:\/\/www.lucasfroeserealestate.com\/wp-content\/uploads\/2026\/08\/2614247-8RzcNBeCh5bsF3L3QqGe7Qcd-Breite-Zimmer-Investment-Felanitx-1024x768.jpeg"},"thumbnail":{"file":"2614247-8RzcNBeCh5bsF3L3QqGe7Qcd-Breite-Zimmer-Investment-Felanitx-150x150.jpeg","width":150,"height":150,"mime-type":"image\/jpeg","filesize":5462,"url":"https:\/\/www.lucasfroeserealestate.com\/wp-content\/uploads\/2026\/08\/2614247-8RzcNBeCh5bsF3L3QqGe7Qcd-Breite-Zimmer-Investment-Felanitx-150x150.jpeg"},"medium_large":{"file":"2614247-8RzcNBeCh5bsF3L3QqGe7Qcd-Breite-Zimmer-Investment-Felanitx-768x576.jpeg","width":768,"height":576,"mime-type":"image\/jpeg","filesize":61130,"url":"https:\/\/www.lucasfroeserealestate.com\/wp-content\/uploads\/2026\/08\/2614247-8RzcNBeCh5bsF3L3QqGe7Qcd-Breite-Zimmer-Investment-Felanitx-768x576.jpeg"},"1536x1536":{"file":"2614247-8RzcNBeCh5bsF3L3QqGe7Qcd-Breite-Zimmer-Investment-Felanitx-1536x1152.jpeg","width":1536,"height":1152,"mime-type":"image\/jpeg","filesize":204889,"url":"https:\/\/www.lucasfroeserealestate.com\/wp-content\/uploads\/2026\/08\/2614247-8RzcNBeCh5bsF3L3QqGe7Qcd-Breite-Zimmer-Investment-Felanitx-1536x1152.jpeg"},"post-thumbnail":{"file":"2614247-8RzcNBeCh5bsF3L3QqGe7Qcd-Breite-Zimmer-Investment-Felanitx-150x113.jpeg","width":150,"height":113,"mime-type":"image\/jpeg","filesize":4782,"url":"https:\/\/www.lucasfroeserealestate.com\/wp-content\/uploads\/2026\/08\/2614247-8RzcNBeCh5bsF3L3QqGe7Qcd-Breite-Zimmer-Investment-Felanitx-150x113.jpeg"},"modern-property-child-slider":{"file":"2614247-8RzcNBeCh5bsF3L3QqGe7Qcd-Breite-Zimmer-Investment-Felanitx-680x510.jpeg","width":680,"height":510,"mime-type":"image\/jpeg","filesize":49682,"url":"https:\/\/www.lucasfroeserealestate.com\/wp-content\/uploads\/2026\/08\/2614247-8RzcNBeCh5bsF3L3QqGe7Qcd-Breite-Zimmer-Investment-Felanitx-680x510.jpeg"},"property-thumb-image":{"file":"2614247-8RzcNBeCh5bsF3L3QqGe7Qcd-Breite-Zimmer-Investment-Felanitx-488x326.jpeg","width":488,"height":326,"mime-type":"image\/jpeg","filesize":25801,"url":"https:\/\/www.lucasfroeserealestate.com\/wp-content\/uploads\/2026\/08\/2614247-8RzcNBeCh5bsF3L3QqGe7Qcd-Breite-Zimmer-Investment-Felanitx-488x326.jpeg"},"property-detail-video-image":{"file":"2614247-8RzcNBeCh5bsF3L3QqGe7Qcd-Breite-Zimmer-Investment-Felanitx-818x417.jpeg","width":818,"height":417,"mime-type":"image\/jpeg","filesize":46848,"url":"https:\/\/www.lucasfroeserealestate.com\/wp-content\/uploads\/2026\/08\/2614247-8RzcNBeCh5bsF3L3QqGe7Qcd-Breite-Zimmer-Investment-Felanitx-818x417.jpeg"},"agent-image":{"file":"2614247-8RzcNBeCh5bsF3L3QqGe7Qcd-Breite-Zimmer-Investment-Felanitx-210x210.jpeg","width":210,"height":210,"mime-type":"image\/jpeg","filesize":9176,"url":"https:\/\/www.lucasfroeserealestate.com\/wp-content\/uploads\/2026\/08\/2614247-8RzcNBeCh5bsF3L3QqGe7Qcd-Breite-Zimmer-Investment-Felanitx-210x210.jpeg"},"partners-logo":{"file":"2614247-8RzcNBeCh5bsF3L3QqGe7Qcd-Breite-Zimmer-Investment-Felanitx-600x1440.jpeg","width":600,"height":1440,"mime-type":"image\/jpeg","filesize":106063,"url":"https:\/\/www.lucasfroeserealestate.com\/wp-content\/uploads\/2026\/08\/2614247-8RzcNBeCh5bsF3L3QqGe7Qcd-Breite-Zimmer-Investment-Felanitx-600x1440.jpeg"},"post-featured-image":{"file":"2614247-8RzcNBeCh5bsF3L3QqGe7Qcd-Breite-Zimmer-Investment-Felanitx-1240x720.jpeg","width":1240,"height":720,"mime-type":"image\/jpeg","filesize":109100,"url":"https:\/\/www.lucasfroeserealestate.com\/wp-content\/uploads\/2026\/08\/2614247-8RzcNBeCh5bsF3L3QqGe7Qcd-Breite-Zimmer-Investment-Felanitx-1240x720.jpeg"}},"image_meta":{"aperture":"0","credit":"","camera":"","caption":"","created_timestamp":"0","copyright":"","focal_length":"0","iso":"0","shutter_speed":"0","title":"","orientation":"0","keywords":[],"alt":""},"ID":"101548","name":"2614247-8RzcNBeCh5bsF3L3QqGe7Qcd-Breite-Zimmer-Investment-Felanitx.jpeg","path":"\/home\/empleost\/domains\/lucasfroeserealestate.com\/public_html\/wp-content\/uploads\/2026\/08\/2614247-8RzcNBeCh5bsF3L3QqGe7Qcd-Breite-Zimmer-Investment-Felanitx.jpeg","url":"https:\/\/www.lucasfroeserealestate.com\/wp-content\/uploads\/2026\/08\/2614247-8RzcNBeCh5bsF3L3QqGe7Qcd-Breite-Zimmer-Investment-Felanitx-150x150.jpeg","full_url":"https:\/\/www.lucasfroeserealestate.com\/wp-content\/uploads\/2026\/08\/2614247-8RzcNBeCh5bsF3L3QqGe7Qcd-Breite-Zimmer-Investment-Felanitx.jpeg","title":"Breite Zimmer Investment Felanitx","caption":"Breite Zimmer Investment Felanitx","description":"","alt":"Breite Zimmer Investment Felanitx","srcset":"https:\/\/www.lucasfroeserealestate.com\/wp-content\/uploads\/2026\/08\/2614247-8RzcNBeCh5bsF3L3QqGe7Qcd-Breite-Zimmer-Investment-Felanitx-150x150.jpeg 150w, https:\/\/www.lucasfroeserealestate.com\/wp-content\/uploads\/2026\/08\/2614247-8RzcNBeCh5bsF3L3QqGe7Qcd-Breite-Zimmer-Investment-Felanitx-210x210.jpeg 210w"},{"width":150,"height":150,"file":"2026\/08\/2614247-Tfv3geESiUmr5fyj7SAtdFZg-Schlafzimmer-Investment-Manacor.jpeg","filesize":253624,"sizes":{"medium":{"file":"2614247-Tfv3geESiUmr5fyj7SAtdFZg-Schlafzimmer-Investment-Manacor-300x225.jpeg","width":300,"height":225,"mime-type":"image\/jpeg","filesize":15323,"url":"https:\/\/www.lucasfroeserealestate.com\/wp-content\/uploads\/2026\/08\/2614247-Tfv3geESiUmr5fyj7SAtdFZg-Schlafzimmer-Investment-Manacor-300x225.jpeg"},"large":{"file":"2614247-Tfv3geESiUmr5fyj7SAtdFZg-Schlafzimmer-Investment-Manacor-1024x768.jpeg","width":1024,"height":768,"mime-type":"image\/jpeg","filesize":125103,"url":"https:\/\/www.lucasfroeserealestate.com\/wp-content\/uploads\/2026\/08\/2614247-Tfv3geESiUmr5fyj7SAtdFZg-Schlafzimmer-Investment-Manacor-1024x768.jpeg"},"thumbnail":{"file":"2614247-Tfv3geESiUmr5fyj7SAtdFZg-Schlafzimmer-Investment-Manacor-150x150.jpeg","width":150,"height":150,"mime-type":"image\/jpeg","filesize":6229,"url":"https:\/\/www.lucasfroeserealestate.com\/wp-content\/uploads\/2026\/08\/2614247-Tfv3geESiUmr5fyj7SAtdFZg-Schlafzimmer-Investment-Manacor-150x150.jpeg"},"medium_large":{"file":"2614247-Tfv3geESiUmr5fyj7SAtdFZg-Schlafzimmer-Investment-Manacor-768x576.jpeg","width":768,"height":576,"mime-type":"image\/jpeg","filesize":73238,"url":"https:\/\/www.lucasfroeserealestate.com\/wp-content\/uploads\/2026\/08\/2614247-Tfv3geESiUmr5fyj7SAtdFZg-Schlafzimmer-Investment-Manacor-768x576.jpeg"},"1536x1536":{"file":"2614247-Tfv3geESiUmr5fyj7SAtdFZg-Schlafzimmer-Investment-Manacor-1536x1152.jpeg","width":1536,"height":1152,"mime-type":"image\/jpeg","filesize":268660,"url":"https:\/\/www.lucasfroeserealestate.com\/wp-content\/uploads\/2026\/08\/2614247-Tfv3geESiUmr5fyj7SAtdFZg-Schlafzimmer-Investment-Manacor-1536x1152.jpeg"},"post-thumbnail":{"file":"2614247-Tfv3geESiUmr5fyj7SAtdFZg-Schlafzimmer-Investment-Manacor-150x113.jpeg","width":150,"height":113,"mime-type":"image\/jpeg","filesize":5352,"url":"https:\/\/www.lucasfroeserealestate.com\/wp-content\/uploads\/2026\/08\/2614247-Tfv3geESiUmr5fyj7SAtdFZg-Schlafzimmer-Investment-Manacor-150x113.jpeg"},"modern-property-child-slider":{"file":"2614247-Tfv3geESiUmr5fyj7SAtdFZg-Schlafzimmer-Investment-Manacor-680x510.jpeg","width":680,"height":510,"mime-type":"image\/jpeg","filesize":58672,"url":"https:\/\/www.lucasfroeserealestate.com\/wp-content\/uploads\/2026\/08\/2614247-Tfv3geESiUmr5fyj7SAtdFZg-Schlafzimmer-Investment-Manacor-680x510.jpeg"},"property-thumb-image":{"file":"2614247-Tfv3geESiUmr5fyj7SAtdFZg-Schlafzimmer-Investment-Manacor-488x326.jpeg","width":488,"height":326,"mime-type":"image\/jpeg","filesize":29883,"url":"https:\/\/www.lucasfroeserealestate.com\/wp-content\/uploads\/2026\/08\/2614247-Tfv3geESiUmr5fyj7SAtdFZg-Schlafzimmer-Investment-Manacor-488x326.jpeg"},"property-detail-video-image":{"file":"2614247-Tfv3geESiUmr5fyj7SAtdFZg-Schlafzimmer-Investment-Manacor-818x417.jpeg","width":818,"height":417,"mime-type":"image\/jpeg","filesize":57915,"url":"https:\/\/www.lucasfroeserealestate.com\/wp-content\/uploads\/2026\/08\/2614247-Tfv3geESiUmr5fyj7SAtdFZg-Schlafzimmer-Investment-Manacor-818x417.jpeg"},"agent-image":{"file":"2614247-Tfv3geESiUmr5fyj7SAtdFZg-Schlafzimmer-Investment-Manacor-210x210.jpeg","width":210,"height":210,"mime-type":"image\/jpeg","filesize":10525,"url":"https:\/\/www.lucasfroeserealestate.com\/wp-content\/uploads\/2026\/08\/2614247-Tfv3geESiUmr5fyj7SAtdFZg-Schlafzimmer-Investment-Manacor-210x210.jpeg"},"partners-logo":{"file":"2614247-Tfv3geESiUmr5fyj7SAtdFZg-Schlafzimmer-Investment-Manacor-600x1440.jpeg","width":600,"height":1440,"mime-type":"image\/jpeg","filesize":113460,"url":"https:\/\/www.lucasfroeserealestate.com\/wp-content\/uploads\/2026\/08\/2614247-Tfv3geESiUmr5fyj7SAtdFZg-Schlafzimmer-Investment-Manacor-600x1440.jpeg"},"post-featured-image":{"file":"2614247-Tfv3geESiUmr5fyj7SAtdFZg-Schlafzimmer-Investment-Manacor-1240x720.jpeg","width":1240,"height":720,"mime-type":"image\/jpeg","filesize":137624,"url":"https:\/\/www.lucasfroeserealestate.com\/wp-content\/uploads\/2026\/08\/2614247-Tfv3geESiUmr5fyj7SAtdFZg-Schlafzimmer-Investment-Manacor-1240x720.jpeg"}},"image_meta":{"aperture":"0","credit":"","camera":"","caption":"","created_timestamp":"0","copyright":"","focal_length":"0","iso":"0","shutter_speed":"0","title":"","orientation":"0","keywords":[],"alt":""},"ID":"101549","name":"2614247-Tfv3geESiUmr5fyj7SAtdFZg-Schlafzimmer-Investment-Manacor.jpeg","path":"\/home\/empleost\/domains\/lucasfroeserealestate.com\/public_html\/wp-content\/uploads\/2026\/08\/2614247-Tfv3geESiUmr5fyj7SAtdFZg-Schlafzimmer-Investment-Manacor.jpeg","url":"https:\/\/www.lucasfroeserealestate.com\/wp-content\/uploads\/2026\/08\/2614247-Tfv3geESiUmr5fyj7SAtdFZg-Schlafzimmer-Investment-Manacor-150x150.jpeg","full_url":"https:\/\/www.lucasfroeserealestate.com\/wp-content\/uploads\/2026\/08\/2614247-Tfv3geESiUmr5fyj7SAtdFZg-Schlafzimmer-Investment-Manacor.jpeg","title":"Schlafzimmer Investment Manacor","caption":"Schlafzimmer Investment Manacor","description":"","alt":"Schlafzimmer Investment Manacor","srcset":"https:\/\/www.lucasfroeserealestate.com\/wp-content\/uploads\/2026\/08\/2614247-Tfv3geESiUmr5fyj7SAtdFZg-Schlafzimmer-Investment-Manacor-150x150.jpeg 150w, https:\/\/www.lucasfroeserealestate.com\/wp-content\/uploads\/2026\/08\/2614247-Tfv3geESiUmr5fyj7SAtdFZg-Schlafzimmer-Investment-Manacor-210x210.jpeg 210w"},{"width":150,"height":150,"file":"2026\/08\/2614247-jdhqMtQUFzbqZvUF5kFwYV67-bad-Investment-mallorca.jpeg","filesize":195059,"sizes":{"medium":{"file":"2614247-jdhqMtQUFzbqZvUF5kFwYV67-bad-Investment-mallorca-300x225.jpeg","width":300,"height":225,"mime-type":"image\/jpeg","filesize":14467,"url":"https:\/\/www.lucasfroeserealestate.com\/wp-content\/uploads\/2026\/08\/2614247-jdhqMtQUFzbqZvUF5kFwYV67-bad-Investment-mallorca-300x225.jpeg"},"large":{"file":"2614247-jdhqMtQUFzbqZvUF5kFwYV67-bad-Investment-mallorca-1024x768.jpeg","width":1024,"height":768,"mime-type":"image\/jpeg","filesize":103557,"url":"https:\/\/www.lucasfroeserealestate.com\/wp-content\/uploads\/2026\/08\/2614247-jdhqMtQUFzbqZvUF5kFwYV67-bad-Investment-mallorca-1024x768.jpeg"},"thumbnail":{"file":"2614247-jdhqMtQUFzbqZvUF5kFwYV67-bad-Investment-mallorca-150x150.jpeg","width":150,"height":150,"mime-type":"image\/jpeg","filesize":6261,"url":"https:\/\/www.lucasfroeserealestate.com\/wp-content\/uploads\/2026\/08\/2614247-jdhqMtQUFzbqZvUF5kFwYV67-bad-Investment-mallorca-150x150.jpeg"},"medium_large":{"file":"2614247-jdhqMtQUFzbqZvUF5kFwYV67-bad-Investment-mallorca-768x576.jpeg","width":768,"height":576,"mime-type":"image\/jpeg","filesize":63039,"url":"https:\/\/www.lucasfroeserealestate.com\/wp-content\/uploads\/2026\/08\/2614247-jdhqMtQUFzbqZvUF5kFwYV67-bad-Investment-mallorca-768x576.jpeg"},"1536x1536":{"file":"2614247-jdhqMtQUFzbqZvUF5kFwYV67-bad-Investment-mallorca-1536x1152.jpeg","width":1536,"height":1152,"mime-type":"image\/jpeg","filesize":217483,"url":"https:\/\/www.lucasfroeserealestate.com\/wp-content\/uploads\/2026\/08\/2614247-jdhqMtQUFzbqZvUF5kFwYV67-bad-Investment-mallorca-1536x1152.jpeg"},"post-thumbnail":{"file":"2614247-jdhqMtQUFzbqZvUF5kFwYV67-bad-Investment-mallorca-150x113.jpeg","width":150,"height":113,"mime-type":"image\/jpeg","filesize":5166,"url":"https:\/\/www.lucasfroeserealestate.com\/wp-content\/uploads\/2026\/08\/2614247-jdhqMtQUFzbqZvUF5kFwYV67-bad-Investment-mallorca-150x113.jpeg"},"modern-property-child-slider":{"file":"2614247-jdhqMtQUFzbqZvUF5kFwYV67-bad-Investment-mallorca-680x510.jpeg","width":680,"height":510,"mime-type":"image\/jpeg","filesize":51673,"url":"https:\/\/www.lucasfroeserealestate.com\/wp-content\/uploads\/2026\/08\/2614247-jdhqMtQUFzbqZvUF5kFwYV67-bad-Investment-mallorca-680x510.jpeg"},"property-thumb-image":{"file":"2614247-jdhqMtQUFzbqZvUF5kFwYV67-bad-Investment-mallorca-488x326.jpeg","width":488,"height":326,"mime-type":"image\/jpeg","filesize":26818,"url":"https:\/\/www.lucasfroeserealestate.com\/wp-content\/uploads\/2026\/08\/2614247-jdhqMtQUFzbqZvUF5kFwYV67-bad-Investment-mallorca-488x326.jpeg"},"property-detail-video-image":{"file":"2614247-jdhqMtQUFzbqZvUF5kFwYV67-bad-Investment-mallorca-818x417.jpeg","width":818,"height":417,"mime-type":"image\/jpeg","filesize":47932,"url":"https:\/\/www.lucasfroeserealestate.com\/wp-content\/uploads\/2026\/08\/2614247-jdhqMtQUFzbqZvUF5kFwYV67-bad-Investment-mallorca-818x417.jpeg"},"agent-image":{"file":"2614247-jdhqMtQUFzbqZvUF5kFwYV67-bad-Investment-mallorca-210x210.jpeg","width":210,"height":210,"mime-type":"image\/jpeg","filesize":10524,"url":"https:\/\/www.lucasfroeserealestate.com\/wp-content\/uploads\/2026\/08\/2614247-jdhqMtQUFzbqZvUF5kFwYV67-bad-Investment-mallorca-210x210.jpeg"},"partners-logo":{"file":"2614247-jdhqMtQUFzbqZvUF5kFwYV67-bad-Investment-mallorca-600x1440.jpeg","width":600,"height":1440,"mime-type":"image\/jpeg","filesize":121414,"url":"https:\/\/www.lucasfroeserealestate.com\/wp-content\/uploads\/2026\/08\/2614247-jdhqMtQUFzbqZvUF5kFwYV67-bad-Investment-mallorca-600x1440.jpeg"},"post-featured-image":{"file":"2614247-jdhqMtQUFzbqZvUF5kFwYV67-bad-Investment-mallorca-1240x720.jpeg","width":1240,"height":720,"mime-type":"image\/jpeg","filesize":111815,"url":"https:\/\/www.lucasfroeserealestate.com\/wp-content\/uploads\/2026\/08\/2614247-jdhqMtQUFzbqZvUF5kFwYV67-bad-Investment-mallorca-1240x720.jpeg"}},"image_meta":{"aperture":"0","credit":"","camera":"","caption":"","created_timestamp":"0","copyright":"","focal_length":"0","iso":"0","shutter_speed":"0","title":"","orientation":"0","keywords":[],"alt":""},"ID":"101550","name":"2614247-jdhqMtQUFzbqZvUF5kFwYV67-bad-Investment-mallorca.jpeg","path":"\/home\/empleost\/domains\/lucasfroeserealestate.com\/public_html\/wp-content\/uploads\/2026\/08\/2614247-jdhqMtQUFzbqZvUF5kFwYV67-bad-Investment-mallorca.jpeg","url":"https:\/\/www.lucasfroeserealestate.com\/wp-content\/uploads\/2026\/08\/2614247-jdhqMtQUFzbqZvUF5kFwYV67-bad-Investment-mallorca-150x150.jpeg","full_url":"https:\/\/www.lucasfroeserealestate.com\/wp-content\/uploads\/2026\/08\/2614247-jdhqMtQUFzbqZvUF5kFwYV67-bad-Investment-mallorca.jpeg","title":"bad Investment mallorca","caption":"bad Investment mallorca","description":"","alt":"bad Investment mallorca","srcset":"https:\/\/www.lucasfroeserealestate.com\/wp-content\/uploads\/2026\/08\/2614247-jdhqMtQUFzbqZvUF5kFwYV67-bad-Investment-mallorca-150x150.jpeg 150w, https:\/\/www.lucasfroeserealestate.com\/wp-content\/uploads\/2026\/08\/2614247-jdhqMtQUFzbqZvUF5kFwYV67-bad-Investment-mallorca-210x210.jpeg 210w"},{"width":150,"height":150,"file":"2026\/08\/2614247-PRN5pnr7oT9yvEhrx3SFhnss-default.jpeg","filesize":372050,"sizes":{"medium":{"file":"2614247-PRN5pnr7oT9yvEhrx3SFhnss-default-300x200.jpeg","width":300,"height":200,"mime-type":"image\/jpeg","filesize":19425,"url":"https:\/\/www.lucasfroeserealestate.com\/wp-content\/uploads\/2026\/08\/2614247-PRN5pnr7oT9yvEhrx3SFhnss-default-300x200.jpeg"},"large":{"file":"2614247-PRN5pnr7oT9yvEhrx3SFhnss-default-1024x683.jpeg","width":1024,"height":683,"mime-type":"image\/jpeg","filesize":190196,"url":"https:\/\/www.lucasfroeserealestate.com\/wp-content\/uploads\/2026\/08\/2614247-PRN5pnr7oT9yvEhrx3SFhnss-default-1024x683.jpeg"},"thumbnail":{"file":"2614247-PRN5pnr7oT9yvEhrx3SFhnss-default-150x150.jpeg","width":150,"height":150,"mime-type":"image\/jpeg","filesize":7955,"url":"https:\/\/www.lucasfroeserealestate.com\/wp-content\/uploads\/2026\/08\/2614247-PRN5pnr7oT9yvEhrx3SFhnss-default-150x150.jpeg"},"medium_large":{"file":"2614247-PRN5pnr7oT9yvEhrx3SFhnss-default-768x512.jpeg","width":768,"height":512,"mime-type":"image\/jpeg","filesize":112381,"url":"https:\/\/www.lucasfroeserealestate.com\/wp-content\/uploads\/2026\/08\/2614247-PRN5pnr7oT9yvEhrx3SFhnss-default-768x512.jpeg"},"1536x1536":{"file":"2614247-PRN5pnr7oT9yvEhrx3SFhnss-default-1536x1024.jpeg","width":1536,"height":1024,"mime-type":"image\/jpeg","filesize":381925,"url":"https:\/\/www.lucasfroeserealestate.com\/wp-content\/uploads\/2026\/08\/2614247-PRN5pnr7oT9yvEhrx3SFhnss-default-1536x1024.jpeg"},"post-thumbnail":{"file":"2614247-PRN5pnr7oT9yvEhrx3SFhnss-default-150x100.jpeg","width":150,"height":100,"mime-type":"image\/jpeg","filesize":6008,"url":"https:\/\/www.lucasfroeserealestate.com\/wp-content\/uploads\/2026\/08\/2614247-PRN5pnr7oT9yvEhrx3SFhnss-default-150x100.jpeg"},"modern-property-child-slider":{"file":"2614247-PRN5pnr7oT9yvEhrx3SFhnss-default-680x510.jpeg","width":680,"height":510,"mime-type":"image\/jpeg","filesize":98321,"url":"https:\/\/www.lucasfroeserealestate.com\/wp-content\/uploads\/2026\/08\/2614247-PRN5pnr7oT9yvEhrx3SFhnss-default-680x510.jpeg"},"property-thumb-image":{"file":"2614247-PRN5pnr7oT9yvEhrx3SFhnss-default-488x326.jpeg","width":488,"height":326,"mime-type":"image\/jpeg","filesize":47856,"url":"https:\/\/www.lucasfroeserealestate.com\/wp-content\/uploads\/2026\/08\/2614247-PRN5pnr7oT9yvEhrx3SFhnss-default-488x326.jpeg"},"property-detail-video-image":{"file":"2614247-PRN5pnr7oT9yvEhrx3SFhnss-default-818x417.jpeg","width":818,"height":417,"mime-type":"image\/jpeg","filesize":103173,"url":"https:\/\/www.lucasfroeserealestate.com\/wp-content\/uploads\/2026\/08\/2614247-PRN5pnr7oT9yvEhrx3SFhnss-default-818x417.jpeg"},"agent-image":{"file":"2614247-PRN5pnr7oT9yvEhrx3SFhnss-default-210x210.jpeg","width":210,"height":210,"mime-type":"image\/jpeg","filesize":14541,"url":"https:\/\/www.lucasfroeserealestate.com\/wp-content\/uploads\/2026\/08\/2614247-PRN5pnr7oT9yvEhrx3SFhnss-default-210x210.jpeg"},"partners-logo":{"file":"2614247-PRN5pnr7oT9yvEhrx3SFhnss-default-600x1280.jpeg","width":600,"height":1280,"mime-type":"image\/jpeg","filesize":168079,"url":"https:\/\/www.lucasfroeserealestate.com\/wp-content\/uploads\/2026\/08\/2614247-PRN5pnr7oT9yvEhrx3SFhnss-default-600x1280.jpeg"},"post-featured-image":{"file":"2614247-PRN5pnr7oT9yvEhrx3SFhnss-default-1240x720.jpeg","width":1240,"height":720,"mime-type":"image\/jpeg","filesize":242260,"url":"https:\/\/www.lucasfroeserealestate.com\/wp-content\/uploads\/2026\/08\/2614247-PRN5pnr7oT9yvEhrx3SFhnss-default-1240x720.jpeg"}},"image_meta":{"aperture":"0","credit":"","camera":"","caption":"","created_timestamp":"0","copyright":"","focal_length":"0","iso":"0","shutter_speed":"0","title":"","orientation":"0","keywords":[],"alt":""},"ID":"101551","name":"2614247-PRN5pnr7oT9yvEhrx3SFhnss-default.jpeg","path":"\/home\/empleost\/domains\/lucasfroeserealestate.com\/public_html\/wp-content\/uploads\/2026\/08\/2614247-PRN5pnr7oT9yvEhrx3SFhnss-default.jpeg","url":"https:\/\/www.lucasfroeserealestate.com\/wp-content\/uploads\/2026\/08\/2614247-PRN5pnr7oT9yvEhrx3SFhnss-default-150x150.jpeg","full_url":"https:\/\/www.lucasfroeserealestate.com\/wp-content\/uploads\/2026\/08\/2614247-PRN5pnr7oT9yvEhrx3SFhnss-default.jpeg","title":"default","caption":"default","description":"","alt":"default","srcset":"https:\/\/www.lucasfroeserealestate.com\/wp-content\/uploads\/2026\/08\/2614247-PRN5pnr7oT9yvEhrx3SFhnss-default-150x150.jpeg 150w, https:\/\/www.lucasfroeserealestate.com\/wp-content\/uploads\/2026\/08\/2614247-PRN5pnr7oT9yvEhrx3SFhnss-default-210x210.jpeg 210w"},{"width":150,"height":150,"file":"2026\/08\/2614247-GaGQV2YSxWMHysEGkmUbR3UV-default.jpeg","filesize":390509,"sizes":{"medium":{"file":"2614247-GaGQV2YSxWMHysEGkmUbR3UV-default-300x200.jpeg","width":300,"height":200,"mime-type":"image\/jpeg","filesize":20110,"url":"https:\/\/www.lucasfroeserealestate.com\/wp-content\/uploads\/2026\/08\/2614247-GaGQV2YSxWMHysEGkmUbR3UV-default-300x200.jpeg"},"large":{"file":"2614247-GaGQV2YSxWMHysEGkmUbR3UV-default-1024x683.jpeg","width":1024,"height":683,"mime-type":"image\/jpeg","filesize":197105,"url":"https:\/\/www.lucasfroeserealestate.com\/wp-content\/uploads\/2026\/08\/2614247-GaGQV2YSxWMHysEGkmUbR3UV-default-1024x683.jpeg"},"thumbnail":{"file":"2614247-GaGQV2YSxWMHysEGkmUbR3UV-default-150x150.jpeg","width":150,"height":150,"mime-type":"image\/jpeg","filesize":8565,"url":"https:\/\/www.lucasfroeserealestate.com\/wp-content\/uploads\/2026\/08\/2614247-GaGQV2YSxWMHysEGkmUbR3UV-default-150x150.jpeg"},"medium_large":{"file":"2614247-GaGQV2YSxWMHysEGkmUbR3UV-default-768x512.jpeg","width":768,"height":512,"mime-type":"image\/jpeg","filesize":116140,"url":"https:\/\/www.lucasfroeserealestate.com\/wp-content\/uploads\/2026\/08\/2614247-GaGQV2YSxWMHysEGkmUbR3UV-default-768x512.jpeg"},"1536x1536":{"file":"2614247-GaGQV2YSxWMHysEGkmUbR3UV-default-1536x1024.jpeg","width":1536,"height":1024,"mime-type":"image\/jpeg","filesize":399685,"url":"https:\/\/www.lucasfroeserealestate.com\/wp-content\/uploads\/2026\/08\/2614247-GaGQV2YSxWMHysEGkmUbR3UV-default-1536x1024.jpeg"},"post-thumbnail":{"file":"2614247-GaGQV2YSxWMHysEGkmUbR3UV-default-150x100.jpeg","width":150,"height":100,"mime-type":"image\/jpeg","filesize":6152,"url":"https:\/\/www.lucasfroeserealestate.com\/wp-content\/uploads\/2026\/08\/2614247-GaGQV2YSxWMHysEGkmUbR3UV-default-150x100.jpeg"},"modern-property-child-slider":{"file":"2614247-GaGQV2YSxWMHysEGkmUbR3UV-default-680x510.jpeg","width":680,"height":510,"mime-type":"image\/jpeg","filesize":102643,"url":"https:\/\/www.lucasfroeserealestate.com\/wp-content\/uploads\/2026\/08\/2614247-GaGQV2YSxWMHysEGkmUbR3UV-default-680x510.jpeg"},"property-thumb-image":{"file":"2614247-GaGQV2YSxWMHysEGkmUbR3UV-default-488x326.jpeg","width":488,"height":326,"mime-type":"image\/jpeg","filesize":49464,"url":"https:\/\/www.lucasfroeserealestate.com\/wp-content\/uploads\/2026\/08\/2614247-GaGQV2YSxWMHysEGkmUbR3UV-default-488x326.jpeg"},"property-detail-video-image":{"file":"2614247-GaGQV2YSxWMHysEGkmUbR3UV-default-818x417.jpeg","width":818,"height":417,"mime-type":"image\/jpeg","filesize":100854,"url":"https:\/\/www.lucasfroeserealestate.com\/wp-content\/uploads\/2026\/08\/2614247-GaGQV2YSxWMHysEGkmUbR3UV-default-818x417.jpeg"},"agent-image":{"file":"2614247-GaGQV2YSxWMHysEGkmUbR3UV-default-210x210.jpeg","width":210,"height":210,"mime-type":"image\/jpeg","filesize":15590,"url":"https:\/\/www.lucasfroeserealestate.com\/wp-content\/uploads\/2026\/08\/2614247-GaGQV2YSxWMHysEGkmUbR3UV-default-210x210.jpeg"},"partners-logo":{"file":"2614247-GaGQV2YSxWMHysEGkmUbR3UV-default-600x1280.jpeg","width":600,"height":1280,"mime-type":"image\/jpeg","filesize":211324,"url":"https:\/\/www.lucasfroeserealestate.com\/wp-content\/uploads\/2026\/08\/2614247-GaGQV2YSxWMHysEGkmUbR3UV-default-600x1280.jpeg"},"post-featured-image":{"file":"2614247-GaGQV2YSxWMHysEGkmUbR3UV-default-1240x720.jpeg","width":1240,"height":720,"mime-type":"image\/jpeg","filesize":242330,"url":"https:\/\/www.lucasfroeserealestate.com\/wp-content\/uploads\/2026\/08\/2614247-GaGQV2YSxWMHysEGkmUbR3UV-default-1240x720.jpeg"}},"image_meta":{"aperture":"0","credit":"","camera":"","caption":"","created_timestamp":"0","copyright":"","focal_length":"0","iso":"0","shutter_speed":"0","title":"","orientation":"0","keywords":[],"alt":""},"ID":"101552","name":"2614247-GaGQV2YSxWMHysEGkmUbR3UV-default.jpeg","path":"\/home\/empleost\/domains\/lucasfroeserealestate.com\/public_html\/wp-content\/uploads\/2026\/08\/2614247-GaGQV2YSxWMHysEGkmUbR3UV-default.jpeg","url":"https:\/\/www.lucasfroeserealestate.com\/wp-content\/uploads\/2026\/08\/2614247-GaGQV2YSxWMHysEGkmUbR3UV-default-150x150.jpeg","full_url":"https:\/\/www.lucasfroeserealestate.com\/wp-content\/uploads\/2026\/08\/2614247-GaGQV2YSxWMHysEGkmUbR3UV-default.jpeg","title":"default","caption":"default","description":"","alt":"default","srcset":"https:\/\/www.lucasfroeserealestate.com\/wp-content\/uploads\/2026\/08\/2614247-GaGQV2YSxWMHysEGkmUbR3UV-default-150x150.jpeg 150w, https:\/\/www.lucasfroeserealestate.com\/wp-content\/uploads\/2026\/08\/2614247-GaGQV2YSxWMHysEGkmUbR3UV-default-210x210.jpeg 210w"}],"REAL_HOMES_change_gallery_slider_type":"","REAL_HOMES_gallery_slider_type":"thumb-on-right","inspiry_floor_plans":[],"inspiry_video_group":[],"REAL_HOMES_360_virtual_tour":"","REAL_HOMES_agent_display_option":"agent_info","REAL_HOMES_agents":["6675"],"REAL_HOMES_display_agency_info":"","REAL_HOMES_property_agency":"","REAL_HOMES_energy_class":"E","REAL_HOMES_energy_performance":"","REAL_HOMES_epc_current_rating":"","REAL_HOMES_epc_potential_rating":"","ere_property_schedule_tour":"","ere_property_schedule_time_slots":"","ere_property_schedule_description":"","REAL_HOMES_sticky":"","inspiry_property_label":"","inspiry_property_label_color":"","inspiry_property_tax":"","inspiry_additional_fee":"","REAL_HOMES_attachments":[],"inspiry_property_owner_name":"","inspiry_property_owner_contact":"","inspiry_property_owner_address":"","REAL_HOMES_property_private_note":"","inspiry_message_to_reviewer":"","REAL_HOMES_add_in_slider":"","REAL_HOMES_slider_image":[],"REAL_HOMES_page_banner_image":[],"REAL_HOMES_hide_property_advance_search":"","inspiry_ausrichtung":"","inspiry_strasse":"","inspiry_hausnummer":"","inspiry_plz":"","inspiry_ort":"","inspiry_land":"","inspiry_new-build":"","inspiry_kyero_prime_activator":[],"inspiry_kyero_xml_format":[],"inspiry_openimmo_xml_format":[],"inspiry_idealista_xml_format":[],"inspiry_etagen":"","inspiry_etage_(wo_sich_die_wohnung_befindet,_sonst_0)":"","inspiry_gesamtfl\u00e4che\/bebaute_fl\u00e4che_(mehr_als_wohnfl\u00e4che*)":"","inspiry_anzahl_zimmer_sz_esszimmer_wohnzimmer_hobby_zimmer_usw":"","inspiry_anzahl_terrassen":"","inspiry_anzahl_wohneinheiten":"","inspiry_google_maps_link":"","inspiry_google_drive_link":"","inspiry_location_coordinates_gm":"","inspiry_erhaltungszustand_der_immobilie":"","inspiry_heizungsart":"","inspiry_qualit\u00e4t_der_ausstattung":"","inspiry_kauf\/miete":"","inspiry_kategorie":"","inspiry_typ":"","inspiry_art":"","inspiry_land_type_(only_plots)":"","inspiry_listed_by":"","inspiry_comission_(%)":"","inspiry_lage_beschreibung":"","inspiry_austattung_beschreibung":"","inspiry_bodenbelag":"","inspiry_distanz_zum_flughafen_(min)":"","inspiry_auftragsart":"","inspiry_keys":[],"inspiry_preis_pro_m2":"","inspiry_office_listed":"","inspiry_suchkriterien_extras":[],"REAL_HOMES_custom_header_display":"","REAL_HOMES_custom_header_position":"","REAL_HOMES_custom_footer_display":"","REAL_HOMES_hide_advance_search":"","REAL_HOMES_custom_search_form":"","REAL_HOMES_search_form_margin_top":"","REAL_HOMES_search_form_margin_bottom":""},"_links":{"self":[{"href":"https:\/\/www.lucasfroeserealestate.com\/es\/wp-json\/wp\/v2\/immobilien\/101537","targetHints":{"allow":["GET"]}}],"collection":[{"href":"https:\/\/www.lucasfroeserealestate.com\/es\/wp-json\/wp\/v2\/immobilien"}],"about":[{"href":"https:\/\/www.lucasfroeserealestate.com\/es\/wp-json\/wp\/v2\/types\/property"}],"author":[{"embeddable":true,"href":"https:\/\/www.lucasfroeserealestate.com\/es\/wp-json\/wp\/v2\/users\/3"}],"replies":[{"embeddable":true,"href":"https:\/\/www.lucasfroeserealestate.com\/es\/wp-json\/wp\/v2\/comments?post=101537"}],"version-history":[{"count":0,"href":"https:\/\/www.lucasfroeserealestate.com\/es\/wp-json\/wp\/v2\/immobilien\/101537\/revisions"}],"wp:featuredmedia":[{"embeddable":true,"href":"https:\/\/www.lucasfroeserealestate.com\/es\/wp-json\/wp\/v2\/media\/101520"}],"wp:attachment":[{"href":"https:\/\/www.lucasfroeserealestate.com\/es\/wp-json\/wp\/v2\/media?parent=101537"}],"wp:term":[{"taxonomy":"property-feature","embeddable":true,"href":"https:\/\/www.lucasfroeserealestate.com\/es\/wp-json\/wp\/v2\/immobilien-austattung?post=101537"},{"taxonomy":"property-type","embeddable":true,"href":"https:\/\/www.lucasfroeserealestate.com\/es\/wp-json\/wp\/v2\/immobilien-typ?post=101537"},{"taxonomy":"property-city","embeddable":true,"href":"https:\/\/www.lucasfroeserealestate.com\/es\/wp-json\/wp\/v2\/immobilien-ortschaft?post=101537"},{"taxonomy":"property-status","embeddable":true,"href":"https:\/\/www.lucasfroeserealestate.com\/es\/wp-json\/wp\/v2\/immobilien-status?post=101537"}],"curies":[{"name":"wp","href":"https:\/\/api.w.org\/{rel}","templated":true}]}}