{"id":55825,"date":"2024-09-13T17:14:52","date_gmt":"2024-09-13T15:14:52","guid":{"rendered":"https:\/\/www.lucasfroeserealestate.com\/luxury-real-estate-mallorca-investments\/"},"modified":"2026-04-27T13:05:06","modified_gmt":"2026-04-27T11:05:06","slug":"luxury-real-estate-mallorca-investments","status":"publish","type":"page","link":"https:\/\/www.lucasfroeserealestate.com\/en\/","title":{"rendered":"\u27a4 Luxury real estate Mallorca &amp; investments"},"content":{"rendered":"\t\t<div data-elementor-type=\"wp-page\" data-elementor-id=\"55825\" class=\"elementor elementor-55825 elementor-55819\" data-elementor-post-type=\"page\">\n\t\t\t\t\t\t<section class=\"elementor-section elementor-top-section elementor-element elementor-element-5296c0a1 elementor-section-full_width elementor-section-height-default elementor-section-height-default\" data-id=\"5296c0a1\" data-element_type=\"section\" data-e-type=\"section\" data-settings=\"{&quot;background_background&quot;:&quot;video&quot;,&quot;background_video_link&quot;:&quot;https:\\\/\\\/www.youtube.com\\\/watch?v=WvYeOYs8G9Q&quot;,&quot;background_privacy_mode&quot;:&quot;yes&quot;}\">\n\t\t\t\t\t\t\t\t<div class=\"elementor-background-video-container elementor-hidden-mobile\">\n\t\t\t\t\t\t\t\t\t\t\t\t\t<div class=\"elementor-background-video-embed\" role=\"presentation\"><\/div>\n\t\t\t\t\t\t\t\t\t\t\t\t<\/div>\n\t\t\t\t\t\t\t\t\t<div class=\"elementor-background-overlay\"><\/div>\n\t\t\t\t\t\t\t<div class=\"elementor-container elementor-column-gap-no\">\n\t\t\t\t\t<div class=\"elementor-column elementor-col-100 elementor-top-column elementor-element elementor-element-7de7d0e6\" data-id=\"7de7d0e6\" data-element_type=\"column\" data-e-type=\"column\">\n\t\t\t<div class=\"elementor-widget-wrap elementor-element-populated\">\n\t\t\t\t\t\t<div class=\"elementor-element elementor-element-386b7d80 elementor-widget elementor-widget-heading\" data-id=\"386b7d80\" data-element_type=\"widget\" data-e-type=\"widget\" data-widget_type=\"heading.default\">\n\t\t\t\t<div class=\"elementor-widget-container\">\n\t\t\t\t\t<h1 class=\"elementor-heading-title elementor-size-default\">Real Estate Mallorca<\/h1>\t\t\t\t<\/div>\n\t\t\t\t<\/div>\n\t\t\t\t<div class=\"elementor-element elementor-element-14d478ac elementor-widget elementor-widget-heading\" data-id=\"14d478ac\" data-element_type=\"widget\" data-e-type=\"widget\" data-widget_type=\"heading.default\">\n\t\t\t\t<div class=\"elementor-widget-container\">\n\t\t\t\t\t<h5 class=\"elementor-heading-title elementor-size-large\">We Make it Simple.<\/h5>\t\t\t\t<\/div>\n\t\t\t\t<\/div>\n\t\t\t\t<div class=\"elementor-element elementor-element-37fdf6b1 elementor-widget-divider--view-line_text elementor-widget-divider--element-align-center elementor-widget elementor-widget-divider\" data-id=\"37fdf6b1\" data-element_type=\"widget\" data-e-type=\"widget\" data-widget_type=\"divider.default\">\n\t\t\t\t<div class=\"elementor-widget-container\">\n\t\t\t\t\t\t\t<div class=\"elementor-divider\">\n\t\t\t<span class=\"elementor-divider-separator\">\n\t\t\t\t\t\t\t<span class=\"elementor-divider__text elementor-divider__element\">\n\t\t\t\tLucas Froese Real Estate\t\t\t\t<\/span>\n\t\t\t\t\t\t<\/span>\n\t\t<\/div>\n\t\t\t\t\t\t<\/div>\n\t\t\t\t<\/div>\n\t\t\t\t<div class=\"elementor-element elementor-element-d3c45ff elementor-widget elementor-widget-global elementor-global-71462 elementor-global-71454 elementor-widget-rhea-search-form-widget\" data-id=\"d3c45ff\" data-element_type=\"widget\" data-e-type=\"widget\" buscajg=\"\" data-widget_type=\"rhea-search-form-widget.default\">\n\t\t\t\t<div class=\"elementor-widget-container\">\n\t\t\t\t\t        <div class=\"rhea_search_form_wrapper rhea-dropdown-style-caret rh-hide-before-load  rhea-radius-position-\" id=\"rhea-d3c45ff\">\n            <form class=\"rhea_search_form advance-search-form\" action=\"https:\/\/www.lucasfroeserealestate.com\/en\/properties-search-2\/\" method=\"get\">\n\t\t\t\t                <div class=\"rhea-search-form-frame \">\n                    <div class=\"rhea_top_search_fields \">\n                        <div class=\"rhea_top_search_box rhea_top_fields_count_5\" id=\"top-d3c45ff\">\n\t\t\t\t\t\t\t            <div class=\"rhea_prop_search__option rhea_prop_locations_field rhea_location_prop_search_0 location-separator_0 rhea_prop_search__select\" style=\"order: 4\" data-key-position=\"4\" data-get-location-placeholder=\"All locations\">\n\t\t\t\t                <span class=\"rhea_prop_search__selectwrap enable-icon\">\n                                <i class=\"field-icon field-svg-icon fa-solid fas fa-search-location\"><\/i>                <select id=\"d3c45fflocation\" class=\"rhea_multi_select_picker_location show-tick\" data-size=\"9\" data-none-results-text=\"No results matched{0}\" data-none-selected-text=\"All locations\" data-live-search=\"true\"\n                                                      name=\"location[]\" data-selected-text-format=\"count > 2\" multiple=\"multiple\" data-actions-box=\"true\" data-count-selected-text=\"{0} Selected locations\" title=\"All locations\"\n\t                                         >\n                <\/select>\n            <\/span>\n            <\/div>\n\t\t\t\n    <div class=\"rhea_prop_search__option rhea_prop_search__select rhea_types_field \"\n            data-key-position=\"3\"\n            id=\"type-d3c45ff\" style=\"order: 3\">\n\n\t\t        <span class=\"rhea_prop_search__selectwrap enable-icon\">\n                        <i class=\"field-icon field-svg-icon fa-solid fas fa-landmark\"><\/i>\t\t<select name=\"type[]\" id=\"select-type-d3c45ff\"\n                class=\"rhea_multi_select_picker show-tick\"\n                data-selected-text-format=\"count > 2\"\n                data-live-search=\"true\"\n                data-size=\"9\"\n                \t\t\t                data-actions-box=\"true\"\n\t\t\t                title=\"All types\"\n                data-count-selected-text=\"{0} Types Selected\">\n            <option value=\"any\" selected=\"selected\">All types<\/option><option value=\"comercialproperty\">Comercial Property<\/option><option value=\"fincas-en\">Fincas<\/option><option value=\"flatsandapartments\">Flats and Apartments<\/option><option value=\"housesandchalets\">Houses<\/option><option value=\"plots\">Plots<\/option><option value=\"villas\">Villas and Chalets<\/option>\t\t<\/select>\n\t<\/span>\n    <\/div>\n\t    <div style=\"order: 1\" class=\"rhea_prop_search__option  rhea_price_slider_field rhea_price_range_\" id=\"price-slider-d3c45ff\" data-key-position=\"1\">\n\n\n\t\t\n        <input name=\"min-price\" type=\"hidden\" value=\"\" class=\"rhea_slider_value rhea_min_value\" data-index=\"0\" \/>\n        <input name=\"max-price\" type=\"hidden\" value=\"\" class=\"rhea_slider_value rhea_max_value\" data-index=\"1\" \/>\n\n        <div class=\"rhea_price_slider_wrapper\" id=\"rhea_slider_d3c45ff\">\n            <div class=\"rhea_price_label\">\n\t\t\t\tFrom ... to ....            <\/div>\n            <div class=\"rhea_price_slider\"><\/div>\n            <div class=\"rhea_price_range\">\n                <span class=\"range-label\">\n\t\t\t\tFrom                <\/span>\n                <span class=\"rhea_price_display rhea_min_slide\" data-index=\"0\">1\u20ac<\/span>\n                <span class=\"range-label\">\n\t\t\t\tUntil                <\/span>\n                <span class=\"rhea_price_display rhea_max_slide\" data-index=\"1\">7.200.000\u20ac<\/span>\n            <\/div>\n        <\/div>\n\n    <\/div>\n\n\t\n    <div class=\"rhea_prop_search__option rhea_prop_search__select rhea_min_beds_field \" data-key-position=\"6\" style=\"order: 6\">\n\t\t        <span class=\"rhea_prop_search__selectwrap enable-icon\">\n                        <i class=\"field-icon field-svg-icon fa-solid fas fa-bed\"><\/i>                <select name=\"bedrooms\" id=\"select-bedrooms-d3c45ff\" class=\"rhea_multi_select_picker show-tick\" data-size=\"9\">\n                <option value=\"any\" selected=\"selected\">Min. Bedroom<\/option><option value=\"1\">1<\/option><option value=\"2\">2<\/option><option value=\"3\">3<\/option><option value=\"4\">4<\/option><option value=\"5\">5<\/option>\t        \t<\/select>\n\t            \t    <\/span>\n    <\/div>\n\n\t\n    <div class=\"rhea_prop_search__option rhea_prop_search__select rhea_min_baths_field \" data-key-position=\"7\" style=\"order: 7\">\n\n\t\t        <span class=\"rhea_prop_search__selectwrap enable-icon\">\n                        <i class=\"field-icon field-svg-icon fa-solid fas fa-bath\"><\/i>                <select name=\"bathrooms\" id=\"select-bathrooms-d3c45ff\" class=\"rhea_multi_select_picker show-tick\" data-size=\"9\">\n\t\t\t         <option value=\"any\" selected=\"selected\">Min. Bathrooms<\/option><option value=\"1\">1<\/option><option value=\"2\">2<\/option><option value=\"3\">3<\/option><option value=\"4\">4<\/option><option value=\"5\">5<\/option>\t\t        <\/select>\n\t            \t    <\/span>\n    <\/div>\n\t    <div class=\"rhea_prop_search__option rhea_mod_text_field rhea_min_area_field \"\n            data-key-position=\"8\"\n            style=\"order: 8\">\n\n\t\t        <span class=\"rhea-text-field-wrapper enable-icon\">\n                        <i class=\"field-icon field-svg-icon fa-solid fas fa-vector-square\"><\/i>        <input type=\"text\" autocomplete=\"off\" name=\"min-area\" id=\"min-area-d3c45ff\"\n                pattern=\"[0-9]+\"\n                value=\"\"\n                placeholder=\"Min. M2 Living space\"\n\n\t\t\t                title=\"Please only enter numbers!\"\n\t\t\t        \/>\n            <\/span>\n    <\/div>\n\n    <div class=\"rhea_prop_search__option rhea_mod_text_field rhea_max_area_field \"\n            data-key-position=\"8.1\"\n            style=\"order: 8\">\n\t\t        <span class=\"rhea-text-field-wrapper enable-icon\">\n                        <i class=\"field-icon field-svg-icon fa-solid fas fa-vector-square\"><\/i>        <input type=\"text\" autocomplete=\"off\" name=\"max-area\" id=\"max-area-d3c45ff\"\n                pattern=\"[0-9]+\"\n                value=\"\"\n                placeholder=\"Max. M2 Living space\"\n\t\t\t                title=\"Please only enter numbers!\"\n\t\t\t        \/>\n        <\/span>\n    <\/div>\n\n\t    <div class=\"rhea_prop_search__option rhea_mod_text_field rhea_property_id_field \" style=\"order: 2\" data-key-position=\"2\" id=\"property-id-d3c45ff\">\n\t\t        <span class=\"rhea-text-field-wrapper enable-icon\">\n                        <i class=\"field-icon field-svg-icon fa-solid fas fa-barcode\"><\/i>        <input type=\"text\" name=\"property-id\" autocomplete=\"off\" id=\"property-id-txt-d3c45ff\" value=\"\" placeholder=\"Reference number\"\/>\n        <\/span>\n    <\/div>\n\n\t                                            <div class=\"rhea_prop_search__option rhea_prop_search__select\" data-key-position=\"5\" style=\"order: 5\">\n\t\t\t\t\t\t\t\t\t\t\t\t                                                <span class=\"rhea_prop_search__selectwrap\">\n                                                        <select title=\"Extras search criteria\" id=\"inspiry_suchkriterien_extrasd3c45ff\" name=\"inspiry_suchkriterien_extras[]\" class=\"rhea_multi_select_picker selectpicker show-tick\"\n                                                            >\n                                                            <option value=\"any\" selected=\"selected\">All Extras search criteria <\/option><option value=\"1st sea line\" >1st sea line<\/option><option value=\"Sea view\" >Sea view<\/option><option value=\"ETV license\" >ETV license<\/option><option value=\"Close to the golf course (10&#039;)\" >Close to the golf course (10&#039;)<\/option><option value=\"Close to the beach (10&#039;)\" >Close to the beach (10&#039;)<\/option><option value=\"Close to the airport (35&#039;)\" >Close to the airport (35&#039;)<\/option><option value=\"Real estate complex\" >Real estate complex<\/option><option value=\"With swimming pool\" >With swimming pool<\/option><option value=\"Furnished\" >Furnished<\/option><option value=\"New construction\" >New construction<\/option><option value=\"Top investment\" >Top investment<\/option>                                                        <\/select>\n                                                    <\/span>\n                                            <\/div>\n\t\t\t\t\t\t\t\t\t\t\t                        <\/div>\n\t\t\t\t\t\t                    <\/div>\n\t\t\t\t\t<div class=\"rhea_search_button_wrapper rhea_button_hide  rhea_buttons_bottom rhea_search_button_at_bottom\">\n\t        <div class=\"rhea_advanced_expander rhea_advance_popup\" id=\"advance_popup_bottom_button_d3c45ff\">\n\t\t\t<svg viewBox=\"0 0 32 32\" xmlns=\"http:\/\/www.w3.org\/2000\/svg\"><g data-name=\"137-Zoom\" ><circle class=\"icon-search-plus\" cx=\"12\" cy=\"12\" r=\"11\"\/><line class=\"icon-search-plus\" x1=\"20\" x2=\"31\" y1=\"20\" y2=\"31\"\/><line class=\"icon-search-plus minus\" x1=\"12\" x2=\"12\" y1=\"6\" y2=\"18\"\/><line class=\"icon-search-plus\" x1=\"18\" x2=\"6\" y1=\"12\" y2=\"12\"\/><\/g><\/svg>\n        <\/div>\n\t    <button class=\"rhea_search_form_button  rhea-btn-primary \" type=\"submit\">\n\t\t<svg class=\"rhea-icon-search\" viewBox=\"0 0 32 32\" xmlns=\"http:\/\/www.w3.org\/2000\/svg\">\n    <g data-name=\"32-Search\" ><circle class=\"icon-search\" cx=\"12\" cy=\"12\" r=\"11\"\/><line class=\"icon-search\" x1=\"20\" x2=\"31\" y1=\"20\" y2=\"31\"\/><\/g><\/svg>        <span>\n                Search        <\/span>\n    <\/button>\n<\/div>\n\n\n<div class=\"rhea-search-popup-wrapper \" id=\"rhea-popup-d3c45ff\">\n    <div class=\"rhea-search-popup\">\n        <div class=\"rhea_collapsed_search_fields  rhea_advance_fields_popup\">\n            <div class=\"rhea-search-popup-header\">\n\t\t\t\t                    <h3>Advanced search<\/h3>\n\t\t\t\t\t                <i class=\"rhea-popup-close fa fa-times\"><\/i>\n            <\/div>\n            <div class=\"rhea_collapsed_search_fields_inner\" id=\"collapsed-d3c45ff\"><\/div>\n\t\t\t<div class=\"rhea_search_button_wrapper rhea_button_hide \">\n\t<button class=\"rhea_search_form_button  rhea-btn-primary \" type=\"submit\">\n\t\t<svg class=\"rhea-icon-search\" viewBox=\"0 0 32 32\" xmlns=\"http:\/\/www.w3.org\/2000\/svg\">\n    <g data-name=\"32-Search\" ><circle class=\"icon-search\" cx=\"12\" cy=\"12\" r=\"11\"\/><line class=\"icon-search\" x1=\"20\" x2=\"31\" y1=\"20\" y2=\"31\"\/><\/g><\/svg>\t\t<span>\n                Search                    <\/span>\n\t<\/button>\n<\/div>\n\n\n        <\/div>\n\t\t    <\/div>\n<\/div>\n                <\/div>\n            <\/form>\n        <\/div>\n\t\t            <script type=\"application\/javascript\">\n                jQuery( document ).bind( \"ready\", function () {\n                    rheaSearchFields( \"#rhea-d3c45ff\",5, \"#top-d3c45ff\", \"#collapsed-d3c45ff\" );\n                    rheaSearchStatusChange( \"#rhea-d3c45ff .price-for-others\", \"#rhea-d3c45ff .price-for-rent\", \"#select-status-d3c45ff\", \"\" );\n                    rheaPropertySlider(\n                        \"#rhea_slider_d3c45ff .rhea_price_slider\",\n\t\t\t\t\t\t1,\n\t\t\t\t\t\t7200000,\n                        \"after\",\n                        \".\",\n                        \"\u20ac\",\n                        \"\",\n                        \"\"\n                    );\n                    rheaSearchAdvanceState( \"#advance_button_d3c45ff\", \"#collapsed_wrapper_d3c45ff\" );\n                    rheaSearchAdvanceState( \"#advance_bottom_button_d3c45ff\", \"#collapsed_wrapper_d3c45ff\" );\n                    rheaFeaturesState( \"#rhea_features_d3c45ff .rhea_open_more_features\", \"#rhea_features_d3c45ff .rhea-more-options-wrapper\" );\n                    rheaLocationsHandler([{\"term_id\":1310,\"name\":\"Cala d\\u2019Or\",\"slug\":\"cala-dor\",\"parent\":0,\"count\":4,\"children\":[]},{\"term_id\":1311,\"name\":\"Cala Murada\",\"slug\":\"cala-murada\",\"parent\":0,\"count\":12,\"children\":[]},{\"term_id\":1312,\"name\":\"Campos\",\"slug\":\"campos-en\",\"parent\":0,\"count\":4,\"children\":[]},{\"term_id\":1313,\"name\":\"Cas Concos\",\"slug\":\"cas-concos\",\"parent\":0,\"count\":6,\"children\":[]},{\"term_id\":174,\"name\":\"Felanitx\",\"slug\":\"felanitx-en\",\"parent\":0,\"count\":70,\"children\":[]},{\"term_id\":4203,\"name\":\"Llucmajor\",\"slug\":\"llucmajor-en\",\"parent\":0,\"count\":7,\"children\":[]},{\"term_id\":1314,\"name\":\"Manacor\",\"slug\":\"manacor-en\",\"parent\":0,\"count\":5,\"children\":[]},{\"term_id\":3554,\"name\":\"Porreres\",\"slug\":\"porreres-en\",\"parent\":0,\"count\":5,\"children\":[]},{\"term_id\":184,\"name\":\"Portocolom\",\"slug\":\"portocolom-en\",\"parent\":0,\"count\":17,\"children\":[]},{\"term_id\":1316,\"name\":\"Portocristo\",\"slug\":\"portocristo-en\",\"parent\":0,\"count\":5,\"children\":[]},{\"term_id\":1319,\"name\":\"Santanyi\",\"slug\":\"santanyi-en\",\"parent\":0,\"count\":11,\"children\":[]},{\"term_id\":4072,\"name\":\"Ses Salines\",\"slug\":\"ses-salines-en\",\"parent\":0,\"count\":8,\"children\":[]},{\"term_id\":1317,\"name\":\"S\\u2019Alqueria Blanca\",\"slug\":\"salqueria-blanca\",\"parent\":0,\"count\":5,\"children\":[]},{\"term_id\":1318,\"name\":\"S\\u2019Horta\",\"slug\":\"shorta-en\",\"parent\":0,\"count\":1,\"children\":[]},{\"term_id\":186,\"name\":\"|\\u00a0Island wide\",\"slug\":\"inselweit-en\",\"parent\":0,\"count\":18,\"children\":[{\"term_id\":4514,\"name\":\"Calvia\",\"slug\":\"calvia-en\",\"parent\":186,\"count\":5,\"children\":[{\"term_id\":4518,\"name\":\"Costa d'en Blanes\",\"slug\":\"costa-den-blanes-en\",\"parent\":4514,\"count\":1,\"children\":[]},{\"term_id\":4215,\"name\":\"Santa Ponsa\",\"slug\":\"santa-ponsa-en\",\"parent\":4514,\"count\":4,\"children\":[]}]},{\"term_id\":4201,\"name\":\"Palma\",\"slug\":\"palma-en\",\"parent\":186,\"count\":8,\"children\":[]},{\"term_id\":4214,\"name\":\"Port Andratx\",\"slug\":\"port-andratx-en\",\"parent\":186,\"count\":1,\"children\":[]}]}],\n\t\t\t\t\t\t[\"All locations\",\"All Child Location\",\"All Grand Child Location\",\"All Great Grand Child Location\"],\n\t\t\t\t\t\t[\"d3c45fflocation\",\"d3c45ffchild-location\",\"d3c45ffgrandchild-location\",\"d3c45ffgreat-grandchild-location\"],\n\t\t\t\t\t\t[],\n\t\t\t\t\t\t1,\n\t\t\t\t\t\t\"any\",\n\t\t\t\t\t\t\"multiple\"                    );\n                    rheaSelectPicker( \"#rhea-d3c45ff select.rhea_multi_select_picker\" );\n                    rheaSelectPicker( \"#rhea-d3c45ff select.rhea_multi_select_picker_location\" );\n                    minMaxPriceValidation( \"#select-min-price-d3c45ff\", \"#select-max-price-d3c45ff\" );\n                    minMaxRentPriceValidation( \"#select-min-price-for-rent-d3c45ff\", \"#select-max-price-for-rent-d3c45ff\" );\n                    minMaxAreaValidation( \"#min-area-d3c45ff\", \"#max-area-d3c45ff\" );\n                    minMaxAreaValidation( \"#min-lot-size-d3c45ff\", \"#max-lot-size-d3c45ff\" );\n\n                    jQuery( \"#rhea-d3c45ff .rhea_multi_select_picker_location\" )\n                    .on( 'change', function () {\n                        setTimeout( function () {\n                            jQuery( \"#rhea-d3c45ff .rhea_multi_select_picker_location\" )\n                            .selectpicker( 'refresh' );\n                        }, 500 );\n                    } );\n\n                    rheaAjaxSelect( \".rhea_location_ajax_parent_d3c45ff\",\n                        \"#rhea_ajax_location_d3c45ff\",\n                        'https:\/\/www.lucasfroeserealestate.com\/wp-admin\/admin-ajax.php',\n                        'yes',\n                        'no'\n                    );\n\n                    rheaOpenSearchPopup( \"#advance_button_d3c45ff\", \"#rhea-popup-d3c45ff\" );\n                    rheaOpenSearchPopup( \"#advance_popup_bottom_button_d3c45ff\", \"#rhea-popup-d3c45ff\" );\n\t\t\t\t\t                } );\n            <\/script>\n\t\t\t\t\t\t\t<\/div>\n\t\t\t\t<\/div>\n\t\t\t\t<section class=\"elementor-section elementor-inner-section elementor-element elementor-element-da25a41 elementor-section-boxed elementor-section-height-default elementor-section-height-default\" data-id=\"da25a41\" data-element_type=\"section\" data-e-type=\"section\">\n\t\t\t\t\t\t<div class=\"elementor-container elementor-column-gap-default\">\n\t\t\t\t\t<div class=\"elementor-column elementor-col-50 elementor-inner-column elementor-element elementor-element-52a8106\" data-id=\"52a8106\" data-element_type=\"column\" data-e-type=\"column\">\n\t\t\t<div class=\"elementor-widget-wrap elementor-element-populated\">\n\t\t\t\t\t\t<div class=\"elementor-element elementor-element-9f3f217 elementor-align-justify elementor-widget elementor-widget-button\" data-id=\"9f3f217\" data-element_type=\"widget\" data-e-type=\"widget\" data-widget_type=\"button.default\">\n\t\t\t\t<div class=\"elementor-widget-container\">\n\t\t\t\t\t\t\t\t\t<div class=\"elementor-button-wrapper\">\n\t\t\t\t\t<a class=\"elementor-button elementor-button-link elementor-size-sm\" href=\"https:\/\/www.lucasfroeserealestate.com\/suchauftrag-mallorca\/\">\n\t\t\t\t\t\t<span class=\"elementor-button-content-wrapper\">\n\t\t\t\t\t\t<span class=\"elementor-button-icon\">\n\t\t\t\t<svg aria-hidden=\"true\" class=\"e-font-icon-svg e-fas-landmark\" viewBox=\"0 0 512 512\" xmlns=\"http:\/\/www.w3.org\/2000\/svg\"><path d=\"M501.62 92.11L267.24 2.04a31.958 31.958 0 0 0-22.47 0L10.38 92.11A16.001 16.001 0 0 0 0 107.09V144c0 8.84 7.16 16 16 16h480c8.84 0 16-7.16 16-16v-36.91c0-6.67-4.14-12.64-10.38-14.98zM64 192v160H48c-8.84 0-16 7.16-16 16v48h448v-48c0-8.84-7.16-16-16-16h-16V192h-64v160h-96V192h-64v160h-96V192H64zm432 256H16c-8.84 0-16 7.16-16 16v32c0 8.84 7.16 16 16 16h480c8.84 0 16-7.16 16-16v-32c0-8.84-7.16-16-16-16z\"><\/path><\/svg>\t\t\t<\/span>\n\t\t\t\t\t\t\t\t\t<span class=\"elementor-button-text\">BUY<\/span>\n\t\t\t\t\t<\/span>\n\t\t\t\t\t<\/a>\n\t\t\t\t<\/div>\n\t\t\t\t\t\t\t\t<\/div>\n\t\t\t\t<\/div>\n\t\t\t\t\t<\/div>\n\t\t<\/div>\n\t\t\t\t<div class=\"elementor-column elementor-col-50 elementor-inner-column elementor-element elementor-element-593c576\" data-id=\"593c576\" data-element_type=\"column\" data-e-type=\"column\">\n\t\t\t<div class=\"elementor-widget-wrap elementor-element-populated\">\n\t\t\t\t\t\t<div class=\"elementor-element elementor-element-69fa369 elementor-align-justify elementor-widget elementor-widget-button\" data-id=\"69fa369\" data-element_type=\"widget\" data-e-type=\"widget\" data-widget_type=\"button.default\">\n\t\t\t\t<div class=\"elementor-widget-container\">\n\t\t\t\t\t\t\t\t\t<div class=\"elementor-button-wrapper\">\n\t\t\t\t\t<a class=\"elementor-button elementor-button-link elementor-size-sm\" href=\"https:\/\/www.lucasfroeserealestate.com\/immobilie-verkaufen\/\">\n\t\t\t\t\t\t<span class=\"elementor-button-content-wrapper\">\n\t\t\t\t\t\t<span class=\"elementor-button-icon\">\n\t\t\t\t<svg aria-hidden=\"true\" class=\"e-font-icon-svg e-far-handshake\" viewBox=\"0 0 640 512\" xmlns=\"http:\/\/www.w3.org\/2000\/svg\"><path d=\"M519.2 127.9l-47.6-47.6A56.252 56.252 0 0 0 432 64H205.2c-14.8 0-29.1 5.9-39.6 16.3L118 127.9H0v255.7h64c17.6 0 31.8-14.2 31.9-31.7h9.1l84.6 76.4c30.9 25.1 73.8 25.7 105.6 3.8 12.5 10.8 26 15.9 41.1 15.9 18.2 0 35.3-7.4 48.8-24 22.1 8.7 48.2 2.6 64-16.8l26.2-32.3c5.6-6.9 9.1-14.8 10.9-23h57.9c.1 17.5 14.4 31.7 31.9 31.7h64V127.9H519.2zM48 351.6c-8.8 0-16-7.2-16-16s7.2-16 16-16 16 7.2 16 16c0 8.9-7.2 16-16 16zm390-6.9l-26.1 32.2c-2.8 3.4-7.8 4-11.3 1.2l-23.9-19.4-30 36.5c-6 7.3-15 4.8-18 2.4l-36.8-31.5-15.6 19.2c-13.9 17.1-39.2 19.7-55.3 6.6l-97.3-88H96V175.8h41.9l61.7-61.6c2-.8 3.7-1.5 5.7-2.3H262l-38.7 35.5c-29.4 26.9-31.1 72.3-4.4 101.3 14.8 16.2 61.2 41.2 101.5 4.4l8.2-7.5 108.2 87.8c3.4 2.8 3.9 7.9 1.2 11.3zm106-40.8h-69.2c-2.3-2.8-4.9-5.4-7.7-7.7l-102.7-83.4 12.5-11.4c6.5-6 7-16.1 1-22.6L367 167.1c-6-6.5-16.1-6.9-22.6-1l-55.2 50.6c-9.5 8.7-25.7 9.4-34.6 0-9.3-9.9-8.5-25.1 1.2-33.9l65.6-60.1c7.4-6.8 17-10.5 27-10.5l83.7-.2c2.1 0 4.1.8 5.5 2.3l61.7 61.6H544v128zm48 47.7c-8.8 0-16-7.2-16-16s7.2-16 16-16 16 7.2 16 16c0 8.9-7.2 16-16 16z\"><\/path><\/svg>\t\t\t<\/span>\n\t\t\t\t\t\t\t\t\t<span class=\"elementor-button-text\">SALE<\/span>\n\t\t\t\t\t<\/span>\n\t\t\t\t\t<\/a>\n\t\t\t\t<\/div>\n\t\t\t\t\t\t\t\t<\/div>\n\t\t\t\t<\/div>\n\t\t\t\t\t<\/div>\n\t\t<\/div>\n\t\t\t\t\t<\/div>\n\t\t<\/section>\n\t\t\t\t\t<\/div>\n\t\t<\/div>\n\t\t\t\t\t<\/div>\n\t\t<\/section>\n\t\t\t\t<section class=\"elementor-section elementor-top-section elementor-element elementor-element-5ddfd9a0 elementor-section-content-middle elementor-reverse-mobile elementor-section-boxed elementor-section-height-default elementor-section-height-default\" data-id=\"5ddfd9a0\" data-element_type=\"section\" data-e-type=\"section\">\n\t\t\t\t\t\t\t<div class=\"elementor-background-overlay\"><\/div>\n\t\t\t\t\t\t\t<div class=\"elementor-container elementor-column-gap-no\">\n\t\t\t\t\t<div class=\"elementor-column elementor-col-50 elementor-top-column elementor-element elementor-element-356ffefb\" data-id=\"356ffefb\" data-element_type=\"column\" data-e-type=\"column\">\n\t\t\t<div class=\"elementor-widget-wrap elementor-element-populated\">\n\t\t\t\t\t\t<div class=\"elementor-element elementor-element-23730ca elementor-widget elementor-widget-heading\" data-id=\"23730ca\" data-element_type=\"widget\" data-e-type=\"widget\" data-widget_type=\"heading.default\">\n\t\t\t\t<div class=\"elementor-widget-container\">\n\t\t\t\t\t<h6 class=\"elementor-heading-title elementor-size-large\">\"Bienvenidos!\"<\/h6>\t\t\t\t<\/div>\n\t\t\t\t<\/div>\n\t\t\t\t<div class=\"elementor-element elementor-element-55104f2 elementor-widget elementor-widget-text-editor\" data-id=\"55104f2\" data-element_type=\"widget\" data-e-type=\"widget\" data-widget_type=\"text-editor.default\">\n\t\t\t\t<div class=\"elementor-widget-container\">\n\t\t\t\t\t\t\t\t\t<p><strong>We are at your side to help you find your dream property on the most beautiful island in the world. Regardless of whether it is one of the luxury properties, a finca, a villa by the sea, an investment property or a romantic townhouse.<\/strong><\/p><p>Having grown up multicultural and multilingual in Mallorca and after studying, training with renowned estate agents and thorough knowledge of the market, the team is able to act as a versatile link between the prospective buyer and the owner.<\/p>\t\t\t\t\t\t\t\t<\/div>\n\t\t\t\t<\/div>\n\t\t\t\t<div class=\"elementor-element elementor-element-f9c838d elementor-widget elementor-widget-text-editor\" data-id=\"f9c838d\" data-element_type=\"widget\" data-e-type=\"widget\" data-widget_type=\"text-editor.default\">\n\t\t\t\t<div class=\"elementor-widget-container\">\n\t\t\t\t\t\t\t\t\t<p>Specializing in the southeast of Mallorca, our team offers a constantly growing portfolio of different dream properties. Take a look at our current offer and if you cannot find what you are looking for, <strong>we will be happy to take the time to find an individual dream property tailored to your wishes<\/strong>.<\/p>\t\t\t\t\t\t\t\t<\/div>\n\t\t\t\t<\/div>\n\t\t\t\t<div class=\"elementor-element elementor-element-242ceb4f elementor-widget elementor-widget-button\" data-id=\"242ceb4f\" data-element_type=\"widget\" data-e-type=\"widget\" data-widget_type=\"button.default\">\n\t\t\t\t<div class=\"elementor-widget-container\">\n\t\t\t\t\t\t\t\t\t<div class=\"elementor-button-wrapper\">\n\t\t\t\t\t<a class=\"elementor-button elementor-button-link elementor-size-sm elementor-animation-grow\" href=\"https:\/\/www.lucasfroeserealestate.com\/ueber-uns\/\">\n\t\t\t\t\t\t<span class=\"elementor-button-content-wrapper\">\n\t\t\t\t\t\t\t\t\t<span class=\"elementor-button-text\">About us<\/span>\n\t\t\t\t\t<\/span>\n\t\t\t\t\t<\/a>\n\t\t\t\t<\/div>\n\t\t\t\t\t\t\t\t<\/div>\n\t\t\t\t<\/div>\n\t\t\t\t\t<\/div>\n\t\t<\/div>\n\t\t\t\t<div class=\"elementor-column elementor-col-50 elementor-top-column elementor-element elementor-element-58097e37\" data-id=\"58097e37\" data-element_type=\"column\" data-e-type=\"column\">\n\t\t\t<div class=\"elementor-widget-wrap elementor-element-populated\">\n\t\t\t\t\t\t<div class=\"elementor-element elementor-element-70ae3a26 elementor-widget elementor-widget-image\" data-id=\"70ae3a26\" data-element_type=\"widget\" data-e-type=\"widget\" data-widget_type=\"image.default\">\n\t\t\t\t<div class=\"elementor-widget-container\">\n\t\t\t\t\t\t\t\t\t\t\t\t\t\t\t<img fetchpriority=\"high\" decoding=\"async\" loading=\"eager\" width=\"400\" height=\"600\" src=\"https:\/\/www.lucasfroeserealestate.com\/wp-content\/uploads\/2025\/08\/immobilien-mallorca-lucas-froese-011-1.jpg\" class=\"attachment-full size-full wp-image-72053\" alt=\"Inmobiliaria Mallorca Lucas Froese\" srcset=\"https:\/\/www.lucasfroeserealestate.com\/wp-content\/uploads\/2025\/08\/immobilien-mallorca-lucas-froese-011-1.jpg 400w, https:\/\/www.lucasfroeserealestate.com\/wp-content\/uploads\/2025\/08\/immobilien-mallorca-lucas-froese-011-1-200x300.jpg 200w, https:\/\/www.lucasfroeserealestate.com\/wp-content\/uploads\/2025\/08\/immobilien-mallorca-lucas-froese-011-1-100x150.jpg 100w\" sizes=\"(max-width: 400px) 100vw, 400px\" title=\"\">\t\t\t\t\t\t\t\t\t\t\t\t\t\t\t<\/div>\n\t\t\t\t<\/div>\n\t\t\t\t\t<\/div>\n\t\t<\/div>\n\t\t\t\t\t<\/div>\n\t\t<\/section>\n\t\t\t\t<section class=\"elementor-section elementor-top-section elementor-element elementor-element-03a08d9 elementor-section-boxed elementor-section-height-default elementor-section-height-default\" data-id=\"03a08d9\" data-element_type=\"section\" data-e-type=\"section\" data-settings=\"{&quot;background_background&quot;:&quot;classic&quot;}\" buyer=\"\">\n\t\t\t\t\t\t<div class=\"elementor-container elementor-column-gap-default\">\n\t\t\t\t\t<div class=\"elementor-column elementor-col-100 elementor-top-column elementor-element elementor-element-03746a2\" data-id=\"03746a2\" data-element_type=\"column\" data-e-type=\"column\">\n\t\t\t<div class=\"elementor-widget-wrap elementor-element-populated\">\n\t\t\t\t\t\t<div class=\"elementor-element elementor-element-dcf28bc elementor-widget elementor-widget-heading\" data-id=\"dcf28bc\" data-element_type=\"widget\" data-e-type=\"widget\" data-widget_type=\"heading.default\">\n\t\t\t\t<div class=\"elementor-widget-container\">\n\t\t\t\t\t<h2 class=\"elementor-heading-title elementor-size-default\">Mallorca South-East, beaches, restaurants...<\/h2>\t\t\t\t<\/div>\n\t\t\t\t<\/div>\n\t\t\t\t<div class=\"elementor-element elementor-element-b99ccd5 elementor-widget elementor-widget-heading\" data-id=\"b99ccd5\" data-element_type=\"widget\" data-e-type=\"widget\" data-widget_type=\"heading.default\">\n\t\t\t\t<div class=\"elementor-widget-container\">\n\t\t\t\t\t<h4 class=\"elementor-heading-title elementor-size-default\">A range of new, carefully selected variety of villas, fincas, chalets, townhouses, plots and commercial properties. Let us inspire you and advise you on our real estate Mallorca portfolio. Our luxury properties in particular are very exclusively selected.<\/h4>\t\t\t\t<\/div>\n\t\t\t\t<\/div>\n\t\t\t\t\t<\/div>\n\t\t<\/div>\n\t\t\t\t\t<\/div>\n\t\t<\/section>\n\t\t\t\t<section class=\"elementor-section elementor-top-section elementor-element elementor-element-b6b3274 elementor-section-boxed elementor-section-height-default elementor-section-height-default\" data-id=\"b6b3274\" data-element_type=\"section\" data-e-type=\"section\">\n\t\t\t\t\t\t<div class=\"elementor-container elementor-column-gap-default\">\n\t\t\t\t\t<div class=\"elementor-column elementor-col-100 elementor-top-column elementor-element elementor-element-04f60c0\" data-id=\"04f60c0\" data-element_type=\"column\" data-e-type=\"column\">\n\t\t\t<div class=\"elementor-widget-wrap elementor-element-populated\">\n\t\t\t\t\t\t<div class=\"elementor-element elementor-element-ad06788 elementor-widget elementor-widget-rhea-properties-widget-3\" data-id=\"ad06788\" data-element_type=\"widget\" data-e-type=\"widget\" data-widget_type=\"rhea-properties-widget-3.default\">\n\t\t\t\t<div class=\"elementor-widget-container\">\n\t\t\t\t\t        <section id=\"rh-ad06788\" class=\"rh_elementor_widget rhea_ele_property_ajax_target rhea_latest_properties_ajax rhea_has_tooltip\">\n\n\t\t\t                <div class=\"home-properties-section-inner-target\">\n                    <div class=\"rh_properties_pagination_append rhea_latest_properties_2\">\n\t\t\t\t\t\t                            <div class=\"rhea_property_card_ele_stylish\">\n                                <div class=\"rhea_property_card_ele_stylish_inner\">\n                                    <div class=\"rhea_thumbnail_wrapper\">\n                                        <div class=\"rhea_top_tags_box\">\n\t\t\t\t\t\t\t\t\t\t\t    <div class=\"rhea_tags_wrapper\">\n\t\t    <\/div>\n\t                                        <\/div>\n                                        <div class=\"rhea_bottom_tags_box\">\n\t\t\t\t\t\t\t\t\t\t\t                                                        <span class=\"rhea_property_types\">\n                                                            <small>Houses<\/small>                                                        <\/span>\n\t\t\t\t\t\t\t\t\t\t\t\t\t\t                                        <\/div>\n\n\t\t\t\t\t\t\t\t\t\t<a class=\"rhea_permalink rhea_scale_animation\" href=\"https:\/\/www.lucasfroeserealestate.com\/en\/immobilien\/renovated-historic-terraced-house-in-campos-with-garage-elevator-and-large-wine-cellar\/\">\n\t<img decoding=\"async\" width=\"488\" height=\"326\" src=\"https:\/\/www.lucasfroeserealestate.com\/wp-content\/uploads\/2026\/03\/Historisches-renoviertes-Stadthaus-in-Campos-mit-Garage-16-488x326.jpg\" class=\"attachment-property-thumb-image size-property-thumb-image wp-post-image\" alt=\"\" srcset=\"https:\/\/www.lucasfroeserealestate.com\/wp-content\/uploads\/2026\/03\/Historisches-renoviertes-Stadthaus-in-Campos-mit-Garage-16-488x326.jpg 488w, https:\/\/www.lucasfroeserealestate.com\/wp-content\/uploads\/2026\/03\/Historisches-renoviertes-Stadthaus-in-Campos-mit-Garage-16-300x200.jpg 300w, https:\/\/www.lucasfroeserealestate.com\/wp-content\/uploads\/2026\/03\/Historisches-renoviertes-Stadthaus-in-Campos-mit-Garage-16-1024x683.jpg 1024w, https:\/\/www.lucasfroeserealestate.com\/wp-content\/uploads\/2026\/03\/Historisches-renoviertes-Stadthaus-in-Campos-mit-Garage-16-768x512.jpg 768w, https:\/\/www.lucasfroeserealestate.com\/wp-content\/uploads\/2026\/03\/Historisches-renoviertes-Stadthaus-in-Campos-mit-Garage-16-1536x1024.jpg 1536w, https:\/\/www.lucasfroeserealestate.com\/wp-content\/uploads\/2026\/03\/Historisches-renoviertes-Stadthaus-in-Campos-mit-Garage-16-2048x1366.jpg 2048w, https:\/\/www.lucasfroeserealestate.com\/wp-content\/uploads\/2026\/03\/Historisches-renoviertes-Stadthaus-in-Campos-mit-Garage-16-150x100.jpg 150w\" sizes=\"(max-width: 488px) 100vw, 488px\" loading=\"eager\" title=\"\"><\/a>                                    <\/div>\n                                    <div class=\"rhea_detail_wrapper rh_detail_wrapper_3\">\n\n\n\t\t\t\t\t\t\t\t\t\t<h3 class=\"rhea_heading_stylish\"><a href=\"https:\/\/www.lucasfroeserealestate.com\/en\/immobilien\/renovated-historic-terraced-house-in-campos-with-garage-elevator-and-large-wine-cellar\/\">Renovated historic terraced house in Campos with garage, elevator and large wine cellar<\/a><\/h3>        <div class=\"rhea_address_sty\">\n            <a\n\t\t\t\t            class=\"rhea_trigger_map rhea_facnybox_trigger-ad06788 \" data-rhea-map-source=\"rhea-map-source-ad06788\" data-rhea-map-location=\"39.432716290658,3.0189673068285,15\" data-rhea-map-title=\"Renovated historic terraced house in Campos with garage, elevator and large wine cellar\" data-rhea-map-price=\" 1.980.000\u20ac \" data-rhea-map-thumb=\"https:\/\/www.lucasfroeserealestate.com\/wp-content\/uploads\/2026\/03\/Historisches-renoviertes-Stadthaus-in-Campos-mit-Garage-16-488x326.jpg\"\n\t\t\t                    href=\"https:\/\/www.lucasfroeserealestate.com\/en\/immobilien\/renovated-historic-terraced-house-in-campos-with-garage-elevator-and-large-wine-cellar\/\"\n            >\n                <span class=\"rhea_address_pin\"><svg xmlns=\"http:\/\/www.w3.org\/2000\/svg\" viewBox=\"0 0 18 18\">\r\n\t<style type=\"text\/css\">\r\n\r\n\t\t.st0{fill-rule:evenodd;clip-rule:evenodd;}\r\n\r\n\t<\/style>\r\n\t<path class=\"st0\" d=\"M9 1c3.3 0 6 2.7 6 6S9 17 9 17 3 10.3 3 7 5.7 1 9 1zM9 5c1.1 0 2 0.9 2 2s-0.9 2-2 2S7 8.1 7 7 7.9 5 9 5z\"\/>\r\n<\/svg><\/span>\n\t\t\t\tCampos, Mallorca, Illes Balears, Spain\n            <\/a>\n        <\/div>\n\t\t                                            <div class=\"rhea_rvr_ratings_wrapper_stylish rvr_rating_left\">\n\t\t\t\t\t\t\t\t\t\t\t\t                                            <\/div>\n\t\t\t\t\t\t\t\t\t\t\t    <div class=\"rh_prop_card_meta_wrap_stylish\">\n\t\t        <div class=\"rh_prop_card__meta\" style=\"order: 1\">\n\t\t\t\t\t\t\t<span class=\"rhea_meta_titles\">Bedroom<\/span>                <div class=\"rhea_meta_icon_wrapper\">\n\t\t\t\t\t<img decoding=\"async\" class=\"custom-meta-icon custom-meta-icon-image\" src=\"https:\/\/www.lucasfroeserealestate.com\/wp-content\/uploads\/2024\/09\/schlafzimmer-immobilien-mallorca-02.png\" alt=\"Bedrooms property meta icon.\" title=\"\">\t\t\t\t\t<span class=\"figure\">4<\/span>\t\t\t\t\t                <\/div>\n\t\t\t        <\/div>\n\t\t        <div class=\"rh_prop_card__meta\" style=\"order: 2\">\n\t\t\t\t\t\t\t<span class=\"rhea_meta_titles\">Bathrooms<\/span>                <div class=\"rhea_meta_icon_wrapper\">\n\t\t\t\t\t<img decoding=\"async\" class=\"custom-meta-icon custom-meta-icon-image\" src=\"https:\/\/www.lucasfroeserealestate.com\/wp-content\/uploads\/2024\/09\/badezimmer-immobilien-mallorca.png\" alt=\"Bathrooms property meta icon.\" title=\"\">\t\t\t\t\t<span class=\"figure\">3<\/span>\t\t\t\t\t                <\/div>\n\t\t\t        <\/div>\n\t\t        <div class=\"rh_prop_card__meta\" style=\"order: 3\">\n\t\t\t\t\t\t\t<span class=\"rhea_meta_titles\">Living area<\/span>                <div class=\"rhea_meta_icon_wrapper\">\n\t\t\t\t\t<img decoding=\"async\" class=\"custom-meta-icon custom-meta-icon-image\" src=\"https:\/\/www.lucasfroeserealestate.com\/wp-content\/uploads\/2024\/09\/wohnflaeche-immobilien-mallorca.png\" alt=\"Area Size property meta icon.\" title=\"\">\t\t\t\t\t<span class=\"figure\">415<\/span>\t\t\t\t\t                <\/div>\n\t\t\t        <\/div>\n\t\t        <div class=\"rh_prop_card__meta\" style=\"order: 4\">\n\t\t\t\t\t\t\t<span class=\"rhea_meta_titles\">Plot<\/span>                <div class=\"rhea_meta_icon_wrapper\">\n\t\t\t\t\t<img decoding=\"async\" class=\"custom-meta-icon custom-meta-icon-image\" src=\"https:\/\/www.lucasfroeserealestate.com\/wp-content\/uploads\/2024\/09\/grundstueck-flaeche-immobilien.png\" alt=\"Lot Size property meta icon.\" title=\"\">\t\t\t\t\t<span class=\"figure\">355<\/span>\t\t\t\t\t                <\/div>\n\t\t\t        <\/div>\n\t\t    <\/div>\n\t                                        <div class=\"rhea_price_fav_box\">\n                                            <div class=\"rhea_price_box\">\n\t\t\t\t\t\t\t\t\t\t\t\t<div class=\"rh_prop_card__priceLabel_sty\">\n    <span class=\"rh_prop_card__status_sty\">\n              <\/span>\n    <p class=\"rh_prop_card__price_sty \">\n\t\t 1.980.000\u20ac     <\/p>\n<\/div>                                            <\/div>\n                                            <div class=\"rhea_fav_icon_box rhea_parent_fav_button\">\n\t\t                                                                                    <\/div>\n                                        <\/div>\n\n                                    <\/div>\n                                    <div class=\"rhea_wrapper_bottom_agent\">\n\t\t\t\t\t\t\t\t\t\t                                    <\/div>\n                                <\/div>\n                            <\/div>\n\t\t\t\t\t\t\t                            <div class=\"rhea_property_card_ele_stylish\">\n                                <div class=\"rhea_property_card_ele_stylish_inner\">\n                                    <div class=\"rhea_thumbnail_wrapper\">\n                                        <div class=\"rhea_top_tags_box\">\n\t\t\t\t\t\t\t\t\t\t\t    <div class=\"rhea_tags_wrapper\">\n\t\t    <\/div>\n\t                                        <\/div>\n                                        <div class=\"rhea_bottom_tags_box\">\n\t\t\t\t\t\t\t\t\t\t\t                                                        <span class=\"rhea_property_types\">\n                                                            <small>Houses<\/small>                                                        <\/span>\n\t\t\t\t\t\t\t\t\t\t\t\t\t\t                                        <\/div>\n\n\t\t\t\t\t\t\t\t\t\t<a class=\"rhea_permalink rhea_scale_animation\" href=\"https:\/\/www.lucasfroeserealestate.com\/en\/immobilien\/charming-townhouse-close-to-the-center-in-felanitx-with-patio-and-garage\/\">\n\t<img decoding=\"async\" width=\"488\" height=\"326\" src=\"https:\/\/www.lucasfroeserealestate.com\/wp-content\/uploads\/2026\/02\/Charmantes-Stadthaus-nah-am-Zentrum-in-Felanitx-mit-Patio-und-Garage2-488x326.jpeg\" class=\"attachment-property-thumb-image size-property-thumb-image wp-post-image\" alt=\"\" loading=\"eager\" title=\"\"><\/a>                                    <\/div>\n                                    <div class=\"rhea_detail_wrapper rh_detail_wrapper_3\">\n\n\n\t\t\t\t\t\t\t\t\t\t<h3 class=\"rhea_heading_stylish\"><a href=\"https:\/\/www.lucasfroeserealestate.com\/en\/immobilien\/charming-townhouse-close-to-the-center-in-felanitx-with-patio-and-garage\/\">EXCLUSIVE | Charming townhouse close to the center in Felanitx with patio and garage<\/a><\/h3>        <div class=\"rhea_address_sty\">\n            <a\n\t\t\t\t            class=\"rhea_trigger_map rhea_facnybox_trigger-ad06788 \" data-rhea-map-source=\"rhea-map-source-ad06788\" data-rhea-map-location=\"39.4720848539,3.1525625830078,14\" data-rhea-map-title=\"EXCLUSIVE | Charming townhouse close to the center in Felanitx with patio and garage\" data-rhea-map-price=\" 472.000\u20ac \" data-rhea-map-thumb=\"https:\/\/www.lucasfroeserealestate.com\/wp-content\/uploads\/2026\/02\/Charmantes-Stadthaus-nah-am-Zentrum-in-Felanitx-mit-Patio-und-Garage2-488x326.jpeg\"\n\t\t\t                    href=\"https:\/\/www.lucasfroeserealestate.com\/en\/immobilien\/charming-townhouse-close-to-the-center-in-felanitx-with-patio-and-garage\/\"\n            >\n                <span class=\"rhea_address_pin\"><svg xmlns=\"http:\/\/www.w3.org\/2000\/svg\" viewBox=\"0 0 18 18\">\r\n\t<style type=\"text\/css\">\r\n\r\n\t\t.st0{fill-rule:evenodd;clip-rule:evenodd;}\r\n\r\n\t<\/style>\r\n\t<path class=\"st0\" d=\"M9 1c3.3 0 6 2.7 6 6S9 17 9 17 3 10.3 3 7 5.7 1 9 1zM9 5c1.1 0 2 0.9 2 2s-0.9 2-2 2S7 8.1 7 7 7.9 5 9 5z\"\/>\r\n<\/svg><\/span>\n\t\t\t\tFelanitx\n            <\/a>\n        <\/div>\n\t\t                                            <div class=\"rhea_rvr_ratings_wrapper_stylish rvr_rating_left\">\n\t\t\t\t\t\t\t\t\t\t\t\t                                            <\/div>\n\t\t\t\t\t\t\t\t\t\t\t    <div class=\"rh_prop_card_meta_wrap_stylish\">\n\t\t        <div class=\"rh_prop_card__meta\" style=\"order: 1\">\n\t\t\t\t\t\t\t<span class=\"rhea_meta_titles\">Bedroom<\/span>                <div class=\"rhea_meta_icon_wrapper\">\n\t\t\t\t\t<img decoding=\"async\" class=\"custom-meta-icon custom-meta-icon-image\" src=\"https:\/\/www.lucasfroeserealestate.com\/wp-content\/uploads\/2024\/09\/schlafzimmer-immobilien-mallorca-02.png\" alt=\"Bedrooms property meta icon.\" title=\"\">\t\t\t\t\t<span class=\"figure\">3<\/span>\t\t\t\t\t                <\/div>\n\t\t\t        <\/div>\n\t\t        <div class=\"rh_prop_card__meta\" style=\"order: 2\">\n\t\t\t\t\t\t\t<span class=\"rhea_meta_titles\">Bathrooms<\/span>                <div class=\"rhea_meta_icon_wrapper\">\n\t\t\t\t\t<img decoding=\"async\" class=\"custom-meta-icon custom-meta-icon-image\" src=\"https:\/\/www.lucasfroeserealestate.com\/wp-content\/uploads\/2024\/09\/badezimmer-immobilien-mallorca.png\" alt=\"Bathrooms property meta icon.\" title=\"\">\t\t\t\t\t<span class=\"figure\">2<\/span>\t\t\t\t\t                <\/div>\n\t\t\t        <\/div>\n\t\t        <div class=\"rh_prop_card__meta\" style=\"order: 3\">\n\t\t\t\t\t\t\t<span class=\"rhea_meta_titles\">Living area<\/span>                <div class=\"rhea_meta_icon_wrapper\">\n\t\t\t\t\t<img decoding=\"async\" class=\"custom-meta-icon custom-meta-icon-image\" src=\"https:\/\/www.lucasfroeserealestate.com\/wp-content\/uploads\/2024\/09\/wohnflaeche-immobilien-mallorca.png\" alt=\"Area Size property meta icon.\" title=\"\">\t\t\t\t\t<span class=\"figure\">150<\/span>\t\t\t\t\t                <\/div>\n\t\t\t        <\/div>\n\t\t        <div class=\"rh_prop_card__meta\" style=\"order: 4\">\n\t\t\t\t\t\t\t<span class=\"rhea_meta_titles\">Plot<\/span>                <div class=\"rhea_meta_icon_wrapper\">\n\t\t\t\t\t<img decoding=\"async\" class=\"custom-meta-icon custom-meta-icon-image\" src=\"https:\/\/www.lucasfroeserealestate.com\/wp-content\/uploads\/2024\/09\/grundstueck-flaeche-immobilien.png\" alt=\"Lot Size property meta icon.\" title=\"\">\t\t\t\t\t<span class=\"figure\">75<\/span>\t\t\t\t\t                <\/div>\n\t\t\t        <\/div>\n\t\t    <\/div>\n\t                                        <div class=\"rhea_price_fav_box\">\n                                            <div class=\"rhea_price_box\">\n\t\t\t\t\t\t\t\t\t\t\t\t<div class=\"rh_prop_card__priceLabel_sty\">\n    <span class=\"rh_prop_card__status_sty\">\n              <\/span>\n    <p class=\"rh_prop_card__price_sty \">\n\t\t 472.000\u20ac     <\/p>\n<\/div>                                            <\/div>\n                                            <div class=\"rhea_fav_icon_box rhea_parent_fav_button\">\n\t\t                                                                                    <\/div>\n                                        <\/div>\n\n                                    <\/div>\n                                    <div class=\"rhea_wrapper_bottom_agent\">\n\t\t\t\t\t\t\t\t\t\t                                    <\/div>\n                                <\/div>\n                            <\/div>\n\t\t\t\t\t\t\t                            <div class=\"rhea_property_card_ele_stylish\">\n                                <div class=\"rhea_property_card_ele_stylish_inner\">\n                                    <div class=\"rhea_thumbnail_wrapper\">\n                                        <div class=\"rhea_top_tags_box\">\n\t\t\t\t\t\t\t\t\t\t\t    <div class=\"rhea_tags_wrapper\">\n\t\t    <\/div>\n\t                                        <\/div>\n                                        <div class=\"rhea_bottom_tags_box\">\n\t\t\t\t\t\t\t\t\t\t\t                                                        <span class=\"rhea_property_types\">\n                                                            <small>Houses<\/small>                                                        <\/span>\n\t\t\t\t\t\t\t\t\t\t\t\t\t\t                                        <\/div>\n\n\t\t\t\t\t\t\t\t\t\t<a class=\"rhea_permalink rhea_scale_animation\" href=\"https:\/\/www.lucasfroeserealestate.com\/en\/immobilien\/investment-opportunity-in-felanitx-finca-with-two-separate-houses\/\">\n\t<img decoding=\"async\" width=\"488\" height=\"326\" src=\"https:\/\/www.lucasfroeserealestate.com\/wp-content\/uploads\/2026\/02\/WhatsApp-Image-2026-02-17-at-2.33.58-AM-1-488x326.jpeg\" class=\"attachment-property-thumb-image size-property-thumb-image wp-post-image\" alt=\"\" srcset=\"https:\/\/www.lucasfroeserealestate.com\/wp-content\/uploads\/2026\/02\/WhatsApp-Image-2026-02-17-at-2.33.58-AM-1-488x326.jpeg 488w, https:\/\/www.lucasfroeserealestate.com\/wp-content\/uploads\/2026\/02\/WhatsApp-Image-2026-02-17-at-2.33.58-AM-1-300x200.jpeg 300w, https:\/\/www.lucasfroeserealestate.com\/wp-content\/uploads\/2026\/02\/WhatsApp-Image-2026-02-17-at-2.33.58-AM-1-1024x683.jpeg 1024w, https:\/\/www.lucasfroeserealestate.com\/wp-content\/uploads\/2026\/02\/WhatsApp-Image-2026-02-17-at-2.33.58-AM-1-768x512.jpeg 768w, https:\/\/www.lucasfroeserealestate.com\/wp-content\/uploads\/2026\/02\/WhatsApp-Image-2026-02-17-at-2.33.58-AM-1-1536x1024.jpeg 1536w, https:\/\/www.lucasfroeserealestate.com\/wp-content\/uploads\/2026\/02\/WhatsApp-Image-2026-02-17-at-2.33.58-AM-1-150x100.jpeg 150w, https:\/\/www.lucasfroeserealestate.com\/wp-content\/uploads\/2026\/02\/WhatsApp-Image-2026-02-17-at-2.33.58-AM-1.jpeg 1600w\" sizes=\"(max-width: 488px) 100vw, 488px\" loading=\"eager\" title=\"\"><\/a>                                    <\/div>\n                                    <div class=\"rhea_detail_wrapper rh_detail_wrapper_3\">\n\n\n\t\t\t\t\t\t\t\t\t\t<h3 class=\"rhea_heading_stylish\"><a href=\"https:\/\/www.lucasfroeserealestate.com\/en\/immobilien\/investment-opportunity-in-felanitx-finca-with-two-separate-houses\/\">EXCLUSIVE | Investment opportunity in Felanitx &#8211; Building with two separate residences<\/a><\/h3>        <div class=\"rhea_address_sty\">\n            <a\n\t\t\t\t            class=\"rhea_trigger_map rhea_facnybox_trigger-ad06788 \" data-rhea-map-source=\"rhea-map-source-ad06788\" data-rhea-map-location=\"39.467822616524,3.1452805330686,16\" data-rhea-map-title=\"EXCLUSIVE | Investment opportunity in Felanitx &#8211; Building with two separate residences\" data-rhea-map-price=\" 425.000\u20ac \" data-rhea-map-thumb=\"https:\/\/www.lucasfroeserealestate.com\/wp-content\/uploads\/2026\/02\/WhatsApp-Image-2026-02-17-at-2.33.58-AM-1-488x326.jpeg\"\n\t\t\t                    href=\"https:\/\/www.lucasfroeserealestate.com\/en\/immobilien\/investment-opportunity-in-felanitx-finca-with-two-separate-houses\/\"\n            >\n                <span class=\"rhea_address_pin\"><svg xmlns=\"http:\/\/www.w3.org\/2000\/svg\" viewBox=\"0 0 18 18\">\r\n\t<style type=\"text\/css\">\r\n\r\n\t\t.st0{fill-rule:evenodd;clip-rule:evenodd;}\r\n\r\n\t<\/style>\r\n\t<path class=\"st0\" d=\"M9 1c3.3 0 6 2.7 6 6S9 17 9 17 3 10.3 3 7 5.7 1 9 1zM9 5c1.1 0 2 0.9 2 2s-0.9 2-2 2S7 8.1 7 7 7.9 5 9 5z\"\/>\r\n<\/svg><\/span>\n\t\t\t\tFelanitx, Mallorca, Illes Balears, Spain\n            <\/a>\n        <\/div>\n\t\t                                            <div class=\"rhea_rvr_ratings_wrapper_stylish rvr_rating_left\">\n\t\t\t\t\t\t\t\t\t\t\t\t                                            <\/div>\n\t\t\t\t\t\t\t\t\t\t\t    <div class=\"rh_prop_card_meta_wrap_stylish\">\n\t\t        <div class=\"rh_prop_card__meta\" style=\"order: 1\">\n\t\t\t\t\t\t\t<span class=\"rhea_meta_titles\">Bedroom<\/span>                <div class=\"rhea_meta_icon_wrapper\">\n\t\t\t\t\t<img decoding=\"async\" class=\"custom-meta-icon custom-meta-icon-image\" src=\"https:\/\/www.lucasfroeserealestate.com\/wp-content\/uploads\/2024\/09\/schlafzimmer-immobilien-mallorca-02.png\" alt=\"Bedrooms property meta icon.\" title=\"\">\t\t\t\t\t<span class=\"figure\">4<\/span>\t\t\t\t\t                <\/div>\n\t\t\t        <\/div>\n\t\t        <div class=\"rh_prop_card__meta\" style=\"order: 2\">\n\t\t\t\t\t\t\t<span class=\"rhea_meta_titles\">Bathrooms<\/span>                <div class=\"rhea_meta_icon_wrapper\">\n\t\t\t\t\t<img decoding=\"async\" class=\"custom-meta-icon custom-meta-icon-image\" src=\"https:\/\/www.lucasfroeserealestate.com\/wp-content\/uploads\/2024\/09\/badezimmer-immobilien-mallorca.png\" alt=\"Bathrooms property meta icon.\" title=\"\">\t\t\t\t\t<span class=\"figure\">3<\/span>\t\t\t\t\t                <\/div>\n\t\t\t        <\/div>\n\t\t        <div class=\"rh_prop_card__meta\" style=\"order: 3\">\n\t\t\t\t\t\t\t<span class=\"rhea_meta_titles\">Living area<\/span>                <div class=\"rhea_meta_icon_wrapper\">\n\t\t\t\t\t<img decoding=\"async\" class=\"custom-meta-icon custom-meta-icon-image\" src=\"https:\/\/www.lucasfroeserealestate.com\/wp-content\/uploads\/2024\/09\/wohnflaeche-immobilien-mallorca.png\" alt=\"Area Size property meta icon.\" title=\"\">\t\t\t\t\t<span class=\"figure\">213<\/span>\t\t\t\t\t                <\/div>\n\t\t\t        <\/div>\n\t\t        <div class=\"rh_prop_card__meta\" style=\"order: 4\">\n\t\t\t\t\t\t\t<span class=\"rhea_meta_titles\">Plot<\/span>                <div class=\"rhea_meta_icon_wrapper\">\n\t\t\t\t\t<img decoding=\"async\" class=\"custom-meta-icon custom-meta-icon-image\" src=\"https:\/\/www.lucasfroeserealestate.com\/wp-content\/uploads\/2024\/09\/grundstueck-flaeche-immobilien.png\" alt=\"Lot Size property meta icon.\" title=\"\">\t\t\t\t\t<span class=\"figure\">209<\/span>\t\t\t\t\t                <\/div>\n\t\t\t        <\/div>\n\t\t    <\/div>\n\t                                        <div class=\"rhea_price_fav_box\">\n                                            <div class=\"rhea_price_box\">\n\t\t\t\t\t\t\t\t\t\t\t\t<div class=\"rh_prop_card__priceLabel_sty\">\n    <span class=\"rh_prop_card__status_sty\">\n              <\/span>\n    <p class=\"rh_prop_card__price_sty \">\n\t\t <span class=\"property-price-wrapper\"><ins class=\"property-current-price\">425.000\u20ac<\/ins> <del class=\"property-old-price\">450.000\u20ac<\/del><\/span>     <\/p>\n<\/div>                                            <\/div>\n                                            <div class=\"rhea_fav_icon_box rhea_parent_fav_button\">\n\t\t                                                                                    <\/div>\n                                        <\/div>\n\n                                    <\/div>\n                                    <div class=\"rhea_wrapper_bottom_agent\">\n\t\t\t\t\t\t\t\t\t\t                                    <\/div>\n                                <\/div>\n                            <\/div>\n\t\t\t\t\t\t\t                            <div class=\"rhea_property_card_ele_stylish\">\n                                <div class=\"rhea_property_card_ele_stylish_inner\">\n                                    <div class=\"rhea_thumbnail_wrapper\">\n                                        <div class=\"rhea_top_tags_box\">\n\t\t\t\t\t\t\t\t\t\t\t    <div class=\"rhea_tags_wrapper\">\n\t\t    <\/div>\n\t                                        <\/div>\n                                        <div class=\"rhea_bottom_tags_box\">\n\t\t\t\t\t\t\t\t\t\t\t                                                        <span class=\"rhea_property_types\">\n                                                            <small>Houses<\/small>                                                        <\/span>\n\t\t\t\t\t\t\t\t\t\t\t\t\t\t                                        <\/div>\n\n\t\t\t\t\t\t\t\t\t\t<a class=\"rhea_permalink rhea_scale_animation\" href=\"https:\/\/www.lucasfroeserealestate.com\/en\/immobilien\/exclusive-townhouse-house-in-the-center-of-cas-concos\/\">\n\t<img decoding=\"async\" width=\"488\" height=\"326\" src=\"https:\/\/www.lucasfroeserealestate.com\/wp-content\/uploads\/2026\/03\/Stadhaus-in-Zentrum-von-Cas-Concos-3-488x326.jpg\" class=\"attachment-property-thumb-image size-property-thumb-image wp-post-image\" alt=\"Eingangsbereich Mallorca\" srcset=\"https:\/\/www.lucasfroeserealestate.com\/wp-content\/uploads\/2026\/03\/Stadhaus-in-Zentrum-von-Cas-Concos-3-488x326.jpg 488w, https:\/\/www.lucasfroeserealestate.com\/wp-content\/uploads\/2026\/03\/Stadhaus-in-Zentrum-von-Cas-Concos-3-300x200.jpg 300w, https:\/\/www.lucasfroeserealestate.com\/wp-content\/uploads\/2026\/03\/Stadhaus-in-Zentrum-von-Cas-Concos-3-1024x683.jpg 1024w, https:\/\/www.lucasfroeserealestate.com\/wp-content\/uploads\/2026\/03\/Stadhaus-in-Zentrum-von-Cas-Concos-3-768x512.jpg 768w, https:\/\/www.lucasfroeserealestate.com\/wp-content\/uploads\/2026\/03\/Stadhaus-in-Zentrum-von-Cas-Concos-3-1536x1024.jpg 1536w, https:\/\/www.lucasfroeserealestate.com\/wp-content\/uploads\/2026\/03\/Stadhaus-in-Zentrum-von-Cas-Concos-3-2048x1366.jpg 2048w, https:\/\/www.lucasfroeserealestate.com\/wp-content\/uploads\/2026\/03\/Stadhaus-in-Zentrum-von-Cas-Concos-3-150x100.jpg 150w\" sizes=\"(max-width: 488px) 100vw, 488px\" loading=\"eager\" title=\"\"><\/a>                                    <\/div>\n                                    <div class=\"rhea_detail_wrapper rh_detail_wrapper_3\">\n\n\n\t\t\t\t\t\t\t\t\t\t<h3 class=\"rhea_heading_stylish\"><a href=\"https:\/\/www.lucasfroeserealestate.com\/en\/immobilien\/exclusive-townhouse-house-in-the-center-of-cas-concos\/\">EXCLUSIVE &#8211; Townhouse house in the center of Cas Concos<\/a><\/h3>        <div class=\"rhea_address_sty\">\n            <a\n\t\t\t\t            class=\"rhea_trigger_map rhea_facnybox_trigger-ad06788 \" data-rhea-map-source=\"rhea-map-source-ad06788\" data-rhea-map-location=\"39.41845358204,3.1374618791927,18\" data-rhea-map-title=\"EXCLUSIVE &#8211; Townhouse house in the center of Cas Concos\" data-rhea-map-price=\" 450.000\u20ac \" data-rhea-map-thumb=\"https:\/\/www.lucasfroeserealestate.com\/wp-content\/uploads\/2026\/03\/Stadhaus-in-Zentrum-von-Cas-Concos-3-488x326.jpg\"\n\t\t\t                    href=\"https:\/\/www.lucasfroeserealestate.com\/en\/immobilien\/exclusive-townhouse-house-in-the-center-of-cas-concos\/\"\n            >\n                <span class=\"rhea_address_pin\"><svg xmlns=\"http:\/\/www.w3.org\/2000\/svg\" viewBox=\"0 0 18 18\">\r\n\t<style type=\"text\/css\">\r\n\r\n\t\t.st0{fill-rule:evenodd;clip-rule:evenodd;}\r\n\r\n\t<\/style>\r\n\t<path class=\"st0\" d=\"M9 1c3.3 0 6 2.7 6 6S9 17 9 17 3 10.3 3 7 5.7 1 9 1zM9 5c1.1 0 2 0.9 2 2s-0.9 2-2 2S7 8.1 7 7 7.9 5 9 5z\"\/>\r\n<\/svg><\/span>\n\t\t\t\tCas Concos\n            <\/a>\n        <\/div>\n\t\t                                            <div class=\"rhea_rvr_ratings_wrapper_stylish rvr_rating_left\">\n\t\t\t\t\t\t\t\t\t\t\t\t                                            <\/div>\n\t\t\t\t\t\t\t\t\t\t\t    <div class=\"rh_prop_card_meta_wrap_stylish\">\n\t\t        <div class=\"rh_prop_card__meta\" style=\"order: 1\">\n\t\t\t\t\t\t\t<span class=\"rhea_meta_titles\">Bedroom<\/span>                <div class=\"rhea_meta_icon_wrapper\">\n\t\t\t\t\t<img decoding=\"async\" class=\"custom-meta-icon custom-meta-icon-image\" src=\"https:\/\/www.lucasfroeserealestate.com\/wp-content\/uploads\/2024\/09\/schlafzimmer-immobilien-mallorca-02.png\" alt=\"Bedrooms property meta icon.\" title=\"\">\t\t\t\t\t<span class=\"figure\">4<\/span>\t\t\t\t\t                <\/div>\n\t\t\t        <\/div>\n\t\t        <div class=\"rh_prop_card__meta\" style=\"order: 2\">\n\t\t\t\t\t\t\t<span class=\"rhea_meta_titles\">Bathrooms<\/span>                <div class=\"rhea_meta_icon_wrapper\">\n\t\t\t\t\t<img decoding=\"async\" class=\"custom-meta-icon custom-meta-icon-image\" src=\"https:\/\/www.lucasfroeserealestate.com\/wp-content\/uploads\/2024\/09\/badezimmer-immobilien-mallorca.png\" alt=\"Bathrooms property meta icon.\" title=\"\">\t\t\t\t\t<span class=\"figure\">1<\/span>\t\t\t\t\t                <\/div>\n\t\t\t        <\/div>\n\t\t        <div class=\"rh_prop_card__meta\" style=\"order: 3\">\n\t\t\t\t\t\t\t<span class=\"rhea_meta_titles\">Living area<\/span>                <div class=\"rhea_meta_icon_wrapper\">\n\t\t\t\t\t<img decoding=\"async\" class=\"custom-meta-icon custom-meta-icon-image\" src=\"https:\/\/www.lucasfroeserealestate.com\/wp-content\/uploads\/2024\/09\/wohnflaeche-immobilien-mallorca.png\" alt=\"Area Size property meta icon.\" title=\"\">\t\t\t\t\t<span class=\"figure\">218<\/span>\t\t\t\t\t                <\/div>\n\t\t\t        <\/div>\n\t\t        <div class=\"rh_prop_card__meta\" style=\"order: 4\">\n\t\t\t\t\t\t\t<span class=\"rhea_meta_titles\">Plot<\/span>                <div class=\"rhea_meta_icon_wrapper\">\n\t\t\t\t\t<img decoding=\"async\" class=\"custom-meta-icon custom-meta-icon-image\" src=\"https:\/\/www.lucasfroeserealestate.com\/wp-content\/uploads\/2024\/09\/grundstueck-flaeche-immobilien.png\" alt=\"Lot Size property meta icon.\" title=\"\">\t\t\t\t\t<span class=\"figure\">176<\/span>\t\t\t\t\t                <\/div>\n\t\t\t        <\/div>\n\t\t    <\/div>\n\t                                        <div class=\"rhea_price_fav_box\">\n                                            <div class=\"rhea_price_box\">\n\t\t\t\t\t\t\t\t\t\t\t\t<div class=\"rh_prop_card__priceLabel_sty\">\n    <span class=\"rh_prop_card__status_sty\">\n              <\/span>\n    <p class=\"rh_prop_card__price_sty \">\n\t\t 450.000\u20ac     <\/p>\n<\/div>                                            <\/div>\n                                            <div class=\"rhea_fav_icon_box rhea_parent_fav_button\">\n\t\t                                                                                    <\/div>\n                                        <\/div>\n\n                                    <\/div>\n                                    <div class=\"rhea_wrapper_bottom_agent\">\n\t\t\t\t\t\t\t\t\t\t                                    <\/div>\n                                <\/div>\n                            <\/div>\n\t\t\t\t\t\t\t                            <div class=\"rhea_property_card_ele_stylish\">\n                                <div class=\"rhea_property_card_ele_stylish_inner\">\n                                    <div class=\"rhea_thumbnail_wrapper\">\n                                        <div class=\"rhea_top_tags_box\">\n\t\t\t\t\t\t\t\t\t\t\t    <div class=\"rhea_tags_wrapper\">\n\t\t    <\/div>\n\t                                        <\/div>\n                                        <div class=\"rhea_bottom_tags_box\">\n\t\t\t\t\t\t\t\t\t\t\t                                                        <span class=\"rhea_property_types\">\n                                                            <small>Flats and Apartments<\/small>                                                        <\/span>\n\t\t\t\t\t\t\t\t\t\t\t\t\t\t                                        <\/div>\n\n\t\t\t\t\t\t\t\t\t\t<a class=\"rhea_permalink rhea_scale_animation\" href=\"https:\/\/www.lucasfroeserealestate.com\/en\/immobilien\/elegant-first-floor-apartment-for-sale-in-campos-comfort-and-functionality-in-a-fully-equipped-residential-complex\/\">\n\t<img decoding=\"async\" width=\"488\" height=\"326\" src=\"https:\/\/www.lucasfroeserealestate.com\/wp-content\/uploads\/2026\/02\/sold-lf-web-2-488x326.jpg\" class=\"attachment-property-thumb-image size-property-thumb-image wp-post-image\" alt=\"\" srcset=\"https:\/\/www.lucasfroeserealestate.com\/wp-content\/uploads\/2026\/02\/sold-lf-web-2-488x326.jpg 488w, https:\/\/www.lucasfroeserealestate.com\/wp-content\/uploads\/2026\/02\/sold-lf-web-2-300x200.jpg 300w, https:\/\/www.lucasfroeserealestate.com\/wp-content\/uploads\/2026\/02\/sold-lf-web-2-1024x683.jpg 1024w, https:\/\/www.lucasfroeserealestate.com\/wp-content\/uploads\/2026\/02\/sold-lf-web-2-768x512.jpg 768w, https:\/\/www.lucasfroeserealestate.com\/wp-content\/uploads\/2026\/02\/sold-lf-web-2-1536x1024.jpg 1536w, https:\/\/www.lucasfroeserealestate.com\/wp-content\/uploads\/2026\/02\/sold-lf-web-2-2048x1365.jpg 2048w, https:\/\/www.lucasfroeserealestate.com\/wp-content\/uploads\/2026\/02\/sold-lf-web-2-150x100.jpg 150w\" sizes=\"(max-width: 488px) 100vw, 488px\" loading=\"eager\" title=\"\"><\/a>                                    <\/div>\n                                    <div class=\"rhea_detail_wrapper rh_detail_wrapper_3\">\n\n\n\t\t\t\t\t\t\t\t\t\t<h3 class=\"rhea_heading_stylish\"><a href=\"https:\/\/www.lucasfroeserealestate.com\/en\/immobilien\/elegant-first-floor-apartment-for-sale-in-campos-comfort-and-functionality-in-a-fully-equipped-residential-complex\/\">SOLD BY US | EXCLUSIVE | Elegant first floor apartment for sale in Campos<\/a><\/h3>        <div class=\"rhea_address_sty\">\n            <a\n\t\t\t\t            class=\"rhea_trigger_map rhea_facnybox_trigger-ad06788 \" data-rhea-map-source=\"rhea-map-source-ad06788\" data-rhea-map-location=\"39.429607357684,3.0203003120217,15\" data-rhea-map-title=\"SOLD BY US | EXCLUSIVE | Elegant first floor apartment for sale in Campos\" data-rhea-map-price=\" 260.000\u20ac \" data-rhea-map-thumb=\"https:\/\/www.lucasfroeserealestate.com\/wp-content\/uploads\/2026\/02\/sold-lf-web-2-488x326.jpg\"\n\t\t\t                    href=\"https:\/\/www.lucasfroeserealestate.com\/en\/immobilien\/elegant-first-floor-apartment-for-sale-in-campos-comfort-and-functionality-in-a-fully-equipped-residential-complex\/\"\n            >\n                <span class=\"rhea_address_pin\"><svg xmlns=\"http:\/\/www.w3.org\/2000\/svg\" viewBox=\"0 0 18 18\">\r\n\t<style type=\"text\/css\">\r\n\r\n\t\t.st0{fill-rule:evenodd;clip-rule:evenodd;}\r\n\r\n\t<\/style>\r\n\t<path class=\"st0\" d=\"M9 1c3.3 0 6 2.7 6 6S9 17 9 17 3 10.3 3 7 5.7 1 9 1zM9 5c1.1 0 2 0.9 2 2s-0.9 2-2 2S7 8.1 7 7 7.9 5 9 5z\"\/>\r\n<\/svg><\/span>\n\t\t\t\tCampos, Mallorca, Illes Balears, Spain\n            <\/a>\n        <\/div>\n\t\t                                            <div class=\"rhea_rvr_ratings_wrapper_stylish rvr_rating_left\">\n\t\t\t\t\t\t\t\t\t\t\t\t                                            <\/div>\n\t\t\t\t\t\t\t\t\t\t\t    <div class=\"rh_prop_card_meta_wrap_stylish\">\n\t\t        <div class=\"rh_prop_card__meta\" style=\"order: 1\">\n\t\t\t\t\t\t\t<span class=\"rhea_meta_titles\">Bedroom<\/span>                <div class=\"rhea_meta_icon_wrapper\">\n\t\t\t\t\t<img decoding=\"async\" class=\"custom-meta-icon custom-meta-icon-image\" src=\"https:\/\/www.lucasfroeserealestate.com\/wp-content\/uploads\/2024\/09\/schlafzimmer-immobilien-mallorca-02.png\" alt=\"Bedrooms property meta icon.\" title=\"\">\t\t\t\t\t<span class=\"figure\">1<\/span>\t\t\t\t\t                <\/div>\n\t\t\t        <\/div>\n\t\t        <div class=\"rh_prop_card__meta\" style=\"order: 2\">\n\t\t\t\t\t\t\t<span class=\"rhea_meta_titles\">Bathrooms<\/span>                <div class=\"rhea_meta_icon_wrapper\">\n\t\t\t\t\t<img decoding=\"async\" class=\"custom-meta-icon custom-meta-icon-image\" src=\"https:\/\/www.lucasfroeserealestate.com\/wp-content\/uploads\/2024\/09\/badezimmer-immobilien-mallorca.png\" alt=\"Bathrooms property meta icon.\" title=\"\">\t\t\t\t\t<span class=\"figure\">1<\/span>\t\t\t\t\t                <\/div>\n\t\t\t        <\/div>\n\t\t        <div class=\"rh_prop_card__meta\" style=\"order: 3\">\n\t\t\t\t\t\t\t<span class=\"rhea_meta_titles\">Living area<\/span>                <div class=\"rhea_meta_icon_wrapper\">\n\t\t\t\t\t<img decoding=\"async\" class=\"custom-meta-icon custom-meta-icon-image\" src=\"https:\/\/www.lucasfroeserealestate.com\/wp-content\/uploads\/2024\/09\/wohnflaeche-immobilien-mallorca.png\" alt=\"Area Size property meta icon.\" title=\"\">\t\t\t\t\t<span class=\"figure\">55<\/span>\t\t\t\t\t                <\/div>\n\t\t\t        <\/div>\n\t\t    <\/div>\n\t                                        <div class=\"rhea_price_fav_box\">\n                                            <div class=\"rhea_price_box\">\n\t\t\t\t\t\t\t\t\t\t\t\t<div class=\"rh_prop_card__priceLabel_sty\">\n    <span class=\"rh_prop_card__status_sty\">\n              <\/span>\n    <p class=\"rh_prop_card__price_sty \">\n\t\t 260.000\u20ac     <\/p>\n<\/div>                                            <\/div>\n                                            <div class=\"rhea_fav_icon_box rhea_parent_fav_button\">\n\t\t                                                                                    <\/div>\n                                        <\/div>\n\n                                    <\/div>\n                                    <div class=\"rhea_wrapper_bottom_agent\">\n\t\t\t\t\t\t\t\t\t\t                                    <\/div>\n                                <\/div>\n                            <\/div>\n\t\t\t\t\t\t\t                            <div class=\"rhea_property_card_ele_stylish\">\n                                <div class=\"rhea_property_card_ele_stylish_inner\">\n                                    <div class=\"rhea_thumbnail_wrapper\">\n                                        <div class=\"rhea_top_tags_box\">\n\t\t\t\t\t\t\t\t\t\t\t    <div class=\"rhea_tags_wrapper\">\n\t\t    <\/div>\n\t                                        <\/div>\n                                        <div class=\"rhea_bottom_tags_box\">\n\t\t\t\t\t\t\t\t\t\t\t                                                        <span class=\"rhea_property_types\">\n                                                            <small>Flats and Apartments<\/small>                                                        <\/span>\n\t\t\t\t\t\t\t\t\t\t\t\t\t\t                                        <\/div>\n\n\t\t\t\t\t\t\t\t\t\t<a class=\"rhea_permalink rhea_scale_animation\" href=\"https:\/\/www.lucasfroeserealestate.com\/en\/immobilien\/stylish-apartment-in-the-heart-of-felanitx-roof-terrace-tranquillity-expansion-potential\/\">\n\t<img decoding=\"async\" width=\"488\" height=\"326\" src=\"https:\/\/www.lucasfroeserealestate.com\/wp-content\/uploads\/2026\/02\/Wohnung-Terrasse-Wintergarten-1-10-488x326.jpg\" class=\"attachment-property-thumb-image size-property-thumb-image wp-post-image\" alt=\"\" loading=\"eager\" title=\"\"><\/a>                                    <\/div>\n                                    <div class=\"rhea_detail_wrapper rh_detail_wrapper_3\">\n\n\n\t\t\t\t\t\t\t\t\t\t<h3 class=\"rhea_heading_stylish\"><a href=\"https:\/\/www.lucasfroeserealestate.com\/en\/immobilien\/stylish-apartment-in-the-heart-of-felanitx-roof-terrace-tranquillity-expansion-potential\/\">EXCLUSIVE | Stylish 6-room apartment in the heart of Felanitx &#8211; terrace, roof terrace &amp; expansion potential<\/a><\/h3>        <div class=\"rhea_address_sty\">\n            <a\n\t\t\t\t            class=\"rhea_trigger_map rhea_facnybox_trigger-ad06788 \" data-rhea-map-source=\"rhea-map-source-ad06788\" data-rhea-map-location=\"39.471723735179,3.1450105700845,17\" data-rhea-map-title=\"EXCLUSIVE | Stylish 6-room apartment in the heart of Felanitx &#8211; terrace, roof terrace &amp; expansion potential\" data-rhea-map-price=\" 395.000\u20ac \" data-rhea-map-thumb=\"https:\/\/www.lucasfroeserealestate.com\/wp-content\/uploads\/2026\/02\/Wohnung-Terrasse-Wintergarten-1-10-488x326.jpg\"\n\t\t\t                    href=\"https:\/\/www.lucasfroeserealestate.com\/en\/immobilien\/stylish-apartment-in-the-heart-of-felanitx-roof-terrace-tranquillity-expansion-potential\/\"\n            >\n                <span class=\"rhea_address_pin\"><svg xmlns=\"http:\/\/www.w3.org\/2000\/svg\" viewBox=\"0 0 18 18\">\r\n\t<style type=\"text\/css\">\r\n\r\n\t\t.st0{fill-rule:evenodd;clip-rule:evenodd;}\r\n\r\n\t<\/style>\r\n\t<path class=\"st0\" d=\"M9 1c3.3 0 6 2.7 6 6S9 17 9 17 3 10.3 3 7 5.7 1 9 1zM9 5c1.1 0 2 0.9 2 2s-0.9 2-2 2S7 8.1 7 7 7.9 5 9 5z\"\/>\r\n<\/svg><\/span>\n\t\t\t\tMallorca, Illes Balears, Spain\n            <\/a>\n        <\/div>\n\t\t                                            <div class=\"rhea_rvr_ratings_wrapper_stylish rvr_rating_left\">\n\t\t\t\t\t\t\t\t\t\t\t\t                                            <\/div>\n\t\t\t\t\t\t\t\t\t\t\t    <div class=\"rh_prop_card_meta_wrap_stylish\">\n\t\t        <div class=\"rh_prop_card__meta\" style=\"order: 1\">\n\t\t\t\t\t\t\t<span class=\"rhea_meta_titles\">Bedroom<\/span>                <div class=\"rhea_meta_icon_wrapper\">\n\t\t\t\t\t<img decoding=\"async\" class=\"custom-meta-icon custom-meta-icon-image\" src=\"https:\/\/www.lucasfroeserealestate.com\/wp-content\/uploads\/2024\/09\/schlafzimmer-immobilien-mallorca-02.png\" alt=\"Bedrooms property meta icon.\" title=\"\">\t\t\t\t\t<span class=\"figure\">3<\/span>\t\t\t\t\t                <\/div>\n\t\t\t        <\/div>\n\t\t        <div class=\"rh_prop_card__meta\" style=\"order: 2\">\n\t\t\t\t\t\t\t<span class=\"rhea_meta_titles\">Bathrooms<\/span>                <div class=\"rhea_meta_icon_wrapper\">\n\t\t\t\t\t<img decoding=\"async\" class=\"custom-meta-icon custom-meta-icon-image\" src=\"https:\/\/www.lucasfroeserealestate.com\/wp-content\/uploads\/2024\/09\/badezimmer-immobilien-mallorca.png\" alt=\"Bathrooms property meta icon.\" title=\"\">\t\t\t\t\t<span class=\"figure\">1<\/span>\t\t\t\t\t                <\/div>\n\t\t\t        <\/div>\n\t\t        <div class=\"rh_prop_card__meta\" style=\"order: 3\">\n\t\t\t\t\t\t\t<span class=\"rhea_meta_titles\">Living area<\/span>                <div class=\"rhea_meta_icon_wrapper\">\n\t\t\t\t\t<img decoding=\"async\" class=\"custom-meta-icon custom-meta-icon-image\" src=\"https:\/\/www.lucasfroeserealestate.com\/wp-content\/uploads\/2024\/09\/wohnflaeche-immobilien-mallorca.png\" alt=\"Area Size property meta icon.\" title=\"\">\t\t\t\t\t<span class=\"figure\">166<\/span>\t\t\t\t\t                <\/div>\n\t\t\t        <\/div>\n\t\t        <div class=\"rh_prop_card__meta\" style=\"order: 4\">\n\t\t\t\t\t\t\t<span class=\"rhea_meta_titles\">Plot<\/span>                <div class=\"rhea_meta_icon_wrapper\">\n\t\t\t\t\t<img decoding=\"async\" class=\"custom-meta-icon custom-meta-icon-image\" src=\"https:\/\/www.lucasfroeserealestate.com\/wp-content\/uploads\/2024\/09\/grundstueck-flaeche-immobilien.png\" alt=\"Lot Size property meta icon.\" title=\"\">\t\t\t\t\t<span class=\"figure\">271<\/span>\t\t\t\t\t                <\/div>\n\t\t\t        <\/div>\n\t\t    <\/div>\n\t                                        <div class=\"rhea_price_fav_box\">\n                                            <div class=\"rhea_price_box\">\n\t\t\t\t\t\t\t\t\t\t\t\t<div class=\"rh_prop_card__priceLabel_sty\">\n    <span class=\"rh_prop_card__status_sty\">\n              <\/span>\n    <p class=\"rh_prop_card__price_sty \">\n\t\t <span class=\"property-price-wrapper\"><ins class=\"property-current-price\">395.000\u20ac<\/ins> <del class=\"property-old-price\">415.000\u20ac<\/del><\/span>     <\/p>\n<\/div>                                            <\/div>\n                                            <div class=\"rhea_fav_icon_box rhea_parent_fav_button\">\n\t\t                                                                                    <\/div>\n                                        <\/div>\n\n                                    <\/div>\n                                    <div class=\"rhea_wrapper_bottom_agent\">\n\t\t\t\t\t\t\t\t\t\t                                    <\/div>\n                                <\/div>\n                            <\/div>\n\t\t\t\t\t\t\t                    <\/div>\n\t\t\t\t\t                <\/div>\n\t\t\t\t        <\/section>\n\t\t\t\t\t\t<\/div>\n\t\t\t\t<\/div>\n\t\t\t\t\t<\/div>\n\t\t<\/div>\n\t\t\t\t\t<\/div>\n\t\t<\/section>\n\t\t\t\t<section class=\"elementor-section elementor-top-section elementor-element elementor-element-235ff60 elementor-section-boxed elementor-section-height-default elementor-section-height-default\" data-id=\"235ff60\" data-element_type=\"section\" data-e-type=\"section\" data-settings=\"{&quot;background_background&quot;:&quot;classic&quot;}\">\n\t\t\t\t\t\t<div class=\"elementor-container elementor-column-gap-default\">\n\t\t\t\t\t<div class=\"elementor-column elementor-col-100 elementor-top-column elementor-element elementor-element-d039fed\" data-id=\"d039fed\" data-element_type=\"column\" data-e-type=\"column\">\n\t\t\t<div class=\"elementor-widget-wrap elementor-element-populated\">\n\t\t\t\t\t\t<div class=\"elementor-element elementor-element-ccbae54 elementor-widget elementor-widget-rhea-properties-widget-3\" data-id=\"ccbae54\" data-element_type=\"widget\" data-e-type=\"widget\" data-widget_type=\"rhea-properties-widget-3.default\">\n\t\t\t\t<div class=\"elementor-widget-container\">\n\t\t\t\t\t        <section id=\"rh-ccbae54\" class=\"rh_elementor_widget rhea_ele_property_ajax_target rhea_latest_properties_ajax rhea_has_tooltip\">\n\n\t\t\t                <div class=\"home-properties-section-inner-target\">\n                    <div class=\"rh_properties_pagination_append rhea_latest_properties_2\">\n\t\t\t\t\t\t                            <div class=\"rhea_property_card_ele_stylish\">\n                                <div class=\"rhea_property_card_ele_stylish_inner\">\n                                    <div class=\"rhea_thumbnail_wrapper\">\n                                        <div class=\"rhea_top_tags_box\">\n\t\t\t\t\t\t\t\t\t\t\t    <div class=\"rhea_tags_wrapper\">\n\t\t    <\/div>\n\t                                        <\/div>\n                                        <div class=\"rhea_bottom_tags_box\">\n\t\t\t\t\t\t\t\t\t\t\t                                                        <span class=\"rhea_property_types\">\n                                                            <small>Fincas<\/small>                                                        <\/span>\n\t\t\t\t\t\t\t\t\t\t\t\t\t\t                                        <\/div>\n\n\t\t\t\t\t\t\t\t\t\t<a class=\"rhea_permalink rhea_scale_animation\" href=\"https:\/\/www.lucasfroeserealestate.com\/en\/immobilien\/stone-finca-in-felanitx-mallorca-tranquillity-privacy-and-mediterranean-ambience\/\">\n\t<img decoding=\"async\" width=\"488\" height=\"326\" src=\"https:\/\/www.lucasfroeserealestate.com\/wp-content\/uploads\/2026\/04\/LF0902-finca-in-felanitx-renoviert-luxusimmobilie-488x326.jpg\" class=\"attachment-property-thumb-image size-property-thumb-image wp-post-image\" alt=\"\" loading=\"eager\" title=\"\"><\/a>                                    <\/div>\n                                    <div class=\"rhea_detail_wrapper rh_detail_wrapper_3\">\n\n\n\t\t\t\t\t\t\t\t\t\t<h3 class=\"rhea_heading_stylish\"><a href=\"https:\/\/www.lucasfroeserealestate.com\/en\/immobilien\/stone-finca-in-felanitx-mallorca-tranquillity-privacy-and-mediterranean-ambience\/\">Stone finca in Felanitx, Mallorca &#8211; tranquillity, privacy and Mediterranean ambience<\/a><\/h3>        <div class=\"rhea_address_sty\">\n            <a\n\t\t\t\t            class=\"rhea_trigger_map rhea_facnybox_trigger-ccbae54 \" data-rhea-map-source=\"rhea-map-source-ccbae54\" data-rhea-map-location=\"39.484804777746,3.1608023291016,10\" data-rhea-map-title=\"Stone finca in Felanitx, Mallorca &#8211; tranquillity, privacy and Mediterranean ambience\" data-rhea-map-price=\" 2.435.000\u20ac \" data-rhea-map-thumb=\"https:\/\/www.lucasfroeserealestate.com\/wp-content\/uploads\/2026\/04\/LF0902-finca-in-felanitx-renoviert-luxusimmobilie-488x326.jpg\"\n\t\t\t                    href=\"https:\/\/www.lucasfroeserealestate.com\/en\/immobilien\/stone-finca-in-felanitx-mallorca-tranquillity-privacy-and-mediterranean-ambience\/\"\n            >\n                <span class=\"rhea_address_pin\"><svg xmlns=\"http:\/\/www.w3.org\/2000\/svg\" viewBox=\"0 0 18 18\">\r\n\t<style type=\"text\/css\">\r\n\r\n\t\t.st0{fill-rule:evenodd;clip-rule:evenodd;}\r\n\r\n\t<\/style>\r\n\t<path class=\"st0\" d=\"M9 1c3.3 0 6 2.7 6 6S9 17 9 17 3 10.3 3 7 5.7 1 9 1zM9 5c1.1 0 2 0.9 2 2s-0.9 2-2 2S7 8.1 7 7 7.9 5 9 5z\"\/>\r\n<\/svg><\/span>\n\t\t\t\tFelanitx\n            <\/a>\n        <\/div>\n\t\t                                            <div class=\"rhea_rvr_ratings_wrapper_stylish rvr_rating_left\">\n\t\t\t\t\t\t\t\t\t\t\t\t                                            <\/div>\n\t\t\t\t\t\t\t\t\t\t\t    <div class=\"rh_prop_card_meta_wrap_stylish\">\n\t\t        <div class=\"rh_prop_card__meta\" style=\"order: 1\">\n\t\t\t\t\t\t\t<span class=\"rhea_meta_titles\">Bedroom<\/span>                <div class=\"rhea_meta_icon_wrapper\">\n\t\t\t\t\t<img decoding=\"async\" class=\"custom-meta-icon custom-meta-icon-image\" src=\"https:\/\/www.lucasfroeserealestate.com\/wp-content\/uploads\/2024\/09\/schlafzimmer-immobilien-mallorca-02.png\" alt=\"Bedrooms property meta icon.\" title=\"\">\t\t\t\t\t<span class=\"figure\">3<\/span>\t\t\t\t\t                <\/div>\n\t\t\t        <\/div>\n\t\t        <div class=\"rh_prop_card__meta\" style=\"order: 2\">\n\t\t\t\t\t\t\t<span class=\"rhea_meta_titles\">Bathrooms<\/span>                <div class=\"rhea_meta_icon_wrapper\">\n\t\t\t\t\t<img decoding=\"async\" class=\"custom-meta-icon custom-meta-icon-image\" src=\"https:\/\/www.lucasfroeserealestate.com\/wp-content\/uploads\/2024\/09\/badezimmer-immobilien-mallorca.png\" alt=\"Bathrooms property meta icon.\" title=\"\">\t\t\t\t\t<span class=\"figure\">3<\/span>\t\t\t\t\t                <\/div>\n\t\t\t        <\/div>\n\t\t        <div class=\"rh_prop_card__meta\" style=\"order: 3\">\n\t\t\t\t\t\t\t<span class=\"rhea_meta_titles\">Living area<\/span>                <div class=\"rhea_meta_icon_wrapper\">\n\t\t\t\t\t<img decoding=\"async\" class=\"custom-meta-icon custom-meta-icon-image\" src=\"https:\/\/www.lucasfroeserealestate.com\/wp-content\/uploads\/2024\/09\/wohnflaeche-immobilien-mallorca.png\" alt=\"Area Size property meta icon.\" title=\"\">\t\t\t\t\t<span class=\"figure\">331<\/span>\t\t\t\t\t                <\/div>\n\t\t\t        <\/div>\n\t\t        <div class=\"rh_prop_card__meta\" style=\"order: 4\">\n\t\t\t\t\t\t\t<span class=\"rhea_meta_titles\">Plot<\/span>                <div class=\"rhea_meta_icon_wrapper\">\n\t\t\t\t\t<img decoding=\"async\" class=\"custom-meta-icon custom-meta-icon-image\" src=\"https:\/\/www.lucasfroeserealestate.com\/wp-content\/uploads\/2024\/09\/grundstueck-flaeche-immobilien.png\" alt=\"Lot Size property meta icon.\" title=\"\">\t\t\t\t\t<span class=\"figure\">23160<\/span>\t\t\t\t\t                <\/div>\n\t\t\t        <\/div>\n\t\t    <\/div>\n\t                                        <div class=\"rhea_price_fav_box\">\n                                            <div class=\"rhea_price_box\">\n\t\t\t\t\t\t\t\t\t\t\t\t<div class=\"rh_prop_card__priceLabel_sty\">\n    <span class=\"rh_prop_card__status_sty\">\n              <\/span>\n    <p class=\"rh_prop_card__price_sty \">\n\t\t 2.435.000\u20ac     <\/p>\n<\/div>                                            <\/div>\n                                            <div class=\"rhea_fav_icon_box rhea_parent_fav_button\">\n\t\t                                                                                    <\/div>\n                                        <\/div>\n\n                                    <\/div>\n                                    <div class=\"rhea_wrapper_bottom_agent\">\n\t\t\t\t\t\t\t\t\t\t                                    <\/div>\n                                <\/div>\n                            <\/div>\n\t\t\t\t\t\t\t                            <div class=\"rhea_property_card_ele_stylish\">\n                                <div class=\"rhea_property_card_ele_stylish_inner\">\n                                    <div class=\"rhea_thumbnail_wrapper\">\n                                        <div class=\"rhea_top_tags_box\">\n\t\t\t\t\t\t\t\t\t\t\t    <div class=\"rhea_tags_wrapper\">\n\t\t    <\/div>\n\t                                        <\/div>\n                                        <div class=\"rhea_bottom_tags_box\">\n\t\t\t\t\t\t\t\t\t\t\t                                                        <span class=\"rhea_property_types\">\n                                                            <small>Flats and Apartments<\/small>                                                        <\/span>\n\t\t\t\t\t\t\t\t\t\t\t\t\t\t                                        <\/div>\n\n\t\t\t\t\t\t\t\t\t\t<a class=\"rhea_permalink rhea_scale_animation\" href=\"https:\/\/www.lucasfroeserealestate.com\/en\/immobilien\/sea-view-muse-creative-hideaway-in-porto-cristo\/\">\n\t<img decoding=\"async\" width=\"488\" height=\"326\" src=\"https:\/\/www.lucasfroeserealestate.com\/wp-content\/uploads\/2026\/04\/LF0873-wohnung-portocristo-kaufen-12-488x326.jpg\" class=\"attachment-property-thumb-image size-property-thumb-image wp-post-image\" alt=\"Immobilien Porto Cristo Wohnung kaufen\" loading=\"eager\" title=\"\"><\/a>                                    <\/div>\n                                    <div class=\"rhea_detail_wrapper rh_detail_wrapper_3\">\n\n\n\t\t\t\t\t\t\t\t\t\t<h3 class=\"rhea_heading_stylish\"><a href=\"https:\/\/www.lucasfroeserealestate.com\/en\/immobilien\/sea-view-muse-creative-hideaway-in-porto-cristo\/\">Sea view &amp; muse &#8211; creative hideaway in Porto Cristo<\/a><\/h3>        <div class=\"rhea_address_sty\">\n            <a\n\t\t\t\t            class=\"rhea_trigger_map rhea_facnybox_trigger-ccbae54 \" data-rhea-map-source=\"rhea-map-source-ccbae54\" data-rhea-map-location=\"39.540170188469,3.33168606926,10\" data-rhea-map-title=\"Sea view &amp; muse &#8211; creative hideaway in Porto Cristo\" data-rhea-map-price=\" 275.000\u20ac \" data-rhea-map-thumb=\"https:\/\/www.lucasfroeserealestate.com\/wp-content\/uploads\/2026\/04\/LF0873-wohnung-portocristo-kaufen-12-488x326.jpg\"\n\t\t\t                    href=\"https:\/\/www.lucasfroeserealestate.com\/en\/immobilien\/sea-view-muse-creative-hideaway-in-porto-cristo\/\"\n            >\n                <span class=\"rhea_address_pin\"><svg xmlns=\"http:\/\/www.w3.org\/2000\/svg\" viewBox=\"0 0 18 18\">\r\n\t<style type=\"text\/css\">\r\n\r\n\t\t.st0{fill-rule:evenodd;clip-rule:evenodd;}\r\n\r\n\t<\/style>\r\n\t<path class=\"st0\" d=\"M9 1c3.3 0 6 2.7 6 6S9 17 9 17 3 10.3 3 7 5.7 1 9 1zM9 5c1.1 0 2 0.9 2 2s-0.9 2-2 2S7 8.1 7 7 7.9 5 9 5z\"\/>\r\n<\/svg><\/span>\n\t\t\t\tPorto Cristo\n            <\/a>\n        <\/div>\n\t\t                                            <div class=\"rhea_rvr_ratings_wrapper_stylish rvr_rating_left\">\n\t\t\t\t\t\t\t\t\t\t\t\t                                            <\/div>\n\t\t\t\t\t\t\t\t\t\t\t    <div class=\"rh_prop_card_meta_wrap_stylish\">\n\t\t        <div class=\"rh_prop_card__meta\" style=\"order: 1\">\n\t\t\t\t\t\t\t<span class=\"rhea_meta_titles\">Bedroom<\/span>                <div class=\"rhea_meta_icon_wrapper\">\n\t\t\t\t\t<img decoding=\"async\" class=\"custom-meta-icon custom-meta-icon-image\" src=\"https:\/\/www.lucasfroeserealestate.com\/wp-content\/uploads\/2024\/09\/schlafzimmer-immobilien-mallorca-02.png\" alt=\"Bedrooms property meta icon.\" title=\"\">\t\t\t\t\t<span class=\"figure\">3<\/span>\t\t\t\t\t                <\/div>\n\t\t\t        <\/div>\n\t\t        <div class=\"rh_prop_card__meta\" style=\"order: 2\">\n\t\t\t\t\t\t\t<span class=\"rhea_meta_titles\">Bathrooms<\/span>                <div class=\"rhea_meta_icon_wrapper\">\n\t\t\t\t\t<img decoding=\"async\" class=\"custom-meta-icon custom-meta-icon-image\" src=\"https:\/\/www.lucasfroeserealestate.com\/wp-content\/uploads\/2024\/09\/badezimmer-immobilien-mallorca.png\" alt=\"Bathrooms property meta icon.\" title=\"\">\t\t\t\t\t<span class=\"figure\">1<\/span>\t\t\t\t\t                <\/div>\n\t\t\t        <\/div>\n\t\t        <div class=\"rh_prop_card__meta\" style=\"order: 3\">\n\t\t\t\t\t\t\t<span class=\"rhea_meta_titles\">Living area<\/span>                <div class=\"rhea_meta_icon_wrapper\">\n\t\t\t\t\t<img decoding=\"async\" class=\"custom-meta-icon custom-meta-icon-image\" src=\"https:\/\/www.lucasfroeserealestate.com\/wp-content\/uploads\/2024\/09\/wohnflaeche-immobilien-mallorca.png\" alt=\"Area Size property meta icon.\" title=\"\">\t\t\t\t\t<span class=\"figure\">85<\/span>\t\t\t\t\t                <\/div>\n\t\t\t        <\/div>\n\t\t    <\/div>\n\t                                        <div class=\"rhea_price_fav_box\">\n                                            <div class=\"rhea_price_box\">\n\t\t\t\t\t\t\t\t\t\t\t\t<div class=\"rh_prop_card__priceLabel_sty\">\n    <span class=\"rh_prop_card__status_sty\">\n              <\/span>\n    <p class=\"rh_prop_card__price_sty \">\n\t\t 275.000\u20ac     <\/p>\n<\/div>                                            <\/div>\n                                            <div class=\"rhea_fav_icon_box rhea_parent_fav_button\">\n\t\t                                                                                    <\/div>\n                                        <\/div>\n\n                                    <\/div>\n                                    <div class=\"rhea_wrapper_bottom_agent\">\n\t\t\t\t\t\t\t\t\t\t                                    <\/div>\n                                <\/div>\n                            <\/div>\n\t\t\t\t\t\t\t                            <div class=\"rhea_property_card_ele_stylish\">\n                                <div class=\"rhea_property_card_ele_stylish_inner\">\n                                    <div class=\"rhea_thumbnail_wrapper\">\n                                        <div class=\"rhea_top_tags_box\">\n\t\t\t\t\t\t\t\t\t\t\t    <div class=\"rhea_tags_wrapper\">\n\t\t    <\/div>\n\t                                        <\/div>\n                                        <div class=\"rhea_bottom_tags_box\">\n\t\t\t\t\t\t\t\t\t\t\t                                                        <span class=\"rhea_property_types\">\n                                                            <small>Flats and Apartments<\/small>                                                        <\/span>\n\t\t\t\t\t\t\t\t\t\t\t\t\t\t                                        <\/div>\n\n\t\t\t\t\t\t\t\t\t\t<a class=\"rhea_permalink rhea_scale_animation\" href=\"https:\/\/www.lucasfroeserealestate.com\/en\/immobilien\/large-apartment-with-garage-and-good-accessibility\/\">\n\t<img decoding=\"async\" width=\"488\" height=\"326\" src=\"https:\/\/www.lucasfroeserealestate.com\/wp-content\/uploads\/2026\/04\/Wohnung-mit-garage-in-Felanitx-488x326.jpg\" class=\"attachment-property-thumb-image size-property-thumb-image wp-post-image\" alt=\"Wohnbereich Wohnung Felanitx\" srcset=\"https:\/\/www.lucasfroeserealestate.com\/wp-content\/uploads\/2026\/04\/Wohnung-mit-garage-in-Felanitx-488x326.jpg 488w, https:\/\/www.lucasfroeserealestate.com\/wp-content\/uploads\/2026\/04\/Wohnung-mit-garage-in-Felanitx-300x200.jpg 300w, https:\/\/www.lucasfroeserealestate.com\/wp-content\/uploads\/2026\/04\/Wohnung-mit-garage-in-Felanitx-1024x682.jpg 1024w, https:\/\/www.lucasfroeserealestate.com\/wp-content\/uploads\/2026\/04\/Wohnung-mit-garage-in-Felanitx-768x512.jpg 768w, https:\/\/www.lucasfroeserealestate.com\/wp-content\/uploads\/2026\/04\/Wohnung-mit-garage-in-Felanitx-1536x1024.jpg 1536w, https:\/\/www.lucasfroeserealestate.com\/wp-content\/uploads\/2026\/04\/Wohnung-mit-garage-in-Felanitx-2048x1365.jpg 2048w, https:\/\/www.lucasfroeserealestate.com\/wp-content\/uploads\/2026\/04\/Wohnung-mit-garage-in-Felanitx-150x100.jpg 150w\" sizes=\"(max-width: 488px) 100vw, 488px\" loading=\"eager\" title=\"\"><\/a>                                    <\/div>\n                                    <div class=\"rhea_detail_wrapper rh_detail_wrapper_3\">\n\n\n\t\t\t\t\t\t\t\t\t\t<h3 class=\"rhea_heading_stylish\"><a href=\"https:\/\/www.lucasfroeserealestate.com\/en\/immobilien\/large-apartment-with-garage-and-good-accessibility\/\">Large apartment with garage and good accessibility<\/a><\/h3>        <div class=\"rhea_address_sty\">\n            <a\n\t\t\t\t            class=\"rhea_trigger_map rhea_facnybox_trigger-ccbae54 \" data-rhea-map-source=\"rhea-map-source-ccbae54\" data-rhea-map-location=\"39.475194121065,3.1442763022748,14\" data-rhea-map-title=\"Large apartment with garage and good accessibility\" data-rhea-map-price=\" 400.000\u20ac \" data-rhea-map-thumb=\"https:\/\/www.lucasfroeserealestate.com\/wp-content\/uploads\/2026\/04\/Wohnung-mit-garage-in-Felanitx-488x326.jpg\"\n\t\t\t                    href=\"https:\/\/www.lucasfroeserealestate.com\/en\/immobilien\/large-apartment-with-garage-and-good-accessibility\/\"\n            >\n                <span class=\"rhea_address_pin\"><svg xmlns=\"http:\/\/www.w3.org\/2000\/svg\" viewBox=\"0 0 18 18\">\r\n\t<style type=\"text\/css\">\r\n\r\n\t\t.st0{fill-rule:evenodd;clip-rule:evenodd;}\r\n\r\n\t<\/style>\r\n\t<path class=\"st0\" d=\"M9 1c3.3 0 6 2.7 6 6S9 17 9 17 3 10.3 3 7 5.7 1 9 1zM9 5c1.1 0 2 0.9 2 2s-0.9 2-2 2S7 8.1 7 7 7.9 5 9 5z\"\/>\r\n<\/svg><\/span>\n\t\t\t\tFelanitx, Mallorca, Illes Balears, Spain\n            <\/a>\n        <\/div>\n\t\t                                            <div class=\"rhea_rvr_ratings_wrapper_stylish rvr_rating_left\">\n\t\t\t\t\t\t\t\t\t\t\t\t                                            <\/div>\n\t\t\t\t\t\t\t\t\t\t\t    <div class=\"rh_prop_card_meta_wrap_stylish\">\n\t\t        <div class=\"rh_prop_card__meta\" style=\"order: 1\">\n\t\t\t\t\t\t\t<span class=\"rhea_meta_titles\">Bedroom<\/span>                <div class=\"rhea_meta_icon_wrapper\">\n\t\t\t\t\t<img decoding=\"async\" class=\"custom-meta-icon custom-meta-icon-image\" src=\"https:\/\/www.lucasfroeserealestate.com\/wp-content\/uploads\/2024\/09\/schlafzimmer-immobilien-mallorca-02.png\" alt=\"Bedrooms property meta icon.\" title=\"\">\t\t\t\t\t<span class=\"figure\">4<\/span>\t\t\t\t\t                <\/div>\n\t\t\t        <\/div>\n\t\t        <div class=\"rh_prop_card__meta\" style=\"order: 2\">\n\t\t\t\t\t\t\t<span class=\"rhea_meta_titles\">Bathrooms<\/span>                <div class=\"rhea_meta_icon_wrapper\">\n\t\t\t\t\t<img decoding=\"async\" class=\"custom-meta-icon custom-meta-icon-image\" src=\"https:\/\/www.lucasfroeserealestate.com\/wp-content\/uploads\/2024\/09\/badezimmer-immobilien-mallorca.png\" alt=\"Bathrooms property meta icon.\" title=\"\">\t\t\t\t\t<span class=\"figure\">2<\/span>\t\t\t\t\t                <\/div>\n\t\t\t        <\/div>\n\t\t        <div class=\"rh_prop_card__meta\" style=\"order: 3\">\n\t\t\t\t\t\t\t<span class=\"rhea_meta_titles\">Living area<\/span>                <div class=\"rhea_meta_icon_wrapper\">\n\t\t\t\t\t<img decoding=\"async\" class=\"custom-meta-icon custom-meta-icon-image\" src=\"https:\/\/www.lucasfroeserealestate.com\/wp-content\/uploads\/2024\/09\/wohnflaeche-immobilien-mallorca.png\" alt=\"Area Size property meta icon.\" title=\"\">\t\t\t\t\t<span class=\"figure\">191<\/span>\t\t\t\t\t                <\/div>\n\t\t\t        <\/div>\n\t\t    <\/div>\n\t                                        <div class=\"rhea_price_fav_box\">\n                                            <div class=\"rhea_price_box\">\n\t\t\t\t\t\t\t\t\t\t\t\t<div class=\"rh_prop_card__priceLabel_sty\">\n    <span class=\"rh_prop_card__status_sty\">\n              <\/span>\n    <p class=\"rh_prop_card__price_sty \">\n\t\t 400.000\u20ac     <\/p>\n<\/div>                                            <\/div>\n                                            <div class=\"rhea_fav_icon_box rhea_parent_fav_button\">\n\t\t                                                                                    <\/div>\n                                        <\/div>\n\n                                    <\/div>\n                                    <div class=\"rhea_wrapper_bottom_agent\">\n\t\t\t\t\t\t\t\t\t\t                                    <\/div>\n                                <\/div>\n                            <\/div>\n\t\t\t\t\t\t\t                            <div class=\"rhea_property_card_ele_stylish\">\n                                <div class=\"rhea_property_card_ele_stylish_inner\">\n                                    <div class=\"rhea_thumbnail_wrapper\">\n                                        <div class=\"rhea_top_tags_box\">\n\t\t\t\t\t\t\t\t\t\t\t    <div class=\"rhea_tags_wrapper\">\n\t\t    <\/div>\n\t                                        <\/div>\n                                        <div class=\"rhea_bottom_tags_box\">\n\t\t\t\t\t\t\t\t\t\t\t                                                        <span class=\"rhea_property_types\">\n                                                            <small>Comercial Property<\/small>                                                        <\/span>\n\t\t\t\t\t\t\t\t\t\t\t\t\t\t                                        <\/div>\n\n\t\t\t\t\t\t\t\t\t\t<a class=\"rhea_permalink rhea_scale_animation\" href=\"https:\/\/www.lucasfroeserealestate.com\/en\/immobilien\/agricultural-plot-in-felanitx-with-garage-storage-building-potential-available\/\">\n\t<img decoding=\"async\" width=\"488\" height=\"326\" src=\"https:\/\/www.lucasfroeserealestate.com\/wp-content\/uploads\/2026\/04\/Gartentiefe-488x326.jpg\" class=\"attachment-property-thumb-image size-property-thumb-image wp-post-image\" alt=\"\" loading=\"eager\" title=\"\"><\/a>                                    <\/div>\n                                    <div class=\"rhea_detail_wrapper rh_detail_wrapper_3\">\n\n\n\t\t\t\t\t\t\t\t\t\t<h3 class=\"rhea_heading_stylish\"><a href=\"https:\/\/www.lucasfroeserealestate.com\/en\/immobilien\/agricultural-plot-in-felanitx-with-garage-storage-building-potential-available\/\">Agricultural plot in Felanitx with garage\/storage and residential option<\/a><\/h3>        <div class=\"rhea_address_sty\">\n            <a\n\t\t\t\t            class=\"rhea_trigger_map rhea_facnybox_trigger-ccbae54 \" data-rhea-map-source=\"rhea-map-source-ccbae54\" data-rhea-map-location=\"39.467741588417,3.1457222016821,15\" data-rhea-map-title=\"Agricultural plot in Felanitx with garage\/storage and residential option\" data-rhea-map-price=\" 180.000\u20ac \" data-rhea-map-thumb=\"https:\/\/www.lucasfroeserealestate.com\/wp-content\/uploads\/2026\/04\/Gartentiefe-488x326.jpg\"\n\t\t\t                    href=\"https:\/\/www.lucasfroeserealestate.com\/en\/immobilien\/agricultural-plot-in-felanitx-with-garage-storage-building-potential-available\/\"\n            >\n                <span class=\"rhea_address_pin\"><svg xmlns=\"http:\/\/www.w3.org\/2000\/svg\" viewBox=\"0 0 18 18\">\r\n\t<style type=\"text\/css\">\r\n\r\n\t\t.st0{fill-rule:evenodd;clip-rule:evenodd;}\r\n\r\n\t<\/style>\r\n\t<path class=\"st0\" d=\"M9 1c3.3 0 6 2.7 6 6S9 17 9 17 3 10.3 3 7 5.7 1 9 1zM9 5c1.1 0 2 0.9 2 2s-0.9 2-2 2S7 8.1 7 7 7.9 5 9 5z\"\/>\r\n<\/svg><\/span>\n\t\t\t\tFelanitx, Mallorca, Illes Balears, Spain\n            <\/a>\n        <\/div>\n\t\t                                            <div class=\"rhea_rvr_ratings_wrapper_stylish rvr_rating_left\">\n\t\t\t\t\t\t\t\t\t\t\t\t                                            <\/div>\n\t\t\t\t\t\t\t\t\t\t\t    <div class=\"rh_prop_card_meta_wrap_stylish\">\n\t\t        <div class=\"rh_prop_card__meta\" style=\"order: 2\">\n\t\t\t\t\t\t\t<span class=\"rhea_meta_titles\">Bathrooms<\/span>                <div class=\"rhea_meta_icon_wrapper\">\n\t\t\t\t\t<img decoding=\"async\" class=\"custom-meta-icon custom-meta-icon-image\" src=\"https:\/\/www.lucasfroeserealestate.com\/wp-content\/uploads\/2024\/09\/badezimmer-immobilien-mallorca.png\" alt=\"Bathrooms property meta icon.\" title=\"\">\t\t\t\t\t<span class=\"figure\">1<\/span>\t\t\t\t\t                <\/div>\n\t\t\t        <\/div>\n\t\t        <div class=\"rh_prop_card__meta\" style=\"order: 3\">\n\t\t\t\t\t\t\t<span class=\"rhea_meta_titles\">Living area<\/span>                <div class=\"rhea_meta_icon_wrapper\">\n\t\t\t\t\t<img decoding=\"async\" class=\"custom-meta-icon custom-meta-icon-image\" src=\"https:\/\/www.lucasfroeserealestate.com\/wp-content\/uploads\/2024\/09\/wohnflaeche-immobilien-mallorca.png\" alt=\"Area Size property meta icon.\" title=\"\">\t\t\t\t\t<span class=\"figure\">133<\/span>\t\t\t\t\t<span class=\"label\">m2<\/span>                <\/div>\n\t\t\t        <\/div>\n\t\t        <div class=\"rh_prop_card__meta\" style=\"order: 4\">\n\t\t\t\t\t\t\t<span class=\"rhea_meta_titles\">Plot<\/span>                <div class=\"rhea_meta_icon_wrapper\">\n\t\t\t\t\t<img decoding=\"async\" class=\"custom-meta-icon custom-meta-icon-image\" src=\"https:\/\/www.lucasfroeserealestate.com\/wp-content\/uploads\/2024\/09\/grundstueck-flaeche-immobilien.png\" alt=\"Lot Size property meta icon.\" title=\"\">\t\t\t\t\t<span class=\"figure\">823<\/span>\t\t\t\t\t<span class=\"label\">m2<\/span>                <\/div>\n\t\t\t        <\/div>\n\t\t    <\/div>\n\t                                        <div class=\"rhea_price_fav_box\">\n                                            <div class=\"rhea_price_box\">\n\t\t\t\t\t\t\t\t\t\t\t\t<div class=\"rh_prop_card__priceLabel_sty\">\n    <span class=\"rh_prop_card__status_sty\">\n              <\/span>\n    <p class=\"rh_prop_card__price_sty \">\n\t\t 180.000\u20ac     <\/p>\n<\/div>                                            <\/div>\n                                            <div class=\"rhea_fav_icon_box rhea_parent_fav_button\">\n\t\t                                                                                    <\/div>\n                                        <\/div>\n\n                                    <\/div>\n                                    <div class=\"rhea_wrapper_bottom_agent\">\n\t\t\t\t\t\t\t\t\t\t                                    <\/div>\n                                <\/div>\n                            <\/div>\n\t\t\t\t\t\t\t                            <div class=\"rhea_property_card_ele_stylish\">\n                                <div class=\"rhea_property_card_ele_stylish_inner\">\n                                    <div class=\"rhea_thumbnail_wrapper\">\n                                        <div class=\"rhea_top_tags_box\">\n\t\t\t\t\t\t\t\t\t\t\t    <div class=\"rhea_tags_wrapper\">\n\t\t    <\/div>\n\t                                        <\/div>\n                                        <div class=\"rhea_bottom_tags_box\">\n\t\t\t\t\t\t\t\t\t\t\t                                                        <span class=\"rhea_property_types\">\n                                                            <small>Houses<\/small>                                                        <\/span>\n\t\t\t\t\t\t\t\t\t\t\t\t\t\t                                        <\/div>\n\n\t\t\t\t\t\t\t\t\t\t<a class=\"rhea_permalink rhea_scale_animation\" href=\"https:\/\/www.lucasfroeserealestate.com\/en\/immobilien\/renovated-historic-terraced-house-in-campos-with-garage-elevator-and-large-wine-cellar\/\">\n\t<img decoding=\"async\" width=\"488\" height=\"326\" src=\"https:\/\/www.lucasfroeserealestate.com\/wp-content\/uploads\/2026\/03\/Historisches-renoviertes-Stadthaus-in-Campos-mit-Garage-16-488x326.jpg\" class=\"attachment-property-thumb-image size-property-thumb-image wp-post-image\" alt=\"\" srcset=\"https:\/\/www.lucasfroeserealestate.com\/wp-content\/uploads\/2026\/03\/Historisches-renoviertes-Stadthaus-in-Campos-mit-Garage-16-488x326.jpg 488w, https:\/\/www.lucasfroeserealestate.com\/wp-content\/uploads\/2026\/03\/Historisches-renoviertes-Stadthaus-in-Campos-mit-Garage-16-300x200.jpg 300w, https:\/\/www.lucasfroeserealestate.com\/wp-content\/uploads\/2026\/03\/Historisches-renoviertes-Stadthaus-in-Campos-mit-Garage-16-1024x683.jpg 1024w, https:\/\/www.lucasfroeserealestate.com\/wp-content\/uploads\/2026\/03\/Historisches-renoviertes-Stadthaus-in-Campos-mit-Garage-16-768x512.jpg 768w, https:\/\/www.lucasfroeserealestate.com\/wp-content\/uploads\/2026\/03\/Historisches-renoviertes-Stadthaus-in-Campos-mit-Garage-16-1536x1024.jpg 1536w, https:\/\/www.lucasfroeserealestate.com\/wp-content\/uploads\/2026\/03\/Historisches-renoviertes-Stadthaus-in-Campos-mit-Garage-16-2048x1366.jpg 2048w, https:\/\/www.lucasfroeserealestate.com\/wp-content\/uploads\/2026\/03\/Historisches-renoviertes-Stadthaus-in-Campos-mit-Garage-16-150x100.jpg 150w\" sizes=\"(max-width: 488px) 100vw, 488px\" loading=\"eager\" title=\"\"><\/a>                                    <\/div>\n                                    <div class=\"rhea_detail_wrapper rh_detail_wrapper_3\">\n\n\n\t\t\t\t\t\t\t\t\t\t<h3 class=\"rhea_heading_stylish\"><a href=\"https:\/\/www.lucasfroeserealestate.com\/en\/immobilien\/renovated-historic-terraced-house-in-campos-with-garage-elevator-and-large-wine-cellar\/\">Renovated historic terraced house in Campos with garage, elevator and large wine cellar<\/a><\/h3>        <div class=\"rhea_address_sty\">\n            <a\n\t\t\t\t            class=\"rhea_trigger_map rhea_facnybox_trigger-ccbae54 \" data-rhea-map-source=\"rhea-map-source-ccbae54\" data-rhea-map-location=\"39.432716290658,3.0189673068285,15\" data-rhea-map-title=\"Renovated historic terraced house in Campos with garage, elevator and large wine cellar\" data-rhea-map-price=\" 1.980.000\u20ac \" data-rhea-map-thumb=\"https:\/\/www.lucasfroeserealestate.com\/wp-content\/uploads\/2026\/03\/Historisches-renoviertes-Stadthaus-in-Campos-mit-Garage-16-488x326.jpg\"\n\t\t\t                    href=\"https:\/\/www.lucasfroeserealestate.com\/en\/immobilien\/renovated-historic-terraced-house-in-campos-with-garage-elevator-and-large-wine-cellar\/\"\n            >\n                <span class=\"rhea_address_pin\"><svg xmlns=\"http:\/\/www.w3.org\/2000\/svg\" viewBox=\"0 0 18 18\">\r\n\t<style type=\"text\/css\">\r\n\r\n\t\t.st0{fill-rule:evenodd;clip-rule:evenodd;}\r\n\r\n\t<\/style>\r\n\t<path class=\"st0\" d=\"M9 1c3.3 0 6 2.7 6 6S9 17 9 17 3 10.3 3 7 5.7 1 9 1zM9 5c1.1 0 2 0.9 2 2s-0.9 2-2 2S7 8.1 7 7 7.9 5 9 5z\"\/>\r\n<\/svg><\/span>\n\t\t\t\tCampos, Mallorca, Illes Balears, Spain\n            <\/a>\n        <\/div>\n\t\t                                            <div class=\"rhea_rvr_ratings_wrapper_stylish rvr_rating_left\">\n\t\t\t\t\t\t\t\t\t\t\t\t                                            <\/div>\n\t\t\t\t\t\t\t\t\t\t\t    <div class=\"rh_prop_card_meta_wrap_stylish\">\n\t\t        <div class=\"rh_prop_card__meta\" style=\"order: 1\">\n\t\t\t\t\t\t\t<span class=\"rhea_meta_titles\">Bedroom<\/span>                <div class=\"rhea_meta_icon_wrapper\">\n\t\t\t\t\t<img decoding=\"async\" class=\"custom-meta-icon custom-meta-icon-image\" src=\"https:\/\/www.lucasfroeserealestate.com\/wp-content\/uploads\/2024\/09\/schlafzimmer-immobilien-mallorca-02.png\" alt=\"Bedrooms property meta icon.\" title=\"\">\t\t\t\t\t<span class=\"figure\">4<\/span>\t\t\t\t\t                <\/div>\n\t\t\t        <\/div>\n\t\t        <div class=\"rh_prop_card__meta\" style=\"order: 2\">\n\t\t\t\t\t\t\t<span class=\"rhea_meta_titles\">Bathrooms<\/span>                <div class=\"rhea_meta_icon_wrapper\">\n\t\t\t\t\t<img decoding=\"async\" class=\"custom-meta-icon custom-meta-icon-image\" src=\"https:\/\/www.lucasfroeserealestate.com\/wp-content\/uploads\/2024\/09\/badezimmer-immobilien-mallorca.png\" alt=\"Bathrooms property meta icon.\" title=\"\">\t\t\t\t\t<span class=\"figure\">3<\/span>\t\t\t\t\t                <\/div>\n\t\t\t        <\/div>\n\t\t        <div class=\"rh_prop_card__meta\" style=\"order: 3\">\n\t\t\t\t\t\t\t<span class=\"rhea_meta_titles\">Living area<\/span>                <div class=\"rhea_meta_icon_wrapper\">\n\t\t\t\t\t<img decoding=\"async\" class=\"custom-meta-icon custom-meta-icon-image\" src=\"https:\/\/www.lucasfroeserealestate.com\/wp-content\/uploads\/2024\/09\/wohnflaeche-immobilien-mallorca.png\" alt=\"Area Size property meta icon.\" title=\"\">\t\t\t\t\t<span class=\"figure\">415<\/span>\t\t\t\t\t                <\/div>\n\t\t\t        <\/div>\n\t\t        <div class=\"rh_prop_card__meta\" style=\"order: 4\">\n\t\t\t\t\t\t\t<span class=\"rhea_meta_titles\">Plot<\/span>                <div class=\"rhea_meta_icon_wrapper\">\n\t\t\t\t\t<img decoding=\"async\" class=\"custom-meta-icon custom-meta-icon-image\" src=\"https:\/\/www.lucasfroeserealestate.com\/wp-content\/uploads\/2024\/09\/grundstueck-flaeche-immobilien.png\" alt=\"Lot Size property meta icon.\" title=\"\">\t\t\t\t\t<span class=\"figure\">355<\/span>\t\t\t\t\t                <\/div>\n\t\t\t        <\/div>\n\t\t    <\/div>\n\t                                        <div class=\"rhea_price_fav_box\">\n                                            <div class=\"rhea_price_box\">\n\t\t\t\t\t\t\t\t\t\t\t\t<div class=\"rh_prop_card__priceLabel_sty\">\n    <span class=\"rh_prop_card__status_sty\">\n              <\/span>\n    <p class=\"rh_prop_card__price_sty \">\n\t\t 1.980.000\u20ac     <\/p>\n<\/div>                                            <\/div>\n                                            <div class=\"rhea_fav_icon_box rhea_parent_fav_button\">\n\t\t                                                                                    <\/div>\n                                        <\/div>\n\n                                    <\/div>\n                                    <div class=\"rhea_wrapper_bottom_agent\">\n\t\t\t\t\t\t\t\t\t\t                                    <\/div>\n                                <\/div>\n                            <\/div>\n\t\t\t\t\t\t\t                            <div class=\"rhea_property_card_ele_stylish\">\n                                <div class=\"rhea_property_card_ele_stylish_inner\">\n                                    <div class=\"rhea_thumbnail_wrapper\">\n                                        <div class=\"rhea_top_tags_box\">\n\t\t\t\t\t\t\t\t\t\t\t    <div class=\"rhea_tags_wrapper\">\n\t\t    <\/div>\n\t                                        <\/div>\n                                        <div class=\"rhea_bottom_tags_box\">\n\t\t\t\t\t\t\t\t\t\t\t                                                        <span class=\"rhea_property_types\">\n                                                            <small>Comercial Property, Fincas<\/small>                                                        <\/span>\n\t\t\t\t\t\t\t\t\t\t\t\t\t\t                                        <\/div>\n\n\t\t\t\t\t\t\t\t\t\t<a class=\"rhea_permalink rhea_scale_animation\" href=\"https:\/\/www.lucasfroeserealestate.com\/en\/immobilien\/exclusive-finca-near-portocolom-with-restaurant-license-and-event-potential\/\">\n\t<img decoding=\"async\" width=\"488\" height=\"326\" src=\"https:\/\/www.lucasfroeserealestate.com\/wp-content\/uploads\/2026\/03\/Rezeptions-Eingangsberreich-488x326.jpg\" class=\"attachment-property-thumb-image size-property-thumb-image wp-post-image\" alt=\"Rezeptions Eingangsberreich\" srcset=\"https:\/\/www.lucasfroeserealestate.com\/wp-content\/uploads\/2026\/03\/Rezeptions-Eingangsberreich-488x326.jpg 488w, https:\/\/www.lucasfroeserealestate.com\/wp-content\/uploads\/2026\/03\/Rezeptions-Eingangsberreich-300x200.jpg 300w, https:\/\/www.lucasfroeserealestate.com\/wp-content\/uploads\/2026\/03\/Rezeptions-Eingangsberreich-1024x683.jpg 1024w, https:\/\/www.lucasfroeserealestate.com\/wp-content\/uploads\/2026\/03\/Rezeptions-Eingangsberreich-768x512.jpg 768w, https:\/\/www.lucasfroeserealestate.com\/wp-content\/uploads\/2026\/03\/Rezeptions-Eingangsberreich-1536x1024.jpg 1536w, https:\/\/www.lucasfroeserealestate.com\/wp-content\/uploads\/2026\/03\/Rezeptions-Eingangsberreich-150x100.jpg 150w, https:\/\/www.lucasfroeserealestate.com\/wp-content\/uploads\/2026\/03\/Rezeptions-Eingangsberreich.jpg 2048w\" sizes=\"(max-width: 488px) 100vw, 488px\" loading=\"eager\" title=\"\"><\/a>                                    <\/div>\n                                    <div class=\"rhea_detail_wrapper rh_detail_wrapper_3\">\n\n\n\t\t\t\t\t\t\t\t\t\t<h3 class=\"rhea_heading_stylish\"><a href=\"https:\/\/www.lucasfroeserealestate.com\/en\/immobilien\/exclusive-finca-near-portocolom-with-restaurant-license-and-event-potential\/\">Unique finca on Mallorca with restaurant and event license and top investment opportunity<\/a><\/h3>        <div class=\"rhea_address_sty\">\n            <a\n\t\t\t\t            class=\"rhea_trigger_map rhea_facnybox_trigger-ccbae54 \" data-rhea-map-source=\"rhea-map-source-ccbae54\" data-rhea-map-location=\"39.431187937555,3.2174062728882,15\" data-rhea-map-title=\"Unique finca on Mallorca with restaurant and event license and top investment opportunity\" data-rhea-map-price=\" 3.300.000\u20ac \" data-rhea-map-thumb=\"https:\/\/www.lucasfroeserealestate.com\/wp-content\/uploads\/2026\/03\/Rezeptions-Eingangsberreich-488x326.jpg\"\n\t\t\t                    href=\"https:\/\/www.lucasfroeserealestate.com\/en\/immobilien\/exclusive-finca-near-portocolom-with-restaurant-license-and-event-potential\/\"\n            >\n                <span class=\"rhea_address_pin\"><svg xmlns=\"http:\/\/www.w3.org\/2000\/svg\" viewBox=\"0 0 18 18\">\r\n\t<style type=\"text\/css\">\r\n\r\n\t\t.st0{fill-rule:evenodd;clip-rule:evenodd;}\r\n\r\n\t<\/style>\r\n\t<path class=\"st0\" d=\"M9 1c3.3 0 6 2.7 6 6S9 17 9 17 3 10.3 3 7 5.7 1 9 1zM9 5c1.1 0 2 0.9 2 2s-0.9 2-2 2S7 8.1 7 7 7.9 5 9 5z\"\/>\r\n<\/svg><\/span>\n\t\t\t\tPorto Colom, Mallorca, Illes Balears, Spain\n            <\/a>\n        <\/div>\n\t\t                                            <div class=\"rhea_rvr_ratings_wrapper_stylish rvr_rating_left\">\n\t\t\t\t\t\t\t\t\t\t\t\t                                            <\/div>\n\t\t\t\t\t\t\t\t\t\t\t    <div class=\"rh_prop_card_meta_wrap_stylish\">\n\t\t        <div class=\"rh_prop_card__meta\" style=\"order: 1\">\n\t\t\t\t\t\t\t<span class=\"rhea_meta_titles\">Bedroom<\/span>                <div class=\"rhea_meta_icon_wrapper\">\n\t\t\t\t\t<img decoding=\"async\" class=\"custom-meta-icon custom-meta-icon-image\" src=\"https:\/\/www.lucasfroeserealestate.com\/wp-content\/uploads\/2024\/09\/schlafzimmer-immobilien-mallorca-02.png\" alt=\"Bedrooms property meta icon.\" title=\"\">\t\t\t\t\t<span class=\"figure\">10<\/span>\t\t\t\t\t                <\/div>\n\t\t\t        <\/div>\n\t\t        <div class=\"rh_prop_card__meta\" style=\"order: 2\">\n\t\t\t\t\t\t\t<span class=\"rhea_meta_titles\">Bathrooms<\/span>                <div class=\"rhea_meta_icon_wrapper\">\n\t\t\t\t\t<img decoding=\"async\" class=\"custom-meta-icon custom-meta-icon-image\" src=\"https:\/\/www.lucasfroeserealestate.com\/wp-content\/uploads\/2024\/09\/badezimmer-immobilien-mallorca.png\" alt=\"Bathrooms property meta icon.\" title=\"\">\t\t\t\t\t<span class=\"figure\">10<\/span>\t\t\t\t\t                <\/div>\n\t\t\t        <\/div>\n\t\t        <div class=\"rh_prop_card__meta\" style=\"order: 3\">\n\t\t\t\t\t\t\t<span class=\"rhea_meta_titles\">Living area<\/span>                <div class=\"rhea_meta_icon_wrapper\">\n\t\t\t\t\t<img decoding=\"async\" class=\"custom-meta-icon custom-meta-icon-image\" src=\"https:\/\/www.lucasfroeserealestate.com\/wp-content\/uploads\/2024\/09\/wohnflaeche-immobilien-mallorca.png\" alt=\"Area Size property meta icon.\" title=\"\">\t\t\t\t\t<span class=\"figure\">1000<\/span>\t\t\t\t\t                <\/div>\n\t\t\t        <\/div>\n\t\t        <div class=\"rh_prop_card__meta\" style=\"order: 4\">\n\t\t\t\t\t\t\t<span class=\"rhea_meta_titles\">Plot<\/span>                <div class=\"rhea_meta_icon_wrapper\">\n\t\t\t\t\t<img decoding=\"async\" class=\"custom-meta-icon custom-meta-icon-image\" src=\"https:\/\/www.lucasfroeserealestate.com\/wp-content\/uploads\/2024\/09\/grundstueck-flaeche-immobilien.png\" alt=\"Lot Size property meta icon.\" title=\"\">\t\t\t\t\t<span class=\"figure\">29741<\/span>\t\t\t\t\t                <\/div>\n\t\t\t        <\/div>\n\t\t    <\/div>\n\t                                        <div class=\"rhea_price_fav_box\">\n                                            <div class=\"rhea_price_box\">\n\t\t\t\t\t\t\t\t\t\t\t\t<div class=\"rh_prop_card__priceLabel_sty\">\n    <span class=\"rh_prop_card__status_sty\">\n              <\/span>\n    <p class=\"rh_prop_card__price_sty \">\n\t\t 3.300.000\u20ac     <\/p>\n<\/div>                                            <\/div>\n                                            <div class=\"rhea_fav_icon_box rhea_parent_fav_button\">\n\t\t                                                                                    <\/div>\n                                        <\/div>\n\n                                    <\/div>\n                                    <div class=\"rhea_wrapper_bottom_agent\">\n\t\t\t\t\t\t\t\t\t\t                                    <\/div>\n                                <\/div>\n                            <\/div>\n\t\t\t\t\t\t\t                    <\/div>\n\t\t\t\t\t                <\/div>\n\t\t\t\t        <\/section>\n\t\t\t\t\t\t<\/div>\n\t\t\t\t<\/div>\n\t\t\t\t\t<\/div>\n\t\t<\/div>\n\t\t\t\t\t<\/div>\n\t\t<\/section>\n\t\t\t\t<section class=\"elementor-section elementor-top-section elementor-element elementor-element-fd73176 elementor-section-boxed elementor-section-height-default elementor-section-height-default\" data-id=\"fd73176\" data-element_type=\"section\" data-e-type=\"section\">\n\t\t\t\t\t\t<div class=\"elementor-container elementor-column-gap-default\">\n\t\t\t\t\t<div class=\"elementor-column elementor-col-16 elementor-top-column elementor-element elementor-element-875b6bc\" data-id=\"875b6bc\" data-element_type=\"column\" data-e-type=\"column\">\n\t\t\t<div class=\"elementor-widget-wrap\">\n\t\t\t\t\t\t\t<\/div>\n\t\t<\/div>\n\t\t\t\t<div class=\"elementor-column elementor-col-66 elementor-top-column elementor-element elementor-element-5bbfeba\" data-id=\"5bbfeba\" data-element_type=\"column\" data-e-type=\"column\">\n\t\t\t<div class=\"elementor-widget-wrap elementor-element-populated\">\n\t\t\t\t\t\t<div class=\"elementor-element elementor-element-85292d4 elementor-align-justify elementor-widget elementor-widget-button\" data-id=\"85292d4\" data-element_type=\"widget\" data-e-type=\"widget\" data-widget_type=\"button.default\">\n\t\t\t\t<div class=\"elementor-widget-container\">\n\t\t\t\t\t\t\t\t\t<div class=\"elementor-button-wrapper\">\n\t\t\t\t\t<a class=\"elementor-button elementor-button-link elementor-size-sm elementor-animation-grow\" href=\"https:\/\/www.lucasfroeserealestate.com\/immobilien-mallorca\/\">\n\t\t\t\t\t\t<span class=\"elementor-button-content-wrapper\">\n\t\t\t\t\t\t<span class=\"elementor-button-icon\">\n\t\t\t\t<svg aria-hidden=\"true\" class=\"e-font-icon-svg e-fas-map-marked-alt\" viewBox=\"0 0 576 512\" xmlns=\"http:\/\/www.w3.org\/2000\/svg\"><path d=\"M288 0c-69.59 0-126 56.41-126 126 0 56.26 82.35 158.8 113.9 196.02 6.39 7.54 17.82 7.54 24.2 0C331.65 284.8 414 182.26 414 126 414 56.41 357.59 0 288 0zm0 168c-23.2 0-42-18.8-42-42s18.8-42 42-42 42 18.8 42 42-18.8 42-42 42zM20.12 215.95A32.006 32.006 0 0 0 0 245.66v250.32c0 11.32 11.43 19.06 21.94 14.86L160 448V214.92c-8.84-15.98-16.07-31.54-21.25-46.42L20.12 215.95zM288 359.67c-14.07 0-27.38-6.18-36.51-16.96-19.66-23.2-40.57-49.62-59.49-76.72v182l192 64V266c-18.92 27.09-39.82 53.52-59.49 76.72-9.13 10.77-22.44 16.95-36.51 16.95zm266.06-198.51L416 224v288l139.88-55.95A31.996 31.996 0 0 0 576 426.34V176.02c0-11.32-11.43-19.06-21.94-14.86z\"><\/path><\/svg>\t\t\t<\/span>\n\t\t\t\t\t\t\t\t\t<span class=\"elementor-button-text\">Mallorca South-East, beaches, restaurants...<\/span>\n\t\t\t\t\t<\/span>\n\t\t\t\t\t<\/a>\n\t\t\t\t<\/div>\n\t\t\t\t\t\t\t\t<\/div>\n\t\t\t\t<\/div>\n\t\t\t\t<div class=\"elementor-element elementor-element-9328518 elementor-widget elementor-widget-spacer\" data-id=\"9328518\" data-element_type=\"widget\" data-e-type=\"widget\" data-widget_type=\"spacer.default\">\n\t\t\t\t<div class=\"elementor-widget-container\">\n\t\t\t\t\t\t\t<div class=\"elementor-spacer\">\n\t\t\t<div class=\"elementor-spacer-inner\"><\/div>\n\t\t<\/div>\n\t\t\t\t\t\t<\/div>\n\t\t\t\t<\/div>\n\t\t\t\t\t<\/div>\n\t\t<\/div>\n\t\t\t\t<div class=\"elementor-column elementor-col-16 elementor-top-column elementor-element elementor-element-b8bc1b7\" data-id=\"b8bc1b7\" data-element_type=\"column\" data-e-type=\"column\">\n\t\t\t<div class=\"elementor-widget-wrap\">\n\t\t\t\t\t\t\t<\/div>\n\t\t<\/div>\n\t\t\t\t\t<\/div>\n\t\t<\/section>\n\t\t\t\t<section class=\"elementor-section elementor-top-section elementor-element elementor-element-13bd5ac elementor-section-boxed elementor-section-height-default elementor-section-height-default\" data-id=\"13bd5ac\" data-element_type=\"section\" data-e-type=\"section\" data-settings=\"{&quot;background_background&quot;:&quot;classic&quot;}\">\n\t\t\t\t\t\t<div class=\"elementor-container elementor-column-gap-default\">\n\t\t\t\t\t<div class=\"elementor-column elementor-col-100 elementor-top-column elementor-element elementor-element-b458908\" data-id=\"b458908\" data-element_type=\"column\" data-e-type=\"column\">\n\t\t\t<div class=\"elementor-widget-wrap elementor-element-populated\">\n\t\t\t\t\t\t<div class=\"elementor-element elementor-element-c024f55 elementor-widget elementor-widget-heading\" data-id=\"c024f55\" data-element_type=\"widget\" data-e-type=\"widget\" data-widget_type=\"heading.default\">\n\t\t\t\t<div class=\"elementor-widget-container\">\n\t\t\t\t\t<h3 class=\"elementor-heading-title elementor-size-default\">Real estate regions<\/h3>\t\t\t\t<\/div>\n\t\t\t\t<\/div>\n\t\t\t\t<div class=\"elementor-element elementor-element-9bec8d3 elementor-widget elementor-widget-heading\" data-id=\"9bec8d3\" data-element_type=\"widget\" data-e-type=\"widget\" data-widget_type=\"heading.default\">\n\t\t\t\t<div class=\"elementor-widget-container\">\n\t\t\t\t\t<h4 class=\"elementor-heading-title elementor-size-default\">The most beautiful places in the southeast of Mallorca, with a select choice of exclusive properties in top locations. We are at your side if you want to buy luxury real estate in Mallorca.<\/h4>\t\t\t\t<\/div>\n\t\t\t\t<\/div>\n\t\t\t\t\t<\/div>\n\t\t<\/div>\n\t\t\t\t\t<\/div>\n\t\t<\/section>\n\t\t\t\t<section class=\"elementor-section elementor-top-section elementor-element elementor-element-b460724 elementor-section-boxed elementor-section-height-default elementor-section-height-default\" data-id=\"b460724\" data-element_type=\"section\" data-e-type=\"section\" data-settings=\"{&quot;background_background&quot;:&quot;classic&quot;}\">\n\t\t\t\t\t\t<div class=\"elementor-container elementor-column-gap-default\">\n\t\t\t\t\t<div class=\"elementor-column elementor-col-100 elementor-top-column elementor-element elementor-element-2056b9e\" data-id=\"2056b9e\" data-element_type=\"column\" data-e-type=\"column\">\n\t\t\t<div class=\"elementor-widget-wrap elementor-element-populated\">\n\t\t\t\t\t\t<div class=\"elementor-element elementor-element-f990cdc elementor-widget elementor-widget-rhea-properties-cities-widget\" data-id=\"f990cdc\" data-element_type=\"widget\" data-e-type=\"widget\" data-widget_type=\"rhea-properties-cities-widget.default\">\n\t\t\t\t<div class=\"elementor-widget-container\">\n\t\t\t\t\t            <div class=\"rhea_properties_cities_wrapper default\">\n\t\t\t\t                        <div class=\"rhea_property_city\">\n                            <a class=\"rhea_property_city_inner\" style=\"flex-direction: column\" href=\"https:\/\/www.lucasfroeserealestate.com\/en\/immobilien-ortschaft\/cala-dor\/\">\n\n                                <span class=\"rhea_pc_layer_still\" style='background-image: url(\"https:\/\/www.lucasfroeserealestate.com\/wp-content\/uploads\/2025\/09\/Diseno-sin-titulo-2025-09-26T121624744-1024x512.jpg\")'><\/span>\n                                <span class=\"rhea_pc_layer\"><\/span>\n\n                                <h3 class=\"rhea_city_title\"\n\t\t\t\t\t\t\t\t\t                                >\n\t\t\t\t\t\t\t\t\tCala d&#039;Or                                <\/h3>\n\n\n                                <span class=\"rhea_pc_counter\" style=\"align-self: flex-end\">\n\n                    <span class=\"rhea_pc_count\">\n                            4                    <\/span>\n\n                          <span class=\"rhea_pc_label\">\n                           Real Estate                    <\/span>\n                        <\/span>\n\n                            <\/a>\n                        <\/div>\n\t\t\t\t\t\t\n\t\t\t\t\t                        <div class=\"rhea_property_city\">\n                            <a class=\"rhea_property_city_inner\" style=\"flex-direction: column\" href=\"https:\/\/www.lucasfroeserealestate.com\/en\/immobilien-ortschaft\/portocolom-en\/\">\n\n                                <span class=\"rhea_pc_layer_still\" style='background-image: url(\"https:\/\/www.lucasfroeserealestate.com\/wp-content\/uploads\/2025\/02\/add-immobilien-felanitx-portocolom-0010-1-1024x683.jpg\")'><\/span>\n                                <span class=\"rhea_pc_layer\"><\/span>\n\n                                <h3 class=\"rhea_city_title\"\n\t\t\t\t\t\t\t\t\t                                >\n\t\t\t\t\t\t\t\t\tPortocolom                                <\/h3>\n\n\n                                <span class=\"rhea_pc_counter\" style=\"align-self: flex-end\">\n\n                    <span class=\"rhea_pc_count\">\n                            17                    <\/span>\n\n                          <span class=\"rhea_pc_label\">\n                           Real Estate                    <\/span>\n                        <\/span>\n\n                            <\/a>\n                        <\/div>\n\t\t\t\t\t\t\n\t\t\t\t\t                        <div class=\"rhea_property_city\">\n                            <a class=\"rhea_property_city_inner\" style=\"flex-direction: column\" href=\"https:\/\/www.lucasfroeserealestate.com\/en\/immobilien-ortschaft\/santanyi-en\/\">\n\n                                <span class=\"rhea_pc_layer_still\" style='background-image: url(\"https:\/\/www.lucasfroeserealestate.com\/wp-content\/uploads\/2024\/06\/die-besten-restaurants-in-santanyi-3-1024x684.jpg\")'><\/span>\n                                <span class=\"rhea_pc_layer\"><\/span>\n\n                                <h3 class=\"rhea_city_title\"\n\t\t\t\t\t\t\t\t\t                                >\n\t\t\t\t\t\t\t\t\tSantanyi                                <\/h3>\n\n\n                                <span class=\"rhea_pc_counter\" style=\"align-self: flex-end\">\n\n                    <span class=\"rhea_pc_count\">\n                            11                    <\/span>\n\n                          <span class=\"rhea_pc_label\">\n                           Real Estate                    <\/span>\n                        <\/span>\n\n                            <\/a>\n                        <\/div>\n\t\t\t\t\t\t\n\t\t\t\t\t                        <div class=\"rhea_property_city\">\n                            <a class=\"rhea_property_city_inner\" style=\"flex-direction: column\" href=\"https:\/\/www.lucasfroeserealestate.com\/en\/immobilien-ortschaft\/felanitx-en\/\">\n\n                                <span class=\"rhea_pc_layer_still\" style='background-image: url(\"https:\/\/www.lucasfroeserealestate.com\/wp-content\/uploads\/2025\/05\/Diseno-sin-titulo-2025-05-07T161714.204-1024x683.jpg\")'><\/span>\n                                <span class=\"rhea_pc_layer\"><\/span>\n\n                                <h3 class=\"rhea_city_title\"\n\t\t\t\t\t\t\t\t\t                                >\n\t\t\t\t\t\t\t\t\tFelanitx                                <\/h3>\n\n\n                                <span class=\"rhea_pc_counter\" style=\"align-self: flex-end\">\n\n                    <span class=\"rhea_pc_count\">\n                            70                    <\/span>\n\n                          <span class=\"rhea_pc_label\">\n                           Real Estate                    <\/span>\n                        <\/span>\n\n                            <\/a>\n                        <\/div>\n\t\t\t\t\t\t\n\t\t\t\t\t                        <div class=\"rhea_property_city\">\n                            <a class=\"rhea_property_city_inner\" style=\"flex-direction: column\" href=\"https:\/\/www.lucasfroeserealestate.com\/en\/immobilien-ortschaft\/ses-salines-en\/\">\n\n                                <span class=\"rhea_pc_layer_still\" style='background-image: url(\"https:\/\/www.lucasfroeserealestate.com\/wp-content\/uploads\/2025\/02\/add-immobilien-ses-salines-colonia-sant-jordi-0004-1-1024x683.jpg\")'><\/span>\n                                <span class=\"rhea_pc_layer\"><\/span>\n\n                                <h3 class=\"rhea_city_title\"\n\t\t\t\t\t\t\t\t\t                                >\n\t\t\t\t\t\t\t\t\tSes Salines                                <\/h3>\n\n\n                                <span class=\"rhea_pc_counter\" style=\"align-self: flex-end\">\n\n                    <span class=\"rhea_pc_count\">\n                            8                    <\/span>\n\n                          <span class=\"rhea_pc_label\">\n                           Real Estate                    <\/span>\n                        <\/span>\n\n                            <\/a>\n                        <\/div>\n\t\t\t\t\t\t\n\t\t\t\t\t                        <div class=\"rhea_property_city\">\n                            <a class=\"rhea_property_city_inner\" style=\"flex-direction: column\" href=\"https:\/\/www.lucasfroeserealestate.com\/en\/immobilien-ortschaft\/cas-concos\/\">\n\n                                <span class=\"rhea_pc_layer_still\" style='background-image: url(\"https:\/\/www.lucasfroeserealestate.com\/wp-content\/uploads\/2025\/09\/Diseno-sin-titulo-2025-09-26T121750130-1024x512.jpg\")'><\/span>\n                                <span class=\"rhea_pc_layer\"><\/span>\n\n                                <h3 class=\"rhea_city_title\"\n\t\t\t\t\t\t\t\t\t                                >\n\t\t\t\t\t\t\t\t\tCas Concos                                <\/h3>\n\n\n                                <span class=\"rhea_pc_counter\" style=\"align-self: flex-end\">\n\n                    <span class=\"rhea_pc_count\">\n                            6                    <\/span>\n\n                          <span class=\"rhea_pc_label\">\n                           Real Estate                    <\/span>\n                        <\/span>\n\n                            <\/a>\n                        <\/div>\n\t\t\t\t\t\t\n\t\t\t\t\t                        <div class=\"rhea_property_city\">\n                            <a class=\"rhea_property_city_inner\" style=\"flex-direction: column\" href=\"https:\/\/www.lucasfroeserealestate.com\/en\/immobilien-ortschaft\/cala-murada\/\">\n\n                                <span class=\"rhea_pc_layer_still\" style='background-image: url(\"https:\/\/www.lucasfroeserealestate.com\/wp-content\/uploads\/2025\/01\/Photo-6-1024x682.jpg\")'><\/span>\n                                <span class=\"rhea_pc_layer\"><\/span>\n\n                                <h3 class=\"rhea_city_title\"\n\t\t\t\t\t\t\t\t\t                                >\n\t\t\t\t\t\t\t\t\tCala Murada                                <\/h3>\n\n\n                                <span class=\"rhea_pc_counter\" style=\"align-self: flex-end\">\n\n                    <span class=\"rhea_pc_count\">\n                            12                    <\/span>\n\n                          <span class=\"rhea_pc_label\">\n                           Real Estate                    <\/span>\n                        <\/span>\n\n                            <\/a>\n                        <\/div>\n\t\t\t\t\t\t\n\t\t\t\t\t                        <div class=\"rhea_property_city\">\n                            <a class=\"rhea_property_city_inner\" style=\"flex-direction: column\" href=\"https:\/\/www.lucasfroeserealestate.com\/en\/immobilien-ortschaft\/llucmajor-en\/\">\n\n                                <span class=\"rhea_pc_layer_still\" style='background-image: url(\"https:\/\/www.lucasfroeserealestate.com\/wp-content\/uploads\/2025\/09\/Diseno-sin-titulo-2025-09-26T121906971-1024x512.jpg\")'><\/span>\n                                <span class=\"rhea_pc_layer\"><\/span>\n\n                                <h3 class=\"rhea_city_title\"\n\t\t\t\t\t\t\t\t\t                                >\n\t\t\t\t\t\t\t\t\tLlucmajor                                <\/h3>\n\n\n                                <span class=\"rhea_pc_counter\" style=\"align-self: flex-end\">\n\n                    <span class=\"rhea_pc_count\">\n                            7                    <\/span>\n\n                          <span class=\"rhea_pc_label\">\n                           Real Estate                    <\/span>\n                        <\/span>\n\n                            <\/a>\n                        <\/div>\n\t\t\t\t\t\t\n\t\t\t\t\t                        <div class=\"rhea_property_city\">\n                            <a class=\"rhea_property_city_inner\" style=\"flex-direction: column\" href=\"https:\/\/www.lucasfroeserealestate.com\/en\/immobilien-ortschaft\/porreres-en\/\">\n\n                                <span class=\"rhea_pc_layer_still\" style='background-image: url(\"https:\/\/www.lucasfroeserealestate.com\/wp-content\/uploads\/2026\/02\/lf-banner-home-category-3-1024x512.jpg\")'><\/span>\n                                <span class=\"rhea_pc_layer\"><\/span>\n\n                                <h3 class=\"rhea_city_title\"\n\t\t\t\t\t\t\t\t\t                                >\n\t\t\t\t\t\t\t\t\tPorreres                                <\/h3>\n\n\n                                <span class=\"rhea_pc_counter\" style=\"align-self: flex-end\">\n\n                    <span class=\"rhea_pc_count\">\n                            5                    <\/span>\n\n                          <span class=\"rhea_pc_label\">\n                           Real Estate                    <\/span>\n                        <\/span>\n\n                            <\/a>\n                        <\/div>\n\t\t\t\t\t\t\n\t\t\t\t\t                        <div class=\"rhea_property_city\">\n                            <a class=\"rhea_property_city_inner\" style=\"flex-direction: column\" href=\"https:\/\/www.lucasfroeserealestate.com\/en\/immobilien-ortschaft\/campos-en\/\">\n\n                                <span class=\"rhea_pc_layer_still\" style='background-image: url(\"https:\/\/www.lucasfroeserealestate.com\/wp-content\/uploads\/2026\/02\/lf-banner-home-category-2-1024x512.jpg\")'><\/span>\n                                <span class=\"rhea_pc_layer\"><\/span>\n\n                                <h3 class=\"rhea_city_title\"\n\t\t\t\t\t\t\t\t\t                                >\n\t\t\t\t\t\t\t\t\tCampos                                <\/h3>\n\n\n                                <span class=\"rhea_pc_counter\" style=\"align-self: flex-end\">\n\n                    <span class=\"rhea_pc_count\">\n                            4                    <\/span>\n\n                          <span class=\"rhea_pc_label\">\n                           Real Estate                    <\/span>\n                        <\/span>\n\n                            <\/a>\n                        <\/div>\n\t\t\t\t\t\t\n\t\t\t\t\t                        <div class=\"rhea_property_city\">\n                            <a class=\"rhea_property_city_inner\" style=\"flex-direction: column\" href=\"https:\/\/www.lucasfroeserealestate.com\/en\/immobilien-ortschaft\/manacor-en\/\">\n\n                                <span class=\"rhea_pc_layer_still\" style='background-image: url(\"https:\/\/www.lucasfroeserealestate.com\/wp-content\/uploads\/2026\/02\/lf-banner-home-category-1-1024x512.jpg\")'><\/span>\n                                <span class=\"rhea_pc_layer\"><\/span>\n\n                                <h3 class=\"rhea_city_title\"\n\t\t\t\t\t\t\t\t\t                                >\n\t\t\t\t\t\t\t\t\tManacor                                <\/h3>\n\n\n                                <span class=\"rhea_pc_counter\" style=\"align-self: flex-end\">\n\n                    <span class=\"rhea_pc_count\">\n                            5                    <\/span>\n\n                          <span class=\"rhea_pc_label\">\n                           Real Estate                    <\/span>\n                        <\/span>\n\n                            <\/a>\n                        <\/div>\n\t\t\t\t\t\t\n\t\t\t\t\t                        <div class=\"rhea_property_city\">\n                            <a class=\"rhea_property_city_inner\" style=\"flex-direction: column\" href=\"https:\/\/www.lucasfroeserealestate.com\/en\/immobilien-ortschaft\/portocristo-en\/\">\n\n                                <span class=\"rhea_pc_layer_still\" style='background-image: url(\"https:\/\/www.lucasfroeserealestate.com\/wp-content\/uploads\/2026\/02\/Diseno-sin-titulo-2026-02-27T154208.437-1024x512.jpg\")'><\/span>\n                                <span class=\"rhea_pc_layer\"><\/span>\n\n                                <h3 class=\"rhea_city_title\"\n\t\t\t\t\t\t\t\t\t                                >\n\t\t\t\t\t\t\t\t\tPortocristo                                <\/h3>\n\n\n                                <span class=\"rhea_pc_counter\" style=\"align-self: flex-end\">\n\n                    <span class=\"rhea_pc_count\">\n                            5                    <\/span>\n\n                          <span class=\"rhea_pc_label\">\n                           Real Estate                    <\/span>\n                        <\/span>\n\n                            <\/a>\n                        <\/div>\n\t\t\t\t\t\t\n\t\t\t\t\t                        <div class=\"rhea_property_city\">\n                            <a class=\"rhea_property_city_inner\" style=\"flex-direction: column\" href=\"https:\/\/www.lucasfroeserealestate.com\/en\/immobilien-ortschaft\/inselweit-en\/\">\n\n                                <span class=\"rhea_pc_layer_still\" style='background-image: url(\"https:\/\/www.lucasfroeserealestate.com\/wp-content\/uploads\/2026\/02\/lf-banner-home-category-1024x512.jpg\")'><\/span>\n                                <span class=\"rhea_pc_layer\"><\/span>\n\n                                <h3 class=\"rhea_city_title\"\n\t\t\t\t\t\t\t\t\t                                >\n\t\t\t\t\t\t\t\t\tOther regions                                <\/h3>\n\n\n                                <span class=\"rhea_pc_counter\" style=\"align-self: flex-end\">\n\n                    <span class=\"rhea_pc_count\">\n                            18                    <\/span>\n\n                          <span class=\"rhea_pc_label\">\n                           Real Estate                    <\/span>\n                        <\/span>\n\n                            <\/a>\n                        <\/div>\n\t\t\t\t\t\t\n\t\t\t\t\t\n            <\/div>\n\t\t\t\n\n\t\t\t\t\t\t<\/div>\n\t\t\t\t<\/div>\n\t\t\t\t\t<\/div>\n\t\t<\/div>\n\t\t\t\t\t<\/div>\n\t\t<\/section>\n\t\t\t\t<section class=\"elementor-section elementor-top-section elementor-element elementor-element-ee5ccf7 elementor-section-boxed elementor-section-height-default elementor-section-height-default\" data-id=\"ee5ccf7\" data-element_type=\"section\" data-e-type=\"section\" data-settings=\"{&quot;background_background&quot;:&quot;classic&quot;}\">\n\t\t\t\t\t\t\t<div class=\"elementor-background-overlay\"><\/div>\n\t\t\t\t\t\t\t<div class=\"elementor-container elementor-column-gap-default\">\n\t\t\t\t\t<div class=\"elementor-column elementor-col-100 elementor-top-column elementor-element elementor-element-a2f2748\" data-id=\"a2f2748\" data-element_type=\"column\" data-e-type=\"column\">\n\t\t\t<div class=\"elementor-widget-wrap elementor-element-populated\">\n\t\t\t\t\t\t<div class=\"elementor-element elementor-element-15b440c elementor-widget elementor-widget-heading\" data-id=\"15b440c\" data-element_type=\"widget\" data-e-type=\"widget\" data-widget_type=\"heading.default\">\n\t\t\t\t<div class=\"elementor-widget-container\">\n\t\t\t\t\t<h2 class=\"elementor-heading-title elementor-size-default\">Real estate search criteria<\/h2>\t\t\t\t<\/div>\n\t\t\t\t<\/div>\n\t\t\t\t<div class=\"elementor-element elementor-element-8d39a6f elementor-align-end elementor-icon-list--layout-traditional elementor-list-item-link-full_width elementor-widget elementor-widget-icon-list\" data-id=\"8d39a6f\" data-element_type=\"widget\" data-e-type=\"widget\" data-widget_type=\"icon-list.default\">\n\t\t\t\t<div class=\"elementor-widget-container\">\n\t\t\t\t\t\t\t<ul class=\"elementor-icon-list-items\">\n\t\t\t\t\t\t\t<li class=\"elementor-icon-list-item\">\n\t\t\t\t\t\t\t\t\t\t\t<a href=\"https:\/\/www.lucasfroeserealestate.com\/immobilien-mallorca-mit-meerblick\/\">\n\n\t\t\t\t\t\t\t\t\t\t\t\t<span class=\"elementor-icon-list-icon\">\n\t\t\t\t\t\t\t<svg aria-hidden=\"true\" class=\"e-font-icon-svg e-fas-water\" viewBox=\"0 0 576 512\" xmlns=\"http:\/\/www.w3.org\/2000\/svg\"><path d=\"M562.1 383.9c-21.5-2.4-42.1-10.5-57.9-22.9-14.1-11.1-34.2-11.3-48.2 0-37.9 30.4-107.2 30.4-145.7-1.5-13.5-11.2-33-9.1-46.7 1.8-38 30.1-106.9 30-145.2-1.7-13.5-11.2-33.3-8.9-47.1 2-15.5 12.2-36 20.1-57.7 22.4-7.9.8-13.6 7.8-13.6 15.7v32.2c0 9.1 7.6 16.8 16.7 16 28.8-2.5 56.1-11.4 79.4-25.9 56.5 34.6 137 34.1 192 0 56.5 34.6 137 34.1 192 0 23.3 14.2 50.9 23.3 79.1 25.8 9.1.8 16.7-6.9 16.7-16v-31.6c.1-8-5.7-15.4-13.8-16.3zm0-144c-21.5-2.4-42.1-10.5-57.9-22.9-14.1-11.1-34.2-11.3-48.2 0-37.9 30.4-107.2 30.4-145.7-1.5-13.5-11.2-33-9.1-46.7 1.8-38 30.1-106.9 30-145.2-1.7-13.5-11.2-33.3-8.9-47.1 2-15.5 12.2-36 20.1-57.7 22.4-7.9.8-13.6 7.8-13.6 15.7v32.2c0 9.1 7.6 16.8 16.7 16 28.8-2.5 56.1-11.4 79.4-25.9 56.5 34.6 137 34.1 192 0 56.5 34.6 137 34.1 192 0 23.3 14.2 50.9 23.3 79.1 25.8 9.1.8 16.7-6.9 16.7-16v-31.6c.1-8-5.7-15.4-13.8-16.3zm0-144C540.6 93.4 520 85.4 504.2 73 490.1 61.9 470 61.7 456 73c-37.9 30.4-107.2 30.4-145.7-1.5-13.5-11.2-33-9.1-46.7 1.8-38 30.1-106.9 30-145.2-1.7-13.5-11.2-33.3-8.9-47.1 2-15.5 12.2-36 20.1-57.7 22.4-7.9.8-13.6 7.8-13.6 15.7v32.2c0 9.1 7.6 16.8 16.7 16 28.8-2.5 56.1-11.4 79.4-25.9 56.5 34.6 137 34.1 192 0 56.5 34.6 137 34.1 192 0 23.3 14.2 50.9 23.3 79.1 25.8 9.1.8 16.7-6.9 16.7-16v-31.6c.1-8-5.7-15.4-13.8-16.3z\"><\/path><\/svg>\t\t\t\t\t\t<\/span>\n\t\t\t\t\t\t\t\t\t\t<span class=\"elementor-icon-list-text\">Real estate with sea view<\/span>\n\t\t\t\t\t\t\t\t\t\t\t<\/a>\n\t\t\t\t\t\t\t\t\t<\/li>\n\t\t\t\t\t\t\t\t<li class=\"elementor-icon-list-item\">\n\t\t\t\t\t\t\t\t\t\t\t<a href=\"https:\/\/www.lucasfroeserealestate.com\/immobilien-mallorca-swimmingpool\/\">\n\n\t\t\t\t\t\t\t\t\t\t\t\t<span class=\"elementor-icon-list-icon\">\n\t\t\t\t\t\t\t<svg aria-hidden=\"true\" class=\"e-font-icon-svg e-fas-swimming-pool\" viewBox=\"0 0 640 512\" xmlns=\"http:\/\/www.w3.org\/2000\/svg\"><path d=\"M624 416h-16c-26.04 0-45.8-8.42-56.09-17.9-8.9-8.21-19.66-14.1-31.77-14.1h-16.3c-12.11 0-22.87 5.89-31.77 14.1C461.8 407.58 442.04 416 416 416s-45.8-8.42-56.09-17.9c-8.9-8.21-19.66-14.1-31.77-14.1h-16.3c-12.11 0-22.87 5.89-31.77 14.1C269.8 407.58 250.04 416 224 416s-45.8-8.42-56.09-17.9c-8.9-8.21-19.66-14.1-31.77-14.1h-16.3c-12.11 0-22.87 5.89-31.77 14.1C77.8 407.58 58.04 416 32 416H16c-8.84 0-16 7.16-16 16v32c0 8.84 7.16 16 16 16h16c38.62 0 72.72-12.19 96-31.84 23.28 19.66 57.38 31.84 96 31.84s72.72-12.19 96-31.84c23.28 19.66 57.38 31.84 96 31.84s72.72-12.19 96-31.84c23.28 19.66 57.38 31.84 96 31.84h16c8.84 0 16-7.16 16-16v-32c0-8.84-7.16-16-16-16zm-400-32v-96h192v96c19.12 0 30.86-6.16 34.39-9.42 9.17-8.46 19.2-14.34 29.61-18.07V128c0-17.64 14.36-32 32-32s32 14.36 32 32v16c0 8.84 7.16 16 16 16h32c8.84 0 16-7.16 16-16v-16c0-52.94-43.06-96-96-96s-96 43.06-96 96v96H224v-96c0-17.64 14.36-32 32-32s32 14.36 32 32v16c0 8.84 7.16 16 16 16h32c8.84 0 16-7.16 16-16v-16c0-52.94-43.06-96-96-96s-96 43.06-96 96v228.5c10.41 3.73 20.44 9.62 29.61 18.07 3.53 3.27 15.27 9.43 34.39 9.43z\"><\/path><\/svg>\t\t\t\t\t\t<\/span>\n\t\t\t\t\t\t\t\t\t\t<span class=\"elementor-icon-list-text\">Real estate with swimming pool<\/span>\n\t\t\t\t\t\t\t\t\t\t\t<\/a>\n\t\t\t\t\t\t\t\t\t<\/li>\n\t\t\t\t\t\t\t\t<li class=\"elementor-icon-list-item\">\n\t\t\t\t\t\t\t\t\t\t\t<a href=\"https:\/\/www.lucasfroeserealestate.com\/immobilien-austattung\/neubau\/\">\n\n\t\t\t\t\t\t\t\t\t\t\t\t<span class=\"elementor-icon-list-icon\">\n\t\t\t\t\t\t\t<svg aria-hidden=\"true\" class=\"e-font-icon-svg e-far-building\" viewBox=\"0 0 448 512\" xmlns=\"http:\/\/www.w3.org\/2000\/svg\"><path d=\"M128 148v-40c0-6.6 5.4-12 12-12h40c6.6 0 12 5.4 12 12v40c0 6.6-5.4 12-12 12h-40c-6.6 0-12-5.4-12-12zm140 12h40c6.6 0 12-5.4 12-12v-40c0-6.6-5.4-12-12-12h-40c-6.6 0-12 5.4-12 12v40c0 6.6 5.4 12 12 12zm-128 96h40c6.6 0 12-5.4 12-12v-40c0-6.6-5.4-12-12-12h-40c-6.6 0-12 5.4-12 12v40c0 6.6 5.4 12 12 12zm128 0h40c6.6 0 12-5.4 12-12v-40c0-6.6-5.4-12-12-12h-40c-6.6 0-12 5.4-12 12v40c0 6.6 5.4 12 12 12zm-76 84v-40c0-6.6-5.4-12-12-12h-40c-6.6 0-12 5.4-12 12v40c0 6.6 5.4 12 12 12h40c6.6 0 12-5.4 12-12zm76 12h40c6.6 0 12-5.4 12-12v-40c0-6.6-5.4-12-12-12h-40c-6.6 0-12 5.4-12 12v40c0 6.6 5.4 12 12 12zm180 124v36H0v-36c0-6.6 5.4-12 12-12h19.5V24c0-13.3 10.7-24 24-24h337c13.3 0 24 10.7 24 24v440H436c6.6 0 12 5.4 12 12zM79.5 463H192v-67c0-6.6 5.4-12 12-12h40c6.6 0 12 5.4 12 12v67h112.5V49L80 48l-.5 415z\"><\/path><\/svg>\t\t\t\t\t\t<\/span>\n\t\t\t\t\t\t\t\t\t\t<span class=\"elementor-icon-list-text\">New construction projects<\/span>\n\t\t\t\t\t\t\t\t\t\t\t<\/a>\n\t\t\t\t\t\t\t\t\t<\/li>\n\t\t\t\t\t\t\t\t<li class=\"elementor-icon-list-item\">\n\t\t\t\t\t\t\t\t\t\t\t<a href=\"https:\/\/www.lucasfroeserealestate.com\/investitionsimmobilien\/page\/2\/\">\n\n\t\t\t\t\t\t\t\t\t\t\t\t<span class=\"elementor-icon-list-icon\">\n\t\t\t\t\t\t\t<svg aria-hidden=\"true\" class=\"e-font-icon-svg e-fas-chart-bar\" viewBox=\"0 0 512 512\" xmlns=\"http:\/\/www.w3.org\/2000\/svg\"><path d=\"M332.8 320h38.4c6.4 0 12.8-6.4 12.8-12.8V172.8c0-6.4-6.4-12.8-12.8-12.8h-38.4c-6.4 0-12.8 6.4-12.8 12.8v134.4c0 6.4 6.4 12.8 12.8 12.8zm96 0h38.4c6.4 0 12.8-6.4 12.8-12.8V76.8c0-6.4-6.4-12.8-12.8-12.8h-38.4c-6.4 0-12.8 6.4-12.8 12.8v230.4c0 6.4 6.4 12.8 12.8 12.8zm-288 0h38.4c6.4 0 12.8-6.4 12.8-12.8v-70.4c0-6.4-6.4-12.8-12.8-12.8h-38.4c-6.4 0-12.8 6.4-12.8 12.8v70.4c0 6.4 6.4 12.8 12.8 12.8zm96 0h38.4c6.4 0 12.8-6.4 12.8-12.8V108.8c0-6.4-6.4-12.8-12.8-12.8h-38.4c-6.4 0-12.8 6.4-12.8 12.8v198.4c0 6.4 6.4 12.8 12.8 12.8zM496 384H64V80c0-8.84-7.16-16-16-16H16C7.16 64 0 71.16 0 80v336c0 17.67 14.33 32 32 32h464c8.84 0 16-7.16 16-16v-32c0-8.84-7.16-16-16-16z\"><\/path><\/svg>\t\t\t\t\t\t<\/span>\n\t\t\t\t\t\t\t\t\t\t<span class=\"elementor-icon-list-text\">Real estate investments<\/span>\n\t\t\t\t\t\t\t\t\t\t\t<\/a>\n\t\t\t\t\t\t\t\t\t<\/li>\n\t\t\t\t\t\t\t\t<li class=\"elementor-icon-list-item\">\n\t\t\t\t\t\t\t\t\t\t\t<a href=\"https:\/\/www.lucasfroeserealestate.com\/immobilien-mallorca-etv\/\">\n\n\t\t\t\t\t\t\t\t\t\t\t\t<span class=\"elementor-icon-list-icon\">\n\t\t\t\t\t\t\t<svg aria-hidden=\"true\" class=\"e-font-icon-svg e-fas-luggage-cart\" viewBox=\"0 0 640 512\" xmlns=\"http:\/\/www.w3.org\/2000\/svg\"><path d=\"M224 320h32V96h-32c-17.67 0-32 14.33-32 32v160c0 17.67 14.33 32 32 32zm352-32V128c0-17.67-14.33-32-32-32h-32v224h32c17.67 0 32-14.33 32-32zm48 96H128V16c0-8.84-7.16-16-16-16H16C7.16 0 0 7.16 0 16v32c0 8.84 7.16 16 16 16h48v368c0 8.84 7.16 16 16 16h82.94c-1.79 5.03-2.94 10.36-2.94 16 0 26.51 21.49 48 48 48s48-21.49 48-48c0-5.64-1.15-10.97-2.94-16h197.88c-1.79 5.03-2.94 10.36-2.94 16 0 26.51 21.49 48 48 48s48-21.49 48-48c0-5.64-1.15-10.97-2.94-16H624c8.84 0 16-7.16 16-16v-32c0-8.84-7.16-16-16-16zM480 96V48c0-26.51-21.49-48-48-48h-96c-26.51 0-48 21.49-48 48v272h192V96zm-48 0h-96V48h96v48z\"><\/path><\/svg>\t\t\t\t\t\t<\/span>\n\t\t\t\t\t\t\t\t\t\t<span class=\"elementor-icon-list-text\">Real estate with ETV license<\/span>\n\t\t\t\t\t\t\t\t\t\t\t<\/a>\n\t\t\t\t\t\t\t\t\t<\/li>\n\t\t\t\t\t\t\t\t<li class=\"elementor-icon-list-item\">\n\t\t\t\t\t\t\t\t\t\t\t<a href=\"https:\/\/www.lucasfroeserealestate.com\/exklusives-immobilien-portfolio\/\">\n\n\t\t\t\t\t\t\t\t\t\t\t\t<span class=\"elementor-icon-list-icon\">\n\t\t\t\t\t\t\t<svg aria-hidden=\"true\" class=\"e-font-icon-svg e-fas-chess-queen\" viewBox=\"0 0 512 512\" xmlns=\"http:\/\/www.w3.org\/2000\/svg\"><path d=\"M256 112a56 56 0 1 0-56-56 56 56 0 0 0 56 56zm176 336H80a16 16 0 0 0-16 16v32a16 16 0 0 0 16 16h352a16 16 0 0 0 16-16v-32a16 16 0 0 0-16-16zm72.87-263.84l-28.51-15.92c-7.44-5-16.91-2.46-22.29 4.68a47.59 47.59 0 0 1-47.23 18.23C383.7 186.86 368 164.93 368 141.4a13.4 13.4 0 0 0-13.4-13.4h-38.77c-6 0-11.61 4-12.86 9.91a48 48 0 0 1-93.94 0c-1.25-5.92-6.82-9.91-12.86-9.91H157.4a13.4 13.4 0 0 0-13.4 13.4c0 25.69-19 48.75-44.67 50.49a47.5 47.5 0 0 1-41.54-19.15c-5.28-7.09-14.73-9.45-22.09-4.54l-28.57 16a16 16 0 0 0-5.44 20.47L104.24 416h303.52l102.55-211.37a16 16 0 0 0-5.44-20.47z\"><\/path><\/svg>\t\t\t\t\t\t<\/span>\n\t\t\t\t\t\t\t\t\t\t<span class=\"elementor-icon-list-text\">Exclusive real estate only with us<\/span>\n\t\t\t\t\t\t\t\t\t\t\t<\/a>\n\t\t\t\t\t\t\t\t\t<\/li>\n\t\t\t\t\t\t\t\t<li class=\"elementor-icon-list-item\">\n\t\t\t\t\t\t\t\t\t\t\t<a href=\"https:\/\/www.lucasfroeserealestate.com\/immobilien-austattung\/preis-reduziert\/\">\n\n\t\t\t\t\t\t\t\t\t\t\t\t<span class=\"elementor-icon-list-icon\">\n\t\t\t\t\t\t\t<svg aria-hidden=\"true\" class=\"e-font-icon-svg e-far-money-bill-alt\" viewBox=\"0 0 640 512\" xmlns=\"http:\/\/www.w3.org\/2000\/svg\"><path d=\"M320 144c-53.02 0-96 50.14-96 112 0 61.85 42.98 112 96 112 53 0 96-50.13 96-112 0-61.86-42.98-112-96-112zm40 168c0 4.42-3.58 8-8 8h-64c-4.42 0-8-3.58-8-8v-16c0-4.42 3.58-8 8-8h16v-55.44l-.47.31a7.992 7.992 0 0 1-11.09-2.22l-8.88-13.31a7.992 7.992 0 0 1 2.22-11.09l15.33-10.22a23.99 23.99 0 0 1 13.31-4.03H328c4.42 0 8 3.58 8 8v88h16c4.42 0 8 3.58 8 8v16zM608 64H32C14.33 64 0 78.33 0 96v320c0 17.67 14.33 32 32 32h576c17.67 0 32-14.33 32-32V96c0-17.67-14.33-32-32-32zm-16 272c-35.35 0-64 28.65-64 64H112c0-35.35-28.65-64-64-64V176c35.35 0 64-28.65 64-64h416c0 35.35 28.65 64 64 64v160z\"><\/path><\/svg>\t\t\t\t\t\t<\/span>\n\t\t\t\t\t\t\t\t\t\t<span class=\"elementor-icon-list-text\">Price reduced<\/span>\n\t\t\t\t\t\t\t\t\t\t\t<\/a>\n\t\t\t\t\t\t\t\t\t<\/li>\n\t\t\t\t\t\t<\/ul>\n\t\t\t\t\t\t<\/div>\n\t\t\t\t<\/div>\n\t\t\t\t\t<\/div>\n\t\t<\/div>\n\t\t\t\t\t<\/div>\n\t\t<\/section>\n\t\t\t\t<section class=\"elementor-section elementor-top-section elementor-element elementor-element-b80f99f elementor-section-boxed elementor-section-height-default elementor-section-height-default\" data-id=\"b80f99f\" data-element_type=\"section\" data-e-type=\"section\">\n\t\t\t\t\t\t<div class=\"elementor-container elementor-column-gap-default\">\n\t\t\t\t\t<div class=\"elementor-column elementor-col-25 elementor-top-column elementor-element elementor-element-b21c300\" data-id=\"b21c300\" data-element_type=\"column\" data-e-type=\"column\">\n\t\t\t<div class=\"elementor-widget-wrap elementor-element-populated\">\n\t\t\t\t\t\t<div class=\"elementor-element elementor-element-79e29e1 elementor-widget elementor-widget-image\" data-id=\"79e29e1\" data-element_type=\"widget\" data-e-type=\"widget\" data-widget_type=\"image.default\">\n\t\t\t\t<div class=\"elementor-widget-container\">\n\t\t\t\t\t\t\t\t\t\t\t\t\t\t\t<img decoding=\"async\" loading=\"eager\" width=\"400\" height=\"600\" src=\"https:\/\/www.lucasfroeserealestate.com\/wp-content\/uploads\/2025\/08\/immobilien-felanitx-lucas-froese-partner-2-1.jpg\" class=\"attachment-large size-large wp-image-72062\" alt=\"Inmobiliaria Mallorca Lucas Froese\" srcset=\"https:\/\/www.lucasfroeserealestate.com\/wp-content\/uploads\/2025\/08\/immobilien-felanitx-lucas-froese-partner-2-1.jpg 400w, https:\/\/www.lucasfroeserealestate.com\/wp-content\/uploads\/2025\/08\/immobilien-felanitx-lucas-froese-partner-2-1-200x300.jpg 200w, https:\/\/www.lucasfroeserealestate.com\/wp-content\/uploads\/2025\/08\/immobilien-felanitx-lucas-froese-partner-2-1-100x150.jpg 100w\" sizes=\"(max-width: 400px) 100vw, 400px\" title=\"\">\t\t\t\t\t\t\t\t\t\t\t\t\t\t\t<\/div>\n\t\t\t\t<\/div>\n\t\t\t\t\t<\/div>\n\t\t<\/div>\n\t\t\t\t<div class=\"elementor-column elementor-col-25 elementor-top-column elementor-element elementor-element-601bda7\" data-id=\"601bda7\" data-element_type=\"column\" data-e-type=\"column\">\n\t\t\t<div class=\"elementor-widget-wrap elementor-element-populated\">\n\t\t\t\t\t\t<div class=\"elementor-element elementor-element-2fe694c5 elementor-widget elementor-widget-text-editor\" data-id=\"2fe694c5\" data-element_type=\"widget\" data-e-type=\"widget\" data-widget_type=\"text-editor.default\">\n\t\t\t\t<div class=\"elementor-widget-container\">\n\t\t\t\t\t\t\t\t\t<p><strong>We are at your side with an all-round package in your desired market and price segment.<\/strong><\/p><p>Discreetly, attentively and individually, we accompany you in your requirements profile not only from the beginning of the search and the conclusion of the contract, but until the completion of your dream property. Our network consisting of lawyers, notaries, tax consultants, financing, various services as well as official and bureaucratic procedures and also architects, craftsmen and construction work with competent partners.<\/p>\t\t\t\t\t\t\t\t<\/div>\n\t\t\t\t<\/div>\n\t\t\t\t\t<\/div>\n\t\t<\/div>\n\t\t\t\t<div class=\"elementor-column elementor-col-50 elementor-top-column elementor-element elementor-element-0cc2bb7 elementor-hidden-mobile\" data-id=\"0cc2bb7\" data-element_type=\"column\" data-e-type=\"column\">\n\t\t\t<div class=\"elementor-widget-wrap elementor-element-populated\">\n\t\t\t\t\t\t<div class=\"elementor-element elementor-element-df77a3c elementor-widget elementor-widget-gallery\" data-id=\"df77a3c\" data-element_type=\"widget\" data-e-type=\"widget\" data-settings=\"{&quot;gallery_layout&quot;:&quot;masonry&quot;,&quot;lazyload&quot;:&quot;yes&quot;,&quot;columns&quot;:4,&quot;columns_tablet&quot;:2,&quot;columns_mobile&quot;:1,&quot;gap&quot;:{&quot;unit&quot;:&quot;px&quot;,&quot;size&quot;:10,&quot;sizes&quot;:[]},&quot;gap_tablet&quot;:{&quot;unit&quot;:&quot;px&quot;,&quot;size&quot;:10,&quot;sizes&quot;:[]},&quot;gap_mobile&quot;:{&quot;unit&quot;:&quot;px&quot;,&quot;size&quot;:10,&quot;sizes&quot;:[]},&quot;link_to&quot;:&quot;file&quot;,&quot;overlay_background&quot;:&quot;yes&quot;,&quot;content_hover_animation&quot;:&quot;fade-in&quot;}\" data-widget_type=\"gallery.default\">\n\t\t\t\t<div class=\"elementor-widget-container\">\n\t\t\t\t\t\t\t<div class=\"elementor-gallery__container\">\n\t\t\t\t\t\t\t<a class=\"e-gallery-item elementor-gallery-item elementor-animated-content\" href=\"https:\/\/www.lucasfroeserealestate.com\/wp-content\/uploads\/2025\/08\/lucas-froese-pr-news-zeitung-005-1.jpg\" data-elementor-open-lightbox=\"yes\" data-elementor-lightbox-slideshow=\"df77a3c\" data-elementor-lightbox-title=\"Real Estate Mallorca Lucas Froese at Galileo Prosieben\" data-e-action-hash=\"#elementor-action%3Aaction%3Dlightbox%26settings%3DeyJpZCI6NzIwNjgsInVybCI6Imh0dHBzOlwvXC93d3cubHVjYXNmcm9lc2VyZWFsZXN0YXRlLmNvbVwvd3AtY29udGVudFwvdXBsb2Fkc1wvMjAyNVwvMDhcL2x1Y2FzLWZyb2VzZS1wci1uZXdzLXplaXR1bmctMDA1LTEuanBnIiwic2xpZGVzaG93IjoiZGY3N2EzYyJ9\">\n\t\t\t\t\t<div class=\"e-gallery-image elementor-gallery-item__image\" data-thumbnail=\"https:\/\/www.lucasfroeserealestate.com\/wp-content\/uploads\/2025\/08\/lucas-froese-pr-news-zeitung-005-1.jpg\" data-width=\"200\" data-height=\"300\" aria-label=\"Real Estate Mallorca Lucas Froese at Galileo Prosieben\" role=\"img\" ><\/div>\n\t\t\t\t\t\t\t\t\t\t\t<div class=\"elementor-gallery-item__overlay\"><\/div>\n\t\t\t\t\t\t\t\t\t\t\t\t\t\t<\/a>\n\t\t\t\t\t\t\t<a class=\"e-gallery-item elementor-gallery-item elementor-animated-content\" href=\"https:\/\/www.lucasfroeserealestate.com\/wp-content\/uploads\/2025\/08\/lucas-froese-pr-news-zeitung-003-1.jpg\" data-elementor-open-lightbox=\"yes\" data-elementor-lightbox-slideshow=\"df77a3c\" data-elementor-lightbox-title=\"Real Estate Mallorca Lucas Froese at Mallorca Magazine\" data-e-action-hash=\"#elementor-action%3Aaction%3Dlightbox%26settings%3DeyJpZCI6NzIwNjUsInVybCI6Imh0dHBzOlwvXC93d3cubHVjYXNmcm9lc2VyZWFsZXN0YXRlLmNvbVwvd3AtY29udGVudFwvdXBsb2Fkc1wvMjAyNVwvMDhcL2x1Y2FzLWZyb2VzZS1wci1uZXdzLXplaXR1bmctMDAzLTEuanBnIiwic2xpZGVzaG93IjoiZGY3N2EzYyJ9\">\n\t\t\t\t\t<div class=\"e-gallery-image elementor-gallery-item__image\" data-thumbnail=\"https:\/\/www.lucasfroeserealestate.com\/wp-content\/uploads\/2025\/08\/lucas-froese-pr-news-zeitung-003-1.jpg\" data-width=\"200\" data-height=\"300\" aria-label=\"Real Estate Mallorca Lucas Froese at Mallorca Magazine\" role=\"img\" ><\/div>\n\t\t\t\t\t\t\t\t\t\t\t<div class=\"elementor-gallery-item__overlay\"><\/div>\n\t\t\t\t\t\t\t\t\t\t\t\t\t\t<\/a>\n\t\t\t\t\t\t\t<a class=\"e-gallery-item elementor-gallery-item elementor-animated-content\" href=\"https:\/\/www.lucasfroeserealestate.com\/wp-content\/uploads\/2025\/08\/lucas-froese-pr-news-zeitung-004-1.jpg\" data-elementor-open-lightbox=\"yes\" data-elementor-lightbox-slideshow=\"df77a3c\" data-elementor-lightbox-title=\"Real Estate Mallorca Lucas Froese at Mallorca Zeitung\" data-e-action-hash=\"#elementor-action%3Aaction%3Dlightbox%26settings%3DeyJpZCI6NzIwODAsInVybCI6Imh0dHBzOlwvXC93d3cubHVjYXNmcm9lc2VyZWFsZXN0YXRlLmNvbVwvd3AtY29udGVudFwvdXBsb2Fkc1wvMjAyNVwvMDhcL2x1Y2FzLWZyb2VzZS1wci1uZXdzLXplaXR1bmctMDA0LTEuanBnIiwic2xpZGVzaG93IjoiZGY3N2EzYyJ9\">\n\t\t\t\t\t<div class=\"e-gallery-image elementor-gallery-item__image\" data-thumbnail=\"https:\/\/www.lucasfroeserealestate.com\/wp-content\/uploads\/2025\/08\/lucas-froese-pr-news-zeitung-004-1.jpg\" data-width=\"200\" data-height=\"300\" aria-label=\"Real Estate Mallorca Lucas Froese at Mallorca Zeitung\" role=\"img\" ><\/div>\n\t\t\t\t\t\t\t\t\t\t\t<div class=\"elementor-gallery-item__overlay\"><\/div>\n\t\t\t\t\t\t\t\t\t\t\t\t\t\t<\/a>\n\t\t\t\t\t\t\t<a class=\"e-gallery-item elementor-gallery-item elementor-animated-content\" href=\"https:\/\/www.lucasfroeserealestate.com\/wp-content\/uploads\/2025\/08\/lucas-froese-pr-news-zeitung-002-1.jpg\" data-elementor-open-lightbox=\"yes\" data-elementor-lightbox-slideshow=\"df77a3c\" data-elementor-lightbox-title=\"Real Estate Mallorca Lucas Froese at Mallorca Magazine\" data-e-action-hash=\"#elementor-action%3Aaction%3Dlightbox%26settings%3DeyJpZCI6NzIwNzEsInVybCI6Imh0dHBzOlwvXC93d3cubHVjYXNmcm9lc2VyZWFsZXN0YXRlLmNvbVwvd3AtY29udGVudFwvdXBsb2Fkc1wvMjAyNVwvMDhcL2x1Y2FzLWZyb2VzZS1wci1uZXdzLXplaXR1bmctMDAyLTEuanBnIiwic2xpZGVzaG93IjoiZGY3N2EzYyJ9\">\n\t\t\t\t\t<div class=\"e-gallery-image elementor-gallery-item__image\" data-thumbnail=\"https:\/\/www.lucasfroeserealestate.com\/wp-content\/uploads\/2025\/08\/lucas-froese-pr-news-zeitung-002-1.jpg\" data-width=\"200\" data-height=\"300\" aria-label=\"Real Estate Mallorca Lucas Froese at Mallorca Magazine\" role=\"img\" ><\/div>\n\t\t\t\t\t\t\t\t\t\t\t<div class=\"elementor-gallery-item__overlay\"><\/div>\n\t\t\t\t\t\t\t\t\t\t\t\t\t\t<\/a>\n\t\t\t\t\t\t\t<a class=\"e-gallery-item elementor-gallery-item elementor-animated-content\" href=\"https:\/\/www.lucasfroeserealestate.com\/wp-content\/uploads\/2025\/08\/lucas-froese-pr-news-zeitung-001-1.jpg\" data-elementor-open-lightbox=\"yes\" data-elementor-lightbox-slideshow=\"df77a3c\" data-elementor-lightbox-title=\"Real Estate Mallorca Lucas Froese at Cronica Balear\" data-e-action-hash=\"#elementor-action%3Aaction%3Dlightbox%26settings%3DeyJpZCI6NzIwNzQsInVybCI6Imh0dHBzOlwvXC93d3cubHVjYXNmcm9lc2VyZWFsZXN0YXRlLmNvbVwvd3AtY29udGVudFwvdXBsb2Fkc1wvMjAyNVwvMDhcL2x1Y2FzLWZyb2VzZS1wci1uZXdzLXplaXR1bmctMDAxLTEuanBnIiwic2xpZGVzaG93IjoiZGY3N2EzYyJ9\">\n\t\t\t\t\t<div class=\"e-gallery-image elementor-gallery-item__image\" data-thumbnail=\"https:\/\/www.lucasfroeserealestate.com\/wp-content\/uploads\/2025\/08\/lucas-froese-pr-news-zeitung-001-1.jpg\" data-width=\"200\" data-height=\"300\" aria-label=\"Real Estate Mallorca Lucas Froese at Cronica Balear\" role=\"img\" ><\/div>\n\t\t\t\t\t\t\t\t\t\t\t<div class=\"elementor-gallery-item__overlay\"><\/div>\n\t\t\t\t\t\t\t\t\t\t\t\t\t\t<\/a>\n\t\t\t\t\t\t\t<a class=\"e-gallery-item elementor-gallery-item elementor-animated-content\" href=\"https:\/\/www.lucasfroeserealestate.com\/wp-content\/uploads\/2025\/08\/lucas-froese-pr-news-zeitung-007-1.jpg\" data-elementor-open-lightbox=\"yes\" data-elementor-lightbox-slideshow=\"df77a3c\" data-elementor-lightbox-title=\"Real Estate Mallorca Lucas Froese at Mallorca Magazine\" data-e-action-hash=\"#elementor-action%3Aaction%3Dlightbox%26settings%3DeyJpZCI6NzIwNzcsInVybCI6Imh0dHBzOlwvXC93d3cubHVjYXNmcm9lc2VyZWFsZXN0YXRlLmNvbVwvd3AtY29udGVudFwvdXBsb2Fkc1wvMjAyNVwvMDhcL2x1Y2FzLWZyb2VzZS1wci1uZXdzLXplaXR1bmctMDA3LTEuanBnIiwic2xpZGVzaG93IjoiZGY3N2EzYyJ9\">\n\t\t\t\t\t<div class=\"e-gallery-image elementor-gallery-item__image\" data-thumbnail=\"https:\/\/www.lucasfroeserealestate.com\/wp-content\/uploads\/2025\/08\/lucas-froese-pr-news-zeitung-007-1-200x300.jpg\" data-width=\"200\" data-height=\"300\" aria-label=\"Real Estate Mallorca Lucas Froese at Mallorca Magazine\" role=\"img\" ><\/div>\n\t\t\t\t\t\t\t\t\t\t\t<div class=\"elementor-gallery-item__overlay\"><\/div>\n\t\t\t\t\t\t\t\t\t\t\t\t\t\t<\/a>\n\t\t\t\t\t<\/div>\n\t\t\t\t\t<\/div>\n\t\t\t\t<\/div>\n\t\t\t\t\t<\/div>\n\t\t<\/div>\n\t\t\t\t\t<\/div>\n\t\t<\/section>\n\t\t\t\t<section class=\"elementor-section elementor-top-section elementor-element elementor-element-268e681 elementor-section-boxed elementor-section-height-default elementor-section-height-default\" data-id=\"268e681\" data-element_type=\"section\" data-e-type=\"section\" data-settings=\"{&quot;background_background&quot;:&quot;classic&quot;}\">\n\t\t\t\t\t\t<div class=\"elementor-container elementor-column-gap-default\">\n\t\t\t\t\t<div class=\"elementor-column elementor-col-100 elementor-top-column elementor-element elementor-element-b835643\" data-id=\"b835643\" data-element_type=\"column\" data-e-type=\"column\">\n\t\t\t<div class=\"elementor-widget-wrap elementor-element-populated\">\n\t\t\t\t\t\t<div class=\"elementor-element elementor-element-99766a0 elementor-widget elementor-widget-heading\" data-id=\"99766a0\" data-element_type=\"widget\" data-e-type=\"widget\" data-widget_type=\"heading.default\">\n\t\t\t\t<div class=\"elementor-widget-container\">\n\t\t\t\t\t<h5 class=\"elementor-heading-title elementor-size-default\">What do our customers say?<\/h5>\t\t\t\t<\/div>\n\t\t\t\t<\/div>\n\t\t\t\t<div class=\"elementor-element elementor-element-d6c2d7e elementor-widget elementor-widget-heading\" data-id=\"d6c2d7e\" data-element_type=\"widget\" data-e-type=\"widget\" data-widget_type=\"heading.default\">\n\t\t\t\t<div class=\"elementor-widget-container\">\n\t\t\t\t\t<h4 class=\"elementor-heading-title elementor-size-default\">What our buyers, owners and cooperation partners say: Trust based on real experience.<\/h4>\t\t\t\t<\/div>\n\t\t\t\t<\/div>\n\t\t\t\t\t<\/div>\n\t\t<\/div>\n\t\t\t\t\t<\/div>\n\t\t<\/section>\n\t\t\t\t<section class=\"elementor-section elementor-top-section elementor-element elementor-element-9cd93f6 elementor-section-boxed elementor-section-height-default elementor-section-height-default\" data-id=\"9cd93f6\" data-element_type=\"section\" data-e-type=\"section\">\n\t\t\t\t\t\t<div class=\"elementor-container elementor-column-gap-default\">\n\t\t\t\t\t<div class=\"elementor-column elementor-col-100 elementor-top-column elementor-element elementor-element-cddf7d7\" data-id=\"cddf7d7\" data-element_type=\"column\" data-e-type=\"column\">\n\t\t\t<div class=\"elementor-widget-wrap elementor-element-populated\">\n\t\t\t\t\t\t<div class=\"elementor-element elementor-element-4b5d06c elementor-widget elementor-widget-text-editor\" data-id=\"4b5d06c\" data-element_type=\"widget\" data-e-type=\"widget\" data-widget_type=\"text-editor.default\">\n\t\t\t\t<div class=\"elementor-widget-container\">\n\t\t\t\t\t\t\t\t\t<script defer async src='https:\/\/cdn.trustindex.io\/loader.js?9e6749b25f4076902566ecff0a0'><\/script>\t\t\t\t\t\t\t\t<\/div>\n\t\t\t\t<\/div>\n\t\t\t\t<div class=\"elementor-element elementor-element-7b54178 elementor-widget elementor-widget-spacer\" data-id=\"7b54178\" data-element_type=\"widget\" data-e-type=\"widget\" data-widget_type=\"spacer.default\">\n\t\t\t\t<div class=\"elementor-widget-container\">\n\t\t\t\t\t\t\t<div class=\"elementor-spacer\">\n\t\t\t<div class=\"elementor-spacer-inner\"><\/div>\n\t\t<\/div>\n\t\t\t\t\t\t<\/div>\n\t\t\t\t<\/div>\n\t\t\t\t\t<\/div>\n\t\t<\/div>\n\t\t\t\t\t<\/div>\n\t\t<\/section>\n\t\t\t\t<section class=\"elementor-section elementor-top-section elementor-element elementor-element-1dfc015 elementor-section-boxed elementor-section-height-default elementor-section-height-default\" data-id=\"1dfc015\" data-element_type=\"section\" data-e-type=\"section\" data-settings=\"{&quot;background_background&quot;:&quot;classic&quot;}\">\n\t\t\t\t\t\t<div class=\"elementor-container elementor-column-gap-default\">\n\t\t\t\t\t<div class=\"elementor-column elementor-col-100 elementor-top-column elementor-element elementor-element-84da6ca\" data-id=\"84da6ca\" data-element_type=\"column\" data-e-type=\"column\">\n\t\t\t<div class=\"elementor-widget-wrap elementor-element-populated\">\n\t\t\t\t\t\t<div class=\"elementor-element elementor-element-0e927df elementor-widget elementor-widget-heading\" data-id=\"0e927df\" data-element_type=\"widget\" data-e-type=\"widget\" data-widget_type=\"heading.default\">\n\t\t\t\t<div class=\"elementor-widget-container\">\n\t\t\t\t\t<h2 class=\"elementor-heading-title elementor-size-default\">Frequently asked questions about real estate, Mallorca and more<\/h2>\t\t\t\t<\/div>\n\t\t\t\t<\/div>\n\t\t\t\t\t<\/div>\n\t\t<\/div>\n\t\t\t\t\t<\/div>\n\t\t<\/section>\n\t\t\t\t<div class=\"elementor-section elementor-top-section elementor-element elementor-element-9dfa3e2 elementor-section-boxed elementor-section-height-default elementor-section-height-default\" data-id=\"9dfa3e2\" data-element_type=\"section\" data-e-type=\"section\" data-settings=\"{&quot;background_background&quot;:&quot;classic&quot;}\">\n\t\t\t\t\t\t<div class=\"elementor-container elementor-column-gap-default\">\n\t\t\t\t\t<div class=\"elementor-column elementor-col-100 elementor-top-column elementor-element elementor-element-149bdb4\" data-id=\"149bdb4\" data-element_type=\"column\" data-e-type=\"column\">\n\t\t\t<div class=\"elementor-widget-wrap elementor-element-populated\">\n\t\t\t\t\t\t<div class=\"elementor-element elementor-element-b371603 elementor-widget elementor-widget-accordion\" data-id=\"b371603\" data-element_type=\"widget\" data-e-type=\"widget\" data-widget_type=\"accordion.default\">\n\t\t\t\t<div class=\"elementor-widget-container\">\n\t\t\t\t\t\t\t<div class=\"elementor-accordion\">\n\t\t\t\t\t\t\t<div class=\"elementor-accordion-item\">\n\t\t\t\t\t<div id=\"elementor-tab-title-1881\" class=\"elementor-tab-title\" data-tab=\"1\" role=\"button\" aria-controls=\"elementor-tab-content-1881\" aria-expanded=\"false\">\n\t\t\t\t\t\t\t\t\t\t\t\t\t<span class=\"elementor-accordion-icon elementor-accordion-icon-left\" aria-hidden=\"true\">\n\t\t\t\t\t\t\t\t\t\t\t\t\t\t\t<span class=\"elementor-accordion-icon-closed\"><svg class=\"e-font-icon-svg e-fas-plus\" viewBox=\"0 0 448 512\" xmlns=\"http:\/\/www.w3.org\/2000\/svg\"><path d=\"M416 208H272V64c0-17.67-14.33-32-32-32h-32c-17.67 0-32 14.33-32 32v144H32c-17.67 0-32 14.33-32 32v32c0 17.67 14.33 32 32 32h144v144c0 17.67 14.33 32 32 32h32c17.67 0 32-14.33 32-32V304h144c17.67 0 32-14.33 32-32v-32c0-17.67-14.33-32-32-32z\"><\/path><\/svg><\/span>\n\t\t\t\t\t\t\t\t<span class=\"elementor-accordion-icon-opened\"><svg class=\"e-font-icon-svg e-fas-minus\" viewBox=\"0 0 448 512\" xmlns=\"http:\/\/www.w3.org\/2000\/svg\"><path d=\"M416 208H32c-17.67 0-32 14.33-32 32v32c0 17.67 14.33 32 32 32h384c17.67 0 32-14.33 32-32v-32c0-17.67-14.33-32-32-32z\"><\/path><\/svg><\/span>\n\t\t\t\t\t\t\t\t\t\t\t\t\t\t<\/span>\n\t\t\t\t\t\t\t\t\t\t\t\t<a class=\"elementor-accordion-title\" tabindex=\"0\">Which regions on Mallorca are particularly popular?<\/a>\n\t\t\t\t\t<\/div>\n\t\t\t\t\t<div id=\"elementor-tab-content-1881\" class=\"elementor-tab-content elementor-clearfix\" data-tab=\"1\" role=\"region\" aria-labelledby=\"elementor-tab-title-1881\"><p>The most popular locations include Palma, Santa Ponsa, Port d&#8217;Andratx, S\u00f3ller, Alc\u00fadia and the southeast around Felanitx, Portocolom and Santany\u00ed &#8211; where Lucas Froese Real Estate offers exclusive properties<\/p><\/div>\n\t\t\t\t<\/div>\n\t\t\t\t\t\t\t<div class=\"elementor-accordion-item\">\n\t\t\t\t\t<div id=\"elementor-tab-title-1882\" class=\"elementor-tab-title\" data-tab=\"2\" role=\"button\" aria-controls=\"elementor-tab-content-1882\" aria-expanded=\"false\">\n\t\t\t\t\t\t\t\t\t\t\t\t\t<span class=\"elementor-accordion-icon elementor-accordion-icon-left\" aria-hidden=\"true\">\n\t\t\t\t\t\t\t\t\t\t\t\t\t\t\t<span class=\"elementor-accordion-icon-closed\"><svg class=\"e-font-icon-svg e-fas-plus\" viewBox=\"0 0 448 512\" xmlns=\"http:\/\/www.w3.org\/2000\/svg\"><path d=\"M416 208H272V64c0-17.67-14.33-32-32-32h-32c-17.67 0-32 14.33-32 32v144H32c-17.67 0-32 14.33-32 32v32c0 17.67 14.33 32 32 32h144v144c0 17.67 14.33 32 32 32h32c17.67 0 32-14.33 32-32V304h144c17.67 0 32-14.33 32-32v-32c0-17.67-14.33-32-32-32z\"><\/path><\/svg><\/span>\n\t\t\t\t\t\t\t\t<span class=\"elementor-accordion-icon-opened\"><svg class=\"e-font-icon-svg e-fas-minus\" viewBox=\"0 0 448 512\" xmlns=\"http:\/\/www.w3.org\/2000\/svg\"><path d=\"M416 208H32c-17.67 0-32 14.33-32 32v32c0 17.67 14.33 32 32 32h384c17.67 0 32-14.33 32-32v-32c0-17.67-14.33-32-32-32z\"><\/path><\/svg><\/span>\n\t\t\t\t\t\t\t\t\t\t\t\t\t\t<\/span>\n\t\t\t\t\t\t\t\t\t\t\t\t<a class=\"elementor-accordion-title\" tabindex=\"0\">Can I buy a property in Mallorca as a foreigner?<\/a>\n\t\t\t\t\t<\/div>\n\t\t\t\t\t<div id=\"elementor-tab-content-1882\" class=\"elementor-tab-content elementor-clearfix\" data-tab=\"2\" role=\"region\" aria-labelledby=\"elementor-tab-title-1882\"><p>Yes, as an EU citizen or non-EU citizen you can buy a property in Mallorca without any problems. All you need is a Spanish tax number (NIE) and you should consult a local lawyer or real estate advisor.<\/p><\/div>\n\t\t\t\t<\/div>\n\t\t\t\t\t\t\t<div class=\"elementor-accordion-item\">\n\t\t\t\t\t<div id=\"elementor-tab-title-1883\" class=\"elementor-tab-title\" data-tab=\"3\" role=\"button\" aria-controls=\"elementor-tab-content-1883\" aria-expanded=\"false\">\n\t\t\t\t\t\t\t\t\t\t\t\t\t<span class=\"elementor-accordion-icon elementor-accordion-icon-left\" aria-hidden=\"true\">\n\t\t\t\t\t\t\t\t\t\t\t\t\t\t\t<span class=\"elementor-accordion-icon-closed\"><svg class=\"e-font-icon-svg e-fas-plus\" viewBox=\"0 0 448 512\" xmlns=\"http:\/\/www.w3.org\/2000\/svg\"><path d=\"M416 208H272V64c0-17.67-14.33-32-32-32h-32c-17.67 0-32 14.33-32 32v144H32c-17.67 0-32 14.33-32 32v32c0 17.67 14.33 32 32 32h144v144c0 17.67 14.33 32 32 32h32c17.67 0 32-14.33 32-32V304h144c17.67 0 32-14.33 32-32v-32c0-17.67-14.33-32-32-32z\"><\/path><\/svg><\/span>\n\t\t\t\t\t\t\t\t<span class=\"elementor-accordion-icon-opened\"><svg class=\"e-font-icon-svg e-fas-minus\" viewBox=\"0 0 448 512\" xmlns=\"http:\/\/www.w3.org\/2000\/svg\"><path d=\"M416 208H32c-17.67 0-32 14.33-32 32v32c0 17.67 14.33 32 32 32h384c17.67 0 32-14.33 32-32v-32c0-17.67-14.33-32-32-32z\"><\/path><\/svg><\/span>\n\t\t\t\t\t\t\t\t\t\t\t\t\t\t<\/span>\n\t\t\t\t\t\t\t\t\t\t\t\t<a class=\"elementor-accordion-title\" tabindex=\"0\">What additional costs are incurred when buying a property in Mallorca?<\/a>\n\t\t\t\t\t<\/div>\n\t\t\t\t\t<div id=\"elementor-tab-content-1883\" class=\"elementor-tab-content elementor-clearfix\" data-tab=\"3\" role=\"region\" aria-labelledby=\"elementor-tab-title-1883\"><p>In addition to the purchase price, you should expect additional costs of around 10-13% &#8211; including land transfer tax, notary and legal fees as well as fees for entry in the land register.<\/p><\/div>\n\t\t\t\t<\/div>\n\t\t\t\t\t\t\t<div class=\"elementor-accordion-item\">\n\t\t\t\t\t<div id=\"elementor-tab-title-1884\" class=\"elementor-tab-title\" data-tab=\"4\" role=\"button\" aria-controls=\"elementor-tab-content-1884\" aria-expanded=\"false\">\n\t\t\t\t\t\t\t\t\t\t\t\t\t<span class=\"elementor-accordion-icon elementor-accordion-icon-left\" aria-hidden=\"true\">\n\t\t\t\t\t\t\t\t\t\t\t\t\t\t\t<span class=\"elementor-accordion-icon-closed\"><svg class=\"e-font-icon-svg e-fas-plus\" viewBox=\"0 0 448 512\" xmlns=\"http:\/\/www.w3.org\/2000\/svg\"><path d=\"M416 208H272V64c0-17.67-14.33-32-32-32h-32c-17.67 0-32 14.33-32 32v144H32c-17.67 0-32 14.33-32 32v32c0 17.67 14.33 32 32 32h144v144c0 17.67 14.33 32 32 32h32c17.67 0 32-14.33 32-32V304h144c17.67 0 32-14.33 32-32v-32c0-17.67-14.33-32-32-32z\"><\/path><\/svg><\/span>\n\t\t\t\t\t\t\t\t<span class=\"elementor-accordion-icon-opened\"><svg class=\"e-font-icon-svg e-fas-minus\" viewBox=\"0 0 448 512\" xmlns=\"http:\/\/www.w3.org\/2000\/svg\"><path d=\"M416 208H32c-17.67 0-32 14.33-32 32v32c0 17.67 14.33 32 32 32h384c17.67 0 32-14.33 32-32v-32c0-17.67-14.33-32-32-32z\"><\/path><\/svg><\/span>\n\t\t\t\t\t\t\t\t\t\t\t\t\t\t<\/span>\n\t\t\t\t\t\t\t\t\t\t\t\t<a class=\"elementor-accordion-title\" tabindex=\"0\">Are there differences between a new build and an existing property?<\/a>\n\t\t\t\t\t<\/div>\n\t\t\t\t\t<div id=\"elementor-tab-content-1884\" class=\"elementor-tab-content elementor-clearfix\" data-tab=\"4\" role=\"region\" aria-labelledby=\"elementor-tab-title-1884\"><p>Yes, you generally pay 10% value added tax (IVA) and 1.5% stamp duty (AJD) on new builds. For existing properties, land transfer tax (ITP) is payable, which is between 8% and 11% &#8211; depending on the purchase price.<\/p><\/div>\n\t\t\t\t<\/div>\n\t\t\t\t\t\t\t<div class=\"elementor-accordion-item\">\n\t\t\t\t\t<div id=\"elementor-tab-title-1885\" class=\"elementor-tab-title\" data-tab=\"5\" role=\"button\" aria-controls=\"elementor-tab-content-1885\" aria-expanded=\"false\">\n\t\t\t\t\t\t\t\t\t\t\t\t\t<span class=\"elementor-accordion-icon elementor-accordion-icon-left\" aria-hidden=\"true\">\n\t\t\t\t\t\t\t\t\t\t\t\t\t\t\t<span class=\"elementor-accordion-icon-closed\"><svg class=\"e-font-icon-svg e-fas-plus\" viewBox=\"0 0 448 512\" xmlns=\"http:\/\/www.w3.org\/2000\/svg\"><path d=\"M416 208H272V64c0-17.67-14.33-32-32-32h-32c-17.67 0-32 14.33-32 32v144H32c-17.67 0-32 14.33-32 32v32c0 17.67 14.33 32 32 32h144v144c0 17.67 14.33 32 32 32h32c17.67 0 32-14.33 32-32V304h144c17.67 0 32-14.33 32-32v-32c0-17.67-14.33-32-32-32z\"><\/path><\/svg><\/span>\n\t\t\t\t\t\t\t\t<span class=\"elementor-accordion-icon-opened\"><svg class=\"e-font-icon-svg e-fas-minus\" viewBox=\"0 0 448 512\" xmlns=\"http:\/\/www.w3.org\/2000\/svg\"><path d=\"M416 208H32c-17.67 0-32 14.33-32 32v32c0 17.67 14.33 32 32 32h384c17.67 0 32-14.33 32-32v-32c0-17.67-14.33-32-32-32z\"><\/path><\/svg><\/span>\n\t\t\t\t\t\t\t\t\t\t\t\t\t\t<\/span>\n\t\t\t\t\t\t\t\t\t\t\t\t<a class=\"elementor-accordion-title\" tabindex=\"0\">Can I rent out my property in Mallorca?<\/a>\n\t\t\t\t\t<\/div>\n\t\t\t\t\t<div id=\"elementor-tab-content-1885\" class=\"elementor-tab-content elementor-clearfix\" data-tab=\"5\" role=\"region\" aria-labelledby=\"elementor-tab-title-1885\"><p>Tourist rentals are only permitted with a valid rental license (ETV license). Long-term rentals are generally permitted. We will be happy to advise you on your options.<\/p><\/div>\n\t\t\t\t<\/div>\n\t\t\t\t\t\t\t<div class=\"elementor-accordion-item\">\n\t\t\t\t\t<div id=\"elementor-tab-title-1886\" class=\"elementor-tab-title\" data-tab=\"6\" role=\"button\" aria-controls=\"elementor-tab-content-1886\" aria-expanded=\"false\">\n\t\t\t\t\t\t\t\t\t\t\t\t\t<span class=\"elementor-accordion-icon elementor-accordion-icon-left\" aria-hidden=\"true\">\n\t\t\t\t\t\t\t\t\t\t\t\t\t\t\t<span class=\"elementor-accordion-icon-closed\"><svg class=\"e-font-icon-svg e-fas-plus\" viewBox=\"0 0 448 512\" xmlns=\"http:\/\/www.w3.org\/2000\/svg\"><path d=\"M416 208H272V64c0-17.67-14.33-32-32-32h-32c-17.67 0-32 14.33-32 32v144H32c-17.67 0-32 14.33-32 32v32c0 17.67 14.33 32 32 32h144v144c0 17.67 14.33 32 32 32h32c17.67 0 32-14.33 32-32V304h144c17.67 0 32-14.33 32-32v-32c0-17.67-14.33-32-32-32z\"><\/path><\/svg><\/span>\n\t\t\t\t\t\t\t\t<span class=\"elementor-accordion-icon-opened\"><svg class=\"e-font-icon-svg e-fas-minus\" viewBox=\"0 0 448 512\" xmlns=\"http:\/\/www.w3.org\/2000\/svg\"><path d=\"M416 208H32c-17.67 0-32 14.33-32 32v32c0 17.67 14.33 32 32 32h384c17.67 0 32-14.33 32-32v-32c0-17.67-14.33-32-32-32z\"><\/path><\/svg><\/span>\n\t\t\t\t\t\t\t\t\t\t\t\t\t\t<\/span>\n\t\t\t\t\t\t\t\t\t\t\t\t<a class=\"elementor-accordion-title\" tabindex=\"0\">What are the legal particularities of the purchase?<\/a>\n\t\t\t\t\t<\/div>\n\t\t\t\t\t<div id=\"elementor-tab-content-1886\" class=\"elementor-tab-content elementor-clearfix\" data-tab=\"6\" role=\"region\" aria-labelledby=\"elementor-tab-title-1886\"><p>A purchase contract in Spain usually consists of a reservation contract, a private preliminary contract (Contrato de Arras) and the notarized purchase contract (Escritura p\u00fablica). An experienced real estate agent and lawyer is indispensable here.<\/p><\/div>\n\t\t\t\t<\/div>\n\t\t\t\t\t\t\t<div class=\"elementor-accordion-item\">\n\t\t\t\t\t<div id=\"elementor-tab-title-1887\" class=\"elementor-tab-title\" data-tab=\"7\" role=\"button\" aria-controls=\"elementor-tab-content-1887\" aria-expanded=\"false\">\n\t\t\t\t\t\t\t\t\t\t\t\t\t<span class=\"elementor-accordion-icon elementor-accordion-icon-left\" aria-hidden=\"true\">\n\t\t\t\t\t\t\t\t\t\t\t\t\t\t\t<span class=\"elementor-accordion-icon-closed\"><svg class=\"e-font-icon-svg e-fas-plus\" viewBox=\"0 0 448 512\" xmlns=\"http:\/\/www.w3.org\/2000\/svg\"><path d=\"M416 208H272V64c0-17.67-14.33-32-32-32h-32c-17.67 0-32 14.33-32 32v144H32c-17.67 0-32 14.33-32 32v32c0 17.67 14.33 32 32 32h144v144c0 17.67 14.33 32 32 32h32c17.67 0 32-14.33 32-32V304h144c17.67 0 32-14.33 32-32v-32c0-17.67-14.33-32-32-32z\"><\/path><\/svg><\/span>\n\t\t\t\t\t\t\t\t<span class=\"elementor-accordion-icon-opened\"><svg class=\"e-font-icon-svg e-fas-minus\" viewBox=\"0 0 448 512\" xmlns=\"http:\/\/www.w3.org\/2000\/svg\"><path d=\"M416 208H32c-17.67 0-32 14.33-32 32v32c0 17.67 14.33 32 32 32h384c17.67 0 32-14.33 32-32v-32c0-17.67-14.33-32-32-32z\"><\/path><\/svg><\/span>\n\t\t\t\t\t\t\t\t\t\t\t\t\t\t<\/span>\n\t\t\t\t\t\t\t\t\t\t\t\t<a class=\"elementor-accordion-title\" tabindex=\"0\">Is there a financing option in Spain?<\/a>\n\t\t\t\t\t<\/div>\n\t\t\t\t\t<div id=\"elementor-tab-content-1887\" class=\"elementor-tab-content elementor-clearfix\" data-tab=\"7\" role=\"region\" aria-labelledby=\"elementor-tab-title-1887\"><p>Yes, both Spanish and international banks offer financing &#8211; usually with <strong data-start=\"2519\" data-end=\"2562\">loan-to-value ratios of up to 70% of the purchase price<\/strong> for non-residents, and 80% for residents. We are happy to put you in touch with trustworthy financial partners.<\/p><\/div>\n\t\t\t\t<\/div>\n\t\t\t\t\t\t\t<div class=\"elementor-accordion-item\">\n\t\t\t\t\t<div id=\"elementor-tab-title-1888\" class=\"elementor-tab-title\" data-tab=\"8\" role=\"button\" aria-controls=\"elementor-tab-content-1888\" aria-expanded=\"false\">\n\t\t\t\t\t\t\t\t\t\t\t\t\t<span class=\"elementor-accordion-icon elementor-accordion-icon-left\" aria-hidden=\"true\">\n\t\t\t\t\t\t\t\t\t\t\t\t\t\t\t<span class=\"elementor-accordion-icon-closed\"><svg class=\"e-font-icon-svg e-fas-plus\" viewBox=\"0 0 448 512\" xmlns=\"http:\/\/www.w3.org\/2000\/svg\"><path d=\"M416 208H272V64c0-17.67-14.33-32-32-32h-32c-17.67 0-32 14.33-32 32v144H32c-17.67 0-32 14.33-32 32v32c0 17.67 14.33 32 32 32h144v144c0 17.67 14.33 32 32 32h32c17.67 0 32-14.33 32-32V304h144c17.67 0 32-14.33 32-32v-32c0-17.67-14.33-32-32-32z\"><\/path><\/svg><\/span>\n\t\t\t\t\t\t\t\t<span class=\"elementor-accordion-icon-opened\"><svg class=\"e-font-icon-svg e-fas-minus\" viewBox=\"0 0 448 512\" xmlns=\"http:\/\/www.w3.org\/2000\/svg\"><path d=\"M416 208H32c-17.67 0-32 14.33-32 32v32c0 17.67 14.33 32 32 32h384c17.67 0 32-14.33 32-32v-32c0-17.67-14.33-32-32-32z\"><\/path><\/svg><\/span>\n\t\t\t\t\t\t\t\t\t\t\t\t\t\t<\/span>\n\t\t\t\t\t\t\t\t\t\t\t\t<a class=\"elementor-accordion-title\" tabindex=\"0\">How do I find a reputable real estate agency in Mallorca?<\/a>\n\t\t\t\t\t<\/div>\n\t\t\t\t\t<div id=\"elementor-tab-content-1888\" class=\"elementor-tab-content elementor-clearfix\" data-tab=\"8\" role=\"region\" aria-labelledby=\"elementor-tab-title-1888\"><p>Look for local market knowledge, experience, transparency and independent customer reviews. Lucas Froese Real Estate has stood for personal advice, exclusive properties and trust for years.<\/p><\/div>\n\t\t\t\t<\/div>\n\t\t\t\t\t\t\t<div class=\"elementor-accordion-item\">\n\t\t\t\t\t<div id=\"elementor-tab-title-1889\" class=\"elementor-tab-title\" data-tab=\"9\" role=\"button\" aria-controls=\"elementor-tab-content-1889\" aria-expanded=\"false\">\n\t\t\t\t\t\t\t\t\t\t\t\t\t<span class=\"elementor-accordion-icon elementor-accordion-icon-left\" aria-hidden=\"true\">\n\t\t\t\t\t\t\t\t\t\t\t\t\t\t\t<span class=\"elementor-accordion-icon-closed\"><svg class=\"e-font-icon-svg e-fas-plus\" viewBox=\"0 0 448 512\" xmlns=\"http:\/\/www.w3.org\/2000\/svg\"><path d=\"M416 208H272V64c0-17.67-14.33-32-32-32h-32c-17.67 0-32 14.33-32 32v144H32c-17.67 0-32 14.33-32 32v32c0 17.67 14.33 32 32 32h144v144c0 17.67 14.33 32 32 32h32c17.67 0 32-14.33 32-32V304h144c17.67 0 32-14.33 32-32v-32c0-17.67-14.33-32-32-32z\"><\/path><\/svg><\/span>\n\t\t\t\t\t\t\t\t<span class=\"elementor-accordion-icon-opened\"><svg class=\"e-font-icon-svg e-fas-minus\" viewBox=\"0 0 448 512\" xmlns=\"http:\/\/www.w3.org\/2000\/svg\"><path d=\"M416 208H32c-17.67 0-32 14.33-32 32v32c0 17.67 14.33 32 32 32h384c17.67 0 32-14.33 32-32v-32c0-17.67-14.33-32-32-32z\"><\/path><\/svg><\/span>\n\t\t\t\t\t\t\t\t\t\t\t\t\t\t<\/span>\n\t\t\t\t\t\t\t\t\t\t\t\t<a class=\"elementor-accordion-title\" tabindex=\"0\">Why is it worth buying real estate in Mallorca right now?<\/a>\n\t\t\t\t\t<\/div>\n\t\t\t\t\t<div id=\"elementor-tab-content-1889\" class=\"elementor-tab-content elementor-clearfix\" data-tab=\"9\" role=\"region\" aria-labelledby=\"elementor-tab-title-1889\"><p>Mallorca offers a unique combination of high quality of life, stable value development and a secure investment environment &#8211; especially in the luxury segment.<\/p><\/div>\n\t\t\t\t<\/div>\n\t\t\t\t\t\t\t\t<\/div>\n\t\t\t\t\t\t<\/div>\n\t\t\t\t<\/div>\n\t\t\t\t\t<\/div>\n\t\t<\/div>\n\t\t\t\t\t<\/div>\n\t\t<\/div>\n\t\t\t\t<section class=\"elementor-section elementor-top-section elementor-element elementor-element-49b8b26 elementor-section-full_width elementor-section-stretched elementor-section-height-default elementor-section-height-default\" data-id=\"49b8b26\" data-element_type=\"section\" data-e-type=\"section\" data-settings=\"{&quot;stretch_section&quot;:&quot;section-stretched&quot;,&quot;background_background&quot;:&quot;classic&quot;}\">\n\t\t\t\t\t\t<div class=\"elementor-container elementor-column-gap-default\">\n\t\t\t\t\t<div class=\"elementor-column elementor-col-100 elementor-top-column elementor-element elementor-element-1aff974\" data-id=\"1aff974\" data-element_type=\"column\" data-e-type=\"column\">\n\t\t\t<div class=\"elementor-widget-wrap elementor-element-populated\">\n\t\t\t\t\t\t<div class=\"elementor-element elementor-element-7abe308 elementor-widget elementor-widget-heading\" data-id=\"7abe308\" data-element_type=\"widget\" data-e-type=\"widget\" data-widget_type=\"heading.default\">\n\t\t\t\t<div class=\"elementor-widget-container\">\n\t\t\t\t\t<h2 class=\"elementor-heading-title elementor-size-default\">More information<\/h2>\t\t\t\t<\/div>\n\t\t\t\t<\/div>\n\t\t\t\t\t<\/div>\n\t\t<\/div>\n\t\t\t\t\t<\/div>\n\t\t<\/section>\n\t\t\t\t<section class=\"elementor-section elementor-top-section elementor-element elementor-element-d019e44 elementor-section-full_width elementor-section-stretched elementor-section-height-default elementor-section-height-default\" data-id=\"d019e44\" data-element_type=\"section\" data-e-type=\"section\" data-settings=\"{&quot;stretch_section&quot;:&quot;section-stretched&quot;,&quot;background_background&quot;:&quot;classic&quot;}\">\n\t\t\t\t\t\t<div class=\"elementor-container elementor-column-gap-default\">\n\t\t\t\t\t<div class=\"elementor-column elementor-col-33 elementor-top-column elementor-element elementor-element-f06f5b2\" data-id=\"f06f5b2\" data-element_type=\"column\" data-e-type=\"column\">\n\t\t\t<div class=\"elementor-widget-wrap elementor-element-populated\">\n\t\t\t\t\t\t<div class=\"elementor-element elementor-element-4a598fc elementor-cta--skin-classic elementor-animated-content elementor-bg-transform elementor-bg-transform-zoom-in elementor-widget elementor-widget-call-to-action\" data-id=\"4a598fc\" data-element_type=\"widget\" data-e-type=\"widget\" data-widget_type=\"call-to-action.default\">\n\t\t\t\t<div class=\"elementor-widget-container\">\n\t\t\t\t\t\t\t<div class=\"elementor-cta\">\n\t\t\t\t\t<div class=\"elementor-cta__bg-wrapper\">\n\t\t\t\t<div class=\"elementor-cta__bg elementor-bg\" style=\"background-image: url(https:\/\/www.lucasfroeserealestate.com\/wp-content\/uploads\/2025\/11\/Sin-titulo-450-x-300-px-2-1.jpg);\" role=\"img\" aria-label=\"Real estate Mallorca with Lucas Froese in Felanitx\"><\/div>\n\t\t\t\t<div class=\"elementor-cta__bg-overlay\"><\/div>\n\t\t\t<\/div>\n\t\t\t\t\t\t\t<div class=\"elementor-cta__content\">\n\t\t\t\t\n\t\t\t\t\t\t\t\t\t<h4 class=\"elementor-cta__title elementor-cta__content-item elementor-content-item\">\n\t\t\t\t\t\tExclusive valuation for your property\t\t\t\t\t<\/h4>\n\t\t\t\t\n\t\t\t\t\t\t\t\t\t<div class=\"elementor-cta__description elementor-cta__content-item elementor-content-item\">\n\t\t\t\t\t\tReceive a precise and free market value analysis for your Mallorca property.\t\t\t\t\t<\/div>\n\t\t\t\t\n\t\t\t\t\t\t\t\t\t<div class=\"elementor-cta__button-wrapper elementor-cta__content-item elementor-content-item \">\n\t\t\t\t\t<a class=\"elementor-cta__button elementor-button elementor-size-\" href=\"https:\/\/www.lucasfroeserealestate.com\/express-preisschaetzung\/\">\n\t\t\t\t\t\tRequest value analysis\t\t\t\t\t<\/a>\n\t\t\t\t\t<\/div>\n\t\t\t\t\t\t\t<\/div>\n\t\t\t\t\t\t\t<div class=\"elementor-ribbon\">\n\t\t\t\t<div class=\"elementor-ribbon-inner\">\n\t\t\t\t\tFree of charge\t\t\t\t<\/div>\n\t\t\t<\/div>\n\t\t\t\t<\/div>\n\t\t\t\t\t\t<\/div>\n\t\t\t\t<\/div>\n\t\t\t\t\t<\/div>\n\t\t<\/div>\n\t\t\t\t<div class=\"elementor-column elementor-col-33 elementor-top-column elementor-element elementor-element-61ae173\" data-id=\"61ae173\" data-element_type=\"column\" data-e-type=\"column\">\n\t\t\t<div class=\"elementor-widget-wrap elementor-element-populated\">\n\t\t\t\t\t\t<div class=\"elementor-element elementor-element-85b9f30 elementor-cta--skin-classic elementor-animated-content elementor-bg-transform elementor-bg-transform-zoom-in elementor-widget elementor-widget-call-to-action\" data-id=\"85b9f30\" data-element_type=\"widget\" data-e-type=\"widget\" data-widget_type=\"call-to-action.default\">\n\t\t\t\t<div class=\"elementor-widget-container\">\n\t\t\t\t\t\t\t<div class=\"elementor-cta\">\n\t\t\t\t\t<div class=\"elementor-cta__bg-wrapper\">\n\t\t\t\t<div class=\"elementor-cta__bg elementor-bg\" style=\"background-image: url(https:\/\/www.lucasfroeserealestate.com\/wp-content\/uploads\/2025\/11\/Sin-titulo-450-x-300-px-3.jpg);\" role=\"img\" aria-label=\"Real estate Mallorca with Lucas Froese in Felanitx\"><\/div>\n\t\t\t\t<div class=\"elementor-cta__bg-overlay\"><\/div>\n\t\t\t<\/div>\n\t\t\t\t\t\t\t<div class=\"elementor-cta__content\">\n\t\t\t\t\n\t\t\t\t\t\t\t\t\t<h3 class=\"elementor-cta__title elementor-cta__content-item elementor-content-item\">\n\t\t\t\t\t\tThe Mallorca book!\t\t\t\t\t<\/h3>\n\t\t\t\t\n\t\t\t\t\t\t\t\t\t<div class=\"elementor-cta__description elementor-cta__content-item elementor-content-item\">\n\t\t\t\t\t\tThe book about integration and really living on Mallorca, with insider tips.\t\t\t\t\t<\/div>\n\t\t\t\t\n\t\t\t\t\t\t\t\t\t<div class=\"elementor-cta__button-wrapper elementor-cta__content-item elementor-content-item \">\n\t\t\t\t\t<a class=\"elementor-cta__button elementor-button elementor-size-\" href=\"https:\/\/die-mallorca-luege.com\/\" target=\"_blank\" rel=\"nofollow noopener\">\n\t\t\t\t\t\tOrder now\t\t\t\t\t<\/a>\n\t\t\t\t\t<\/div>\n\t\t\t\t\t\t\t<\/div>\n\t\t\t\t\t\t<\/div>\n\t\t\t\t\t\t<\/div>\n\t\t\t\t<\/div>\n\t\t\t\t\t<\/div>\n\t\t<\/div>\n\t\t\t\t<div class=\"elementor-column elementor-col-33 elementor-top-column elementor-element elementor-element-298e409\" data-id=\"298e409\" data-element_type=\"column\" data-e-type=\"column\">\n\t\t\t<div class=\"elementor-widget-wrap elementor-element-populated\">\n\t\t\t\t\t\t<div class=\"elementor-element elementor-element-ab77341 elementor-cta--skin-classic elementor-animated-content elementor-bg-transform elementor-bg-transform-zoom-in elementor-widget elementor-widget-call-to-action\" data-id=\"ab77341\" data-element_type=\"widget\" data-e-type=\"widget\" data-widget_type=\"call-to-action.default\">\n\t\t\t\t<div class=\"elementor-widget-container\">\n\t\t\t\t\t\t\t<div class=\"elementor-cta\">\n\t\t\t\t\t<div class=\"elementor-cta__bg-wrapper\">\n\t\t\t\t<div class=\"elementor-cta__bg elementor-bg\" style=\"background-image: url(https:\/\/www.lucasfroeserealestate.com\/wp-content\/uploads\/2025\/11\/Sin-titulo-450-x-300-px-1-1.jpg);\" role=\"img\" aria-label=\"Real estate Mallorca with Lucas Froese in Felanitx\"><\/div>\n\t\t\t\t<div class=\"elementor-cta__bg-overlay\"><\/div>\n\t\t\t<\/div>\n\t\t\t\t\t\t\t<div class=\"elementor-cta__content\">\n\t\t\t\t\n\t\t\t\t\t\t\t\t\t<h4 class=\"elementor-cta__title elementor-cta__content-item elementor-content-item\">\n\t\t\t\t\t\tLucas Froese on YouTube\t\t\t\t\t<\/h4>\n\t\t\t\t\n\t\t\t\t\t\t\t\t\t<div class=\"elementor-cta__description elementor-cta__content-item elementor-content-item\">\n\t\t\t\t\t\tReal estate tours, insights and exclusive interviews, experience Mallorca up close with us.\t\t\t\t\t<\/div>\n\t\t\t\t\n\t\t\t\t\t\t\t\t\t<div class=\"elementor-cta__button-wrapper elementor-cta__content-item elementor-content-item \">\n\t\t\t\t\t<a class=\"elementor-cta__button elementor-button elementor-size-\" href=\"https:\/\/www.youtube.com\/@lucasfroeserealestate8915\" target=\"_blank\" rel=\"nofollow noopener\">\n\t\t\t\t\t\tSubscribe now\t\t\t\t\t<\/a>\n\t\t\t\t\t<\/div>\n\t\t\t\t\t\t\t<\/div>\n\t\t\t\t\t\t\t<div class=\"elementor-ribbon\">\n\t\t\t\t<div class=\"elementor-ribbon-inner\">\n\t\t\t\t\tSubscribe\t\t\t\t<\/div>\n\t\t\t<\/div>\n\t\t\t\t<\/div>\n\t\t\t\t\t\t<\/div>\n\t\t\t\t<\/div>\n\t\t\t\t\t<\/div>\n\t\t<\/div>\n\t\t\t\t\t<\/div>\n\t\t<\/section>\n\t\t\t\t<section class=\"elementor-section elementor-top-section elementor-element elementor-element-42db4d00 elementor-section-content-middle elementor-section-boxed elementor-section-height-default elementor-section-height-default\" data-id=\"42db4d00\" data-element_type=\"section\" data-e-type=\"section\">\n\t\t\t\t\t\t<div class=\"elementor-container elementor-column-gap-no\">\n\t\t\t\t\t<div class=\"elementor-column elementor-col-50 elementor-top-column elementor-element elementor-element-6ca15a4a\" data-id=\"6ca15a4a\" data-element_type=\"column\" data-e-type=\"column\">\n\t\t\t<div class=\"elementor-widget-wrap elementor-element-populated\">\n\t\t\t\t\t\t<div class=\"elementor-element elementor-element-2b65d1c4 elementor-widget elementor-widget-heading\" data-id=\"2b65d1c4\" data-element_type=\"widget\" data-e-type=\"widget\" data-widget_type=\"heading.default\">\n\t\t\t\t<div class=\"elementor-widget-container\">\n\t\t\t\t\t<h3 class=\"elementor-heading-title elementor-size-default\">Start now!<\/h3>\t\t\t\t<\/div>\n\t\t\t\t<\/div>\n\t\t\t\t<div class=\"elementor-element elementor-element-14c7c063 elementor-widget elementor-widget-text-editor\" data-id=\"14c7c063\" data-element_type=\"widget\" data-e-type=\"widget\" data-widget_type=\"text-editor.default\">\n\t\t\t\t<div class=\"elementor-widget-container\">\n\t\t\t\t\t\t\t\t\t<p>Ask us your questions here &#8211; whether it&#8217;s about selling, valuing or buying the right property. Non-binding &amp; discreet. <\/p>\t\t\t\t\t\t\t\t<\/div>\n\t\t\t\t<\/div>\n\t\t\t\t<div class=\"elementor-element elementor-element-1b53f67 elementor-button-align-stretch elementor-widget elementor-widget-form\" data-id=\"1b53f67\" data-element_type=\"widget\" data-e-type=\"widget\" data-settings=\"{&quot;step_next_label&quot;:&quot;N\\u00e4chster&quot;,&quot;step_previous_label&quot;:&quot;Voriger&quot;,&quot;button_width&quot;:&quot;100&quot;,&quot;step_type&quot;:&quot;number_text&quot;,&quot;step_icon_shape&quot;:&quot;circle&quot;}\" data-widget_type=\"form.default\">\n\t\t\t\t<div class=\"elementor-widget-container\">\n\t\t\t\t\t\t\t<form class=\"elementor-form\" method=\"post\" name=\"New Form\" aria-label=\"New Form\">\n\t\t\t<input type=\"hidden\" name=\"post_id\" value=\"55825\"\/>\n\t\t\t<input type=\"hidden\" name=\"form_id\" value=\"1b53f67\"\/>\n\t\t\t<input type=\"hidden\" name=\"referer_title\" value=\"\u27a4 Luxury real estate Mallorca &amp; investments | Lucas Froese Real Estate\" \/>\n\n\t\t\t\t\t\t\t<input type=\"hidden\" name=\"queried_id\" value=\"55825\"\/>\n\t\t\t\n\t\t\t<div class=\"elementor-form-fields-wrapper elementor-labels-\">\n\t\t\t\t\t\t\t\t<div class=\"elementor-field-type-text elementor-field-group elementor-column elementor-field-group-name elementor-col-50\">\n\t\t\t\t\t\t\t\t\t\t\t\t<label for=\"form-field-name\" class=\"elementor-field-label elementor-screen-only\">\n\t\t\t\t\t\t\t\tName\t\t\t\t\t\t\t<\/label>\n\t\t\t\t\t\t\t\t\t\t\t\t\t\t<input size=\"1\" type=\"text\" name=\"form_fields[name]\" id=\"form-field-name\" class=\"elementor-field elementor-size-sm  elementor-field-textual\" placeholder=\"Vorname\">\n\t\t\t\t\t\t\t\t\t\t\t<\/div>\n\t\t\t\t\t\t\t\t<div class=\"elementor-field-type-text elementor-field-group elementor-column elementor-field-group-field_912a5d1 elementor-col-50\">\n\t\t\t\t\t\t\t\t\t\t\t\t<label for=\"form-field-field_912a5d1\" class=\"elementor-field-label elementor-screen-only\">\n\t\t\t\t\t\t\t\tNachname\t\t\t\t\t\t\t<\/label>\n\t\t\t\t\t\t\t\t\t\t\t\t\t\t<input size=\"1\" type=\"text\" name=\"form_fields[field_912a5d1]\" id=\"form-field-field_912a5d1\" class=\"elementor-field elementor-size-sm  elementor-field-textual\" placeholder=\"Nachname\">\n\t\t\t\t\t\t\t\t\t\t\t<\/div>\n\t\t\t\t\t\t\t\t<div class=\"elementor-field-type-email elementor-field-group elementor-column elementor-field-group-email elementor-col-50 elementor-field-required\">\n\t\t\t\t\t\t\t\t\t\t\t\t<label for=\"form-field-email\" class=\"elementor-field-label elementor-screen-only\">\n\t\t\t\t\t\t\t\tEmail\t\t\t\t\t\t\t<\/label>\n\t\t\t\t\t\t\t\t\t\t\t\t\t\t<input size=\"1\" type=\"email\" name=\"form_fields[email]\" id=\"form-field-email\" class=\"elementor-field elementor-size-sm  elementor-field-textual\" placeholder=\"E-Mail Adresse\" required=\"required\">\n\t\t\t\t\t\t\t\t\t\t\t<\/div>\n\t\t\t\t\t\t\t\t<div class=\"elementor-field-type-text elementor-field-group elementor-column elementor-field-group-field_9b6d4d5 elementor-col-50\">\n\t\t\t\t\t\t\t\t\t\t\t\t<label for=\"form-field-field_9b6d4d5\" class=\"elementor-field-label elementor-screen-only\">\n\t\t\t\t\t\t\t\tTelefonnummer\t\t\t\t\t\t\t<\/label>\n\t\t\t\t\t\t\t\t\t\t\t\t\t\t<input size=\"1\" type=\"text\" name=\"form_fields[field_9b6d4d5]\" id=\"form-field-field_9b6d4d5\" class=\"elementor-field elementor-size-sm  elementor-field-textual\" placeholder=\"Telefonnummer\">\n\t\t\t\t\t\t\t\t\t\t\t<\/div>\n\t\t\t\t\t\t\t\t<div class=\"elementor-field-type-select elementor-field-group elementor-column elementor-field-group-field_2c7808b elementor-col-100\">\n\t\t\t\t\t\t\t\t\t\t\t\t<label for=\"form-field-field_2c7808b\" class=\"elementor-field-label elementor-screen-only\">\n\t\t\t\t\t\t\t\tIch interessiere mich f\u00fcr...\t\t\t\t\t\t\t<\/label>\n\t\t\t\t\t\t\t\t<div class=\"elementor-field elementor-select-wrapper remove-before \">\n\t\t\t<div class=\"select-caret-down-wrapper\">\n\t\t\t\t<svg aria-hidden=\"true\" class=\"e-font-icon-svg e-eicon-caret-down\" viewBox=\"0 0 571.4 571.4\" xmlns=\"http:\/\/www.w3.org\/2000\/svg\"><path d=\"M571 393Q571 407 561 418L311 668Q300 679 286 679T261 668L11 418Q0 407 0 393T11 368 36 357H536Q550 357 561 368T571 393Z\"><\/path><\/svg>\t\t\t<\/div>\n\t\t\t<select name=\"form_fields[field_2c7808b]\" id=\"form-field-field_2c7808b\" class=\"elementor-field-textual elementor-size-sm\">\n\t\t\t\t\t\t\t\t\t<option value=\"Kaufen\">Kaufen<\/option>\n\t\t\t\t\t\t\t\t\t<option value=\"Verkaufen\">Verkaufen<\/option>\n\t\t\t\t\t\t\t\t\t<option value=\"Ich interessiere mich f\u00fcr Sonstiges...\">Ich interessiere mich f\u00fcr Sonstiges...<\/option>\n\t\t\t\t\t\t\t<\/select>\n\t\t<\/div>\n\t\t\t\t\t\t<\/div>\n\t\t\t\t\t\t\t\t<div class=\"elementor-field-type-select elementor-field-group elementor-column elementor-field-group-field_5a5adba elementor-col-66\">\n\t\t\t\t\t\t\t\t\t\t\t\t<label for=\"form-field-field_5a5adba\" class=\"elementor-field-label elementor-screen-only\">\n\t\t\t\t\t\t\t\tBevorzugter Kontakt\t\t\t\t\t\t\t<\/label>\n\t\t\t\t\t\t\t\t<div class=\"elementor-field elementor-select-wrapper remove-before \">\n\t\t\t<div class=\"select-caret-down-wrapper\">\n\t\t\t\t<svg aria-hidden=\"true\" class=\"e-font-icon-svg e-eicon-caret-down\" viewBox=\"0 0 571.4 571.4\" xmlns=\"http:\/\/www.w3.org\/2000\/svg\"><path d=\"M571 393Q571 407 561 418L311 668Q300 679 286 679T261 668L11 418Q0 407 0 393T11 368 36 357H536Q550 357 561 368T571 393Z\"><\/path><\/svg>\t\t\t<\/div>\n\t\t\t<select name=\"form_fields[field_5a5adba]\" id=\"form-field-field_5a5adba\" class=\"elementor-field-textual elementor-size-sm\">\n\t\t\t\t\t\t\t\t\t<option value=\"Bevorzugter Kontakt per Whatsapp\">Bevorzugter Kontakt per Whatsapp<\/option>\n\t\t\t\t\t\t\t\t\t<option value=\"Bevorzugter Kontakt per Telefonat\">Bevorzugter Kontakt per Telefonat<\/option>\n\t\t\t\t\t\t\t\t\t<option value=\"Bevorzugter Kontakt per E-Mail\">Bevorzugter Kontakt per E-Mail<\/option>\n\t\t\t\t\t\t\t<\/select>\n\t\t<\/div>\n\t\t\t\t\t\t<\/div>\n\t\t\t\t\t\t\t\t<div class=\"elementor-field-type-select elementor-field-group elementor-column elementor-field-group-field_65c09c1 elementor-col-33\">\n\t\t\t\t\t\t\t\t\t\t\t\t<label for=\"form-field-field_65c09c1\" class=\"elementor-field-label elementor-screen-only\">\n\t\t\t\t\t\t\t\tWoher kennen Sie uns?\t\t\t\t\t\t\t<\/label>\n\t\t\t\t\t\t\t\t<div class=\"elementor-field elementor-select-wrapper remove-before \">\n\t\t\t<div class=\"select-caret-down-wrapper\">\n\t\t\t\t<svg aria-hidden=\"true\" class=\"e-font-icon-svg e-eicon-caret-down\" viewBox=\"0 0 571.4 571.4\" xmlns=\"http:\/\/www.w3.org\/2000\/svg\"><path d=\"M571 393Q571 407 561 418L311 668Q300 679 286 679T261 668L11 418Q0 407 0 393T11 368 36 357H536Q550 357 561 368T571 393Z\"><\/path><\/svg>\t\t\t<\/div>\n\t\t\t<select name=\"form_fields[field_65c09c1]\" id=\"form-field-field_65c09c1\" class=\"elementor-field-textual elementor-size-sm\">\n\t\t\t\t\t\t\t\t\t<option value=\"Kennengelernt \u00fcber Empfehlung\">Kennengelernt \u00fcber Empfehlung<\/option>\n\t\t\t\t\t\t\t\t\t<option value=\"Kennengelernt \u00fcber Google Suche\">Kennengelernt \u00fcber Google Suche<\/option>\n\t\t\t\t\t\t\t\t\t<option value=\"Kennengelernt \u00fcber Werbung auf Webseite\">Kennengelernt \u00fcber Werbung auf Webseite<\/option>\n\t\t\t\t\t\t\t\t\t<option value=\"Kennengelernt \u00fcber Immobilienschild\">Kennengelernt \u00fcber Immobilienschild<\/option>\n\t\t\t\t\t\t\t\t\t<option value=\"Kennengelernt \u00fcber Visitenkarten\">Kennengelernt \u00fcber Visitenkarten<\/option>\n\t\t\t\t\t\t\t\t\t<option value=\"Kennengelernt \u00fcber Postkarten\">Kennengelernt \u00fcber Postkarten<\/option>\n\t\t\t\t\t\t\t\t\t<option value=\"Kennengelernt \u00fcber Online Blog Artikel\">Kennengelernt \u00fcber Online Blog Artikel<\/option>\n\t\t\t\t\t\t\t\t\t<option value=\"Kennengelernt \u00fcber YouTube Werbung\">Kennengelernt \u00fcber YouTube Werbung<\/option>\n\t\t\t\t\t\t\t\t\t<option value=\"Kennengelernt \u00fcber YouTube Kanal\">Kennengelernt \u00fcber YouTube Kanal<\/option>\n\t\t\t\t\t\t\t\t\t<option value=\"Kennengelernt \u00fcber Instagram\">Kennengelernt \u00fcber Instagram<\/option>\n\t\t\t\t\t\t\t\t\t<option value=\"Kennengelernt \u00fcber Facebook\">Kennengelernt \u00fcber Facebook<\/option>\n\t\t\t\t\t\t\t\t\t<option value=\"Kennengelernt \u00fcber LF Magazine\">Kennengelernt \u00fcber LF Magazine<\/option>\n\t\t\t\t\t\t\t\t\t<option value=\"Kennengelernt \u00fcber B\u00fcro Felanitx\">Kennengelernt \u00fcber B\u00fcro Felanitx<\/option>\n\t\t\t\t\t\t\t\t\t<option value=\"Kennengelernt \u00fcber B\u00fcro Portocristo\">Kennengelernt \u00fcber B\u00fcro Portocristo<\/option>\n\t\t\t\t\t\t\t\t\t<option value=\"Kennengelernt \u00fcber andere Wege...\">Kennengelernt \u00fcber andere Wege...<\/option>\n\t\t\t\t\t\t\t<\/select>\n\t\t<\/div>\n\t\t\t\t\t\t<\/div>\n\t\t\t\t\t\t\t\t<div class=\"elementor-field-type-textarea elementor-field-group elementor-column elementor-field-group-message elementor-col-100\">\n\t\t\t\t\t\t\t\t\t\t\t\t<label for=\"form-field-message\" class=\"elementor-field-label elementor-screen-only\">\n\t\t\t\t\t\t\t\tNachricht\t\t\t\t\t\t\t<\/label>\n\t\t\t\t\t\t<textarea class=\"elementor-field-textual elementor-field  elementor-size-sm\" name=\"form_fields[message]\" id=\"form-field-message\" rows=\"4\" placeholder=\"Schreiben Sie hier Ihre Nachricht...\"><\/textarea>\t\t\t\t<\/div>\n\t\t\t\t\t\t\t\t<div class=\"elementor-field-type-acceptance elementor-field-group elementor-column elementor-field-group-field_b6a137b elementor-col-100\">\n\t\t\t\t\t\t\t\t\t\t\t\t<label for=\"form-field-field_b6a137b\" class=\"elementor-field-label elementor-screen-only\">\n\t\t\t\t\t\t\t\tNewsletter abonnieren\t\t\t\t\t\t\t<\/label>\n\t\t\t\t\t\t\t\t<div class=\"elementor-field-subgroup\">\n\t\t\t<span class=\"elementor-field-option\">\n\t\t\t\t<input type=\"checkbox\" name=\"form_fields[field_b6a137b]\" id=\"form-field-field_b6a137b\" class=\"elementor-field elementor-size-sm  elementor-acceptance-field\">\n\t\t\t\t<label for=\"form-field-field_b6a137b\">Hiermit best\u00e4tige ich, dass meine Daten f\u00fcr das Empfangen von Angeboten und Empfehlungen und Neuigkeiten genutzt werden d\u00fcrfen.<\/label>\t\t\t<\/span>\n\t\t<\/div>\n\t\t\t\t\t\t<\/div>\n\t\t\t\t\t\t\t\t<div class=\"elementor-field-type-recaptcha_v3 elementor-field-group elementor-column elementor-field-group-field_1002a45 elementor-col-100 recaptcha_v3-bottomright\">\n\t\t\t\t\t<div class=\"elementor-field\" id=\"form-field-field_1002a45\"><div class=\"elementor-g-recaptcha\" data-sitekey=\"6LcFDworAAAAANUWVQq4y3swgP6tHXnFXIArnWIp\" data-type=\"v3\" data-action=\"Form\" data-badge=\"bottomright\" data-size=\"invisible\"><\/div><\/div>\t\t\t\t<\/div>\n\t\t\t\t\t\t\t\t<div class=\"elementor-field-group elementor-column elementor-field-type-submit elementor-col-100 e-form__buttons\">\n\t\t\t\t\t<button class=\"elementor-button elementor-size-md elementor-animation-grow\" type=\"submit\">\n\t\t\t\t\t\t<span class=\"elementor-button-content-wrapper\">\n\t\t\t\t\t\t\t\t\t\t\t\t\t\t\t\t\t\t\t\t\t\t<span class=\"elementor-button-text\">Nachricht senden<\/span>\n\t\t\t\t\t\t\t\t\t\t\t\t\t<\/span>\n\t\t\t\t\t<\/button>\n\t\t\t\t<\/div>\n\t\t\t<\/div>\n\t\t<\/form>\n\t\t\t\t\t\t<\/div>\n\t\t\t\t<\/div>\n\t\t\t\t\t<\/div>\n\t\t<\/div>\n\t\t\t\t<div class=\"elementor-column elementor-col-50 elementor-top-column elementor-element elementor-element-24acd222 elementor-hidden-mobile\" data-id=\"24acd222\" data-element_type=\"column\" data-e-type=\"column\" data-settings=\"{&quot;background_background&quot;:&quot;classic&quot;}\">\n\t\t\t<div class=\"elementor-widget-wrap elementor-element-populated\">\n\t\t\t\t\t\t<div class=\"elementor-element elementor-element-99f8094 elementor-widget elementor-widget-image\" data-id=\"99f8094\" data-element_type=\"widget\" data-e-type=\"widget\" data-widget_type=\"image.default\">\n\t\t\t\t<div class=\"elementor-widget-container\">\n\t\t\t\t\t\t\t\t\t\t\t\t\t\t\t<img decoding=\"async\" loading=\"eager\" width=\"500\" height=\"750\" src=\"https:\/\/www.lucasfroeserealestate.com\/wp-content\/uploads\/2025\/07\/Diseno-sin-titulo-2025-07-16T170955615.jpg\" class=\"attachment-large size-large wp-image-70961\" alt=\"\" srcset=\"https:\/\/www.lucasfroeserealestate.com\/wp-content\/uploads\/2025\/07\/Diseno-sin-titulo-2025-07-16T170955615.jpg 500w, https:\/\/www.lucasfroeserealestate.com\/wp-content\/uploads\/2025\/07\/Diseno-sin-titulo-2025-07-16T170955615-200x300.jpg 200w, https:\/\/www.lucasfroeserealestate.com\/wp-content\/uploads\/2025\/07\/Diseno-sin-titulo-2025-07-16T170955615-100x150.jpg 100w\" sizes=\"(max-width: 500px) 100vw, 500px\" title=\"\">\t\t\t\t\t\t\t\t\t\t\t\t\t\t\t<\/div>\n\t\t\t\t<\/div>\n\t\t\t\t\t<\/div>\n\t\t<\/div>\n\t\t\t\t\t<\/div>\n\t\t<\/section>\n\t\t\t\t<\/div>\n\t\t","protected":false},"excerpt":{"rendered":"<p>Real Estate Mallorca We Make it Simple. Lucas Froese Real Estate 2&#8243; data-live-search=&#8221;true&#8221; data-size=&#8221;9&#8243; data-actions-box=&#8221;true&#8221; title=&#8221;All types&#8221; data-count-selected-text=&#8221;{0} Types Selected&#8221;>All typesFincasGewerbeimmobilienGrundst\u00fcckeStadth\u00e4userVillen und ChaletsWohnungen und Apartments From &#8230; to &#8230;. From 900\u20ac Until 10.000.000\u20ac Min. Bedroom12345 Min. Bathrooms12345 All Suchkriterien Extras 1. MeereslinieMeerblickETV LizenzNah am Golfplatz (10&#039;)Nah am Strand (10&#039;)Nah am Flughafen (35&#039;)ImmobilienanlageMit SwimmingpoolM\u00f6bliertNeubauMit BauprojektTop Investment&#8230;<\/p>\n","protected":false},"author":1,"featured_media":0,"parent":0,"menu_order":0,"comment_status":"closed","ping_status":"closed","template":"elementor_header_footer","meta":{"footnotes":""},"class_list":["post-55825","page","type-page","status-publish","hentry"],"_links":{"self":[{"href":"https:\/\/www.lucasfroeserealestate.com\/en\/wp-json\/wp\/v2\/pages\/55825","targetHints":{"allow":["GET"]}}],"collection":[{"href":"https:\/\/www.lucasfroeserealestate.com\/en\/wp-json\/wp\/v2\/pages"}],"about":[{"href":"https:\/\/www.lucasfroeserealestate.com\/en\/wp-json\/wp\/v2\/types\/page"}],"author":[{"embeddable":true,"href":"https:\/\/www.lucasfroeserealestate.com\/en\/wp-json\/wp\/v2\/users\/1"}],"replies":[{"embeddable":true,"href":"https:\/\/www.lucasfroeserealestate.com\/en\/wp-json\/wp\/v2\/comments?post=55825"}],"version-history":[{"count":14,"href":"https:\/\/www.lucasfroeserealestate.com\/en\/wp-json\/wp\/v2\/pages\/55825\/revisions"}],"predecessor-version":[{"id":84023,"href":"https:\/\/www.lucasfroeserealestate.com\/en\/wp-json\/wp\/v2\/pages\/55825\/revisions\/84023"}],"wp:attachment":[{"href":"https:\/\/www.lucasfroeserealestate.com\/en\/wp-json\/wp\/v2\/media?parent=55825"}],"curies":[{"name":"wp","href":"https:\/\/api.w.org\/{rel}","templated":true}]}}