{"id":45026,"date":"2023-10-25T15:04:31","date_gmt":"2023-10-25T13:04:31","guid":{"rendered":"https:\/\/www.lucasfroeserealestate.com\/lucas-froese-real-estate-tv\/"},"modified":"2026-04-06T18:42:51","modified_gmt":"2026-04-06T16:42:51","slug":"lucas-froese-real-estate-tv","status":"publish","type":"page","link":"https:\/\/www.lucasfroeserealestate.com\/en\/lucas-froese-real-estate-tv\/","title":{"rendered":"Lucas Froese Real Estate TV Portocristo"},"content":{"rendered":"\t\t<div data-elementor-type=\"wp-page\" data-elementor-id=\"45026\" class=\"elementor elementor-45026 elementor-45012\" data-elementor-post-type=\"page\">\n\t\t\t\t\t\t<section class=\"elementor-section elementor-top-section elementor-element elementor-element-0852aaa elementor-section-boxed elementor-section-height-default elementor-section-height-default\" data-id=\"0852aaa\" data-element_type=\"section\" data-e-type=\"section\">\n\t\t\t\t\t\t<div class=\"elementor-container elementor-column-gap-default\">\n\t\t\t\t\t<div class=\"elementor-column elementor-col-100 elementor-top-column elementor-element elementor-element-187f80b\" data-id=\"187f80b\" data-element_type=\"column\" data-e-type=\"column\">\n\t\t\t<div class=\"elementor-widget-wrap elementor-element-populated\">\n\t\t\t\t\t\t<div class=\"elementor-element elementor-element-9bceb28 elementor-widget elementor-widget-spacer\" data-id=\"9bceb28\" data-element_type=\"widget\" data-e-type=\"widget\" data-widget_type=\"spacer.default\">\n\t\t\t\t<div class=\"elementor-widget-container\">\n\t\t\t\t\t\t\t<div class=\"elementor-spacer\">\n\t\t\t<div class=\"elementor-spacer-inner\"><\/div>\n\t\t<\/div>\n\t\t\t\t\t\t<\/div>\n\t\t\t\t<\/div>\n\t\t\t\t<div class=\"elementor-element elementor-element-21d62dc elementor-widget__width-inherit elementor-content-align-flex-end elementor-content-absolute elementor-content--tabletrelative elementor-content--mobilerelative elementor-content-align--tabletcenter elementor-content-align--mobilecenter rhea-corner-pin-right elementor-widget elementor-widget-ere-featured-properties-two-widget\" data-id=\"21d62dc\" data-element_type=\"widget\" data-e-type=\"widget\" data-settings=\"{&quot;ere_content_align&quot;:&quot;flex-end&quot;,&quot;ere_content_position&quot;:&quot;absolute&quot;,&quot;ere_content_position_tablet&quot;:&quot;relative&quot;,&quot;ere_content_position_mobile&quot;:&quot;relative&quot;,&quot;ere_content_align_tablet&quot;:&quot;center&quot;,&quot;ere_content_align_mobile&quot;:&quot;center&quot;,&quot;ere_corner_pin_position&quot;:&quot;right&quot;}\" data-widget_type=\"ere-featured-properties-two-widget.default\">\n\t\t\t\t<div class=\"elementor-widget-container\">\n\t\t\t\t\t            <section class=\"rh_elementor_widget rhea_features_properties_2\" data-slideshow=\"true\" data-slideshow-speed=\"18000\" data-animation-speed=\"1500\" data-animation-type=\"fade\">\n                <div class=\"rhea_wrapper_fp_carousel\" id=\"rh-21d62dc\">\n                    <div class=\"flexslider loading\">\n                        <ul class=\"slides\">\n\t\t\t\t\t\t\t                                <li>\n                                    <div class=\"rhea_fp_slide_contents\">\n\t\t\t\t\t\t\t\t\t\t                                            <a href=\"https:\/\/www.lucasfroeserealestate.com\/en\/immobilien\/modern-luxury-finca-with-infinity-pool-and-breathtaking-views-in-cala-murada\/\" class=\"rhea_fp_thumbnail\" style=\"background-image: url('https:\/\/www.lucasfroeserealestate.com\/wp-content\/uploads\/2025\/01\/immobilien-cala-murada-finca-kaufen-12-1024x682.jpg')\"><\/a>\n\t\t\t\t\t\t\t\t\t\t                                        <div class=\"rhea_fp_slide_info\">\n                                            <a class=\"rhea_fp_permalink\" href=\"https:\/\/www.lucasfroeserealestate.com\/en\/immobilien\/modern-luxury-finca-with-infinity-pool-and-breathtaking-views-in-cala-murada\/\"><\/a>\n                                            <div class=\"rhea_fp_slide_info_inner\">\n\t\t\t\t\t\t\t\t\t\t\t\t<h3 class=\"rhea_fp2_title\"><a href=\"https:\/\/www.lucasfroeserealestate.com\/en\/immobilien\/modern-luxury-finca-with-infinity-pool-and-breathtaking-views-in-cala-murada\/\">Modern luxury finca with infinity pool and breathtaking views in Cala Murada<\/a><\/h3>\n    <address class=\"rhea_fp_address\">\n        <a             class=\"rhea_trigger_map rhea_facnybox_trigger-21d62dc \" data-rhea-map-source=\"rhea-map-source-21d62dc\" data-rhea-map-location=\"39.469868119057,3.2401527258921,12\" data-rhea-map-title=\"Modern luxury finca with infinity pool and breathtaking views in Cala Murada\" data-rhea-map-price=\" 2.450.000\u20ac \" data-rhea-map-thumb=\"https:\/\/www.lucasfroeserealestate.com\/wp-content\/uploads\/2025\/01\/immobilien-cala-murada-finca-kaufen-12-488x326.jpg\"\n\t\t\t href=\"https:\/\/www.lucasfroeserealestate.com\/en\/immobilien\/modern-luxury-finca-with-infinity-pool-and-breathtaking-views-in-cala-murada\/\">\n            <span class=\"rhea_address_pin\"><svg xmlns=\"http:\/\/www.w3.org\/2000\/svg\" viewBox=\"0 0 18 18\">\r\n\t<style type=\"text\/css\">\r\n\r\n\t\t.st0{fill-rule:evenodd;clip-rule:evenodd;}\r\n\r\n\t<\/style>\r\n\t<path class=\"st0\" d=\"M9 1c3.3 0 6 2.7 6 6S9 17 9 17 3 10.3 3 7 5.7 1 9 1zM9 5c1.1 0 2 0.9 2 2s-0.9 2-2 2S7 8.1 7 7 7.9 5 9 5z\"\/>\r\n<\/svg><\/span>\n            <span class=\"rhea_address_text\">Cala Murada<\/span>\n        <\/a>\n    <\/address>\n\t    <p class=\"rhea_fp_excerpt\">This exclusive finca is nestled in the hilly landscape of the Llevant region, just a few kilometers from the southeast coast of Mallorca.&hellip;<\/p>\n\n\t                                                    <div class=\"rhea_fp2_meta\">\n\t\t\t\t\t\t\t\t\t\t\t\t\t\t\n\n    <div class=\"rh_prop_card_meta_wrap_stylish\">\n\t\t        <div class=\"rh_prop_card__meta\" style=\"order: 1\">\n\t\t\t\t\t\t\t<span class=\"rhea_meta_titles\">Rooms<\/span>                <div class=\"rhea_meta_icon_wrapper\">\n\t\t\t\t\t<img decoding=\"async\" class=\"custom-meta-icon custom-meta-icon-image\" src=\"https:\/\/www.lucasfroeserealestate.com\/wp-content\/uploads\/2024\/09\/schlafzimmer-immobilien-mallorca-02.png\" alt=\"Bedrooms property meta icon.\" title=\"\">\t\t\t\t\t<span class=\"figure\">4<\/span>\t\t\t\t\t                <\/div>\n\t\t\t        <\/div>\n\t\t        <div class=\"rh_prop_card__meta\" style=\"order: 1\">\n\t\t\t\t\t\t\t<span class=\"rhea_meta_titles\">Badez.<\/span>                <div class=\"rhea_meta_icon_wrapper\">\n\t\t\t\t\t<img decoding=\"async\" class=\"custom-meta-icon custom-meta-icon-image\" src=\"https:\/\/www.lucasfroeserealestate.com\/wp-content\/uploads\/2024\/09\/badezimmer-immobilien-mallorca.png\" alt=\"Bathrooms property meta icon.\" title=\"\">\t\t\t\t\t<span class=\"figure\">4<\/span>\t\t\t\t\t                <\/div>\n\t\t\t        <\/div>\n\t\t        <div class=\"rh_prop_card__meta\" style=\"order: 1\">\n\t\t\t\t\t\t\t<span class=\"rhea_meta_titles\">Residential M2<\/span>                <div class=\"rhea_meta_icon_wrapper\">\n\t\t\t\t\t<img decoding=\"async\" class=\"custom-meta-icon custom-meta-icon-image\" src=\"https:\/\/www.lucasfroeserealestate.com\/wp-content\/uploads\/2024\/09\/wohnflaeche-immobilien-mallorca.png\" alt=\"Area Size property meta icon.\" title=\"\">\t\t\t\t\t<span class=\"figure\">250<\/span>\t\t\t\t\t                <\/div>\n\t\t\t        <\/div>\n\t\t        <div class=\"rh_prop_card__meta\" style=\"order: 1\">\n\t\t\t\t\t\t\t<span class=\"rhea_meta_titles\">Reason M2<\/span>                <div class=\"rhea_meta_icon_wrapper\">\n\t\t\t\t\t<img decoding=\"async\" class=\"custom-meta-icon custom-meta-icon-image\" src=\"https:\/\/www.lucasfroeserealestate.com\/wp-content\/uploads\/2024\/09\/grundstueck-flaeche-immobilien.png\" alt=\"Lot Size property meta icon.\" title=\"\">\t\t\t\t\t<span class=\"figure\">15800<\/span>\t\t\t\t\t                <\/div>\n\t\t\t        <\/div>\n\t\t    <\/div>\n\t\n\n\n\n                                                    <\/div>\n\t\t\t\t\t\t\t\t\t\t\t\t\t                                                <div class=\"rhea_fp_sales_icons\">\n\t\t\t\t\t\t\t\t\t\t\t\t\t<div class=\"rhea_fp_price_status\">\n\t            <span class=\"rhea_fp_status\">Price<\/span>\n\t\t\t        <p class=\"rhea_fp_price \">\n\t\t\t 2.450.000\u20ac         <\/p>\n\t\t<\/div>                                                    <div class=\"rhea_wrapper_member_functions\">\n\t\t                                                                                                    <\/div>\n                                                <\/div>\n                                            <\/div>\n                                        <\/div>\n                                    <\/div>\n                                <\/li>\n\t\t\t\t\t\t\t\t                                <li>\n                                    <div class=\"rhea_fp_slide_contents\">\n\t\t\t\t\t\t\t\t\t\t                                            <a href=\"https:\/\/www.lucasfroeserealestate.com\/en\/immobilien\/new-construction-finca-with-swimming-pool-in-es-llombards\/\" class=\"rhea_fp_thumbnail\" style=\"background-image: url('https:\/\/www.lucasfroeserealestate.com\/wp-content\/uploads\/2024\/10\/immobilien-santanyi-es-llombards-finca-kaufen-48-1024x683.jpg')\"><\/a>\n\t\t\t\t\t\t\t\t\t\t                                        <div class=\"rhea_fp_slide_info\">\n                                            <a class=\"rhea_fp_permalink\" href=\"https:\/\/www.lucasfroeserealestate.com\/en\/immobilien\/new-construction-finca-with-swimming-pool-in-es-llombards\/\"><\/a>\n                                            <div class=\"rhea_fp_slide_info_inner\">\n\t\t\t\t\t\t\t\t\t\t\t\t<h3 class=\"rhea_fp2_title\"><a href=\"https:\/\/www.lucasfroeserealestate.com\/en\/immobilien\/new-construction-finca-with-swimming-pool-in-es-llombards\/\">Newly built Mallorcan finca with swimming pool and garden in Es Llombards<\/a><\/h3>\n    <address class=\"rhea_fp_address\">\n        <a             class=\"rhea_trigger_map rhea_facnybox_trigger-21d62dc \" data-rhea-map-source=\"rhea-map-source-21d62dc\" data-rhea-map-location=\"39.3409716,3.0970589,14\" data-rhea-map-title=\"Newly built Mallorcan finca with swimming pool and garden in Es Llombards\" data-rhea-map-price=\" 3.200.000\u20ac \" data-rhea-map-thumb=\"https:\/\/www.lucasfroeserealestate.com\/wp-content\/uploads\/2024\/10\/immobilien-santanyi-es-llombards-finca-kaufen-48-488x326.jpg\"\n\t\t\t href=\"https:\/\/www.lucasfroeserealestate.com\/en\/immobilien\/new-construction-finca-with-swimming-pool-in-es-llombards\/\">\n            <span class=\"rhea_address_pin\"><svg xmlns=\"http:\/\/www.w3.org\/2000\/svg\" viewBox=\"0 0 18 18\">\r\n\t<style type=\"text\/css\">\r\n\r\n\t\t.st0{fill-rule:evenodd;clip-rule:evenodd;}\r\n\r\n\t<\/style>\r\n\t<path class=\"st0\" d=\"M9 1c3.3 0 6 2.7 6 6S9 17 9 17 3 10.3 3 7 5.7 1 9 1zM9 5c1.1 0 2 0.9 2 2s-0.9 2-2 2S7 8.1 7 7 7.9 5 9 5z\"\/>\r\n<\/svg><\/span>\n            <span class=\"rhea_address_text\">Es Llombards, Santanyi, Islas Baleares, 07650, Espa\u00f1a<\/span>\n        <\/a>\n    <\/address>\n\t    <p class=\"rhea_fp_excerpt\">Very exclusive finca property in a quiet area of Es Llombards, in Santanyi. The rural and quietly situated plot of 14,300 m2 offers&hellip;<\/p>\n\n\t                                                    <div class=\"rhea_fp2_meta\">\n\t\t\t\t\t\t\t\t\t\t\t\t\t\t\n\n    <div class=\"rh_prop_card_meta_wrap_stylish\">\n\t\t        <div class=\"rh_prop_card__meta\" style=\"order: 1\">\n\t\t\t\t\t\t\t<span class=\"rhea_meta_titles\">Rooms<\/span>                <div class=\"rhea_meta_icon_wrapper\">\n\t\t\t\t\t<img decoding=\"async\" class=\"custom-meta-icon custom-meta-icon-image\" src=\"https:\/\/www.lucasfroeserealestate.com\/wp-content\/uploads\/2024\/09\/schlafzimmer-immobilien-mallorca-02.png\" alt=\"Bedrooms property meta icon.\" title=\"\">\t\t\t\t\t<span class=\"figure\">5<\/span>\t\t\t\t\t                <\/div>\n\t\t\t        <\/div>\n\t\t        <div class=\"rh_prop_card__meta\" style=\"order: 1\">\n\t\t\t\t\t\t\t<span class=\"rhea_meta_titles\">Badez.<\/span>                <div class=\"rhea_meta_icon_wrapper\">\n\t\t\t\t\t<img decoding=\"async\" class=\"custom-meta-icon custom-meta-icon-image\" src=\"https:\/\/www.lucasfroeserealestate.com\/wp-content\/uploads\/2024\/09\/badezimmer-immobilien-mallorca.png\" alt=\"Bathrooms property meta icon.\" title=\"\">\t\t\t\t\t<span class=\"figure\">5<\/span>\t\t\t\t\t                <\/div>\n\t\t\t        <\/div>\n\t\t        <div class=\"rh_prop_card__meta\" style=\"order: 1\">\n\t\t\t\t\t\t\t<span class=\"rhea_meta_titles\">Residential M2<\/span>                <div class=\"rhea_meta_icon_wrapper\">\n\t\t\t\t\t<img decoding=\"async\" class=\"custom-meta-icon custom-meta-icon-image\" src=\"https:\/\/www.lucasfroeserealestate.com\/wp-content\/uploads\/2024\/09\/wohnflaeche-immobilien-mallorca.png\" alt=\"Area Size property meta icon.\" title=\"\">\t\t\t\t\t<span class=\"figure\">350<\/span>\t\t\t\t\t                <\/div>\n\t\t\t        <\/div>\n\t\t        <div class=\"rh_prop_card__meta\" style=\"order: 1\">\n\t\t\t\t\t\t\t<span class=\"rhea_meta_titles\">Reason M2<\/span>                <div class=\"rhea_meta_icon_wrapper\">\n\t\t\t\t\t<img decoding=\"async\" class=\"custom-meta-icon custom-meta-icon-image\" src=\"https:\/\/www.lucasfroeserealestate.com\/wp-content\/uploads\/2024\/09\/grundstueck-flaeche-immobilien.png\" alt=\"Lot Size property meta icon.\" title=\"\">\t\t\t\t\t<span class=\"figure\">14300<\/span>\t\t\t\t\t                <\/div>\n\t\t\t        <\/div>\n\t\t    <\/div>\n\t\n\n\n\n                                                    <\/div>\n\t\t\t\t\t\t\t\t\t\t\t\t\t                                                <div class=\"rhea_fp_sales_icons\">\n\t\t\t\t\t\t\t\t\t\t\t\t\t<div class=\"rhea_fp_price_status\">\n\t            <span class=\"rhea_fp_status\">Price<\/span>\n\t\t\t        <p class=\"rhea_fp_price \">\n\t\t\t 3.200.000\u20ac         <\/p>\n\t\t<\/div>                                                    <div class=\"rhea_wrapper_member_functions\">\n\t\t                                                                                                    <\/div>\n                                                <\/div>\n                                            <\/div>\n                                        <\/div>\n                                    <\/div>\n                                <\/li>\n\t\t\t\t\t\t\t\t                                <li>\n                                    <div class=\"rhea_fp_slide_contents\">\n\t\t\t\t\t\t\t\t\t\t                                            <a href=\"https:\/\/www.lucasfroeserealestate.com\/en\/immobilien\/mallorcan-xl-finca-with-beautiful-sea-views-in-espinagar-next-to-cala-murada\/\" class=\"rhea_fp_thumbnail\" style=\"background-image: url('https:\/\/www.lucasfroeserealestate.com\/wp-content\/uploads\/2025\/04\/immobilien-mallorca-reserved-LF-web-5-1024x683.jpg')\"><\/a>\n\t\t\t\t\t\t\t\t\t\t                                        <div class=\"rhea_fp_slide_info\">\n                                            <a class=\"rhea_fp_permalink\" href=\"https:\/\/www.lucasfroeserealestate.com\/en\/immobilien\/mallorcan-xl-finca-with-beautiful-sea-views-in-espinagar-next-to-cala-murada\/\"><\/a>\n                                            <div class=\"rhea_fp_slide_info_inner\">\n\t\t\t\t\t\t\t\t\t\t\t\t<h3 class=\"rhea_fp2_title\"><a href=\"https:\/\/www.lucasfroeserealestate.com\/en\/immobilien\/mallorcan-xl-finca-with-beautiful-sea-views-in-espinagar-next-to-cala-murada\/\">RESERVED BY US | Mallorcan XL finca with beautiful sea views in Cala Murada<\/a><\/h3>\n    <address class=\"rhea_fp_address\">\n        <a             class=\"rhea_trigger_map rhea_facnybox_trigger-21d62dc \" data-rhea-map-source=\"rhea-map-source-21d62dc\" data-rhea-map-location=\"39.475709730228,3.2384631442602,14\" data-rhea-map-title=\"RESERVED BY US | Mallorcan XL finca with beautiful sea views in Cala Murada\" data-rhea-map-price=\"Preis auf Anfrage\" data-rhea-map-thumb=\"https:\/\/www.lucasfroeserealestate.com\/wp-content\/uploads\/2025\/04\/immobilien-mallorca-reserved-LF-web-5-488x326.jpg\"\n\t\t\t href=\"https:\/\/www.lucasfroeserealestate.com\/en\/immobilien\/mallorcan-xl-finca-with-beautiful-sea-views-in-espinagar-next-to-cala-murada\/\">\n            <span class=\"rhea_address_pin\"><svg xmlns=\"http:\/\/www.w3.org\/2000\/svg\" viewBox=\"0 0 18 18\">\r\n\t<style type=\"text\/css\">\r\n\r\n\t\t.st0{fill-rule:evenodd;clip-rule:evenodd;}\r\n\r\n\t<\/style>\r\n\t<path class=\"st0\" d=\"M9 1c3.3 0 6 2.7 6 6S9 17 9 17 3 10.3 3 7 5.7 1 9 1zM9 5c1.1 0 2 0.9 2 2s-0.9 2-2 2S7 8.1 7 7 7.9 5 9 5z\"\/>\r\n<\/svg><\/span>\n            <span class=\"rhea_address_text\">Cala Murada<\/span>\n        <\/a>\n    <\/address>\n\t    <p class=\"rhea_fp_excerpt\">Imagine waking up to the first rays of sunshine dancing across the Mediterranean, a gentle breeze blowing through the olive trees &#8211; and&hellip;<\/p>\n\n\t                                                    <div class=\"rhea_fp2_meta\">\n\t\t\t\t\t\t\t\t\t\t\t\t\t\t\n\n    <div class=\"rh_prop_card_meta_wrap_stylish\">\n\t\t        <div class=\"rh_prop_card__meta\" style=\"order: 1\">\n\t\t\t\t\t\t\t<span class=\"rhea_meta_titles\">Rooms<\/span>                <div class=\"rhea_meta_icon_wrapper\">\n\t\t\t\t\t<img decoding=\"async\" class=\"custom-meta-icon custom-meta-icon-image\" src=\"https:\/\/www.lucasfroeserealestate.com\/wp-content\/uploads\/2024\/09\/schlafzimmer-immobilien-mallorca-02.png\" alt=\"Bedrooms property meta icon.\" title=\"\">\t\t\t\t\t<span class=\"figure\">12<\/span>\t\t\t\t\t                <\/div>\n\t\t\t        <\/div>\n\t\t        <div class=\"rh_prop_card__meta\" style=\"order: 1\">\n\t\t\t\t\t\t\t<span class=\"rhea_meta_titles\">Badez.<\/span>                <div class=\"rhea_meta_icon_wrapper\">\n\t\t\t\t\t<img decoding=\"async\" class=\"custom-meta-icon custom-meta-icon-image\" src=\"https:\/\/www.lucasfroeserealestate.com\/wp-content\/uploads\/2024\/09\/badezimmer-immobilien-mallorca.png\" alt=\"Bathrooms property meta icon.\" title=\"\">\t\t\t\t\t<span class=\"figure\">11<\/span>\t\t\t\t\t                <\/div>\n\t\t\t        <\/div>\n\t\t        <div class=\"rh_prop_card__meta\" style=\"order: 1\">\n\t\t\t\t\t\t\t<span class=\"rhea_meta_titles\">Residential M2<\/span>                <div class=\"rhea_meta_icon_wrapper\">\n\t\t\t\t\t<img decoding=\"async\" class=\"custom-meta-icon custom-meta-icon-image\" src=\"https:\/\/www.lucasfroeserealestate.com\/wp-content\/uploads\/2024\/09\/wohnflaeche-immobilien-mallorca.png\" alt=\"Area Size property meta icon.\" title=\"\">\t\t\t\t\t<span class=\"figure\">682<\/span>\t\t\t\t\t                <\/div>\n\t\t\t        <\/div>\n\t\t        <div class=\"rh_prop_card__meta\" style=\"order: 1\">\n\t\t\t\t\t\t\t<span class=\"rhea_meta_titles\">Reason M2<\/span>                <div class=\"rhea_meta_icon_wrapper\">\n\t\t\t\t\t<img decoding=\"async\" class=\"custom-meta-icon custom-meta-icon-image\" src=\"https:\/\/www.lucasfroeserealestate.com\/wp-content\/uploads\/2024\/09\/grundstueck-flaeche-immobilien.png\" alt=\"Lot Size property meta icon.\" title=\"\">\t\t\t\t\t<span class=\"figure\">19000<\/span>\t\t\t\t\t                <\/div>\n\t\t\t        <\/div>\n\t\t    <\/div>\n\t\n\n\n\n                                                    <\/div>\n\t\t\t\t\t\t\t\t\t\t\t\t\t                                                <div class=\"rhea_fp_sales_icons\">\n\t\t\t\t\t\t\t\t\t\t\t\t\t<div class=\"rhea_fp_price_status\">\n\t            <span class=\"rhea_fp_status\">Reserved<\/span>\n\t\t\t        <p class=\"rhea_fp_price \">\n\t\t\tPreis auf Anfrage        <\/p>\n\t\t<\/div>                                                    <div class=\"rhea_wrapper_member_functions\">\n\t\t                                                                                                    <\/div>\n                                                <\/div>\n                                            <\/div>\n                                        <\/div>\n                                    <\/div>\n                                <\/li>\n\t\t\t\t\t\t\t\t                                <li>\n                                    <div class=\"rhea_fp_slide_contents\">\n\t\t\t\t\t\t\t\t\t\t                                            <a href=\"https:\/\/www.lucasfroeserealestate.com\/en\/immobilien\/luxus-villa-erste-meereslinie-port-andratx\/\" class=\"rhea_fp_thumbnail\" style=\"background-image: url('https:\/\/www.lucasfroeserealestate.com\/wp-content\/uploads\/2021\/07\/luxusimmobilien-mallorca-port-andratx-03-1-1024x576.jpg')\"><\/a>\n\t\t\t\t\t\t\t\t\t\t                                        <div class=\"rhea_fp_slide_info\">\n                                            <a class=\"rhea_fp_permalink\" href=\"https:\/\/www.lucasfroeserealestate.com\/en\/immobilien\/luxus-villa-erste-meereslinie-port-andratx\/\"><\/a>\n                                            <div class=\"rhea_fp_slide_info_inner\">\n\t\t\t\t\t\t\t\t\t\t\t\t<h3 class=\"rhea_fp2_title\"><a href=\"https:\/\/www.lucasfroeserealestate.com\/en\/immobilien\/luxus-villa-erste-meereslinie-port-andratx\/\">Luxury villa in first sea line and infinity pool in Port Andratx<\/a><\/h3>\n    <address class=\"rhea_fp_address\">\n        <a             class=\"rhea_trigger_map rhea_facnybox_trigger-21d62dc \" data-rhea-map-source=\"rhea-map-source-21d62dc\" data-rhea-map-location=\"39.5455483,2.3911636,14\" data-rhea-map-title=\"Luxury villa in first sea line and infinity pool in Port Andratx\" data-rhea-map-price=\" 6.500.000\u20ac \" data-rhea-map-thumb=\"https:\/\/www.lucasfroeserealestate.com\/wp-content\/uploads\/2021\/07\/luxusimmobilien-mallorca-port-andratx-03-1-488x326.jpg\"\n\t\t\t href=\"https:\/\/www.lucasfroeserealestate.com\/en\/immobilien\/luxus-villa-erste-meereslinie-port-andratx\/\">\n            <span class=\"rhea_address_pin\"><svg xmlns=\"http:\/\/www.w3.org\/2000\/svg\" viewBox=\"0 0 18 18\">\r\n\t<style type=\"text\/css\">\r\n\r\n\t\t.st0{fill-rule:evenodd;clip-rule:evenodd;}\r\n\r\n\t<\/style>\r\n\t<path class=\"st0\" d=\"M9 1c3.3 0 6 2.7 6 6S9 17 9 17 3 10.3 3 7 5.7 1 9 1zM9 5c1.1 0 2 0.9 2 2s-0.9 2-2 2S7 8.1 7 7 7.9 5 9 5z\"\/>\r\n<\/svg><\/span>\n            <span class=\"rhea_address_text\">Port d&#039;Andratx, Andrach, Sierra de Tramontana, Islas Baleares, 07157, Espa\u00f1a<\/span>\n        <\/a>\n    <\/address>\n\t    <p class=\"rhea_fp_excerpt\">This luxurious house is built like a swallow&#8217;s nest on the cliffs above Port Andratx and has a unique view over the harbor&hellip;<\/p>\n\n\t                                                    <div class=\"rhea_fp2_meta\">\n\t\t\t\t\t\t\t\t\t\t\t\t\t\t\n\n    <div class=\"rh_prop_card_meta_wrap_stylish\">\n\t\t        <div class=\"rh_prop_card__meta\" style=\"order: 1\">\n\t\t\t\t\t\t\t<span class=\"rhea_meta_titles\">Rooms<\/span>                <div class=\"rhea_meta_icon_wrapper\">\n\t\t\t\t\t<img decoding=\"async\" class=\"custom-meta-icon custom-meta-icon-image\" src=\"https:\/\/www.lucasfroeserealestate.com\/wp-content\/uploads\/2024\/09\/schlafzimmer-immobilien-mallorca-02.png\" alt=\"Bedrooms property meta icon.\" title=\"\">\t\t\t\t\t<span class=\"figure\">4<\/span>\t\t\t\t\t                <\/div>\n\t\t\t        <\/div>\n\t\t        <div class=\"rh_prop_card__meta\" style=\"order: 1\">\n\t\t\t\t\t\t\t<span class=\"rhea_meta_titles\">Badez.<\/span>                <div class=\"rhea_meta_icon_wrapper\">\n\t\t\t\t\t<img decoding=\"async\" class=\"custom-meta-icon custom-meta-icon-image\" src=\"https:\/\/www.lucasfroeserealestate.com\/wp-content\/uploads\/2024\/09\/badezimmer-immobilien-mallorca.png\" alt=\"Bathrooms property meta icon.\" title=\"\">\t\t\t\t\t<span class=\"figure\">4<\/span>\t\t\t\t\t                <\/div>\n\t\t\t        <\/div>\n\t\t        <div class=\"rh_prop_card__meta\" style=\"order: 1\">\n\t\t\t\t\t\t\t<span class=\"rhea_meta_titles\">Residential M2<\/span>                <div class=\"rhea_meta_icon_wrapper\">\n\t\t\t\t\t<img decoding=\"async\" class=\"custom-meta-icon custom-meta-icon-image\" src=\"https:\/\/www.lucasfroeserealestate.com\/wp-content\/uploads\/2024\/09\/wohnflaeche-immobilien-mallorca.png\" alt=\"Area Size property meta icon.\" title=\"\">\t\t\t\t\t<span class=\"figure\">319<\/span>\t\t\t\t\t                <\/div>\n\t\t\t        <\/div>\n\t\t        <div class=\"rh_prop_card__meta\" style=\"order: 1\">\n\t\t\t\t\t\t\t<span class=\"rhea_meta_titles\">Reason M2<\/span>                <div class=\"rhea_meta_icon_wrapper\">\n\t\t\t\t\t<img decoding=\"async\" class=\"custom-meta-icon custom-meta-icon-image\" src=\"https:\/\/www.lucasfroeserealestate.com\/wp-content\/uploads\/2024\/09\/grundstueck-flaeche-immobilien.png\" alt=\"Lot Size property meta icon.\" title=\"\">\t\t\t\t\t<span class=\"figure\">1160<\/span>\t\t\t\t\t                <\/div>\n\t\t\t        <\/div>\n\t\t    <\/div>\n\t\n\n\n\n                                                    <\/div>\n\t\t\t\t\t\t\t\t\t\t\t\t\t                                                <div class=\"rhea_fp_sales_icons\">\n\t\t\t\t\t\t\t\t\t\t\t\t\t<div class=\"rhea_fp_price_status\">\n\t            <span class=\"rhea_fp_status\">Price<\/span>\n\t\t\t        <p class=\"rhea_fp_price \">\n\t\t\t 6.500.000\u20ac         <\/p>\n\t\t<\/div>                                                    <div class=\"rhea_wrapper_member_functions\">\n\t\t                                                                                                    <\/div>\n                                                <\/div>\n                                            <\/div>\n                                        <\/div>\n                                    <\/div>\n                                <\/li>\n\t\t\t\t\t\t\t\t                                <li>\n                                    <div class=\"rhea_fp_slide_contents\">\n\t\t\t\t\t\t\t\t\t\t                                            <a href=\"https:\/\/www.lucasfroeserealestate.com\/en\/immobilien\/sea-view-villa-with-2-swimming-pools-in-santa-ponsa\/\" class=\"rhea_fp_thumbnail\" style=\"background-image: url('https:\/\/www.lucasfroeserealestate.com\/wp-content\/uploads\/2023\/06\/luxusimmobilien-mallorca-villa-santa-ponsa-LF0571-1024x768.jpg')\"><\/a>\n\t\t\t\t\t\t\t\t\t\t                                        <div class=\"rhea_fp_slide_info\">\n                                            <a class=\"rhea_fp_permalink\" href=\"https:\/\/www.lucasfroeserealestate.com\/en\/immobilien\/sea-view-villa-with-2-swimming-pools-in-santa-ponsa\/\"><\/a>\n                                            <div class=\"rhea_fp_slide_info_inner\">\n\t\t\t\t\t\t\t\t\t\t\t\t<h3 class=\"rhea_fp2_title\"><a href=\"https:\/\/www.lucasfroeserealestate.com\/en\/immobilien\/sea-view-villa-with-2-swimming-pools-in-santa-ponsa\/\">Sea view villa with 2 swimming pools in Santa Ponsa<\/a><\/h3>\n    <address class=\"rhea_fp_address\">\n        <a             class=\"rhea_trigger_map rhea_facnybox_trigger-21d62dc \" data-rhea-map-source=\"rhea-map-source-21d62dc\" data-rhea-map-location=\"39.5148159,2.4819598,14\" data-rhea-map-title=\"Sea view villa with 2 swimming pools in Santa Ponsa\" data-rhea-map-price=\" 7.200.000\u20ac \" data-rhea-map-thumb=\"https:\/\/www.lucasfroeserealestate.com\/wp-content\/uploads\/2023\/06\/luxusimmobilien-mallorca-villa-santa-ponsa-LF0571-488x326.jpg\"\n\t\t\t href=\"https:\/\/www.lucasfroeserealestate.com\/en\/immobilien\/sea-view-villa-with-2-swimming-pools-in-santa-ponsa\/\">\n            <span class=\"rhea_address_pin\"><svg xmlns=\"http:\/\/www.w3.org\/2000\/svg\" viewBox=\"0 0 18 18\">\r\n\t<style type=\"text\/css\">\r\n\r\n\t\t.st0{fill-rule:evenodd;clip-rule:evenodd;}\r\n\r\n\t<\/style>\r\n\t<path class=\"st0\" d=\"M9 1c3.3 0 6 2.7 6 6S9 17 9 17 3 10.3 3 7 5.7 1 9 1zM9 5c1.1 0 2 0.9 2 2s-0.9 2-2 2S7 8.1 7 7 7.9 5 9 5z\"\/>\r\n<\/svg><\/span>\n            <span class=\"rhea_address_text\">Santa Pon\u00e7a, Calvi\u00e1, Sierra de Tramontana, Islas Baleares, 07180, Espa\u00f1a<\/span>\n        <\/a>\n    <\/address>\n\t    <p class=\"rhea_fp_excerpt\">Modern luxury villa in Santa Ponsa (Nova Santa Ponsa) with panorma sea view and some highlights. The luxury property is very close to&hellip;<\/p>\n\n\t                                                    <div class=\"rhea_fp2_meta\">\n\t\t\t\t\t\t\t\t\t\t\t\t\t\t\n\n    <div class=\"rh_prop_card_meta_wrap_stylish\">\n\t\t        <div class=\"rh_prop_card__meta\" style=\"order: 1\">\n\t\t\t\t\t\t\t<span class=\"rhea_meta_titles\">Rooms<\/span>                <div class=\"rhea_meta_icon_wrapper\">\n\t\t\t\t\t<img decoding=\"async\" class=\"custom-meta-icon custom-meta-icon-image\" src=\"https:\/\/www.lucasfroeserealestate.com\/wp-content\/uploads\/2024\/09\/schlafzimmer-immobilien-mallorca-02.png\" alt=\"Bedrooms property meta icon.\" title=\"\">\t\t\t\t\t<span class=\"figure\">6<\/span>\t\t\t\t\t                <\/div>\n\t\t\t        <\/div>\n\t\t        <div class=\"rh_prop_card__meta\" style=\"order: 1\">\n\t\t\t\t\t\t\t<span class=\"rhea_meta_titles\">Badez.<\/span>                <div class=\"rhea_meta_icon_wrapper\">\n\t\t\t\t\t<img decoding=\"async\" class=\"custom-meta-icon custom-meta-icon-image\" src=\"https:\/\/www.lucasfroeserealestate.com\/wp-content\/uploads\/2024\/09\/badezimmer-immobilien-mallorca.png\" alt=\"Bathrooms property meta icon.\" title=\"\">\t\t\t\t\t<span class=\"figure\">6<\/span>\t\t\t\t\t                <\/div>\n\t\t\t        <\/div>\n\t\t        <div class=\"rh_prop_card__meta\" style=\"order: 1\">\n\t\t\t\t\t\t\t<span class=\"rhea_meta_titles\">Residential M2<\/span>                <div class=\"rhea_meta_icon_wrapper\">\n\t\t\t\t\t<img decoding=\"async\" class=\"custom-meta-icon custom-meta-icon-image\" src=\"https:\/\/www.lucasfroeserealestate.com\/wp-content\/uploads\/2024\/09\/wohnflaeche-immobilien-mallorca.png\" alt=\"Area Size property meta icon.\" title=\"\">\t\t\t\t\t<span class=\"figure\">700<\/span>\t\t\t\t\t                <\/div>\n\t\t\t        <\/div>\n\t\t        <div class=\"rh_prop_card__meta\" style=\"order: 1\">\n\t\t\t\t\t\t\t<span class=\"rhea_meta_titles\">Reason M2<\/span>                <div class=\"rhea_meta_icon_wrapper\">\n\t\t\t\t\t<img decoding=\"async\" class=\"custom-meta-icon custom-meta-icon-image\" src=\"https:\/\/www.lucasfroeserealestate.com\/wp-content\/uploads\/2024\/09\/grundstueck-flaeche-immobilien.png\" alt=\"Lot Size property meta icon.\" title=\"\">\t\t\t\t\t<span class=\"figure\">1400<\/span>\t\t\t\t\t                <\/div>\n\t\t\t        <\/div>\n\t\t    <\/div>\n\t\n\n\n\n                                                    <\/div>\n\t\t\t\t\t\t\t\t\t\t\t\t\t                                                <div class=\"rhea_fp_sales_icons\">\n\t\t\t\t\t\t\t\t\t\t\t\t\t<div class=\"rhea_fp_price_status\">\n\t            <span class=\"rhea_fp_status\">Price<\/span>\n\t\t\t        <p class=\"rhea_fp_price \">\n\t\t\t 7.200.000\u20ac         <\/p>\n\t\t<\/div>                                                    <div class=\"rhea_wrapper_member_functions\">\n\t\t                                                                                                    <\/div>\n                                                <\/div>\n                                            <\/div>\n                                        <\/div>\n                                    <\/div>\n                                <\/li>\n\t\t\t\t\t\t\t\t                                <li>\n                                    <div class=\"rhea_fp_slide_contents\">\n\t\t\t\t\t\t\t\t\t\t                                            <a href=\"https:\/\/www.lucasfroeserealestate.com\/en\/immobilien\/fantastic-villa-in-1st-sea-line-with-panoramic-views\/\" class=\"rhea_fp_thumbnail\" style=\"background-image: url('https:\/\/www.lucasfroeserealestate.com\/wp-content\/uploads\/2025\/06\/03092025-DJI_20250903184243_0029_D-1024x576.jpg')\"><\/a>\n\t\t\t\t\t\t\t\t\t\t                                        <div class=\"rhea_fp_slide_info\">\n                                            <a class=\"rhea_fp_permalink\" href=\"https:\/\/www.lucasfroeserealestate.com\/en\/immobilien\/fantastic-villa-in-1st-sea-line-with-panoramic-views\/\"><\/a>\n                                            <div class=\"rhea_fp_slide_info_inner\">\n\t\t\t\t\t\t\t\t\t\t\t\t<h3 class=\"rhea_fp2_title\"><a href=\"https:\/\/www.lucasfroeserealestate.com\/en\/immobilien\/fantastic-villa-in-1st-sea-line-with-panoramic-views\/\">Fantastic villa in 1st sea line with panoramic views<\/a><\/h3>\n    <address class=\"rhea_fp_address\">\n        <a             class=\"rhea_trigger_map rhea_facnybox_trigger-21d62dc \" data-rhea-map-source=\"rhea-map-source-21d62dc\" data-rhea-map-location=\"39.36668350053,2.8607382421875,10\" data-rhea-map-title=\"Fantastic villa in 1st sea line with panoramic views\" data-rhea-map-price=\" 3.490.000\u20ac \" data-rhea-map-thumb=\"https:\/\/www.lucasfroeserealestate.com\/wp-content\/uploads\/2025\/06\/03092025-DJI_20250903184243_0029_D-488x326.jpg\"\n\t\t\t href=\"https:\/\/www.lucasfroeserealestate.com\/en\/immobilien\/fantastic-villa-in-1st-sea-line-with-panoramic-views\/\">\n            <span class=\"rhea_address_pin\"><svg xmlns=\"http:\/\/www.w3.org\/2000\/svg\" viewBox=\"0 0 18 18\">\r\n\t<style type=\"text\/css\">\r\n\r\n\t\t.st0{fill-rule:evenodd;clip-rule:evenodd;}\r\n\r\n\t<\/style>\r\n\t<path class=\"st0\" d=\"M9 1c3.3 0 6 2.7 6 6S9 17 9 17 3 10.3 3 7 5.7 1 9 1zM9 5c1.1 0 2 0.9 2 2s-0.9 2-2 2S7 8.1 7 7 7.9 5 9 5z\"\/>\r\n<\/svg><\/span>\n            <span class=\"rhea_address_text\">Cala Pi, Mallorca, Illes Balears, Spain<\/span>\n        <\/a>\n    <\/address>\n\t    <p class=\"rhea_fp_excerpt\">This exceptional villa in a direct seafront location boasts unobstructed panoramic views of the sea and a generous amount of space &#8211; ideal&hellip;<\/p>\n\n\t                                                    <div class=\"rhea_fp2_meta\">\n\t\t\t\t\t\t\t\t\t\t\t\t\t\t\n\n    <div class=\"rh_prop_card_meta_wrap_stylish\">\n\t\t        <div class=\"rh_prop_card__meta\" style=\"order: 1\">\n\t\t\t\t\t\t\t<span class=\"rhea_meta_titles\">Rooms<\/span>                <div class=\"rhea_meta_icon_wrapper\">\n\t\t\t\t\t<img decoding=\"async\" class=\"custom-meta-icon custom-meta-icon-image\" src=\"https:\/\/www.lucasfroeserealestate.com\/wp-content\/uploads\/2024\/09\/schlafzimmer-immobilien-mallorca-02.png\" alt=\"Bedrooms property meta icon.\" title=\"\">\t\t\t\t\t<span class=\"figure\">7<\/span>\t\t\t\t\t                <\/div>\n\t\t\t        <\/div>\n\t\t        <div class=\"rh_prop_card__meta\" style=\"order: 1\">\n\t\t\t\t\t\t\t<span class=\"rhea_meta_titles\">Badez.<\/span>                <div class=\"rhea_meta_icon_wrapper\">\n\t\t\t\t\t<img decoding=\"async\" class=\"custom-meta-icon custom-meta-icon-image\" src=\"https:\/\/www.lucasfroeserealestate.com\/wp-content\/uploads\/2024\/09\/badezimmer-immobilien-mallorca.png\" alt=\"Bathrooms property meta icon.\" title=\"\">\t\t\t\t\t<span class=\"figure\">5<\/span>\t\t\t\t\t                <\/div>\n\t\t\t        <\/div>\n\t\t        <div class=\"rh_prop_card__meta\" style=\"order: 1\">\n\t\t\t\t\t\t\t<span class=\"rhea_meta_titles\">Residential M2<\/span>                <div class=\"rhea_meta_icon_wrapper\">\n\t\t\t\t\t<img decoding=\"async\" class=\"custom-meta-icon custom-meta-icon-image\" src=\"https:\/\/www.lucasfroeserealestate.com\/wp-content\/uploads\/2024\/09\/wohnflaeche-immobilien-mallorca.png\" alt=\"Area Size property meta icon.\" title=\"\">\t\t\t\t\t<span class=\"figure\">584<\/span>\t\t\t\t\t                <\/div>\n\t\t\t        <\/div>\n\t\t        <div class=\"rh_prop_card__meta\" style=\"order: 1\">\n\t\t\t\t\t\t\t<span class=\"rhea_meta_titles\">Reason M2<\/span>                <div class=\"rhea_meta_icon_wrapper\">\n\t\t\t\t\t<img decoding=\"async\" class=\"custom-meta-icon custom-meta-icon-image\" src=\"https:\/\/www.lucasfroeserealestate.com\/wp-content\/uploads\/2024\/09\/grundstueck-flaeche-immobilien.png\" alt=\"Lot Size property meta icon.\" title=\"\">\t\t\t\t\t<span class=\"figure\">2400<\/span>\t\t\t\t\t                <\/div>\n\t\t\t        <\/div>\n\t\t    <\/div>\n\t\n\n\n\n                                                    <\/div>\n\t\t\t\t\t\t\t\t\t\t\t\t\t                                                <div class=\"rhea_fp_sales_icons\">\n\t\t\t\t\t\t\t\t\t\t\t\t\t<div class=\"rhea_fp_price_status\">\n\t            <span class=\"rhea_fp_status\">Price<\/span>\n\t\t\t        <p class=\"rhea_fp_price \">\n\t\t\t 3.490.000\u20ac         <\/p>\n\t\t<\/div>                                                    <div class=\"rhea_wrapper_member_functions\">\n\t\t                                                                                                    <\/div>\n                                                <\/div>\n                                            <\/div>\n                                        <\/div>\n                                    <\/div>\n                                <\/li>\n\t\t\t\t\t\t\t\t                                <li>\n                                    <div class=\"rhea_fp_slide_contents\">\n\t\t\t\t\t\t\t\t\t\t                                            <a href=\"https:\/\/www.lucasfroeserealestate.com\/en\/immobilien\/top-quality-new-construction-finca-with-views-in-felanitx\/\" class=\"rhea_fp_thumbnail\" style=\"background-image: url('https:\/\/www.lucasfroeserealestate.com\/wp-content\/uploads\/2024\/08\/Diseno-sin-titulo-2025-09-15T171933.063-1024x683.jpg')\"><\/a>\n\t\t\t\t\t\t\t\t\t\t                                        <div class=\"rhea_fp_slide_info\">\n                                            <a class=\"rhea_fp_permalink\" href=\"https:\/\/www.lucasfroeserealestate.com\/en\/immobilien\/top-quality-new-construction-finca-with-views-in-felanitx\/\"><\/a>\n                                            <div class=\"rhea_fp_slide_info_inner\">\n\t\t\t\t\t\t\t\t\t\t\t\t<h3 class=\"rhea_fp2_title\"><a href=\"https:\/\/www.lucasfroeserealestate.com\/en\/immobilien\/top-quality-new-construction-finca-with-views-in-felanitx\/\">Top quality new construction finca with views in Felanitx<\/a><\/h3>\n    <address class=\"rhea_fp_address\">\n        <a             class=\"rhea_trigger_map rhea_facnybox_trigger-21d62dc \" data-rhea-map-source=\"rhea-map-source-21d62dc\" data-rhea-map-location=\"39.462508195722,3.170553445816,12\" data-rhea-map-title=\"Top quality new construction finca with views in Felanitx\" data-rhea-map-price=\" 3.500.000\u20ac \" data-rhea-map-thumb=\"https:\/\/www.lucasfroeserealestate.com\/wp-content\/uploads\/2024\/08\/Diseno-sin-titulo-2025-09-15T171933.063-488x326.jpg\"\n\t\t\t href=\"https:\/\/www.lucasfroeserealestate.com\/en\/immobilien\/top-quality-new-construction-finca-with-views-in-felanitx\/\">\n            <span class=\"rhea_address_pin\"><svg xmlns=\"http:\/\/www.w3.org\/2000\/svg\" viewBox=\"0 0 18 18\">\r\n\t<style type=\"text\/css\">\r\n\r\n\t\t.st0{fill-rule:evenodd;clip-rule:evenodd;}\r\n\r\n\t<\/style>\r\n\t<path class=\"st0\" d=\"M9 1c3.3 0 6 2.7 6 6S9 17 9 17 3 10.3 3 7 5.7 1 9 1zM9 5c1.1 0 2 0.9 2 2s-0.9 2-2 2S7 8.1 7 7 7.9 5 9 5z\"\/>\r\n<\/svg><\/span>\n            <span class=\"rhea_address_text\">Felanich, Migjorn, Islas Baleares, Espa\u00f1a<\/span>\n        <\/a>\n    <\/address>\n\t    <p class=\"rhea_fp_excerpt\">This new construction project of luxury finca with the best qualities, swimming pool and a Mediterranean easy care garden, is located in a&hellip;<\/p>\n\n\t                                                    <div class=\"rhea_fp2_meta\">\n\t\t\t\t\t\t\t\t\t\t\t\t\t\t\n\n    <div class=\"rh_prop_card_meta_wrap_stylish\">\n\t\t        <div class=\"rh_prop_card__meta\" style=\"order: 1\">\n\t\t\t\t\t\t\t<span class=\"rhea_meta_titles\">Rooms<\/span>                <div class=\"rhea_meta_icon_wrapper\">\n\t\t\t\t\t<img decoding=\"async\" class=\"custom-meta-icon custom-meta-icon-image\" src=\"https:\/\/www.lucasfroeserealestate.com\/wp-content\/uploads\/2024\/09\/schlafzimmer-immobilien-mallorca-02.png\" alt=\"Bedrooms property meta icon.\" title=\"\">\t\t\t\t\t<span class=\"figure\">5<\/span>\t\t\t\t\t                <\/div>\n\t\t\t        <\/div>\n\t\t        <div class=\"rh_prop_card__meta\" style=\"order: 1\">\n\t\t\t\t\t\t\t<span class=\"rhea_meta_titles\">Badez.<\/span>                <div class=\"rhea_meta_icon_wrapper\">\n\t\t\t\t\t<img decoding=\"async\" class=\"custom-meta-icon custom-meta-icon-image\" src=\"https:\/\/www.lucasfroeserealestate.com\/wp-content\/uploads\/2024\/09\/badezimmer-immobilien-mallorca.png\" alt=\"Bathrooms property meta icon.\" title=\"\">\t\t\t\t\t<span class=\"figure\">5<\/span>\t\t\t\t\t                <\/div>\n\t\t\t        <\/div>\n\t\t        <div class=\"rh_prop_card__meta\" style=\"order: 1\">\n\t\t\t\t\t\t\t<span class=\"rhea_meta_titles\">Residential M2<\/span>                <div class=\"rhea_meta_icon_wrapper\">\n\t\t\t\t\t<img decoding=\"async\" class=\"custom-meta-icon custom-meta-icon-image\" src=\"https:\/\/www.lucasfroeserealestate.com\/wp-content\/uploads\/2024\/09\/wohnflaeche-immobilien-mallorca.png\" alt=\"Area Size property meta icon.\" title=\"\">\t\t\t\t\t<span class=\"figure\">400<\/span>\t\t\t\t\t                <\/div>\n\t\t\t        <\/div>\n\t\t        <div class=\"rh_prop_card__meta\" style=\"order: 1\">\n\t\t\t\t\t\t\t<span class=\"rhea_meta_titles\">Reason M2<\/span>                <div class=\"rhea_meta_icon_wrapper\">\n\t\t\t\t\t<img decoding=\"async\" class=\"custom-meta-icon custom-meta-icon-image\" src=\"https:\/\/www.lucasfroeserealestate.com\/wp-content\/uploads\/2024\/09\/grundstueck-flaeche-immobilien.png\" alt=\"Lot Size property meta icon.\" title=\"\">\t\t\t\t\t<span class=\"figure\">16000<\/span>\t\t\t\t\t                <\/div>\n\t\t\t        <\/div>\n\t\t    <\/div>\n\t\n\n\n\n                                                    <\/div>\n\t\t\t\t\t\t\t\t\t\t\t\t\t                                                <div class=\"rhea_fp_sales_icons\">\n\t\t\t\t\t\t\t\t\t\t\t\t\t<div class=\"rhea_fp_price_status\">\n\t            <span class=\"rhea_fp_status\">Price<\/span>\n\t\t\t        <p class=\"rhea_fp_price \">\n\t\t\t 3.500.000\u20ac         <\/p>\n\t\t<\/div>                                                    <div class=\"rhea_wrapper_member_functions\">\n\t\t                                                                                                    <\/div>\n                                                <\/div>\n                                            <\/div>\n                                        <\/div>\n                                    <\/div>\n                                <\/li>\n\t\t\t\t\t\t\t\t                                <li>\n                                    <div class=\"rhea_fp_slide_contents\">\n\t\t\t\t\t\t\t\t\t\t                                            <a href=\"https:\/\/www.lucasfroeserealestate.com\/en\/immobilien\/vacation-apartments-as-an-investment-in-portocolom-just-150-meters-from-the-beach\/\" class=\"rhea_fp_thumbnail\" style=\"background-image: url('https:\/\/www.lucasfroeserealestate.com\/wp-content\/uploads\/2025\/10\/immobilien-portocolom-apartments-LF0836-1024x576.jpg')\"><\/a>\n\t\t\t\t\t\t\t\t\t\t                                        <div class=\"rhea_fp_slide_info\">\n                                            <a class=\"rhea_fp_permalink\" href=\"https:\/\/www.lucasfroeserealestate.com\/en\/immobilien\/vacation-apartments-as-an-investment-in-portocolom-just-150-meters-from-the-beach\/\"><\/a>\n                                            <div class=\"rhea_fp_slide_info_inner\">\n\t\t\t\t\t\t\t\t\t\t\t\t<h3 class=\"rhea_fp2_title\"><a href=\"https:\/\/www.lucasfroeserealestate.com\/en\/immobilien\/vacation-apartments-as-an-investment-in-portocolom-just-150-meters-from-the-beach\/\">Vacation apartments as an investment in Portocolom just 150 meters from the beach<\/a><\/h3>\n    <address class=\"rhea_fp_address\">\n        <a             class=\"rhea_trigger_map rhea_facnybox_trigger-21d62dc \" data-rhea-map-source=\"rhea-map-source-21d62dc\" data-rhea-map-location=\"39.408842916772,3.2581025493187,17\" data-rhea-map-title=\"Vacation apartments as an investment in Portocolom just 150 meters from the beach\" data-rhea-map-price=\" 308.700\u20ac \" data-rhea-map-thumb=\"https:\/\/www.lucasfroeserealestate.com\/wp-content\/uploads\/2025\/10\/immobilien-portocolom-apartments-LF0836-488x326.jpg\"\n\t\t\t href=\"https:\/\/www.lucasfroeserealestate.com\/en\/immobilien\/vacation-apartments-as-an-investment-in-portocolom-just-150-meters-from-the-beach\/\">\n            <span class=\"rhea_address_pin\"><svg xmlns=\"http:\/\/www.w3.org\/2000\/svg\" viewBox=\"0 0 18 18\">\r\n\t<style type=\"text\/css\">\r\n\r\n\t\t.st0{fill-rule:evenodd;clip-rule:evenodd;}\r\n\r\n\t<\/style>\r\n\t<path class=\"st0\" d=\"M9 1c3.3 0 6 2.7 6 6S9 17 9 17 3 10.3 3 7 5.7 1 9 1zM9 5c1.1 0 2 0.9 2 2s-0.9 2-2 2S7 8.1 7 7 7.9 5 9 5z\"\/>\r\n<\/svg><\/span>\n            <span class=\"rhea_address_text\">Cala Mar\u00e7al, Portocolom, Mallorca<\/span>\n        <\/a>\n    <\/address>\n\t    <p class=\"rhea_fp_excerpt\">We have the perfect real estate investment in the southeast of Mallorca for you! Very good returns, value appreciation thanks to a top&hellip;<\/p>\n\n\t                                                    <div class=\"rhea_fp2_meta\">\n\t\t\t\t\t\t\t\t\t\t\t\t\t\t\n\n    <div class=\"rh_prop_card_meta_wrap_stylish\">\n\t\t        <div class=\"rh_prop_card__meta\" style=\"order: 1\">\n\t\t\t\t\t\t\t<span class=\"rhea_meta_titles\">Rooms<\/span>                <div class=\"rhea_meta_icon_wrapper\">\n\t\t\t\t\t<img decoding=\"async\" class=\"custom-meta-icon custom-meta-icon-image\" src=\"https:\/\/www.lucasfroeserealestate.com\/wp-content\/uploads\/2024\/09\/schlafzimmer-immobilien-mallorca-02.png\" alt=\"Bedrooms property meta icon.\" title=\"\">\t\t\t\t\t<span class=\"figure\">1<\/span>\t\t\t\t\t                <\/div>\n\t\t\t        <\/div>\n\t\t        <div class=\"rh_prop_card__meta\" style=\"order: 1\">\n\t\t\t\t\t\t\t<span class=\"rhea_meta_titles\">Badez.<\/span>                <div class=\"rhea_meta_icon_wrapper\">\n\t\t\t\t\t<img decoding=\"async\" class=\"custom-meta-icon custom-meta-icon-image\" src=\"https:\/\/www.lucasfroeserealestate.com\/wp-content\/uploads\/2024\/09\/badezimmer-immobilien-mallorca.png\" alt=\"Bathrooms property meta icon.\" title=\"\">\t\t\t\t\t<span class=\"figure\">1<\/span>\t\t\t\t\t                <\/div>\n\t\t\t        <\/div>\n\t\t        <div class=\"rh_prop_card__meta\" style=\"order: 1\">\n\t\t\t\t\t\t\t<span class=\"rhea_meta_titles\">Residential M2<\/span>                <div class=\"rhea_meta_icon_wrapper\">\n\t\t\t\t\t<img decoding=\"async\" class=\"custom-meta-icon custom-meta-icon-image\" src=\"https:\/\/www.lucasfroeserealestate.com\/wp-content\/uploads\/2024\/09\/wohnflaeche-immobilien-mallorca.png\" alt=\"Area Size property meta icon.\" title=\"\">\t\t\t\t\t<span class=\"figure\">50<\/span>\t\t\t\t\t                <\/div>\n\t\t\t        <\/div>\n\t\t    <\/div>\n\t\n\n\n\n                                                    <\/div>\n\t\t\t\t\t\t\t\t\t\t\t\t\t                                                <div class=\"rhea_fp_sales_icons\">\n\t\t\t\t\t\t\t\t\t\t\t\t\t<div class=\"rhea_fp_price_status\">\n\t            <span class=\"rhea_fp_status\">Price<\/span>\n\t\t\t        <p class=\"rhea_fp_price \">\n\t\t\t 308.700\u20ac         <\/p>\n\t\t<\/div>                                                    <div class=\"rhea_wrapper_member_functions\">\n\t\t                                                                                                    <\/div>\n                                                <\/div>\n                                            <\/div>\n                                        <\/div>\n                                    <\/div>\n                                <\/li>\n\t\t\t\t\t\t\t\t                                <li>\n                                    <div class=\"rhea_fp_slide_contents\">\n\t\t\t\t\t\t\t\t\t\t                                            <a href=\"https:\/\/www.lucasfroeserealestate.com\/en\/immobilien\/investment-opportunity-in-felanitx-finca-with-two-separate-houses\/\" class=\"rhea_fp_thumbnail\" style=\"background-image: url('https:\/\/www.lucasfroeserealestate.com\/wp-content\/uploads\/2026\/02\/WhatsApp-Image-2026-02-17-at-2.33.58-AM-1-1024x683.jpeg')\"><\/a>\n\t\t\t\t\t\t\t\t\t\t                                        <div class=\"rhea_fp_slide_info\">\n                                            <a class=\"rhea_fp_permalink\" href=\"https:\/\/www.lucasfroeserealestate.com\/en\/immobilien\/investment-opportunity-in-felanitx-finca-with-two-separate-houses\/\"><\/a>\n                                            <div class=\"rhea_fp_slide_info_inner\">\n\t\t\t\t\t\t\t\t\t\t\t\t<h3 class=\"rhea_fp2_title\"><a href=\"https:\/\/www.lucasfroeserealestate.com\/en\/immobilien\/investment-opportunity-in-felanitx-finca-with-two-separate-houses\/\">EXCLUSIVE | Investment opportunity in Felanitx &#8211; Building with two separate residences<\/a><\/h3>\n    <address class=\"rhea_fp_address\">\n        <a             class=\"rhea_trigger_map rhea_facnybox_trigger-21d62dc \" data-rhea-map-source=\"rhea-map-source-21d62dc\" data-rhea-map-location=\"39.467822616524,3.1452805330686,16\" data-rhea-map-title=\"EXCLUSIVE | Investment opportunity in Felanitx &#8211; Building with two separate residences\" data-rhea-map-price=\" 425.000\u20ac \" data-rhea-map-thumb=\"https:\/\/www.lucasfroeserealestate.com\/wp-content\/uploads\/2026\/02\/WhatsApp-Image-2026-02-17-at-2.33.58-AM-1-488x326.jpeg\"\n\t\t\t href=\"https:\/\/www.lucasfroeserealestate.com\/en\/immobilien\/investment-opportunity-in-felanitx-finca-with-two-separate-houses\/\">\n            <span class=\"rhea_address_pin\"><svg xmlns=\"http:\/\/www.w3.org\/2000\/svg\" viewBox=\"0 0 18 18\">\r\n\t<style type=\"text\/css\">\r\n\r\n\t\t.st0{fill-rule:evenodd;clip-rule:evenodd;}\r\n\r\n\t<\/style>\r\n\t<path class=\"st0\" d=\"M9 1c3.3 0 6 2.7 6 6S9 17 9 17 3 10.3 3 7 5.7 1 9 1zM9 5c1.1 0 2 0.9 2 2s-0.9 2-2 2S7 8.1 7 7 7.9 5 9 5z\"\/>\r\n<\/svg><\/span>\n            <span class=\"rhea_address_text\">Felanitx, Mallorca, Illes Balears, Spain<\/span>\n        <\/a>\n    <\/address>\n\t    <p class=\"rhea_fp_excerpt\">Excellent opportunity for investors in the municipality of Felanitx, Mallorca. For sale is a property with two separate houses of 71 m\u00b2 each,&hellip;<\/p>\n\n\t                                                    <div class=\"rhea_fp2_meta\">\n\t\t\t\t\t\t\t\t\t\t\t\t\t\t\n\n    <div class=\"rh_prop_card_meta_wrap_stylish\">\n\t\t        <div class=\"rh_prop_card__meta\" style=\"order: 1\">\n\t\t\t\t\t\t\t<span class=\"rhea_meta_titles\">Rooms<\/span>                <div class=\"rhea_meta_icon_wrapper\">\n\t\t\t\t\t<img decoding=\"async\" class=\"custom-meta-icon custom-meta-icon-image\" src=\"https:\/\/www.lucasfroeserealestate.com\/wp-content\/uploads\/2024\/09\/schlafzimmer-immobilien-mallorca-02.png\" alt=\"Bedrooms property meta icon.\" title=\"\">\t\t\t\t\t<span class=\"figure\">4<\/span>\t\t\t\t\t                <\/div>\n\t\t\t        <\/div>\n\t\t        <div class=\"rh_prop_card__meta\" style=\"order: 1\">\n\t\t\t\t\t\t\t<span class=\"rhea_meta_titles\">Badez.<\/span>                <div class=\"rhea_meta_icon_wrapper\">\n\t\t\t\t\t<img decoding=\"async\" class=\"custom-meta-icon custom-meta-icon-image\" src=\"https:\/\/www.lucasfroeserealestate.com\/wp-content\/uploads\/2024\/09\/badezimmer-immobilien-mallorca.png\" alt=\"Bathrooms property meta icon.\" title=\"\">\t\t\t\t\t<span class=\"figure\">3<\/span>\t\t\t\t\t                <\/div>\n\t\t\t        <\/div>\n\t\t        <div class=\"rh_prop_card__meta\" style=\"order: 1\">\n\t\t\t\t\t\t\t<span class=\"rhea_meta_titles\">Residential M2<\/span>                <div class=\"rhea_meta_icon_wrapper\">\n\t\t\t\t\t<img decoding=\"async\" class=\"custom-meta-icon custom-meta-icon-image\" src=\"https:\/\/www.lucasfroeserealestate.com\/wp-content\/uploads\/2024\/09\/wohnflaeche-immobilien-mallorca.png\" alt=\"Area Size property meta icon.\" title=\"\">\t\t\t\t\t<span class=\"figure\">213<\/span>\t\t\t\t\t                <\/div>\n\t\t\t        <\/div>\n\t\t        <div class=\"rh_prop_card__meta\" style=\"order: 1\">\n\t\t\t\t\t\t\t<span class=\"rhea_meta_titles\">Reason M2<\/span>                <div class=\"rhea_meta_icon_wrapper\">\n\t\t\t\t\t<img decoding=\"async\" class=\"custom-meta-icon custom-meta-icon-image\" src=\"https:\/\/www.lucasfroeserealestate.com\/wp-content\/uploads\/2024\/09\/grundstueck-flaeche-immobilien.png\" alt=\"Lot Size property meta icon.\" title=\"\">\t\t\t\t\t<span class=\"figure\">209<\/span>\t\t\t\t\t                <\/div>\n\t\t\t        <\/div>\n\t\t    <\/div>\n\t\n\n\n\n                                                    <\/div>\n\t\t\t\t\t\t\t\t\t\t\t\t\t                                                <div class=\"rhea_fp_sales_icons\">\n\t\t\t\t\t\t\t\t\t\t\t\t\t<div class=\"rhea_fp_price_status\">\n\t            <span class=\"rhea_fp_status\">Price<\/span>\n\t\t\t        <p class=\"rhea_fp_price \">\n\t\t\t 425.000\u20ac         <\/p>\n\t\t<\/div>                                                    <div class=\"rhea_wrapper_member_functions\">\n\t\t                                                                                                    <\/div>\n                                                <\/div>\n                                            <\/div>\n                                        <\/div>\n                                    <\/div>\n                                <\/li>\n\t\t\t\t\t\t\t\t                                <li>\n                                    <div class=\"rhea_fp_slide_contents\">\n\t\t\t\t\t\t\t\t\t\t                                            <a href=\"https:\/\/www.lucasfroeserealestate.com\/en\/immobilien\/stadthaeuser-in-campos\/\" class=\"rhea_fp_thumbnail\" style=\"background-image: url('https:\/\/www.lucasfroeserealestate.com\/wp-content\/uploads\/2025\/03\/Campos-Stadthaus-Son-Vanrellet-5-1024x640.jpg')\"><\/a>\n\t\t\t\t\t\t\t\t\t\t                                        <div class=\"rhea_fp_slide_info\">\n                                            <a class=\"rhea_fp_permalink\" href=\"https:\/\/www.lucasfroeserealestate.com\/en\/immobilien\/stadthaeuser-in-campos\/\"><\/a>\n                                            <div class=\"rhea_fp_slide_info_inner\">\n\t\t\t\t\t\t\t\t\t\t\t\t<h3 class=\"rhea_fp2_title\"><a href=\"https:\/\/www.lucasfroeserealestate.com\/en\/immobilien\/stadthaeuser-in-campos\/\">Modern new build houses with pool, terrace and garage in Campos<\/a><\/h3>\n    <address class=\"rhea_fp_address\">\n        <a             class=\"rhea_trigger_map rhea_facnybox_trigger-21d62dc \" data-rhea-map-source=\"rhea-map-source-21d62dc\" data-rhea-map-location=\"39.431020976146,3.0271594914127,15\" data-rhea-map-title=\"Modern new build houses with pool, terrace and garage in Campos\" data-rhea-map-price=\" 685.000\u20ac \" data-rhea-map-thumb=\"https:\/\/www.lucasfroeserealestate.com\/wp-content\/uploads\/2025\/03\/Campos-Stadthaus-Son-Vanrellet-5-488x326.jpg\"\n\t\t\t href=\"https:\/\/www.lucasfroeserealestate.com\/en\/immobilien\/stadthaeuser-in-campos\/\">\n            <span class=\"rhea_address_pin\"><svg xmlns=\"http:\/\/www.w3.org\/2000\/svg\" viewBox=\"0 0 18 18\">\r\n\t<style type=\"text\/css\">\r\n\r\n\t\t.st0{fill-rule:evenodd;clip-rule:evenodd;}\r\n\r\n\t<\/style>\r\n\t<path class=\"st0\" d=\"M9 1c3.3 0 6 2.7 6 6S9 17 9 17 3 10.3 3 7 5.7 1 9 1zM9 5c1.1 0 2 0.9 2 2s-0.9 2-2 2S7 8.1 7 7 7.9 5 9 5z\"\/>\r\n<\/svg><\/span>\n            <span class=\"rhea_address_text\">Campos, Mallorca, Illes Balears, Spain<\/span>\n        <\/a>\n    <\/address>\n\t    <p class=\"rhea_fp_excerpt\">Located in the heart of Campos, surrounded by the natural beauty of Mallorca and just a few minutes from the spectacular Es Trenc&hellip;<\/p>\n\n\t                                                    <div class=\"rhea_fp2_meta\">\n\t\t\t\t\t\t\t\t\t\t\t\t\t\t\n\n    <div class=\"rh_prop_card_meta_wrap_stylish\">\n\t\t        <div class=\"rh_prop_card__meta\" style=\"order: 1\">\n\t\t\t\t\t\t\t<span class=\"rhea_meta_titles\">Rooms<\/span>                <div class=\"rhea_meta_icon_wrapper\">\n\t\t\t\t\t<img decoding=\"async\" class=\"custom-meta-icon custom-meta-icon-image\" src=\"https:\/\/www.lucasfroeserealestate.com\/wp-content\/uploads\/2024\/09\/schlafzimmer-immobilien-mallorca-02.png\" alt=\"Bedrooms property meta icon.\" title=\"\">\t\t\t\t\t<span class=\"figure\">3<\/span>\t\t\t\t\t                <\/div>\n\t\t\t        <\/div>\n\t\t        <div class=\"rh_prop_card__meta\" style=\"order: 1\">\n\t\t\t\t\t\t\t<span class=\"rhea_meta_titles\">Badez.<\/span>                <div class=\"rhea_meta_icon_wrapper\">\n\t\t\t\t\t<img decoding=\"async\" class=\"custom-meta-icon custom-meta-icon-image\" src=\"https:\/\/www.lucasfroeserealestate.com\/wp-content\/uploads\/2024\/09\/badezimmer-immobilien-mallorca.png\" alt=\"Bathrooms property meta icon.\" title=\"\">\t\t\t\t\t<span class=\"figure\">2<\/span>\t\t\t\t\t                <\/div>\n\t\t\t        <\/div>\n\t\t        <div class=\"rh_prop_card__meta\" style=\"order: 1\">\n\t\t\t\t\t\t\t<span class=\"rhea_meta_titles\">Residential M2<\/span>                <div class=\"rhea_meta_icon_wrapper\">\n\t\t\t\t\t<img decoding=\"async\" class=\"custom-meta-icon custom-meta-icon-image\" src=\"https:\/\/www.lucasfroeserealestate.com\/wp-content\/uploads\/2024\/09\/wohnflaeche-immobilien-mallorca.png\" alt=\"Area Size property meta icon.\" title=\"\">\t\t\t\t\t<span class=\"figure\">144<\/span>\t\t\t\t\t                <\/div>\n\t\t\t        <\/div>\n\t\t        <div class=\"rh_prop_card__meta\" style=\"order: 1\">\n\t\t\t\t\t\t\t<span class=\"rhea_meta_titles\">Reason M2<\/span>                <div class=\"rhea_meta_icon_wrapper\">\n\t\t\t\t\t<img decoding=\"async\" class=\"custom-meta-icon custom-meta-icon-image\" src=\"https:\/\/www.lucasfroeserealestate.com\/wp-content\/uploads\/2024\/09\/grundstueck-flaeche-immobilien.png\" alt=\"Lot Size property meta icon.\" title=\"\">\t\t\t\t\t<span class=\"figure\">127<\/span>\t\t\t\t\t                <\/div>\n\t\t\t        <\/div>\n\t\t    <\/div>\n\t\n\n\n\n                                                    <\/div>\n\t\t\t\t\t\t\t\t\t\t\t\t\t                                                <div class=\"rhea_fp_sales_icons\">\n\t\t\t\t\t\t\t\t\t\t\t\t\t<div class=\"rhea_fp_price_status\">\n\t            <span class=\"rhea_fp_status\">Price<\/span>\n\t\t\t        <p class=\"rhea_fp_price \">\n\t\t\t 685.000\u20ac         <\/p>\n\t\t<\/div>                                                    <div class=\"rhea_wrapper_member_functions\">\n\t\t                                                                                                    <\/div>\n                                                <\/div>\n                                            <\/div>\n                                        <\/div>\n                                    <\/div>\n                                <\/li>\n\t\t\t\t\t\t\t\t                                <li>\n                                    <div class=\"rhea_fp_slide_contents\">\n\t\t\t\t\t\t\t\t\t\t                                            <a href=\"https:\/\/www.lucasfroeserealestate.com\/en\/immobilien\/maisonette-new-build-apartment-in-completion-with-several-terraces-and-jaccuzi\/\" class=\"rhea_fp_thumbnail\" style=\"background-image: url('https:\/\/www.lucasfroeserealestate.com\/wp-content\/uploads\/2024\/06\/immobilien-ses-salines-neubau-apartment-17-1024x768.jpg')\"><\/a>\n\t\t\t\t\t\t\t\t\t\t                                        <div class=\"rhea_fp_slide_info\">\n                                            <a class=\"rhea_fp_permalink\" href=\"https:\/\/www.lucasfroeserealestate.com\/en\/immobilien\/maisonette-new-build-apartment-in-completion-with-several-terraces-and-jaccuzi\/\"><\/a>\n                                            <div class=\"rhea_fp_slide_info_inner\">\n\t\t\t\t\t\t\t\t\t\t\t\t<h3 class=\"rhea_fp2_title\"><a href=\"https:\/\/www.lucasfroeserealestate.com\/en\/immobilien\/maisonette-new-build-apartment-in-completion-with-several-terraces-and-jaccuzi\/\">Maisonette new build apartment in completion with several terraces and jaccuzi<\/a><\/h3>\n    <address class=\"rhea_fp_address\">\n        <a             class=\"rhea_trigger_map rhea_facnybox_trigger-21d62dc \" data-rhea-map-source=\"rhea-map-source-21d62dc\" data-rhea-map-location=\"39.323800563566,2.9873057271068,13\" data-rhea-map-title=\"Maisonette new build apartment in completion with several terraces and jaccuzi\" data-rhea-map-price=\" 1.270.000\u20ac \" data-rhea-map-thumb=\"https:\/\/www.lucasfroeserealestate.com\/wp-content\/uploads\/2024\/06\/immobilien-ses-salines-neubau-apartment-17-488x326.jpg\"\n\t\t\t href=\"https:\/\/www.lucasfroeserealestate.com\/en\/immobilien\/maisonette-new-build-apartment-in-completion-with-several-terraces-and-jaccuzi\/\">\n            <span class=\"rhea_address_pin\"><svg xmlns=\"http:\/\/www.w3.org\/2000\/svg\" viewBox=\"0 0 18 18\">\r\n\t<style type=\"text\/css\">\r\n\r\n\t\t.st0{fill-rule:evenodd;clip-rule:evenodd;}\r\n\r\n\t<\/style>\r\n\t<path class=\"st0\" d=\"M9 1c3.3 0 6 2.7 6 6S9 17 9 17 3 10.3 3 7 5.7 1 9 1zM9 5c1.1 0 2 0.9 2 2s-0.9 2-2 2S7 8.1 7 7 7.9 5 9 5z\"\/>\r\n<\/svg><\/span>\n            <span class=\"rhea_address_text\">Colonia de sant jordi<\/span>\n        <\/a>\n    <\/address>\n\t    <p class=\"rhea_fp_excerpt\">These attractive new-build penthouse maisonettes are ideally located just 300 meters from the idyllic beaches of Els Estanys and Es Trenc and close&hellip;<\/p>\n\n\t                                                    <div class=\"rhea_fp2_meta\">\n\t\t\t\t\t\t\t\t\t\t\t\t\t\t\n\n    <div class=\"rh_prop_card_meta_wrap_stylish\">\n\t\t        <div class=\"rh_prop_card__meta\" style=\"order: 1\">\n\t\t\t\t\t\t\t<span class=\"rhea_meta_titles\">Rooms<\/span>                <div class=\"rhea_meta_icon_wrapper\">\n\t\t\t\t\t<img decoding=\"async\" class=\"custom-meta-icon custom-meta-icon-image\" src=\"https:\/\/www.lucasfroeserealestate.com\/wp-content\/uploads\/2024\/09\/schlafzimmer-immobilien-mallorca-02.png\" alt=\"Bedrooms property meta icon.\" title=\"\">\t\t\t\t\t<span class=\"figure\">3<\/span>\t\t\t\t\t                <\/div>\n\t\t\t        <\/div>\n\t\t        <div class=\"rh_prop_card__meta\" style=\"order: 1\">\n\t\t\t\t\t\t\t<span class=\"rhea_meta_titles\">Badez.<\/span>                <div class=\"rhea_meta_icon_wrapper\">\n\t\t\t\t\t<img decoding=\"async\" class=\"custom-meta-icon custom-meta-icon-image\" src=\"https:\/\/www.lucasfroeserealestate.com\/wp-content\/uploads\/2024\/09\/badezimmer-immobilien-mallorca.png\" alt=\"Bathrooms property meta icon.\" title=\"\">\t\t\t\t\t<span class=\"figure\">3<\/span>\t\t\t\t\t                <\/div>\n\t\t\t        <\/div>\n\t\t        <div class=\"rh_prop_card__meta\" style=\"order: 1\">\n\t\t\t\t\t\t\t<span class=\"rhea_meta_titles\">Residential M2<\/span>                <div class=\"rhea_meta_icon_wrapper\">\n\t\t\t\t\t<img decoding=\"async\" class=\"custom-meta-icon custom-meta-icon-image\" src=\"https:\/\/www.lucasfroeserealestate.com\/wp-content\/uploads\/2024\/09\/wohnflaeche-immobilien-mallorca.png\" alt=\"Area Size property meta icon.\" title=\"\">\t\t\t\t\t<span class=\"figure\">197<\/span>\t\t\t\t\t                <\/div>\n\t\t\t        <\/div>\n\t\t    <\/div>\n\t\n\n\n\n                                                    <\/div>\n\t\t\t\t\t\t\t\t\t\t\t\t\t                                                <div class=\"rhea_fp_sales_icons\">\n\t\t\t\t\t\t\t\t\t\t\t\t\t<div class=\"rhea_fp_price_status\">\n\t            <span class=\"rhea_fp_status\">Price<\/span>\n\t\t\t        <p class=\"rhea_fp_price \">\n\t\t\t 1.270.000\u20ac         <\/p>\n\t\t<\/div>                                                    <div class=\"rhea_wrapper_member_functions\">\n\t\t                                                                                                    <\/div>\n                                                <\/div>\n                                            <\/div>\n                                        <\/div>\n                                    <\/div>\n                                <\/li>\n\t\t\t\t\t\t\t\t                                <li>\n                                    <div class=\"rhea_fp_slide_contents\">\n\t\t\t\t\t\t\t\t\t\t                                            <a href=\"https:\/\/www.lucasfroeserealestate.com\/en\/immobilien\/villa-in-coral-gables\/\" class=\"rhea_fp_thumbnail\" style=\"background-image: url('https:\/\/www.lucasfroeserealestate.com\/wp-content\/uploads\/2023\/04\/sold-finca-felanitx-lucas-froese-03-1-1024x683.jpg')\"><\/a>\n\t\t\t\t\t\t\t\t\t\t                                        <div class=\"rhea_fp_slide_info\">\n                                            <a class=\"rhea_fp_permalink\" href=\"https:\/\/www.lucasfroeserealestate.com\/en\/immobilien\/villa-in-coral-gables\/\"><\/a>\n                                            <div class=\"rhea_fp_slide_info_inner\">\n\t\t\t\t\t\t\t\t\t\t\t\t<h3 class=\"rhea_fp2_title\"><a href=\"https:\/\/www.lucasfroeserealestate.com\/en\/immobilien\/villa-in-coral-gables\/\">SOLD &#8211; Luxury finca with swimming pool, guest houses and ETV license in Felanitx<\/a><\/h3>\n    <address class=\"rhea_fp_address\">\n        <a  href=\"https:\/\/www.lucasfroeserealestate.com\/en\/immobilien\/villa-in-coral-gables\/\">\n            <span class=\"rhea_address_pin\"><svg xmlns=\"http:\/\/www.w3.org\/2000\/svg\" viewBox=\"0 0 18 18\">\r\n\t<style type=\"text\/css\">\r\n\r\n\t\t.st0{fill-rule:evenodd;clip-rule:evenodd;}\r\n\r\n\t<\/style>\r\n\t<path class=\"st0\" d=\"M9 1c3.3 0 6 2.7 6 6S9 17 9 17 3 10.3 3 7 5.7 1 9 1zM9 5c1.1 0 2 0.9 2 2s-0.9 2-2 2S7 8.1 7 7 7.9 5 9 5z\"\/>\r\n<\/svg><\/span>\n            <span class=\"rhea_address_text\">Son Valls, Felanitx, Mallorca Southeast<\/span>\n        <\/a>\n    <\/address>\n\t    <p class=\"rhea_fp_excerpt\">&#13; This luxury property in the southeast of Mallorca is a huge feel-good paradise with all the extras. The living space is divided&hellip;<\/p>\n\n\t                                                    <div class=\"rhea_fp2_meta\">\n\t\t\t\t\t\t\t\t\t\t\t\t\t\t\n\n    <div class=\"rh_prop_card_meta_wrap_stylish\">\n\t\t        <div class=\"rh_prop_card__meta\" style=\"order: 1\">\n\t\t\t\t\t\t\t<span class=\"rhea_meta_titles\">Rooms<\/span>                <div class=\"rhea_meta_icon_wrapper\">\n\t\t\t\t\t<img decoding=\"async\" class=\"custom-meta-icon custom-meta-icon-image\" src=\"https:\/\/www.lucasfroeserealestate.com\/wp-content\/uploads\/2024\/09\/schlafzimmer-immobilien-mallorca-02.png\" alt=\"Bedrooms property meta icon.\" title=\"\">\t\t\t\t\t<span class=\"figure\">8<\/span>\t\t\t\t\t                <\/div>\n\t\t\t        <\/div>\n\t\t        <div class=\"rh_prop_card__meta\" style=\"order: 1\">\n\t\t\t\t\t\t\t<span class=\"rhea_meta_titles\">Badez.<\/span>                <div class=\"rhea_meta_icon_wrapper\">\n\t\t\t\t\t<img decoding=\"async\" class=\"custom-meta-icon custom-meta-icon-image\" src=\"https:\/\/www.lucasfroeserealestate.com\/wp-content\/uploads\/2024\/09\/badezimmer-immobilien-mallorca.png\" alt=\"Bathrooms property meta icon.\" title=\"\">\t\t\t\t\t<span class=\"figure\">8<\/span>\t\t\t\t\t                <\/div>\n\t\t\t        <\/div>\n\t\t        <div class=\"rh_prop_card__meta\" style=\"order: 1\">\n\t\t\t\t\t\t\t<span class=\"rhea_meta_titles\">Residential M2<\/span>                <div class=\"rhea_meta_icon_wrapper\">\n\t\t\t\t\t<img decoding=\"async\" class=\"custom-meta-icon custom-meta-icon-image\" src=\"https:\/\/www.lucasfroeserealestate.com\/wp-content\/uploads\/2024\/09\/wohnflaeche-immobilien-mallorca.png\" alt=\"Area Size property meta icon.\" title=\"\">\t\t\t\t\t<span class=\"figure\">650<\/span>\t\t\t\t\t<span class=\"label\">m2<\/span>                <\/div>\n\t\t\t        <\/div>\n\t\t        <div class=\"rh_prop_card__meta\" style=\"order: 1\">\n\t\t\t\t\t\t\t<span class=\"rhea_meta_titles\">Reason M2<\/span>                <div class=\"rhea_meta_icon_wrapper\">\n\t\t\t\t\t<img decoding=\"async\" class=\"custom-meta-icon custom-meta-icon-image\" src=\"https:\/\/www.lucasfroeserealestate.com\/wp-content\/uploads\/2024\/09\/grundstueck-flaeche-immobilien.png\" alt=\"Lot Size property meta icon.\" title=\"\">\t\t\t\t\t<span class=\"figure\">42000<\/span>\t\t\t\t\t<span class=\"label\">m2<\/span>                <\/div>\n\t\t\t        <\/div>\n\t\t    <\/div>\n\t\n\n\n\n                                                    <\/div>\n\t\t\t\t\t\t\t\t\t\t\t\t\t                                                <div class=\"rhea_fp_sales_icons\">\n\t\t\t\t\t\t\t\t\t\t\t\t\t<div class=\"rhea_fp_price_status\">\n\t            <span class=\"rhea_fp_status\">Sold<\/span>\n\t\t\t        <p class=\"rhea_fp_price \">\n\t\t\t 2.490.000\u20ac         <\/p>\n\t\t<\/div>                                                    <div class=\"rhea_wrapper_member_functions\">\n\t\t                                                                                                    <\/div>\n                                                <\/div>\n                                            <\/div>\n                                        <\/div>\n                                    <\/div>\n                                <\/li>\n\t\t\t\t\t\t\t\t                                <li>\n                                    <div class=\"rhea_fp_slide_contents\">\n\t\t\t\t\t\t\t\t\t\t                                            <a href=\"https:\/\/www.lucasfroeserealestate.com\/en\/immobilien\/new-build-villa-with-swimming-pool-in-son-veri-a-few-minutes-from-palma\/\" class=\"rhea_fp_thumbnail\" style=\"background-image: url('https:\/\/www.lucasfroeserealestate.com\/wp-content\/uploads\/2024\/05\/neubau-villa-kaufen-meerblick-palma-30-1024x576.jpg')\"><\/a>\n\t\t\t\t\t\t\t\t\t\t                                        <div class=\"rhea_fp_slide_info\">\n                                            <a class=\"rhea_fp_permalink\" href=\"https:\/\/www.lucasfroeserealestate.com\/en\/immobilien\/new-build-villa-with-swimming-pool-in-son-veri-a-few-minutes-from-palma\/\"><\/a>\n                                            <div class=\"rhea_fp_slide_info_inner\">\n\t\t\t\t\t\t\t\t\t\t\t\t<h3 class=\"rhea_fp2_title\"><a href=\"https:\/\/www.lucasfroeserealestate.com\/en\/immobilien\/new-build-villa-with-swimming-pool-in-son-veri-a-few-minutes-from-palma\/\">New build villa with swimming pool in Son Veri a few minutes from Palma<\/a><\/h3>\n    <address class=\"rhea_fp_address\">\n        <a             class=\"rhea_trigger_map rhea_facnybox_trigger-21d62dc \" data-rhea-map-source=\"rhea-map-source-21d62dc\" data-rhea-map-location=\"39.447251330645,2.7554589958789,12\" data-rhea-map-title=\"New build villa with swimming pool in Son Veri a few minutes from Palma\" data-rhea-map-price=\" 1.050.000\u20ac \" data-rhea-map-thumb=\"https:\/\/www.lucasfroeserealestate.com\/wp-content\/uploads\/2024\/05\/neubau-villa-kaufen-meerblick-palma-30-488x326.jpg\"\n\t\t\t href=\"https:\/\/www.lucasfroeserealestate.com\/en\/immobilien\/new-build-villa-with-swimming-pool-in-son-veri-a-few-minutes-from-palma\/\">\n            <span class=\"rhea_address_pin\"><svg xmlns=\"http:\/\/www.w3.org\/2000\/svg\" viewBox=\"0 0 18 18\">\r\n\t<style type=\"text\/css\">\r\n\r\n\t\t.st0{fill-rule:evenodd;clip-rule:evenodd;}\r\n\r\n\t<\/style>\r\n\t<path class=\"st0\" d=\"M9 1c3.3 0 6 2.7 6 6S9 17 9 17 3 10.3 3 7 5.7 1 9 1zM9 5c1.1 0 2 0.9 2 2s-0.9 2-2 2S7 8.1 7 7 7.9 5 9 5z\"\/>\r\n<\/svg><\/span>\n            <span class=\"rhea_address_text\">Puig de ros<\/span>\n        <\/a>\n    <\/address>\n\t    <p class=\"rhea_fp_excerpt\">Eneida Views: A top-class home in Son Veri (municipality of Llucmajor but close to Palma and the airport) Welcome to Eneida Views, where&hellip;<\/p>\n\n\t                                                    <div class=\"rhea_fp2_meta\">\n\t\t\t\t\t\t\t\t\t\t\t\t\t\t\n\n    <div class=\"rh_prop_card_meta_wrap_stylish\">\n\t\t        <div class=\"rh_prop_card__meta\" style=\"order: 1\">\n\t\t\t\t\t\t\t<span class=\"rhea_meta_titles\">Rooms<\/span>                <div class=\"rhea_meta_icon_wrapper\">\n\t\t\t\t\t<img decoding=\"async\" class=\"custom-meta-icon custom-meta-icon-image\" src=\"https:\/\/www.lucasfroeserealestate.com\/wp-content\/uploads\/2024\/09\/schlafzimmer-immobilien-mallorca-02.png\" alt=\"Bedrooms property meta icon.\" title=\"\">\t\t\t\t\t<span class=\"figure\">4<\/span>\t\t\t\t\t                <\/div>\n\t\t\t        <\/div>\n\t\t        <div class=\"rh_prop_card__meta\" style=\"order: 1\">\n\t\t\t\t\t\t\t<span class=\"rhea_meta_titles\">Badez.<\/span>                <div class=\"rhea_meta_icon_wrapper\">\n\t\t\t\t\t<img decoding=\"async\" class=\"custom-meta-icon custom-meta-icon-image\" src=\"https:\/\/www.lucasfroeserealestate.com\/wp-content\/uploads\/2024\/09\/badezimmer-immobilien-mallorca.png\" alt=\"Bathrooms property meta icon.\" title=\"\">\t\t\t\t\t<span class=\"figure\">3<\/span>\t\t\t\t\t                <\/div>\n\t\t\t        <\/div>\n\t\t        <div class=\"rh_prop_card__meta\" style=\"order: 1\">\n\t\t\t\t\t\t\t<span class=\"rhea_meta_titles\">Residential M2<\/span>                <div class=\"rhea_meta_icon_wrapper\">\n\t\t\t\t\t<img decoding=\"async\" class=\"custom-meta-icon custom-meta-icon-image\" src=\"https:\/\/www.lucasfroeserealestate.com\/wp-content\/uploads\/2024\/09\/wohnflaeche-immobilien-mallorca.png\" alt=\"Area Size property meta icon.\" title=\"\">\t\t\t\t\t<span class=\"figure\">133<\/span>\t\t\t\t\t                <\/div>\n\t\t\t        <\/div>\n\t\t        <div class=\"rh_prop_card__meta\" style=\"order: 1\">\n\t\t\t\t\t\t\t<span class=\"rhea_meta_titles\">Reason M2<\/span>                <div class=\"rhea_meta_icon_wrapper\">\n\t\t\t\t\t<img decoding=\"async\" class=\"custom-meta-icon custom-meta-icon-image\" src=\"https:\/\/www.lucasfroeserealestate.com\/wp-content\/uploads\/2024\/09\/grundstueck-flaeche-immobilien.png\" alt=\"Lot Size property meta icon.\" title=\"\">\t\t\t\t\t<span class=\"figure\">310<\/span>\t\t\t\t\t                <\/div>\n\t\t\t        <\/div>\n\t\t    <\/div>\n\t\n\n\n\n                                                    <\/div>\n\t\t\t\t\t\t\t\t\t\t\t\t\t                                                <div class=\"rhea_fp_sales_icons\">\n\t\t\t\t\t\t\t\t\t\t\t\t\t<div class=\"rhea_fp_price_status\">\n\t            <span class=\"rhea_fp_status\">Price<\/span>\n\t\t\t        <p class=\"rhea_fp_price \">\n\t\t\t 1.050.000\u20ac         <\/p>\n\t\t<\/div>                                                    <div class=\"rhea_wrapper_member_functions\">\n\t\t                                                                                                    <\/div>\n                                                <\/div>\n                                            <\/div>\n                                        <\/div>\n                                    <\/div>\n                                <\/li>\n\t\t\t\t\t\t\t\t                                <li>\n                                    <div class=\"rhea_fp_slide_contents\">\n\t\t\t\t\t\t\t\t\t\t                                            <a href=\"https:\/\/www.lucasfroeserealestate.com\/en\/immobilien\/townhouse-with-garage-in-the-old-town-of-felanitx\/\" class=\"rhea_fp_thumbnail\" style=\"background-image: url('https:\/\/www.lucasfroeserealestate.com\/wp-content\/uploads\/2024\/10\/Stdthaus-mit-Garage-in-Felanitx-1024x683.jpg')\"><\/a>\n\t\t\t\t\t\t\t\t\t\t                                        <div class=\"rhea_fp_slide_info\">\n                                            <a class=\"rhea_fp_permalink\" href=\"https:\/\/www.lucasfroeserealestate.com\/en\/immobilien\/townhouse-with-garage-in-the-old-town-of-felanitx\/\"><\/a>\n                                            <div class=\"rhea_fp_slide_info_inner\">\n\t\t\t\t\t\t\t\t\t\t\t\t<h3 class=\"rhea_fp2_title\"><a href=\"https:\/\/www.lucasfroeserealestate.com\/en\/immobilien\/townhouse-with-garage-in-the-old-town-of-felanitx\/\">Townhouse with garage in the old town of Felanitx<\/a><\/h3>\n    <address class=\"rhea_fp_address\">\n        <a             class=\"rhea_trigger_map rhea_facnybox_trigger-21d62dc \" data-rhea-map-source=\"rhea-map-source-21d62dc\" data-rhea-map-location=\"39.47010124959,3.1477266591446,17\" data-rhea-map-title=\"Townhouse with garage in the old town of Felanitx\" data-rhea-map-price=\" 450.000\u20ac \" data-rhea-map-thumb=\"https:\/\/www.lucasfroeserealestate.com\/wp-content\/uploads\/2024\/10\/Stdthaus-mit-Garage-in-Felanitx-488x326.jpg\"\n\t\t\t href=\"https:\/\/www.lucasfroeserealestate.com\/en\/immobilien\/townhouse-with-garage-in-the-old-town-of-felanitx\/\">\n            <span class=\"rhea_address_pin\"><svg xmlns=\"http:\/\/www.w3.org\/2000\/svg\" viewBox=\"0 0 18 18\">\r\n\t<style type=\"text\/css\">\r\n\r\n\t\t.st0{fill-rule:evenodd;clip-rule:evenodd;}\r\n\r\n\t<\/style>\r\n\t<path class=\"st0\" d=\"M9 1c3.3 0 6 2.7 6 6S9 17 9 17 3 10.3 3 7 5.7 1 9 1zM9 5c1.1 0 2 0.9 2 2s-0.9 2-2 2S7 8.1 7 7 7.9 5 9 5z\"\/>\r\n<\/svg><\/span>\n            <span class=\"rhea_address_text\">Felanitx<\/span>\n        <\/a>\n    <\/address>\n\t    <p class=\"rhea_fp_excerpt\">Townhouse with garage for sale in Felanitx. The house has 220 square meters of space, of which 200 are living space, spread over&hellip;<\/p>\n\n\t                                                    <div class=\"rhea_fp2_meta\">\n\t\t\t\t\t\t\t\t\t\t\t\t\t\t\n\n    <div class=\"rh_prop_card_meta_wrap_stylish\">\n\t\t        <div class=\"rh_prop_card__meta\" style=\"order: 1\">\n\t\t\t\t\t\t\t<span class=\"rhea_meta_titles\">Rooms<\/span>                <div class=\"rhea_meta_icon_wrapper\">\n\t\t\t\t\t<img decoding=\"async\" class=\"custom-meta-icon custom-meta-icon-image\" src=\"https:\/\/www.lucasfroeserealestate.com\/wp-content\/uploads\/2024\/09\/schlafzimmer-immobilien-mallorca-02.png\" alt=\"Bedrooms property meta icon.\" title=\"\">\t\t\t\t\t<span class=\"figure\">2<\/span>\t\t\t\t\t                <\/div>\n\t\t\t        <\/div>\n\t\t        <div class=\"rh_prop_card__meta\" style=\"order: 1\">\n\t\t\t\t\t\t\t<span class=\"rhea_meta_titles\">Badez.<\/span>                <div class=\"rhea_meta_icon_wrapper\">\n\t\t\t\t\t<img decoding=\"async\" class=\"custom-meta-icon custom-meta-icon-image\" src=\"https:\/\/www.lucasfroeserealestate.com\/wp-content\/uploads\/2024\/09\/badezimmer-immobilien-mallorca.png\" alt=\"Bathrooms property meta icon.\" title=\"\">\t\t\t\t\t<span class=\"figure\">2<\/span>\t\t\t\t\t                <\/div>\n\t\t\t        <\/div>\n\t\t        <div class=\"rh_prop_card__meta\" style=\"order: 1\">\n\t\t\t\t\t\t\t<span class=\"rhea_meta_titles\">Residential M2<\/span>                <div class=\"rhea_meta_icon_wrapper\">\n\t\t\t\t\t<img decoding=\"async\" class=\"custom-meta-icon custom-meta-icon-image\" src=\"https:\/\/www.lucasfroeserealestate.com\/wp-content\/uploads\/2024\/09\/wohnflaeche-immobilien-mallorca.png\" alt=\"Area Size property meta icon.\" title=\"\">\t\t\t\t\t<span class=\"figure\">220<\/span>\t\t\t\t\t                <\/div>\n\t\t\t        <\/div>\n\t\t        <div class=\"rh_prop_card__meta\" style=\"order: 1\">\n\t\t\t\t\t\t\t<span class=\"rhea_meta_titles\">Reason M2<\/span>                <div class=\"rhea_meta_icon_wrapper\">\n\t\t\t\t\t<img decoding=\"async\" class=\"custom-meta-icon custom-meta-icon-image\" src=\"https:\/\/www.lucasfroeserealestate.com\/wp-content\/uploads\/2024\/09\/grundstueck-flaeche-immobilien.png\" alt=\"Lot Size property meta icon.\" title=\"\">\t\t\t\t\t<span class=\"figure\">270<\/span>\t\t\t\t\t                <\/div>\n\t\t\t        <\/div>\n\t\t    <\/div>\n\t\n\n\n\n                                                    <\/div>\n\t\t\t\t\t\t\t\t\t\t\t\t\t                                                <div class=\"rhea_fp_sales_icons\">\n\t\t\t\t\t\t\t\t\t\t\t\t\t<div class=\"rhea_fp_price_status\">\n\t            <span class=\"rhea_fp_status\">Price<\/span>\n\t\t\t        <p class=\"rhea_fp_price \">\n\t\t\t 450.000\u20ac         <\/p>\n\t\t<\/div>                                                    <div class=\"rhea_wrapper_member_functions\">\n\t\t                                                                                                    <\/div>\n                                                <\/div>\n                                            <\/div>\n                                        <\/div>\n                                    <\/div>\n                                <\/li>\n\t\t\t\t\t\t\t\t                                <li>\n                                    <div class=\"rhea_fp_slide_contents\">\n\t\t\t\t\t\t\t\t\t\t                                            <a href=\"https:\/\/www.lucasfroeserealestate.com\/en\/immobilien\/exclusive-finca-with-pool-in-portocolom\/\" class=\"rhea_fp_thumbnail\" style=\"background-image: url('https:\/\/www.lucasfroeserealestate.com\/wp-content\/uploads\/2025\/02\/Finca-ETV-Lizenz-Portoclom-2-1-1024x513.jpg')\"><\/a>\n\t\t\t\t\t\t\t\t\t\t                                        <div class=\"rhea_fp_slide_info\">\n                                            <a class=\"rhea_fp_permalink\" href=\"https:\/\/www.lucasfroeserealestate.com\/en\/immobilien\/exclusive-finca-with-pool-in-portocolom\/\"><\/a>\n                                            <div class=\"rhea_fp_slide_info_inner\">\n\t\t\t\t\t\t\t\t\t\t\t\t<h3 class=\"rhea_fp2_title\"><a href=\"https:\/\/www.lucasfroeserealestate.com\/en\/immobilien\/exclusive-finca-with-pool-in-portocolom\/\">Exclusive finca with ETV rental license, guest apartments and pool in Portocolom<\/a><\/h3>\n    <address class=\"rhea_fp_address\">\n        <a             class=\"rhea_trigger_map rhea_facnybox_trigger-21d62dc \" data-rhea-map-source=\"rhea-map-source-21d62dc\" data-rhea-map-location=\"39.415239141979,3.2588209753418,14\" data-rhea-map-title=\"Exclusive finca with ETV rental license, guest apartments and pool in Portocolom\" data-rhea-map-price=\" 5.400.000\u20ac \" data-rhea-map-thumb=\"https:\/\/www.lucasfroeserealestate.com\/wp-content\/uploads\/2025\/02\/Finca-ETV-Lizenz-Portoclom-2-1-488x326.jpg\"\n\t\t\t href=\"https:\/\/www.lucasfroeserealestate.com\/en\/immobilien\/exclusive-finca-with-pool-in-portocolom\/\">\n            <span class=\"rhea_address_pin\"><svg xmlns=\"http:\/\/www.w3.org\/2000\/svg\" viewBox=\"0 0 18 18\">\r\n\t<style type=\"text\/css\">\r\n\r\n\t\t.st0{fill-rule:evenodd;clip-rule:evenodd;}\r\n\r\n\t<\/style>\r\n\t<path class=\"st0\" d=\"M9 1c3.3 0 6 2.7 6 6S9 17 9 17 3 10.3 3 7 5.7 1 9 1zM9 5c1.1 0 2 0.9 2 2s-0.9 2-2 2S7 8.1 7 7 7.9 5 9 5z\"\/>\r\n<\/svg><\/span>\n            <span class=\"rhea_address_text\">Portocolom<\/span>\n        <\/a>\n    <\/address>\n\t    <p class=\"rhea_fp_excerpt\">Exclusive finca with Mediterranean charm and large saltwater pool Experience the authentic Mallorcan lifestyle in this dreamlike finca, which is set on a&hellip;<\/p>\n\n\t                                                    <div class=\"rhea_fp2_meta\">\n\t\t\t\t\t\t\t\t\t\t\t\t\t\t\n\n    <div class=\"rh_prop_card_meta_wrap_stylish\">\n\t\t        <div class=\"rh_prop_card__meta\" style=\"order: 1\">\n\t\t\t\t\t\t\t<span class=\"rhea_meta_titles\">Rooms<\/span>                <div class=\"rhea_meta_icon_wrapper\">\n\t\t\t\t\t<img decoding=\"async\" class=\"custom-meta-icon custom-meta-icon-image\" src=\"https:\/\/www.lucasfroeserealestate.com\/wp-content\/uploads\/2024\/09\/schlafzimmer-immobilien-mallorca-02.png\" alt=\"Bedrooms property meta icon.\" title=\"\">\t\t\t\t\t<span class=\"figure\">6<\/span>\t\t\t\t\t                <\/div>\n\t\t\t        <\/div>\n\t\t        <div class=\"rh_prop_card__meta\" style=\"order: 1\">\n\t\t\t\t\t\t\t<span class=\"rhea_meta_titles\">Badez.<\/span>                <div class=\"rhea_meta_icon_wrapper\">\n\t\t\t\t\t<img decoding=\"async\" class=\"custom-meta-icon custom-meta-icon-image\" src=\"https:\/\/www.lucasfroeserealestate.com\/wp-content\/uploads\/2024\/09\/badezimmer-immobilien-mallorca.png\" alt=\"Bathrooms property meta icon.\" title=\"\">\t\t\t\t\t<span class=\"figure\">6<\/span>\t\t\t\t\t                <\/div>\n\t\t\t        <\/div>\n\t\t        <div class=\"rh_prop_card__meta\" style=\"order: 1\">\n\t\t\t\t\t\t\t<span class=\"rhea_meta_titles\">Residential M2<\/span>                <div class=\"rhea_meta_icon_wrapper\">\n\t\t\t\t\t<img decoding=\"async\" class=\"custom-meta-icon custom-meta-icon-image\" src=\"https:\/\/www.lucasfroeserealestate.com\/wp-content\/uploads\/2024\/09\/wohnflaeche-immobilien-mallorca.png\" alt=\"Area Size property meta icon.\" title=\"\">\t\t\t\t\t<span class=\"figure\">500<\/span>\t\t\t\t\t                <\/div>\n\t\t\t        <\/div>\n\t\t        <div class=\"rh_prop_card__meta\" style=\"order: 1\">\n\t\t\t\t\t\t\t<span class=\"rhea_meta_titles\">Reason M2<\/span>                <div class=\"rhea_meta_icon_wrapper\">\n\t\t\t\t\t<img decoding=\"async\" class=\"custom-meta-icon custom-meta-icon-image\" src=\"https:\/\/www.lucasfroeserealestate.com\/wp-content\/uploads\/2024\/09\/grundstueck-flaeche-immobilien.png\" alt=\"Lot Size property meta icon.\" title=\"\">\t\t\t\t\t<span class=\"figure\">17000<\/span>\t\t\t\t\t                <\/div>\n\t\t\t        <\/div>\n\t\t    <\/div>\n\t\n\n\n\n                                                    <\/div>\n\t\t\t\t\t\t\t\t\t\t\t\t\t                                                <div class=\"rhea_fp_sales_icons\">\n\t\t\t\t\t\t\t\t\t\t\t\t\t<div class=\"rhea_fp_price_status\">\n\t            <span class=\"rhea_fp_status\">Price<\/span>\n\t\t\t        <p class=\"rhea_fp_price \">\n\t\t\t 5.400.000\u20ac         <\/p>\n\t\t<\/div>                                                    <div class=\"rhea_wrapper_member_functions\">\n\t\t                                                                                                    <\/div>\n                                                <\/div>\n                                            <\/div>\n                                        <\/div>\n                                    <\/div>\n                                <\/li>\n\t\t\t\t\t\t\t\t                                <li>\n                                    <div class=\"rhea_fp_slide_contents\">\n\t\t\t\t\t\t\t\t\t\t                                            <a href=\"https:\/\/www.lucasfroeserealestate.com\/en\/immobilien\/exclusive-new-build-project-in-cala-llombards-design-your-own-bespoke-island-paradise\/\" class=\"rhea_fp_thumbnail\" style=\"background-image: url('https:\/\/www.lucasfroeserealestate.com\/wp-content\/uploads\/2024\/12\/Villa-Cala-Llombards_1-1-1024x576.jpg')\"><\/a>\n\t\t\t\t\t\t\t\t\t\t                                        <div class=\"rhea_fp_slide_info\">\n                                            <a class=\"rhea_fp_permalink\" href=\"https:\/\/www.lucasfroeserealestate.com\/en\/immobilien\/exclusive-new-build-project-in-cala-llombards-design-your-own-bespoke-island-paradise\/\"><\/a>\n                                            <div class=\"rhea_fp_slide_info_inner\">\n\t\t\t\t\t\t\t\t\t\t\t\t<h3 class=\"rhea_fp2_title\"><a href=\"https:\/\/www.lucasfroeserealestate.com\/en\/immobilien\/exclusive-new-build-project-in-cala-llombards-design-your-own-bespoke-island-paradise\/\">Exclusive new-build project in Cala Llombards: design your own bespoke island paradise<\/a><\/h3>\n    <address class=\"rhea_fp_address\">\n        <a             class=\"rhea_trigger_map rhea_facnybox_trigger-21d62dc \" data-rhea-map-source=\"rhea-map-source-21d62dc\" data-rhea-map-location=\"39.307871275244,3.1491602935415,13\" data-rhea-map-title=\"Exclusive new-build project in Cala Llombards: design your own bespoke island paradise\" data-rhea-map-price=\" 950.000\u20ac \" data-rhea-map-thumb=\"https:\/\/www.lucasfroeserealestate.com\/wp-content\/uploads\/2024\/12\/Villa-Cala-Llombards_1-1-488x326.jpg\"\n\t\t\t href=\"https:\/\/www.lucasfroeserealestate.com\/en\/immobilien\/exclusive-new-build-project-in-cala-llombards-design-your-own-bespoke-island-paradise\/\">\n            <span class=\"rhea_address_pin\"><svg xmlns=\"http:\/\/www.w3.org\/2000\/svg\" viewBox=\"0 0 18 18\">\r\n\t<style type=\"text\/css\">\r\n\r\n\t\t.st0{fill-rule:evenodd;clip-rule:evenodd;}\r\n\r\n\t<\/style>\r\n\t<path class=\"st0\" d=\"M9 1c3.3 0 6 2.7 6 6S9 17 9 17 3 10.3 3 7 5.7 1 9 1zM9 5c1.1 0 2 0.9 2 2s-0.9 2-2 2S7 8.1 7 7 7.9 5 9 5z\"\/>\r\n<\/svg><\/span>\n            <span class=\"rhea_address_text\">Mallorca, Illes Balears, Spain<\/span>\n        <\/a>\n    <\/address>\n\t    <p class=\"rhea_fp_excerpt\">In the picturesque and tranquil area of Cala Llombards in the south of Mallorca, this exceptional construction project is being built &#8211; a&hellip;<\/p>\n\n\t                                                    <div class=\"rhea_fp2_meta\">\n\t\t\t\t\t\t\t\t\t\t\t\t\t\t\n\n    <div class=\"rh_prop_card_meta_wrap_stylish\">\n\t\t        <div class=\"rh_prop_card__meta\" style=\"order: 1\">\n\t\t\t\t\t\t\t<span class=\"rhea_meta_titles\">Rooms<\/span>                <div class=\"rhea_meta_icon_wrapper\">\n\t\t\t\t\t<img decoding=\"async\" class=\"custom-meta-icon custom-meta-icon-image\" src=\"https:\/\/www.lucasfroeserealestate.com\/wp-content\/uploads\/2024\/09\/schlafzimmer-immobilien-mallorca-02.png\" alt=\"Bedrooms property meta icon.\" title=\"\">\t\t\t\t\t<span class=\"figure\">3<\/span>\t\t\t\t\t                <\/div>\n\t\t\t        <\/div>\n\t\t        <div class=\"rh_prop_card__meta\" style=\"order: 1\">\n\t\t\t\t\t\t\t<span class=\"rhea_meta_titles\">Badez.<\/span>                <div class=\"rhea_meta_icon_wrapper\">\n\t\t\t\t\t<img decoding=\"async\" class=\"custom-meta-icon custom-meta-icon-image\" src=\"https:\/\/www.lucasfroeserealestate.com\/wp-content\/uploads\/2024\/09\/badezimmer-immobilien-mallorca.png\" alt=\"Bathrooms property meta icon.\" title=\"\">\t\t\t\t\t<span class=\"figure\">4<\/span>\t\t\t\t\t                <\/div>\n\t\t\t        <\/div>\n\t\t        <div class=\"rh_prop_card__meta\" style=\"order: 1\">\n\t\t\t\t\t\t\t<span class=\"rhea_meta_titles\">Residential M2<\/span>                <div class=\"rhea_meta_icon_wrapper\">\n\t\t\t\t\t<img decoding=\"async\" class=\"custom-meta-icon custom-meta-icon-image\" src=\"https:\/\/www.lucasfroeserealestate.com\/wp-content\/uploads\/2024\/09\/wohnflaeche-immobilien-mallorca.png\" alt=\"Area Size property meta icon.\" title=\"\">\t\t\t\t\t<span class=\"figure\">112<\/span>\t\t\t\t\t                <\/div>\n\t\t\t        <\/div>\n\t\t        <div class=\"rh_prop_card__meta\" style=\"order: 1\">\n\t\t\t\t\t\t\t<span class=\"rhea_meta_titles\">Reason M2<\/span>                <div class=\"rhea_meta_icon_wrapper\">\n\t\t\t\t\t<img decoding=\"async\" class=\"custom-meta-icon custom-meta-icon-image\" src=\"https:\/\/www.lucasfroeserealestate.com\/wp-content\/uploads\/2024\/09\/grundstueck-flaeche-immobilien.png\" alt=\"Lot Size property meta icon.\" title=\"\">\t\t\t\t\t<span class=\"figure\">425<\/span>\t\t\t\t\t                <\/div>\n\t\t\t        <\/div>\n\t\t    <\/div>\n\t\n\n\n\n                                                    <\/div>\n\t\t\t\t\t\t\t\t\t\t\t\t\t                                                <div class=\"rhea_fp_sales_icons\">\n\t\t\t\t\t\t\t\t\t\t\t\t\t<div class=\"rhea_fp_price_status\">\n\t            <span class=\"rhea_fp_status\">Price<\/span>\n\t\t\t        <p class=\"rhea_fp_price \">\n\t\t\t 950.000\u20ac         <\/p>\n\t\t<\/div>                                                    <div class=\"rhea_wrapper_member_functions\">\n\t\t                                                                                                    <\/div>\n                                                <\/div>\n                                            <\/div>\n                                        <\/div>\n                                    <\/div>\n                                <\/li>\n\t\t\t\t\t\t\t\t                                <li>\n                                    <div class=\"rhea_fp_slide_contents\">\n\t\t\t\t\t\t\t\t\t\t                                            <a href=\"https:\/\/www.lucasfroeserealestate.com\/en\/immobilien\/renovation-project-of-two-semi-detached-houses-in-felanitx\/\" class=\"rhea_fp_thumbnail\" style=\"background-image: url('https:\/\/www.lucasfroeserealestate.com\/wp-content\/uploads\/2024\/07\/Sdthaus-Projeckt-zwei-Dupplex-mit-Garage-3-1024x853.jpg')\"><\/a>\n\t\t\t\t\t\t\t\t\t\t                                        <div class=\"rhea_fp_slide_info\">\n                                            <a class=\"rhea_fp_permalink\" href=\"https:\/\/www.lucasfroeserealestate.com\/en\/immobilien\/renovation-project-of-two-semi-detached-houses-in-felanitx\/\"><\/a>\n                                            <div class=\"rhea_fp_slide_info_inner\">\n\t\t\t\t\t\t\t\t\t\t\t\t<h3 class=\"rhea_fp2_title\"><a href=\"https:\/\/www.lucasfroeserealestate.com\/en\/immobilien\/renovation-project-of-two-semi-detached-houses-in-felanitx\/\">Renovation project of two semi-detached houses in Felanitx<\/a><\/h3>\n    <address class=\"rhea_fp_address\">\n        <a             class=\"rhea_trigger_map rhea_facnybox_trigger-21d62dc \" data-rhea-map-source=\"rhea-map-source-21d62dc\" data-rhea-map-location=\"39.467958481532,3.1458421434483,18\" data-rhea-map-title=\"Renovation project of two semi-detached houses in Felanitx\" data-rhea-map-price=\" 320.000\u20ac \" data-rhea-map-thumb=\"https:\/\/www.lucasfroeserealestate.com\/wp-content\/uploads\/2024\/07\/Sdthaus-Projeckt-zwei-Dupplex-mit-Garage-3-488x326.jpg\"\n\t\t\t href=\"https:\/\/www.lucasfroeserealestate.com\/en\/immobilien\/renovation-project-of-two-semi-detached-houses-in-felanitx\/\">\n            <span class=\"rhea_address_pin\"><svg xmlns=\"http:\/\/www.w3.org\/2000\/svg\" viewBox=\"0 0 18 18\">\r\n\t<style type=\"text\/css\">\r\n\r\n\t\t.st0{fill-rule:evenodd;clip-rule:evenodd;}\r\n\r\n\t<\/style>\r\n\t<path class=\"st0\" d=\"M9 1c3.3 0 6 2.7 6 6S9 17 9 17 3 10.3 3 7 5.7 1 9 1zM9 5c1.1 0 2 0.9 2 2s-0.9 2-2 2S7 8.1 7 7 7.9 5 9 5z\"\/>\r\n<\/svg><\/span>\n            <span class=\"rhea_address_text\">Felanitx<\/span>\n        <\/a>\n    <\/address>\n\t    <p class=\"rhea_fp_excerpt\">We offer for sale an ongoing project for the construction of two semi-detached houses in Felanitx. This project is ideal for investors and&hellip;<\/p>\n\n\t                                                    <div class=\"rhea_fp2_meta\">\n\t\t\t\t\t\t\t\t\t\t\t\t\t\t\n\n    <div class=\"rh_prop_card_meta_wrap_stylish\">\n\t\t        <div class=\"rh_prop_card__meta\" style=\"order: 1\">\n\t\t\t\t\t\t\t<span class=\"rhea_meta_titles\">Rooms<\/span>                <div class=\"rhea_meta_icon_wrapper\">\n\t\t\t\t\t<img decoding=\"async\" class=\"custom-meta-icon custom-meta-icon-image\" src=\"https:\/\/www.lucasfroeserealestate.com\/wp-content\/uploads\/2024\/09\/schlafzimmer-immobilien-mallorca-02.png\" alt=\"Bedrooms property meta icon.\" title=\"\">\t\t\t\t\t<span class=\"figure\">6<\/span>\t\t\t\t\t                <\/div>\n\t\t\t        <\/div>\n\t\t        <div class=\"rh_prop_card__meta\" style=\"order: 1\">\n\t\t\t\t\t\t\t<span class=\"rhea_meta_titles\">Badez.<\/span>                <div class=\"rhea_meta_icon_wrapper\">\n\t\t\t\t\t<img decoding=\"async\" class=\"custom-meta-icon custom-meta-icon-image\" src=\"https:\/\/www.lucasfroeserealestate.com\/wp-content\/uploads\/2024\/09\/badezimmer-immobilien-mallorca.png\" alt=\"Bathrooms property meta icon.\" title=\"\">\t\t\t\t\t<span class=\"figure\">4<\/span>\t\t\t\t\t                <\/div>\n\t\t\t        <\/div>\n\t\t        <div class=\"rh_prop_card__meta\" style=\"order: 1\">\n\t\t\t\t\t\t\t<span class=\"rhea_meta_titles\">Residential M2<\/span>                <div class=\"rhea_meta_icon_wrapper\">\n\t\t\t\t\t<img decoding=\"async\" class=\"custom-meta-icon custom-meta-icon-image\" src=\"https:\/\/www.lucasfroeserealestate.com\/wp-content\/uploads\/2024\/09\/wohnflaeche-immobilien-mallorca.png\" alt=\"Area Size property meta icon.\" title=\"\">\t\t\t\t\t<span class=\"figure\">374<\/span>\t\t\t\t\t                <\/div>\n\t\t\t        <\/div>\n\t\t        <div class=\"rh_prop_card__meta\" style=\"order: 1\">\n\t\t\t\t\t\t\t<span class=\"rhea_meta_titles\">Reason M2<\/span>                <div class=\"rhea_meta_icon_wrapper\">\n\t\t\t\t\t<img decoding=\"async\" class=\"custom-meta-icon custom-meta-icon-image\" src=\"https:\/\/www.lucasfroeserealestate.com\/wp-content\/uploads\/2024\/09\/grundstueck-flaeche-immobilien.png\" alt=\"Lot Size property meta icon.\" title=\"\">\t\t\t\t\t<span class=\"figure\">237<\/span>\t\t\t\t\t                <\/div>\n\t\t\t        <\/div>\n\t\t    <\/div>\n\t\n\n\n\n                                                    <\/div>\n\t\t\t\t\t\t\t\t\t\t\t\t\t                                                <div class=\"rhea_fp_sales_icons\">\n\t\t\t\t\t\t\t\t\t\t\t\t\t<div class=\"rhea_fp_price_status\">\n\t            <span class=\"rhea_fp_status\">Price<\/span>\n\t\t\t        <p class=\"rhea_fp_price \">\n\t\t\t 320.000\u20ac         <\/p>\n\t\t<\/div>                                                    <div class=\"rhea_wrapper_member_functions\">\n\t\t                                                                                                    <\/div>\n                                                <\/div>\n                                            <\/div>\n                                        <\/div>\n                                    <\/div>\n                                <\/li>\n\t\t\t\t\t\t\t\t                                <li>\n                                    <div class=\"rhea_fp_slide_contents\">\n\t\t\t\t\t\t\t\t\t\t                                            <a href=\"https:\/\/www.lucasfroeserealestate.com\/en\/immobilien\/spacious-new-build-chalets-with-pool-close-to-the-airport\/\" class=\"rhea_fp_thumbnail\" style=\"background-image: url('https:\/\/www.lucasfroeserealestate.com\/wp-content\/uploads\/2024\/05\/neubau-chalet-in-palma-24-1024x576.jpg')\"><\/a>\n\t\t\t\t\t\t\t\t\t\t                                        <div class=\"rhea_fp_slide_info\">\n                                            <a class=\"rhea_fp_permalink\" href=\"https:\/\/www.lucasfroeserealestate.com\/en\/immobilien\/spacious-new-build-chalets-with-pool-close-to-the-airport\/\"><\/a>\n                                            <div class=\"rhea_fp_slide_info_inner\">\n\t\t\t\t\t\t\t\t\t\t\t\t<h3 class=\"rhea_fp2_title\"><a href=\"https:\/\/www.lucasfroeserealestate.com\/en\/immobilien\/spacious-new-build-chalets-with-pool-close-to-the-airport\/\">Spacious new-build chalets with pool close to the airport<\/a><\/h3>\n    <address class=\"rhea_fp_address\">\n        <a             class=\"rhea_trigger_map rhea_facnybox_trigger-21d62dc \" data-rhea-map-source=\"rhea-map-source-21d62dc\" data-rhea-map-location=\"39.531052224503,2.7337088232422,13\" data-rhea-map-title=\"Spacious new-build chalets with pool close to the airport\" data-rhea-map-price=\" 1.060.000\u20ac \" data-rhea-map-thumb=\"https:\/\/www.lucasfroeserealestate.com\/wp-content\/uploads\/2024\/05\/neubau-chalet-in-palma-24-488x326.jpg\"\n\t\t\t href=\"https:\/\/www.lucasfroeserealestate.com\/en\/immobilien\/spacious-new-build-chalets-with-pool-close-to-the-airport\/\">\n            <span class=\"rhea_address_pin\"><svg xmlns=\"http:\/\/www.w3.org\/2000\/svg\" viewBox=\"0 0 18 18\">\r\n\t<style type=\"text\/css\">\r\n\r\n\t\t.st0{fill-rule:evenodd;clip-rule:evenodd;}\r\n\r\n\t<\/style>\r\n\t<path class=\"st0\" d=\"M9 1c3.3 0 6 2.7 6 6S9 17 9 17 3 10.3 3 7 5.7 1 9 1zM9 5c1.1 0 2 0.9 2 2s-0.9 2-2 2S7 8.1 7 7 7.9 5 9 5z\"\/>\r\n<\/svg><\/span>\n            <span class=\"rhea_address_text\">Can pastilla<\/span>\n        <\/a>\n    <\/address>\n\t    <p class=\"rhea_fp_excerpt\">Discover Maremma: your dream home in Palma close to the airport Welcome to Maremma, where your search for the perfect home ends. Located&hellip;<\/p>\n\n\t                                                    <div class=\"rhea_fp2_meta\">\n\t\t\t\t\t\t\t\t\t\t\t\t\t\t\n\n    <div class=\"rh_prop_card_meta_wrap_stylish\">\n\t\t        <div class=\"rh_prop_card__meta\" style=\"order: 1\">\n\t\t\t\t\t\t\t<span class=\"rhea_meta_titles\">Rooms<\/span>                <div class=\"rhea_meta_icon_wrapper\">\n\t\t\t\t\t<img decoding=\"async\" class=\"custom-meta-icon custom-meta-icon-image\" src=\"https:\/\/www.lucasfroeserealestate.com\/wp-content\/uploads\/2024\/09\/schlafzimmer-immobilien-mallorca-02.png\" alt=\"Bedrooms property meta icon.\" title=\"\">\t\t\t\t\t<span class=\"figure\">4<\/span>\t\t\t\t\t                <\/div>\n\t\t\t        <\/div>\n\t\t        <div class=\"rh_prop_card__meta\" style=\"order: 1\">\n\t\t\t\t\t\t\t<span class=\"rhea_meta_titles\">Badez.<\/span>                <div class=\"rhea_meta_icon_wrapper\">\n\t\t\t\t\t<img decoding=\"async\" class=\"custom-meta-icon custom-meta-icon-image\" src=\"https:\/\/www.lucasfroeserealestate.com\/wp-content\/uploads\/2024\/09\/badezimmer-immobilien-mallorca.png\" alt=\"Bathrooms property meta icon.\" title=\"\">\t\t\t\t\t<span class=\"figure\">3<\/span>\t\t\t\t\t                <\/div>\n\t\t\t        <\/div>\n\t\t        <div class=\"rh_prop_card__meta\" style=\"order: 1\">\n\t\t\t\t\t\t\t<span class=\"rhea_meta_titles\">Residential M2<\/span>                <div class=\"rhea_meta_icon_wrapper\">\n\t\t\t\t\t<img decoding=\"async\" class=\"custom-meta-icon custom-meta-icon-image\" src=\"https:\/\/www.lucasfroeserealestate.com\/wp-content\/uploads\/2024\/09\/wohnflaeche-immobilien-mallorca.png\" alt=\"Area Size property meta icon.\" title=\"\">\t\t\t\t\t<span class=\"figure\">124<\/span>\t\t\t\t\t                <\/div>\n\t\t\t        <\/div>\n\t\t        <div class=\"rh_prop_card__meta\" style=\"order: 1\">\n\t\t\t\t\t\t\t<span class=\"rhea_meta_titles\">Reason M2<\/span>                <div class=\"rhea_meta_icon_wrapper\">\n\t\t\t\t\t<img decoding=\"async\" class=\"custom-meta-icon custom-meta-icon-image\" src=\"https:\/\/www.lucasfroeserealestate.com\/wp-content\/uploads\/2024\/09\/grundstueck-flaeche-immobilien.png\" alt=\"Lot Size property meta icon.\" title=\"\">\t\t\t\t\t<span class=\"figure\">310<\/span>\t\t\t\t\t                <\/div>\n\t\t\t        <\/div>\n\t\t    <\/div>\n\t\n\n\n\n                                                    <\/div>\n\t\t\t\t\t\t\t\t\t\t\t\t\t                                                <div class=\"rhea_fp_sales_icons\">\n\t\t\t\t\t\t\t\t\t\t\t\t\t<div class=\"rhea_fp_price_status\">\n\t            <span class=\"rhea_fp_status\">Price<\/span>\n\t\t\t        <p class=\"rhea_fp_price \">\n\t\t\t 1.060.000\u20ac         <\/p>\n\t\t<\/div>                                                    <div class=\"rhea_wrapper_member_functions\">\n\t\t                                                                                                    <\/div>\n                                                <\/div>\n                                            <\/div>\n                                        <\/div>\n                                    <\/div>\n                                <\/li>\n\t\t\t\t\t\t\t\t                                <li>\n                                    <div class=\"rhea_fp_slide_contents\">\n\t\t\t\t\t\t\t\t\t\t                                            <a href=\"https:\/\/www.lucasfroeserealestate.com\/en\/immobilien\/charming-detached-house-with-potential-in-cala-santanyi-2\/\" class=\"rhea_fp_thumbnail\" style=\"background-image: url('https:\/\/www.lucasfroeserealestate.com\/wp-content\/uploads\/2025\/07\/sold-lf-web-7-1024x683.jpg')\"><\/a>\n\t\t\t\t\t\t\t\t\t\t                                        <div class=\"rhea_fp_slide_info\">\n                                            <a class=\"rhea_fp_permalink\" href=\"https:\/\/www.lucasfroeserealestate.com\/en\/immobilien\/charming-detached-house-with-potential-in-cala-santanyi-2\/\"><\/a>\n                                            <div class=\"rhea_fp_slide_info_inner\">\n\t\t\t\t\t\t\t\t\t\t\t\t<h3 class=\"rhea_fp2_title\"><a href=\"https:\/\/www.lucasfroeserealestate.com\/en\/immobilien\/charming-detached-house-with-potential-in-cala-santanyi-2\/\">EXCLUSIVE | Charming detached house with potential in Cala Santanyi<\/a><\/h3>\n    <address class=\"rhea_fp_address\">\n        <a             class=\"rhea_trigger_map rhea_facnybox_trigger-21d62dc \" data-rhea-map-source=\"rhea-map-source-21d62dc\" data-rhea-map-location=\"39.331373228391,3.14286371521,14\" data-rhea-map-title=\"EXCLUSIVE | Charming detached house with potential in Cala Santanyi\" data-rhea-map-price=\" 399.000\u20ac \" data-rhea-map-thumb=\"https:\/\/www.lucasfroeserealestate.com\/wp-content\/uploads\/2025\/07\/sold-lf-web-7-488x326.jpg\"\n\t\t\t href=\"https:\/\/www.lucasfroeserealestate.com\/en\/immobilien\/charming-detached-house-with-potential-in-cala-santanyi-2\/\">\n            <span class=\"rhea_address_pin\"><svg xmlns=\"http:\/\/www.w3.org\/2000\/svg\" viewBox=\"0 0 18 18\">\r\n\t<style type=\"text\/css\">\r\n\r\n\t\t.st0{fill-rule:evenodd;clip-rule:evenodd;}\r\n\r\n\t<\/style>\r\n\t<path class=\"st0\" d=\"M9 1c3.3 0 6 2.7 6 6S9 17 9 17 3 10.3 3 7 5.7 1 9 1zM9 5c1.1 0 2 0.9 2 2s-0.9 2-2 2S7 8.1 7 7 7.9 5 9 5z\"\/>\r\n<\/svg><\/span>\n            <span class=\"rhea_address_text\">Cala Santanyi, Mallorca, Illes Balears, Spain<\/span>\n        <\/a>\n    <\/address>\n\t    <p class=\"rhea_fp_excerpt\">Built in 1980, this house offers approx. 122 m\u00b2 of living space on two floors and a 323 m\u00b2 plot of land with&hellip;<\/p>\n\n\t                                                    <div class=\"rhea_fp2_meta\">\n\t\t\t\t\t\t\t\t\t\t\t\t\t\t\n\n    <div class=\"rh_prop_card_meta_wrap_stylish\">\n\t\t        <div class=\"rh_prop_card__meta\" style=\"order: 1\">\n\t\t\t\t\t\t\t<span class=\"rhea_meta_titles\">Rooms<\/span>                <div class=\"rhea_meta_icon_wrapper\">\n\t\t\t\t\t<img decoding=\"async\" class=\"custom-meta-icon custom-meta-icon-image\" src=\"https:\/\/www.lucasfroeserealestate.com\/wp-content\/uploads\/2024\/09\/schlafzimmer-immobilien-mallorca-02.png\" alt=\"Bedrooms property meta icon.\" title=\"\">\t\t\t\t\t<span class=\"figure\">2<\/span>\t\t\t\t\t                <\/div>\n\t\t\t        <\/div>\n\t\t        <div class=\"rh_prop_card__meta\" style=\"order: 1\">\n\t\t\t\t\t\t\t<span class=\"rhea_meta_titles\">Badez.<\/span>                <div class=\"rhea_meta_icon_wrapper\">\n\t\t\t\t\t<img decoding=\"async\" class=\"custom-meta-icon custom-meta-icon-image\" src=\"https:\/\/www.lucasfroeserealestate.com\/wp-content\/uploads\/2024\/09\/badezimmer-immobilien-mallorca.png\" alt=\"Bathrooms property meta icon.\" title=\"\">\t\t\t\t\t<span class=\"figure\">2<\/span>\t\t\t\t\t                <\/div>\n\t\t\t        <\/div>\n\t\t        <div class=\"rh_prop_card__meta\" style=\"order: 1\">\n\t\t\t\t\t\t\t<span class=\"rhea_meta_titles\">Residential M2<\/span>                <div class=\"rhea_meta_icon_wrapper\">\n\t\t\t\t\t<img decoding=\"async\" class=\"custom-meta-icon custom-meta-icon-image\" src=\"https:\/\/www.lucasfroeserealestate.com\/wp-content\/uploads\/2024\/09\/wohnflaeche-immobilien-mallorca.png\" alt=\"Area Size property meta icon.\" title=\"\">\t\t\t\t\t<span class=\"figure\">122<\/span>\t\t\t\t\t                <\/div>\n\t\t\t        <\/div>\n\t\t        <div class=\"rh_prop_card__meta\" style=\"order: 1\">\n\t\t\t\t\t\t\t<span class=\"rhea_meta_titles\">Reason M2<\/span>                <div class=\"rhea_meta_icon_wrapper\">\n\t\t\t\t\t<img decoding=\"async\" class=\"custom-meta-icon custom-meta-icon-image\" src=\"https:\/\/www.lucasfroeserealestate.com\/wp-content\/uploads\/2024\/09\/grundstueck-flaeche-immobilien.png\" alt=\"Lot Size property meta icon.\" title=\"\">\t\t\t\t\t<span class=\"figure\">323<\/span>\t\t\t\t\t                <\/div>\n\t\t\t        <\/div>\n\t\t    <\/div>\n\t\n\n\n\n                                                    <\/div>\n\t\t\t\t\t\t\t\t\t\t\t\t\t                                                <div class=\"rhea_fp_sales_icons\">\n\t\t\t\t\t\t\t\t\t\t\t\t\t<div class=\"rhea_fp_price_status\">\n\t            <span class=\"rhea_fp_status\">Sold<\/span>\n\t\t\t        <p class=\"rhea_fp_price \">\n\t\t\t 399.000\u20ac         <\/p>\n\t\t<\/div>                                                    <div class=\"rhea_wrapper_member_functions\">\n\t\t                                                                                                    <\/div>\n                                                <\/div>\n                                            <\/div>\n                                        <\/div>\n                                    <\/div>\n                                <\/li>\n\t\t\t\t\t\t\t\t                                <li>\n                                    <div class=\"rhea_fp_slide_contents\">\n\t\t\t\t\t\t\t\t\t\t                                            <a href=\"https:\/\/www.lucasfroeserealestate.com\/en\/immobilien\/exclusive-detached-house-in-the-center-of-felanitx-with-two-residential-units-and-terraces\/\" class=\"rhea_fp_thumbnail\" style=\"background-image: url('https:\/\/www.lucasfroeserealestate.com\/wp-content\/uploads\/2025\/10\/DSC01807-1024x683.jpg')\"><\/a>\n\t\t\t\t\t\t\t\t\t\t                                        <div class=\"rhea_fp_slide_info\">\n                                            <a class=\"rhea_fp_permalink\" href=\"https:\/\/www.lucasfroeserealestate.com\/en\/immobilien\/exclusive-detached-house-in-the-center-of-felanitx-with-two-residential-units-and-terraces\/\"><\/a>\n                                            <div class=\"rhea_fp_slide_info_inner\">\n\t\t\t\t\t\t\t\t\t\t\t\t<h3 class=\"rhea_fp2_title\"><a href=\"https:\/\/www.lucasfroeserealestate.com\/en\/immobilien\/exclusive-detached-house-in-the-center-of-felanitx-with-two-residential-units-and-terraces\/\">EXCLUSIVE | Detached house in the center of Felanitx with two residential units and terraces<\/a><\/h3>\n    <address class=\"rhea_fp_address\">\n        <a             class=\"rhea_trigger_map rhea_facnybox_trigger-21d62dc \" data-rhea-map-source=\"rhea-map-source-21d62dc\" data-rhea-map-location=\"39.46589879566,3.1492303616809,17\" data-rhea-map-title=\"EXCLUSIVE | Detached house in the center of Felanitx with two residential units and terraces\" data-rhea-map-price=\" 495.000\u20ac \" data-rhea-map-thumb=\"https:\/\/www.lucasfroeserealestate.com\/wp-content\/uploads\/2025\/10\/DSC01807-488x326.jpg\"\n\t\t\t href=\"https:\/\/www.lucasfroeserealestate.com\/en\/immobilien\/exclusive-detached-house-in-the-center-of-felanitx-with-two-residential-units-and-terraces\/\">\n            <span class=\"rhea_address_pin\"><svg xmlns=\"http:\/\/www.w3.org\/2000\/svg\" viewBox=\"0 0 18 18\">\r\n\t<style type=\"text\/css\">\r\n\r\n\t\t.st0{fill-rule:evenodd;clip-rule:evenodd;}\r\n\r\n\t<\/style>\r\n\t<path class=\"st0\" d=\"M9 1c3.3 0 6 2.7 6 6S9 17 9 17 3 10.3 3 7 5.7 1 9 1zM9 5c1.1 0 2 0.9 2 2s-0.9 2-2 2S7 8.1 7 7 7.9 5 9 5z\"\/>\r\n<\/svg><\/span>\n            <span class=\"rhea_address_text\">Felanitx, Illes Balears, Spain<\/span>\n        <\/a>\n    <\/address>\n\t    <p class=\"rhea_fp_excerpt\">This charming townhouse in the heart of Felanitx impresses with its generous constructed area of 225 m\u00b2 and offers plenty of space for&hellip;<\/p>\n\n\t                                                    <div class=\"rhea_fp2_meta\">\n\t\t\t\t\t\t\t\t\t\t\t\t\t\t\n\n    <div class=\"rh_prop_card_meta_wrap_stylish\">\n\t\t        <div class=\"rh_prop_card__meta\" style=\"order: 1\">\n\t\t\t\t\t\t\t<span class=\"rhea_meta_titles\">Rooms<\/span>                <div class=\"rhea_meta_icon_wrapper\">\n\t\t\t\t\t<img decoding=\"async\" class=\"custom-meta-icon custom-meta-icon-image\" src=\"https:\/\/www.lucasfroeserealestate.com\/wp-content\/uploads\/2024\/09\/schlafzimmer-immobilien-mallorca-02.png\" alt=\"Bedrooms property meta icon.\" title=\"\">\t\t\t\t\t<span class=\"figure\">6<\/span>\t\t\t\t\t                <\/div>\n\t\t\t        <\/div>\n\t\t        <div class=\"rh_prop_card__meta\" style=\"order: 1\">\n\t\t\t\t\t\t\t<span class=\"rhea_meta_titles\">Badez.<\/span>                <div class=\"rhea_meta_icon_wrapper\">\n\t\t\t\t\t<img decoding=\"async\" class=\"custom-meta-icon custom-meta-icon-image\" src=\"https:\/\/www.lucasfroeserealestate.com\/wp-content\/uploads\/2024\/09\/badezimmer-immobilien-mallorca.png\" alt=\"Bathrooms property meta icon.\" title=\"\">\t\t\t\t\t<span class=\"figure\">4<\/span>\t\t\t\t\t                <\/div>\n\t\t\t        <\/div>\n\t\t        <div class=\"rh_prop_card__meta\" style=\"order: 1\">\n\t\t\t\t\t\t\t<span class=\"rhea_meta_titles\">Residential M2<\/span>                <div class=\"rhea_meta_icon_wrapper\">\n\t\t\t\t\t<img decoding=\"async\" class=\"custom-meta-icon custom-meta-icon-image\" src=\"https:\/\/www.lucasfroeserealestate.com\/wp-content\/uploads\/2024\/09\/wohnflaeche-immobilien-mallorca.png\" alt=\"Area Size property meta icon.\" title=\"\">\t\t\t\t\t<span class=\"figure\">220<\/span>\t\t\t\t\t                <\/div>\n\t\t\t        <\/div>\n\t\t        <div class=\"rh_prop_card__meta\" style=\"order: 1\">\n\t\t\t\t\t\t\t<span class=\"rhea_meta_titles\">Reason M2<\/span>                <div class=\"rhea_meta_icon_wrapper\">\n\t\t\t\t\t<img decoding=\"async\" class=\"custom-meta-icon custom-meta-icon-image\" src=\"https:\/\/www.lucasfroeserealestate.com\/wp-content\/uploads\/2024\/09\/grundstueck-flaeche-immobilien.png\" alt=\"Lot Size property meta icon.\" title=\"\">\t\t\t\t\t<span class=\"figure\">131<\/span>\t\t\t\t\t                <\/div>\n\t\t\t        <\/div>\n\t\t    <\/div>\n\t\n\n\n\n                                                    <\/div>\n\t\t\t\t\t\t\t\t\t\t\t\t\t                                                <div class=\"rhea_fp_sales_icons\">\n\t\t\t\t\t\t\t\t\t\t\t\t\t<div class=\"rhea_fp_price_status\">\n\t            <span class=\"rhea_fp_status\">Price<\/span>\n\t\t\t        <p class=\"rhea_fp_price \">\n\t\t\t 495.000\u20ac         <\/p>\n\t\t<\/div>                                                    <div class=\"rhea_wrapper_member_functions\">\n\t\t                                                                                                    <\/div>\n                                                <\/div>\n                                            <\/div>\n                                        <\/div>\n                                    <\/div>\n                                <\/li>\n\t\t\t\t\t\t\t\t                                <li>\n                                    <div class=\"rhea_fp_slide_contents\">\n\t\t\t\t\t\t\t\t\t\t                                            <a href=\"https:\/\/www.lucasfroeserealestate.com\/en\/immobilien\/new-build-chalet-with-swimming-pool-in-felanitx\/\" class=\"rhea_fp_thumbnail\" style=\"background-image: url('https:\/\/www.lucasfroeserealestate.com\/wp-content\/uploads\/2022\/11\/Diseno-sin-titulo-2025-07-18T095013.120-1024x683.jpg')\"><\/a>\n\t\t\t\t\t\t\t\t\t\t                                        <div class=\"rhea_fp_slide_info\">\n                                            <a class=\"rhea_fp_permalink\" href=\"https:\/\/www.lucasfroeserealestate.com\/en\/immobilien\/new-build-chalet-with-swimming-pool-in-felanitx\/\"><\/a>\n                                            <div class=\"rhea_fp_slide_info_inner\">\n\t\t\t\t\t\t\t\t\t\t\t\t<h3 class=\"rhea_fp2_title\"><a href=\"https:\/\/www.lucasfroeserealestate.com\/en\/immobilien\/new-build-chalet-with-swimming-pool-in-felanitx\/\">New build chalet with swimming pool in upmarket location in Felanitx<\/a><\/h3>\n    <address class=\"rhea_fp_address\">\n        <a             class=\"rhea_trigger_map rhea_facnybox_trigger-21d62dc \" data-rhea-map-source=\"rhea-map-source-21d62dc\" data-rhea-map-location=\"39.468733700381,3.1523036956787,14\" data-rhea-map-title=\"New build chalet with swimming pool in upmarket location in Felanitx\" data-rhea-map-price=\" 1.295.000\u20ac \" data-rhea-map-thumb=\"https:\/\/www.lucasfroeserealestate.com\/wp-content\/uploads\/2022\/11\/Diseno-sin-titulo-2025-07-18T095013.120-488x326.jpg\"\n\t\t\t href=\"https:\/\/www.lucasfroeserealestate.com\/en\/immobilien\/new-build-chalet-with-swimming-pool-in-felanitx\/\">\n            <span class=\"rhea_address_pin\"><svg xmlns=\"http:\/\/www.w3.org\/2000\/svg\" viewBox=\"0 0 18 18\">\r\n\t<style type=\"text\/css\">\r\n\r\n\t\t.st0{fill-rule:evenodd;clip-rule:evenodd;}\r\n\r\n\t<\/style>\r\n\t<path class=\"st0\" d=\"M9 1c3.3 0 6 2.7 6 6S9 17 9 17 3 10.3 3 7 5.7 1 9 1zM9 5c1.1 0 2 0.9 2 2s-0.9 2-2 2S7 8.1 7 7 7.9 5 9 5z\"\/>\r\n<\/svg><\/span>\n            <span class=\"rhea_address_text\">Felanitx, Migjorn, Islas Baleares, Espa\u00f1a<\/span>\n        <\/a>\n    <\/address>\n\t    <p class=\"rhea_fp_excerpt\">This modern townhouse is situated on a 540 m\u00b2 plot on the outskirts of Felanitx and extends over three floors with a total&hellip;<\/p>\n\n\t                                                    <div class=\"rhea_fp2_meta\">\n\t\t\t\t\t\t\t\t\t\t\t\t\t\t\n\n    <div class=\"rh_prop_card_meta_wrap_stylish\">\n\t\t        <div class=\"rh_prop_card__meta\" style=\"order: 1\">\n\t\t\t\t\t\t\t<span class=\"rhea_meta_titles\">Rooms<\/span>                <div class=\"rhea_meta_icon_wrapper\">\n\t\t\t\t\t<img decoding=\"async\" class=\"custom-meta-icon custom-meta-icon-image\" src=\"https:\/\/www.lucasfroeserealestate.com\/wp-content\/uploads\/2024\/09\/schlafzimmer-immobilien-mallorca-02.png\" alt=\"Bedrooms property meta icon.\" title=\"\">\t\t\t\t\t<span class=\"figure\">4<\/span>\t\t\t\t\t                <\/div>\n\t\t\t        <\/div>\n\t\t        <div class=\"rh_prop_card__meta\" style=\"order: 1\">\n\t\t\t\t\t\t\t<span class=\"rhea_meta_titles\">Badez.<\/span>                <div class=\"rhea_meta_icon_wrapper\">\n\t\t\t\t\t<img decoding=\"async\" class=\"custom-meta-icon custom-meta-icon-image\" src=\"https:\/\/www.lucasfroeserealestate.com\/wp-content\/uploads\/2024\/09\/badezimmer-immobilien-mallorca.png\" alt=\"Bathrooms property meta icon.\" title=\"\">\t\t\t\t\t<span class=\"figure\">4<\/span>\t\t\t\t\t                <\/div>\n\t\t\t        <\/div>\n\t\t        <div class=\"rh_prop_card__meta\" style=\"order: 1\">\n\t\t\t\t\t\t\t<span class=\"rhea_meta_titles\">Residential M2<\/span>                <div class=\"rhea_meta_icon_wrapper\">\n\t\t\t\t\t<img decoding=\"async\" class=\"custom-meta-icon custom-meta-icon-image\" src=\"https:\/\/www.lucasfroeserealestate.com\/wp-content\/uploads\/2024\/09\/wohnflaeche-immobilien-mallorca.png\" alt=\"Area Size property meta icon.\" title=\"\">\t\t\t\t\t<span class=\"figure\">310<\/span>\t\t\t\t\t                <\/div>\n\t\t\t        <\/div>\n\t\t        <div class=\"rh_prop_card__meta\" style=\"order: 1\">\n\t\t\t\t\t\t\t<span class=\"rhea_meta_titles\">Reason M2<\/span>                <div class=\"rhea_meta_icon_wrapper\">\n\t\t\t\t\t<img decoding=\"async\" class=\"custom-meta-icon custom-meta-icon-image\" src=\"https:\/\/www.lucasfroeserealestate.com\/wp-content\/uploads\/2024\/09\/grundstueck-flaeche-immobilien.png\" alt=\"Lot Size property meta icon.\" title=\"\">\t\t\t\t\t<span class=\"figure\">540<\/span>\t\t\t\t\t                <\/div>\n\t\t\t        <\/div>\n\t\t    <\/div>\n\t\n\n\n\n                                                    <\/div>\n\t\t\t\t\t\t\t\t\t\t\t\t\t                                                <div class=\"rhea_fp_sales_icons\">\n\t\t\t\t\t\t\t\t\t\t\t\t\t<div class=\"rhea_fp_price_status\">\n\t            <span class=\"rhea_fp_status\">Price<\/span>\n\t\t\t        <p class=\"rhea_fp_price \">\n\t\t\t 1.295.000\u20ac         <\/p>\n\t\t<\/div>                                                    <div class=\"rhea_wrapper_member_functions\">\n\t\t                                                                                                    <\/div>\n                                                <\/div>\n                                            <\/div>\n                                        <\/div>\n                                    <\/div>\n                                <\/li>\n\t\t\t\t\t\t\t\t                                <li>\n                                    <div class=\"rhea_fp_slide_contents\">\n\t\t\t\t\t\t\t\t\t\t                                            <a href=\"https:\/\/www.lucasfroeserealestate.com\/en\/immobilien\/neubau-finca-mit-weit-meerblick\/\" class=\"rhea_fp_thumbnail\" style=\"background-image: url('https:\/\/www.lucasfroeserealestate.com\/wp-content\/uploads\/2023\/05\/Neubau-Finca-mit-Fern-Meerblick-9-1024x461.jpg')\"><\/a>\n\t\t\t\t\t\t\t\t\t\t                                        <div class=\"rhea_fp_slide_info\">\n                                            <a class=\"rhea_fp_permalink\" href=\"https:\/\/www.lucasfroeserealestate.com\/en\/immobilien\/neubau-finca-mit-weit-meerblick\/\"><\/a>\n                                            <div class=\"rhea_fp_slide_info_inner\">\n\t\t\t\t\t\t\t\t\t\t\t\t<h3 class=\"rhea_fp2_title\"><a href=\"https:\/\/www.lucasfroeserealestate.com\/en\/immobilien\/neubau-finca-mit-weit-meerblick\/\">Finca with license and wide sea views in the area of Cala Murada<\/a><\/h3>\n    <address class=\"rhea_fp_address\">\n        <a             class=\"rhea_trigger_map rhea_facnybox_trigger-21d62dc \" data-rhea-map-source=\"rhea-map-source-21d62dc\" data-rhea-map-location=\"39.451009789113,3.2733249664307,12\" data-rhea-map-title=\"Finca with license and wide sea views in the area of Cala Murada\" data-rhea-map-price=\" 690.000\u20ac \" data-rhea-map-thumb=\"https:\/\/www.lucasfroeserealestate.com\/wp-content\/uploads\/2023\/05\/Neubau-Finca-mit-Fern-Meerblick-9-488x326.jpg\"\n\t\t\t href=\"https:\/\/www.lucasfroeserealestate.com\/en\/immobilien\/neubau-finca-mit-weit-meerblick\/\">\n            <span class=\"rhea_address_pin\"><svg xmlns=\"http:\/\/www.w3.org\/2000\/svg\" viewBox=\"0 0 18 18\">\r\n\t<style type=\"text\/css\">\r\n\r\n\t\t.st0{fill-rule:evenodd;clip-rule:evenodd;}\r\n\r\n\t<\/style>\r\n\t<path class=\"st0\" d=\"M9 1c3.3 0 6 2.7 6 6S9 17 9 17 3 10.3 3 7 5.7 1 9 1zM9 5c1.1 0 2 0.9 2 2s-0.9 2-2 2S7 8.1 7 7 7.9 5 9 5z\"\/>\r\n<\/svg><\/span>\n            <span class=\"rhea_address_text\">No results found<\/span>\n        <\/a>\n    <\/address>\n\t    <p class=\"rhea_fp_excerpt\">For sale is this exceptional plot of 39,000 m\u00b2 with valid building license and approved project for the construction of a modern finca&hellip;<\/p>\n\n\t                                                    <div class=\"rhea_fp2_meta\">\n\t\t\t\t\t\t\t\t\t\t\t\t\t\t\n\n    <div class=\"rh_prop_card_meta_wrap_stylish\">\n\t\t        <div class=\"rh_prop_card__meta\" style=\"order: 1\">\n\t\t\t\t\t\t\t<span class=\"rhea_meta_titles\">Rooms<\/span>                <div class=\"rhea_meta_icon_wrapper\">\n\t\t\t\t\t<img decoding=\"async\" class=\"custom-meta-icon custom-meta-icon-image\" src=\"https:\/\/www.lucasfroeserealestate.com\/wp-content\/uploads\/2024\/09\/schlafzimmer-immobilien-mallorca-02.png\" alt=\"Bedrooms property meta icon.\" title=\"\">\t\t\t\t\t<span class=\"figure\">4<\/span>\t\t\t\t\t                <\/div>\n\t\t\t        <\/div>\n\t\t        <div class=\"rh_prop_card__meta\" style=\"order: 1\">\n\t\t\t\t\t\t\t<span class=\"rhea_meta_titles\">Badez.<\/span>                <div class=\"rhea_meta_icon_wrapper\">\n\t\t\t\t\t<img decoding=\"async\" class=\"custom-meta-icon custom-meta-icon-image\" src=\"https:\/\/www.lucasfroeserealestate.com\/wp-content\/uploads\/2024\/09\/badezimmer-immobilien-mallorca.png\" alt=\"Bathrooms property meta icon.\" title=\"\">\t\t\t\t\t<span class=\"figure\">4<\/span>\t\t\t\t\t                <\/div>\n\t\t\t        <\/div>\n\t\t        <div class=\"rh_prop_card__meta\" style=\"order: 1\">\n\t\t\t\t\t\t\t<span class=\"rhea_meta_titles\">Residential M2<\/span>                <div class=\"rhea_meta_icon_wrapper\">\n\t\t\t\t\t<img decoding=\"async\" class=\"custom-meta-icon custom-meta-icon-image\" src=\"https:\/\/www.lucasfroeserealestate.com\/wp-content\/uploads\/2024\/09\/wohnflaeche-immobilien-mallorca.png\" alt=\"Area Size property meta icon.\" title=\"\">\t\t\t\t\t<span class=\"figure\">250<\/span>\t\t\t\t\t                <\/div>\n\t\t\t        <\/div>\n\t\t        <div class=\"rh_prop_card__meta\" style=\"order: 1\">\n\t\t\t\t\t\t\t<span class=\"rhea_meta_titles\">Reason M2<\/span>                <div class=\"rhea_meta_icon_wrapper\">\n\t\t\t\t\t<img decoding=\"async\" class=\"custom-meta-icon custom-meta-icon-image\" src=\"https:\/\/www.lucasfroeserealestate.com\/wp-content\/uploads\/2024\/09\/grundstueck-flaeche-immobilien.png\" alt=\"Lot Size property meta icon.\" title=\"\">\t\t\t\t\t<span class=\"figure\">38900<\/span>\t\t\t\t\t                <\/div>\n\t\t\t        <\/div>\n\t\t    <\/div>\n\t\n\n\n\n                                                    <\/div>\n\t\t\t\t\t\t\t\t\t\t\t\t\t                                                <div class=\"rhea_fp_sales_icons\">\n\t\t\t\t\t\t\t\t\t\t\t\t\t<div class=\"rhea_fp_price_status\">\n\t            <span class=\"rhea_fp_status\">Price<\/span>\n\t\t\t        <p class=\"rhea_fp_price \">\n\t\t\t 690.000\u20ac         <\/p>\n\t\t<\/div>                                                    <div class=\"rhea_wrapper_member_functions\">\n\t\t                                                                                                    <\/div>\n                                                <\/div>\n                                            <\/div>\n                                        <\/div>\n                                    <\/div>\n                                <\/li>\n\t\t\t\t\t\t\t\t                                <li>\n                                    <div class=\"rhea_fp_slide_contents\">\n\t\t\t\t\t\t\t\t\t\t                                            <a href=\"https:\/\/www.lucasfroeserealestate.com\/en\/immobilien\/building-plot-in-son-prohens-with-views-of-sant-salvador\/\" class=\"rhea_fp_thumbnail\" style=\"background-image: url('https:\/\/www.lucasfroeserealestate.com\/wp-content\/uploads\/2022\/08\/sold-lf-web-1024x683.jpg')\"><\/a>\n\t\t\t\t\t\t\t\t\t\t                                        <div class=\"rhea_fp_slide_info\">\n                                            <a class=\"rhea_fp_permalink\" href=\"https:\/\/www.lucasfroeserealestate.com\/en\/immobilien\/building-plot-in-son-prohens-with-views-of-sant-salvador\/\"><\/a>\n                                            <div class=\"rhea_fp_slide_info_inner\">\n\t\t\t\t\t\t\t\t\t\t\t\t<h3 class=\"rhea_fp2_title\"><a href=\"https:\/\/www.lucasfroeserealestate.com\/en\/immobilien\/building-plot-in-son-prohens-with-views-of-sant-salvador\/\">SOLD BY US &#8211; Building plot in Son Prohens with views of Sant Salvador<\/a><\/h3>\n    <address class=\"rhea_fp_address\">\n        <a             class=\"rhea_trigger_map rhea_facnybox_trigger-21d62dc \" data-rhea-map-source=\"rhea-map-source-21d62dc\" data-rhea-map-location=\"39.61362,3.02004,14\" data-rhea-map-title=\"SOLD BY US &#8211; Building plot in Son Prohens with views of Sant Salvador\" data-rhea-map-price=\" 230.000\u20ac \" data-rhea-map-thumb=\"https:\/\/www.lucasfroeserealestate.com\/wp-content\/uploads\/2022\/08\/sold-lf-web-488x326.jpg\"\n\t\t\t href=\"https:\/\/www.lucasfroeserealestate.com\/en\/immobilien\/building-plot-in-son-prohens-with-views-of-sant-salvador\/\">\n            <span class=\"rhea_address_pin\"><svg xmlns=\"http:\/\/www.w3.org\/2000\/svg\" viewBox=\"0 0 18 18\">\r\n\t<style type=\"text\/css\">\r\n\r\n\t\t.st0{fill-rule:evenodd;clip-rule:evenodd;}\r\n\r\n\t<\/style>\r\n\t<path class=\"st0\" d=\"M9 1c3.3 0 6 2.7 6 6S9 17 9 17 3 10.3 3 7 5.7 1 9 1zM9 5c1.1 0 2 0.9 2 2s-0.9 2-2 2S7 8.1 7 7 7.9 5 9 5z\"\/>\r\n<\/svg><\/span>\n            <span class=\"rhea_address_text\">Mallorca, Illes Balears, Spain<\/span>\n        <\/a>\n    <\/address>\n\t    <p class=\"rhea_fp_excerpt\">Investment opportunity in Son Prohens, near Felanitx! This excellent building plot of 22,278 m\u00b2 is for sale in the prestigious area of Son&hellip;<\/p>\n\n\t                                                    <div class=\"rhea_fp2_meta\">\n\t\t\t\t\t\t\t\t\t\t\t\t\t\t\n\n    <div class=\"rh_prop_card_meta_wrap_stylish\">\n\t\t        <div class=\"rh_prop_card__meta\" style=\"order: 1\">\n\t\t\t\t\t\t\t<span class=\"rhea_meta_titles\">Reason M2<\/span>                <div class=\"rhea_meta_icon_wrapper\">\n\t\t\t\t\t<img decoding=\"async\" class=\"custom-meta-icon custom-meta-icon-image\" src=\"https:\/\/www.lucasfroeserealestate.com\/wp-content\/uploads\/2024\/09\/grundstueck-flaeche-immobilien.png\" alt=\"Lot Size property meta icon.\" title=\"\">\t\t\t\t\t<span class=\"figure\">22278<\/span>\t\t\t\t\t                <\/div>\n\t\t\t        <\/div>\n\t\t    <\/div>\n\t\n\n\n\n                                                    <\/div>\n\t\t\t\t\t\t\t\t\t\t\t\t\t                                                <div class=\"rhea_fp_sales_icons\">\n\t\t\t\t\t\t\t\t\t\t\t\t\t<div class=\"rhea_fp_price_status\">\n\t            <span class=\"rhea_fp_status\">Sold<\/span>\n\t\t\t        <p class=\"rhea_fp_price \">\n\t\t\t 230.000\u20ac         <\/p>\n\t\t<\/div>                                                    <div class=\"rhea_wrapper_member_functions\">\n\t\t                                                                                                    <\/div>\n                                                <\/div>\n                                            <\/div>\n                                        <\/div>\n                                    <\/div>\n                                <\/li>\n\t\t\t\t\t\t\t\t                                <li>\n                                    <div class=\"rhea_fp_slide_contents\">\n\t\t\t\t\t\t\t\t\t\t                                            <a href=\"https:\/\/www.lucasfroeserealestate.com\/en\/immobilien\/exclusive-luxury-new-build-finca-in-es-carritxo\/\" class=\"rhea_fp_thumbnail\" style=\"background-image: url('https:\/\/www.lucasfroeserealestate.com\/wp-content\/uploads\/2024\/12\/immobilien-mallorca-neubau-finca-LF0528-9-1-1024x682.jpg')\"><\/a>\n\t\t\t\t\t\t\t\t\t\t                                        <div class=\"rhea_fp_slide_info\">\n                                            <a class=\"rhea_fp_permalink\" href=\"https:\/\/www.lucasfroeserealestate.com\/en\/immobilien\/exclusive-luxury-new-build-finca-in-es-carritxo\/\"><\/a>\n                                            <div class=\"rhea_fp_slide_info_inner\">\n\t\t\t\t\t\t\t\t\t\t\t\t<h3 class=\"rhea_fp2_title\"><a href=\"https:\/\/www.lucasfroeserealestate.com\/en\/immobilien\/exclusive-luxury-new-build-finca-in-es-carritxo\/\">Exclusive and self-sufficient luxury new build finca in Cas Concos<\/a><\/h3>\n    <address class=\"rhea_fp_address\">\n        <a             class=\"rhea_trigger_map rhea_facnybox_trigger-21d62dc \" data-rhea-map-source=\"rhea-map-source-21d62dc\" data-rhea-map-location=\"39.4246747,3.1654548,13\" data-rhea-map-title=\"Exclusive and self-sufficient luxury new build finca in Cas Concos\" data-rhea-map-price=\" 4.750.000\u20ac \" data-rhea-map-thumb=\"https:\/\/www.lucasfroeserealestate.com\/wp-content\/uploads\/2024\/12\/immobilien-mallorca-neubau-finca-LF0528-9-1-488x326.jpg\"\n\t\t\t href=\"https:\/\/www.lucasfroeserealestate.com\/en\/immobilien\/exclusive-luxury-new-build-finca-in-es-carritxo\/\">\n            <span class=\"rhea_address_pin\"><svg xmlns=\"http:\/\/www.w3.org\/2000\/svg\" viewBox=\"0 0 18 18\">\r\n\t<style type=\"text\/css\">\r\n\r\n\t\t.st0{fill-rule:evenodd;clip-rule:evenodd;}\r\n\r\n\t<\/style>\r\n\t<path class=\"st0\" d=\"M9 1c3.3 0 6 2.7 6 6S9 17 9 17 3 10.3 3 7 5.7 1 9 1zM9 5c1.1 0 2 0.9 2 2s-0.9 2-2 2S7 8.1 7 7 7.9 5 9 5z\"\/>\r\n<\/svg><\/span>\n            <span class=\"rhea_address_text\">es Carritx\u00f3, Felanich, Migjorn, Islas Baleares, 07208, Espa\u00f1a<\/span>\n        <\/a>\n    <\/address>\n\t    <p class=\"rhea_fp_excerpt\">Dream finca in Es Carritx\u00f3: luxury meets minimalism and rustic elegance A masterpiece of modern architecture and traditional accents in a top location&hellip;<\/p>\n\n\t                                                    <div class=\"rhea_fp2_meta\">\n\t\t\t\t\t\t\t\t\t\t\t\t\t\t\n\n    <div class=\"rh_prop_card_meta_wrap_stylish\">\n\t\t        <div class=\"rh_prop_card__meta\" style=\"order: 1\">\n\t\t\t\t\t\t\t<span class=\"rhea_meta_titles\">Rooms<\/span>                <div class=\"rhea_meta_icon_wrapper\">\n\t\t\t\t\t<img decoding=\"async\" class=\"custom-meta-icon custom-meta-icon-image\" src=\"https:\/\/www.lucasfroeserealestate.com\/wp-content\/uploads\/2024\/09\/schlafzimmer-immobilien-mallorca-02.png\" alt=\"Bedrooms property meta icon.\" title=\"\">\t\t\t\t\t<span class=\"figure\">5<\/span>\t\t\t\t\t                <\/div>\n\t\t\t        <\/div>\n\t\t        <div class=\"rh_prop_card__meta\" style=\"order: 1\">\n\t\t\t\t\t\t\t<span class=\"rhea_meta_titles\">Badez.<\/span>                <div class=\"rhea_meta_icon_wrapper\">\n\t\t\t\t\t<img decoding=\"async\" class=\"custom-meta-icon custom-meta-icon-image\" src=\"https:\/\/www.lucasfroeserealestate.com\/wp-content\/uploads\/2024\/09\/badezimmer-immobilien-mallorca.png\" alt=\"Bathrooms property meta icon.\" title=\"\">\t\t\t\t\t<span class=\"figure\">5<\/span>\t\t\t\t\t                <\/div>\n\t\t\t        <\/div>\n\t\t        <div class=\"rh_prop_card__meta\" style=\"order: 1\">\n\t\t\t\t\t\t\t<span class=\"rhea_meta_titles\">Residential M2<\/span>                <div class=\"rhea_meta_icon_wrapper\">\n\t\t\t\t\t<img decoding=\"async\" class=\"custom-meta-icon custom-meta-icon-image\" src=\"https:\/\/www.lucasfroeserealestate.com\/wp-content\/uploads\/2024\/09\/wohnflaeche-immobilien-mallorca.png\" alt=\"Area Size property meta icon.\" title=\"\">\t\t\t\t\t<span class=\"figure\">580<\/span>\t\t\t\t\t                <\/div>\n\t\t\t        <\/div>\n\t\t        <div class=\"rh_prop_card__meta\" style=\"order: 1\">\n\t\t\t\t\t\t\t<span class=\"rhea_meta_titles\">Reason M2<\/span>                <div class=\"rhea_meta_icon_wrapper\">\n\t\t\t\t\t<img decoding=\"async\" class=\"custom-meta-icon custom-meta-icon-image\" src=\"https:\/\/www.lucasfroeserealestate.com\/wp-content\/uploads\/2024\/09\/grundstueck-flaeche-immobilien.png\" alt=\"Lot Size property meta icon.\" title=\"\">\t\t\t\t\t<span class=\"figure\">59000<\/span>\t\t\t\t\t                <\/div>\n\t\t\t        <\/div>\n\t\t    <\/div>\n\t\n\n\n\n                                                    <\/div>\n\t\t\t\t\t\t\t\t\t\t\t\t\t                                                <div class=\"rhea_fp_sales_icons\">\n\t\t\t\t\t\t\t\t\t\t\t\t\t<div class=\"rhea_fp_price_status\">\n\t            <span class=\"rhea_fp_status\">Price<\/span>\n\t\t\t        <p class=\"rhea_fp_price \">\n\t\t\t 4.750.000\u20ac         <\/p>\n\t\t<\/div>                                                    <div class=\"rhea_wrapper_member_functions\">\n\t\t                                                                                                    <\/div>\n                                                <\/div>\n                                            <\/div>\n                                        <\/div>\n                                    <\/div>\n                                <\/li>\n\t\t\t\t\t\t\t\t                                <li>\n                                    <div class=\"rhea_fp_slide_contents\">\n\t\t\t\t\t\t\t\t\t\t                                            <a href=\"https:\/\/www.lucasfroeserealestate.com\/en\/immobilien\/building-plot-very-close-to-cas-concos\/\" class=\"rhea_fp_thumbnail\" style=\"background-image: url('https:\/\/www.lucasfroeserealestate.com\/wp-content\/uploads\/2023\/10\/Baugrundstueck-neben-Cas-Concos-Investment-1024x683.jpg')\"><\/a>\n\t\t\t\t\t\t\t\t\t\t                                        <div class=\"rhea_fp_slide_info\">\n                                            <a class=\"rhea_fp_permalink\" href=\"https:\/\/www.lucasfroeserealestate.com\/en\/immobilien\/building-plot-very-close-to-cas-concos\/\"><\/a>\n                                            <div class=\"rhea_fp_slide_info_inner\">\n\t\t\t\t\t\t\t\t\t\t\t\t<h3 class=\"rhea_fp2_title\"><a href=\"https:\/\/www.lucasfroeserealestate.com\/en\/immobilien\/building-plot-very-close-to-cas-concos\/\">Plot of land very close to Cas Concos<\/a><\/h3>\n    <address class=\"rhea_fp_address\">\n        <a             class=\"rhea_trigger_map rhea_facnybox_trigger-21d62dc \" data-rhea-map-source=\"rhea-map-source-21d62dc\" data-rhea-map-location=\"39.417761989847,3.1368541717529,14\" data-rhea-map-title=\"Plot of land very close to Cas Concos\" data-rhea-map-price=\" 350.000\u20ac \" data-rhea-map-thumb=\"https:\/\/www.lucasfroeserealestate.com\/wp-content\/uploads\/2023\/10\/Baugrundstueck-neben-Cas-Concos-Investment-488x326.jpg\"\n\t\t\t href=\"https:\/\/www.lucasfroeserealestate.com\/en\/immobilien\/building-plot-very-close-to-cas-concos\/\">\n            <span class=\"rhea_address_pin\"><svg xmlns=\"http:\/\/www.w3.org\/2000\/svg\" viewBox=\"0 0 18 18\">\r\n\t<style type=\"text\/css\">\r\n\r\n\t\t.st0{fill-rule:evenodd;clip-rule:evenodd;}\r\n\r\n\t<\/style>\r\n\t<path class=\"st0\" d=\"M9 1c3.3 0 6 2.7 6 6S9 17 9 17 3 10.3 3 7 5.7 1 9 1zM9 5c1.1 0 2 0.9 2 2s-0.9 2-2 2S7 8.1 7 7 7.9 5 9 5z\"\/>\r\n<\/svg><\/span>\n            <span class=\"rhea_address_text\">Cas Concos, carrer de Sant Nicolau, Cas Concos des Cavaller, Felanitx, Migjorn, Islas Baleares, 07208, Espa\u00f1a<\/span>\n        <\/a>\n    <\/address>\n\t    <p class=\"rhea_fp_excerpt\">According to the current legal situation, the property cannot be built on (less than 15,000m2) For sale is this rustic plot of 14,700&hellip;<\/p>\n\n\t                                                    <div class=\"rhea_fp2_meta\">\n\t\t\t\t\t\t\t\t\t\t\t\t\t\t\n\n    <div class=\"rh_prop_card_meta_wrap_stylish\">\n\t\t        <div class=\"rh_prop_card__meta\" style=\"order: 1\">\n\t\t\t\t\t\t\t<span class=\"rhea_meta_titles\">Reason M2<\/span>                <div class=\"rhea_meta_icon_wrapper\">\n\t\t\t\t\t<img decoding=\"async\" class=\"custom-meta-icon custom-meta-icon-image\" src=\"https:\/\/www.lucasfroeserealestate.com\/wp-content\/uploads\/2024\/09\/grundstueck-flaeche-immobilien.png\" alt=\"Lot Size property meta icon.\" title=\"\">\t\t\t\t\t<span class=\"figure\">14700<\/span>\t\t\t\t\t                <\/div>\n\t\t\t        <\/div>\n\t\t    <\/div>\n\t\n\n\n\n                                                    <\/div>\n\t\t\t\t\t\t\t\t\t\t\t\t\t                                                <div class=\"rhea_fp_sales_icons\">\n\t\t\t\t\t\t\t\t\t\t\t\t\t<div class=\"rhea_fp_price_status\">\n\t            <span class=\"rhea_fp_status\">Price<\/span>\n\t\t\t        <p class=\"rhea_fp_price \">\n\t\t\t 350.000\u20ac         <\/p>\n\t\t<\/div>                                                    <div class=\"rhea_wrapper_member_functions\">\n\t\t                                                                                                    <\/div>\n                                                <\/div>\n                                            <\/div>\n                                        <\/div>\n                                    <\/div>\n                                <\/li>\n\t\t\t\t\t\t\t\t                                <li>\n                                    <div class=\"rhea_fp_slide_contents\">\n\t\t\t\t\t\t\t\t\t\t                                            <a href=\"https:\/\/www.lucasfroeserealestate.com\/en\/immobilien\/building-plot-with-well-license\/\" class=\"rhea_fp_thumbnail\" style=\"background-image: url('https:\/\/www.lucasfroeserealestate.com\/wp-content\/uploads\/2024\/07\/Gruednstuck-neben-Felanitx-und-Manacor-2-1024x683.jpg')\"><\/a>\n\t\t\t\t\t\t\t\t\t\t                                        <div class=\"rhea_fp_slide_info\">\n                                            <a class=\"rhea_fp_permalink\" href=\"https:\/\/www.lucasfroeserealestate.com\/en\/immobilien\/building-plot-with-well-license\/\"><\/a>\n                                            <div class=\"rhea_fp_slide_info_inner\">\n\t\t\t\t\t\t\t\t\t\t\t\t<h3 class=\"rhea_fp2_title\"><a href=\"https:\/\/www.lucasfroeserealestate.com\/en\/immobilien\/building-plot-with-well-license\/\">Building plot with views of Sant Salvador<\/a><\/h3>\n    <address class=\"rhea_fp_address\">\n        <a             class=\"rhea_trigger_map rhea_facnybox_trigger-21d62dc \" data-rhea-map-source=\"rhea-map-source-21d62dc\" data-rhea-map-location=\"39.467405563159,3.14492853952,17\" data-rhea-map-title=\"Building plot with views of Sant Salvador\" data-rhea-map-price=\" 190.000\u20ac \" data-rhea-map-thumb=\"https:\/\/www.lucasfroeserealestate.com\/wp-content\/uploads\/2024\/07\/Gruednstuck-neben-Felanitx-und-Manacor-2-488x326.jpg\"\n\t\t\t href=\"https:\/\/www.lucasfroeserealestate.com\/en\/immobilien\/building-plot-with-well-license\/\">\n            <span class=\"rhea_address_pin\"><svg xmlns=\"http:\/\/www.w3.org\/2000\/svg\" viewBox=\"0 0 18 18\">\r\n\t<style type=\"text\/css\">\r\n\r\n\t\t.st0{fill-rule:evenodd;clip-rule:evenodd;}\r\n\r\n\t<\/style>\r\n\t<path class=\"st0\" d=\"M9 1c3.3 0 6 2.7 6 6S9 17 9 17 3 10.3 3 7 5.7 1 9 1zM9 5c1.1 0 2 0.9 2 2s-0.9 2-2 2S7 8.1 7 7 7.9 5 9 5z\"\/>\r\n<\/svg><\/span>\n            <span class=\"rhea_address_text\">Felanitx<\/span>\n        <\/a>\n    <\/address>\n\t    <p class=\"rhea_fp_excerpt\">This 17,380 m\u00b2 building plot for sale near Felanitx and Manacor is located just a few kilometers from both towns on the Felanitx&hellip;<\/p>\n\n\t                                                    <div class=\"rhea_fp2_meta\">\n\t\t\t\t\t\t\t\t\t\t\t\t\t\t\n\n    <div class=\"rh_prop_card_meta_wrap_stylish\">\n\t\t        <div class=\"rh_prop_card__meta\" style=\"order: 1\">\n\t\t\t\t\t\t\t<span class=\"rhea_meta_titles\">Residential M2<\/span>                <div class=\"rhea_meta_icon_wrapper\">\n\t\t\t\t\t<img decoding=\"async\" class=\"custom-meta-icon custom-meta-icon-image\" src=\"https:\/\/www.lucasfroeserealestate.com\/wp-content\/uploads\/2024\/09\/wohnflaeche-immobilien-mallorca.png\" alt=\"Area Size property meta icon.\" title=\"\">\t\t\t\t\t<span class=\"figure\">250<\/span>\t\t\t\t\t                <\/div>\n\t\t\t        <\/div>\n\t\t        <div class=\"rh_prop_card__meta\" style=\"order: 1\">\n\t\t\t\t\t\t\t<span class=\"rhea_meta_titles\">Reason M2<\/span>                <div class=\"rhea_meta_icon_wrapper\">\n\t\t\t\t\t<img decoding=\"async\" class=\"custom-meta-icon custom-meta-icon-image\" src=\"https:\/\/www.lucasfroeserealestate.com\/wp-content\/uploads\/2024\/09\/grundstueck-flaeche-immobilien.png\" alt=\"Lot Size property meta icon.\" title=\"\">\t\t\t\t\t<span class=\"figure\">17380<\/span>\t\t\t\t\t                <\/div>\n\t\t\t        <\/div>\n\t\t    <\/div>\n\t\n\n\n\n                                                    <\/div>\n\t\t\t\t\t\t\t\t\t\t\t\t\t                                                <div class=\"rhea_fp_sales_icons\">\n\t\t\t\t\t\t\t\t\t\t\t\t\t<div class=\"rhea_fp_price_status\">\n\t            <span class=\"rhea_fp_status\">Price<\/span>\n\t\t\t        <p class=\"rhea_fp_price \">\n\t\t\t 190.000\u20ac         <\/p>\n\t\t<\/div>                                                    <div class=\"rhea_wrapper_member_functions\">\n\t\t                                                                                                    <\/div>\n                                                <\/div>\n                                            <\/div>\n                                        <\/div>\n                                    <\/div>\n                                <\/li>\n\t\t\t\t\t\t\t\t                                <li>\n                                    <div class=\"rhea_fp_slide_contents\">\n\t\t\t\t\t\t\t\t\t\t                                            <a href=\"https:\/\/www.lucasfroeserealestate.com\/en\/immobilien\/exclusive-townhouse-in-ses-salines\/\" class=\"rhea_fp_thumbnail\" style=\"background-image: url('https:\/\/www.lucasfroeserealestate.com\/wp-content\/uploads\/2025\/02\/Stadthaus-Cas-Predi-Ses-Salines-5-1024x740.jpg')\"><\/a>\n\t\t\t\t\t\t\t\t\t\t                                        <div class=\"rhea_fp_slide_info\">\n                                            <a class=\"rhea_fp_permalink\" href=\"https:\/\/www.lucasfroeserealestate.com\/en\/immobilien\/exclusive-townhouse-in-ses-salines\/\"><\/a>\n                                            <div class=\"rhea_fp_slide_info_inner\">\n\t\t\t\t\t\t\t\t\t\t\t\t<h3 class=\"rhea_fp2_title\"><a href=\"https:\/\/www.lucasfroeserealestate.com\/en\/immobilien\/exclusive-townhouse-in-ses-salines\/\">Exclusive townhouse in Ses Salines<\/a><\/h3>\n    <address class=\"rhea_fp_address\">\n        <a             class=\"rhea_trigger_map rhea_facnybox_trigger-21d62dc \" data-rhea-map-source=\"rhea-map-source-21d62dc\" data-rhea-map-location=\"39.338020157151,3.056078160324,17\" data-rhea-map-title=\"Exclusive townhouse in Ses Salines\" data-rhea-map-price=\" 2.300.000\u20ac \" data-rhea-map-thumb=\"https:\/\/www.lucasfroeserealestate.com\/wp-content\/uploads\/2025\/02\/Stadthaus-Cas-Predi-Ses-Salines-5-488x326.jpg\"\n\t\t\t href=\"https:\/\/www.lucasfroeserealestate.com\/en\/immobilien\/exclusive-townhouse-in-ses-salines\/\">\n            <span class=\"rhea_address_pin\"><svg xmlns=\"http:\/\/www.w3.org\/2000\/svg\" viewBox=\"0 0 18 18\">\r\n\t<style type=\"text\/css\">\r\n\r\n\t\t.st0{fill-rule:evenodd;clip-rule:evenodd;}\r\n\r\n\t<\/style>\r\n\t<path class=\"st0\" d=\"M9 1c3.3 0 6 2.7 6 6S9 17 9 17 3 10.3 3 7 5.7 1 9 1zM9 5c1.1 0 2 0.9 2 2s-0.9 2-2 2S7 8.1 7 7 7.9 5 9 5z\"\/>\r\n<\/svg><\/span>\n            <span class=\"rhea_address_text\">Ses Salines, Mallorca, Illes Balears, Spain<\/span>\n        <\/a>\n    <\/address>\n\t    <p class=\"rhea_fp_excerpt\">Tradition meets modern comfort This charming townhouse in Ses Salines combines traditional Mallorcan flair with high-quality furnishings and modern living comfort. On a&hellip;<\/p>\n\n\t                                                    <div class=\"rhea_fp2_meta\">\n\t\t\t\t\t\t\t\t\t\t\t\t\t\t\n\n    <div class=\"rh_prop_card_meta_wrap_stylish\">\n\t\t        <div class=\"rh_prop_card__meta\" style=\"order: 1\">\n\t\t\t\t\t\t\t<span class=\"rhea_meta_titles\">Rooms<\/span>                <div class=\"rhea_meta_icon_wrapper\">\n\t\t\t\t\t<img decoding=\"async\" class=\"custom-meta-icon custom-meta-icon-image\" src=\"https:\/\/www.lucasfroeserealestate.com\/wp-content\/uploads\/2024\/09\/schlafzimmer-immobilien-mallorca-02.png\" alt=\"Bedrooms property meta icon.\" title=\"\">\t\t\t\t\t<span class=\"figure\">3<\/span>\t\t\t\t\t                <\/div>\n\t\t\t        <\/div>\n\t\t        <div class=\"rh_prop_card__meta\" style=\"order: 1\">\n\t\t\t\t\t\t\t<span class=\"rhea_meta_titles\">Badez.<\/span>                <div class=\"rhea_meta_icon_wrapper\">\n\t\t\t\t\t<img decoding=\"async\" class=\"custom-meta-icon custom-meta-icon-image\" src=\"https:\/\/www.lucasfroeserealestate.com\/wp-content\/uploads\/2024\/09\/badezimmer-immobilien-mallorca.png\" alt=\"Bathrooms property meta icon.\" title=\"\">\t\t\t\t\t<span class=\"figure\">4<\/span>\t\t\t\t\t                <\/div>\n\t\t\t        <\/div>\n\t\t        <div class=\"rh_prop_card__meta\" style=\"order: 1\">\n\t\t\t\t\t\t\t<span class=\"rhea_meta_titles\">Residential M2<\/span>                <div class=\"rhea_meta_icon_wrapper\">\n\t\t\t\t\t<img decoding=\"async\" class=\"custom-meta-icon custom-meta-icon-image\" src=\"https:\/\/www.lucasfroeserealestate.com\/wp-content\/uploads\/2024\/09\/wohnflaeche-immobilien-mallorca.png\" alt=\"Area Size property meta icon.\" title=\"\">\t\t\t\t\t<span class=\"figure\">203<\/span>\t\t\t\t\t                <\/div>\n\t\t\t        <\/div>\n\t\t        <div class=\"rh_prop_card__meta\" style=\"order: 1\">\n\t\t\t\t\t\t\t<span class=\"rhea_meta_titles\">Reason M2<\/span>                <div class=\"rhea_meta_icon_wrapper\">\n\t\t\t\t\t<img decoding=\"async\" class=\"custom-meta-icon custom-meta-icon-image\" src=\"https:\/\/www.lucasfroeserealestate.com\/wp-content\/uploads\/2024\/09\/grundstueck-flaeche-immobilien.png\" alt=\"Lot Size property meta icon.\" title=\"\">\t\t\t\t\t<span class=\"figure\">156<\/span>\t\t\t\t\t                <\/div>\n\t\t\t        <\/div>\n\t\t    <\/div>\n\t\n\n\n\n                                                    <\/div>\n\t\t\t\t\t\t\t\t\t\t\t\t\t                                                <div class=\"rhea_fp_sales_icons\">\n\t\t\t\t\t\t\t\t\t\t\t\t\t<div class=\"rhea_fp_price_status\">\n\t            <span class=\"rhea_fp_status\">Price<\/span>\n\t\t\t        <p class=\"rhea_fp_price \">\n\t\t\t 2.300.000\u20ac         <\/p>\n\t\t<\/div>                                                    <div class=\"rhea_wrapper_member_functions\">\n\t\t                                                                                                    <\/div>\n                                                <\/div>\n                                            <\/div>\n                                        <\/div>\n                                    <\/div>\n                                <\/li>\n\t\t\t\t\t\t\t\t                                <li>\n                                    <div class=\"rhea_fp_slide_contents\">\n\t\t\t\t\t\t\t\t\t\t                                            <a href=\"https:\/\/www.lucasfroeserealestate.com\/en\/immobilien\/modern-chalet-with-etv-license-pool-and-sea-view\/\" class=\"rhea_fp_thumbnail\" style=\"background-image: url('https:\/\/www.lucasfroeserealestate.com\/wp-content\/uploads\/2025\/10\/Chalet-ETV-Pool-Cala-Pi-1-34-1024x768.jpg')\"><\/a>\n\t\t\t\t\t\t\t\t\t\t                                        <div class=\"rhea_fp_slide_info\">\n                                            <a class=\"rhea_fp_permalink\" href=\"https:\/\/www.lucasfroeserealestate.com\/en\/immobilien\/modern-chalet-with-etv-license-pool-and-sea-view\/\"><\/a>\n                                            <div class=\"rhea_fp_slide_info_inner\">\n\t\t\t\t\t\t\t\t\t\t\t\t<h3 class=\"rhea_fp2_title\"><a href=\"https:\/\/www.lucasfroeserealestate.com\/en\/immobilien\/modern-chalet-with-etv-license-pool-and-sea-view\/\">Modern chalet with ETV license, pool and sea view<\/a><\/h3>\n    <address class=\"rhea_fp_address\">\n        <a             class=\"rhea_trigger_map rhea_facnybox_trigger-21d62dc \" data-rhea-map-source=\"rhea-map-source-21d62dc\" data-rhea-map-location=\"39.365511107571,2.8540493701758,12\" data-rhea-map-title=\"Modern chalet with ETV license, pool and sea view\" data-rhea-map-price=\" 850.000\u20ac \" data-rhea-map-thumb=\"https:\/\/www.lucasfroeserealestate.com\/wp-content\/uploads\/2025\/10\/Chalet-ETV-Pool-Cala-Pi-1-34-488x326.jpg\"\n\t\t\t href=\"https:\/\/www.lucasfroeserealestate.com\/en\/immobilien\/modern-chalet-with-etv-license-pool-and-sea-view\/\">\n            <span class=\"rhea_address_pin\"><svg xmlns=\"http:\/\/www.w3.org\/2000\/svg\" viewBox=\"0 0 18 18\">\r\n\t<style type=\"text\/css\">\r\n\r\n\t\t.st0{fill-rule:evenodd;clip-rule:evenodd;}\r\n\r\n\t<\/style>\r\n\t<path class=\"st0\" d=\"M9 1c3.3 0 6 2.7 6 6S9 17 9 17 3 10.3 3 7 5.7 1 9 1zM9 5c1.1 0 2 0.9 2 2s-0.9 2-2 2S7 8.1 7 7 7.9 5 9 5z\"\/>\r\n<\/svg><\/span>\n            <span class=\"rhea_address_text\">Mallorca, Illes Balears, Spain<\/span>\n        <\/a>\n    <\/address>\n\t    <p class=\"rhea_fp_excerpt\">Exclusive location &#8211; Cala Pi, south coast of Mallorca This detached house is located in the sought-after coastal area of Cala Pi, a&hellip;<\/p>\n\n\t                                                    <div class=\"rhea_fp2_meta\">\n\t\t\t\t\t\t\t\t\t\t\t\t\t\t\n\n    <div class=\"rh_prop_card_meta_wrap_stylish\">\n\t\t        <div class=\"rh_prop_card__meta\" style=\"order: 1\">\n\t\t\t\t\t\t\t<span class=\"rhea_meta_titles\">Rooms<\/span>                <div class=\"rhea_meta_icon_wrapper\">\n\t\t\t\t\t<img decoding=\"async\" class=\"custom-meta-icon custom-meta-icon-image\" src=\"https:\/\/www.lucasfroeserealestate.com\/wp-content\/uploads\/2024\/09\/schlafzimmer-immobilien-mallorca-02.png\" alt=\"Bedrooms property meta icon.\" title=\"\">\t\t\t\t\t<span class=\"figure\">2<\/span>\t\t\t\t\t                <\/div>\n\t\t\t        <\/div>\n\t\t        <div class=\"rh_prop_card__meta\" style=\"order: 1\">\n\t\t\t\t\t\t\t<span class=\"rhea_meta_titles\">Badez.<\/span>                <div class=\"rhea_meta_icon_wrapper\">\n\t\t\t\t\t<img decoding=\"async\" class=\"custom-meta-icon custom-meta-icon-image\" src=\"https:\/\/www.lucasfroeserealestate.com\/wp-content\/uploads\/2024\/09\/badezimmer-immobilien-mallorca.png\" alt=\"Bathrooms property meta icon.\" title=\"\">\t\t\t\t\t<span class=\"figure\">2<\/span>\t\t\t\t\t                <\/div>\n\t\t\t        <\/div>\n\t\t        <div class=\"rh_prop_card__meta\" style=\"order: 1\">\n\t\t\t\t\t\t\t<span class=\"rhea_meta_titles\">Residential M2<\/span>                <div class=\"rhea_meta_icon_wrapper\">\n\t\t\t\t\t<img decoding=\"async\" class=\"custom-meta-icon custom-meta-icon-image\" src=\"https:\/\/www.lucasfroeserealestate.com\/wp-content\/uploads\/2024\/09\/wohnflaeche-immobilien-mallorca.png\" alt=\"Area Size property meta icon.\" title=\"\">\t\t\t\t\t<span class=\"figure\">219<\/span>\t\t\t\t\t                <\/div>\n\t\t\t        <\/div>\n\t\t        <div class=\"rh_prop_card__meta\" style=\"order: 1\">\n\t\t\t\t\t\t\t<span class=\"rhea_meta_titles\">Reason M2<\/span>                <div class=\"rhea_meta_icon_wrapper\">\n\t\t\t\t\t<img decoding=\"async\" class=\"custom-meta-icon custom-meta-icon-image\" src=\"https:\/\/www.lucasfroeserealestate.com\/wp-content\/uploads\/2024\/09\/grundstueck-flaeche-immobilien.png\" alt=\"Lot Size property meta icon.\" title=\"\">\t\t\t\t\t<span class=\"figure\">840<\/span>\t\t\t\t\t                <\/div>\n\t\t\t        <\/div>\n\t\t    <\/div>\n\t\n\n\n\n                                                    <\/div>\n\t\t\t\t\t\t\t\t\t\t\t\t\t                                                <div class=\"rhea_fp_sales_icons\">\n\t\t\t\t\t\t\t\t\t\t\t\t\t<div class=\"rhea_fp_price_status\">\n\t            <span class=\"rhea_fp_status\">Price<\/span>\n\t\t\t        <p class=\"rhea_fp_price \">\n\t\t\t 850.000\u20ac         <\/p>\n\t\t<\/div>                                                    <div class=\"rhea_wrapper_member_functions\">\n\t\t                                                                                                    <\/div>\n                                                <\/div>\n                                            <\/div>\n                                        <\/div>\n                                    <\/div>\n                                <\/li>\n\t\t\t\t\t\t\t\t                                <li>\n                                    <div class=\"rhea_fp_slide_contents\">\n\t\t\t\t\t\t\t\t\t\t                                            <a href=\"https:\/\/www.lucasfroeserealestate.com\/en\/immobilien\/unique-designer-villa-with-pool-in-santanyi\/\" class=\"rhea_fp_thumbnail\" style=\"background-image: url('https:\/\/www.lucasfroeserealestate.com\/wp-content\/uploads\/2025\/02\/Villa-Son-Salom-Santanyi-23-1024x576.jpg')\"><\/a>\n\t\t\t\t\t\t\t\t\t\t                                        <div class=\"rhea_fp_slide_info\">\n                                            <a class=\"rhea_fp_permalink\" href=\"https:\/\/www.lucasfroeserealestate.com\/en\/immobilien\/unique-designer-villa-with-pool-in-santanyi\/\"><\/a>\n                                            <div class=\"rhea_fp_slide_info_inner\">\n\t\t\t\t\t\t\t\t\t\t\t\t<h3 class=\"rhea_fp2_title\"><a href=\"https:\/\/www.lucasfroeserealestate.com\/en\/immobilien\/unique-designer-villa-with-pool-in-santanyi\/\">Unique designer villa with pool in Santanyi<\/a><\/h3>\n    <address class=\"rhea_fp_address\">\n        <a             class=\"rhea_trigger_map rhea_facnybox_trigger-21d62dc \" data-rhea-map-source=\"rhea-map-source-21d62dc\" data-rhea-map-location=\"39.356065745963,3.1044973974609,12\" data-rhea-map-title=\"Unique designer villa with pool in Santanyi\" data-rhea-map-price=\" 5.800.000\u20ac \" data-rhea-map-thumb=\"https:\/\/www.lucasfroeserealestate.com\/wp-content\/uploads\/2025\/02\/Villa-Son-Salom-Santanyi-23-488x326.jpg\"\n\t\t\t href=\"https:\/\/www.lucasfroeserealestate.com\/en\/immobilien\/unique-designer-villa-with-pool-in-santanyi\/\">\n            <span class=\"rhea_address_pin\"><svg xmlns=\"http:\/\/www.w3.org\/2000\/svg\" viewBox=\"0 0 18 18\">\r\n\t<style type=\"text\/css\">\r\n\r\n\t\t.st0{fill-rule:evenodd;clip-rule:evenodd;}\r\n\r\n\t<\/style>\r\n\t<path class=\"st0\" d=\"M9 1c3.3 0 6 2.7 6 6S9 17 9 17 3 10.3 3 7 5.7 1 9 1zM9 5c1.1 0 2 0.9 2 2s-0.9 2-2 2S7 8.1 7 7 7.9 5 9 5z\"\/>\r\n<\/svg><\/span>\n            <span class=\"rhea_address_text\">Mallorca, Illes Balears, Spain<\/span>\n        <\/a>\n    <\/address>\n\t    <p class=\"rhea_fp_excerpt\">This exclusive luxury villa, designed by the renowned interior designer Angel Martin, is a unique masterpiece in the municipality of Santany\u00ed. Set on&hellip;<\/p>\n\n\t                                                    <div class=\"rhea_fp2_meta\">\n\t\t\t\t\t\t\t\t\t\t\t\t\t\t\n\n    <div class=\"rh_prop_card_meta_wrap_stylish\">\n\t\t        <div class=\"rh_prop_card__meta\" style=\"order: 1\">\n\t\t\t\t\t\t\t<span class=\"rhea_meta_titles\">Rooms<\/span>                <div class=\"rhea_meta_icon_wrapper\">\n\t\t\t\t\t<img decoding=\"async\" class=\"custom-meta-icon custom-meta-icon-image\" src=\"https:\/\/www.lucasfroeserealestate.com\/wp-content\/uploads\/2024\/09\/schlafzimmer-immobilien-mallorca-02.png\" alt=\"Bedrooms property meta icon.\" title=\"\">\t\t\t\t\t<span class=\"figure\">3<\/span>\t\t\t\t\t                <\/div>\n\t\t\t        <\/div>\n\t\t        <div class=\"rh_prop_card__meta\" style=\"order: 1\">\n\t\t\t\t\t\t\t<span class=\"rhea_meta_titles\">Badez.<\/span>                <div class=\"rhea_meta_icon_wrapper\">\n\t\t\t\t\t<img decoding=\"async\" class=\"custom-meta-icon custom-meta-icon-image\" src=\"https:\/\/www.lucasfroeserealestate.com\/wp-content\/uploads\/2024\/09\/badezimmer-immobilien-mallorca.png\" alt=\"Bathrooms property meta icon.\" title=\"\">\t\t\t\t\t<span class=\"figure\">4<\/span>\t\t\t\t\t                <\/div>\n\t\t\t        <\/div>\n\t\t        <div class=\"rh_prop_card__meta\" style=\"order: 1\">\n\t\t\t\t\t\t\t<span class=\"rhea_meta_titles\">Residential M2<\/span>                <div class=\"rhea_meta_icon_wrapper\">\n\t\t\t\t\t<img decoding=\"async\" class=\"custom-meta-icon custom-meta-icon-image\" src=\"https:\/\/www.lucasfroeserealestate.com\/wp-content\/uploads\/2024\/09\/wohnflaeche-immobilien-mallorca.png\" alt=\"Area Size property meta icon.\" title=\"\">\t\t\t\t\t<span class=\"figure\">539<\/span>\t\t\t\t\t                <\/div>\n\t\t\t        <\/div>\n\t\t        <div class=\"rh_prop_card__meta\" style=\"order: 1\">\n\t\t\t\t\t\t\t<span class=\"rhea_meta_titles\">Reason M2<\/span>                <div class=\"rhea_meta_icon_wrapper\">\n\t\t\t\t\t<img decoding=\"async\" class=\"custom-meta-icon custom-meta-icon-image\" src=\"https:\/\/www.lucasfroeserealestate.com\/wp-content\/uploads\/2024\/09\/grundstueck-flaeche-immobilien.png\" alt=\"Lot Size property meta icon.\" title=\"\">\t\t\t\t\t<span class=\"figure\">59235<\/span>\t\t\t\t\t                <\/div>\n\t\t\t        <\/div>\n\t\t    <\/div>\n\t\n\n\n\n                                                    <\/div>\n\t\t\t\t\t\t\t\t\t\t\t\t\t                                                <div class=\"rhea_fp_sales_icons\">\n\t\t\t\t\t\t\t\t\t\t\t\t\t<div class=\"rhea_fp_price_status\">\n\t            <span class=\"rhea_fp_status\">Price<\/span>\n\t\t\t        <p class=\"rhea_fp_price \">\n\t\t\t 5.800.000\u20ac         <\/p>\n\t\t<\/div>                                                    <div class=\"rhea_wrapper_member_functions\">\n\t\t                                                                                                    <\/div>\n                                                <\/div>\n                                            <\/div>\n                                        <\/div>\n                                    <\/div>\n                                <\/li>\n\t\t\t\t\t\t\t\t                                <li>\n                                    <div class=\"rhea_fp_slide_contents\">\n\t\t\t\t\t\t\t\t\t\t                                            <a href=\"https:\/\/www.lucasfroeserealestate.com\/en\/immobilien\/modern-apartment-in-cala-dor-in-marina-area\/\" class=\"rhea_fp_thumbnail\" style=\"background-image: url('https:\/\/www.lucasfroeserealestate.com\/wp-content\/uploads\/2023\/05\/moderne-wohnung-im-hafen-cala-dor-3-1024x593.jpg')\"><\/a>\n\t\t\t\t\t\t\t\t\t\t                                        <div class=\"rhea_fp_slide_info\">\n                                            <a class=\"rhea_fp_permalink\" href=\"https:\/\/www.lucasfroeserealestate.com\/en\/immobilien\/modern-apartment-in-cala-dor-in-marina-area\/\"><\/a>\n                                            <div class=\"rhea_fp_slide_info_inner\">\n\t\t\t\t\t\t\t\t\t\t\t\t<h3 class=\"rhea_fp2_title\"><a href=\"https:\/\/www.lucasfroeserealestate.com\/en\/immobilien\/modern-apartment-in-cala-dor-in-marina-area\/\">Modern apartment in Cala D&#8217;Or in the port area<\/a><\/h3>\n    <address class=\"rhea_fp_address\">\n        <a             class=\"rhea_trigger_map rhea_facnybox_trigger-21d62dc \" data-rhea-map-source=\"rhea-map-source-21d62dc\" data-rhea-map-location=\"39.3748968,3.2302905,13\" data-rhea-map-title=\"Modern apartment in Cala D&#8217;Or in the port area\" data-rhea-map-price=\" 398.000\u20ac \" data-rhea-map-thumb=\"https:\/\/www.lucasfroeserealestate.com\/wp-content\/uploads\/2023\/05\/moderne-wohnung-im-hafen-cala-dor-3-488x326.jpg\"\n\t\t\t href=\"https:\/\/www.lucasfroeserealestate.com\/en\/immobilien\/modern-apartment-in-cala-dor-in-marina-area\/\">\n            <span class=\"rhea_address_pin\"><svg xmlns=\"http:\/\/www.w3.org\/2000\/svg\" viewBox=\"0 0 18 18\">\r\n\t<style type=\"text\/css\">\r\n\r\n\t\t.st0{fill-rule:evenodd;clip-rule:evenodd;}\r\n\r\n\t<\/style>\r\n\t<path class=\"st0\" d=\"M9 1c3.3 0 6 2.7 6 6S9 17 9 17 3 10.3 3 7 5.7 1 9 1zM9 5c1.1 0 2 0.9 2 2s-0.9 2-2 2S7 8.1 7 7 7.9 5 9 5z\"\/>\r\n<\/svg><\/span>\n            <span class=\"rhea_address_text\">Cala d&#039;Or, Santanyi, Migjorn, Islas Baleares, 07660, Espa\u00f1a<\/span>\n        <\/a>\n    <\/address>\n\t    <p class=\"rhea_fp_excerpt\">New build apartments with balcony\/terrace in Cala D&#8217;Or near the marina. These apartments are located in an exclusive new development within walking distance&hellip;<\/p>\n\n\t                                                    <div class=\"rhea_fp2_meta\">\n\t\t\t\t\t\t\t\t\t\t\t\t\t\t\n\n    <div class=\"rh_prop_card_meta_wrap_stylish\">\n\t\t        <div class=\"rh_prop_card__meta\" style=\"order: 1\">\n\t\t\t\t\t\t\t<span class=\"rhea_meta_titles\">Rooms<\/span>                <div class=\"rhea_meta_icon_wrapper\">\n\t\t\t\t\t<img decoding=\"async\" class=\"custom-meta-icon custom-meta-icon-image\" src=\"https:\/\/www.lucasfroeserealestate.com\/wp-content\/uploads\/2024\/09\/schlafzimmer-immobilien-mallorca-02.png\" alt=\"Bedrooms property meta icon.\" title=\"\">\t\t\t\t\t<span class=\"figure\">2<\/span>\t\t\t\t\t                <\/div>\n\t\t\t        <\/div>\n\t\t        <div class=\"rh_prop_card__meta\" style=\"order: 1\">\n\t\t\t\t\t\t\t<span class=\"rhea_meta_titles\">Badez.<\/span>                <div class=\"rhea_meta_icon_wrapper\">\n\t\t\t\t\t<img decoding=\"async\" class=\"custom-meta-icon custom-meta-icon-image\" src=\"https:\/\/www.lucasfroeserealestate.com\/wp-content\/uploads\/2024\/09\/badezimmer-immobilien-mallorca.png\" alt=\"Bathrooms property meta icon.\" title=\"\">\t\t\t\t\t<span class=\"figure\">2<\/span>\t\t\t\t\t                <\/div>\n\t\t\t        <\/div>\n\t\t        <div class=\"rh_prop_card__meta\" style=\"order: 1\">\n\t\t\t\t\t\t\t<span class=\"rhea_meta_titles\">Residential M2<\/span>                <div class=\"rhea_meta_icon_wrapper\">\n\t\t\t\t\t<img decoding=\"async\" class=\"custom-meta-icon custom-meta-icon-image\" src=\"https:\/\/www.lucasfroeserealestate.com\/wp-content\/uploads\/2024\/09\/wohnflaeche-immobilien-mallorca.png\" alt=\"Area Size property meta icon.\" title=\"\">\t\t\t\t\t<span class=\"figure\">61,35<\/span>\t\t\t\t\t                <\/div>\n\t\t\t        <\/div>\n\t\t        <div class=\"rh_prop_card__meta\" style=\"order: 1\">\n\t\t\t\t\t\t\t<span class=\"rhea_meta_titles\">Reason M2<\/span>                <div class=\"rhea_meta_icon_wrapper\">\n\t\t\t\t\t<img decoding=\"async\" class=\"custom-meta-icon custom-meta-icon-image\" src=\"https:\/\/www.lucasfroeserealestate.com\/wp-content\/uploads\/2024\/09\/grundstueck-flaeche-immobilien.png\" alt=\"Lot Size property meta icon.\" title=\"\">\t\t\t\t\t<span class=\"figure\">78,60<\/span>\t\t\t\t\t                <\/div>\n\t\t\t        <\/div>\n\t\t    <\/div>\n\t\n\n\n\n                                                    <\/div>\n\t\t\t\t\t\t\t\t\t\t\t\t\t                                                <div class=\"rhea_fp_sales_icons\">\n\t\t\t\t\t\t\t\t\t\t\t\t\t<div class=\"rhea_fp_price_status\">\n\t            <span class=\"rhea_fp_status\">Price<\/span>\n\t\t\t        <p class=\"rhea_fp_price \">\n\t\t\t 398.000\u20ac         <\/p>\n\t\t<\/div>                                                    <div class=\"rhea_wrapper_member_functions\">\n\t\t                                                                                                    <\/div>\n                                                <\/div>\n                                            <\/div>\n                                        <\/div>\n                                    <\/div>\n                                <\/li>\n\t\t\t\t\t\t\t\t                                <li>\n                                    <div class=\"rhea_fp_slide_contents\">\n\t\t\t\t\t\t\t\t\t\t                                            <a href=\"https:\/\/www.lucasfroeserealestate.com\/en\/immobilien\/moderne-wohnung-felanitx-1\/\" class=\"rhea_fp_thumbnail\" style=\"background-image: url('https:\/\/www.lucasfroeserealestate.com\/wp-content\/uploads\/2020\/09\/Piso2-1-32-1024x576.jpg')\"><\/a>\n\t\t\t\t\t\t\t\t\t\t                                        <div class=\"rhea_fp_slide_info\">\n                                            <a class=\"rhea_fp_permalink\" href=\"https:\/\/www.lucasfroeserealestate.com\/en\/immobilien\/moderne-wohnung-felanitx-1\/\"><\/a>\n                                            <div class=\"rhea_fp_slide_info_inner\">\n\t\t\t\t\t\t\t\t\t\t\t\t<h3 class=\"rhea_fp2_title\"><a href=\"https:\/\/www.lucasfroeserealestate.com\/en\/immobilien\/moderne-wohnung-felanitx-1\/\">Modern apartment with terrace right by the town hall in Felanitx<\/a><\/h3>\n    <address class=\"rhea_fp_address\">\n        <a             class=\"rhea_trigger_map rhea_facnybox_trigger-21d62dc \" data-rhea-map-source=\"rhea-map-source-21d62dc\" data-rhea-map-location=\"39.469506592007,3.1482552574016,18\" data-rhea-map-title=\"Modern apartment with terrace right by the town hall in Felanitx\" data-rhea-map-price=\" 425.000\u20ac \" data-rhea-map-thumb=\"https:\/\/www.lucasfroeserealestate.com\/wp-content\/uploads\/2020\/09\/Piso2-1-32-488x326.jpg\"\n\t\t\t href=\"https:\/\/www.lucasfroeserealestate.com\/en\/immobilien\/moderne-wohnung-felanitx-1\/\">\n            <span class=\"rhea_address_pin\"><svg xmlns=\"http:\/\/www.w3.org\/2000\/svg\" viewBox=\"0 0 18 18\">\r\n\t<style type=\"text\/css\">\r\n\r\n\t\t.st0{fill-rule:evenodd;clip-rule:evenodd;}\r\n\r\n\t<\/style>\r\n\t<path class=\"st0\" d=\"M9 1c3.3 0 6 2.7 6 6S9 17 9 17 3 10.3 3 7 5.7 1 9 1zM9 5c1.1 0 2 0.9 2 2s-0.9 2-2 2S7 8.1 7 7 7.9 5 9 5z\"\/>\r\n<\/svg><\/span>\n            <span class=\"rhea_address_text\">Felanitx, Migjorn, Islas Baleares, Espa\u00f1a<\/span>\n        <\/a>\n    <\/address>\n\t    <p class=\"rhea_fp_excerpt\">This modern apartment with balcony and terrace is situated in a privileged location in Felanitx, right next to the town hall and the&hellip;<\/p>\n\n\t                                                    <div class=\"rhea_fp2_meta\">\n\t\t\t\t\t\t\t\t\t\t\t\t\t\t\n\n    <div class=\"rh_prop_card_meta_wrap_stylish\">\n\t\t        <div class=\"rh_prop_card__meta\" style=\"order: 1\">\n\t\t\t\t\t\t\t<span class=\"rhea_meta_titles\">Rooms<\/span>                <div class=\"rhea_meta_icon_wrapper\">\n\t\t\t\t\t<img decoding=\"async\" class=\"custom-meta-icon custom-meta-icon-image\" src=\"https:\/\/www.lucasfroeserealestate.com\/wp-content\/uploads\/2024\/09\/schlafzimmer-immobilien-mallorca-02.png\" alt=\"Bedrooms property meta icon.\" title=\"\">\t\t\t\t\t<span class=\"figure\">2<\/span>\t\t\t\t\t                <\/div>\n\t\t\t        <\/div>\n\t\t        <div class=\"rh_prop_card__meta\" style=\"order: 1\">\n\t\t\t\t\t\t\t<span class=\"rhea_meta_titles\">Badez.<\/span>                <div class=\"rhea_meta_icon_wrapper\">\n\t\t\t\t\t<img decoding=\"async\" class=\"custom-meta-icon custom-meta-icon-image\" src=\"https:\/\/www.lucasfroeserealestate.com\/wp-content\/uploads\/2024\/09\/badezimmer-immobilien-mallorca.png\" alt=\"Bathrooms property meta icon.\" title=\"\">\t\t\t\t\t<span class=\"figure\">2<\/span>\t\t\t\t\t                <\/div>\n\t\t\t        <\/div>\n\t\t        <div class=\"rh_prop_card__meta\" style=\"order: 1\">\n\t\t\t\t\t\t\t<span class=\"rhea_meta_titles\">Residential M2<\/span>                <div class=\"rhea_meta_icon_wrapper\">\n\t\t\t\t\t<img decoding=\"async\" class=\"custom-meta-icon custom-meta-icon-image\" src=\"https:\/\/www.lucasfroeserealestate.com\/wp-content\/uploads\/2024\/09\/wohnflaeche-immobilien-mallorca.png\" alt=\"Area Size property meta icon.\" title=\"\">\t\t\t\t\t<span class=\"figure\">140<\/span>\t\t\t\t\t                <\/div>\n\t\t\t        <\/div>\n\t\t    <\/div>\n\t\n\n\n\n                                                    <\/div>\n\t\t\t\t\t\t\t\t\t\t\t\t\t                                                <div class=\"rhea_fp_sales_icons\">\n\t\t\t\t\t\t\t\t\t\t\t\t\t<div class=\"rhea_fp_price_status\">\n\t            <span class=\"rhea_fp_status\">Price<\/span>\n\t\t\t        <p class=\"rhea_fp_price \">\n\t\t\t 425.000\u20ac         <\/p>\n\t\t<\/div>                                                    <div class=\"rhea_wrapper_member_functions\">\n\t\t                                                                                                    <\/div>\n                                                <\/div>\n                                            <\/div>\n                                        <\/div>\n                                    <\/div>\n                                <\/li>\n\t\t\t\t\t\t\t\t                                <li>\n                                    <div class=\"rhea_fp_slide_contents\">\n\t\t\t\t\t\t\t\t\t\t                                            <a href=\"https:\/\/www.lucasfroeserealestate.com\/en\/immobilien\/small-finca-near-felanitx\/\" class=\"rhea_fp_thumbnail\" style=\"background-image: url('https:\/\/www.lucasfroeserealestate.com\/wp-content\/uploads\/2024\/08\/Finca-in-ruhige-lage-neben-felanitx-10-2-1024x683.jpg')\"><\/a>\n\t\t\t\t\t\t\t\t\t\t                                        <div class=\"rhea_fp_slide_info\">\n                                            <a class=\"rhea_fp_permalink\" href=\"https:\/\/www.lucasfroeserealestate.com\/en\/immobilien\/small-finca-near-felanitx\/\"><\/a>\n                                            <div class=\"rhea_fp_slide_info_inner\">\n\t\t\t\t\t\t\t\t\t\t\t\t<h3 class=\"rhea_fp2_title\"><a href=\"https:\/\/www.lucasfroeserealestate.com\/en\/immobilien\/small-finca-near-felanitx\/\">Small finca near Felanitx<\/a><\/h3>\n    <address class=\"rhea_fp_address\">\n        <a             class=\"rhea_trigger_map rhea_facnybox_trigger-21d62dc \" data-rhea-map-source=\"rhea-map-source-21d62dc\" data-rhea-map-location=\"39.513705768948,3.0214308861994,14\" data-rhea-map-title=\"Small finca near Felanitx\" data-rhea-map-price=\" 645.000\u20ac \" data-rhea-map-thumb=\"https:\/\/www.lucasfroeserealestate.com\/wp-content\/uploads\/2024\/08\/Finca-in-ruhige-lage-neben-felanitx-10-2-488x326.jpg\"\n\t\t\t href=\"https:\/\/www.lucasfroeserealestate.com\/en\/immobilien\/small-finca-near-felanitx\/\">\n            <span class=\"rhea_address_pin\"><svg xmlns=\"http:\/\/www.w3.org\/2000\/svg\" viewBox=\"0 0 18 18\">\r\n\t<style type=\"text\/css\">\r\n\r\n\t\t.st0{fill-rule:evenodd;clip-rule:evenodd;}\r\n\r\n\t<\/style>\r\n\t<path class=\"st0\" d=\"M9 1c3.3 0 6 2.7 6 6S9 17 9 17 3 10.3 3 7 5.7 1 9 1zM9 5c1.1 0 2 0.9 2 2s-0.9 2-2 2S7 8.1 7 7 7.9 5 9 5z\"\/>\r\n<\/svg><\/span>\n            <span class=\"rhea_address_text\">Mallorca, Illes Balears, Spain<\/span>\n        <\/a>\n    <\/address>\n\t    <p class=\"rhea_fp_excerpt\">This is a finca of 5766m2 plot, with a building of about 160m2 built, 113 habitable. The property has a large living room,&hellip;<\/p>\n\n\t                                                    <div class=\"rhea_fp2_meta\">\n\t\t\t\t\t\t\t\t\t\t\t\t\t\t\n\n    <div class=\"rh_prop_card_meta_wrap_stylish\">\n\t\t        <div class=\"rh_prop_card__meta\" style=\"order: 1\">\n\t\t\t\t\t\t\t<span class=\"rhea_meta_titles\">Rooms<\/span>                <div class=\"rhea_meta_icon_wrapper\">\n\t\t\t\t\t<img decoding=\"async\" class=\"custom-meta-icon custom-meta-icon-image\" src=\"https:\/\/www.lucasfroeserealestate.com\/wp-content\/uploads\/2024\/09\/schlafzimmer-immobilien-mallorca-02.png\" alt=\"Bedrooms property meta icon.\" title=\"\">\t\t\t\t\t<span class=\"figure\">3<\/span>\t\t\t\t\t                <\/div>\n\t\t\t        <\/div>\n\t\t        <div class=\"rh_prop_card__meta\" style=\"order: 1\">\n\t\t\t\t\t\t\t<span class=\"rhea_meta_titles\">Badez.<\/span>                <div class=\"rhea_meta_icon_wrapper\">\n\t\t\t\t\t<img decoding=\"async\" class=\"custom-meta-icon custom-meta-icon-image\" src=\"https:\/\/www.lucasfroeserealestate.com\/wp-content\/uploads\/2024\/09\/badezimmer-immobilien-mallorca.png\" alt=\"Bathrooms property meta icon.\" title=\"\">\t\t\t\t\t<span class=\"figure\">2<\/span>\t\t\t\t\t                <\/div>\n\t\t\t        <\/div>\n\t\t        <div class=\"rh_prop_card__meta\" style=\"order: 1\">\n\t\t\t\t\t\t\t<span class=\"rhea_meta_titles\">Residential M2<\/span>                <div class=\"rhea_meta_icon_wrapper\">\n\t\t\t\t\t<img decoding=\"async\" class=\"custom-meta-icon custom-meta-icon-image\" src=\"https:\/\/www.lucasfroeserealestate.com\/wp-content\/uploads\/2024\/09\/wohnflaeche-immobilien-mallorca.png\" alt=\"Area Size property meta icon.\" title=\"\">\t\t\t\t\t<span class=\"figure\">150<\/span>\t\t\t\t\t                <\/div>\n\t\t\t        <\/div>\n\t\t        <div class=\"rh_prop_card__meta\" style=\"order: 1\">\n\t\t\t\t\t\t\t<span class=\"rhea_meta_titles\">Reason M2<\/span>                <div class=\"rhea_meta_icon_wrapper\">\n\t\t\t\t\t<img decoding=\"async\" class=\"custom-meta-icon custom-meta-icon-image\" src=\"https:\/\/www.lucasfroeserealestate.com\/wp-content\/uploads\/2024\/09\/grundstueck-flaeche-immobilien.png\" alt=\"Lot Size property meta icon.\" title=\"\">\t\t\t\t\t<span class=\"figure\">113<\/span>\t\t\t\t\t                <\/div>\n\t\t\t        <\/div>\n\t\t    <\/div>\n\t\n\n\n\n                                                    <\/div>\n\t\t\t\t\t\t\t\t\t\t\t\t\t                                                <div class=\"rhea_fp_sales_icons\">\n\t\t\t\t\t\t\t\t\t\t\t\t\t<div class=\"rhea_fp_price_status\">\n\t            <span class=\"rhea_fp_status\">Price<\/span>\n\t\t\t        <p class=\"rhea_fp_price \">\n\t\t\t 645.000\u20ac         <\/p>\n\t\t<\/div>                                                    <div class=\"rhea_wrapper_member_functions\">\n\t\t                                                                                                    <\/div>\n                                                <\/div>\n                                            <\/div>\n                                        <\/div>\n                                    <\/div>\n                                <\/li>\n\t\t\t\t\t\t\t\t                                <li>\n                                    <div class=\"rhea_fp_slide_contents\">\n\t\t\t\t\t\t\t\t\t\t                                            <a href=\"https:\/\/www.lucasfroeserealestate.com\/en\/immobilien\/fantastic-newly-built-luxury-finca-near-the-beach\/\" class=\"rhea_fp_thumbnail\" style=\"background-image: url('https:\/\/www.lucasfroeserealestate.com\/wp-content\/uploads\/2024\/10\/Luxus-Neubau-Finca-Ses-Salines-5-1024x640.jpg')\"><\/a>\n\t\t\t\t\t\t\t\t\t\t                                        <div class=\"rhea_fp_slide_info\">\n                                            <a class=\"rhea_fp_permalink\" href=\"https:\/\/www.lucasfroeserealestate.com\/en\/immobilien\/fantastic-newly-built-luxury-finca-near-the-beach\/\"><\/a>\n                                            <div class=\"rhea_fp_slide_info_inner\">\n\t\t\t\t\t\t\t\t\t\t\t\t<h3 class=\"rhea_fp2_title\"><a href=\"https:\/\/www.lucasfroeserealestate.com\/en\/immobilien\/fantastic-newly-built-luxury-finca-near-the-beach\/\">Fantastic newly built luxury finca near the beach<\/a><\/h3>\n    <address class=\"rhea_fp_address\">\n        <a             class=\"rhea_trigger_map rhea_facnybox_trigger-21d62dc \" data-rhea-map-source=\"rhea-map-source-21d62dc\" data-rhea-map-location=\"39.3357888054,3.0396952276612,14\" data-rhea-map-title=\"Fantastic newly built luxury finca near the beach\" data-rhea-map-price=\" 4.200.000\u20ac \" data-rhea-map-thumb=\"https:\/\/www.lucasfroeserealestate.com\/wp-content\/uploads\/2024\/10\/Luxus-Neubau-Finca-Ses-Salines-5-488x326.jpg\"\n\t\t\t href=\"https:\/\/www.lucasfroeserealestate.com\/en\/immobilien\/fantastic-newly-built-luxury-finca-near-the-beach\/\">\n            <span class=\"rhea_address_pin\"><svg xmlns=\"http:\/\/www.w3.org\/2000\/svg\" viewBox=\"0 0 18 18\">\r\n\t<style type=\"text\/css\">\r\n\r\n\t\t.st0{fill-rule:evenodd;clip-rule:evenodd;}\r\n\r\n\t<\/style>\r\n\t<path class=\"st0\" d=\"M9 1c3.3 0 6 2.7 6 6S9 17 9 17 3 10.3 3 7 5.7 1 9 1zM9 5c1.1 0 2 0.9 2 2s-0.9 2-2 2S7 8.1 7 7 7.9 5 9 5z\"\/>\r\n<\/svg><\/span>\n            <span class=\"rhea_address_text\">Mallorca, Illes Balears, Spain<\/span>\n        <\/a>\n    <\/address>\n\t    <p class=\"rhea_fp_excerpt\">Your personal paradise on the island Experience the epitome of luxury and comfort in this stunning new-build luxury finca, just a few minutes&hellip;<\/p>\n\n\t                                                    <div class=\"rhea_fp2_meta\">\n\t\t\t\t\t\t\t\t\t\t\t\t\t\t\n\n    <div class=\"rh_prop_card_meta_wrap_stylish\">\n\t\t        <div class=\"rh_prop_card__meta\" style=\"order: 1\">\n\t\t\t\t\t\t\t<span class=\"rhea_meta_titles\">Rooms<\/span>                <div class=\"rhea_meta_icon_wrapper\">\n\t\t\t\t\t<img decoding=\"async\" class=\"custom-meta-icon custom-meta-icon-image\" src=\"https:\/\/www.lucasfroeserealestate.com\/wp-content\/uploads\/2024\/09\/schlafzimmer-immobilien-mallorca-02.png\" alt=\"Bedrooms property meta icon.\" title=\"\">\t\t\t\t\t<span class=\"figure\">5<\/span>\t\t\t\t\t                <\/div>\n\t\t\t        <\/div>\n\t\t        <div class=\"rh_prop_card__meta\" style=\"order: 1\">\n\t\t\t\t\t\t\t<span class=\"rhea_meta_titles\">Badez.<\/span>                <div class=\"rhea_meta_icon_wrapper\">\n\t\t\t\t\t<img decoding=\"async\" class=\"custom-meta-icon custom-meta-icon-image\" src=\"https:\/\/www.lucasfroeserealestate.com\/wp-content\/uploads\/2024\/09\/badezimmer-immobilien-mallorca.png\" alt=\"Bathrooms property meta icon.\" title=\"\">\t\t\t\t\t<span class=\"figure\">4<\/span>\t\t\t\t\t                <\/div>\n\t\t\t        <\/div>\n\t\t        <div class=\"rh_prop_card__meta\" style=\"order: 1\">\n\t\t\t\t\t\t\t<span class=\"rhea_meta_titles\">Residential M2<\/span>                <div class=\"rhea_meta_icon_wrapper\">\n\t\t\t\t\t<img decoding=\"async\" class=\"custom-meta-icon custom-meta-icon-image\" src=\"https:\/\/www.lucasfroeserealestate.com\/wp-content\/uploads\/2024\/09\/wohnflaeche-immobilien-mallorca.png\" alt=\"Area Size property meta icon.\" title=\"\">\t\t\t\t\t<span class=\"figure\">650<\/span>\t\t\t\t\t                <\/div>\n\t\t\t        <\/div>\n\t\t        <div class=\"rh_prop_card__meta\" style=\"order: 1\">\n\t\t\t\t\t\t\t<span class=\"rhea_meta_titles\">Reason M2<\/span>                <div class=\"rhea_meta_icon_wrapper\">\n\t\t\t\t\t<img decoding=\"async\" class=\"custom-meta-icon custom-meta-icon-image\" src=\"https:\/\/www.lucasfroeserealestate.com\/wp-content\/uploads\/2024\/09\/grundstueck-flaeche-immobilien.png\" alt=\"Lot Size property meta icon.\" title=\"\">\t\t\t\t\t<span class=\"figure\">16000<\/span>\t\t\t\t\t                <\/div>\n\t\t\t        <\/div>\n\t\t    <\/div>\n\t\n\n\n\n                                                    <\/div>\n\t\t\t\t\t\t\t\t\t\t\t\t\t                                                <div class=\"rhea_fp_sales_icons\">\n\t\t\t\t\t\t\t\t\t\t\t\t\t<div class=\"rhea_fp_price_status\">\n\t            <span class=\"rhea_fp_status\">Price<\/span>\n\t\t\t        <p class=\"rhea_fp_price \">\n\t\t\t 4.200.000\u20ac         <\/p>\n\t\t<\/div>                                                    <div class=\"rhea_wrapper_member_functions\">\n\t\t                                                                                                    <\/div>\n                                                <\/div>\n                                            <\/div>\n                                        <\/div>\n                                    <\/div>\n                                <\/li>\n\t\t\t\t\t\t\t\t                                <li>\n                                    <div class=\"rhea_fp_slide_contents\">\n\t\t\t\t\t\t\t\t\t\t                                            <a href=\"https:\/\/www.lucasfroeserealestate.com\/en\/immobilien\/new-build-terraced-houses-in-picturesque-esporles\/\" class=\"rhea_fp_thumbnail\" style=\"background-image: url('https:\/\/www.lucasfroeserealestate.com\/wp-content\/uploads\/2024\/05\/A2-Voltor-Esporles-pool-1024x768.jpg')\"><\/a>\n\t\t\t\t\t\t\t\t\t\t                                        <div class=\"rhea_fp_slide_info\">\n                                            <a class=\"rhea_fp_permalink\" href=\"https:\/\/www.lucasfroeserealestate.com\/en\/immobilien\/new-build-terraced-houses-in-picturesque-esporles\/\"><\/a>\n                                            <div class=\"rhea_fp_slide_info_inner\">\n\t\t\t\t\t\t\t\t\t\t\t\t<h3 class=\"rhea_fp2_title\"><a href=\"https:\/\/www.lucasfroeserealestate.com\/en\/immobilien\/new-build-terraced-houses-in-picturesque-esporles\/\">New build terraced houses in picturesque Esporles<\/a><\/h3>\n    <address class=\"rhea_fp_address\">\n        <a             class=\"rhea_trigger_map rhea_facnybox_trigger-21d62dc \" data-rhea-map-source=\"rhea-map-source-21d62dc\" data-rhea-map-location=\"39.663225778334,2.5661673193359,10\" data-rhea-map-title=\"New build terraced houses in picturesque Esporles\" data-rhea-map-price=\" 755.000\u20ac \" data-rhea-map-thumb=\"https:\/\/www.lucasfroeserealestate.com\/wp-content\/uploads\/2024\/05\/A2-Voltor-Esporles-pool-488x326.jpg\"\n\t\t\t href=\"https:\/\/www.lucasfroeserealestate.com\/en\/immobilien\/new-build-terraced-houses-in-picturesque-esporles\/\">\n            <span class=\"rhea_address_pin\"><svg xmlns=\"http:\/\/www.w3.org\/2000\/svg\" viewBox=\"0 0 18 18\">\r\n\t<style type=\"text\/css\">\r\n\r\n\t\t.st0{fill-rule:evenodd;clip-rule:evenodd;}\r\n\r\n\t<\/style>\r\n\t<path class=\"st0\" d=\"M9 1c3.3 0 6 2.7 6 6S9 17 9 17 3 10.3 3 7 5.7 1 9 1zM9 5c1.1 0 2 0.9 2 2s-0.9 2-2 2S7 8.1 7 7 7.9 5 9 5z\"\/>\r\n<\/svg><\/span>\n            <span class=\"rhea_address_text\">Mallorca, Illes Balears, Spain<\/span>\n        <\/a>\n    <\/address>\n\t    <p class=\"rhea_fp_excerpt\">New development project in picturesque Esporles, a mountain village in the Tramuntana mountains in the west of Mallorca, with 13 terraced villas, each&hellip;<\/p>\n\n\t                                                    <div class=\"rhea_fp2_meta\">\n\t\t\t\t\t\t\t\t\t\t\t\t\t\t\n\n    <div class=\"rh_prop_card_meta_wrap_stylish\">\n\t\t        <div class=\"rh_prop_card__meta\" style=\"order: 1\">\n\t\t\t\t\t\t\t<span class=\"rhea_meta_titles\">Rooms<\/span>                <div class=\"rhea_meta_icon_wrapper\">\n\t\t\t\t\t<img decoding=\"async\" class=\"custom-meta-icon custom-meta-icon-image\" src=\"https:\/\/www.lucasfroeserealestate.com\/wp-content\/uploads\/2024\/09\/schlafzimmer-immobilien-mallorca-02.png\" alt=\"Bedrooms property meta icon.\" title=\"\">\t\t\t\t\t<span class=\"figure\">3<\/span>\t\t\t\t\t                <\/div>\n\t\t\t        <\/div>\n\t\t        <div class=\"rh_prop_card__meta\" style=\"order: 1\">\n\t\t\t\t\t\t\t<span class=\"rhea_meta_titles\">Badez.<\/span>                <div class=\"rhea_meta_icon_wrapper\">\n\t\t\t\t\t<img decoding=\"async\" class=\"custom-meta-icon custom-meta-icon-image\" src=\"https:\/\/www.lucasfroeserealestate.com\/wp-content\/uploads\/2024\/09\/badezimmer-immobilien-mallorca.png\" alt=\"Bathrooms property meta icon.\" title=\"\">\t\t\t\t\t<span class=\"figure\">2<\/span>\t\t\t\t\t                <\/div>\n\t\t\t        <\/div>\n\t\t        <div class=\"rh_prop_card__meta\" style=\"order: 1\">\n\t\t\t\t\t\t\t<span class=\"rhea_meta_titles\">Residential M2<\/span>                <div class=\"rhea_meta_icon_wrapper\">\n\t\t\t\t\t<img decoding=\"async\" class=\"custom-meta-icon custom-meta-icon-image\" src=\"https:\/\/www.lucasfroeserealestate.com\/wp-content\/uploads\/2024\/09\/wohnflaeche-immobilien-mallorca.png\" alt=\"Area Size property meta icon.\" title=\"\">\t\t\t\t\t<span class=\"figure\">142<\/span>\t\t\t\t\t                <\/div>\n\t\t\t        <\/div>\n\t\t        <div class=\"rh_prop_card__meta\" style=\"order: 1\">\n\t\t\t\t\t\t\t<span class=\"rhea_meta_titles\">Reason M2<\/span>                <div class=\"rhea_meta_icon_wrapper\">\n\t\t\t\t\t<img decoding=\"async\" class=\"custom-meta-icon custom-meta-icon-image\" src=\"https:\/\/www.lucasfroeserealestate.com\/wp-content\/uploads\/2024\/09\/grundstueck-flaeche-immobilien.png\" alt=\"Lot Size property meta icon.\" title=\"\">\t\t\t\t\t<span class=\"figure\">129<\/span>\t\t\t\t\t                <\/div>\n\t\t\t        <\/div>\n\t\t    <\/div>\n\t\n\n\n\n                                                    <\/div>\n\t\t\t\t\t\t\t\t\t\t\t\t\t                                                <div class=\"rhea_fp_sales_icons\">\n\t\t\t\t\t\t\t\t\t\t\t\t\t<div class=\"rhea_fp_price_status\">\n\t            <span class=\"rhea_fp_status\">Price<\/span>\n\t\t\t        <p class=\"rhea_fp_price \">\n\t\t\t 755.000\u20ac         <\/p>\n\t\t<\/div>                                                    <div class=\"rhea_wrapper_member_functions\">\n\t\t                                                                                                    <\/div>\n                                                <\/div>\n                                            <\/div>\n                                        <\/div>\n                                    <\/div>\n                                <\/li>\n\t\t\t\t\t\t\t\t                                <li>\n                                    <div class=\"rhea_fp_slide_contents\">\n\t\t\t\t\t\t\t\t\t\t                                            <a href=\"https:\/\/www.lucasfroeserealestate.com\/en\/immobilien\/54678-2\/\" class=\"rhea_fp_thumbnail\" style=\"background-image: url('https:\/\/www.lucasfroeserealestate.com\/wp-content\/uploads\/2024\/08\/Baugrundstueck-mit-Luxus-Projckt-in-Felanitx-2-1024x669.jpg')\"><\/a>\n\t\t\t\t\t\t\t\t\t\t                                        <div class=\"rhea_fp_slide_info\">\n                                            <a class=\"rhea_fp_permalink\" href=\"https:\/\/www.lucasfroeserealestate.com\/en\/immobilien\/54678-2\/\"><\/a>\n                                            <div class=\"rhea_fp_slide_info_inner\">\n\t\t\t\t\t\t\t\t\t\t\t\t<h3 class=\"rhea_fp2_title\"><a href=\"https:\/\/www.lucasfroeserealestate.com\/en\/immobilien\/54678-2\/\">Building plot with an impressive project in Felanitx<\/a><\/h3>\n    <address class=\"rhea_fp_address\">\n        <a             class=\"rhea_trigger_map rhea_facnybox_trigger-21d62dc \" data-rhea-map-source=\"rhea-map-source-21d62dc\" data-rhea-map-location=\"39.467986844878,3.1460234116889,17\" data-rhea-map-title=\"Building plot with an impressive project in Felanitx\" data-rhea-map-price=\" 385.000\u20ac \" data-rhea-map-thumb=\"https:\/\/www.lucasfroeserealestate.com\/wp-content\/uploads\/2024\/08\/Baugrundstueck-mit-Luxus-Projckt-in-Felanitx-2-488x326.jpg\"\n\t\t\t href=\"https:\/\/www.lucasfroeserealestate.com\/en\/immobilien\/54678-2\/\">\n            <span class=\"rhea_address_pin\"><svg xmlns=\"http:\/\/www.w3.org\/2000\/svg\" viewBox=\"0 0 18 18\">\r\n\t<style type=\"text\/css\">\r\n\r\n\t\t.st0{fill-rule:evenodd;clip-rule:evenodd;}\r\n\r\n\t<\/style>\r\n\t<path class=\"st0\" d=\"M9 1c3.3 0 6 2.7 6 6S9 17 9 17 3 10.3 3 7 5.7 1 9 1zM9 5c1.1 0 2 0.9 2 2s-0.9 2-2 2S7 8.1 7 7 7.9 5 9 5z\"\/>\r\n<\/svg><\/span>\n            <span class=\"rhea_address_text\">Mallorca, Illes Balears, Spain<\/span>\n        <\/a>\n    <\/address>\n\t    <p class=\"rhea_fp_excerpt\">Discover our latest real estate project: an exclusive townhouse on a spacious 540 m\u00b2 plot on the outskirts of Felanitx. This three-storey house&hellip;<\/p>\n\n\t                                                    <div class=\"rhea_fp2_meta\">\n\t\t\t\t\t\t\t\t\t\t\t\t\t\t\n\n    <div class=\"rh_prop_card_meta_wrap_stylish\">\n\t\t        <div class=\"rh_prop_card__meta\" style=\"order: 1\">\n\t\t\t\t\t\t\t<span class=\"rhea_meta_titles\">Rooms<\/span>                <div class=\"rhea_meta_icon_wrapper\">\n\t\t\t\t\t<img decoding=\"async\" class=\"custom-meta-icon custom-meta-icon-image\" src=\"https:\/\/www.lucasfroeserealestate.com\/wp-content\/uploads\/2024\/09\/schlafzimmer-immobilien-mallorca-02.png\" alt=\"Bedrooms property meta icon.\" title=\"\">\t\t\t\t\t<span class=\"figure\">4<\/span>\t\t\t\t\t                <\/div>\n\t\t\t        <\/div>\n\t\t        <div class=\"rh_prop_card__meta\" style=\"order: 1\">\n\t\t\t\t\t\t\t<span class=\"rhea_meta_titles\">Badez.<\/span>                <div class=\"rhea_meta_icon_wrapper\">\n\t\t\t\t\t<img decoding=\"async\" class=\"custom-meta-icon custom-meta-icon-image\" src=\"https:\/\/www.lucasfroeserealestate.com\/wp-content\/uploads\/2024\/09\/badezimmer-immobilien-mallorca.png\" alt=\"Bathrooms property meta icon.\" title=\"\">\t\t\t\t\t<span class=\"figure\">4<\/span>\t\t\t\t\t                <\/div>\n\t\t\t        <\/div>\n\t\t        <div class=\"rh_prop_card__meta\" style=\"order: 1\">\n\t\t\t\t\t\t\t<span class=\"rhea_meta_titles\">Residential M2<\/span>                <div class=\"rhea_meta_icon_wrapper\">\n\t\t\t\t\t<img decoding=\"async\" class=\"custom-meta-icon custom-meta-icon-image\" src=\"https:\/\/www.lucasfroeserealestate.com\/wp-content\/uploads\/2024\/09\/wohnflaeche-immobilien-mallorca.png\" alt=\"Area Size property meta icon.\" title=\"\">\t\t\t\t\t<span class=\"figure\">310<\/span>\t\t\t\t\t                <\/div>\n\t\t\t        <\/div>\n\t\t        <div class=\"rh_prop_card__meta\" style=\"order: 1\">\n\t\t\t\t\t\t\t<span class=\"rhea_meta_titles\">Reason M2<\/span>                <div class=\"rhea_meta_icon_wrapper\">\n\t\t\t\t\t<img decoding=\"async\" class=\"custom-meta-icon custom-meta-icon-image\" src=\"https:\/\/www.lucasfroeserealestate.com\/wp-content\/uploads\/2024\/09\/grundstueck-flaeche-immobilien.png\" alt=\"Lot Size property meta icon.\" title=\"\">\t\t\t\t\t<span class=\"figure\">540<\/span>\t\t\t\t\t                <\/div>\n\t\t\t        <\/div>\n\t\t    <\/div>\n\t\n\n\n\n                                                    <\/div>\n\t\t\t\t\t\t\t\t\t\t\t\t\t                                                <div class=\"rhea_fp_sales_icons\">\n\t\t\t\t\t\t\t\t\t\t\t\t\t<div class=\"rhea_fp_price_status\">\n\t            <span class=\"rhea_fp_status\">Price<\/span>\n\t\t\t        <p class=\"rhea_fp_price \">\n\t\t\t 385.000\u20ac         <\/p>\n\t\t<\/div>                                                    <div class=\"rhea_wrapper_member_functions\">\n\t\t                                                                                                    <\/div>\n                                                <\/div>\n                                            <\/div>\n                                        <\/div>\n                                    <\/div>\n                                <\/li>\n\t\t\t\t\t\t\t\t                                <li>\n                                    <div class=\"rhea_fp_slide_contents\">\n\t\t\t\t\t\t\t\t\t\t                                            <a href=\"https:\/\/www.lucasfroeserealestate.com\/en\/immobilien\/villa-in-the-harbor-of-cala-figuera\/\" class=\"rhea_fp_thumbnail\" style=\"background-image: url('https:\/\/www.lucasfroeserealestate.com\/wp-content\/uploads\/2025\/08\/Villia-super-Blick-Cala-Figuera-22-1024x683.jpg')\"><\/a>\n\t\t\t\t\t\t\t\t\t\t                                        <div class=\"rhea_fp_slide_info\">\n                                            <a class=\"rhea_fp_permalink\" href=\"https:\/\/www.lucasfroeserealestate.com\/en\/immobilien\/villa-in-the-harbor-of-cala-figuera\/\"><\/a>\n                                            <div class=\"rhea_fp_slide_info_inner\">\n\t\t\t\t\t\t\t\t\t\t\t\t<h3 class=\"rhea_fp2_title\"><a href=\"https:\/\/www.lucasfroeserealestate.com\/en\/immobilien\/villa-in-the-harbor-of-cala-figuera\/\">EXCLUSIVE | Villa with breathtaking sea views in first sea line in the harbor of Cala Figuera<\/a><\/h3>\n    <address class=\"rhea_fp_address\">\n        <a             class=\"rhea_trigger_map rhea_facnybox_trigger-21d62dc \" data-rhea-map-source=\"rhea-map-source-21d62dc\" data-rhea-map-location=\"39.61362,3.02004,14\" data-rhea-map-title=\"EXCLUSIVE | Villa with breathtaking sea views in first sea line in the harbor of Cala Figuera\" data-rhea-map-price=\" 2.500.000\u20ac \" data-rhea-map-thumb=\"https:\/\/www.lucasfroeserealestate.com\/wp-content\/uploads\/2025\/08\/Villia-super-Blick-Cala-Figuera-22-488x326.jpg\"\n\t\t\t href=\"https:\/\/www.lucasfroeserealestate.com\/en\/immobilien\/villa-in-the-harbor-of-cala-figuera\/\">\n            <span class=\"rhea_address_pin\"><svg xmlns=\"http:\/\/www.w3.org\/2000\/svg\" viewBox=\"0 0 18 18\">\r\n\t<style type=\"text\/css\">\r\n\r\n\t\t.st0{fill-rule:evenodd;clip-rule:evenodd;}\r\n\r\n\t<\/style>\r\n\t<path class=\"st0\" d=\"M9 1c3.3 0 6 2.7 6 6S9 17 9 17 3 10.3 3 7 5.7 1 9 1zM9 5c1.1 0 2 0.9 2 2s-0.9 2-2 2S7 8.1 7 7 7.9 5 9 5z\"\/>\r\n<\/svg><\/span>\n            <span class=\"rhea_address_text\">Cala Figuera, Mallorca, Illes Balears, Spain<\/span>\n        <\/a>\n    <\/address>\n\t    <p class=\"rhea_fp_excerpt\">It is a villa with two completely independent apartments. The first apartment, which is accessed from the garden and is located on the&hellip;<\/p>\n\n\t                                                    <div class=\"rhea_fp2_meta\">\n\t\t\t\t\t\t\t\t\t\t\t\t\t\t\n\n    <div class=\"rh_prop_card_meta_wrap_stylish\">\n\t\t        <div class=\"rh_prop_card__meta\" style=\"order: 1\">\n\t\t\t\t\t\t\t<span class=\"rhea_meta_titles\">Rooms<\/span>                <div class=\"rhea_meta_icon_wrapper\">\n\t\t\t\t\t<img decoding=\"async\" class=\"custom-meta-icon custom-meta-icon-image\" src=\"https:\/\/www.lucasfroeserealestate.com\/wp-content\/uploads\/2024\/09\/schlafzimmer-immobilien-mallorca-02.png\" alt=\"Bedrooms property meta icon.\" title=\"\">\t\t\t\t\t<span class=\"figure\">4<\/span>\t\t\t\t\t                <\/div>\n\t\t\t        <\/div>\n\t\t        <div class=\"rh_prop_card__meta\" style=\"order: 1\">\n\t\t\t\t\t\t\t<span class=\"rhea_meta_titles\">Badez.<\/span>                <div class=\"rhea_meta_icon_wrapper\">\n\t\t\t\t\t<img decoding=\"async\" class=\"custom-meta-icon custom-meta-icon-image\" src=\"https:\/\/www.lucasfroeserealestate.com\/wp-content\/uploads\/2024\/09\/badezimmer-immobilien-mallorca.png\" alt=\"Bathrooms property meta icon.\" title=\"\">\t\t\t\t\t<span class=\"figure\">1<\/span>\t\t\t\t\t                <\/div>\n\t\t\t        <\/div>\n\t\t        <div class=\"rh_prop_card__meta\" style=\"order: 1\">\n\t\t\t\t\t\t\t<span class=\"rhea_meta_titles\">Residential M2<\/span>                <div class=\"rhea_meta_icon_wrapper\">\n\t\t\t\t\t<img decoding=\"async\" class=\"custom-meta-icon custom-meta-icon-image\" src=\"https:\/\/www.lucasfroeserealestate.com\/wp-content\/uploads\/2024\/09\/wohnflaeche-immobilien-mallorca.png\" alt=\"Area Size property meta icon.\" title=\"\">\t\t\t\t\t<span class=\"figure\">193<\/span>\t\t\t\t\t                <\/div>\n\t\t\t        <\/div>\n\t\t        <div class=\"rh_prop_card__meta\" style=\"order: 1\">\n\t\t\t\t\t\t\t<span class=\"rhea_meta_titles\">Reason M2<\/span>                <div class=\"rhea_meta_icon_wrapper\">\n\t\t\t\t\t<img decoding=\"async\" class=\"custom-meta-icon custom-meta-icon-image\" src=\"https:\/\/www.lucasfroeserealestate.com\/wp-content\/uploads\/2024\/09\/grundstueck-flaeche-immobilien.png\" alt=\"Lot Size property meta icon.\" title=\"\">\t\t\t\t\t<span class=\"figure\">383<\/span>\t\t\t\t\t                <\/div>\n\t\t\t        <\/div>\n\t\t    <\/div>\n\t\n\n\n\n                                                    <\/div>\n\t\t\t\t\t\t\t\t\t\t\t\t\t                                                <div class=\"rhea_fp_sales_icons\">\n\t\t\t\t\t\t\t\t\t\t\t\t\t<div class=\"rhea_fp_price_status\">\n\t            <span class=\"rhea_fp_status\">Price<\/span>\n\t\t\t        <p class=\"rhea_fp_price \">\n\t\t\t 2.500.000\u20ac         <\/p>\n\t\t<\/div>                                                    <div class=\"rhea_wrapper_member_functions\">\n\t\t                                                                                                    <\/div>\n                                                <\/div>\n                                            <\/div>\n                                        <\/div>\n                                    <\/div>\n                                <\/li>\n\t\t\t\t\t\t\t\t                                <li>\n                                    <div class=\"rhea_fp_slide_contents\">\n\t\t\t\t\t\t\t\t\t\t                                            <a href=\"https:\/\/www.lucasfroeserealestate.com\/en\/immobilien\/studio-apartments-as-an-investment-in-portocolom-close-to-the-beach\/\" class=\"rhea_fp_thumbnail\" style=\"background-image: url('https:\/\/www.lucasfroeserealestate.com\/wp-content\/uploads\/2025\/10\/immobilien-portocolom-apartments-LF0836-21-1024x576.jpg')\"><\/a>\n\t\t\t\t\t\t\t\t\t\t                                        <div class=\"rhea_fp_slide_info\">\n                                            <a class=\"rhea_fp_permalink\" href=\"https:\/\/www.lucasfroeserealestate.com\/en\/immobilien\/studio-apartments-as-an-investment-in-portocolom-close-to-the-beach\/\"><\/a>\n                                            <div class=\"rhea_fp_slide_info_inner\">\n\t\t\t\t\t\t\t\t\t\t\t\t<h3 class=\"rhea_fp2_title\"><a href=\"https:\/\/www.lucasfroeserealestate.com\/en\/immobilien\/studio-apartments-as-an-investment-in-portocolom-close-to-the-beach\/\">Studio apartments as an investment in Portocolom close to the beach<\/a><\/h3>\n    <address class=\"rhea_fp_address\">\n        <a             class=\"rhea_trigger_map rhea_facnybox_trigger-21d62dc \" data-rhea-map-source=\"rhea-map-source-21d62dc\" data-rhea-map-location=\"39.408249763236,3.2581157958128,17\" data-rhea-map-title=\"Studio apartments as an investment in Portocolom close to the beach\" data-rhea-map-price=\" 345.000\u20ac \" data-rhea-map-thumb=\"https:\/\/www.lucasfroeserealestate.com\/wp-content\/uploads\/2025\/10\/immobilien-portocolom-apartments-LF0836-21-488x326.jpg\"\n\t\t\t href=\"https:\/\/www.lucasfroeserealestate.com\/en\/immobilien\/studio-apartments-as-an-investment-in-portocolom-close-to-the-beach\/\">\n            <span class=\"rhea_address_pin\"><svg xmlns=\"http:\/\/www.w3.org\/2000\/svg\" viewBox=\"0 0 18 18\">\r\n\t<style type=\"text\/css\">\r\n\r\n\t\t.st0{fill-rule:evenodd;clip-rule:evenodd;}\r\n\r\n\t<\/style>\r\n\t<path class=\"st0\" d=\"M9 1c3.3 0 6 2.7 6 6S9 17 9 17 3 10.3 3 7 5.7 1 9 1zM9 5c1.1 0 2 0.9 2 2s-0.9 2-2 2S7 8.1 7 7 7.9 5 9 5z\"\/>\r\n<\/svg><\/span>\n            <span class=\"rhea_address_text\">Cala Mar\u00e7al, Portocolom, Mallorca<\/span>\n        <\/a>\n    <\/address>\n\t    <p class=\"rhea_fp_excerpt\">We have the perfect real estate investment for you in the southeast of Mallorca! Excellent returns, significant appreciation potential thanks to a prime&hellip;<\/p>\n\n\t                                                    <div class=\"rhea_fp2_meta\">\n\t\t\t\t\t\t\t\t\t\t\t\t\t\t\n\n    <div class=\"rh_prop_card_meta_wrap_stylish\">\n\t\t        <div class=\"rh_prop_card__meta\" style=\"order: 1\">\n\t\t\t\t\t\t\t<span class=\"rhea_meta_titles\">Badez.<\/span>                <div class=\"rhea_meta_icon_wrapper\">\n\t\t\t\t\t<img decoding=\"async\" class=\"custom-meta-icon custom-meta-icon-image\" src=\"https:\/\/www.lucasfroeserealestate.com\/wp-content\/uploads\/2024\/09\/badezimmer-immobilien-mallorca.png\" alt=\"Bathrooms property meta icon.\" title=\"\">\t\t\t\t\t<span class=\"figure\">1<\/span>\t\t\t\t\t                <\/div>\n\t\t\t        <\/div>\n\t\t        <div class=\"rh_prop_card__meta\" style=\"order: 1\">\n\t\t\t\t\t\t\t<span class=\"rhea_meta_titles\">Residential M2<\/span>                <div class=\"rhea_meta_icon_wrapper\">\n\t\t\t\t\t<img decoding=\"async\" class=\"custom-meta-icon custom-meta-icon-image\" src=\"https:\/\/www.lucasfroeserealestate.com\/wp-content\/uploads\/2024\/09\/wohnflaeche-immobilien-mallorca.png\" alt=\"Area Size property meta icon.\" title=\"\">\t\t\t\t\t<span class=\"figure\">50<\/span>\t\t\t\t\t                <\/div>\n\t\t\t        <\/div>\n\t\t        <div class=\"rh_prop_card__meta\" style=\"order: 1\">\n\t\t\t\t\t\t\t<span class=\"rhea_meta_titles\">Reason M2<\/span>                <div class=\"rhea_meta_icon_wrapper\">\n\t\t\t\t\t<img decoding=\"async\" class=\"custom-meta-icon custom-meta-icon-image\" src=\"https:\/\/www.lucasfroeserealestate.com\/wp-content\/uploads\/2024\/09\/grundstueck-flaeche-immobilien.png\" alt=\"Lot Size property meta icon.\" title=\"\">\t\t\t\t\t<span class=\"figure\">7438<\/span>\t\t\t\t\t                <\/div>\n\t\t\t        <\/div>\n\t\t    <\/div>\n\t\n\n\n\n                                                    <\/div>\n\t\t\t\t\t\t\t\t\t\t\t\t\t                                                <div class=\"rhea_fp_sales_icons\">\n\t\t\t\t\t\t\t\t\t\t\t\t\t<div class=\"rhea_fp_price_status\">\n\t            <span class=\"rhea_fp_status\">Price<\/span>\n\t\t\t        <p class=\"rhea_fp_price \">\n\t\t\t 345.000\u20ac         <\/p>\n\t\t<\/div>                                                    <div class=\"rhea_wrapper_member_functions\">\n\t\t                                                                                                    <\/div>\n                                                <\/div>\n                                            <\/div>\n                                        <\/div>\n                                    <\/div>\n                                <\/li>\n\t\t\t\t\t\t\t\t                                <li>\n                                    <div class=\"rhea_fp_slide_contents\">\n\t\t\t\t\t\t\t\t\t\t                                            <a href=\"https:\/\/www.lucasfroeserealestate.com\/en\/immobilien\/luxus-wohnung-blick-felanitx\/\" class=\"rhea_fp_thumbnail\" style=\"background-image: url('https:\/\/www.lucasfroeserealestate.com\/wp-content\/uploads\/2020\/09\/Piso2-1-8-1024x576.jpg')\"><\/a>\n\t\t\t\t\t\t\t\t\t\t                                        <div class=\"rhea_fp_slide_info\">\n                                            <a class=\"rhea_fp_permalink\" href=\"https:\/\/www.lucasfroeserealestate.com\/en\/immobilien\/luxus-wohnung-blick-felanitx\/\"><\/a>\n                                            <div class=\"rhea_fp_slide_info_inner\">\n\t\t\t\t\t\t\t\t\t\t\t\t<h3 class=\"rhea_fp2_title\"><a href=\"https:\/\/www.lucasfroeserealestate.com\/en\/immobilien\/luxus-wohnung-blick-felanitx\/\">Luxury apartment with chill-out terrace and views over Felanitx<\/a><\/h3>\n    <address class=\"rhea_fp_address\">\n        <a             class=\"rhea_trigger_map rhea_facnybox_trigger-21d62dc \" data-rhea-map-source=\"rhea-map-source-21d62dc\" data-rhea-map-location=\"39.4731681,3.1476731,14\" data-rhea-map-title=\"Luxury apartment with chill-out terrace and views over Felanitx\" data-rhea-map-price=\" 610.000\u20ac \" data-rhea-map-thumb=\"https:\/\/www.lucasfroeserealestate.com\/wp-content\/uploads\/2020\/09\/Piso2-1-8-488x326.jpg\"\n\t\t\t href=\"https:\/\/www.lucasfroeserealestate.com\/en\/immobilien\/luxus-wohnung-blick-felanitx\/\">\n            <span class=\"rhea_address_pin\"><svg xmlns=\"http:\/\/www.w3.org\/2000\/svg\" viewBox=\"0 0 18 18\">\r\n\t<style type=\"text\/css\">\r\n\r\n\t\t.st0{fill-rule:evenodd;clip-rule:evenodd;}\r\n\r\n\t<\/style>\r\n\t<path class=\"st0\" d=\"M9 1c3.3 0 6 2.7 6 6S9 17 9 17 3 10.3 3 7 5.7 1 9 1zM9 5c1.1 0 2 0.9 2 2s-0.9 2-2 2S7 8.1 7 7 7.9 5 9 5z\"\/>\r\n<\/svg><\/span>\n            <span class=\"rhea_address_text\">Felanitx, Migjorn, Islas Baleares, Espa\u00f1a<\/span>\n        <\/a>\n    <\/address>\n\t    <p class=\"rhea_fp_excerpt\">This luxury apartment in modern style is located right in the heart of Felanitx, next to the town hall and the market hall.&hellip;<\/p>\n\n\t                                                    <div class=\"rhea_fp2_meta\">\n\t\t\t\t\t\t\t\t\t\t\t\t\t\t\n\n    <div class=\"rh_prop_card_meta_wrap_stylish\">\n\t\t        <div class=\"rh_prop_card__meta\" style=\"order: 1\">\n\t\t\t\t\t\t\t<span class=\"rhea_meta_titles\">Rooms<\/span>                <div class=\"rhea_meta_icon_wrapper\">\n\t\t\t\t\t<img decoding=\"async\" class=\"custom-meta-icon custom-meta-icon-image\" src=\"https:\/\/www.lucasfroeserealestate.com\/wp-content\/uploads\/2024\/09\/schlafzimmer-immobilien-mallorca-02.png\" alt=\"Bedrooms property meta icon.\" title=\"\">\t\t\t\t\t<span class=\"figure\">2<\/span>\t\t\t\t\t                <\/div>\n\t\t\t        <\/div>\n\t\t        <div class=\"rh_prop_card__meta\" style=\"order: 1\">\n\t\t\t\t\t\t\t<span class=\"rhea_meta_titles\">Badez.<\/span>                <div class=\"rhea_meta_icon_wrapper\">\n\t\t\t\t\t<img decoding=\"async\" class=\"custom-meta-icon custom-meta-icon-image\" src=\"https:\/\/www.lucasfroeserealestate.com\/wp-content\/uploads\/2024\/09\/badezimmer-immobilien-mallorca.png\" alt=\"Bathrooms property meta icon.\" title=\"\">\t\t\t\t\t<span class=\"figure\">2<\/span>\t\t\t\t\t                <\/div>\n\t\t\t        <\/div>\n\t\t        <div class=\"rh_prop_card__meta\" style=\"order: 1\">\n\t\t\t\t\t\t\t<span class=\"rhea_meta_titles\">Residential M2<\/span>                <div class=\"rhea_meta_icon_wrapper\">\n\t\t\t\t\t<img decoding=\"async\" class=\"custom-meta-icon custom-meta-icon-image\" src=\"https:\/\/www.lucasfroeserealestate.com\/wp-content\/uploads\/2024\/09\/wohnflaeche-immobilien-mallorca.png\" alt=\"Area Size property meta icon.\" title=\"\">\t\t\t\t\t<span class=\"figure\">135<\/span>\t\t\t\t\t                <\/div>\n\t\t\t        <\/div>\n\t\t    <\/div>\n\t\n\n\n\n                                                    <\/div>\n\t\t\t\t\t\t\t\t\t\t\t\t\t                                                <div class=\"rhea_fp_sales_icons\">\n\t\t\t\t\t\t\t\t\t\t\t\t\t<div class=\"rhea_fp_price_status\">\n\t            <span class=\"rhea_fp_status\">Price<\/span>\n\t\t\t        <p class=\"rhea_fp_price \">\n\t\t\t 610.000\u20ac         <\/p>\n\t\t<\/div>                                                    <div class=\"rhea_wrapper_member_functions\">\n\t\t                                                                                                    <\/div>\n                                                <\/div>\n                                            <\/div>\n                                        <\/div>\n                                    <\/div>\n                                <\/li>\n\t\t\t\t\t\t\t\t                                <li>\n                                    <div class=\"rhea_fp_slide_contents\">\n\t\t\t\t\t\t\t\t\t\t                                            <a href=\"https:\/\/www.lucasfroeserealestate.com\/en\/immobilien\/plot-with-project-in-felanitx\/\" class=\"rhea_fp_thumbnail\" style=\"background-image: url('https:\/\/www.lucasfroeserealestate.com\/wp-content\/uploads\/2024\/10\/Baugruendstueck-neben-Felanitx-mit-Projekt1-5-1-1024x683.jpg')\"><\/a>\n\t\t\t\t\t\t\t\t\t\t                                        <div class=\"rhea_fp_slide_info\">\n                                            <a class=\"rhea_fp_permalink\" href=\"https:\/\/www.lucasfroeserealestate.com\/en\/immobilien\/plot-with-project-in-felanitx\/\"><\/a>\n                                            <div class=\"rhea_fp_slide_info_inner\">\n\t\t\t\t\t\t\t\t\t\t\t\t<h3 class=\"rhea_fp2_title\"><a href=\"https:\/\/www.lucasfroeserealestate.com\/en\/immobilien\/plot-with-project-in-felanitx\/\">Plot with project in Felanitx<\/a><\/h3>\n    <address class=\"rhea_fp_address\">\n        <a             class=\"rhea_trigger_map rhea_facnybox_trigger-21d62dc \" data-rhea-map-source=\"rhea-map-source-21d62dc\" data-rhea-map-location=\"39.51451169441,3.1135304984476,12\" data-rhea-map-title=\"Plot with project in Felanitx\" data-rhea-map-price=\" 235.000\u20ac \" data-rhea-map-thumb=\"https:\/\/www.lucasfroeserealestate.com\/wp-content\/uploads\/2024\/10\/Baugruendstueck-neben-Felanitx-mit-Projekt1-5-1-488x326.jpg\"\n\t\t\t href=\"https:\/\/www.lucasfroeserealestate.com\/en\/immobilien\/plot-with-project-in-felanitx\/\">\n            <span class=\"rhea_address_pin\"><svg xmlns=\"http:\/\/www.w3.org\/2000\/svg\" viewBox=\"0 0 18 18\">\r\n\t<style type=\"text\/css\">\r\n\r\n\t\t.st0{fill-rule:evenodd;clip-rule:evenodd;}\r\n\r\n\t<\/style>\r\n\t<path class=\"st0\" d=\"M9 1c3.3 0 6 2.7 6 6S9 17 9 17 3 10.3 3 7 5.7 1 9 1zM9 5c1.1 0 2 0.9 2 2s-0.9 2-2 2S7 8.1 7 7 7.9 5 9 5z\"\/>\r\n<\/svg><\/span>\n            <span class=\"rhea_address_text\">Mallorca, Illes Balears, Spain<\/span>\n        <\/a>\n    <\/address>\n\t    <p class=\"rhea_fp_excerpt\">Great opportunity in Felanitx! For sale plot of 16.500 m2 with project presented, in the quiet area of Son Valls. The project offers&hellip;<\/p>\n\n\t                                                    <div class=\"rhea_fp2_meta\">\n\t\t\t\t\t\t\t\t\t\t\t\t\t\t\n\n    <div class=\"rh_prop_card_meta_wrap_stylish\">\n\t\t        <div class=\"rh_prop_card__meta\" style=\"order: 1\">\n\t\t\t\t\t\t\t<span class=\"rhea_meta_titles\">Rooms<\/span>                <div class=\"rhea_meta_icon_wrapper\">\n\t\t\t\t\t<img decoding=\"async\" class=\"custom-meta-icon custom-meta-icon-image\" src=\"https:\/\/www.lucasfroeserealestate.com\/wp-content\/uploads\/2024\/09\/schlafzimmer-immobilien-mallorca-02.png\" alt=\"Bedrooms property meta icon.\" title=\"\">\t\t\t\t\t<span class=\"figure\">3<\/span>\t\t\t\t\t                <\/div>\n\t\t\t        <\/div>\n\t\t        <div class=\"rh_prop_card__meta\" style=\"order: 1\">\n\t\t\t\t\t\t\t<span class=\"rhea_meta_titles\">Badez.<\/span>                <div class=\"rhea_meta_icon_wrapper\">\n\t\t\t\t\t<img decoding=\"async\" class=\"custom-meta-icon custom-meta-icon-image\" src=\"https:\/\/www.lucasfroeserealestate.com\/wp-content\/uploads\/2024\/09\/badezimmer-immobilien-mallorca.png\" alt=\"Bathrooms property meta icon.\" title=\"\">\t\t\t\t\t<span class=\"figure\">2<\/span>\t\t\t\t\t                <\/div>\n\t\t\t        <\/div>\n\t\t        <div class=\"rh_prop_card__meta\" style=\"order: 1\">\n\t\t\t\t\t\t\t<span class=\"rhea_meta_titles\">Residential M2<\/span>                <div class=\"rhea_meta_icon_wrapper\">\n\t\t\t\t\t<img decoding=\"async\" class=\"custom-meta-icon custom-meta-icon-image\" src=\"https:\/\/www.lucasfroeserealestate.com\/wp-content\/uploads\/2024\/09\/wohnflaeche-immobilien-mallorca.png\" alt=\"Area Size property meta icon.\" title=\"\">\t\t\t\t\t<span class=\"figure\">247<\/span>\t\t\t\t\t                <\/div>\n\t\t\t        <\/div>\n\t\t        <div class=\"rh_prop_card__meta\" style=\"order: 1\">\n\t\t\t\t\t\t\t<span class=\"rhea_meta_titles\">Reason M2<\/span>                <div class=\"rhea_meta_icon_wrapper\">\n\t\t\t\t\t<img decoding=\"async\" class=\"custom-meta-icon custom-meta-icon-image\" src=\"https:\/\/www.lucasfroeserealestate.com\/wp-content\/uploads\/2024\/09\/grundstueck-flaeche-immobilien.png\" alt=\"Lot Size property meta icon.\" title=\"\">\t\t\t\t\t<span class=\"figure\">16500<\/span>\t\t\t\t\t                <\/div>\n\t\t\t        <\/div>\n\t\t    <\/div>\n\t\n\n\n\n                                                    <\/div>\n\t\t\t\t\t\t\t\t\t\t\t\t\t                                                <div class=\"rhea_fp_sales_icons\">\n\t\t\t\t\t\t\t\t\t\t\t\t\t<div class=\"rhea_fp_price_status\">\n\t            <span class=\"rhea_fp_status\">Price<\/span>\n\t\t\t        <p class=\"rhea_fp_price \">\n\t\t\t 235.000\u20ac         <\/p>\n\t\t<\/div>                                                    <div class=\"rhea_wrapper_member_functions\">\n\t\t                                                                                                    <\/div>\n                                                <\/div>\n                                            <\/div>\n                                        <\/div>\n                                    <\/div>\n                                <\/li>\n\t\t\t\t\t\t\t\t                                <li>\n                                    <div class=\"rhea_fp_slide_contents\">\n\t\t\t\t\t\t\t\t\t\t                                            <a href=\"https:\/\/www.lucasfroeserealestate.com\/en\/immobilien\/new-build-villa-in-a-residential-area-in-portocolom\/\" class=\"rhea_fp_thumbnail\" style=\"background-image: url('https:\/\/www.lucasfroeserealestate.com\/wp-content\/uploads\/2024\/09\/Luxus-Neubau-in-Portocolom-6-1024x593.jpg')\"><\/a>\n\t\t\t\t\t\t\t\t\t\t                                        <div class=\"rhea_fp_slide_info\">\n                                            <a class=\"rhea_fp_permalink\" href=\"https:\/\/www.lucasfroeserealestate.com\/en\/immobilien\/new-build-villa-in-a-residential-area-in-portocolom\/\"><\/a>\n                                            <div class=\"rhea_fp_slide_info_inner\">\n\t\t\t\t\t\t\t\t\t\t\t\t<h3 class=\"rhea_fp2_title\"><a href=\"https:\/\/www.lucasfroeserealestate.com\/en\/immobilien\/new-build-villa-in-a-residential-area-in-portocolom\/\">New build villa in a residential area in Portocolom<\/a><\/h3>\n    <address class=\"rhea_fp_address\">\n        <a             class=\"rhea_trigger_map rhea_facnybox_trigger-21d62dc \" data-rhea-map-source=\"rhea-map-source-21d62dc\" data-rhea-map-location=\"39.417089426832,3.2499610102016,17\" data-rhea-map-title=\"New build villa in a residential area in Portocolom\" data-rhea-map-price=\" 1.750.000\u20ac \" data-rhea-map-thumb=\"https:\/\/www.lucasfroeserealestate.com\/wp-content\/uploads\/2024\/09\/Luxus-Neubau-in-Portocolom-6-488x326.jpg\"\n\t\t\t href=\"https:\/\/www.lucasfroeserealestate.com\/en\/immobilien\/new-build-villa-in-a-residential-area-in-portocolom\/\">\n            <span class=\"rhea_address_pin\"><svg xmlns=\"http:\/\/www.w3.org\/2000\/svg\" viewBox=\"0 0 18 18\">\r\n\t<style type=\"text\/css\">\r\n\r\n\t\t.st0{fill-rule:evenodd;clip-rule:evenodd;}\r\n\r\n\t<\/style>\r\n\t<path class=\"st0\" d=\"M9 1c3.3 0 6 2.7 6 6S9 17 9 17 3 10.3 3 7 5.7 1 9 1zM9 5c1.1 0 2 0.9 2 2s-0.9 2-2 2S7 8.1 7 7 7.9 5 9 5z\"\/>\r\n<\/svg><\/span>\n            <span class=\"rhea_address_text\">Portocolom<\/span>\n        <\/a>\n    <\/address>\n\t    <p class=\"rhea_fp_excerpt\">These turnkey new-build villas are for sale in a quiet residential area. Just a 5-minute walk from supermarkets, pharmacies and with quick access&hellip;<\/p>\n\n\t                                                    <div class=\"rhea_fp2_meta\">\n\t\t\t\t\t\t\t\t\t\t\t\t\t\t\n\n    <div class=\"rh_prop_card_meta_wrap_stylish\">\n\t\t        <div class=\"rh_prop_card__meta\" style=\"order: 1\">\n\t\t\t\t\t\t\t<span class=\"rhea_meta_titles\">Rooms<\/span>                <div class=\"rhea_meta_icon_wrapper\">\n\t\t\t\t\t<img decoding=\"async\" class=\"custom-meta-icon custom-meta-icon-image\" src=\"https:\/\/www.lucasfroeserealestate.com\/wp-content\/uploads\/2024\/09\/schlafzimmer-immobilien-mallorca-02.png\" alt=\"Bedrooms property meta icon.\" title=\"\">\t\t\t\t\t<span class=\"figure\">3<\/span>\t\t\t\t\t                <\/div>\n\t\t\t        <\/div>\n\t\t        <div class=\"rh_prop_card__meta\" style=\"order: 1\">\n\t\t\t\t\t\t\t<span class=\"rhea_meta_titles\">Badez.<\/span>                <div class=\"rhea_meta_icon_wrapper\">\n\t\t\t\t\t<img decoding=\"async\" class=\"custom-meta-icon custom-meta-icon-image\" src=\"https:\/\/www.lucasfroeserealestate.com\/wp-content\/uploads\/2024\/09\/badezimmer-immobilien-mallorca.png\" alt=\"Bathrooms property meta icon.\" title=\"\">\t\t\t\t\t<span class=\"figure\">3<\/span>\t\t\t\t\t                <\/div>\n\t\t\t        <\/div>\n\t\t        <div class=\"rh_prop_card__meta\" style=\"order: 1\">\n\t\t\t\t\t\t\t<span class=\"rhea_meta_titles\">Residential M2<\/span>                <div class=\"rhea_meta_icon_wrapper\">\n\t\t\t\t\t<img decoding=\"async\" class=\"custom-meta-icon custom-meta-icon-image\" src=\"https:\/\/www.lucasfroeserealestate.com\/wp-content\/uploads\/2024\/09\/wohnflaeche-immobilien-mallorca.png\" alt=\"Area Size property meta icon.\" title=\"\">\t\t\t\t\t<span class=\"figure\">247<\/span>\t\t\t\t\t                <\/div>\n\t\t\t        <\/div>\n\t\t    <\/div>\n\t\n\n\n\n                                                    <\/div>\n\t\t\t\t\t\t\t\t\t\t\t\t\t                                                <div class=\"rhea_fp_sales_icons\">\n\t\t\t\t\t\t\t\t\t\t\t\t\t<div class=\"rhea_fp_price_status\">\n\t            <span class=\"rhea_fp_status\">Price<\/span>\n\t\t\t        <p class=\"rhea_fp_price \">\n\t\t\t 1.750.000\u20ac         <\/p>\n\t\t<\/div>                                                    <div class=\"rhea_wrapper_member_functions\">\n\t\t                                                                                                    <\/div>\n                                                <\/div>\n                                            <\/div>\n                                        <\/div>\n                                    <\/div>\n                                <\/li>\n\t\t\t\t\t\t\t\t                        <\/ul>\n                    <\/div>\n\t\t\t\t\t                <\/div>\n            <\/section>\n\t\t\t\t\t\t\t<\/div>\n\t\t\t\t<\/div>\n\t\t\t\t<div class=\"elementor-element elementor-element-c3c6b4f elementor-widget elementor-widget-spacer\" data-id=\"c3c6b4f\" data-element_type=\"widget\" data-e-type=\"widget\" data-widget_type=\"spacer.default\">\n\t\t\t\t<div class=\"elementor-widget-container\">\n\t\t\t\t\t\t\t<div class=\"elementor-spacer\">\n\t\t\t<div class=\"elementor-spacer-inner\"><\/div>\n\t\t<\/div>\n\t\t\t\t\t\t<\/div>\n\t\t\t\t<\/div>\n\t\t\t\t\t<\/div>\n\t\t<\/div>\n\t\t\t\t\t<\/div>\n\t\t<\/section>\n\t\t\t\t<\/div>\n\t\t","protected":false},"excerpt":{"rendered":"<p>EXKLUSIV |\u00a0Investitionsm\u00f6glichkeit in Felanitx \u2013 Geb\u00e4ude mit zwei separaten Wohnh\u00e4usern Felanitx, Mallorca, Illes Balears, Spain Hervorragende Gelegenheit f\u00fcr Investoren in der Gemeinde Felanitx, Mallorca. Zu verkaufen ist ein Anwesen mit zwei separaten Wohnh\u00e4usern mit jeweils 71 m\u00b2, ideal&hellip; Rooms 4 Badez. 3 Residential M2 213 Reason M2 209 Preis 425.000\u20ac Exklusives Stadthaus in Ses Salines&#8230;<\/p>\n","protected":false},"author":1,"featured_media":0,"parent":0,"menu_order":0,"comment_status":"closed","ping_status":"closed","template":"elementor_canvas","meta":{"footnotes":""},"class_list":["post-45026","page","type-page","status-publish","hentry"],"_links":{"self":[{"href":"https:\/\/www.lucasfroeserealestate.com\/en\/wp-json\/wp\/v2\/pages\/45026","targetHints":{"allow":["GET"]}}],"collection":[{"href":"https:\/\/www.lucasfroeserealestate.com\/en\/wp-json\/wp\/v2\/pages"}],"about":[{"href":"https:\/\/www.lucasfroeserealestate.com\/en\/wp-json\/wp\/v2\/types\/page"}],"author":[{"embeddable":true,"href":"https:\/\/www.lucasfroeserealestate.com\/en\/wp-json\/wp\/v2\/users\/1"}],"replies":[{"embeddable":true,"href":"https:\/\/www.lucasfroeserealestate.com\/en\/wp-json\/wp\/v2\/comments?post=45026"}],"version-history":[{"count":6,"href":"https:\/\/www.lucasfroeserealestate.com\/en\/wp-json\/wp\/v2\/pages\/45026\/revisions"}],"predecessor-version":[{"id":82740,"href":"https:\/\/www.lucasfroeserealestate.com\/en\/wp-json\/wp\/v2\/pages\/45026\/revisions\/82740"}],"wp:attachment":[{"href":"https:\/\/www.lucasfroeserealestate.com\/en\/wp-json\/wp\/v2\/media?parent=45026"}],"curies":[{"name":"wp","href":"https:\/\/api.w.org\/{rel}","templated":true}]}}