{"id":78477,"date":"2025-12-02T10:46:02","date_gmt":"2025-12-02T09:46:02","guid":{"rendered":"https:\/\/www.lucasfroeserealestate.com\/immobilien\/modern-finca-with-far-reaching-views-and-etv-license-in-felanitx\/"},"modified":"2026-02-24T08:23:04","modified_gmt":"2026-02-24T07:23:04","slug":"modern-finca-with-far-reaching-views-and-etv-license-in-felanitx","status":"publish","type":"property","link":"https:\/\/www.lucasfroeserealestate.com\/en\/immobilien\/modern-finca-with-far-reaching-views-and-etv-license-in-felanitx\/","title":{"rendered":"Modern finca with far-reaching views and ETV license in Felanitx"},"content":{"rendered":"<p data-start=\"70\" data-end=\"807\">This exceptional finca is situated on a hill above the town of Felanitx, an absolutely privileged location that offers spectacular views of the town, the Sant Salvador monastery and the Santueri castle. On clear days, the view even extends as far as the sea in the distance. The proximity to the town center is a real luxury: you can reach Felanitx on foot in just a few minutes, ideal for buying freshly baked croissants in the morning and then continuing to enjoy the quiet country life on your own property. The region is one of the up-and-coming areas in the south-east of the island, with increasing demand and excellent future prospects for investors.   <\/p>\n<p data-start=\"809\" data-end=\"1374\"><strong data-start=\"809\" data-end=\"888\">Building materials &#8211; High-quality, durable and designed for personal use<\/strong><br data-start=\"888\" data-end=\"891\">The property was originally built for the owners&#8217; own use &#8211; a decisive indication of the high construction quality and care that has gone into every detail. The solid sandstone fa\u00e7ade lends the finca a Mediterranean elegance, while at the same time providing excellent insulation, stability and long-term durability. Only selected, high-quality materials were used throughout the house, harmoniously combining comfort, aesthetics and functionality.  <\/p>\n<p data-start=\"1376\" data-end=\"1797\"><strong data-start=\"1376\" data-end=\"1468\">Features &#8211; Modern architecture with iconic round arches and light-flooded rooms<\/strong><br data-start=\"1468\" data-end=\"1471\">On two floors, the finca boasts a modern design characterized by large arched windows and wide glass fronts. These architectural elements not only characterize the style of the house, but also create an extraordinary living atmosphere with generous light and an open feeling of space. <\/p>\n<p data-start=\"1799\" data-end=\"1827\">The main living level offers:<\/p>\n<ul data-start=\"1828\" data-end=\"2014\">\n<li data-start=\"1828\" data-end=\"1863\">\n<p data-start=\"1830\" data-end=\"1863\">a bright living room with fireplace<\/p>\n<\/li>\n<li data-start=\"1864\" data-end=\"1901\">\n<p data-start=\"1866\" data-end=\"1901\">an elegantly designed dining room<\/p>\n<\/li>\n<li data-start=\"1902\" data-end=\"1938\">\n<p data-start=\"1904\" data-end=\"1938\">a modern kitchen with cooking island<\/p>\n<\/li>\n<li data-start=\"1939\" data-end=\"1997\">\n<p data-start=\"1941\" data-end=\"1997\">three bedrooms, two of which have en-suite bathrooms<\/p>\n<\/li>\n<li data-start=\"1998\" data-end=\"2014\">\n<p data-start=\"2000\" data-end=\"2014\">a guest WC<\/p>\n<\/li>\n<\/ul>\n<p data-start=\"2016\" data-end=\"2255\">On the upper floor is the exclusive master suite with a large bathroom, a comfortable dressing area and large arched windows that open up impressive views over Felanitx and the surrounding countryside.<\/p>\n<p data-start=\"2257\" data-end=\"2464\">Outside, you will find several terrace areas with a total area of 256 m\u00b2 as well as a spacious 80 m\u00b2 infinity-style pool area &#8211; perfect for enjoying the Mediterranean lifestyle to the full.<\/p>\n<p data-start=\"2466\" data-end=\"2514\">The high-quality equipment also includes:<\/p>\n<ul data-start=\"2515\" data-end=\"2627\">\n<li data-start=\"2515\" data-end=\"2534\">\n<p data-start=\"2517\" data-end=\"2534\">Underfloor heating<\/p>\n<\/li>\n<li data-start=\"2535\" data-end=\"2550\">\n<p data-start=\"2537\" data-end=\"2550\">Air conditioning<\/p>\n<\/li>\n<li data-start=\"2551\" data-end=\"2569\">\n<p data-start=\"2553\" data-end=\"2569\">Private garage<\/p>\n<\/li>\n<li data-start=\"2570\" data-end=\"2589\">\n<p data-start=\"2572\" data-end=\"2589\">Own well<\/p>\n<\/li>\n<li data-start=\"2570\" data-end=\"2589\">Gesa Strom<\/li>\n<li data-start=\"2590\" data-end=\"2627\">\n<p data-start=\"2592\" data-end=\"2627\"><strong data-start=\"2592\" data-end=\"2625\">Vacation rental license (ETV)<\/strong><\/p>\n<\/li>\n<\/ul>\n<p data-start=\"2629\" data-end=\"3267\"><strong data-start=\"2629\" data-end=\"2713\">Emotional appeal &#8211; a home between nature and Mallorcan village life<\/strong><br data-start=\"2713\" data-end=\"2716\">This finca combines the best of both worlds: absolute privacy and tranquillity in the midst of nature &#8211; and at the same time proximity to an authentic, lively village that you can easily reach on foot. Imagine opening the windows in the morning and watching the sun rise over Felanitx, while the silhouettes of Sant Salvador and Santueri appear in the distance. In the evening, enjoy the far-reaching views from your terrace as the lights of the town slowly come on. This house is not just a property, but a way of life.   <\/p>\n<p data-start=\"3269\" data-end=\"3690\"><strong data-start=\"3269\" data-end=\"3350\">Growing market &#8211; A safe investment in one of the most sought-after regions<\/strong><br data-start=\"3350\" data-end=\"3353\">The real estate market around Felanitx has been experiencing a noticeable upward trend for years. The rare location on a hill, combined with the proximity to the village and the high-quality construction, make this finca a particularly valuable investment &#8211; ideal for buyers looking for an exclusive home with stable value growth.<\/p>\n<p data-start=\"3806\" data-end=\"4065\" data-is-last-node=\"\" data-is-only-node=\"\">\n","protected":false},"excerpt":{"rendered":"<p>This exceptional finca is situated on a hill above the town of Felanitx, an absolutely privileged location that offers spectacular views of the town, the Sant Salvador monastery and the Santueri castle. On clear days, the view even extends as far as the sea in the distance. The proximity to the town center is a&#8230;<\/p>\n","protected":false},"author":8,"featured_media":78456,"parent":0,"menu_order":0,"comment_status":"closed","ping_status":"closed","template":"","immobilien-austattung":[170,1522,1540,165,153,1588,2114,1750,3681,1520,2142,2080,167,151,168,169,1651,1958,4065,4219,1789,1539,155,171,1586,4053,164,2095,156,157,1541,158,159],"immobilien-typ":[4195],"immobilien-ortschaft":[174],"immobilien-status":[161],"class_list":["post-78477","property","type-property","status-publish","has-post-thumbnail","hentry","property-feature-klimaanlage-en","property-feature-klimaanlage-kalt-warm-en","property-feature-balkon-en","property-feature-bbq-en","property-feature-kamin-en","property-feature-zisterne-wassertank-en","property-feature-dachterrasse-en","property-feature-doppelglasfenster-en","property-feature-einbauschraenke-en","property-feature-gesa-strom-en","property-feature-energiezertifikat-in-bearbeitung-en","property-feature-moebliert-en","property-feature-garage-en","property-feature-garten-en","property-feature-gartenhaus-en","property-feature-gaesteapartment-en","property-feature-heizung-en","property-feature-holiday-rental-licence","property-feature-infinity-swimmingpool-en","property-feature-lf-certified-en","property-feature-naturstein-en","property-feature-aussendusche-en","property-feature-speisekammer-en","property-feature-parkplatz-en","property-feature-porche-porches-en","property-feature-septic-tank","property-feature-abstellraum-en","property-feature-sommerkueche-en","property-feature-swimming-pool-en","property-feature-terrasse-en","property-feature-fussbodenheizung-en","property-feature-wasserbrunnen-en","property-feature-wc-gaestetoilette-en","property-type-fincas-en","property-city-felanitx-en","property-status-zum-verkaufen-en"],"property_meta":{"REAL_HOMES_property_price":"3100000","REAL_HOMES_property_old_price":"","REAL_HOMES_property_price_prefix":"","REAL_HOMES_property_price_postfix":"","REAL_HOMES_property_size":"460","REAL_HOMES_property_size_postfix":"","REAL_HOMES_property_lot_size":"17000","REAL_HOMES_property_lot_size_postfix":"","REAL_HOMES_property_bedrooms":"5","REAL_HOMES_property_bathrooms":"5","REAL_HOMES_property_garage":"2","REAL_HOMES_property_id":"LF0404","REAL_HOMES_property_year_built":"2005","rvr_property_owner":"","REAL_HOMES_featured":"1","REAL_HOMES_additional_details_list":[],"REAL_HOMES_property_location":{"latitude":"39.61362","longitude":"3.02004","zoom":"14"},"REAL_HOMES_property_address":"Mallorca, Illes Balears, Spain","REAL_HOMES_property_map":"0","REAL_HOMES_property_images":[{"width":150,"height":150,"file":"2025\/12\/luxusimmobilien-mallorca-felanitx-finca-003.jpg","filesize":357135,"sizes":{"medium":{"file":"luxusimmobilien-mallorca-felanitx-finca-003-300x225.jpg","width":300,"height":225,"mime-type":"image\/jpeg","filesize":15663,"url":"https:\/\/www.lucasfroeserealestate.com\/wp-content\/uploads\/2025\/12\/luxusimmobilien-mallorca-felanitx-finca-003-300x225.jpg"},"large":{"file":"luxusimmobilien-mallorca-felanitx-finca-003-1024x768.jpg","width":1024,"height":768,"mime-type":"image\/jpeg","filesize":121921,"url":"https:\/\/www.lucasfroeserealestate.com\/wp-content\/uploads\/2025\/12\/luxusimmobilien-mallorca-felanitx-finca-003-1024x768.jpg"},"thumbnail":{"file":"luxusimmobilien-mallorca-felanitx-finca-003-150x150.jpg","width":150,"height":150,"mime-type":"image\/jpeg","filesize":6791,"url":"https:\/\/www.lucasfroeserealestate.com\/wp-content\/uploads\/2025\/12\/luxusimmobilien-mallorca-felanitx-finca-003-150x150.jpg"},"medium_large":{"file":"luxusimmobilien-mallorca-felanitx-finca-003-768x576.jpg","width":768,"height":576,"mime-type":"image\/jpeg","filesize":73815,"url":"https:\/\/www.lucasfroeserealestate.com\/wp-content\/uploads\/2025\/12\/luxusimmobilien-mallorca-felanitx-finca-003-768x576.jpg"},"1536x1536":{"file":"luxusimmobilien-mallorca-felanitx-finca-003-1536x1152.jpg","width":1536,"height":1152,"mime-type":"image\/jpeg","filesize":247519,"url":"https:\/\/www.lucasfroeserealestate.com\/wp-content\/uploads\/2025\/12\/luxusimmobilien-mallorca-felanitx-finca-003-1536x1152.jpg"},"post-thumbnail":{"file":"luxusimmobilien-mallorca-felanitx-finca-003-150x113.jpg","width":150,"height":113,"mime-type":"image\/jpeg","filesize":5524,"url":"https:\/\/www.lucasfroeserealestate.com\/wp-content\/uploads\/2025\/12\/luxusimmobilien-mallorca-felanitx-finca-003-150x113.jpg"},"modern-property-child-slider":{"file":"luxusimmobilien-mallorca-felanitx-finca-003-680x510.jpg","width":680,"height":510,"mime-type":"image\/jpeg","filesize":59849,"url":"https:\/\/www.lucasfroeserealestate.com\/wp-content\/uploads\/2025\/12\/luxusimmobilien-mallorca-felanitx-finca-003-680x510.jpg"},"property-thumb-image":{"file":"luxusimmobilien-mallorca-felanitx-finca-003-488x326.jpg","width":488,"height":326,"mime-type":"image\/jpeg","filesize":32592,"url":"https:\/\/www.lucasfroeserealestate.com\/wp-content\/uploads\/2025\/12\/luxusimmobilien-mallorca-felanitx-finca-003-488x326.jpg"},"property-detail-video-image":{"file":"luxusimmobilien-mallorca-felanitx-finca-003-818x417.jpg","width":818,"height":417,"mime-type":"image\/jpeg","filesize":66696,"url":"https:\/\/www.lucasfroeserealestate.com\/wp-content\/uploads\/2025\/12\/luxusimmobilien-mallorca-felanitx-finca-003-818x417.jpg"},"agent-image":{"file":"luxusimmobilien-mallorca-felanitx-finca-003-210x210.jpg","width":210,"height":210,"mime-type":"image\/jpeg","filesize":11375,"url":"https:\/\/www.lucasfroeserealestate.com\/wp-content\/uploads\/2025\/12\/luxusimmobilien-mallorca-felanitx-finca-003-210x210.jpg"},"partners-logo":{"file":"luxusimmobilien-mallorca-felanitx-finca-003-600x1350.jpg","width":600,"height":1350,"mime-type":"image\/jpeg","filesize":124784,"url":"https:\/\/www.lucasfroeserealestate.com\/wp-content\/uploads\/2025\/12\/luxusimmobilien-mallorca-felanitx-finca-003-600x1350.jpg"},"post-featured-image":{"file":"luxusimmobilien-mallorca-felanitx-finca-003-1240x720.jpg","width":1240,"height":720,"mime-type":"image\/jpeg","filesize":147855,"url":"https:\/\/www.lucasfroeserealestate.com\/wp-content\/uploads\/2025\/12\/luxusimmobilien-mallorca-felanitx-finca-003-1240x720.jpg"}},"image_meta":{"aperture":"2.2","credit":"","camera":"iPhone 6","caption":"Luxusimmobilien Mallorca Finca Pool","created_timestamp":"1427394485","copyright":"","focal_length":"4.15","iso":"32","shutter_speed":"0.0017452006980803","title":"Luxusimmobilien Mallorca Finca Pool","orientation":"1","keywords":["Luxusimmobilien Mallorca Finca Pool"]},"ID":"78424","name":"luxusimmobilien-mallorca-felanitx-finca-003.jpg","path":"\/home\/empleost\/domains\/lucasfroeserealestate.com\/public_html\/wp-content\/uploads\/2025\/12\/luxusimmobilien-mallorca-felanitx-finca-003.jpg","url":"https:\/\/www.lucasfroeserealestate.com\/wp-content\/uploads\/2025\/12\/luxusimmobilien-mallorca-felanitx-finca-003-150x150.jpg","full_url":"https:\/\/www.lucasfroeserealestate.com\/wp-content\/uploads\/2025\/12\/luxusimmobilien-mallorca-felanitx-finca-003.jpg","title":"Luxusimmobilien Mallorca Finca Pool","caption":"Luxusimmobilien Mallorca Finca Pool","description":"","alt":"Luxusimmobilien Mallorca Finca Pool","srcset":"https:\/\/www.lucasfroeserealestate.com\/wp-content\/uploads\/2025\/12\/luxusimmobilien-mallorca-felanitx-finca-003-150x150.jpg 150w, https:\/\/www.lucasfroeserealestate.com\/wp-content\/uploads\/2025\/12\/luxusimmobilien-mallorca-felanitx-finca-003-210x210.jpg 210w"},{"width":150,"height":150,"file":"2025\/12\/luxusimmobilien-mallorca-felanitx-finca-013.jpg","filesize":463243,"sizes":{"medium":{"file":"luxusimmobilien-mallorca-felanitx-finca-013-300x225.jpg","width":300,"height":225,"mime-type":"image\/jpeg","filesize":17473,"url":"https:\/\/www.lucasfroeserealestate.com\/wp-content\/uploads\/2025\/12\/luxusimmobilien-mallorca-felanitx-finca-013-300x225.jpg"},"large":{"file":"luxusimmobilien-mallorca-felanitx-finca-013-1024x768.jpg","width":1024,"height":768,"mime-type":"image\/jpeg","filesize":151924,"url":"https:\/\/www.lucasfroeserealestate.com\/wp-content\/uploads\/2025\/12\/luxusimmobilien-mallorca-felanitx-finca-013-1024x768.jpg"},"thumbnail":{"file":"luxusimmobilien-mallorca-felanitx-finca-013-150x150.jpg","width":150,"height":150,"mime-type":"image\/jpeg","filesize":6872,"url":"https:\/\/www.lucasfroeserealestate.com\/wp-content\/uploads\/2025\/12\/luxusimmobilien-mallorca-felanitx-finca-013-150x150.jpg"},"medium_large":{"file":"luxusimmobilien-mallorca-felanitx-finca-013-768x576.jpg","width":768,"height":576,"mime-type":"image\/jpeg","filesize":90094,"url":"https:\/\/www.lucasfroeserealestate.com\/wp-content\/uploads\/2025\/12\/luxusimmobilien-mallorca-felanitx-finca-013-768x576.jpg"},"1536x1536":{"file":"luxusimmobilien-mallorca-felanitx-finca-013-1536x1152.jpg","width":1536,"height":1152,"mime-type":"image\/jpeg","filesize":309257,"url":"https:\/\/www.lucasfroeserealestate.com\/wp-content\/uploads\/2025\/12\/luxusimmobilien-mallorca-felanitx-finca-013-1536x1152.jpg"},"post-thumbnail":{"file":"luxusimmobilien-mallorca-felanitx-finca-013-150x113.jpg","width":150,"height":113,"mime-type":"image\/jpeg","filesize":5565,"url":"https:\/\/www.lucasfroeserealestate.com\/wp-content\/uploads\/2025\/12\/luxusimmobilien-mallorca-felanitx-finca-013-150x113.jpg"},"modern-property-child-slider":{"file":"luxusimmobilien-mallorca-felanitx-finca-013-680x510.jpg","width":680,"height":510,"mime-type":"image\/jpeg","filesize":72712,"url":"https:\/\/www.lucasfroeserealestate.com\/wp-content\/uploads\/2025\/12\/luxusimmobilien-mallorca-felanitx-finca-013-680x510.jpg"},"property-thumb-image":{"file":"luxusimmobilien-mallorca-felanitx-finca-013-488x326.jpg","width":488,"height":326,"mime-type":"image\/jpeg","filesize":36546,"url":"https:\/\/www.lucasfroeserealestate.com\/wp-content\/uploads\/2025\/12\/luxusimmobilien-mallorca-felanitx-finca-013-488x326.jpg"},"property-detail-video-image":{"file":"luxusimmobilien-mallorca-felanitx-finca-013-818x417.jpg","width":818,"height":417,"mime-type":"image\/jpeg","filesize":71685,"url":"https:\/\/www.lucasfroeserealestate.com\/wp-content\/uploads\/2025\/12\/luxusimmobilien-mallorca-felanitx-finca-013-818x417.jpg"},"agent-image":{"file":"luxusimmobilien-mallorca-felanitx-finca-013-210x210.jpg","width":210,"height":210,"mime-type":"image\/jpeg","filesize":12030,"url":"https:\/\/www.lucasfroeserealestate.com\/wp-content\/uploads\/2025\/12\/luxusimmobilien-mallorca-felanitx-finca-013-210x210.jpg"},"partners-logo":{"file":"luxusimmobilien-mallorca-felanitx-finca-013-600x1350.jpg","width":600,"height":1350,"mime-type":"image\/jpeg","filesize":153101,"url":"https:\/\/www.lucasfroeserealestate.com\/wp-content\/uploads\/2025\/12\/luxusimmobilien-mallorca-felanitx-finca-013-600x1350.jpg"},"post-featured-image":{"file":"luxusimmobilien-mallorca-felanitx-finca-013-1240x720.jpg","width":1240,"height":720,"mime-type":"image\/jpeg","filesize":173443,"url":"https:\/\/www.lucasfroeserealestate.com\/wp-content\/uploads\/2025\/12\/luxusimmobilien-mallorca-felanitx-finca-013-1240x720.jpg"}},"image_meta":{"aperture":"2.2","credit":"","camera":"iPhone 6","caption":"Luxusimmobilien Mallorca Finca Felanitx","created_timestamp":"1492859396","copyright":"","focal_length":"4.15","iso":"32","shutter_speed":"0.00015098897780462","title":"Luxusimmobilien Mallorca Finca Felanitx","orientation":"1","keywords":["Luxusimmobilien Mallorca Finca Felanitx"]},"ID":"78454","name":"luxusimmobilien-mallorca-felanitx-finca-013.jpg","path":"\/home\/empleost\/domains\/lucasfroeserealestate.com\/public_html\/wp-content\/uploads\/2025\/12\/luxusimmobilien-mallorca-felanitx-finca-013.jpg","url":"https:\/\/www.lucasfroeserealestate.com\/wp-content\/uploads\/2025\/12\/luxusimmobilien-mallorca-felanitx-finca-013-150x150.jpg","full_url":"https:\/\/www.lucasfroeserealestate.com\/wp-content\/uploads\/2025\/12\/luxusimmobilien-mallorca-felanitx-finca-013.jpg","title":"Luxusimmobilien Mallorca Finca Felanitx","caption":"Luxusimmobilien Mallorca Finca Felanitx","description":"","alt":"Luxusimmobilien Mallorca Finca Felanitx","srcset":"https:\/\/www.lucasfroeserealestate.com\/wp-content\/uploads\/2025\/12\/luxusimmobilien-mallorca-felanitx-finca-013-150x150.jpg 150w, https:\/\/www.lucasfroeserealestate.com\/wp-content\/uploads\/2025\/12\/luxusimmobilien-mallorca-felanitx-finca-013-210x210.jpg 210w"},{"width":150,"height":150,"file":"2025\/12\/luxusimmobilien-mallorca-felanitx-finca-016.jpg","filesize":389914,"sizes":{"medium":{"file":"luxusimmobilien-mallorca-felanitx-finca-016-300x225.jpg","width":300,"height":225,"mime-type":"image\/jpeg","filesize":20018,"url":"https:\/\/www.lucasfroeserealestate.com\/wp-content\/uploads\/2025\/12\/luxusimmobilien-mallorca-felanitx-finca-016-300x225.jpg"},"large":{"file":"luxusimmobilien-mallorca-felanitx-finca-016-1024x768.jpg","width":1024,"height":768,"mime-type":"image\/jpeg","filesize":152952,"url":"https:\/\/www.lucasfroeserealestate.com\/wp-content\/uploads\/2025\/12\/luxusimmobilien-mallorca-felanitx-finca-016-1024x768.jpg"},"thumbnail":{"file":"luxusimmobilien-mallorca-felanitx-finca-016-150x150.jpg","width":150,"height":150,"mime-type":"image\/jpeg","filesize":7937,"url":"https:\/\/www.lucasfroeserealestate.com\/wp-content\/uploads\/2025\/12\/luxusimmobilien-mallorca-felanitx-finca-016-150x150.jpg"},"medium_large":{"file":"luxusimmobilien-mallorca-felanitx-finca-016-768x576.jpg","width":768,"height":576,"mime-type":"image\/jpeg","filesize":96420,"url":"https:\/\/www.lucasfroeserealestate.com\/wp-content\/uploads\/2025\/12\/luxusimmobilien-mallorca-felanitx-finca-016-768x576.jpg"},"post-thumbnail":{"file":"luxusimmobilien-mallorca-felanitx-finca-016-150x112.jpg","width":150,"height":112,"mime-type":"image\/jpeg","filesize":6162,"url":"https:\/\/www.lucasfroeserealestate.com\/wp-content\/uploads\/2025\/12\/luxusimmobilien-mallorca-felanitx-finca-016-150x112.jpg"},"modern-property-child-slider":{"file":"luxusimmobilien-mallorca-felanitx-finca-016-680x510.jpg","width":680,"height":510,"mime-type":"image\/jpeg","filesize":79301,"url":"https:\/\/www.lucasfroeserealestate.com\/wp-content\/uploads\/2025\/12\/luxusimmobilien-mallorca-felanitx-finca-016-680x510.jpg"},"property-thumb-image":{"file":"luxusimmobilien-mallorca-felanitx-finca-016-488x326.jpg","width":488,"height":326,"mime-type":"image\/jpeg","filesize":41477,"url":"https:\/\/www.lucasfroeserealestate.com\/wp-content\/uploads\/2025\/12\/luxusimmobilien-mallorca-felanitx-finca-016-488x326.jpg"},"property-detail-video-image":{"file":"luxusimmobilien-mallorca-felanitx-finca-016-818x417.jpg","width":818,"height":417,"mime-type":"image\/jpeg","filesize":78033,"url":"https:\/\/www.lucasfroeserealestate.com\/wp-content\/uploads\/2025\/12\/luxusimmobilien-mallorca-felanitx-finca-016-818x417.jpg"},"agent-image":{"file":"luxusimmobilien-mallorca-felanitx-finca-016-210x210.jpg","width":210,"height":210,"mime-type":"image\/jpeg","filesize":14070,"url":"https:\/\/www.lucasfroeserealestate.com\/wp-content\/uploads\/2025\/12\/luxusimmobilien-mallorca-felanitx-finca-016-210x210.jpg"},"partners-logo":{"file":"luxusimmobilien-mallorca-felanitx-finca-016-600x1094.jpg","width":600,"height":1094,"mime-type":"image\/jpeg","filesize":114439,"url":"https:\/\/www.lucasfroeserealestate.com\/wp-content\/uploads\/2025\/12\/luxusimmobilien-mallorca-felanitx-finca-016-600x1094.jpg"},"post-featured-image":{"file":"luxusimmobilien-mallorca-felanitx-finca-016-1240x720.jpg","width":1240,"height":720,"mime-type":"image\/jpeg","filesize":165542,"url":"https:\/\/www.lucasfroeserealestate.com\/wp-content\/uploads\/2025\/12\/luxusimmobilien-mallorca-felanitx-finca-016-1240x720.jpg"}},"image_meta":{"aperture":"4","credit":"","camera":"Canon PowerShot G12","caption":"Luxusimmobilien Mallorca Finca Felanitx","created_timestamp":"1410623456","copyright":"","focal_length":"6.1","iso":"160","shutter_speed":"0.001","title":"Luxusimmobilien Mallorca Finca Felanitx","orientation":"1","keywords":["Luxusimmobilien Mallorca Finca Felanitx"]},"ID":"78463","name":"luxusimmobilien-mallorca-felanitx-finca-016.jpg","path":"\/home\/empleost\/domains\/lucasfroeserealestate.com\/public_html\/wp-content\/uploads\/2025\/12\/luxusimmobilien-mallorca-felanitx-finca-016.jpg","url":"https:\/\/www.lucasfroeserealestate.com\/wp-content\/uploads\/2025\/12\/luxusimmobilien-mallorca-felanitx-finca-016-150x150.jpg","full_url":"https:\/\/www.lucasfroeserealestate.com\/wp-content\/uploads\/2025\/12\/luxusimmobilien-mallorca-felanitx-finca-016.jpg","title":"Luxusimmobilien Mallorca Finca Felanitx","caption":"Luxusimmobilien Mallorca Finca Felanitx","description":"","alt":"Luxusimmobilien Mallorca Finca Felanitx","srcset":"https:\/\/www.lucasfroeserealestate.com\/wp-content\/uploads\/2025\/12\/luxusimmobilien-mallorca-felanitx-finca-016-150x150.jpg 150w, https:\/\/www.lucasfroeserealestate.com\/wp-content\/uploads\/2025\/12\/luxusimmobilien-mallorca-felanitx-finca-016-210x210.jpg 210w"},{"width":150,"height":150,"file":"2025\/12\/luxusimmobilien-mallorca-felanitx-finca-012.jpg","filesize":393128,"sizes":{"medium":{"file":"luxusimmobilien-mallorca-felanitx-finca-012-300x225.jpg","width":300,"height":225,"mime-type":"image\/jpeg","filesize":14458,"url":"https:\/\/www.lucasfroeserealestate.com\/wp-content\/uploads\/2025\/12\/luxusimmobilien-mallorca-felanitx-finca-012-300x225.jpg"},"large":{"file":"luxusimmobilien-mallorca-felanitx-finca-012-1024x768.jpg","width":1024,"height":768,"mime-type":"image\/jpeg","filesize":109117,"url":"https:\/\/www.lucasfroeserealestate.com\/wp-content\/uploads\/2025\/12\/luxusimmobilien-mallorca-felanitx-finca-012-1024x768.jpg"},"thumbnail":{"file":"luxusimmobilien-mallorca-felanitx-finca-012-150x150.jpg","width":150,"height":150,"mime-type":"image\/jpeg","filesize":5569,"url":"https:\/\/www.lucasfroeserealestate.com\/wp-content\/uploads\/2025\/12\/luxusimmobilien-mallorca-felanitx-finca-012-150x150.jpg"},"medium_large":{"file":"luxusimmobilien-mallorca-felanitx-finca-012-768x576.jpg","width":768,"height":576,"mime-type":"image\/jpeg","filesize":67794,"url":"https:\/\/www.lucasfroeserealestate.com\/wp-content\/uploads\/2025\/12\/luxusimmobilien-mallorca-felanitx-finca-012-768x576.jpg"},"post-thumbnail":{"file":"luxusimmobilien-mallorca-felanitx-finca-012-150x112.jpg","width":150,"height":112,"mime-type":"image\/jpeg","filesize":4909,"url":"https:\/\/www.lucasfroeserealestate.com\/wp-content\/uploads\/2025\/12\/luxusimmobilien-mallorca-felanitx-finca-012-150x112.jpg"},"modern-property-child-slider":{"file":"luxusimmobilien-mallorca-felanitx-finca-012-680x510.jpg","width":680,"height":510,"mime-type":"image\/jpeg","filesize":55697,"url":"https:\/\/www.lucasfroeserealestate.com\/wp-content\/uploads\/2025\/12\/luxusimmobilien-mallorca-felanitx-finca-012-680x510.jpg"},"property-thumb-image":{"file":"luxusimmobilien-mallorca-felanitx-finca-012-488x326.jpg","width":488,"height":326,"mime-type":"image\/jpeg","filesize":29191,"url":"https:\/\/www.lucasfroeserealestate.com\/wp-content\/uploads\/2025\/12\/luxusimmobilien-mallorca-felanitx-finca-012-488x326.jpg"},"property-detail-video-image":{"file":"luxusimmobilien-mallorca-felanitx-finca-012-818x417.jpg","width":818,"height":417,"mime-type":"image\/jpeg","filesize":56929,"url":"https:\/\/www.lucasfroeserealestate.com\/wp-content\/uploads\/2025\/12\/luxusimmobilien-mallorca-felanitx-finca-012-818x417.jpg"},"agent-image":{"file":"luxusimmobilien-mallorca-felanitx-finca-012-210x210.jpg","width":210,"height":210,"mime-type":"image\/jpeg","filesize":9481,"url":"https:\/\/www.lucasfroeserealestate.com\/wp-content\/uploads\/2025\/12\/luxusimmobilien-mallorca-felanitx-finca-012-210x210.jpg"},"partners-logo":{"file":"luxusimmobilien-mallorca-felanitx-finca-012-600x1094.jpg","width":600,"height":1094,"mime-type":"image\/jpeg","filesize":77128,"url":"https:\/\/www.lucasfroeserealestate.com\/wp-content\/uploads\/2025\/12\/luxusimmobilien-mallorca-felanitx-finca-012-600x1094.jpg"},"post-featured-image":{"file":"luxusimmobilien-mallorca-felanitx-finca-012-1240x720.jpg","width":1240,"height":720,"mime-type":"image\/jpeg","filesize":121402,"url":"https:\/\/www.lucasfroeserealestate.com\/wp-content\/uploads\/2025\/12\/luxusimmobilien-mallorca-felanitx-finca-012-1240x720.jpg"}},"image_meta":{"aperture":"4","credit":"","camera":"Canon PowerShot G12","caption":"Luxusimmobilien Mallorca Finca Felanitx","created_timestamp":"1410623194","copyright":"","focal_length":"6.1","iso":"80","shutter_speed":"0.0008","title":"Luxusimmobilien Mallorca Finca Felanitx","orientation":"1","keywords":["Luxusimmobilien Mallorca Finca Felanitx"]},"ID":"78451","name":"luxusimmobilien-mallorca-felanitx-finca-012.jpg","path":"\/home\/empleost\/domains\/lucasfroeserealestate.com\/public_html\/wp-content\/uploads\/2025\/12\/luxusimmobilien-mallorca-felanitx-finca-012.jpg","url":"https:\/\/www.lucasfroeserealestate.com\/wp-content\/uploads\/2025\/12\/luxusimmobilien-mallorca-felanitx-finca-012-150x150.jpg","full_url":"https:\/\/www.lucasfroeserealestate.com\/wp-content\/uploads\/2025\/12\/luxusimmobilien-mallorca-felanitx-finca-012.jpg","title":"Luxusimmobilien Mallorca Finca Felanitx","caption":"Luxusimmobilien Mallorca Finca Felanitx","description":"","alt":"Luxusimmobilien Mallorca Finca Felanitx","srcset":"https:\/\/www.lucasfroeserealestate.com\/wp-content\/uploads\/2025\/12\/luxusimmobilien-mallorca-felanitx-finca-012-150x150.jpg 150w, https:\/\/www.lucasfroeserealestate.com\/wp-content\/uploads\/2025\/12\/luxusimmobilien-mallorca-felanitx-finca-012-210x210.jpg 210w"},{"width":150,"height":150,"file":"2025\/12\/luxusimmobilien-mallorca-felanitx-finca-005.jpg","filesize":560719,"sizes":{"medium":{"file":"luxusimmobilien-mallorca-felanitx-finca-005-300x200.jpg","width":300,"height":200,"mime-type":"image\/jpeg","filesize":14759,"url":"https:\/\/www.lucasfroeserealestate.com\/wp-content\/uploads\/2025\/12\/luxusimmobilien-mallorca-felanitx-finca-005-300x200.jpg"},"thumbnail":{"file":"luxusimmobilien-mallorca-felanitx-finca-005-150x150.jpg","width":150,"height":150,"mime-type":"image\/jpeg","filesize":6263,"url":"https:\/\/www.lucasfroeserealestate.com\/wp-content\/uploads\/2025\/12\/luxusimmobilien-mallorca-felanitx-finca-005-150x150.jpg"},"medium_large":{"file":"luxusimmobilien-mallorca-felanitx-finca-005-768x512.jpg","width":768,"height":512,"mime-type":"image\/jpeg","filesize":72420,"url":"https:\/\/www.lucasfroeserealestate.com\/wp-content\/uploads\/2025\/12\/luxusimmobilien-mallorca-felanitx-finca-005-768x512.jpg"},"post-thumbnail":{"file":"luxusimmobilien-mallorca-felanitx-finca-005-150x100.jpg","width":150,"height":100,"mime-type":"image\/jpeg","filesize":4818,"url":"https:\/\/www.lucasfroeserealestate.com\/wp-content\/uploads\/2025\/12\/luxusimmobilien-mallorca-felanitx-finca-005-150x100.jpg"},"modern-property-child-slider":{"file":"luxusimmobilien-mallorca-felanitx-finca-005-680x510.jpg","width":680,"height":510,"mime-type":"image\/jpeg","filesize":64523,"url":"https:\/\/www.lucasfroeserealestate.com\/wp-content\/uploads\/2025\/12\/luxusimmobilien-mallorca-felanitx-finca-005-680x510.jpg"},"property-thumb-image":{"file":"luxusimmobilien-mallorca-felanitx-finca-005-488x326.jpg","width":488,"height":326,"mime-type":"image\/jpeg","filesize":33940,"url":"https:\/\/www.lucasfroeserealestate.com\/wp-content\/uploads\/2025\/12\/luxusimmobilien-mallorca-felanitx-finca-005-488x326.jpg"},"property-detail-video-image":{"file":"luxusimmobilien-mallorca-felanitx-finca-005-818x417.jpg","width":818,"height":417,"mime-type":"image\/jpeg","filesize":68156,"url":"https:\/\/www.lucasfroeserealestate.com\/wp-content\/uploads\/2025\/12\/luxusimmobilien-mallorca-felanitx-finca-005-818x417.jpg"},"agent-image":{"file":"luxusimmobilien-mallorca-felanitx-finca-005-210x210.jpg","width":210,"height":210,"mime-type":"image\/jpeg","filesize":11201,"url":"https:\/\/www.lucasfroeserealestate.com\/wp-content\/uploads\/2025\/12\/luxusimmobilien-mallorca-felanitx-finca-005-210x210.jpg"},"partners-logo":{"file":"luxusimmobilien-mallorca-felanitx-finca-005-600x618.jpg","width":600,"height":618,"mime-type":"image\/jpeg","filesize":77304,"url":"https:\/\/www.lucasfroeserealestate.com\/wp-content\/uploads\/2025\/12\/luxusimmobilien-mallorca-felanitx-finca-005-600x618.jpg"}},"image_meta":{"aperture":"22","credit":"","camera":"Canon EOS 5D Mark II","caption":"Luxusimmobilien Mallorca Finca Felanitx","created_timestamp":"1309781721","copyright":"","focal_length":"17","iso":"400","shutter_speed":"0.25","title":"Luxusimmobilien Mallorca Finca Felanitx","orientation":"1","keywords":["Luxusimmobilien Mallorca Finca Felanitx"]},"ID":"78430","name":"luxusimmobilien-mallorca-felanitx-finca-005.jpg","path":"\/home\/empleost\/domains\/lucasfroeserealestate.com\/public_html\/wp-content\/uploads\/2025\/12\/luxusimmobilien-mallorca-felanitx-finca-005.jpg","url":"https:\/\/www.lucasfroeserealestate.com\/wp-content\/uploads\/2025\/12\/luxusimmobilien-mallorca-felanitx-finca-005-150x150.jpg","full_url":"https:\/\/www.lucasfroeserealestate.com\/wp-content\/uploads\/2025\/12\/luxusimmobilien-mallorca-felanitx-finca-005.jpg","title":"Luxusimmobilien Mallorca Finca Felanitx","caption":"Luxusimmobilien Mallorca Finca Felanitx","description":"","alt":"Luxusimmobilien Mallorca Finca Felanitx","srcset":"https:\/\/www.lucasfroeserealestate.com\/wp-content\/uploads\/2025\/12\/luxusimmobilien-mallorca-felanitx-finca-005-150x150.jpg 150w, https:\/\/www.lucasfroeserealestate.com\/wp-content\/uploads\/2025\/12\/luxusimmobilien-mallorca-felanitx-finca-005-210x210.jpg 210w"},{"width":150,"height":150,"file":"2025\/12\/luxusimmobilien-mallorca-felanitx-finca-015.jpg","filesize":390364,"sizes":{"medium":{"file":"luxusimmobilien-mallorca-felanitx-finca-015-300x200.jpg","width":300,"height":200,"mime-type":"image\/jpeg","filesize":16672,"url":"https:\/\/www.lucasfroeserealestate.com\/wp-content\/uploads\/2025\/12\/luxusimmobilien-mallorca-felanitx-finca-015-300x200.jpg"},"thumbnail":{"file":"luxusimmobilien-mallorca-felanitx-finca-015-150x150.jpg","width":150,"height":150,"mime-type":"image\/jpeg","filesize":7556,"url":"https:\/\/www.lucasfroeserealestate.com\/wp-content\/uploads\/2025\/12\/luxusimmobilien-mallorca-felanitx-finca-015-150x150.jpg"},"medium_large":{"file":"luxusimmobilien-mallorca-felanitx-finca-015-768x512.jpg","width":768,"height":512,"mime-type":"image\/jpeg","filesize":77350,"url":"https:\/\/www.lucasfroeserealestate.com\/wp-content\/uploads\/2025\/12\/luxusimmobilien-mallorca-felanitx-finca-015-768x512.jpg"},"post-thumbnail":{"file":"luxusimmobilien-mallorca-felanitx-finca-015-150x100.jpg","width":150,"height":100,"mime-type":"image\/jpeg","filesize":5692,"url":"https:\/\/www.lucasfroeserealestate.com\/wp-content\/uploads\/2025\/12\/luxusimmobilien-mallorca-felanitx-finca-015-150x100.jpg"},"modern-property-child-slider":{"file":"luxusimmobilien-mallorca-felanitx-finca-015-680x510.jpg","width":680,"height":510,"mime-type":"image\/jpeg","filesize":68840,"url":"https:\/\/www.lucasfroeserealestate.com\/wp-content\/uploads\/2025\/12\/luxusimmobilien-mallorca-felanitx-finca-015-680x510.jpg"},"property-thumb-image":{"file":"luxusimmobilien-mallorca-felanitx-finca-015-488x326.jpg","width":488,"height":326,"mime-type":"image\/jpeg","filesize":36972,"url":"https:\/\/www.lucasfroeserealestate.com\/wp-content\/uploads\/2025\/12\/luxusimmobilien-mallorca-felanitx-finca-015-488x326.jpg"},"property-detail-video-image":{"file":"luxusimmobilien-mallorca-felanitx-finca-015-818x417.jpg","width":818,"height":417,"mime-type":"image\/jpeg","filesize":71874,"url":"https:\/\/www.lucasfroeserealestate.com\/wp-content\/uploads\/2025\/12\/luxusimmobilien-mallorca-felanitx-finca-015-818x417.jpg"},"agent-image":{"file":"luxusimmobilien-mallorca-felanitx-finca-015-210x210.jpg","width":210,"height":210,"mime-type":"image\/jpeg","filesize":12969,"url":"https:\/\/www.lucasfroeserealestate.com\/wp-content\/uploads\/2025\/12\/luxusimmobilien-mallorca-felanitx-finca-015-210x210.jpg"},"partners-logo":{"file":"luxusimmobilien-mallorca-felanitx-finca-015-600x618.jpg","width":600,"height":618,"mime-type":"image\/jpeg","filesize":78329,"url":"https:\/\/www.lucasfroeserealestate.com\/wp-content\/uploads\/2025\/12\/luxusimmobilien-mallorca-felanitx-finca-015-600x618.jpg"}},"image_meta":{"aperture":"22","credit":"","camera":"Canon EOS 5D Mark II","caption":"Luxusimmobilien Mallorca Finca Felanitx","created_timestamp":"1309781078","copyright":"","focal_length":"20","iso":"400","shutter_speed":"0.16666666666667","title":"Luxusimmobilien Mallorca Finca Felanitx","orientation":"1","keywords":["Luxusimmobilien Mallorca Finca Felanitx"]},"ID":"78460","name":"luxusimmobilien-mallorca-felanitx-finca-015.jpg","path":"\/home\/empleost\/domains\/lucasfroeserealestate.com\/public_html\/wp-content\/uploads\/2025\/12\/luxusimmobilien-mallorca-felanitx-finca-015.jpg","url":"https:\/\/www.lucasfroeserealestate.com\/wp-content\/uploads\/2025\/12\/luxusimmobilien-mallorca-felanitx-finca-015-150x150.jpg","full_url":"https:\/\/www.lucasfroeserealestate.com\/wp-content\/uploads\/2025\/12\/luxusimmobilien-mallorca-felanitx-finca-015.jpg","title":"Luxusimmobilien Mallorca Finca Felanitx","caption":"Luxusimmobilien Mallorca Finca Felanitx","description":"","alt":"Luxusimmobilien Mallorca Finca Felanitx","srcset":"https:\/\/www.lucasfroeserealestate.com\/wp-content\/uploads\/2025\/12\/luxusimmobilien-mallorca-felanitx-finca-015-150x150.jpg 150w, https:\/\/www.lucasfroeserealestate.com\/wp-content\/uploads\/2025\/12\/luxusimmobilien-mallorca-felanitx-finca-015-210x210.jpg 210w"},{"width":150,"height":150,"file":"2025\/12\/luxusimmobilien-mallorca-felanitx-finca-010.jpg","filesize":436909,"sizes":{"medium":{"file":"luxusimmobilien-mallorca-felanitx-finca-010-300x225.jpg","width":300,"height":225,"mime-type":"image\/jpeg","filesize":18134,"url":"https:\/\/www.lucasfroeserealestate.com\/wp-content\/uploads\/2025\/12\/luxusimmobilien-mallorca-felanitx-finca-010-300x225.jpg"},"large":{"file":"luxusimmobilien-mallorca-felanitx-finca-010-1024x768.jpg","width":1024,"height":768,"mime-type":"image\/jpeg","filesize":148512,"url":"https:\/\/www.lucasfroeserealestate.com\/wp-content\/uploads\/2025\/12\/luxusimmobilien-mallorca-felanitx-finca-010-1024x768.jpg"},"thumbnail":{"file":"luxusimmobilien-mallorca-felanitx-finca-010-150x150.jpg","width":150,"height":150,"mime-type":"image\/jpeg","filesize":7382,"url":"https:\/\/www.lucasfroeserealestate.com\/wp-content\/uploads\/2025\/12\/luxusimmobilien-mallorca-felanitx-finca-010-150x150.jpg"},"medium_large":{"file":"luxusimmobilien-mallorca-felanitx-finca-010-768x576.jpg","width":768,"height":576,"mime-type":"image\/jpeg","filesize":89515,"url":"https:\/\/www.lucasfroeserealestate.com\/wp-content\/uploads\/2025\/12\/luxusimmobilien-mallorca-felanitx-finca-010-768x576.jpg"},"1536x1536":{"file":"luxusimmobilien-mallorca-felanitx-finca-010-1536x1152.jpg","width":1536,"height":1152,"mime-type":"image\/jpeg","filesize":296122,"url":"https:\/\/www.lucasfroeserealestate.com\/wp-content\/uploads\/2025\/12\/luxusimmobilien-mallorca-felanitx-finca-010-1536x1152.jpg"},"post-thumbnail":{"file":"luxusimmobilien-mallorca-felanitx-finca-010-150x113.jpg","width":150,"height":113,"mime-type":"image\/jpeg","filesize":6038,"url":"https:\/\/www.lucasfroeserealestate.com\/wp-content\/uploads\/2025\/12\/luxusimmobilien-mallorca-felanitx-finca-010-150x113.jpg"},"modern-property-child-slider":{"file":"luxusimmobilien-mallorca-felanitx-finca-010-680x510.jpg","width":680,"height":510,"mime-type":"image\/jpeg","filesize":72697,"url":"https:\/\/www.lucasfroeserealestate.com\/wp-content\/uploads\/2025\/12\/luxusimmobilien-mallorca-felanitx-finca-010-680x510.jpg"},"property-thumb-image":{"file":"luxusimmobilien-mallorca-felanitx-finca-010-488x326.jpg","width":488,"height":326,"mime-type":"image\/jpeg","filesize":36321,"url":"https:\/\/www.lucasfroeserealestate.com\/wp-content\/uploads\/2025\/12\/luxusimmobilien-mallorca-felanitx-finca-010-488x326.jpg"},"property-detail-video-image":{"file":"luxusimmobilien-mallorca-felanitx-finca-010-818x417.jpg","width":818,"height":417,"mime-type":"image\/jpeg","filesize":70079,"url":"https:\/\/www.lucasfroeserealestate.com\/wp-content\/uploads\/2025\/12\/luxusimmobilien-mallorca-felanitx-finca-010-818x417.jpg"},"agent-image":{"file":"luxusimmobilien-mallorca-felanitx-finca-010-210x210.jpg","width":210,"height":210,"mime-type":"image\/jpeg","filesize":12954,"url":"https:\/\/www.lucasfroeserealestate.com\/wp-content\/uploads\/2025\/12\/luxusimmobilien-mallorca-felanitx-finca-010-210x210.jpg"},"partners-logo":{"file":"luxusimmobilien-mallorca-felanitx-finca-010-600x1350.jpg","width":600,"height":1350,"mime-type":"image\/jpeg","filesize":150407,"url":"https:\/\/www.lucasfroeserealestate.com\/wp-content\/uploads\/2025\/12\/luxusimmobilien-mallorca-felanitx-finca-010-600x1350.jpg"},"post-featured-image":{"file":"luxusimmobilien-mallorca-felanitx-finca-010-1240x720.jpg","width":1240,"height":720,"mime-type":"image\/jpeg","filesize":159744,"url":"https:\/\/www.lucasfroeserealestate.com\/wp-content\/uploads\/2025\/12\/luxusimmobilien-mallorca-felanitx-finca-010-1240x720.jpg"}},"image_meta":{"aperture":"2.2","credit":"","camera":"iPhone 6","caption":"Luxusimmobilien Mallorca Finca Felanitx","created_timestamp":"1458824898","copyright":"","focal_length":"4.15","iso":"32","shutter_speed":"0.0082644628099174","title":"Luxusimmobilien Mallorca Finca Felanitx","orientation":"1","keywords":["Luxusimmobilien Mallorca Finca Felanitx"]},"ID":"78445","name":"luxusimmobilien-mallorca-felanitx-finca-010.jpg","path":"\/home\/empleost\/domains\/lucasfroeserealestate.com\/public_html\/wp-content\/uploads\/2025\/12\/luxusimmobilien-mallorca-felanitx-finca-010.jpg","url":"https:\/\/www.lucasfroeserealestate.com\/wp-content\/uploads\/2025\/12\/luxusimmobilien-mallorca-felanitx-finca-010-150x150.jpg","full_url":"https:\/\/www.lucasfroeserealestate.com\/wp-content\/uploads\/2025\/12\/luxusimmobilien-mallorca-felanitx-finca-010.jpg","title":"Luxusimmobilien Mallorca Finca Felanitx","caption":"Luxusimmobilien Mallorca Finca Felanitx","description":"","alt":"Luxusimmobilien Mallorca Finca Felanitx","srcset":"https:\/\/www.lucasfroeserealestate.com\/wp-content\/uploads\/2025\/12\/luxusimmobilien-mallorca-felanitx-finca-010-150x150.jpg 150w, https:\/\/www.lucasfroeserealestate.com\/wp-content\/uploads\/2025\/12\/luxusimmobilien-mallorca-felanitx-finca-010-210x210.jpg 210w"},{"width":150,"height":150,"file":"2025\/12\/luxusimmobilien-mallorca-felanitx-finca-006.jpg","filesize":324498,"sizes":{"medium":{"file":"luxusimmobilien-mallorca-felanitx-finca-006-300x200.jpg","width":300,"height":200,"mime-type":"image\/jpeg","filesize":13542,"url":"https:\/\/www.lucasfroeserealestate.com\/wp-content\/uploads\/2025\/12\/luxusimmobilien-mallorca-felanitx-finca-006-300x200.jpg"},"thumbnail":{"file":"luxusimmobilien-mallorca-felanitx-finca-006-150x150.jpg","width":150,"height":150,"mime-type":"image\/jpeg","filesize":5739,"url":"https:\/\/www.lucasfroeserealestate.com\/wp-content\/uploads\/2025\/12\/luxusimmobilien-mallorca-felanitx-finca-006-150x150.jpg"},"medium_large":{"file":"luxusimmobilien-mallorca-felanitx-finca-006-768x512.jpg","width":768,"height":512,"mime-type":"image\/jpeg","filesize":62158,"url":"https:\/\/www.lucasfroeserealestate.com\/wp-content\/uploads\/2025\/12\/luxusimmobilien-mallorca-felanitx-finca-006-768x512.jpg"},"post-thumbnail":{"file":"luxusimmobilien-mallorca-felanitx-finca-006-150x100.jpg","width":150,"height":100,"mime-type":"image\/jpeg","filesize":4734,"url":"https:\/\/www.lucasfroeserealestate.com\/wp-content\/uploads\/2025\/12\/luxusimmobilien-mallorca-felanitx-finca-006-150x100.jpg"},"modern-property-child-slider":{"file":"luxusimmobilien-mallorca-felanitx-finca-006-680x510.jpg","width":680,"height":510,"mime-type":"image\/jpeg","filesize":55421,"url":"https:\/\/www.lucasfroeserealestate.com\/wp-content\/uploads\/2025\/12\/luxusimmobilien-mallorca-felanitx-finca-006-680x510.jpg"},"property-thumb-image":{"file":"luxusimmobilien-mallorca-felanitx-finca-006-488x326.jpg","width":488,"height":326,"mime-type":"image\/jpeg","filesize":29843,"url":"https:\/\/www.lucasfroeserealestate.com\/wp-content\/uploads\/2025\/12\/luxusimmobilien-mallorca-felanitx-finca-006-488x326.jpg"},"property-detail-video-image":{"file":"luxusimmobilien-mallorca-felanitx-finca-006-818x417.jpg","width":818,"height":417,"mime-type":"image\/jpeg","filesize":58208,"url":"https:\/\/www.lucasfroeserealestate.com\/wp-content\/uploads\/2025\/12\/luxusimmobilien-mallorca-felanitx-finca-006-818x417.jpg"},"agent-image":{"file":"luxusimmobilien-mallorca-felanitx-finca-006-210x210.jpg","width":210,"height":210,"mime-type":"image\/jpeg","filesize":9997,"url":"https:\/\/www.lucasfroeserealestate.com\/wp-content\/uploads\/2025\/12\/luxusimmobilien-mallorca-felanitx-finca-006-210x210.jpg"},"partners-logo":{"file":"luxusimmobilien-mallorca-felanitx-finca-006-600x618.jpg","width":600,"height":618,"mime-type":"image\/jpeg","filesize":61336,"url":"https:\/\/www.lucasfroeserealestate.com\/wp-content\/uploads\/2025\/12\/luxusimmobilien-mallorca-felanitx-finca-006-600x618.jpg"}},"image_meta":{"aperture":"22","credit":"","camera":"Canon EOS 5D Mark II","caption":"Luxusimmobilien Mallorca Finca Felanitx","created_timestamp":"1309778991","copyright":"","focal_length":"17","iso":"400","shutter_speed":"0.16666666666667","title":"Luxusimmobilien Mallorca Finca Felanitx","orientation":"1","keywords":["Luxusimmobilien Mallorca Finca Felanitx"]},"ID":"78433","name":"luxusimmobilien-mallorca-felanitx-finca-006.jpg","path":"\/home\/empleost\/domains\/lucasfroeserealestate.com\/public_html\/wp-content\/uploads\/2025\/12\/luxusimmobilien-mallorca-felanitx-finca-006.jpg","url":"https:\/\/www.lucasfroeserealestate.com\/wp-content\/uploads\/2025\/12\/luxusimmobilien-mallorca-felanitx-finca-006-150x150.jpg","full_url":"https:\/\/www.lucasfroeserealestate.com\/wp-content\/uploads\/2025\/12\/luxusimmobilien-mallorca-felanitx-finca-006.jpg","title":"Luxusimmobilien Mallorca Finca Felanitx","caption":"Luxusimmobilien Mallorca Finca Felanitx","description":"","alt":"Luxusimmobilien Mallorca Finca Felanitx","srcset":"https:\/\/www.lucasfroeserealestate.com\/wp-content\/uploads\/2025\/12\/luxusimmobilien-mallorca-felanitx-finca-006-150x150.jpg 150w, https:\/\/www.lucasfroeserealestate.com\/wp-content\/uploads\/2025\/12\/luxusimmobilien-mallorca-felanitx-finca-006-210x210.jpg 210w"},{"width":150,"height":150,"file":"2025\/12\/luxusimmobilien-mallorca-felanitx-finca-009.jpg","filesize":318913,"sizes":{"medium":{"file":"luxusimmobilien-mallorca-felanitx-finca-009-300x200.jpg","width":300,"height":200,"mime-type":"image\/jpeg","filesize":11888,"url":"https:\/\/www.lucasfroeserealestate.com\/wp-content\/uploads\/2025\/12\/luxusimmobilien-mallorca-felanitx-finca-009-300x200.jpg"},"thumbnail":{"file":"luxusimmobilien-mallorca-felanitx-finca-009-150x150.jpg","width":150,"height":150,"mime-type":"image\/jpeg","filesize":6166,"url":"https:\/\/www.lucasfroeserealestate.com\/wp-content\/uploads\/2025\/12\/luxusimmobilien-mallorca-felanitx-finca-009-150x150.jpg"},"medium_large":{"file":"luxusimmobilien-mallorca-felanitx-finca-009-768x512.jpg","width":768,"height":512,"mime-type":"image\/jpeg","filesize":52758,"url":"https:\/\/www.lucasfroeserealestate.com\/wp-content\/uploads\/2025\/12\/luxusimmobilien-mallorca-felanitx-finca-009-768x512.jpg"},"post-thumbnail":{"file":"luxusimmobilien-mallorca-felanitx-finca-009-150x100.jpg","width":150,"height":100,"mime-type":"image\/jpeg","filesize":4415,"url":"https:\/\/www.lucasfroeserealestate.com\/wp-content\/uploads\/2025\/12\/luxusimmobilien-mallorca-felanitx-finca-009-150x100.jpg"},"modern-property-child-slider":{"file":"luxusimmobilien-mallorca-felanitx-finca-009-680x510.jpg","width":680,"height":510,"mime-type":"image\/jpeg","filesize":48282,"url":"https:\/\/www.lucasfroeserealestate.com\/wp-content\/uploads\/2025\/12\/luxusimmobilien-mallorca-felanitx-finca-009-680x510.jpg"},"property-thumb-image":{"file":"luxusimmobilien-mallorca-felanitx-finca-009-488x326.jpg","width":488,"height":326,"mime-type":"image\/jpeg","filesize":25830,"url":"https:\/\/www.lucasfroeserealestate.com\/wp-content\/uploads\/2025\/12\/luxusimmobilien-mallorca-felanitx-finca-009-488x326.jpg"},"property-detail-video-image":{"file":"luxusimmobilien-mallorca-felanitx-finca-009-818x417.jpg","width":818,"height":417,"mime-type":"image\/jpeg","filesize":45103,"url":"https:\/\/www.lucasfroeserealestate.com\/wp-content\/uploads\/2025\/12\/luxusimmobilien-mallorca-felanitx-finca-009-818x417.jpg"},"agent-image":{"file":"luxusimmobilien-mallorca-felanitx-finca-009-210x210.jpg","width":210,"height":210,"mime-type":"image\/jpeg","filesize":10349,"url":"https:\/\/www.lucasfroeserealestate.com\/wp-content\/uploads\/2025\/12\/luxusimmobilien-mallorca-felanitx-finca-009-210x210.jpg"},"partners-logo":{"file":"luxusimmobilien-mallorca-felanitx-finca-009-600x618.jpg","width":600,"height":618,"mime-type":"image\/jpeg","filesize":59203,"url":"https:\/\/www.lucasfroeserealestate.com\/wp-content\/uploads\/2025\/12\/luxusimmobilien-mallorca-felanitx-finca-009-600x618.jpg"}},"image_meta":{"aperture":"22","credit":"","camera":"Canon EOS 5D Mark II","caption":"Luxusimmobilien Mallorca Finca Felanitx","created_timestamp":"1309779095","copyright":"","focal_length":"17","iso":"400","shutter_speed":"0.3","title":"Luxusimmobilien Mallorca Finca Felanitx","orientation":"1","keywords":["Luxusimmobilien Mallorca Finca Felanitx"]},"ID":"78442","name":"luxusimmobilien-mallorca-felanitx-finca-009.jpg","path":"\/home\/empleost\/domains\/lucasfroeserealestate.com\/public_html\/wp-content\/uploads\/2025\/12\/luxusimmobilien-mallorca-felanitx-finca-009.jpg","url":"https:\/\/www.lucasfroeserealestate.com\/wp-content\/uploads\/2025\/12\/luxusimmobilien-mallorca-felanitx-finca-009-150x150.jpg","full_url":"https:\/\/www.lucasfroeserealestate.com\/wp-content\/uploads\/2025\/12\/luxusimmobilien-mallorca-felanitx-finca-009.jpg","title":"Luxusimmobilien Mallorca Finca Felanitx","caption":"Luxusimmobilien Mallorca Finca Felanitx","description":"","alt":"Luxusimmobilien Mallorca Finca Felanitx","srcset":"https:\/\/www.lucasfroeserealestate.com\/wp-content\/uploads\/2025\/12\/luxusimmobilien-mallorca-felanitx-finca-009-150x150.jpg 150w, https:\/\/www.lucasfroeserealestate.com\/wp-content\/uploads\/2025\/12\/luxusimmobilien-mallorca-felanitx-finca-009-210x210.jpg 210w"},{"width":150,"height":150,"file":"2025\/12\/luxusimmobilien-mallorca-felanitx-finca-008.jpg","filesize":371404,"sizes":{"medium":{"file":"luxusimmobilien-mallorca-felanitx-finca-008-300x225.jpg","width":300,"height":225,"mime-type":"image\/jpeg","filesize":12626,"url":"https:\/\/www.lucasfroeserealestate.com\/wp-content\/uploads\/2025\/12\/luxusimmobilien-mallorca-felanitx-finca-008-300x225.jpg"},"large":{"file":"luxusimmobilien-mallorca-felanitx-finca-008-1024x768.jpg","width":1024,"height":768,"mime-type":"image\/jpeg","filesize":91975,"url":"https:\/\/www.lucasfroeserealestate.com\/wp-content\/uploads\/2025\/12\/luxusimmobilien-mallorca-felanitx-finca-008-1024x768.jpg"},"thumbnail":{"file":"luxusimmobilien-mallorca-felanitx-finca-008-150x150.jpg","width":150,"height":150,"mime-type":"image\/jpeg","filesize":5143,"url":"https:\/\/www.lucasfroeserealestate.com\/wp-content\/uploads\/2025\/12\/luxusimmobilien-mallorca-felanitx-finca-008-150x150.jpg"},"medium_large":{"file":"luxusimmobilien-mallorca-felanitx-finca-008-768x576.jpg","width":768,"height":576,"mime-type":"image\/jpeg","filesize":56283,"url":"https:\/\/www.lucasfroeserealestate.com\/wp-content\/uploads\/2025\/12\/luxusimmobilien-mallorca-felanitx-finca-008-768x576.jpg"},"post-thumbnail":{"file":"luxusimmobilien-mallorca-felanitx-finca-008-150x112.jpg","width":150,"height":112,"mime-type":"image\/jpeg","filesize":4507,"url":"https:\/\/www.lucasfroeserealestate.com\/wp-content\/uploads\/2025\/12\/luxusimmobilien-mallorca-felanitx-finca-008-150x112.jpg"},"modern-property-child-slider":{"file":"luxusimmobilien-mallorca-felanitx-finca-008-680x510.jpg","width":680,"height":510,"mime-type":"image\/jpeg","filesize":45932,"url":"https:\/\/www.lucasfroeserealestate.com\/wp-content\/uploads\/2025\/12\/luxusimmobilien-mallorca-felanitx-finca-008-680x510.jpg"},"property-thumb-image":{"file":"luxusimmobilien-mallorca-felanitx-finca-008-488x326.jpg","width":488,"height":326,"mime-type":"image\/jpeg","filesize":24515,"url":"https:\/\/www.lucasfroeserealestate.com\/wp-content\/uploads\/2025\/12\/luxusimmobilien-mallorca-felanitx-finca-008-488x326.jpg"},"property-detail-video-image":{"file":"luxusimmobilien-mallorca-felanitx-finca-008-818x417.jpg","width":818,"height":417,"mime-type":"image\/jpeg","filesize":47066,"url":"https:\/\/www.lucasfroeserealestate.com\/wp-content\/uploads\/2025\/12\/luxusimmobilien-mallorca-felanitx-finca-008-818x417.jpg"},"agent-image":{"file":"luxusimmobilien-mallorca-felanitx-finca-008-210x210.jpg","width":210,"height":210,"mime-type":"image\/jpeg","filesize":8348,"url":"https:\/\/www.lucasfroeserealestate.com\/wp-content\/uploads\/2025\/12\/luxusimmobilien-mallorca-felanitx-finca-008-210x210.jpg"},"partners-logo":{"file":"luxusimmobilien-mallorca-felanitx-finca-008-600x1094.jpg","width":600,"height":1094,"mime-type":"image\/jpeg","filesize":72295,"url":"https:\/\/www.lucasfroeserealestate.com\/wp-content\/uploads\/2025\/12\/luxusimmobilien-mallorca-felanitx-finca-008-600x1094.jpg"},"post-featured-image":{"file":"luxusimmobilien-mallorca-felanitx-finca-008-1240x720.jpg","width":1240,"height":720,"mime-type":"image\/jpeg","filesize":104725,"url":"https:\/\/www.lucasfroeserealestate.com\/wp-content\/uploads\/2025\/12\/luxusimmobilien-mallorca-felanitx-finca-008-1240x720.jpg"}},"image_meta":{"aperture":"4","credit":"","camera":"Canon PowerShot G12","caption":"Luxusimmobilien Mallorca Finca Felanitx","created_timestamp":"1410624287","copyright":"","focal_length":"6.1","iso":"200","shutter_speed":"0.0015625","title":"Luxusimmobilien Mallorca Finca Felanitx","orientation":"1","keywords":["Luxusimmobilien Mallorca Finca Felanitx"]},"ID":"78439","name":"luxusimmobilien-mallorca-felanitx-finca-008.jpg","path":"\/home\/empleost\/domains\/lucasfroeserealestate.com\/public_html\/wp-content\/uploads\/2025\/12\/luxusimmobilien-mallorca-felanitx-finca-008.jpg","url":"https:\/\/www.lucasfroeserealestate.com\/wp-content\/uploads\/2025\/12\/luxusimmobilien-mallorca-felanitx-finca-008-150x150.jpg","full_url":"https:\/\/www.lucasfroeserealestate.com\/wp-content\/uploads\/2025\/12\/luxusimmobilien-mallorca-felanitx-finca-008.jpg","title":"Luxusimmobilien Mallorca Finca Felanitx","caption":"Luxusimmobilien Mallorca Finca Felanitx","description":"","alt":"Luxusimmobilien Mallorca Finca Felanitx","srcset":"https:\/\/www.lucasfroeserealestate.com\/wp-content\/uploads\/2025\/12\/luxusimmobilien-mallorca-felanitx-finca-008-150x150.jpg 150w, https:\/\/www.lucasfroeserealestate.com\/wp-content\/uploads\/2025\/12\/luxusimmobilien-mallorca-felanitx-finca-008-210x210.jpg 210w"},{"width":150,"height":150,"file":"2025\/12\/luxusimmobilien-mallorca-felanitx-finca-004.jpg","filesize":303777,"sizes":{"medium":{"file":"luxusimmobilien-mallorca-felanitx-finca-004-300x225.jpg","width":300,"height":225,"mime-type":"image\/jpeg","filesize":13334,"url":"https:\/\/www.lucasfroeserealestate.com\/wp-content\/uploads\/2025\/12\/luxusimmobilien-mallorca-felanitx-finca-004-300x225.jpg"},"large":{"file":"luxusimmobilien-mallorca-felanitx-finca-004-1024x768.jpg","width":1024,"height":768,"mime-type":"image\/jpeg","filesize":104111,"url":"https:\/\/www.lucasfroeserealestate.com\/wp-content\/uploads\/2025\/12\/luxusimmobilien-mallorca-felanitx-finca-004-1024x768.jpg"},"thumbnail":{"file":"luxusimmobilien-mallorca-felanitx-finca-004-150x150.jpg","width":150,"height":150,"mime-type":"image\/jpeg","filesize":5850,"url":"https:\/\/www.lucasfroeserealestate.com\/wp-content\/uploads\/2025\/12\/luxusimmobilien-mallorca-felanitx-finca-004-150x150.jpg"},"medium_large":{"file":"luxusimmobilien-mallorca-felanitx-finca-004-768x576.jpg","width":768,"height":576,"mime-type":"image\/jpeg","filesize":62860,"url":"https:\/\/www.lucasfroeserealestate.com\/wp-content\/uploads\/2025\/12\/luxusimmobilien-mallorca-felanitx-finca-004-768x576.jpg"},"post-thumbnail":{"file":"luxusimmobilien-mallorca-felanitx-finca-004-150x112.jpg","width":150,"height":112,"mime-type":"image\/jpeg","filesize":4660,"url":"https:\/\/www.lucasfroeserealestate.com\/wp-content\/uploads\/2025\/12\/luxusimmobilien-mallorca-felanitx-finca-004-150x112.jpg"},"modern-property-child-slider":{"file":"luxusimmobilien-mallorca-felanitx-finca-004-680x510.jpg","width":680,"height":510,"mime-type":"image\/jpeg","filesize":50488,"url":"https:\/\/www.lucasfroeserealestate.com\/wp-content\/uploads\/2025\/12\/luxusimmobilien-mallorca-felanitx-finca-004-680x510.jpg"},"property-thumb-image":{"file":"luxusimmobilien-mallorca-felanitx-finca-004-488x326.jpg","width":488,"height":326,"mime-type":"image\/jpeg","filesize":26602,"url":"https:\/\/www.lucasfroeserealestate.com\/wp-content\/uploads\/2025\/12\/luxusimmobilien-mallorca-felanitx-finca-004-488x326.jpg"},"property-detail-video-image":{"file":"luxusimmobilien-mallorca-felanitx-finca-004-818x417.jpg","width":818,"height":417,"mime-type":"image\/jpeg","filesize":51960,"url":"https:\/\/www.lucasfroeserealestate.com\/wp-content\/uploads\/2025\/12\/luxusimmobilien-mallorca-felanitx-finca-004-818x417.jpg"},"agent-image":{"file":"luxusimmobilien-mallorca-felanitx-finca-004-210x210.jpg","width":210,"height":210,"mime-type":"image\/jpeg","filesize":9986,"url":"https:\/\/www.lucasfroeserealestate.com\/wp-content\/uploads\/2025\/12\/luxusimmobilien-mallorca-felanitx-finca-004-210x210.jpg"},"partners-logo":{"file":"luxusimmobilien-mallorca-felanitx-finca-004-600x1094.jpg","width":600,"height":1094,"mime-type":"image\/jpeg","filesize":104408,"url":"https:\/\/www.lucasfroeserealestate.com\/wp-content\/uploads\/2025\/12\/luxusimmobilien-mallorca-felanitx-finca-004-600x1094.jpg"},"post-featured-image":{"file":"luxusimmobilien-mallorca-felanitx-finca-004-1240x720.jpg","width":1240,"height":720,"mime-type":"image\/jpeg","filesize":118871,"url":"https:\/\/www.lucasfroeserealestate.com\/wp-content\/uploads\/2025\/12\/luxusimmobilien-mallorca-felanitx-finca-004-1240x720.jpg"}},"image_meta":{"aperture":"4","credit":"","camera":"Canon PowerShot G12","caption":"Luxusimmobilien Mallorca Finca Felanitx","created_timestamp":"1410624131","copyright":"","focal_length":"6.1","iso":"250","shutter_speed":"0.00125","title":"Luxusimmobilien Mallorca Finca Felanitx","orientation":"1","keywords":["Luxusimmobilien Mallorca Finca Felanitx"]},"ID":"78427","name":"luxusimmobilien-mallorca-felanitx-finca-004.jpg","path":"\/home\/empleost\/domains\/lucasfroeserealestate.com\/public_html\/wp-content\/uploads\/2025\/12\/luxusimmobilien-mallorca-felanitx-finca-004.jpg","url":"https:\/\/www.lucasfroeserealestate.com\/wp-content\/uploads\/2025\/12\/luxusimmobilien-mallorca-felanitx-finca-004-150x150.jpg","full_url":"https:\/\/www.lucasfroeserealestate.com\/wp-content\/uploads\/2025\/12\/luxusimmobilien-mallorca-felanitx-finca-004.jpg","title":"Luxusimmobilien Mallorca Finca Felanitx","caption":"Luxusimmobilien Mallorca Finca Felanitx","description":"","alt":"Luxusimmobilien Mallorca Finca Felanitx","srcset":"https:\/\/www.lucasfroeserealestate.com\/wp-content\/uploads\/2025\/12\/luxusimmobilien-mallorca-felanitx-finca-004-150x150.jpg 150w, https:\/\/www.lucasfroeserealestate.com\/wp-content\/uploads\/2025\/12\/luxusimmobilien-mallorca-felanitx-finca-004-210x210.jpg 210w"},{"width":150,"height":150,"file":"2025\/12\/luxusimmobilien-mallorca-felanitx-finca-002.jpg","filesize":554928,"sizes":{"medium":{"file":"luxusimmobilien-mallorca-felanitx-finca-002-300x169.jpg","width":300,"height":169,"mime-type":"image\/jpeg","filesize":16719,"url":"https:\/\/www.lucasfroeserealestate.com\/wp-content\/uploads\/2025\/12\/luxusimmobilien-mallorca-felanitx-finca-002-300x169.jpg"},"large":{"file":"luxusimmobilien-mallorca-felanitx-finca-002-1024x576.jpg","width":1024,"height":576,"mime-type":"image\/jpeg","filesize":167331,"url":"https:\/\/www.lucasfroeserealestate.com\/wp-content\/uploads\/2025\/12\/luxusimmobilien-mallorca-felanitx-finca-002-1024x576.jpg"},"thumbnail":{"file":"luxusimmobilien-mallorca-felanitx-finca-002-150x150.jpg","width":150,"height":150,"mime-type":"image\/jpeg","filesize":7801,"url":"https:\/\/www.lucasfroeserealestate.com\/wp-content\/uploads\/2025\/12\/luxusimmobilien-mallorca-felanitx-finca-002-150x150.jpg"},"medium_large":{"file":"luxusimmobilien-mallorca-felanitx-finca-002-768x432.jpg","width":768,"height":432,"mime-type":"image\/jpeg","filesize":95787,"url":"https:\/\/www.lucasfroeserealestate.com\/wp-content\/uploads\/2025\/12\/luxusimmobilien-mallorca-felanitx-finca-002-768x432.jpg"},"1536x1536":{"file":"luxusimmobilien-mallorca-felanitx-finca-002-1536x864.jpg","width":1536,"height":864,"mime-type":"image\/jpeg","filesize":351062,"url":"https:\/\/www.lucasfroeserealestate.com\/wp-content\/uploads\/2025\/12\/luxusimmobilien-mallorca-felanitx-finca-002-1536x864.jpg"},"post-thumbnail":{"file":"luxusimmobilien-mallorca-felanitx-finca-002-150x84.jpg","width":150,"height":84,"mime-type":"image\/jpeg","filesize":5214,"url":"https:\/\/www.lucasfroeserealestate.com\/wp-content\/uploads\/2025\/12\/luxusimmobilien-mallorca-felanitx-finca-002-150x84.jpg"},"modern-property-child-slider":{"file":"luxusimmobilien-mallorca-felanitx-finca-002-680x510.jpg","width":680,"height":510,"mime-type":"image\/jpeg","filesize":99675,"url":"https:\/\/www.lucasfroeserealestate.com\/wp-content\/uploads\/2025\/12\/luxusimmobilien-mallorca-felanitx-finca-002-680x510.jpg"},"property-thumb-image":{"file":"luxusimmobilien-mallorca-felanitx-finca-002-488x326.jpg","width":488,"height":326,"mime-type":"image\/jpeg","filesize":47465,"url":"https:\/\/www.lucasfroeserealestate.com\/wp-content\/uploads\/2025\/12\/luxusimmobilien-mallorca-felanitx-finca-002-488x326.jpg"},"property-detail-video-image":{"file":"luxusimmobilien-mallorca-felanitx-finca-002-818x417.jpg","width":818,"height":417,"mime-type":"image\/jpeg","filesize":101581,"url":"https:\/\/www.lucasfroeserealestate.com\/wp-content\/uploads\/2025\/12\/luxusimmobilien-mallorca-felanitx-finca-002-818x417.jpg"},"agent-image":{"file":"luxusimmobilien-mallorca-felanitx-finca-002-210x210.jpg","width":210,"height":210,"mime-type":"image\/jpeg","filesize":14328,"url":"https:\/\/www.lucasfroeserealestate.com\/wp-content\/uploads\/2025\/12\/luxusimmobilien-mallorca-felanitx-finca-002-210x210.jpg"},"partners-logo":{"file":"luxusimmobilien-mallorca-felanitx-finca-002-600x1013.jpg","width":600,"height":1013,"mime-type":"image\/jpeg","filesize":173256,"url":"https:\/\/www.lucasfroeserealestate.com\/wp-content\/uploads\/2025\/12\/luxusimmobilien-mallorca-felanitx-finca-002-600x1013.jpg"},"post-featured-image":{"file":"luxusimmobilien-mallorca-felanitx-finca-002-1240x720.jpg","width":1240,"height":720,"mime-type":"image\/jpeg","filesize":245668,"url":"https:\/\/www.lucasfroeserealestate.com\/wp-content\/uploads\/2025\/12\/luxusimmobilien-mallorca-felanitx-finca-002-1240x720.jpg"}},"image_meta":{"aperture":"11","credit":"","camera":"FC6310","caption":"DCIM100MEDIADJI_0149.JPG","created_timestamp":"1597508169","copyright":"","focal_length":"8.8","iso":"6400","shutter_speed":"0.000125","title":"DCIM100MEDIADJI_0149.JPG","orientation":"1","keywords":["Luxusimmobilien Mallorca Drone Felanitx"]},"ID":"78421","name":"luxusimmobilien-mallorca-felanitx-finca-002.jpg","path":"\/home\/empleost\/domains\/lucasfroeserealestate.com\/public_html\/wp-content\/uploads\/2025\/12\/luxusimmobilien-mallorca-felanitx-finca-002.jpg","url":"https:\/\/www.lucasfroeserealestate.com\/wp-content\/uploads\/2025\/12\/luxusimmobilien-mallorca-felanitx-finca-002-150x150.jpg","full_url":"https:\/\/www.lucasfroeserealestate.com\/wp-content\/uploads\/2025\/12\/luxusimmobilien-mallorca-felanitx-finca-002.jpg","title":"DCIM100MEDIADJI_0149.JPG","caption":"DCIM100MEDIADJI_0149.JPG","description":"","alt":"","srcset":"https:\/\/www.lucasfroeserealestate.com\/wp-content\/uploads\/2025\/12\/luxusimmobilien-mallorca-felanitx-finca-002-150x150.jpg 150w, https:\/\/www.lucasfroeserealestate.com\/wp-content\/uploads\/2025\/12\/luxusimmobilien-mallorca-felanitx-finca-002-210x210.jpg 210w"},{"width":150,"height":150,"file":"2025\/12\/luxusimmobilien-mallorca-felanitx-finca-001.jpg","filesize":536323,"sizes":{"medium":{"file":"luxusimmobilien-mallorca-felanitx-finca-001-300x169.jpg","width":300,"height":169,"mime-type":"image\/jpeg","filesize":15293,"url":"https:\/\/www.lucasfroeserealestate.com\/wp-content\/uploads\/2025\/12\/luxusimmobilien-mallorca-felanitx-finca-001-300x169.jpg"},"large":{"file":"luxusimmobilien-mallorca-felanitx-finca-001-1024x576.jpg","width":1024,"height":576,"mime-type":"image\/jpeg","filesize":152715,"url":"https:\/\/www.lucasfroeserealestate.com\/wp-content\/uploads\/2025\/12\/luxusimmobilien-mallorca-felanitx-finca-001-1024x576.jpg"},"thumbnail":{"file":"luxusimmobilien-mallorca-felanitx-finca-001-150x150.jpg","width":150,"height":150,"mime-type":"image\/jpeg","filesize":7423,"url":"https:\/\/www.lucasfroeserealestate.com\/wp-content\/uploads\/2025\/12\/luxusimmobilien-mallorca-felanitx-finca-001-150x150.jpg"},"medium_large":{"file":"luxusimmobilien-mallorca-felanitx-finca-001-768x432.jpg","width":768,"height":432,"mime-type":"image\/jpeg","filesize":87446,"url":"https:\/\/www.lucasfroeserealestate.com\/wp-content\/uploads\/2025\/12\/luxusimmobilien-mallorca-felanitx-finca-001-768x432.jpg"},"1536x1536":{"file":"luxusimmobilien-mallorca-felanitx-finca-001-1536x864.jpg","width":1536,"height":864,"mime-type":"image\/jpeg","filesize":320016,"url":"https:\/\/www.lucasfroeserealestate.com\/wp-content\/uploads\/2025\/12\/luxusimmobilien-mallorca-felanitx-finca-001-1536x864.jpg"},"post-thumbnail":{"file":"luxusimmobilien-mallorca-felanitx-finca-001-150x84.jpg","width":150,"height":84,"mime-type":"image\/jpeg","filesize":4705,"url":"https:\/\/www.lucasfroeserealestate.com\/wp-content\/uploads\/2025\/12\/luxusimmobilien-mallorca-felanitx-finca-001-150x84.jpg"},"modern-property-child-slider":{"file":"luxusimmobilien-mallorca-felanitx-finca-001-680x510.jpg","width":680,"height":510,"mime-type":"image\/jpeg","filesize":91552,"url":"https:\/\/www.lucasfroeserealestate.com\/wp-content\/uploads\/2025\/12\/luxusimmobilien-mallorca-felanitx-finca-001-680x510.jpg"},"property-thumb-image":{"file":"luxusimmobilien-mallorca-felanitx-finca-001-488x326.jpg","width":488,"height":326,"mime-type":"image\/jpeg","filesize":43394,"url":"https:\/\/www.lucasfroeserealestate.com\/wp-content\/uploads\/2025\/12\/luxusimmobilien-mallorca-felanitx-finca-001-488x326.jpg"},"property-detail-video-image":{"file":"luxusimmobilien-mallorca-felanitx-finca-001-818x417.jpg","width":818,"height":417,"mime-type":"image\/jpeg","filesize":93417,"url":"https:\/\/www.lucasfroeserealestate.com\/wp-content\/uploads\/2025\/12\/luxusimmobilien-mallorca-felanitx-finca-001-818x417.jpg"},"agent-image":{"file":"luxusimmobilien-mallorca-felanitx-finca-001-210x210.jpg","width":210,"height":210,"mime-type":"image\/jpeg","filesize":13568,"url":"https:\/\/www.lucasfroeserealestate.com\/wp-content\/uploads\/2025\/12\/luxusimmobilien-mallorca-felanitx-finca-001-210x210.jpg"},"partners-logo":{"file":"luxusimmobilien-mallorca-felanitx-finca-001-600x1013.jpg","width":600,"height":1013,"mime-type":"image\/jpeg","filesize":163145,"url":"https:\/\/www.lucasfroeserealestate.com\/wp-content\/uploads\/2025\/12\/luxusimmobilien-mallorca-felanitx-finca-001-600x1013.jpg"},"post-featured-image":{"file":"luxusimmobilien-mallorca-felanitx-finca-001-1240x720.jpg","width":1240,"height":720,"mime-type":"image\/jpeg","filesize":224423,"url":"https:\/\/www.lucasfroeserealestate.com\/wp-content\/uploads\/2025\/12\/luxusimmobilien-mallorca-felanitx-finca-001-1240x720.jpg"}},"image_meta":{"aperture":"5.6","credit":"","camera":"FC6310","caption":"DCIM100MEDIADJI_0140.JPG","created_timestamp":"1597507793","copyright":"","focal_length":"8.8","iso":"100","shutter_speed":"0.002","title":"DCIM100MEDIADJI_0140.JPG","orientation":"1","keywords":["Luxusimmobilien Mallorca Drone Felanitx"]},"ID":"78418","name":"luxusimmobilien-mallorca-felanitx-finca-001.jpg","path":"\/home\/empleost\/domains\/lucasfroeserealestate.com\/public_html\/wp-content\/uploads\/2025\/12\/luxusimmobilien-mallorca-felanitx-finca-001.jpg","url":"https:\/\/www.lucasfroeserealestate.com\/wp-content\/uploads\/2025\/12\/luxusimmobilien-mallorca-felanitx-finca-001-150x150.jpg","full_url":"https:\/\/www.lucasfroeserealestate.com\/wp-content\/uploads\/2025\/12\/luxusimmobilien-mallorca-felanitx-finca-001.jpg","title":"DCIM100MEDIADJI_0140.JPG","caption":"DCIM100MEDIADJI_0140.JPG","description":"","alt":"","srcset":"https:\/\/www.lucasfroeserealestate.com\/wp-content\/uploads\/2025\/12\/luxusimmobilien-mallorca-felanitx-finca-001-150x150.jpg 150w, https:\/\/www.lucasfroeserealestate.com\/wp-content\/uploads\/2025\/12\/luxusimmobilien-mallorca-felanitx-finca-001-210x210.jpg 210w"},{"width":150,"height":150,"file":"2025\/12\/luxusimmobilien-mallorca-felanitx-finca-018.jpg","filesize":442999,"sizes":{"medium":{"file":"luxusimmobilien-mallorca-felanitx-finca-018-300x225.jpg","width":300,"height":225,"mime-type":"image\/jpeg","filesize":19077,"url":"https:\/\/www.lucasfroeserealestate.com\/wp-content\/uploads\/2025\/12\/luxusimmobilien-mallorca-felanitx-finca-018-300x225.jpg"},"large":{"file":"luxusimmobilien-mallorca-felanitx-finca-018-1024x768.jpg","width":1024,"height":768,"mime-type":"image\/jpeg","filesize":155457,"url":"https:\/\/www.lucasfroeserealestate.com\/wp-content\/uploads\/2025\/12\/luxusimmobilien-mallorca-felanitx-finca-018-1024x768.jpg"},"thumbnail":{"file":"luxusimmobilien-mallorca-felanitx-finca-018-150x150.jpg","width":150,"height":150,"mime-type":"image\/jpeg","filesize":7510,"url":"https:\/\/www.lucasfroeserealestate.com\/wp-content\/uploads\/2025\/12\/luxusimmobilien-mallorca-felanitx-finca-018-150x150.jpg"},"medium_large":{"file":"luxusimmobilien-mallorca-felanitx-finca-018-768x576.jpg","width":768,"height":576,"mime-type":"image\/jpeg","filesize":95701,"url":"https:\/\/www.lucasfroeserealestate.com\/wp-content\/uploads\/2025\/12\/luxusimmobilien-mallorca-felanitx-finca-018-768x576.jpg"},"post-thumbnail":{"file":"luxusimmobilien-mallorca-felanitx-finca-018-150x113.jpg","width":150,"height":113,"mime-type":"image\/jpeg","filesize":5962,"url":"https:\/\/www.lucasfroeserealestate.com\/wp-content\/uploads\/2025\/12\/luxusimmobilien-mallorca-felanitx-finca-018-150x113.jpg"},"modern-property-child-slider":{"file":"luxusimmobilien-mallorca-felanitx-finca-018-680x510.jpg","width":680,"height":510,"mime-type":"image\/jpeg","filesize":77836,"url":"https:\/\/www.lucasfroeserealestate.com\/wp-content\/uploads\/2025\/12\/luxusimmobilien-mallorca-felanitx-finca-018-680x510.jpg"},"property-thumb-image":{"file":"luxusimmobilien-mallorca-felanitx-finca-018-488x326.jpg","width":488,"height":326,"mime-type":"image\/jpeg","filesize":39961,"url":"https:\/\/www.lucasfroeserealestate.com\/wp-content\/uploads\/2025\/12\/luxusimmobilien-mallorca-felanitx-finca-018-488x326.jpg"},"property-detail-video-image":{"file":"luxusimmobilien-mallorca-felanitx-finca-018-818x417.jpg","width":818,"height":417,"mime-type":"image\/jpeg","filesize":77332,"url":"https:\/\/www.lucasfroeserealestate.com\/wp-content\/uploads\/2025\/12\/luxusimmobilien-mallorca-felanitx-finca-018-818x417.jpg"},"agent-image":{"file":"luxusimmobilien-mallorca-felanitx-finca-018-210x210.jpg","width":210,"height":210,"mime-type":"image\/jpeg","filesize":13484,"url":"https:\/\/www.lucasfroeserealestate.com\/wp-content\/uploads\/2025\/12\/luxusimmobilien-mallorca-felanitx-finca-018-210x210.jpg"},"partners-logo":{"file":"luxusimmobilien-mallorca-felanitx-finca-018-600x845.jpg","width":600,"height":845,"mime-type":"image\/jpeg","filesize":115836,"url":"https:\/\/www.lucasfroeserealestate.com\/wp-content\/uploads\/2025\/12\/luxusimmobilien-mallorca-felanitx-finca-018-600x845.jpg"},"post-featured-image":{"file":"luxusimmobilien-mallorca-felanitx-finca-018-1126x720.jpg","width":1126,"height":720,"mime-type":"image\/jpeg","filesize":178006,"url":"https:\/\/www.lucasfroeserealestate.com\/wp-content\/uploads\/2025\/12\/luxusimmobilien-mallorca-felanitx-finca-018-1126x720.jpg"}},"image_meta":{"aperture":"2.8","credit":"","camera":"Canon PowerShot G12","caption":"Luxusimmobilien Mallorca H\u00f6hlen Loft","created_timestamp":"1392387748","copyright":"","focal_length":"6.1","iso":"320","shutter_speed":"0.016666666666667","title":"Luxusimmobilien Mallorca H\u00f6hlen Loft","orientation":"1","keywords":["Luxusimmobilien Mallorca H\u00f6hlen Loft"]},"ID":"78469","name":"luxusimmobilien-mallorca-felanitx-finca-018.jpg","path":"\/home\/empleost\/domains\/lucasfroeserealestate.com\/public_html\/wp-content\/uploads\/2025\/12\/luxusimmobilien-mallorca-felanitx-finca-018.jpg","url":"https:\/\/www.lucasfroeserealestate.com\/wp-content\/uploads\/2025\/12\/luxusimmobilien-mallorca-felanitx-finca-018-150x150.jpg","full_url":"https:\/\/www.lucasfroeserealestate.com\/wp-content\/uploads\/2025\/12\/luxusimmobilien-mallorca-felanitx-finca-018.jpg","title":"Luxusimmobilien Mallorca H\u00f6hlen Loft","caption":"Luxusimmobilien Mallorca H\u00f6hlen Loft","description":"","alt":"Luxusimmobilien Mallorca H\u00f6hlen Loft","srcset":"https:\/\/www.lucasfroeserealestate.com\/wp-content\/uploads\/2025\/12\/luxusimmobilien-mallorca-felanitx-finca-018-150x150.jpg 150w, https:\/\/www.lucasfroeserealestate.com\/wp-content\/uploads\/2025\/12\/luxusimmobilien-mallorca-felanitx-finca-018-210x210.jpg 210w"},{"width":150,"height":150,"file":"2025\/12\/luxusimmobilien-mallorca-felanitx-finca-019.jpg","filesize":499790,"sizes":{"medium":{"file":"luxusimmobilien-mallorca-felanitx-finca-019-300x225.jpg","width":300,"height":225,"mime-type":"image\/jpeg","filesize":23550,"url":"https:\/\/www.lucasfroeserealestate.com\/wp-content\/uploads\/2025\/12\/luxusimmobilien-mallorca-felanitx-finca-019-300x225.jpg"},"large":{"file":"luxusimmobilien-mallorca-felanitx-finca-019-1024x768.jpg","width":1024,"height":768,"mime-type":"image\/jpeg","filesize":214191,"url":"https:\/\/www.lucasfroeserealestate.com\/wp-content\/uploads\/2025\/12\/luxusimmobilien-mallorca-felanitx-finca-019-1024x768.jpg"},"thumbnail":{"file":"luxusimmobilien-mallorca-felanitx-finca-019-150x150.jpg","width":150,"height":150,"mime-type":"image\/jpeg","filesize":8603,"url":"https:\/\/www.lucasfroeserealestate.com\/wp-content\/uploads\/2025\/12\/luxusimmobilien-mallorca-felanitx-finca-019-150x150.jpg"},"medium_large":{"file":"luxusimmobilien-mallorca-felanitx-finca-019-768x576.jpg","width":768,"height":576,"mime-type":"image\/jpeg","filesize":127788,"url":"https:\/\/www.lucasfroeserealestate.com\/wp-content\/uploads\/2025\/12\/luxusimmobilien-mallorca-felanitx-finca-019-768x576.jpg"},"1536x1536":{"file":"luxusimmobilien-mallorca-felanitx-finca-019-1536x1152.jpg","width":1536,"height":1152,"mime-type":"image\/jpeg","filesize":420367,"url":"https:\/\/www.lucasfroeserealestate.com\/wp-content\/uploads\/2025\/12\/luxusimmobilien-mallorca-felanitx-finca-019-1536x1152.jpg"},"post-thumbnail":{"file":"luxusimmobilien-mallorca-felanitx-finca-019-150x113.jpg","width":150,"height":113,"mime-type":"image\/jpeg","filesize":7015,"url":"https:\/\/www.lucasfroeserealestate.com\/wp-content\/uploads\/2025\/12\/luxusimmobilien-mallorca-felanitx-finca-019-150x113.jpg"},"modern-property-child-slider":{"file":"luxusimmobilien-mallorca-felanitx-finca-019-680x510.jpg","width":680,"height":510,"mime-type":"image\/jpeg","filesize":102585,"url":"https:\/\/www.lucasfroeserealestate.com\/wp-content\/uploads\/2025\/12\/luxusimmobilien-mallorca-felanitx-finca-019-680x510.jpg"},"property-thumb-image":{"file":"luxusimmobilien-mallorca-felanitx-finca-019-488x326.jpg","width":488,"height":326,"mime-type":"image\/jpeg","filesize":49070,"url":"https:\/\/www.lucasfroeserealestate.com\/wp-content\/uploads\/2025\/12\/luxusimmobilien-mallorca-felanitx-finca-019-488x326.jpg"},"property-detail-video-image":{"file":"luxusimmobilien-mallorca-felanitx-finca-019-818x417.jpg","width":818,"height":417,"mime-type":"image\/jpeg","filesize":89992,"url":"https:\/\/www.lucasfroeserealestate.com\/wp-content\/uploads\/2025\/12\/luxusimmobilien-mallorca-felanitx-finca-019-818x417.jpg"},"agent-image":{"file":"luxusimmobilien-mallorca-felanitx-finca-019-210x210.jpg","width":210,"height":210,"mime-type":"image\/jpeg","filesize":15522,"url":"https:\/\/www.lucasfroeserealestate.com\/wp-content\/uploads\/2025\/12\/luxusimmobilien-mallorca-felanitx-finca-019-210x210.jpg"},"partners-logo":{"file":"luxusimmobilien-mallorca-felanitx-finca-019-600x1350.jpg","width":600,"height":1350,"mime-type":"image\/jpeg","filesize":180212,"url":"https:\/\/www.lucasfroeserealestate.com\/wp-content\/uploads\/2025\/12\/luxusimmobilien-mallorca-felanitx-finca-019-600x1350.jpg"},"post-featured-image":{"file":"luxusimmobilien-mallorca-felanitx-finca-019-1240x720.jpg","width":1240,"height":720,"mime-type":"image\/jpeg","filesize":214700,"url":"https:\/\/www.lucasfroeserealestate.com\/wp-content\/uploads\/2025\/12\/luxusimmobilien-mallorca-felanitx-finca-019-1240x720.jpg"}},"image_meta":{"aperture":"2.2","credit":"","camera":"iPhone 6","caption":"Luxusimmobilien Mallorca H\u00f6hlen Loft","created_timestamp":"1458822894","copyright":"","focal_length":"4.15","iso":"32","shutter_speed":"0.00060716454159077","title":"Luxusimmobilien Mallorca H\u00f6hlen Loft","orientation":"1","keywords":["Luxusimmobilien Mallorca H\u00f6hlen Loft"]},"ID":"78472","name":"luxusimmobilien-mallorca-felanitx-finca-019.jpg","path":"\/home\/empleost\/domains\/lucasfroeserealestate.com\/public_html\/wp-content\/uploads\/2025\/12\/luxusimmobilien-mallorca-felanitx-finca-019.jpg","url":"https:\/\/www.lucasfroeserealestate.com\/wp-content\/uploads\/2025\/12\/luxusimmobilien-mallorca-felanitx-finca-019-150x150.jpg","full_url":"https:\/\/www.lucasfroeserealestate.com\/wp-content\/uploads\/2025\/12\/luxusimmobilien-mallorca-felanitx-finca-019.jpg","title":"Luxusimmobilien Mallorca H\u00f6hlen Loft","caption":"Luxusimmobilien Mallorca H\u00f6hlen Loft","description":"","alt":"Luxusimmobilien Mallorca H\u00f6hlen Loft","srcset":"https:\/\/www.lucasfroeserealestate.com\/wp-content\/uploads\/2025\/12\/luxusimmobilien-mallorca-felanitx-finca-019-150x150.jpg 150w, https:\/\/www.lucasfroeserealestate.com\/wp-content\/uploads\/2025\/12\/luxusimmobilien-mallorca-felanitx-finca-019-210x210.jpg 210w"},{"width":150,"height":150,"file":"2025\/12\/luxusimmobilien-mallorca-felanitx-finca-017.jpg","filesize":457998,"sizes":{"medium":{"file":"luxusimmobilien-mallorca-felanitx-finca-017-300x225.jpg","width":300,"height":225,"mime-type":"image\/jpeg","filesize":19620,"url":"https:\/\/www.lucasfroeserealestate.com\/wp-content\/uploads\/2025\/12\/luxusimmobilien-mallorca-felanitx-finca-017-300x225.jpg"},"large":{"file":"luxusimmobilien-mallorca-felanitx-finca-017-1024x768.jpg","width":1024,"height":768,"mime-type":"image\/jpeg","filesize":162467,"url":"https:\/\/www.lucasfroeserealestate.com\/wp-content\/uploads\/2025\/12\/luxusimmobilien-mallorca-felanitx-finca-017-1024x768.jpg"},"thumbnail":{"file":"luxusimmobilien-mallorca-felanitx-finca-017-150x150.jpg","width":150,"height":150,"mime-type":"image\/jpeg","filesize":7685,"url":"https:\/\/www.lucasfroeserealestate.com\/wp-content\/uploads\/2025\/12\/luxusimmobilien-mallorca-felanitx-finca-017-150x150.jpg"},"medium_large":{"file":"luxusimmobilien-mallorca-felanitx-finca-017-768x576.jpg","width":768,"height":576,"mime-type":"image\/jpeg","filesize":99738,"url":"https:\/\/www.lucasfroeserealestate.com\/wp-content\/uploads\/2025\/12\/luxusimmobilien-mallorca-felanitx-finca-017-768x576.jpg"},"post-thumbnail":{"file":"luxusimmobilien-mallorca-felanitx-finca-017-150x113.jpg","width":150,"height":113,"mime-type":"image\/jpeg","filesize":6216,"url":"https:\/\/www.lucasfroeserealestate.com\/wp-content\/uploads\/2025\/12\/luxusimmobilien-mallorca-felanitx-finca-017-150x113.jpg"},"modern-property-child-slider":{"file":"luxusimmobilien-mallorca-felanitx-finca-017-680x510.jpg","width":680,"height":510,"mime-type":"image\/jpeg","filesize":81060,"url":"https:\/\/www.lucasfroeserealestate.com\/wp-content\/uploads\/2025\/12\/luxusimmobilien-mallorca-felanitx-finca-017-680x510.jpg"},"property-thumb-image":{"file":"luxusimmobilien-mallorca-felanitx-finca-017-488x326.jpg","width":488,"height":326,"mime-type":"image\/jpeg","filesize":40501,"url":"https:\/\/www.lucasfroeserealestate.com\/wp-content\/uploads\/2025\/12\/luxusimmobilien-mallorca-felanitx-finca-017-488x326.jpg"},"property-detail-video-image":{"file":"luxusimmobilien-mallorca-felanitx-finca-017-818x417.jpg","width":818,"height":417,"mime-type":"image\/jpeg","filesize":77737,"url":"https:\/\/www.lucasfroeserealestate.com\/wp-content\/uploads\/2025\/12\/luxusimmobilien-mallorca-felanitx-finca-017-818x417.jpg"},"agent-image":{"file":"luxusimmobilien-mallorca-felanitx-finca-017-210x210.jpg","width":210,"height":210,"mime-type":"image\/jpeg","filesize":13701,"url":"https:\/\/www.lucasfroeserealestate.com\/wp-content\/uploads\/2025\/12\/luxusimmobilien-mallorca-felanitx-finca-017-210x210.jpg"},"partners-logo":{"file":"luxusimmobilien-mallorca-felanitx-finca-017-600x845.jpg","width":600,"height":845,"mime-type":"image\/jpeg","filesize":119329,"url":"https:\/\/www.lucasfroeserealestate.com\/wp-content\/uploads\/2025\/12\/luxusimmobilien-mallorca-felanitx-finca-017-600x845.jpg"},"post-featured-image":{"file":"luxusimmobilien-mallorca-felanitx-finca-017-1126x720.jpg","width":1126,"height":720,"mime-type":"image\/jpeg","filesize":182670,"url":"https:\/\/www.lucasfroeserealestate.com\/wp-content\/uploads\/2025\/12\/luxusimmobilien-mallorca-felanitx-finca-017-1126x720.jpg"}},"image_meta":{"aperture":"2.8","credit":"","camera":"Canon PowerShot G12","caption":"Luxusimmobilien Mallorca H\u00f6hlen Loft","created_timestamp":"1392387616","copyright":"","focal_length":"6.1","iso":"800","shutter_speed":"0.02","title":"Luxusimmobilien Mallorca H\u00f6hlen Loft","orientation":"1","keywords":["Luxusimmobilien Mallorca H\u00f6hlen Loft"]},"ID":"78466","name":"luxusimmobilien-mallorca-felanitx-finca-017.jpg","path":"\/home\/empleost\/domains\/lucasfroeserealestate.com\/public_html\/wp-content\/uploads\/2025\/12\/luxusimmobilien-mallorca-felanitx-finca-017.jpg","url":"https:\/\/www.lucasfroeserealestate.com\/wp-content\/uploads\/2025\/12\/luxusimmobilien-mallorca-felanitx-finca-017-150x150.jpg","full_url":"https:\/\/www.lucasfroeserealestate.com\/wp-content\/uploads\/2025\/12\/luxusimmobilien-mallorca-felanitx-finca-017.jpg","title":"Luxusimmobilien Mallorca H\u00f6hlen Loft","caption":"Luxusimmobilien Mallorca H\u00f6hlen Loft","description":"","alt":"Luxusimmobilien Mallorca H\u00f6hlen Loft","srcset":"https:\/\/www.lucasfroeserealestate.com\/wp-content\/uploads\/2025\/12\/luxusimmobilien-mallorca-felanitx-finca-017-150x150.jpg 150w, https:\/\/www.lucasfroeserealestate.com\/wp-content\/uploads\/2025\/12\/luxusimmobilien-mallorca-felanitx-finca-017-210x210.jpg 210w"},{"width":150,"height":150,"file":"2025\/12\/luxusimmobilien-mallorca-felanitx-finca-007.jpg","filesize":407821,"sizes":{"medium":{"file":"luxusimmobilien-mallorca-felanitx-finca-007-300x225.jpg","width":300,"height":225,"mime-type":"image\/jpeg","filesize":16396,"url":"https:\/\/www.lucasfroeserealestate.com\/wp-content\/uploads\/2025\/12\/luxusimmobilien-mallorca-felanitx-finca-007-300x225.jpg"},"large":{"file":"luxusimmobilien-mallorca-felanitx-finca-007-1024x768.jpg","width":1024,"height":768,"mime-type":"image\/jpeg","filesize":140996,"url":"https:\/\/www.lucasfroeserealestate.com\/wp-content\/uploads\/2025\/12\/luxusimmobilien-mallorca-felanitx-finca-007-1024x768.jpg"},"thumbnail":{"file":"luxusimmobilien-mallorca-felanitx-finca-007-150x150.jpg","width":150,"height":150,"mime-type":"image\/jpeg","filesize":6720,"url":"https:\/\/www.lucasfroeserealestate.com\/wp-content\/uploads\/2025\/12\/luxusimmobilien-mallorca-felanitx-finca-007-150x150.jpg"},"medium_large":{"file":"luxusimmobilien-mallorca-felanitx-finca-007-768x576.jpg","width":768,"height":576,"mime-type":"image\/jpeg","filesize":85970,"url":"https:\/\/www.lucasfroeserealestate.com\/wp-content\/uploads\/2025\/12\/luxusimmobilien-mallorca-felanitx-finca-007-768x576.jpg"},"post-thumbnail":{"file":"luxusimmobilien-mallorca-felanitx-finca-007-150x113.jpg","width":150,"height":113,"mime-type":"image\/jpeg","filesize":5098,"url":"https:\/\/www.lucasfroeserealestate.com\/wp-content\/uploads\/2025\/12\/luxusimmobilien-mallorca-felanitx-finca-007-150x113.jpg"},"modern-property-child-slider":{"file":"luxusimmobilien-mallorca-felanitx-finca-007-680x510.jpg","width":680,"height":510,"mime-type":"image\/jpeg","filesize":69718,"url":"https:\/\/www.lucasfroeserealestate.com\/wp-content\/uploads\/2025\/12\/luxusimmobilien-mallorca-felanitx-finca-007-680x510.jpg"},"property-thumb-image":{"file":"luxusimmobilien-mallorca-felanitx-finca-007-488x326.jpg","width":488,"height":326,"mime-type":"image\/jpeg","filesize":35560,"url":"https:\/\/www.lucasfroeserealestate.com\/wp-content\/uploads\/2025\/12\/luxusimmobilien-mallorca-felanitx-finca-007-488x326.jpg"},"property-detail-video-image":{"file":"luxusimmobilien-mallorca-felanitx-finca-007-818x417.jpg","width":818,"height":417,"mime-type":"image\/jpeg","filesize":68284,"url":"https:\/\/www.lucasfroeserealestate.com\/wp-content\/uploads\/2025\/12\/luxusimmobilien-mallorca-felanitx-finca-007-818x417.jpg"},"agent-image":{"file":"luxusimmobilien-mallorca-felanitx-finca-007-210x210.jpg","width":210,"height":210,"mime-type":"image\/jpeg","filesize":11922,"url":"https:\/\/www.lucasfroeserealestate.com\/wp-content\/uploads\/2025\/12\/luxusimmobilien-mallorca-felanitx-finca-007-210x210.jpg"},"partners-logo":{"file":"luxusimmobilien-mallorca-felanitx-finca-007-600x845.jpg","width":600,"height":845,"mime-type":"image\/jpeg","filesize":114245,"url":"https:\/\/www.lucasfroeserealestate.com\/wp-content\/uploads\/2025\/12\/luxusimmobilien-mallorca-felanitx-finca-007-600x845.jpg"},"post-featured-image":{"file":"luxusimmobilien-mallorca-felanitx-finca-007-1126x720.jpg","width":1126,"height":720,"mime-type":"image\/jpeg","filesize":161660,"url":"https:\/\/www.lucasfroeserealestate.com\/wp-content\/uploads\/2025\/12\/luxusimmobilien-mallorca-felanitx-finca-007-1126x720.jpg"}},"image_meta":{"aperture":"2.8","credit":"","camera":"Canon PowerShot G12","caption":"Luxusimmobilien Mallorca Finca Felanitx","created_timestamp":"1367872475","copyright":"","focal_length":"6.1","iso":"1600","shutter_speed":"0.066666666666667","title":"Luxusimmobilien Mallorca Finca Felanitx","orientation":"1","keywords":["Luxusimmobilien Mallorca Finca Felanitx"]},"ID":"78436","name":"luxusimmobilien-mallorca-felanitx-finca-007.jpg","path":"\/home\/empleost\/domains\/lucasfroeserealestate.com\/public_html\/wp-content\/uploads\/2025\/12\/luxusimmobilien-mallorca-felanitx-finca-007.jpg","url":"https:\/\/www.lucasfroeserealestate.com\/wp-content\/uploads\/2025\/12\/luxusimmobilien-mallorca-felanitx-finca-007-150x150.jpg","full_url":"https:\/\/www.lucasfroeserealestate.com\/wp-content\/uploads\/2025\/12\/luxusimmobilien-mallorca-felanitx-finca-007.jpg","title":"Luxusimmobilien Mallorca Finca Felanitx","caption":"Luxusimmobilien Mallorca Finca Felanitx","description":"","alt":"Luxusimmobilien Mallorca Finca Felanitx","srcset":"https:\/\/www.lucasfroeserealestate.com\/wp-content\/uploads\/2025\/12\/luxusimmobilien-mallorca-felanitx-finca-007-150x150.jpg 150w, https:\/\/www.lucasfroeserealestate.com\/wp-content\/uploads\/2025\/12\/luxusimmobilien-mallorca-felanitx-finca-007-210x210.jpg 210w"},{"width":150,"height":150,"file":"2025\/12\/luxusimmobilien-mallorca-felanitx-finca-014.jpg","filesize":439116,"sizes":{"medium":{"file":"luxusimmobilien-mallorca-felanitx-finca-014-300x225.jpg","width":300,"height":225,"mime-type":"image\/jpeg","filesize":10216,"url":"https:\/\/www.lucasfroeserealestate.com\/wp-content\/uploads\/2025\/12\/luxusimmobilien-mallorca-felanitx-finca-014-300x225.jpg"},"large":{"file":"luxusimmobilien-mallorca-felanitx-finca-014-1024x768.jpg","width":1024,"height":768,"mime-type":"image\/jpeg","filesize":75585,"url":"https:\/\/www.lucasfroeserealestate.com\/wp-content\/uploads\/2025\/12\/luxusimmobilien-mallorca-felanitx-finca-014-1024x768.jpg"},"thumbnail":{"file":"luxusimmobilien-mallorca-felanitx-finca-014-150x150.jpg","width":150,"height":150,"mime-type":"image\/jpeg","filesize":4716,"url":"https:\/\/www.lucasfroeserealestate.com\/wp-content\/uploads\/2025\/12\/luxusimmobilien-mallorca-felanitx-finca-014-150x150.jpg"},"medium_large":{"file":"luxusimmobilien-mallorca-felanitx-finca-014-768x576.jpg","width":768,"height":576,"mime-type":"image\/jpeg","filesize":45897,"url":"https:\/\/www.lucasfroeserealestate.com\/wp-content\/uploads\/2025\/12\/luxusimmobilien-mallorca-felanitx-finca-014-768x576.jpg"},"1536x1536":{"file":"luxusimmobilien-mallorca-felanitx-finca-014-1536x1152.jpg","width":1536,"height":1152,"mime-type":"image\/jpeg","filesize":154901,"url":"https:\/\/www.lucasfroeserealestate.com\/wp-content\/uploads\/2025\/12\/luxusimmobilien-mallorca-felanitx-finca-014-1536x1152.jpg"},"post-thumbnail":{"file":"luxusimmobilien-mallorca-felanitx-finca-014-150x113.jpg","width":150,"height":113,"mime-type":"image\/jpeg","filesize":3809,"url":"https:\/\/www.lucasfroeserealestate.com\/wp-content\/uploads\/2025\/12\/luxusimmobilien-mallorca-felanitx-finca-014-150x113.jpg"},"modern-property-child-slider":{"file":"luxusimmobilien-mallorca-felanitx-finca-014-680x510.jpg","width":680,"height":510,"mime-type":"image\/jpeg","filesize":37287,"url":"https:\/\/www.lucasfroeserealestate.com\/wp-content\/uploads\/2025\/12\/luxusimmobilien-mallorca-felanitx-finca-014-680x510.jpg"},"property-thumb-image":{"file":"luxusimmobilien-mallorca-felanitx-finca-014-488x326.jpg","width":488,"height":326,"mime-type":"image\/jpeg","filesize":20740,"url":"https:\/\/www.lucasfroeserealestate.com\/wp-content\/uploads\/2025\/12\/luxusimmobilien-mallorca-felanitx-finca-014-488x326.jpg"},"property-detail-video-image":{"file":"luxusimmobilien-mallorca-felanitx-finca-014-818x417.jpg","width":818,"height":417,"mime-type":"image\/jpeg","filesize":44668,"url":"https:\/\/www.lucasfroeserealestate.com\/wp-content\/uploads\/2025\/12\/luxusimmobilien-mallorca-felanitx-finca-014-818x417.jpg"},"agent-image":{"file":"luxusimmobilien-mallorca-felanitx-finca-014-210x210.jpg","width":210,"height":210,"mime-type":"image\/jpeg","filesize":7584,"url":"https:\/\/www.lucasfroeserealestate.com\/wp-content\/uploads\/2025\/12\/luxusimmobilien-mallorca-felanitx-finca-014-210x210.jpg"},"partners-logo":{"file":"luxusimmobilien-mallorca-felanitx-finca-014-600x1350.jpg","width":600,"height":1350,"mime-type":"image\/jpeg","filesize":94255,"url":"https:\/\/www.lucasfroeserealestate.com\/wp-content\/uploads\/2025\/12\/luxusimmobilien-mallorca-felanitx-finca-014-600x1350.jpg"},"post-featured-image":{"file":"luxusimmobilien-mallorca-felanitx-finca-014-1240x720.jpg","width":1240,"height":720,"mime-type":"image\/jpeg","filesize":96135,"url":"https:\/\/www.lucasfroeserealestate.com\/wp-content\/uploads\/2025\/12\/luxusimmobilien-mallorca-felanitx-finca-014-1240x720.jpg"}},"image_meta":{"aperture":"2.2","credit":"","camera":"iPhone 6","caption":"Luxusimmobilien Mallorca Felanitx Sunset","created_timestamp":"1427395893","copyright":"","focal_length":"4.15","iso":"32","shutter_speed":"0.00075815011372252","title":"Luxusimmobilien Mallorca Felanitx Sunset","orientation":"1","keywords":["Luxusimmobilien Mallorca Felanitx Sunset"]},"ID":"78457","name":"luxusimmobilien-mallorca-felanitx-finca-014.jpg","path":"\/home\/empleost\/domains\/lucasfroeserealestate.com\/public_html\/wp-content\/uploads\/2025\/12\/luxusimmobilien-mallorca-felanitx-finca-014.jpg","url":"https:\/\/www.lucasfroeserealestate.com\/wp-content\/uploads\/2025\/12\/luxusimmobilien-mallorca-felanitx-finca-014-150x150.jpg","full_url":"https:\/\/www.lucasfroeserealestate.com\/wp-content\/uploads\/2025\/12\/luxusimmobilien-mallorca-felanitx-finca-014.jpg","title":"Luxusimmobilien Mallorca Felanitx Sunset","caption":"Luxusimmobilien Mallorca Felanitx Sunset","description":"","alt":"Luxusimmobilien Mallorca Felanitx Sunset","srcset":"https:\/\/www.lucasfroeserealestate.com\/wp-content\/uploads\/2025\/12\/luxusimmobilien-mallorca-felanitx-finca-014-150x150.jpg 150w, https:\/\/www.lucasfroeserealestate.com\/wp-content\/uploads\/2025\/12\/luxusimmobilien-mallorca-felanitx-finca-014-210x210.jpg 210w"},{"width":150,"height":150,"file":"2025\/12\/luxusimmobilien-mallorca-felanitx-finca-011.jpg","filesize":388668,"sizes":{"medium":{"file":"luxusimmobilien-mallorca-felanitx-finca-011-300x200.jpg","width":300,"height":200,"mime-type":"image\/jpeg","filesize":9533,"url":"https:\/\/www.lucasfroeserealestate.com\/wp-content\/uploads\/2025\/12\/luxusimmobilien-mallorca-felanitx-finca-011-300x200.jpg"},"thumbnail":{"file":"luxusimmobilien-mallorca-felanitx-finca-011-150x150.jpg","width":150,"height":150,"mime-type":"image\/jpeg","filesize":4603,"url":"https:\/\/www.lucasfroeserealestate.com\/wp-content\/uploads\/2025\/12\/luxusimmobilien-mallorca-felanitx-finca-011-150x150.jpg"},"medium_large":{"file":"luxusimmobilien-mallorca-felanitx-finca-011-768x512.jpg","width":768,"height":512,"mime-type":"image\/jpeg","filesize":45194,"url":"https:\/\/www.lucasfroeserealestate.com\/wp-content\/uploads\/2025\/12\/luxusimmobilien-mallorca-felanitx-finca-011-768x512.jpg"},"post-thumbnail":{"file":"luxusimmobilien-mallorca-felanitx-finca-011-150x100.jpg","width":150,"height":100,"mime-type":"image\/jpeg","filesize":3349,"url":"https:\/\/www.lucasfroeserealestate.com\/wp-content\/uploads\/2025\/12\/luxusimmobilien-mallorca-felanitx-finca-011-150x100.jpg"},"modern-property-child-slider":{"file":"luxusimmobilien-mallorca-felanitx-finca-011-680x510.jpg","width":680,"height":510,"mime-type":"image\/jpeg","filesize":40685,"url":"https:\/\/www.lucasfroeserealestate.com\/wp-content\/uploads\/2025\/12\/luxusimmobilien-mallorca-felanitx-finca-011-680x510.jpg"},"property-thumb-image":{"file":"luxusimmobilien-mallorca-felanitx-finca-011-488x326.jpg","width":488,"height":326,"mime-type":"image\/jpeg","filesize":21489,"url":"https:\/\/www.lucasfroeserealestate.com\/wp-content\/uploads\/2025\/12\/luxusimmobilien-mallorca-felanitx-finca-011-488x326.jpg"},"property-detail-video-image":{"file":"luxusimmobilien-mallorca-felanitx-finca-011-818x417.jpg","width":818,"height":417,"mime-type":"image\/jpeg","filesize":45287,"url":"https:\/\/www.lucasfroeserealestate.com\/wp-content\/uploads\/2025\/12\/luxusimmobilien-mallorca-felanitx-finca-011-818x417.jpg"},"agent-image":{"file":"luxusimmobilien-mallorca-felanitx-finca-011-210x210.jpg","width":210,"height":210,"mime-type":"image\/jpeg","filesize":7483,"url":"https:\/\/www.lucasfroeserealestate.com\/wp-content\/uploads\/2025\/12\/luxusimmobilien-mallorca-felanitx-finca-011-210x210.jpg"},"partners-logo":{"file":"luxusimmobilien-mallorca-felanitx-finca-011-600x618.jpg","width":600,"height":618,"mime-type":"image\/jpeg","filesize":44200,"url":"https:\/\/www.lucasfroeserealestate.com\/wp-content\/uploads\/2025\/12\/luxusimmobilien-mallorca-felanitx-finca-011-600x618.jpg"}},"image_meta":{"aperture":"9","credit":"","camera":"Canon EOS 5D Mark II","caption":"Luxusimmobilien Mallorca Finca bei Nacht","created_timestamp":"1309820834","copyright":"","focal_length":"17","iso":"400","shutter_speed":"2","title":"Luxusimmobilien Mallorca Finca bei Nacht","orientation":"1","keywords":["Luxusimmobilien Mallorca Finca bei Nacht"]},"ID":"78448","name":"luxusimmobilien-mallorca-felanitx-finca-011.jpg","path":"\/home\/empleost\/domains\/lucasfroeserealestate.com\/public_html\/wp-content\/uploads\/2025\/12\/luxusimmobilien-mallorca-felanitx-finca-011.jpg","url":"https:\/\/www.lucasfroeserealestate.com\/wp-content\/uploads\/2025\/12\/luxusimmobilien-mallorca-felanitx-finca-011-150x150.jpg","full_url":"https:\/\/www.lucasfroeserealestate.com\/wp-content\/uploads\/2025\/12\/luxusimmobilien-mallorca-felanitx-finca-011.jpg","title":"Luxusimmobilien Mallorca Finca bei Nacht","caption":"Luxusimmobilien Mallorca Finca bei Nacht","description":"","alt":"Luxusimmobilien Mallorca Finca bei Nacht","srcset":"https:\/\/www.lucasfroeserealestate.com\/wp-content\/uploads\/2025\/12\/luxusimmobilien-mallorca-felanitx-finca-011-150x150.jpg 150w, https:\/\/www.lucasfroeserealestate.com\/wp-content\/uploads\/2025\/12\/luxusimmobilien-mallorca-felanitx-finca-011-210x210.jpg 210w"}],"REAL_HOMES_change_gallery_slider_type":"","REAL_HOMES_gallery_slider_type":"thumb-on-right","inspiry_floor_plans":[],"inspiry_video_group":[],"REAL_HOMES_360_virtual_tour":"","REAL_HOMES_agent_display_option":"agent_info","REAL_HOMES_agents":["6675"],"REAL_HOMES_energy_class":"D","REAL_HOMES_energy_performance":"","REAL_HOMES_epc_current_rating":"","REAL_HOMES_epc_potential_rating":"","ere_property_schedule_tour":"","ere_property_schedule_time_slots":"","ere_property_schedule_description":"","REAL_HOMES_sticky":"","inspiry_property_label":"","inspiry_property_label_color":"","inspiry_property_tax":"","inspiry_additional_fee":"","REAL_HOMES_attachments":[],"inspiry_property_owner_name":"","inspiry_property_owner_contact":"","inspiry_property_owner_address":"","REAL_HOMES_property_private_note":"","inspiry_message_to_reviewer":"","REAL_HOMES_add_in_slider":"no","REAL_HOMES_slider_image":[],"REAL_HOMES_page_banner_image":[],"REAL_HOMES_hide_property_advance_search":"","inspiry_ausrichtung":"South","inspiry_strasse":"","inspiry_hausnummer":"","inspiry_plz":"","inspiry_ort":"","inspiry_land":"","inspiry_new-build":"","inspiry_kyero_prime_activator":[],"inspiry_kyero_xml_format":[],"inspiry_openimmo_xml_format":[],"inspiry_idealista_xml_format":[],"inspiry_etagen":"","inspiry_etage_(wo_sich_die_wohnung_befindet,_sonst_0)":"","inspiry_gesamtfl\u00e4che\/bebaute_fl\u00e4che_(mehr_als_wohnfl\u00e4che*)":"","inspiry_anzahl_zimmer_sz_esszimmer_wohnzimmer_hobby_zimmer_usw":"","inspiry_anzahl_terrassen":"","inspiry_anzahl_wohneinheiten":"","inspiry_google_maps_link":"","inspiry_google_drive_link":"","inspiry_location_coordinates_gm":"","inspiry_erhaltungszustand_der_immobilie":"","inspiry_heizungsart":"","inspiry_qualit\u00e4t_der_ausstattung":"","inspiry_kauf\/miete":"","inspiry_kategorie":"","inspiry_typ":"","inspiry_art":"","inspiry_land_type_(only_plots)":"","inspiry_listed_by":"","inspiry_comission_(%)":"","inspiry_lage_beschreibung":"","inspiry_austattung_beschreibung":"","inspiry_bodenbelag":"","inspiry_distanz_zum_flughafen_(min)":"","inspiry_auftragsart":"","inspiry_keys":[],"inspiry_preis_pro_m2":"","inspiry_office_listed":"","inspiry_suchkriterien_extras":["ETV license","Close to the golf course (10')","Close to the beach (10')","Close to the airport (35')","With swimming pool","Furnished","New building"],"REAL_HOMES_custom_header_display":"","REAL_HOMES_custom_header_position":"","REAL_HOMES_custom_footer_display":"","REAL_HOMES_hide_advance_search":"","REAL_HOMES_custom_search_form":"","REAL_HOMES_search_form_margin_top":"","REAL_HOMES_search_form_margin_bottom":""},"_links":{"self":[{"href":"https:\/\/www.lucasfroeserealestate.com\/en\/wp-json\/wp\/v2\/immobilien\/78477","targetHints":{"allow":["GET"]}}],"collection":[{"href":"https:\/\/www.lucasfroeserealestate.com\/en\/wp-json\/wp\/v2\/immobilien"}],"about":[{"href":"https:\/\/www.lucasfroeserealestate.com\/en\/wp-json\/wp\/v2\/types\/property"}],"author":[{"embeddable":true,"href":"https:\/\/www.lucasfroeserealestate.com\/en\/wp-json\/wp\/v2\/users\/8"}],"replies":[{"embeddable":true,"href":"https:\/\/www.lucasfroeserealestate.com\/en\/wp-json\/wp\/v2\/comments?post=78477"}],"version-history":[{"count":5,"href":"https:\/\/www.lucasfroeserealestate.com\/en\/wp-json\/wp\/v2\/immobilien\/78477\/revisions"}],"predecessor-version":[{"id":81157,"href":"https:\/\/www.lucasfroeserealestate.com\/en\/wp-json\/wp\/v2\/immobilien\/78477\/revisions\/81157"}],"wp:featuredmedia":[{"embeddable":true,"href":"https:\/\/www.lucasfroeserealestate.com\/en\/wp-json\/wp\/v2\/media\/78456"}],"wp:attachment":[{"href":"https:\/\/www.lucasfroeserealestate.com\/en\/wp-json\/wp\/v2\/media?parent=78477"}],"wp:term":[{"taxonomy":"property-feature","embeddable":true,"href":"https:\/\/www.lucasfroeserealestate.com\/en\/wp-json\/wp\/v2\/immobilien-austattung?post=78477"},{"taxonomy":"property-type","embeddable":true,"href":"https:\/\/www.lucasfroeserealestate.com\/en\/wp-json\/wp\/v2\/immobilien-typ?post=78477"},{"taxonomy":"property-city","embeddable":true,"href":"https:\/\/www.lucasfroeserealestate.com\/en\/wp-json\/wp\/v2\/immobilien-ortschaft?post=78477"},{"taxonomy":"property-status","embeddable":true,"href":"https:\/\/www.lucasfroeserealestate.com\/en\/wp-json\/wp\/v2\/immobilien-status?post=78477"}],"curies":[{"name":"wp","href":"https:\/\/api.w.org\/{rel}","templated":true}]}}