{"id":62224,"date":"2022-02-03T16:20:51","date_gmt":"2022-02-03T15:20:51","guid":{"rendered":"https:\/\/www.lucasfroeserealestate.com\/immobilien\/urban-plot-in-sa-coma\/"},"modified":"2026-03-25T09:45:17","modified_gmt":"2026-03-25T08:45:17","slug":"urban-plot-in-sa-coma","status":"publish","type":"property","link":"https:\/\/www.lucasfroeserealestate.com\/en\/immobilien\/urban-plot-in-sa-coma\/","title":{"rendered":"Urban plot in Sa Coma"},"content":{"rendered":"<p>Spectacular building plot for sale in the village of Sa Coma, which belongs to Sant Lloren\u00e7 des Cardessar.<\/p>\n<p>This plot is in a very good location very close to the beach and with all kinds of services nearby. The plot has access to 2 streets, thus being an entire corner of the property, which adds more value to the property. <\/p>\n<p>Its surface area is 286 square meters with the possibility of building a spectacular detached house to enjoy both in summer and all year round and enjoy the good climate of the island.<\/p>\n<p>Do not miss this opportunity and contact us!<\/p>\n","protected":false},"excerpt":{"rendered":"<p>Spectacular building plot for sale in the village of Sa Coma, which belongs to Sant Lloren\u00e7 des Cardessar. This plot is in a very good location very close to the beach and with all kinds of services nearby. The plot has access to 2 streets, thus being an entire corner of the property, which adds&#8230;<\/p>\n","protected":false},"author":8,"featured_media":62211,"parent":0,"menu_order":0,"comment_status":"closed","ping_status":"closed","template":"","immobilien-austattung":[4499,162,4181,175,178],"immobilien-typ":[183],"immobilien-ortschaft":[1316],"immobilien-status":[161],"class_list":["post-62224","property","type-property","status-publish","has-post-thumbnail","hentry","property-feature-investment-en","property-feature-investitionsimmobilie-en","property-feature-properties-under-200000-euros","property-feature-standard-en","property-feature-stadtwasser-en","property-type-plots","property-city-portocristo-en","property-status-zum-verkaufen-en"],"property_meta":{"REAL_HOMES_property_price":"160000","REAL_HOMES_property_old_price":"","REAL_HOMES_property_price_prefix":"","REAL_HOMES_property_price_postfix":"","REAL_HOMES_property_size":"","REAL_HOMES_property_size_postfix":"","REAL_HOMES_property_lot_size":"286","REAL_HOMES_property_lot_size_postfix":"","REAL_HOMES_property_bedrooms":"","REAL_HOMES_property_bathrooms":"","REAL_HOMES_property_garage":"","REAL_HOMES_property_id":"LF0752","REAL_HOMES_property_year_built":"","rvr_property_owner":"","REAL_HOMES_featured":"","REAL_HOMES_additional_details_list":[],"REAL_HOMES_property_location":{"latitude":"39.579084500054","longitude":"3.3696796591662","zoom":"17"},"REAL_HOMES_property_address":"Mallorca, Illes Balears, Spain","REAL_HOMES_property_map":"0","REAL_HOMES_property_images":[{"width":150,"height":150,"file":"2025\/02\/WhatsApp-Image-2025-02-02-at-220104-1.jpg","filesize":751440,"sizes":{"medium":{"file":"WhatsApp-Image-2025-02-02-at-220104-1-300x200.jpg","width":300,"height":200,"mime-type":"image\/jpeg","filesize":21300,"url":"https:\/\/www.lucasfroeserealestate.com\/wp-content\/uploads\/2025\/02\/WhatsApp-Image-2025-02-02-at-220104-1-300x200.jpg"},"large":{"file":"WhatsApp-Image-2025-02-02-at-220104-1-1024x682.jpg","width":1024,"height":682,"mime-type":"image\/jpeg","filesize":192407,"url":"https:\/\/www.lucasfroeserealestate.com\/wp-content\/uploads\/2025\/02\/WhatsApp-Image-2025-02-02-at-220104-1-1024x682.jpg"},"thumbnail":{"file":"WhatsApp-Image-2025-02-02-at-220104-1-150x150.jpg","width":150,"height":150,"mime-type":"image\/jpeg","filesize":8784,"url":"https:\/\/www.lucasfroeserealestate.com\/wp-content\/uploads\/2025\/02\/WhatsApp-Image-2025-02-02-at-220104-1-150x150.jpg"},"medium_large":{"file":"WhatsApp-Image-2025-02-02-at-220104-1-768x511.jpg","width":768,"height":511,"mime-type":"image\/jpeg","filesize":114171,"url":"https:\/\/www.lucasfroeserealestate.com\/wp-content\/uploads\/2025\/02\/WhatsApp-Image-2025-02-02-at-220104-1-768x511.jpg"},"1536x1536":{"file":"WhatsApp-Image-2025-02-02-at-220104-1-1536x1022.jpg","width":1536,"height":1022,"mime-type":"image\/jpeg","filesize":390143,"url":"https:\/\/www.lucasfroeserealestate.com\/wp-content\/uploads\/2025\/02\/WhatsApp-Image-2025-02-02-at-220104-1-1536x1022.jpg"},"post-thumbnail":{"file":"WhatsApp-Image-2025-02-02-at-220104-1-150x100.jpg","width":150,"height":100,"mime-type":"image\/jpeg","filesize":6638,"url":"https:\/\/www.lucasfroeserealestate.com\/wp-content\/uploads\/2025\/02\/WhatsApp-Image-2025-02-02-at-220104-1-150x100.jpg"},"modern-property-child-slider":{"file":"WhatsApp-Image-2025-02-02-at-220104-1-680x510.jpg","width":680,"height":510,"mime-type":"image\/jpeg","filesize":100933,"url":"https:\/\/www.lucasfroeserealestate.com\/wp-content\/uploads\/2025\/02\/WhatsApp-Image-2025-02-02-at-220104-1-680x510.jpg"},"property-thumb-image":{"file":"WhatsApp-Image-2025-02-02-at-220104-1-488x326.jpg","width":488,"height":326,"mime-type":"image\/jpeg","filesize":50704,"url":"https:\/\/www.lucasfroeserealestate.com\/wp-content\/uploads\/2025\/02\/WhatsApp-Image-2025-02-02-at-220104-1-488x326.jpg"},"property-detail-video-image":{"file":"WhatsApp-Image-2025-02-02-at-220104-1-818x417.jpg","width":818,"height":417,"mime-type":"image\/jpeg","filesize":103373,"url":"https:\/\/www.lucasfroeserealestate.com\/wp-content\/uploads\/2025\/02\/WhatsApp-Image-2025-02-02-at-220104-1-818x417.jpg"},"agent-image":{"file":"WhatsApp-Image-2025-02-02-at-220104-1-210x210.jpg","width":210,"height":210,"mime-type":"image\/jpeg","filesize":15923,"url":"https:\/\/www.lucasfroeserealestate.com\/wp-content\/uploads\/2025\/02\/WhatsApp-Image-2025-02-02-at-220104-1-210x210.jpg"},"partners-logo":{"file":"WhatsApp-Image-2025-02-02-at-220104-1-600x1065.jpg","width":600,"height":1065,"mime-type":"image\/jpeg","filesize":185353,"url":"https:\/\/www.lucasfroeserealestate.com\/wp-content\/uploads\/2025\/02\/WhatsApp-Image-2025-02-02-at-220104-1-600x1065.jpg"},"post-featured-image":{"file":"WhatsApp-Image-2025-02-02-at-220104-1-1240x720.jpg","width":1240,"height":720,"mime-type":"image\/jpeg","filesize":238751,"url":"https:\/\/www.lucasfroeserealestate.com\/wp-content\/uploads\/2025\/02\/WhatsApp-Image-2025-02-02-at-220104-1-1240x720.jpg"}},"image_meta":{"aperture":"0","credit":"","camera":"","caption":"Freistehendes Haus Mallorca","created_timestamp":"0","copyright":"","focal_length":"0","iso":"0","shutter_speed":"0","title":"Freistehendes Haus Mallorca","orientation":"0","keywords":["Freistehendes Haus Mallorca"]},"ID":"62211","name":"WhatsApp-Image-2025-02-02-at-220104-1.jpg","path":"\/home\/empleost\/domains\/lucasfroeserealestate.com\/public_html\/wp-content\/uploads\/2025\/02\/WhatsApp-Image-2025-02-02-at-220104-1.jpg","url":"https:\/\/www.lucasfroeserealestate.com\/wp-content\/uploads\/2025\/02\/WhatsApp-Image-2025-02-02-at-220104-1-150x150.jpg","full_url":"https:\/\/www.lucasfroeserealestate.com\/wp-content\/uploads\/2025\/02\/WhatsApp-Image-2025-02-02-at-220104-1.jpg","title":"Detached house Mallorca","caption":"Detached house Mallorca","description":"","alt":"","srcset":"https:\/\/www.lucasfroeserealestate.com\/wp-content\/uploads\/2025\/02\/WhatsApp-Image-2025-02-02-at-220104-1-150x150.jpg 150w, https:\/\/www.lucasfroeserealestate.com\/wp-content\/uploads\/2025\/02\/WhatsApp-Image-2025-02-02-at-220104-1-210x210.jpg 210w"},{"width":150,"height":150,"file":"2025\/02\/WhatsApp-Image-2025-02-02-at-220104.jpg","filesize":802709,"sizes":{"medium":{"file":"WhatsApp-Image-2025-02-02-at-220104-300x200.jpg","width":300,"height":200,"mime-type":"image\/jpeg","filesize":20973,"url":"https:\/\/www.lucasfroeserealestate.com\/wp-content\/uploads\/2025\/02\/WhatsApp-Image-2025-02-02-at-220104-300x200.jpg"},"large":{"file":"WhatsApp-Image-2025-02-02-at-220104-1024x682.jpg","width":1024,"height":682,"mime-type":"image\/jpeg","filesize":198786,"url":"https:\/\/www.lucasfroeserealestate.com\/wp-content\/uploads\/2025\/02\/WhatsApp-Image-2025-02-02-at-220104-1024x682.jpg"},"thumbnail":{"file":"WhatsApp-Image-2025-02-02-at-220104-150x150.jpg","width":150,"height":150,"mime-type":"image\/jpeg","filesize":8820,"url":"https:\/\/www.lucasfroeserealestate.com\/wp-content\/uploads\/2025\/02\/WhatsApp-Image-2025-02-02-at-220104-150x150.jpg"},"medium_large":{"file":"WhatsApp-Image-2025-02-02-at-220104-768x511.jpg","width":768,"height":511,"mime-type":"image\/jpeg","filesize":117219,"url":"https:\/\/www.lucasfroeserealestate.com\/wp-content\/uploads\/2025\/02\/WhatsApp-Image-2025-02-02-at-220104-768x511.jpg"},"1536x1536":{"file":"WhatsApp-Image-2025-02-02-at-220104-1536x1022.jpg","width":1536,"height":1022,"mime-type":"image\/jpeg","filesize":410020,"url":"https:\/\/www.lucasfroeserealestate.com\/wp-content\/uploads\/2025\/02\/WhatsApp-Image-2025-02-02-at-220104-1536x1022.jpg"},"post-thumbnail":{"file":"WhatsApp-Image-2025-02-02-at-220104-150x100.jpg","width":150,"height":100,"mime-type":"image\/jpeg","filesize":6383,"url":"https:\/\/www.lucasfroeserealestate.com\/wp-content\/uploads\/2025\/02\/WhatsApp-Image-2025-02-02-at-220104-150x100.jpg"},"modern-property-child-slider":{"file":"WhatsApp-Image-2025-02-02-at-220104-680x510.jpg","width":680,"height":510,"mime-type":"image\/jpeg","filesize":103083,"url":"https:\/\/www.lucasfroeserealestate.com\/wp-content\/uploads\/2025\/02\/WhatsApp-Image-2025-02-02-at-220104-680x510.jpg"},"property-thumb-image":{"file":"WhatsApp-Image-2025-02-02-at-220104-488x326.jpg","width":488,"height":326,"mime-type":"image\/jpeg","filesize":51098,"url":"https:\/\/www.lucasfroeserealestate.com\/wp-content\/uploads\/2025\/02\/WhatsApp-Image-2025-02-02-at-220104-488x326.jpg"},"property-detail-video-image":{"file":"WhatsApp-Image-2025-02-02-at-220104-818x417.jpg","width":818,"height":417,"mime-type":"image\/jpeg","filesize":105661,"url":"https:\/\/www.lucasfroeserealestate.com\/wp-content\/uploads\/2025\/02\/WhatsApp-Image-2025-02-02-at-220104-818x417.jpg"},"agent-image":{"file":"WhatsApp-Image-2025-02-02-at-220104-210x210.jpg","width":210,"height":210,"mime-type":"image\/jpeg","filesize":16130,"url":"https:\/\/www.lucasfroeserealestate.com\/wp-content\/uploads\/2025\/02\/WhatsApp-Image-2025-02-02-at-220104-210x210.jpg"},"partners-logo":{"file":"WhatsApp-Image-2025-02-02-at-220104-600x1065.jpg","width":600,"height":1065,"mime-type":"image\/jpeg","filesize":218995,"url":"https:\/\/www.lucasfroeserealestate.com\/wp-content\/uploads\/2025\/02\/WhatsApp-Image-2025-02-02-at-220104-600x1065.jpg"},"post-featured-image":{"file":"WhatsApp-Image-2025-02-02-at-220104-1240x720.jpg","width":1240,"height":720,"mime-type":"image\/jpeg","filesize":250154,"url":"https:\/\/www.lucasfroeserealestate.com\/wp-content\/uploads\/2025\/02\/WhatsApp-Image-2025-02-02-at-220104-1240x720.jpg"}},"image_meta":{"aperture":"0","credit":"","camera":"","caption":"Immobilieninvestitionen","created_timestamp":"0","copyright":"","focal_length":"0","iso":"0","shutter_speed":"0","title":"Immobilieninvestitionen","orientation":"0","keywords":["Immobilieninvestitionen"]},"ID":"62220","name":"WhatsApp-Image-2025-02-02-at-220104.jpg","path":"\/home\/empleost\/domains\/lucasfroeserealestate.com\/public_html\/wp-content\/uploads\/2025\/02\/WhatsApp-Image-2025-02-02-at-220104.jpg","url":"https:\/\/www.lucasfroeserealestate.com\/wp-content\/uploads\/2025\/02\/WhatsApp-Image-2025-02-02-at-220104-150x150.jpg","full_url":"https:\/\/www.lucasfroeserealestate.com\/wp-content\/uploads\/2025\/02\/WhatsApp-Image-2025-02-02-at-220104.jpg","title":"Immobilieninvestitionen","caption":"Immobilieninvestitionen","description":"","alt":"","srcset":"https:\/\/www.lucasfroeserealestate.com\/wp-content\/uploads\/2025\/02\/WhatsApp-Image-2025-02-02-at-220104-150x150.jpg 150w, https:\/\/www.lucasfroeserealestate.com\/wp-content\/uploads\/2025\/02\/WhatsApp-Image-2025-02-02-at-220104-210x210.jpg 210w"},{"width":150,"height":150,"file":"2025\/02\/WhatsApp-Image-2025-02-02-at-220104-2.jpg","filesize":834699,"sizes":{"medium":{"file":"WhatsApp-Image-2025-02-02-at-220104-2-300x200.jpg","width":300,"height":200,"mime-type":"image\/jpeg","filesize":25497,"url":"https:\/\/www.lucasfroeserealestate.com\/wp-content\/uploads\/2025\/02\/WhatsApp-Image-2025-02-02-at-220104-2-300x200.jpg"},"large":{"file":"WhatsApp-Image-2025-02-02-at-220104-2-1024x682.jpg","width":1024,"height":682,"mime-type":"image\/jpeg","filesize":226263,"url":"https:\/\/www.lucasfroeserealestate.com\/wp-content\/uploads\/2025\/02\/WhatsApp-Image-2025-02-02-at-220104-2-1024x682.jpg"},"thumbnail":{"file":"WhatsApp-Image-2025-02-02-at-220104-2-150x150.jpg","width":150,"height":150,"mime-type":"image\/jpeg","filesize":10585,"url":"https:\/\/www.lucasfroeserealestate.com\/wp-content\/uploads\/2025\/02\/WhatsApp-Image-2025-02-02-at-220104-2-150x150.jpg"},"medium_large":{"file":"WhatsApp-Image-2025-02-02-at-220104-2-768x511.jpg","width":768,"height":511,"mime-type":"image\/jpeg","filesize":136358,"url":"https:\/\/www.lucasfroeserealestate.com\/wp-content\/uploads\/2025\/02\/WhatsApp-Image-2025-02-02-at-220104-2-768x511.jpg"},"1536x1536":{"file":"WhatsApp-Image-2025-02-02-at-220104-2-1536x1022.jpg","width":1536,"height":1022,"mime-type":"image\/jpeg","filesize":447984,"url":"https:\/\/www.lucasfroeserealestate.com\/wp-content\/uploads\/2025\/02\/WhatsApp-Image-2025-02-02-at-220104-2-1536x1022.jpg"},"post-thumbnail":{"file":"WhatsApp-Image-2025-02-02-at-220104-2-150x100.jpg","width":150,"height":100,"mime-type":"image\/jpeg","filesize":7583,"url":"https:\/\/www.lucasfroeserealestate.com\/wp-content\/uploads\/2025\/02\/WhatsApp-Image-2025-02-02-at-220104-2-150x100.jpg"},"modern-property-child-slider":{"file":"WhatsApp-Image-2025-02-02-at-220104-2-680x510.jpg","width":680,"height":510,"mime-type":"image\/jpeg","filesize":122764,"url":"https:\/\/www.lucasfroeserealestate.com\/wp-content\/uploads\/2025\/02\/WhatsApp-Image-2025-02-02-at-220104-2-680x510.jpg"},"property-thumb-image":{"file":"WhatsApp-Image-2025-02-02-at-220104-2-488x326.jpg","width":488,"height":326,"mime-type":"image\/jpeg","filesize":61309,"url":"https:\/\/www.lucasfroeserealestate.com\/wp-content\/uploads\/2025\/02\/WhatsApp-Image-2025-02-02-at-220104-2-488x326.jpg"},"property-detail-video-image":{"file":"WhatsApp-Image-2025-02-02-at-220104-2-818x417.jpg","width":818,"height":417,"mime-type":"image\/jpeg","filesize":117404,"url":"https:\/\/www.lucasfroeserealestate.com\/wp-content\/uploads\/2025\/02\/WhatsApp-Image-2025-02-02-at-220104-2-818x417.jpg"},"agent-image":{"file":"WhatsApp-Image-2025-02-02-at-220104-2-210x210.jpg","width":210,"height":210,"mime-type":"image\/jpeg","filesize":19583,"url":"https:\/\/www.lucasfroeserealestate.com\/wp-content\/uploads\/2025\/02\/WhatsApp-Image-2025-02-02-at-220104-2-210x210.jpg"},"partners-logo":{"file":"WhatsApp-Image-2025-02-02-at-220104-2-600x1065.jpg","width":600,"height":1065,"mime-type":"image\/jpeg","filesize":226105,"url":"https:\/\/www.lucasfroeserealestate.com\/wp-content\/uploads\/2025\/02\/WhatsApp-Image-2025-02-02-at-220104-2-600x1065.jpg"},"post-featured-image":{"file":"WhatsApp-Image-2025-02-02-at-220104-2-1240x720.jpg","width":1240,"height":720,"mime-type":"image\/jpeg","filesize":272173,"url":"https:\/\/www.lucasfroeserealestate.com\/wp-content\/uploads\/2025\/02\/WhatsApp-Image-2025-02-02-at-220104-2-1240x720.jpg"}},"image_meta":{"aperture":"0","credit":"","camera":"","caption":"Baugrundst\u00fcck","created_timestamp":"0","copyright":"","focal_length":"0","iso":"0","shutter_speed":"0","title":"Baugrundst\u00fcck","orientation":"0","keywords":["Baugrundst\u00fcck"]},"ID":"62214","name":"WhatsApp-Image-2025-02-02-at-220104-2.jpg","path":"\/home\/empleost\/domains\/lucasfroeserealestate.com\/public_html\/wp-content\/uploads\/2025\/02\/WhatsApp-Image-2025-02-02-at-220104-2.jpg","url":"https:\/\/www.lucasfroeserealestate.com\/wp-content\/uploads\/2025\/02\/WhatsApp-Image-2025-02-02-at-220104-2-150x150.jpg","full_url":"https:\/\/www.lucasfroeserealestate.com\/wp-content\/uploads\/2025\/02\/WhatsApp-Image-2025-02-02-at-220104-2.jpg","title":"Baugrundst\u00fcck","caption":"Baugrundst\u00fcck","description":"","alt":"","srcset":"https:\/\/www.lucasfroeserealestate.com\/wp-content\/uploads\/2025\/02\/WhatsApp-Image-2025-02-02-at-220104-2-150x150.jpg 150w, https:\/\/www.lucasfroeserealestate.com\/wp-content\/uploads\/2025\/02\/WhatsApp-Image-2025-02-02-at-220104-2-210x210.jpg 210w"},{"width":150,"height":150,"file":"2025\/02\/WhatsApp-Image-2025-02-02-at-220104-3.jpg","filesize":700040,"sizes":{"medium":{"file":"WhatsApp-Image-2025-02-02-at-220104-3-300x200.jpg","width":300,"height":200,"mime-type":"image\/jpeg","filesize":18139,"url":"https:\/\/www.lucasfroeserealestate.com\/wp-content\/uploads\/2025\/02\/WhatsApp-Image-2025-02-02-at-220104-3-300x200.jpg"},"large":{"file":"WhatsApp-Image-2025-02-02-at-220104-3-1024x682.jpg","width":1024,"height":682,"mime-type":"image\/jpeg","filesize":182117,"url":"https:\/\/www.lucasfroeserealestate.com\/wp-content\/uploads\/2025\/02\/WhatsApp-Image-2025-02-02-at-220104-3-1024x682.jpg"},"thumbnail":{"file":"WhatsApp-Image-2025-02-02-at-220104-3-150x150.jpg","width":150,"height":150,"mime-type":"image\/jpeg","filesize":7019,"url":"https:\/\/www.lucasfroeserealestate.com\/wp-content\/uploads\/2025\/02\/WhatsApp-Image-2025-02-02-at-220104-3-150x150.jpg"},"medium_large":{"file":"WhatsApp-Image-2025-02-02-at-220104-3-768x512.jpg","width":768,"height":512,"mime-type":"image\/jpeg","filesize":106988,"url":"https:\/\/www.lucasfroeserealestate.com\/wp-content\/uploads\/2025\/02\/WhatsApp-Image-2025-02-02-at-220104-3-768x512.jpg"},"1536x1536":{"file":"WhatsApp-Image-2025-02-02-at-220104-3-1536x1023.jpg","width":1536,"height":1023,"mime-type":"image\/jpeg","filesize":370166,"url":"https:\/\/www.lucasfroeserealestate.com\/wp-content\/uploads\/2025\/02\/WhatsApp-Image-2025-02-02-at-220104-3-1536x1023.jpg"},"post-thumbnail":{"file":"WhatsApp-Image-2025-02-02-at-220104-3-150x100.jpg","width":150,"height":100,"mime-type":"image\/jpeg","filesize":5398,"url":"https:\/\/www.lucasfroeserealestate.com\/wp-content\/uploads\/2025\/02\/WhatsApp-Image-2025-02-02-at-220104-3-150x100.jpg"},"modern-property-child-slider":{"file":"WhatsApp-Image-2025-02-02-at-220104-3-680x510.jpg","width":680,"height":510,"mime-type":"image\/jpeg","filesize":93447,"url":"https:\/\/www.lucasfroeserealestate.com\/wp-content\/uploads\/2025\/02\/WhatsApp-Image-2025-02-02-at-220104-3-680x510.jpg"},"property-thumb-image":{"file":"WhatsApp-Image-2025-02-02-at-220104-3-488x326.jpg","width":488,"height":326,"mime-type":"image\/jpeg","filesize":45685,"url":"https:\/\/www.lucasfroeserealestate.com\/wp-content\/uploads\/2025\/02\/WhatsApp-Image-2025-02-02-at-220104-3-488x326.jpg"},"property-detail-video-image":{"file":"WhatsApp-Image-2025-02-02-at-220104-3-818x417.jpg","width":818,"height":417,"mime-type":"image\/jpeg","filesize":96701,"url":"https:\/\/www.lucasfroeserealestate.com\/wp-content\/uploads\/2025\/02\/WhatsApp-Image-2025-02-02-at-220104-3-818x417.jpg"},"agent-image":{"file":"WhatsApp-Image-2025-02-02-at-220104-3-210x210.jpg","width":210,"height":210,"mime-type":"image\/jpeg","filesize":13056,"url":"https:\/\/www.lucasfroeserealestate.com\/wp-content\/uploads\/2025\/02\/WhatsApp-Image-2025-02-02-at-220104-3-210x210.jpg"},"partners-logo":{"file":"WhatsApp-Image-2025-02-02-at-220104-3-600x1066.jpg","width":600,"height":1066,"mime-type":"image\/jpeg","filesize":154378,"url":"https:\/\/www.lucasfroeserealestate.com\/wp-content\/uploads\/2025\/02\/WhatsApp-Image-2025-02-02-at-220104-3-600x1066.jpg"},"post-featured-image":{"file":"WhatsApp-Image-2025-02-02-at-220104-3-1240x720.jpg","width":1240,"height":720,"mime-type":"image\/jpeg","filesize":226700,"url":"https:\/\/www.lucasfroeserealestate.com\/wp-content\/uploads\/2025\/02\/WhatsApp-Image-2025-02-02-at-220104-3-1240x720.jpg"}},"image_meta":{"aperture":"0","credit":"","camera":"","caption":"Baugrundst\u00fcck in Manacor","created_timestamp":"0","copyright":"","focal_length":"0","iso":"0","shutter_speed":"0","title":"Baugrundst\u00fcck in Manacor","orientation":"0","keywords":["Baugrundst\u00fcck in Manacor"]},"ID":"62217","name":"WhatsApp-Image-2025-02-02-at-220104-3.jpg","path":"\/home\/empleost\/domains\/lucasfroeserealestate.com\/public_html\/wp-content\/uploads\/2025\/02\/WhatsApp-Image-2025-02-02-at-220104-3.jpg","url":"https:\/\/www.lucasfroeserealestate.com\/wp-content\/uploads\/2025\/02\/WhatsApp-Image-2025-02-02-at-220104-3-150x150.jpg","full_url":"https:\/\/www.lucasfroeserealestate.com\/wp-content\/uploads\/2025\/02\/WhatsApp-Image-2025-02-02-at-220104-3.jpg","title":"Baugrundst\u00fcck in Manacor","caption":"Baugrundst\u00fcck in Manacor","description":"","alt":"","srcset":"https:\/\/www.lucasfroeserealestate.com\/wp-content\/uploads\/2025\/02\/WhatsApp-Image-2025-02-02-at-220104-3-150x150.jpg 150w, https:\/\/www.lucasfroeserealestate.com\/wp-content\/uploads\/2025\/02\/WhatsApp-Image-2025-02-02-at-220104-3-210x210.jpg 210w"},{"width":150,"height":150,"file":"2025\/02\/WhatsApp-Image-2025-02-02-at-220104-4.jpg","filesize":694738,"sizes":{"medium":{"file":"WhatsApp-Image-2025-02-02-at-220104-4-300x200.jpg","width":300,"height":200,"mime-type":"image\/jpeg","filesize":18300,"url":"https:\/\/www.lucasfroeserealestate.com\/wp-content\/uploads\/2025\/02\/WhatsApp-Image-2025-02-02-at-220104-4-300x200.jpg"},"large":{"file":"WhatsApp-Image-2025-02-02-at-220104-4-1024x682.jpg","width":1024,"height":682,"mime-type":"image\/jpeg","filesize":186249,"url":"https:\/\/www.lucasfroeserealestate.com\/wp-content\/uploads\/2025\/02\/WhatsApp-Image-2025-02-02-at-220104-4-1024x682.jpg"},"thumbnail":{"file":"WhatsApp-Image-2025-02-02-at-220104-4-150x150.jpg","width":150,"height":150,"mime-type":"image\/jpeg","filesize":7391,"url":"https:\/\/www.lucasfroeserealestate.com\/wp-content\/uploads\/2025\/02\/WhatsApp-Image-2025-02-02-at-220104-4-150x150.jpg"},"medium_large":{"file":"WhatsApp-Image-2025-02-02-at-220104-4-768x512.jpg","width":768,"height":512,"mime-type":"image\/jpeg","filesize":108673,"url":"https:\/\/www.lucasfroeserealestate.com\/wp-content\/uploads\/2025\/02\/WhatsApp-Image-2025-02-02-at-220104-4-768x512.jpg"},"1536x1536":{"file":"WhatsApp-Image-2025-02-02-at-220104-4-1536x1023.jpg","width":1536,"height":1023,"mime-type":"image\/jpeg","filesize":377014,"url":"https:\/\/www.lucasfroeserealestate.com\/wp-content\/uploads\/2025\/02\/WhatsApp-Image-2025-02-02-at-220104-4-1536x1023.jpg"},"post-thumbnail":{"file":"WhatsApp-Image-2025-02-02-at-220104-4-150x100.jpg","width":150,"height":100,"mime-type":"image\/jpeg","filesize":5482,"url":"https:\/\/www.lucasfroeserealestate.com\/wp-content\/uploads\/2025\/02\/WhatsApp-Image-2025-02-02-at-220104-4-150x100.jpg"},"modern-property-child-slider":{"file":"WhatsApp-Image-2025-02-02-at-220104-4-680x510.jpg","width":680,"height":510,"mime-type":"image\/jpeg","filesize":97425,"url":"https:\/\/www.lucasfroeserealestate.com\/wp-content\/uploads\/2025\/02\/WhatsApp-Image-2025-02-02-at-220104-4-680x510.jpg"},"property-thumb-image":{"file":"WhatsApp-Image-2025-02-02-at-220104-4-488x326.jpg","width":488,"height":326,"mime-type":"image\/jpeg","filesize":46326,"url":"https:\/\/www.lucasfroeserealestate.com\/wp-content\/uploads\/2025\/02\/WhatsApp-Image-2025-02-02-at-220104-4-488x326.jpg"},"property-detail-video-image":{"file":"WhatsApp-Image-2025-02-02-at-220104-4-818x417.jpg","width":818,"height":417,"mime-type":"image\/jpeg","filesize":95004,"url":"https:\/\/www.lucasfroeserealestate.com\/wp-content\/uploads\/2025\/02\/WhatsApp-Image-2025-02-02-at-220104-4-818x417.jpg"},"agent-image":{"file":"WhatsApp-Image-2025-02-02-at-220104-4-210x210.jpg","width":210,"height":210,"mime-type":"image\/jpeg","filesize":14043,"url":"https:\/\/www.lucasfroeserealestate.com\/wp-content\/uploads\/2025\/02\/WhatsApp-Image-2025-02-02-at-220104-4-210x210.jpg"},"partners-logo":{"file":"WhatsApp-Image-2025-02-02-at-220104-4-600x1066.jpg","width":600,"height":1066,"mime-type":"image\/jpeg","filesize":187868,"url":"https:\/\/www.lucasfroeserealestate.com\/wp-content\/uploads\/2025\/02\/WhatsApp-Image-2025-02-02-at-220104-4-600x1066.jpg"},"post-featured-image":{"file":"WhatsApp-Image-2025-02-02-at-220104-4-1240x720.jpg","width":1240,"height":720,"mime-type":"image\/jpeg","filesize":227492,"url":"https:\/\/www.lucasfroeserealestate.com\/wp-content\/uploads\/2025\/02\/WhatsApp-Image-2025-02-02-at-220104-4-1240x720.jpg"}},"image_meta":{"aperture":"0","credit":"","camera":"","caption":"Investition Sant Lloren\u00e7 des Cardessar","created_timestamp":"0","copyright":"","focal_length":"0","iso":"0","shutter_speed":"0","title":"Investition Sant Lloren\u00e7 des Cardessar","orientation":"0","keywords":["Investition Sant Lloren\u00e7 des Cardessar"]},"ID":"62208","name":"WhatsApp-Image-2025-02-02-at-220104-4.jpg","path":"\/home\/empleost\/domains\/lucasfroeserealestate.com\/public_html\/wp-content\/uploads\/2025\/02\/WhatsApp-Image-2025-02-02-at-220104-4.jpg","url":"https:\/\/www.lucasfroeserealestate.com\/wp-content\/uploads\/2025\/02\/WhatsApp-Image-2025-02-02-at-220104-4-150x150.jpg","full_url":"https:\/\/www.lucasfroeserealestate.com\/wp-content\/uploads\/2025\/02\/WhatsApp-Image-2025-02-02-at-220104-4.jpg","title":"Investition Sant Lloren\u00e7 des Cardessar","caption":"Investition Sant Lloren\u00e7 des Cardessar","description":"","alt":"","srcset":"https:\/\/www.lucasfroeserealestate.com\/wp-content\/uploads\/2025\/02\/WhatsApp-Image-2025-02-02-at-220104-4-150x150.jpg 150w, https:\/\/www.lucasfroeserealestate.com\/wp-content\/uploads\/2025\/02\/WhatsApp-Image-2025-02-02-at-220104-4-210x210.jpg 210w"}],"REAL_HOMES_change_gallery_slider_type":"","REAL_HOMES_gallery_slider_type":"thumb-on-right","inspiry_floor_plans":[],"inspiry_video_group":[],"REAL_HOMES_360_virtual_tour":"","REAL_HOMES_agent_display_option":"agent_info","REAL_HOMES_agents":["6675"],"REAL_HOMES_energy_class":"none","REAL_HOMES_energy_performance":"","REAL_HOMES_epc_current_rating":"","REAL_HOMES_epc_potential_rating":"","ere_property_schedule_tour":"","ere_property_schedule_time_slots":"","ere_property_schedule_description":"","REAL_HOMES_sticky":"","inspiry_property_label":"","inspiry_property_label_color":"","inspiry_property_tax":"","inspiry_additional_fee":"","REAL_HOMES_attachments":[],"inspiry_property_owner_name":"","inspiry_property_owner_contact":"","inspiry_property_owner_address":"","REAL_HOMES_property_private_note":"El contacto es de la hija de la propietaria","inspiry_message_to_reviewer":"","REAL_HOMES_add_in_slider":"no","REAL_HOMES_slider_image":[],"REAL_HOMES_page_banner_image":[],"REAL_HOMES_hide_property_advance_search":"","inspiry_ausrichtung":"","inspiry_strasse":"","inspiry_hausnummer":"","inspiry_plz":"","inspiry_ort":"","inspiry_land":"","inspiry_new-build":"","inspiry_kyero_prime_activator":[],"inspiry_kyero_xml_format":[],"inspiry_openimmo_xml_format":[],"inspiry_idealista_xml_format":[],"inspiry_etagen":"","inspiry_etage_(wo_sich_die_wohnung_befindet,_sonst_0)":"","inspiry_gesamtfl\u00e4che\/bebaute_fl\u00e4che_(mehr_als_wohnfl\u00e4che*)":"","inspiry_anzahl_zimmer_sz_esszimmer_wohnzimmer_hobby_zimmer_usw":"","inspiry_anzahl_terrassen":"","inspiry_anzahl_wohneinheiten":"","inspiry_google_maps_link":"","inspiry_google_drive_link":"","inspiry_location_coordinates_gm":"","inspiry_erhaltungszustand_der_immobilie":"","inspiry_heizungsart":"","inspiry_qualit\u00e4t_der_ausstattung":"","inspiry_kauf\/miete":"","inspiry_kategorie":"","inspiry_typ":"","inspiry_art":"","inspiry_land_type_(only_plots)":"","inspiry_listed_by":"","inspiry_comission_(%)":"","inspiry_lage_beschreibung":"","inspiry_austattung_beschreibung":"","inspiry_bodenbelag":"","inspiry_distanz_zum_flughafen_(min)":"","inspiry_auftragsart":"","inspiry_keys":[],"inspiry_preis_pro_m2":"","inspiry_office_listed":"","inspiry_suchkriterien_extras":["Close to the beach (10')","Top investment"],"REAL_HOMES_custom_header_display":"","REAL_HOMES_custom_header_position":"","REAL_HOMES_custom_footer_display":"","REAL_HOMES_hide_advance_search":"","REAL_HOMES_custom_search_form":"","REAL_HOMES_search_form_margin_top":"","REAL_HOMES_search_form_margin_bottom":""},"_links":{"self":[{"href":"https:\/\/www.lucasfroeserealestate.com\/en\/wp-json\/wp\/v2\/immobilien\/62224","targetHints":{"allow":["GET"]}}],"collection":[{"href":"https:\/\/www.lucasfroeserealestate.com\/en\/wp-json\/wp\/v2\/immobilien"}],"about":[{"href":"https:\/\/www.lucasfroeserealestate.com\/en\/wp-json\/wp\/v2\/types\/property"}],"author":[{"embeddable":true,"href":"https:\/\/www.lucasfroeserealestate.com\/en\/wp-json\/wp\/v2\/users\/8"}],"replies":[{"embeddable":true,"href":"https:\/\/www.lucasfroeserealestate.com\/en\/wp-json\/wp\/v2\/comments?post=62224"}],"version-history":[{"count":2,"href":"https:\/\/www.lucasfroeserealestate.com\/en\/wp-json\/wp\/v2\/immobilien\/62224\/revisions"}],"predecessor-version":[{"id":82275,"href":"https:\/\/www.lucasfroeserealestate.com\/en\/wp-json\/wp\/v2\/immobilien\/62224\/revisions\/82275"}],"wp:featuredmedia":[{"embeddable":true,"href":"https:\/\/www.lucasfroeserealestate.com\/en\/wp-json\/wp\/v2\/media\/62211"}],"wp:attachment":[{"href":"https:\/\/www.lucasfroeserealestate.com\/en\/wp-json\/wp\/v2\/media?parent=62224"}],"wp:term":[{"taxonomy":"property-feature","embeddable":true,"href":"https:\/\/www.lucasfroeserealestate.com\/en\/wp-json\/wp\/v2\/immobilien-austattung?post=62224"},{"taxonomy":"property-type","embeddable":true,"href":"https:\/\/www.lucasfroeserealestate.com\/en\/wp-json\/wp\/v2\/immobilien-typ?post=62224"},{"taxonomy":"property-city","embeddable":true,"href":"https:\/\/www.lucasfroeserealestate.com\/en\/wp-json\/wp\/v2\/immobilien-ortschaft?post=62224"},{"taxonomy":"property-status","embeddable":true,"href":"https:\/\/www.lucasfroeserealestate.com\/en\/wp-json\/wp\/v2\/immobilien-status?post=62224"}],"curies":[{"name":"wp","href":"https:\/\/api.w.org\/{rel}","templated":true}]}}