{"id":38836,"date":"2021-01-27T14:53:52","date_gmt":"2021-01-27T13:53:52","guid":{"rendered":"https:\/\/www.lucasfroeserealestate.com\/immobilien\/manor-house-with-attic-and-courtyard-in-felanitx\/"},"modified":"2025-11-18T11:40:08","modified_gmt":"2025-11-18T10:40:08","slug":"manor-house-with-attic-and-courtyard-in-felanitx","status":"publish","type":"property","link":"https:\/\/www.lucasfroeserealestate.com\/en\/immobilien\/manor-house-with-attic-and-courtyard-in-felanitx\/","title":{"rendered":"Manor house with attic and courtyard in Felanitx"},"content":{"rendered":"<p>Great mansion to renovate in the center of Felanitx!<\/p>\n<p>With 600 m2 of built area and 550 m2 of habitable area, this centrally located house in Felanitx has two independent commercial spaces (of 45 and 65 m2 respectively) and a guest apartment.<\/p>\n<p>On the first floor there are 2 double bedrooms, two bathrooms with bathtub, a long hall with high ceiling leading to a spacious living-dining room, a fully equipped kitchen and a patio with great light.<\/p>\n<p>On the second floor there are 3 more bedrooms (one of them can be used as a private office), 2 bathrooms (one of them with 2 baths), a bright open living room and a nice terrace.<\/p>\n<p>The large attic has 1 storage room, a spacious living room and a large terrace where the sun shines very well and has views of the church of Felanitx.<\/p>\n<p>Please contact us for more information.<\/p>\n","protected":false},"excerpt":{"rendered":"<p>Great mansion to renovate in the center of Felanitx! With 600 m2 of built area and 550 m2 of habitable area, this centrally located house in Felanitx has two independent commercial spaces (of 45 and 65 m2 respectively) and a guest apartment. On the first floor there are 2 double bedrooms, two bathrooms with bathtub,&#8230;<\/p>\n","protected":false},"author":8,"featured_media":38799,"parent":0,"menu_order":0,"comment_status":"closed","ping_status":"closed","template":"","immobilien-austattung":[1540,3564,2114,1520,169,1612,164,157,178],"immobilien-typ":[163],"immobilien-ortschaft":[174],"immobilien-status":[161],"class_list":["post-38836","property","type-property","status-publish","has-post-thumbnail","hentry","property-feature-balkon-en","property-feature-dachboden-en","property-feature-dachterrasse-en","property-feature-gesa-strom-en","property-feature-gaesteapartment-en","property-feature-patio-en","property-feature-abstellraum-en","property-feature-terrasse-en","property-feature-stadtwasser-en","property-type-housesandchalets","property-city-felanitx-en","property-status-zum-verkaufen-en"],"property_meta":{"REAL_HOMES_property_price":"900000","REAL_HOMES_property_old_price":"","REAL_HOMES_property_price_prefix":"","REAL_HOMES_property_price_postfix":"","REAL_HOMES_property_size":"750","REAL_HOMES_property_size_postfix":"","REAL_HOMES_property_lot_size":"530","REAL_HOMES_property_lot_size_postfix":"","REAL_HOMES_property_bedrooms":"5","REAL_HOMES_property_bathrooms":"4","REAL_HOMES_property_garage":"","REAL_HOMES_property_id":"LF0542","REAL_HOMES_property_year_built":"","rvr_property_owner":"","REAL_HOMES_featured":"","REAL_HOMES_additional_details_list":[],"REAL_HOMES_property_location":{"latitude":"39.469644960486","longitude":"3.149076461923","zoom":"16"},"REAL_HOMES_property_address":"Felanitx","REAL_HOMES_property_map":"0","REAL_HOMES_property_images":[{"width":150,"height":150,"file":"2023\/04\/Haus-mit-terrasse-Calle-Mayor-1.jpg","filesize":454177,"sizes":{"medium":{"file":"Haus-mit-terrasse-Calle-Mayor-1-300x200.jpg","width":300,"height":200,"mime-type":"image\/jpeg","filesize":12122,"url":"https:\/\/www.lucasfroeserealestate.com\/wp-content\/uploads\/2023\/04\/Haus-mit-terrasse-Calle-Mayor-1-300x200.jpg"},"large":{"file":"Haus-mit-terrasse-Calle-Mayor-1-1024x683.jpg","width":1024,"height":683,"mime-type":"image\/jpeg","filesize":113993,"url":"https:\/\/www.lucasfroeserealestate.com\/wp-content\/uploads\/2023\/04\/Haus-mit-terrasse-Calle-Mayor-1-1024x683.jpg"},"thumbnail":{"file":"Haus-mit-terrasse-Calle-Mayor-1-150x150.jpg","width":150,"height":150,"mime-type":"image\/jpeg","filesize":5191,"url":"https:\/\/www.lucasfroeserealestate.com\/wp-content\/uploads\/2023\/04\/Haus-mit-terrasse-Calle-Mayor-1-150x150.jpg"},"medium_large":{"file":"Haus-mit-terrasse-Calle-Mayor-1-768x512.jpg","width":768,"height":512,"mime-type":"image\/jpeg","filesize":67312,"url":"https:\/\/www.lucasfroeserealestate.com\/wp-content\/uploads\/2023\/04\/Haus-mit-terrasse-Calle-Mayor-1-768x512.jpg"},"1536x1536":{"file":"Haus-mit-terrasse-Calle-Mayor-1-1536x1024.jpg","width":1536,"height":1024,"mime-type":"image\/jpeg","filesize":232959,"url":"https:\/\/www.lucasfroeserealestate.com\/wp-content\/uploads\/2023\/04\/Haus-mit-terrasse-Calle-Mayor-1-1536x1024.jpg"},"post-thumbnail":{"file":"Haus-mit-terrasse-Calle-Mayor-1-150x100.jpg","width":150,"height":100,"mime-type":"image\/jpeg","filesize":4127,"url":"https:\/\/www.lucasfroeserealestate.com\/wp-content\/uploads\/2023\/04\/Haus-mit-terrasse-Calle-Mayor-1-150x100.jpg"},"modern-property-child-slider":{"file":"Haus-mit-terrasse-Calle-Mayor-1-680x510.jpg","width":680,"height":510,"mime-type":"image\/jpeg","filesize":60625,"url":"https:\/\/www.lucasfroeserealestate.com\/wp-content\/uploads\/2023\/04\/Haus-mit-terrasse-Calle-Mayor-1-680x510.jpg"},"property-thumb-image":{"file":"Haus-mit-terrasse-Calle-Mayor-1-488x326.jpg","width":488,"height":326,"mime-type":"image\/jpeg","filesize":29391,"url":"https:\/\/www.lucasfroeserealestate.com\/wp-content\/uploads\/2023\/04\/Haus-mit-terrasse-Calle-Mayor-1-488x326.jpg"},"property-detail-video-image":{"file":"Haus-mit-terrasse-Calle-Mayor-1-818x417.jpg","width":818,"height":417,"mime-type":"image\/jpeg","filesize":56596,"url":"https:\/\/www.lucasfroeserealestate.com\/wp-content\/uploads\/2023\/04\/Haus-mit-terrasse-Calle-Mayor-1-818x417.jpg"},"agent-image":{"file":"Haus-mit-terrasse-Calle-Mayor-1-210x210.jpg","width":210,"height":210,"mime-type":"image\/jpeg","filesize":9140,"url":"https:\/\/www.lucasfroeserealestate.com\/wp-content\/uploads\/2023\/04\/Haus-mit-terrasse-Calle-Mayor-1-210x210.jpg"},"partners-logo":{"file":"Haus-mit-terrasse-Calle-Mayor-1-600x1200.jpg","width":600,"height":1200,"mime-type":"image\/jpeg","filesize":112530,"url":"https:\/\/www.lucasfroeserealestate.com\/wp-content\/uploads\/2023\/04\/Haus-mit-terrasse-Calle-Mayor-1-600x1200.jpg"},"post-featured-image":{"file":"Haus-mit-terrasse-Calle-Mayor-1-1240x720.jpg","width":1240,"height":720,"mime-type":"image\/jpeg","filesize":137951,"url":"https:\/\/www.lucasfroeserealestate.com\/wp-content\/uploads\/2023\/04\/Haus-mit-terrasse-Calle-Mayor-1-1240x720.jpg"}},"image_meta":{"aperture":"2.8","credit":"","camera":"ILCE-7M2","caption":"badezimmer mit badewanne in felanitx","created_timestamp":"1678724816","copyright":"","focal_length":"18","iso":"2500","shutter_speed":"0.00625","title":"badezimmer mit badewanne in felanitx","orientation":"0","keywords":["badezimmer mit badewanne in felanitx"]},"ID":"38770","name":"Haus-mit-terrasse-Calle-Mayor-1.jpg","path":"\/home\/empleost\/domains\/lucasfroeserealestate.com\/public_html\/wp-content\/uploads\/2023\/04\/Haus-mit-terrasse-Calle-Mayor-1.jpg","url":"https:\/\/www.lucasfroeserealestate.com\/wp-content\/uploads\/2023\/04\/Haus-mit-terrasse-Calle-Mayor-1-150x150.jpg","full_url":"https:\/\/www.lucasfroeserealestate.com\/wp-content\/uploads\/2023\/04\/Haus-mit-terrasse-Calle-Mayor-1.jpg","title":"badezimmer mit badewanne in felanitx","caption":"badezimmer mit badewanne in felanitx","description":"","alt":"","srcset":"https:\/\/www.lucasfroeserealestate.com\/wp-content\/uploads\/2023\/04\/Haus-mit-terrasse-Calle-Mayor-1-150x150.jpg 150w, https:\/\/www.lucasfroeserealestate.com\/wp-content\/uploads\/2023\/04\/Haus-mit-terrasse-Calle-Mayor-1-210x210.jpg 210w"},{"width":150,"height":150,"file":"2023\/04\/Haus-mit-terrasse-Calle-Mayor-2.jpg","filesize":433419,"sizes":{"medium":{"file":"Haus-mit-terrasse-Calle-Mayor-2-300x200.jpg","width":300,"height":200,"mime-type":"image\/jpeg","filesize":17069,"url":"https:\/\/www.lucasfroeserealestate.com\/wp-content\/uploads\/2023\/04\/Haus-mit-terrasse-Calle-Mayor-2-300x200.jpg"},"large":{"file":"Haus-mit-terrasse-Calle-Mayor-2-1024x683.jpg","width":1024,"height":683,"mime-type":"image\/jpeg","filesize":146841,"url":"https:\/\/www.lucasfroeserealestate.com\/wp-content\/uploads\/2023\/04\/Haus-mit-terrasse-Calle-Mayor-2-1024x683.jpg"},"thumbnail":{"file":"Haus-mit-terrasse-Calle-Mayor-2-150x150.jpg","width":150,"height":150,"mime-type":"image\/jpeg","filesize":7367,"url":"https:\/\/www.lucasfroeserealestate.com\/wp-content\/uploads\/2023\/04\/Haus-mit-terrasse-Calle-Mayor-2-150x150.jpg"},"medium_large":{"file":"Haus-mit-terrasse-Calle-Mayor-2-768x512.jpg","width":768,"height":512,"mime-type":"image\/jpeg","filesize":88018,"url":"https:\/\/www.lucasfroeserealestate.com\/wp-content\/uploads\/2023\/04\/Haus-mit-terrasse-Calle-Mayor-2-768x512.jpg"},"1536x1536":{"file":"Haus-mit-terrasse-Calle-Mayor-2-1536x1024.jpg","width":1536,"height":1024,"mime-type":"image\/jpeg","filesize":290942,"url":"https:\/\/www.lucasfroeserealestate.com\/wp-content\/uploads\/2023\/04\/Haus-mit-terrasse-Calle-Mayor-2-1536x1024.jpg"},"post-thumbnail":{"file":"Haus-mit-terrasse-Calle-Mayor-2-150x100.jpg","width":150,"height":100,"mime-type":"image\/jpeg","filesize":5575,"url":"https:\/\/www.lucasfroeserealestate.com\/wp-content\/uploads\/2023\/04\/Haus-mit-terrasse-Calle-Mayor-2-150x100.jpg"},"modern-property-child-slider":{"file":"Haus-mit-terrasse-Calle-Mayor-2-680x510.jpg","width":680,"height":510,"mime-type":"image\/jpeg","filesize":79738,"url":"https:\/\/www.lucasfroeserealestate.com\/wp-content\/uploads\/2023\/04\/Haus-mit-terrasse-Calle-Mayor-2-680x510.jpg"},"property-thumb-image":{"file":"Haus-mit-terrasse-Calle-Mayor-2-488x326.jpg","width":488,"height":326,"mime-type":"image\/jpeg","filesize":40007,"url":"https:\/\/www.lucasfroeserealestate.com\/wp-content\/uploads\/2023\/04\/Haus-mit-terrasse-Calle-Mayor-2-488x326.jpg"},"property-detail-video-image":{"file":"Haus-mit-terrasse-Calle-Mayor-2-818x417.jpg","width":818,"height":417,"mime-type":"image\/jpeg","filesize":75006,"url":"https:\/\/www.lucasfroeserealestate.com\/wp-content\/uploads\/2023\/04\/Haus-mit-terrasse-Calle-Mayor-2-818x417.jpg"},"agent-image":{"file":"Haus-mit-terrasse-Calle-Mayor-2-210x210.jpg","width":210,"height":210,"mime-type":"image\/jpeg","filesize":13080,"url":"https:\/\/www.lucasfroeserealestate.com\/wp-content\/uploads\/2023\/04\/Haus-mit-terrasse-Calle-Mayor-2-210x210.jpg"},"partners-logo":{"file":"Haus-mit-terrasse-Calle-Mayor-2-600x1200.jpg","width":600,"height":1200,"mime-type":"image\/jpeg","filesize":130829,"url":"https:\/\/www.lucasfroeserealestate.com\/wp-content\/uploads\/2023\/04\/Haus-mit-terrasse-Calle-Mayor-2-600x1200.jpg"},"post-featured-image":{"file":"Haus-mit-terrasse-Calle-Mayor-2-1240x720.jpg","width":1240,"height":720,"mime-type":"image\/jpeg","filesize":175733,"url":"https:\/\/www.lucasfroeserealestate.com\/wp-content\/uploads\/2023\/04\/Haus-mit-terrasse-Calle-Mayor-2-1240x720.jpg"}},"image_meta":{"aperture":"2.8","credit":"","camera":"ILCE-7M2","caption":"rustikales Schlafzimmer zu renovieren","created_timestamp":"1678724961","copyright":"","focal_length":"18","iso":"5000","shutter_speed":"0.00625","title":"rustikales Schlafzimmer zu renovieren","orientation":"0","keywords":["rustikales Schlafzimmer zu renovieren "]},"ID":"38773","name":"Haus-mit-terrasse-Calle-Mayor-2.jpg","path":"\/home\/empleost\/domains\/lucasfroeserealestate.com\/public_html\/wp-content\/uploads\/2023\/04\/Haus-mit-terrasse-Calle-Mayor-2.jpg","url":"https:\/\/www.lucasfroeserealestate.com\/wp-content\/uploads\/2023\/04\/Haus-mit-terrasse-Calle-Mayor-2-150x150.jpg","full_url":"https:\/\/www.lucasfroeserealestate.com\/wp-content\/uploads\/2023\/04\/Haus-mit-terrasse-Calle-Mayor-2.jpg","title":"rustikales Schlafzimmer zu renovieren","caption":"rustikales Schlafzimmer zu renovieren","description":"","alt":"","srcset":"https:\/\/www.lucasfroeserealestate.com\/wp-content\/uploads\/2023\/04\/Haus-mit-terrasse-Calle-Mayor-2-150x150.jpg 150w, https:\/\/www.lucasfroeserealestate.com\/wp-content\/uploads\/2023\/04\/Haus-mit-terrasse-Calle-Mayor-2-210x210.jpg 210w"},{"width":150,"height":150,"file":"2023\/04\/Haus-mit-terrasse-Calle-Mayor-3.jpg","filesize":435294,"sizes":{"medium":{"file":"Haus-mit-terrasse-Calle-Mayor-3-300x200.jpg","width":300,"height":200,"mime-type":"image\/jpeg","filesize":16023,"url":"https:\/\/www.lucasfroeserealestate.com\/wp-content\/uploads\/2023\/04\/Haus-mit-terrasse-Calle-Mayor-3-300x200.jpg"},"large":{"file":"Haus-mit-terrasse-Calle-Mayor-3-1024x683.jpg","width":1024,"height":683,"mime-type":"image\/jpeg","filesize":146666,"url":"https:\/\/www.lucasfroeserealestate.com\/wp-content\/uploads\/2023\/04\/Haus-mit-terrasse-Calle-Mayor-3-1024x683.jpg"},"thumbnail":{"file":"Haus-mit-terrasse-Calle-Mayor-3-150x150.jpg","width":150,"height":150,"mime-type":"image\/jpeg","filesize":7402,"url":"https:\/\/www.lucasfroeserealestate.com\/wp-content\/uploads\/2023\/04\/Haus-mit-terrasse-Calle-Mayor-3-150x150.jpg"},"medium_large":{"file":"Haus-mit-terrasse-Calle-Mayor-3-768x512.jpg","width":768,"height":512,"mime-type":"image\/jpeg","filesize":86954,"url":"https:\/\/www.lucasfroeserealestate.com\/wp-content\/uploads\/2023\/04\/Haus-mit-terrasse-Calle-Mayor-3-768x512.jpg"},"1536x1536":{"file":"Haus-mit-terrasse-Calle-Mayor-3-1536x1024.jpg","width":1536,"height":1024,"mime-type":"image\/jpeg","filesize":292442,"url":"https:\/\/www.lucasfroeserealestate.com\/wp-content\/uploads\/2023\/04\/Haus-mit-terrasse-Calle-Mayor-3-1536x1024.jpg"},"post-thumbnail":{"file":"Haus-mit-terrasse-Calle-Mayor-3-150x100.jpg","width":150,"height":100,"mime-type":"image\/jpeg","filesize":5282,"url":"https:\/\/www.lucasfroeserealestate.com\/wp-content\/uploads\/2023\/04\/Haus-mit-terrasse-Calle-Mayor-3-150x100.jpg"},"modern-property-child-slider":{"file":"Haus-mit-terrasse-Calle-Mayor-3-680x510.jpg","width":680,"height":510,"mime-type":"image\/jpeg","filesize":79533,"url":"https:\/\/www.lucasfroeserealestate.com\/wp-content\/uploads\/2023\/04\/Haus-mit-terrasse-Calle-Mayor-3-680x510.jpg"},"property-thumb-image":{"file":"Haus-mit-terrasse-Calle-Mayor-3-488x326.jpg","width":488,"height":326,"mime-type":"image\/jpeg","filesize":38325,"url":"https:\/\/www.lucasfroeserealestate.com\/wp-content\/uploads\/2023\/04\/Haus-mit-terrasse-Calle-Mayor-3-488x326.jpg"},"property-detail-video-image":{"file":"Haus-mit-terrasse-Calle-Mayor-3-818x417.jpg","width":818,"height":417,"mime-type":"image\/jpeg","filesize":72937,"url":"https:\/\/www.lucasfroeserealestate.com\/wp-content\/uploads\/2023\/04\/Haus-mit-terrasse-Calle-Mayor-3-818x417.jpg"},"agent-image":{"file":"Haus-mit-terrasse-Calle-Mayor-3-210x210.jpg","width":210,"height":210,"mime-type":"image\/jpeg","filesize":13299,"url":"https:\/\/www.lucasfroeserealestate.com\/wp-content\/uploads\/2023\/04\/Haus-mit-terrasse-Calle-Mayor-3-210x210.jpg"},"partners-logo":{"file":"Haus-mit-terrasse-Calle-Mayor-3-600x1200.jpg","width":600,"height":1200,"mime-type":"image\/jpeg","filesize":149247,"url":"https:\/\/www.lucasfroeserealestate.com\/wp-content\/uploads\/2023\/04\/Haus-mit-terrasse-Calle-Mayor-3-600x1200.jpg"},"post-featured-image":{"file":"Haus-mit-terrasse-Calle-Mayor-3-1240x720.jpg","width":1240,"height":720,"mime-type":"image\/jpeg","filesize":174648,"url":"https:\/\/www.lucasfroeserealestate.com\/wp-content\/uploads\/2023\/04\/Haus-mit-terrasse-Calle-Mayor-3-1240x720.jpg"}},"image_meta":{"aperture":"2.8","credit":"","camera":"ILCE-7M2","caption":"ger\u00e4umiges Zimmer f\u00fcr zwei Personen","created_timestamp":"1678724971","copyright":"","focal_length":"18","iso":"4000","shutter_speed":"0.00625","title":"ger\u00e4umiges Zimmer f\u00fcr zwei Personen","orientation":"0","keywords":["ger\u00e4umiges Zimmer f\u00fcr zwei Personen "]},"ID":"38776","name":"Haus-mit-terrasse-Calle-Mayor-3.jpg","path":"\/home\/empleost\/domains\/lucasfroeserealestate.com\/public_html\/wp-content\/uploads\/2023\/04\/Haus-mit-terrasse-Calle-Mayor-3.jpg","url":"https:\/\/www.lucasfroeserealestate.com\/wp-content\/uploads\/2023\/04\/Haus-mit-terrasse-Calle-Mayor-3-150x150.jpg","full_url":"https:\/\/www.lucasfroeserealestate.com\/wp-content\/uploads\/2023\/04\/Haus-mit-terrasse-Calle-Mayor-3.jpg","title":"ger\u00e4umiges Zimmer f\u00fcr zwei Personen","caption":"ger\u00e4umiges Zimmer f\u00fcr zwei Personen","description":"","alt":"","srcset":"https:\/\/www.lucasfroeserealestate.com\/wp-content\/uploads\/2023\/04\/Haus-mit-terrasse-Calle-Mayor-3-150x150.jpg 150w, https:\/\/www.lucasfroeserealestate.com\/wp-content\/uploads\/2023\/04\/Haus-mit-terrasse-Calle-Mayor-3-210x210.jpg 210w"},{"width":150,"height":150,"file":"2023\/04\/Haus-mit-terrasse-Calle-Mayor-4.jpg","filesize":456673,"sizes":{"medium":{"file":"Haus-mit-terrasse-Calle-Mayor-4-200x300.jpg","width":200,"height":300,"mime-type":"image\/jpeg","filesize":14056,"url":"https:\/\/www.lucasfroeserealestate.com\/wp-content\/uploads\/2023\/04\/Haus-mit-terrasse-Calle-Mayor-4-200x300.jpg"},"large":{"file":"Haus-mit-terrasse-Calle-Mayor-4-683x1024.jpg","width":683,"height":1024,"mime-type":"image\/jpeg","filesize":124057,"url":"https:\/\/www.lucasfroeserealestate.com\/wp-content\/uploads\/2023\/04\/Haus-mit-terrasse-Calle-Mayor-4-683x1024.jpg"},"thumbnail":{"file":"Haus-mit-terrasse-Calle-Mayor-4-150x150.jpg","width":150,"height":150,"mime-type":"image\/jpeg","filesize":6891,"url":"https:\/\/www.lucasfroeserealestate.com\/wp-content\/uploads\/2023\/04\/Haus-mit-terrasse-Calle-Mayor-4-150x150.jpg"},"medium_large":{"file":"Haus-mit-terrasse-Calle-Mayor-4-768x1152.jpg","width":768,"height":1152,"mime-type":"image\/jpeg","filesize":152066,"url":"https:\/\/www.lucasfroeserealestate.com\/wp-content\/uploads\/2023\/04\/Haus-mit-terrasse-Calle-Mayor-4-768x1152.jpg"},"post-thumbnail":{"file":"Haus-mit-terrasse-Calle-Mayor-4-100x150.jpg","width":100,"height":150,"mime-type":"image\/jpeg","filesize":4587,"url":"https:\/\/www.lucasfroeserealestate.com\/wp-content\/uploads\/2023\/04\/Haus-mit-terrasse-Calle-Mayor-4-100x150.jpg"},"modern-property-child-slider":{"file":"Haus-mit-terrasse-Calle-Mayor-4-680x510.jpg","width":680,"height":510,"mime-type":"image\/jpeg","filesize":72301,"url":"https:\/\/www.lucasfroeserealestate.com\/wp-content\/uploads\/2023\/04\/Haus-mit-terrasse-Calle-Mayor-4-680x510.jpg"},"property-thumb-image":{"file":"Haus-mit-terrasse-Calle-Mayor-4-488x326.jpg","width":488,"height":326,"mime-type":"image\/jpeg","filesize":37364,"url":"https:\/\/www.lucasfroeserealestate.com\/wp-content\/uploads\/2023\/04\/Haus-mit-terrasse-Calle-Mayor-4-488x326.jpg"},"property-detail-video-image":{"file":"Haus-mit-terrasse-Calle-Mayor-4-800x417.jpg","width":800,"height":417,"mime-type":"image\/jpeg","filesize":75604,"url":"https:\/\/www.lucasfroeserealestate.com\/wp-content\/uploads\/2023\/04\/Haus-mit-terrasse-Calle-Mayor-4-800x417.jpg"},"agent-image":{"file":"Haus-mit-terrasse-Calle-Mayor-4-210x210.jpg","width":210,"height":210,"mime-type":"image\/jpeg","filesize":12294,"url":"https:\/\/www.lucasfroeserealestate.com\/wp-content\/uploads\/2023\/04\/Haus-mit-terrasse-Calle-Mayor-4-210x210.jpg"},"partners-logo":{"file":"Haus-mit-terrasse-Calle-Mayor-4-600x1200.jpg","width":600,"height":1200,"mime-type":"image\/jpeg","filesize":137799,"url":"https:\/\/www.lucasfroeserealestate.com\/wp-content\/uploads\/2023\/04\/Haus-mit-terrasse-Calle-Mayor-4-600x1200.jpg"},"post-featured-image":{"file":"Haus-mit-terrasse-Calle-Mayor-4-800x720.jpg","width":800,"height":720,"mime-type":"image\/jpeg","filesize":125584,"url":"https:\/\/www.lucasfroeserealestate.com\/wp-content\/uploads\/2023\/04\/Haus-mit-terrasse-Calle-Mayor-4-800x720.jpg"}},"image_meta":{"aperture":"2.8","credit":"","camera":"ILCE-7M2","caption":"kleines Bad mit Dusche","created_timestamp":"1678725095","copyright":"","focal_length":"18","iso":"6400","shutter_speed":"0.025","title":"kleines Bad mit Dusche","orientation":"0","keywords":["kleines Bad mit Dusche"]},"ID":"38779","name":"Haus-mit-terrasse-Calle-Mayor-4.jpg","path":"\/home\/empleost\/domains\/lucasfroeserealestate.com\/public_html\/wp-content\/uploads\/2023\/04\/Haus-mit-terrasse-Calle-Mayor-4.jpg","url":"https:\/\/www.lucasfroeserealestate.com\/wp-content\/uploads\/2023\/04\/Haus-mit-terrasse-Calle-Mayor-4-150x150.jpg","full_url":"https:\/\/www.lucasfroeserealestate.com\/wp-content\/uploads\/2023\/04\/Haus-mit-terrasse-Calle-Mayor-4.jpg","title":"kleines Bad mit Dusche","caption":"kleines Bad mit Dusche","description":"","alt":"","srcset":"https:\/\/www.lucasfroeserealestate.com\/wp-content\/uploads\/2023\/04\/Haus-mit-terrasse-Calle-Mayor-4-150x150.jpg 150w, https:\/\/www.lucasfroeserealestate.com\/wp-content\/uploads\/2023\/04\/Haus-mit-terrasse-Calle-Mayor-4-210x210.jpg 210w"},{"width":150,"height":150,"file":"2023\/04\/Haus-mit-terrasse-Calle-Mayor-5.jpg","filesize":488654,"sizes":{"medium":{"file":"Haus-mit-terrasse-Calle-Mayor-5-300x200.jpg","width":300,"height":200,"mime-type":"image\/jpeg","filesize":14982,"url":"https:\/\/www.lucasfroeserealestate.com\/wp-content\/uploads\/2023\/04\/Haus-mit-terrasse-Calle-Mayor-5-300x200.jpg"},"large":{"file":"Haus-mit-terrasse-Calle-Mayor-5-1024x683.jpg","width":1024,"height":683,"mime-type":"image\/jpeg","filesize":121168,"url":"https:\/\/www.lucasfroeserealestate.com\/wp-content\/uploads\/2023\/04\/Haus-mit-terrasse-Calle-Mayor-5-1024x683.jpg"},"thumbnail":{"file":"Haus-mit-terrasse-Calle-Mayor-5-150x150.jpg","width":150,"height":150,"mime-type":"image\/jpeg","filesize":6790,"url":"https:\/\/www.lucasfroeserealestate.com\/wp-content\/uploads\/2023\/04\/Haus-mit-terrasse-Calle-Mayor-5-150x150.jpg"},"medium_large":{"file":"Haus-mit-terrasse-Calle-Mayor-5-768x512.jpg","width":768,"height":512,"mime-type":"image\/jpeg","filesize":73419,"url":"https:\/\/www.lucasfroeserealestate.com\/wp-content\/uploads\/2023\/04\/Haus-mit-terrasse-Calle-Mayor-5-768x512.jpg"},"1536x1536":{"file":"Haus-mit-terrasse-Calle-Mayor-5-1536x1024.jpg","width":1536,"height":1024,"mime-type":"image\/jpeg","filesize":242855,"url":"https:\/\/www.lucasfroeserealestate.com\/wp-content\/uploads\/2023\/04\/Haus-mit-terrasse-Calle-Mayor-5-1536x1024.jpg"},"post-thumbnail":{"file":"Haus-mit-terrasse-Calle-Mayor-5-150x100.jpg","width":150,"height":100,"mime-type":"image\/jpeg","filesize":5088,"url":"https:\/\/www.lucasfroeserealestate.com\/wp-content\/uploads\/2023\/04\/Haus-mit-terrasse-Calle-Mayor-5-150x100.jpg"},"modern-property-child-slider":{"file":"Haus-mit-terrasse-Calle-Mayor-5-680x510.jpg","width":680,"height":510,"mime-type":"image\/jpeg","filesize":66225,"url":"https:\/\/www.lucasfroeserealestate.com\/wp-content\/uploads\/2023\/04\/Haus-mit-terrasse-Calle-Mayor-5-680x510.jpg"},"property-thumb-image":{"file":"Haus-mit-terrasse-Calle-Mayor-5-488x326.jpg","width":488,"height":326,"mime-type":"image\/jpeg","filesize":33785,"url":"https:\/\/www.lucasfroeserealestate.com\/wp-content\/uploads\/2023\/04\/Haus-mit-terrasse-Calle-Mayor-5-488x326.jpg"},"property-detail-video-image":{"file":"Haus-mit-terrasse-Calle-Mayor-5-818x417.jpg","width":818,"height":417,"mime-type":"image\/jpeg","filesize":67819,"url":"https:\/\/www.lucasfroeserealestate.com\/wp-content\/uploads\/2023\/04\/Haus-mit-terrasse-Calle-Mayor-5-818x417.jpg"},"agent-image":{"file":"Haus-mit-terrasse-Calle-Mayor-5-210x210.jpg","width":210,"height":210,"mime-type":"image\/jpeg","filesize":11861,"url":"https:\/\/www.lucasfroeserealestate.com\/wp-content\/uploads\/2023\/04\/Haus-mit-terrasse-Calle-Mayor-5-210x210.jpg"},"partners-logo":{"file":"Haus-mit-terrasse-Calle-Mayor-5-600x1200.jpg","width":600,"height":1200,"mime-type":"image\/jpeg","filesize":139047,"url":"https:\/\/www.lucasfroeserealestate.com\/wp-content\/uploads\/2023\/04\/Haus-mit-terrasse-Calle-Mayor-5-600x1200.jpg"},"post-featured-image":{"file":"Haus-mit-terrasse-Calle-Mayor-5-1240x720.jpg","width":1240,"height":720,"mime-type":"image\/jpeg","filesize":151529,"url":"https:\/\/www.lucasfroeserealestate.com\/wp-content\/uploads\/2023\/04\/Haus-mit-terrasse-Calle-Mayor-5-1240x720.jpg"}},"image_meta":{"aperture":"2.8","credit":"","camera":"ILCE-7M2","caption":"Doppelzimmer mit Terrasse und Kleiderschrank","created_timestamp":"1678725109","copyright":"","focal_length":"18","iso":"3200","shutter_speed":"0.00625","title":"Doppelzimmer mit Terrasse und Kleiderschrank","orientation":"0","keywords":["Doppelzimmer mit Terrasse und Kleiderschrank"]},"ID":"38782","name":"Haus-mit-terrasse-Calle-Mayor-5.jpg","path":"\/home\/empleost\/domains\/lucasfroeserealestate.com\/public_html\/wp-content\/uploads\/2023\/04\/Haus-mit-terrasse-Calle-Mayor-5.jpg","url":"https:\/\/www.lucasfroeserealestate.com\/wp-content\/uploads\/2023\/04\/Haus-mit-terrasse-Calle-Mayor-5-150x150.jpg","full_url":"https:\/\/www.lucasfroeserealestate.com\/wp-content\/uploads\/2023\/04\/Haus-mit-terrasse-Calle-Mayor-5.jpg","title":"Doppelzimmer mit Terrasse und Kleiderschrank","caption":"Doppelzimmer mit Terrasse und Kleiderschrank","description":"","alt":"","srcset":"https:\/\/www.lucasfroeserealestate.com\/wp-content\/uploads\/2023\/04\/Haus-mit-terrasse-Calle-Mayor-5-150x150.jpg 150w, https:\/\/www.lucasfroeserealestate.com\/wp-content\/uploads\/2023\/04\/Haus-mit-terrasse-Calle-Mayor-5-210x210.jpg 210w"},{"width":150,"height":150,"file":"2023\/04\/Haus-mit-terrasse-Calle-Mayor-6.jpg","filesize":377772,"sizes":{"medium":{"file":"Haus-mit-terrasse-Calle-Mayor-6-300x200.jpg","width":300,"height":200,"mime-type":"image\/jpeg","filesize":14953,"url":"https:\/\/www.lucasfroeserealestate.com\/wp-content\/uploads\/2023\/04\/Haus-mit-terrasse-Calle-Mayor-6-300x200.jpg"},"large":{"file":"Haus-mit-terrasse-Calle-Mayor-6-1024x683.jpg","width":1024,"height":683,"mime-type":"image\/jpeg","filesize":127944,"url":"https:\/\/www.lucasfroeserealestate.com\/wp-content\/uploads\/2023\/04\/Haus-mit-terrasse-Calle-Mayor-6-1024x683.jpg"},"thumbnail":{"file":"Haus-mit-terrasse-Calle-Mayor-6-150x150.jpg","width":150,"height":150,"mime-type":"image\/jpeg","filesize":6573,"url":"https:\/\/www.lucasfroeserealestate.com\/wp-content\/uploads\/2023\/04\/Haus-mit-terrasse-Calle-Mayor-6-150x150.jpg"},"medium_large":{"file":"Haus-mit-terrasse-Calle-Mayor-6-768x512.jpg","width":768,"height":512,"mime-type":"image\/jpeg","filesize":76175,"url":"https:\/\/www.lucasfroeserealestate.com\/wp-content\/uploads\/2023\/04\/Haus-mit-terrasse-Calle-Mayor-6-768x512.jpg"},"1536x1536":{"file":"Haus-mit-terrasse-Calle-Mayor-6-1536x1024.jpg","width":1536,"height":1024,"mime-type":"image\/jpeg","filesize":257816,"url":"https:\/\/www.lucasfroeserealestate.com\/wp-content\/uploads\/2023\/04\/Haus-mit-terrasse-Calle-Mayor-6-1536x1024.jpg"},"post-thumbnail":{"file":"Haus-mit-terrasse-Calle-Mayor-6-150x100.jpg","width":150,"height":100,"mime-type":"image\/jpeg","filesize":5001,"url":"https:\/\/www.lucasfroeserealestate.com\/wp-content\/uploads\/2023\/04\/Haus-mit-terrasse-Calle-Mayor-6-150x100.jpg"},"modern-property-child-slider":{"file":"Haus-mit-terrasse-Calle-Mayor-6-680x510.jpg","width":680,"height":510,"mime-type":"image\/jpeg","filesize":68080,"url":"https:\/\/www.lucasfroeserealestate.com\/wp-content\/uploads\/2023\/04\/Haus-mit-terrasse-Calle-Mayor-6-680x510.jpg"},"property-thumb-image":{"file":"Haus-mit-terrasse-Calle-Mayor-6-488x326.jpg","width":488,"height":326,"mime-type":"image\/jpeg","filesize":34265,"url":"https:\/\/www.lucasfroeserealestate.com\/wp-content\/uploads\/2023\/04\/Haus-mit-terrasse-Calle-Mayor-6-488x326.jpg"},"property-detail-video-image":{"file":"Haus-mit-terrasse-Calle-Mayor-6-818x417.jpg","width":818,"height":417,"mime-type":"image\/jpeg","filesize":68950,"url":"https:\/\/www.lucasfroeserealestate.com\/wp-content\/uploads\/2023\/04\/Haus-mit-terrasse-Calle-Mayor-6-818x417.jpg"},"agent-image":{"file":"Haus-mit-terrasse-Calle-Mayor-6-210x210.jpg","width":210,"height":210,"mime-type":"image\/jpeg","filesize":11421,"url":"https:\/\/www.lucasfroeserealestate.com\/wp-content\/uploads\/2023\/04\/Haus-mit-terrasse-Calle-Mayor-6-210x210.jpg"},"partners-logo":{"file":"Haus-mit-terrasse-Calle-Mayor-6-600x1200.jpg","width":600,"height":1200,"mime-type":"image\/jpeg","filesize":99001,"url":"https:\/\/www.lucasfroeserealestate.com\/wp-content\/uploads\/2023\/04\/Haus-mit-terrasse-Calle-Mayor-6-600x1200.jpg"},"post-featured-image":{"file":"Haus-mit-terrasse-Calle-Mayor-6-1240x720.jpg","width":1240,"height":720,"mime-type":"image\/jpeg","filesize":158788,"url":"https:\/\/www.lucasfroeserealestate.com\/wp-content\/uploads\/2023\/04\/Haus-mit-terrasse-Calle-Mayor-6-1240x720.jpg"}},"image_meta":{"aperture":"2.8","credit":"","camera":"ILCE-7M2","caption":"sonniges Zimmer im rustikalen Stil","created_timestamp":"1678725130","copyright":"","focal_length":"18","iso":"2500","shutter_speed":"0.00625","title":"sonniges Zimmer im rustikalen Stil","orientation":"0","keywords":["sonniges Zimmer im rustikalen Stil "]},"ID":"38785","name":"Haus-mit-terrasse-Calle-Mayor-6.jpg","path":"\/home\/empleost\/domains\/lucasfroeserealestate.com\/public_html\/wp-content\/uploads\/2023\/04\/Haus-mit-terrasse-Calle-Mayor-6.jpg","url":"https:\/\/www.lucasfroeserealestate.com\/wp-content\/uploads\/2023\/04\/Haus-mit-terrasse-Calle-Mayor-6-150x150.jpg","full_url":"https:\/\/www.lucasfroeserealestate.com\/wp-content\/uploads\/2023\/04\/Haus-mit-terrasse-Calle-Mayor-6.jpg","title":"sonniges Zimmer im rustikalen Stil","caption":"sonniges Zimmer im rustikalen Stil","description":"","alt":"","srcset":"https:\/\/www.lucasfroeserealestate.com\/wp-content\/uploads\/2023\/04\/Haus-mit-terrasse-Calle-Mayor-6-150x150.jpg 150w, https:\/\/www.lucasfroeserealestate.com\/wp-content\/uploads\/2023\/04\/Haus-mit-terrasse-Calle-Mayor-6-210x210.jpg 210w"},{"width":150,"height":150,"file":"2023\/04\/Haus-mit-terrasse-Calle-Mayor-7.jpg","filesize":466727,"sizes":{"medium":{"file":"Haus-mit-terrasse-Calle-Mayor-7-300x200.jpg","width":300,"height":200,"mime-type":"image\/jpeg","filesize":13829,"url":"https:\/\/www.lucasfroeserealestate.com\/wp-content\/uploads\/2023\/04\/Haus-mit-terrasse-Calle-Mayor-7-300x200.jpg"},"large":{"file":"Haus-mit-terrasse-Calle-Mayor-7-1024x683.jpg","width":1024,"height":683,"mime-type":"image\/jpeg","filesize":106662,"url":"https:\/\/www.lucasfroeserealestate.com\/wp-content\/uploads\/2023\/04\/Haus-mit-terrasse-Calle-Mayor-7-1024x683.jpg"},"thumbnail":{"file":"Haus-mit-terrasse-Calle-Mayor-7-150x150.jpg","width":150,"height":150,"mime-type":"image\/jpeg","filesize":6163,"url":"https:\/\/www.lucasfroeserealestate.com\/wp-content\/uploads\/2023\/04\/Haus-mit-terrasse-Calle-Mayor-7-150x150.jpg"},"medium_large":{"file":"Haus-mit-terrasse-Calle-Mayor-7-768x512.jpg","width":768,"height":512,"mime-type":"image\/jpeg","filesize":64010,"url":"https:\/\/www.lucasfroeserealestate.com\/wp-content\/uploads\/2023\/04\/Haus-mit-terrasse-Calle-Mayor-7-768x512.jpg"},"1536x1536":{"file":"Haus-mit-terrasse-Calle-Mayor-7-1536x1024.jpg","width":1536,"height":1024,"mime-type":"image\/jpeg","filesize":217865,"url":"https:\/\/www.lucasfroeserealestate.com\/wp-content\/uploads\/2023\/04\/Haus-mit-terrasse-Calle-Mayor-7-1536x1024.jpg"},"post-thumbnail":{"file":"Haus-mit-terrasse-Calle-Mayor-7-150x100.jpg","width":150,"height":100,"mime-type":"image\/jpeg","filesize":5000,"url":"https:\/\/www.lucasfroeserealestate.com\/wp-content\/uploads\/2023\/04\/Haus-mit-terrasse-Calle-Mayor-7-150x100.jpg"},"modern-property-child-slider":{"file":"Haus-mit-terrasse-Calle-Mayor-7-680x510.jpg","width":680,"height":510,"mime-type":"image\/jpeg","filesize":57150,"url":"https:\/\/www.lucasfroeserealestate.com\/wp-content\/uploads\/2023\/04\/Haus-mit-terrasse-Calle-Mayor-7-680x510.jpg"},"property-thumb-image":{"file":"Haus-mit-terrasse-Calle-Mayor-7-488x326.jpg","width":488,"height":326,"mime-type":"image\/jpeg","filesize":29775,"url":"https:\/\/www.lucasfroeserealestate.com\/wp-content\/uploads\/2023\/04\/Haus-mit-terrasse-Calle-Mayor-7-488x326.jpg"},"property-detail-video-image":{"file":"Haus-mit-terrasse-Calle-Mayor-7-818x417.jpg","width":818,"height":417,"mime-type":"image\/jpeg","filesize":56557,"url":"https:\/\/www.lucasfroeserealestate.com\/wp-content\/uploads\/2023\/04\/Haus-mit-terrasse-Calle-Mayor-7-818x417.jpg"},"agent-image":{"file":"Haus-mit-terrasse-Calle-Mayor-7-210x210.jpg","width":210,"height":210,"mime-type":"image\/jpeg","filesize":10292,"url":"https:\/\/www.lucasfroeserealestate.com\/wp-content\/uploads\/2023\/04\/Haus-mit-terrasse-Calle-Mayor-7-210x210.jpg"},"partners-logo":{"file":"Haus-mit-terrasse-Calle-Mayor-7-600x1200.jpg","width":600,"height":1200,"mime-type":"image\/jpeg","filesize":104078,"url":"https:\/\/www.lucasfroeserealestate.com\/wp-content\/uploads\/2023\/04\/Haus-mit-terrasse-Calle-Mayor-7-600x1200.jpg"},"post-featured-image":{"file":"Haus-mit-terrasse-Calle-Mayor-7-1240x720.jpg","width":1240,"height":720,"mime-type":"image\/jpeg","filesize":129339,"url":"https:\/\/www.lucasfroeserealestate.com\/wp-content\/uploads\/2023\/04\/Haus-mit-terrasse-Calle-Mayor-7-1240x720.jpg"}},"image_meta":{"aperture":"2.8","credit":"","camera":"ILCE-7M2","caption":"Ein-Personen-Zimmer f\u00fcr Investitionen","created_timestamp":"1678725263","copyright":"","focal_length":"18","iso":"5000","shutter_speed":"0.00625","title":"Ein-Personen-Zimmer f\u00fcr Investitionen","orientation":"0","keywords":["Ein-Personen-Zimmer f\u00fcr Investitionen"]},"ID":"38788","name":"Haus-mit-terrasse-Calle-Mayor-7.jpg","path":"\/home\/empleost\/domains\/lucasfroeserealestate.com\/public_html\/wp-content\/uploads\/2023\/04\/Haus-mit-terrasse-Calle-Mayor-7.jpg","url":"https:\/\/www.lucasfroeserealestate.com\/wp-content\/uploads\/2023\/04\/Haus-mit-terrasse-Calle-Mayor-7-150x150.jpg","full_url":"https:\/\/www.lucasfroeserealestate.com\/wp-content\/uploads\/2023\/04\/Haus-mit-terrasse-Calle-Mayor-7.jpg","title":"Ein-Personen-Zimmer f\u00fcr Investitionen","caption":"Ein-Personen-Zimmer f\u00fcr Investitionen","description":"","alt":"","srcset":"https:\/\/www.lucasfroeserealestate.com\/wp-content\/uploads\/2023\/04\/Haus-mit-terrasse-Calle-Mayor-7-150x150.jpg 150w, https:\/\/www.lucasfroeserealestate.com\/wp-content\/uploads\/2023\/04\/Haus-mit-terrasse-Calle-Mayor-7-210x210.jpg 210w"},{"width":150,"height":150,"file":"2023\/04\/Haus-mit-terrasse-Calle-Mayor-8.jpg","filesize":401914,"sizes":{"medium":{"file":"Haus-mit-terrasse-Calle-Mayor-8-300x200.jpg","width":300,"height":200,"mime-type":"image\/jpeg","filesize":14275,"url":"https:\/\/www.lucasfroeserealestate.com\/wp-content\/uploads\/2023\/04\/Haus-mit-terrasse-Calle-Mayor-8-300x200.jpg"},"large":{"file":"Haus-mit-terrasse-Calle-Mayor-8-1024x683.jpg","width":1024,"height":683,"mime-type":"image\/jpeg","filesize":132522,"url":"https:\/\/www.lucasfroeserealestate.com\/wp-content\/uploads\/2023\/04\/Haus-mit-terrasse-Calle-Mayor-8-1024x683.jpg"},"thumbnail":{"file":"Haus-mit-terrasse-Calle-Mayor-8-150x150.jpg","width":150,"height":150,"mime-type":"image\/jpeg","filesize":6353,"url":"https:\/\/www.lucasfroeserealestate.com\/wp-content\/uploads\/2023\/04\/Haus-mit-terrasse-Calle-Mayor-8-150x150.jpg"},"medium_large":{"file":"Haus-mit-terrasse-Calle-Mayor-8-768x512.jpg","width":768,"height":512,"mime-type":"image\/jpeg","filesize":77889,"url":"https:\/\/www.lucasfroeserealestate.com\/wp-content\/uploads\/2023\/04\/Haus-mit-terrasse-Calle-Mayor-8-768x512.jpg"},"1536x1536":{"file":"Haus-mit-terrasse-Calle-Mayor-8-1536x1024.jpg","width":1536,"height":1024,"mime-type":"image\/jpeg","filesize":272712,"url":"https:\/\/www.lucasfroeserealestate.com\/wp-content\/uploads\/2023\/04\/Haus-mit-terrasse-Calle-Mayor-8-1536x1024.jpg"},"post-thumbnail":{"file":"Haus-mit-terrasse-Calle-Mayor-8-150x100.jpg","width":150,"height":100,"mime-type":"image\/jpeg","filesize":4628,"url":"https:\/\/www.lucasfroeserealestate.com\/wp-content\/uploads\/2023\/04\/Haus-mit-terrasse-Calle-Mayor-8-150x100.jpg"},"modern-property-child-slider":{"file":"Haus-mit-terrasse-Calle-Mayor-8-680x510.jpg","width":680,"height":510,"mime-type":"image\/jpeg","filesize":70246,"url":"https:\/\/www.lucasfroeserealestate.com\/wp-content\/uploads\/2023\/04\/Haus-mit-terrasse-Calle-Mayor-8-680x510.jpg"},"property-thumb-image":{"file":"Haus-mit-terrasse-Calle-Mayor-8-488x326.jpg","width":488,"height":326,"mime-type":"image\/jpeg","filesize":34080,"url":"https:\/\/www.lucasfroeserealestate.com\/wp-content\/uploads\/2023\/04\/Haus-mit-terrasse-Calle-Mayor-8-488x326.jpg"},"property-detail-video-image":{"file":"Haus-mit-terrasse-Calle-Mayor-8-818x417.jpg","width":818,"height":417,"mime-type":"image\/jpeg","filesize":66743,"url":"https:\/\/www.lucasfroeserealestate.com\/wp-content\/uploads\/2023\/04\/Haus-mit-terrasse-Calle-Mayor-8-818x417.jpg"},"agent-image":{"file":"Haus-mit-terrasse-Calle-Mayor-8-210x210.jpg","width":210,"height":210,"mime-type":"image\/jpeg","filesize":11249,"url":"https:\/\/www.lucasfroeserealestate.com\/wp-content\/uploads\/2023\/04\/Haus-mit-terrasse-Calle-Mayor-8-210x210.jpg"},"partners-logo":{"file":"Haus-mit-terrasse-Calle-Mayor-8-600x1200.jpg","width":600,"height":1200,"mime-type":"image\/jpeg","filesize":131888,"url":"https:\/\/www.lucasfroeserealestate.com\/wp-content\/uploads\/2023\/04\/Haus-mit-terrasse-Calle-Mayor-8-600x1200.jpg"},"post-featured-image":{"file":"Haus-mit-terrasse-Calle-Mayor-8-1240x720.jpg","width":1240,"height":720,"mime-type":"image\/jpeg","filesize":161035,"url":"https:\/\/www.lucasfroeserealestate.com\/wp-content\/uploads\/2023\/04\/Haus-mit-terrasse-Calle-Mayor-8-1240x720.jpg"}},"image_meta":{"aperture":"2.8","credit":"","camera":"ILCE-7M2","caption":"Badezimmer mit Dusche und zwei Waschbecken","created_timestamp":"1678725345","copyright":"","focal_length":"18","iso":"6400","shutter_speed":"0.05","title":"Badezimmer mit Dusche und zwei Waschbecken","orientation":"0","keywords":["Badezimmer mit Dusche und zwei Waschbecken"]},"ID":"38791","name":"Haus-mit-terrasse-Calle-Mayor-8.jpg","path":"\/home\/empleost\/domains\/lucasfroeserealestate.com\/public_html\/wp-content\/uploads\/2023\/04\/Haus-mit-terrasse-Calle-Mayor-8.jpg","url":"https:\/\/www.lucasfroeserealestate.com\/wp-content\/uploads\/2023\/04\/Haus-mit-terrasse-Calle-Mayor-8-150x150.jpg","full_url":"https:\/\/www.lucasfroeserealestate.com\/wp-content\/uploads\/2023\/04\/Haus-mit-terrasse-Calle-Mayor-8.jpg","title":"Badezimmer mit Dusche und zwei Waschbecken","caption":"Badezimmer mit Dusche und zwei Waschbecken","description":"","alt":"","srcset":"https:\/\/www.lucasfroeserealestate.com\/wp-content\/uploads\/2023\/04\/Haus-mit-terrasse-Calle-Mayor-8-150x150.jpg 150w, https:\/\/www.lucasfroeserealestate.com\/wp-content\/uploads\/2023\/04\/Haus-mit-terrasse-Calle-Mayor-8-210x210.jpg 210w"},{"width":150,"height":150,"file":"2023\/04\/Haus-mit-terrasse-Calle-Mayor-9.jpg","filesize":468623,"sizes":{"medium":{"file":"Haus-mit-terrasse-Calle-Mayor-9-300x200.jpg","width":300,"height":200,"mime-type":"image\/jpeg","filesize":16627,"url":"https:\/\/www.lucasfroeserealestate.com\/wp-content\/uploads\/2023\/04\/Haus-mit-terrasse-Calle-Mayor-9-300x200.jpg"},"large":{"file":"Haus-mit-terrasse-Calle-Mayor-9-1024x683.jpg","width":1024,"height":683,"mime-type":"image\/jpeg","filesize":154769,"url":"https:\/\/www.lucasfroeserealestate.com\/wp-content\/uploads\/2023\/04\/Haus-mit-terrasse-Calle-Mayor-9-1024x683.jpg"},"thumbnail":{"file":"Haus-mit-terrasse-Calle-Mayor-9-150x150.jpg","width":150,"height":150,"mime-type":"image\/jpeg","filesize":7321,"url":"https:\/\/www.lucasfroeserealestate.com\/wp-content\/uploads\/2023\/04\/Haus-mit-terrasse-Calle-Mayor-9-150x150.jpg"},"medium_large":{"file":"Haus-mit-terrasse-Calle-Mayor-9-768x512.jpg","width":768,"height":512,"mime-type":"image\/jpeg","filesize":90731,"url":"https:\/\/www.lucasfroeserealestate.com\/wp-content\/uploads\/2023\/04\/Haus-mit-terrasse-Calle-Mayor-9-768x512.jpg"},"1536x1536":{"file":"Haus-mit-terrasse-Calle-Mayor-9-1536x1024.jpg","width":1536,"height":1024,"mime-type":"image\/jpeg","filesize":312314,"url":"https:\/\/www.lucasfroeserealestate.com\/wp-content\/uploads\/2023\/04\/Haus-mit-terrasse-Calle-Mayor-9-1536x1024.jpg"},"post-thumbnail":{"file":"Haus-mit-terrasse-Calle-Mayor-9-150x100.jpg","width":150,"height":100,"mime-type":"image\/jpeg","filesize":5328,"url":"https:\/\/www.lucasfroeserealestate.com\/wp-content\/uploads\/2023\/04\/Haus-mit-terrasse-Calle-Mayor-9-150x100.jpg"},"modern-property-child-slider":{"file":"Haus-mit-terrasse-Calle-Mayor-9-680x510.jpg","width":680,"height":510,"mime-type":"image\/jpeg","filesize":81434,"url":"https:\/\/www.lucasfroeserealestate.com\/wp-content\/uploads\/2023\/04\/Haus-mit-terrasse-Calle-Mayor-9-680x510.jpg"},"property-thumb-image":{"file":"Haus-mit-terrasse-Calle-Mayor-9-488x326.jpg","width":488,"height":326,"mime-type":"image\/jpeg","filesize":39893,"url":"https:\/\/www.lucasfroeserealestate.com\/wp-content\/uploads\/2023\/04\/Haus-mit-terrasse-Calle-Mayor-9-488x326.jpg"},"property-detail-video-image":{"file":"Haus-mit-terrasse-Calle-Mayor-9-818x417.jpg","width":818,"height":417,"mime-type":"image\/jpeg","filesize":80847,"url":"https:\/\/www.lucasfroeserealestate.com\/wp-content\/uploads\/2023\/04\/Haus-mit-terrasse-Calle-Mayor-9-818x417.jpg"},"agent-image":{"file":"Haus-mit-terrasse-Calle-Mayor-9-210x210.jpg","width":210,"height":210,"mime-type":"image\/jpeg","filesize":13581,"url":"https:\/\/www.lucasfroeserealestate.com\/wp-content\/uploads\/2023\/04\/Haus-mit-terrasse-Calle-Mayor-9-210x210.jpg"},"partners-logo":{"file":"Haus-mit-terrasse-Calle-Mayor-9-600x1200.jpg","width":600,"height":1200,"mime-type":"image\/jpeg","filesize":185634,"url":"https:\/\/www.lucasfroeserealestate.com\/wp-content\/uploads\/2023\/04\/Haus-mit-terrasse-Calle-Mayor-9-600x1200.jpg"},"post-featured-image":{"file":"Haus-mit-terrasse-Calle-Mayor-9-1240x720.jpg","width":1240,"height":720,"mime-type":"image\/jpeg","filesize":191364,"url":"https:\/\/www.lucasfroeserealestate.com\/wp-content\/uploads\/2023\/04\/Haus-mit-terrasse-Calle-Mayor-9-1240x720.jpg"}},"image_meta":{"aperture":"4","credit":"","camera":"ILCE-7M2","caption":"Zimmer mit zwei Einzelbetten und Balkon","created_timestamp":"1678725369","copyright":"","focal_length":"18","iso":"1000","shutter_speed":"0.00625","title":"Zimmer mit zwei Einzelbetten und Balkon","orientation":"0","keywords":["Zimmer mit zwei Einzelbetten und Balkon"]},"ID":"38794","name":"Haus-mit-terrasse-Calle-Mayor-9.jpg","path":"\/home\/empleost\/domains\/lucasfroeserealestate.com\/public_html\/wp-content\/uploads\/2023\/04\/Haus-mit-terrasse-Calle-Mayor-9.jpg","url":"https:\/\/www.lucasfroeserealestate.com\/wp-content\/uploads\/2023\/04\/Haus-mit-terrasse-Calle-Mayor-9-150x150.jpg","full_url":"https:\/\/www.lucasfroeserealestate.com\/wp-content\/uploads\/2023\/04\/Haus-mit-terrasse-Calle-Mayor-9.jpg","title":"Zimmer mit zwei Einzelbetten und Balkon","caption":"Zimmer mit zwei Einzelbetten und Balkon","description":"","alt":"","srcset":"https:\/\/www.lucasfroeserealestate.com\/wp-content\/uploads\/2023\/04\/Haus-mit-terrasse-Calle-Mayor-9-150x150.jpg 150w, https:\/\/www.lucasfroeserealestate.com\/wp-content\/uploads\/2023\/04\/Haus-mit-terrasse-Calle-Mayor-9-210x210.jpg 210w"},{"width":150,"height":150,"file":"2023\/04\/Haus-mit-terrasse-Calle-Mayor-11.jpg","filesize":465346,"sizes":{"medium":{"file":"Haus-mit-terrasse-Calle-Mayor-11-300x200.jpg","width":300,"height":200,"mime-type":"image\/jpeg","filesize":17251,"url":"https:\/\/www.lucasfroeserealestate.com\/wp-content\/uploads\/2023\/04\/Haus-mit-terrasse-Calle-Mayor-11-300x200.jpg"},"large":{"file":"Haus-mit-terrasse-Calle-Mayor-11-1024x683.jpg","width":1024,"height":683,"mime-type":"image\/jpeg","filesize":164291,"url":"https:\/\/www.lucasfroeserealestate.com\/wp-content\/uploads\/2023\/04\/Haus-mit-terrasse-Calle-Mayor-11-1024x683.jpg"},"thumbnail":{"file":"Haus-mit-terrasse-Calle-Mayor-11-150x150.jpg","width":150,"height":150,"mime-type":"image\/jpeg","filesize":7370,"url":"https:\/\/www.lucasfroeserealestate.com\/wp-content\/uploads\/2023\/04\/Haus-mit-terrasse-Calle-Mayor-11-150x150.jpg"},"medium_large":{"file":"Haus-mit-terrasse-Calle-Mayor-11-768x512.jpg","width":768,"height":512,"mime-type":"image\/jpeg","filesize":97765,"url":"https:\/\/www.lucasfroeserealestate.com\/wp-content\/uploads\/2023\/04\/Haus-mit-terrasse-Calle-Mayor-11-768x512.jpg"},"1536x1536":{"file":"Haus-mit-terrasse-Calle-Mayor-11-1536x1024.jpg","width":1536,"height":1024,"mime-type":"image\/jpeg","filesize":325464,"url":"https:\/\/www.lucasfroeserealestate.com\/wp-content\/uploads\/2023\/04\/Haus-mit-terrasse-Calle-Mayor-11-1536x1024.jpg"},"post-thumbnail":{"file":"Haus-mit-terrasse-Calle-Mayor-11-150x100.jpg","width":150,"height":100,"mime-type":"image\/jpeg","filesize":5304,"url":"https:\/\/www.lucasfroeserealestate.com\/wp-content\/uploads\/2023\/04\/Haus-mit-terrasse-Calle-Mayor-11-150x100.jpg"},"modern-property-child-slider":{"file":"Haus-mit-terrasse-Calle-Mayor-11-680x510.jpg","width":680,"height":510,"mime-type":"image\/jpeg","filesize":87178,"url":"https:\/\/www.lucasfroeserealestate.com\/wp-content\/uploads\/2023\/04\/Haus-mit-terrasse-Calle-Mayor-11-680x510.jpg"},"property-thumb-image":{"file":"Haus-mit-terrasse-Calle-Mayor-11-488x326.jpg","width":488,"height":326,"mime-type":"image\/jpeg","filesize":42500,"url":"https:\/\/www.lucasfroeserealestate.com\/wp-content\/uploads\/2023\/04\/Haus-mit-terrasse-Calle-Mayor-11-488x326.jpg"},"property-detail-video-image":{"file":"Haus-mit-terrasse-Calle-Mayor-11-818x417.jpg","width":818,"height":417,"mime-type":"image\/jpeg","filesize":89557,"url":"https:\/\/www.lucasfroeserealestate.com\/wp-content\/uploads\/2023\/04\/Haus-mit-terrasse-Calle-Mayor-11-818x417.jpg"},"agent-image":{"file":"Haus-mit-terrasse-Calle-Mayor-11-210x210.jpg","width":210,"height":210,"mime-type":"image\/jpeg","filesize":13344,"url":"https:\/\/www.lucasfroeserealestate.com\/wp-content\/uploads\/2023\/04\/Haus-mit-terrasse-Calle-Mayor-11-210x210.jpg"},"partners-logo":{"file":"Haus-mit-terrasse-Calle-Mayor-11-600x1200.jpg","width":600,"height":1200,"mime-type":"image\/jpeg","filesize":157887,"url":"https:\/\/www.lucasfroeserealestate.com\/wp-content\/uploads\/2023\/04\/Haus-mit-terrasse-Calle-Mayor-11-600x1200.jpg"},"post-featured-image":{"file":"Haus-mit-terrasse-Calle-Mayor-11-1240x720.jpg","width":1240,"height":720,"mime-type":"image\/jpeg","filesize":203876,"url":"https:\/\/www.lucasfroeserealestate.com\/wp-content\/uploads\/2023\/04\/Haus-mit-terrasse-Calle-Mayor-11-1240x720.jpg"}},"image_meta":{"aperture":"4","credit":"","camera":"ILCE-7M2","caption":"offener Salon zum Renovieren","created_timestamp":"1678725473","copyright":"","focal_length":"18","iso":"1600","shutter_speed":"0.00625","title":"offener Salon zum Renovieren","orientation":"0","keywords":["offener Salon zum Renovieren"]},"ID":"38797","name":"Haus-mit-terrasse-Calle-Mayor-11.jpg","path":"\/home\/empleost\/domains\/lucasfroeserealestate.com\/public_html\/wp-content\/uploads\/2023\/04\/Haus-mit-terrasse-Calle-Mayor-11.jpg","url":"https:\/\/www.lucasfroeserealestate.com\/wp-content\/uploads\/2023\/04\/Haus-mit-terrasse-Calle-Mayor-11-150x150.jpg","full_url":"https:\/\/www.lucasfroeserealestate.com\/wp-content\/uploads\/2023\/04\/Haus-mit-terrasse-Calle-Mayor-11.jpg","title":"offener Salon zum Renovieren","caption":"offener Salon zum Renovieren","description":"","alt":"","srcset":"https:\/\/www.lucasfroeserealestate.com\/wp-content\/uploads\/2023\/04\/Haus-mit-terrasse-Calle-Mayor-11-150x150.jpg 150w, https:\/\/www.lucasfroeserealestate.com\/wp-content\/uploads\/2023\/04\/Haus-mit-terrasse-Calle-Mayor-11-210x210.jpg 210w"},{"width":150,"height":150,"file":"2023\/04\/Haus-mit-terrasse-Calle-Mayor-12.jpg","filesize":487521,"sizes":{"medium":{"file":"Haus-mit-terrasse-Calle-Mayor-12-300x200.jpg","width":300,"height":200,"mime-type":"image\/jpeg","filesize":16773,"url":"https:\/\/www.lucasfroeserealestate.com\/wp-content\/uploads\/2023\/04\/Haus-mit-terrasse-Calle-Mayor-12-300x200.jpg"},"large":{"file":"Haus-mit-terrasse-Calle-Mayor-12-1024x683.jpg","width":1024,"height":683,"mime-type":"image\/jpeg","filesize":153643,"url":"https:\/\/www.lucasfroeserealestate.com\/wp-content\/uploads\/2023\/04\/Haus-mit-terrasse-Calle-Mayor-12-1024x683.jpg"},"thumbnail":{"file":"Haus-mit-terrasse-Calle-Mayor-12-150x150.jpg","width":150,"height":150,"mime-type":"image\/jpeg","filesize":7346,"url":"https:\/\/www.lucasfroeserealestate.com\/wp-content\/uploads\/2023\/04\/Haus-mit-terrasse-Calle-Mayor-12-150x150.jpg"},"medium_large":{"file":"Haus-mit-terrasse-Calle-Mayor-12-768x512.jpg","width":768,"height":512,"mime-type":"image\/jpeg","filesize":90621,"url":"https:\/\/www.lucasfroeserealestate.com\/wp-content\/uploads\/2023\/04\/Haus-mit-terrasse-Calle-Mayor-12-768x512.jpg"},"1536x1536":{"file":"Haus-mit-terrasse-Calle-Mayor-12-1536x1024.jpg","width":1536,"height":1024,"mime-type":"image\/jpeg","filesize":306825,"url":"https:\/\/www.lucasfroeserealestate.com\/wp-content\/uploads\/2023\/04\/Haus-mit-terrasse-Calle-Mayor-12-1536x1024.jpg"},"post-thumbnail":{"file":"Haus-mit-terrasse-Calle-Mayor-12-150x100.jpg","width":150,"height":100,"mime-type":"image\/jpeg","filesize":5455,"url":"https:\/\/www.lucasfroeserealestate.com\/wp-content\/uploads\/2023\/04\/Haus-mit-terrasse-Calle-Mayor-12-150x100.jpg"},"modern-property-child-slider":{"file":"Haus-mit-terrasse-Calle-Mayor-12-680x510.jpg","width":680,"height":510,"mime-type":"image\/jpeg","filesize":81822,"url":"https:\/\/www.lucasfroeserealestate.com\/wp-content\/uploads\/2023\/04\/Haus-mit-terrasse-Calle-Mayor-12-680x510.jpg"},"property-thumb-image":{"file":"Haus-mit-terrasse-Calle-Mayor-12-488x326.jpg","width":488,"height":326,"mime-type":"image\/jpeg","filesize":40103,"url":"https:\/\/www.lucasfroeserealestate.com\/wp-content\/uploads\/2023\/04\/Haus-mit-terrasse-Calle-Mayor-12-488x326.jpg"},"property-detail-video-image":{"file":"Haus-mit-terrasse-Calle-Mayor-12-818x417.jpg","width":818,"height":417,"mime-type":"image\/jpeg","filesize":78449,"url":"https:\/\/www.lucasfroeserealestate.com\/wp-content\/uploads\/2023\/04\/Haus-mit-terrasse-Calle-Mayor-12-818x417.jpg"},"agent-image":{"file":"Haus-mit-terrasse-Calle-Mayor-12-210x210.jpg","width":210,"height":210,"mime-type":"image\/jpeg","filesize":13200,"url":"https:\/\/www.lucasfroeserealestate.com\/wp-content\/uploads\/2023\/04\/Haus-mit-terrasse-Calle-Mayor-12-210x210.jpg"},"partners-logo":{"file":"Haus-mit-terrasse-Calle-Mayor-12-600x1200.jpg","width":600,"height":1200,"mime-type":"image\/jpeg","filesize":159323,"url":"https:\/\/www.lucasfroeserealestate.com\/wp-content\/uploads\/2023\/04\/Haus-mit-terrasse-Calle-Mayor-12-600x1200.jpg"},"post-featured-image":{"file":"Haus-mit-terrasse-Calle-Mayor-12-1240x720.jpg","width":1240,"height":720,"mime-type":"image\/jpeg","filesize":184273,"url":"https:\/\/www.lucasfroeserealestate.com\/wp-content\/uploads\/2023\/04\/Haus-mit-terrasse-Calle-Mayor-12-1240x720.jpg"}},"image_meta":{"aperture":"8","credit":"","camera":"ILCE-7M2","caption":"Terrasse mit Blick auf die Stadt","created_timestamp":"1678725805","copyright":"","focal_length":"18","iso":"100","shutter_speed":"0.003125","title":"Terrasse mit Blick auf die Stadt","orientation":"0","keywords":["Terrasse mit Blick auf die Stadt"]},"ID":"38800","name":"Haus-mit-terrasse-Calle-Mayor-12.jpg","path":"\/home\/empleost\/domains\/lucasfroeserealestate.com\/public_html\/wp-content\/uploads\/2023\/04\/Haus-mit-terrasse-Calle-Mayor-12.jpg","url":"https:\/\/www.lucasfroeserealestate.com\/wp-content\/uploads\/2023\/04\/Haus-mit-terrasse-Calle-Mayor-12-150x150.jpg","full_url":"https:\/\/www.lucasfroeserealestate.com\/wp-content\/uploads\/2023\/04\/Haus-mit-terrasse-Calle-Mayor-12.jpg","title":"Terrasse mit Blick auf die Stadt","caption":"Terrasse mit Blick auf die Stadt","description":"","alt":"Terrasse mit Blick auf die Stadt","srcset":"https:\/\/www.lucasfroeserealestate.com\/wp-content\/uploads\/2023\/04\/Haus-mit-terrasse-Calle-Mayor-12-150x150.jpg 150w, https:\/\/www.lucasfroeserealestate.com\/wp-content\/uploads\/2023\/04\/Haus-mit-terrasse-Calle-Mayor-12-210x210.jpg 210w"},{"width":150,"height":150,"file":"2023\/04\/Haus-mit-terrasse-Calle-Mayor-13.jpg","filesize":510802,"sizes":{"medium":{"file":"Haus-mit-terrasse-Calle-Mayor-13-300x200.jpg","width":300,"height":200,"mime-type":"image\/jpeg","filesize":18360,"url":"https:\/\/www.lucasfroeserealestate.com\/wp-content\/uploads\/2023\/04\/Haus-mit-terrasse-Calle-Mayor-13-300x200.jpg"},"large":{"file":"Haus-mit-terrasse-Calle-Mayor-13-1024x683.jpg","width":1024,"height":683,"mime-type":"image\/jpeg","filesize":184224,"url":"https:\/\/www.lucasfroeserealestate.com\/wp-content\/uploads\/2023\/04\/Haus-mit-terrasse-Calle-Mayor-13-1024x683.jpg"},"thumbnail":{"file":"Haus-mit-terrasse-Calle-Mayor-13-150x150.jpg","width":150,"height":150,"mime-type":"image\/jpeg","filesize":7617,"url":"https:\/\/www.lucasfroeserealestate.com\/wp-content\/uploads\/2023\/04\/Haus-mit-terrasse-Calle-Mayor-13-150x150.jpg"},"medium_large":{"file":"Haus-mit-terrasse-Calle-Mayor-13-768x512.jpg","width":768,"height":512,"mime-type":"image\/jpeg","filesize":107097,"url":"https:\/\/www.lucasfroeserealestate.com\/wp-content\/uploads\/2023\/04\/Haus-mit-terrasse-Calle-Mayor-13-768x512.jpg"},"1536x1536":{"file":"Haus-mit-terrasse-Calle-Mayor-13-1536x1024.jpg","width":1536,"height":1024,"mime-type":"image\/jpeg","filesize":372468,"url":"https:\/\/www.lucasfroeserealestate.com\/wp-content\/uploads\/2023\/04\/Haus-mit-terrasse-Calle-Mayor-13-1536x1024.jpg"},"post-thumbnail":{"file":"Haus-mit-terrasse-Calle-Mayor-13-150x100.jpg","width":150,"height":100,"mime-type":"image\/jpeg","filesize":5548,"url":"https:\/\/www.lucasfroeserealestate.com\/wp-content\/uploads\/2023\/04\/Haus-mit-terrasse-Calle-Mayor-13-150x100.jpg"},"modern-property-child-slider":{"file":"Haus-mit-terrasse-Calle-Mayor-13-680x510.jpg","width":680,"height":510,"mime-type":"image\/jpeg","filesize":96027,"url":"https:\/\/www.lucasfroeserealestate.com\/wp-content\/uploads\/2023\/04\/Haus-mit-terrasse-Calle-Mayor-13-680x510.jpg"},"property-thumb-image":{"file":"Haus-mit-terrasse-Calle-Mayor-13-488x326.jpg","width":488,"height":326,"mime-type":"image\/jpeg","filesize":45708,"url":"https:\/\/www.lucasfroeserealestate.com\/wp-content\/uploads\/2023\/04\/Haus-mit-terrasse-Calle-Mayor-13-488x326.jpg"},"property-detail-video-image":{"file":"Haus-mit-terrasse-Calle-Mayor-13-818x417.jpg","width":818,"height":417,"mime-type":"image\/jpeg","filesize":97937,"url":"https:\/\/www.lucasfroeserealestate.com\/wp-content\/uploads\/2023\/04\/Haus-mit-terrasse-Calle-Mayor-13-818x417.jpg"},"agent-image":{"file":"Haus-mit-terrasse-Calle-Mayor-13-210x210.jpg","width":210,"height":210,"mime-type":"image\/jpeg","filesize":14079,"url":"https:\/\/www.lucasfroeserealestate.com\/wp-content\/uploads\/2023\/04\/Haus-mit-terrasse-Calle-Mayor-13-210x210.jpg"},"partners-logo":{"file":"Haus-mit-terrasse-Calle-Mayor-13-600x1200.jpg","width":600,"height":1200,"mime-type":"image\/jpeg","filesize":181651,"url":"https:\/\/www.lucasfroeserealestate.com\/wp-content\/uploads\/2023\/04\/Haus-mit-terrasse-Calle-Mayor-13-600x1200.jpg"},"post-featured-image":{"file":"Haus-mit-terrasse-Calle-Mayor-13-1240x720.jpg","width":1240,"height":720,"mime-type":"image\/jpeg","filesize":228790,"url":"https:\/\/www.lucasfroeserealestate.com\/wp-content\/uploads\/2023\/04\/Haus-mit-terrasse-Calle-Mayor-13-1240x720.jpg"}},"image_meta":{"aperture":"10","credit":"","camera":"ILCE-7M2","caption":"Gro\u00dfe sonnige Terrasse","created_timestamp":"1678725812","copyright":"","focal_length":"18","iso":"100","shutter_speed":"0.005","title":"Gro\u00dfe sonnige Terrasse","orientation":"0","keywords":["Gro\u00dfe sonnige Terrasse"]},"ID":"38803","name":"Haus-mit-terrasse-Calle-Mayor-13.jpg","path":"\/home\/empleost\/domains\/lucasfroeserealestate.com\/public_html\/wp-content\/uploads\/2023\/04\/Haus-mit-terrasse-Calle-Mayor-13.jpg","url":"https:\/\/www.lucasfroeserealestate.com\/wp-content\/uploads\/2023\/04\/Haus-mit-terrasse-Calle-Mayor-13-150x150.jpg","full_url":"https:\/\/www.lucasfroeserealestate.com\/wp-content\/uploads\/2023\/04\/Haus-mit-terrasse-Calle-Mayor-13.jpg","title":"Gro\u00dfe sonnige Terrasse","caption":"Gro\u00dfe sonnige Terrasse","description":"","alt":"","srcset":"https:\/\/www.lucasfroeserealestate.com\/wp-content\/uploads\/2023\/04\/Haus-mit-terrasse-Calle-Mayor-13-150x150.jpg 150w, https:\/\/www.lucasfroeserealestate.com\/wp-content\/uploads\/2023\/04\/Haus-mit-terrasse-Calle-Mayor-13-210x210.jpg 210w"},{"width":150,"height":150,"file":"2023\/04\/Haus-mit-terrasse-Calle-Mayor-14.jpg","filesize":448486,"sizes":{"medium":{"file":"Haus-mit-terrasse-Calle-Mayor-14-300x200.jpg","width":300,"height":200,"mime-type":"image\/jpeg","filesize":17196,"url":"https:\/\/www.lucasfroeserealestate.com\/wp-content\/uploads\/2023\/04\/Haus-mit-terrasse-Calle-Mayor-14-300x200.jpg"},"large":{"file":"Haus-mit-terrasse-Calle-Mayor-14-1024x683.jpg","width":1024,"height":683,"mime-type":"image\/jpeg","filesize":150320,"url":"https:\/\/www.lucasfroeserealestate.com\/wp-content\/uploads\/2023\/04\/Haus-mit-terrasse-Calle-Mayor-14-1024x683.jpg"},"thumbnail":{"file":"Haus-mit-terrasse-Calle-Mayor-14-150x150.jpg","width":150,"height":150,"mime-type":"image\/jpeg","filesize":7661,"url":"https:\/\/www.lucasfroeserealestate.com\/wp-content\/uploads\/2023\/04\/Haus-mit-terrasse-Calle-Mayor-14-150x150.jpg"},"medium_large":{"file":"Haus-mit-terrasse-Calle-Mayor-14-768x512.jpg","width":768,"height":512,"mime-type":"image\/jpeg","filesize":89988,"url":"https:\/\/www.lucasfroeserealestate.com\/wp-content\/uploads\/2023\/04\/Haus-mit-terrasse-Calle-Mayor-14-768x512.jpg"},"1536x1536":{"file":"Haus-mit-terrasse-Calle-Mayor-14-1536x1024.jpg","width":1536,"height":1024,"mime-type":"image\/jpeg","filesize":301010,"url":"https:\/\/www.lucasfroeserealestate.com\/wp-content\/uploads\/2023\/04\/Haus-mit-terrasse-Calle-Mayor-14-1536x1024.jpg"},"post-thumbnail":{"file":"Haus-mit-terrasse-Calle-Mayor-14-150x100.jpg","width":150,"height":100,"mime-type":"image\/jpeg","filesize":5427,"url":"https:\/\/www.lucasfroeserealestate.com\/wp-content\/uploads\/2023\/04\/Haus-mit-terrasse-Calle-Mayor-14-150x100.jpg"},"modern-property-child-slider":{"file":"Haus-mit-terrasse-Calle-Mayor-14-680x510.jpg","width":680,"height":510,"mime-type":"image\/jpeg","filesize":81161,"url":"https:\/\/www.lucasfroeserealestate.com\/wp-content\/uploads\/2023\/04\/Haus-mit-terrasse-Calle-Mayor-14-680x510.jpg"},"property-thumb-image":{"file":"Haus-mit-terrasse-Calle-Mayor-14-488x326.jpg","width":488,"height":326,"mime-type":"image\/jpeg","filesize":40447,"url":"https:\/\/www.lucasfroeserealestate.com\/wp-content\/uploads\/2023\/04\/Haus-mit-terrasse-Calle-Mayor-14-488x326.jpg"},"property-detail-video-image":{"file":"Haus-mit-terrasse-Calle-Mayor-14-818x417.jpg","width":818,"height":417,"mime-type":"image\/jpeg","filesize":81083,"url":"https:\/\/www.lucasfroeserealestate.com\/wp-content\/uploads\/2023\/04\/Haus-mit-terrasse-Calle-Mayor-14-818x417.jpg"},"agent-image":{"file":"Haus-mit-terrasse-Calle-Mayor-14-210x210.jpg","width":210,"height":210,"mime-type":"image\/jpeg","filesize":13795,"url":"https:\/\/www.lucasfroeserealestate.com\/wp-content\/uploads\/2023\/04\/Haus-mit-terrasse-Calle-Mayor-14-210x210.jpg"},"partners-logo":{"file":"Haus-mit-terrasse-Calle-Mayor-14-600x1200.jpg","width":600,"height":1200,"mime-type":"image\/jpeg","filesize":154365,"url":"https:\/\/www.lucasfroeserealestate.com\/wp-content\/uploads\/2023\/04\/Haus-mit-terrasse-Calle-Mayor-14-600x1200.jpg"},"post-featured-image":{"file":"Haus-mit-terrasse-Calle-Mayor-14-1240x720.jpg","width":1240,"height":720,"mime-type":"image\/jpeg","filesize":184133,"url":"https:\/\/www.lucasfroeserealestate.com\/wp-content\/uploads\/2023\/04\/Haus-mit-terrasse-Calle-Mayor-14-1240x720.jpg"}},"image_meta":{"aperture":"2.8","credit":"","camera":"ILCE-7M2","caption":"gro\u00dfe Dachboden im Zentrum von Felanitx","created_timestamp":"1678725955","copyright":"","focal_length":"18","iso":"2000","shutter_speed":"0.00625","title":"gro\u00dfe Dachboden im Zentrum von Felanitx","orientation":"0","keywords":["gro\u00dfe Dachboden im Zentrum von Felanitx"]},"ID":"38806","name":"Haus-mit-terrasse-Calle-Mayor-14.jpg","path":"\/home\/empleost\/domains\/lucasfroeserealestate.com\/public_html\/wp-content\/uploads\/2023\/04\/Haus-mit-terrasse-Calle-Mayor-14.jpg","url":"https:\/\/www.lucasfroeserealestate.com\/wp-content\/uploads\/2023\/04\/Haus-mit-terrasse-Calle-Mayor-14-150x150.jpg","full_url":"https:\/\/www.lucasfroeserealestate.com\/wp-content\/uploads\/2023\/04\/Haus-mit-terrasse-Calle-Mayor-14.jpg","title":"gro\u00dfe Dachboden im Zentrum von Felanitx","caption":"gro\u00dfe Dachboden im Zentrum von Felanitx","description":"","alt":"","srcset":"https:\/\/www.lucasfroeserealestate.com\/wp-content\/uploads\/2023\/04\/Haus-mit-terrasse-Calle-Mayor-14-150x150.jpg 150w, https:\/\/www.lucasfroeserealestate.com\/wp-content\/uploads\/2023\/04\/Haus-mit-terrasse-Calle-Mayor-14-210x210.jpg 210w"},{"width":150,"height":150,"file":"2023\/04\/Haus-mit-terrasse-Calle-Mayor-15.jpg","filesize":426722,"sizes":{"medium":{"file":"Haus-mit-terrasse-Calle-Mayor-15-300x200.jpg","width":300,"height":200,"mime-type":"image\/jpeg","filesize":15549,"url":"https:\/\/www.lucasfroeserealestate.com\/wp-content\/uploads\/2023\/04\/Haus-mit-terrasse-Calle-Mayor-15-300x200.jpg"},"large":{"file":"Haus-mit-terrasse-Calle-Mayor-15-1024x683.jpg","width":1024,"height":683,"mime-type":"image\/jpeg","filesize":156511,"url":"https:\/\/www.lucasfroeserealestate.com\/wp-content\/uploads\/2023\/04\/Haus-mit-terrasse-Calle-Mayor-15-1024x683.jpg"},"thumbnail":{"file":"Haus-mit-terrasse-Calle-Mayor-15-150x150.jpg","width":150,"height":150,"mime-type":"image\/jpeg","filesize":7206,"url":"https:\/\/www.lucasfroeserealestate.com\/wp-content\/uploads\/2023\/04\/Haus-mit-terrasse-Calle-Mayor-15-150x150.jpg"},"medium_large":{"file":"Haus-mit-terrasse-Calle-Mayor-15-768x512.jpg","width":768,"height":512,"mime-type":"image\/jpeg","filesize":90632,"url":"https:\/\/www.lucasfroeserealestate.com\/wp-content\/uploads\/2023\/04\/Haus-mit-terrasse-Calle-Mayor-15-768x512.jpg"},"1536x1536":{"file":"Haus-mit-terrasse-Calle-Mayor-15-1536x1024.jpg","width":1536,"height":1024,"mime-type":"image\/jpeg","filesize":321164,"url":"https:\/\/www.lucasfroeserealestate.com\/wp-content\/uploads\/2023\/04\/Haus-mit-terrasse-Calle-Mayor-15-1536x1024.jpg"},"post-thumbnail":{"file":"Haus-mit-terrasse-Calle-Mayor-15-150x100.jpg","width":150,"height":100,"mime-type":"image\/jpeg","filesize":4847,"url":"https:\/\/www.lucasfroeserealestate.com\/wp-content\/uploads\/2023\/04\/Haus-mit-terrasse-Calle-Mayor-15-150x100.jpg"},"modern-property-child-slider":{"file":"Haus-mit-terrasse-Calle-Mayor-15-680x510.jpg","width":680,"height":510,"mime-type":"image\/jpeg","filesize":84292,"url":"https:\/\/www.lucasfroeserealestate.com\/wp-content\/uploads\/2023\/04\/Haus-mit-terrasse-Calle-Mayor-15-680x510.jpg"},"property-thumb-image":{"file":"Haus-mit-terrasse-Calle-Mayor-15-488x326.jpg","width":488,"height":326,"mime-type":"image\/jpeg","filesize":38605,"url":"https:\/\/www.lucasfroeserealestate.com\/wp-content\/uploads\/2023\/04\/Haus-mit-terrasse-Calle-Mayor-15-488x326.jpg"},"property-detail-video-image":{"file":"Haus-mit-terrasse-Calle-Mayor-15-818x417.jpg","width":818,"height":417,"mime-type":"image\/jpeg","filesize":81572,"url":"https:\/\/www.lucasfroeserealestate.com\/wp-content\/uploads\/2023\/04\/Haus-mit-terrasse-Calle-Mayor-15-818x417.jpg"},"agent-image":{"file":"Haus-mit-terrasse-Calle-Mayor-15-210x210.jpg","width":210,"height":210,"mime-type":"image\/jpeg","filesize":13376,"url":"https:\/\/www.lucasfroeserealestate.com\/wp-content\/uploads\/2023\/04\/Haus-mit-terrasse-Calle-Mayor-15-210x210.jpg"},"partners-logo":{"file":"Haus-mit-terrasse-Calle-Mayor-15-600x1200.jpg","width":600,"height":1200,"mime-type":"image\/jpeg","filesize":175830,"url":"https:\/\/www.lucasfroeserealestate.com\/wp-content\/uploads\/2023\/04\/Haus-mit-terrasse-Calle-Mayor-15-600x1200.jpg"},"post-featured-image":{"file":"Haus-mit-terrasse-Calle-Mayor-15-1240x720.jpg","width":1240,"height":720,"mime-type":"image\/jpeg","filesize":196174,"url":"https:\/\/www.lucasfroeserealestate.com\/wp-content\/uploads\/2023\/04\/Haus-mit-terrasse-Calle-Mayor-15-1240x720.jpg"}},"image_meta":{"aperture":"4","credit":"","camera":"ILCE-7M2","caption":"Dachgeschosszimmer mit gro\u00dfem Fenster","created_timestamp":"1678725972","copyright":"","focal_length":"18","iso":"500","shutter_speed":"0.00625","title":"Dachgeschosszimmer mit gro\u00dfem Fenster","orientation":"0","keywords":["Dachgeschosszimmer mit gro\u00dfem Fenster"]},"ID":"38809","name":"Haus-mit-terrasse-Calle-Mayor-15.jpg","path":"\/home\/empleost\/domains\/lucasfroeserealestate.com\/public_html\/wp-content\/uploads\/2023\/04\/Haus-mit-terrasse-Calle-Mayor-15.jpg","url":"https:\/\/www.lucasfroeserealestate.com\/wp-content\/uploads\/2023\/04\/Haus-mit-terrasse-Calle-Mayor-15-150x150.jpg","full_url":"https:\/\/www.lucasfroeserealestate.com\/wp-content\/uploads\/2023\/04\/Haus-mit-terrasse-Calle-Mayor-15.jpg","title":"Dachgeschosszimmer mit gro\u00dfem Fenster","caption":"Dachgeschosszimmer mit gro\u00dfem Fenster","description":"","alt":"","srcset":"https:\/\/www.lucasfroeserealestate.com\/wp-content\/uploads\/2023\/04\/Haus-mit-terrasse-Calle-Mayor-15-150x150.jpg 150w, https:\/\/www.lucasfroeserealestate.com\/wp-content\/uploads\/2023\/04\/Haus-mit-terrasse-Calle-Mayor-15-210x210.jpg 210w"},{"width":150,"height":150,"file":"2023\/04\/Haus-mit-terrasse-Calle-Mayor-16.jpg","filesize":376175,"sizes":{"medium":{"file":"Haus-mit-terrasse-Calle-Mayor-16-300x200.jpg","width":300,"height":200,"mime-type":"image\/jpeg","filesize":10877,"url":"https:\/\/www.lucasfroeserealestate.com\/wp-content\/uploads\/2023\/04\/Haus-mit-terrasse-Calle-Mayor-16-300x200.jpg"},"large":{"file":"Haus-mit-terrasse-Calle-Mayor-16-1024x683.jpg","width":1024,"height":683,"mime-type":"image\/jpeg","filesize":115982,"url":"https:\/\/www.lucasfroeserealestate.com\/wp-content\/uploads\/2023\/04\/Haus-mit-terrasse-Calle-Mayor-16-1024x683.jpg"},"thumbnail":{"file":"Haus-mit-terrasse-Calle-Mayor-16-150x150.jpg","width":150,"height":150,"mime-type":"image\/jpeg","filesize":4952,"url":"https:\/\/www.lucasfroeserealestate.com\/wp-content\/uploads\/2023\/04\/Haus-mit-terrasse-Calle-Mayor-16-150x150.jpg"},"medium_large":{"file":"Haus-mit-terrasse-Calle-Mayor-16-768x512.jpg","width":768,"height":512,"mime-type":"image\/jpeg","filesize":65395,"url":"https:\/\/www.lucasfroeserealestate.com\/wp-content\/uploads\/2023\/04\/Haus-mit-terrasse-Calle-Mayor-16-768x512.jpg"},"1536x1536":{"file":"Haus-mit-terrasse-Calle-Mayor-16-1536x1024.jpg","width":1536,"height":1024,"mime-type":"image\/jpeg","filesize":251723,"url":"https:\/\/www.lucasfroeserealestate.com\/wp-content\/uploads\/2023\/04\/Haus-mit-terrasse-Calle-Mayor-16-1536x1024.jpg"},"post-thumbnail":{"file":"Haus-mit-terrasse-Calle-Mayor-16-150x100.jpg","width":150,"height":100,"mime-type":"image\/jpeg","filesize":3687,"url":"https:\/\/www.lucasfroeserealestate.com\/wp-content\/uploads\/2023\/04\/Haus-mit-terrasse-Calle-Mayor-16-150x100.jpg"},"modern-property-child-slider":{"file":"Haus-mit-terrasse-Calle-Mayor-16-680x510.jpg","width":680,"height":510,"mime-type":"image\/jpeg","filesize":58072,"url":"https:\/\/www.lucasfroeserealestate.com\/wp-content\/uploads\/2023\/04\/Haus-mit-terrasse-Calle-Mayor-16-680x510.jpg"},"property-thumb-image":{"file":"Haus-mit-terrasse-Calle-Mayor-16-488x326.jpg","width":488,"height":326,"mime-type":"image\/jpeg","filesize":26941,"url":"https:\/\/www.lucasfroeserealestate.com\/wp-content\/uploads\/2023\/04\/Haus-mit-terrasse-Calle-Mayor-16-488x326.jpg"},"property-detail-video-image":{"file":"Haus-mit-terrasse-Calle-Mayor-16-818x417.jpg","width":818,"height":417,"mime-type":"image\/jpeg","filesize":56527,"url":"https:\/\/www.lucasfroeserealestate.com\/wp-content\/uploads\/2023\/04\/Haus-mit-terrasse-Calle-Mayor-16-818x417.jpg"},"agent-image":{"file":"Haus-mit-terrasse-Calle-Mayor-16-210x210.jpg","width":210,"height":210,"mime-type":"image\/jpeg","filesize":8525,"url":"https:\/\/www.lucasfroeserealestate.com\/wp-content\/uploads\/2023\/04\/Haus-mit-terrasse-Calle-Mayor-16-210x210.jpg"},"partners-logo":{"file":"Haus-mit-terrasse-Calle-Mayor-16-600x1200.jpg","width":600,"height":1200,"mime-type":"image\/jpeg","filesize":119405,"url":"https:\/\/www.lucasfroeserealestate.com\/wp-content\/uploads\/2023\/04\/Haus-mit-terrasse-Calle-Mayor-16-600x1200.jpg"},"post-featured-image":{"file":"Haus-mit-terrasse-Calle-Mayor-16-1240x720.jpg","width":1240,"height":720,"mime-type":"image\/jpeg","filesize":143127,"url":"https:\/\/www.lucasfroeserealestate.com\/wp-content\/uploads\/2023\/04\/Haus-mit-terrasse-Calle-Mayor-16-1240x720.jpg"}},"image_meta":{"aperture":"2.8","credit":"","camera":"ILCE-7M2","caption":"kleines Zimmer mit Holzbalken","created_timestamp":"1678725981","copyright":"","focal_length":"18","iso":"6400","shutter_speed":"0.008","title":"kleines Zimmer mit Holzbalken","orientation":"0","keywords":["kleines Zimmer mit Holzbalken"]},"ID":"38812","name":"Haus-mit-terrasse-Calle-Mayor-16.jpg","path":"\/home\/empleost\/domains\/lucasfroeserealestate.com\/public_html\/wp-content\/uploads\/2023\/04\/Haus-mit-terrasse-Calle-Mayor-16.jpg","url":"https:\/\/www.lucasfroeserealestate.com\/wp-content\/uploads\/2023\/04\/Haus-mit-terrasse-Calle-Mayor-16-150x150.jpg","full_url":"https:\/\/www.lucasfroeserealestate.com\/wp-content\/uploads\/2023\/04\/Haus-mit-terrasse-Calle-Mayor-16.jpg","title":"kleines Zimmer mit Holzbalken","caption":"kleines Zimmer mit Holzbalken","description":"","alt":"","srcset":"https:\/\/www.lucasfroeserealestate.com\/wp-content\/uploads\/2023\/04\/Haus-mit-terrasse-Calle-Mayor-16-150x150.jpg 150w, https:\/\/www.lucasfroeserealestate.com\/wp-content\/uploads\/2023\/04\/Haus-mit-terrasse-Calle-Mayor-16-210x210.jpg 210w"},{"width":150,"height":150,"file":"2023\/04\/Haus-mit-terrasse-Calle-Mayor-17.jpg","filesize":422519,"sizes":{"medium":{"file":"Haus-mit-terrasse-Calle-Mayor-17-300x200.jpg","width":300,"height":200,"mime-type":"image\/jpeg","filesize":17551,"url":"https:\/\/www.lucasfroeserealestate.com\/wp-content\/uploads\/2023\/04\/Haus-mit-terrasse-Calle-Mayor-17-300x200.jpg"},"large":{"file":"Haus-mit-terrasse-Calle-Mayor-17-1024x683.jpg","width":1024,"height":683,"mime-type":"image\/jpeg","filesize":142277,"url":"https:\/\/www.lucasfroeserealestate.com\/wp-content\/uploads\/2023\/04\/Haus-mit-terrasse-Calle-Mayor-17-1024x683.jpg"},"thumbnail":{"file":"Haus-mit-terrasse-Calle-Mayor-17-150x150.jpg","width":150,"height":150,"mime-type":"image\/jpeg","filesize":8248,"url":"https:\/\/www.lucasfroeserealestate.com\/wp-content\/uploads\/2023\/04\/Haus-mit-terrasse-Calle-Mayor-17-150x150.jpg"},"medium_large":{"file":"Haus-mit-terrasse-Calle-Mayor-17-768x512.jpg","width":768,"height":512,"mime-type":"image\/jpeg","filesize":85855,"url":"https:\/\/www.lucasfroeserealestate.com\/wp-content\/uploads\/2023\/04\/Haus-mit-terrasse-Calle-Mayor-17-768x512.jpg"},"1536x1536":{"file":"Haus-mit-terrasse-Calle-Mayor-17-1536x1024.jpg","width":1536,"height":1024,"mime-type":"image\/jpeg","filesize":282653,"url":"https:\/\/www.lucasfroeserealestate.com\/wp-content\/uploads\/2023\/04\/Haus-mit-terrasse-Calle-Mayor-17-1536x1024.jpg"},"post-thumbnail":{"file":"Haus-mit-terrasse-Calle-Mayor-17-150x100.jpg","width":150,"height":100,"mime-type":"image\/jpeg","filesize":5820,"url":"https:\/\/www.lucasfroeserealestate.com\/wp-content\/uploads\/2023\/04\/Haus-mit-terrasse-Calle-Mayor-17-150x100.jpg"},"modern-property-child-slider":{"file":"Haus-mit-terrasse-Calle-Mayor-17-680x510.jpg","width":680,"height":510,"mime-type":"image\/jpeg","filesize":78068,"url":"https:\/\/www.lucasfroeserealestate.com\/wp-content\/uploads\/2023\/04\/Haus-mit-terrasse-Calle-Mayor-17-680x510.jpg"},"property-thumb-image":{"file":"Haus-mit-terrasse-Calle-Mayor-17-488x326.jpg","width":488,"height":326,"mime-type":"image\/jpeg","filesize":39709,"url":"https:\/\/www.lucasfroeserealestate.com\/wp-content\/uploads\/2023\/04\/Haus-mit-terrasse-Calle-Mayor-17-488x326.jpg"},"property-detail-video-image":{"file":"Haus-mit-terrasse-Calle-Mayor-17-818x417.jpg","width":818,"height":417,"mime-type":"image\/jpeg","filesize":76425,"url":"https:\/\/www.lucasfroeserealestate.com\/wp-content\/uploads\/2023\/04\/Haus-mit-terrasse-Calle-Mayor-17-818x417.jpg"},"agent-image":{"file":"Haus-mit-terrasse-Calle-Mayor-17-210x210.jpg","width":210,"height":210,"mime-type":"image\/jpeg","filesize":14596,"url":"https:\/\/www.lucasfroeserealestate.com\/wp-content\/uploads\/2023\/04\/Haus-mit-terrasse-Calle-Mayor-17-210x210.jpg"},"partners-logo":{"file":"Haus-mit-terrasse-Calle-Mayor-17-600x1200.jpg","width":600,"height":1200,"mime-type":"image\/jpeg","filesize":141016,"url":"https:\/\/www.lucasfroeserealestate.com\/wp-content\/uploads\/2023\/04\/Haus-mit-terrasse-Calle-Mayor-17-600x1200.jpg"},"post-featured-image":{"file":"Haus-mit-terrasse-Calle-Mayor-17-1240x720.jpg","width":1240,"height":720,"mime-type":"image\/jpeg","filesize":172347,"url":"https:\/\/www.lucasfroeserealestate.com\/wp-content\/uploads\/2023\/04\/Haus-mit-terrasse-Calle-Mayor-17-1240x720.jpg"}},"image_meta":{"aperture":"2.8","credit":"","camera":"ILCE-7M2","caption":"Gro\u00dfer Eingang mit hoher Decke","created_timestamp":"1678726063","copyright":"","focal_length":"18","iso":"4000","shutter_speed":"0.00625","title":"Gro\u00dfer Eingang mit hoher Decke","orientation":"0","keywords":["Gro\u00dfer Eingang mit hoher Decke"]},"ID":"38815","name":"Haus-mit-terrasse-Calle-Mayor-17.jpg","path":"\/home\/empleost\/domains\/lucasfroeserealestate.com\/public_html\/wp-content\/uploads\/2023\/04\/Haus-mit-terrasse-Calle-Mayor-17.jpg","url":"https:\/\/www.lucasfroeserealestate.com\/wp-content\/uploads\/2023\/04\/Haus-mit-terrasse-Calle-Mayor-17-150x150.jpg","full_url":"https:\/\/www.lucasfroeserealestate.com\/wp-content\/uploads\/2023\/04\/Haus-mit-terrasse-Calle-Mayor-17.jpg","title":"Gro\u00dfer Eingang mit hoher Decke","caption":"Gro\u00dfer Eingang mit hoher Decke","description":"","alt":"","srcset":"https:\/\/www.lucasfroeserealestate.com\/wp-content\/uploads\/2023\/04\/Haus-mit-terrasse-Calle-Mayor-17-150x150.jpg 150w, https:\/\/www.lucasfroeserealestate.com\/wp-content\/uploads\/2023\/04\/Haus-mit-terrasse-Calle-Mayor-17-210x210.jpg 210w"},{"width":150,"height":150,"file":"2023\/04\/Haus-mit-terrasse-Calle-Mayor-19.jpg","filesize":435059,"sizes":{"medium":{"file":"Haus-mit-terrasse-Calle-Mayor-19-300x200.jpg","width":300,"height":200,"mime-type":"image\/jpeg","filesize":15719,"url":"https:\/\/www.lucasfroeserealestate.com\/wp-content\/uploads\/2023\/04\/Haus-mit-terrasse-Calle-Mayor-19-300x200.jpg"},"large":{"file":"Haus-mit-terrasse-Calle-Mayor-19-1024x683.jpg","width":1024,"height":683,"mime-type":"image\/jpeg","filesize":137704,"url":"https:\/\/www.lucasfroeserealestate.com\/wp-content\/uploads\/2023\/04\/Haus-mit-terrasse-Calle-Mayor-19-1024x683.jpg"},"thumbnail":{"file":"Haus-mit-terrasse-Calle-Mayor-19-150x150.jpg","width":150,"height":150,"mime-type":"image\/jpeg","filesize":7175,"url":"https:\/\/www.lucasfroeserealestate.com\/wp-content\/uploads\/2023\/04\/Haus-mit-terrasse-Calle-Mayor-19-150x150.jpg"},"medium_large":{"file":"Haus-mit-terrasse-Calle-Mayor-19-768x512.jpg","width":768,"height":512,"mime-type":"image\/jpeg","filesize":82120,"url":"https:\/\/www.lucasfroeserealestate.com\/wp-content\/uploads\/2023\/04\/Haus-mit-terrasse-Calle-Mayor-19-768x512.jpg"},"1536x1536":{"file":"Haus-mit-terrasse-Calle-Mayor-19-1536x1024.jpg","width":1536,"height":1024,"mime-type":"image\/jpeg","filesize":279731,"url":"https:\/\/www.lucasfroeserealestate.com\/wp-content\/uploads\/2023\/04\/Haus-mit-terrasse-Calle-Mayor-19-1536x1024.jpg"},"post-thumbnail":{"file":"Haus-mit-terrasse-Calle-Mayor-19-150x100.jpg","width":150,"height":100,"mime-type":"image\/jpeg","filesize":5198,"url":"https:\/\/www.lucasfroeserealestate.com\/wp-content\/uploads\/2023\/04\/Haus-mit-terrasse-Calle-Mayor-19-150x100.jpg"},"modern-property-child-slider":{"file":"Haus-mit-terrasse-Calle-Mayor-19-680x510.jpg","width":680,"height":510,"mime-type":"image\/jpeg","filesize":72717,"url":"https:\/\/www.lucasfroeserealestate.com\/wp-content\/uploads\/2023\/04\/Haus-mit-terrasse-Calle-Mayor-19-680x510.jpg"},"property-thumb-image":{"file":"Haus-mit-terrasse-Calle-Mayor-19-488x326.jpg","width":488,"height":326,"mime-type":"image\/jpeg","filesize":36743,"url":"https:\/\/www.lucasfroeserealestate.com\/wp-content\/uploads\/2023\/04\/Haus-mit-terrasse-Calle-Mayor-19-488x326.jpg"},"property-detail-video-image":{"file":"Haus-mit-terrasse-Calle-Mayor-19-818x417.jpg","width":818,"height":417,"mime-type":"image\/jpeg","filesize":75508,"url":"https:\/\/www.lucasfroeserealestate.com\/wp-content\/uploads\/2023\/04\/Haus-mit-terrasse-Calle-Mayor-19-818x417.jpg"},"agent-image":{"file":"Haus-mit-terrasse-Calle-Mayor-19-210x210.jpg","width":210,"height":210,"mime-type":"image\/jpeg","filesize":12481,"url":"https:\/\/www.lucasfroeserealestate.com\/wp-content\/uploads\/2023\/04\/Haus-mit-terrasse-Calle-Mayor-19-210x210.jpg"},"partners-logo":{"file":"Haus-mit-terrasse-Calle-Mayor-19-600x1200.jpg","width":600,"height":1200,"mime-type":"image\/jpeg","filesize":130764,"url":"https:\/\/www.lucasfroeserealestate.com\/wp-content\/uploads\/2023\/04\/Haus-mit-terrasse-Calle-Mayor-19-600x1200.jpg"},"post-featured-image":{"file":"Haus-mit-terrasse-Calle-Mayor-19-1240x720.jpg","width":1240,"height":720,"mime-type":"image\/jpeg","filesize":170933,"url":"https:\/\/www.lucasfroeserealestate.com\/wp-content\/uploads\/2023\/04\/Haus-mit-terrasse-Calle-Mayor-19-1240x720.jpg"}},"image_meta":{"aperture":"2.8","credit":"","camera":"ILCE-7M2","caption":"gro\u00dfes Wohn-Esszimmer mit Terrasse Zugang","created_timestamp":"1678726097","copyright":"","focal_length":"18","iso":"6400","shutter_speed":"0.008","title":"gro\u00dfes Wohn-Esszimmer mit Terrasse Zugang","orientation":"0","keywords":["gro\u00dfes Wohn-Esszimmer mit Terrasse Zugang "]},"ID":"38818","name":"Haus-mit-terrasse-Calle-Mayor-19.jpg","path":"\/home\/empleost\/domains\/lucasfroeserealestate.com\/public_html\/wp-content\/uploads\/2023\/04\/Haus-mit-terrasse-Calle-Mayor-19.jpg","url":"https:\/\/www.lucasfroeserealestate.com\/wp-content\/uploads\/2023\/04\/Haus-mit-terrasse-Calle-Mayor-19-150x150.jpg","full_url":"https:\/\/www.lucasfroeserealestate.com\/wp-content\/uploads\/2023\/04\/Haus-mit-terrasse-Calle-Mayor-19.jpg","title":"gro\u00dfes Wohn-Esszimmer mit Terrasse Zugang","caption":"gro\u00dfes Wohn-Esszimmer mit Terrasse Zugang","description":"","alt":"","srcset":"https:\/\/www.lucasfroeserealestate.com\/wp-content\/uploads\/2023\/04\/Haus-mit-terrasse-Calle-Mayor-19-150x150.jpg 150w, https:\/\/www.lucasfroeserealestate.com\/wp-content\/uploads\/2023\/04\/Haus-mit-terrasse-Calle-Mayor-19-210x210.jpg 210w"},{"width":150,"height":150,"file":"2023\/04\/Haus-mit-terrasse-Calle-Mayor-21.jpg","filesize":448056,"sizes":{"medium":{"file":"Haus-mit-terrasse-Calle-Mayor-21-300x200.jpg","width":300,"height":200,"mime-type":"image\/jpeg","filesize":16352,"url":"https:\/\/www.lucasfroeserealestate.com\/wp-content\/uploads\/2023\/04\/Haus-mit-terrasse-Calle-Mayor-21-300x200.jpg"},"large":{"file":"Haus-mit-terrasse-Calle-Mayor-21-1024x683.jpg","width":1024,"height":683,"mime-type":"image\/jpeg","filesize":141038,"url":"https:\/\/www.lucasfroeserealestate.com\/wp-content\/uploads\/2023\/04\/Haus-mit-terrasse-Calle-Mayor-21-1024x683.jpg"},"thumbnail":{"file":"Haus-mit-terrasse-Calle-Mayor-21-150x150.jpg","width":150,"height":150,"mime-type":"image\/jpeg","filesize":6694,"url":"https:\/\/www.lucasfroeserealestate.com\/wp-content\/uploads\/2023\/04\/Haus-mit-terrasse-Calle-Mayor-21-150x150.jpg"},"medium_large":{"file":"Haus-mit-terrasse-Calle-Mayor-21-768x512.jpg","width":768,"height":512,"mime-type":"image\/jpeg","filesize":83508,"url":"https:\/\/www.lucasfroeserealestate.com\/wp-content\/uploads\/2023\/04\/Haus-mit-terrasse-Calle-Mayor-21-768x512.jpg"},"1536x1536":{"file":"Haus-mit-terrasse-Calle-Mayor-21-1536x1024.jpg","width":1536,"height":1024,"mime-type":"image\/jpeg","filesize":289254,"url":"https:\/\/www.lucasfroeserealestate.com\/wp-content\/uploads\/2023\/04\/Haus-mit-terrasse-Calle-Mayor-21-1536x1024.jpg"},"post-thumbnail":{"file":"Haus-mit-terrasse-Calle-Mayor-21-150x100.jpg","width":150,"height":100,"mime-type":"image\/jpeg","filesize":5591,"url":"https:\/\/www.lucasfroeserealestate.com\/wp-content\/uploads\/2023\/04\/Haus-mit-terrasse-Calle-Mayor-21-150x100.jpg"},"modern-property-child-slider":{"file":"Haus-mit-terrasse-Calle-Mayor-21-680x510.jpg","width":680,"height":510,"mime-type":"image\/jpeg","filesize":72576,"url":"https:\/\/www.lucasfroeserealestate.com\/wp-content\/uploads\/2023\/04\/Haus-mit-terrasse-Calle-Mayor-21-680x510.jpg"},"property-thumb-image":{"file":"Haus-mit-terrasse-Calle-Mayor-21-488x326.jpg","width":488,"height":326,"mime-type":"image\/jpeg","filesize":37390,"url":"https:\/\/www.lucasfroeserealestate.com\/wp-content\/uploads\/2023\/04\/Haus-mit-terrasse-Calle-Mayor-21-488x326.jpg"},"property-detail-video-image":{"file":"Haus-mit-terrasse-Calle-Mayor-21-818x417.jpg","width":818,"height":417,"mime-type":"image\/jpeg","filesize":78382,"url":"https:\/\/www.lucasfroeserealestate.com\/wp-content\/uploads\/2023\/04\/Haus-mit-terrasse-Calle-Mayor-21-818x417.jpg"},"agent-image":{"file":"Haus-mit-terrasse-Calle-Mayor-21-210x210.jpg","width":210,"height":210,"mime-type":"image\/jpeg","filesize":11656,"url":"https:\/\/www.lucasfroeserealestate.com\/wp-content\/uploads\/2023\/04\/Haus-mit-terrasse-Calle-Mayor-21-210x210.jpg"},"partners-logo":{"file":"Haus-mit-terrasse-Calle-Mayor-21-600x1200.jpg","width":600,"height":1200,"mime-type":"image\/jpeg","filesize":132203,"url":"https:\/\/www.lucasfroeserealestate.com\/wp-content\/uploads\/2023\/04\/Haus-mit-terrasse-Calle-Mayor-21-600x1200.jpg"},"post-featured-image":{"file":"Haus-mit-terrasse-Calle-Mayor-21-1240x720.jpg","width":1240,"height":720,"mime-type":"image\/jpeg","filesize":178301,"url":"https:\/\/www.lucasfroeserealestate.com\/wp-content\/uploads\/2023\/04\/Haus-mit-terrasse-Calle-Mayor-21-1240x720.jpg"}},"image_meta":{"aperture":"2.8","credit":"","camera":"ILCE-7M2","caption":"ausgestattete k\u00fcche im zentrum von Felanitx","created_timestamp":"1678726137","copyright":"","focal_length":"18","iso":"6400","shutter_speed":"0.02","title":"ausgestattete k\u00fcche im zentrum von Felanitx","orientation":"0","keywords":["ausgestattete k\u00fcche im zentrum von Felanitx"]},"ID":"38821","name":"Haus-mit-terrasse-Calle-Mayor-21.jpg","path":"\/home\/empleost\/domains\/lucasfroeserealestate.com\/public_html\/wp-content\/uploads\/2023\/04\/Haus-mit-terrasse-Calle-Mayor-21.jpg","url":"https:\/\/www.lucasfroeserealestate.com\/wp-content\/uploads\/2023\/04\/Haus-mit-terrasse-Calle-Mayor-21-150x150.jpg","full_url":"https:\/\/www.lucasfroeserealestate.com\/wp-content\/uploads\/2023\/04\/Haus-mit-terrasse-Calle-Mayor-21.jpg","title":"ausgestattete k\u00fcche im zentrum von Felanitx","caption":"ausgestattete k\u00fcche im zentrum von Felanitx","description":"","alt":"","srcset":"https:\/\/www.lucasfroeserealestate.com\/wp-content\/uploads\/2023\/04\/Haus-mit-terrasse-Calle-Mayor-21-150x150.jpg 150w, https:\/\/www.lucasfroeserealestate.com\/wp-content\/uploads\/2023\/04\/Haus-mit-terrasse-Calle-Mayor-21-210x210.jpg 210w"},{"width":150,"height":150,"file":"2023\/04\/Haus-mit-terrasse-Calle-Mayor-22.jpg","filesize":380371,"sizes":{"medium":{"file":"Haus-mit-terrasse-Calle-Mayor-22-300x200.jpg","width":300,"height":200,"mime-type":"image\/jpeg","filesize":14413,"url":"https:\/\/www.lucasfroeserealestate.com\/wp-content\/uploads\/2023\/04\/Haus-mit-terrasse-Calle-Mayor-22-300x200.jpg"},"large":{"file":"Haus-mit-terrasse-Calle-Mayor-22-1024x683.jpg","width":1024,"height":683,"mime-type":"image\/jpeg","filesize":123764,"url":"https:\/\/www.lucasfroeserealestate.com\/wp-content\/uploads\/2023\/04\/Haus-mit-terrasse-Calle-Mayor-22-1024x683.jpg"},"thumbnail":{"file":"Haus-mit-terrasse-Calle-Mayor-22-150x150.jpg","width":150,"height":150,"mime-type":"image\/jpeg","filesize":6440,"url":"https:\/\/www.lucasfroeserealestate.com\/wp-content\/uploads\/2023\/04\/Haus-mit-terrasse-Calle-Mayor-22-150x150.jpg"},"medium_large":{"file":"Haus-mit-terrasse-Calle-Mayor-22-768x512.jpg","width":768,"height":512,"mime-type":"image\/jpeg","filesize":73918,"url":"https:\/\/www.lucasfroeserealestate.com\/wp-content\/uploads\/2023\/04\/Haus-mit-terrasse-Calle-Mayor-22-768x512.jpg"},"1536x1536":{"file":"Haus-mit-terrasse-Calle-Mayor-22-1536x1024.jpg","width":1536,"height":1024,"mime-type":"image\/jpeg","filesize":244174,"url":"https:\/\/www.lucasfroeserealestate.com\/wp-content\/uploads\/2023\/04\/Haus-mit-terrasse-Calle-Mayor-22-1536x1024.jpg"},"post-thumbnail":{"file":"Haus-mit-terrasse-Calle-Mayor-22-150x100.jpg","width":150,"height":100,"mime-type":"image\/jpeg","filesize":4862,"url":"https:\/\/www.lucasfroeserealestate.com\/wp-content\/uploads\/2023\/04\/Haus-mit-terrasse-Calle-Mayor-22-150x100.jpg"},"modern-property-child-slider":{"file":"Haus-mit-terrasse-Calle-Mayor-22-680x510.jpg","width":680,"height":510,"mime-type":"image\/jpeg","filesize":69111,"url":"https:\/\/www.lucasfroeserealestate.com\/wp-content\/uploads\/2023\/04\/Haus-mit-terrasse-Calle-Mayor-22-680x510.jpg"},"property-thumb-image":{"file":"Haus-mit-terrasse-Calle-Mayor-22-488x326.jpg","width":488,"height":326,"mime-type":"image\/jpeg","filesize":33747,"url":"https:\/\/www.lucasfroeserealestate.com\/wp-content\/uploads\/2023\/04\/Haus-mit-terrasse-Calle-Mayor-22-488x326.jpg"},"property-detail-video-image":{"file":"Haus-mit-terrasse-Calle-Mayor-22-818x417.jpg","width":818,"height":417,"mime-type":"image\/jpeg","filesize":66325,"url":"https:\/\/www.lucasfroeserealestate.com\/wp-content\/uploads\/2023\/04\/Haus-mit-terrasse-Calle-Mayor-22-818x417.jpg"},"agent-image":{"file":"Haus-mit-terrasse-Calle-Mayor-22-210x210.jpg","width":210,"height":210,"mime-type":"image\/jpeg","filesize":11530,"url":"https:\/\/www.lucasfroeserealestate.com\/wp-content\/uploads\/2023\/04\/Haus-mit-terrasse-Calle-Mayor-22-210x210.jpg"},"partners-logo":{"file":"Haus-mit-terrasse-Calle-Mayor-22-600x1200.jpg","width":600,"height":1200,"mime-type":"image\/jpeg","filesize":121606,"url":"https:\/\/www.lucasfroeserealestate.com\/wp-content\/uploads\/2023\/04\/Haus-mit-terrasse-Calle-Mayor-22-600x1200.jpg"},"post-featured-image":{"file":"Haus-mit-terrasse-Calle-Mayor-22-1240x720.jpg","width":1240,"height":720,"mime-type":"image\/jpeg","filesize":150963,"url":"https:\/\/www.lucasfroeserealestate.com\/wp-content\/uploads\/2023\/04\/Haus-mit-terrasse-Calle-Mayor-22-1240x720.jpg"}},"image_meta":{"aperture":"2.8","credit":"","camera":"ILCE-7M2","caption":"Kleines B\u00fcro mit Fenster","created_timestamp":"1678726160","copyright":"","focal_length":"18","iso":"1600","shutter_speed":"0.00625","title":"Kleines B\u00fcro mit Fenster","orientation":"0","keywords":["Kleines B\u00fcro mit Fenster"]},"ID":"38824","name":"Haus-mit-terrasse-Calle-Mayor-22.jpg","path":"\/home\/empleost\/domains\/lucasfroeserealestate.com\/public_html\/wp-content\/uploads\/2023\/04\/Haus-mit-terrasse-Calle-Mayor-22.jpg","url":"https:\/\/www.lucasfroeserealestate.com\/wp-content\/uploads\/2023\/04\/Haus-mit-terrasse-Calle-Mayor-22-150x150.jpg","full_url":"https:\/\/www.lucasfroeserealestate.com\/wp-content\/uploads\/2023\/04\/Haus-mit-terrasse-Calle-Mayor-22.jpg","title":"Kleines B\u00fcro mit Fenster","caption":"Kleines B\u00fcro mit Fenster","description":"","alt":"","srcset":"https:\/\/www.lucasfroeserealestate.com\/wp-content\/uploads\/2023\/04\/Haus-mit-terrasse-Calle-Mayor-22-150x150.jpg 150w, https:\/\/www.lucasfroeserealestate.com\/wp-content\/uploads\/2023\/04\/Haus-mit-terrasse-Calle-Mayor-22-210x210.jpg 210w"},{"width":150,"height":150,"file":"2023\/04\/Haus-mit-terrasse-Calle-Mayor-23.jpg","filesize":381942,"sizes":{"medium":{"file":"Haus-mit-terrasse-Calle-Mayor-23-200x300.jpg","width":200,"height":300,"mime-type":"image\/jpeg","filesize":10407,"url":"https:\/\/www.lucasfroeserealestate.com\/wp-content\/uploads\/2023\/04\/Haus-mit-terrasse-Calle-Mayor-23-200x300.jpg"},"large":{"file":"Haus-mit-terrasse-Calle-Mayor-23-683x1024.jpg","width":683,"height":1024,"mime-type":"image\/jpeg","filesize":94656,"url":"https:\/\/www.lucasfroeserealestate.com\/wp-content\/uploads\/2023\/04\/Haus-mit-terrasse-Calle-Mayor-23-683x1024.jpg"},"thumbnail":{"file":"Haus-mit-terrasse-Calle-Mayor-23-150x150.jpg","width":150,"height":150,"mime-type":"image\/jpeg","filesize":4626,"url":"https:\/\/www.lucasfroeserealestate.com\/wp-content\/uploads\/2023\/04\/Haus-mit-terrasse-Calle-Mayor-23-150x150.jpg"},"medium_large":{"file":"Haus-mit-terrasse-Calle-Mayor-23-768x1152.jpg","width":768,"height":1152,"mime-type":"image\/jpeg","filesize":116268,"url":"https:\/\/www.lucasfroeserealestate.com\/wp-content\/uploads\/2023\/04\/Haus-mit-terrasse-Calle-Mayor-23-768x1152.jpg"},"post-thumbnail":{"file":"Haus-mit-terrasse-Calle-Mayor-23-100x150.jpg","width":100,"height":150,"mime-type":"image\/jpeg","filesize":3472,"url":"https:\/\/www.lucasfroeserealestate.com\/wp-content\/uploads\/2023\/04\/Haus-mit-terrasse-Calle-Mayor-23-100x150.jpg"},"modern-property-child-slider":{"file":"Haus-mit-terrasse-Calle-Mayor-23-680x510.jpg","width":680,"height":510,"mime-type":"image\/jpeg","filesize":46248,"url":"https:\/\/www.lucasfroeserealestate.com\/wp-content\/uploads\/2023\/04\/Haus-mit-terrasse-Calle-Mayor-23-680x510.jpg"},"property-thumb-image":{"file":"Haus-mit-terrasse-Calle-Mayor-23-488x326.jpg","width":488,"height":326,"mime-type":"image\/jpeg","filesize":23568,"url":"https:\/\/www.lucasfroeserealestate.com\/wp-content\/uploads\/2023\/04\/Haus-mit-terrasse-Calle-Mayor-23-488x326.jpg"},"property-detail-video-image":{"file":"Haus-mit-terrasse-Calle-Mayor-23-800x417.jpg","width":800,"height":417,"mime-type":"image\/jpeg","filesize":46825,"url":"https:\/\/www.lucasfroeserealestate.com\/wp-content\/uploads\/2023\/04\/Haus-mit-terrasse-Calle-Mayor-23-800x417.jpg"},"agent-image":{"file":"Haus-mit-terrasse-Calle-Mayor-23-210x210.jpg","width":210,"height":210,"mime-type":"image\/jpeg","filesize":8199,"url":"https:\/\/www.lucasfroeserealestate.com\/wp-content\/uploads\/2023\/04\/Haus-mit-terrasse-Calle-Mayor-23-210x210.jpg"},"partners-logo":{"file":"Haus-mit-terrasse-Calle-Mayor-23-600x1200.jpg","width":600,"height":1200,"mime-type":"image\/jpeg","filesize":106364,"url":"https:\/\/www.lucasfroeserealestate.com\/wp-content\/uploads\/2023\/04\/Haus-mit-terrasse-Calle-Mayor-23-600x1200.jpg"},"post-featured-image":{"file":"Haus-mit-terrasse-Calle-Mayor-23-800x720.jpg","width":800,"height":720,"mime-type":"image\/jpeg","filesize":81389,"url":"https:\/\/www.lucasfroeserealestate.com\/wp-content\/uploads\/2023\/04\/Haus-mit-terrasse-Calle-Mayor-23-800x720.jpg"}},"image_meta":{"aperture":"2.8","credit":"","camera":"ILCE-7M2","caption":"Zimmer mit Bad und Badewanne","created_timestamp":"1678726167","copyright":"","focal_length":"18","iso":"6400","shutter_speed":"0.0125","title":"Zimmer mit Bad und Badewanne","orientation":"0","keywords":["Zimmer mit Bad und Badewanne"]},"ID":"38827","name":"Haus-mit-terrasse-Calle-Mayor-23.jpg","path":"\/home\/empleost\/domains\/lucasfroeserealestate.com\/public_html\/wp-content\/uploads\/2023\/04\/Haus-mit-terrasse-Calle-Mayor-23.jpg","url":"https:\/\/www.lucasfroeserealestate.com\/wp-content\/uploads\/2023\/04\/Haus-mit-terrasse-Calle-Mayor-23-150x150.jpg","full_url":"https:\/\/www.lucasfroeserealestate.com\/wp-content\/uploads\/2023\/04\/Haus-mit-terrasse-Calle-Mayor-23.jpg","title":"Zimmer mit Bad und Badewanne","caption":"Zimmer mit Bad und Badewanne","description":"","alt":"","srcset":"https:\/\/www.lucasfroeserealestate.com\/wp-content\/uploads\/2023\/04\/Haus-mit-terrasse-Calle-Mayor-23-150x150.jpg 150w, https:\/\/www.lucasfroeserealestate.com\/wp-content\/uploads\/2023\/04\/Haus-mit-terrasse-Calle-Mayor-23-210x210.jpg 210w"},{"width":150,"height":150,"file":"2023\/04\/Haus-mit-terrasse-Calle-Mayor-24.jpg","filesize":439008,"sizes":{"medium":{"file":"Haus-mit-terrasse-Calle-Mayor-24-300x200.jpg","width":300,"height":200,"mime-type":"image\/jpeg","filesize":17756,"url":"https:\/\/www.lucasfroeserealestate.com\/wp-content\/uploads\/2023\/04\/Haus-mit-terrasse-Calle-Mayor-24-300x200.jpg"},"large":{"file":"Haus-mit-terrasse-Calle-Mayor-24-1024x683.jpg","width":1024,"height":683,"mime-type":"image\/jpeg","filesize":173133,"url":"https:\/\/www.lucasfroeserealestate.com\/wp-content\/uploads\/2023\/04\/Haus-mit-terrasse-Calle-Mayor-24-1024x683.jpg"},"thumbnail":{"file":"Haus-mit-terrasse-Calle-Mayor-24-150x150.jpg","width":150,"height":150,"mime-type":"image\/jpeg","filesize":7394,"url":"https:\/\/www.lucasfroeserealestate.com\/wp-content\/uploads\/2023\/04\/Haus-mit-terrasse-Calle-Mayor-24-150x150.jpg"},"medium_large":{"file":"Haus-mit-terrasse-Calle-Mayor-24-768x512.jpg","width":768,"height":512,"mime-type":"image\/jpeg","filesize":101572,"url":"https:\/\/www.lucasfroeserealestate.com\/wp-content\/uploads\/2023\/04\/Haus-mit-terrasse-Calle-Mayor-24-768x512.jpg"},"1536x1536":{"file":"Haus-mit-terrasse-Calle-Mayor-24-1536x1024.jpg","width":1536,"height":1024,"mime-type":"image\/jpeg","filesize":343383,"url":"https:\/\/www.lucasfroeserealestate.com\/wp-content\/uploads\/2023\/04\/Haus-mit-terrasse-Calle-Mayor-24-1536x1024.jpg"},"post-thumbnail":{"file":"Haus-mit-terrasse-Calle-Mayor-24-150x100.jpg","width":150,"height":100,"mime-type":"image\/jpeg","filesize":5368,"url":"https:\/\/www.lucasfroeserealestate.com\/wp-content\/uploads\/2023\/04\/Haus-mit-terrasse-Calle-Mayor-24-150x100.jpg"},"modern-property-child-slider":{"file":"Haus-mit-terrasse-Calle-Mayor-24-680x510.jpg","width":680,"height":510,"mime-type":"image\/jpeg","filesize":91273,"url":"https:\/\/www.lucasfroeserealestate.com\/wp-content\/uploads\/2023\/04\/Haus-mit-terrasse-Calle-Mayor-24-680x510.jpg"},"property-thumb-image":{"file":"Haus-mit-terrasse-Calle-Mayor-24-488x326.jpg","width":488,"height":326,"mime-type":"image\/jpeg","filesize":43801,"url":"https:\/\/www.lucasfroeserealestate.com\/wp-content\/uploads\/2023\/04\/Haus-mit-terrasse-Calle-Mayor-24-488x326.jpg"},"property-detail-video-image":{"file":"Haus-mit-terrasse-Calle-Mayor-24-818x417.jpg","width":818,"height":417,"mime-type":"image\/jpeg","filesize":91576,"url":"https:\/\/www.lucasfroeserealestate.com\/wp-content\/uploads\/2023\/04\/Haus-mit-terrasse-Calle-Mayor-24-818x417.jpg"},"agent-image":{"file":"Haus-mit-terrasse-Calle-Mayor-24-210x210.jpg","width":210,"height":210,"mime-type":"image\/jpeg","filesize":13529,"url":"https:\/\/www.lucasfroeserealestate.com\/wp-content\/uploads\/2023\/04\/Haus-mit-terrasse-Calle-Mayor-24-210x210.jpg"},"partners-logo":{"file":"Haus-mit-terrasse-Calle-Mayor-24-600x1200.jpg","width":600,"height":1200,"mime-type":"image\/jpeg","filesize":173442,"url":"https:\/\/www.lucasfroeserealestate.com\/wp-content\/uploads\/2023\/04\/Haus-mit-terrasse-Calle-Mayor-24-600x1200.jpg"},"post-featured-image":{"file":"Haus-mit-terrasse-Calle-Mayor-24-1240x720.jpg","width":1240,"height":720,"mime-type":"image\/jpeg","filesize":212966,"url":"https:\/\/www.lucasfroeserealestate.com\/wp-content\/uploads\/2023\/04\/Haus-mit-terrasse-Calle-Mayor-24-1240x720.jpg"}},"image_meta":{"aperture":"4.5","credit":"","camera":"ILCE-7M2","caption":"Gro\u00dfer lichtdurchfluteter Innenhof","created_timestamp":"1678724881","copyright":"","focal_length":"18","iso":"100","shutter_speed":"0.005","title":"Gro\u00dfer lichtdurchfluteter Innenhof","orientation":"0","keywords":["Gro\u00dfer lichtdurchfluteter Innenhof"]},"ID":"38830","name":"Haus-mit-terrasse-Calle-Mayor-24.jpg","path":"\/home\/empleost\/domains\/lucasfroeserealestate.com\/public_html\/wp-content\/uploads\/2023\/04\/Haus-mit-terrasse-Calle-Mayor-24.jpg","url":"https:\/\/www.lucasfroeserealestate.com\/wp-content\/uploads\/2023\/04\/Haus-mit-terrasse-Calle-Mayor-24-150x150.jpg","full_url":"https:\/\/www.lucasfroeserealestate.com\/wp-content\/uploads\/2023\/04\/Haus-mit-terrasse-Calle-Mayor-24.jpg","title":"Gro\u00dfer lichtdurchfluteter Innenhof","caption":"Gro\u00dfer lichtdurchfluteter Innenhof","description":"","alt":"","srcset":"https:\/\/www.lucasfroeserealestate.com\/wp-content\/uploads\/2023\/04\/Haus-mit-terrasse-Calle-Mayor-24-150x150.jpg 150w, https:\/\/www.lucasfroeserealestate.com\/wp-content\/uploads\/2023\/04\/Haus-mit-terrasse-Calle-Mayor-24-210x210.jpg 210w"}],"REAL_HOMES_change_gallery_slider_type":"","REAL_HOMES_gallery_slider_type":"thumb-on-right","inspiry_floor_plans":[],"inspiry_video_group":[],"REAL_HOMES_360_virtual_tour":"","REAL_HOMES_agent_display_option":"agent_info","REAL_HOMES_agents":["6675"],"REAL_HOMES_energy_class":"D","REAL_HOMES_energy_performance":"In process...","REAL_HOMES_epc_current_rating":"","REAL_HOMES_epc_potential_rating":"","ere_property_schedule_tour":"","ere_property_schedule_time_slots":"","ere_property_schedule_description":"","REAL_HOMES_sticky":"","inspiry_property_label":"","inspiry_property_label_color":"","inspiry_property_tax":"","inspiry_additional_fee":"","REAL_HOMES_attachments":[],"inspiry_property_owner_name":"","inspiry_property_owner_contact":"","inspiry_property_owner_address":"","REAL_HOMES_property_private_note":"","inspiry_message_to_reviewer":"","REAL_HOMES_add_in_slider":"no","REAL_HOMES_slider_image":[],"REAL_HOMES_page_banner_image":[],"REAL_HOMES_hide_property_advance_search":"","inspiry_ausrichtung":"North","inspiry_strasse":"","inspiry_hausnummer":"","inspiry_plz":"","inspiry_ort":"","inspiry_land":"","inspiry_new-build":"","inspiry_kyero_prime_activator":[],"inspiry_kyero_xml_format":[],"inspiry_openimmo_xml_format":[],"inspiry_idealista_xml_format":[],"inspiry_etagen":"","inspiry_etage_(wo_sich_die_wohnung_befindet,_sonst_0)":"","inspiry_gesamtfl\u00e4che\/bebaute_fl\u00e4che_(mehr_als_wohnfl\u00e4che*)":"","inspiry_anzahl_zimmer_sz_esszimmer_wohnzimmer_hobby_zimmer_usw":"","inspiry_anzahl_terrassen":"","inspiry_anzahl_wohneinheiten":"","inspiry_google_maps_link":"","inspiry_google_drive_link":"","inspiry_location_coordinates_gm":"","inspiry_erhaltungszustand_der_immobilie":"","inspiry_heizungsart":"","inspiry_qualit\u00e4t_der_ausstattung":"","inspiry_kauf\/miete":"","inspiry_kategorie":"","inspiry_typ":"","inspiry_art":"","inspiry_land_type_(only_plots)":"","inspiry_listed_by":"","inspiry_comission_(%)":"","inspiry_lage_beschreibung":"","inspiry_austattung_beschreibung":"","inspiry_bodenbelag":"","inspiry_distanz_zum_flughafen_(min)":"","inspiry_auftragsart":"","inspiry_keys":[],"inspiry_preis_pro_m2":"","inspiry_office_listed":"","inspiry_suchkriterien_extras":["Close to the airport (35')"],"REAL_HOMES_custom_header_display":"","REAL_HOMES_custom_header_position":"","REAL_HOMES_custom_footer_display":"","REAL_HOMES_hide_advance_search":"","REAL_HOMES_custom_search_form":"","REAL_HOMES_search_form_margin_top":"","REAL_HOMES_search_form_margin_bottom":""},"_links":{"self":[{"href":"https:\/\/www.lucasfroeserealestate.com\/en\/wp-json\/wp\/v2\/immobilien\/38836","targetHints":{"allow":["GET"]}}],"collection":[{"href":"https:\/\/www.lucasfroeserealestate.com\/en\/wp-json\/wp\/v2\/immobilien"}],"about":[{"href":"https:\/\/www.lucasfroeserealestate.com\/en\/wp-json\/wp\/v2\/types\/property"}],"author":[{"embeddable":true,"href":"https:\/\/www.lucasfroeserealestate.com\/en\/wp-json\/wp\/v2\/users\/8"}],"replies":[{"embeddable":true,"href":"https:\/\/www.lucasfroeserealestate.com\/en\/wp-json\/wp\/v2\/comments?post=38836"}],"version-history":[{"count":0,"href":"https:\/\/www.lucasfroeserealestate.com\/en\/wp-json\/wp\/v2\/immobilien\/38836\/revisions"}],"wp:featuredmedia":[{"embeddable":true,"href":"https:\/\/www.lucasfroeserealestate.com\/en\/wp-json\/wp\/v2\/media\/38799"}],"wp:attachment":[{"href":"https:\/\/www.lucasfroeserealestate.com\/en\/wp-json\/wp\/v2\/media?parent=38836"}],"wp:term":[{"taxonomy":"property-feature","embeddable":true,"href":"https:\/\/www.lucasfroeserealestate.com\/en\/wp-json\/wp\/v2\/immobilien-austattung?post=38836"},{"taxonomy":"property-type","embeddable":true,"href":"https:\/\/www.lucasfroeserealestate.com\/en\/wp-json\/wp\/v2\/immobilien-typ?post=38836"},{"taxonomy":"property-city","embeddable":true,"href":"https:\/\/www.lucasfroeserealestate.com\/en\/wp-json\/wp\/v2\/immobilien-ortschaft?post=38836"},{"taxonomy":"property-status","embeddable":true,"href":"https:\/\/www.lucasfroeserealestate.com\/en\/wp-json\/wp\/v2\/immobilien-status?post=38836"}],"curies":[{"name":"wp","href":"https:\/\/api.w.org\/{rel}","templated":true}]}}