{"id":103175,"date":"2026-08-31T00:01:28","date_gmt":"2026-08-30T22:01:28","guid":{"rendered":"https:\/\/www.lucasfroeserealestate.com\/immobilien\/discrete-agricultural-property-in-felanitx-with-a-garage\/"},"modified":"2026-08-31T00:01:28","modified_gmt":"2026-08-30T22:01:28","slug":"discrete-agricultural-property-in-felanitx-with-a-garage","status":"publish","type":"property","link":"https:\/\/www.lucasfroeserealestate.com\/en\/immobilien\/discrete-agricultural-property-in-felanitx-with-a-garage\/","title":{"rendered":"DISCRETE &#8211; Agricultural Property in Felanitx with a Garage"},"content":{"rendered":"<p>This 823 m\u00b2 property in Felanitx offers more than you would expect at first glance &#8211; and that is rare in Mallorca.<\/p>\n<p>The 133 m\u00b2 hall is not just a warehouse. It already has everything you need: a full bathroom, a kitchen and a storage room on the upper floor &#8211; perfect as a workplace, workshop or as a base for your own projects. There is also a legally registered well, GESA electricity connection and a fireplace &#8211; all in place, all in working order.  <\/p>\n<p>What can you do here?<br \/>\nAccording to the official development plan (MUIB), many uses are permitted on this property:<\/p>\n<p>Agricultural use\u2014whether gardens, fruit trees, or larger cultivated areas<\/p>\n<p>Use as a business, workshop, or small business<\/p>\n<p>Technical facilities or utility infrastructure<\/p>\n<p>Additional development or facilities as needed<\/p>\n<p>Also suitable for nature projects or quiet retreats<\/p>\n<p>If you are looking for a property that can be used immediately and at the same time leaves scope for the future &#8211; this is it.<\/p>\n","protected":false},"excerpt":{"rendered":"<p>This 823 m\u00b2 lot in Felanitx offers more than you&#8217;d expect at first glance\u2014and that&#8217;s rare&#8230;<\/p>\n","protected":false},"author":3,"featured_media":103164,"parent":0,"menu_order":0,"comment_status":"closed","ping_status":"closed","template":"","immobilien-austattung":[153,164],"immobilien-typ":[4195],"immobilien-ortschaft":[174],"immobilien-status":[161],"class_list":["post-103175","property","type-property","status-publish","has-post-thumbnail","hentry","property-feature-kamin-en","property-feature-abstellraum-en","property-type-fincas-en","property-city-felanitx-en","property-status-zum-verkaufen-en"],"property_meta":{"REAL_HOMES_property_price":"180000","REAL_HOMES_property_old_price":"","REAL_HOMES_property_price_prefix":"","REAL_HOMES_property_price_postfix":"","REAL_HOMES_property_size":"133","REAL_HOMES_property_size_postfix":"m\u00b2","REAL_HOMES_property_lot_size":"823","REAL_HOMES_property_lot_size_postfix":"m\u00b2","REAL_HOMES_property_bedrooms":"1","REAL_HOMES_property_bathrooms":"1","REAL_HOMES_property_garage":"1","REAL_HOMES_property_id":"5263033 - LF0871","REAL_HOMES_property_year_built":"1989","rvr_property_owner":"","REAL_HOMES_featured":"","REAL_HOMES_additional_details_list":[],"REAL_HOMES_property_location":{"latitude":"39.4725069","longitude":"3.1435426","zoom":""},"REAL_HOMES_property_address":"07200 Felanitx, Spain","REAL_HOMES_property_map":"0","REAL_HOMES_property_images":[{"width":150,"height":150,"file":"2026\/08\/5263033-m2xJtzeVEZXPDgmz1PZ1YcVH-Garage.jpeg","filesize":173506,"sizes":{"medium":{"file":"5263033-m2xJtzeVEZXPDgmz1PZ1YcVH-Garage-300x200.jpeg","width":300,"height":200,"mime-type":"image\/jpeg","filesize":14067,"url":"https:\/\/www.lucasfroeserealestate.com\/wp-content\/uploads\/2026\/08\/5263033-m2xJtzeVEZXPDgmz1PZ1YcVH-Garage-300x200.jpeg"},"large":{"file":"5263033-m2xJtzeVEZXPDgmz1PZ1YcVH-Garage-1024x683.jpeg","width":1024,"height":683,"mime-type":"image\/jpeg","filesize":106388,"url":"https:\/\/www.lucasfroeserealestate.com\/wp-content\/uploads\/2026\/08\/5263033-m2xJtzeVEZXPDgmz1PZ1YcVH-Garage-1024x683.jpeg"},"thumbnail":{"file":"5263033-m2xJtzeVEZXPDgmz1PZ1YcVH-Garage-150x150.jpeg","width":150,"height":150,"mime-type":"image\/jpeg","filesize":6075,"url":"https:\/\/www.lucasfroeserealestate.com\/wp-content\/uploads\/2026\/08\/5263033-m2xJtzeVEZXPDgmz1PZ1YcVH-Garage-150x150.jpeg"},"medium_large":{"file":"5263033-m2xJtzeVEZXPDgmz1PZ1YcVH-Garage-768x512.jpeg","width":768,"height":512,"mime-type":"image\/jpeg","filesize":66775,"url":"https:\/\/www.lucasfroeserealestate.com\/wp-content\/uploads\/2026\/08\/5263033-m2xJtzeVEZXPDgmz1PZ1YcVH-Garage-768x512.jpeg"},"1536x1536":{"file":"5263033-m2xJtzeVEZXPDgmz1PZ1YcVH-Garage-1536x1024.jpeg","width":1536,"height":1024,"mime-type":"image\/jpeg","filesize":196147,"url":"https:\/\/www.lucasfroeserealestate.com\/wp-content\/uploads\/2026\/08\/5263033-m2xJtzeVEZXPDgmz1PZ1YcVH-Garage-1536x1024.jpeg"},"post-thumbnail":{"file":"5263033-m2xJtzeVEZXPDgmz1PZ1YcVH-Garage-150x100.jpeg","width":150,"height":100,"mime-type":"image\/jpeg","filesize":4697,"url":"https:\/\/www.lucasfroeserealestate.com\/wp-content\/uploads\/2026\/08\/5263033-m2xJtzeVEZXPDgmz1PZ1YcVH-Garage-150x100.jpeg"},"modern-property-child-slider":{"file":"5263033-m2xJtzeVEZXPDgmz1PZ1YcVH-Garage-680x510.jpeg","width":680,"height":510,"mime-type":"image\/jpeg","filesize":60107,"url":"https:\/\/www.lucasfroeserealestate.com\/wp-content\/uploads\/2026\/08\/5263033-m2xJtzeVEZXPDgmz1PZ1YcVH-Garage-680x510.jpeg"},"property-thumb-image":{"file":"5263033-m2xJtzeVEZXPDgmz1PZ1YcVH-Garage-488x326.jpeg","width":488,"height":326,"mime-type":"image\/jpeg","filesize":31817,"url":"https:\/\/www.lucasfroeserealestate.com\/wp-content\/uploads\/2026\/08\/5263033-m2xJtzeVEZXPDgmz1PZ1YcVH-Garage-488x326.jpeg"},"property-detail-video-image":{"file":"5263033-m2xJtzeVEZXPDgmz1PZ1YcVH-Garage-818x417.jpeg","width":818,"height":417,"mime-type":"image\/jpeg","filesize":62604,"url":"https:\/\/www.lucasfroeserealestate.com\/wp-content\/uploads\/2026\/08\/5263033-m2xJtzeVEZXPDgmz1PZ1YcVH-Garage-818x417.jpeg"},"agent-image":{"file":"5263033-m2xJtzeVEZXPDgmz1PZ1YcVH-Garage-210x210.jpeg","width":210,"height":210,"mime-type":"image\/jpeg","filesize":10506,"url":"https:\/\/www.lucasfroeserealestate.com\/wp-content\/uploads\/2026\/08\/5263033-m2xJtzeVEZXPDgmz1PZ1YcVH-Garage-210x210.jpeg"},"partners-logo":{"file":"5263033-m2xJtzeVEZXPDgmz1PZ1YcVH-Garage-600x1280.jpeg","width":600,"height":1280,"mime-type":"image\/jpeg","filesize":86183,"url":"https:\/\/www.lucasfroeserealestate.com\/wp-content\/uploads\/2026\/08\/5263033-m2xJtzeVEZXPDgmz1PZ1YcVH-Garage-600x1280.jpeg"},"post-featured-image":{"file":"5263033-m2xJtzeVEZXPDgmz1PZ1YcVH-Garage-1240x720.jpeg","width":1240,"height":720,"mime-type":"image\/jpeg","filesize":129873,"url":"https:\/\/www.lucasfroeserealestate.com\/wp-content\/uploads\/2026\/08\/5263033-m2xJtzeVEZXPDgmz1PZ1YcVH-Garage-1240x720.jpeg"}},"image_meta":{"aperture":"0","credit":"","camera":"","caption":"","created_timestamp":"0","copyright":"","focal_length":"0","iso":"0","shutter_speed":"0","title":"","orientation":"0","keywords":[],"alt":""},"ID":"103176","name":"5263033-m2xJtzeVEZXPDgmz1PZ1YcVH-Garage.jpeg","path":"\/home\/empleost\/domains\/lucasfroeserealestate.com\/public_html\/wp-content\/uploads\/2026\/08\/5263033-m2xJtzeVEZXPDgmz1PZ1YcVH-Garage.jpeg","url":"https:\/\/www.lucasfroeserealestate.com\/wp-content\/uploads\/2026\/08\/5263033-m2xJtzeVEZXPDgmz1PZ1YcVH-Garage-150x150.jpeg","full_url":"https:\/\/www.lucasfroeserealestate.com\/wp-content\/uploads\/2026\/08\/5263033-m2xJtzeVEZXPDgmz1PZ1YcVH-Garage.jpeg","title":"Garage","caption":"Garage","description":"","alt":"Garage","srcset":"https:\/\/www.lucasfroeserealestate.com\/wp-content\/uploads\/2026\/08\/5263033-m2xJtzeVEZXPDgmz1PZ1YcVH-Garage-150x150.jpeg 150w, https:\/\/www.lucasfroeserealestate.com\/wp-content\/uploads\/2026\/08\/5263033-m2xJtzeVEZXPDgmz1PZ1YcVH-Garage-210x210.jpeg 210w"},{"width":150,"height":150,"file":"2026\/08\/5263033-og4gXGvUUPu9cr2FTVEx7wYd-Wohn-Schlafberreich.jpeg","filesize":192544,"sizes":{"medium":{"file":"5263033-og4gXGvUUPu9cr2FTVEx7wYd-Wohn-Schlafberreich-300x200.jpeg","width":300,"height":200,"mime-type":"image\/jpeg","filesize":15056,"url":"https:\/\/www.lucasfroeserealestate.com\/wp-content\/uploads\/2026\/08\/5263033-og4gXGvUUPu9cr2FTVEx7wYd-Wohn-Schlafberreich-300x200.jpeg"},"large":{"file":"5263033-og4gXGvUUPu9cr2FTVEx7wYd-Wohn-Schlafberreich-1024x683.jpeg","width":1024,"height":683,"mime-type":"image\/jpeg","filesize":113482,"url":"https:\/\/www.lucasfroeserealestate.com\/wp-content\/uploads\/2026\/08\/5263033-og4gXGvUUPu9cr2FTVEx7wYd-Wohn-Schlafberreich-1024x683.jpeg"},"thumbnail":{"file":"5263033-og4gXGvUUPu9cr2FTVEx7wYd-Wohn-Schlafberreich-150x150.jpeg","width":150,"height":150,"mime-type":"image\/jpeg","filesize":6703,"url":"https:\/\/www.lucasfroeserealestate.com\/wp-content\/uploads\/2026\/08\/5263033-og4gXGvUUPu9cr2FTVEx7wYd-Wohn-Schlafberreich-150x150.jpeg"},"medium_large":{"file":"5263033-og4gXGvUUPu9cr2FTVEx7wYd-Wohn-Schlafberreich-768x512.jpeg","width":768,"height":512,"mime-type":"image\/jpeg","filesize":71143,"url":"https:\/\/www.lucasfroeserealestate.com\/wp-content\/uploads\/2026\/08\/5263033-og4gXGvUUPu9cr2FTVEx7wYd-Wohn-Schlafberreich-768x512.jpeg"},"1536x1536":{"file":"5263033-og4gXGvUUPu9cr2FTVEx7wYd-Wohn-Schlafberreich-1536x1024.jpeg","width":1536,"height":1024,"mime-type":"image\/jpeg","filesize":211231,"url":"https:\/\/www.lucasfroeserealestate.com\/wp-content\/uploads\/2026\/08\/5263033-og4gXGvUUPu9cr2FTVEx7wYd-Wohn-Schlafberreich-1536x1024.jpeg"},"post-thumbnail":{"file":"5263033-og4gXGvUUPu9cr2FTVEx7wYd-Wohn-Schlafberreich-150x100.jpeg","width":150,"height":100,"mime-type":"image\/jpeg","filesize":5266,"url":"https:\/\/www.lucasfroeserealestate.com\/wp-content\/uploads\/2026\/08\/5263033-og4gXGvUUPu9cr2FTVEx7wYd-Wohn-Schlafberreich-150x100.jpeg"},"modern-property-child-slider":{"file":"5263033-og4gXGvUUPu9cr2FTVEx7wYd-Wohn-Schlafberreich-680x510.jpeg","width":680,"height":510,"mime-type":"image\/jpeg","filesize":64290,"url":"https:\/\/www.lucasfroeserealestate.com\/wp-content\/uploads\/2026\/08\/5263033-og4gXGvUUPu9cr2FTVEx7wYd-Wohn-Schlafberreich-680x510.jpeg"},"property-thumb-image":{"file":"5263033-og4gXGvUUPu9cr2FTVEx7wYd-Wohn-Schlafberreich-488x326.jpeg","width":488,"height":326,"mime-type":"image\/jpeg","filesize":33759,"url":"https:\/\/www.lucasfroeserealestate.com\/wp-content\/uploads\/2026\/08\/5263033-og4gXGvUUPu9cr2FTVEx7wYd-Wohn-Schlafberreich-488x326.jpeg"},"property-detail-video-image":{"file":"5263033-og4gXGvUUPu9cr2FTVEx7wYd-Wohn-Schlafberreich-818x417.jpeg","width":818,"height":417,"mime-type":"image\/jpeg","filesize":62176,"url":"https:\/\/www.lucasfroeserealestate.com\/wp-content\/uploads\/2026\/08\/5263033-og4gXGvUUPu9cr2FTVEx7wYd-Wohn-Schlafberreich-818x417.jpeg"},"agent-image":{"file":"5263033-og4gXGvUUPu9cr2FTVEx7wYd-Wohn-Schlafberreich-210x210.jpeg","width":210,"height":210,"mime-type":"image\/jpeg","filesize":11668,"url":"https:\/\/www.lucasfroeserealestate.com\/wp-content\/uploads\/2026\/08\/5263033-og4gXGvUUPu9cr2FTVEx7wYd-Wohn-Schlafberreich-210x210.jpeg"},"partners-logo":{"file":"5263033-og4gXGvUUPu9cr2FTVEx7wYd-Wohn-Schlafberreich-600x1280.jpeg","width":600,"height":1280,"mime-type":"image\/jpeg","filesize":105282,"url":"https:\/\/www.lucasfroeserealestate.com\/wp-content\/uploads\/2026\/08\/5263033-og4gXGvUUPu9cr2FTVEx7wYd-Wohn-Schlafberreich-600x1280.jpeg"},"post-featured-image":{"file":"5263033-og4gXGvUUPu9cr2FTVEx7wYd-Wohn-Schlafberreich-1240x720.jpeg","width":1240,"height":720,"mime-type":"image\/jpeg","filesize":134888,"url":"https:\/\/www.lucasfroeserealestate.com\/wp-content\/uploads\/2026\/08\/5263033-og4gXGvUUPu9cr2FTVEx7wYd-Wohn-Schlafberreich-1240x720.jpeg"}},"image_meta":{"aperture":"0","credit":"","camera":"","caption":"","created_timestamp":"0","copyright":"","focal_length":"0","iso":"0","shutter_speed":"0","title":"","orientation":"0","keywords":[],"alt":""},"ID":"103177","name":"5263033-og4gXGvUUPu9cr2FTVEx7wYd-Wohn-Schlafberreich.jpeg","path":"\/home\/empleost\/domains\/lucasfroeserealestate.com\/public_html\/wp-content\/uploads\/2026\/08\/5263033-og4gXGvUUPu9cr2FTVEx7wYd-Wohn-Schlafberreich.jpeg","url":"https:\/\/www.lucasfroeserealestate.com\/wp-content\/uploads\/2026\/08\/5263033-og4gXGvUUPu9cr2FTVEx7wYd-Wohn-Schlafberreich-150x150.jpeg","full_url":"https:\/\/www.lucasfroeserealestate.com\/wp-content\/uploads\/2026\/08\/5263033-og4gXGvUUPu9cr2FTVEx7wYd-Wohn-Schlafberreich.jpeg","title":"Wohn-Schlafberreich","caption":"Wohn-Schlafberreich","description":"","alt":"Wohn-Schlafberreich","srcset":"https:\/\/www.lucasfroeserealestate.com\/wp-content\/uploads\/2026\/08\/5263033-og4gXGvUUPu9cr2FTVEx7wYd-Wohn-Schlafberreich-150x150.jpeg 150w, https:\/\/www.lucasfroeserealestate.com\/wp-content\/uploads\/2026\/08\/5263033-og4gXGvUUPu9cr2FTVEx7wYd-Wohn-Schlafberreich-210x210.jpeg 210w"},{"width":150,"height":150,"file":"2026\/08\/5263033-mHwSfEium5mcnUfm9nC5Ga7x-Obstbaume.jpeg","filesize":381797,"sizes":{"medium":{"file":"5263033-mHwSfEium5mcnUfm9nC5Ga7x-Obstbaume-300x169.jpeg","width":300,"height":169,"mime-type":"image\/jpeg","filesize":22407,"url":"https:\/\/www.lucasfroeserealestate.com\/wp-content\/uploads\/2026\/08\/5263033-mHwSfEium5mcnUfm9nC5Ga7x-Obstbaume-300x169.jpeg"},"large":{"file":"5263033-mHwSfEium5mcnUfm9nC5Ga7x-Obstbaume-1024x575.jpeg","width":1024,"height":575,"mime-type":"image\/jpeg","filesize":211344,"url":"https:\/\/www.lucasfroeserealestate.com\/wp-content\/uploads\/2026\/08\/5263033-mHwSfEium5mcnUfm9nC5Ga7x-Obstbaume-1024x575.jpeg"},"thumbnail":{"file":"5263033-mHwSfEium5mcnUfm9nC5Ga7x-Obstbaume-150x150.jpeg","width":150,"height":150,"mime-type":"image\/jpeg","filesize":10832,"url":"https:\/\/www.lucasfroeserealestate.com\/wp-content\/uploads\/2026\/08\/5263033-mHwSfEium5mcnUfm9nC5Ga7x-Obstbaume-150x150.jpeg"},"medium_large":{"file":"5263033-mHwSfEium5mcnUfm9nC5Ga7x-Obstbaume-768x432.jpeg","width":768,"height":432,"mime-type":"image\/jpeg","filesize":130127,"url":"https:\/\/www.lucasfroeserealestate.com\/wp-content\/uploads\/2026\/08\/5263033-mHwSfEium5mcnUfm9nC5Ga7x-Obstbaume-768x432.jpeg"},"1536x1536":{"file":"5263033-mHwSfEium5mcnUfm9nC5Ga7x-Obstbaume-1536x863.jpeg","width":1536,"height":863,"mime-type":"image\/jpeg","filesize":397770,"url":"https:\/\/www.lucasfroeserealestate.com\/wp-content\/uploads\/2026\/08\/5263033-mHwSfEium5mcnUfm9nC5Ga7x-Obstbaume-1536x863.jpeg"},"post-thumbnail":{"file":"5263033-mHwSfEium5mcnUfm9nC5Ga7x-Obstbaume-150x84.jpeg","width":150,"height":84,"mime-type":"image\/jpeg","filesize":6309,"url":"https:\/\/www.lucasfroeserealestate.com\/wp-content\/uploads\/2026\/08\/5263033-mHwSfEium5mcnUfm9nC5Ga7x-Obstbaume-150x84.jpeg"},"modern-property-child-slider":{"file":"5263033-mHwSfEium5mcnUfm9nC5Ga7x-Obstbaume-680x510.jpeg","width":680,"height":510,"mime-type":"image\/jpeg","filesize":132786,"url":"https:\/\/www.lucasfroeserealestate.com\/wp-content\/uploads\/2026\/08\/5263033-mHwSfEium5mcnUfm9nC5Ga7x-Obstbaume-680x510.jpeg"},"property-thumb-image":{"file":"5263033-mHwSfEium5mcnUfm9nC5Ga7x-Obstbaume-488x326.jpeg","width":488,"height":326,"mime-type":"image\/jpeg","filesize":66466,"url":"https:\/\/www.lucasfroeserealestate.com\/wp-content\/uploads\/2026\/08\/5263033-mHwSfEium5mcnUfm9nC5Ga7x-Obstbaume-488x326.jpeg"},"property-detail-video-image":{"file":"5263033-mHwSfEium5mcnUfm9nC5Ga7x-Obstbaume-818x417.jpeg","width":818,"height":417,"mime-type":"image\/jpeg","filesize":136692,"url":"https:\/\/www.lucasfroeserealestate.com\/wp-content\/uploads\/2026\/08\/5263033-mHwSfEium5mcnUfm9nC5Ga7x-Obstbaume-818x417.jpeg"},"agent-image":{"file":"5263033-mHwSfEium5mcnUfm9nC5Ga7x-Obstbaume-210x210.jpeg","width":210,"height":210,"mime-type":"image\/jpeg","filesize":20339,"url":"https:\/\/www.lucasfroeserealestate.com\/wp-content\/uploads\/2026\/08\/5263033-mHwSfEium5mcnUfm9nC5Ga7x-Obstbaume-210x210.jpeg"},"partners-logo":{"file":"5263033-mHwSfEium5mcnUfm9nC5Ga7x-Obstbaume-600x1079.jpeg","width":600,"height":1079,"mime-type":"image\/jpeg","filesize":191611,"url":"https:\/\/www.lucasfroeserealestate.com\/wp-content\/uploads\/2026\/08\/5263033-mHwSfEium5mcnUfm9nC5Ga7x-Obstbaume-600x1079.jpeg"},"post-featured-image":{"file":"5263033-mHwSfEium5mcnUfm9nC5Ga7x-Obstbaume-1240x720.jpeg","width":1240,"height":720,"mime-type":"image\/jpeg","filesize":294194,"url":"https:\/\/www.lucasfroeserealestate.com\/wp-content\/uploads\/2026\/08\/5263033-mHwSfEium5mcnUfm9nC5Ga7x-Obstbaume-1240x720.jpeg"}},"image_meta":{"aperture":"0","credit":"","camera":"","caption":"","created_timestamp":"0","copyright":"","focal_length":"0","iso":"0","shutter_speed":"0","title":"","orientation":"0","keywords":[],"alt":""},"ID":"103178","name":"5263033-mHwSfEium5mcnUfm9nC5Ga7x-Obstbaume.jpeg","path":"\/home\/empleost\/domains\/lucasfroeserealestate.com\/public_html\/wp-content\/uploads\/2026\/08\/5263033-mHwSfEium5mcnUfm9nC5Ga7x-Obstbaume.jpeg","url":"https:\/\/www.lucasfroeserealestate.com\/wp-content\/uploads\/2026\/08\/5263033-mHwSfEium5mcnUfm9nC5Ga7x-Obstbaume-150x150.jpeg","full_url":"https:\/\/www.lucasfroeserealestate.com\/wp-content\/uploads\/2026\/08\/5263033-mHwSfEium5mcnUfm9nC5Ga7x-Obstbaume.jpeg","title":"Obstba\u00fcme","caption":"Obstba\u00fcme","description":"","alt":"Obstba\u00fcme","srcset":"https:\/\/www.lucasfroeserealestate.com\/wp-content\/uploads\/2026\/08\/5263033-mHwSfEium5mcnUfm9nC5Ga7x-Obstbaume-150x150.jpeg 150w, https:\/\/www.lucasfroeserealestate.com\/wp-content\/uploads\/2026\/08\/5263033-mHwSfEium5mcnUfm9nC5Ga7x-Obstbaume-210x210.jpeg 210w"},{"width":150,"height":150,"file":"2026\/08\/5263033-DS6rXjUY4hbDCnECyvqNhfdP-Hinterseite.jpeg","filesize":231087,"sizes":{"medium":{"file":"5263033-DS6rXjUY4hbDCnECyvqNhfdP-Hinterseite-300x169.jpeg","width":300,"height":169,"mime-type":"image\/jpeg","filesize":18595,"url":"https:\/\/www.lucasfroeserealestate.com\/wp-content\/uploads\/2026\/08\/5263033-DS6rXjUY4hbDCnECyvqNhfdP-Hinterseite-300x169.jpeg"},"large":{"file":"5263033-DS6rXjUY4hbDCnECyvqNhfdP-Hinterseite-1024x576.jpeg","width":1024,"height":576,"mime-type":"image\/jpeg","filesize":164678,"url":"https:\/\/www.lucasfroeserealestate.com\/wp-content\/uploads\/2026\/08\/5263033-DS6rXjUY4hbDCnECyvqNhfdP-Hinterseite-1024x576.jpeg"},"thumbnail":{"file":"5263033-DS6rXjUY4hbDCnECyvqNhfdP-Hinterseite-150x150.jpeg","width":150,"height":150,"mime-type":"image\/jpeg","filesize":9192,"url":"https:\/\/www.lucasfroeserealestate.com\/wp-content\/uploads\/2026\/08\/5263033-DS6rXjUY4hbDCnECyvqNhfdP-Hinterseite-150x150.jpeg"},"medium_large":{"file":"5263033-DS6rXjUY4hbDCnECyvqNhfdP-Hinterseite-768x432.jpeg","width":768,"height":432,"mime-type":"image\/jpeg","filesize":100700,"url":"https:\/\/www.lucasfroeserealestate.com\/wp-content\/uploads\/2026\/08\/5263033-DS6rXjUY4hbDCnECyvqNhfdP-Hinterseite-768x432.jpeg"},"1536x1536":{"file":"5263033-DS6rXjUY4hbDCnECyvqNhfdP-Hinterseite-1536x864.jpeg","width":1536,"height":864,"mime-type":"image\/jpeg","filesize":316394,"url":"https:\/\/www.lucasfroeserealestate.com\/wp-content\/uploads\/2026\/08\/5263033-DS6rXjUY4hbDCnECyvqNhfdP-Hinterseite-1536x864.jpeg"},"post-thumbnail":{"file":"5263033-DS6rXjUY4hbDCnECyvqNhfdP-Hinterseite-150x84.jpeg","width":150,"height":84,"mime-type":"image\/jpeg","filesize":5411,"url":"https:\/\/www.lucasfroeserealestate.com\/wp-content\/uploads\/2026\/08\/5263033-DS6rXjUY4hbDCnECyvqNhfdP-Hinterseite-150x84.jpeg"},"modern-property-child-slider":{"file":"5263033-DS6rXjUY4hbDCnECyvqNhfdP-Hinterseite-680x510.jpeg","width":680,"height":510,"mime-type":"image\/jpeg","filesize":103003,"url":"https:\/\/www.lucasfroeserealestate.com\/wp-content\/uploads\/2026\/08\/5263033-DS6rXjUY4hbDCnECyvqNhfdP-Hinterseite-680x510.jpeg"},"property-thumb-image":{"file":"5263033-DS6rXjUY4hbDCnECyvqNhfdP-Hinterseite-488x326.jpeg","width":488,"height":326,"mime-type":"image\/jpeg","filesize":52416,"url":"https:\/\/www.lucasfroeserealestate.com\/wp-content\/uploads\/2026\/08\/5263033-DS6rXjUY4hbDCnECyvqNhfdP-Hinterseite-488x326.jpeg"},"property-detail-video-image":{"file":"5263033-DS6rXjUY4hbDCnECyvqNhfdP-Hinterseite-818x417.jpeg","width":818,"height":417,"mime-type":"image\/jpeg","filesize":102466,"url":"https:\/\/www.lucasfroeserealestate.com\/wp-content\/uploads\/2026\/08\/5263033-DS6rXjUY4hbDCnECyvqNhfdP-Hinterseite-818x417.jpeg"},"agent-image":{"file":"5263033-DS6rXjUY4hbDCnECyvqNhfdP-Hinterseite-210x210.jpeg","width":210,"height":210,"mime-type":"image\/jpeg","filesize":16949,"url":"https:\/\/www.lucasfroeserealestate.com\/wp-content\/uploads\/2026\/08\/5263033-DS6rXjUY4hbDCnECyvqNhfdP-Hinterseite-210x210.jpeg"},"partners-logo":{"file":"5263033-DS6rXjUY4hbDCnECyvqNhfdP-Hinterseite-600x900.jpeg","width":600,"height":900,"mime-type":"image\/jpeg","filesize":141574,"url":"https:\/\/www.lucasfroeserealestate.com\/wp-content\/uploads\/2026\/08\/5263033-DS6rXjUY4hbDCnECyvqNhfdP-Hinterseite-600x900.jpeg"},"post-featured-image":{"file":"5263033-DS6rXjUY4hbDCnECyvqNhfdP-Hinterseite-1240x720.jpeg","width":1240,"height":720,"mime-type":"image\/jpeg","filesize":230182,"url":"https:\/\/www.lucasfroeserealestate.com\/wp-content\/uploads\/2026\/08\/5263033-DS6rXjUY4hbDCnECyvqNhfdP-Hinterseite-1240x720.jpeg"}},"image_meta":{"aperture":"0","credit":"","camera":"","caption":"","created_timestamp":"0","copyright":"","focal_length":"0","iso":"0","shutter_speed":"0","title":"","orientation":"0","keywords":[],"alt":""},"ID":"103179","name":"5263033-DS6rXjUY4hbDCnECyvqNhfdP-Hinterseite.jpeg","path":"\/home\/empleost\/domains\/lucasfroeserealestate.com\/public_html\/wp-content\/uploads\/2026\/08\/5263033-DS6rXjUY4hbDCnECyvqNhfdP-Hinterseite.jpeg","url":"https:\/\/www.lucasfroeserealestate.com\/wp-content\/uploads\/2026\/08\/5263033-DS6rXjUY4hbDCnECyvqNhfdP-Hinterseite-150x150.jpeg","full_url":"https:\/\/www.lucasfroeserealestate.com\/wp-content\/uploads\/2026\/08\/5263033-DS6rXjUY4hbDCnECyvqNhfdP-Hinterseite.jpeg","title":"Hinterseite","caption":"Hinterseite","description":"","alt":"Hinterseite","srcset":"https:\/\/www.lucasfroeserealestate.com\/wp-content\/uploads\/2026\/08\/5263033-DS6rXjUY4hbDCnECyvqNhfdP-Hinterseite-150x150.jpeg 150w, https:\/\/www.lucasfroeserealestate.com\/wp-content\/uploads\/2026\/08\/5263033-DS6rXjUY4hbDCnECyvqNhfdP-Hinterseite-210x210.jpeg 210w"},{"width":150,"height":150,"file":"2026\/08\/5263033-ezvL8nuCdvcXDHdLUnsbCSo6-Gartenanblick.jpeg","filesize":391650,"sizes":{"medium":{"file":"5263033-ezvL8nuCdvcXDHdLUnsbCSo6-Gartenanblick-300x200.jpeg","width":300,"height":200,"mime-type":"image\/jpeg","filesize":20081,"url":"https:\/\/www.lucasfroeserealestate.com\/wp-content\/uploads\/2026\/08\/5263033-ezvL8nuCdvcXDHdLUnsbCSo6-Gartenanblick-300x200.jpeg"},"large":{"file":"5263033-ezvL8nuCdvcXDHdLUnsbCSo6-Gartenanblick-1024x683.jpeg","width":1024,"height":683,"mime-type":"image\/jpeg","filesize":199952,"url":"https:\/\/www.lucasfroeserealestate.com\/wp-content\/uploads\/2026\/08\/5263033-ezvL8nuCdvcXDHdLUnsbCSo6-Gartenanblick-1024x683.jpeg"},"thumbnail":{"file":"5263033-ezvL8nuCdvcXDHdLUnsbCSo6-Gartenanblick-150x150.jpeg","width":150,"height":150,"mime-type":"image\/jpeg","filesize":8094,"url":"https:\/\/www.lucasfroeserealestate.com\/wp-content\/uploads\/2026\/08\/5263033-ezvL8nuCdvcXDHdLUnsbCSo6-Gartenanblick-150x150.jpeg"},"medium_large":{"file":"5263033-ezvL8nuCdvcXDHdLUnsbCSo6-Gartenanblick-768x512.jpeg","width":768,"height":512,"mime-type":"image\/jpeg","filesize":118488,"url":"https:\/\/www.lucasfroeserealestate.com\/wp-content\/uploads\/2026\/08\/5263033-ezvL8nuCdvcXDHdLUnsbCSo6-Gartenanblick-768x512.jpeg"},"1536x1536":{"file":"5263033-ezvL8nuCdvcXDHdLUnsbCSo6-Gartenanblick-1536x1024.jpeg","width":1536,"height":1024,"mime-type":"image\/jpeg","filesize":398226,"url":"https:\/\/www.lucasfroeserealestate.com\/wp-content\/uploads\/2026\/08\/5263033-ezvL8nuCdvcXDHdLUnsbCSo6-Gartenanblick-1536x1024.jpeg"},"post-thumbnail":{"file":"5263033-ezvL8nuCdvcXDHdLUnsbCSo6-Gartenanblick-150x100.jpeg","width":150,"height":100,"mime-type":"image\/jpeg","filesize":5965,"url":"https:\/\/www.lucasfroeserealestate.com\/wp-content\/uploads\/2026\/08\/5263033-ezvL8nuCdvcXDHdLUnsbCSo6-Gartenanblick-150x100.jpeg"},"modern-property-child-slider":{"file":"5263033-ezvL8nuCdvcXDHdLUnsbCSo6-Gartenanblick-680x510.jpeg","width":680,"height":510,"mime-type":"image\/jpeg","filesize":104147,"url":"https:\/\/www.lucasfroeserealestate.com\/wp-content\/uploads\/2026\/08\/5263033-ezvL8nuCdvcXDHdLUnsbCSo6-Gartenanblick-680x510.jpeg"},"property-thumb-image":{"file":"5263033-ezvL8nuCdvcXDHdLUnsbCSo6-Gartenanblick-488x326.jpeg","width":488,"height":326,"mime-type":"image\/jpeg","filesize":50481,"url":"https:\/\/www.lucasfroeserealestate.com\/wp-content\/uploads\/2026\/08\/5263033-ezvL8nuCdvcXDHdLUnsbCSo6-Gartenanblick-488x326.jpeg"},"property-detail-video-image":{"file":"5263033-ezvL8nuCdvcXDHdLUnsbCSo6-Gartenanblick-818x417.jpeg","width":818,"height":417,"mime-type":"image\/jpeg","filesize":109615,"url":"https:\/\/www.lucasfroeserealestate.com\/wp-content\/uploads\/2026\/08\/5263033-ezvL8nuCdvcXDHdLUnsbCSo6-Gartenanblick-818x417.jpeg"},"agent-image":{"file":"5263033-ezvL8nuCdvcXDHdLUnsbCSo6-Gartenanblick-210x210.jpeg","width":210,"height":210,"mime-type":"image\/jpeg","filesize":15201,"url":"https:\/\/www.lucasfroeserealestate.com\/wp-content\/uploads\/2026\/08\/5263033-ezvL8nuCdvcXDHdLUnsbCSo6-Gartenanblick-210x210.jpeg"},"partners-logo":{"file":"5263033-ezvL8nuCdvcXDHdLUnsbCSo6-Gartenanblick-600x1280.jpeg","width":600,"height":1280,"mime-type":"image\/jpeg","filesize":189501,"url":"https:\/\/www.lucasfroeserealestate.com\/wp-content\/uploads\/2026\/08\/5263033-ezvL8nuCdvcXDHdLUnsbCSo6-Gartenanblick-600x1280.jpeg"},"post-featured-image":{"file":"5263033-ezvL8nuCdvcXDHdLUnsbCSo6-Gartenanblick-1240x720.jpeg","width":1240,"height":720,"mime-type":"image\/jpeg","filesize":251613,"url":"https:\/\/www.lucasfroeserealestate.com\/wp-content\/uploads\/2026\/08\/5263033-ezvL8nuCdvcXDHdLUnsbCSo6-Gartenanblick-1240x720.jpeg"}},"image_meta":{"aperture":"0","credit":"","camera":"","caption":"","created_timestamp":"0","copyright":"","focal_length":"0","iso":"0","shutter_speed":"0","title":"","orientation":"0","keywords":[],"alt":""},"ID":"103180","name":"5263033-ezvL8nuCdvcXDHdLUnsbCSo6-Gartenanblick.jpeg","path":"\/home\/empleost\/domains\/lucasfroeserealestate.com\/public_html\/wp-content\/uploads\/2026\/08\/5263033-ezvL8nuCdvcXDHdLUnsbCSo6-Gartenanblick.jpeg","url":"https:\/\/www.lucasfroeserealestate.com\/wp-content\/uploads\/2026\/08\/5263033-ezvL8nuCdvcXDHdLUnsbCSo6-Gartenanblick-150x150.jpeg","full_url":"https:\/\/www.lucasfroeserealestate.com\/wp-content\/uploads\/2026\/08\/5263033-ezvL8nuCdvcXDHdLUnsbCSo6-Gartenanblick.jpeg","title":"Gartenanblick","caption":"Gartenanblick","description":"","alt":"Gartenanblick","srcset":"https:\/\/www.lucasfroeserealestate.com\/wp-content\/uploads\/2026\/08\/5263033-ezvL8nuCdvcXDHdLUnsbCSo6-Gartenanblick-150x150.jpeg 150w, https:\/\/www.lucasfroeserealestate.com\/wp-content\/uploads\/2026\/08\/5263033-ezvL8nuCdvcXDHdLUnsbCSo6-Gartenanblick-210x210.jpeg 210w"}],"REAL_HOMES_change_gallery_slider_type":"","REAL_HOMES_gallery_slider_type":"thumb-on-right","inspiry_floor_plans":[],"inspiry_video_group":[],"REAL_HOMES_360_virtual_tour":"","REAL_HOMES_agent_display_option":"agent_info","REAL_HOMES_agents":["6675"],"REAL_HOMES_display_agency_info":"","REAL_HOMES_property_agency":"","REAL_HOMES_energy_class":"G","REAL_HOMES_energy_performance":"","REAL_HOMES_epc_current_rating":"","REAL_HOMES_epc_potential_rating":"","ere_property_schedule_tour":"","ere_property_schedule_time_slots":"","ere_property_schedule_description":"","REAL_HOMES_sticky":"","inspiry_property_label":"","inspiry_property_label_color":"","inspiry_property_tax":"","inspiry_additional_fee":"","REAL_HOMES_attachments":[],"inspiry_property_owner_name":"","inspiry_property_owner_contact":"","inspiry_property_owner_address":"","REAL_HOMES_property_private_note":"","inspiry_message_to_reviewer":"","REAL_HOMES_add_in_slider":"","REAL_HOMES_slider_image":[],"REAL_HOMES_page_banner_image":[],"REAL_HOMES_hide_property_advance_search":"","inspiry_ausrichtung":"","inspiry_strasse":"","inspiry_hausnummer":"","inspiry_plz":"","inspiry_ort":"","inspiry_land":"","inspiry_new-build":"","inspiry_kyero_prime_activator":[],"inspiry_kyero_xml_format":[],"inspiry_openimmo_xml_format":[],"inspiry_idealista_xml_format":[],"inspiry_etagen":"","inspiry_etage_(wo_sich_die_wohnung_befindet,_sonst_0)":"","inspiry_gesamtfl\u00e4che\/bebaute_fl\u00e4che_(mehr_als_wohnfl\u00e4che*)":"","inspiry_anzahl_zimmer_sz_esszimmer_wohnzimmer_hobby_zimmer_usw":"","inspiry_anzahl_terrassen":"","inspiry_anzahl_wohneinheiten":"","inspiry_google_maps_link":"","inspiry_google_drive_link":"","inspiry_location_coordinates_gm":"","inspiry_erhaltungszustand_der_immobilie":"","inspiry_heizungsart":"","inspiry_qualit\u00e4t_der_ausstattung":"","inspiry_kauf\/miete":"","inspiry_kategorie":"","inspiry_typ":"","inspiry_art":"","inspiry_land_type_(only_plots)":"","inspiry_listed_by":"","inspiry_comission_(%)":"","inspiry_lage_beschreibung":"","inspiry_austattung_beschreibung":"","inspiry_bodenbelag":"","inspiry_distanz_zum_flughafen_(min)":"","inspiry_auftragsart":"","inspiry_keys":[],"inspiry_preis_pro_m2":"","inspiry_office_listed":"","inspiry_suchkriterien_extras":[],"REAL_HOMES_custom_header_display":"","REAL_HOMES_custom_header_position":"","REAL_HOMES_custom_footer_display":"","REAL_HOMES_hide_advance_search":"","REAL_HOMES_custom_search_form":"","REAL_HOMES_search_form_margin_top":"","REAL_HOMES_search_form_margin_bottom":""},"_links":{"self":[{"href":"https:\/\/www.lucasfroeserealestate.com\/en\/wp-json\/wp\/v2\/immobilien\/103175","targetHints":{"allow":["GET"]}}],"collection":[{"href":"https:\/\/www.lucasfroeserealestate.com\/en\/wp-json\/wp\/v2\/immobilien"}],"about":[{"href":"https:\/\/www.lucasfroeserealestate.com\/en\/wp-json\/wp\/v2\/types\/property"}],"author":[{"embeddable":true,"href":"https:\/\/www.lucasfroeserealestate.com\/en\/wp-json\/wp\/v2\/users\/3"}],"replies":[{"embeddable":true,"href":"https:\/\/www.lucasfroeserealestate.com\/en\/wp-json\/wp\/v2\/comments?post=103175"}],"version-history":[{"count":0,"href":"https:\/\/www.lucasfroeserealestate.com\/en\/wp-json\/wp\/v2\/immobilien\/103175\/revisions"}],"wp:featuredmedia":[{"embeddable":true,"href":"https:\/\/www.lucasfroeserealestate.com\/en\/wp-json\/wp\/v2\/media\/103164"}],"wp:attachment":[{"href":"https:\/\/www.lucasfroeserealestate.com\/en\/wp-json\/wp\/v2\/media?parent=103175"}],"wp:term":[{"taxonomy":"property-feature","embeddable":true,"href":"https:\/\/www.lucasfroeserealestate.com\/en\/wp-json\/wp\/v2\/immobilien-austattung?post=103175"},{"taxonomy":"property-type","embeddable":true,"href":"https:\/\/www.lucasfroeserealestate.com\/en\/wp-json\/wp\/v2\/immobilien-typ?post=103175"},{"taxonomy":"property-city","embeddable":true,"href":"https:\/\/www.lucasfroeserealestate.com\/en\/wp-json\/wp\/v2\/immobilien-ortschaft?post=103175"},{"taxonomy":"property-status","embeddable":true,"href":"https:\/\/www.lucasfroeserealestate.com\/en\/wp-json\/wp\/v2\/immobilien-status?post=103175"}],"curies":[{"name":"wp","href":"https:\/\/api.w.org\/{rel}","templated":true}]}}